{"id":28052,"date":"2019-10-29T14:32:30","date_gmt":"2019-10-29T12:32:30","guid":{"rendered":"https:\/\/www.esplac.cat\/formacions\/escola-esplac-2016\/"},"modified":"2019-10-29T14:32:30","modified_gmt":"2019-10-29T12:32:30","slug":"escola-esplac-2016","status":"publish","type":"page","link":"https:\/\/www.esplac.cat\/en\/trainings\/escola-esplac-2016\/","title":{"rendered":"Escola esplac 2016"},"content":{"rendered":"<p><div class=\"fusion-fullwidth fullwidth-box fusion-builder-row-1 nonhundred-percent-fullwidth non-hundred-percent-height-scrolling\" style=\"--awb-border-radius-top-left:0px;--awb-border-radius-top-right:0px;--awb-border-radius-bottom-right:0px;--awb-border-radius-bottom-left:0px;--awb-margin-top:50px;--awb-margin-bottom:50px;--awb-background-color:#ffffff;--awb-flex-wrap:wrap;\" ><div class=\"fusion-builder-row fusion-row\"><div class=\"fusion-layout-column fusion_builder_column fusion-builder-column-0 fusion_builder_column_1_1 1_1 fusion-one-full fusion-column-first fusion-column-last\" style=\"--awb-bg-size:cover;\"><div class=\"fusion-column-wrapper fusion-column-has-shadow fusion-flex-column-wrapper-legacy\"><div class=\"fusion-title title fusion-title-1 fusion-sep-none fusion-title-text fusion-title-size-one\" style=\"--awb-font-size:50px;\"><h1 class=\"fusion-title-heading title-heading-left fusion-responsive-typography-calculated\" style=\"margin:0;font-size:1em;--fontSize:50;line-height:1.2;\"><p style=\"text-align: center;\"><strong>Escola d\u2019Esplac<\/strong><\/p><\/h1><\/div><div class=\"fusion-clearfix\"><\/div><\/div><\/div><div class=\"fusion-layout-column fusion_builder_column fusion-builder-column-1 fusion_builder_column_1_1 1_1 fusion-one-full fusion-column-first fusion-column-last\" style=\"--awb-bg-size:cover;\"><div class=\"fusion-column-wrapper fusion-column-has-shadow fusion-flex-column-wrapper-legacy\"><div class=\"fusion-image-element fusion-image-align-center in-legacy-container\" style=\"text-align:center;--awb-caption-title-font-family:var(--h2_typography-font-family);--awb-caption-title-font-weight:var(--h2_typography-font-weight);--awb-caption-title-font-style:var(--h2_typography-font-style);--awb-caption-title-size:var(--h2_typography-font-size);--awb-caption-title-transform:var(--h2_typography-text-transform);--awb-caption-title-line-height:var(--h2_typography-line-height);--awb-caption-title-letter-spacing:var(--h2_typography-letter-spacing);\"><div class=\"imageframe-align-center\"><span class=\" fusion-imageframe imageframe-none imageframe-1 hover-type-none\"><img decoding=\"async\" width=\"560\" height=\"120\" src=\"http:\/\/esplac.cat\/wp-content\/uploads\/2019\/10\/560X120_fixe.jpg\" alt class=\"img-responsive wp-image-26344\" srcset=\"https:\/\/www.esplac.cat\/wp-content\/uploads\/2019\/10\/560X120_fixe-200x43.jpg 200w, https:\/\/www.esplac.cat\/wp-content\/uploads\/2019\/10\/560X120_fixe-400x86.jpg 400w, https:\/\/www.esplac.cat\/wp-content\/uploads\/2019\/10\/560X120_fixe.jpg 560w\" sizes=\"(max-width: 800px) 100vw, 560px\" \/><\/span><\/div><\/div><div class=\"fusion-sep-clear\"><\/div><div class=\"fusion-separator\" style=\"margin-left: auto;margin-right: auto;margin-bottom:60px;width:100%;max-width:30%;\"><div class=\"fusion-separator-border sep-single sep-solid\" style=\"--awb-height:20px;--awb-amount:20px;--awb-sep-color:#c1c1c1;border-color:#c1c1c1;border-top-width:5px;\"><\/div><\/div><div class=\"fusion-sep-clear\"><\/div><div class=\"fusion-title title fusion-title-2 fusion-sep-none fusion-title-center fusion-title-text fusion-title-size-three\"><h3 class=\"fusion-title-heading title-heading-center fusion-responsive-typography-calculated\" style=\"margin:0;--fontSize:30;line-height:1.3;\"><p>Escola d&#8217;Esplac 2016:<br \/>\nAPRENEM PARTICIPANT<\/p><\/h3><\/div><div class=\"fusion-sep-clear\"><\/div><div class=\"fusion-separator fusion-full-width-sep\" style=\"margin-left: auto;margin-right: auto;margin-bottom:30px;width:100%;\"><\/div><div class=\"fusion-sep-clear\"><\/div><div class=\"fusion-tabs fusion-tabs-1 clean nav-not-justified horizontal-tabs icon-position-top mobile-mode-accordion\" style=\"--awb-title-border-radius-top-left:0px;--awb-title-border-radius-top-right:0px;--awb-title-border-radius-bottom-right:0px;--awb-title-border-radius-bottom-left:0px;--awb-inactive-color:#eaeaea;--awb-background-color:#f9f9f9;--awb-border-color:#ffffff;--awb-active-border-color:#f69d0b;\"><div class=\"nav\"><ul class=\"nav-tabs\" role=\"tablist\"><li class=\"active\" role=\"presentation\"><a class=\"tab-link\" data-toggle=\"tab\" role=\"tab\" aria-controls=\"tab-3a4283c6869b9279ab4\" aria-selected=\"true\" id=\"fusion-tab-presentaci\u00f3\" href=\"#tab-3a4283c6869b9279ab4\"><h4 class=\"fusion-tab-heading\"><i class=\"fontawesome-icon fa-bookmark fas\" aria-hidden=\"true\" style=\"font-size:19px;\"><\/i>Presentaci\u00f3<\/h4><\/a><\/li><li role=\"presentation\"><a class=\"tab-link\" data-toggle=\"tab\" role=\"tab\" aria-controls=\"tab-b29bc91098fbe9e4b15\" aria-selected=\"false\" tabindex=\"-1\" id=\"fusion-tab-cartell\" href=\"#tab-b29bc91098fbe9e4b15\"><h4 class=\"fusion-tab-heading\"><i class=\"fontawesome-icon fa-file-image fas\" aria-hidden=\"true\" style=\"font-size:19px;\"><\/i>Cartell <\/h4><\/a><\/li><li role=\"presentation\"><a class=\"tab-link\" data-toggle=\"tab\" role=\"tab\" aria-controls=\"tab-bf54d4afb125354407a\" aria-selected=\"false\" tabindex=\"-1\" id=\"fusion-tab-programa\" href=\"#tab-bf54d4afb125354407a\"><h4 class=\"fusion-tab-heading\"><i class=\"fontawesome-icon fa-book-open fas\" aria-hidden=\"true\" style=\"font-size:19px;\"><\/i>Programa <\/h4><\/a><\/li><li role=\"presentation\"><a class=\"tab-link\" data-toggle=\"tab\" role=\"tab\" aria-controls=\"tab-a83d6b3bf7befafb035\" aria-selected=\"false\" tabindex=\"-1\" id=\"fusion-tab-pon\u00e8ncies\" href=\"#tab-a83d6b3bf7befafb035\"><h4 class=\"fusion-tab-heading\"><i class=\"fontawesome-icon fa-bullhorn fas\" aria-hidden=\"true\" style=\"font-size:19px;\"><\/i>Pon\u00e8ncies<\/h4><\/a><\/li><li role=\"presentation\"><a class=\"tab-link\" data-toggle=\"tab\" role=\"tab\" aria-controls=\"tab-29e0d4c76be140dc56f\" aria-selected=\"false\" tabindex=\"-1\" id=\"fusion-tab-v\u00eddeos\" href=\"#tab-29e0d4c76be140dc56f\"><h4 class=\"fusion-tab-heading\"><i class=\"fontawesome-icon fa-video fas\" aria-hidden=\"true\" style=\"font-size:19px;\"><\/i>V\u00eddeos<\/h4><\/a><\/li><li role=\"presentation\"><a class=\"tab-link\" data-toggle=\"tab\" role=\"tab\" aria-controls=\"tab-b46f1751285a4d72db9\" aria-selected=\"false\" tabindex=\"-1\" id=\"fusion-tab-inscripcions\" href=\"#tab-b46f1751285a4d72db9\"><h4 class=\"fusion-tab-heading\"><i class=\"fontawesome-icon fa-calendar-check far\" aria-hidden=\"true\" style=\"font-size:19px;\"><\/i>Inscripcions<\/h4><\/a><\/li><li role=\"presentation\"><a class=\"tab-link\" data-toggle=\"tab\" role=\"tab\" aria-controls=\"tab-7063328aca567194300\" aria-selected=\"false\" tabindex=\"-1\" id=\"fusion-tab-conclusions\" href=\"#tab-7063328aca567194300\"><h4 class=\"fusion-tab-heading\"><i class=\"fontawesome-icon fa-list-ol fas\" aria-hidden=\"true\" style=\"font-size:19px;\"><\/i>Conclusions<\/h4><\/a><\/li><\/ul><\/div><div class=\"tab-content\"><div class=\"nav fusion-mobile-tab-nav\"><ul class=\"nav-tabs\" role=\"tablist\"><li class=\"active\" role=\"presentation\"><a class=\"tab-link\" data-toggle=\"tab\" role=\"tab\" aria-controls=\"tab-3a4283c6869b9279ab4\" aria-selected=\"true\" id=\"mobile-fusion-tab-presentaci\u00f3\" href=\"#tab-3a4283c6869b9279ab4\"><h4 class=\"fusion-tab-heading\"><i class=\"fontawesome-icon fa-bookmark fas\" aria-hidden=\"true\" style=\"font-size:19px;\"><\/i>Presentaci\u00f3<\/h4><\/a><\/li><\/ul><\/div><div class=\"tab-pane fade fusion-clearfix in active\" role=\"tabpanel\" tabindex=\"0\" aria-labelledby=\"fusion-tab-presentaci\u00f3\" id=\"tab-3a4283c6869b9279ab4\">\n<p>En aquesta cinquena edici\u00f3 de l\u2019Escola d\u2019Esplac el tema escollit \u00e9s la participaci\u00f3 des del sentit m\u00e9s ampli de la paraula: parlem de la participaci\u00f3 de totes les persones que formen l\u2019esplai, incloses les fam\u00edlies. I parlem de la participaci\u00f3 en tot all\u00f2 que afecta la persona a trav\u00e9s de la seva vinculaci\u00f3 a l\u2019associaci\u00f3.<\/p>\n<p>El tema a tractar es va escollir pels monitors i les monitores a trav\u00e9s d\u2019unes votacions el juny de 2015. El tema escollit, es va considerar d\u2019inter\u00e8s per a la tasca educativa a l\u2019esplai.<\/p>\n<h3>OBJECTIUS<\/h3>\n<ul>\n<li class=\"gmail_default\">Debatre sobre la import\u00e0ncia de la participaci\u00f3 com a base de les organitzacions infantils i juvenils.<\/li>\n<li class=\"gmail_default\">Analitzar i reflexionar sobre les nostres pr\u00f2pies pr\u00e0ctiques participatives.<\/li>\n<li class=\"gmail_default\">Descobrir noves eines i recursos per millorar la nostra tasca com a facilitadores dels processos participatius.<\/li>\n<li class=\"gmail_default\">Difondre els resultats de les jornades formatives de manera que les eines i recursos siguin coneguts i utilitzats per monitors i\u00a0monitores d\u2019Esplac i d\u2019altres persones interessades.<\/li>\n<\/ul>\n<\/div><div class=\"nav fusion-mobile-tab-nav\"><ul class=\"nav-tabs\" role=\"tablist\"><li role=\"presentation\"><a class=\"tab-link\" data-toggle=\"tab\" role=\"tab\" aria-controls=\"tab-b29bc91098fbe9e4b15\" aria-selected=\"false\" tabindex=\"-1\" id=\"mobile-fusion-tab-cartell\" href=\"#tab-b29bc91098fbe9e4b15\"><h4 class=\"fusion-tab-heading\"><i class=\"fontawesome-icon fa-file-image fas\" aria-hidden=\"true\" style=\"font-size:19px;\"><\/i>Cartell <\/h4><\/a><\/li><\/ul><\/div><div class=\"tab-pane fade fusion-clearfix\" role=\"tabpanel\" tabindex=\"0\" aria-labelledby=\"fusion-tab-cartell\" id=\"tab-b29bc91098fbe9e4b15\">\n<p><img decoding=\"async\" class=\"size-full wp-image-24746 aligncenter\" src=\"http:\/\/esplac.cat\/wp-content\/uploads\/2019\/10\/cartell_EE16.jpg\" alt=\"\" width=\"2481\" height=\"3508\" srcset=\"https:\/\/www.esplac.cat\/wp-content\/uploads\/2019\/10\/cartell_EE16-200x283.jpg 200w, https:\/\/www.esplac.cat\/wp-content\/uploads\/2019\/10\/cartell_EE16-212x300.jpg 212w, https:\/\/www.esplac.cat\/wp-content\/uploads\/2019\/10\/cartell_EE16-400x566.jpg 400w, https:\/\/www.esplac.cat\/wp-content\/uploads\/2019\/10\/cartell_EE16-600x848.jpg 600w, https:\/\/www.esplac.cat\/wp-content\/uploads\/2019\/10\/cartell_EE16-724x1024.jpg 724w, https:\/\/www.esplac.cat\/wp-content\/uploads\/2019\/10\/cartell_EE16-768x1086.jpg 768w, https:\/\/www.esplac.cat\/wp-content\/uploads\/2019\/10\/cartell_EE16-800x1131.jpg 800w, https:\/\/www.esplac.cat\/wp-content\/uploads\/2019\/10\/cartell_EE16-1200x1697.jpg 1200w, https:\/\/www.esplac.cat\/wp-content\/uploads\/2019\/10\/cartell_EE16.jpg 2481w\" sizes=\"(max-width: 2481px) 100vw, 2481px\" \/><\/p>\n<\/div><div class=\"nav fusion-mobile-tab-nav\"><ul class=\"nav-tabs\" role=\"tablist\"><li role=\"presentation\"><a class=\"tab-link\" data-toggle=\"tab\" role=\"tab\" aria-controls=\"tab-bf54d4afb125354407a\" aria-selected=\"false\" tabindex=\"-1\" id=\"mobile-fusion-tab-programa\" href=\"#tab-bf54d4afb125354407a\"><h4 class=\"fusion-tab-heading\"><i class=\"fontawesome-icon fa-book-open fas\" aria-hidden=\"true\" style=\"font-size:19px;\"><\/i>Programa <\/h4><\/a><\/li><\/ul><\/div><div class=\"tab-pane fade fusion-clearfix\" role=\"tabpanel\" tabindex=\"0\" aria-labelledby=\"fusion-tab-programa\" id=\"tab-bf54d4afb125354407a\">\n<p><img decoding=\"async\" class=\"size-full wp-image-26334 aligncenter\" src=\"http:\/\/esplac.cat\/wp-content\/uploads\/2019\/10\/programa_online-1.jpg\" alt=\"\" width=\"1241\" height=\"2357\" srcset=\"https:\/\/www.esplac.cat\/wp-content\/uploads\/2019\/10\/programa_online-1-158x300.jpg 158w, https:\/\/www.esplac.cat\/wp-content\/uploads\/2019\/10\/programa_online-1-200x380.jpg 200w, https:\/\/www.esplac.cat\/wp-content\/uploads\/2019\/10\/programa_online-1-400x760.jpg 400w, https:\/\/www.esplac.cat\/wp-content\/uploads\/2019\/10\/programa_online-1-539x1024.jpg 539w, https:\/\/www.esplac.cat\/wp-content\/uploads\/2019\/10\/programa_online-1-600x1140.jpg 600w, https:\/\/www.esplac.cat\/wp-content\/uploads\/2019\/10\/programa_online-1-768x1459.jpg 768w, https:\/\/www.esplac.cat\/wp-content\/uploads\/2019\/10\/programa_online-1-800x1519.jpg 800w, https:\/\/www.esplac.cat\/wp-content\/uploads\/2019\/10\/programa_online-1-1200x2279.jpg 1200w, https:\/\/www.esplac.cat\/wp-content\/uploads\/2019\/10\/programa_online-1.jpg 1241w\" sizes=\"(max-width: 1241px) 100vw, 1241px\" \/><\/p>\n<\/div><div class=\"nav fusion-mobile-tab-nav\"><ul class=\"nav-tabs\" role=\"tablist\"><li role=\"presentation\"><a class=\"tab-link\" data-toggle=\"tab\" role=\"tab\" aria-controls=\"tab-a83d6b3bf7befafb035\" aria-selected=\"false\" tabindex=\"-1\" id=\"mobile-fusion-tab-pon\u00e8ncies\" href=\"#tab-a83d6b3bf7befafb035\"><h4 class=\"fusion-tab-heading\"><i class=\"fontawesome-icon fa-bullhorn fas\" aria-hidden=\"true\" style=\"font-size:19px;\"><\/i>Pon\u00e8ncies<\/h4><\/a><\/li><\/ul><\/div><div class=\"tab-pane fade fusion-clearfix\" role=\"tabpanel\" tabindex=\"0\" aria-labelledby=\"fusion-tab-pon\u00e8ncies\" id=\"tab-a83d6b3bf7befafb035\">\n<h3 class=\"p1\"><b>PON\u00c8NCIA D\u2019OBERTURA<\/b><\/h3>\n<h5 class=\"p1\"><b>FERM\u00cdN RODR\u00cdGUEZ<\/b><\/h5>\n<p class=\"p1\">\u00c9s formador de l\u2019Escola El Sol i professor-tutor a l\u2019UNED Barcelona. \u00c9s mestre, llicenciat en psicopedagogia i t\u00e9 un m\u00e0ster en educaci\u00f3 per a la ciutadania i en valors. Recentment \u00e9s doctor en Educaci\u00f3 i Societat per la UB. Treballa com a cap de Serveis d\u2019Activitats Ciutadanes i Educaci\u00f3 a l\u2019Ajuntament de Sant Adri\u00e0 de Bes\u00f2s i t\u00e9 m\u00e9s de 25 anys de treball en el lleure educatiu vinculat a Esplac i al nostre moviment educatiu.<\/p>\n<h3 class=\"p1\">TAULES RODONES<\/h3>\n<h4 class=\"p1\">Taula 1<\/h4>\n<h5 class=\"p1\"><b>CARLES VILA MUMBR\u00da<\/b><\/h5>\n<p class=\"p1\">Diplomat en Educaci\u00f3 Social i M\u00e0ster Interuniversitari en Joventut i Societat. Experi\u00e8ncia en animaci\u00f3 sociocultural i associacionisme. T\u00e8cnic de joventut a Lli\u00e7\u00e0 de Vall. Professor associat al Departament de Teoria i Hist\u00f2ria de l\u2019Educaci\u00f3 de la Facultat d\u2019Educaci\u00f3 de la Universitat de Barcelona. Participaci\u00f3 en recerques sobre equipaments juvenils, participaci\u00f3 juvenil i empoderament juvenil.<\/p>\n<h5 class=\"p1\"><b>\u00c0LEX CASTILLO<\/b><\/h5>\n<p class=\"p1\">President de la Federaci\u00f3 d\u2019associacions de mares i pares d\u2019alumnes de Catalunya des de 2012, hi est\u00e0 vinculat des de 2007. Obrer, pare de dos nens. Va contribuir a muntar l\u2019Ampa de l\u2019escola Collaso al Raval de Barcelona al 2005 i ara est\u00e0 vinculat a l\u2019Ampa de l\u2019institut Consell de Cent. Ha participat en altres espais associatius des de l\u2019antimilitarisme, la solidaritat internacional o el sindicalisme de classe.<\/p>\n<h5 class=\"p1\"><b>RAIMON CARRERAS MAR\u00cdN<\/b><\/h5>\n<p class=\"p1\">Historiador amb inter\u00e8s per les hist\u00f2ries, les llegendes, els contes. Va ser nen de l\u2019esplai Movi durant 8 anys i despr\u00e9s 9 com a monitor. Ha format part de l\u2019Equip de direcci\u00f3 durant 6 anys, els dos \u00faltims com a President. Molt vinculat al teixit associatiu local del barri de Sarri\u00e0 i formador de l\u2019Escola Lliure el Sol.<\/p>\n<h4 class=\"p1\">Taula 2<\/h4>\n<h5 class=\"p1\"><b>N\u00daRIA SIM\u00d3<\/b><\/h5>\n<p class=\"p1\">Professora del Departament de Pedagogia de la Universitat de Vic. Membre del Grup de Recerca de la Univerisitat de Vic (GREUV) i coordinadora del Projecte I+D Demoskole: Democracia, participaci\u00f3n y educaci\u00f3n inclusiva en los centros educativos juntament amb Jordi Feu de la Universitat de Girona.<\/p>\n<h5 class=\"p1\"><b>GUILLE LLORENTE<\/b><\/h5>\n<p class=\"p1\">\u00c9s llicenciat en Ci\u00e8ncies pol\u00edtiques i M\u00e0ster en especialitzaci\u00f3 de Participaci\u00f3 i Desenvolupament Comunitari per la Universitat del Pa\u00eds Basc. Actualment estudia un postgrau en Desenvolupament local a dist\u00e0ncia. Va ser monitor de l\u2019esplai Totikap al llarg de 5 anys. A nivell professional ha treballat en el lleure al llarg de bastants anys i des de fa 4 anys treballa en diversos projectes comunitaris a Vilafranca del Pened\u00e8s, Vilassar de Mar, Montcada i Reixac, Badalona i Zalla (Bizkaia). A m\u00e9s, \u00e9s formador a l\u2019Escola Lliure el Sol.<\/p>\n<h5 class=\"p1\"><b>MARTA COTS<\/b><\/h5>\n<p class=\"p2\">Llicenciada en psicologia i M\u00e0ster en educaci\u00f3 emocional. Coordinadora t\u00e8cnica de l\u2019Escola de Formaci\u00f3 de Minyons Escoltes i Guies de Catalunya. Ex Comiss\u00e0ria del Barcelon\u00e8s a MEG i Ex presidenta del CJB.<\/p>\n<h4 class=\"p2\">Taula 3<\/h4>\n<h5 class=\"p1\"><b>JULIO DEL VALLE<\/b><\/h5>\n<p class=\"p1\">Formador de l\u2019Escola El Sol i professor-tutor a l\u2019UNED Barcelona. \u00c9s mestre, llicenciat en psicopedagogia, t\u00e9 m\u00e0ster en educaci\u00f3 per a la ciutadania i en valors i recentement \u00e9s doctor en Educaci\u00f3 i Societat per la UB. Treballa com a cap de Serveis d \u2018Activitats Ciutadanes i Educaci\u00f3 a l\u2019Ajuntament de Sant Adri\u00e0 de Bes\u00f2s, t\u00e9 m\u00e9s de 25 anys de treball en el lleure educatiu vinculat a Esplac i al nostre moviment educatiu.<\/p>\n<h5 class=\"p1\"><b>FERM\u00cdN RODR\u00cdGUEZ<\/b><\/h5>\n<p class=\"p1\">Formador de l\u2019Escola El Sol i professor-tutor a l\u2019UNED Barcelona. \u00c9s mestre, llicenciat en psicopedagogia, t\u00e9 m\u00e0ster en educaci\u00f3 per a la ciutadania i en valors i recentement \u00e9s doctor en Educaci\u00f3 i Societat per la UB. Treballa com a cap de Serveis d \u2018Activitats Ciutadanes i Educaci\u00f3 a l\u2019Ajuntament de Sant Adri\u00e0 de Bes\u00f2s, t\u00e9 m\u00e9s de 25 anys de treball en el lleure educatiu vinculat a Esplac i al nostre moviment educatiu.<\/p>\n<h5 class=\"p1\"><b>MARIA CASADEMONT I CAVERO<\/b><\/h5>\n<p class=\"p2\">Membre de la junta d\u2019Acci\u00f3 Escolta de Catalunya i escolta des del 7 anys. \u00c9s responsable de les relacions externes d\u2019Acci\u00f3 Escolta de Catalunya i per tant participa al CJB, CNJC.<\/p>\n<h3 class=\"p2\">EXPERI\u00c8NCIES<\/h3>\n<h5 class=\"p1\"><b>ELENA BERNET<\/b><\/h5>\n<p class=\"p1\">Cordinadora de la ludoteca La Verneda.\u00a0T\u00e9 23 anys i ha estudiat Ci\u00e8ncies Ambientals a la Universitat Aut\u00f2noma. Treballa com a coordinadora de la Ludoteca la Verneda des de fa quatre anys. Durant aquests temps el projecte ha canviat molt, fins a convertir-se en el que \u00e9s ara. Ha estat nena i monitora de l\u2019esplai SCV el Clot, d\u2019Esplac.<\/p>\n<h5 class=\"p1\"><b>MARIA VINUESA<\/b>\u00a0I\u00a0<b>CARLES GRACIA<\/b><\/h5>\n<p class=\"p1\">Exdirectora de l\u2019Escola Els Pinetons i actual director.\u00a0S\u00f3n mestres. En aquest moment en Carles \u00e9s el director de l\u2019escola Els Pinetons de Ripollet i la Maria forma part de l\u2019executiva de Rosa Sensat. Les seves experi\u00e8ncia professionals l\u2019han desenvolupada a l\u2019escola p\u00fablica, fonamentalment al segon cicle d\u2019educaci\u00f3 infantil, per\u00f2 tamb\u00e9 tenen experi\u00e8ncia en el primer cicle.<\/p>\n<h5 class=\"p1\"><b>CARME ALEMANY<\/b><\/h5>\n<p class=\"p1\">Exresponsable del projecte educatiu de l\u2019Escola P\u00fablica El Roure Gros.<\/p>\n<p class=\"p1\">Mestra, jubilada, ha treballat durant 34 anys a l\u2019escola p\u00fablica El roure gros on era responsable del projecte educatiu del centre. Actualment gaudeix d\u2019una jubilaci\u00f3 molt activa. Fa algunes classes a la facultat d\u2019educaci\u00f3 de la Universitat de Manresa, participa en el consell de formaci\u00f3 de Rosa Sensat, fa assessoraments a escoles, acompanyament a algun grup d\u2019infants\u2026 i el que calgui i pugui referent a la millora, des de la seva visi\u00f3, del m\u00f3n de l\u2019educaci\u00f3, l\u2019infant i l\u2019escola.<\/p>\n<h5 class=\"p1\"><b>MIKI ARAG\u00d3N<\/b><\/h5>\n<p class=\"p1\">Pare de l\u2019Escola P\u00fablica Congr\u00e9s Indians\u00a0i membre implicat en la junta de l\u2019AFA.\u00a0Historiador i gestor associatiu. Pare de dos fills i casat amb una exresponsable d\u2019un esplai. Sagrerenc comprom\u00e8s amb la transformaci\u00f3 social. Actualment implicat en la junta de l\u2019AFA de l\u2019escola p\u00fablica Congr\u00e9s Indians i en petites lluites que comparteixo en l\u2019ACO (Acci\u00f3 Cat\u00f2lica Obrera). He estat implicat al llarg dels anys en la JOC, CJB, Consell d\u2019Entitats de La Sagrera, Escola Lliure el Sol i en la Taula de Joves de Sant Andreu.<\/p>\n<h5 class=\"p1\"><b>CARLOS GALLEGO<\/b><\/h5>\n<p class=\"p1\">Participa activament en pol\u00edtiques de participaci\u00f3 de\u00a0Consell Nacional d\u2019infants i Adolescents de Catalunya (CNIAC) i Consell d\u2019infants de Rub\u00ed.<\/p>\n<p class=\"p1\">T\u00e9 16 anys i des de fa quatre anys que participa activament en pol\u00edtiques de participaci\u00f3, com \u00e9s el Consell d\u2019Infants de Rub\u00ed i el Consell Nacional d\u2019Infants i Adolescents de Catalunya.<\/p>\n<h5 class=\"p1\"><b>JULI\u00c0 LOMBARDO<\/b><\/h5>\n<p class=\"p1\">Coordinador del programa de lleure educatiu i fam\u00edlies de la Fundaci\u00f3\u00a0Marianao,\u00a0on s\u2019ubiquen el Centre Obert, Servei d\u2019atenci\u00f3 a Fam\u00edlies i Espai familiar. \u00c9s educador Social i t\u00e9 experi\u00e8ncia de m\u00e9s de 15 anys en intervenci\u00f3 i gesti\u00f3 de projectes de lleure educatiu amb infants, adolescents i fam\u00edlies, espec\u00edficament des del Centre Obert.<\/p>\n<h5 class=\"p1\"><b>MARC PERALES<\/b><\/h5>\n<p class=\"p1\">Responsable del projecte de Centre Obert-Casal Infantil i Juvenil de Marianao. \u00c9s educador social i t\u00e9 experi\u00e8ncia en intervenci\u00f3 i gesti\u00f3 de projectes de lleure educatiu amb infants i projectes d\u2019inclusi\u00f3 socio-laboral de joves en situaci\u00f3 de risc social.<\/p>\n<h5 class=\"p1\"><b>ANTHEA DIAZ<\/b>\u00a0I\u00a0<b>PATRI RUTA<\/b><\/h5>\n<p class=\"p1\">Monitores de l\u2019esplai El Piolet de Barber\u00e0 del Vall\u00e8s.<\/p>\n<h3 class=\"p1\"><b>PON\u00c8NCIA DE TANCAMENT<\/b><\/h3>\n<h5 class=\"p1\"><b>GINO FERRI<\/b><\/h5>\n<p class=\"p1\">Llicenciat en Ci\u00e8ncies de l\u2019Educaci\u00f3 a la Universitat de Modena e Reggio (It\u00e0lia) i porta gaireb\u00e9 30 anys treballant en l\u2019\u00e0mbit educatiu. En els seus inicis va treballar com a mestre a les escoles infantils p\u00fabliques de Reggio Emilia i tamb\u00e9 al Centre de Documentaci\u00f3 i Investigaci\u00f3 Educativa com a formador y realitzant publicacions sobre educaci\u00f3. Des de fa 20 anys s\u2019ocupa de la formaci\u00f3n de mestres a Italia i fora d\u2019ella. A l\u2019actualitat \u00e9s formador i assesor educatiu a Catalunya. Col\u00b7labora amb Rosa Sensat.<\/p>\n<\/div><div class=\"nav fusion-mobile-tab-nav\"><ul class=\"nav-tabs\" role=\"tablist\"><li role=\"presentation\"><a class=\"tab-link\" data-toggle=\"tab\" role=\"tab\" aria-controls=\"tab-29e0d4c76be140dc56f\" aria-selected=\"false\" tabindex=\"-1\" id=\"mobile-fusion-tab-v\u00eddeos\" href=\"#tab-29e0d4c76be140dc56f\"><h4 class=\"fusion-tab-heading\"><i class=\"fontawesome-icon fa-video fas\" aria-hidden=\"true\" style=\"font-size:19px;\"><\/i>V\u00eddeos<\/h4><\/a><\/li><\/ul><\/div><div class=\"tab-pane fade fusion-clearfix\" role=\"tabpanel\" tabindex=\"0\" aria-labelledby=\"fusion-tab-v\u00eddeos\" id=\"tab-29e0d4c76be140dc56f\"><div class=\"fusion-builder-row fusion-builder-row-inner fusion-row\"><div class=\"fusion-layout-column fusion_builder_column_inner fusion-builder-nested-column-0 fusion_builder_column_inner_1_2 1_2 fusion-one-half fusion-column-first\" style=\"--awb-bg-size:cover;width:50%;width:calc(50% - ( ( 4% ) * 0.5 ) );margin-right: 4%;\"><div class=\"fusion-column-wrapper fusion-column-has-shadow fusion-flex-column-wrapper-legacy\">\n<div class=\"fusion-text fusion-text-1\"><p><iframe class=\"fusion-hidden\" data-privacy-type=\"youtube\" src=\"\" data-privacy-src=\"https:\/\/www.youtube.com\/embed\/UhK--CxkQoY\" width=\"100%\" height=\"350\" frameborder=\"0\" allowfullscreen=\"allowfullscreen\"><\/iframe><div class=\"fusion-privacy-placeholder\" style=\"width:100%; height:350px;\" data-privacy-type=\"youtube\"><div class=\"fusion-privacy-placeholder-content\"><div class=\"fusion-privacy-label\">For privacy reasons YouTube needs your permission to be loaded. For more details, please see our <a class=\"privacy-policy-link\" href=\"https:\/\/www.esplac.cat\/avis-legal\/\" rel=\"privacy-policy\">Av\u00eds Legal<\/a>.<\/div><a href=\"\" data-privacy-type=\"youtube\" class=\"fusion-button button-default fusion-button-default-size button fusion-privacy-consent\">I Accept<\/a><\/div><\/div>Teaser Escola d&#8217;Esplac 2016<\/p>\n<p><iframe class=\"fusion-hidden\" data-privacy-type=\"youtube\" src=\"\" data-privacy-src=\"https:\/\/www.youtube.com\/embed\/gvqDj5_ILrU\" width=\"100%\" height=\"350\" frameborder=\"0\" allowfullscreen=\"allowfullscreen\"><\/iframe><div class=\"fusion-privacy-placeholder\" style=\"width:100%; height:350px;\" data-privacy-type=\"youtube\"><div class=\"fusion-privacy-placeholder-content\"><div class=\"fusion-privacy-label\">For privacy reasons YouTube needs your permission to be loaded. For more details, please see our <a class=\"privacy-policy-link\" href=\"https:\/\/www.esplac.cat\/avis-legal\/\" rel=\"privacy-policy\">Av\u00eds Legal<\/a>.<\/div><a href=\"\" data-privacy-type=\"youtube\" class=\"fusion-button button-default fusion-button-default-size button fusion-privacy-consent\">I Accept<\/a><\/div><\/div>Escola Esplac 2016 | Entrevistes: Pon\u00e8ncies i taules rodones<\/p>\n<\/div>\n<div class=\"fusion-clearfix\"><\/div><\/div><\/div><div class=\"fusion-layout-column fusion_builder_column_inner fusion-builder-nested-column-1 fusion_builder_column_inner_1_2 1_2 fusion-one-half fusion-column-last\" style=\"--awb-bg-size:cover;width:50%;width:calc(50% - ( ( 4% ) * 0.5 ) );\"><div class=\"fusion-column-wrapper fusion-column-has-shadow fusion-flex-column-wrapper-legacy\">\n<div class=\"fusion-text fusion-text-2\"><p><iframe class=\"fusion-hidden\" data-privacy-type=\"youtube\" src=\"\" data-privacy-src=\"https:\/\/www.youtube.com\/embed\/MvccA5MRNgQ\" width=\"100%\" height=\"350\" frameborder=\"0\" allowfullscreen=\"allowfullscreen\"><\/iframe><div class=\"fusion-privacy-placeholder\" style=\"width:100%; height:350px;\" data-privacy-type=\"youtube\"><div class=\"fusion-privacy-placeholder-content\"><div class=\"fusion-privacy-label\">For privacy reasons YouTube needs your permission to be loaded. For more details, please see our <a class=\"privacy-policy-link\" href=\"https:\/\/www.esplac.cat\/avis-legal\/\" rel=\"privacy-policy\">Av\u00eds Legal<\/a>.<\/div><a href=\"\" data-privacy-type=\"youtube\" class=\"fusion-button button-default fusion-button-default-size button fusion-privacy-consent\">I Accept<\/a><\/div><\/div>Entrevista a Gino Ferri<\/p>\n<p><iframe class=\"fusion-hidden\" data-privacy-type=\"youtube\" src=\"\" data-privacy-src=\"https:\/\/www.youtube.com\/embed\/Uc96dU2pV2c\" width=\"100%\" height=\"350\" frameborder=\"0\" allowfullscreen=\"allowfullscreen\"><\/iframe><div class=\"fusion-privacy-placeholder\" style=\"width:100%; height:350px;\" data-privacy-type=\"youtube\"><div class=\"fusion-privacy-placeholder-content\"><div class=\"fusion-privacy-label\">For privacy reasons YouTube needs your permission to be loaded. For more details, please see our <a class=\"privacy-policy-link\" href=\"https:\/\/www.esplac.cat\/avis-legal\/\" rel=\"privacy-policy\">Av\u00eds Legal<\/a>.<\/div><a href=\"\" data-privacy-type=\"youtube\" class=\"fusion-button button-default fusion-button-default-size button fusion-privacy-consent\">I Accept<\/a><\/div><\/div>Escola Esplac 2016 | Entrevistes: Participants i organitzaci\u00f3<\/p>\n<\/div>\n<div class=\"fusion-clearfix\"><\/div><\/div><\/div><\/div><\/div><div class=\"nav fusion-mobile-tab-nav\"><ul class=\"nav-tabs\" role=\"tablist\"><li role=\"presentation\"><a class=\"tab-link\" data-toggle=\"tab\" role=\"tab\" aria-controls=\"tab-b46f1751285a4d72db9\" aria-selected=\"false\" tabindex=\"-1\" id=\"mobile-fusion-tab-inscripcions\" href=\"#tab-b46f1751285a4d72db9\"><h4 class=\"fusion-tab-heading\"><i class=\"fontawesome-icon fa-calendar-check far\" aria-hidden=\"true\" style=\"font-size:19px;\"><\/i>Inscripcions<\/h4><\/a><\/li><\/ul><\/div><div class=\"tab-pane fade fusion-clearfix\" role=\"tabpanel\" tabindex=\"0\" aria-labelledby=\"fusion-tab-inscripcions\" id=\"tab-b46f1751285a4d72db9\">\n<h5><strong>INSCRIPCIONS TANCADES<\/strong><\/h5>\n<p>Les inscripcions per a l\u2019Escola d\u2019Esplac 2016 romandran\u00a0obertes<strong>\u00a0del 25 de gener fins el 14 de febrer<\/strong>. Hi ha dues modalitats:<\/p>\n<ol>\n<li>Si ets monitora o monitor d\u2019un esplai d\u2019Esplac, podr\u00e0s incriure\u2019t\u00a0<strong><a href=\"https:\/\/esplac.cat\/esplacnet\/login\/index.php\" target=\"_blank\" rel=\"noopener noreferrer\">entrant a l\u2019EsplacNet amb el teu\u00a0nom d\u2019usuari i contrasenya<\/a><\/strong>. Un cop a dins, trobar\u00e0s\u00a0el formulari d\u2019inscripci\u00f3 a la secci\u00f3 \u201cTrobades\u201d.<\/li>\n<li>Si ets dirigent, soci\/a o una persona externa a l\u2019entitat,\u00a0<strong><a href=\"https:\/\/docs.google.com\/a\/esplac.cat\/forms\/d\/1cRI_Z1M9zXhtp2fgge6bNojuB1YhJz226pkjqvvlUwU\/viewform\" target=\"_blank\" rel=\"noopener noreferrer\">fes clic aqu\u00ed per accedir al formulari d\u2019inscripci\u00f3<\/a><\/strong>\u00a0i\u00a0segueix els passos que t\u2019indiquem.<\/li>\n<\/ol>\n<p><strong>Recordeu que les places s\u00f3n limitades!<\/strong><\/p>\n<p>Si teniu qualsevol dubte o necessiteu m\u00e9s informaci\u00f3, ens podeu escriure a\u00a0<a href=\"mailto:projectes@esplac.cat\">projectes@esplac.cat<\/a>.<\/p>\n<\/div><div class=\"nav fusion-mobile-tab-nav\"><ul class=\"nav-tabs\" role=\"tablist\"><li role=\"presentation\"><a class=\"tab-link\" data-toggle=\"tab\" role=\"tab\" aria-controls=\"tab-7063328aca567194300\" aria-selected=\"false\" tabindex=\"-1\" id=\"mobile-fusion-tab-conclusions\" href=\"#tab-7063328aca567194300\"><h4 class=\"fusion-tab-heading\"><i class=\"fontawesome-icon fa-list-ol fas\" aria-hidden=\"true\" style=\"font-size:19px;\"><\/i>Conclusions<\/h4><\/a><\/li><\/ul><\/div><div class=\"tab-pane fade fusion-clearfix\" role=\"tabpanel\" tabindex=\"0\" aria-labelledby=\"fusion-tab-conclusions\" id=\"tab-7063328aca567194300\">\n<p>Sent conscients que per cada persona l\u2019aprenentatge \u00e9s diferent i que all\u00f2 significatiu per una, pot no ser-ho per una altra, proposem\u00a0un llistat dels\u00a0<strong>10 aprenentatges-idees m\u00e9s significatius sobre la participaci\u00f3 a l\u2019esplai de l\u2019Escola d\u2019Esplac 2016<\/strong>.<\/p>\n<ol>\n<li>\n<h4>Els infants s\u00f3n ciutadans del present. Eduquem els infants per intervenir en la vida ara i en un futur.<\/h4>\n<\/li>\n<li>\n<h4>La participaci\u00f3, a part d\u2019un dret fonamental, \u00e9s part de l\u2019educaci\u00f3 integral de la persona.<\/h4>\n<\/li>\n<li>\n<h4>La participaci\u00f3 \u00e9s el m\u00e8tode, el contingut i la fi de qualsevol projecte.<\/h4>\n<\/li>\n<li>\n<h4>La participaci\u00f3 sense una reflexi\u00f3 pr\u00e8via de quins s\u00f3n els seus objectius \u00e9s una participaci\u00f3 buida.<\/h4>\n<\/li>\n<li>\n<h4>La participaci\u00f3 ens fa q\u00fcestionar com desenvolupem el poder. I aix\u00f2 \u00e9s un repte per l\u2019adult.<\/h4>\n<\/li>\n<li>\n<h4>La participaci\u00f3 \u00e9s q\u00fcesti\u00f3 de l\u2019actitud de l\u2019adult. Ens ho hem de creure!<\/h4>\n<\/li>\n<li>\n<h4>Els adults hem de generar preguntes, no respostes. Respectem els temps naturals dels nens i nenes. No forcem.<\/h4>\n<\/li>\n<li>\n<h4>La diversitat d\u2019opinions \u00e9s un recurs ple de riquesa. Hem de confiar en qu\u00e8 totes les veus s\u00f3n valuoses.<\/h4>\n<\/li>\n<li>\n<h4>Per educar en la participaci\u00f3 cal deixar espais de llibertat. Acompanyar els infants en les seves decisions.<\/h4>\n<\/li>\n<li>\n<h4>A participar se n\u2019apr\u00e8n participant, \u00e9s un aprenentatge continu i vivencial.<\/h4>\n<\/li>\n<\/ol>\n<\/div><\/div><\/div><div class=\"fusion-clearfix\"><\/div><\/div><\/div><\/div><\/div><div class=\"fusion-fullwidth fullwidth-box fusion-builder-row-2 fusion-flex-container nonhundred-percent-fullwidth non-hundred-percent-height-scrolling\" style=\"--awb-border-radius-top-left:0px;--awb-border-radius-top-right:0px;--awb-border-radius-bottom-right:0px;--awb-border-radius-bottom-left:0px;--awb-margin-bottom:40px;--awb-flex-wrap:wrap;\" ><div class=\"fusion-builder-row fusion-row fusion-flex-align-items-flex-start fusion-flex-content-wrap\" style=\"max-width:1248px;margin-left: calc(-4% \/ 2 );margin-right: calc(-4% \/ 2 );\"><div class=\"fusion-layout-column fusion_builder_column fusion-builder-column-2 fusion_builder_column_1_1 1_1 fusion-flex-column\" style=\"--awb-bg-blend:overlay;--awb-bg-size:cover;--awb-width-large:100%;--awb-margin-top-large:0px;--awb-spacing-right-large:1.92%;--awb-margin-bottom-large:20px;--awb-spacing-left-large:1.92%;--awb-width-medium:100%;--awb-spacing-right-medium:1.92%;--awb-spacing-left-medium:1.92%;--awb-width-small:100%;--awb-spacing-right-small:1.92%;--awb-spacing-left-small:1.92%;\"><div class=\"fusion-column-wrapper fusion-column-has-shadow fusion-flex-justify-content-flex-start fusion-content-layout-column\"><div class=\"fusion-text fusion-text-3\"><h3><strong>Altres edicions de l\u2019Escola d\u2019Esplac<\/strong><\/h3>\n<\/div><\/div><\/div><div class=\"fusion-layout-column fusion_builder_column fusion-builder-column-3 fusion_builder_column_1_4 1_4 fusion-flex-column fusion-column-inner-bg-wrapper\" style=\"--awb-inner-bg-blend:overlay;--awb-inner-bg-size:cover;--awb-width-large:25%;--awb-margin-top-large:0px;--awb-spacing-right-large:7.68%;--awb-margin-bottom-large:20px;--awb-spacing-left-large:7.68%;--awb-width-medium:100%;--awb-order-medium:0;--awb-spacing-right-medium:1.92%;--awb-spacing-left-medium:1.92%;--awb-width-small:100%;--awb-order-small:0;--awb-spacing-right-small:1.92%;--awb-spacing-left-small:1.92%;\" data-motion-effects=\"[{&quot;type&quot;:&quot;&quot;,&quot;scroll_type&quot;:&quot;transition&quot;,&quot;scroll_direction&quot;:&quot;up&quot;,&quot;transition_speed&quot;:&quot;1&quot;,&quot;fade_type&quot;:&quot;in&quot;,&quot;scale_type&quot;:&quot;up&quot;,&quot;initial_scale&quot;:&quot;1&quot;,&quot;max_scale&quot;:&quot;1.5&quot;,&quot;min_scale&quot;:&quot;0.5&quot;,&quot;initial_rotate&quot;:&quot;0&quot;,&quot;end_rotate&quot;:&quot;30&quot;,&quot;initial_blur&quot;:&quot;0&quot;,&quot;end_blur&quot;:&quot;3&quot;,&quot;start_element&quot;:&quot;top&quot;,&quot;start_viewport&quot;:&quot;bottom&quot;,&quot;end_element&quot;:&quot;bottom&quot;,&quot;end_viewport&quot;:&quot;top&quot;,&quot;mouse_effect&quot;:&quot;track&quot;,&quot;mouse_effect_direction&quot;:&quot;opposite&quot;,&quot;mouse_effect_speed&quot;:&quot;2&quot;,&quot;infinite_animation&quot;:&quot;float&quot;,&quot;infinite_animation_speed&quot;:&quot;2&quot;}]\" data-scroll-devices=\"small-visibility,medium-visibility,large-visibility\"><span class=\"fusion-column-inner-bg hover-type-none\"><a class=\"fusion-column-anchor\" href=\"https:\/\/www.esplac.cat\/formacions\/escola-esplac-2025\/\"><span class=\"fusion-column-inner-bg-image\"><\/span><\/a><\/span><div class=\"fusion-column-wrapper fusion-column-has-shadow fusion-flex-justify-content-flex-start fusion-content-layout-column\"><div class=\"fusion-image-element \" style=\"text-align:center;--awb-liftup-border-radius:0px;--awb-caption-title-font-family:var(--h2_typography-font-family);--awb-caption-title-font-weight:var(--h2_typography-font-weight);--awb-caption-title-font-style:var(--h2_typography-font-style);--awb-caption-title-size:var(--h2_typography-font-size);--awb-caption-title-transform:var(--h2_typography-text-transform);--awb-caption-title-line-height:var(--h2_typography-line-height);--awb-caption-title-letter-spacing:var(--h2_typography-letter-spacing);\"><div class=\"awb-image-frame awb-image-frame-2 imageframe-liftup\"><span class=\" fusion-imageframe imageframe-none imageframe-2\"><a class=\"fusion-no-lightbox\" href=\"https:\/\/www.esplac.cat\/formacions\/escola-desplac-2024\/\" target=\"_self\" aria-label=\"cartell_esplac2025\"><img decoding=\"async\" width=\"212\" height=\"300\" src=\"https:\/\/www.esplac.cat\/wp-content\/uploads\/2024\/11\/cartell_esplac2025-212x300.jpg\" alt class=\"img-responsive wp-image-51866\" srcset=\"https:\/\/www.esplac.cat\/wp-content\/uploads\/2024\/11\/cartell_esplac2025-200x283.jpg 200w, https:\/\/www.esplac.cat\/wp-content\/uploads\/2024\/11\/cartell_esplac2025-400x566.jpg 400w, https:\/\/www.esplac.cat\/wp-content\/uploads\/2024\/11\/cartell_esplac2025-600x849.jpg 600w, https:\/\/www.esplac.cat\/wp-content\/uploads\/2024\/11\/cartell_esplac2025-800x1131.jpg 800w, https:\/\/www.esplac.cat\/wp-content\/uploads\/2024\/11\/cartell_esplac2025-1200x1697.jpg 1200w, https:\/\/www.esplac.cat\/wp-content\/uploads\/2024\/11\/cartell_esplac2025-scaled.jpg 1810w\" sizes=\"(max-width: 1024px) 100vw, (max-width: 640px) 100vw, 400px\" \/><\/a><\/span><\/div><\/div><div class=\"fusion-separator fusion-full-width-sep\" style=\"align-self: center;margin-left: auto;margin-right: auto;margin-bottom:20px;width:100%;\"><\/div><div class=\"fusion-text fusion-text-4\"><h5 style=\"text-align: center;\"><strong><a href=\"https:\/\/www.esplac.cat\/formacions\/escola-esplac-2025\/\" target=\"_blank\" rel=\"noopener\">Escola d\u2019Esplac 2025<\/a><\/strong><\/h5>\n<\/div><div class=\"fusion-separator fusion-full-width-sep\" style=\"align-self: center;margin-left: auto;margin-right: auto;margin-bottom:20px;width:100%;\"><\/div><\/div><\/div><div class=\"fusion-layout-column fusion_builder_column fusion-builder-column-4 fusion_builder_column_1_4 1_4 fusion-flex-column fusion-column-inner-bg-wrapper\" style=\"--awb-inner-bg-blend:overlay;--awb-inner-bg-size:cover;--awb-width-large:25%;--awb-margin-top-large:0px;--awb-spacing-right-large:7.68%;--awb-margin-bottom-large:20px;--awb-spacing-left-large:7.68%;--awb-width-medium:100%;--awb-order-medium:0;--awb-spacing-right-medium:1.92%;--awb-spacing-left-medium:1.92%;--awb-width-small:100%;--awb-order-small:0;--awb-spacing-right-small:1.92%;--awb-spacing-left-small:1.92%;\" data-motion-effects=\"[{&quot;type&quot;:&quot;&quot;,&quot;scroll_type&quot;:&quot;transition&quot;,&quot;scroll_direction&quot;:&quot;up&quot;,&quot;transition_speed&quot;:&quot;1&quot;,&quot;fade_type&quot;:&quot;in&quot;,&quot;scale_type&quot;:&quot;up&quot;,&quot;initial_scale&quot;:&quot;1&quot;,&quot;max_scale&quot;:&quot;1.5&quot;,&quot;min_scale&quot;:&quot;0.5&quot;,&quot;initial_rotate&quot;:&quot;0&quot;,&quot;end_rotate&quot;:&quot;30&quot;,&quot;initial_blur&quot;:&quot;0&quot;,&quot;end_blur&quot;:&quot;3&quot;,&quot;start_element&quot;:&quot;top&quot;,&quot;start_viewport&quot;:&quot;bottom&quot;,&quot;end_element&quot;:&quot;bottom&quot;,&quot;end_viewport&quot;:&quot;top&quot;,&quot;mouse_effect&quot;:&quot;track&quot;,&quot;mouse_effect_direction&quot;:&quot;opposite&quot;,&quot;mouse_effect_speed&quot;:&quot;2&quot;,&quot;infinite_animation&quot;:&quot;float&quot;,&quot;infinite_animation_speed&quot;:&quot;2&quot;}]\" data-scroll-devices=\"small-visibility,medium-visibility,large-visibility\"><span class=\"fusion-column-inner-bg hover-type-none\"><a class=\"fusion-column-anchor\" href=\"https:\/\/www.esplac.cat\/formacions\/escola-desplac-2024\/\"><span class=\"fusion-column-inner-bg-image\"><\/span><\/a><\/span><div class=\"fusion-column-wrapper fusion-column-has-shadow fusion-flex-justify-content-flex-start fusion-content-layout-column\"><div class=\"fusion-image-element \" style=\"text-align:center;--awb-liftup-border-radius:0px;--awb-caption-title-font-family:var(--h2_typography-font-family);--awb-caption-title-font-weight:var(--h2_typography-font-weight);--awb-caption-title-font-style:var(--h2_typography-font-style);--awb-caption-title-size:var(--h2_typography-font-size);--awb-caption-title-transform:var(--h2_typography-text-transform);--awb-caption-title-line-height:var(--h2_typography-line-height);--awb-caption-title-letter-spacing:var(--h2_typography-letter-spacing);\"><div class=\"awb-image-frame awb-image-frame-3 imageframe-liftup\"><span class=\" fusion-imageframe imageframe-none imageframe-3\"><a class=\"fusion-no-lightbox\" href=\"https:\/\/www.esplac.cat\/formacions\/escola-desplac-2024\/\" target=\"_self\" aria-label=\"Ilustraci\u00f3n sin t\u00edtulo\"><img decoding=\"async\" width=\"212\" height=\"300\" src=\"https:\/\/www.esplac.cat\/wp-content\/uploads\/2024\/11\/Cartell-Escola-Esplac-24-800x1131-1-212x300.jpg\" alt class=\"img-responsive wp-image-51849\" srcset=\"https:\/\/www.esplac.cat\/wp-content\/uploads\/2024\/11\/Cartell-Escola-Esplac-24-800x1131-1-200x283.jpg 200w, https:\/\/www.esplac.cat\/wp-content\/uploads\/2024\/11\/Cartell-Escola-Esplac-24-800x1131-1-400x566.jpg 400w, https:\/\/www.esplac.cat\/wp-content\/uploads\/2024\/11\/Cartell-Escola-Esplac-24-800x1131-1-600x848.jpg 600w, https:\/\/www.esplac.cat\/wp-content\/uploads\/2024\/11\/Cartell-Escola-Esplac-24-800x1131-1.jpg 800w\" sizes=\"(max-width: 1024px) 100vw, (max-width: 640px) 100vw, 400px\" \/><\/a><\/span><\/div><\/div><div class=\"fusion-separator fusion-full-width-sep\" style=\"align-self: center;margin-left: auto;margin-right: auto;margin-bottom:20px;width:100%;\"><\/div><div class=\"fusion-text fusion-text-5\"><h5 style=\"text-align: center;\"><strong><a href=\"https:\/\/www.esplac.cat\/formacions\/escola-desplac-2024\/\" target=\"_blank\" rel=\"noopener\">Escola d\u2019Esplac 2024<\/a><\/strong><\/h5>\n<\/div><div class=\"fusion-separator fusion-full-width-sep\" style=\"align-self: center;margin-left: auto;margin-right: auto;margin-bottom:20px;width:100%;\"><\/div><\/div><\/div><div class=\"fusion-layout-column fusion_builder_column fusion-builder-column-5 fusion_builder_column_1_4 1_4 fusion-flex-column fusion-column-inner-bg-wrapper\" style=\"--awb-inner-bg-blend:overlay;--awb-inner-bg-size:cover;--awb-width-large:25%;--awb-margin-top-large:0px;--awb-spacing-right-large:7.68%;--awb-margin-bottom-large:20px;--awb-spacing-left-large:7.68%;--awb-width-medium:100%;--awb-order-medium:0;--awb-spacing-right-medium:1.92%;--awb-spacing-left-medium:1.92%;--awb-width-small:100%;--awb-order-small:0;--awb-spacing-right-small:1.92%;--awb-spacing-left-small:1.92%;\" data-motion-effects=\"[{&quot;type&quot;:&quot;&quot;,&quot;scroll_type&quot;:&quot;transition&quot;,&quot;scroll_direction&quot;:&quot;up&quot;,&quot;transition_speed&quot;:&quot;1&quot;,&quot;fade_type&quot;:&quot;in&quot;,&quot;scale_type&quot;:&quot;up&quot;,&quot;initial_scale&quot;:&quot;1&quot;,&quot;max_scale&quot;:&quot;1.5&quot;,&quot;min_scale&quot;:&quot;0.5&quot;,&quot;initial_rotate&quot;:&quot;0&quot;,&quot;end_rotate&quot;:&quot;30&quot;,&quot;initial_blur&quot;:&quot;0&quot;,&quot;end_blur&quot;:&quot;3&quot;,&quot;start_element&quot;:&quot;top&quot;,&quot;start_viewport&quot;:&quot;bottom&quot;,&quot;end_element&quot;:&quot;bottom&quot;,&quot;end_viewport&quot;:&quot;top&quot;,&quot;mouse_effect&quot;:&quot;track&quot;,&quot;mouse_effect_direction&quot;:&quot;opposite&quot;,&quot;mouse_effect_speed&quot;:&quot;2&quot;,&quot;infinite_animation&quot;:&quot;float&quot;,&quot;infinite_animation_speed&quot;:&quot;2&quot;}]\" data-scroll-devices=\"small-visibility,medium-visibility,large-visibility\"><span class=\"fusion-column-inner-bg hover-type-none\"><a class=\"fusion-column-anchor\" href=\"https:\/\/www.esplac.cat\/formacions\/escola-desplac-2023\/\"><span class=\"fusion-column-inner-bg-image\"><\/span><\/a><\/span><div class=\"fusion-column-wrapper fusion-column-has-shadow fusion-flex-justify-content-flex-start fusion-content-layout-column\"><div class=\"fusion-image-element \" style=\"text-align:center;--awb-liftup-border-radius:0px;--awb-caption-title-font-family:var(--h2_typography-font-family);--awb-caption-title-font-weight:var(--h2_typography-font-weight);--awb-caption-title-font-style:var(--h2_typography-font-style);--awb-caption-title-size:var(--h2_typography-font-size);--awb-caption-title-transform:var(--h2_typography-text-transform);--awb-caption-title-line-height:var(--h2_typography-line-height);--awb-caption-title-letter-spacing:var(--h2_typography-letter-spacing);\"><div class=\"awb-image-frame awb-image-frame-4 imageframe-liftup\"><span class=\" fusion-imageframe imageframe-none imageframe-4\"><a class=\"fusion-no-lightbox\" href=\"https:\/\/www.esplac.cat\/formacions\/escola-desplac-2023\/\" target=\"_self\" aria-label=\"Esplac_Escola23_CartellHR_page-0001\"><img decoding=\"async\" width=\"215\" height=\"300\" src=\"https:\/\/www.esplac.cat\/wp-content\/uploads\/2022\/11\/Esplac_Escola23_CartellHR_page-0001-215x300.jpg\" alt class=\"img-responsive wp-image-42245\" srcset=\"https:\/\/www.esplac.cat\/wp-content\/uploads\/2022\/11\/Esplac_Escola23_CartellHR_page-0001-200x279.jpg 200w, https:\/\/www.esplac.cat\/wp-content\/uploads\/2022\/11\/Esplac_Escola23_CartellHR_page-0001-400x557.jpg 400w, https:\/\/www.esplac.cat\/wp-content\/uploads\/2022\/11\/Esplac_Escola23_CartellHR_page-0001-600x836.jpg 600w, https:\/\/www.esplac.cat\/wp-content\/uploads\/2022\/11\/Esplac_Escola23_CartellHR_page-0001-800x1114.jpg 800w, https:\/\/www.esplac.cat\/wp-content\/uploads\/2022\/11\/Esplac_Escola23_CartellHR_page-0001-1200x1671.jpg 1200w, https:\/\/www.esplac.cat\/wp-content\/uploads\/2022\/11\/Esplac_Escola23_CartellHR_page-0001-scaled.jpg 1838w\" sizes=\"(max-width: 1024px) 100vw, (max-width: 640px) 100vw, 400px\" \/><\/a><\/span><\/div><\/div><div class=\"fusion-separator fusion-full-width-sep\" style=\"align-self: center;margin-left: auto;margin-right: auto;margin-bottom:20px;width:100%;\"><\/div><div class=\"fusion-text fusion-text-6\"><h5 style=\"text-align: center;\"><strong><a href=\"https:\/\/www.esplac.cat\/formacions\/escola-desplac-2023\/\" target=\"_blank\" rel=\"noopener\">Escola d\u2019Esplac 2023<\/a><\/strong><\/h5>\n<\/div><div class=\"fusion-separator fusion-full-width-sep\" style=\"align-self: center;margin-left: auto;margin-right: auto;margin-bottom:20px;width:100%;\"><\/div><\/div><\/div><div class=\"fusion-layout-column fusion_builder_column fusion-builder-column-6 fusion_builder_column_1_4 1_4 fusion-flex-column fusion-column-inner-bg-wrapper\" style=\"--awb-inner-bg-blend:overlay;--awb-inner-bg-size:cover;--awb-width-large:25%;--awb-margin-top-large:0px;--awb-spacing-right-large:7.68%;--awb-margin-bottom-large:20px;--awb-spacing-left-large:7.68%;--awb-width-medium:100%;--awb-order-medium:0;--awb-spacing-right-medium:1.92%;--awb-spacing-left-medium:1.92%;--awb-width-small:100%;--awb-order-small:0;--awb-spacing-right-small:1.92%;--awb-spacing-left-small:1.92%;\" data-motion-effects=\"[{&quot;type&quot;:&quot;&quot;,&quot;scroll_type&quot;:&quot;transition&quot;,&quot;scroll_direction&quot;:&quot;up&quot;,&quot;transition_speed&quot;:&quot;1&quot;,&quot;fade_type&quot;:&quot;in&quot;,&quot;scale_type&quot;:&quot;up&quot;,&quot;initial_scale&quot;:&quot;1&quot;,&quot;max_scale&quot;:&quot;1.5&quot;,&quot;min_scale&quot;:&quot;0.5&quot;,&quot;initial_rotate&quot;:&quot;0&quot;,&quot;end_rotate&quot;:&quot;30&quot;,&quot;initial_blur&quot;:&quot;0&quot;,&quot;end_blur&quot;:&quot;3&quot;,&quot;start_element&quot;:&quot;top&quot;,&quot;start_viewport&quot;:&quot;bottom&quot;,&quot;end_element&quot;:&quot;bottom&quot;,&quot;end_viewport&quot;:&quot;top&quot;,&quot;mouse_effect&quot;:&quot;track&quot;,&quot;mouse_effect_direction&quot;:&quot;opposite&quot;,&quot;mouse_effect_speed&quot;:&quot;2&quot;,&quot;infinite_animation&quot;:&quot;float&quot;,&quot;infinite_animation_speed&quot;:&quot;2&quot;}]\" data-scroll-devices=\"small-visibility,medium-visibility,large-visibility\"><span class=\"fusion-column-inner-bg hover-type-none\"><a class=\"fusion-column-anchor\" href=\"https:\/\/www.esplac.cat\/formacions\/escola-desplac-2022\/\"><span class=\"fusion-column-inner-bg-image\"><\/span><\/a><\/span><div class=\"fusion-column-wrapper fusion-column-has-shadow fusion-flex-justify-content-flex-start fusion-content-layout-column\"><div class=\"fusion-image-element \" style=\"text-align:center;--awb-liftup-border-radius:0px;--awb-caption-title-font-family:var(--h2_typography-font-family);--awb-caption-title-font-weight:var(--h2_typography-font-weight);--awb-caption-title-font-style:var(--h2_typography-font-style);--awb-caption-title-size:var(--h2_typography-font-size);--awb-caption-title-transform:var(--h2_typography-text-transform);--awb-caption-title-line-height:var(--h2_typography-line-height);--awb-caption-title-letter-spacing:var(--h2_typography-letter-spacing);\"><div class=\"awb-image-frame awb-image-frame-5 imageframe-liftup\"><span class=\" fusion-imageframe imageframe-none imageframe-5\"><a class=\"fusion-no-lightbox\" href=\"https:\/\/www.esplac.cat\/formacions\/escola-desplac-2022\/\" target=\"_self\" aria-label=\"ee22\"><img decoding=\"async\" width=\"212\" height=\"300\" src=\"https:\/\/www.esplac.cat\/wp-content\/uploads\/2024\/02\/ee22-212x300.jpeg\" alt class=\"img-responsive wp-image-48956\" srcset=\"https:\/\/www.esplac.cat\/wp-content\/uploads\/2024\/02\/ee22-200x283.jpeg 200w, https:\/\/www.esplac.cat\/wp-content\/uploads\/2024\/02\/ee22-400x566.jpeg 400w, https:\/\/www.esplac.cat\/wp-content\/uploads\/2024\/02\/ee22-600x849.jpeg 600w, https:\/\/www.esplac.cat\/wp-content\/uploads\/2024\/02\/ee22-800x1131.jpeg 800w, https:\/\/www.esplac.cat\/wp-content\/uploads\/2024\/02\/ee22-1200x1697.jpeg 1200w, https:\/\/www.esplac.cat\/wp-content\/uploads\/2024\/02\/ee22.jpeg 1810w\" sizes=\"(max-width: 1024px) 100vw, (max-width: 640px) 100vw, 400px\" \/><\/a><\/span><\/div><\/div><div class=\"fusion-separator fusion-full-width-sep\" style=\"align-self: center;margin-left: auto;margin-right: auto;margin-bottom:20px;width:100%;\"><\/div><div class=\"fusion-text fusion-text-7\"><h5 style=\"text-align: center;\"><a href=\"https:\/\/www.esplac.cat\/formacions\/escola-desplac-2022\/\" target=\"_blank\" rel=\"noopener\"><strong>Escola d\u2019Esplac 2022<\/strong><\/a><\/h5>\n<\/div><div class=\"fusion-separator fusion-full-width-sep\" style=\"align-self: center;margin-left: auto;margin-right: auto;margin-bottom:20px;width:100%;\"><\/div><\/div><\/div><div class=\"fusion-layout-column fusion_builder_column fusion-builder-column-7 fusion_builder_column_1_4 1_4 fusion-flex-column fusion-column-inner-bg-wrapper\" style=\"--awb-inner-bg-blend:overlay;--awb-inner-bg-size:cover;--awb-width-large:25%;--awb-margin-top-large:0px;--awb-spacing-right-large:7.68%;--awb-margin-bottom-large:20px;--awb-spacing-left-large:7.68%;--awb-width-medium:100%;--awb-order-medium:0;--awb-spacing-right-medium:1.92%;--awb-spacing-left-medium:1.92%;--awb-width-small:100%;--awb-order-small:0;--awb-spacing-right-small:1.92%;--awb-spacing-left-small:1.92%;\" data-motion-effects=\"[{&quot;type&quot;:&quot;&quot;,&quot;scroll_type&quot;:&quot;transition&quot;,&quot;scroll_direction&quot;:&quot;up&quot;,&quot;transition_speed&quot;:&quot;1&quot;,&quot;fade_type&quot;:&quot;in&quot;,&quot;scale_type&quot;:&quot;up&quot;,&quot;initial_scale&quot;:&quot;1&quot;,&quot;max_scale&quot;:&quot;1.5&quot;,&quot;min_scale&quot;:&quot;0.5&quot;,&quot;initial_rotate&quot;:&quot;0&quot;,&quot;end_rotate&quot;:&quot;30&quot;,&quot;initial_blur&quot;:&quot;0&quot;,&quot;end_blur&quot;:&quot;3&quot;,&quot;start_element&quot;:&quot;top&quot;,&quot;start_viewport&quot;:&quot;bottom&quot;,&quot;end_element&quot;:&quot;bottom&quot;,&quot;end_viewport&quot;:&quot;top&quot;,&quot;mouse_effect&quot;:&quot;track&quot;,&quot;mouse_effect_direction&quot;:&quot;opposite&quot;,&quot;mouse_effect_speed&quot;:&quot;2&quot;,&quot;infinite_animation&quot;:&quot;float&quot;,&quot;infinite_animation_speed&quot;:&quot;2&quot;}]\" data-scroll-devices=\"small-visibility,medium-visibility,large-visibility\"><span class=\"fusion-column-inner-bg hover-type-none\"><a class=\"fusion-column-anchor\" href=\"https:\/\/www.esplac.cat\/formacions\/escola-esplac-2021\/\"><span class=\"fusion-column-inner-bg-image\"><\/span><\/a><\/span><div class=\"fusion-column-wrapper fusion-column-has-shadow fusion-flex-justify-content-flex-start fusion-content-layout-column\"><div class=\"fusion-image-element \" style=\"text-align:center;--awb-liftup-border-radius:0px;--awb-caption-title-font-family:var(--h2_typography-font-family);--awb-caption-title-font-weight:var(--h2_typography-font-weight);--awb-caption-title-font-style:var(--h2_typography-font-style);--awb-caption-title-size:var(--h2_typography-font-size);--awb-caption-title-transform:var(--h2_typography-text-transform);--awb-caption-title-line-height:var(--h2_typography-line-height);--awb-caption-title-letter-spacing:var(--h2_typography-letter-spacing);\"><div class=\"awb-image-frame awb-image-frame-6 imageframe-liftup\"><span class=\" fusion-imageframe imageframe-none imageframe-6\"><a class=\"fusion-no-lightbox\" href=\"https:\/\/www.esplac.cat\/formacions\/escola-esplac-2021\/\" target=\"_self\" aria-label=\"Escola_ESPLAC_2020 (1)\"><img decoding=\"async\" width=\"212\" height=\"300\" src=\"https:\/\/www.esplac.cat\/wp-content\/uploads\/2020\/12\/Escola_ESPLAC_2020-1-212x300.jpg\" alt class=\"img-responsive wp-image-33683\" srcset=\"https:\/\/www.esplac.cat\/wp-content\/uploads\/2020\/12\/Escola_ESPLAC_2020-1-200x283.jpg 200w, https:\/\/www.esplac.cat\/wp-content\/uploads\/2020\/12\/Escola_ESPLAC_2020-1-400x566.jpg 400w, https:\/\/www.esplac.cat\/wp-content\/uploads\/2020\/12\/Escola_ESPLAC_2020-1-600x849.jpg 600w, https:\/\/www.esplac.cat\/wp-content\/uploads\/2020\/12\/Escola_ESPLAC_2020-1-800x1132.jpg 800w, https:\/\/www.esplac.cat\/wp-content\/uploads\/2020\/12\/Escola_ESPLAC_2020-1-1200x1697.jpg 1200w, https:\/\/www.esplac.cat\/wp-content\/uploads\/2020\/12\/Escola_ESPLAC_2020-1-scaled.jpg 1810w\" sizes=\"(max-width: 1024px) 100vw, (max-width: 640px) 100vw, 212px\" \/><\/a><\/span><\/div><\/div><div class=\"fusion-separator fusion-full-width-sep\" style=\"align-self: center;margin-left: auto;margin-right: auto;margin-bottom:20px;width:100%;\"><\/div><div class=\"fusion-text fusion-text-8\"><h5 style=\"text-align: center;\"><strong>Escola d\u2019Esplac 2021<\/strong><\/h5>\n<\/div><div class=\"fusion-separator fusion-full-width-sep\" style=\"align-self: center;margin-left: auto;margin-right: auto;margin-bottom:20px;width:100%;\"><\/div><\/div><\/div><div class=\"fusion-layout-column fusion_builder_column fusion-builder-column-8 fusion_builder_column_1_4 1_4 fusion-flex-column fusion-column-inner-bg-wrapper\" style=\"--awb-inner-bg-blend:overlay;--awb-inner-bg-size:cover;--awb-width-large:25%;--awb-margin-top-large:0px;--awb-spacing-right-large:7.68%;--awb-margin-bottom-large:20px;--awb-spacing-left-large:7.68%;--awb-width-medium:100%;--awb-order-medium:0;--awb-spacing-right-medium:1.92%;--awb-spacing-left-medium:1.92%;--awb-width-small:100%;--awb-order-small:0;--awb-spacing-right-small:1.92%;--awb-spacing-left-small:1.92%;\" data-motion-effects=\"[{&quot;type&quot;:&quot;&quot;,&quot;scroll_type&quot;:&quot;transition&quot;,&quot;scroll_direction&quot;:&quot;up&quot;,&quot;transition_speed&quot;:&quot;1&quot;,&quot;fade_type&quot;:&quot;in&quot;,&quot;scale_type&quot;:&quot;up&quot;,&quot;initial_scale&quot;:&quot;1&quot;,&quot;max_scale&quot;:&quot;1.5&quot;,&quot;min_scale&quot;:&quot;0.5&quot;,&quot;initial_rotate&quot;:&quot;0&quot;,&quot;end_rotate&quot;:&quot;30&quot;,&quot;initial_blur&quot;:&quot;0&quot;,&quot;end_blur&quot;:&quot;3&quot;,&quot;start_element&quot;:&quot;top&quot;,&quot;start_viewport&quot;:&quot;bottom&quot;,&quot;end_element&quot;:&quot;bottom&quot;,&quot;end_viewport&quot;:&quot;top&quot;,&quot;mouse_effect&quot;:&quot;track&quot;,&quot;mouse_effect_direction&quot;:&quot;opposite&quot;,&quot;mouse_effect_speed&quot;:&quot;2&quot;,&quot;infinite_animation&quot;:&quot;float&quot;,&quot;infinite_animation_speed&quot;:&quot;2&quot;}]\" data-scroll-devices=\"small-visibility,medium-visibility,large-visibility\"><span class=\"fusion-column-inner-bg hover-type-none\"><a class=\"fusion-column-anchor\" href=\"https:\/\/www.esplac.cat\/formacions\/escola-esplac-2019\/\"><span class=\"fusion-column-inner-bg-image\"><\/span><\/a><\/span><div class=\"fusion-column-wrapper fusion-column-has-shadow fusion-flex-justify-content-flex-start fusion-content-layout-column\"><div class=\"fusion-image-element \" style=\"text-align:center;--awb-liftup-border-radius:0px;--awb-caption-title-font-family:var(--h2_typography-font-family);--awb-caption-title-font-weight:var(--h2_typography-font-weight);--awb-caption-title-font-style:var(--h2_typography-font-style);--awb-caption-title-size:var(--h2_typography-font-size);--awb-caption-title-transform:var(--h2_typography-text-transform);--awb-caption-title-line-height:var(--h2_typography-line-height);--awb-caption-title-letter-spacing:var(--h2_typography-letter-spacing);\"><div class=\"awb-image-frame awb-image-frame-7 imageframe-liftup\"><span class=\" fusion-imageframe imageframe-none imageframe-7\"><a class=\"fusion-no-lightbox\" href=\"https:\/\/www.esplac.cat\/formacions\/escola-esplac-2019\/\" target=\"_self\" aria-label=\"escola epslac 2019\"><img decoding=\"async\" width=\"212\" height=\"300\" src=\"https:\/\/www.esplac.cat\/wp-content\/uploads\/2024\/02\/escola-epslac-2019-212x300.jpeg\" alt class=\"img-responsive wp-image-48953\" srcset=\"https:\/\/www.esplac.cat\/wp-content\/uploads\/2024\/02\/escola-epslac-2019-200x283.jpeg 200w, https:\/\/www.esplac.cat\/wp-content\/uploads\/2024\/02\/escola-epslac-2019-400x566.jpeg 400w, https:\/\/www.esplac.cat\/wp-content\/uploads\/2024\/02\/escola-epslac-2019.jpeg 600w\" sizes=\"(max-width: 1024px) 100vw, (max-width: 640px) 100vw, 400px\" \/><\/a><\/span><\/div><\/div><div class=\"fusion-separator fusion-full-width-sep\" style=\"align-self: center;margin-left: auto;margin-right: auto;margin-bottom:20px;width:100%;\"><\/div><div class=\"fusion-text fusion-text-9\"><h5 style=\"text-align: center;\"><strong><a href=\"https:\/\/www.esplac.cat\/formacions\/escola-esplac-2019\/\" target=\"_blank\" rel=\"noopener\">Escola d\u2019Esplac 2019<\/a><\/strong><\/h5>\n<\/div><div class=\"fusion-separator fusion-full-width-sep\" style=\"align-self: center;margin-left: auto;margin-right: auto;margin-bottom:20px;width:100%;\"><\/div><\/div><\/div><div class=\"fusion-layout-column fusion_builder_column fusion-builder-column-9 fusion_builder_column_1_4 1_4 fusion-flex-column fusion-column-inner-bg-wrapper\" style=\"--awb-inner-bg-blend:overlay;--awb-inner-bg-size:cover;--awb-width-large:25%;--awb-margin-top-large:0px;--awb-spacing-right-large:7.68%;--awb-margin-bottom-large:20px;--awb-spacing-left-large:7.68%;--awb-width-medium:100%;--awb-order-medium:0;--awb-spacing-right-medium:1.92%;--awb-spacing-left-medium:1.92%;--awb-width-small:100%;--awb-order-small:0;--awb-spacing-right-small:1.92%;--awb-spacing-left-small:1.92%;\" data-motion-effects=\"[{&quot;type&quot;:&quot;&quot;,&quot;scroll_type&quot;:&quot;transition&quot;,&quot;scroll_direction&quot;:&quot;up&quot;,&quot;transition_speed&quot;:&quot;1&quot;,&quot;fade_type&quot;:&quot;in&quot;,&quot;scale_type&quot;:&quot;up&quot;,&quot;initial_scale&quot;:&quot;1&quot;,&quot;max_scale&quot;:&quot;1.5&quot;,&quot;min_scale&quot;:&quot;0.5&quot;,&quot;initial_rotate&quot;:&quot;0&quot;,&quot;end_rotate&quot;:&quot;30&quot;,&quot;initial_blur&quot;:&quot;0&quot;,&quot;end_blur&quot;:&quot;3&quot;,&quot;start_element&quot;:&quot;top&quot;,&quot;start_viewport&quot;:&quot;bottom&quot;,&quot;end_element&quot;:&quot;bottom&quot;,&quot;end_viewport&quot;:&quot;top&quot;,&quot;mouse_effect&quot;:&quot;track&quot;,&quot;mouse_effect_direction&quot;:&quot;opposite&quot;,&quot;mouse_effect_speed&quot;:&quot;2&quot;,&quot;infinite_animation&quot;:&quot;float&quot;,&quot;infinite_animation_speed&quot;:&quot;2&quot;}]\" data-scroll-devices=\"small-visibility,medium-visibility,large-visibility\"><span class=\"fusion-column-inner-bg hover-type-none\"><a class=\"fusion-column-anchor\" href=\"https:\/\/www.esplac.cat\/formacions\/escola-esplac-2018\/\"><span class=\"fusion-column-inner-bg-image\"><\/span><\/a><\/span><div class=\"fusion-column-wrapper fusion-column-has-shadow fusion-flex-justify-content-flex-start fusion-content-layout-column\"><div class=\"fusion-image-element \" style=\"text-align:center;--awb-liftup-border-radius:0px;--awb-caption-title-font-family:var(--h2_typography-font-family);--awb-caption-title-font-weight:var(--h2_typography-font-weight);--awb-caption-title-font-style:var(--h2_typography-font-style);--awb-caption-title-size:var(--h2_typography-font-size);--awb-caption-title-transform:var(--h2_typography-text-transform);--awb-caption-title-line-height:var(--h2_typography-line-height);--awb-caption-title-letter-spacing:var(--h2_typography-letter-spacing);\"><div class=\"awb-image-frame awb-image-frame-8 imageframe-liftup\"><span class=\" fusion-imageframe imageframe-none imageframe-8\"><a class=\"fusion-no-lightbox\" href=\"https:\/\/www.esplac.cat\/formacions\/escola-esplac-2018\/\" target=\"_self\" aria-label=\"Cartel_Escola_Esplac_Ponents\"><img decoding=\"async\" width=\"212\" height=\"300\" src=\"https:\/\/www.esplac.cat\/wp-content\/uploads\/2018\/01\/Cartel_Escola_Esplac_Ponents-212x300.jpg\" alt class=\"img-responsive wp-image-17182\" srcset=\"https:\/\/www.esplac.cat\/wp-content\/uploads\/2018\/01\/Cartel_Escola_Esplac_Ponents-200x283.jpg 200w, https:\/\/www.esplac.cat\/wp-content\/uploads\/2018\/01\/Cartel_Escola_Esplac_Ponents-400x566.jpg 400w, https:\/\/www.esplac.cat\/wp-content\/uploads\/2018\/01\/Cartel_Escola_Esplac_Ponents-600x849.jpg 600w, https:\/\/www.esplac.cat\/wp-content\/uploads\/2018\/01\/Cartel_Escola_Esplac_Ponents-800x1132.jpg 800w, https:\/\/www.esplac.cat\/wp-content\/uploads\/2018\/01\/Cartel_Escola_Esplac_Ponents-1200x1697.jpg 1200w\" sizes=\"(max-width: 1024px) 100vw, (max-width: 640px) 100vw, 400px\" \/><\/a><\/span><\/div><\/div><div class=\"fusion-separator fusion-full-width-sep\" style=\"align-self: center;margin-left: auto;margin-right: auto;margin-bottom:20px;width:100%;\"><\/div><div class=\"fusion-text fusion-text-10\"><h5 style=\"text-align: center;\"><strong><a href=\"https:\/\/www.esplac.cat\/formacions\/escola-esplac-2018\/\" target=\"_blank\" rel=\"noopener\">Escola d\u2019Esplac 2018<\/a><\/strong><\/h5>\n<\/div><div class=\"fusion-separator fusion-full-width-sep\" style=\"align-self: center;margin-left: auto;margin-right: auto;margin-bottom:20px;width:100%;\"><\/div><\/div><\/div><div class=\"fusion-layout-column fusion_builder_column fusion-builder-column-10 fusion_builder_column_1_4 1_4 fusion-flex-column fusion-column-inner-bg-wrapper\" style=\"--awb-inner-bg-blend:overlay;--awb-inner-bg-size:cover;--awb-width-large:25%;--awb-margin-top-large:0px;--awb-spacing-right-large:7.68%;--awb-margin-bottom-large:20px;--awb-spacing-left-large:7.68%;--awb-width-medium:100%;--awb-order-medium:0;--awb-spacing-right-medium:1.92%;--awb-spacing-left-medium:1.92%;--awb-width-small:100%;--awb-order-small:0;--awb-spacing-right-small:1.92%;--awb-spacing-left-small:1.92%;\" data-motion-effects=\"[{&quot;type&quot;:&quot;&quot;,&quot;scroll_type&quot;:&quot;transition&quot;,&quot;scroll_direction&quot;:&quot;up&quot;,&quot;transition_speed&quot;:&quot;1&quot;,&quot;fade_type&quot;:&quot;in&quot;,&quot;scale_type&quot;:&quot;up&quot;,&quot;initial_scale&quot;:&quot;1&quot;,&quot;max_scale&quot;:&quot;1.5&quot;,&quot;min_scale&quot;:&quot;0.5&quot;,&quot;initial_rotate&quot;:&quot;0&quot;,&quot;end_rotate&quot;:&quot;30&quot;,&quot;initial_blur&quot;:&quot;0&quot;,&quot;end_blur&quot;:&quot;3&quot;,&quot;start_element&quot;:&quot;top&quot;,&quot;start_viewport&quot;:&quot;bottom&quot;,&quot;end_element&quot;:&quot;bottom&quot;,&quot;end_viewport&quot;:&quot;top&quot;,&quot;mouse_effect&quot;:&quot;track&quot;,&quot;mouse_effect_direction&quot;:&quot;opposite&quot;,&quot;mouse_effect_speed&quot;:&quot;2&quot;,&quot;infinite_animation&quot;:&quot;float&quot;,&quot;infinite_animation_speed&quot;:&quot;2&quot;}]\" data-scroll-devices=\"small-visibility,medium-visibility,large-visibility\"><span class=\"fusion-column-inner-bg hover-type-none\"><a class=\"fusion-column-anchor\" href=\"https:\/\/www.esplac.cat\/formacions\/escola-esplac-2017\/\"><span class=\"fusion-column-inner-bg-image\"><\/span><\/a><\/span><div class=\"fusion-column-wrapper fusion-column-has-shadow fusion-flex-justify-content-flex-start fusion-content-layout-column\"><div class=\"fusion-image-element \" style=\"text-align:center;--awb-liftup-border-radius:0px;--awb-caption-title-font-family:var(--h2_typography-font-family);--awb-caption-title-font-weight:var(--h2_typography-font-weight);--awb-caption-title-font-style:var(--h2_typography-font-style);--awb-caption-title-size:var(--h2_typography-font-size);--awb-caption-title-transform:var(--h2_typography-text-transform);--awb-caption-title-line-height:var(--h2_typography-line-height);--awb-caption-title-letter-spacing:var(--h2_typography-letter-spacing);\"><div class=\"awb-image-frame awb-image-frame-9 imageframe-liftup\"><span class=\" fusion-imageframe imageframe-none imageframe-9\"><a class=\"fusion-no-lightbox\" href=\"https:\/\/www.esplac.cat\/formacions\/escola-esplac-2017\/\" target=\"_self\" aria-label=\"escola-esplac-2017-2-1200&#215;1697\"><img decoding=\"async\" width=\"212\" height=\"300\" src=\"https:\/\/www.esplac.cat\/wp-content\/uploads\/2024\/02\/escola-esplac-2017-2-1200x1697-1-212x300.jpeg\" alt class=\"img-responsive wp-image-48949\" srcset=\"https:\/\/www.esplac.cat\/wp-content\/uploads\/2024\/02\/escola-esplac-2017-2-1200x1697-1-200x283.jpeg 200w, https:\/\/www.esplac.cat\/wp-content\/uploads\/2024\/02\/escola-esplac-2017-2-1200x1697-1-400x566.jpeg 400w, https:\/\/www.esplac.cat\/wp-content\/uploads\/2024\/02\/escola-esplac-2017-2-1200x1697-1-600x849.jpeg 600w, https:\/\/www.esplac.cat\/wp-content\/uploads\/2024\/02\/escola-esplac-2017-2-1200x1697-1-800x1131.jpeg 800w, https:\/\/www.esplac.cat\/wp-content\/uploads\/2024\/02\/escola-esplac-2017-2-1200x1697-1.jpeg 1200w\" sizes=\"(max-width: 1024px) 100vw, (max-width: 640px) 100vw, 400px\" \/><\/a><\/span><\/div><\/div><div class=\"fusion-separator fusion-full-width-sep\" style=\"align-self: center;margin-left: auto;margin-right: auto;margin-bottom:20px;width:100%;\"><\/div><div class=\"fusion-text fusion-text-11\"><h5 style=\"text-align: center;\"><a href=\"https:\/\/www.esplac.cat\/formacions\/escola-esplac-2017\/\" target=\"_blank\" rel=\"noopener\"><strong>Escola d\u2019Esplac 2017<\/strong><\/a><\/h5>\n<\/div><div class=\"fusion-separator fusion-full-width-sep\" style=\"align-self: center;margin-left: auto;margin-right: auto;margin-bottom:20px;width:100%;\"><\/div><\/div><\/div><div class=\"fusion-layout-column fusion_builder_column fusion-builder-column-11 fusion_builder_column_1_4 1_4 fusion-flex-column fusion-column-inner-bg-wrapper\" style=\"--awb-inner-bg-blend:overlay;--awb-inner-bg-size:cover;--awb-width-large:25%;--awb-margin-top-large:0px;--awb-spacing-right-large:7.68%;--awb-margin-bottom-large:20px;--awb-spacing-left-large:7.68%;--awb-width-medium:100%;--awb-order-medium:0;--awb-spacing-right-medium:1.92%;--awb-spacing-left-medium:1.92%;--awb-width-small:100%;--awb-order-small:0;--awb-spacing-right-small:1.92%;--awb-spacing-left-small:1.92%;\" data-motion-effects=\"[{&quot;type&quot;:&quot;&quot;,&quot;scroll_type&quot;:&quot;transition&quot;,&quot;scroll_direction&quot;:&quot;up&quot;,&quot;transition_speed&quot;:&quot;1&quot;,&quot;fade_type&quot;:&quot;in&quot;,&quot;scale_type&quot;:&quot;up&quot;,&quot;initial_scale&quot;:&quot;1&quot;,&quot;max_scale&quot;:&quot;1.5&quot;,&quot;min_scale&quot;:&quot;0.5&quot;,&quot;initial_rotate&quot;:&quot;0&quot;,&quot;end_rotate&quot;:&quot;30&quot;,&quot;initial_blur&quot;:&quot;0&quot;,&quot;end_blur&quot;:&quot;3&quot;,&quot;start_element&quot;:&quot;top&quot;,&quot;start_viewport&quot;:&quot;bottom&quot;,&quot;end_element&quot;:&quot;bottom&quot;,&quot;end_viewport&quot;:&quot;top&quot;,&quot;mouse_effect&quot;:&quot;track&quot;,&quot;mouse_effect_direction&quot;:&quot;opposite&quot;,&quot;mouse_effect_speed&quot;:&quot;2&quot;,&quot;infinite_animation&quot;:&quot;float&quot;,&quot;infinite_animation_speed&quot;:&quot;2&quot;}]\" data-scroll-devices=\"small-visibility,medium-visibility,large-visibility\"><span class=\"fusion-column-inner-bg hover-type-none\"><a class=\"fusion-column-anchor\" href=\"https:\/\/www.esplac.cat\/formacions\/escola-esplac-2016\/\"><span class=\"fusion-column-inner-bg-image\"><\/span><\/a><\/span><div class=\"fusion-column-wrapper fusion-column-has-shadow fusion-flex-justify-content-flex-start fusion-content-layout-column\"><div class=\"fusion-image-element \" style=\"text-align:center;--awb-liftup-border-radius:0px;--awb-caption-title-font-family:var(--h2_typography-font-family);--awb-caption-title-font-weight:var(--h2_typography-font-weight);--awb-caption-title-font-style:var(--h2_typography-font-style);--awb-caption-title-size:var(--h2_typography-font-size);--awb-caption-title-transform:var(--h2_typography-text-transform);--awb-caption-title-line-height:var(--h2_typography-line-height);--awb-caption-title-letter-spacing:var(--h2_typography-letter-spacing);\"><div class=\"awb-image-frame awb-image-frame-10 imageframe-liftup\"><span class=\" fusion-imageframe imageframe-none imageframe-10\"><a class=\"fusion-no-lightbox\" href=\"https:\/\/www.esplac.cat\/formacions\/escola-esplac-2016\/\" target=\"_self\" aria-label=\"cartell_EE16\"><img decoding=\"async\" width=\"212\" height=\"300\" src=\"https:\/\/www.esplac.cat\/wp-content\/uploads\/2024\/02\/cartell_EE16-212x300.jpeg\" alt class=\"img-responsive wp-image-48944\" srcset=\"https:\/\/www.esplac.cat\/wp-content\/uploads\/2024\/02\/cartell_EE16-200x283.jpeg 200w, https:\/\/www.esplac.cat\/wp-content\/uploads\/2024\/02\/cartell_EE16-400x566.jpeg 400w, https:\/\/www.esplac.cat\/wp-content\/uploads\/2024\/02\/cartell_EE16-600x848.jpeg 600w, https:\/\/www.esplac.cat\/wp-content\/uploads\/2024\/02\/cartell_EE16-800x1131.jpeg 800w, https:\/\/www.esplac.cat\/wp-content\/uploads\/2024\/02\/cartell_EE16-1200x1697.jpeg 1200w, https:\/\/www.esplac.cat\/wp-content\/uploads\/2024\/02\/cartell_EE16-scaled.jpeg 1811w\" sizes=\"(max-width: 1024px) 100vw, (max-width: 640px) 100vw, 400px\" \/><\/a><\/span><\/div><\/div><div class=\"fusion-separator fusion-full-width-sep\" style=\"align-self: center;margin-left: auto;margin-right: auto;margin-bottom:20px;width:100%;\"><\/div><div class=\"fusion-text fusion-text-12\"><h5 style=\"text-align: center;\"><strong><a href=\"https:\/\/www.esplac.cat\/formacions\/escola-esplac-2016\/\" target=\"_blank\" rel=\"noopener\">Escola d\u2019Esplac 2016<\/a><\/strong><\/h5>\n<\/div><div class=\"fusion-separator fusion-full-width-sep\" style=\"align-self: center;margin-left: auto;margin-right: auto;margin-bottom:20px;width:100%;\"><\/div><\/div><\/div><div class=\"fusion-layout-column fusion_builder_column fusion-builder-column-12 fusion_builder_column_1_4 1_4 fusion-flex-column fusion-column-inner-bg-wrapper\" style=\"--awb-inner-bg-blend:overlay;--awb-inner-bg-size:cover;--awb-width-large:25%;--awb-margin-top-large:0px;--awb-spacing-right-large:7.68%;--awb-margin-bottom-large:20px;--awb-spacing-left-large:7.68%;--awb-width-medium:100%;--awb-order-medium:0;--awb-spacing-right-medium:1.92%;--awb-spacing-left-medium:1.92%;--awb-width-small:100%;--awb-order-small:0;--awb-spacing-right-small:1.92%;--awb-spacing-left-small:1.92%;\" data-motion-effects=\"[{&quot;type&quot;:&quot;&quot;,&quot;scroll_type&quot;:&quot;transition&quot;,&quot;scroll_direction&quot;:&quot;up&quot;,&quot;transition_speed&quot;:&quot;1&quot;,&quot;fade_type&quot;:&quot;in&quot;,&quot;scale_type&quot;:&quot;up&quot;,&quot;initial_scale&quot;:&quot;1&quot;,&quot;max_scale&quot;:&quot;1.5&quot;,&quot;min_scale&quot;:&quot;0.5&quot;,&quot;initial_rotate&quot;:&quot;0&quot;,&quot;end_rotate&quot;:&quot;30&quot;,&quot;initial_blur&quot;:&quot;0&quot;,&quot;end_blur&quot;:&quot;3&quot;,&quot;start_element&quot;:&quot;top&quot;,&quot;start_viewport&quot;:&quot;bottom&quot;,&quot;end_element&quot;:&quot;bottom&quot;,&quot;end_viewport&quot;:&quot;top&quot;,&quot;mouse_effect&quot;:&quot;track&quot;,&quot;mouse_effect_direction&quot;:&quot;opposite&quot;,&quot;mouse_effect_speed&quot;:&quot;2&quot;,&quot;infinite_animation&quot;:&quot;float&quot;,&quot;infinite_animation_speed&quot;:&quot;2&quot;}]\" data-scroll-devices=\"small-visibility,medium-visibility,large-visibility\"><span class=\"fusion-column-inner-bg hover-type-none\"><a class=\"fusion-column-anchor\" href=\"https:\/\/www.esplac.cat\/formacions\/escola-esplac-2015\/\"><span class=\"fusion-column-inner-bg-image\"><\/span><\/a><\/span><div class=\"fusion-column-wrapper fusion-column-has-shadow fusion-flex-justify-content-flex-start fusion-content-layout-column\"><div class=\"fusion-image-element \" style=\"text-align:center;--awb-liftup-border-radius:0px;--awb-caption-title-font-family:var(--h2_typography-font-family);--awb-caption-title-font-weight:var(--h2_typography-font-weight);--awb-caption-title-font-style:var(--h2_typography-font-style);--awb-caption-title-size:var(--h2_typography-font-size);--awb-caption-title-transform:var(--h2_typography-text-transform);--awb-caption-title-line-height:var(--h2_typography-line-height);--awb-caption-title-letter-spacing:var(--h2_typography-letter-spacing);\"><div class=\"awb-image-frame awb-image-frame-11 imageframe-liftup\"><span class=\" fusion-imageframe imageframe-none imageframe-11\"><a class=\"fusion-no-lightbox\" href=\"https:\/\/www.esplac.cat\/formacions\/escola-esplac-2015\/\" target=\"_self\"><img decoding=\"async\" width=\"212\" height=\"300\" src=\"https:\/\/www.esplac.cat\/wp-content\/uploads\/2019\/10\/cartell_EE15_baixa-212x300.jpg\" alt class=\"img-responsive wp-image-28306\" srcset=\"https:\/\/www.esplac.cat\/wp-content\/uploads\/2019\/10\/cartell_EE15_baixa-200x283.jpg 200w, https:\/\/www.esplac.cat\/wp-content\/uploads\/2019\/10\/cartell_EE15_baixa-400x566.jpg 400w, https:\/\/www.esplac.cat\/wp-content\/uploads\/2019\/10\/cartell_EE15_baixa-600x848.jpg 600w, https:\/\/www.esplac.cat\/wp-content\/uploads\/2019\/10\/cartell_EE15_baixa.jpg 800w\" sizes=\"(max-width: 1024px) 100vw, (max-width: 640px) 100vw, 400px\" \/><\/a><\/span><\/div><\/div><div class=\"fusion-separator fusion-full-width-sep\" style=\"align-self: center;margin-left: auto;margin-right: auto;margin-bottom:20px;width:100%;\"><\/div><div class=\"fusion-text fusion-text-13\"><h5 style=\"text-align: center;\"><strong><a href=\"https:\/\/www.esplac.cat\/formacions\/escola-esplac-2015\/\" target=\"_blank\" rel=\"noopener\">Escola d\u2019Esplac 2015<\/a><\/strong><\/h5>\n<\/div><div class=\"fusion-separator fusion-full-width-sep\" style=\"align-self: center;margin-left: auto;margin-right: auto;margin-bottom:20px;width:100%;\"><\/div><\/div><\/div><\/div><\/div>\n<div class=\"fusion-fullwidth fullwidth-box fusion-builder-row-3 nonhundred-percent-fullwidth non-hundred-percent-height-scrolling\" style=\"--awb-border-radius-top-left:0px;--awb-border-radius-top-right:0px;--awb-border-radius-bottom-right:0px;--awb-border-radius-bottom-left:0px;--awb-flex-wrap:wrap;\" ><div class=\"fusion-builder-row fusion-row\"><div class=\"fusion-layout-column fusion_builder_column fusion-builder-column-13 fusion_builder_column_1_1 1_1 fusion-one-full fusion-column-first fusion-column-last\" style=\"--awb-bg-size:cover;\"><div class=\"fusion-column-wrapper fusion-column-has-shadow fusion-flex-column-wrapper-legacy\"><div class=\"fusion-text fusion-text-14\"><h3><strong>Not\u00edcies relacionades<\/strong><\/h3>\n<\/div><div class=\"fusion-sep-clear\"><\/div><div class=\"fusion-separator fusion-full-width-sep\" style=\"margin-left: auto;margin-right: auto;margin-bottom:20px;width:100%;\"><\/div><div class=\"fusion-sep-clear\"><\/div><div class=\"fusion-text fusion-text-15\">        <section class=\"wcp-slick\"  data-accessibility = on data-arrows = on data-autoplaySpeed = 3000 data-slidesToShow = 4 data-slidesToScroll = 1 data-speed = 300 data-margin = 20px data-rows = 1 data-slidesPerRow = 1 id=\"carousel-24602\">\n\n                            <div class=\"carousel-item-55836\">\n                    <div class=\"post-style-2\" style=\"box-shadow: ;background-color: ;\">\n    <div class=\"wcp-img-wrap\">\n        <a href=\"https:\/\/www.esplac.cat\/en\/reviu-escola-esplac-2026-material-comunicatiu-disponible-web\/\">\n            <img decoding=\"async\" width=\"460\" height=\"295\" src=\"https:\/\/www.esplac.cat\/wp-content\/uploads\/2026\/04\/Noti_material-comunicatiu-EE26-460x295.jpg\" class=\"attachment-portfolio-two size-portfolio-two wp-post-image\" alt=\"\" \/>        <\/a>\n    <\/div>\n    <div class=\"wcp-content-wrap\">\n        <h3>\n            <a href=\"https:\/\/www.esplac.cat\/en\/reviu-escola-esplac-2026-material-comunicatiu-disponible-web\/\" style=\"color: ;\">\n                Reviu l\u2019Escola d\u2019Esplac 2026 a trav\u00e9s del material comunicatiu ja disponible al web!            <\/a>\n        <\/h3>\n        <div class=\"wcp-post-meta wcp-disable-post-meta\" style=\"color: ;\">\n            <span class=\"wcp-post-author\"><i class=\"fa fa-user\"><\/i>\n                <a href=\"https:\/\/www.esplac.cat\/en\/author\/comunicacio\/\" title=\"Posts by Comunicaci\u00f3 Esplac\" rel=\"author\">Comunicaci\u00f3 Esplac<\/a>            <\/span>\n            &nbsp;\n            <span class=\"wcp-post-date\"><i class=\"fa fa-clock-o\"><\/i> 8 de April de 2026<\/span>\n        <\/div>\n        <div class=\"wcp-post-contents\">\n            8 de April de 2026                    <\/div>        \n    <\/div>\n<\/div>                <\/div>    \n\n                            <div class=\"carousel-item-55544\">\n                    <div class=\"post-style-2\" style=\"box-shadow: ;background-color: ;\">\n    <div class=\"wcp-img-wrap\">\n        <a href=\"https:\/\/www.esplac.cat\/en\/monitores-esplais-catalans-plantegen-educar-aterrar-eines-pedagogiques-diferents-realitats-esplais\/\">\n            <img decoding=\"async\" width=\"460\" height=\"295\" src=\"https:\/\/www.esplac.cat\/wp-content\/uploads\/2026\/03\/Noti_post_ee262626-460x295.jpg\" class=\"attachment-portfolio-two size-portfolio-two wp-post-image\" alt=\"\" \/>        <\/a>\n    <\/div>\n    <div class=\"wcp-content-wrap\">\n        <h3>\n            <a href=\"https:\/\/www.esplac.cat\/en\/monitores-esplais-catalans-plantegen-educar-aterrar-eines-pedagogiques-diferents-realitats-esplais\/\" style=\"color: ;\">\n                Monitores i monitors d\u2019Esplais Catalans es plantegen com educar i aterrar les eines pedag\u00f2giques a les diferents realitats dels esplais            <\/a>\n        <\/h3>\n        <div class=\"wcp-post-meta wcp-disable-post-meta\" style=\"color: ;\">\n            <span class=\"wcp-post-author\"><i class=\"fa fa-user\"><\/i>\n                <a href=\"https:\/\/www.esplac.cat\/en\/author\/comunicacio\/\" title=\"Posts by Comunicaci\u00f3 Esplac\" rel=\"author\">Comunicaci\u00f3 Esplac<\/a>            <\/span>\n            &nbsp;\n            <span class=\"wcp-post-date\"><i class=\"fa fa-clock-o\"><\/i> 4 de March de 2026<\/span>\n        <\/div>\n        <div class=\"wcp-post-contents\">\n            4 de March de 2026                    <\/div>        \n    <\/div>\n<\/div>                <\/div>    \n\n                            <div class=\"carousel-item-55523\">\n                    <div class=\"post-style-2\" style=\"box-shadow: ;background-color: ;\">\n    <div class=\"wcp-img-wrap\">\n        <a href=\"https:\/\/www.esplac.cat\/en\/12a-edicio-escola-esplac-aplegara-centenar-persones-aquest-cap-de-setmana-girona\/\">\n            <img decoding=\"async\" width=\"460\" height=\"295\" src=\"https:\/\/www.esplac.cat\/wp-content\/uploads\/2026\/02\/Noti_ee262626-460x295.jpg\" class=\"attachment-portfolio-two size-portfolio-two wp-post-image\" alt=\"\" \/>        <\/a>\n    <\/div>\n    <div class=\"wcp-content-wrap\">\n        <h3>\n            <a href=\"https:\/\/www.esplac.cat\/en\/12a-edicio-escola-esplac-aplegara-centenar-persones-aquest-cap-de-setmana-girona\/\" style=\"color: ;\">\n                La 12a edici\u00f3 de l\u2019Escola d\u2019Esplac aplegar\u00e0 un centenar de persones aquest cap de setmana a Girona            <\/a>\n        <\/h3>\n        <div class=\"wcp-post-meta wcp-disable-post-meta\" style=\"color: ;\">\n            <span class=\"wcp-post-author\"><i class=\"fa fa-user\"><\/i>\n                <a href=\"https:\/\/www.esplac.cat\/en\/author\/comunicacio\/\" title=\"Posts by Comunicaci\u00f3 Esplac\" rel=\"author\">Comunicaci\u00f3 Esplac<\/a>            <\/span>\n            &nbsp;\n            <span class=\"wcp-post-date\"><i class=\"fa fa-clock-o\"><\/i> 26 de February de 2026<\/span>\n        <\/div>\n        <div class=\"wcp-post-contents\">\n            26 de February de 2026                    <\/div>        \n    <\/div>\n<\/div>                <\/div>    \n\n                            <div class=\"carousel-item-55076\">\n                    <div class=\"post-style-2\" style=\"box-shadow: ;background-color: ;\">\n    <div class=\"wcp-img-wrap\">\n        <a href=\"https:\/\/www.esplac.cat\/en\/eduquem-per-resistir-article\/\">\n            <img decoding=\"async\" width=\"460\" height=\"295\" src=\"https:\/\/www.esplac.cat\/wp-content\/uploads\/2026\/01\/foto-Article_EE26-460x295.jpg\" class=\"attachment-portfolio-two size-portfolio-two wp-post-image\" alt=\"\" \/>        <\/a>\n    <\/div>\n    <div class=\"wcp-content-wrap\">\n        <h3>\n            <a href=\"https:\/\/www.esplac.cat\/en\/eduquem-per-resistir-article\/\" style=\"color: ;\">\n                Eduquem per resistir, perqu\u00e8 revisar-nos tamb\u00e9 \u00e9s educar            <\/a>\n        <\/h3>\n        <div class=\"wcp-post-meta wcp-disable-post-meta\" style=\"color: ;\">\n            <span class=\"wcp-post-author\"><i class=\"fa fa-user\"><\/i>\n                <a href=\"https:\/\/www.esplac.cat\/en\/author\/comunicacio\/\" title=\"Posts by Comunicaci\u00f3 Esplac\" rel=\"author\">Comunicaci\u00f3 Esplac<\/a>            <\/span>\n            &nbsp;\n            <span class=\"wcp-post-date\"><i class=\"fa fa-clock-o\"><\/i> 14 de January de 2026<\/span>\n        <\/div>\n        <div class=\"wcp-post-contents\">\n            14 de January de 2026                    <\/div>        \n    <\/div>\n<\/div>                <\/div>    \n\n                            <div class=\"carousel-item-54972\">\n                    <div class=\"post-style-2\" style=\"box-shadow: ;background-color: ;\">\n    <div class=\"wcp-img-wrap\">\n        <a href=\"https:\/\/www.esplac.cat\/en\/inscripcions-obertes-escola-esplac-2026\/\">\n            <img decoding=\"async\" width=\"460\" height=\"295\" src=\"https:\/\/www.esplac.cat\/wp-content\/uploads\/2025\/12\/Not1_EE26_inscripcions-460x295.png\" class=\"attachment-portfolio-two size-portfolio-two wp-post-image\" alt=\"cartell oficial escola d&#039;esplac\" \/>        <\/a>\n    <\/div>\n    <div class=\"wcp-content-wrap\">\n        <h3>\n            <a href=\"https:\/\/www.esplac.cat\/en\/inscripcions-obertes-escola-esplac-2026\/\" style=\"color: ;\">\n                Ja us podeu inscriure a l\u2019Escola d\u2019Esplac 2026! Educar per resistir: fer de la pedagogia una eina de canvi            <\/a>\n        <\/h3>\n        <div class=\"wcp-post-meta wcp-disable-post-meta\" style=\"color: ;\">\n            <span class=\"wcp-post-author\"><i class=\"fa fa-user\"><\/i>\n                <a href=\"https:\/\/www.esplac.cat\/en\/author\/comunicacio\/\" title=\"Posts by Comunicaci\u00f3 Esplac\" rel=\"author\">Comunicaci\u00f3 Esplac<\/a>            <\/span>\n            &nbsp;\n            <span class=\"wcp-post-date\"><i class=\"fa fa-clock-o\"><\/i> 18 de December de 2025<\/span>\n        <\/div>\n        <div class=\"wcp-post-contents\">\n            18 de December de 2025                    <\/div>        \n    <\/div>\n<\/div>                <\/div>    \n\n                            <div class=\"carousel-item-53497\">\n                    <div class=\"post-style-2\" style=\"box-shadow: ;background-color: ;\">\n    <div class=\"wcp-img-wrap\">\n        <a href=\"https:\/\/www.esplac.cat\/en\/convocatoria-oberta-vols-crear-la-identitat-visual-2026\/\">\n            <img decoding=\"async\" width=\"460\" height=\"295\" src=\"https:\/\/www.esplac.cat\/wp-content\/uploads\/2025\/04\/Identitat-visual-EE-Monifestat-26-1-460x295.jpg\" class=\"attachment-portfolio-two size-portfolio-two wp-post-image\" alt=\"\" \/>        <\/a>\n    <\/div>\n    <div class=\"wcp-content-wrap\">\n        <h3>\n            <a href=\"https:\/\/www.esplac.cat\/en\/convocatoria-oberta-vols-crear-la-identitat-visual-2026\/\" style=\"color: ;\">\n                Convocat\u00f2ria oberta: vols idear i crear la identitat visual de l\u2019Escola d&#8217;Esplac i la Monifesta&#8217;t 2026?            <\/a>\n        <\/h3>\n        <div class=\"wcp-post-meta wcp-disable-post-meta\" style=\"color: ;\">\n            <span class=\"wcp-post-author\"><i class=\"fa fa-user\"><\/i>\n                <a href=\"https:\/\/www.esplac.cat\/en\/author\/comunicacio\/\" title=\"Posts by Comunicaci\u00f3 Esplac\" rel=\"author\">Comunicaci\u00f3 Esplac<\/a>            <\/span>\n            &nbsp;\n            <span class=\"wcp-post-date\"><i class=\"fa fa-clock-o\"><\/i> 15 de April de 2025<\/span>\n        <\/div>\n        <div class=\"wcp-post-contents\">\n            15 de April de 2025                    <\/div>        \n    <\/div>\n<\/div>                <\/div>    \n\n                            <div class=\"carousel-item-52898\">\n                    <div class=\"post-style-2\" style=\"box-shadow: ;background-color: ;\">\n    <div class=\"wcp-img-wrap\">\n        <a href=\"https:\/\/www.esplac.cat\/en\/material-comunicatiu-escola-esplac-2025\/\">\n            <img decoding=\"async\" width=\"460\" height=\"295\" src=\"https:\/\/www.esplac.cat\/wp-content\/uploads\/2025\/03\/EE25_Material_Comunicatiu-460x295.jpg\" class=\"attachment-portfolio-two size-portfolio-two wp-post-image\" alt=\"Escola Esplac\" \/>        <\/a>\n    <\/div>\n    <div class=\"wcp-content-wrap\">\n        <h3>\n            <a href=\"https:\/\/www.esplac.cat\/en\/material-comunicatiu-escola-esplac-2025\/\" style=\"color: ;\">\n                Ja teniu disponible tot el material comunicatiu de l&#8217;Escola d&#8217;Esplac 2025!            <\/a>\n        <\/h3>\n        <div class=\"wcp-post-meta wcp-disable-post-meta\" style=\"color: ;\">\n            <span class=\"wcp-post-author\"><i class=\"fa fa-user\"><\/i>\n                <a href=\"https:\/\/www.esplac.cat\/en\/author\/comunicacio\/\" title=\"Posts by Comunicaci\u00f3 Esplac\" rel=\"author\">Comunicaci\u00f3 Esplac<\/a>            <\/span>\n            &nbsp;\n            <span class=\"wcp-post-date\"><i class=\"fa fa-clock-o\"><\/i> 18 de March de 2025<\/span>\n        <\/div>\n        <div class=\"wcp-post-contents\">\n            18 de March de 2025                    <\/div>        \n    <\/div>\n<\/div>                <\/div>    \n\n                            <div class=\"carousel-item-52576\">\n                    <div class=\"post-style-2\" style=\"box-shadow: ;background-color: ;\">\n    <div class=\"wcp-img-wrap\">\n        <a href=\"https:\/\/www.esplac.cat\/en\/plantegem-reptes-pendents-abordar-antifeixisme-esplai-escola-esplac\/\">\n            <img decoding=\"async\" width=\"460\" height=\"295\" src=\"https:\/\/www.esplac.cat\/wp-content\/uploads\/2025\/02\/EE2-460x295.jpg\" class=\"attachment-portfolio-two size-portfolio-two wp-post-image\" alt=\"Escola Esplac\" \/>        <\/a>\n    <\/div>\n    <div class=\"wcp-content-wrap\">\n        <h3>\n            <a href=\"https:\/\/www.esplac.cat\/en\/plantegem-reptes-pendents-abordar-antifeixisme-esplai-escola-esplac\/\" style=\"color: ;\">\n                Posem sobre la taula els reptes pendents per abordar l\u2019antifeixisme des de l\u2019esplai a l&#8217;onzena edici\u00f3 de l\u2019Escola d\u2019Esplac            <\/a>\n        <\/h3>\n        <div class=\"wcp-post-meta wcp-disable-post-meta\" style=\"color: ;\">\n            <span class=\"wcp-post-author\"><i class=\"fa fa-user\"><\/i>\n                <a href=\"https:\/\/www.esplac.cat\/en\/author\/comunicacio\/\" title=\"Posts by Comunicaci\u00f3 Esplac\" rel=\"author\">Comunicaci\u00f3 Esplac<\/a>            <\/span>\n            &nbsp;\n            <span class=\"wcp-post-date\"><i class=\"fa fa-clock-o\"><\/i> 18 de February de 2025<\/span>\n        <\/div>\n        <div class=\"wcp-post-contents\">\n            18 de February de 2025                    <\/div>        \n    <\/div>\n<\/div>                <\/div>    \n\n                            <div class=\"carousel-item-52302\">\n                    <div class=\"post-style-2\" style=\"box-shadow: ;background-color: ;\">\n    <div class=\"wcp-img-wrap\">\n        <a href=\"https:\/\/www.esplac.cat\/en\/qui-participara-escola-esplac-2025\/\">\n            <img decoding=\"async\" width=\"460\" height=\"295\" src=\"https:\/\/www.esplac.cat\/wp-content\/uploads\/2025\/01\/Entitats_EE25-460x295.jpg\" class=\"attachment-portfolio-two size-portfolio-two wp-post-image\" alt=\"Escola Esplac\" \/>        <\/a>\n    <\/div>\n    <div class=\"wcp-content-wrap\">\n        <h3>\n            <a href=\"https:\/\/www.esplac.cat\/en\/qui-participara-escola-esplac-2025\/\" style=\"color: ;\">\n                I tu, ja saps qui participar\u00e0 a l&#8217;Escola d&#8217;Esplac 2025?            <\/a>\n        <\/h3>\n        <div class=\"wcp-post-meta wcp-disable-post-meta\" style=\"color: ;\">\n            <span class=\"wcp-post-author\"><i class=\"fa fa-user\"><\/i>\n                <a href=\"https:\/\/www.esplac.cat\/en\/author\/comunicacio\/\" title=\"Posts by Comunicaci\u00f3 Esplac\" rel=\"author\">Comunicaci\u00f3 Esplac<\/a>            <\/span>\n            &nbsp;\n            <span class=\"wcp-post-date\"><i class=\"fa fa-clock-o\"><\/i> 29 de January de 2025<\/span>\n        <\/div>\n        <div class=\"wcp-post-contents\">\n            29 de January de 2025                    <\/div>        \n    <\/div>\n<\/div>                <\/div>    \n\n                            <div class=\"carousel-item-52122\">\n                    <div class=\"post-style-2\" style=\"box-shadow: ;background-color: ;\">\n    <div class=\"wcp-img-wrap\">\n        <a href=\"https:\/\/www.esplac.cat\/en\/esplais-juguem-paper-clau-antifeixisme\/\">\n            <img decoding=\"async\" width=\"460\" height=\"295\" src=\"https:\/\/www.esplac.cat\/wp-content\/uploads\/2025\/01\/Article_opinio_EE25-460x295.jpg\" class=\"attachment-portfolio-two size-portfolio-two wp-post-image\" alt=\"antifeixisme\" \/>        <\/a>\n    <\/div>\n    <div class=\"wcp-content-wrap\">\n        <h3>\n            <a href=\"https:\/\/www.esplac.cat\/en\/esplais-juguem-paper-clau-antifeixisme\/\" style=\"color: ;\">\n                Els esplais juguem un paper clau en l\u2019antifeixisme: posem al centre un projecte educatiu comunitari enfront d\u2019uns discursos que ens volen dividir            <\/a>\n        <\/h3>\n        <div class=\"wcp-post-meta wcp-disable-post-meta\" style=\"color: ;\">\n            <span class=\"wcp-post-author\"><i class=\"fa fa-user\"><\/i>\n                <a href=\"https:\/\/www.esplac.cat\/en\/author\/comunicacio\/\" title=\"Posts by Comunicaci\u00f3 Esplac\" rel=\"author\">Comunicaci\u00f3 Esplac<\/a>            <\/span>\n            &nbsp;\n            <span class=\"wcp-post-date\"><i class=\"fa fa-clock-o\"><\/i> 10 de January de 2025<\/span>\n        <\/div>\n        <div class=\"wcp-post-contents\">\n            10 de January de 2025                    <\/div>        \n    <\/div>\n<\/div>                <\/div>    \n\n                \n        <\/section>\n        <style>\n    #carousel-24602 .slick-prev:before, #carousel-24602 .slick-next:before {\n        color: #000 !important;\n    }\n    #carousel-24602 .slick-slide {\n        margin: 2px 20px;\n    }\n    #carousel-24602 h3,\n    #carousel-24602 .car-caption,\n    #carousel-24602 .car-caption h3 a {\n        background-color: ;\n        color: ;\n    }\n    #carousel-24602 .car-caption {\n        text-align: center;\n    }\n    #carousel-24602 p {\n        color: ;\n    }\n    #carousel-24602 a {\n        text-decoration: none;\n        border-bottom: none;\n    }\n        #carousel-24602 .post-style-1 .wcp-post-author a {\n        color: ;\n    }\n            #carousel-24602 .ih-item,\n        #carousel-24602 .post-style-1,\n        #carousel-24602 .post-style-3,\n        #carousel-24602 .car-caption { \n            border: 8px solid #FFF;\n            box-shadow: ;\n        }\n                #carousel-24602 .post-style-2 .wcp-content-wrap { \n            border: 8px solid #FFF;\n            border-top: none;\n        }\n        #carousel-24602 .mega-post-carousel1,\n        #carousel-24602 .mega-post-carousel4 { \n            border: 8px solid #FFF;\n            padding: 10px;\n        }\n\n        .slick-prev, .slick-next {\r\n    font-size: 0;\r\n    line-height: 0;\r\n    position: absolute;\r\n    top: 42% !important;\r\n    display: block;\r\n    width: 20px;\r\n    height: 20px;\r\n    padding: 0;\r\n    -webkit-transform: translate(0, -50%);\r\n    -ms-transform: translate(0, -50%);\r\n    transform: translate(0, -50%);\r\n    cursor: pointer;\r\n    color: transparent;\r\n    border: none;\r\n    outline: none;\r\n    background: transparent;\r\n}                .wcp-disable-post-meta { display: none !important;}\n    <\/style>\n<\/div><div class=\"fusion-clearfix\"><\/div><\/div><\/div><\/div><\/div><div class=\"fusion-fullwidth fullwidth-box fusion-builder-row-4 fusion-flex-container nonhundred-percent-fullwidth non-hundred-percent-height-scrolling\" style=\"--awb-border-radius-top-left:0px;--awb-border-radius-top-right:0px;--awb-border-radius-bottom-right:0px;--awb-border-radius-bottom-left:0px;--awb-padding-top:30px;--awb-background-color:#ededed;--awb-flex-wrap:wrap;\" ><\/div>\n<\/p>\n","protected":false},"excerpt":{"rendered":"","protected":false},"author":1,"featured_media":0,"parent":27657,"menu_order":0,"comment_status":"closed","ping_status":"closed","template":"100-width.php","meta":{"om_disable_all_campaigns":false,"_monsterinsights_skip_tracking":false,"_monsterinsights_sitenote_active":false,"_monsterinsights_sitenote_note":"","_monsterinsights_sitenote_category":0,"_uf_show_specific_survey":0,"_uf_disable_surveys":false,"footnotes":""},"class_list":["post-28052","page","type-page","status-publish","hentry"],"yoast_head":"<!-- This site is optimized with the Yoast SEO plugin v27.5 - https:\/\/yoast.com\/product\/yoast-seo-wordpress\/ -->\n<title>Escola esplac 2016 - Esplac<\/title>\n<meta name=\"robots\" content=\"index, follow, max-snippet:-1, max-image-preview:large, max-video-preview:-1\" \/>\n<link rel=\"canonical\" href=\"https:\/\/www.esplac.cat\/en\/trainings\/escola-esplac-2016\/\" \/>\n<meta property=\"og:locale\" content=\"en_US\" \/>\n<meta property=\"og:type\" content=\"article\" \/>\n<meta property=\"og:title\" content=\"Escola esplac 2016 - Esplac\" \/>\n<meta property=\"og:url\" content=\"https:\/\/www.esplac.cat\/en\/trainings\/escola-esplac-2016\/\" \/>\n<meta property=\"og:site_name\" content=\"Esplac\" \/>\n<meta property=\"og:image\" content=\"http:\/\/esplac.cat\/wp-content\/uploads\/2019\/10\/cartell_EE16.jpg\" \/>\n<meta name=\"twitter:card\" content=\"summary_large_image\" \/>\n<meta name=\"twitter:label1\" content=\"Est. reading time\" \/>\n\t<meta name=\"twitter:data1\" content=\"15 minutes\" \/>\n<script type=\"application\/ld+json\" class=\"yoast-schema-graph\">{\"@context\":\"https:\\\/\\\/schema.org\",\"@graph\":[{\"@type\":\"WebPage\",\"@id\":\"https:\\\/\\\/www.esplac.cat\\\/en\\\/trainings\\\/escola-esplac-2016\\\/\",\"url\":\"https:\\\/\\\/www.esplac.cat\\\/en\\\/trainings\\\/escola-esplac-2016\\\/\",\"name\":\"Escola esplac 2016 - Esplac\",\"isPartOf\":{\"@id\":\"https:\\\/\\\/www.esplac.cat\\\/#website\"},\"primaryImageOfPage\":{\"@id\":\"https:\\\/\\\/www.esplac.cat\\\/en\\\/trainings\\\/escola-esplac-2016\\\/#primaryimage\"},\"image\":{\"@id\":\"https:\\\/\\\/www.esplac.cat\\\/en\\\/trainings\\\/escola-esplac-2016\\\/#primaryimage\"},\"thumbnailUrl\":\"http:\\\/\\\/esplac.cat\\\/wp-content\\\/uploads\\\/2019\\\/10\\\/cartell_EE16.jpg\",\"datePublished\":\"2019-10-29T12:32:30+00:00\",\"breadcrumb\":{\"@id\":\"https:\\\/\\\/www.esplac.cat\\\/en\\\/trainings\\\/escola-esplac-2016\\\/#breadcrumb\"},\"inLanguage\":\"en-US\",\"potentialAction\":[{\"@type\":\"ReadAction\",\"target\":[\"https:\\\/\\\/www.esplac.cat\\\/en\\\/trainings\\\/escola-esplac-2016\\\/\"]}]},{\"@type\":\"ImageObject\",\"inLanguage\":\"en-US\",\"@id\":\"https:\\\/\\\/www.esplac.cat\\\/en\\\/trainings\\\/escola-esplac-2016\\\/#primaryimage\",\"url\":\"http:\\\/\\\/esplac.cat\\\/wp-content\\\/uploads\\\/2019\\\/10\\\/cartell_EE16.jpg\",\"contentUrl\":\"http:\\\/\\\/esplac.cat\\\/wp-content\\\/uploads\\\/2019\\\/10\\\/cartell_EE16.jpg\"},{\"@type\":\"BreadcrumbList\",\"@id\":\"https:\\\/\\\/www.esplac.cat\\\/en\\\/trainings\\\/escola-esplac-2016\\\/#breadcrumb\",\"itemListElement\":[{\"@type\":\"ListItem\",\"position\":1,\"name\":\"Inici\",\"item\":\"https:\\\/\\\/www.esplac.cat\\\/en\\\/\"},{\"@type\":\"ListItem\",\"position\":2,\"name\":\"Trainings\",\"item\":\"https:\\\/\\\/www.esplac.cat\\\/en\\\/trainings\\\/\"},{\"@type\":\"ListItem\",\"position\":3,\"name\":\"Escola esplac 2016\"}]},{\"@type\":\"WebSite\",\"@id\":\"https:\\\/\\\/www.esplac.cat\\\/#website\",\"url\":\"https:\\\/\\\/www.esplac.cat\\\/\",\"name\":\"Esplac\",\"description\":\"Esplais Catalans\",\"publisher\":{\"@id\":\"https:\\\/\\\/www.esplac.cat\\\/#organization\"},\"potentialAction\":[{\"@type\":\"SearchAction\",\"target\":{\"@type\":\"EntryPoint\",\"urlTemplate\":\"https:\\\/\\\/www.esplac.cat\\\/?s={search_term_string}\"},\"query-input\":{\"@type\":\"PropertyValueSpecification\",\"valueRequired\":true,\"valueName\":\"search_term_string\"}}],\"inLanguage\":\"en-US\"},{\"@type\":\"Organization\",\"@id\":\"https:\\\/\\\/www.esplac.cat\\\/#organization\",\"name\":\"Esplac\",\"url\":\"https:\\\/\\\/www.esplac.cat\\\/\",\"logo\":{\"@type\":\"ImageObject\",\"inLanguage\":\"en-US\",\"@id\":\"https:\\\/\\\/www.esplac.cat\\\/#\\\/schema\\\/logo\\\/image\\\/\",\"url\":\"https:\\\/\\\/www.esplac.cat\\\/wp-content\\\/uploads\\\/2019\\\/08\\\/logox2.png\",\"contentUrl\":\"https:\\\/\\\/www.esplac.cat\\\/wp-content\\\/uploads\\\/2019\\\/08\\\/logox2.png\",\"width\":600,\"height\":295,\"caption\":\"Esplac\"},\"image\":{\"@id\":\"https:\\\/\\\/www.esplac.cat\\\/#\\\/schema\\\/logo\\\/image\\\/\"}}]}<\/script>\n<!-- \/ Yoast SEO plugin. -->","yoast_head_json":{"title":"Escola esplac 2016 - Esplac","robots":{"index":"index","follow":"follow","max-snippet":"max-snippet:-1","max-image-preview":"max-image-preview:large","max-video-preview":"max-video-preview:-1"},"canonical":"https:\/\/www.esplac.cat\/en\/trainings\/escola-esplac-2016\/","og_locale":"en_US","og_type":"article","og_title":"Escola esplac 2016 - Esplac","og_url":"https:\/\/www.esplac.cat\/en\/trainings\/escola-esplac-2016\/","og_site_name":"Esplac","og_image":[{"url":"http:\/\/esplac.cat\/wp-content\/uploads\/2019\/10\/cartell_EE16.jpg","type":"","width":"","height":""}],"twitter_card":"summary_large_image","twitter_misc":{"Est. reading time":"15 minutes"},"schema":{"@context":"https:\/\/schema.org","@graph":[{"@type":"WebPage","@id":"https:\/\/www.esplac.cat\/en\/trainings\/escola-esplac-2016\/","url":"https:\/\/www.esplac.cat\/en\/trainings\/escola-esplac-2016\/","name":"Escola esplac 2016 - Esplac","isPartOf":{"@id":"https:\/\/www.esplac.cat\/#website"},"primaryImageOfPage":{"@id":"https:\/\/www.esplac.cat\/en\/trainings\/escola-esplac-2016\/#primaryimage"},"image":{"@id":"https:\/\/www.esplac.cat\/en\/trainings\/escola-esplac-2016\/#primaryimage"},"thumbnailUrl":"http:\/\/esplac.cat\/wp-content\/uploads\/2019\/10\/cartell_EE16.jpg","datePublished":"2019-10-29T12:32:30+00:00","breadcrumb":{"@id":"https:\/\/www.esplac.cat\/en\/trainings\/escola-esplac-2016\/#breadcrumb"},"inLanguage":"en-US","potentialAction":[{"@type":"ReadAction","target":["https:\/\/www.esplac.cat\/en\/trainings\/escola-esplac-2016\/"]}]},{"@type":"ImageObject","inLanguage":"en-US","@id":"https:\/\/www.esplac.cat\/en\/trainings\/escola-esplac-2016\/#primaryimage","url":"http:\/\/esplac.cat\/wp-content\/uploads\/2019\/10\/cartell_EE16.jpg","contentUrl":"http:\/\/esplac.cat\/wp-content\/uploads\/2019\/10\/cartell_EE16.jpg"},{"@type":"BreadcrumbList","@id":"https:\/\/www.esplac.cat\/en\/trainings\/escola-esplac-2016\/#breadcrumb","itemListElement":[{"@type":"ListItem","position":1,"name":"Inici","item":"https:\/\/www.esplac.cat\/en\/"},{"@type":"ListItem","position":2,"name":"Trainings","item":"https:\/\/www.esplac.cat\/en\/trainings\/"},{"@type":"ListItem","position":3,"name":"Escola esplac 2016"}]},{"@type":"WebSite","@id":"https:\/\/www.esplac.cat\/#website","url":"https:\/\/www.esplac.cat\/","name":"Esplac","description":"Esplais Catalans","publisher":{"@id":"https:\/\/www.esplac.cat\/#organization"},"potentialAction":[{"@type":"SearchAction","target":{"@type":"EntryPoint","urlTemplate":"https:\/\/www.esplac.cat\/?s={search_term_string}"},"query-input":{"@type":"PropertyValueSpecification","valueRequired":true,"valueName":"search_term_string"}}],"inLanguage":"en-US"},{"@type":"Organization","@id":"https:\/\/www.esplac.cat\/#organization","name":"Esplac","url":"https:\/\/www.esplac.cat\/","logo":{"@type":"ImageObject","inLanguage":"en-US","@id":"https:\/\/www.esplac.cat\/#\/schema\/logo\/image\/","url":"https:\/\/www.esplac.cat\/wp-content\/uploads\/2019\/08\/logox2.png","contentUrl":"https:\/\/www.esplac.cat\/wp-content\/uploads\/2019\/08\/logox2.png","width":600,"height":295,"caption":"Esplac"},"image":{"@id":"https:\/\/www.esplac.cat\/#\/schema\/logo\/image\/"}}]}},"_links":{"self":[{"href":"https:\/\/www.esplac.cat\/en\/wp-json\/wp\/v2\/pages\/28052","targetHints":{"allow":["GET"]}}],"collection":[{"href":"https:\/\/www.esplac.cat\/en\/wp-json\/wp\/v2\/pages"}],"about":[{"href":"https:\/\/www.esplac.cat\/en\/wp-json\/wp\/v2\/types\/page"}],"author":[{"embeddable":true,"href":"https:\/\/www.esplac.cat\/en\/wp-json\/wp\/v2\/users\/1"}],"replies":[{"embeddable":true,"href":"https:\/\/www.esplac.cat\/en\/wp-json\/wp\/v2\/comments?post=28052"}],"version-history":[{"count":0,"href":"https:\/\/www.esplac.cat\/en\/wp-json\/wp\/v2\/pages\/28052\/revisions"}],"up":[{"embeddable":true,"href":"https:\/\/www.esplac.cat\/en\/wp-json\/wp\/v2\/pages\/27657"}],"wp:attachment":[{"href":"https:\/\/www.esplac.cat\/en\/wp-json\/wp\/v2\/media?parent=28052"}],"curies":[{"name":"wp","href":"https:\/\/api.w.org\/{rel}","templated":true}]}}