{"id":28158,"date":"2019-10-14T16:57:10","date_gmt":"2019-10-14T14:57:10","guid":{"rendered":"https:\/\/www.esplac.cat\/trobades\/monifestat-2016\/"},"modified":"2019-10-14T16:57:10","modified_gmt":"2019-10-14T14:57:10","slug":"monifestat-2016","status":"publish","type":"page","link":"https:\/\/www.esplac.cat\/en\/meetings\/monifestat-2016\/","title":{"rendered":"Monifesta&#8217;t 2016"},"content":{"rendered":"<p><div class=\"fusion-fullwidth fullwidth-box fusion-builder-row-1 nonhundred-percent-fullwidth non-hundred-percent-height-scrolling\" style=\"--awb-border-radius-top-left:0px;--awb-border-radius-top-right:0px;--awb-border-radius-bottom-right:0px;--awb-border-radius-bottom-left:0px;--awb-margin-top:50px;--awb-margin-bottom:30px;--awb-background-color:#ffffff;--awb-flex-wrap:wrap;\" ><div class=\"fusion-builder-row fusion-row\"><div class=\"fusion-layout-column fusion_builder_column fusion-builder-column-0 fusion_builder_column_1_1 1_1 fusion-one-full fusion-column-first fusion-column-last\" style=\"--awb-bg-size:cover;\"><div class=\"fusion-column-wrapper fusion-column-has-shadow fusion-flex-column-wrapper-legacy\"><div class=\"fusion-title title fusion-title-1 fusion-sep-none fusion-title-text fusion-title-size-one\" style=\"--awb-font-size:50px;\"><h1 class=\"fusion-title-heading title-heading-left fusion-responsive-typography-calculated\" style=\"margin:0;font-size:1em;--fontSize:50;line-height:1.2;\"><p style=\"text-align: center;\"><strong>Monifesta&#8217;t<\/strong><\/p><\/h1><\/div><div class=\"fusion-clearfix\"><\/div><\/div><\/div><div class=\"fusion-layout-column fusion_builder_column fusion-builder-column-1 fusion_builder_column_1_1 1_1 fusion-one-full fusion-column-first fusion-column-last\" style=\"--awb-bg-size:cover;\"><div class=\"fusion-column-wrapper fusion-column-has-shadow fusion-flex-column-wrapper-legacy\"><div class=\"fusion-sep-clear\"><\/div><div class=\"fusion-separator\" style=\"margin-left: auto;margin-right: auto;margin-bottom:60px;width:100%;max-width:30%;\"><div class=\"fusion-separator-border sep-single sep-solid\" style=\"--awb-height:20px;--awb-amount:20px;--awb-sep-color:#c1c1c1;border-color:#c1c1c1;border-top-width:5px;\"><\/div><\/div><div class=\"fusion-sep-clear\"><\/div><div class=\"fusion-title title fusion-title-2 fusion-sep-none fusion-title-center fusion-title-text fusion-title-size-three\"><h3 class=\"fusion-title-heading title-heading-center fusion-responsive-typography-calculated\" style=\"margin:0;--fontSize:30;line-height:1.3;\">Monifesta&#8217;t 2016<\/h3><\/div><div class=\"fusion-sep-clear\"><\/div><div class=\"fusion-separator fusion-full-width-sep\" style=\"margin-left: auto;margin-right: auto;margin-bottom:30px;width:100%;\"><\/div><div class=\"fusion-sep-clear\"><\/div><div class=\"fusion-tabs fusion-tabs-1 clean nav-not-justified horizontal-tabs icon-position-top mobile-mode-accordion\" style=\"--awb-title-border-radius-top-left:0px;--awb-title-border-radius-top-right:0px;--awb-title-border-radius-bottom-right:0px;--awb-title-border-radius-bottom-left:0px;--awb-inactive-color:#eaeaea;--awb-background-color:#f9f9f9;--awb-border-color:#ffffff;--awb-active-border-color:#f69d0b;\"><div class=\"nav\"><ul class=\"nav-tabs\" role=\"tablist\"><li class=\"active\" role=\"presentation\"><a class=\"tab-link\" data-toggle=\"tab\" role=\"tab\" aria-controls=\"tab-a810682a5b46a74d538\" aria-selected=\"true\" id=\"fusion-tab-presentaci\u00f3\" href=\"#tab-a810682a5b46a74d538\"><h4 class=\"fusion-tab-heading\"><i class=\"fontawesome-icon fa-info-circle fas\" aria-hidden=\"true\" style=\"font-size:19px;\"><\/i>Presentaci\u00f3<\/h4><\/a><\/li><li role=\"presentation\"><a class=\"tab-link\" data-toggle=\"tab\" role=\"tab\" aria-controls=\"tab-591e86d468fb06c59ba\" aria-selected=\"false\" tabindex=\"-1\" id=\"fusion-tab-inscripcions\" href=\"#tab-591e86d468fb06c59ba\"><h4 class=\"fusion-tab-heading\"><i class=\"fontawesome-icon fa-calendar-check fas\" aria-hidden=\"true\" style=\"font-size:19px;\"><\/i>Inscripcions<\/h4><\/a><\/li><li role=\"presentation\"><a class=\"tab-link\" data-toggle=\"tab\" role=\"tab\" aria-controls=\"tab-6a2c8c22a7679b9d09d\" aria-selected=\"false\" tabindex=\"-1\" id=\"fusion-tab-cartell\" href=\"#tab-6a2c8c22a7679b9d09d\"><h4 class=\"fusion-tab-heading\"><i class=\"fontawesome-icon fa-file-image fas\" aria-hidden=\"true\" style=\"font-size:19px;\"><\/i>Cartell <\/h4><\/a><\/li><li role=\"presentation\"><a class=\"tab-link\" data-toggle=\"tab\" role=\"tab\" aria-controls=\"tab-c2045973a2e99f6660e\" aria-selected=\"false\" tabindex=\"-1\" id=\"fusion-tab-programa\" href=\"#tab-c2045973a2e99f6660e\"><h4 class=\"fusion-tab-heading\"><i class=\"fontawesome-icon fa-book-open fas\" aria-hidden=\"true\" style=\"font-size:19px;\"><\/i>Programa <\/h4><\/a><\/li><li role=\"presentation\"><a class=\"tab-link\" data-toggle=\"tab\" role=\"tab\" aria-controls=\"tab-d00c05cfd0d88366af5\" aria-selected=\"false\" tabindex=\"-1\" id=\"fusion-tab-activitats\" href=\"#tab-d00c05cfd0d88366af5\"><h4 class=\"fusion-tab-heading\"><i class=\"fontawesome-icon fa-users fas\" aria-hidden=\"true\" style=\"font-size:19px;\"><\/i>Activitats<\/h4><\/a><\/li><li role=\"presentation\"><a class=\"tab-link\" data-toggle=\"tab\" role=\"tab\" aria-controls=\"tab-edb362e06bdf1db14b5\" aria-selected=\"false\" tabindex=\"-1\" id=\"fusion-tab-organitzaci\u00f3\" href=\"#tab-edb362e06bdf1db14b5\"><h4 class=\"fusion-tab-heading\"><i class=\"fontawesome-icon fa-sitemap fas\" aria-hidden=\"true\" style=\"font-size:19px;\"><\/i>Organitzaci\u00f3<\/h4><\/a><\/li><li role=\"presentation\"><a class=\"tab-link\" data-toggle=\"tab\" role=\"tab\" aria-controls=\"tab-bf73b2a5ca0c387e7ea\" aria-selected=\"false\" tabindex=\"-1\" id=\"fusion-tab-localitzaci\u00f3\" href=\"#tab-bf73b2a5ca0c387e7ea\"><h4 class=\"fusion-tab-heading\"><i class=\"fontawesome-icon fa-map-marker-alt fas\" aria-hidden=\"true\" style=\"font-size:19px;\"><\/i>Localitzaci\u00f3<\/h4><\/a><\/li><li role=\"presentation\"><a class=\"tab-link\" data-toggle=\"tab\" role=\"tab\" aria-controls=\"tab-9b591f19b4f34f841ce\" aria-selected=\"false\" tabindex=\"-1\" id=\"fusion-tab-video\" href=\"#tab-9b591f19b4f34f841ce\"><h4 class=\"fusion-tab-heading\"><i class=\"fontawesome-icon fa-youtube fab\" aria-hidden=\"true\" style=\"font-size:19px;\"><\/i>Video<\/h4><\/a><\/li><\/ul><\/div><div class=\"tab-content\"><div class=\"nav fusion-mobile-tab-nav\"><ul class=\"nav-tabs\" role=\"tablist\"><li class=\"active\" role=\"presentation\"><a class=\"tab-link\" data-toggle=\"tab\" role=\"tab\" aria-controls=\"tab-a810682a5b46a74d538\" aria-selected=\"true\" id=\"mobile-fusion-tab-presentaci\u00f3\" href=\"#tab-a810682a5b46a74d538\"><h4 class=\"fusion-tab-heading\"><i class=\"fontawesome-icon fa-info-circle fas\" aria-hidden=\"true\" style=\"font-size:19px;\"><\/i>Presentaci\u00f3<\/h4><\/a><\/li><\/ul><\/div><div class=\"tab-pane fade fusion-clearfix in active\" role=\"tabpanel\" tabindex=\"0\" aria-labelledby=\"fusion-tab-presentaci\u00f3\" id=\"tab-a810682a5b46a74d538\">\n<p class=\"p1\"><span class=\"s1\">Aquest any 2016 volem dur a terme de nou la\u00a0<\/span><b>Monifesta\u2019t, la trobada de monitors i monitores volunt\u00e0ries d\u2019Esplais Catalans<\/b>: dos dies plens d\u2019activitats, formacions i on m\u00e9s de 700 persones entre joves, monitors i monitores i organitzadors\/es reivindiquem l\u2019important tasca educativa dels esplais.<\/p>\n<p class=\"p1\">En aquesta ocasi\u00f3 la trobada tindr\u00e0 lloc a\u00a0<span class=\"s1\"><b>Berga els dies 16 i 17 d\u2019abril\u00a0<\/b>de 2016.<\/span><\/p>\n<p class=\"p1\">Els\u00a0<strong>objectius\u00a0generals<\/strong>\u00a0que ens hem marcat per a la trobada s\u00f3n:<\/p>\n<ul>\n<li class=\"p1\"><b>Augmentar el sentiment de pertinen\u00e7a\u00a0<\/b>de totes les monitores i monitors cap a Esplais Catalans, fent-les part\u00edcips de debats sobre l\u2019associaci\u00f3.<\/li>\n<li class=\"p1\"><b>Donar a con\u00e8ixer Espl<\/b><strong>ac\u00a0i els esplais del Bergued\u00e0<\/strong>\u00a0a la comarca i a tota Catalunya.<\/li>\n<li class=\"p1\"><b>Fer ress\u00f2 de la feina que fan les monitores i monitors\u00a0<\/b>dissabte rere dissabte, durant les activitats de\u00a0vacances i, en general, en el dia a dia als seus barris i pobles.<\/li>\n<li class=\"p1\"><b>Involucrar les monis de tots els esplais en la preparaci\u00f3<\/b>, millorant el proc\u00e9s respecte fa dos anys i adaptant-nos a la realitat de cada sector i esplai.<\/li>\n<li class=\"p1\"><b>Visualitzar el territori en les activitats\u00a0<\/b>que duem a terme, potenciant els sectors i el sentiment de pertinen\u00e7a cap a aquests.<\/li>\n<li class=\"p1\"><b>Donar a con\u00e8ixer a les monitores i monitors els recursos que generem\u00a0<\/b>des d\u2019Esplais Catalans per donar suport a la seva tasca i millorar-la.<\/li>\n<\/ul>\n<\/div><div class=\"nav fusion-mobile-tab-nav\"><ul class=\"nav-tabs\" role=\"tablist\"><li role=\"presentation\"><a class=\"tab-link\" data-toggle=\"tab\" role=\"tab\" aria-controls=\"tab-591e86d468fb06c59ba\" aria-selected=\"false\" tabindex=\"-1\" id=\"mobile-fusion-tab-inscripcions\" href=\"#tab-591e86d468fb06c59ba\"><h4 class=\"fusion-tab-heading\"><i class=\"fontawesome-icon fa-calendar-check fas\" aria-hidden=\"true\" style=\"font-size:19px;\"><\/i>Inscripcions<\/h4><\/a><\/li><\/ul><\/div><div class=\"tab-pane fade fusion-clearfix\" role=\"tabpanel\" tabindex=\"0\" aria-labelledby=\"fusion-tab-inscripcions\" id=\"tab-591e86d468fb06c59ba\">\n<div class=\"wpb_text_column wpb_content_element \">\n<div class=\"wpb_wrapper\">\n<p class=\"p1\">Les\u00a0<span class=\"s1\"><b>inscripcions<\/b><\/span>\u00a0es realitzaran en dues fases:<\/p>\n<ul>\n<li class=\"p1\">1a fase: del 3 al 20 de mar\u00e7 (amb la samarreta)<\/li>\n<li class=\"p1\">2a fase: del 21 de mar\u00e7 al 3 d\u2019abril (sense la samarreta).<\/li>\n<\/ul>\n<p>El dia 3 de mar\u00e7 a les 00:01\u00a0s\u2019obre la 1a fase de les inscripcions de la Monifesta\u2019t a l\u2019<span style=\"color: #f69d0b;\"><strong><a style=\"color: #f69d0b;\" href=\"https:\/\/esplac.cat\/esplacnet\/login\/index.php\" target=\"_blank\" rel=\"noopener noreferrer\">EsplacNet, la intranet dels esplais<\/a><\/strong><\/span>. Trobareu el formulari a l\u2019apartat de\u00a0<strong>Trobades<\/strong>, accedint amb el vostre nom d\u2019usuari i contrasenya.<\/p>\n<p>Si sou socis i s\u00f2cies col\u00b7laboradores d\u2019Esplac, podeu inscriure-us a trav\u00e9s d<a href=\"https:\/\/docs.google.com\/forms\/d\/1rUYT_GXR9FojDpZRxrxEWgiFZmzgPSVo7kG2B5OOK-k\/viewform\" target=\"_blank\" rel=\"noopener noreferrer\"><strong>\u2018<span style=\"color: #f69d0b;\">aquest formulari<\/span><\/strong><span style=\"color: #f69d0b;\">\u00a0<\/span><\/a>en els mateixos terminis i fases esmentats anteriorment.<\/p>\n<\/div>\n<\/div>\n<\/div><div class=\"nav fusion-mobile-tab-nav\"><ul class=\"nav-tabs\" role=\"tablist\"><li role=\"presentation\"><a class=\"tab-link\" data-toggle=\"tab\" role=\"tab\" aria-controls=\"tab-6a2c8c22a7679b9d09d\" aria-selected=\"false\" tabindex=\"-1\" id=\"mobile-fusion-tab-cartell\" href=\"#tab-6a2c8c22a7679b9d09d\"><h4 class=\"fusion-tab-heading\"><i class=\"fontawesome-icon fa-file-image fas\" aria-hidden=\"true\" style=\"font-size:19px;\"><\/i>Cartell <\/h4><\/a><\/li><\/ul><\/div><div class=\"tab-pane fade fusion-clearfix\" role=\"tabpanel\" tabindex=\"0\" aria-labelledby=\"fusion-tab-cartell\" id=\"tab-6a2c8c22a7679b9d09d\">\n<p><img decoding=\"async\" class=\" wp-image-24735 aligncenter\" src=\"http:\/\/esplac.cat\/wp-content\/uploads\/2019\/10\/Cartells-Monifestat-01-768x1076.jpg\" alt=\"\" width=\"843\" height=\"1181\" srcset=\"https:\/\/www.esplac.cat\/wp-content\/uploads\/2019\/10\/Cartells-Monifestat-01-768x1076-200x280.jpg 200w, https:\/\/www.esplac.cat\/wp-content\/uploads\/2019\/10\/Cartells-Monifestat-01-768x1076-214x300.jpg 214w, https:\/\/www.esplac.cat\/wp-content\/uploads\/2019\/10\/Cartells-Monifestat-01-768x1076-400x560.jpg 400w, https:\/\/www.esplac.cat\/wp-content\/uploads\/2019\/10\/Cartells-Monifestat-01-768x1076-600x841.jpg 600w, https:\/\/www.esplac.cat\/wp-content\/uploads\/2019\/10\/Cartells-Monifestat-01-768x1076-731x1024.jpg 731w, https:\/\/www.esplac.cat\/wp-content\/uploads\/2019\/10\/Cartells-Monifestat-01-768x1076.jpg 768w\" sizes=\"(max-width: 843px) 100vw, 843px\" \/><\/p>\n<\/div><div class=\"nav fusion-mobile-tab-nav\"><ul class=\"nav-tabs\" role=\"tablist\"><li role=\"presentation\"><a class=\"tab-link\" data-toggle=\"tab\" role=\"tab\" aria-controls=\"tab-c2045973a2e99f6660e\" aria-selected=\"false\" tabindex=\"-1\" id=\"mobile-fusion-tab-programa\" href=\"#tab-c2045973a2e99f6660e\"><h4 class=\"fusion-tab-heading\"><i class=\"fontawesome-icon fa-book-open fas\" aria-hidden=\"true\" style=\"font-size:19px;\"><\/i>Programa <\/h4><\/a><\/li><\/ul><\/div><div class=\"tab-pane fade fusion-clearfix\" role=\"tabpanel\" tabindex=\"0\" aria-labelledby=\"fusion-tab-programa\" id=\"tab-c2045973a2e99f6660e\">\n<p><img decoding=\"async\" class=\" wp-image-24762 alignleft\" src=\"http:\/\/esplac.cat\/wp-content\/uploads\/2019\/10\/Programa_Monifestat_Digital-02.jpg\" alt=\"\" width=\"569\" height=\"794\" srcset=\"https:\/\/www.esplac.cat\/wp-content\/uploads\/2019\/10\/Programa_Monifestat_Digital-02-200x279.jpg 200w, https:\/\/www.esplac.cat\/wp-content\/uploads\/2019\/10\/Programa_Monifestat_Digital-02-215x300.jpg 215w, https:\/\/www.esplac.cat\/wp-content\/uploads\/2019\/10\/Programa_Monifestat_Digital-02-400x558.jpg 400w, https:\/\/www.esplac.cat\/wp-content\/uploads\/2019\/10\/Programa_Monifestat_Digital-02-600x837.jpg 600w, https:\/\/www.esplac.cat\/wp-content\/uploads\/2019\/10\/Programa_Monifestat_Digital-02.jpg 625w\" sizes=\"(max-width: 569px) 100vw, 569px\" \/><\/p>\n<p class=\"p1\">Durant la Monifesta\u2019t hi haur\u00e0 diferents activitats, obertes a tothom que hi vulgui participar que s\u2019aniran realitzant de forma simult\u00e0nia durant les diferents franges horar\u00eces.<\/p>\n<p class=\"p1\">A cada una d\u2019aquestes franges, hi preval un tipus d\u2019activitat, tot i que es poden organitzar tamb\u00e9 activitats paral\u00b7leles de diferents tipologies.<\/p>\n<p class=\"p1\">D\u2019aquesta manera, els participants poden triar quines activitats faran. Algunes de les activitats es faran en m\u00e9s d\u2019un.<\/p>\n<\/div><div class=\"nav fusion-mobile-tab-nav\"><ul class=\"nav-tabs\" role=\"tablist\"><li role=\"presentation\"><a class=\"tab-link\" data-toggle=\"tab\" role=\"tab\" aria-controls=\"tab-d00c05cfd0d88366af5\" aria-selected=\"false\" tabindex=\"-1\" id=\"mobile-fusion-tab-activitats\" href=\"#tab-d00c05cfd0d88366af5\"><h4 class=\"fusion-tab-heading\"><i class=\"fontawesome-icon fa-users fas\" aria-hidden=\"true\" style=\"font-size:19px;\"><\/i>Activitats<\/h4><\/a><\/li><\/ul><\/div><div class=\"tab-pane fade fusion-clearfix\" role=\"tabpanel\" tabindex=\"0\" aria-labelledby=\"fusion-tab-activitats\" id=\"tab-d00c05cfd0d88366af5\">\n<table dir=\"ltr\" style=\"height: 193px;\" border=\"1\" width=\"1185\" cellspacing=\"0\" cellpadding=\"0\">\n<tbody>\n<tr>\n<td colspan=\"2\" rowspan=\"1\" data-sheets-value=\"&#091;null,2,\">\n<h4>JOCS I ACTIVITATS TRANSVERSALS<\/h4>\n<\/td>\n<\/tr>\n<tr>\n<td data-sheets-value=\"&#091;null,2,\">ASSASS\u00cd<\/td>\n<td data-sheets-value=\"&#091;null,2,\">Per atzar, es repartiran uns papers amb el nom i cognom, nom d\u2019esplai i sector de cada inscrit i inscrita a la monifesta\u2019t, llavors el que s\u2019haur\u00e0 d\u2019aconseguir \u00e9s trobar a aquesta persona i fer li un pet\u00f3 (assassinar-lo) sense que ning\u00fa se n\u2019adoni.<\/td>\n<\/tr>\n<tr>\n<td data-sheets-value=\"&#091;null,2,\">MURAL<\/td>\n<td data-sheets-value=\"&#091;null,2,\">\u201cQu\u00e8 significa per tu ser de l\u2019esplai?\u201d<\/td>\n<\/tr>\n<tr>\n<td data-sheets-value=\"&#091;null,2,\">MURAL OBERT<\/td>\n<td data-sheets-value=\"&#091;null,2,\">\u00abper mi una actitud sexista \u00e9s\u2026.\u00bb<\/td>\n<\/tr>\n<\/tbody>\n<\/table>\n<table dir=\"ltr\" style=\"height: 310px;\" border=\"1\" width=\"1185\" cellspacing=\"0\" cellpadding=\"0\">\n<colgroup>\n<col width=\"199\" \/>\n<col width=\"554\" \/><\/colgroup>\n<tbody>\n<tr>\n<td colspan=\"2\" rowspan=\"1\" data-sheets-value=\"&#091;null,2,\">\n<h4>JOCS I ACTIVITATS DE CONEIXEN\u00c7A<\/h4>\n<\/td>\n<\/tr>\n<tr>\n<td colspan=\"2\" rowspan=\"1\" data-sheets-value=\"&#091;null,2,\">Mat\u00ed 1 11 -12.30h \/ Mat\u00ed 2 12.30 \u2013 14h<\/td>\n<\/tr>\n<tr>\n<td data-sheets-value=\"&#091;null,2,\">MACRO GUERRA DE PETONS<\/td>\n<td data-sheets-value=\"&#091;null,2,\">Que nom\u00e9s els petons ens fagin tancar la boca! Coneixem els monis dels esplais a trav\u00e9s d\u2019un joc de coneixen\u00e7a basat en una competici\u00f3 d\u2019equips, el que m\u00e9s petoner sigui guanya!<\/td>\n<\/tr>\n<tr>\n<td data-sheets-value=\"&#091;null,2,\">RANXO (joc)<\/td>\n<td><\/td>\n<\/tr>\n<tr>\n<td data-sheets-value=\"&#091;null,2,\">REVALORITZA\u2019T!<\/td>\n<td data-sheets-value=\"&#091;null,2,\">Es d\u00f3na un boli a cada grup i l\u2019han d\u2019anar canviant per coses de m\u00e9s valor amb persones del poble. Un cop acabat el temps han de tornar al punt de trobada on hauran de defensar perqu\u00e8 el seu objecte \u00e9s el de m\u00e9s valor (monetari, emocional\u2026). Finalment, en assemblea es decideix (despr\u00e9s de les defenses de cada grup) quin \u00e9s l\u2019objecte de m\u00e9s valor.<\/td>\n<\/tr>\n<\/tbody>\n<\/table>\n<table dir=\"ltr\" style=\"height: 3143px;\" border=\"1\" width=\"1185\" cellspacing=\"0\" cellpadding=\"0\">\n<colgroup>\n<col width=\"199\" \/>\n<col width=\"554\" \/><\/colgroup>\n<tbody>\n<tr>\n<td colspan=\"2\" rowspan=\"1\" data-sheets-value=\"&#091;null,2,\">\n<h4>ACTIVITATS FORMATIVES<\/h4>\n<\/td>\n<\/tr>\n<tr>\n<td colspan=\"2\" rowspan=\"1\" data-sheets-value=\"&#091;null,2,\">\n<h3>TARDA 1 , DE 15.45 A 17.45H<\/h3>\n<\/td>\n<\/tr>\n<tr>\n<td data-sheets-value=\"&#091;null,2,\">Taller de teles<\/td>\n<td><\/td>\n<\/tr>\n<tr>\n<td data-sheets-value=\"&#091;null,2,\">Skape room<\/td>\n<td data-sheets-value=\"&#091;null,2,\">Entrareu dins d\u2019una sala i haureu d\u2019intentar sortir-ne en un m\u00e0xim de temps de 30 minuts.<\/td>\n<\/tr>\n<tr>\n<td data-sheets-value=\"&#091;null,2,\">Alcohol i tabac (a l\u2019esplai) en l\u2019equip de monitores<\/td>\n<td data-sheets-value=\"&#091;null,2,\">Qu\u00e8 passa quan detectem el consum amb els joves de l\u2019esplai? Cal treballar-ne, parlar-ne i debatre? O en tenim prou amb deixar-los fer si s\u2019amaguen prou? Ho prohibim? Defensem el consum responsable? I qu\u00e8 passa amb l\u2019equip de monitors? Seguim l\u2019exemple del que demanem als joves? Tenim la mateixa actitud dins i fora de l\u2019esplai?<br \/>\nPosarem a debat i aprofundirem i reflexionarem sobre diferents idees a traves de din\u00e0miques i reflexions conjuntes amb els participants<\/td>\n<\/tr>\n<tr>\n<td data-sheets-value=\"&#091;null,2,\">Implicaci\u00f3 i comprom\u00eds d\u2019infants i fam\u00edlies en les decisions de l\u2019esplai<\/td>\n<td data-sheets-value=\"&#091;null,2,\">Qu\u00e8 en sabem de la participaci\u00f3? Quins espais participatius hi ha a l\u2019esplai? Qui en participa? Quins reptes, dubtes, neguits i contradiccions tenim a l\u2019hora de voler ser m\u00e9s participatives?<br \/>\nPosarem a debat i aprofundirem i reflexionarem sobre diferents idees a traves de din\u00e0miques i reflexions conjuntes amb els participants<\/td>\n<\/tr>\n<tr>\n<td data-sheets-value=\"&#091;null,2,\">Actualitzem-nos!<\/td>\n<td data-sheets-value=\"&#091;null,2,\">Sabeu de qu\u00e8 parlen els Estatuts i el Reglament de R\u00e8gim Intern d\u2019Esplais Catalans? Com defineixen els valors de l\u2019entitat i quins en recullen? Aprofitem la Monifesta\u2019t per debatre els punts m\u00e9s transcendents, perqu\u00e8 l\u2019ess\u00e8ncia d\u2019Esplac no canvia, per\u00f2 cal adequar el llenguatge a la realitat!<\/td>\n<\/tr>\n<tr>\n<td data-sheets-value=\"&#091;null,2,\">Que les contradiccions no puguin amb nosaltres, siguem #MonisImparables<\/td>\n<td data-sheets-value=\"&#091;null,2,\">Vivim en un m\u00f3n cada vegada m\u00e9s complex i interconnectat. L\u2019esplai no est\u00e0 a\u00efllat del que passa al seu voltant i nosaltres com a monis sovint hem de confrontar contradiccions entre all\u00f2 que fem i el que pensem. En som realment conscients? Com podem gestionar aquests \u201cmals de panxa\u201d? Ser\u00edem capaces d\u2019evitar-les? O m\u00e9s val acceptar que som uns hip\u00f2crites?<\/td>\n<\/tr>\n<tr>\n<td data-sheets-value=\"&#091;null,2,\">La m\u00fasica a l\u2019esplai<\/td>\n<td data-sheets-value=\"&#091;null,2,\">Espai per a compartir les experi\u00e8ncies i projectes musicals que hem viscut als nostres esplais i fer un an\u00e0lisi de l\u2019\u00fas de la m\u00fasica com a eina educativa a l\u2019esplai<\/td>\n<\/tr>\n<tr>\n<td data-sheets-value=\"&#091;null,2,\">Treballem el g\u00e8nere a traves del cos i l\u2019expressi\u00f3<\/td>\n<td data-sheets-value=\"&#091;null,2,\">G\u00e8nere a trav\u00e9s del cos i l\u2019expressi\u00f3, ser\u00e0 un taller vivencial per parlar i pensar sobre nosaltres mateixes posant en dubte mites com el de l\u2019amor rom\u00e0ntic. Fer-nos m\u00e9s conscients de la construcci\u00f3 ens ajuda a la deconstrucci\u00f3.<\/td>\n<\/tr>\n<tr>\n<td data-sheets-value=\"&#091;null,2,\">Present i futur de la UE<\/td>\n<td data-sheets-value=\"&#091;null,2,\">El proc\u00e9s d\u2019integraci\u00f3 europeu afronta diferents reptes a nivell econ\u00f2mic, social, pol\u00edtic,\u2026 Que impliquen crisis en diferents fronts, durant el debat discutirem sobre quina \u00e9s la UE que volem i qu\u00e8 caldria que pass\u00e9s perqu\u00e8 tingu\u00e9s sentit. Parlarem de legitimitat democr\u00e0tica, participaci\u00f3, mecanismes de control,\u2026 I tot all\u00f2 que vulguem!<\/td>\n<\/tr>\n<tr>\n<td data-sheets-value=\"&#091;null,2,\">Emociona\u2019t a la Monifesta\u2019t<\/td>\n<td data-sheets-value=\"&#091;null,2,\">Treballeu les emocions als vostres esplais? Coneixeu quines s\u00f3n i com les poden treballar? Com podem crear un espai emocionalment sa a l\u2019esplai?<br \/>\nSi vols cone\u00ecxer i viure en primera persona din\u00e0miques sobre educaci\u00f3 emocional, aquesta \u00e9s la teva activitat! No t\u2019ho pensis m\u00e9s, i deixa\u2019t emocionar<\/td>\n<\/tr>\n<tr>\n<td data-sheets-value=\"&#091;null,2,\">Inercanvi d\u2019experi\u00e8ncies de rutes<\/td>\n<td data-sheets-value=\"&#091;null,2,\">Espai per a compartir experi\u00e8ncies sorbre les millors rutes que heu fet com esplais i tots els dubtes que sorgeixen a l\u2019hora de preparar-ne una: On anem de ruta? Qu\u00e8 cal tenir en compte abans de marxar? Qu\u00e8 ens hem d\u2019endur? Quanta estona podem caminar? On podem dormir? Quins documents hem de dur a sobre?<\/td>\n<\/tr>\n<tr>\n<td data-sheets-value=\"&#091;null,2,\">Inercanvi d\u2019experi\u00e8ncies de campaments<\/td>\n<td data-sheets-value=\"&#091;null,2,\">Espai per a compartir experi\u00e8ncies sorbre la realitzaci\u00f3 dels campaments i tots els dubtes que sorgeixen a l\u2019hora d\u2019organitxar-los: Com triem el terreny d\u2019acampada? De quins serveis i comoditats podem prescindir? Quins documents hem de dur a sobre?<\/td>\n<\/tr>\n<tr>\n<td data-sheets-value=\"&#091;null,2,\">L\u2019alimentaci\u00f3 a l\u2019esplai<\/td>\n<td data-sheets-value=\"&#091;null,2,\">Esmorzar, dinar, berenar i sopar \u00e9s imprescindible per a carregar els infants, joves i monis d\u2019energia de l\u2019esplai! Per\u00f2\u2026 com fem uns men\u00fas equilibrats durant les Col\u00f2nies, Campaments i Rutes? Com calculem les mides per anar a comprar? Quines s\u00f3n les claus per a que funcioni la intend\u00e8ncia a les activitats?<\/td>\n<\/tr>\n<tr>\n<td data-sheets-value=\"&#091;null,2,\">Consum responsable a l\u2019esplai<\/td>\n<td data-sheets-value=\"&#091;null,2,\">La tasca educativa dels esplais genera impactes en el nostre entorn: cobrem quotes, gestionem subvencions p\u00fabliques, fem compres de material, anem amb transport, comprem menjar, etc. Quins canvis podem fer per tal de generar impactes positius a la societat en relaci\u00f3 a la gesti\u00f3 de recursos? Compartim idees per a fer una gesti\u00f3 de recursos responsable a l\u2019esplai!<\/td>\n<\/tr>\n<tr>\n<td data-sheets-value=\"&#091;null,2,\">Gesti\u00f3 econ\u00f2mica a l\u2019esplai<\/td>\n<td data-sheets-value=\"&#091;null,2,\">Com gestionem els comptes de l\u2019esplai? tenim controlades totes els novetats fiscals? Gestionem beques? Com ho fem? Compartim idees, eines i recursos per a fer m\u00e9s clars els n\u00fameros i assegurar una gesti\u00f3 econ\u00f2mica responsable i d\u2019acord amb la nostra manera de funcionar a l\u2019esplai<\/td>\n<\/tr>\n<tr>\n<td data-sheets-value=\"&#091;null,2,\">Intercanvi de jocs<\/td>\n<td data-sheets-value=\"&#091;null,2,\">I avui a qu\u00e8 juguem? El joc \u00e9s l\u2019eina educativa dels esplais i no podem oblidar que jugar \u00e9s un dret, una font d\u2019aprenentatge, de socialitzaci\u00f3 i de creixement personal. Aquest \u00e9s un espai per a compartir i provar nous jocs i noves versions dels jocs de sempre.<\/td>\n<\/tr>\n<tr>\n<td data-sheets-value=\"&#091;null,2,\">Intercanvi d\u2019experi\u00e8ncies d\u2019organitzaci\u00f3 de l\u2019esplai<\/td>\n<td data-sheets-value=\"&#091;null,2,\">Com ens organitzem a l\u2019esplai? A l\u2019equip de monis tenim c\u00e0rregs o comissions? Ens funcionen? Quin \u00e9s l\u2019organigrama de l\u2019esplai? quin paper hi juga l\u2019equip de monis? i els infants i joves? i les fam\u00edlies? i les entitats i administracions properes? Fem un intercanvi d\u2019experi\u00e8ncies organitzatives per a recollir idees que ens ajugdin a millorar l\u2019organitaci\u00f3 de la nostra entitat<\/td>\n<\/tr>\n<tr>\n<td data-sheets-value=\"&#091;null,2,\">Intercanvi d\u2019activitats de nit<\/td>\n<td data-sheets-value=\"&#091;null,2,\">Quines activitats fem durant els campaments, col\u00f2nies i rutes? Ens activem per cansar-nos i dormir molt? ens relaxem per dormir tranquils? Aprofitem la foscor de la nit per jugar a amagar-nos? Per treballar la por?<\/td>\n<\/tr>\n<tr>\n<td data-sheets-value=\"&#091;null,2,\">La situaci\u00f3 de la inf\u00e0ncia a Palestina<\/td>\n<td data-sheets-value=\"&#091;null,2,\">En el marc del projecte Brigades a Palestina, la comissi\u00f3 internacional d\u2019Esplac vol sensibilitzar i donar a con\u00e8ixer la situaci\u00f3 de la inf\u00e0ncia a Palestina i alhora, animar a monis a impliacar-se en el grup de treball<\/td>\n<\/tr>\n<tr>\n<td data-sheets-value=\"&#091;null,2,\">Parlem de transexualitat i diversitat de g\u00e8nere<\/td>\n<td data-sheets-value=\"&#091;null,2,\">Mitjan\u00e7ant diversos recursos visuals farem una posada en com\u00fa d\u2019idees diverses per dur a la pr\u00e0ctica dels nostres espais educatius una perspectiva de g\u00e8nere real i inclusiva on tinguem en compte tota diversitat<\/td>\n<\/tr>\n<tr>\n<td data-sheets-value=\"&#091;null,2,\">Tallers de Redu\u00efnt Petjada<\/td>\n<td><\/td>\n<\/tr>\n<tr>\n<td data-sheets-value=\"&#091;null,2,\">Detecci\u00f3 de conductes de risc<\/td>\n<td data-sheets-value=\"&#091;null,2,\">Els monitors\/es gaudeixen d\u2019una posici\u00f3 estrat\u00e8gica pel que fa a la capacitat de con\u00e8ixer la realitat del grup i de les necessitats individuals del grup; la seva posici\u00f3 com a referent el converteixen en una persona amb capacitat d\u2019intervenci\u00f3 per contribuir a millorar les vides d\u2019infants i joves. En aquest sentit des dels esplais s\u2019ha de facilitar el treball de valors, d\u2019actituds i la promoci\u00f3 d\u2019h\u00e0bits saludables.<br \/>\nLa formaci\u00f3 ens proposa treballar al voltant de l\u2019educaci\u00f3 per la salut com a eix transversal en el m\u00f3n del lleure posant especial inter\u00e8s en aquelles eines, recursos i elements que facilitaran la intervenci\u00f3 educativa en relaci\u00f3 a aquesta q\u00fcesti\u00f3.<\/td>\n<\/tr>\n<tr>\n<td data-sheets-value=\"&#091;null,2,\">Els drets dels infants a l\u2019associacionisme educatiu<\/td>\n<td data-sheets-value=\"&#091;null,2,\">Amb aquesta formaci\u00f3 es vol familiaritzar els monitors\/es amb conceptes b\u00e0sics relacionats amb els drets dels infants i dotar-los de recursos i eines per treballar-los al llarg del curs amb els participants de l\u2019esplai a trav\u00e9s de jocs i de din\u00e0miques.<\/td>\n<\/tr>\n<tr>\n<td data-sheets-value=\"&#091;null,2,\">Finan\u00e7ament i Banca \u00e8tica<\/td>\n<td data-sheets-value=\"&#091;null,2,\">Aquest curs pret\u00e9n abordar de forma general els aspectes relacionats amb el finan\u00e7ament d\u2019una associaci\u00f3, centrant-se en con\u00e8ixer els diferents tipus de finan\u00e7ament (propi, p\u00fablic i privat) i els aspectes a tenir en compte per al seu correcte desenvolupament. Tamb\u00e9 pret\u00e9n incidir en la necessitat que les associacions estableixin criteris en quan a la seva forma de finan\u00e7ar-se per tal que la seva economia sigui coherent amb la seva ideologia.<\/td>\n<\/tr>\n<tr>\n<td data-sheets-value=\"&#091;null,2,\">Diversitat funcional<\/td>\n<td data-sheets-value=\"&#091;null,2,\">Amb aquesta c\u00e0psula formativa es pret\u00e9n que els participants adquireixin un coneixement general en relaci\u00f3 al col\u00b7lectiu d\u2019infants, d\u2019adolescents i de joves amb necessitats educatives espec\u00edfiques, per tal que puguin entendre\u2019ls millor i desenvolupar la seva tasca educativa de forma m\u00e9s \u00f2ptima. Tamb\u00e9 s\u2019ofereixen eines i recursos per a la intervenci\u00f3 educativa.<\/td>\n<\/tr>\n<tr>\n<td data-sheets-value=\"&#091;null,2,\">Gesti\u00f3 de la por<\/td>\n<td data-sheets-value=\"&#091;null,2,\">Qu\u00e8 ens fa por? Qu\u00e8 ens passa quan tenim por? Fem passar por als infants i joves a les activitats de nit? Com ho fem? Tenim prou eines per a transformar la por en un moment d\u2019aprenentge, de reptes i de cohesi\u00f3?<\/td>\n<\/tr>\n<tr>\n<td data-sheets-value=\"&#091;null,2,\">Resoluci\u00f3 de conflictes<\/td>\n<td><\/td>\n<\/tr>\n<tr>\n<td data-sheets-value=\"&#091;null,2,\">La orientaci\u00f3 i la preparaci\u00f3 de les excursions<\/td>\n<td><\/td>\n<\/tr>\n<tr>\n<td data-sheets-value=\"&#091;null,2,\">Les noves tecnologies. En podem fer un \u00fas pedag\u00f2gic?<\/td>\n<td><\/td>\n<\/tr>\n<tr>\n<td data-sheets-value=\"&#091;null,2,\">Detecci\u00f3 de l\u2019ab\u00fas sexual<\/td>\n<td data-sheets-value=\"&#091;null,2,\">Quines eines tenim a l\u2019esplai per detectar l\u2019ab\u00fas sexual? Qu\u00e8 passa quan tenim algun indici o certesa que pot estar passant? Quins passos hem de seguir? Quin \u00e9s el paper de l\u2019esplai en el proc\u00e8s? Quines responsabilitats tenim?<\/td>\n<\/tr>\n<tr>\n<td colspan=\"2\" rowspan=\"1\" data-sheets-value=\"&#091;null,2,\">\n<h3>TARDA 2 , DE 18.30 A 20.30H<\/h3>\n<\/td>\n<\/tr>\n<tr>\n<td colspan=\"2\" rowspan=\"1\" data-sheets-value=\"&#091;null,2,\">Les mateixes activitats<\/td>\n<\/tr>\n<\/tbody>\n<\/table>\n<table dir=\"ltr\" style=\"height: 272px;\" border=\"1\" width=\"1185\" cellspacing=\"0\" cellpadding=\"0\">\n<colgroup>\n<col width=\"199\" \/>\n<col width=\"554\" \/><\/colgroup>\n<tbody>\n<tr>\n<td colspan=\"2\" rowspan=\"1\" data-sheets-value=\"&#091;null,2,\">\n<h4>NIT<\/h4>\n<\/td>\n<\/tr>\n<tr>\n<td data-sheets-value=\"&#091;null,2,\">Espai Alliberat<\/td>\n<td><\/td>\n<\/tr>\n<tr>\n<td colspan=\"2\" rowspan=\"1\" data-sheets-value=\"&#091;null,2,\">de 22.30 a 24.30<\/td>\n<\/tr>\n<tr>\n<td data-sheets-value=\"&#091;null,2,\">CONCERT THUG LIVE BAND<\/td>\n<td data-sheets-value=\"&#091;null,2,\">Grup de versions. Patxanga, tralla, rock simf\u00f2nic i cabaret-rock. Gresca &amp; Xerinola local party<\/td>\n<\/tr>\n<tr>\n<td colspan=\"2\" rowspan=\"1\" data-sheets-value=\"&#091;null,2,\">de 24.30 a 02<\/td>\n<\/tr>\n<tr>\n<td data-sheets-value=\"&#091;null,2,\">DJ Ketzy<\/td>\n<td data-sheets-value=\"&#091;null,2,\">Patxanga, merequetengue i els millors \u201chits del verano\u201d. Ex-muni del Roques Albes de Sallent i fent tremolar el pa\u00eds sencer, la PD Ketzy ho rebentar\u00e0 tot!! Estigueu preparades i preparats per remenar el cos fins que no pogueu m\u00e9s!\u201d<\/td>\n<\/tr>\n<\/tbody>\n<\/table>\n<h4>ACTIVITATS REIVINDICATIVES<\/h4>\n<p>Zumba (de 9 a 10h)<\/p>\n<p>Acte de mat\u00ed (de 10 a 12h)<\/p>\n<p><strong>ACTE REIVINDICATIU<\/strong>\u00a0(de 12 a 14h)<\/p>\n<\/div><div class=\"nav fusion-mobile-tab-nav\"><ul class=\"nav-tabs\" role=\"tablist\"><li role=\"presentation\"><a class=\"tab-link\" data-toggle=\"tab\" role=\"tab\" aria-controls=\"tab-edb362e06bdf1db14b5\" aria-selected=\"false\" tabindex=\"-1\" id=\"mobile-fusion-tab-organitzaci\u00f3\" href=\"#tab-edb362e06bdf1db14b5\"><h4 class=\"fusion-tab-heading\"><i class=\"fontawesome-icon fa-sitemap fas\" aria-hidden=\"true\" style=\"font-size:19px;\"><\/i>Organitzaci\u00f3<\/h4><\/a><\/li><\/ul><\/div><div class=\"tab-pane fade fusion-clearfix\" role=\"tabpanel\" tabindex=\"0\" aria-labelledby=\"fusion-tab-organitzaci\u00f3\" id=\"tab-edb362e06bdf1db14b5\">\n<p>Totes les persones que formem part d\u2019Esplais Catalans participem en el disseny, la preparaci\u00f3 i el desenvolupament de la Monifesta\u2019t. Per\u00f2 hi ha algunes persones que\u00a0formaran part d\u2019un equip encarregat de garantir el funcionament general de la trobada: el grup d\u2019<strong>ORGANITZACI\u00d3<\/strong>.<\/p>\n<p class=\"p1\"><span style=\"color: #f69d0b;\"><strong><a style=\"color: #f69d0b;\" href=\"https:\/\/docs.google.com\/a\/esplac.cat\/forms\/d\/1yTbjmFqmTzdOa0_VemfW1lSAv_rcB2SgTRpRVPfk1Gk\/viewform?c=0&amp;w=1\" target=\"_blank\" rel=\"noopener noreferrer\"><span class=\"s1\">Si voleu formar part de l\u2019<\/span><span class=\"s2\">organitzaci\u00f3<\/span><span class=\"s1\">\u00a0cliqueu aqu\u00ed i ompliu el<\/span><span class=\"s1\">\u00a0formulari<\/span><\/a><\/strong><\/span><span class=\"s1\">\u00a0amb les vostres dades i les activitats que preferiu\u00a0dinamitzar o realitzar.<\/span><\/p>\n<p class=\"p1\"><strong>Tots els monitors i monitores seran responsables del bon funcionament de la trobada<\/strong>\u00a0amb el seu comprom\u00eds en l\u2019acompliment d\u2019horaris, el respecte a la normativa dels diferents espais de la trobada, la seva participaci\u00f3 activa i, sobretot, la seva motivaci\u00f3!<\/p>\n<\/div><div class=\"nav fusion-mobile-tab-nav\"><ul class=\"nav-tabs\" role=\"tablist\"><li role=\"presentation\"><a class=\"tab-link\" data-toggle=\"tab\" role=\"tab\" aria-controls=\"tab-bf73b2a5ca0c387e7ea\" aria-selected=\"false\" tabindex=\"-1\" id=\"mobile-fusion-tab-localitzaci\u00f3\" href=\"#tab-bf73b2a5ca0c387e7ea\"><h4 class=\"fusion-tab-heading\"><i class=\"fontawesome-icon fa-map-marker-alt fas\" aria-hidden=\"true\" style=\"font-size:19px;\"><\/i>Localitzaci\u00f3<\/h4><\/a><\/li><\/ul><\/div><div class=\"tab-pane fade fusion-clearfix\" role=\"tabpanel\" tabindex=\"0\" aria-labelledby=\"fusion-tab-localitzaci\u00f3\" id=\"tab-bf73b2a5ca0c387e7ea\">\n<p>La Monifesta\u2019t tindr\u00e0 lloc a diversos espais de la poblaci\u00f3 de\u00a0<strong>Berga<\/strong>\u00a0el 16 i 17 d\u2019abril. Fer la trobada al\u00a0<strong>Bages-Bergued\u00e0<\/strong>\u00a0\u00e9s una manera de donar a con\u00e8ixer qui som i qu\u00e8 fem en aquest sector, per a qu\u00e8 se\u2019ns escolti i se\u2019ns reconegui la feina que es fa dia a dia a cada un dels llocs on un esplai desenvolupa la seva activitat.<\/p>\n<p>Afegirem properament\u00a0<strong>un mapa<\/strong>\u00a0on trobareu els diferents espais en qu\u00e8 es desenvolupar\u00e0 la trobada.<\/p>\n<\/div><div class=\"nav fusion-mobile-tab-nav\"><ul class=\"nav-tabs\" role=\"tablist\"><li role=\"presentation\"><a class=\"tab-link\" data-toggle=\"tab\" role=\"tab\" aria-controls=\"tab-9b591f19b4f34f841ce\" aria-selected=\"false\" tabindex=\"-1\" id=\"mobile-fusion-tab-video\" href=\"#tab-9b591f19b4f34f841ce\"><h4 class=\"fusion-tab-heading\"><i class=\"fontawesome-icon fa-youtube fab\" aria-hidden=\"true\" style=\"font-size:19px;\"><\/i>Video<\/h4><\/a><\/li><\/ul><\/div><div class=\"tab-pane fade fusion-clearfix\" role=\"tabpanel\" tabindex=\"0\" aria-labelledby=\"fusion-tab-video\" id=\"tab-9b591f19b4f34f841ce\"><iframe class=\"fusion-hidden\" data-privacy-type=\"youtube\" src=\"\" data-privacy-src=\"https:\/\/www.youtube.com\/embed\/OJ-b0uXdFmI\" width=\"100%\" height=\"600\" frameborder=\"0\" allowfullscreen=\"allowfullscreen\"><\/iframe><div class=\"fusion-privacy-placeholder\" style=\"width:100%; height:600px;\" data-privacy-type=\"youtube\"><div class=\"fusion-privacy-placeholder-content\"><div class=\"fusion-privacy-label\">For privacy reasons YouTube needs your permission to be loaded. For more details, please see our <a class=\"privacy-policy-link\" href=\"https:\/\/www.esplac.cat\/avis-legal\/\" rel=\"privacy-policy\">Av\u00eds Legal<\/a>.<\/div><a href=\"\" data-privacy-type=\"youtube\" class=\"fusion-button button-default fusion-button-default-size button fusion-privacy-consent\">I Accept<\/a><\/div><\/div><\/div><\/div><\/div><div class=\"fusion-clearfix\"><\/div><\/div><\/div><\/div><\/div><div class=\"fusion-fullwidth fullwidth-box fusion-builder-row-2 fusion-flex-container nonhundred-percent-fullwidth non-hundred-percent-height-scrolling\" style=\"--awb-border-radius-top-left:0px;--awb-border-radius-top-right:0px;--awb-border-radius-bottom-right:0px;--awb-border-radius-bottom-left:0px;--awb-margin-bottom:50px;--awb-flex-wrap:wrap;\" ><div class=\"fusion-builder-row fusion-row fusion-flex-align-items-flex-start fusion-flex-content-wrap\" style=\"max-width:1248px;margin-left: calc(-4% \/ 2 );margin-right: calc(-4% \/ 2 );\"><div class=\"fusion-layout-column fusion_builder_column fusion-builder-column-2 fusion_builder_column_1_1 1_1 fusion-flex-column\" style=\"--awb-bg-blend:overlay;--awb-bg-size:cover;--awb-width-large:100%;--awb-margin-top-large:0px;--awb-spacing-right-large:1.92%;--awb-margin-bottom-large:20px;--awb-spacing-left-large:1.92%;--awb-width-medium:100%;--awb-spacing-right-medium:1.92%;--awb-spacing-left-medium:1.92%;--awb-width-small:100%;--awb-spacing-right-small:1.92%;--awb-spacing-left-small:1.92%;\"><div class=\"fusion-column-wrapper fusion-column-has-shadow fusion-flex-justify-content-flex-start fusion-content-layout-column\"><div class=\"fusion-text fusion-text-1\"><h3><strong>Altres edicions de la Monifesta\u2019t<\/strong><\/h3>\n<\/div><\/div><\/div><div class=\"fusion-layout-column fusion_builder_column fusion-builder-column-3 fusion_builder_column_1_4 1_4 fusion-flex-column fusion-column-inner-bg-wrapper\" style=\"--awb-inner-bg-blend:overlay;--awb-inner-bg-size:cover;--awb-width-large:25%;--awb-margin-top-large:0px;--awb-spacing-right-large:7.68%;--awb-margin-bottom-large:20px;--awb-spacing-left-large:7.68%;--awb-width-medium:100%;--awb-order-medium:0;--awb-spacing-right-medium:1.92%;--awb-spacing-left-medium:1.92%;--awb-width-small:100%;--awb-order-small:0;--awb-spacing-right-small:1.92%;--awb-spacing-left-small:1.92%;\" data-motion-effects=\"[{&quot;type&quot;:&quot;&quot;,&quot;scroll_type&quot;:&quot;transition&quot;,&quot;scroll_direction&quot;:&quot;up&quot;,&quot;transition_speed&quot;:&quot;1&quot;,&quot;fade_type&quot;:&quot;in&quot;,&quot;scale_type&quot;:&quot;up&quot;,&quot;initial_scale&quot;:&quot;1&quot;,&quot;max_scale&quot;:&quot;1.5&quot;,&quot;min_scale&quot;:&quot;0.5&quot;,&quot;initial_rotate&quot;:&quot;0&quot;,&quot;end_rotate&quot;:&quot;30&quot;,&quot;initial_blur&quot;:&quot;0&quot;,&quot;end_blur&quot;:&quot;3&quot;,&quot;start_element&quot;:&quot;top&quot;,&quot;start_viewport&quot;:&quot;bottom&quot;,&quot;end_element&quot;:&quot;bottom&quot;,&quot;end_viewport&quot;:&quot;top&quot;,&quot;mouse_effect&quot;:&quot;track&quot;,&quot;mouse_effect_direction&quot;:&quot;opposite&quot;,&quot;mouse_effect_speed&quot;:&quot;2&quot;,&quot;infinite_animation&quot;:&quot;float&quot;,&quot;infinite_animation_speed&quot;:&quot;2&quot;}]\" data-scroll-devices=\"small-visibility,medium-visibility,large-visibility\"><span class=\"fusion-column-inner-bg hover-type-none\"><a class=\"fusion-column-anchor\" href=\"https:\/\/www.esplac.cat\/trobades\/monifestat-2023\/\"><span class=\"fusion-column-inner-bg-image\"><\/span><\/a><\/span><div class=\"fusion-column-wrapper fusion-column-has-shadow fusion-flex-justify-content-flex-start fusion-content-layout-column\"><div class=\"fusion-image-element \" style=\"text-align:center;--awb-liftup-border-radius:0px;--awb-caption-title-font-family:var(--h2_typography-font-family);--awb-caption-title-font-weight:var(--h2_typography-font-weight);--awb-caption-title-font-style:var(--h2_typography-font-style);--awb-caption-title-size:var(--h2_typography-font-size);--awb-caption-title-transform:var(--h2_typography-text-transform);--awb-caption-title-line-height:var(--h2_typography-line-height);--awb-caption-title-letter-spacing:var(--h2_typography-letter-spacing);\"><div class=\"awb-image-frame awb-image-frame-1 imageframe-liftup\"><span class=\" fusion-imageframe imageframe-none imageframe-1\"><a class=\"fusion-no-lightbox\" href=\"https:\/\/www.esplac.cat\/trobades\/monifestat-2023\/\" target=\"_self\" aria-label=\"Cartell oficial_Monifestat23\"><img decoding=\"async\" width=\"212\" height=\"300\" alt=\"Cartell oficial_Monifestat23\" src=\"https:\/\/www.esplac.cat\/wp-content\/uploads\/2023\/03\/Cartell-oficial_Monifestat23-212x300.jpg\" class=\"img-responsive wp-image-43953\" srcset=\"https:\/\/www.esplac.cat\/wp-content\/uploads\/2023\/03\/Cartell-oficial_Monifestat23-200x283.jpg 200w, https:\/\/www.esplac.cat\/wp-content\/uploads\/2023\/03\/Cartell-oficial_Monifestat23-400x566.jpg 400w, https:\/\/www.esplac.cat\/wp-content\/uploads\/2023\/03\/Cartell-oficial_Monifestat23-600x849.jpg 600w, https:\/\/www.esplac.cat\/wp-content\/uploads\/2023\/03\/Cartell-oficial_Monifestat23-800x1132.jpg 800w, https:\/\/www.esplac.cat\/wp-content\/uploads\/2023\/03\/Cartell-oficial_Monifestat23.jpg 1131w\" sizes=\"(max-width: 1024px) 100vw, (max-width: 640px) 100vw, 400px\" \/><\/a><\/span><\/div><\/div><div class=\"fusion-separator fusion-full-width-sep\" style=\"align-self: center;margin-left: auto;margin-right: auto;margin-bottom:20px;width:100%;\"><\/div><div class=\"fusion-text fusion-text-2\"><h5 style=\"text-align: center;\"><a href=\"https:\/\/www.esplac.cat\/trobades\/monifestat-2023\/\"><strong>Monifesta\u2019t 2023<\/strong><\/a><\/h5>\n<\/div><\/div><\/div><div class=\"fusion-layout-column fusion_builder_column fusion-builder-column-4 fusion_builder_column_1_4 1_4 fusion-flex-column\" style=\"--awb-bg-blend:overlay;--awb-bg-size:cover;--awb-width-large:25%;--awb-margin-top-large:0px;--awb-spacing-right-large:7.68%;--awb-margin-bottom-large:20px;--awb-spacing-left-large:7.68%;--awb-width-medium:100%;--awb-spacing-right-medium:1.92%;--awb-spacing-left-medium:1.92%;--awb-width-small:100%;--awb-spacing-right-small:1.92%;--awb-spacing-left-small:1.92%;\"><div class=\"fusion-column-wrapper fusion-column-has-shadow fusion-flex-justify-content-flex-start fusion-content-layout-column\"><div class=\"fusion-image-element \" style=\"text-align:center;--awb-liftup-border-radius:0px;--awb-caption-title-font-family:var(--h2_typography-font-family);--awb-caption-title-font-weight:var(--h2_typography-font-weight);--awb-caption-title-font-style:var(--h2_typography-font-style);--awb-caption-title-size:var(--h2_typography-font-size);--awb-caption-title-transform:var(--h2_typography-text-transform);--awb-caption-title-line-height:var(--h2_typography-line-height);--awb-caption-title-letter-spacing:var(--h2_typography-letter-spacing);\"><div class=\"awb-image-frame awb-image-frame-2 imageframe-liftup\"><span class=\" fusion-imageframe imageframe-none imageframe-2\"><a class=\"fusion-no-lightbox\" href=\"\/trobades\/monifestat-2019\/\" target=\"_self\" aria-label=\"A3_Monifestat-Cartell (1)\"><img decoding=\"async\" width=\"212\" height=\"300\" src=\"https:\/\/www.esplac.cat\/wp-content\/uploads\/2022\/12\/A3_Monifestat-Cartell-1-212x300.jpg\" alt class=\"img-responsive wp-image-42303\" srcset=\"https:\/\/www.esplac.cat\/wp-content\/uploads\/2022\/12\/A3_Monifestat-Cartell-1-200x283.jpg 200w, https:\/\/www.esplac.cat\/wp-content\/uploads\/2022\/12\/A3_Monifestat-Cartell-1-400x566.jpg 400w, https:\/\/www.esplac.cat\/wp-content\/uploads\/2022\/12\/A3_Monifestat-Cartell-1-600x849.jpg 600w, https:\/\/www.esplac.cat\/wp-content\/uploads\/2022\/12\/A3_Monifestat-Cartell-1-800x1132.jpg 800w, https:\/\/www.esplac.cat\/wp-content\/uploads\/2022\/12\/A3_Monifestat-Cartell-1.jpg 842w\" sizes=\"(max-width: 1024px) 100vw, (max-width: 640px) 100vw, 400px\" \/><\/a><\/span><\/div><\/div><div class=\"fusion-separator fusion-full-width-sep\" style=\"align-self: center;margin-left: auto;margin-right: auto;margin-bottom:20px;width:100%;\"><\/div><div class=\"fusion-text fusion-text-3\"><h5 style=\"text-align: center;\"><a href=\"\/trobades\/monifestat-2019\/\"><strong>Monifesta\u2019t 2019<\/strong><\/a><\/h5>\n<\/div><\/div><\/div><div class=\"fusion-layout-column fusion_builder_column fusion-builder-column-5 fusion_builder_column_1_4 1_4 fusion-flex-column\" style=\"--awb-bg-blend:overlay;--awb-bg-size:cover;--awb-width-large:25%;--awb-margin-top-large:0px;--awb-spacing-right-large:7.68%;--awb-margin-bottom-large:20px;--awb-spacing-left-large:7.68%;--awb-width-medium:100%;--awb-spacing-right-medium:1.92%;--awb-spacing-left-medium:1.92%;--awb-width-small:100%;--awb-spacing-right-small:1.92%;--awb-spacing-left-small:1.92%;\"><div class=\"fusion-column-wrapper fusion-column-has-shadow fusion-flex-justify-content-flex-start fusion-content-layout-column\"><div class=\"fusion-image-element \" style=\"text-align:center;--awb-liftup-border-radius:0px;--awb-caption-title-font-family:var(--h2_typography-font-family);--awb-caption-title-font-weight:var(--h2_typography-font-weight);--awb-caption-title-font-style:var(--h2_typography-font-style);--awb-caption-title-size:var(--h2_typography-font-size);--awb-caption-title-transform:var(--h2_typography-text-transform);--awb-caption-title-line-height:var(--h2_typography-line-height);--awb-caption-title-letter-spacing:var(--h2_typography-letter-spacing);\"><div class=\"awb-image-frame awb-image-frame-3 imageframe-liftup\"><span class=\" fusion-imageframe imageframe-none imageframe-3\"><a class=\"fusion-no-lightbox\" href=\"\/trobades\/monifestat-2016\/\" target=\"_self\"><img decoding=\"async\" width=\"214\" height=\"300\" src=\"https:\/\/www.esplac.cat\/wp-content\/uploads\/2019\/10\/Cartells-Monifestat-01-768x1076-214x300.jpg\" alt class=\"img-responsive wp-image-35561\" srcset=\"https:\/\/www.esplac.cat\/wp-content\/uploads\/2019\/10\/Cartells-Monifestat-01-768x1076-200x280.jpg 200w, https:\/\/www.esplac.cat\/wp-content\/uploads\/2019\/10\/Cartells-Monifestat-01-768x1076-400x560.jpg 400w, https:\/\/www.esplac.cat\/wp-content\/uploads\/2019\/10\/Cartells-Monifestat-01-768x1076-600x841.jpg 600w\" sizes=\"(max-width: 1024px) 100vw, (max-width: 640px) 100vw, 400px\" \/><\/a><\/span><\/div><\/div><div class=\"fusion-separator fusion-full-width-sep\" style=\"align-self: center;margin-left: auto;margin-right: auto;margin-bottom:20px;width:100%;\"><\/div><div class=\"fusion-text fusion-text-4\"><h5 style=\"text-align: center;\"><a href=\"\/trobades\/monifestat-2016\/\"><strong>Monifesta\u2019t 2016<\/strong><\/a><\/h5>\n<\/div><\/div><\/div><div class=\"fusion-layout-column fusion_builder_column fusion-builder-column-6 fusion_builder_column_1_4 1_4 fusion-flex-column\" style=\"--awb-bg-blend:overlay;--awb-bg-size:cover;--awb-width-large:25%;--awb-margin-top-large:0px;--awb-spacing-right-large:7.68%;--awb-margin-bottom-large:20px;--awb-spacing-left-large:7.68%;--awb-width-medium:100%;--awb-spacing-right-medium:1.92%;--awb-spacing-left-medium:1.92%;--awb-width-small:100%;--awb-spacing-right-small:1.92%;--awb-spacing-left-small:1.92%;\"><div class=\"fusion-column-wrapper fusion-column-has-shadow fusion-flex-justify-content-flex-start fusion-content-layout-column\"><div class=\"fusion-image-element \" style=\"text-align:center;--awb-liftup-border-radius:0px;--awb-caption-title-font-family:var(--h2_typography-font-family);--awb-caption-title-font-weight:var(--h2_typography-font-weight);--awb-caption-title-font-style:var(--h2_typography-font-style);--awb-caption-title-size:var(--h2_typography-font-size);--awb-caption-title-transform:var(--h2_typography-text-transform);--awb-caption-title-line-height:var(--h2_typography-line-height);--awb-caption-title-letter-spacing:var(--h2_typography-letter-spacing);\"><div class=\"awb-image-frame awb-image-frame-4 imageframe-liftup\"><span class=\" fusion-imageframe imageframe-none imageframe-4\"><a class=\"fusion-no-lightbox\" href=\"\/trobades\/monifestat-2014\/\" target=\"_self\"><img decoding=\"async\" width=\"212\" height=\"300\" src=\"https:\/\/www.esplac.cat\/wp-content\/uploads\/2019\/10\/cartellA3-pantalla-alta-212x300.jpg\" alt class=\"img-responsive wp-image-24734\" srcset=\"https:\/\/www.esplac.cat\/wp-content\/uploads\/2019\/10\/cartellA3-pantalla-alta-200x283.jpg 200w, https:\/\/www.esplac.cat\/wp-content\/uploads\/2019\/10\/cartellA3-pantalla-alta-400x566.jpg 400w, https:\/\/www.esplac.cat\/wp-content\/uploads\/2019\/10\/cartellA3-pantalla-alta-600x849.jpg 600w, https:\/\/www.esplac.cat\/wp-content\/uploads\/2019\/10\/cartellA3-pantalla-alta-800x1132.jpg 800w, https:\/\/www.esplac.cat\/wp-content\/uploads\/2019\/10\/cartellA3-pantalla-alta-1200x1697.jpg 1200w\" sizes=\"(max-width: 1024px) 100vw, (max-width: 640px) 100vw, 400px\" \/><\/a><\/span><\/div><\/div><div class=\"fusion-separator fusion-full-width-sep\" style=\"align-self: center;margin-left: auto;margin-right: auto;margin-bottom:20px;width:100%;\"><\/div><div class=\"fusion-text fusion-text-5\"><h5 style=\"text-align: center;\"><a href=\"\/trobades\/monifestat-2014\/\"><strong>Monifesta\u2019t 2014<\/strong><\/a><\/h5>\n<\/div><\/div><\/div><\/div><\/div>\n<div class=\"fusion-fullwidth fullwidth-box fusion-builder-row-3 nonhundred-percent-fullwidth non-hundred-percent-height-scrolling\" style=\"--awb-border-radius-top-left:0px;--awb-border-radius-top-right:0px;--awb-border-radius-bottom-right:0px;--awb-border-radius-bottom-left:0px;--awb-flex-wrap:wrap;\" ><div class=\"fusion-builder-row fusion-row\"><div class=\"fusion-layout-column fusion_builder_column fusion-builder-column-7 fusion_builder_column_1_1 1_1 fusion-one-full fusion-column-first fusion-column-last\" style=\"--awb-bg-size:cover;\"><div class=\"fusion-column-wrapper fusion-column-has-shadow fusion-flex-column-wrapper-legacy\"><div class=\"fusion-text fusion-text-6\"><h3><strong>Not\u00edcies relacionades<\/strong><\/h3>\n<\/div><div class=\"fusion-sep-clear\"><\/div><div class=\"fusion-separator fusion-full-width-sep\" style=\"margin-left: auto;margin-right: auto;margin-bottom:20px;width:100%;\"><\/div><div class=\"fusion-sep-clear\"><\/div><div class=\"fusion-text fusion-text-7\">        <section class=\"wcp-slick\"  data-accessibility = on data-arrows = on data-autoplaySpeed = 3000 data-slidesToShow = 4 data-slidesToScroll = 1 data-speed = 300 data-margin = 20px data-rows = 1 data-slidesPerRow = 1 id=\"carousel-27399\">\n\n                            <div class=\"carousel-item-55988\">\n                    <div class=\"post-style-2\" style=\"box-shadow: ;background-color: ;\">\n    <div class=\"wcp-img-wrap\">\n        <a href=\"https:\/\/www.esplac.cat\/en\/presentem-monifestat-davant-premsa-manresa\/\">\n            <img decoding=\"async\" width=\"460\" height=\"295\" src=\"https:\/\/www.esplac.cat\/wp-content\/uploads\/2026\/04\/Noti_roda-de-premsa-460x295.png\" class=\"attachment-portfolio-two size-portfolio-two wp-post-image\" alt=\"\" \/>        <\/a>\n    <\/div>\n    <div class=\"wcp-content-wrap\">\n        <h3>\n            <a href=\"https:\/\/www.esplac.cat\/en\/presentem-monifestat-davant-premsa-manresa\/\" style=\"color: ;\">\n                Presentem la Monifesta\u2019t 2026 davant la premsa de Manresa            <\/a>\n        <\/h3>\n        <div class=\"wcp-post-meta wcp-disable-post-meta\" style=\"color: ;\">\n            <span class=\"wcp-post-author\"><i class=\"fa fa-user\"><\/i>\n                <a href=\"https:\/\/www.esplac.cat\/en\/author\/comunicacio\/\" title=\"Posts by Comunicaci\u00f3 Esplac\" rel=\"author\">Comunicaci\u00f3 Esplac<\/a>            <\/span>\n            &nbsp;\n            <span class=\"wcp-post-date\"><i class=\"fa fa-clock-o\"><\/i> 27 de April de 2026<\/span>\n        <\/div>\n        <div class=\"wcp-post-contents\">\n            27 de April de 2026                    <\/div>        \n    <\/div>\n<\/div>                <\/div>    \n\n                            <div class=\"carousel-item-55795\">\n                    <div class=\"post-style-2\" style=\"box-shadow: ;background-color: ;\">\n    <div class=\"wcp-img-wrap\">\n        <a href=\"https:\/\/www.esplac.cat\/en\/consulta-el-programa-de-la-monifestat-i-descobreix-tot-el-que-farem-durant-el-cap-de-setmana\/\">\n            <img decoding=\"async\" width=\"460\" height=\"295\" src=\"https:\/\/www.esplac.cat\/wp-content\/uploads\/2026\/03\/Noti_Programa_Monifestat-460x295.png\" class=\"attachment-portfolio-two size-portfolio-two wp-post-image\" alt=\"\" \/>        <\/a>\n    <\/div>\n    <div class=\"wcp-content-wrap\">\n        <h3>\n            <a href=\"https:\/\/www.esplac.cat\/en\/consulta-el-programa-de-la-monifestat-i-descobreix-tot-el-que-farem-durant-el-cap-de-setmana\/\" style=\"color: ;\">\n                Consulta el programa de la Monifesta\u2019t i descobreix tot el que farem durant el cap de setmana!            <\/a>\n        <\/h3>\n        <div class=\"wcp-post-meta wcp-disable-post-meta\" style=\"color: ;\">\n            <span class=\"wcp-post-author\"><i class=\"fa fa-user\"><\/i>\n                <a href=\"https:\/\/www.esplac.cat\/en\/author\/comunicacio\/\" title=\"Posts by Comunicaci\u00f3 Esplac\" rel=\"author\">Comunicaci\u00f3 Esplac<\/a>            <\/span>\n            &nbsp;\n            <span class=\"wcp-post-date\"><i class=\"fa fa-clock-o\"><\/i> 26 de March de 2026<\/span>\n        <\/div>\n        <div class=\"wcp-post-contents\">\n            26 de March de 2026                    <\/div>        \n    <\/div>\n<\/div>                <\/div>    \n\n                            <div class=\"carousel-item-55783\">\n                    <div class=\"post-style-2\" style=\"box-shadow: ;background-color: ;\">\n    <div class=\"wcp-img-wrap\">\n        <a href=\"https:\/\/www.esplac.cat\/en\/esclafant-motors-per-la-monifestat-2026\/\">\n            <img decoding=\"async\" width=\"460\" height=\"295\" src=\"https:\/\/www.esplac.cat\/wp-content\/uploads\/2026\/03\/Noti_tancada-GranComiteMarc-460x295.jpg\" class=\"attachment-portfolio-two size-portfolio-two wp-post-image\" alt=\"\" \/>        <\/a>\n    <\/div>\n    <div class=\"wcp-content-wrap\">\n        <h3>\n            <a href=\"https:\/\/www.esplac.cat\/en\/esclafant-motors-per-la-monifestat-2026\/\" style=\"color: ;\">\n                Esclafant motors per la Monifesta\u2019t 2026: L\u2019Equip d\u2019Organitzaci\u00f3 s\u2019ha reunit aquest cap de setmana a Manresa            <\/a>\n        <\/h3>\n        <div class=\"wcp-post-meta wcp-disable-post-meta\" style=\"color: ;\">\n            <span class=\"wcp-post-author\"><i class=\"fa fa-user\"><\/i>\n                <a href=\"https:\/\/www.esplac.cat\/en\/author\/comunicacio\/\" title=\"Posts by Comunicaci\u00f3 Esplac\" rel=\"author\">Comunicaci\u00f3 Esplac<\/a>            <\/span>\n            &nbsp;\n            <span class=\"wcp-post-date\"><i class=\"fa fa-clock-o\"><\/i> 24 de March de 2026<\/span>\n        <\/div>\n        <div class=\"wcp-post-contents\">\n            24 de March de 2026                    <\/div>        \n    <\/div>\n<\/div>                <\/div>    \n\n                            <div class=\"carousel-item-55377\">\n                    <div class=\"post-style-2\" style=\"box-shadow: ;background-color: ;\">\n    <div class=\"wcp-img-wrap\">\n        <a href=\"https:\/\/www.esplac.cat\/en\/obrim-inscripcions-trobada-general-monitores-esplac-monifestat-2026\/\">\n            <img decoding=\"async\" width=\"460\" height=\"295\" src=\"https:\/\/www.esplac.cat\/wp-content\/uploads\/2026\/02\/Noti_MF26-inscr-obertes-460x295.jpg\" class=\"attachment-portfolio-two size-portfolio-two wp-post-image\" alt=\"Monifesta&#039;t 2023\" \/>        <\/a>\n    <\/div>\n    <div class=\"wcp-content-wrap\">\n        <h3>\n            <a href=\"https:\/\/www.esplac.cat\/en\/obrim-inscripcions-trobada-general-monitores-esplac-monifestat-2026\/\" style=\"color: ;\">\n                Monifesta\u2019t 2026: Obrim les inscripcions per la trobada general de monitores i monitors d\u2019Esplac            <\/a>\n        <\/h3>\n        <div class=\"wcp-post-meta wcp-disable-post-meta\" style=\"color: ;\">\n            <span class=\"wcp-post-author\"><i class=\"fa fa-user\"><\/i>\n                <a href=\"https:\/\/www.esplac.cat\/en\/author\/comunicacio\/\" title=\"Posts by Comunicaci\u00f3 Esplac\" rel=\"author\">Comunicaci\u00f3 Esplac<\/a>            <\/span>\n            &nbsp;\n            <span class=\"wcp-post-date\"><i class=\"fa fa-clock-o\"><\/i> 9 de February de 2026<\/span>\n        <\/div>\n        <div class=\"wcp-post-contents\">\n            9 de February de 2026                    <\/div>        \n    <\/div>\n<\/div>                <\/div>    \n\n                            <div class=\"carousel-item-55198\">\n                    <div class=\"post-style-2\" style=\"box-shadow: ;background-color: ;\">\n    <div class=\"wcp-img-wrap\">\n        <a href=\"https:\/\/www.esplac.cat\/en\/obrim-les-inscripcions-per-formar-part-de-lequip-dorganitzacio-de-la-monifestat-2026\/\">\n            <img decoding=\"async\" width=\"460\" height=\"295\" src=\"https:\/\/www.esplac.cat\/wp-content\/uploads\/2026\/01\/Noti_MF26-equip-dorganitzacao-460x295.jpg\" class=\"attachment-portfolio-two size-portfolio-two wp-post-image\" alt=\"\" \/>        <\/a>\n    <\/div>\n    <div class=\"wcp-content-wrap\">\n        <h3>\n            <a href=\"https:\/\/www.esplac.cat\/en\/obrim-les-inscripcions-per-formar-part-de-lequip-dorganitzacio-de-la-monifestat-2026\/\" style=\"color: ;\">\n                Obrim les inscripcions per formar part de l\u2019Equip d\u2019organitzaci\u00f3 de la Monifesta\u2019t 2026!            <\/a>\n        <\/h3>\n        <div class=\"wcp-post-meta wcp-disable-post-meta\" style=\"color: ;\">\n            <span class=\"wcp-post-author\"><i class=\"fa fa-user\"><\/i>\n                <a href=\"https:\/\/www.esplac.cat\/en\/author\/comunicacio\/\" title=\"Posts by Comunicaci\u00f3 Esplac\" rel=\"author\">Comunicaci\u00f3 Esplac<\/a>            <\/span>\n            &nbsp;\n            <span class=\"wcp-post-date\"><i class=\"fa fa-clock-o\"><\/i> 30 de January de 2026<\/span>\n        <\/div>\n        <div class=\"wcp-post-contents\">\n            30 de January de 2026                    <\/div>        \n    <\/div>\n<\/div>                <\/div>    \n\n                            <div class=\"carousel-item-54900\">\n                    <div class=\"post-style-2\" style=\"box-shadow: ;background-color: ;\">\n    <div class=\"wcp-img-wrap\">\n        <a href=\"https:\/\/www.esplac.cat\/en\/presentem-imatge-grafica-monifestat-2026\/\">\n            <img decoding=\"async\" width=\"460\" height=\"295\" src=\"https:\/\/www.esplac.cat\/wp-content\/uploads\/2025\/12\/Banner-web_Monifestat_2026-460x295.jpg\" class=\"attachment-portfolio-two size-portfolio-two wp-post-image\" alt=\"\" \/>        <\/a>\n    <\/div>\n    <div class=\"wcp-content-wrap\">\n        <h3>\n            <a href=\"https:\/\/www.esplac.cat\/en\/presentem-imatge-grafica-monifestat-2026\/\" style=\"color: ;\">\n                Presentem la imatge gr\u00e0fica de la Monifesta\u2019t 2026            <\/a>\n        <\/h3>\n        <div class=\"wcp-post-meta wcp-disable-post-meta\" style=\"color: ;\">\n            <span class=\"wcp-post-author\"><i class=\"fa fa-user\"><\/i>\n                <a href=\"https:\/\/www.esplac.cat\/en\/author\/comunicacio\/\" title=\"Posts by Comunicaci\u00f3 Esplac\" rel=\"author\">Comunicaci\u00f3 Esplac<\/a>            <\/span>\n            &nbsp;\n            <span class=\"wcp-post-date\"><i class=\"fa fa-clock-o\"><\/i> 12 de December de 2025<\/span>\n        <\/div>\n        <div class=\"wcp-post-contents\">\n            12 de December de 2025                    <\/div>        \n    <\/div>\n<\/div>                <\/div>    \n\n                            <div class=\"carousel-item-53497\">\n                    <div class=\"post-style-2\" style=\"box-shadow: ;background-color: ;\">\n    <div class=\"wcp-img-wrap\">\n        <a href=\"https:\/\/www.esplac.cat\/en\/convocatoria-oberta-vols-crear-la-identitat-visual-2026\/\">\n            <img decoding=\"async\" width=\"460\" height=\"295\" src=\"https:\/\/www.esplac.cat\/wp-content\/uploads\/2025\/04\/Identitat-visual-EE-Monifestat-26-1-460x295.jpg\" class=\"attachment-portfolio-two size-portfolio-two wp-post-image\" alt=\"\" \/>        <\/a>\n    <\/div>\n    <div class=\"wcp-content-wrap\">\n        <h3>\n            <a href=\"https:\/\/www.esplac.cat\/en\/convocatoria-oberta-vols-crear-la-identitat-visual-2026\/\" style=\"color: ;\">\n                Convocat\u00f2ria oberta: vols idear i crear la identitat visual de l\u2019Escola d&#8217;Esplac i la Monifesta&#8217;t 2026?            <\/a>\n        <\/h3>\n        <div class=\"wcp-post-meta wcp-disable-post-meta\" style=\"color: ;\">\n            <span class=\"wcp-post-author\"><i class=\"fa fa-user\"><\/i>\n                <a href=\"https:\/\/www.esplac.cat\/en\/author\/comunicacio\/\" title=\"Posts by Comunicaci\u00f3 Esplac\" rel=\"author\">Comunicaci\u00f3 Esplac<\/a>            <\/span>\n            &nbsp;\n            <span class=\"wcp-post-date\"><i class=\"fa fa-clock-o\"><\/i> 15 de April de 2025<\/span>\n        <\/div>\n        <div class=\"wcp-post-contents\">\n            15 de April de 2025                    <\/div>        \n    <\/div>\n<\/div>                <\/div>    \n\n                            <div class=\"carousel-item-45452\">\n                    <div class=\"post-style-2\" style=\"box-shadow: ;background-color: ;\">\n    <div class=\"wcp-img-wrap\">\n        <a href=\"https:\/\/www.esplac.cat\/en\/monifestat-2023-reivindica-importancia-educacio-lleure\/\">\n            <img decoding=\"async\" width=\"460\" height=\"295\" src=\"https:\/\/www.esplac.cat\/wp-content\/uploads\/2023\/05\/Portades-Web-8-460x295.jpg\" class=\"attachment-portfolio-two size-portfolio-two wp-post-image\" alt=\"Monifesta&#039;t 2023\" \/>        <\/a>\n    <\/div>\n    <div class=\"wcp-content-wrap\">\n        <h3>\n            <a href=\"https:\/\/www.esplac.cat\/en\/monifestat-2023-reivindica-importancia-educacio-lleure\/\" style=\"color: ;\">\n                La Monifesta\u2019t 2023 reivindica la import\u00e0ncia de l\u2019educaci\u00f3 en el lleure i la dificultat de dur-la a terme a causa de la precaritzaci\u00f3 juvenil            <\/a>\n        <\/h3>\n        <div class=\"wcp-post-meta wcp-disable-post-meta\" style=\"color: ;\">\n            <span class=\"wcp-post-author\"><i class=\"fa fa-user\"><\/i>\n                <a href=\"https:\/\/www.esplac.cat\/en\/author\/comunicacio\/\" title=\"Posts by Comunicaci\u00f3 Esplac\" rel=\"author\">Comunicaci\u00f3 Esplac<\/a>            <\/span>\n            &nbsp;\n            <span class=\"wcp-post-date\"><i class=\"fa fa-clock-o\"><\/i> 23 de May de 2023<\/span>\n        <\/div>\n        <div class=\"wcp-post-contents\">\n            23 de May de 2023                    <\/div>        \n    <\/div>\n<\/div>                <\/div>    \n\n                            <div class=\"carousel-item-45366\">\n                    <div class=\"post-style-2\" style=\"box-shadow: ;background-color: ;\">\n    <div class=\"wcp-img-wrap\">\n        <a href=\"https:\/\/www.esplac.cat\/en\/tot-el-que-no-et-pots-perdre-aquesta-monifestat\/\">\n            <img decoding=\"async\" width=\"460\" height=\"295\" src=\"https:\/\/www.esplac.cat\/wp-content\/uploads\/2023\/05\/Portades-Web-7-460x295.jpg\" class=\"attachment-portfolio-two size-portfolio-two wp-post-image\" alt=\"Espais formatius monifestat 2023\" \/>        <\/a>\n    <\/div>\n    <div class=\"wcp-content-wrap\">\n        <h3>\n            <a href=\"https:\/\/www.esplac.cat\/en\/tot-el-que-no-et-pots-perdre-aquesta-monifestat\/\" style=\"color: ;\">\n                Xerrades, tallers, debats i formacions: tot el que no et pots perdre aquesta Monifesta&#8217;t!            <\/a>\n        <\/h3>\n        <div class=\"wcp-post-meta wcp-disable-post-meta\" style=\"color: ;\">\n            <span class=\"wcp-post-author\"><i class=\"fa fa-user\"><\/i>\n                <a href=\"https:\/\/www.esplac.cat\/en\/author\/comunicacio\/\" title=\"Posts by Comunicaci\u00f3 Esplac\" rel=\"author\">Comunicaci\u00f3 Esplac<\/a>            <\/span>\n            &nbsp;\n            <span class=\"wcp-post-date\"><i class=\"fa fa-clock-o\"><\/i> 17 de May de 2023<\/span>\n        <\/div>\n        <div class=\"wcp-post-contents\">\n            17 de May de 2023                    <\/div>        \n    <\/div>\n<\/div>                <\/div>    \n\n                            <div class=\"carousel-item-45321\">\n                    <div class=\"post-style-2\" style=\"box-shadow: ;background-color: ;\">\n    <div class=\"wcp-img-wrap\">\n        <a href=\"https:\/\/www.esplac.cat\/en\/nit-monifestat-2023\/\">\n            <img decoding=\"async\" width=\"460\" height=\"295\" src=\"https:\/\/www.esplac.cat\/wp-content\/uploads\/2023\/05\/Portades-Web-5-460x295.jpg\" class=\"attachment-portfolio-two size-portfolio-two wp-post-image\" alt=\"Nit Monifesta&#039;t 23\" \/>        <\/a>\n    <\/div>\n    <div class=\"wcp-content-wrap\">\n        <h3>\n            <a href=\"https:\/\/www.esplac.cat\/en\/nit-monifestat-2023\/\" style=\"color: ;\">\n                Al\u00b7l\u00e8rgiques al pol\u00b7len, ImproCutre, PD Bosk, PD Iou i PD Gogo protagonitzen la nit de la Monifesta&#8217;t 2023!            <\/a>\n        <\/h3>\n        <div class=\"wcp-post-meta wcp-disable-post-meta\" style=\"color: ;\">\n            <span class=\"wcp-post-author\"><i class=\"fa fa-user\"><\/i>\n                <a href=\"https:\/\/www.esplac.cat\/en\/author\/comunicacio\/\" title=\"Posts by Comunicaci\u00f3 Esplac\" rel=\"author\">Comunicaci\u00f3 Esplac<\/a>            <\/span>\n            &nbsp;\n            <span class=\"wcp-post-date\"><i class=\"fa fa-clock-o\"><\/i> 15 de May de 2023<\/span>\n        <\/div>\n        <div class=\"wcp-post-contents\">\n            15 de May de 2023                    <\/div>        \n    <\/div>\n<\/div>                <\/div>    \n\n                \n        <\/section>\n        <style>\n    #carousel-27399 .slick-prev:before, #carousel-27399 .slick-next:before {\n        color: #000 !important;\n    }\n    #carousel-27399 .slick-slide {\n        margin: 2px 20px;\n    }\n    #carousel-27399 h3,\n    #carousel-27399 .car-caption,\n    #carousel-27399 .car-caption h3 a {\n        background-color: ;\n        color: ;\n    }\n    #carousel-27399 .car-caption {\n        text-align: center;\n    }\n    #carousel-27399 p {\n        color: ;\n    }\n    #carousel-27399 a {\n        text-decoration: none;\n        border-bottom: none;\n    }\n        #carousel-27399 .post-style-1 .wcp-post-author a {\n        color: ;\n    }\n            #carousel-27399 .ih-item,\n        #carousel-27399 .post-style-1,\n        #carousel-27399 .post-style-3,\n        #carousel-27399 .car-caption { \n            border: 8px solid #FFF;\n            box-shadow: ;\n        }\n                #carousel-27399 .post-style-2 .wcp-content-wrap { \n            border: 8px solid #FFF;\n            border-top: none;\n        }\n        #carousel-27399 .mega-post-carousel1,\n        #carousel-27399 .mega-post-carousel4 { \n            border: 8px solid #FFF;\n            padding: 10px;\n        }\n\n        .slick-prev, .slick-next {\r\n    font-size: 0;\r\n    line-height: 0;\r\n    position: absolute;\r\n    top: 42% !important;\r\n    display: block;\r\n    width: 20px;\r\n    height: 20px;\r\n    padding: 0;\r\n    -webkit-transform: translate(0, -50%);\r\n    -ms-transform: translate(0, -50%);\r\n    transform: translate(0, -50%);\r\n    cursor: pointer;\r\n    color: transparent;\r\n    border: none;\r\n    outline: none;\r\n    background: transparent;\r\n}                .wcp-disable-post-meta { display: none !important;}\n    <\/style>\n<\/div><div class=\"fusion-clearfix\"><\/div><\/div><\/div><\/div><\/div><div class=\"fusion-fullwidth fullwidth-box fusion-builder-row-4 fusion-flex-container nonhundred-percent-fullwidth non-hundred-percent-height-scrolling\" style=\"--awb-border-radius-top-left:0px;--awb-border-radius-top-right:0px;--awb-border-radius-bottom-right:0px;--awb-border-radius-bottom-left:0px;--awb-padding-top:30px;--awb-background-color:#ededed;--awb-flex-wrap:wrap;\" ><\/div>\n<\/p>\n","protected":false},"excerpt":{"rendered":"","protected":false},"author":1,"featured_media":0,"parent":28138,"menu_order":0,"comment_status":"closed","ping_status":"closed","template":"100-width.php","meta":{"om_disable_all_campaigns":false,"_monsterinsights_skip_tracking":false,"_monsterinsights_sitenote_active":false,"_monsterinsights_sitenote_note":"","_monsterinsights_sitenote_category":0,"_uf_show_specific_survey":0,"_uf_disable_surveys":false,"footnotes":""},"class_list":["post-28158","page","type-page","status-publish","hentry"],"yoast_head":"<!-- This site is optimized with the Yoast SEO plugin v27.4 - https:\/\/yoast.com\/product\/yoast-seo-wordpress\/ -->\n<title>Monifesta&#039;t 2016 - Esplac<\/title>\n<meta name=\"robots\" content=\"index, follow, max-snippet:-1, max-image-preview:large, max-video-preview:-1\" \/>\n<link rel=\"canonical\" href=\"https:\/\/www.esplac.cat\/en\/meetings\/monifestat-2016\/\" \/>\n<meta property=\"og:locale\" content=\"en_US\" \/>\n<meta property=\"og:type\" content=\"article\" \/>\n<meta property=\"og:title\" content=\"Monifesta&#039;t 2016 - Esplac\" \/>\n<meta property=\"og:url\" content=\"https:\/\/www.esplac.cat\/en\/meetings\/monifestat-2016\/\" \/>\n<meta property=\"og:site_name\" content=\"Esplac\" \/>\n<meta property=\"og:image\" content=\"http:\/\/esplac.cat\/wp-content\/uploads\/2019\/10\/Cartells-Monifestat-01-768x1076.jpg\" \/>\n<meta name=\"twitter:card\" content=\"summary_large_image\" \/>\n<meta name=\"twitter:label1\" content=\"Est. reading time\" \/>\n\t<meta name=\"twitter:data1\" content=\"17 minutes\" \/>\n<script type=\"application\/ld+json\" class=\"yoast-schema-graph\">{\"@context\":\"https:\\\/\\\/schema.org\",\"@graph\":[{\"@type\":\"WebPage\",\"@id\":\"https:\\\/\\\/www.esplac.cat\\\/en\\\/meetings\\\/monifestat-2016\\\/\",\"url\":\"https:\\\/\\\/www.esplac.cat\\\/en\\\/meetings\\\/monifestat-2016\\\/\",\"name\":\"Monifesta't 2016 - Esplac\",\"isPartOf\":{\"@id\":\"https:\\\/\\\/www.esplac.cat\\\/#website\"},\"primaryImageOfPage\":{\"@id\":\"https:\\\/\\\/www.esplac.cat\\\/en\\\/meetings\\\/monifestat-2016\\\/#primaryimage\"},\"image\":{\"@id\":\"https:\\\/\\\/www.esplac.cat\\\/en\\\/meetings\\\/monifestat-2016\\\/#primaryimage\"},\"thumbnailUrl\":\"http:\\\/\\\/esplac.cat\\\/wp-content\\\/uploads\\\/2019\\\/10\\\/Cartells-Monifestat-01-768x1076.jpg\",\"datePublished\":\"2019-10-14T14:57:10+00:00\",\"breadcrumb\":{\"@id\":\"https:\\\/\\\/www.esplac.cat\\\/en\\\/meetings\\\/monifestat-2016\\\/#breadcrumb\"},\"inLanguage\":\"en-US\",\"potentialAction\":[{\"@type\":\"ReadAction\",\"target\":[\"https:\\\/\\\/www.esplac.cat\\\/en\\\/meetings\\\/monifestat-2016\\\/\"]}]},{\"@type\":\"ImageObject\",\"inLanguage\":\"en-US\",\"@id\":\"https:\\\/\\\/www.esplac.cat\\\/en\\\/meetings\\\/monifestat-2016\\\/#primaryimage\",\"url\":\"http:\\\/\\\/esplac.cat\\\/wp-content\\\/uploads\\\/2019\\\/10\\\/Cartells-Monifestat-01-768x1076.jpg\",\"contentUrl\":\"http:\\\/\\\/esplac.cat\\\/wp-content\\\/uploads\\\/2019\\\/10\\\/Cartells-Monifestat-01-768x1076.jpg\"},{\"@type\":\"BreadcrumbList\",\"@id\":\"https:\\\/\\\/www.esplac.cat\\\/en\\\/meetings\\\/monifestat-2016\\\/#breadcrumb\",\"itemListElement\":[{\"@type\":\"ListItem\",\"position\":1,\"name\":\"Inici\",\"item\":\"https:\\\/\\\/www.esplac.cat\\\/en\\\/\"},{\"@type\":\"ListItem\",\"position\":2,\"name\":\"Meetings\",\"item\":\"https:\\\/\\\/www.esplac.cat\\\/en\\\/meetings\\\/\"},{\"@type\":\"ListItem\",\"position\":3,\"name\":\"Monifesta&#8217;t 2016\"}]},{\"@type\":\"WebSite\",\"@id\":\"https:\\\/\\\/www.esplac.cat\\\/#website\",\"url\":\"https:\\\/\\\/www.esplac.cat\\\/\",\"name\":\"Esplac\",\"description\":\"Esplais Catalans\",\"publisher\":{\"@id\":\"https:\\\/\\\/www.esplac.cat\\\/#organization\"},\"potentialAction\":[{\"@type\":\"SearchAction\",\"target\":{\"@type\":\"EntryPoint\",\"urlTemplate\":\"https:\\\/\\\/www.esplac.cat\\\/?s={search_term_string}\"},\"query-input\":{\"@type\":\"PropertyValueSpecification\",\"valueRequired\":true,\"valueName\":\"search_term_string\"}}],\"inLanguage\":\"en-US\"},{\"@type\":\"Organization\",\"@id\":\"https:\\\/\\\/www.esplac.cat\\\/#organization\",\"name\":\"Esplac\",\"url\":\"https:\\\/\\\/www.esplac.cat\\\/\",\"logo\":{\"@type\":\"ImageObject\",\"inLanguage\":\"en-US\",\"@id\":\"https:\\\/\\\/www.esplac.cat\\\/#\\\/schema\\\/logo\\\/image\\\/\",\"url\":\"https:\\\/\\\/www.esplac.cat\\\/wp-content\\\/uploads\\\/2019\\\/08\\\/logox2.png\",\"contentUrl\":\"https:\\\/\\\/www.esplac.cat\\\/wp-content\\\/uploads\\\/2019\\\/08\\\/logox2.png\",\"width\":600,\"height\":295,\"caption\":\"Esplac\"},\"image\":{\"@id\":\"https:\\\/\\\/www.esplac.cat\\\/#\\\/schema\\\/logo\\\/image\\\/\"}}]}<\/script>\n<!-- \/ Yoast SEO plugin. -->","yoast_head_json":{"title":"Monifesta't 2016 - Esplac","robots":{"index":"index","follow":"follow","max-snippet":"max-snippet:-1","max-image-preview":"max-image-preview:large","max-video-preview":"max-video-preview:-1"},"canonical":"https:\/\/www.esplac.cat\/en\/meetings\/monifestat-2016\/","og_locale":"en_US","og_type":"article","og_title":"Monifesta't 2016 - Esplac","og_url":"https:\/\/www.esplac.cat\/en\/meetings\/monifestat-2016\/","og_site_name":"Esplac","og_image":[{"url":"http:\/\/esplac.cat\/wp-content\/uploads\/2019\/10\/Cartells-Monifestat-01-768x1076.jpg","type":"","width":"","height":""}],"twitter_card":"summary_large_image","twitter_misc":{"Est. reading time":"17 minutes"},"schema":{"@context":"https:\/\/schema.org","@graph":[{"@type":"WebPage","@id":"https:\/\/www.esplac.cat\/en\/meetings\/monifestat-2016\/","url":"https:\/\/www.esplac.cat\/en\/meetings\/monifestat-2016\/","name":"Monifesta't 2016 - Esplac","isPartOf":{"@id":"https:\/\/www.esplac.cat\/#website"},"primaryImageOfPage":{"@id":"https:\/\/www.esplac.cat\/en\/meetings\/monifestat-2016\/#primaryimage"},"image":{"@id":"https:\/\/www.esplac.cat\/en\/meetings\/monifestat-2016\/#primaryimage"},"thumbnailUrl":"http:\/\/esplac.cat\/wp-content\/uploads\/2019\/10\/Cartells-Monifestat-01-768x1076.jpg","datePublished":"2019-10-14T14:57:10+00:00","breadcrumb":{"@id":"https:\/\/www.esplac.cat\/en\/meetings\/monifestat-2016\/#breadcrumb"},"inLanguage":"en-US","potentialAction":[{"@type":"ReadAction","target":["https:\/\/www.esplac.cat\/en\/meetings\/monifestat-2016\/"]}]},{"@type":"ImageObject","inLanguage":"en-US","@id":"https:\/\/www.esplac.cat\/en\/meetings\/monifestat-2016\/#primaryimage","url":"http:\/\/esplac.cat\/wp-content\/uploads\/2019\/10\/Cartells-Monifestat-01-768x1076.jpg","contentUrl":"http:\/\/esplac.cat\/wp-content\/uploads\/2019\/10\/Cartells-Monifestat-01-768x1076.jpg"},{"@type":"BreadcrumbList","@id":"https:\/\/www.esplac.cat\/en\/meetings\/monifestat-2016\/#breadcrumb","itemListElement":[{"@type":"ListItem","position":1,"name":"Inici","item":"https:\/\/www.esplac.cat\/en\/"},{"@type":"ListItem","position":2,"name":"Meetings","item":"https:\/\/www.esplac.cat\/en\/meetings\/"},{"@type":"ListItem","position":3,"name":"Monifesta&#8217;t 2016"}]},{"@type":"WebSite","@id":"https:\/\/www.esplac.cat\/#website","url":"https:\/\/www.esplac.cat\/","name":"Esplac","description":"Esplais Catalans","publisher":{"@id":"https:\/\/www.esplac.cat\/#organization"},"potentialAction":[{"@type":"SearchAction","target":{"@type":"EntryPoint","urlTemplate":"https:\/\/www.esplac.cat\/?s={search_term_string}"},"query-input":{"@type":"PropertyValueSpecification","valueRequired":true,"valueName":"search_term_string"}}],"inLanguage":"en-US"},{"@type":"Organization","@id":"https:\/\/www.esplac.cat\/#organization","name":"Esplac","url":"https:\/\/www.esplac.cat\/","logo":{"@type":"ImageObject","inLanguage":"en-US","@id":"https:\/\/www.esplac.cat\/#\/schema\/logo\/image\/","url":"https:\/\/www.esplac.cat\/wp-content\/uploads\/2019\/08\/logox2.png","contentUrl":"https:\/\/www.esplac.cat\/wp-content\/uploads\/2019\/08\/logox2.png","width":600,"height":295,"caption":"Esplac"},"image":{"@id":"https:\/\/www.esplac.cat\/#\/schema\/logo\/image\/"}}]}},"_links":{"self":[{"href":"https:\/\/www.esplac.cat\/en\/wp-json\/wp\/v2\/pages\/28158","targetHints":{"allow":["GET"]}}],"collection":[{"href":"https:\/\/www.esplac.cat\/en\/wp-json\/wp\/v2\/pages"}],"about":[{"href":"https:\/\/www.esplac.cat\/en\/wp-json\/wp\/v2\/types\/page"}],"author":[{"embeddable":true,"href":"https:\/\/www.esplac.cat\/en\/wp-json\/wp\/v2\/users\/1"}],"replies":[{"embeddable":true,"href":"https:\/\/www.esplac.cat\/en\/wp-json\/wp\/v2\/comments?post=28158"}],"version-history":[{"count":0,"href":"https:\/\/www.esplac.cat\/en\/wp-json\/wp\/v2\/pages\/28158\/revisions"}],"up":[{"embeddable":true,"href":"https:\/\/www.esplac.cat\/en\/wp-json\/wp\/v2\/pages\/28138"}],"wp:attachment":[{"href":"https:\/\/www.esplac.cat\/en\/wp-json\/wp\/v2\/media?parent=28158"}],"curies":[{"name":"wp","href":"https:\/\/api.w.org\/{rel}","templated":true}]}}