{"id":30672,"date":"2019-08-15T12:17:54","date_gmt":"2019-08-15T10:17:54","guid":{"rendered":"https:\/\/www.esplac.cat\/projects\/protocol-violencia-abus\/"},"modified":"2019-08-15T12:17:54","modified_gmt":"2019-08-15T10:17:54","slug":"protocol-violencia-abus","status":"publish","type":"page","link":"https:\/\/www.esplac.cat\/en\/protocol-violencia-abus\/","title":{"rendered":"Protocol per a la prevenci\u00f3 i l\u2019actuaci\u00f3 davant la viol\u00e8ncia o l\u2019ab\u00fas"},"content":{"rendered":"<p><div class=\"fusion-fullwidth fullwidth-box fusion-builder-row-1 nonhundred-percent-fullwidth non-hundred-percent-height-scrolling\" style=\"--awb-border-radius-top-left:0px;--awb-border-radius-top-right:0px;--awb-border-radius-bottom-right:0px;--awb-border-radius-bottom-left:0px;--awb-flex-wrap:wrap;\" ><div class=\"fusion-builder-row fusion-row\"><div class=\"fusion-layout-column fusion_builder_column fusion-builder-column-0 fusion_builder_column_1_4 1_4 fusion-one-fourth fusion-column-first\" style=\"--awb-padding-top:15px;--awb-padding-right:35px;--awb-padding-bottom:10px;--awb-padding-left:20px;--awb-bg-color:#5da9bb;--awb-bg-color-hover:#5da9bb;--awb-bg-size:cover;--awb-margin-bottom:0px;width:25%;width:calc(25% - ( ( 3% ) * 0.25 ) );margin-right: 3%;\"><div class=\"fusion-column-wrapper fusion-column-has-shadow fusion-flex-column-wrapper-legacy\"><div class=\"fusion-sep-clear\"><\/div><div class=\"fusion-separator fusion-full-width-sep\" style=\"margin-left: auto;margin-right: auto;margin-bottom:15%;width:100%;\"><\/div><div class=\"fusion-sep-clear\"><\/div><div class=\"fusion-title title fusion-title-1 fusion-sep-none fusion-title-text fusion-title-size-one saltoguion\" style=\"--awb-text-color:#ffffff;--awb-margin-bottom:0px;--awb-margin-bottom-small:10px;--awb-font-size:40px;\"><h1 class=\"fusion-title-heading title-heading-left fusion-responsive-typography-calculated\" style=\"margin:0;font-size:1em;--fontSize:40;line-height:1.1;\"><p><strong>Protocol<br \/>\nper a la<br \/>\nprevenci\u00f3 i<br \/>\nl\u2019actuaci\u00f3<br \/>\ndavant la<br \/>\nviol\u00e8ncia<br \/>\no l\u2019ab\u00fas<\/strong><\/p><\/h1><\/div><div class=\"fusion-clearfix\"><\/div><\/div><\/div><div class=\"fusion-layout-column fusion_builder_column fusion-builder-column-1 fusion_builder_column_3_4 3_4 fusion-three-fourth fusion-column-last\" style=\"--awb-padding-top:20px;--awb-padding-right:30px;--awb-padding-bottom:30px;--awb-padding-left:30px;--awb-bg-color:#f2f2f2;--awb-bg-color-hover:#f2f2f2;--awb-bg-size:cover;width:75%;width:calc(75% - ( ( 3% ) * 0.75 ) );\"><div class=\"fusion-column-wrapper fusion-column-has-shadow fusion-flex-column-wrapper-legacy\"><div class=\"fusion-sep-clear\"><\/div><div class=\"fusion-separator fusion-full-width-sep\" style=\"margin-left: auto;margin-right: auto;margin-bottom:30px;width:100%;\"><\/div><div class=\"fusion-sep-clear\"><\/div><div class=\"fusion-text fusion-text-1\"><h5><strong>Descripci\u00f3<\/strong><\/h5>\n<p>Les viol\u00e8ncies i agressions sexistes, l\u2019ab\u00fas de poder i qualsevol altra tipus de tracte discriminatori s\u00f3n un greu problema social i pol\u00edtic que afecta a tota la ciutadania. Tamb\u00e9 a les nostres entitats, que encara som m\u00e9s vulnerables si tenim en compte que treballem amb infants i joves. Considerem que \u00e9s essencial treballar de forma transversal i col.laborativa en l\u2019elaboraci\u00f3 d\u2019un protocol consensuat, on tothom s\u2019hi vegi representat (infants, joves, monitores, dirigents i treballadores) i esdevingui una eina per protegir, prevenir i salvaguardar totes aquelles actituds indesitjables.<\/p>\n<h5><strong>Objectius<\/strong><\/h5>\n<ul>\n<li>Formar-nos i oferir espais de debat als esplais, sectors i \u00f2rgans de participaci\u00f3 sobre l\u2019ab\u00fas i les agressions.<\/li>\n<li>Elaborar un protocol d\u2019abusos i agressions que representi i sigui compartit per tots els agents que participen d\u2019Esplais Catalans.<\/li>\n<li>Crear un grup de treball obert i comprom\u00e8s, que sigui a la vegada un espai de seguretat per a tothom que hi participa, i que s\u2019encarregui d\u2019elaborar el protocol i dinamitzar els debats o din\u00e0miques que consideri oportuns.<\/li>\n<li>Formar una persona experta de la Secretaria t\u00e8cnica sobre el tema, que es pugui encarregar de gestionar les diverses situacions donades.<\/li>\n<li>Incloure formaci\u00f3 sobre els abusos i les agressions als cursos Marta Mata.<\/li>\n<li>Comptar amb persones i entitats expertes que ens puguin assessorar i formar al llarg de tot el proc\u00e9s.<\/li>\n<\/ul>\n<h5><strong>Contacte<\/strong><\/h5>\n<p><div class=\"fusion-fa-align-left\"><i class=\"fb-icon-element-1 fb-icon-element fontawesome-icon fa-envelope far circle-no\" style=\"--awb-iconcolor:#000000;--awb-iconcolor-hover:#000000;--awb-font-size:20px;--awb-margin-right:10px;\"><\/i><\/div><a href=\"mailto:esplac@esplac.cat\">esplac@esplac.cat<\/a><\/p>\n<h5><strong>Recursos<\/strong><\/h5>\n<p><a href=\"https:\/\/www.esplac.cat\/wp-content\/uploads\/2019\/12\/Protocol_agressions_Esplac.pdf\"><strong>Aqu\u00ed <\/strong>podeu trobar el Protocol<\/a><\/p>\n<\/div><div class=\"fusion-clearfix\"><\/div><\/div><\/div><\/div><\/div><div class=\"fusion-fullwidth fullwidth-box fusion-builder-row-2 nonhundred-percent-fullwidth non-hundred-percent-height-scrolling\" style=\"--awb-border-radius-top-left:0px;--awb-border-radius-top-right:0px;--awb-border-radius-bottom-right:0px;--awb-border-radius-bottom-left:0px;--awb-margin-top:40px;--awb-flex-wrap:wrap;\" ><div class=\"fusion-builder-row fusion-row\"><div class=\"fusion-layout-column fusion_builder_column fusion-builder-column-2 fusion_builder_column_1_1 1_1 fusion-one-full fusion-column-first fusion-column-last\" style=\"--awb-bg-size:cover;\"><div class=\"fusion-column-wrapper fusion-column-has-shadow fusion-flex-column-wrapper-legacy\"><div class=\"fusion-text fusion-text-2\"><h3><strong>Not\u00edcies relacionades<\/strong><\/h3>\n<\/div><div class=\"fusion-sep-clear\"><\/div><div class=\"fusion-separator fusion-full-width-sep\" style=\"margin-left: auto;margin-right: auto;margin-bottom:15px;width:100%;\"><\/div><div class=\"fusion-sep-clear\"><\/div><div class=\"fusion-text fusion-text-3\">        <section class=\"wcp-slick\"  data-accessibility = on data-arrows = on data-autoplaySpeed = 3000 data-slidesToShow = 4 data-slidesToScroll = 1 data-speed = 300 data-margin = 20px data-rows = 1 data-slidesPerRow = 1 id=\"carousel-27529\">\n\n                            <div class=\"carousel-item-49334\">\n                    <div class=\"post-style-2\" style=\"box-shadow: ;background-color: ;\">\n    <div class=\"wcp-img-wrap\">\n        <a href=\"https:\/\/www.esplac.cat\/en\/esplac-transitem-entitat-mes-feminista\/\">\n            <img decoding=\"async\" width=\"460\" height=\"295\" src=\"https:\/\/www.esplac.cat\/wp-content\/uploads\/2024\/03\/Pla-Transicio-Feminista-460x295.jpg\" class=\"attachment-portfolio-two size-portfolio-two wp-post-image\" alt=\"feministes\" \/>        <\/a>\n    <\/div>\n    <div class=\"wcp-content-wrap\">\n        <h3>\n            <a href=\"https:\/\/www.esplac.cat\/en\/esplac-transitem-entitat-mes-feminista\/\" style=\"color: ;\">\n                Esplac transitem cap a una entitat m\u00e9s feminista!            <\/a>\n        <\/h3>\n        <div class=\"wcp-post-meta wcp-disable-post-meta\" style=\"color: ;\">\n            <span class=\"wcp-post-author\"><i class=\"fa fa-user\"><\/i>\n                <a href=\"https:\/\/www.esplac.cat\/en\/author\/comunicacio\/\" title=\"Posts by Comunicaci\u00f3 Esplac\" rel=\"author\">Comunicaci\u00f3 Esplac<\/a>            <\/span>\n            &nbsp;\n            <span class=\"wcp-post-date\"><i class=\"fa fa-clock-o\"><\/i> 14 de March de 2024<\/span>\n        <\/div>\n        <div class=\"wcp-post-contents\">\n            14 de March de 2024                    <\/div>        \n    <\/div>\n<\/div>                <\/div>    \n\n                            <div class=\"carousel-item-47047\">\n                    <div class=\"post-style-2\" style=\"box-shadow: ;background-color: ;\">\n    <div class=\"wcp-img-wrap\">\n        <a href=\"https:\/\/www.esplac.cat\/en\/com-fem-la-prevencio-de-labus-sexual-infantil-a-lesplai\/\">\n            <img decoding=\"async\" width=\"460\" height=\"295\" src=\"https:\/\/www.esplac.cat\/wp-content\/uploads\/2023\/09\/Portades-Web-5-460x295.jpg\" class=\"attachment-portfolio-two size-portfolio-two wp-post-image\" alt=\"\" \/>        <\/a>\n    <\/div>\n    <div class=\"wcp-content-wrap\">\n        <h3>\n            <a href=\"https:\/\/www.esplac.cat\/en\/com-fem-la-prevencio-de-labus-sexual-infantil-a-lesplai\/\" style=\"color: ;\">\n                Com fem la prevenci\u00f3 de l&#8217;Ab\u00fas Sexual Infantil a l&#8217;esplai?            <\/a>\n        <\/h3>\n        <div class=\"wcp-post-meta wcp-disable-post-meta\" style=\"color: ;\">\n            <span class=\"wcp-post-author\"><i class=\"fa fa-user\"><\/i>\n                <a href=\"https:\/\/www.esplac.cat\/en\/author\/comunicacio\/\" title=\"Posts by Comunicaci\u00f3 Esplac\" rel=\"author\">Comunicaci\u00f3 Esplac<\/a>            <\/span>\n            &nbsp;\n            <span class=\"wcp-post-date\"><i class=\"fa fa-clock-o\"><\/i> 21 de September de 2023<\/span>\n        <\/div>\n        <div class=\"wcp-post-contents\">\n            21 de September de 2023                    <\/div>        \n    <\/div>\n<\/div>                <\/div>    \n\n                            <div class=\"carousel-item-44509\">\n                    <div class=\"post-style-2\" style=\"box-shadow: ;background-color: ;\">\n    <div class=\"wcp-img-wrap\">\n        <a href=\"https:\/\/www.esplac.cat\/en\/dubtes-propostes-aprenentatges-primera-trobada-asi\/\">\n            <img decoding=\"async\" width=\"460\" height=\"295\" src=\"https:\/\/www.esplac.cat\/wp-content\/uploads\/2023\/03\/Portades-web-14-460x295.jpg\" class=\"attachment-portfolio-two size-portfolio-two wp-post-image\" alt=\"trobada asi\" \/>        <\/a>\n    <\/div>\n    <div class=\"wcp-content-wrap\">\n        <h3>\n            <a href=\"https:\/\/www.esplac.cat\/en\/dubtes-propostes-aprenentatges-primera-trobada-asi\/\" style=\"color: ;\">\n                Dubtes, propostes i aprenentatges compartits a la primera trobada sobre prevenci\u00f3, detecci\u00f3 i abordatge de l\u2019ab\u00fas sexual infantil (ASI)            <\/a>\n        <\/h3>\n        <div class=\"wcp-post-meta wcp-disable-post-meta\" style=\"color: ;\">\n            <span class=\"wcp-post-author\"><i class=\"fa fa-user\"><\/i>\n                <a href=\"https:\/\/www.esplac.cat\/en\/author\/comunicacio\/\" title=\"Posts by Comunicaci\u00f3 Esplac\" rel=\"author\">Comunicaci\u00f3 Esplac<\/a>            <\/span>\n            &nbsp;\n            <span class=\"wcp-post-date\"><i class=\"fa fa-clock-o\"><\/i> 30 de March de 2023<\/span>\n        <\/div>\n        <div class=\"wcp-post-contents\">\n            30 de March de 2023                    <\/div>        \n    <\/div>\n<\/div>                <\/div>    \n\n                            <div class=\"carousel-item-44063\">\n                    <div class=\"post-style-2\" style=\"box-shadow: ;background-color: ;\">\n    <div class=\"wcp-img-wrap\">\n        <a href=\"https:\/\/www.esplac.cat\/en\/abus-sexual-infantil-asi-primera-trobada\/\">\n            <img decoding=\"async\" width=\"460\" height=\"295\" src=\"https:\/\/www.esplac.cat\/wp-content\/uploads\/2023\/03\/ASI-portades-web-460x295.png\" class=\"attachment-portfolio-two size-portfolio-two wp-post-image\" alt=\"ASI portades web\" \/>        <\/a>\n    <\/div>\n    <div class=\"wcp-content-wrap\">\n        <h3>\n            <a href=\"https:\/\/www.esplac.cat\/en\/abus-sexual-infantil-asi-primera-trobada\/\" style=\"color: ;\">\n                Treballem la prevenci\u00f3, detecci\u00f3 i abordatge de l\u2019ab\u00fas sexual infantil (ASI)            <\/a>\n        <\/h3>\n        <div class=\"wcp-post-meta wcp-disable-post-meta\" style=\"color: ;\">\n            <span class=\"wcp-post-author\"><i class=\"fa fa-user\"><\/i>\n                <a href=\"https:\/\/www.esplac.cat\/en\/author\/comunicacio\/\" title=\"Posts by Comunicaci\u00f3 Esplac\" rel=\"author\">Comunicaci\u00f3 Esplac<\/a>            <\/span>\n            &nbsp;\n            <span class=\"wcp-post-date\"><i class=\"fa fa-clock-o\"><\/i> 10 de March de 2023<\/span>\n        <\/div>\n        <div class=\"wcp-post-contents\">\n            10 de March de 2023                    <\/div>        \n    <\/div>\n<\/div>                <\/div>    \n\n                            <div class=\"carousel-item-40138\">\n                    <div class=\"post-style-2\" style=\"box-shadow: ;background-color: ;\">\n    <div class=\"wcp-img-wrap\">\n        <a href=\"https:\/\/www.esplac.cat\/en\/publiquem-el-protocol-general-dactivitats-per-a-lesplaiada\/\">\n            <img decoding=\"async\" width=\"460\" height=\"295\" src=\"https:\/\/www.esplac.cat\/wp-content\/uploads\/2022\/04\/Portades-web-10-460x295.png\" class=\"attachment-portfolio-two size-portfolio-two wp-post-image\" alt=\"Protocol Esplaiada\" \/>        <\/a>\n    <\/div>\n    <div class=\"wcp-content-wrap\">\n        <h3>\n            <a href=\"https:\/\/www.esplac.cat\/en\/publiquem-el-protocol-general-dactivitats-per-a-lesplaiada\/\" style=\"color: ;\">\n                Publiquem el Protocol General d\u2019activitats per a l\u2019Esplaiada            <\/a>\n        <\/h3>\n        <div class=\"wcp-post-meta wcp-disable-post-meta\" style=\"color: ;\">\n            <span class=\"wcp-post-author\"><i class=\"fa fa-user\"><\/i>\n                <a href=\"https:\/\/www.esplac.cat\/en\/author\/comunicacio\/\" title=\"Posts by Comunicaci\u00f3 Esplac\" rel=\"author\">Comunicaci\u00f3 Esplac<\/a>            <\/span>\n            &nbsp;\n            <span class=\"wcp-post-date\"><i class=\"fa fa-clock-o\"><\/i> 22 de April de 2022<\/span>\n        <\/div>\n        <div class=\"wcp-post-contents\">\n            22 de April de 2022                    <\/div>        \n    <\/div>\n<\/div>                <\/div>    \n\n                            <div class=\"carousel-item-25162\">\n                    <div class=\"post-style-2\" style=\"box-shadow: ;background-color: ;\">\n    <div class=\"wcp-img-wrap\">\n        <a href=\"https:\/\/www.esplac.cat\/en\/formacio-deteccio-i-prevencio-de-labus-sexual-infantil-de-la-fundacio-vicki-bernadet\/\">\n            <img decoding=\"async\" width=\"460\" height=\"295\" src=\"https:\/\/www.esplac.cat\/wp-content\/uploads\/2016\/10\/20161004_Formacio_Vicki_Bernadet-460x295.jpg\" class=\"attachment-portfolio-two size-portfolio-two wp-post-image\" alt=\"\" \/>        <\/a>\n    <\/div>\n    <div class=\"wcp-content-wrap\">\n        <h3>\n            <a href=\"https:\/\/www.esplac.cat\/en\/formacio-deteccio-i-prevencio-de-labus-sexual-infantil-de-la-fundacio-vicki-bernadet\/\" style=\"color: ;\">\n                Formaci\u00f3 &#8216;Detecci\u00f3 i prevenci\u00f3 de l\u2019ab\u00fas sexual infantil&#8217; de la Fundaci\u00f3 Vicki Bernadet            <\/a>\n        <\/h3>\n        <div class=\"wcp-post-meta wcp-disable-post-meta\" style=\"color: ;\">\n            <span class=\"wcp-post-author\"><i class=\"fa fa-user\"><\/i>\n                <a href=\"https:\/\/www.esplac.cat\/en\/author\/comunicacio\/\" title=\"Posts by Comunicaci\u00f3 Esplac\" rel=\"author\">Comunicaci\u00f3 Esplac<\/a>            <\/span>\n            &nbsp;\n            <span class=\"wcp-post-date\"><i class=\"fa fa-clock-o\"><\/i> 4 de October de 2016<\/span>\n        <\/div>\n        <div class=\"wcp-post-contents\">\n            4 de October de 2016                    <\/div>        \n    <\/div>\n<\/div>                <\/div>    \n\n                            <div class=\"carousel-item-25058\">\n                    <div class=\"post-style-2\" style=\"box-shadow: ;background-color: ;\">\n    <div class=\"wcp-img-wrap\">\n        <a href=\"https:\/\/www.esplac.cat\/en\/bones-practiques-amb-perspectiva-de-genere\/\">\n            <img decoding=\"async\" width=\"460\" height=\"295\" src=\"https:\/\/www.esplac.cat\/wp-content\/uploads\/2016\/06\/20160610_BP-pers-genere-460x295.jpg\" class=\"attachment-portfolio-two size-portfolio-two wp-post-image\" alt=\"\" \/>        <\/a>\n    <\/div>\n    <div class=\"wcp-content-wrap\">\n        <h3>\n            <a href=\"https:\/\/www.esplac.cat\/en\/bones-practiques-amb-perspectiva-de-genere\/\" style=\"color: ;\">\n                Bones Pr\u00e0ctiques amb perspectiva de g\u00e8nere            <\/a>\n        <\/h3>\n        <div class=\"wcp-post-meta wcp-disable-post-meta\" style=\"color: ;\">\n            <span class=\"wcp-post-author\"><i class=\"fa fa-user\"><\/i>\n                <a href=\"https:\/\/www.esplac.cat\/en\/author\/comunicacio\/\" title=\"Posts by Comunicaci\u00f3 Esplac\" rel=\"author\">Comunicaci\u00f3 Esplac<\/a>            <\/span>\n            &nbsp;\n            <span class=\"wcp-post-date\"><i class=\"fa fa-clock-o\"><\/i> 10 de June de 2016<\/span>\n        <\/div>\n        <div class=\"wcp-post-contents\">\n            10 de June de 2016                    <\/div>        \n    <\/div>\n<\/div>                <\/div>    \n\n                            <div class=\"carousel-item-25396\">\n                    <div class=\"post-style-2\" style=\"box-shadow: ;background-color: ;\">\n    <div class=\"wcp-img-wrap\">\n        <a href=\"https:\/\/www.esplac.cat\/en\/comunicat-desplais-catalans-sobre-el-certificat-dantecedents-penals\/\">\n            <img decoding=\"async\" width=\"460\" height=\"295\" src=\"https:\/\/www.esplac.cat\/wp-content\/uploads\/2016\/01\/20160122_Pos_antecedents-460x295.png\" class=\"attachment-portfolio-two size-portfolio-two wp-post-image\" alt=\"\" \/>        <\/a>\n    <\/div>\n    <div class=\"wcp-content-wrap\">\n        <h3>\n            <a href=\"https:\/\/www.esplac.cat\/en\/comunicat-desplais-catalans-sobre-el-certificat-dantecedents-penals\/\" style=\"color: ;\">\n                Comunicat d\u2019Esplais Catalans sobre el certificat d&#8217;antecedents penals            <\/a>\n        <\/h3>\n        <div class=\"wcp-post-meta wcp-disable-post-meta\" style=\"color: ;\">\n            <span class=\"wcp-post-author\"><i class=\"fa fa-user\"><\/i>\n                <a href=\"https:\/\/www.esplac.cat\/en\/author\/comunicacio\/\" title=\"Posts by Comunicaci\u00f3 Esplac\" rel=\"author\">Comunicaci\u00f3 Esplac<\/a>            <\/span>\n            &nbsp;\n            <span class=\"wcp-post-date\"><i class=\"fa fa-clock-o\"><\/i> 22 de January de 2016<\/span>\n        <\/div>\n        <div class=\"wcp-post-contents\">\n            22 de January de 2016                    <\/div>        \n    <\/div>\n<\/div>                <\/div>    \n\n                            <div class=\"carousel-item-25398\">\n                    <div class=\"post-style-2\" style=\"box-shadow: ;background-color: ;\">\n    <div class=\"wcp-img-wrap\">\n        <a href=\"https:\/\/www.esplac.cat\/en\/queer-easter-la-formacio-internacional-per-a-ments-inquietes\/\">\n            <img decoding=\"async\" width=\"460\" height=\"295\" src=\"https:\/\/www.esplac.cat\/wp-content\/uploads\/2016\/01\/20150121_Queer-Estaer16-460x295.png\" class=\"attachment-portfolio-two size-portfolio-two wp-post-image\" alt=\"\" \/>        <\/a>\n    <\/div>\n    <div class=\"wcp-content-wrap\">\n        <h3>\n            <a href=\"https:\/\/www.esplac.cat\/en\/queer-easter-la-formacio-internacional-per-a-ments-inquietes\/\" style=\"color: ;\">\n                Queer Easter, la formaci\u00f3 internacional per a ments inquietes!            <\/a>\n        <\/h3>\n        <div class=\"wcp-post-meta wcp-disable-post-meta\" style=\"color: ;\">\n            <span class=\"wcp-post-author\"><i class=\"fa fa-user\"><\/i>\n                <a href=\"https:\/\/www.esplac.cat\/en\/author\/comunicacio\/\" title=\"Posts by Comunicaci\u00f3 Esplac\" rel=\"author\">Comunicaci\u00f3 Esplac<\/a>            <\/span>\n            &nbsp;\n            <span class=\"wcp-post-date\"><i class=\"fa fa-clock-o\"><\/i> 21 de January de 2016<\/span>\n        <\/div>\n        <div class=\"wcp-post-contents\">\n            21 de January de 2016                    <\/div>        \n    <\/div>\n<\/div>                <\/div>    \n\n                            <div class=\"carousel-item-25477\">\n                    <div class=\"post-style-2\" style=\"box-shadow: ;background-color: ;\">\n    <div class=\"wcp-img-wrap\">\n        <a href=\"https:\/\/www.esplac.cat\/en\/adolescencia-genere-i-sexualitat-tema-v-jornades-de-lleure-i-sexisme\/\">\n            <img decoding=\"async\" width=\"460\" height=\"295\" src=\"https:\/\/www.esplac.cat\/wp-content\/uploads\/2015\/11\/20151113_Jornades_lleure_sex-460x295.jpg\" class=\"attachment-portfolio-two size-portfolio-two wp-post-image\" alt=\"\" \/>        <\/a>\n    <\/div>\n    <div class=\"wcp-content-wrap\">\n        <h3>\n            <a href=\"https:\/\/www.esplac.cat\/en\/adolescencia-genere-i-sexualitat-tema-v-jornades-de-lleure-i-sexisme\/\" style=\"color: ;\">\n                Adolesc\u00e8ncia, g\u00e8nere i sexualitat, tema de les V Jornades de Lleure i Sexisme            <\/a>\n        <\/h3>\n        <div class=\"wcp-post-meta wcp-disable-post-meta\" style=\"color: ;\">\n            <span class=\"wcp-post-author\"><i class=\"fa fa-user\"><\/i>\n                <a href=\"https:\/\/www.esplac.cat\/en\/author\/comunicacio\/\" title=\"Posts by Comunicaci\u00f3 Esplac\" rel=\"author\">Comunicaci\u00f3 Esplac<\/a>            <\/span>\n            &nbsp;\n            <span class=\"wcp-post-date\"><i class=\"fa fa-clock-o\"><\/i> 13 de November de 2015<\/span>\n        <\/div>\n        <div class=\"wcp-post-contents\">\n            13 de November de 2015                    <\/div>        \n    <\/div>\n<\/div>                <\/div>    \n\n                \n        <\/section>\n        <style>\n    #carousel-27529 .slick-prev:before, #carousel-27529 .slick-next:before {\n        color: #000 !important;\n    }\n    #carousel-27529 .slick-slide {\n        margin: 2px 20px;\n    }\n    #carousel-27529 h3,\n    #carousel-27529 .car-caption,\n    #carousel-27529 .car-caption h3 a {\n        background-color: ;\n        color: ;\n    }\n    #carousel-27529 .car-caption {\n        text-align: center;\n    }\n    #carousel-27529 p {\n        color: ;\n    }\n    #carousel-27529 a {\n        text-decoration: none;\n        border-bottom: none;\n    }\n        #carousel-27529 .post-style-1 .wcp-post-author a {\n        color: ;\n    }\n            #carousel-27529 .ih-item,\n        #carousel-27529 .post-style-1,\n        #carousel-27529 .post-style-3,\n        #carousel-27529 .car-caption { \n            border: 8px solid #FFF;\n            box-shadow: ;\n        }\n                #carousel-27529 .post-style-2 .wcp-content-wrap { \n            border: 8px solid #FFF;\n            border-top: none;\n        }\n        #carousel-27529 .mega-post-carousel1,\n        #carousel-27529 .mega-post-carousel4 { \n            border: 8px solid #FFF;\n            padding: 10px;\n        }\n\n        .slick-prev, .slick-next {\r\n    font-size: 0;\r\n    line-height: 0;\r\n    position: absolute;\r\n    top: 42% !important;\r\n    display: block;\r\n    width: 20px;\r\n    height: 20px;\r\n    padding: 0;\r\n    -webkit-transform: translate(0, -50%);\r\n    -ms-transform: translate(0, -50%);\r\n    transform: translate(0, -50%);\r\n    cursor: pointer;\r\n    color: transparent;\r\n    border: none;\r\n    outline: none;\r\n    background: transparent;\r\n}                .wcp-disable-post-meta { display: none !important;}\n    <\/style>\n<\/div><div class=\"fusion-clearfix\"><\/div><\/div><\/div><\/div><\/div><div class=\"fusion-fullwidth fullwidth-box fusion-builder-row-3 fusion-flex-container nonhundred-percent-fullwidth non-hundred-percent-height-scrolling\" style=\"--awb-border-radius-top-left:0px;--awb-border-radius-top-right:0px;--awb-border-radius-bottom-right:0px;--awb-border-radius-bottom-left:0px;--awb-padding-top:30px;--awb-background-color:#ededed;--awb-flex-wrap:wrap;\" ><\/div>\n<\/p>\n","protected":false},"excerpt":{"rendered":"","protected":false},"author":1,"featured_media":0,"parent":0,"menu_order":0,"comment_status":"closed","ping_status":"closed","template":"100-width.php","meta":{"om_disable_all_campaigns":false,"_monsterinsights_skip_tracking":false,"_monsterinsights_sitenote_active":false,"_monsterinsights_sitenote_note":"","_monsterinsights_sitenote_category":0,"_uf_show_specific_survey":0,"_uf_disable_surveys":false,"footnotes":""},"class_list":["post-30672","page","type-page","status-publish","hentry"],"yoast_head":"<!-- This site is optimized with the Yoast SEO plugin v27.5 - https:\/\/yoast.com\/product\/yoast-seo-wordpress\/ -->\n<title>Protocol per a la prevenci\u00f3 i l\u2019actuaci\u00f3 davant la viol\u00e8ncia o l\u2019ab\u00fas - Esplac<\/title>\n<meta name=\"robots\" content=\"index, follow, max-snippet:-1, max-image-preview:large, max-video-preview:-1\" \/>\n<link rel=\"canonical\" href=\"https:\/\/www.esplac.cat\/en\/protocol-violencia-abus\/\" \/>\n<meta property=\"og:locale\" content=\"en_US\" \/>\n<meta property=\"og:type\" content=\"article\" \/>\n<meta property=\"og:title\" content=\"Protocol per a la prevenci\u00f3 i l\u2019actuaci\u00f3 davant la viol\u00e8ncia o l\u2019ab\u00fas - Esplac\" \/>\n<meta property=\"og:url\" content=\"https:\/\/www.esplac.cat\/en\/protocol-violencia-abus\/\" \/>\n<meta property=\"og:site_name\" content=\"Esplac\" \/>\n<meta property=\"og:image\" content=\"https:\/\/www.esplac.cat\/wp-content\/uploads\/2019\/11\/logo-open.jpg\" \/>\n\t<meta property=\"og:image:width\" content=\"1200\" \/>\n\t<meta property=\"og:image:height\" content=\"630\" \/>\n\t<meta property=\"og:image:type\" content=\"image\/jpeg\" \/>\n<meta name=\"twitter:card\" content=\"summary_large_image\" \/>\n<meta name=\"twitter:label1\" content=\"Est. reading time\" \/>\n\t<meta name=\"twitter:data1\" content=\"5 minutes\" \/>\n<script type=\"application\/ld+json\" class=\"yoast-schema-graph\">{\"@context\":\"https:\\\/\\\/schema.org\",\"@graph\":[{\"@type\":\"WebPage\",\"@id\":\"https:\\\/\\\/www.esplac.cat\\\/en\\\/protocol-violencia-abus\\\/\",\"url\":\"https:\\\/\\\/www.esplac.cat\\\/en\\\/protocol-violencia-abus\\\/\",\"name\":\"Protocol per a la prevenci\u00f3 i l\u2019actuaci\u00f3 davant la viol\u00e8ncia o l\u2019ab\u00fas - Esplac\",\"isPartOf\":{\"@id\":\"https:\\\/\\\/www.esplac.cat\\\/#website\"},\"datePublished\":\"2019-08-15T10:17:54+00:00\",\"breadcrumb\":{\"@id\":\"https:\\\/\\\/www.esplac.cat\\\/en\\\/protocol-violencia-abus\\\/#breadcrumb\"},\"inLanguage\":\"en-US\",\"potentialAction\":[{\"@type\":\"ReadAction\",\"target\":[\"https:\\\/\\\/www.esplac.cat\\\/en\\\/protocol-violencia-abus\\\/\"]}]},{\"@type\":\"BreadcrumbList\",\"@id\":\"https:\\\/\\\/www.esplac.cat\\\/en\\\/protocol-violencia-abus\\\/#breadcrumb\",\"itemListElement\":[{\"@type\":\"ListItem\",\"position\":1,\"name\":\"Inici\",\"item\":\"https:\\\/\\\/www.esplac.cat\\\/en\\\/\"},{\"@type\":\"ListItem\",\"position\":2,\"name\":\"Protocol per a la prevenci\u00f3 i l\u2019actuaci\u00f3 davant la viol\u00e8ncia o l\u2019ab\u00fas\"}]},{\"@type\":\"WebSite\",\"@id\":\"https:\\\/\\\/www.esplac.cat\\\/#website\",\"url\":\"https:\\\/\\\/www.esplac.cat\\\/\",\"name\":\"Esplac\",\"description\":\"Esplais Catalans\",\"publisher\":{\"@id\":\"https:\\\/\\\/www.esplac.cat\\\/#organization\"},\"potentialAction\":[{\"@type\":\"SearchAction\",\"target\":{\"@type\":\"EntryPoint\",\"urlTemplate\":\"https:\\\/\\\/www.esplac.cat\\\/?s={search_term_string}\"},\"query-input\":{\"@type\":\"PropertyValueSpecification\",\"valueRequired\":true,\"valueName\":\"search_term_string\"}}],\"inLanguage\":\"en-US\"},{\"@type\":\"Organization\",\"@id\":\"https:\\\/\\\/www.esplac.cat\\\/#organization\",\"name\":\"Esplac\",\"url\":\"https:\\\/\\\/www.esplac.cat\\\/\",\"logo\":{\"@type\":\"ImageObject\",\"inLanguage\":\"en-US\",\"@id\":\"https:\\\/\\\/www.esplac.cat\\\/#\\\/schema\\\/logo\\\/image\\\/\",\"url\":\"https:\\\/\\\/www.esplac.cat\\\/wp-content\\\/uploads\\\/2019\\\/08\\\/logox2.png\",\"contentUrl\":\"https:\\\/\\\/www.esplac.cat\\\/wp-content\\\/uploads\\\/2019\\\/08\\\/logox2.png\",\"width\":600,\"height\":295,\"caption\":\"Esplac\"},\"image\":{\"@id\":\"https:\\\/\\\/www.esplac.cat\\\/#\\\/schema\\\/logo\\\/image\\\/\"}}]}<\/script>\n<!-- \/ Yoast SEO plugin. -->","yoast_head_json":{"title":"Protocol per a la prevenci\u00f3 i l\u2019actuaci\u00f3 davant la viol\u00e8ncia o l\u2019ab\u00fas - Esplac","robots":{"index":"index","follow":"follow","max-snippet":"max-snippet:-1","max-image-preview":"max-image-preview:large","max-video-preview":"max-video-preview:-1"},"canonical":"https:\/\/www.esplac.cat\/en\/protocol-violencia-abus\/","og_locale":"en_US","og_type":"article","og_title":"Protocol per a la prevenci\u00f3 i l\u2019actuaci\u00f3 davant la viol\u00e8ncia o l\u2019ab\u00fas - Esplac","og_url":"https:\/\/www.esplac.cat\/en\/protocol-violencia-abus\/","og_site_name":"Esplac","og_image":[{"width":1200,"height":630,"url":"https:\/\/www.esplac.cat\/wp-content\/uploads\/2019\/11\/logo-open.jpg","type":"image\/jpeg"}],"twitter_card":"summary_large_image","twitter_misc":{"Est. reading time":"5 minutes"},"schema":{"@context":"https:\/\/schema.org","@graph":[{"@type":"WebPage","@id":"https:\/\/www.esplac.cat\/en\/protocol-violencia-abus\/","url":"https:\/\/www.esplac.cat\/en\/protocol-violencia-abus\/","name":"Protocol per a la prevenci\u00f3 i l\u2019actuaci\u00f3 davant la viol\u00e8ncia o l\u2019ab\u00fas - Esplac","isPartOf":{"@id":"https:\/\/www.esplac.cat\/#website"},"datePublished":"2019-08-15T10:17:54+00:00","breadcrumb":{"@id":"https:\/\/www.esplac.cat\/en\/protocol-violencia-abus\/#breadcrumb"},"inLanguage":"en-US","potentialAction":[{"@type":"ReadAction","target":["https:\/\/www.esplac.cat\/en\/protocol-violencia-abus\/"]}]},{"@type":"BreadcrumbList","@id":"https:\/\/www.esplac.cat\/en\/protocol-violencia-abus\/#breadcrumb","itemListElement":[{"@type":"ListItem","position":1,"name":"Inici","item":"https:\/\/www.esplac.cat\/en\/"},{"@type":"ListItem","position":2,"name":"Protocol per a la prevenci\u00f3 i l\u2019actuaci\u00f3 davant la viol\u00e8ncia o l\u2019ab\u00fas"}]},{"@type":"WebSite","@id":"https:\/\/www.esplac.cat\/#website","url":"https:\/\/www.esplac.cat\/","name":"Esplac","description":"Esplais Catalans","publisher":{"@id":"https:\/\/www.esplac.cat\/#organization"},"potentialAction":[{"@type":"SearchAction","target":{"@type":"EntryPoint","urlTemplate":"https:\/\/www.esplac.cat\/?s={search_term_string}"},"query-input":{"@type":"PropertyValueSpecification","valueRequired":true,"valueName":"search_term_string"}}],"inLanguage":"en-US"},{"@type":"Organization","@id":"https:\/\/www.esplac.cat\/#organization","name":"Esplac","url":"https:\/\/www.esplac.cat\/","logo":{"@type":"ImageObject","inLanguage":"en-US","@id":"https:\/\/www.esplac.cat\/#\/schema\/logo\/image\/","url":"https:\/\/www.esplac.cat\/wp-content\/uploads\/2019\/08\/logox2.png","contentUrl":"https:\/\/www.esplac.cat\/wp-content\/uploads\/2019\/08\/logox2.png","width":600,"height":295,"caption":"Esplac"},"image":{"@id":"https:\/\/www.esplac.cat\/#\/schema\/logo\/image\/"}}]}},"_links":{"self":[{"href":"https:\/\/www.esplac.cat\/en\/wp-json\/wp\/v2\/pages\/30672","targetHints":{"allow":["GET"]}}],"collection":[{"href":"https:\/\/www.esplac.cat\/en\/wp-json\/wp\/v2\/pages"}],"about":[{"href":"https:\/\/www.esplac.cat\/en\/wp-json\/wp\/v2\/types\/page"}],"author":[{"embeddable":true,"href":"https:\/\/www.esplac.cat\/en\/wp-json\/wp\/v2\/users\/1"}],"replies":[{"embeddable":true,"href":"https:\/\/www.esplac.cat\/en\/wp-json\/wp\/v2\/comments?post=30672"}],"version-history":[{"count":0,"href":"https:\/\/www.esplac.cat\/en\/wp-json\/wp\/v2\/pages\/30672\/revisions"}],"wp:attachment":[{"href":"https:\/\/www.esplac.cat\/en\/wp-json\/wp\/v2\/media?parent=30672"}],"curies":[{"name":"wp","href":"https:\/\/api.w.org\/{rel}","templated":true}]}}