{"id":27986,"date":"2019-08-07T17:56:37","date_gmt":"2019-08-07T15:56:37","guid":{"rendered":"https:\/\/www.esplac.cat\/reduint-petjada\/"},"modified":"2025-03-20T14:11:51","modified_gmt":"2025-03-20T12:11:51","slug":"reduint-petjada","status":"publish","type":"page","link":"https:\/\/www.esplac.cat\/es\/comisiones\/reduint-petjada\/","title":{"rendered":"Reduint petjada"},"content":{"rendered":"<p><div class=\"fusion-fullwidth fullwidth-box fusion-builder-row-1 fusion-flex-container nonhundred-percent-fullwidth non-hundred-percent-height-scrolling\" style=\"--awb-border-radius-top-left:0px;--awb-border-radius-top-right:0px;--awb-border-radius-bottom-right:0px;--awb-border-radius-bottom-left:0px;--awb-flex-wrap:wrap;\" ><div class=\"fusion-builder-row fusion-row fusion-flex-align-items-flex-start fusion-flex-content-wrap\" style=\"max-width:1248px;margin-left: calc(-4% \/ 2 );margin-right: calc(-4% \/ 2 );\"><div class=\"fusion-layout-column fusion_builder_column fusion-builder-column-0 fusion_builder_column_1_4 1_4 fusion-flex-column\" style=\"--awb-padding-top:15px;--awb-padding-right:60px;--awb-padding-bottom:15px;--awb-padding-left:20px;--awb-bg-color:#5da9bb;--awb-bg-color-hover:#5da9bb;--awb-bg-size:cover;--awb-width-large:25%;--awb-margin-top-large:0px;--awb-spacing-right-large:2.88%;--awb-margin-bottom-large:0px;--awb-spacing-left-large:7.68%;--awb-width-medium:100%;--awb-spacing-right-medium:1.92%;--awb-spacing-left-medium:1.92%;--awb-width-small:100%;--awb-spacing-right-small:1.92%;--awb-spacing-left-small:1.92%;\"><div class=\"fusion-column-wrapper fusion-column-has-shadow fusion-flex-justify-content-flex-start fusion-content-layout-column\"><div class=\"fusion-separator fusion-full-width-sep\" style=\"align-self: center;margin-left: auto;margin-right: auto;margin-bottom:60%;width:100%;\"><\/div><div class=\"fusion-title title fusion-title-1 fusion-sep-none fusion-title-text fusion-title-size-one saltoguion\" style=\"--awb-text-color:#ffffff;--awb-margin-bottom:0px;--awb-margin-bottom-small:10px;--awb-font-size:44px;\"><h1 class=\"fusion-title-heading title-heading-left fusion-responsive-typography-calculated\" style=\"margin:0;font-size:1em;--fontSize:44;line-height:1.11;\"><strong>Reduint<br \/>\npetjada<\/strong><\/h1><\/div><\/div><\/div><div class=\"fusion-layout-column fusion_builder_column fusion-builder-column-1 fusion_builder_column_3_4 3_4 fusion-flex-column\" style=\"--awb-padding-top:20px;--awb-padding-right:30px;--awb-padding-bottom:30px;--awb-padding-left:30px;--awb-bg-color:#f2f2f2;--awb-bg-color-hover:#f2f2f2;--awb-bg-size:cover;--awb-width-large:75%;--awb-margin-top-large:0px;--awb-spacing-right-large:2.56%;--awb-margin-bottom-large:20px;--awb-spacing-left-large:2.88%;--awb-width-medium:100%;--awb-spacing-right-medium:1.92%;--awb-spacing-left-medium:1.92%;--awb-width-small:100%;--awb-spacing-right-small:1.92%;--awb-spacing-left-small:1.92%;\"><div class=\"fusion-column-wrapper fusion-column-has-shadow fusion-flex-justify-content-flex-start fusion-content-layout-column\"><div class=\"fusion-separator fusion-full-width-sep\" style=\"align-self: center;margin-left: auto;margin-right: auto;margin-bottom:30px;width:100%;\"><\/div><div class=\"fusion-text fusion-text-1\"><p>Enguany, la <strong>Comissi\u00f3 Reduint Petjada<\/strong> no est\u00e0 activa com a espai de treball, tot i que el seu llegat segueix viu en les nostres accions i mirada. Entenem que, com a part d\u2019aquest medi que ens envolta, <strong>tenim una responsabilitat global envers el nostre entorn i l\u2019obligaci\u00f3 de garantir la seva continu\u00eftat i sostenibilitat<\/strong>. Aix\u00f2 implica, inevitablement, una transformaci\u00f3 total del sistema econ\u00f2mic i pol\u00edtic i, per tant, de la manera de consumir, d\u2019alimentar-nos, de relacionar-nos, de gestionar els residus\u2026\u00a0Entenem que el creixement constant i imparable no \u00e9s sostenible ni necessari per benestar social i ambiental. Per aix\u00f2, continuem apostant pel decreixement i per una economia social, solid\u00e0ria, circular i feminista.<\/p>\n<p>Actualment, els esfor\u00e7os de les comissions se centren en altres projectes, per\u00f2 <strong>seguim apostant per la formaci\u00f3, el debat i el treball en xarxa per integrar el decreixement en tots els \u00e0mbits d&#8217;Esplac<\/strong>. Continuem mantenint la mirada transversal que va caracteritzar la Comissi\u00f3. Ens mantenim compromesos a seguir donant suport als esplais i als sectors mitjan\u00e7ant els recursos creats per la comissi\u00f3, aix\u00ed com en la formaci\u00f3 cont\u00ednua dels equips i la revisi\u00f3 constant de les nostres pr\u00e0ctiques per identificar propostes de millora.<\/p>\n<p>Seguim avan\u00e7ant amb fermesa, mantenint la nostra responsabilitat amb el medi ambient, i amb l&#8217;objectiu de transformar les nostres pr\u00e0ctiques per crear un futur m\u00e9s sostenible.<\/p>\n<p><strong>Contacta amb nosaltres<\/strong>:<\/p>\n<p><div class=\"fusion-fa-align-left\"><i class=\"fb-icon-element-1 fb-icon-element fontawesome-icon fa-envelope far circle-no\" style=\"--awb-iconcolor:#000000;--awb-iconcolor-hover:#000000;--awb-font-size:20px;--awb-margin-right:10px;\"><\/i><\/div><a href=\"mailto:reduintpetjada@esplac.cat\">reduintpetjada@esplac.cat<\/a><\/p>\n<\/div><div class=\"fusion-separator fusion-full-width-sep\" style=\"align-self: center;margin-left: auto;margin-right: auto;margin-bottom:30px;width:100%;\"><\/div><div style=\"text-align:center;\"><a class=\"fusion-button button-flat fusion-button-default-size button-default fusion-button-default button-1 fusion-button-default-span fusion-button-default-type\" target=\"_self\" href=\"\/formacions\/jornades-ambientals\/\"><span class=\"fusion-button-text\">Jornades Ambientals<\/span><\/a><\/div><div class=\"fusion-separator fusion-full-width-sep\" style=\"align-self: center;margin-left: auto;margin-right: auto;margin-bottom:30px;width:100%;\"><\/div><\/div><\/div><\/div><\/div><div class=\"fusion-fullwidth fullwidth-box fusion-builder-row-2 fusion-flex-container nonhundred-percent-fullwidth non-hundred-percent-height-scrolling\" style=\"--awb-border-radius-top-left:0px;--awb-border-radius-top-right:0px;--awb-border-radius-bottom-right:0px;--awb-border-radius-bottom-left:0px;--awb-margin-top:40px;--awb-flex-wrap:wrap;\" ><div class=\"fusion-builder-row fusion-row fusion-flex-align-items-flex-start fusion-flex-content-wrap\" style=\"max-width:1248px;margin-left: calc(-4% \/ 2 );margin-right: calc(-4% \/ 2 );\"><div class=\"fusion-layout-column fusion_builder_column fusion-builder-column-2 fusion_builder_column_1_1 1_1 fusion-flex-column\" style=\"--awb-bg-size:cover;--awb-width-large:100%;--awb-margin-top-large:0px;--awb-spacing-right-large:1.92%;--awb-margin-bottom-large:20px;--awb-spacing-left-large:1.92%;--awb-width-medium:100%;--awb-spacing-right-medium:1.92%;--awb-spacing-left-medium:1.92%;--awb-width-small:100%;--awb-spacing-right-small:1.92%;--awb-spacing-left-small:1.92%;\"><div class=\"fusion-column-wrapper fusion-column-has-shadow fusion-flex-justify-content-flex-start fusion-content-layout-column\"><div class=\"fusion-text fusion-text-2\"><h3><strong>Not\u00edcies relacionades<\/strong><\/h3>\n<\/div><div class=\"fusion-separator fusion-full-width-sep\" style=\"align-self: center;margin-left: auto;margin-right: auto;margin-bottom:15px;width:100%;\"><\/div><div class=\"fusion-text fusion-text-3\">        <section class=\"wcp-slick\"  data-accessibility = on data-arrows = on data-autoplaySpeed = 3000 data-slidesToShow = 4 data-slidesToScroll = 1 data-speed = 300 data-margin = 20px data-rows = 1 data-slidesPerRow = 1 id=\"carousel-27505\">\n\n                            <div class=\"carousel-item-51275\">\n                    <div class=\"post-style-2\" style=\"box-shadow: ;background-color: ;\">\n    <div class=\"wcp-img-wrap\">\n        <a href=\"https:\/\/www.esplac.cat\/es\/reflexionem-sobre-sobirania-alimentaria-i-els-esplais-a-lonzena-edicio-de-les-jornades-ambientals\/\">\n            <img decoding=\"async\" width=\"460\" height=\"295\" src=\"https:\/\/www.esplac.cat\/wp-content\/uploads\/2024\/10\/Jornades-Ambientals_2024-460x295.jpg\" class=\"attachment-portfolio-two size-portfolio-two wp-post-image\" alt=\"Jornades Ambientals\" \/>        <\/a>\n    <\/div>\n    <div class=\"wcp-content-wrap\">\n        <h3>\n            <a href=\"https:\/\/www.esplac.cat\/es\/reflexionem-sobre-sobirania-alimentaria-i-els-esplais-a-lonzena-edicio-de-les-jornades-ambientals\/\" style=\"color: ;\">\n                Reflexionem sobre sobirania aliment\u00e0ria i els esplais a l&#8217;onzena edici\u00f3 de les Jornades Ambientals            <\/a>\n        <\/h3>\n        <div class=\"wcp-post-meta wcp-disable-post-meta\" style=\"color: ;\">\n            <span class=\"wcp-post-author\"><i class=\"fa fa-user\"><\/i>\n                <a href=\"https:\/\/www.esplac.cat\/es\/author\/comunicacio\/\" title=\"Entradas de Comunicaci\u00f3 Esplac\" rel=\"author\">Comunicaci\u00f3 Esplac<\/a>            <\/span>\n            &nbsp;\n            <span class=\"wcp-post-date\"><i class=\"fa fa-clock-o\"><\/i> 15 de octubre de 2024<\/span>\n        <\/div>\n        <div class=\"wcp-post-contents\">\n            15 de octubre de 2024                    <\/div>        \n    <\/div>\n<\/div>                <\/div>    \n\n                            <div class=\"carousel-item-45738\">\n                    <div class=\"post-style-2\" style=\"box-shadow: ;background-color: ;\">\n    <div class=\"wcp-img-wrap\">\n        <a href=\"https:\/\/www.esplac.cat\/es\/preparem-lestiu-tot-el-que-necessites-saber-sobre-campaments-colonies-i-rutes\/\">\n            <img decoding=\"async\" width=\"460\" height=\"295\" src=\"https:\/\/www.esplac.cat\/wp-content\/uploads\/2023\/06\/Portades-Web-4-460x295.jpg\" class=\"attachment-portfolio-two size-portfolio-two wp-post-image\" alt=\"\" \/>        <\/a>\n    <\/div>\n    <div class=\"wcp-content-wrap\">\n        <h3>\n            <a href=\"https:\/\/www.esplac.cat\/es\/preparem-lestiu-tot-el-que-necessites-saber-sobre-campaments-colonies-i-rutes\/\" style=\"color: ;\">\n                Preparem l&#8217;estiu: tot el que necessites saber sobre Campaments, Col\u00f2nies i Rutes (CCR)!            <\/a>\n        <\/h3>\n        <div class=\"wcp-post-meta wcp-disable-post-meta\" style=\"color: ;\">\n            <span class=\"wcp-post-author\"><i class=\"fa fa-user\"><\/i>\n                <a href=\"https:\/\/www.esplac.cat\/es\/author\/comunicacio\/\" title=\"Entradas de Comunicaci\u00f3 Esplac\" rel=\"author\">Comunicaci\u00f3 Esplac<\/a>            <\/span>\n            &nbsp;\n            <span class=\"wcp-post-date\"><i class=\"fa fa-clock-o\"><\/i> 15 de junio de 2023<\/span>\n        <\/div>\n        <div class=\"wcp-post-contents\">\n            15 de junio de 2023                    <\/div>        \n    <\/div>\n<\/div>                <\/div>    \n\n                            <div class=\"carousel-item-45511\">\n                    <div class=\"post-style-2\" style=\"box-shadow: ;background-color: ;\">\n    <div class=\"wcp-img-wrap\">\n        <a href=\"https:\/\/www.esplac.cat\/es\/manual-bones-practiques-recurs-incorporar-decreixement-dia-dia-esplac\/\">\n            <img decoding=\"async\" width=\"460\" height=\"295\" src=\"https:\/\/www.esplac.cat\/wp-content\/uploads\/2023\/05\/Portades-web-11-460x295.jpg\" class=\"attachment-portfolio-two size-portfolio-two wp-post-image\" alt=\"Manual de Bones Pr\u00e0ctiques\" \/>        <\/a>\n    <\/div>\n    <div class=\"wcp-content-wrap\">\n        <h3>\n            <a href=\"https:\/\/www.esplac.cat\/es\/manual-bones-practiques-recurs-incorporar-decreixement-dia-dia-esplac\/\" style=\"color: ;\">\n                Ja tenim el Manual de Bones Pr\u00e0ctiques, un recurs per incorporar el decreixement al dia a dia de la nostra entitat            <\/a>\n        <\/h3>\n        <div class=\"wcp-post-meta wcp-disable-post-meta\" style=\"color: ;\">\n            <span class=\"wcp-post-author\"><i class=\"fa fa-user\"><\/i>\n                <a href=\"https:\/\/www.esplac.cat\/es\/author\/comunicacio\/\" title=\"Entradas de Comunicaci\u00f3 Esplac\" rel=\"author\">Comunicaci\u00f3 Esplac<\/a>            <\/span>\n            &nbsp;\n            <span class=\"wcp-post-date\"><i class=\"fa fa-clock-o\"><\/i> 31 de mayo de 2023<\/span>\n        <\/div>\n        <div class=\"wcp-post-contents\">\n            31 de mayo de 2023                    <\/div>        \n    <\/div>\n<\/div>                <\/div>    \n\n                            <div class=\"carousel-item-42004\">\n                    <div class=\"post-style-2\" style=\"box-shadow: ;background-color: ;\">\n    <div class=\"wcp-img-wrap\">\n        <a href=\"https:\/\/www.esplac.cat\/es\/tres-espais-formatius-relacio-emergencia-climatica-solstici-ambiental\/\">\n            <img decoding=\"async\" width=\"460\" height=\"295\" src=\"https:\/\/www.esplac.cat\/wp-content\/uploads\/2022\/11\/Portades-Web-35-460x295.jpg\" class=\"attachment-portfolio-two size-portfolio-two wp-post-image\" alt=\"\" \/>        <\/a>\n    <\/div>\n    <div class=\"wcp-content-wrap\">\n        <h3>\n            <a href=\"https:\/\/www.esplac.cat\/es\/tres-espais-formatius-relacio-emergencia-climatica-solstici-ambiental\/\" style=\"color: ;\">\n                Tres espais formatius en relaci\u00f3 a l\u2019emerg\u00e8ncia clim\u00e0tica al Solstici Ambiental            <\/a>\n        <\/h3>\n        <div class=\"wcp-post-meta wcp-disable-post-meta\" style=\"color: ;\">\n            <span class=\"wcp-post-author\"><i class=\"fa fa-user\"><\/i>\n                <a href=\"https:\/\/www.esplac.cat\/es\/author\/comunicacio\/\" title=\"Entradas de Comunicaci\u00f3 Esplac\" rel=\"author\">Comunicaci\u00f3 Esplac<\/a>            <\/span>\n            &nbsp;\n            <span class=\"wcp-post-date\"><i class=\"fa fa-clock-o\"><\/i> 17 de noviembre de 2022<\/span>\n        <\/div>\n        <div class=\"wcp-post-contents\">\n            17 de noviembre de 2022                    <\/div>        \n    <\/div>\n<\/div>                <\/div>    \n\n                            <div class=\"carousel-item-41939\">\n                    <div class=\"post-style-2\" style=\"box-shadow: ;background-color: ;\">\n    <div class=\"wcp-img-wrap\">\n        <a href=\"https:\/\/www.esplac.cat\/es\/tresoreria-transformadora-finances-etiques-associacionisme-juvenil\/\">\n            <img decoding=\"async\" width=\"460\" height=\"295\" src=\"https:\/\/www.esplac.cat\/wp-content\/uploads\/2022\/11\/portada_tresoreria-460x295.jpg\" class=\"attachment-portfolio-two size-portfolio-two wp-post-image\" alt=\"\" \/>        <\/a>\n    <\/div>\n    <div class=\"wcp-content-wrap\">\n        <h3>\n            <a href=\"https:\/\/www.esplac.cat\/es\/tresoreria-transformadora-finances-etiques-associacionisme-juvenil\/\" style=\"color: ;\">\n                Tresoreria transformadora: Les finances \u00e8tiques a l&#8217;associacionisme juvenil            <\/a>\n        <\/h3>\n        <div class=\"wcp-post-meta wcp-disable-post-meta\" style=\"color: ;\">\n            <span class=\"wcp-post-author\"><i class=\"fa fa-user\"><\/i>\n                <a href=\"https:\/\/www.esplac.cat\/es\/author\/comunicacio\/\" title=\"Entradas de Comunicaci\u00f3 Esplac\" rel=\"author\">Comunicaci\u00f3 Esplac<\/a>            <\/span>\n            &nbsp;\n            <span class=\"wcp-post-date\"><i class=\"fa fa-clock-o\"><\/i> 11 de noviembre de 2022<\/span>\n        <\/div>\n        <div class=\"wcp-post-contents\">\n            11 de noviembre de 2022                    <\/div>        \n    <\/div>\n<\/div>                <\/div>    \n\n                            <div class=\"carousel-item-41313\">\n                    <div class=\"post-style-2\" style=\"box-shadow: ;background-color: ;\">\n    <div class=\"wcp-img-wrap\">\n        <a href=\"https:\/\/www.esplac.cat\/es\/jornades-ambientals-2022-colapse-esplais-agents-canvi-ecosocial\/\">\n            <img decoding=\"async\" width=\"460\" height=\"295\" src=\"https:\/\/www.esplac.cat\/wp-content\/uploads\/2022\/09\/JA_portada-460x295.jpg\" class=\"attachment-portfolio-two size-portfolio-two wp-post-image\" alt=\"\" \/>        <\/a>\n    <\/div>\n    <div class=\"wcp-content-wrap\">\n        <h3>\n            <a href=\"https:\/\/www.esplac.cat\/es\/jornades-ambientals-2022-colapse-esplais-agents-canvi-ecosocial\/\" style=\"color: ;\">\n                Jornades Ambientals 2022: Davant el col\u00b7lapse, som els esplais agents de canvi ecosocial?            <\/a>\n        <\/h3>\n        <div class=\"wcp-post-meta wcp-disable-post-meta\" style=\"color: ;\">\n            <span class=\"wcp-post-author\"><i class=\"fa fa-user\"><\/i>\n                <a href=\"https:\/\/www.esplac.cat\/es\/author\/comunicacio\/\" title=\"Entradas de Comunicaci\u00f3 Esplac\" rel=\"author\">Comunicaci\u00f3 Esplac<\/a>            <\/span>\n            &nbsp;\n            <span class=\"wcp-post-date\"><i class=\"fa fa-clock-o\"><\/i> 15 de septiembre de 2022<\/span>\n        <\/div>\n        <div class=\"wcp-post-contents\">\n            15 de septiembre de 2022                    <\/div>        \n    <\/div>\n<\/div>                <\/div>    \n\n                            <div class=\"carousel-item-39938\">\n                    <div class=\"post-style-2\" style=\"box-shadow: ;background-color: ;\">\n    <div class=\"wcp-img-wrap\">\n        <a href=\"https:\/\/www.esplac.cat\/es\/creix-interes-esplais-mudar-els-seus-comptes-a-la-banca-etica\/\">\n            <img decoding=\"async\" width=\"460\" height=\"295\" src=\"https:\/\/www.esplac.cat\/wp-content\/uploads\/2022\/04\/Bancaetica_noti-460x295.jpg\" class=\"attachment-portfolio-two size-portfolio-two wp-post-image\" alt=\"\" \/>        <\/a>\n    <\/div>\n    <div class=\"wcp-content-wrap\">\n        <h3>\n            <a href=\"https:\/\/www.esplac.cat\/es\/creix-interes-esplais-mudar-els-seus-comptes-a-la-banca-etica\/\" style=\"color: ;\">\n                Els esplais fan un pas m\u00e9s cap a la Banca \u00c8tica            <\/a>\n        <\/h3>\n        <div class=\"wcp-post-meta wcp-disable-post-meta\" style=\"color: ;\">\n            <span class=\"wcp-post-author\"><i class=\"fa fa-user\"><\/i>\n                <a href=\"https:\/\/www.esplac.cat\/es\/author\/comunicacio\/\" title=\"Entradas de Comunicaci\u00f3 Esplac\" rel=\"author\">Comunicaci\u00f3 Esplac<\/a>            <\/span>\n            &nbsp;\n            <span class=\"wcp-post-date\"><i class=\"fa fa-clock-o\"><\/i> 6 de abril de 2022<\/span>\n        <\/div>\n        <div class=\"wcp-post-contents\">\n            6 de abril de 2022                    <\/div>        \n    <\/div>\n<\/div>                <\/div>    \n\n                            <div class=\"carousel-item-39839\">\n                    <div class=\"post-style-2\" style=\"box-shadow: ;background-color: ;\">\n    <div class=\"wcp-img-wrap\">\n        <a href=\"https:\/\/www.esplac.cat\/es\/esplac-apropar-banca-etica-esplais\/\">\n            <img decoding=\"async\" width=\"460\" height=\"295\" src=\"https:\/\/www.esplac.cat\/wp-content\/uploads\/2022\/03\/banca-etica_noti-460x295.jpg\" class=\"attachment-portfolio-two size-portfolio-two wp-post-image\" alt=\"\" \/>        <\/a>\n    <\/div>\n    <div class=\"wcp-content-wrap\">\n        <h3>\n            <a href=\"https:\/\/www.esplac.cat\/es\/esplac-apropar-banca-etica-esplais\/\" style=\"color: ;\">\n                Esplac aposta per apropar la banca \u00e8tica als esplais            <\/a>\n        <\/h3>\n        <div class=\"wcp-post-meta wcp-disable-post-meta\" style=\"color: ;\">\n            <span class=\"wcp-post-author\"><i class=\"fa fa-user\"><\/i>\n                <a href=\"https:\/\/www.esplac.cat\/es\/author\/comunicacio\/\" title=\"Entradas de Comunicaci\u00f3 Esplac\" rel=\"author\">Comunicaci\u00f3 Esplac<\/a>            <\/span>\n            &nbsp;\n            <span class=\"wcp-post-date\"><i class=\"fa fa-clock-o\"><\/i> 31 de marzo de 2022<\/span>\n        <\/div>\n        <div class=\"wcp-post-contents\">\n            31 de marzo de 2022                    <\/div>        \n    <\/div>\n<\/div>                <\/div>    \n\n                            <div class=\"carousel-item-39456\">\n                    <div class=\"post-style-2\" style=\"box-shadow: ;background-color: ;\">\n    <div class=\"wcp-img-wrap\">\n        <a href=\"https:\/\/www.esplac.cat\/es\/posem-mirada-decreixement-justicia-global\/\">\n            <img decoding=\"async\" width=\"460\" height=\"295\" src=\"https:\/\/www.esplac.cat\/wp-content\/uploads\/2022\/03\/portada_formaciocomi-460x295.jpg\" class=\"attachment-portfolio-two size-portfolio-two wp-post-image\" alt=\"\" \/>        <\/a>\n    <\/div>\n    <div class=\"wcp-content-wrap\">\n        <h3>\n            <a href=\"https:\/\/www.esplac.cat\/es\/posem-mirada-decreixement-justicia-global\/\" style=\"color: ;\">\n                Posem la mirada en el Decreixement i la Just\u00edcia Global            <\/a>\n        <\/h3>\n        <div class=\"wcp-post-meta wcp-disable-post-meta\" style=\"color: ;\">\n            <span class=\"wcp-post-author\"><i class=\"fa fa-user\"><\/i>\n                <a href=\"https:\/\/www.esplac.cat\/es\/author\/comunicacio\/\" title=\"Entradas de Comunicaci\u00f3 Esplac\" rel=\"author\">Comunicaci\u00f3 Esplac<\/a>            <\/span>\n            &nbsp;\n            <span class=\"wcp-post-date\"><i class=\"fa fa-clock-o\"><\/i> 4 de marzo de 2022<\/span>\n        <\/div>\n        <div class=\"wcp-post-contents\">\n            4 de marzo de 2022                    <\/div>        \n    <\/div>\n<\/div>                <\/div>    \n\n                            <div class=\"carousel-item-37860\">\n                    <div class=\"post-style-2\" style=\"box-shadow: ;background-color: ;\">\n    <div class=\"wcp-img-wrap\">\n        <a href=\"https:\/\/www.esplac.cat\/es\/els-esplais-cap-a-la-banca-etica\/\">\n            <img decoding=\"async\" width=\"460\" height=\"295\" src=\"https:\/\/www.esplac.cat\/wp-content\/uploads\/2021\/11\/Portades-Web-1-460x295.jpg\" class=\"attachment-portfolio-two size-portfolio-two wp-post-image\" alt=\"\" \/>        <\/a>\n    <\/div>\n    <div class=\"wcp-content-wrap\">\n        <h3>\n            <a href=\"https:\/\/www.esplac.cat\/es\/els-esplais-cap-a-la-banca-etica\/\" style=\"color: ;\">\n                Els esplais, cap a la banca \u00e8tica!            <\/a>\n        <\/h3>\n        <div class=\"wcp-post-meta wcp-disable-post-meta\" style=\"color: ;\">\n            <span class=\"wcp-post-author\"><i class=\"fa fa-user\"><\/i>\n                <a href=\"https:\/\/www.esplac.cat\/es\/author\/comunicacio\/\" title=\"Entradas de Comunicaci\u00f3 Esplac\" rel=\"author\">Comunicaci\u00f3 Esplac<\/a>            <\/span>\n            &nbsp;\n            <span class=\"wcp-post-date\"><i class=\"fa fa-clock-o\"><\/i> 4 de noviembre de 2021<\/span>\n        <\/div>\n        <div class=\"wcp-post-contents\">\n            4 de noviembre de 2021                    <\/div>        \n    <\/div>\n<\/div>                <\/div>    \n\n                \n        <\/section>\n        <style>\n    #carousel-27505 .slick-prev:before, #carousel-27505 .slick-next:before {\n        color: #000 !important;\n    }\n    #carousel-27505 .slick-slide {\n        margin: 2px 20px;\n    }\n    #carousel-27505 h3,\n    #carousel-27505 .car-caption,\n    #carousel-27505 .car-caption h3 a {\n        background-color: ;\n        color: ;\n    }\n    #carousel-27505 .car-caption {\n        text-align: center;\n    }\n    #carousel-27505 p {\n        color: ;\n    }\n    #carousel-27505 a {\n        text-decoration: none;\n        border-bottom: none;\n    }\n        #carousel-27505 .post-style-1 .wcp-post-author a {\n        color: ;\n    }\n            #carousel-27505 .ih-item,\n        #carousel-27505 .post-style-1,\n        #carousel-27505 .post-style-3,\n        #carousel-27505 .car-caption { \n            border: 8px solid #FFF;\n            box-shadow: ;\n        }\n                #carousel-27505 .post-style-2 .wcp-content-wrap { \n            border: 8px solid #FFF;\n            border-top: none;\n        }\n        #carousel-27505 .mega-post-carousel1,\n        #carousel-27505 .mega-post-carousel4 { \n            border: 8px solid #FFF;\n            padding: 10px;\n        }\n\n        .slick-prev, .slick-next {\r\n    font-size: 0;\r\n    line-height: 0;\r\n    position: absolute;\r\n    top: 42% !important;\r\n    display: block;\r\n    width: 20px;\r\n    height: 20px;\r\n    padding: 0;\r\n    -webkit-transform: translate(0, -50%);\r\n    -ms-transform: translate(0, -50%);\r\n    transform: translate(0, -50%);\r\n    cursor: pointer;\r\n    color: transparent;\r\n    border: none;\r\n    outline: none;\r\n    background: transparent;\r\n}                .wcp-disable-post-meta { display: none !important;}\n    <\/style>\n<\/div><\/div><\/div><\/div><\/div><div class=\"fusion-fullwidth fullwidth-box fusion-builder-row-3 fusion-flex-container nonhundred-percent-fullwidth non-hundred-percent-height-scrolling\" style=\"--awb-border-radius-top-left:0px;--awb-border-radius-top-right:0px;--awb-border-radius-bottom-right:0px;--awb-border-radius-bottom-left:0px;--awb-padding-top:30px;--awb-background-color:#ededed;--awb-flex-wrap:wrap;\" ><\/div>\n<\/p>\n","protected":false},"excerpt":{"rendered":"","protected":false},"author":1,"featured_media":0,"parent":28006,"menu_order":0,"comment_status":"closed","ping_status":"closed","template":"100-width.php","meta":{"om_disable_all_campaigns":false,"_monsterinsights_skip_tracking":false,"_monsterinsights_sitenote_active":false,"_monsterinsights_sitenote_note":"","_monsterinsights_sitenote_category":0,"_uf_show_specific_survey":0,"_uf_disable_surveys":false,"footnotes":""},"class_list":["post-27986","page","type-page","status-publish","hentry"],"yoast_head":"<!-- This site is optimized with the Yoast SEO plugin v27.5 - https:\/\/yoast.com\/product\/yoast-seo-wordpress\/ -->\n<title>Reduint petjada - Esplac<\/title>\n<meta name=\"robots\" content=\"index, follow, max-snippet:-1, max-image-preview:large, max-video-preview:-1\" \/>\n<link rel=\"canonical\" href=\"https:\/\/www.esplac.cat\/es\/comisiones\/reduint-petjada\/\" \/>\n<meta property=\"og:locale\" content=\"es_ES\" \/>\n<meta property=\"og:type\" content=\"article\" \/>\n<meta property=\"og:title\" content=\"Reduint petjada - Esplac\" \/>\n<meta property=\"og:url\" content=\"https:\/\/www.esplac.cat\/es\/comisiones\/reduint-petjada\/\" \/>\n<meta property=\"og:site_name\" content=\"Esplac\" \/>\n<meta property=\"article:modified_time\" content=\"2025-03-20T12:11:51+00:00\" \/>\n<meta property=\"og:image\" content=\"https:\/\/www.esplac.cat\/wp-content\/uploads\/2019\/11\/logo-open.jpg\" \/>\n\t<meta property=\"og:image:width\" content=\"1200\" \/>\n\t<meta property=\"og:image:height\" content=\"630\" \/>\n\t<meta property=\"og:image:type\" content=\"image\/jpeg\" \/>\n<meta name=\"twitter:card\" content=\"summary_large_image\" \/>\n<script type=\"application\/ld+json\" class=\"yoast-schema-graph\">{\"@context\":\"https:\\\/\\\/schema.org\",\"@graph\":[{\"@type\":\"WebPage\",\"@id\":\"https:\\\/\\\/www.esplac.cat\\\/es\\\/comisiones\\\/reduint-petjada\\\/\",\"url\":\"https:\\\/\\\/www.esplac.cat\\\/es\\\/comisiones\\\/reduint-petjada\\\/\",\"name\":\"Reduint petjada - Esplac\",\"isPartOf\":{\"@id\":\"https:\\\/\\\/www.esplac.cat\\\/#website\"},\"datePublished\":\"2019-08-07T15:56:37+00:00\",\"dateModified\":\"2025-03-20T12:11:51+00:00\",\"breadcrumb\":{\"@id\":\"https:\\\/\\\/www.esplac.cat\\\/es\\\/comisiones\\\/reduint-petjada\\\/#breadcrumb\"},\"inLanguage\":\"es\",\"potentialAction\":[{\"@type\":\"ReadAction\",\"target\":[\"https:\\\/\\\/www.esplac.cat\\\/es\\\/comisiones\\\/reduint-petjada\\\/\"]}]},{\"@type\":\"BreadcrumbList\",\"@id\":\"https:\\\/\\\/www.esplac.cat\\\/es\\\/comisiones\\\/reduint-petjada\\\/#breadcrumb\",\"itemListElement\":[{\"@type\":\"ListItem\",\"position\":1,\"name\":\"Inici\",\"item\":\"https:\\\/\\\/www.esplac.cat\\\/es\\\/\"},{\"@type\":\"ListItem\",\"position\":2,\"name\":\"Comisiones\",\"item\":\"https:\\\/\\\/www.esplac.cat\\\/es\\\/comisiones\\\/\"},{\"@type\":\"ListItem\",\"position\":3,\"name\":\"Reduint petjada\"}]},{\"@type\":\"WebSite\",\"@id\":\"https:\\\/\\\/www.esplac.cat\\\/#website\",\"url\":\"https:\\\/\\\/www.esplac.cat\\\/\",\"name\":\"Esplac\",\"description\":\"Esplais Catalans\",\"publisher\":{\"@id\":\"https:\\\/\\\/www.esplac.cat\\\/#organization\"},\"potentialAction\":[{\"@type\":\"SearchAction\",\"target\":{\"@type\":\"EntryPoint\",\"urlTemplate\":\"https:\\\/\\\/www.esplac.cat\\\/?s={search_term_string}\"},\"query-input\":{\"@type\":\"PropertyValueSpecification\",\"valueRequired\":true,\"valueName\":\"search_term_string\"}}],\"inLanguage\":\"es\"},{\"@type\":\"Organization\",\"@id\":\"https:\\\/\\\/www.esplac.cat\\\/#organization\",\"name\":\"Esplac\",\"url\":\"https:\\\/\\\/www.esplac.cat\\\/\",\"logo\":{\"@type\":\"ImageObject\",\"inLanguage\":\"es\",\"@id\":\"https:\\\/\\\/www.esplac.cat\\\/#\\\/schema\\\/logo\\\/image\\\/\",\"url\":\"https:\\\/\\\/www.esplac.cat\\\/wp-content\\\/uploads\\\/2019\\\/08\\\/logox2.png\",\"contentUrl\":\"https:\\\/\\\/www.esplac.cat\\\/wp-content\\\/uploads\\\/2019\\\/08\\\/logox2.png\",\"width\":600,\"height\":295,\"caption\":\"Esplac\"},\"image\":{\"@id\":\"https:\\\/\\\/www.esplac.cat\\\/#\\\/schema\\\/logo\\\/image\\\/\"}}]}<\/script>\n<!-- \/ Yoast SEO plugin. -->","yoast_head_json":{"title":"Reduint petjada - Esplac","robots":{"index":"index","follow":"follow","max-snippet":"max-snippet:-1","max-image-preview":"max-image-preview:large","max-video-preview":"max-video-preview:-1"},"canonical":"https:\/\/www.esplac.cat\/es\/comisiones\/reduint-petjada\/","og_locale":"es_ES","og_type":"article","og_title":"Reduint petjada - Esplac","og_url":"https:\/\/www.esplac.cat\/es\/comisiones\/reduint-petjada\/","og_site_name":"Esplac","article_modified_time":"2025-03-20T12:11:51+00:00","og_image":[{"width":1200,"height":630,"url":"https:\/\/www.esplac.cat\/wp-content\/uploads\/2019\/11\/logo-open.jpg","type":"image\/jpeg"}],"twitter_card":"summary_large_image","schema":{"@context":"https:\/\/schema.org","@graph":[{"@type":"WebPage","@id":"https:\/\/www.esplac.cat\/es\/comisiones\/reduint-petjada\/","url":"https:\/\/www.esplac.cat\/es\/comisiones\/reduint-petjada\/","name":"Reduint petjada - Esplac","isPartOf":{"@id":"https:\/\/www.esplac.cat\/#website"},"datePublished":"2019-08-07T15:56:37+00:00","dateModified":"2025-03-20T12:11:51+00:00","breadcrumb":{"@id":"https:\/\/www.esplac.cat\/es\/comisiones\/reduint-petjada\/#breadcrumb"},"inLanguage":"es","potentialAction":[{"@type":"ReadAction","target":["https:\/\/www.esplac.cat\/es\/comisiones\/reduint-petjada\/"]}]},{"@type":"BreadcrumbList","@id":"https:\/\/www.esplac.cat\/es\/comisiones\/reduint-petjada\/#breadcrumb","itemListElement":[{"@type":"ListItem","position":1,"name":"Inici","item":"https:\/\/www.esplac.cat\/es\/"},{"@type":"ListItem","position":2,"name":"Comisiones","item":"https:\/\/www.esplac.cat\/es\/comisiones\/"},{"@type":"ListItem","position":3,"name":"Reduint petjada"}]},{"@type":"WebSite","@id":"https:\/\/www.esplac.cat\/#website","url":"https:\/\/www.esplac.cat\/","name":"Esplac","description":"Esplais Catalans","publisher":{"@id":"https:\/\/www.esplac.cat\/#organization"},"potentialAction":[{"@type":"SearchAction","target":{"@type":"EntryPoint","urlTemplate":"https:\/\/www.esplac.cat\/?s={search_term_string}"},"query-input":{"@type":"PropertyValueSpecification","valueRequired":true,"valueName":"search_term_string"}}],"inLanguage":"es"},{"@type":"Organization","@id":"https:\/\/www.esplac.cat\/#organization","name":"Esplac","url":"https:\/\/www.esplac.cat\/","logo":{"@type":"ImageObject","inLanguage":"es","@id":"https:\/\/www.esplac.cat\/#\/schema\/logo\/image\/","url":"https:\/\/www.esplac.cat\/wp-content\/uploads\/2019\/08\/logox2.png","contentUrl":"https:\/\/www.esplac.cat\/wp-content\/uploads\/2019\/08\/logox2.png","width":600,"height":295,"caption":"Esplac"},"image":{"@id":"https:\/\/www.esplac.cat\/#\/schema\/logo\/image\/"}}]}},"_links":{"self":[{"href":"https:\/\/www.esplac.cat\/es\/wp-json\/wp\/v2\/pages\/27986","targetHints":{"allow":["GET"]}}],"collection":[{"href":"https:\/\/www.esplac.cat\/es\/wp-json\/wp\/v2\/pages"}],"about":[{"href":"https:\/\/www.esplac.cat\/es\/wp-json\/wp\/v2\/types\/page"}],"author":[{"embeddable":true,"href":"https:\/\/www.esplac.cat\/es\/wp-json\/wp\/v2\/users\/1"}],"replies":[{"embeddable":true,"href":"https:\/\/www.esplac.cat\/es\/wp-json\/wp\/v2\/comments?post=27986"}],"version-history":[{"count":7,"href":"https:\/\/www.esplac.cat\/es\/wp-json\/wp\/v2\/pages\/27986\/revisions"}],"predecessor-version":[{"id":53055,"href":"https:\/\/www.esplac.cat\/es\/wp-json\/wp\/v2\/pages\/27986\/revisions\/53055"}],"up":[{"embeddable":true,"href":"https:\/\/www.esplac.cat\/es\/wp-json\/wp\/v2\/pages\/28006"}],"wp:attachment":[{"href":"https:\/\/www.esplac.cat\/es\/wp-json\/wp\/v2\/media?parent=27986"}],"curies":[{"name":"wp","href":"https:\/\/api.w.org\/{rel}","templated":true}]}}