{"id":27993,"date":"2019-11-06T17:22:38","date_gmt":"2019-11-06T15:22:38","guid":{"rendered":"https:\/\/www.esplac.cat\/actes-resolucions-ago\/"},"modified":"2026-02-11T12:59:28","modified_gmt":"2026-02-11T10:59:28","slug":"actes-resolucions-ago","status":"publish","type":"page","link":"https:\/\/www.esplac.cat\/es\/transparencia\/actes-resolucions-ago\/","title":{"rendered":"Assemblees Generals Ordin\u00e0ries"},"content":{"rendered":"<p><div class=\"fusion-fullwidth fullwidth-box fusion-builder-row-1 fusion-flex-container nonhundred-percent-fullwidth non-hundred-percent-height-scrolling\" style=\"--awb-border-radius-top-left:0px;--awb-border-radius-top-right:0px;--awb-border-radius-bottom-right:0px;--awb-border-radius-bottom-left:0px;--awb-flex-wrap:wrap;\" ><div class=\"fusion-builder-row fusion-row fusion-flex-align-items-flex-start fusion-flex-content-wrap\" style=\"max-width:1248px;margin-left: calc(-4% \/ 2 );margin-right: calc(-4% \/ 2 );\"><div class=\"fusion-layout-column fusion_builder_column fusion-builder-column-0 fusion_builder_column_1_1 1_1 fusion-flex-column\" style=\"--awb-bg-size:cover;--awb-width-large:100%;--awb-margin-top-large:0px;--awb-spacing-right-large:1.92%;--awb-margin-bottom-large:20px;--awb-spacing-left-large:1.92%;--awb-width-medium:100%;--awb-spacing-right-medium:1.92%;--awb-spacing-left-medium:1.92%;--awb-width-small:100%;--awb-spacing-right-small:1.92%;--awb-spacing-left-small:1.92%;\"><div class=\"fusion-column-wrapper fusion-column-has-shadow fusion-flex-justify-content-flex-start fusion-content-layout-column\"><div class=\"fusion-text fusion-text-1\"><h6><strong>Qu\u00e8 \u00e9s l&#8217;Assemblea General Ordin\u00e0ria?<\/strong><\/h6>\n<p>L&#8217;Assemblea General Ordin\u00e0ria \u00e9s l&#8217;\u00f2rgan suprem de l&#8217;associaci\u00f3 que, integrada per tots els associats, adopta els acords i fixa les l\u00ednies generals que ha de seguir l&#8217;associaci\u00f3.<\/p>\n<\/div><\/div><\/div><\/div><\/div><div class=\"fusion-fullwidth fullwidth-box fusion-builder-row-2 fusion-flex-container nonhundred-percent-fullwidth non-hundred-percent-height-scrolling\" style=\"--awb-border-radius-top-left:0px;--awb-border-radius-top-right:0px;--awb-border-radius-bottom-right:0px;--awb-border-radius-bottom-left:0px;--awb-flex-wrap:wrap;\" ><div class=\"fusion-builder-row fusion-row fusion-flex-align-items-flex-start fusion-flex-content-wrap\" style=\"max-width:1248px;margin-left: calc(-4% \/ 2 );margin-right: calc(-4% \/ 2 );\"><div class=\"fusion-layout-column fusion_builder_column fusion-builder-column-1 fusion_builder_column_1_1 1_1 fusion-flex-column\" style=\"--awb-bg-size:cover;--awb-width-large:100%;--awb-margin-top-large:0px;--awb-spacing-right-large:1.92%;--awb-margin-bottom-large:20px;--awb-spacing-left-large:1.92%;--awb-width-medium:100%;--awb-spacing-right-medium:1.92%;--awb-spacing-left-medium:1.92%;--awb-width-small:100%;--awb-spacing-right-small:1.92%;--awb-spacing-left-small:1.92%;\"><div class=\"fusion-column-wrapper fusion-column-has-shadow fusion-flex-justify-content-flex-start fusion-content-layout-column\"><div class=\"fusion-text fusion-text-2\"><h3><strong>Actes de les Assemblees Generals Ordin\u00e0ries d&#8217;Esplac<\/strong><\/h3>\n<\/div><div class=\"fusion-tabs fusion-tabs-1 classic vertical-tabs icon-position-left mobile-mode-accordion\" style=\"--awb-title-border-radius-top-left:0px;--awb-title-border-radius-top-right:0px;--awb-title-border-radius-bottom-right:0px;--awb-title-border-radius-bottom-left:0px;--awb-alignment:start;--awb-inactive-color:#ebeaea;--awb-background-color:#ffffff;--awb-border-color:#ebeaea;--awb-active-border-color:#f69d0b;\"><div class=\"nav\"><ul class=\"nav-tabs\" role=\"tablist\"><li class=\"active\" role=\"presentation\"><a class=\"tab-link\" data-toggle=\"tab\" role=\"tab\" aria-controls=\"tab-6c44ac91736e159f613\" aria-selected=\"true\" id=\"fusion-tab-2025\" href=\"#tab-6c44ac91736e159f613\"><h4 class=\"fusion-tab-heading\">2025<\/h4><\/a><\/li><li role=\"presentation\"><a class=\"tab-link\" data-toggle=\"tab\" role=\"tab\" aria-controls=\"tab-c879982890431aab79e\" aria-selected=\"false\" tabindex=\"-1\" id=\"fusion-tab-2024\" href=\"#tab-c879982890431aab79e\"><h4 class=\"fusion-tab-heading\">2024<\/h4><\/a><\/li><li role=\"presentation\"><a class=\"tab-link\" data-toggle=\"tab\" role=\"tab\" aria-controls=\"tab-16d890b88c808ce63a3\" aria-selected=\"false\" tabindex=\"-1\" id=\"fusion-tab-2023\" href=\"#tab-16d890b88c808ce63a3\"><h4 class=\"fusion-tab-heading\">2023<\/h4><\/a><\/li><li role=\"presentation\"><a class=\"tab-link\" data-toggle=\"tab\" role=\"tab\" aria-controls=\"tab-c5743d6c32d2ac29527\" aria-selected=\"false\" tabindex=\"-1\" id=\"fusion-tab-2022\" href=\"#tab-c5743d6c32d2ac29527\"><h4 class=\"fusion-tab-heading\">2022<\/h4><\/a><\/li><li role=\"presentation\"><a class=\"tab-link\" data-toggle=\"tab\" role=\"tab\" aria-controls=\"tab-169e2bb4ed9feb8bd6c\" aria-selected=\"false\" tabindex=\"-1\" id=\"fusion-tab-2021\" href=\"#tab-169e2bb4ed9feb8bd6c\"><h4 class=\"fusion-tab-heading\">2021<\/h4><\/a><\/li><li role=\"presentation\"><a class=\"tab-link\" data-toggle=\"tab\" role=\"tab\" aria-controls=\"tab-7e184384fe9e172fa97\" aria-selected=\"false\" tabindex=\"-1\" id=\"fusion-tab-2020\" href=\"#tab-7e184384fe9e172fa97\"><h4 class=\"fusion-tab-heading\">2020<\/h4><\/a><\/li><li role=\"presentation\"><a class=\"tab-link\" data-toggle=\"tab\" role=\"tab\" aria-controls=\"tab-46fd8e77373e7a2a80b\" aria-selected=\"false\" tabindex=\"-1\" id=\"fusion-tab-2019\" href=\"#tab-46fd8e77373e7a2a80b\"><h4 class=\"fusion-tab-heading\">2019<\/h4><\/a><\/li><li role=\"presentation\"><a class=\"tab-link\" data-toggle=\"tab\" role=\"tab\" aria-controls=\"tab-42b4293286f08e07fdb\" aria-selected=\"false\" tabindex=\"-1\" id=\"fusion-tab-2018\" href=\"#tab-42b4293286f08e07fdb\"><h4 class=\"fusion-tab-heading\">2018<\/h4><\/a><\/li><li role=\"presentation\"><a class=\"tab-link\" data-toggle=\"tab\" role=\"tab\" aria-controls=\"tab-cad30fcb454752c2b64\" aria-selected=\"false\" tabindex=\"-1\" id=\"fusion-tab-2017\" href=\"#tab-cad30fcb454752c2b64\"><h4 class=\"fusion-tab-heading\">2017<\/h4><\/a><\/li><li role=\"presentation\"><a class=\"tab-link\" data-toggle=\"tab\" role=\"tab\" aria-controls=\"tab-138ad190178a8d2d8da\" aria-selected=\"false\" tabindex=\"-1\" id=\"fusion-tab-2016\" href=\"#tab-138ad190178a8d2d8da\"><h4 class=\"fusion-tab-heading\">2016<\/h4><\/a><\/li><li role=\"presentation\"><a class=\"tab-link\" data-toggle=\"tab\" role=\"tab\" aria-controls=\"tab-73935750e5c003a4830\" aria-selected=\"false\" tabindex=\"-1\" id=\"fusion-tab-2015\" href=\"#tab-73935750e5c003a4830\"><h4 class=\"fusion-tab-heading\">2015<\/h4><\/a><\/li><li role=\"presentation\"><a class=\"tab-link\" data-toggle=\"tab\" role=\"tab\" aria-controls=\"tab-fe3c3cda53c51fb69ec\" aria-selected=\"false\" tabindex=\"-1\" id=\"fusion-tab-2014\" href=\"#tab-fe3c3cda53c51fb69ec\"><h4 class=\"fusion-tab-heading\">2014<\/h4><\/a><\/li><li role=\"presentation\"><a class=\"tab-link\" data-toggle=\"tab\" role=\"tab\" aria-controls=\"tab-9def0922966b880d1fd\" aria-selected=\"false\" tabindex=\"-1\" id=\"fusion-tab-2013\" href=\"#tab-9def0922966b880d1fd\"><h4 class=\"fusion-tab-heading\">2013<\/h4><\/a><\/li><\/ul><\/div><div class=\"tab-content\"><div class=\"nav fusion-mobile-tab-nav\"><ul class=\"nav-tabs\" role=\"tablist\"><li class=\"active\" role=\"presentation\"><a class=\"tab-link\" data-toggle=\"tab\" role=\"tab\" aria-controls=\"tab-6c44ac91736e159f613\" aria-selected=\"true\" id=\"mobile-fusion-tab-2025\" href=\"#tab-6c44ac91736e159f613\"><h4 class=\"fusion-tab-heading\">2025<\/h4><\/a><\/li><\/ul><\/div><div class=\"tab-pane fade fusion-clearfix in active\" role=\"tabpanel\" tabindex=\"0\" aria-labelledby=\"fusion-tab-2025\" id=\"tab-6c44ac91736e159f613\">\n<ul>\n<li><span style=\"color: #000000;\"><a style=\"color: #000000;\" href=\"https:\/\/www.esplac.cat\/wp-content\/uploads\/2026\/02\/Esplac_ACTA_XLIV_AGO_2025.pdf\" target=\"_blank\" rel=\"noopener noreferrer\">Acta de l&#8217;Assemblea General Ordin\u00e0ria d&#8217;Esplais Catalans 2025<\/a><\/span><\/li>\n<\/ul>\n<\/div><div class=\"nav fusion-mobile-tab-nav\"><ul class=\"nav-tabs\" role=\"tablist\"><li role=\"presentation\"><a class=\"tab-link\" data-toggle=\"tab\" role=\"tab\" aria-controls=\"tab-c879982890431aab79e\" aria-selected=\"false\" tabindex=\"-1\" id=\"mobile-fusion-tab-2024\" href=\"#tab-c879982890431aab79e\"><h4 class=\"fusion-tab-heading\">2024<\/h4><\/a><\/li><\/ul><\/div><div class=\"tab-pane fade fusion-clearfix\" role=\"tabpanel\" tabindex=\"0\" aria-labelledby=\"fusion-tab-2024\" id=\"tab-c879982890431aab79e\">\n<ul>\n<li><span style=\"color: #000000;\"><a style=\"color: #000000;\" href=\"https:\/\/www.esplac.cat\/wp-content\/uploads\/2025\/02\/ACTA-XLIII-AGO-2024.pdf\" target=\"_blank\" rel=\"noopener noreferrer\">Acta de l&#8217;Assemblea General Ordin\u00e0ria d&#8217;Esplais Catalans 2024<\/a><\/span><\/li>\n<\/ul>\n<\/div><div class=\"nav fusion-mobile-tab-nav\"><ul class=\"nav-tabs\" role=\"tablist\"><li role=\"presentation\"><a class=\"tab-link\" data-toggle=\"tab\" role=\"tab\" aria-controls=\"tab-16d890b88c808ce63a3\" aria-selected=\"false\" tabindex=\"-1\" id=\"mobile-fusion-tab-2023\" href=\"#tab-16d890b88c808ce63a3\"><h4 class=\"fusion-tab-heading\">2023<\/h4><\/a><\/li><\/ul><\/div><div class=\"tab-pane fade fusion-clearfix\" role=\"tabpanel\" tabindex=\"0\" aria-labelledby=\"fusion-tab-2023\" id=\"tab-16d890b88c808ce63a3\">\n<ul>\n<li><span style=\"color: #000000;\"><a style=\"color: #000000;\" href=\"https:\/\/www.esplac.cat\/wp-content\/uploads\/2024\/03\/ACTA-XLII-AGO-2023-2.pdf\" target=\"_blank\" rel=\"noopener noreferrer\">Acta de l&#8217;Assemblea General Ordin\u00e0ria d&#8217;Esplais Catalans 2023<\/a><\/span><\/li>\n<\/ul>\n<\/div><div class=\"nav fusion-mobile-tab-nav\"><ul class=\"nav-tabs\" role=\"tablist\"><li role=\"presentation\"><a class=\"tab-link\" data-toggle=\"tab\" role=\"tab\" aria-controls=\"tab-c5743d6c32d2ac29527\" aria-selected=\"false\" tabindex=\"-1\" id=\"mobile-fusion-tab-2022\" href=\"#tab-c5743d6c32d2ac29527\"><h4 class=\"fusion-tab-heading\">2022<\/h4><\/a><\/li><\/ul><\/div><div class=\"tab-pane fade fusion-clearfix\" role=\"tabpanel\" tabindex=\"0\" aria-labelledby=\"fusion-tab-2022\" id=\"tab-c5743d6c32d2ac29527\">\n<ul>\n<li><span style=\"color: #000000;\"><a style=\"color: #000000;\" href=\"https:\/\/www.esplac.cat\/wp-content\/uploads\/2023\/01\/ACTA-XLI-AGO-2022.pdf\" target=\"_blank\" rel=\"noopener noreferrer\">Acta de l&#8217;Assemblea General Ordin\u00e0ria d&#8217;Esplais Catalans 2022<\/a><\/span><\/li>\n<\/ul>\n<\/div><div class=\"nav fusion-mobile-tab-nav\"><ul class=\"nav-tabs\" role=\"tablist\"><li role=\"presentation\"><a class=\"tab-link\" data-toggle=\"tab\" role=\"tab\" aria-controls=\"tab-169e2bb4ed9feb8bd6c\" aria-selected=\"false\" tabindex=\"-1\" id=\"mobile-fusion-tab-2021\" href=\"#tab-169e2bb4ed9feb8bd6c\"><h4 class=\"fusion-tab-heading\">2021<\/h4><\/a><\/li><\/ul><\/div><div class=\"tab-pane fade fusion-clearfix\" role=\"tabpanel\" tabindex=\"0\" aria-labelledby=\"fusion-tab-2021\" id=\"tab-169e2bb4ed9feb8bd6c\">\n<ul>\n<li><span style=\"color: #000000;\"><a style=\"color: #000000;\" href=\"https:\/\/www.esplac.cat\/wp-content\/uploads\/2022\/02\/ACTA-XL-AGO-2021_merged.pdf\" target=\"_blank\" rel=\"noopener noreferrer\">Acta de l&#8217;Assemblea General Ordin\u00e0ria d&#8217;Esplais Catalans 2021<\/a><\/span><\/li>\n<\/ul>\n<\/div><div class=\"nav fusion-mobile-tab-nav\"><ul class=\"nav-tabs\" role=\"tablist\"><li role=\"presentation\"><a class=\"tab-link\" data-toggle=\"tab\" role=\"tab\" aria-controls=\"tab-7e184384fe9e172fa97\" aria-selected=\"false\" tabindex=\"-1\" id=\"mobile-fusion-tab-2020\" href=\"#tab-7e184384fe9e172fa97\"><h4 class=\"fusion-tab-heading\">2020<\/h4><\/a><\/li><\/ul><\/div><div class=\"tab-pane fade fusion-clearfix\" role=\"tabpanel\" tabindex=\"0\" aria-labelledby=\"fusion-tab-2020\" id=\"tab-7e184384fe9e172fa97\">\n<ul>\n<li><a href=\"https:\/\/www.esplac.cat\/wp-content\/uploads\/2020\/12\/ActaAGO-20.pdf\">Acta de l&#8217;Assemblea General Ordin\u00e0ria d&#8217;Esplais Catalans 2020<\/a><\/li>\n<\/ul>\n<\/div><div class=\"nav fusion-mobile-tab-nav\"><ul class=\"nav-tabs\" role=\"tablist\"><li role=\"presentation\"><a class=\"tab-link\" data-toggle=\"tab\" role=\"tab\" aria-controls=\"tab-46fd8e77373e7a2a80b\" aria-selected=\"false\" tabindex=\"-1\" id=\"mobile-fusion-tab-2019\" href=\"#tab-46fd8e77373e7a2a80b\"><h4 class=\"fusion-tab-heading\">2019<\/h4><\/a><\/li><\/ul><\/div><div class=\"tab-pane fade fusion-clearfix\" role=\"tabpanel\" tabindex=\"0\" aria-labelledby=\"fusion-tab-2019\" id=\"tab-46fd8e77373e7a2a80b\">\n<ul>\n<li><a href=\"https:\/\/www.esplac.cat\/wp-content\/uploads\/2020\/10\/Acta_AGO19.pdf\">Acta de l&#8217;Assemblea General Ordin\u00e0ria d&#8217;Esplais Catalans 2019<\/a><\/li>\n<\/ul>\n<\/div><div class=\"nav fusion-mobile-tab-nav\"><ul class=\"nav-tabs\" role=\"tablist\"><li role=\"presentation\"><a class=\"tab-link\" data-toggle=\"tab\" role=\"tab\" aria-controls=\"tab-42b4293286f08e07fdb\" aria-selected=\"false\" tabindex=\"-1\" id=\"mobile-fusion-tab-2018\" href=\"#tab-42b4293286f08e07fdb\"><h4 class=\"fusion-tab-heading\">2018<\/h4><\/a><\/li><\/ul><\/div><div class=\"tab-pane fade fusion-clearfix\" role=\"tabpanel\" tabindex=\"0\" aria-labelledby=\"fusion-tab-2018\" id=\"tab-42b4293286f08e07fdb\">\n<ul>\n<li><a href=\"http:\/\/esplac.cat\/wp-content\/uploads\/2019\/11\/Acta_AGO_2018.pdf\">Acta de l&#8217;Assemblea General Ordin\u00e0ria d&#8217;Esplais Catalans 2018<\/a><\/li>\n<\/ul>\n<\/div><div class=\"nav fusion-mobile-tab-nav\"><ul class=\"nav-tabs\" role=\"tablist\"><li role=\"presentation\"><a class=\"tab-link\" data-toggle=\"tab\" role=\"tab\" aria-controls=\"tab-cad30fcb454752c2b64\" aria-selected=\"false\" tabindex=\"-1\" id=\"mobile-fusion-tab-2017\" href=\"#tab-cad30fcb454752c2b64\"><h4 class=\"fusion-tab-heading\">2017<\/h4><\/a><\/li><\/ul><\/div><div class=\"tab-pane fade fusion-clearfix\" role=\"tabpanel\" tabindex=\"0\" aria-labelledby=\"fusion-tab-2017\" id=\"tab-cad30fcb454752c2b64\">\n<ul>\n<li><a href=\"http:\/\/esplac.cat\/wp-content\/uploads\/2019\/11\/ACTA_AGO17.pdf\">Acta de l&#8217;Assemblea General Ordin\u00e0ria d&#8217;Esplais Catalans 2017<\/a><\/li>\n<\/ul>\n<\/div><div class=\"nav fusion-mobile-tab-nav\"><ul class=\"nav-tabs\" role=\"tablist\"><li role=\"presentation\"><a class=\"tab-link\" data-toggle=\"tab\" role=\"tab\" aria-controls=\"tab-138ad190178a8d2d8da\" aria-selected=\"false\" tabindex=\"-1\" id=\"mobile-fusion-tab-2016\" href=\"#tab-138ad190178a8d2d8da\"><h4 class=\"fusion-tab-heading\">2016<\/h4><\/a><\/li><\/ul><\/div><div class=\"tab-pane fade fusion-clearfix\" role=\"tabpanel\" tabindex=\"0\" aria-labelledby=\"fusion-tab-2016\" id=\"tab-138ad190178a8d2d8da\">\n<ul>\n<li><a href=\"https:\/\/www.esplac.cat\/wp-content\/uploads\/2020\/10\/2016_Acta035-1.pdf\">Acta de l&#8217;Assemblea General Ordin\u00e0ria d&#8217;Esplais Catalans 2016<\/a><\/li>\n<\/ul>\n<\/div><div class=\"nav fusion-mobile-tab-nav\"><ul class=\"nav-tabs\" role=\"tablist\"><li role=\"presentation\"><a class=\"tab-link\" data-toggle=\"tab\" role=\"tab\" aria-controls=\"tab-73935750e5c003a4830\" aria-selected=\"false\" tabindex=\"-1\" id=\"mobile-fusion-tab-2015\" href=\"#tab-73935750e5c003a4830\"><h4 class=\"fusion-tab-heading\">2015<\/h4><\/a><\/li><\/ul><\/div><div class=\"tab-pane fade fusion-clearfix\" role=\"tabpanel\" tabindex=\"0\" aria-labelledby=\"fusion-tab-2015\" id=\"tab-73935750e5c003a4830\">\n<ul>\n<li><a href=\"https:\/\/www.esplac.cat\/wp-content\/uploads\/2020\/10\/2015_Acta034.pdf\">Acta de l&#8217;Assemblea General Ordin\u00e0ria d&#8217;Esplais Catalans 2015<\/a><\/li>\n<\/ul>\n<\/div><div class=\"nav fusion-mobile-tab-nav\"><ul class=\"nav-tabs\" role=\"tablist\"><li role=\"presentation\"><a class=\"tab-link\" data-toggle=\"tab\" role=\"tab\" aria-controls=\"tab-fe3c3cda53c51fb69ec\" aria-selected=\"false\" tabindex=\"-1\" id=\"mobile-fusion-tab-2014\" href=\"#tab-fe3c3cda53c51fb69ec\"><h4 class=\"fusion-tab-heading\">2014<\/h4><\/a><\/li><\/ul><\/div><div class=\"tab-pane fade fusion-clearfix\" role=\"tabpanel\" tabindex=\"0\" aria-labelledby=\"fusion-tab-2014\" id=\"tab-fe3c3cda53c51fb69ec\">\n<div class=\"vc_tta-panel-body\">\n<div class=\"wpb_text_column wpb_content_element \">\n<div class=\"wpb_wrapper\">\n<ul>\n<li><a href=\"https:\/\/www.esplac.cat\/wp-content\/uploads\/2020\/10\/2014_Acta033.pdf\">Acta de l&#8217;Assemblea General Ordin\u00e0ria d&#8217;Esplais Catalans 2014<\/a><\/li>\n<\/ul>\n<\/div>\n<\/div>\n<\/div>\n<h4><span style=\"font-weight: 400;\">\u00a0<\/span><\/h4>\n<\/div><div class=\"nav fusion-mobile-tab-nav\"><ul class=\"nav-tabs\" role=\"tablist\"><li role=\"presentation\"><a class=\"tab-link\" data-toggle=\"tab\" role=\"tab\" aria-controls=\"tab-9def0922966b880d1fd\" aria-selected=\"false\" tabindex=\"-1\" id=\"mobile-fusion-tab-2013\" href=\"#tab-9def0922966b880d1fd\"><h4 class=\"fusion-tab-heading\">2013<\/h4><\/a><\/li><\/ul><\/div><div class=\"tab-pane fade fusion-clearfix\" role=\"tabpanel\" tabindex=\"0\" aria-labelledby=\"fusion-tab-2013\" id=\"tab-9def0922966b880d1fd\">\n<div class=\"vc_tta-panel-body\">\n<div class=\"wpb_text_column wpb_content_element \">\n<div class=\"wpb_wrapper\">\n<ul>\n<li><a href=\"https:\/\/www.esplac.cat\/wp-content\/uploads\/2020\/10\/2013_Acta032.pdf\">Acta de l&#8217;Assemblea General Ordin\u00e0ria d&#8217;Esplais Catalans 2013<\/a><\/li>\n<\/ul>\n<\/div>\n<\/div>\n<\/div>\n<h4><span style=\"font-weight: 400;\">\u00a0<\/span><\/h4>\n<\/div><\/div><\/div><div class=\"fusion-text fusion-text-3\"><h3><strong>Resolucions d&#8217;Esplais Catalans aprovades en Assemblea General Ordin\u00e0ria<\/strong><\/h3>\n<\/div><div class=\"fusion-tabs fusion-tabs-2 classic vertical-tabs icon-position-left mobile-mode-accordion\" style=\"--awb-title-border-radius-top-left:0px;--awb-title-border-radius-top-right:0px;--awb-title-border-radius-bottom-right:0px;--awb-title-border-radius-bottom-left:0px;--awb-alignment:start;--awb-inactive-color:#ebeaea;--awb-background-color:#ffffff;--awb-border-color:#ebeaea;--awb-active-border-color:#f69d0b;\"><div class=\"nav\"><ul class=\"nav-tabs\" role=\"tablist\"><li class=\"active\" role=\"presentation\"><a class=\"tab-link\" data-toggle=\"tab\" role=\"tab\" aria-controls=\"tab-1e482e38e602e847575\" aria-selected=\"true\" id=\"fusion-tab-2025\" href=\"#tab-1e482e38e602e847575\"><h4 class=\"fusion-tab-heading\">2025<\/h4><\/a><\/li><li role=\"presentation\"><a class=\"tab-link\" data-toggle=\"tab\" role=\"tab\" aria-controls=\"tab-d95213be871ebc9744d\" aria-selected=\"false\" tabindex=\"-1\" id=\"fusion-tab-2024\" href=\"#tab-d95213be871ebc9744d\"><h4 class=\"fusion-tab-heading\">2024<\/h4><\/a><\/li><li role=\"presentation\"><a class=\"tab-link\" data-toggle=\"tab\" role=\"tab\" aria-controls=\"tab-f4cb5274d97d8a4d533\" aria-selected=\"false\" tabindex=\"-1\" id=\"fusion-tab-2023\" href=\"#tab-f4cb5274d97d8a4d533\"><h4 class=\"fusion-tab-heading\">2023<\/h4><\/a><\/li><li role=\"presentation\"><a class=\"tab-link\" data-toggle=\"tab\" role=\"tab\" aria-controls=\"tab-71521139dac51fd1362\" aria-selected=\"false\" tabindex=\"-1\" id=\"fusion-tab-2022\" href=\"#tab-71521139dac51fd1362\"><h4 class=\"fusion-tab-heading\">2022<\/h4><\/a><\/li><li role=\"presentation\"><a class=\"tab-link\" data-toggle=\"tab\" role=\"tab\" aria-controls=\"tab-50aaab8d0c9e2632332\" aria-selected=\"false\" tabindex=\"-1\" id=\"fusion-tab-2021\" href=\"#tab-50aaab8d0c9e2632332\"><h4 class=\"fusion-tab-heading\">2021<\/h4><\/a><\/li><li role=\"presentation\"><a class=\"tab-link\" data-toggle=\"tab\" role=\"tab\" aria-controls=\"tab-77594a86095ea7e07cf\" aria-selected=\"false\" tabindex=\"-1\" id=\"fusion-tab-2020\" href=\"#tab-77594a86095ea7e07cf\"><h4 class=\"fusion-tab-heading\">2020<\/h4><\/a><\/li><li role=\"presentation\"><a class=\"tab-link\" data-toggle=\"tab\" role=\"tab\" aria-controls=\"tab-3c7bcd444f9ab3843f3\" aria-selected=\"false\" tabindex=\"-1\" id=\"fusion-tab-2019\" href=\"#tab-3c7bcd444f9ab3843f3\"><h4 class=\"fusion-tab-heading\">2019<\/h4><\/a><\/li><li role=\"presentation\"><a class=\"tab-link\" data-toggle=\"tab\" role=\"tab\" aria-controls=\"tab-a2697530a5b42d11fed\" aria-selected=\"false\" tabindex=\"-1\" id=\"fusion-tab-2018\" href=\"#tab-a2697530a5b42d11fed\"><h4 class=\"fusion-tab-heading\">2018<\/h4><\/a><\/li><li role=\"presentation\"><a class=\"tab-link\" data-toggle=\"tab\" role=\"tab\" aria-controls=\"tab-227efc2f29378b3b9a5\" aria-selected=\"false\" tabindex=\"-1\" id=\"fusion-tab-2017\" href=\"#tab-227efc2f29378b3b9a5\"><h4 class=\"fusion-tab-heading\">2017<\/h4><\/a><\/li><li role=\"presentation\"><a class=\"tab-link\" data-toggle=\"tab\" role=\"tab\" aria-controls=\"tab-287a7ce4768a2494e38\" aria-selected=\"false\" tabindex=\"-1\" id=\"fusion-tab-2016\" href=\"#tab-287a7ce4768a2494e38\"><h4 class=\"fusion-tab-heading\">2016<\/h4><\/a><\/li><li role=\"presentation\"><a class=\"tab-link\" data-toggle=\"tab\" role=\"tab\" aria-controls=\"tab-e7debcfb05b903dd38e\" aria-selected=\"false\" tabindex=\"-1\" id=\"fusion-tab-2015\" href=\"#tab-e7debcfb05b903dd38e\"><h4 class=\"fusion-tab-heading\">2015<\/h4><\/a><\/li><li role=\"presentation\"><a class=\"tab-link\" data-toggle=\"tab\" role=\"tab\" aria-controls=\"tab-46e2cd9fbbe74406a78\" aria-selected=\"false\" tabindex=\"-1\" id=\"fusion-tab-2014\" href=\"#tab-46e2cd9fbbe74406a78\"><h4 class=\"fusion-tab-heading\">2014<\/h4><\/a><\/li><li role=\"presentation\"><a class=\"tab-link\" data-toggle=\"tab\" role=\"tab\" aria-controls=\"tab-b2b0451b029198ff34e\" aria-selected=\"false\" tabindex=\"-1\" id=\"fusion-tab-2013\" href=\"#tab-b2b0451b029198ff34e\"><h4 class=\"fusion-tab-heading\">2013<\/h4><\/a><\/li><\/ul><\/div><div class=\"tab-content\"><div class=\"nav fusion-mobile-tab-nav\"><ul class=\"nav-tabs\" role=\"tablist\"><li class=\"active\" role=\"presentation\"><a class=\"tab-link\" data-toggle=\"tab\" role=\"tab\" aria-controls=\"tab-1e482e38e602e847575\" aria-selected=\"true\" id=\"mobile-fusion-tab-2025\" href=\"#tab-1e482e38e602e847575\"><h4 class=\"fusion-tab-heading\">2025<\/h4><\/a><\/li><\/ul><\/div><div class=\"tab-pane fade fusion-clearfix in active\" role=\"tabpanel\" tabindex=\"0\" aria-labelledby=\"fusion-tab-2025\" id=\"tab-1e482e38e602e847575\">\n<ul>\n<li><a href=\"https:\/\/www.esplac.cat\/wp-content\/uploads\/2025\/10\/24.1-Resolucio_Els-esplais-contra-els-discursos-dodi_AGO25.pdf\">Els esplais contra els discursos d&#8217;odi<\/a><\/li>\n<li><a href=\"https:\/\/www.esplac.cat\/wp-content\/uploads\/2025\/10\/24.2-Resolucio_Marxem-dX-per-entrar-al-Fedivers_AGO25.pdf\">Marxem d\u2019X per entrar al Fedivers<\/a><\/li>\n<li><a href=\"https:\/\/www.esplac.cat\/wp-content\/uploads\/2025\/10\/24.3-Resolucio_-Volem-un-titol-de-transport-per-a-associacionisme-educatiu_AGO25.pdf\">Volem un t\u00edtol de transport per l\u2019associacionisme educatiu de base volunt\u00e0ria i comunit\u00e0ria<\/a><\/li>\n<li><a href=\"https:\/\/www.esplac.cat\/wp-content\/uploads\/2025\/10\/24.4-Resolucio_Per-una-Palestina-lliure_AGO25.pdf\">Per una Palestina lliure, des del riu fins al mar<\/a><\/li>\n<li><a href=\"https:\/\/www.esplac.cat\/wp-content\/uploads\/2025\/11\/Resolucio_Emergencia-Linguistica_-Esplac-i-la-defensa-de-la-llengua_AGO25.pdf\">Emerg\u00e8ncia ling\u00fc\u00edstica: Esplac i la defensa de la llengua<\/a> Resoluci\u00f3 presentada pel Sector Bages, Bergued\u00e0 i la Cerdanya<\/li>\n<li><a href=\"https:\/\/www.esplac.cat\/wp-content\/uploads\/2025\/11\/Resolucio_-Esplais-contra-la-violencia-policial-Tardor-Absolucio_AGO25.pdf\" target=\"_blank\" rel=\"noopener\">Els esplais contra la viol\u00e8ncia policial: Tardor Absoluci\u00f3!<\/a> Resoluci\u00f3 presentada per l\u2019Esplai Ara Mateix<\/li>\n<\/ul>\n<\/div><div class=\"nav fusion-mobile-tab-nav\"><ul class=\"nav-tabs\" role=\"tablist\"><li role=\"presentation\"><a class=\"tab-link\" data-toggle=\"tab\" role=\"tab\" aria-controls=\"tab-d95213be871ebc9744d\" aria-selected=\"false\" tabindex=\"-1\" id=\"mobile-fusion-tab-2024\" href=\"#tab-d95213be871ebc9744d\"><h4 class=\"fusion-tab-heading\">2024<\/h4><\/a><\/li><\/ul><\/div><div class=\"tab-pane fade fusion-clearfix\" role=\"tabpanel\" tabindex=\"0\" aria-labelledby=\"fusion-tab-2024\" id=\"tab-d95213be871ebc9744d\">\n<ul>\n<li><a href=\"https:\/\/www.esplac.cat\/wp-content\/uploads\/2024\/10\/Resolucio_Transport_Public_AGO_2024.pdf\" target=\"_blank\" rel=\"noopener\">Per un territori descentralitzat, transport p\u00fablic de qualitat!<\/a><\/li>\n<li><a href=\"https:\/\/www.esplac.cat\/wp-content\/uploads\/2024\/10\/Resolucio-Discursos_odi_AGO_2024.pdf\" target=\"_blank\" rel=\"noopener\">Esplais Catalans contra els discursos d\u2019odi<\/a><\/li>\n<li><a href=\"https:\/\/www.esplac.cat\/wp-content\/uploads\/2024\/10\/Resolucio-Anticapitalisme.pdf\" target=\"_blank\" rel=\"noopener\">Els esplais responem davant del sistema neoliberal<\/a><\/li>\n<li><a href=\"https:\/\/www.esplac.cat\/wp-content\/uploads\/2024\/10\/Resolucio_Emergencia_Linguistica_AGO_2024.pdf\" target=\"_blank\" rel=\"noopener\">Davant l\u2019emerg\u00e8ncia ling\u00fc\u00edstica, passem a l\u2019acci\u00f3!<\/a><\/li>\n<li><a href=\"https:\/\/www.esplac.cat\/wp-content\/uploads\/2024\/11\/Resolucio_Palestina_AGO_2024_DEF.pdf\" target=\"_blank\" rel=\"noopener\">Els esplais responem davant el genocidi de Palestina i el L\u00edban.<\/a>\u00a0Resoluci\u00f3 presentada per l\u2019Esplai Xiroc, del Sector Barcelona Nord-Est.<\/li>\n<\/ul>\n<\/div><div class=\"nav fusion-mobile-tab-nav\"><ul class=\"nav-tabs\" role=\"tablist\"><li role=\"presentation\"><a class=\"tab-link\" data-toggle=\"tab\" role=\"tab\" aria-controls=\"tab-f4cb5274d97d8a4d533\" aria-selected=\"false\" tabindex=\"-1\" id=\"mobile-fusion-tab-2023\" href=\"#tab-f4cb5274d97d8a4d533\"><h4 class=\"fusion-tab-heading\">2023<\/h4><\/a><\/li><\/ul><\/div><div class=\"tab-pane fade fusion-clearfix\" role=\"tabpanel\" tabindex=\"0\" aria-labelledby=\"fusion-tab-2023\" id=\"tab-f4cb5274d97d8a4d533\">\n<ul>\n<li><a href=\"https:\/\/www.esplac.cat\/wp-content\/uploads\/2023\/11\/Resolucio_JusticiaperPalestina_AGO2023.pdf\" target=\"_blank\" rel=\"noopener\">Just\u00edcia per Palestina<\/a><\/li>\n<\/ul>\n<\/div><div class=\"nav fusion-mobile-tab-nav\"><ul class=\"nav-tabs\" role=\"tablist\"><li role=\"presentation\"><a class=\"tab-link\" data-toggle=\"tab\" role=\"tab\" aria-controls=\"tab-71521139dac51fd1362\" aria-selected=\"false\" tabindex=\"-1\" id=\"mobile-fusion-tab-2022\" href=\"#tab-71521139dac51fd1362\"><h4 class=\"fusion-tab-heading\">2022<\/h4><\/a><\/li><\/ul><\/div><div class=\"tab-pane fade fusion-clearfix\" role=\"tabpanel\" tabindex=\"0\" aria-labelledby=\"fusion-tab-2022\" id=\"tab-71521139dac51fd1362\">\n<ul>\n<li><a href=\"https:\/\/www.esplac.cat\/wp-content\/uploads\/2022\/12\/Resolucio-2022-Precaritzacio-juvenil-esplais-en-perill.pdf\" target=\"_blank\" rel=\"noopener\">Precaritzaci\u00f3 juvenil, esplais en perill!<\/a><\/li>\n<li><a href=\"https:\/\/www.esplac.cat\/wp-content\/uploads\/2022\/12\/Resolucio-2022-Els-esplais-eduquem-en-el-decreixement.pdf\" target=\"_blank\" rel=\"noopener\">Els esplais d&#8217;Esplac eduquem per un sistema en decreixement<\/a><\/li>\n<li><a href=\"https:\/\/www.esplac.cat\/wp-content\/uploads\/2022\/12\/Resolucio-2022-Linici-de-lany-escolar.pdf\" target=\"_blank\" rel=\"noopener\">L&#8217;inici de l&#8217;any escolar i la seva afectaci\u00f3 en el m\u00f3n del lleure<\/a><\/li>\n<\/ul>\n<\/div><div class=\"nav fusion-mobile-tab-nav\"><ul class=\"nav-tabs\" role=\"tablist\"><li role=\"presentation\"><a class=\"tab-link\" data-toggle=\"tab\" role=\"tab\" aria-controls=\"tab-50aaab8d0c9e2632332\" aria-selected=\"false\" tabindex=\"-1\" id=\"mobile-fusion-tab-2021\" href=\"#tab-50aaab8d0c9e2632332\"><h4 class=\"fusion-tab-heading\">2021<\/h4><\/a><\/li><\/ul><\/div><div class=\"tab-pane fade fusion-clearfix\" role=\"tabpanel\" tabindex=\"0\" aria-labelledby=\"fusion-tab-2021\" id=\"tab-50aaab8d0c9e2632332\">\n<ul>\n<li><a href=\"https:\/\/www.esplac.cat\/wp-content\/uploads\/2021\/10\/resolucio-els-esplais-som-imprescindibles.pdf\">Els esplais som #Imprescindibles<\/a><\/li>\n<li><a href=\"https:\/\/www.esplac.cat\/wp-content\/uploads\/2021\/10\/resolucio-discursos-odi.pdf\">Esplais Catalans contra els discursos d&#8217;odi<\/a><\/li>\n<li><a href=\"https:\/\/www.esplac.cat\/wp-content\/uploads\/2021\/10\/Resolucio-emergencia-linguistica.pdf\">Davant l&#8217;emerg\u00e8ncia ling\u00fc\u00edstica, passem a l&#8217;acci\u00f3!<\/a><\/li>\n<\/ul>\n<\/div><div class=\"nav fusion-mobile-tab-nav\"><ul class=\"nav-tabs\" role=\"tablist\"><li role=\"presentation\"><a class=\"tab-link\" data-toggle=\"tab\" role=\"tab\" aria-controls=\"tab-77594a86095ea7e07cf\" aria-selected=\"false\" tabindex=\"-1\" id=\"mobile-fusion-tab-2020\" href=\"#tab-77594a86095ea7e07cf\"><h4 class=\"fusion-tab-heading\">2020<\/h4><\/a><\/li><\/ul><\/div><div class=\"tab-pane fade fusion-clearfix\" role=\"tabpanel\" tabindex=\"0\" aria-labelledby=\"fusion-tab-2020\" id=\"tab-77594a86095ea7e07cf\">\n<ul>\n<li><a href=\"https:\/\/www.esplac.cat\/wp-content\/uploads\/2020\/12\/Resolucio_locals_amb-esmenes.pdf\">Per locals dignes per a tots els esplais<\/a><\/li>\n<li><a href=\"https:\/\/www.esplac.cat\/wp-content\/uploads\/2020\/12\/Resolucio_locals_amb-esmenes.pdf\">L&#8217;esplai sempre \u00e9s un espai necessari<\/a><\/li>\n<\/ul>\n<\/div><div class=\"nav fusion-mobile-tab-nav\"><ul class=\"nav-tabs\" role=\"tablist\"><li role=\"presentation\"><a class=\"tab-link\" data-toggle=\"tab\" role=\"tab\" aria-controls=\"tab-3c7bcd444f9ab3843f3\" aria-selected=\"false\" tabindex=\"-1\" id=\"mobile-fusion-tab-2019\" href=\"#tab-3c7bcd444f9ab3843f3\"><h4 class=\"fusion-tab-heading\">2019<\/h4><\/a><\/li><\/ul><\/div><div class=\"tab-pane fade fusion-clearfix\" role=\"tabpanel\" tabindex=\"0\" aria-labelledby=\"fusion-tab-2019\" id=\"tab-3c7bcd444f9ab3843f3\">\n<ul>\n<li><a href=\"https:\/\/www.esplac.cat\/wp-content\/uploads\/2020\/06\/Resolucio-emergencia-climatica_amb-esmenes.pdf\">Els esplais catalans actuem enfront l&#8217;emerg\u00e8ncia clim\u00e0tica<\/a><\/li>\n<\/ul>\n<\/div><div class=\"nav fusion-mobile-tab-nav\"><ul class=\"nav-tabs\" role=\"tablist\"><li role=\"presentation\"><a class=\"tab-link\" data-toggle=\"tab\" role=\"tab\" aria-controls=\"tab-a2697530a5b42d11fed\" aria-selected=\"false\" tabindex=\"-1\" id=\"mobile-fusion-tab-2018\" href=\"#tab-a2697530a5b42d11fed\"><h4 class=\"fusion-tab-heading\">2018<\/h4><\/a><\/li><\/ul><\/div><div class=\"tab-pane fade fusion-clearfix\" role=\"tabpanel\" tabindex=\"0\" aria-labelledby=\"fusion-tab-2018\" id=\"tab-a2697530a5b42d11fed\">\n<ul>\n<li><a href=\"http:\/\/esplac.cat\/wp-content\/uploads\/2019\/11\/R_adultcentrisme.pdf\">Per una inf\u00e0ncia apoderada i transformadora<\/a><\/li>\n<li><a href=\"http:\/\/esplac.cat\/wp-content\/uploads\/2019\/11\/R_educacio_laica.pdf\">Per una educaci\u00f3 laica<\/a><\/li>\n<li><a href=\"http:\/\/esplac.cat\/wp-content\/uploads\/2019\/11\/R_llibertats.pdf\">Esplais Catalans compromesos amb els drets fonamentals i les llibertats individuals i col\u00b7lectives<\/a><\/li>\n<li><a href=\"http:\/\/esplac.cat\/wp-content\/uploads\/2019\/11\/R_sexualitats_diverses.pdf\">G\u00e8neres i sexualitats diverses i dissidents<\/a><\/li>\n<li><a href=\"https:\/\/www.esplac.cat\/wp-content\/uploads\/2021\/09\/R_responsabilitat_justicia_palestina.pdf\">La nostra responsabilitat de justicia per Palestina<\/a><\/li>\n<\/ul>\n<\/div><div class=\"nav fusion-mobile-tab-nav\"><ul class=\"nav-tabs\" role=\"tablist\"><li role=\"presentation\"><a class=\"tab-link\" data-toggle=\"tab\" role=\"tab\" aria-controls=\"tab-227efc2f29378b3b9a5\" aria-selected=\"false\" tabindex=\"-1\" id=\"mobile-fusion-tab-2017\" href=\"#tab-227efc2f29378b3b9a5\"><h4 class=\"fusion-tab-heading\">2017<\/h4><\/a><\/li><\/ul><\/div><div class=\"tab-pane fade fusion-clearfix\" role=\"tabpanel\" tabindex=\"0\" aria-labelledby=\"fusion-tab-2017\" id=\"tab-227efc2f29378b3b9a5\">\n<ul>\n<li><a href=\"http:\/\/esplac.cat\/wp-content\/uploads\/2019\/11\/Resolucio-tecnologia_esmenada.pdf\">La tecnologia, un debat no resolt a l&#8217;esplai<\/a><\/li>\n<\/ul>\n<\/div><div class=\"nav fusion-mobile-tab-nav\"><ul class=\"nav-tabs\" role=\"tablist\"><li role=\"presentation\"><a class=\"tab-link\" data-toggle=\"tab\" role=\"tab\" aria-controls=\"tab-287a7ce4768a2494e38\" aria-selected=\"false\" tabindex=\"-1\" id=\"mobile-fusion-tab-2016\" href=\"#tab-287a7ce4768a2494e38\"><h4 class=\"fusion-tab-heading\">2016<\/h4><\/a><\/li><\/ul><\/div><div class=\"tab-pane fade fusion-clearfix\" role=\"tabpanel\" tabindex=\"0\" aria-labelledby=\"fusion-tab-2016\" id=\"tab-287a7ce4768a2494e38\">\n<div class=\"vc_tta-panel-body\">\n<div class=\"wpb_text_column wpb_content_element \">\n<div class=\"wpb_wrapper\">\n<ul>\n<li><a href=\"https:\/\/www.esplac.cat\/wp-content\/uploads\/2016\/12\/Res16_Som_Educacio.pdf\" target=\"_blank\" rel=\"noopener noreferrer\">Som Educaci\u00f3<\/a><\/li>\n<li><a href=\"https:\/\/www.esplac.cat\/wp-content\/uploads\/2016\/12\/Res16_Islamofobia.pdf\" target=\"_blank\" rel=\"noopener noreferrer\">Rebutgem la islamof\u00f2bia<\/a><\/li>\n<li><a href=\"https:\/\/www.esplac.cat\/wp-content\/uploads\/2016\/12\/Res16_Vot_infantil.pdf\" target=\"_blank\" rel=\"noopener noreferrer\">Esplais Catalans defensem la plena ciutadania dels infants<\/a><\/li>\n<\/ul>\n<\/div>\n<\/div>\n<\/div>\n<\/div><div class=\"nav fusion-mobile-tab-nav\"><ul class=\"nav-tabs\" role=\"tablist\"><li role=\"presentation\"><a class=\"tab-link\" data-toggle=\"tab\" role=\"tab\" aria-controls=\"tab-e7debcfb05b903dd38e\" aria-selected=\"false\" tabindex=\"-1\" id=\"mobile-fusion-tab-2015\" href=\"#tab-e7debcfb05b903dd38e\"><h4 class=\"fusion-tab-heading\">2015<\/h4><\/a><\/li><\/ul><\/div><div class=\"tab-pane fade fusion-clearfix\" role=\"tabpanel\" tabindex=\"0\" aria-labelledby=\"fusion-tab-2015\" id=\"tab-e7debcfb05b903dd38e\">\n<div class=\"vc_tta-panel-body\">\n<div class=\"wpb_text_column wpb_content_element \">\n<div class=\"wpb_wrapper\">\n<ul>\n<li><a href=\"https:\/\/esplac.cat\/wp-content\/uploads\/2015\/10\/Resoluci\u00f3_fiscalitat_justa-1.pdf\" target=\"_blank\" rel=\"noopener noreferrer\">Per una fiscalitat justa i raonable pels esplais<\/a><\/li>\n<li><a href=\"https:\/\/esplac.cat\/wp-content\/uploads\/2015\/12\/Resolucio\u0301_som_lalternativa_necessaria.pdf\" target=\"_blank\" rel=\"noopener noreferrer\">Som l\u2019alternativa necess\u00e0ria!<\/a><\/li>\n<li><a href=\"https:\/\/esplac.cat\/wp-content\/uploads\/2015\/10\/Resolucions_refugiades-1.pdf\" target=\"_blank\" rel=\"noopener noreferrer\">Esplais Catalans compromesos amb la pau i l\u2019ajuda a les persones refugiades<\/a><\/li>\n<\/ul>\n<\/div>\n<\/div>\n<\/div>\n<\/div><div class=\"nav fusion-mobile-tab-nav\"><ul class=\"nav-tabs\" role=\"tablist\"><li role=\"presentation\"><a class=\"tab-link\" data-toggle=\"tab\" role=\"tab\" aria-controls=\"tab-46e2cd9fbbe74406a78\" aria-selected=\"false\" tabindex=\"-1\" id=\"mobile-fusion-tab-2014\" href=\"#tab-46e2cd9fbbe74406a78\"><h4 class=\"fusion-tab-heading\">2014<\/h4><\/a><\/li><\/ul><\/div><div class=\"tab-pane fade fusion-clearfix\" role=\"tabpanel\" tabindex=\"0\" aria-labelledby=\"fusion-tab-2014\" id=\"tab-46e2cd9fbbe74406a78\">\n<div class=\"vc_tta-panel-body\">\n<div class=\"wpb_text_column wpb_content_element \">\n<div class=\"wpb_wrapper\">\n<ul>\n<li><a href=\"https:\/\/esplac.cat\/wp-content\/uploads\/2015\/12\/res-protagonistes-present-ago14.pdf\" target=\"_blank\" rel=\"noopener noreferrer\">A l\u2019esplai som protagonistes del present<\/a><\/li>\n<li><a href=\"https:\/\/esplac.cat\/wp-content\/uploads\/2015\/12\/res-diversitat-funcional-ago14.pdf\" target=\"_blank\" rel=\"noopener noreferrer\">El m\u00f3n no est\u00e0 pensat per la diversitat funcional<\/a><\/li>\n<li><a href=\"https:\/\/esplac.cat\/wp-content\/uploads\/2015\/12\/resolucio-locals-ago14.pdf\" target=\"_blank\" rel=\"noopener noreferrer\">Ens cal espai per fer esplai!<\/a><\/li>\n<li><a href=\"https:\/\/esplac.cat\/wp-content\/uploads\/2015\/12\/resolucio-vaga-totes-ago14.pdf\" target=\"_blank\" rel=\"noopener noreferrer\">Esplac amb la vaga de totes<\/a><\/li>\n<li><a href=\"https:\/\/esplac.cat\/wp-content\/uploads\/2015\/12\/res-voluntariat-obligatori-ago14.pdf\" target=\"_blank\" rel=\"noopener noreferrer\">Voluntariat obligatori no \u00e9s voluntariat<\/a><\/li>\n<\/ul>\n<\/div>\n<\/div>\n<\/div>\n<h4><span style=\"font-weight: 400;\">\u00a0<\/span><\/h4>\n<\/div><div class=\"nav fusion-mobile-tab-nav\"><ul class=\"nav-tabs\" role=\"tablist\"><li role=\"presentation\"><a class=\"tab-link\" data-toggle=\"tab\" role=\"tab\" aria-controls=\"tab-b2b0451b029198ff34e\" aria-selected=\"false\" tabindex=\"-1\" id=\"mobile-fusion-tab-2013\" href=\"#tab-b2b0451b029198ff34e\"><h4 class=\"fusion-tab-heading\">2013<\/h4><\/a><\/li><\/ul><\/div><div class=\"tab-pane fade fusion-clearfix\" role=\"tabpanel\" tabindex=\"0\" aria-labelledby=\"fusion-tab-2013\" id=\"tab-b2b0451b029198ff34e\">\n<div class=\"vc_tta-panel-body\">\n<div class=\"wpb_text_column wpb_content_element \">\n<div class=\"wpb_wrapper\">\n<ul>\n<li><a href=\"https:\/\/esplac.cat\/wp-content\/uploads\/2015\/12\/resolucio_esplai_construim_oportunitats.pdf\" target=\"_blank\" rel=\"noopener noreferrer\">A l\u2019esplai, constru\u00efm oportunitats<\/a><\/li>\n<li><a href=\"https:\/\/esplac.cat\/wp-content\/uploads\/2015\/12\/resolucio_esplai_educacio.pdf\" target=\"_blank\" rel=\"noopener noreferrer\">A l\u2019esplai, ens comprometem amb l\u2019educaci\u00f3<\/a><\/li>\n<li><a href=\"https:\/\/esplac.cat\/wp-content\/uploads\/2015\/12\/Els-Esplais-Catalans-donem-la-cara.pdf\" target=\"_blank\" rel=\"noopener noreferrer\">Els Esplais Catalans donem la cara<\/a><\/li>\n<li><a href=\"https:\/\/esplac.cat\/wp-content\/uploads\/2015\/12\/La-gestio-dels-recursos-humans-a-Esplais-Catalans.pdf\" target=\"_blank\" rel=\"noopener noreferrer\">La gesti\u00f3 dels recursos humans a Esplais Catalans<\/a><\/li>\n<li><a href=\"https:\/\/esplac.cat\/wp-content\/uploads\/2015\/12\/resolucio_combat_feixisme.pdf\" target=\"_blank\" rel=\"noopener noreferrer\">Ni un pas enrere en el combat contra el feixisme i l\u2019extrema dreta<\/a><\/li>\n<li><a href=\"https:\/\/esplac.cat\/wp-content\/uploads\/2015\/12\/resolucio%CC%81_espai_public.pdf\" target=\"_blank\" rel=\"noopener noreferrer\">En contra de les ordenances del civisme<\/a><\/li>\n<li><a href=\"https:\/\/esplac.cat\/wp-content\/uploads\/2015\/12\/resolucio%CC%81-reduint-petjada.pdf\" target=\"_blank\" rel=\"noopener noreferrer\">Per la incorporaci\u00f3 de la visi\u00f3 verda<\/a><\/li>\n<li><a href=\"https:\/\/esplac.cat\/wp-content\/uploads\/2015\/12\/Resolucio\u0301-pel-dret-a-lavortament.pdf\" target=\"_blank\" rel=\"noopener noreferrer\">Pel dret a l\u2019avortament<\/a><\/li>\n<\/ul>\n<\/div>\n<\/div>\n<\/div>\n<h4><span style=\"font-weight: 400;\">\u00a0<\/span><\/h4>\n<\/div><\/div><\/div><\/div><\/div><\/div><\/div><\/p>\n","protected":false},"excerpt":{"rendered":"","protected":false},"author":3,"featured_media":0,"parent":28137,"menu_order":0,"comment_status":"closed","ping_status":"closed","template":"","meta":{"om_disable_all_campaigns":false,"_monsterinsights_skip_tracking":false,"_monsterinsights_sitenote_active":false,"_monsterinsights_sitenote_note":"","_monsterinsights_sitenote_category":0,"_uf_show_specific_survey":0,"_uf_disable_surveys":false,"footnotes":""},"class_list":["post-27993","page","type-page","status-publish","hentry"],"yoast_head":"<!-- This site is optimized with the Yoast SEO plugin v27.4 - https:\/\/yoast.com\/product\/yoast-seo-wordpress\/ -->\n<title>Assemblees Generals Ordin\u00e0ries - Esplac<\/title>\n<meta name=\"robots\" content=\"index, follow, max-snippet:-1, max-image-preview:large, max-video-preview:-1\" \/>\n<link rel=\"canonical\" href=\"https:\/\/www.esplac.cat\/es\/transparencia\/actes-resolucions-ago\/\" \/>\n<meta property=\"og:locale\" content=\"es_ES\" \/>\n<meta property=\"og:type\" content=\"article\" \/>\n<meta property=\"og:title\" content=\"Assemblees Generals Ordin\u00e0ries - Esplac\" \/>\n<meta property=\"og:url\" content=\"https:\/\/www.esplac.cat\/es\/transparencia\/actes-resolucions-ago\/\" \/>\n<meta property=\"og:site_name\" content=\"Esplac\" \/>\n<meta property=\"article:modified_time\" content=\"2026-02-11T10:59:28+00:00\" \/>\n<meta property=\"og:image\" content=\"https:\/\/www.esplac.cat\/wp-content\/uploads\/2019\/11\/logo-open.jpg\" \/>\n\t<meta property=\"og:image:width\" content=\"1200\" \/>\n\t<meta property=\"og:image:height\" content=\"630\" \/>\n\t<meta property=\"og:image:type\" content=\"image\/jpeg\" \/>\n<meta name=\"twitter:card\" content=\"summary_large_image\" \/>\n<meta name=\"twitter:label1\" content=\"Tiempo de lectura\" \/>\n\t<meta name=\"twitter:data1\" content=\"3 minutos\" \/>\n<script type=\"application\/ld+json\" class=\"yoast-schema-graph\">{\"@context\":\"https:\\\/\\\/schema.org\",\"@graph\":[{\"@type\":\"WebPage\",\"@id\":\"https:\\\/\\\/www.esplac.cat\\\/es\\\/transparencia\\\/actes-resolucions-ago\\\/\",\"url\":\"https:\\\/\\\/www.esplac.cat\\\/es\\\/transparencia\\\/actes-resolucions-ago\\\/\",\"name\":\"Assemblees Generals Ordin\u00e0ries - Esplac\",\"isPartOf\":{\"@id\":\"https:\\\/\\\/www.esplac.cat\\\/#website\"},\"datePublished\":\"2019-11-06T15:22:38+00:00\",\"dateModified\":\"2026-02-11T10:59:28+00:00\",\"breadcrumb\":{\"@id\":\"https:\\\/\\\/www.esplac.cat\\\/es\\\/transparencia\\\/actes-resolucions-ago\\\/#breadcrumb\"},\"inLanguage\":\"es\",\"potentialAction\":[{\"@type\":\"ReadAction\",\"target\":[\"https:\\\/\\\/www.esplac.cat\\\/es\\\/transparencia\\\/actes-resolucions-ago\\\/\"]}]},{\"@type\":\"BreadcrumbList\",\"@id\":\"https:\\\/\\\/www.esplac.cat\\\/es\\\/transparencia\\\/actes-resolucions-ago\\\/#breadcrumb\",\"itemListElement\":[{\"@type\":\"ListItem\",\"position\":1,\"name\":\"Inici\",\"item\":\"https:\\\/\\\/www.esplac.cat\\\/es\\\/\"},{\"@type\":\"ListItem\",\"position\":2,\"name\":\"Transparencia\",\"item\":\"https:\\\/\\\/www.esplac.cat\\\/es\\\/transparencia\\\/\"},{\"@type\":\"ListItem\",\"position\":3,\"name\":\"Assemblees Generals Ordin\u00e0ries\"}]},{\"@type\":\"WebSite\",\"@id\":\"https:\\\/\\\/www.esplac.cat\\\/#website\",\"url\":\"https:\\\/\\\/www.esplac.cat\\\/\",\"name\":\"Esplac\",\"description\":\"Esplais Catalans\",\"publisher\":{\"@id\":\"https:\\\/\\\/www.esplac.cat\\\/#organization\"},\"potentialAction\":[{\"@type\":\"SearchAction\",\"target\":{\"@type\":\"EntryPoint\",\"urlTemplate\":\"https:\\\/\\\/www.esplac.cat\\\/?s={search_term_string}\"},\"query-input\":{\"@type\":\"PropertyValueSpecification\",\"valueRequired\":true,\"valueName\":\"search_term_string\"}}],\"inLanguage\":\"es\"},{\"@type\":\"Organization\",\"@id\":\"https:\\\/\\\/www.esplac.cat\\\/#organization\",\"name\":\"Esplac\",\"url\":\"https:\\\/\\\/www.esplac.cat\\\/\",\"logo\":{\"@type\":\"ImageObject\",\"inLanguage\":\"es\",\"@id\":\"https:\\\/\\\/www.esplac.cat\\\/#\\\/schema\\\/logo\\\/image\\\/\",\"url\":\"https:\\\/\\\/www.esplac.cat\\\/wp-content\\\/uploads\\\/2019\\\/08\\\/logox2.png\",\"contentUrl\":\"https:\\\/\\\/www.esplac.cat\\\/wp-content\\\/uploads\\\/2019\\\/08\\\/logox2.png\",\"width\":600,\"height\":295,\"caption\":\"Esplac\"},\"image\":{\"@id\":\"https:\\\/\\\/www.esplac.cat\\\/#\\\/schema\\\/logo\\\/image\\\/\"}}]}<\/script>\n<!-- \/ Yoast SEO plugin. -->","yoast_head_json":{"title":"Assemblees Generals Ordin\u00e0ries - Esplac","robots":{"index":"index","follow":"follow","max-snippet":"max-snippet:-1","max-image-preview":"max-image-preview:large","max-video-preview":"max-video-preview:-1"},"canonical":"https:\/\/www.esplac.cat\/es\/transparencia\/actes-resolucions-ago\/","og_locale":"es_ES","og_type":"article","og_title":"Assemblees Generals Ordin\u00e0ries - Esplac","og_url":"https:\/\/www.esplac.cat\/es\/transparencia\/actes-resolucions-ago\/","og_site_name":"Esplac","article_modified_time":"2026-02-11T10:59:28+00:00","og_image":[{"width":1200,"height":630,"url":"https:\/\/www.esplac.cat\/wp-content\/uploads\/2019\/11\/logo-open.jpg","type":"image\/jpeg"}],"twitter_card":"summary_large_image","twitter_misc":{"Tiempo de lectura":"3 minutos"},"schema":{"@context":"https:\/\/schema.org","@graph":[{"@type":"WebPage","@id":"https:\/\/www.esplac.cat\/es\/transparencia\/actes-resolucions-ago\/","url":"https:\/\/www.esplac.cat\/es\/transparencia\/actes-resolucions-ago\/","name":"Assemblees Generals Ordin\u00e0ries - Esplac","isPartOf":{"@id":"https:\/\/www.esplac.cat\/#website"},"datePublished":"2019-11-06T15:22:38+00:00","dateModified":"2026-02-11T10:59:28+00:00","breadcrumb":{"@id":"https:\/\/www.esplac.cat\/es\/transparencia\/actes-resolucions-ago\/#breadcrumb"},"inLanguage":"es","potentialAction":[{"@type":"ReadAction","target":["https:\/\/www.esplac.cat\/es\/transparencia\/actes-resolucions-ago\/"]}]},{"@type":"BreadcrumbList","@id":"https:\/\/www.esplac.cat\/es\/transparencia\/actes-resolucions-ago\/#breadcrumb","itemListElement":[{"@type":"ListItem","position":1,"name":"Inici","item":"https:\/\/www.esplac.cat\/es\/"},{"@type":"ListItem","position":2,"name":"Transparencia","item":"https:\/\/www.esplac.cat\/es\/transparencia\/"},{"@type":"ListItem","position":3,"name":"Assemblees Generals Ordin\u00e0ries"}]},{"@type":"WebSite","@id":"https:\/\/www.esplac.cat\/#website","url":"https:\/\/www.esplac.cat\/","name":"Esplac","description":"Esplais Catalans","publisher":{"@id":"https:\/\/www.esplac.cat\/#organization"},"potentialAction":[{"@type":"SearchAction","target":{"@type":"EntryPoint","urlTemplate":"https:\/\/www.esplac.cat\/?s={search_term_string}"},"query-input":{"@type":"PropertyValueSpecification","valueRequired":true,"valueName":"search_term_string"}}],"inLanguage":"es"},{"@type":"Organization","@id":"https:\/\/www.esplac.cat\/#organization","name":"Esplac","url":"https:\/\/www.esplac.cat\/","logo":{"@type":"ImageObject","inLanguage":"es","@id":"https:\/\/www.esplac.cat\/#\/schema\/logo\/image\/","url":"https:\/\/www.esplac.cat\/wp-content\/uploads\/2019\/08\/logox2.png","contentUrl":"https:\/\/www.esplac.cat\/wp-content\/uploads\/2019\/08\/logox2.png","width":600,"height":295,"caption":"Esplac"},"image":{"@id":"https:\/\/www.esplac.cat\/#\/schema\/logo\/image\/"}}]}},"_links":{"self":[{"href":"https:\/\/www.esplac.cat\/es\/wp-json\/wp\/v2\/pages\/27993","targetHints":{"allow":["GET"]}}],"collection":[{"href":"https:\/\/www.esplac.cat\/es\/wp-json\/wp\/v2\/pages"}],"about":[{"href":"https:\/\/www.esplac.cat\/es\/wp-json\/wp\/v2\/types\/page"}],"author":[{"embeddable":true,"href":"https:\/\/www.esplac.cat\/es\/wp-json\/wp\/v2\/users\/3"}],"replies":[{"embeddable":true,"href":"https:\/\/www.esplac.cat\/es\/wp-json\/wp\/v2\/comments?post=27993"}],"version-history":[{"count":11,"href":"https:\/\/www.esplac.cat\/es\/wp-json\/wp\/v2\/pages\/27993\/revisions"}],"predecessor-version":[{"id":55411,"href":"https:\/\/www.esplac.cat\/es\/wp-json\/wp\/v2\/pages\/27993\/revisions\/55411"}],"up":[{"embeddable":true,"href":"https:\/\/www.esplac.cat\/es\/wp-json\/wp\/v2\/pages\/28137"}],"wp:attachment":[{"href":"https:\/\/www.esplac.cat\/es\/wp-json\/wp\/v2\/media?parent=27993"}],"curies":[{"name":"wp","href":"https:\/\/api.w.org\/{rel}","templated":true}]}}