{"id":28029,"date":"2019-11-13T19:10:57","date_gmt":"2019-11-13T17:10:57","guid":{"rendered":"https:\/\/www.esplac.cat\/sectores-geograficos\/penedes-garraf-i-anoia\/"},"modified":"2026-02-09T12:02:12","modified_gmt":"2026-02-09T10:02:12","slug":"penedes-garraf-i-anoia","status":"publish","type":"page","link":"https:\/\/www.esplac.cat\/es\/sectores-geograficos\/penedes-garraf-i-anoia\/","title":{"rendered":"Pened\u00e8s, Garraf i Anoia"},"content":{"rendered":"<p><div class=\"fusion-fullwidth fullwidth-box fusion-builder-row-1 fusion-flex-container nonhundred-percent-fullwidth non-hundred-percent-height-scrolling\" style=\"--awb-border-radius-top-left:0px;--awb-border-radius-top-right:0px;--awb-border-radius-bottom-right:0px;--awb-border-radius-bottom-left:0px;--awb-margin-bottom:20px;--awb-flex-wrap:wrap;\" ><div class=\"fusion-builder-row fusion-row fusion-flex-align-items-stretch fusion-flex-content-wrap\" style=\"max-width:1248px;margin-left: calc(-4% \/ 2 );margin-right: calc(-4% \/ 2 );\"><div class=\"fusion-layout-column fusion_builder_column fusion-builder-column-0 fusion_builder_column_1_1 1_1 fusion-flex-column\" style=\"--awb-bg-size:cover;--awb-width-large:100%;--awb-margin-top-large:0px;--awb-spacing-right-large:1.92%;--awb-margin-bottom-large:20px;--awb-spacing-left-large:1.92%;--awb-width-medium:100%;--awb-spacing-right-medium:1.92%;--awb-spacing-left-medium:1.92%;--awb-width-small:100%;--awb-spacing-right-small:1.92%;--awb-spacing-left-small:1.92%;\"><div class=\"fusion-column-wrapper fusion-column-has-shadow fusion-flex-justify-content-flex-start fusion-content-layout-column\"><div class=\"fusion-title title fusion-title-1 fusion-sep-none fusion-title-center fusion-title-text fusion-title-size-one\" style=\"--awb-font-size:50px;\"><h1 class=\"fusion-title-heading title-heading-center fusion-responsive-typography-calculated\" style=\"margin:0;font-size:1em;--fontSize:50;line-height:1.2;\"><strong>Pened\u00e8s, Garraf i Anoia<\/strong><\/h1><\/div><div class=\"fusion-text fusion-text-1\"><p data-pm-slice=\"1 1 &#091;&#093;\">La hist\u00f2ria d&#8217;aquest sector va comen\u00e7ar cap a l\u2019any 1992 quan els esplais associats a Esplac de les poblacions del Pened\u00e8s (Alt Pened\u00e8s i Baix Pened\u00e8s) van veure la necessitat de crear el seu sector geogr\u00e0fic. D\u2019una banda, volien donar forma a la relaci\u00f3 que ja tenien entre ells i, de l\u2019altra, arran de la llunyania de la seu central d\u2019Esplac a Barcelona, van creure oport\u00fa organitzar-se per facilitar les relacions dels esplais en el si de l\u2019associaci\u00f3. M\u00e9s endavant alguns esplais de la comarca del Garraf van afegir-s\u2019hi, configurant el Sector Pened\u00e8s-Garraf. Anys m\u00e9s tard, a m\u00e9s, va afegir-s\u2019hi un esplai de la comarca de l\u2019Anoia i a\u00a0l\u2019AGO d\u2019Esplac del 2016 es va oficialitzar el nom\u00a0actual\u00a0del <strong>Sector Pened\u00e8s, Garraf i Anoia (PGA)<\/strong>.<\/p>\n<\/div><div class=\"fusion-text fusion-text-2\" style=\"--awb-margin-top:20px;\"><p>Actualment, el sector est\u00e0 format per 8 esplais de 5 comarques diferents; l&#8217;Alt i el Baix Pened\u00e8s, el Garraf, l&#8217;Anoia i la Conca de Barber\u00e0. El sector organitza diverses trobades i espais de formaci\u00f3 per les m\u00e9s de 150 monitores i monitors i pels m\u00e9s de 600 infants i joves que hi participen. Entre elles trobem el Cal\u00e7a&#8217;t, el CIM, la TGJI i la DUDI.<\/p>\n<\/div><\/div><\/div><\/div><\/div><div class=\"fusion-fullwidth fullwidth-box fusion-builder-row-2 fusion-flex-container nonhundred-percent-fullwidth non-hundred-percent-height-scrolling\" style=\"--awb-border-radius-top-left:0px;--awb-border-radius-top-right:0px;--awb-border-radius-bottom-right:0px;--awb-border-radius-bottom-left:0px;--awb-margin-top:40px;--awb-flex-wrap:wrap;\" ><div class=\"fusion-builder-row fusion-row fusion-flex-align-items-flex-start fusion-flex-content-wrap\" style=\"max-width:1248px;margin-left: calc(-4% \/ 2 );margin-right: calc(-4% \/ 2 );\"><div class=\"fusion-layout-column fusion_builder_column fusion-builder-column-1 fusion_builder_column_1_1 1_1 fusion-flex-column\" style=\"--awb-bg-size:cover;--awb-width-large:100%;--awb-margin-top-large:0px;--awb-spacing-right-large:1.92%;--awb-margin-bottom-large:20px;--awb-spacing-left-large:1.92%;--awb-width-medium:100%;--awb-spacing-right-medium:1.92%;--awb-spacing-left-medium:1.92%;--awb-width-small:100%;--awb-spacing-right-small:1.92%;--awb-spacing-left-small:1.92%;\"><div class=\"fusion-column-wrapper fusion-column-has-shadow fusion-flex-justify-content-flex-start fusion-content-layout-column\"><div class=\"fusion-text fusion-text-3\"><h3><strong>Actualitat del sector<\/strong><\/h3>\n<\/div><div class=\"fusion-separator fusion-full-width-sep\" style=\"align-self: center;margin-left: auto;margin-right: auto;margin-bottom:15px;width:100%;\"><\/div><div class=\"fusion-text fusion-text-4\">        <section class=\"wcp-slick\"  data-accessibility = on data-arrows = on data-autoplaySpeed = 3000 data-slidesToShow = 4 data-slidesToScroll = 1 data-speed = 300 data-margin = 20px data-rows = 1 data-slidesPerRow = 1 id=\"carousel-27456\">\n\n                            <div class=\"carousel-item-55892\">\n                    <div class=\"post-style-2\" style=\"box-shadow: ;background-color: ;\">\n    <div class=\"wcp-img-wrap\">\n        <a href=\"https:\/\/www.esplac.cat\/es\/exit-participacio-trobada-grans-joves-pga-cdt\/\">\n            <img decoding=\"async\" width=\"460\" height=\"295\" src=\"https:\/\/www.esplac.cat\/wp-content\/uploads\/2026\/04\/Noti_tgji-pgacdt-460x295.jpg\" class=\"attachment-portfolio-two size-portfolio-two wp-post-image\" alt=\"Infants d&#039;esplai fent una rotllana a l&#039;aire lliure\" \/>        <\/a>\n    <\/div>\n    <div class=\"wcp-content-wrap\">\n        <h3>\n            <a href=\"https:\/\/www.esplac.cat\/es\/exit-participacio-trobada-grans-joves-pga-cdt\/\" style=\"color: ;\">\n                \u00c8xit de participaci\u00f3 en la Trobada de Grans i Joves del Pened\u00e8s, Garraf i Anoia i Camp de Tarragona!            <\/a>\n        <\/h3>\n        <div class=\"wcp-post-meta wcp-disable-post-meta\" style=\"color: ;\">\n            <span class=\"wcp-post-author\"><i class=\"fa fa-user\"><\/i>\n                <a href=\"https:\/\/www.esplac.cat\/es\/author\/comunicacio\/\" title=\"Entradas de Comunicaci\u00f3 Esplac\" rel=\"author\">Comunicaci\u00f3 Esplac<\/a>            <\/span>\n            &nbsp;\n            <span class=\"wcp-post-date\"><i class=\"fa fa-clock-o\"><\/i> 20 de abril de 2026<\/span>\n        <\/div>\n        <div class=\"wcp-post-contents\">\n            20 de abril de 2026                    <\/div>        \n    <\/div>\n<\/div>                <\/div>    \n\n                            <div class=\"carousel-item-55611\">\n                    <div class=\"post-style-2\" style=\"box-shadow: ;background-color: ;\">\n    <div class=\"wcp-img-wrap\">\n        <a href=\"https:\/\/www.esplac.cat\/es\/trobada-ludicopedagogica-sector-penedes-garraf-anoia-aplega-una-cinquantena-monis\/\">\n            <img decoding=\"async\" width=\"460\" height=\"295\" src=\"https:\/\/www.esplac.cat\/wp-content\/uploads\/2026\/03\/Noti_ludioped-pga-460x295.jpg\" class=\"attachment-portfolio-two size-portfolio-two wp-post-image\" alt=\"monitores d&#039;esplai fent una formaci\u00f3 a l&#039;aire lliure\" \/>        <\/a>\n    <\/div>\n    <div class=\"wcp-content-wrap\">\n        <h3>\n            <a href=\"https:\/\/www.esplac.cat\/es\/trobada-ludicopedagogica-sector-penedes-garraf-anoia-aplega-una-cinquantena-monis\/\" style=\"color: ;\">\n                La trobada L\u00fadicopedag\u00f2gica del sector Pened\u00e8s, Garraf i Anoia aplega una cinquantena de monis            <\/a>\n        <\/h3>\n        <div class=\"wcp-post-meta wcp-disable-post-meta\" style=\"color: ;\">\n            <span class=\"wcp-post-author\"><i class=\"fa fa-user\"><\/i>\n                <a href=\"https:\/\/www.esplac.cat\/es\/author\/comunicacio\/\" title=\"Entradas de Comunicaci\u00f3 Esplac\" rel=\"author\">Comunicaci\u00f3 Esplac<\/a>            <\/span>\n            &nbsp;\n            <span class=\"wcp-post-date\"><i class=\"fa fa-clock-o\"><\/i> 10 de marzo de 2026<\/span>\n        <\/div>\n        <div class=\"wcp-post-contents\">\n            10 de marzo de 2026                    <\/div>        \n    <\/div>\n<\/div>                <\/div>    \n\n                            <div class=\"carousel-item-54620\">\n                    <div class=\"post-style-2\" style=\"box-shadow: ;background-color: ;\">\n    <div class=\"wcp-img-wrap\">\n        <a href=\"https:\/\/www.esplac.cat\/es\/sector-pga-celebra-dia-universal-dels-drets-infants\/\">\n            <img decoding=\"async\" width=\"460\" height=\"295\" src=\"https:\/\/www.esplac.cat\/wp-content\/uploads\/2025\/12\/DUDI_PGA-460x295.jpg\" class=\"attachment-portfolio-two size-portfolio-two wp-post-image\" alt=\"drets infants\" \/>        <\/a>\n    <\/div>\n    <div class=\"wcp-content-wrap\">\n        <h3>\n            <a href=\"https:\/\/www.esplac.cat\/es\/sector-pga-celebra-dia-universal-dels-drets-infants\/\" style=\"color: ;\">\n                El sector PGA celebra el Dia Universal dels Drets dels Infants amb \u00e8xit de participaci\u00f3!            <\/a>\n        <\/h3>\n        <div class=\"wcp-post-meta wcp-disable-post-meta\" style=\"color: ;\">\n            <span class=\"wcp-post-author\"><i class=\"fa fa-user\"><\/i>\n                <a href=\"https:\/\/www.esplac.cat\/es\/author\/comunicacio\/\" title=\"Entradas de Comunicaci\u00f3 Esplac\" rel=\"author\">Comunicaci\u00f3 Esplac<\/a>            <\/span>\n            &nbsp;\n            <span class=\"wcp-post-date\"><i class=\"fa fa-clock-o\"><\/i> 24 de noviembre de 2025<\/span>\n        <\/div>\n        <div class=\"wcp-post-contents\">\n            24 de noviembre de 2025                    <\/div>        \n    <\/div>\n<\/div>                <\/div>    \n\n                            <div class=\"carousel-item-53391\">\n                    <div class=\"post-style-2\" style=\"box-shadow: ;background-color: ;\">\n    <div class=\"wcp-img-wrap\">\n        <a href=\"https:\/\/www.esplac.cat\/es\/sectors-camp-tarragona-penedes-garraf-anoia-celebren-trobada-grans-joves\/\">\n            <img decoding=\"async\" width=\"460\" height=\"295\" src=\"https:\/\/www.esplac.cat\/wp-content\/uploads\/2025\/04\/TGiJ-CdT-i-PGA-460x295.jpg\" class=\"attachment-portfolio-two size-portfolio-two wp-post-image\" alt=\"trobada\" \/>        <\/a>\n    <\/div>\n    <div class=\"wcp-content-wrap\">\n        <h3>\n            <a href=\"https:\/\/www.esplac.cat\/es\/sectors-camp-tarragona-penedes-garraf-anoia-celebren-trobada-grans-joves\/\" style=\"color: ;\">\n                Els Sectors Camp de Tarragona i Pened\u00e8s, Garraf i Anoia celebren la Trobada de Grans i Joves            <\/a>\n        <\/h3>\n        <div class=\"wcp-post-meta wcp-disable-post-meta\" style=\"color: ;\">\n            <span class=\"wcp-post-author\"><i class=\"fa fa-user\"><\/i>\n                <a href=\"https:\/\/www.esplac.cat\/es\/author\/comunicacio\/\" title=\"Entradas de Comunicaci\u00f3 Esplac\" rel=\"author\">Comunicaci\u00f3 Esplac<\/a>            <\/span>\n            &nbsp;\n            <span class=\"wcp-post-date\"><i class=\"fa fa-clock-o\"><\/i> 2 de abril de 2025<\/span>\n        <\/div>\n        <div class=\"wcp-post-contents\">\n            2 de abril de 2025                    <\/div>        \n    <\/div>\n<\/div>                <\/div>    \n\n                            <div class=\"carousel-item-52716\">\n                    <div class=\"post-style-2\" style=\"box-shadow: ;background-color: ;\">\n    <div class=\"wcp-img-wrap\">\n        <a href=\"https:\/\/www.esplac.cat\/es\/sectors-penedes-garraf-anoia-baix-besos-formarfutures-monis\/\">\n            <img decoding=\"async\" width=\"460\" height=\"295\" src=\"https:\/\/www.esplac.cat\/wp-content\/uploads\/2025\/02\/CIM-PGA-i-BBS-460x295.jpg\" class=\"attachment-portfolio-two size-portfolio-two wp-post-image\" alt=\"sectors\" \/>        <\/a>\n    <\/div>\n    <div class=\"wcp-content-wrap\">\n        <h3>\n            <a href=\"https:\/\/www.esplac.cat\/es\/sectors-penedes-garraf-anoia-baix-besos-formarfutures-monis\/\" style=\"color: ;\">\n                Els sectors Pened\u00e8s, Garraf i Anoia i el Baix Bes\u00f2s es reuneixen per formar a les futures monitores i monitors            <\/a>\n        <\/h3>\n        <div class=\"wcp-post-meta wcp-disable-post-meta\" style=\"color: ;\">\n            <span class=\"wcp-post-author\"><i class=\"fa fa-user\"><\/i>\n                <a href=\"https:\/\/www.esplac.cat\/es\/author\/comunicacio\/\" title=\"Entradas de Comunicaci\u00f3 Esplac\" rel=\"author\">Comunicaci\u00f3 Esplac<\/a>            <\/span>\n            &nbsp;\n            <span class=\"wcp-post-date\"><i class=\"fa fa-clock-o\"><\/i> 27 de febrero de 2025<\/span>\n        <\/div>\n        <div class=\"wcp-post-contents\">\n            27 de febrero de 2025                    <\/div>        \n    <\/div>\n<\/div>                <\/div>    \n\n                            <div class=\"carousel-item-51912\">\n                    <div class=\"post-style-2\" style=\"box-shadow: ;background-color: ;\">\n    <div class=\"wcp-img-wrap\">\n        <a href=\"https:\/\/www.esplac.cat\/es\/tarragona-acull-dudi-cdt-pga\/\">\n            <img decoding=\"async\" width=\"460\" height=\"295\" src=\"https:\/\/www.esplac.cat\/wp-content\/uploads\/2024\/12\/DUDI-CdT-i-PGA-460x295.jpg\" class=\"attachment-portfolio-two size-portfolio-two wp-post-image\" alt=\"drets\" \/>        <\/a>\n    <\/div>\n    <div class=\"wcp-content-wrap\">\n        <h3>\n            <a href=\"https:\/\/www.esplac.cat\/es\/tarragona-acull-dudi-cdt-pga\/\" style=\"color: ;\">\n                Tarragona acull el DUDI i la Trobada d\u2019entitats de lleure educatiu de CdT i PGA            <\/a>\n        <\/h3>\n        <div class=\"wcp-post-meta wcp-disable-post-meta\" style=\"color: ;\">\n            <span class=\"wcp-post-author\"><i class=\"fa fa-user\"><\/i>\n                <a href=\"https:\/\/www.esplac.cat\/es\/author\/comunicacio\/\" title=\"Entradas de Comunicaci\u00f3 Esplac\" rel=\"author\">Comunicaci\u00f3 Esplac<\/a>            <\/span>\n            &nbsp;\n            <span class=\"wcp-post-date\"><i class=\"fa fa-clock-o\"><\/i> 26 de noviembre de 2024<\/span>\n        <\/div>\n        <div class=\"wcp-post-contents\">\n            26 de noviembre de 2024                    <\/div>        \n    <\/div>\n<\/div>                <\/div>    \n\n                            <div class=\"carousel-item-51150\">\n                    <div class=\"post-style-2\" style=\"box-shadow: ;background-color: ;\">\n    <div class=\"wcp-img-wrap\">\n        <a href=\"https:\/\/www.esplac.cat\/es\/monis-sector-pga-enceten-curs-calcat-ago\/\">\n            <img decoding=\"async\" width=\"460\" height=\"295\" src=\"https:\/\/www.esplac.cat\/wp-content\/uploads\/2024\/10\/AGO_Calcat_PGA-460x295.jpg\" class=\"attachment-portfolio-two size-portfolio-two wp-post-image\" alt=\"sector\" \/>        <\/a>\n    <\/div>\n    <div class=\"wcp-content-wrap\">\n        <h3>\n            <a href=\"https:\/\/www.esplac.cat\/es\/monis-sector-pga-enceten-curs-calcat-ago\/\" style=\"color: ;\">\n                El Sector Pened\u00e8s, Garraf i Anoia enceta el curs amb el Cal\u00e7a\u2019t i l\u2019AGO de sector            <\/a>\n        <\/h3>\n        <div class=\"wcp-post-meta wcp-disable-post-meta\" style=\"color: ;\">\n            <span class=\"wcp-post-author\"><i class=\"fa fa-user\"><\/i>\n                <a href=\"https:\/\/www.esplac.cat\/es\/author\/comunicacio\/\" title=\"Entradas de Comunicaci\u00f3 Esplac\" rel=\"author\">Comunicaci\u00f3 Esplac<\/a>            <\/span>\n            &nbsp;\n            <span class=\"wcp-post-date\"><i class=\"fa fa-clock-o\"><\/i> 2 de octubre de 2024<\/span>\n        <\/div>\n        <div class=\"wcp-post-contents\">\n            2 de octubre de 2024                    <\/div>        \n    <\/div>\n<\/div>                <\/div>    \n\n                            <div class=\"carousel-item-49229\">\n                    <div class=\"post-style-2\" style=\"box-shadow: ;background-color: ;\">\n    <div class=\"wcp-img-wrap\">\n        <a href=\"https:\/\/www.esplac.cat\/es\/torna-la-trobada-de-grans-i-joves-intersectorial-dels-sectors-camp-de-tarragona-i-penedes-garraf-i-anoia\/\">\n            <img decoding=\"async\" width=\"460\" height=\"295\" src=\"https:\/\/www.esplac.cat\/wp-content\/uploads\/2024\/03\/TGJI-460x295.jpg\" class=\"attachment-portfolio-two size-portfolio-two wp-post-image\" alt=\"trobada\" \/>        <\/a>\n    <\/div>\n    <div class=\"wcp-content-wrap\">\n        <h3>\n            <a href=\"https:\/\/www.esplac.cat\/es\/torna-la-trobada-de-grans-i-joves-intersectorial-dels-sectors-camp-de-tarragona-i-penedes-garraf-i-anoia\/\" style=\"color: ;\">\n                Torna la Trobada de Grans i Joves Intersectorial dels sectors Camp de Tarragona i Pened\u00e8s, Garraf i Anoia!            <\/a>\n        <\/h3>\n        <div class=\"wcp-post-meta wcp-disable-post-meta\" style=\"color: ;\">\n            <span class=\"wcp-post-author\"><i class=\"fa fa-user\"><\/i>\n                <a href=\"https:\/\/www.esplac.cat\/es\/author\/comunicacio\/\" title=\"Entradas de Comunicaci\u00f3 Esplac\" rel=\"author\">Comunicaci\u00f3 Esplac<\/a>            <\/span>\n            &nbsp;\n            <span class=\"wcp-post-date\"><i class=\"fa fa-clock-o\"><\/i> 7 de marzo de 2024<\/span>\n        <\/div>\n        <div class=\"wcp-post-contents\">\n            7 de marzo de 2024                    <\/div>        \n    <\/div>\n<\/div>                <\/div>    \n\n                            <div class=\"carousel-item-44178\">\n                    <div class=\"post-style-2\" style=\"box-shadow: ;background-color: ;\">\n    <div class=\"wcp-img-wrap\">\n        <a href=\"https:\/\/www.esplac.cat\/es\/sector-penedes-garraf-anoia-es-retroba-trobada-ludico-pedagogica\/\">\n            <img decoding=\"async\" width=\"460\" height=\"295\" src=\"https:\/\/www.esplac.cat\/wp-content\/uploads\/2023\/03\/Portades-web-10-460x295.jpg\" class=\"attachment-portfolio-two size-portfolio-two wp-post-image\" alt=\"Trobada L\u00fadico-Pedag\u00f2gica\" \/>        <\/a>\n    <\/div>\n    <div class=\"wcp-content-wrap\">\n        <h3>\n            <a href=\"https:\/\/www.esplac.cat\/es\/sector-penedes-garraf-anoia-es-retroba-trobada-ludico-pedagogica\/\" style=\"color: ;\">\n                El Sector Pened\u00e8s, Garraf i Anoia es retroba a la Trobada L\u00fadico-Pedag\u00f2gica!            <\/a>\n        <\/h3>\n        <div class=\"wcp-post-meta wcp-disable-post-meta\" style=\"color: ;\">\n            <span class=\"wcp-post-author\"><i class=\"fa fa-user\"><\/i>\n                <a href=\"https:\/\/www.esplac.cat\/es\/author\/comunicacio\/\" title=\"Entradas de Comunicaci\u00f3 Esplac\" rel=\"author\">Comunicaci\u00f3 Esplac<\/a>            <\/span>\n            &nbsp;\n            <span class=\"wcp-post-date\"><i class=\"fa fa-clock-o\"><\/i> 15 de marzo de 2023<\/span>\n        <\/div>\n        <div class=\"wcp-post-contents\">\n            15 de marzo de 2023                    <\/div>        \n    <\/div>\n<\/div>                <\/div>    \n\n                            <div class=\"carousel-item-43929\">\n                    <div class=\"post-style-2\" style=\"box-shadow: ;background-color: ;\">\n    <div class=\"wcp-img-wrap\">\n        <a href=\"https:\/\/www.esplac.cat\/es\/busquem-coordinador-a-de-projectes-dels-sectors-penedes-garraf-i-anoia-i-camp-de-tarragona\/\">\n            <img decoding=\"async\" width=\"460\" height=\"295\" src=\"https:\/\/www.esplac.cat\/wp-content\/uploads\/2023\/03\/ConvocatoriaLaboralPGAiCdT_Esplac-460x295.jpg\" class=\"attachment-portfolio-two size-portfolio-two wp-post-image\" alt=\"ConvocatoriaLaboralPGAiCdT_Esplac\" \/>        <\/a>\n    <\/div>\n    <div class=\"wcp-content-wrap\">\n        <h3>\n            <a href=\"https:\/\/www.esplac.cat\/es\/busquem-coordinador-a-de-projectes-dels-sectors-penedes-garraf-i-anoia-i-camp-de-tarragona\/\" style=\"color: ;\">\n                Busquem Coordinador\/a de Projectes dels sectors Pened\u00e8s, Garraf i Anoia i Camp de Tarragona            <\/a>\n        <\/h3>\n        <div class=\"wcp-post-meta wcp-disable-post-meta\" style=\"color: ;\">\n            <span class=\"wcp-post-author\"><i class=\"fa fa-user\"><\/i>\n                <a href=\"https:\/\/www.esplac.cat\/es\/author\/comunicacio\/\" title=\"Entradas de Comunicaci\u00f3 Esplac\" rel=\"author\">Comunicaci\u00f3 Esplac<\/a>            <\/span>\n            &nbsp;\n            <span class=\"wcp-post-date\"><i class=\"fa fa-clock-o\"><\/i> 6 de marzo de 2023<\/span>\n        <\/div>\n        <div class=\"wcp-post-contents\">\n            6 de marzo de 2023                    <\/div>        \n    <\/div>\n<\/div>                <\/div>    \n\n                \n        <\/section>\n        <style>\n    #carousel-27456 .slick-prev:before, #carousel-27456 .slick-next:before {\n        color: #000 !important;\n    }\n    #carousel-27456 .slick-slide {\n        margin: 2px 20px;\n    }\n    #carousel-27456 h3,\n    #carousel-27456 .car-caption,\n    #carousel-27456 .car-caption h3 a {\n        background-color: ;\n        color: ;\n    }\n    #carousel-27456 .car-caption {\n        text-align: center;\n    }\n    #carousel-27456 p {\n        color: ;\n    }\n    #carousel-27456 a {\n        text-decoration: none;\n        border-bottom: none;\n    }\n        #carousel-27456 .post-style-1 .wcp-post-author a {\n        color: ;\n    }\n            #carousel-27456 .ih-item,\n        #carousel-27456 .post-style-1,\n        #carousel-27456 .post-style-3,\n        #carousel-27456 .car-caption { \n            border: 8px solid #FFF;\n            box-shadow: ;\n        }\n                #carousel-27456 .post-style-2 .wcp-content-wrap { \n            border: 8px solid #FFF;\n            border-top: none;\n        }\n        #carousel-27456 .mega-post-carousel1,\n        #carousel-27456 .mega-post-carousel4 { \n            border: 8px solid #FFF;\n            padding: 10px;\n        }\n\n        .slick-prev, .slick-next {\r\n    font-size: 0;\r\n    line-height: 0;\r\n    position: absolute;\r\n    top: 42% !important;\r\n    display: block;\r\n    width: 20px;\r\n    height: 20px;\r\n    padding: 0;\r\n    -webkit-transform: translate(0, -50%);\r\n    -ms-transform: translate(0, -50%);\r\n    transform: translate(0, -50%);\r\n    cursor: pointer;\r\n    color: transparent;\r\n    border: none;\r\n    outline: none;\r\n    background: transparent;\r\n}                .wcp-disable-post-meta { display: none !important;}\n    <\/style>\n<\/div><\/div><\/div><\/div><\/div><div class=\"fusion-fullwidth fullwidth-box fusion-builder-row-3 fusion-flex-container nonhundred-percent-fullwidth non-hundred-percent-height-scrolling\" style=\"--awb-border-radius-top-left:0px;--awb-border-radius-top-right:0px;--awb-border-radius-bottom-right:0px;--awb-border-radius-bottom-left:0px;--awb-margin-top:40px;--awb-margin-bottom:50px;--awb-flex-wrap:wrap;\" ><div class=\"fusion-builder-row fusion-row fusion-flex-align-items-flex-start fusion-flex-content-wrap\" style=\"max-width:1248px;margin-left: calc(-4% \/ 2 );margin-right: calc(-4% \/ 2 );\"><div class=\"fusion-layout-column fusion_builder_column fusion-builder-column-2 fusion_builder_column_1_1 1_1 fusion-flex-column\" style=\"--awb-bg-size:cover;--awb-width-large:100%;--awb-margin-top-large:0px;--awb-spacing-right-large:1.92%;--awb-margin-bottom-large:50px;--awb-spacing-left-large:1.92%;--awb-width-medium:100%;--awb-spacing-right-medium:1.92%;--awb-spacing-left-medium:1.92%;--awb-width-small:100%;--awb-spacing-right-small:1.92%;--awb-spacing-left-small:1.92%;\"><div class=\"fusion-column-wrapper fusion-column-has-shadow fusion-flex-justify-content-flex-start fusion-content-layout-column\"><div class=\"fusion-text fusion-text-5\" style=\"--awb-text-transform:none;\"><h3 class=\"wpb_heading wpb_singleimage_heading\" style=\"text-align: center;\" data-fontsize=\"30\" data-lineheight=\"39\"><strong>Equip General del Sector Pened\u00e8s, Garraf i Anoia<\/strong><\/h3>\n<\/div><\/div><\/div><div class=\"fusion-layout-column fusion_builder_column fusion-builder-column-3 fusion_builder_column_1_3 1_3 fusion-flex-column\" style=\"--awb-bg-size:cover;--awb-width-large:33.333333333333%;--awb-margin-top-large:35px;--awb-spacing-right-large:5.76%;--awb-margin-bottom-large:0px;--awb-spacing-left-large:5.76%;--awb-width-medium:100%;--awb-spacing-right-medium:1.92%;--awb-spacing-left-medium:1.92%;--awb-width-small:100%;--awb-spacing-right-small:1.92%;--awb-spacing-left-small:1.92%;\"><div class=\"fusion-column-wrapper fusion-column-has-shadow fusion-flex-justify-content-flex-start fusion-content-layout-column\"><div class=\"fusion-image-element \" style=\"text-align:center;--awb-caption-title-font-family:var(--h2_typography-font-family);--awb-caption-title-font-weight:var(--h2_typography-font-weight);--awb-caption-title-font-style:var(--h2_typography-font-style);--awb-caption-title-size:var(--h2_typography-font-size);--awb-caption-title-transform:var(--h2_typography-text-transform);--awb-caption-title-line-height:var(--h2_typography-line-height);--awb-caption-title-letter-spacing:var(--h2_typography-letter-spacing);\"><span class=\" fusion-imageframe imageframe-none imageframe-1 hover-type-none\"><img decoding=\"async\" width=\"300\" height=\"300\" title=\"PGA_Marc\" src=\"https:\/\/www.esplac.cat\/wp-content\/uploads\/2025\/02\/PGA_Marc-300x300.jpg\" alt class=\"img-responsive wp-image-52755\" srcset=\"https:\/\/www.esplac.cat\/wp-content\/uploads\/2025\/02\/PGA_Marc-200x200.jpg 200w, https:\/\/www.esplac.cat\/wp-content\/uploads\/2025\/02\/PGA_Marc-400x400.jpg 400w, https:\/\/www.esplac.cat\/wp-content\/uploads\/2025\/02\/PGA_Marc-600x600.jpg 600w, https:\/\/www.esplac.cat\/wp-content\/uploads\/2025\/02\/PGA_Marc-800x800.jpg 800w, https:\/\/www.esplac.cat\/wp-content\/uploads\/2025\/02\/PGA_Marc.jpg 1000w\" sizes=\"(max-width: 1024px) 100vw, (max-width: 640px) 100vw, 400px\" \/><\/span><\/div><div class=\"fusion-separator fusion-full-width-sep\" style=\"align-self: center;margin-left: auto;margin-right: auto;margin-bottom:20px;width:100%;\"><\/div><div class=\"fusion-title title fusion-title-2 fusion-sep-none fusion-title-center fusion-title-text fusion-title-size-five\" style=\"--awb-margin-bottom:0px;--awb-margin-bottom-small:0px;\"><h5 class=\"fusion-title-heading title-heading-center fusion-responsive-typography-calculated\" style=\"margin:0;--fontSize:22;--minFontSize:22;line-height:1.3;\"><strong>Marc Planas<\/strong><\/h5><\/div><div style=\"text-align:center;\"><a class=\"fusion-button button-flat button-large button-custom fusion-button-default button-1 fusion-button-default-span fusion-button-default-type botonmail\" style=\"--button_accent_color:#000000;--button_border_color:#000000;--button_accent_hover_color:#f69d0b;--button_border_hover_color:#f69d0b;--button_border_width-top:0px;--button_border_width-right:0px;--button_border_width-bottom:0px;--button_border_width-left:0px;--button_gradient_top_color:rgba(255,255,255,0);--button_gradient_bottom_color:rgba(255,255,255,0);--button_gradient_top_color_hover:rgba(255,255,255,0);--button_gradient_bottom_color_hover:rgba(255,255,255,0);--button_text_transform:none;\" target=\"_blank\" rel=\"noopener noreferrer\" href=\"mailto:mplanas@esplac.cat\"><i class=\"fa-envelope far button-icon-left\" aria-hidden=\"true\"><\/i><span class=\"fusion-button-text\">mplanas@esplac.cat<\/span><\/a><\/div><\/div><\/div><div class=\"fusion-layout-column fusion_builder_column fusion-builder-column-4 fusion_builder_column_1_3 1_3 fusion-flex-column\" style=\"--awb-bg-size:cover;--awb-width-large:33.333333333333%;--awb-margin-top-large:35px;--awb-spacing-right-large:5.76%;--awb-margin-bottom-large:0px;--awb-spacing-left-large:5.76%;--awb-width-medium:100%;--awb-spacing-right-medium:1.92%;--awb-spacing-left-medium:1.92%;--awb-width-small:100%;--awb-spacing-right-small:1.92%;--awb-spacing-left-small:1.92%;\"><div class=\"fusion-column-wrapper fusion-column-has-shadow fusion-flex-justify-content-flex-start fusion-content-layout-column\"><div class=\"fusion-image-element \" style=\"text-align:center;--awb-caption-title-font-family:var(--h2_typography-font-family);--awb-caption-title-font-weight:var(--h2_typography-font-weight);--awb-caption-title-font-style:var(--h2_typography-font-style);--awb-caption-title-size:var(--h2_typography-font-size);--awb-caption-title-transform:var(--h2_typography-text-transform);--awb-caption-title-line-height:var(--h2_typography-line-height);--awb-caption-title-letter-spacing:var(--h2_typography-letter-spacing);\"><span class=\" fusion-imageframe imageframe-none imageframe-2 hover-type-none\"><img decoding=\"async\" width=\"1000\" height=\"1000\" title=\"EQUIPS25-26_PGA_Unai\" src=\"https:\/\/www.esplac.cat\/wp-content\/uploads\/2026\/02\/EQUIPS25-26_PGA_Unai.jpg\" alt class=\"img-responsive wp-image-55347\" srcset=\"https:\/\/www.esplac.cat\/wp-content\/uploads\/2026\/02\/EQUIPS25-26_PGA_Unai-200x200.jpg 200w, https:\/\/www.esplac.cat\/wp-content\/uploads\/2026\/02\/EQUIPS25-26_PGA_Unai-400x400.jpg 400w, https:\/\/www.esplac.cat\/wp-content\/uploads\/2026\/02\/EQUIPS25-26_PGA_Unai-600x600.jpg 600w, https:\/\/www.esplac.cat\/wp-content\/uploads\/2026\/02\/EQUIPS25-26_PGA_Unai-800x800.jpg 800w, https:\/\/www.esplac.cat\/wp-content\/uploads\/2026\/02\/EQUIPS25-26_PGA_Unai.jpg 1000w\" sizes=\"(max-width: 1024px) 100vw, (max-width: 640px) 100vw, 400px\" \/><\/span><\/div><div class=\"fusion-separator fusion-full-width-sep\" style=\"align-self: center;margin-left: auto;margin-right: auto;margin-bottom:20px;width:100%;\"><\/div><div class=\"fusion-title title fusion-title-3 fusion-sep-none fusion-title-center fusion-title-text fusion-title-size-five\" style=\"--awb-margin-bottom:0px;--awb-margin-bottom-small:0px;\"><h5 class=\"fusion-title-heading title-heading-center fusion-responsive-typography-calculated\" style=\"margin:0;--fontSize:22;--minFontSize:22;line-height:1.3;\"><strong>Unai Ram\u00edrez<\/strong><\/h5><\/div><div style=\"text-align:center;\"><a class=\"fusion-button button-flat button-large button-custom fusion-button-default button-2 fusion-button-default-span fusion-button-default-type botonmail\" style=\"--button_accent_color:#000000;--button_border_color:#000000;--button_accent_hover_color:#f69d0b;--button_border_hover_color:#f69d0b;--button_border_width-top:0px;--button_border_width-right:0px;--button_border_width-bottom:0px;--button_border_width-left:0px;--button_gradient_top_color:rgba(255,255,255,0);--button_gradient_bottom_color:rgba(255,255,255,0);--button_gradient_top_color_hover:rgba(255,255,255,0);--button_gradient_bottom_color_hover:rgba(255,255,255,0);--button_text_transform:none;\" target=\"_blank\" rel=\"noopener noreferrer\" href=\"mailto:uramirez@esplac.cat\"><i class=\"fa-envelope far button-icon-left\" aria-hidden=\"true\"><\/i><span class=\"fusion-button-text\">uramirez@esplac.cat<\/span><\/a><\/div><\/div><\/div><div class=\"fusion-layout-column fusion_builder_column fusion-builder-column-5 fusion_builder_column_1_3 1_3 fusion-flex-column\" style=\"--awb-bg-size:cover;--awb-width-large:33.333333333333%;--awb-margin-top-large:35px;--awb-spacing-right-large:5.76%;--awb-margin-bottom-large:0px;--awb-spacing-left-large:5.76%;--awb-width-medium:100%;--awb-spacing-right-medium:1.92%;--awb-spacing-left-medium:1.92%;--awb-width-small:100%;--awb-spacing-right-small:1.92%;--awb-spacing-left-small:1.92%;\"><div class=\"fusion-column-wrapper fusion-column-has-shadow fusion-flex-justify-content-flex-start fusion-content-layout-column\"><div class=\"fusion-image-element \" style=\"text-align:center;--awb-caption-title-font-family:var(--h2_typography-font-family);--awb-caption-title-font-weight:var(--h2_typography-font-weight);--awb-caption-title-font-style:var(--h2_typography-font-style);--awb-caption-title-size:var(--h2_typography-font-size);--awb-caption-title-transform:var(--h2_typography-text-transform);--awb-caption-title-line-height:var(--h2_typography-line-height);--awb-caption-title-letter-spacing:var(--h2_typography-letter-spacing);\"><span class=\" fusion-imageframe imageframe-none imageframe-3 hover-type-none\"><img decoding=\"async\" width=\"1000\" height=\"1000\" title=\"EQUIPS25-26_PGA_Jana\" src=\"https:\/\/www.esplac.cat\/wp-content\/uploads\/2026\/02\/EQUIPS25-26_PGA_Jana.jpg\" alt class=\"img-responsive wp-image-55344\" srcset=\"https:\/\/www.esplac.cat\/wp-content\/uploads\/2026\/02\/EQUIPS25-26_PGA_Jana-200x200.jpg 200w, https:\/\/www.esplac.cat\/wp-content\/uploads\/2026\/02\/EQUIPS25-26_PGA_Jana-400x400.jpg 400w, https:\/\/www.esplac.cat\/wp-content\/uploads\/2026\/02\/EQUIPS25-26_PGA_Jana-600x600.jpg 600w, https:\/\/www.esplac.cat\/wp-content\/uploads\/2026\/02\/EQUIPS25-26_PGA_Jana-800x800.jpg 800w, https:\/\/www.esplac.cat\/wp-content\/uploads\/2026\/02\/EQUIPS25-26_PGA_Jana.jpg 1000w\" sizes=\"(max-width: 1024px) 100vw, (max-width: 640px) 100vw, 400px\" \/><\/span><\/div><div class=\"fusion-separator fusion-full-width-sep\" style=\"align-self: center;margin-left: auto;margin-right: auto;margin-bottom:20px;width:100%;\"><\/div><div class=\"fusion-title title fusion-title-4 fusion-sep-none fusion-title-center fusion-title-text fusion-title-size-five\" style=\"--awb-margin-bottom:0px;--awb-margin-bottom-small:0px;\"><h5 class=\"fusion-title-heading title-heading-center fusion-responsive-typography-calculated\" style=\"margin:0;--fontSize:22;--minFontSize:22;line-height:1.3;\"><strong>Jana Mu\u00f1oz<\/strong><\/h5><\/div><div style=\"text-align:center;\"><a class=\"fusion-button button-flat button-large button-custom fusion-button-default button-3 fusion-button-default-span fusion-button-default-type botonmail\" style=\"--button_accent_color:#000000;--button_border_color:#000000;--button_accent_hover_color:#f69d0b;--button_border_hover_color:#f69d0b;--button_border_width-top:0px;--button_border_width-right:0px;--button_border_width-bottom:0px;--button_border_width-left:0px;--button_gradient_top_color:rgba(255,255,255,0);--button_gradient_bottom_color:rgba(255,255,255,0);--button_gradient_top_color_hover:rgba(255,255,255,0);--button_gradient_bottom_color_hover:rgba(255,255,255,0);--button_text_transform:none;\" target=\"_blank\" rel=\"noopener noreferrer\" href=\"mailto:jmunoz@esplac.cat\"><i class=\"fa-envelope far button-icon-left\" aria-hidden=\"true\"><\/i><span class=\"fusion-button-text\">jmunoz@esplac.cat<\/span><\/a><\/div><\/div><\/div><div class=\"fusion-layout-column fusion_builder_column fusion-builder-column-6 fusion_builder_column_1_3 1_3 fusion-flex-column\" style=\"--awb-bg-size:cover;--awb-width-large:33.333333333333%;--awb-margin-top-large:35px;--awb-spacing-right-large:5.76%;--awb-margin-bottom-large:0px;--awb-spacing-left-large:5.76%;--awb-width-medium:100%;--awb-spacing-right-medium:1.92%;--awb-spacing-left-medium:1.92%;--awb-width-small:100%;--awb-spacing-right-small:1.92%;--awb-spacing-left-small:1.92%;\"><div class=\"fusion-column-wrapper fusion-column-has-shadow fusion-flex-justify-content-flex-start fusion-content-layout-column\"><div class=\"fusion-image-element \" style=\"text-align:center;--awb-caption-title-font-family:var(--h2_typography-font-family);--awb-caption-title-font-weight:var(--h2_typography-font-weight);--awb-caption-title-font-style:var(--h2_typography-font-style);--awb-caption-title-size:var(--h2_typography-font-size);--awb-caption-title-transform:var(--h2_typography-text-transform);--awb-caption-title-line-height:var(--h2_typography-line-height);--awb-caption-title-letter-spacing:var(--h2_typography-letter-spacing);\"><span class=\" fusion-imageframe imageframe-none imageframe-4 hover-type-none\"><img decoding=\"async\" width=\"1000\" height=\"1000\" title=\"EQUIPS25-26_PGA_Benet\" src=\"https:\/\/www.esplac.cat\/wp-content\/uploads\/2026\/02\/EQUIPS25-26_PGA_Benet.jpg\" alt class=\"img-responsive wp-image-55338\" srcset=\"https:\/\/www.esplac.cat\/wp-content\/uploads\/2026\/02\/EQUIPS25-26_PGA_Benet-200x200.jpg 200w, https:\/\/www.esplac.cat\/wp-content\/uploads\/2026\/02\/EQUIPS25-26_PGA_Benet-400x400.jpg 400w, https:\/\/www.esplac.cat\/wp-content\/uploads\/2026\/02\/EQUIPS25-26_PGA_Benet-600x600.jpg 600w, https:\/\/www.esplac.cat\/wp-content\/uploads\/2026\/02\/EQUIPS25-26_PGA_Benet-800x800.jpg 800w, https:\/\/www.esplac.cat\/wp-content\/uploads\/2026\/02\/EQUIPS25-26_PGA_Benet.jpg 1000w\" sizes=\"(max-width: 1024px) 100vw, (max-width: 640px) 100vw, 400px\" \/><\/span><\/div><div class=\"fusion-separator fusion-full-width-sep\" style=\"align-self: center;margin-left: auto;margin-right: auto;margin-bottom:20px;width:100%;\"><\/div><div class=\"fusion-title title fusion-title-5 fusion-sep-none fusion-title-center fusion-title-text fusion-title-size-five\" style=\"--awb-margin-bottom:0px;--awb-margin-bottom-small:0px;\"><h5 class=\"fusion-title-heading title-heading-center fusion-responsive-typography-calculated\" style=\"margin:0;--fontSize:22;--minFontSize:22;line-height:1.3;\"><strong>Benet Ferrer<\/strong><\/h5><\/div><div style=\"text-align:center;\"><a class=\"fusion-button button-flat button-large button-custom fusion-button-default button-4 fusion-button-default-span fusion-button-default-type botonmail\" style=\"--button_accent_color:#000000;--button_border_color:#000000;--button_accent_hover_color:#f69d0b;--button_border_hover_color:#f69d0b;--button_border_width-top:0px;--button_border_width-right:0px;--button_border_width-bottom:0px;--button_border_width-left:0px;--button_gradient_top_color:rgba(255,255,255,0);--button_gradient_bottom_color:rgba(255,255,255,0);--button_gradient_top_color_hover:rgba(255,255,255,0);--button_gradient_bottom_color_hover:rgba(255,255,255,0);--button_text_transform:none;\" target=\"_blank\" rel=\"noopener noreferrer\" href=\"mailto:bferrer@esplac.cat\"><i class=\"fa-envelope far button-icon-left\" aria-hidden=\"true\"><\/i><span class=\"fusion-button-text\">bferrer@esplac.cat<\/span><\/a><\/div><\/div><\/div><div class=\"fusion-layout-column fusion_builder_column fusion-builder-column-7 fusion_builder_column_1_3 1_3 fusion-flex-column\" style=\"--awb-bg-size:cover;--awb-width-large:33.333333333333%;--awb-margin-top-large:35px;--awb-spacing-right-large:5.76%;--awb-margin-bottom-large:0px;--awb-spacing-left-large:5.76%;--awb-width-medium:100%;--awb-spacing-right-medium:1.92%;--awb-spacing-left-medium:1.92%;--awb-width-small:100%;--awb-spacing-right-small:1.92%;--awb-spacing-left-small:1.92%;\"><div class=\"fusion-column-wrapper fusion-column-has-shadow fusion-flex-justify-content-flex-start fusion-content-layout-column\"><div class=\"fusion-image-element \" style=\"text-align:center;--awb-caption-title-font-family:var(--h2_typography-font-family);--awb-caption-title-font-weight:var(--h2_typography-font-weight);--awb-caption-title-font-style:var(--h2_typography-font-style);--awb-caption-title-size:var(--h2_typography-font-size);--awb-caption-title-transform:var(--h2_typography-text-transform);--awb-caption-title-line-height:var(--h2_typography-line-height);--awb-caption-title-letter-spacing:var(--h2_typography-letter-spacing);\"><span class=\" fusion-imageframe imageframe-none imageframe-5 hover-type-none\"><img decoding=\"async\" width=\"300\" height=\"300\" title=\"PGA_uria\" src=\"https:\/\/www.esplac.cat\/wp-content\/uploads\/2025\/02\/PGA_uria-300x300.jpg\" alt class=\"img-responsive wp-image-52758\" srcset=\"https:\/\/www.esplac.cat\/wp-content\/uploads\/2025\/02\/PGA_uria-200x200.jpg 200w, https:\/\/www.esplac.cat\/wp-content\/uploads\/2025\/02\/PGA_uria-400x400.jpg 400w, https:\/\/www.esplac.cat\/wp-content\/uploads\/2025\/02\/PGA_uria-600x600.jpg 600w, https:\/\/www.esplac.cat\/wp-content\/uploads\/2025\/02\/PGA_uria-800x800.jpg 800w, https:\/\/www.esplac.cat\/wp-content\/uploads\/2025\/02\/PGA_uria.jpg 1000w\" sizes=\"(max-width: 1024px) 100vw, (max-width: 640px) 100vw, 400px\" \/><\/span><\/div><div class=\"fusion-separator fusion-full-width-sep\" style=\"align-self: center;margin-left: auto;margin-right: auto;margin-bottom:20px;width:100%;\"><\/div><div class=\"fusion-title title fusion-title-6 fusion-sep-none fusion-title-center fusion-title-text fusion-title-size-five\" style=\"--awb-margin-bottom:0px;--awb-margin-bottom-small:0px;\"><h5 class=\"fusion-title-heading title-heading-center fusion-responsive-typography-calculated\" style=\"margin:0;--fontSize:22;--minFontSize:22;line-height:1.3;\"><strong>N\u00faria Carballo<\/strong><\/h5><\/div><div style=\"text-align:center;\"><a class=\"fusion-button button-flat button-large button-custom fusion-button-default button-5 fusion-button-default-span fusion-button-default-type botonmail\" style=\"--button_accent_color:#000000;--button_border_color:#000000;--button_accent_hover_color:#f69d0b;--button_border_hover_color:#f69d0b;--button_border_width-top:0px;--button_border_width-right:0px;--button_border_width-bottom:0px;--button_border_width-left:0px;--button_gradient_top_color:rgba(255,255,255,0);--button_gradient_bottom_color:rgba(255,255,255,0);--button_gradient_top_color_hover:rgba(255,255,255,0);--button_gradient_bottom_color_hover:rgba(255,255,255,0);--button_text_transform:none;\" target=\"_blank\" rel=\"noopener noreferrer\" href=\"mailto:ncarballo@esplac.cat\"><i class=\"fa-envelope far button-icon-left\" aria-hidden=\"true\"><\/i><span class=\"fusion-button-text\">ncarballo@esplac.cat<\/span><\/a><\/div><\/div><\/div><div class=\"fusion-layout-column fusion_builder_column fusion-builder-column-8 fusion_builder_column_1_3 1_3 fusion-flex-column\" style=\"--awb-bg-size:cover;--awb-width-large:33.333333333333%;--awb-margin-top-large:35px;--awb-spacing-right-large:5.76%;--awb-margin-bottom-large:0px;--awb-spacing-left-large:5.76%;--awb-width-medium:100%;--awb-spacing-right-medium:1.92%;--awb-spacing-left-medium:1.92%;--awb-width-small:100%;--awb-spacing-right-small:1.92%;--awb-spacing-left-small:1.92%;\"><div class=\"fusion-column-wrapper fusion-column-has-shadow fusion-flex-justify-content-flex-start fusion-content-layout-column\"><\/div><\/div><div class=\"fusion-layout-column fusion_builder_column fusion-builder-column-9 fusion_builder_column_1_1 1_1 fusion-flex-column\" style=\"--awb-bg-size:cover;--awb-width-large:100%;--awb-margin-top-large:0px;--awb-spacing-right-large:1.92%;--awb-margin-bottom-large:50px;--awb-spacing-left-large:1.92%;--awb-width-medium:100%;--awb-spacing-right-medium:1.92%;--awb-spacing-left-medium:1.92%;--awb-width-small:100%;--awb-spacing-right-small:1.92%;--awb-spacing-left-small:1.92%;\"><div class=\"fusion-column-wrapper fusion-column-has-shadow fusion-flex-justify-content-flex-start fusion-content-layout-column\"><\/div><\/div><\/div><\/div><div class=\"fusion-fullwidth fullwidth-box fusion-builder-row-4 fusion-flex-container nonhundred-percent-fullwidth non-hundred-percent-height-scrolling\" style=\"--awb-border-radius-top-left:0px;--awb-border-radius-top-right:0px;--awb-border-radius-bottom-right:0px;--awb-border-radius-bottom-left:0px;--awb-flex-wrap:wrap;\" ><div class=\"fusion-builder-row fusion-row fusion-flex-align-items-stretch fusion-flex-content-wrap\" style=\"max-width:1248px;margin-left: calc(-4% \/ 2 );margin-right: calc(-4% \/ 2 );\"><div class=\"fusion-layout-column fusion_builder_column fusion-builder-column-10 fusion_builder_column_1_1 1_1 fusion-flex-column fusion-flex-align-self-flex-start fusion-column-no-min-height\" style=\"--awb-bg-size:cover;--awb-width-large:100%;--awb-margin-top-large:0px;--awb-spacing-right-large:1.92%;--awb-margin-bottom-large:50px;--awb-spacing-left-large:1.92%;--awb-width-medium:100%;--awb-spacing-right-medium:1.92%;--awb-spacing-left-medium:1.92%;--awb-width-small:100%;--awb-spacing-right-small:1.92%;--awb-spacing-left-small:1.92%;\"><div class=\"fusion-column-wrapper fusion-column-has-shadow fusion-flex-justify-content-flex-start fusion-content-layout-column\"><div class=\"fusion-text fusion-text-6\"><h3 class=\"wpb_heading wpb_singleimage_heading\" style=\"text-align: center;\"><strong>Llista dels esplais del sector PENED\u00c8S, GARRAF I ANOIA<\/strong><\/h3>\n<\/div><\/div><\/div><\/div><\/div><div class=\"fusion-fullwidth fullwidth-box fusion-builder-row-5 fusion-flex-container nonhundred-percent-fullwidth non-hundred-percent-height-scrolling\" style=\"--awb-border-radius-top-left:0px;--awb-border-radius-top-right:0px;--awb-border-radius-bottom-right:0px;--awb-border-radius-bottom-left:0px;--awb-flex-wrap:wrap;\" ><div class=\"fusion-builder-row fusion-row fusion-flex-align-items-flex-start fusion-flex-content-wrap\" style=\"max-width:1248px;margin-left: calc(-4% \/ 2 );margin-right: calc(-4% \/ 2 );\"><div class=\"fusion-layout-column fusion_builder_column fusion-builder-column-11 fusion_builder_column_1_1 1_1 fusion-flex-column\" style=\"--awb-bg-size:cover;--awb-width-large:100%;--awb-margin-top-large:0px;--awb-spacing-right-large:1.92%;--awb-margin-bottom-large:20px;--awb-spacing-left-large:1.92%;--awb-width-medium:100%;--awb-spacing-right-medium:1.92%;--awb-spacing-left-medium:1.92%;--awb-width-small:100%;--awb-spacing-right-small:1.92%;--awb-spacing-left-small:1.92%;\"><div class=\"fusion-column-wrapper fusion-column-has-shadow fusion-flex-justify-content-flex-start fusion-content-layout-column\"><div class=\"fusion-separator fusion-full-width-sep\" style=\"align-self: center;margin-left: auto;margin-right: auto;margin-bottom:70px;width:100%;\"><\/div><\/div><\/div><\/div><\/div><div class=\"fusion-fullwidth fullwidth-box fusion-builder-row-6 fusion-flex-container nonhundred-percent-fullwidth non-hundred-percent-height-scrolling\" style=\"--awb-border-radius-top-left:0px;--awb-border-radius-top-right:0px;--awb-border-radius-bottom-right:0px;--awb-border-radius-bottom-left:0px;--awb-padding-top:30px;--awb-background-color:#ededed;--awb-flex-wrap:wrap;\" ><\/div>\n<\/p>\n","protected":false},"excerpt":{"rendered":"","protected":false},"author":1,"featured_media":0,"parent":27069,"menu_order":0,"comment_status":"closed","ping_status":"closed","template":"100-width.php","meta":{"om_disable_all_campaigns":false,"_monsterinsights_skip_tracking":false,"_monsterinsights_sitenote_active":false,"_monsterinsights_sitenote_note":"","_monsterinsights_sitenote_category":0,"_uf_show_specific_survey":0,"_uf_disable_surveys":false,"footnotes":""},"class_list":["post-28029","page","type-page","status-publish","hentry"],"yoast_head":"<!-- This site is optimized with the Yoast SEO plugin v27.4 - https:\/\/yoast.com\/product\/yoast-seo-wordpress\/ -->\n<title>Pened\u00e8s, Garraf i Anoia - Esplac<\/title>\n<meta name=\"robots\" content=\"index, follow, max-snippet:-1, max-image-preview:large, max-video-preview:-1\" \/>\n<link rel=\"canonical\" href=\"https:\/\/www.esplac.cat\/es\/sectores-geograficos\/penedes-garraf-i-anoia\/\" \/>\n<meta property=\"og:locale\" content=\"es_ES\" \/>\n<meta property=\"og:type\" content=\"article\" \/>\n<meta property=\"og:title\" content=\"Pened\u00e8s, Garraf i Anoia - Esplac\" \/>\n<meta property=\"og:url\" content=\"https:\/\/www.esplac.cat\/es\/sectores-geograficos\/penedes-garraf-i-anoia\/\" \/>\n<meta property=\"og:site_name\" content=\"Esplac\" \/>\n<meta property=\"article:modified_time\" content=\"2026-02-09T10:02:12+00:00\" \/>\n<meta property=\"og:image\" content=\"https:\/\/www.esplac.cat\/wp-content\/uploads\/2019\/11\/logo-open.jpg\" \/>\n\t<meta property=\"og:image:width\" content=\"1200\" \/>\n\t<meta property=\"og:image:height\" content=\"630\" \/>\n\t<meta property=\"og:image:type\" content=\"image\/jpeg\" \/>\n<meta name=\"twitter:card\" content=\"summary_large_image\" \/>\n<meta name=\"twitter:label1\" content=\"Tiempo de lectura\" \/>\n\t<meta name=\"twitter:data1\" content=\"6 minutos\" \/>\n<script type=\"application\/ld+json\" class=\"yoast-schema-graph\">{\"@context\":\"https:\\\/\\\/schema.org\",\"@graph\":[{\"@type\":\"WebPage\",\"@id\":\"https:\\\/\\\/www.esplac.cat\\\/es\\\/sectores-geograficos\\\/penedes-garraf-i-anoia\\\/\",\"url\":\"https:\\\/\\\/www.esplac.cat\\\/es\\\/sectores-geograficos\\\/penedes-garraf-i-anoia\\\/\",\"name\":\"Pened\u00e8s, Garraf i Anoia - Esplac\",\"isPartOf\":{\"@id\":\"https:\\\/\\\/www.esplac.cat\\\/#website\"},\"datePublished\":\"2019-11-13T17:10:57+00:00\",\"dateModified\":\"2026-02-09T10:02:12+00:00\",\"breadcrumb\":{\"@id\":\"https:\\\/\\\/www.esplac.cat\\\/es\\\/sectores-geograficos\\\/penedes-garraf-i-anoia\\\/#breadcrumb\"},\"inLanguage\":\"es\",\"potentialAction\":[{\"@type\":\"ReadAction\",\"target\":[\"https:\\\/\\\/www.esplac.cat\\\/es\\\/sectores-geograficos\\\/penedes-garraf-i-anoia\\\/\"]}]},{\"@type\":\"BreadcrumbList\",\"@id\":\"https:\\\/\\\/www.esplac.cat\\\/es\\\/sectores-geograficos\\\/penedes-garraf-i-anoia\\\/#breadcrumb\",\"itemListElement\":[{\"@type\":\"ListItem\",\"position\":1,\"name\":\"Inici\",\"item\":\"https:\\\/\\\/www.esplac.cat\\\/es\\\/\"},{\"@type\":\"ListItem\",\"position\":2,\"name\":\"Los Sectores Geogr\u00e1ficos\",\"item\":\"https:\\\/\\\/www.esplac.cat\\\/es\\\/sectores-geograficos\\\/\"},{\"@type\":\"ListItem\",\"position\":3,\"name\":\"Pened\u00e8s, Garraf i Anoia\"}]},{\"@type\":\"WebSite\",\"@id\":\"https:\\\/\\\/www.esplac.cat\\\/#website\",\"url\":\"https:\\\/\\\/www.esplac.cat\\\/\",\"name\":\"Esplac\",\"description\":\"Esplais Catalans\",\"publisher\":{\"@id\":\"https:\\\/\\\/www.esplac.cat\\\/#organization\"},\"potentialAction\":[{\"@type\":\"SearchAction\",\"target\":{\"@type\":\"EntryPoint\",\"urlTemplate\":\"https:\\\/\\\/www.esplac.cat\\\/?s={search_term_string}\"},\"query-input\":{\"@type\":\"PropertyValueSpecification\",\"valueRequired\":true,\"valueName\":\"search_term_string\"}}],\"inLanguage\":\"es\"},{\"@type\":\"Organization\",\"@id\":\"https:\\\/\\\/www.esplac.cat\\\/#organization\",\"name\":\"Esplac\",\"url\":\"https:\\\/\\\/www.esplac.cat\\\/\",\"logo\":{\"@type\":\"ImageObject\",\"inLanguage\":\"es\",\"@id\":\"https:\\\/\\\/www.esplac.cat\\\/#\\\/schema\\\/logo\\\/image\\\/\",\"url\":\"https:\\\/\\\/www.esplac.cat\\\/wp-content\\\/uploads\\\/2019\\\/08\\\/logox2.png\",\"contentUrl\":\"https:\\\/\\\/www.esplac.cat\\\/wp-content\\\/uploads\\\/2019\\\/08\\\/logox2.png\",\"width\":600,\"height\":295,\"caption\":\"Esplac\"},\"image\":{\"@id\":\"https:\\\/\\\/www.esplac.cat\\\/#\\\/schema\\\/logo\\\/image\\\/\"}}]}<\/script>\n<!-- \/ Yoast SEO plugin. -->","yoast_head_json":{"title":"Pened\u00e8s, Garraf i Anoia - Esplac","robots":{"index":"index","follow":"follow","max-snippet":"max-snippet:-1","max-image-preview":"max-image-preview:large","max-video-preview":"max-video-preview:-1"},"canonical":"https:\/\/www.esplac.cat\/es\/sectores-geograficos\/penedes-garraf-i-anoia\/","og_locale":"es_ES","og_type":"article","og_title":"Pened\u00e8s, Garraf i Anoia - Esplac","og_url":"https:\/\/www.esplac.cat\/es\/sectores-geograficos\/penedes-garraf-i-anoia\/","og_site_name":"Esplac","article_modified_time":"2026-02-09T10:02:12+00:00","og_image":[{"width":1200,"height":630,"url":"https:\/\/www.esplac.cat\/wp-content\/uploads\/2019\/11\/logo-open.jpg","type":"image\/jpeg"}],"twitter_card":"summary_large_image","twitter_misc":{"Tiempo de lectura":"6 minutos"},"schema":{"@context":"https:\/\/schema.org","@graph":[{"@type":"WebPage","@id":"https:\/\/www.esplac.cat\/es\/sectores-geograficos\/penedes-garraf-i-anoia\/","url":"https:\/\/www.esplac.cat\/es\/sectores-geograficos\/penedes-garraf-i-anoia\/","name":"Pened\u00e8s, Garraf i Anoia - Esplac","isPartOf":{"@id":"https:\/\/www.esplac.cat\/#website"},"datePublished":"2019-11-13T17:10:57+00:00","dateModified":"2026-02-09T10:02:12+00:00","breadcrumb":{"@id":"https:\/\/www.esplac.cat\/es\/sectores-geograficos\/penedes-garraf-i-anoia\/#breadcrumb"},"inLanguage":"es","potentialAction":[{"@type":"ReadAction","target":["https:\/\/www.esplac.cat\/es\/sectores-geograficos\/penedes-garraf-i-anoia\/"]}]},{"@type":"BreadcrumbList","@id":"https:\/\/www.esplac.cat\/es\/sectores-geograficos\/penedes-garraf-i-anoia\/#breadcrumb","itemListElement":[{"@type":"ListItem","position":1,"name":"Inici","item":"https:\/\/www.esplac.cat\/es\/"},{"@type":"ListItem","position":2,"name":"Los Sectores Geogr\u00e1ficos","item":"https:\/\/www.esplac.cat\/es\/sectores-geograficos\/"},{"@type":"ListItem","position":3,"name":"Pened\u00e8s, Garraf i Anoia"}]},{"@type":"WebSite","@id":"https:\/\/www.esplac.cat\/#website","url":"https:\/\/www.esplac.cat\/","name":"Esplac","description":"Esplais Catalans","publisher":{"@id":"https:\/\/www.esplac.cat\/#organization"},"potentialAction":[{"@type":"SearchAction","target":{"@type":"EntryPoint","urlTemplate":"https:\/\/www.esplac.cat\/?s={search_term_string}"},"query-input":{"@type":"PropertyValueSpecification","valueRequired":true,"valueName":"search_term_string"}}],"inLanguage":"es"},{"@type":"Organization","@id":"https:\/\/www.esplac.cat\/#organization","name":"Esplac","url":"https:\/\/www.esplac.cat\/","logo":{"@type":"ImageObject","inLanguage":"es","@id":"https:\/\/www.esplac.cat\/#\/schema\/logo\/image\/","url":"https:\/\/www.esplac.cat\/wp-content\/uploads\/2019\/08\/logox2.png","contentUrl":"https:\/\/www.esplac.cat\/wp-content\/uploads\/2019\/08\/logox2.png","width":600,"height":295,"caption":"Esplac"},"image":{"@id":"https:\/\/www.esplac.cat\/#\/schema\/logo\/image\/"}}]}},"_links":{"self":[{"href":"https:\/\/www.esplac.cat\/es\/wp-json\/wp\/v2\/pages\/28029","targetHints":{"allow":["GET"]}}],"collection":[{"href":"https:\/\/www.esplac.cat\/es\/wp-json\/wp\/v2\/pages"}],"about":[{"href":"https:\/\/www.esplac.cat\/es\/wp-json\/wp\/v2\/types\/page"}],"author":[{"embeddable":true,"href":"https:\/\/www.esplac.cat\/es\/wp-json\/wp\/v2\/users\/1"}],"replies":[{"embeddable":true,"href":"https:\/\/www.esplac.cat\/es\/wp-json\/wp\/v2\/comments?post=28029"}],"version-history":[{"count":11,"href":"https:\/\/www.esplac.cat\/es\/wp-json\/wp\/v2\/pages\/28029\/revisions"}],"predecessor-version":[{"id":55352,"href":"https:\/\/www.esplac.cat\/es\/wp-json\/wp\/v2\/pages\/28029\/revisions\/55352"}],"up":[{"embeddable":true,"href":"https:\/\/www.esplac.cat\/es\/wp-json\/wp\/v2\/pages\/27069"}],"wp:attachment":[{"href":"https:\/\/www.esplac.cat\/es\/wp-json\/wp\/v2\/media?parent=28029"}],"curies":[{"name":"wp","href":"https:\/\/api.w.org\/{rel}","templated":true}]}}