{"id":28051,"date":"2019-10-29T14:32:47","date_gmt":"2019-10-29T12:32:47","guid":{"rendered":"https:\/\/www.esplac.cat\/formacions\/escola-esplac-2015\/"},"modified":"2019-10-29T14:32:47","modified_gmt":"2019-10-29T12:32:47","slug":"escola-esplac-2015","status":"publish","type":"page","link":"https:\/\/www.esplac.cat\/es\/formaciones\/escola-esplac-2015\/","title":{"rendered":"Escola esplac 2015"},"content":{"rendered":"<p><div class=\"fusion-fullwidth fullwidth-box fusion-builder-row-1 nonhundred-percent-fullwidth non-hundred-percent-height-scrolling\" style=\"--awb-border-radius-top-left:0px;--awb-border-radius-top-right:0px;--awb-border-radius-bottom-right:0px;--awb-border-radius-bottom-left:0px;--awb-margin-top:50px;--awb-margin-bottom:50px;--awb-background-color:#ffffff;--awb-flex-wrap:wrap;\" ><div class=\"fusion-builder-row fusion-row\"><div class=\"fusion-layout-column fusion_builder_column fusion-builder-column-0 fusion_builder_column_1_1 1_1 fusion-one-full fusion-column-first fusion-column-last\" style=\"--awb-bg-size:cover;\"><div class=\"fusion-column-wrapper fusion-column-has-shadow fusion-flex-column-wrapper-legacy\"><div class=\"fusion-title title fusion-title-1 fusion-sep-none fusion-title-text fusion-title-size-one\" style=\"--awb-font-size:50px;\"><h1 class=\"fusion-title-heading title-heading-left fusion-responsive-typography-calculated\" style=\"margin:0;font-size:1em;--fontSize:50;line-height:1.2;\"><p style=\"text-align: center;\"><strong>Escola d\u2019Esplac<\/strong><\/p><\/h1><\/div><div class=\"fusion-clearfix\"><\/div><\/div><\/div><div class=\"fusion-layout-column fusion_builder_column fusion-builder-column-1 fusion_builder_column_1_1 1_1 fusion-one-full fusion-column-first fusion-column-last\" style=\"--awb-bg-size:cover;\"><div class=\"fusion-column-wrapper fusion-column-has-shadow fusion-flex-column-wrapper-legacy\"><div class=\"fusion-sep-clear\"><\/div><div class=\"fusion-separator\" style=\"margin-left: auto;margin-right: auto;margin-bottom:60px;width:100%;max-width:30%;\"><div class=\"fusion-separator-border sep-single sep-solid\" style=\"--awb-height:20px;--awb-amount:20px;--awb-sep-color:#c1c1c1;border-color:#c1c1c1;border-top-width:5px;\"><\/div><\/div><div class=\"fusion-sep-clear\"><\/div><div class=\"fusion-title title fusion-title-2 fusion-sep-none fusion-title-center fusion-title-text fusion-title-size-three\"><h3 class=\"fusion-title-heading title-heading-center fusion-responsive-typography-calculated\" style=\"margin:0;--fontSize:30;line-height:1.3;\">Escola d&#8217;Esplac 2015:<br \/>\nL\u2019EDUCACI\u00d3 EMOCIONAL A L\u2019ESPLAI<\/h3><\/div><div class=\"fusion-sep-clear\"><\/div><div class=\"fusion-separator fusion-full-width-sep\" style=\"margin-left: auto;margin-right: auto;margin-bottom:30px;width:100%;\"><\/div><div class=\"fusion-sep-clear\"><\/div><div class=\"fusion-tabs fusion-tabs-1 clean nav-not-justified horizontal-tabs icon-position-top mobile-mode-accordion\" style=\"--awb-title-border-radius-top-left:0px;--awb-title-border-radius-top-right:0px;--awb-title-border-radius-bottom-right:0px;--awb-title-border-radius-bottom-left:0px;--awb-inactive-color:#eaeaea;--awb-background-color:#f9f9f9;--awb-border-color:#ffffff;--awb-active-border-color:#f69d0b;\"><div class=\"nav\"><ul class=\"nav-tabs\" role=\"tablist\"><li class=\"active\" role=\"presentation\"><a class=\"tab-link\" data-toggle=\"tab\" role=\"tab\" aria-controls=\"tab-2c1112045dc5d10b8ef\" aria-selected=\"true\" id=\"fusion-tab-presentaci\u00f3\" href=\"#tab-2c1112045dc5d10b8ef\"><h4 class=\"fusion-tab-heading\"><i class=\"fontawesome-icon fa-bookmark fas\" aria-hidden=\"true\" style=\"font-size:19px;\"><\/i>Presentaci\u00f3<\/h4><\/a><\/li><li role=\"presentation\"><a class=\"tab-link\" data-toggle=\"tab\" role=\"tab\" aria-controls=\"tab-7be522d9edd802553b5\" aria-selected=\"false\" tabindex=\"-1\" id=\"fusion-tab-programa\" href=\"#tab-7be522d9edd802553b5\"><h4 class=\"fusion-tab-heading\"><i class=\"fontawesome-icon fa-book-open fas\" aria-hidden=\"true\" style=\"font-size:19px;\"><\/i>Programa <\/h4><\/a><\/li><li role=\"presentation\"><a class=\"tab-link\" data-toggle=\"tab\" role=\"tab\" aria-controls=\"tab-9beafe740bff4e07bd4\" aria-selected=\"false\" tabindex=\"-1\" id=\"fusion-tab-cartell\" href=\"#tab-9beafe740bff4e07bd4\"><h4 class=\"fusion-tab-heading\"><i class=\"fontawesome-icon fa-file-image fas\" aria-hidden=\"true\" style=\"font-size:19px;\"><\/i>Cartell <\/h4><\/a><\/li><li role=\"presentation\"><a class=\"tab-link\" data-toggle=\"tab\" role=\"tab\" aria-controls=\"tab-0670998e38faa7a9daf\" aria-selected=\"false\" tabindex=\"-1\" id=\"fusion-tab-taulesrodonesitallers\" href=\"#tab-0670998e38faa7a9daf\"><h4 class=\"fusion-tab-heading\"><i class=\"fontawesome-icon fa-users fas\" aria-hidden=\"true\" style=\"font-size:19px;\"><\/i>Taules rodones i Tallers<\/h4><\/a><\/li><li role=\"presentation\"><a class=\"tab-link\" data-toggle=\"tab\" role=\"tab\" aria-controls=\"tab-4f3691cd928574bc5c4\" aria-selected=\"false\" tabindex=\"-1\" id=\"fusion-tab-v\u00eddeos\" href=\"#tab-4f3691cd928574bc5c4\"><h4 class=\"fusion-tab-heading\"><i class=\"fontawesome-icon fa-video fas\" aria-hidden=\"true\" style=\"font-size:19px;\"><\/i>V\u00eddeos<\/h4><\/a><\/li><li role=\"presentation\"><a class=\"tab-link\" data-toggle=\"tab\" role=\"tab\" aria-controls=\"tab-7b947b1d1e773a0a368\" aria-selected=\"false\" tabindex=\"-1\" id=\"fusion-tab-conclusions\" href=\"#tab-7b947b1d1e773a0a368\"><h4 class=\"fusion-tab-heading\"><i class=\"fontawesome-icon fa-list-ol fas\" aria-hidden=\"true\" style=\"font-size:19px;\"><\/i>Conclusions<\/h4><\/a><\/li><\/ul><\/div><div class=\"tab-content\"><div class=\"nav fusion-mobile-tab-nav\"><ul class=\"nav-tabs\" role=\"tablist\"><li class=\"active\" role=\"presentation\"><a class=\"tab-link\" data-toggle=\"tab\" role=\"tab\" aria-controls=\"tab-2c1112045dc5d10b8ef\" aria-selected=\"true\" id=\"mobile-fusion-tab-presentaci\u00f3\" href=\"#tab-2c1112045dc5d10b8ef\"><h4 class=\"fusion-tab-heading\"><i class=\"fontawesome-icon fa-bookmark fas\" aria-hidden=\"true\" style=\"font-size:19px;\"><\/i>Presentaci\u00f3<\/h4><\/a><\/li><\/ul><\/div><div class=\"tab-pane fade fusion-clearfix in active\" role=\"tabpanel\" tabindex=\"0\" aria-labelledby=\"fusion-tab-presentaci\u00f3\" id=\"tab-2c1112045dc5d10b8ef\">\n<p>Dins del nou paradigma educatiu,\u00a0<strong>l\u2019educaci\u00f3 emocional<\/strong>\u00a0va prenent cada vegada m\u00e9s un paper destacat. Aquesta consta de reflexions, din\u00e0miques, metodologies i eines d\u2019autoconeixement que pretenen potenciar la intel\u00b7lig\u00e8ncia emocional. En definitiva, es tracta d\u2019una s\u00e8rie de coneixements i habilitats que poden ajudar als infants i joves a resoldre els seus problemes i conflictes emocionals.<\/p>\n<p>Per poder debatre i treballar sobre aquest vessant educatiu, vam\u00a0dedicar l\u2019Escola d\u2019Esplac 2015 a tractar\u00a0<em><strong>L\u2019educacio emocional a l\u2019esplai<\/strong><\/em>. El tema va ser escollit entre diverses opcions pels mateixos monitors i monitores d\u2019Esplac durant el darrer curs. L\u2019Escola d\u2019Esplac es va dur\u00a0a terme\u00a0<strong>el 7 i 8 de febrer a Cabrera de Mar, a l\u2019alberg Torre Ametller<\/strong>, i com a novetat respecte a altres edicions, una part de la jornada va ser\u00a0oberta a altres persones vinculades a l\u2019associacionisme juvenil i l\u2019educaci\u00f3.<\/p>\n<p>L\u2019Escola d\u2019Esplac 2015 t\u00e9 els seg\u00fcents\u00a0<strong>objectius<\/strong>:<\/p>\n<ul>\n<li>Descobrir qu\u00e8 fem sobre educaci\u00f3 emocional a l\u2019esplai i com treballem aquesta vessant educativa.<\/li>\n<li>Identificar els valors que fomenten l\u2019educaci\u00f3 emocional pels infants i els joves.<\/li>\n<li>Trobar pr\u00e0ctiques i din\u00e0miques per millorar l\u2019educaci\u00f3 emocional a l\u2019esplai, a trav\u00e9s del debat i l\u2019intercanvi de bones pr\u00e0ctiques<\/li>\n<li>Relacionar l\u2019educaci\u00f3 emocional amb la participaci\u00f3 dels infants.<\/li>\n<\/ul>\n<p>Les inscripcions per a monitors i monitores\u00a0estan obertes\u00a0<strong>des del 8 fins el 25 de gener a trav\u00e9s del\u00a0<a title=\"Assac\" href=\"http:\/\/assac.esplac.cat\/\" target=\"_blank\" rel=\"noopener noreferrer\">formulari que trobareu\u00a0a l\u2019Assac online<\/a><\/strong>. Per a persones externes a Esplais Catalans, les inscripcions es faran a trav\u00e9s d\u2019<a title=\"Inscripcions Escola Esplac 2015\" href=\"http:\/\/assac.esplac.cat\/EscolaEsplac15\/\" target=\"_blank\" rel=\"noopener noreferrer\"><strong>aquest altre formulari<\/strong><\/a>\u00a0que romandr\u00e0\u00a0<strong>obert del 13 al 25 de gener<\/strong>. Les places s\u00f3n limitades!<\/p>\n<\/div><div class=\"nav fusion-mobile-tab-nav\"><ul class=\"nav-tabs\" role=\"tablist\"><li role=\"presentation\"><a class=\"tab-link\" data-toggle=\"tab\" role=\"tab\" aria-controls=\"tab-7be522d9edd802553b5\" aria-selected=\"false\" tabindex=\"-1\" id=\"mobile-fusion-tab-programa\" href=\"#tab-7be522d9edd802553b5\"><h4 class=\"fusion-tab-heading\"><i class=\"fontawesome-icon fa-book-open fas\" aria-hidden=\"true\" style=\"font-size:19px;\"><\/i>Programa <\/h4><\/a><\/li><\/ul><\/div><div class=\"tab-pane fade fusion-clearfix\" role=\"tabpanel\" tabindex=\"0\" aria-labelledby=\"fusion-tab-programa\" id=\"tab-7be522d9edd802553b5\">\n<p><b>DISSABTE MAT\u00cd<\/b><\/p>\n<ul>\n<li>9 \u2013 10 h: Inscripci\u00f3<\/li>\n<li>10.15 \u2013 10.15 h: Presentaci\u00f3 de l\u2019Escola d\u2019Esplac a c\u00e0rrec de l\u2019Equip de Coordinaci\u00f3<\/li>\n<li>10.30 \u2013 11.40 h: Pon\u00e8ncia d\u2019obertura a c\u00e0rrec de Segundo Moyano<\/li>\n<li>11.40 \u2013 11.50 h: Pausa<\/li>\n<li>11.50 \u2013 13.45 h: Racons: introducci\u00f3 al tema de pol\u00edtica i educaci\u00f3<\/li>\n<li>14 \u2013 15.15 h: Dinar de t\u00e0per<\/li>\n<\/ul>\n<p align=\"justify\"><b>DISSABTE TARDA<\/b><\/p>\n<ul>\n<li>15.30 \u2013 17.30 h: Taules rodones<\/li>\n<li>17.30 \u2013 17.45 h: Pausa per berenar<\/li>\n<li>17.45 \u2013 18.45 h: Espai de di\u00e0leg: intercanvi d\u2019idees extretes de les taules rodones.<\/li>\n<li>19 \u2013 19.45 h: Instal\u00b7laci\u00f3 a l\u2019alberg.<\/li>\n<\/ul>\n<p><b>DISSABTE NIT<\/b><\/p>\n<ul>\n<li>19.45 \u2013 20.30 h:\u00a0Sopar torn 1.<\/li>\n<li>20.30 \u2013 21.15 h: Sopar torn 2.<\/li>\n<li>24\u00a0h: Silenci.<\/li>\n<\/ul>\n<p><b>DIUMENGE MAT\u00cd<\/b><\/p>\n<ul>\n<li>8 \u2013 8.30 h: Esmorzar torn 1.<\/li>\n<li>8.30 \u2013 9 h: Esmorzar torn 2.<\/li>\n<li>9 \u2013 9.30 h: Recollida habitacions i motxilles.<\/li>\n<li>9.30 \u2013 9.45 h:\u00a0Despla\u00e7ament fins a l\u2019escola.<\/li>\n<li>10 \u2013 11.30 h: Debats.<\/li>\n<li>11.30 \u2013 11.45 h: Pausa.<\/li>\n<li>11.50 \u2013 13.15 h: Pon\u00e8ncia tancament a c\u00e0rrec de Jaume Mart\u00ednez.<\/li>\n<li>13.15 \u2013 13.30 h: Cloenda<\/li>\n<li>13.30 -13.45 h: Despla\u00e7ament cap a l\u2019alberg.<\/li>\n<li>13.45 \u2013 14.30 h: Dinar torn 1.<\/li>\n<li>14.30 \u2013 15.15 h: Dinar torn 2.<\/li>\n<\/ul>\n<p><img decoding=\"async\" class=\" wp-image-24795 aligncenter\" src=\"http:\/\/esplac.cat\/wp-content\/uploads\/2019\/10\/Cartel_Escola_Esplac_Programacio\u0301_versio2-768x1086.jpg\" alt=\"\" width=\"803\" height=\"1135\" srcset=\"https:\/\/www.esplac.cat\/wp-content\/uploads\/2019\/10\/Cartel_Escola_Esplac_Programacio\u0301_versio2-768x1086-200x283.jpg 200w, https:\/\/www.esplac.cat\/wp-content\/uploads\/2019\/10\/Cartel_Escola_Esplac_Programacio\u0301_versio2-768x1086-212x300.jpg 212w, https:\/\/www.esplac.cat\/wp-content\/uploads\/2019\/10\/Cartel_Escola_Esplac_Programacio\u0301_versio2-768x1086-400x566.jpg 400w, https:\/\/www.esplac.cat\/wp-content\/uploads\/2019\/10\/Cartel_Escola_Esplac_Programacio\u0301_versio2-768x1086-600x848.jpg 600w, https:\/\/www.esplac.cat\/wp-content\/uploads\/2019\/10\/Cartel_Escola_Esplac_Programacio\u0301_versio2-768x1086-724x1024.jpg 724w, https:\/\/www.esplac.cat\/wp-content\/uploads\/2019\/10\/Cartel_Escola_Esplac_Programacio\u0301_versio2-768x1086.jpg 768w\" sizes=\"(max-width: 803px) 100vw, 803px\" \/><\/p>\n<\/div><div class=\"nav fusion-mobile-tab-nav\"><ul class=\"nav-tabs\" role=\"tablist\"><li role=\"presentation\"><a class=\"tab-link\" data-toggle=\"tab\" role=\"tab\" aria-controls=\"tab-9beafe740bff4e07bd4\" aria-selected=\"false\" tabindex=\"-1\" id=\"mobile-fusion-tab-cartell\" href=\"#tab-9beafe740bff4e07bd4\"><h4 class=\"fusion-tab-heading\"><i class=\"fontawesome-icon fa-file-image fas\" aria-hidden=\"true\" style=\"font-size:19px;\"><\/i>Cartell <\/h4><\/a><\/li><\/ul><\/div><div class=\"tab-pane fade fusion-clearfix\" role=\"tabpanel\" tabindex=\"0\" aria-labelledby=\"fusion-tab-cartell\" id=\"tab-9beafe740bff4e07bd4\">\n<p><img decoding=\"async\" class=\"wp-image-24748 aligncenter\" src=\"http:\/\/esplac.cat\/wp-content\/uploads\/2019\/10\/Seri_general_lloc.jpg\" alt=\"\" width=\"1009\" height=\"1428\" srcset=\"https:\/\/www.esplac.cat\/wp-content\/uploads\/2019\/10\/Seri_general_lloc-200x283.jpg 200w, https:\/\/www.esplac.cat\/wp-content\/uploads\/2019\/10\/Seri_general_lloc-212x300.jpg 212w, https:\/\/www.esplac.cat\/wp-content\/uploads\/2019\/10\/Seri_general_lloc-400x566.jpg 400w, https:\/\/www.esplac.cat\/wp-content\/uploads\/2019\/10\/Seri_general_lloc-600x849.jpg 600w, https:\/\/www.esplac.cat\/wp-content\/uploads\/2019\/10\/Seri_general_lloc-723x1024.jpg 723w, https:\/\/www.esplac.cat\/wp-content\/uploads\/2019\/10\/Seri_general_lloc-768x1087.jpg 768w, https:\/\/www.esplac.cat\/wp-content\/uploads\/2019\/10\/Seri_general_lloc-800x1132.jpg 800w, https:\/\/www.esplac.cat\/wp-content\/uploads\/2019\/10\/Seri_general_lloc-1200x1698.jpg 1200w, https:\/\/www.esplac.cat\/wp-content\/uploads\/2019\/10\/Seri_general_lloc.jpg 2446w\" sizes=\"(max-width: 1009px) 100vw, 1009px\" \/><\/p>\n<\/div><div class=\"nav fusion-mobile-tab-nav\"><ul class=\"nav-tabs\" role=\"tablist\"><li role=\"presentation\"><a class=\"tab-link\" data-toggle=\"tab\" role=\"tab\" aria-controls=\"tab-0670998e38faa7a9daf\" aria-selected=\"false\" tabindex=\"-1\" id=\"mobile-fusion-tab-taulesrodonesitallers\" href=\"#tab-0670998e38faa7a9daf\"><h4 class=\"fusion-tab-heading\"><i class=\"fontawesome-icon fa-users fas\" aria-hidden=\"true\" style=\"font-size:19px;\"><\/i>Taules rodones i Tallers<\/h4><\/a><\/li><\/ul><\/div><div class=\"tab-pane fade fusion-clearfix\" role=\"tabpanel\" tabindex=\"0\" aria-labelledby=\"fusion-tab-taulesrodonesitallers\" id=\"tab-0670998e38faa7a9daf\">\n<p class=\"p1\">La programaci\u00f3 de l\u2019Escola s\u2019enceta el dissabte 7, amb l\u2019<strong>acte de presentaci\u00f3<\/strong>\u00a0a les 11h a c\u00e0rrec de Raimon Carreras, president d\u2019Esplais Catalans i Raimon Goberna, secretari general de l\u2019Escola Lliure El Sol. En aquest primer acte s\u2019explicar\u00e0 per qu\u00e8 treballem sobre l\u2019educaci\u00f3 emocional a l\u2019esplai i la import\u00e0ncia d\u2019aquesta formaci\u00f3 pels educadors i educadores. Tot seguit, es faran diverses\u00a0<strong>taules rodones<\/strong>\u00a0de 12:30h a 14:30h sobre qu\u00e8 \u00e9s l\u2019educaci\u00f3 emocional i quin ha de ser el paper dels educadors i educadores i dels infants i joves. Aquest espai ser\u00e0 obert a persones externes a Esplac i comptar\u00e0 amb els seg\u00fcents ponents:<\/p>\n<ul>\n<li><strong>Anna Carpena<\/strong>, mestra especialista en educaci\u00f3 especial i membre del comit\u00e8 cient\u00edfic i assessor del Congr\u00e9s Internacional d\u2019Educaci\u00f3 Emocional. Pionera a Catalunya en la introducci\u00f3 de programes d\u2019educaci\u00f3 socioemocional a l\u2019escola. Podeu llegir l\u2019<strong><a title=\"Entrevista Anna Carpena\" href=\"http:\/\/www.somesplai.cat\/2015\/02\/05\/entrevista-anna-carpena\/\" target=\"_blank\" rel=\"noopener noreferrer\">entrevista que li hem fet pel Som Esplai<\/a><\/strong>. Tamb\u00e9 podeu veure un\u00a0<strong><a title=\"V\u00eddeo Anna Carpena\" href=\"https:\/\/www.youtube.com\/watch?v=CMP0Q4uTVuM\" target=\"_blank\" rel=\"noopener noreferrer\">fragment d\u2019aquesta en v\u00eddeo al Youtube<\/a><\/strong>.<\/li>\n<li><strong>Ferm\u00edn Rodr\u00edguez<\/strong>, psicopedagog i formador a l\u2019Escola Lliure El Sol especialista en educaci\u00f3 emocional i habilitats socials.<\/li>\n<li><strong>Francesc Esteban<\/strong>, pedagog, diplomat en pedagogia del temps lliure i animaci\u00f3 sociocultural amb M\u00e0ster en Investigaci\u00f3 pedag\u00f2gica<\/li>\n<li><strong>Dani Costa<\/strong>,\u00a0mestre d\u2019Educaci\u00f3 Prim\u00e0ria, monitor i director de l\u2019Esplai La Fera i formador a l\u2019Escola Lliure El Sol.<\/li>\n<li><strong>Maria Roser Torrescasana<\/strong>, educadora infantil, psicopedagoga i professora a la FUB (Fundaci\u00f3 Universit\u00e0ria del Bages) i a la UOC.<\/li>\n<li><strong>Marta Cots<\/strong>, psic\u00f2loga, psicopedagoga i coordinadora t\u00e8cnica de l\u2019Escola de formaci\u00f3 de Minyons, Escoltes i Guies.<\/li>\n<li><strong>Marcel Bola\u00f1o<\/strong>,\u00a0Acompanyant\/educador i assessor del CRAEV (Centre de Recerca i Assessorament d\u2019Educaci\u00f3 Viva) a l\u2019Alt Maresme.<\/li>\n<li><strong>L\u00eddia Garcia<\/strong>,\u00a0t\u00e8cnica d\u2019educaci\u00f3 infantil i educadora emocional de La Granja, amb 10 anys d\u2019experi\u00e8ncia en el m\u00f3n del lleure i formaci\u00f3 especifica d\u2019educaci\u00f3 emocional (coaching, PNL).<\/li>\n<li><strong>Pau L\u00f3pez,<\/strong>\u00a0professor de psicologia i psicopedagogia, responsable pedag\u00f2gic general de Minyons, Escoltes i Guies.<\/li>\n<\/ul>\n<p>Per la tarda, de 16 a 20h, es realitzaran diversos\u00a0<strong>tallers sobre la pr\u00e0ctica de l\u2019educaci\u00f3 emocional<\/strong>\u00a0a l\u2019esplai. Aquesta activitat est\u00e0 adre\u00e7ada \u00a0exclusivament a monitors i monitores dels esplais d\u2019Esplais Catalans.<\/p>\n<ul>\n<li><em>El treball de les emocions a trav\u00e9s de la m\u00fasica i el ritme (musicoter\u00e0pia i Basket Beat)<\/em>. Condu\u00eft per\u00a0<strong>M\u00f2nica Garcia<\/strong>, musicoterapeuta i mestra de m\u00fasica i\u00a0<strong>Josep Maria Aragay<\/strong>,\u00a0integrador social, educador social i musicoterapeuta. Lidera la recerca Is\u00f2sceles i el projecte Basket Beat. \u00c9s professor de creativitat de laformaci\u00f3\u00a0en Animaci\u00f3 Sociocultural de la Universitat de Paris Est Cre\u0301teil-Val de Marne.<\/li>\n<li><em>La resili\u00e8ncia, les emocions i l\u2019optimisme intel\u00b7ligent<\/em><em>.<\/em>\u00a0Condu\u00eft\u00a0 per\u00a0<strong>Jordi Navarro<\/strong>, educador, treballador social i autor de diferents articles especialitzats sobre la resili\u00e8ncia i del llibre\u00a0<em>Resi \u2026 qu\u00e8?: Resili\u00e8ncia -100 activitats per plantar cara a l\u2019adversitat\u00a0<\/em>(2011).<\/li>\n<li><em>La comunicaci\u00f3 i\u00a0<\/em><em>compet\u00e8ncia intercultural.<\/em>\u00a0Condu\u00eft per\u00a0<strong>Maria Mateu<\/strong>, formadora i consultora en compet\u00e8ncia intercultural i gesti\u00f3 de la diversitat.<\/li>\n<li><em>La gesti\u00f3 del\u00a0<\/em><em>conflicte.<\/em>\u00a0Condu\u00eft per\u00a0<strong>Francisca Nogales<\/strong>, soci\u00f2loga i Formadora de l\u2019Escola Lliure El Sol en ideari, sociologia i gesti\u00f3 de conflictes.<\/li>\n<li><em>La gesti\u00f3 de les\u00a0<\/em><em>emocions en grups d\u2019adolescents.<\/em>\u00a0Condu\u00eft per\u00a0<strong>Tatiana Sibilia<\/strong>, mestra del corrent pedag\u00f2gic Waldorf i facilitadora de comunicaci\u00f3 integrada i treball en grup.<\/li>\n<li><em>Les habilitats socials<\/em><em>.<\/em><em>\u00a0<\/em>Condu\u00eft per\u00a0<strong>Ferm\u00edn Rodr\u00edguez<\/strong>, psicopedagog i formador a l\u2019Escola Lliure El Sol especialista en educaci\u00f3 emocional i habilitats socials.<\/li>\n<\/ul>\n<\/div><div class=\"nav fusion-mobile-tab-nav\"><ul class=\"nav-tabs\" role=\"tablist\"><li role=\"presentation\"><a class=\"tab-link\" data-toggle=\"tab\" role=\"tab\" aria-controls=\"tab-4f3691cd928574bc5c4\" aria-selected=\"false\" tabindex=\"-1\" id=\"mobile-fusion-tab-v\u00eddeos\" href=\"#tab-4f3691cd928574bc5c4\"><h4 class=\"fusion-tab-heading\"><i class=\"fontawesome-icon fa-video fas\" aria-hidden=\"true\" style=\"font-size:19px;\"><\/i>V\u00eddeos<\/h4><\/a><\/li><\/ul><\/div><div class=\"tab-pane fade fusion-clearfix\" role=\"tabpanel\" tabindex=\"0\" aria-labelledby=\"fusion-tab-v\u00eddeos\" id=\"tab-4f3691cd928574bc5c4\"><div class=\"fusion-builder-row fusion-builder-row-inner fusion-row\"><div class=\"fusion-layout-column fusion_builder_column_inner fusion-builder-nested-column-0 fusion_builder_column_inner_1_2 1_2 fusion-one-half fusion-column-first\" style=\"--awb-bg-size:cover;width:50%;width:calc(50% - ( ( 4% ) * 0.5 ) );margin-right: 4%;\"><div class=\"fusion-column-wrapper fusion-column-has-shadow fusion-flex-column-wrapper-legacy\">\n<div class=\"fusion-text fusion-text-1\"><p><iframe class=\"fusion-hidden\" data-privacy-type=\"youtube\" src=\"\" data-privacy-src=\"https:\/\/www.youtube.com\/embed\/tVpjMqgAUMA\" width=\"560\" height=\"315\" frameborder=\"0\" allowfullscreen=\"allowfullscreen\"><\/iframe><div class=\"fusion-privacy-placeholder\" style=\"width:560px; height:315px;\" data-privacy-type=\"youtube\"><div class=\"fusion-privacy-placeholder-content\"><div class=\"fusion-privacy-label\">For privacy reasons YouTube needs your permission to be loaded. For more details, please see our <a class=\"privacy-policy-link\" href=\"https:\/\/www.esplac.cat\/avis-legal\/\" rel=\"privacy-policy\">Av\u00eds Legal<\/a>.<\/div><a href=\"\" data-privacy-type=\"youtube\" class=\"fusion-button button-default fusion-button-default-size button fusion-privacy-consent\">I Accept<\/a><\/div><\/div><br \/>\nEscola d&#8217;Esplac 2015: Taules rodones i tallers<\/p>\n<\/div>\n<div class=\"fusion-clearfix\"><\/div><\/div><\/div><div class=\"fusion-layout-column fusion_builder_column_inner fusion-builder-nested-column-1 fusion_builder_column_inner_1_2 1_2 fusion-one-half fusion-column-last\" style=\"--awb-bg-size:cover;width:50%;width:calc(50% - ( ( 4% ) * 0.5 ) );\"><div class=\"fusion-column-wrapper fusion-column-has-shadow fusion-flex-column-wrapper-legacy\">\n<div class=\"fusion-text fusion-text-2\"><p><iframe class=\"fusion-hidden\" data-privacy-type=\"youtube\" src=\"\" data-privacy-src=\"https:\/\/www.youtube.com\/embed\/bth6iKO1C7I\" width=\"560\" height=\"315\" frameborder=\"0\" allowfullscreen=\"allowfullscreen\"><\/iframe><div class=\"fusion-privacy-placeholder\" style=\"width:560px; height:315px;\" data-privacy-type=\"youtube\"><div class=\"fusion-privacy-placeholder-content\"><div class=\"fusion-privacy-label\">For privacy reasons YouTube needs your permission to be loaded. For more details, please see our <a class=\"privacy-policy-link\" href=\"https:\/\/www.esplac.cat\/avis-legal\/\" rel=\"privacy-policy\">Av\u00eds Legal<\/a>.<\/div><a href=\"\" data-privacy-type=\"youtube\" class=\"fusion-button button-default fusion-button-default-size button fusion-privacy-consent\">I Accept<\/a><\/div><\/div>Escola d&#8217;Esplac 2015: Participants i conclusions<\/p>\n<\/div>\n<div class=\"fusion-clearfix\"><\/div><\/div><\/div><\/div><\/div><div class=\"nav fusion-mobile-tab-nav\"><ul class=\"nav-tabs\" role=\"tablist\"><li role=\"presentation\"><a class=\"tab-link\" data-toggle=\"tab\" role=\"tab\" aria-controls=\"tab-7b947b1d1e773a0a368\" aria-selected=\"false\" tabindex=\"-1\" id=\"mobile-fusion-tab-conclusions\" href=\"#tab-7b947b1d1e773a0a368\"><h4 class=\"fusion-tab-heading\"><i class=\"fontawesome-icon fa-list-ol fas\" aria-hidden=\"true\" style=\"font-size:19px;\"><\/i>Conclusions<\/h4><\/a><\/li><\/ul><\/div><div class=\"tab-pane fade fusion-clearfix\" role=\"tabpanel\" tabindex=\"0\" aria-labelledby=\"fusion-tab-conclusions\" id=\"tab-7b947b1d1e773a0a368\">\n<p>Qu\u00e8 ens agradaria incorporar d\u2019all\u00f2 que hem apr\u00e8s?\u00a0<strong><a title=\"Conclusions Escola d'Esplac 2015\" href=\"https:\/\/esplac.cat\/wp-content\/uploads\/2016\/03\/Conclusions_Escola_Esplac_2015.pdf\" target=\"_blank\" rel=\"noopener noreferrer\">Aqu\u00ed podeu llegir les conclusions de les taules rodones de l\u2019Escola d\u2019Esplac<\/a><\/strong>. Sent conscients que per cada persona l\u2019aprenentatge \u00e9s diferent i que all\u00f2 significatiu per una, pot no ser-ho per una altra,\u00a0<strong>si pugu\u00e9ssim resumir tots els coneixements compartits durant l\u2019Escola d\u2019Esplac 2015 en 10 aprenentatges-idees m\u00e9s significatives podria ser una cosa aix\u00ed:<\/strong><\/p>\n<ol>\n<li>Les\u00a0<strong>emocions s\u00f3n universals<\/strong>. Cal que acollim totes les emocions, tant les que ens fan sentir c\u00f2modes com les que no.<\/li>\n<li>L\u2019<strong>autoconeixement<\/strong>\u00a0\u00e9s el primer pas per l\u2019acompanyament dels infants i joves.<\/li>\n<li>Cada persona t\u00e9 els seus\u00a0<strong>processos individuals<\/strong>, cal\u00a0<strong>donar temps i espai a les emocions<\/strong>\u00a0per sentir-les i expressar-les. No s\u2019han de negar, ni alimentar-les.<\/li>\n<li><strong>Interpretem el que veiem<\/strong>\u00a0a partir del que coneixem. Tenim els nostres propis filtres i cal ser-ne conscients.<\/li>\n<li><strong>Aprenem amb el cap (pensant), amb el cor (sentint) i amb les mans (fent)<\/strong>.<\/li>\n<li>A l\u2019esplai\u00a0<strong>eduquem emocionant-nos i emocionant als altres, eduquem<\/strong>. Sentim passi\u00f3 pel que fem!<\/li>\n<li>A l\u2019esplai\u00a0<strong>escoltem l\u2019infant<\/strong>, li oferim un espai segur i de confian\u00e7a.<\/li>\n<li>A l\u2019esplai\u00a0<strong>ens donem suport entre els monitors i monitores<\/strong>. Ho hem de fer m\u00e9s.<\/li>\n<li>\u00a09.\u00a0<strong>L\u2019educaci\u00f3 emocional \u00e9s transversal a l\u2019esplai a trav\u00e9s de l\u2019aprenentatge vivencial<\/strong>. Cal valorar les activitats \u00a0 i projectes per tal d\u2019expressar el que sentim.<\/li>\n<li>Cal\u00a0<strong>seguir formant-nos i practicant<\/strong>.<\/li>\n<\/ol>\n<\/div><\/div><\/div><div class=\"fusion-clearfix\"><\/div><\/div><\/div><\/div><\/div><div class=\"fusion-fullwidth fullwidth-box fusion-builder-row-2 fusion-flex-container nonhundred-percent-fullwidth non-hundred-percent-height-scrolling\" style=\"--awb-border-radius-top-left:0px;--awb-border-radius-top-right:0px;--awb-border-radius-bottom-right:0px;--awb-border-radius-bottom-left:0px;--awb-margin-bottom:40px;--awb-flex-wrap:wrap;\" ><div class=\"fusion-builder-row fusion-row fusion-flex-align-items-flex-start fusion-flex-content-wrap\" style=\"max-width:1248px;margin-left: calc(-4% \/ 2 );margin-right: calc(-4% \/ 2 );\"><div class=\"fusion-layout-column fusion_builder_column fusion-builder-column-2 fusion_builder_column_1_1 1_1 fusion-flex-column\" style=\"--awb-bg-blend:overlay;--awb-bg-size:cover;--awb-width-large:100%;--awb-margin-top-large:0px;--awb-spacing-right-large:1.92%;--awb-margin-bottom-large:20px;--awb-spacing-left-large:1.92%;--awb-width-medium:100%;--awb-spacing-right-medium:1.92%;--awb-spacing-left-medium:1.92%;--awb-width-small:100%;--awb-spacing-right-small:1.92%;--awb-spacing-left-small:1.92%;\"><div class=\"fusion-column-wrapper fusion-column-has-shadow fusion-flex-justify-content-flex-start fusion-content-layout-column\"><div class=\"fusion-text fusion-text-3\"><h3><strong>Altres edicions de l\u2019Escola d\u2019Esplac<\/strong><\/h3>\n<\/div><\/div><\/div><div class=\"fusion-layout-column fusion_builder_column fusion-builder-column-3 fusion_builder_column_1_4 1_4 fusion-flex-column fusion-column-inner-bg-wrapper\" style=\"--awb-inner-bg-blend:overlay;--awb-inner-bg-size:cover;--awb-width-large:25%;--awb-margin-top-large:0px;--awb-spacing-right-large:7.68%;--awb-margin-bottom-large:20px;--awb-spacing-left-large:7.68%;--awb-width-medium:100%;--awb-order-medium:0;--awb-spacing-right-medium:1.92%;--awb-spacing-left-medium:1.92%;--awb-width-small:100%;--awb-order-small:0;--awb-spacing-right-small:1.92%;--awb-spacing-left-small:1.92%;\" data-motion-effects=\"[{&quot;type&quot;:&quot;&quot;,&quot;scroll_type&quot;:&quot;transition&quot;,&quot;scroll_direction&quot;:&quot;up&quot;,&quot;transition_speed&quot;:&quot;1&quot;,&quot;fade_type&quot;:&quot;in&quot;,&quot;scale_type&quot;:&quot;up&quot;,&quot;initial_scale&quot;:&quot;1&quot;,&quot;max_scale&quot;:&quot;1.5&quot;,&quot;min_scale&quot;:&quot;0.5&quot;,&quot;initial_rotate&quot;:&quot;0&quot;,&quot;end_rotate&quot;:&quot;30&quot;,&quot;initial_blur&quot;:&quot;0&quot;,&quot;end_blur&quot;:&quot;3&quot;,&quot;start_element&quot;:&quot;top&quot;,&quot;start_viewport&quot;:&quot;bottom&quot;,&quot;end_element&quot;:&quot;bottom&quot;,&quot;end_viewport&quot;:&quot;top&quot;,&quot;mouse_effect&quot;:&quot;track&quot;,&quot;mouse_effect_direction&quot;:&quot;opposite&quot;,&quot;mouse_effect_speed&quot;:&quot;2&quot;,&quot;infinite_animation&quot;:&quot;float&quot;,&quot;infinite_animation_speed&quot;:&quot;2&quot;}]\" data-scroll-devices=\"small-visibility,medium-visibility,large-visibility\"><span class=\"fusion-column-inner-bg hover-type-none\"><a class=\"fusion-column-anchor\" href=\"https:\/\/www.esplac.cat\/formacions\/escola-esplac-2025\/\"><span class=\"fusion-column-inner-bg-image\"><\/span><\/a><\/span><div class=\"fusion-column-wrapper fusion-column-has-shadow fusion-flex-justify-content-flex-start fusion-content-layout-column\"><div class=\"fusion-image-element \" style=\"text-align:center;--awb-liftup-border-radius:0px;--awb-caption-title-font-family:var(--h2_typography-font-family);--awb-caption-title-font-weight:var(--h2_typography-font-weight);--awb-caption-title-font-style:var(--h2_typography-font-style);--awb-caption-title-size:var(--h2_typography-font-size);--awb-caption-title-transform:var(--h2_typography-text-transform);--awb-caption-title-line-height:var(--h2_typography-line-height);--awb-caption-title-letter-spacing:var(--h2_typography-letter-spacing);\"><div class=\"awb-image-frame awb-image-frame-1 imageframe-liftup\"><span class=\" fusion-imageframe imageframe-none imageframe-1\"><a class=\"fusion-no-lightbox\" href=\"https:\/\/www.esplac.cat\/formacions\/escola-desplac-2024\/\" target=\"_self\" aria-label=\"cartell_esplac2025\"><img decoding=\"async\" width=\"212\" height=\"300\" src=\"https:\/\/www.esplac.cat\/wp-content\/uploads\/2024\/11\/cartell_esplac2025-212x300.jpg\" alt class=\"img-responsive wp-image-51867\" srcset=\"https:\/\/www.esplac.cat\/wp-content\/uploads\/2024\/11\/cartell_esplac2025-200x283.jpg 200w, https:\/\/www.esplac.cat\/wp-content\/uploads\/2024\/11\/cartell_esplac2025-400x566.jpg 400w, https:\/\/www.esplac.cat\/wp-content\/uploads\/2024\/11\/cartell_esplac2025-600x849.jpg 600w, https:\/\/www.esplac.cat\/wp-content\/uploads\/2024\/11\/cartell_esplac2025-800x1131.jpg 800w, https:\/\/www.esplac.cat\/wp-content\/uploads\/2024\/11\/cartell_esplac2025-1200x1697.jpg 1200w, https:\/\/www.esplac.cat\/wp-content\/uploads\/2024\/11\/cartell_esplac2025-scaled.jpg 1810w\" sizes=\"(max-width: 1024px) 100vw, (max-width: 640px) 100vw, 400px\" \/><\/a><\/span><\/div><\/div><div class=\"fusion-separator fusion-full-width-sep\" style=\"align-self: center;margin-left: auto;margin-right: auto;margin-bottom:20px;width:100%;\"><\/div><div class=\"fusion-text fusion-text-4\"><h5 style=\"text-align: center;\"><strong><a href=\"https:\/\/www.esplac.cat\/formacions\/escola-esplac-2025\/\" target=\"_blank\" rel=\"noopener\">Escola d\u2019Esplac 2025<\/a><\/strong><\/h5>\n<\/div><div class=\"fusion-separator fusion-full-width-sep\" style=\"align-self: center;margin-left: auto;margin-right: auto;margin-bottom:20px;width:100%;\"><\/div><\/div><\/div><div class=\"fusion-layout-column fusion_builder_column fusion-builder-column-4 fusion_builder_column_1_4 1_4 fusion-flex-column fusion-column-inner-bg-wrapper\" style=\"--awb-inner-bg-blend:overlay;--awb-inner-bg-size:cover;--awb-width-large:25%;--awb-margin-top-large:0px;--awb-spacing-right-large:7.68%;--awb-margin-bottom-large:20px;--awb-spacing-left-large:7.68%;--awb-width-medium:100%;--awb-order-medium:0;--awb-spacing-right-medium:1.92%;--awb-spacing-left-medium:1.92%;--awb-width-small:100%;--awb-order-small:0;--awb-spacing-right-small:1.92%;--awb-spacing-left-small:1.92%;\" data-motion-effects=\"[{&quot;type&quot;:&quot;&quot;,&quot;scroll_type&quot;:&quot;transition&quot;,&quot;scroll_direction&quot;:&quot;up&quot;,&quot;transition_speed&quot;:&quot;1&quot;,&quot;fade_type&quot;:&quot;in&quot;,&quot;scale_type&quot;:&quot;up&quot;,&quot;initial_scale&quot;:&quot;1&quot;,&quot;max_scale&quot;:&quot;1.5&quot;,&quot;min_scale&quot;:&quot;0.5&quot;,&quot;initial_rotate&quot;:&quot;0&quot;,&quot;end_rotate&quot;:&quot;30&quot;,&quot;initial_blur&quot;:&quot;0&quot;,&quot;end_blur&quot;:&quot;3&quot;,&quot;start_element&quot;:&quot;top&quot;,&quot;start_viewport&quot;:&quot;bottom&quot;,&quot;end_element&quot;:&quot;bottom&quot;,&quot;end_viewport&quot;:&quot;top&quot;,&quot;mouse_effect&quot;:&quot;track&quot;,&quot;mouse_effect_direction&quot;:&quot;opposite&quot;,&quot;mouse_effect_speed&quot;:&quot;2&quot;,&quot;infinite_animation&quot;:&quot;float&quot;,&quot;infinite_animation_speed&quot;:&quot;2&quot;}]\" data-scroll-devices=\"small-visibility,medium-visibility,large-visibility\"><span class=\"fusion-column-inner-bg hover-type-none\"><a class=\"fusion-column-anchor\" href=\"https:\/\/www.esplac.cat\/formacions\/escola-desplac-2024\/\"><span class=\"fusion-column-inner-bg-image\"><\/span><\/a><\/span><div class=\"fusion-column-wrapper fusion-column-has-shadow fusion-flex-justify-content-flex-start fusion-content-layout-column\"><div class=\"fusion-image-element \" style=\"text-align:center;--awb-liftup-border-radius:0px;--awb-caption-title-font-family:var(--h2_typography-font-family);--awb-caption-title-font-weight:var(--h2_typography-font-weight);--awb-caption-title-font-style:var(--h2_typography-font-style);--awb-caption-title-size:var(--h2_typography-font-size);--awb-caption-title-transform:var(--h2_typography-text-transform);--awb-caption-title-line-height:var(--h2_typography-line-height);--awb-caption-title-letter-spacing:var(--h2_typography-letter-spacing);\"><div class=\"awb-image-frame awb-image-frame-2 imageframe-liftup\"><span class=\" fusion-imageframe imageframe-none imageframe-2\"><a class=\"fusion-no-lightbox\" href=\"https:\/\/www.esplac.cat\/formacions\/escola-desplac-2024\/\" target=\"_self\" aria-label=\"Ilustraci\u00f3n sin t\u00edtulo\"><img decoding=\"async\" width=\"212\" height=\"300\" src=\"https:\/\/www.esplac.cat\/wp-content\/uploads\/2024\/11\/Cartell-Escola-Esplac-24-800x1131-1-212x300.jpg\" alt class=\"img-responsive wp-image-51850\" srcset=\"https:\/\/www.esplac.cat\/wp-content\/uploads\/2024\/11\/Cartell-Escola-Esplac-24-800x1131-1-200x283.jpg 200w, https:\/\/www.esplac.cat\/wp-content\/uploads\/2024\/11\/Cartell-Escola-Esplac-24-800x1131-1-400x566.jpg 400w, https:\/\/www.esplac.cat\/wp-content\/uploads\/2024\/11\/Cartell-Escola-Esplac-24-800x1131-1-600x848.jpg 600w, https:\/\/www.esplac.cat\/wp-content\/uploads\/2024\/11\/Cartell-Escola-Esplac-24-800x1131-1.jpg 800w\" sizes=\"(max-width: 1024px) 100vw, (max-width: 640px) 100vw, 400px\" \/><\/a><\/span><\/div><\/div><div class=\"fusion-separator fusion-full-width-sep\" style=\"align-self: center;margin-left: auto;margin-right: auto;margin-bottom:20px;width:100%;\"><\/div><div class=\"fusion-text fusion-text-5\"><h5 style=\"text-align: center;\"><strong><a href=\"https:\/\/www.esplac.cat\/formacions\/escola-desplac-2024\/\" target=\"_blank\" rel=\"noopener\">Escola d\u2019Esplac 2024<\/a><\/strong><\/h5>\n<\/div><div class=\"fusion-separator fusion-full-width-sep\" style=\"align-self: center;margin-left: auto;margin-right: auto;margin-bottom:20px;width:100%;\"><\/div><\/div><\/div><div class=\"fusion-layout-column fusion_builder_column fusion-builder-column-5 fusion_builder_column_1_4 1_4 fusion-flex-column fusion-column-inner-bg-wrapper\" style=\"--awb-inner-bg-blend:overlay;--awb-inner-bg-size:cover;--awb-width-large:25%;--awb-margin-top-large:0px;--awb-spacing-right-large:7.68%;--awb-margin-bottom-large:20px;--awb-spacing-left-large:7.68%;--awb-width-medium:100%;--awb-order-medium:0;--awb-spacing-right-medium:1.92%;--awb-spacing-left-medium:1.92%;--awb-width-small:100%;--awb-order-small:0;--awb-spacing-right-small:1.92%;--awb-spacing-left-small:1.92%;\" data-motion-effects=\"[{&quot;type&quot;:&quot;&quot;,&quot;scroll_type&quot;:&quot;transition&quot;,&quot;scroll_direction&quot;:&quot;up&quot;,&quot;transition_speed&quot;:&quot;1&quot;,&quot;fade_type&quot;:&quot;in&quot;,&quot;scale_type&quot;:&quot;up&quot;,&quot;initial_scale&quot;:&quot;1&quot;,&quot;max_scale&quot;:&quot;1.5&quot;,&quot;min_scale&quot;:&quot;0.5&quot;,&quot;initial_rotate&quot;:&quot;0&quot;,&quot;end_rotate&quot;:&quot;30&quot;,&quot;initial_blur&quot;:&quot;0&quot;,&quot;end_blur&quot;:&quot;3&quot;,&quot;start_element&quot;:&quot;top&quot;,&quot;start_viewport&quot;:&quot;bottom&quot;,&quot;end_element&quot;:&quot;bottom&quot;,&quot;end_viewport&quot;:&quot;top&quot;,&quot;mouse_effect&quot;:&quot;track&quot;,&quot;mouse_effect_direction&quot;:&quot;opposite&quot;,&quot;mouse_effect_speed&quot;:&quot;2&quot;,&quot;infinite_animation&quot;:&quot;float&quot;,&quot;infinite_animation_speed&quot;:&quot;2&quot;}]\" data-scroll-devices=\"small-visibility,medium-visibility,large-visibility\"><span class=\"fusion-column-inner-bg hover-type-none\"><a class=\"fusion-column-anchor\" href=\"https:\/\/www.esplac.cat\/formacions\/escola-desplac-2023\/\"><span class=\"fusion-column-inner-bg-image\"><\/span><\/a><\/span><div class=\"fusion-column-wrapper fusion-column-has-shadow fusion-flex-justify-content-flex-start fusion-content-layout-column\"><div class=\"fusion-image-element \" style=\"text-align:center;--awb-liftup-border-radius:0px;--awb-caption-title-font-family:var(--h2_typography-font-family);--awb-caption-title-font-weight:var(--h2_typography-font-weight);--awb-caption-title-font-style:var(--h2_typography-font-style);--awb-caption-title-size:var(--h2_typography-font-size);--awb-caption-title-transform:var(--h2_typography-text-transform);--awb-caption-title-line-height:var(--h2_typography-line-height);--awb-caption-title-letter-spacing:var(--h2_typography-letter-spacing);\"><div class=\"awb-image-frame awb-image-frame-3 imageframe-liftup\"><span class=\" fusion-imageframe imageframe-none imageframe-3\"><a class=\"fusion-no-lightbox\" href=\"https:\/\/www.esplac.cat\/formacions\/escola-desplac-2023\/\" target=\"_self\" aria-label=\"Esplac_Escola23_CartellHR_page-0001\"><img decoding=\"async\" width=\"215\" height=\"300\" src=\"https:\/\/www.esplac.cat\/wp-content\/uploads\/2022\/11\/Esplac_Escola23_CartellHR_page-0001-215x300.jpg\" alt class=\"img-responsive wp-image-42246\" srcset=\"https:\/\/www.esplac.cat\/wp-content\/uploads\/2022\/11\/Esplac_Escola23_CartellHR_page-0001-200x279.jpg 200w, https:\/\/www.esplac.cat\/wp-content\/uploads\/2022\/11\/Esplac_Escola23_CartellHR_page-0001-400x557.jpg 400w, https:\/\/www.esplac.cat\/wp-content\/uploads\/2022\/11\/Esplac_Escola23_CartellHR_page-0001-600x836.jpg 600w, https:\/\/www.esplac.cat\/wp-content\/uploads\/2022\/11\/Esplac_Escola23_CartellHR_page-0001-800x1114.jpg 800w, https:\/\/www.esplac.cat\/wp-content\/uploads\/2022\/11\/Esplac_Escola23_CartellHR_page-0001-1200x1671.jpg 1200w, https:\/\/www.esplac.cat\/wp-content\/uploads\/2022\/11\/Esplac_Escola23_CartellHR_page-0001-scaled.jpg 1838w\" sizes=\"(max-width: 1024px) 100vw, (max-width: 640px) 100vw, 400px\" \/><\/a><\/span><\/div><\/div><div class=\"fusion-separator fusion-full-width-sep\" style=\"align-self: center;margin-left: auto;margin-right: auto;margin-bottom:20px;width:100%;\"><\/div><div class=\"fusion-text fusion-text-6\"><h5 style=\"text-align: center;\"><strong><a href=\"https:\/\/www.esplac.cat\/formacions\/escola-desplac-2023\/\" target=\"_blank\" rel=\"noopener\">Escola d\u2019Esplac 2023<\/a><\/strong><\/h5>\n<\/div><div class=\"fusion-separator fusion-full-width-sep\" style=\"align-self: center;margin-left: auto;margin-right: auto;margin-bottom:20px;width:100%;\"><\/div><\/div><\/div><div class=\"fusion-layout-column fusion_builder_column fusion-builder-column-6 fusion_builder_column_1_4 1_4 fusion-flex-column fusion-column-inner-bg-wrapper\" style=\"--awb-inner-bg-blend:overlay;--awb-inner-bg-size:cover;--awb-width-large:25%;--awb-margin-top-large:0px;--awb-spacing-right-large:7.68%;--awb-margin-bottom-large:20px;--awb-spacing-left-large:7.68%;--awb-width-medium:100%;--awb-order-medium:0;--awb-spacing-right-medium:1.92%;--awb-spacing-left-medium:1.92%;--awb-width-small:100%;--awb-order-small:0;--awb-spacing-right-small:1.92%;--awb-spacing-left-small:1.92%;\" data-motion-effects=\"[{&quot;type&quot;:&quot;&quot;,&quot;scroll_type&quot;:&quot;transition&quot;,&quot;scroll_direction&quot;:&quot;up&quot;,&quot;transition_speed&quot;:&quot;1&quot;,&quot;fade_type&quot;:&quot;in&quot;,&quot;scale_type&quot;:&quot;up&quot;,&quot;initial_scale&quot;:&quot;1&quot;,&quot;max_scale&quot;:&quot;1.5&quot;,&quot;min_scale&quot;:&quot;0.5&quot;,&quot;initial_rotate&quot;:&quot;0&quot;,&quot;end_rotate&quot;:&quot;30&quot;,&quot;initial_blur&quot;:&quot;0&quot;,&quot;end_blur&quot;:&quot;3&quot;,&quot;start_element&quot;:&quot;top&quot;,&quot;start_viewport&quot;:&quot;bottom&quot;,&quot;end_element&quot;:&quot;bottom&quot;,&quot;end_viewport&quot;:&quot;top&quot;,&quot;mouse_effect&quot;:&quot;track&quot;,&quot;mouse_effect_direction&quot;:&quot;opposite&quot;,&quot;mouse_effect_speed&quot;:&quot;2&quot;,&quot;infinite_animation&quot;:&quot;float&quot;,&quot;infinite_animation_speed&quot;:&quot;2&quot;}]\" data-scroll-devices=\"small-visibility,medium-visibility,large-visibility\"><span class=\"fusion-column-inner-bg hover-type-none\"><a class=\"fusion-column-anchor\" href=\"https:\/\/www.esplac.cat\/formacions\/escola-desplac-2022\/\"><span class=\"fusion-column-inner-bg-image\"><\/span><\/a><\/span><div class=\"fusion-column-wrapper fusion-column-has-shadow fusion-flex-justify-content-flex-start fusion-content-layout-column\"><div class=\"fusion-image-element \" style=\"text-align:center;--awb-liftup-border-radius:0px;--awb-caption-title-font-family:var(--h2_typography-font-family);--awb-caption-title-font-weight:var(--h2_typography-font-weight);--awb-caption-title-font-style:var(--h2_typography-font-style);--awb-caption-title-size:var(--h2_typography-font-size);--awb-caption-title-transform:var(--h2_typography-text-transform);--awb-caption-title-line-height:var(--h2_typography-line-height);--awb-caption-title-letter-spacing:var(--h2_typography-letter-spacing);\"><div class=\"awb-image-frame awb-image-frame-4 imageframe-liftup\"><span class=\" fusion-imageframe imageframe-none imageframe-4\"><a class=\"fusion-no-lightbox\" href=\"https:\/\/www.esplac.cat\/formacions\/escola-desplac-2022\/\" target=\"_self\" aria-label=\"ee22\"><img decoding=\"async\" width=\"212\" height=\"300\" src=\"https:\/\/www.esplac.cat\/wp-content\/uploads\/2024\/02\/ee22-212x300.jpeg\" alt class=\"img-responsive wp-image-48957\" srcset=\"https:\/\/www.esplac.cat\/wp-content\/uploads\/2024\/02\/ee22-200x283.jpeg 200w, https:\/\/www.esplac.cat\/wp-content\/uploads\/2024\/02\/ee22-400x566.jpeg 400w, https:\/\/www.esplac.cat\/wp-content\/uploads\/2024\/02\/ee22-600x849.jpeg 600w, https:\/\/www.esplac.cat\/wp-content\/uploads\/2024\/02\/ee22-800x1131.jpeg 800w, https:\/\/www.esplac.cat\/wp-content\/uploads\/2024\/02\/ee22-1200x1697.jpeg 1200w, https:\/\/www.esplac.cat\/wp-content\/uploads\/2024\/02\/ee22.jpeg 1810w\" sizes=\"(max-width: 1024px) 100vw, (max-width: 640px) 100vw, 400px\" \/><\/a><\/span><\/div><\/div><div class=\"fusion-separator fusion-full-width-sep\" style=\"align-self: center;margin-left: auto;margin-right: auto;margin-bottom:20px;width:100%;\"><\/div><div class=\"fusion-text fusion-text-7\"><h5 style=\"text-align: center;\"><a href=\"https:\/\/www.esplac.cat\/formacions\/escola-desplac-2022\/\" target=\"_blank\" rel=\"noopener\"><strong>Escola d\u2019Esplac 2022<\/strong><\/a><\/h5>\n<\/div><div class=\"fusion-separator fusion-full-width-sep\" style=\"align-self: center;margin-left: auto;margin-right: auto;margin-bottom:20px;width:100%;\"><\/div><\/div><\/div><div class=\"fusion-layout-column fusion_builder_column fusion-builder-column-7 fusion_builder_column_1_4 1_4 fusion-flex-column fusion-column-inner-bg-wrapper\" style=\"--awb-inner-bg-blend:overlay;--awb-inner-bg-size:cover;--awb-width-large:25%;--awb-margin-top-large:0px;--awb-spacing-right-large:7.68%;--awb-margin-bottom-large:20px;--awb-spacing-left-large:7.68%;--awb-width-medium:100%;--awb-order-medium:0;--awb-spacing-right-medium:1.92%;--awb-spacing-left-medium:1.92%;--awb-width-small:100%;--awb-order-small:0;--awb-spacing-right-small:1.92%;--awb-spacing-left-small:1.92%;\" data-motion-effects=\"[{&quot;type&quot;:&quot;&quot;,&quot;scroll_type&quot;:&quot;transition&quot;,&quot;scroll_direction&quot;:&quot;up&quot;,&quot;transition_speed&quot;:&quot;1&quot;,&quot;fade_type&quot;:&quot;in&quot;,&quot;scale_type&quot;:&quot;up&quot;,&quot;initial_scale&quot;:&quot;1&quot;,&quot;max_scale&quot;:&quot;1.5&quot;,&quot;min_scale&quot;:&quot;0.5&quot;,&quot;initial_rotate&quot;:&quot;0&quot;,&quot;end_rotate&quot;:&quot;30&quot;,&quot;initial_blur&quot;:&quot;0&quot;,&quot;end_blur&quot;:&quot;3&quot;,&quot;start_element&quot;:&quot;top&quot;,&quot;start_viewport&quot;:&quot;bottom&quot;,&quot;end_element&quot;:&quot;bottom&quot;,&quot;end_viewport&quot;:&quot;top&quot;,&quot;mouse_effect&quot;:&quot;track&quot;,&quot;mouse_effect_direction&quot;:&quot;opposite&quot;,&quot;mouse_effect_speed&quot;:&quot;2&quot;,&quot;infinite_animation&quot;:&quot;float&quot;,&quot;infinite_animation_speed&quot;:&quot;2&quot;}]\" data-scroll-devices=\"small-visibility,medium-visibility,large-visibility\"><span class=\"fusion-column-inner-bg hover-type-none\"><a class=\"fusion-column-anchor\" href=\"https:\/\/www.esplac.cat\/formacions\/escola-esplac-2021\/\"><span class=\"fusion-column-inner-bg-image\"><\/span><\/a><\/span><div class=\"fusion-column-wrapper fusion-column-has-shadow fusion-flex-justify-content-flex-start fusion-content-layout-column\"><div class=\"fusion-image-element \" style=\"text-align:center;--awb-liftup-border-radius:0px;--awb-caption-title-font-family:var(--h2_typography-font-family);--awb-caption-title-font-weight:var(--h2_typography-font-weight);--awb-caption-title-font-style:var(--h2_typography-font-style);--awb-caption-title-size:var(--h2_typography-font-size);--awb-caption-title-transform:var(--h2_typography-text-transform);--awb-caption-title-line-height:var(--h2_typography-line-height);--awb-caption-title-letter-spacing:var(--h2_typography-letter-spacing);\"><div class=\"awb-image-frame awb-image-frame-5 imageframe-liftup\"><span class=\" fusion-imageframe imageframe-none imageframe-5\"><a class=\"fusion-no-lightbox\" href=\"https:\/\/www.esplac.cat\/formacions\/escola-esplac-2021\/\" target=\"_self\" aria-label=\"Escola_ESPLAC_2020 (1)\"><img decoding=\"async\" width=\"212\" height=\"300\" src=\"https:\/\/www.esplac.cat\/wp-content\/uploads\/2020\/12\/Escola_ESPLAC_2020-1-212x300.jpg\" alt class=\"img-responsive wp-image-33684\" srcset=\"https:\/\/www.esplac.cat\/wp-content\/uploads\/2020\/12\/Escola_ESPLAC_2020-1-200x283.jpg 200w, https:\/\/www.esplac.cat\/wp-content\/uploads\/2020\/12\/Escola_ESPLAC_2020-1-400x566.jpg 400w, https:\/\/www.esplac.cat\/wp-content\/uploads\/2020\/12\/Escola_ESPLAC_2020-1-600x849.jpg 600w, https:\/\/www.esplac.cat\/wp-content\/uploads\/2020\/12\/Escola_ESPLAC_2020-1-800x1132.jpg 800w, https:\/\/www.esplac.cat\/wp-content\/uploads\/2020\/12\/Escola_ESPLAC_2020-1-1200x1697.jpg 1200w, https:\/\/www.esplac.cat\/wp-content\/uploads\/2020\/12\/Escola_ESPLAC_2020-1-scaled.jpg 1810w\" sizes=\"(max-width: 1024px) 100vw, (max-width: 640px) 100vw, 212px\" \/><\/a><\/span><\/div><\/div><div class=\"fusion-separator fusion-full-width-sep\" style=\"align-self: center;margin-left: auto;margin-right: auto;margin-bottom:20px;width:100%;\"><\/div><div class=\"fusion-text fusion-text-8\"><h5 style=\"text-align: center;\"><strong>Escola d\u2019Esplac 2021<\/strong><\/h5>\n<\/div><div class=\"fusion-separator fusion-full-width-sep\" style=\"align-self: center;margin-left: auto;margin-right: auto;margin-bottom:20px;width:100%;\"><\/div><\/div><\/div><div class=\"fusion-layout-column fusion_builder_column fusion-builder-column-8 fusion_builder_column_1_4 1_4 fusion-flex-column fusion-column-inner-bg-wrapper\" style=\"--awb-inner-bg-blend:overlay;--awb-inner-bg-size:cover;--awb-width-large:25%;--awb-margin-top-large:0px;--awb-spacing-right-large:7.68%;--awb-margin-bottom-large:20px;--awb-spacing-left-large:7.68%;--awb-width-medium:100%;--awb-order-medium:0;--awb-spacing-right-medium:1.92%;--awb-spacing-left-medium:1.92%;--awb-width-small:100%;--awb-order-small:0;--awb-spacing-right-small:1.92%;--awb-spacing-left-small:1.92%;\" data-motion-effects=\"[{&quot;type&quot;:&quot;&quot;,&quot;scroll_type&quot;:&quot;transition&quot;,&quot;scroll_direction&quot;:&quot;up&quot;,&quot;transition_speed&quot;:&quot;1&quot;,&quot;fade_type&quot;:&quot;in&quot;,&quot;scale_type&quot;:&quot;up&quot;,&quot;initial_scale&quot;:&quot;1&quot;,&quot;max_scale&quot;:&quot;1.5&quot;,&quot;min_scale&quot;:&quot;0.5&quot;,&quot;initial_rotate&quot;:&quot;0&quot;,&quot;end_rotate&quot;:&quot;30&quot;,&quot;initial_blur&quot;:&quot;0&quot;,&quot;end_blur&quot;:&quot;3&quot;,&quot;start_element&quot;:&quot;top&quot;,&quot;start_viewport&quot;:&quot;bottom&quot;,&quot;end_element&quot;:&quot;bottom&quot;,&quot;end_viewport&quot;:&quot;top&quot;,&quot;mouse_effect&quot;:&quot;track&quot;,&quot;mouse_effect_direction&quot;:&quot;opposite&quot;,&quot;mouse_effect_speed&quot;:&quot;2&quot;,&quot;infinite_animation&quot;:&quot;float&quot;,&quot;infinite_animation_speed&quot;:&quot;2&quot;}]\" data-scroll-devices=\"small-visibility,medium-visibility,large-visibility\"><span class=\"fusion-column-inner-bg hover-type-none\"><a class=\"fusion-column-anchor\" href=\"https:\/\/www.esplac.cat\/formacions\/escola-esplac-2019\/\"><span class=\"fusion-column-inner-bg-image\"><\/span><\/a><\/span><div class=\"fusion-column-wrapper fusion-column-has-shadow fusion-flex-justify-content-flex-start fusion-content-layout-column\"><div class=\"fusion-image-element \" style=\"text-align:center;--awb-liftup-border-radius:0px;--awb-caption-title-font-family:var(--h2_typography-font-family);--awb-caption-title-font-weight:var(--h2_typography-font-weight);--awb-caption-title-font-style:var(--h2_typography-font-style);--awb-caption-title-size:var(--h2_typography-font-size);--awb-caption-title-transform:var(--h2_typography-text-transform);--awb-caption-title-line-height:var(--h2_typography-line-height);--awb-caption-title-letter-spacing:var(--h2_typography-letter-spacing);\"><div class=\"awb-image-frame awb-image-frame-6 imageframe-liftup\"><span class=\" fusion-imageframe imageframe-none imageframe-6\"><a class=\"fusion-no-lightbox\" href=\"https:\/\/www.esplac.cat\/formacions\/escola-esplac-2019\/\" target=\"_self\" aria-label=\"escola epslac 2019\"><img decoding=\"async\" width=\"212\" height=\"300\" src=\"https:\/\/www.esplac.cat\/wp-content\/uploads\/2024\/02\/escola-epslac-2019-212x300.jpeg\" alt class=\"img-responsive wp-image-48954\" srcset=\"https:\/\/www.esplac.cat\/wp-content\/uploads\/2024\/02\/escola-epslac-2019-200x283.jpeg 200w, https:\/\/www.esplac.cat\/wp-content\/uploads\/2024\/02\/escola-epslac-2019-400x566.jpeg 400w, https:\/\/www.esplac.cat\/wp-content\/uploads\/2024\/02\/escola-epslac-2019.jpeg 600w\" sizes=\"(max-width: 1024px) 100vw, (max-width: 640px) 100vw, 400px\" \/><\/a><\/span><\/div><\/div><div class=\"fusion-separator fusion-full-width-sep\" style=\"align-self: center;margin-left: auto;margin-right: auto;margin-bottom:20px;width:100%;\"><\/div><div class=\"fusion-text fusion-text-9\"><h5 style=\"text-align: center;\"><strong><a href=\"https:\/\/www.esplac.cat\/formacions\/escola-esplac-2019\/\" target=\"_blank\" rel=\"noopener\">Escola d\u2019Esplac 2019<\/a><\/strong><\/h5>\n<\/div><div class=\"fusion-separator fusion-full-width-sep\" style=\"align-self: center;margin-left: auto;margin-right: auto;margin-bottom:20px;width:100%;\"><\/div><\/div><\/div><div class=\"fusion-layout-column fusion_builder_column fusion-builder-column-9 fusion_builder_column_1_4 1_4 fusion-flex-column fusion-column-inner-bg-wrapper\" style=\"--awb-inner-bg-blend:overlay;--awb-inner-bg-size:cover;--awb-width-large:25%;--awb-margin-top-large:0px;--awb-spacing-right-large:7.68%;--awb-margin-bottom-large:20px;--awb-spacing-left-large:7.68%;--awb-width-medium:100%;--awb-order-medium:0;--awb-spacing-right-medium:1.92%;--awb-spacing-left-medium:1.92%;--awb-width-small:100%;--awb-order-small:0;--awb-spacing-right-small:1.92%;--awb-spacing-left-small:1.92%;\" data-motion-effects=\"[{&quot;type&quot;:&quot;&quot;,&quot;scroll_type&quot;:&quot;transition&quot;,&quot;scroll_direction&quot;:&quot;up&quot;,&quot;transition_speed&quot;:&quot;1&quot;,&quot;fade_type&quot;:&quot;in&quot;,&quot;scale_type&quot;:&quot;up&quot;,&quot;initial_scale&quot;:&quot;1&quot;,&quot;max_scale&quot;:&quot;1.5&quot;,&quot;min_scale&quot;:&quot;0.5&quot;,&quot;initial_rotate&quot;:&quot;0&quot;,&quot;end_rotate&quot;:&quot;30&quot;,&quot;initial_blur&quot;:&quot;0&quot;,&quot;end_blur&quot;:&quot;3&quot;,&quot;start_element&quot;:&quot;top&quot;,&quot;start_viewport&quot;:&quot;bottom&quot;,&quot;end_element&quot;:&quot;bottom&quot;,&quot;end_viewport&quot;:&quot;top&quot;,&quot;mouse_effect&quot;:&quot;track&quot;,&quot;mouse_effect_direction&quot;:&quot;opposite&quot;,&quot;mouse_effect_speed&quot;:&quot;2&quot;,&quot;infinite_animation&quot;:&quot;float&quot;,&quot;infinite_animation_speed&quot;:&quot;2&quot;}]\" data-scroll-devices=\"small-visibility,medium-visibility,large-visibility\"><span class=\"fusion-column-inner-bg hover-type-none\"><a class=\"fusion-column-anchor\" href=\"https:\/\/www.esplac.cat\/formacions\/escola-esplac-2018\/\"><span class=\"fusion-column-inner-bg-image\"><\/span><\/a><\/span><div class=\"fusion-column-wrapper fusion-column-has-shadow fusion-flex-justify-content-flex-start fusion-content-layout-column\"><div class=\"fusion-image-element \" style=\"text-align:center;--awb-liftup-border-radius:0px;--awb-caption-title-font-family:var(--h2_typography-font-family);--awb-caption-title-font-weight:var(--h2_typography-font-weight);--awb-caption-title-font-style:var(--h2_typography-font-style);--awb-caption-title-size:var(--h2_typography-font-size);--awb-caption-title-transform:var(--h2_typography-text-transform);--awb-caption-title-line-height:var(--h2_typography-line-height);--awb-caption-title-letter-spacing:var(--h2_typography-letter-spacing);\"><div class=\"awb-image-frame awb-image-frame-7 imageframe-liftup\"><span class=\" fusion-imageframe imageframe-none imageframe-7\"><a class=\"fusion-no-lightbox\" href=\"https:\/\/www.esplac.cat\/formacions\/escola-esplac-2018\/\" target=\"_self\" aria-label=\"Cartel_Escola_Esplac_Ponents\"><img decoding=\"async\" width=\"212\" height=\"300\" src=\"https:\/\/www.esplac.cat\/wp-content\/uploads\/2018\/01\/Cartel_Escola_Esplac_Ponents-212x300.jpg\" alt class=\"img-responsive wp-image-17182\" srcset=\"https:\/\/www.esplac.cat\/wp-content\/uploads\/2018\/01\/Cartel_Escola_Esplac_Ponents-200x283.jpg 200w, https:\/\/www.esplac.cat\/wp-content\/uploads\/2018\/01\/Cartel_Escola_Esplac_Ponents-400x566.jpg 400w, https:\/\/www.esplac.cat\/wp-content\/uploads\/2018\/01\/Cartel_Escola_Esplac_Ponents-600x849.jpg 600w, https:\/\/www.esplac.cat\/wp-content\/uploads\/2018\/01\/Cartel_Escola_Esplac_Ponents-800x1132.jpg 800w, https:\/\/www.esplac.cat\/wp-content\/uploads\/2018\/01\/Cartel_Escola_Esplac_Ponents-1200x1697.jpg 1200w\" sizes=\"(max-width: 1024px) 100vw, (max-width: 640px) 100vw, 400px\" \/><\/a><\/span><\/div><\/div><div class=\"fusion-separator fusion-full-width-sep\" style=\"align-self: center;margin-left: auto;margin-right: auto;margin-bottom:20px;width:100%;\"><\/div><div class=\"fusion-text fusion-text-10\"><h5 style=\"text-align: center;\"><strong><a href=\"https:\/\/www.esplac.cat\/formacions\/escola-esplac-2018\/\" target=\"_blank\" rel=\"noopener\">Escola d\u2019Esplac 2018<\/a><\/strong><\/h5>\n<\/div><div class=\"fusion-separator fusion-full-width-sep\" style=\"align-self: center;margin-left: auto;margin-right: auto;margin-bottom:20px;width:100%;\"><\/div><\/div><\/div><div class=\"fusion-layout-column fusion_builder_column fusion-builder-column-10 fusion_builder_column_1_4 1_4 fusion-flex-column fusion-column-inner-bg-wrapper\" style=\"--awb-inner-bg-blend:overlay;--awb-inner-bg-size:cover;--awb-width-large:25%;--awb-margin-top-large:0px;--awb-spacing-right-large:7.68%;--awb-margin-bottom-large:20px;--awb-spacing-left-large:7.68%;--awb-width-medium:100%;--awb-order-medium:0;--awb-spacing-right-medium:1.92%;--awb-spacing-left-medium:1.92%;--awb-width-small:100%;--awb-order-small:0;--awb-spacing-right-small:1.92%;--awb-spacing-left-small:1.92%;\" data-motion-effects=\"[{&quot;type&quot;:&quot;&quot;,&quot;scroll_type&quot;:&quot;transition&quot;,&quot;scroll_direction&quot;:&quot;up&quot;,&quot;transition_speed&quot;:&quot;1&quot;,&quot;fade_type&quot;:&quot;in&quot;,&quot;scale_type&quot;:&quot;up&quot;,&quot;initial_scale&quot;:&quot;1&quot;,&quot;max_scale&quot;:&quot;1.5&quot;,&quot;min_scale&quot;:&quot;0.5&quot;,&quot;initial_rotate&quot;:&quot;0&quot;,&quot;end_rotate&quot;:&quot;30&quot;,&quot;initial_blur&quot;:&quot;0&quot;,&quot;end_blur&quot;:&quot;3&quot;,&quot;start_element&quot;:&quot;top&quot;,&quot;start_viewport&quot;:&quot;bottom&quot;,&quot;end_element&quot;:&quot;bottom&quot;,&quot;end_viewport&quot;:&quot;top&quot;,&quot;mouse_effect&quot;:&quot;track&quot;,&quot;mouse_effect_direction&quot;:&quot;opposite&quot;,&quot;mouse_effect_speed&quot;:&quot;2&quot;,&quot;infinite_animation&quot;:&quot;float&quot;,&quot;infinite_animation_speed&quot;:&quot;2&quot;}]\" data-scroll-devices=\"small-visibility,medium-visibility,large-visibility\"><span class=\"fusion-column-inner-bg hover-type-none\"><a class=\"fusion-column-anchor\" href=\"https:\/\/www.esplac.cat\/formacions\/escola-esplac-2017\/\"><span class=\"fusion-column-inner-bg-image\"><\/span><\/a><\/span><div class=\"fusion-column-wrapper fusion-column-has-shadow fusion-flex-justify-content-flex-start fusion-content-layout-column\"><div class=\"fusion-image-element \" style=\"text-align:center;--awb-liftup-border-radius:0px;--awb-caption-title-font-family:var(--h2_typography-font-family);--awb-caption-title-font-weight:var(--h2_typography-font-weight);--awb-caption-title-font-style:var(--h2_typography-font-style);--awb-caption-title-size:var(--h2_typography-font-size);--awb-caption-title-transform:var(--h2_typography-text-transform);--awb-caption-title-line-height:var(--h2_typography-line-height);--awb-caption-title-letter-spacing:var(--h2_typography-letter-spacing);\"><div class=\"awb-image-frame awb-image-frame-8 imageframe-liftup\"><span class=\" fusion-imageframe imageframe-none imageframe-8\"><a class=\"fusion-no-lightbox\" href=\"https:\/\/www.esplac.cat\/formacions\/escola-esplac-2017\/\" target=\"_self\" aria-label=\"escola-esplac-2017-2-1200&#215;1697\"><img decoding=\"async\" width=\"212\" height=\"300\" src=\"https:\/\/www.esplac.cat\/wp-content\/uploads\/2024\/02\/escola-esplac-2017-2-1200x1697-1-212x300.jpeg\" alt class=\"img-responsive wp-image-48950\" srcset=\"https:\/\/www.esplac.cat\/wp-content\/uploads\/2024\/02\/escola-esplac-2017-2-1200x1697-1-200x283.jpeg 200w, https:\/\/www.esplac.cat\/wp-content\/uploads\/2024\/02\/escola-esplac-2017-2-1200x1697-1-400x566.jpeg 400w, https:\/\/www.esplac.cat\/wp-content\/uploads\/2024\/02\/escola-esplac-2017-2-1200x1697-1-600x849.jpeg 600w, https:\/\/www.esplac.cat\/wp-content\/uploads\/2024\/02\/escola-esplac-2017-2-1200x1697-1-800x1131.jpeg 800w, https:\/\/www.esplac.cat\/wp-content\/uploads\/2024\/02\/escola-esplac-2017-2-1200x1697-1.jpeg 1200w\" sizes=\"(max-width: 1024px) 100vw, (max-width: 640px) 100vw, 400px\" \/><\/a><\/span><\/div><\/div><div class=\"fusion-separator fusion-full-width-sep\" style=\"align-self: center;margin-left: auto;margin-right: auto;margin-bottom:20px;width:100%;\"><\/div><div class=\"fusion-text fusion-text-11\"><h5 style=\"text-align: center;\"><a href=\"https:\/\/www.esplac.cat\/formacions\/escola-esplac-2017\/\" target=\"_blank\" rel=\"noopener\"><strong>Escola d\u2019Esplac 2017<\/strong><\/a><\/h5>\n<\/div><div class=\"fusion-separator fusion-full-width-sep\" style=\"align-self: center;margin-left: auto;margin-right: auto;margin-bottom:20px;width:100%;\"><\/div><\/div><\/div><div class=\"fusion-layout-column fusion_builder_column fusion-builder-column-11 fusion_builder_column_1_4 1_4 fusion-flex-column fusion-column-inner-bg-wrapper\" style=\"--awb-inner-bg-blend:overlay;--awb-inner-bg-size:cover;--awb-width-large:25%;--awb-margin-top-large:0px;--awb-spacing-right-large:7.68%;--awb-margin-bottom-large:20px;--awb-spacing-left-large:7.68%;--awb-width-medium:100%;--awb-order-medium:0;--awb-spacing-right-medium:1.92%;--awb-spacing-left-medium:1.92%;--awb-width-small:100%;--awb-order-small:0;--awb-spacing-right-small:1.92%;--awb-spacing-left-small:1.92%;\" data-motion-effects=\"[{&quot;type&quot;:&quot;&quot;,&quot;scroll_type&quot;:&quot;transition&quot;,&quot;scroll_direction&quot;:&quot;up&quot;,&quot;transition_speed&quot;:&quot;1&quot;,&quot;fade_type&quot;:&quot;in&quot;,&quot;scale_type&quot;:&quot;up&quot;,&quot;initial_scale&quot;:&quot;1&quot;,&quot;max_scale&quot;:&quot;1.5&quot;,&quot;min_scale&quot;:&quot;0.5&quot;,&quot;initial_rotate&quot;:&quot;0&quot;,&quot;end_rotate&quot;:&quot;30&quot;,&quot;initial_blur&quot;:&quot;0&quot;,&quot;end_blur&quot;:&quot;3&quot;,&quot;start_element&quot;:&quot;top&quot;,&quot;start_viewport&quot;:&quot;bottom&quot;,&quot;end_element&quot;:&quot;bottom&quot;,&quot;end_viewport&quot;:&quot;top&quot;,&quot;mouse_effect&quot;:&quot;track&quot;,&quot;mouse_effect_direction&quot;:&quot;opposite&quot;,&quot;mouse_effect_speed&quot;:&quot;2&quot;,&quot;infinite_animation&quot;:&quot;float&quot;,&quot;infinite_animation_speed&quot;:&quot;2&quot;}]\" data-scroll-devices=\"small-visibility,medium-visibility,large-visibility\"><span class=\"fusion-column-inner-bg hover-type-none\"><a class=\"fusion-column-anchor\" href=\"https:\/\/www.esplac.cat\/formacions\/escola-esplac-2016\/\"><span class=\"fusion-column-inner-bg-image\"><\/span><\/a><\/span><div class=\"fusion-column-wrapper fusion-column-has-shadow fusion-flex-justify-content-flex-start fusion-content-layout-column\"><div class=\"fusion-image-element \" style=\"text-align:center;--awb-liftup-border-radius:0px;--awb-caption-title-font-family:var(--h2_typography-font-family);--awb-caption-title-font-weight:var(--h2_typography-font-weight);--awb-caption-title-font-style:var(--h2_typography-font-style);--awb-caption-title-size:var(--h2_typography-font-size);--awb-caption-title-transform:var(--h2_typography-text-transform);--awb-caption-title-line-height:var(--h2_typography-line-height);--awb-caption-title-letter-spacing:var(--h2_typography-letter-spacing);\"><div class=\"awb-image-frame awb-image-frame-9 imageframe-liftup\"><span class=\" fusion-imageframe imageframe-none imageframe-9\"><a class=\"fusion-no-lightbox\" href=\"https:\/\/www.esplac.cat\/formacions\/escola-esplac-2016\/\" target=\"_self\" aria-label=\"cartell_EE16\"><img decoding=\"async\" width=\"212\" height=\"300\" src=\"https:\/\/www.esplac.cat\/wp-content\/uploads\/2024\/02\/cartell_EE16-212x300.jpeg\" alt class=\"img-responsive wp-image-48945\" srcset=\"https:\/\/www.esplac.cat\/wp-content\/uploads\/2024\/02\/cartell_EE16-200x283.jpeg 200w, https:\/\/www.esplac.cat\/wp-content\/uploads\/2024\/02\/cartell_EE16-400x566.jpeg 400w, https:\/\/www.esplac.cat\/wp-content\/uploads\/2024\/02\/cartell_EE16-600x848.jpeg 600w, https:\/\/www.esplac.cat\/wp-content\/uploads\/2024\/02\/cartell_EE16-800x1131.jpeg 800w, https:\/\/www.esplac.cat\/wp-content\/uploads\/2024\/02\/cartell_EE16-1200x1697.jpeg 1200w, https:\/\/www.esplac.cat\/wp-content\/uploads\/2024\/02\/cartell_EE16-scaled.jpeg 1811w\" sizes=\"(max-width: 1024px) 100vw, (max-width: 640px) 100vw, 400px\" \/><\/a><\/span><\/div><\/div><div class=\"fusion-separator fusion-full-width-sep\" style=\"align-self: center;margin-left: auto;margin-right: auto;margin-bottom:20px;width:100%;\"><\/div><div class=\"fusion-text fusion-text-12\"><h5 style=\"text-align: center;\"><strong><a href=\"https:\/\/www.esplac.cat\/formacions\/escola-esplac-2016\/\" target=\"_blank\" rel=\"noopener\">Escola d\u2019Esplac 2016<\/a><\/strong><\/h5>\n<\/div><div class=\"fusion-separator fusion-full-width-sep\" style=\"align-self: center;margin-left: auto;margin-right: auto;margin-bottom:20px;width:100%;\"><\/div><\/div><\/div><div class=\"fusion-layout-column fusion_builder_column fusion-builder-column-12 fusion_builder_column_1_4 1_4 fusion-flex-column fusion-column-inner-bg-wrapper\" style=\"--awb-inner-bg-blend:overlay;--awb-inner-bg-size:cover;--awb-width-large:25%;--awb-margin-top-large:0px;--awb-spacing-right-large:7.68%;--awb-margin-bottom-large:20px;--awb-spacing-left-large:7.68%;--awb-width-medium:100%;--awb-order-medium:0;--awb-spacing-right-medium:1.92%;--awb-spacing-left-medium:1.92%;--awb-width-small:100%;--awb-order-small:0;--awb-spacing-right-small:1.92%;--awb-spacing-left-small:1.92%;\" data-motion-effects=\"[{&quot;type&quot;:&quot;&quot;,&quot;scroll_type&quot;:&quot;transition&quot;,&quot;scroll_direction&quot;:&quot;up&quot;,&quot;transition_speed&quot;:&quot;1&quot;,&quot;fade_type&quot;:&quot;in&quot;,&quot;scale_type&quot;:&quot;up&quot;,&quot;initial_scale&quot;:&quot;1&quot;,&quot;max_scale&quot;:&quot;1.5&quot;,&quot;min_scale&quot;:&quot;0.5&quot;,&quot;initial_rotate&quot;:&quot;0&quot;,&quot;end_rotate&quot;:&quot;30&quot;,&quot;initial_blur&quot;:&quot;0&quot;,&quot;end_blur&quot;:&quot;3&quot;,&quot;start_element&quot;:&quot;top&quot;,&quot;start_viewport&quot;:&quot;bottom&quot;,&quot;end_element&quot;:&quot;bottom&quot;,&quot;end_viewport&quot;:&quot;top&quot;,&quot;mouse_effect&quot;:&quot;track&quot;,&quot;mouse_effect_direction&quot;:&quot;opposite&quot;,&quot;mouse_effect_speed&quot;:&quot;2&quot;,&quot;infinite_animation&quot;:&quot;float&quot;,&quot;infinite_animation_speed&quot;:&quot;2&quot;}]\" data-scroll-devices=\"small-visibility,medium-visibility,large-visibility\"><span class=\"fusion-column-inner-bg hover-type-none\"><a class=\"fusion-column-anchor\" href=\"https:\/\/www.esplac.cat\/formacions\/escola-esplac-2015\/\"><span class=\"fusion-column-inner-bg-image\"><\/span><\/a><\/span><div class=\"fusion-column-wrapper fusion-column-has-shadow fusion-flex-justify-content-flex-start fusion-content-layout-column\"><div class=\"fusion-image-element \" style=\"text-align:center;--awb-liftup-border-radius:0px;--awb-caption-title-font-family:var(--h2_typography-font-family);--awb-caption-title-font-weight:var(--h2_typography-font-weight);--awb-caption-title-font-style:var(--h2_typography-font-style);--awb-caption-title-size:var(--h2_typography-font-size);--awb-caption-title-transform:var(--h2_typography-text-transform);--awb-caption-title-line-height:var(--h2_typography-line-height);--awb-caption-title-letter-spacing:var(--h2_typography-letter-spacing);\"><div class=\"awb-image-frame awb-image-frame-10 imageframe-liftup\"><span class=\" fusion-imageframe imageframe-none imageframe-10\"><a class=\"fusion-no-lightbox\" href=\"https:\/\/www.esplac.cat\/formacions\/escola-esplac-2015\/\" target=\"_self\"><img decoding=\"async\" width=\"212\" height=\"300\" src=\"https:\/\/www.esplac.cat\/wp-content\/uploads\/2019\/10\/cartell_EE15_baixa-212x300.jpg\" alt class=\"img-responsive wp-image-28315\" srcset=\"https:\/\/www.esplac.cat\/wp-content\/uploads\/2019\/10\/cartell_EE15_baixa-200x283.jpg 200w, https:\/\/www.esplac.cat\/wp-content\/uploads\/2019\/10\/cartell_EE15_baixa-400x566.jpg 400w, https:\/\/www.esplac.cat\/wp-content\/uploads\/2019\/10\/cartell_EE15_baixa-600x848.jpg 600w, https:\/\/www.esplac.cat\/wp-content\/uploads\/2019\/10\/cartell_EE15_baixa.jpg 800w\" sizes=\"(max-width: 1024px) 100vw, (max-width: 640px) 100vw, 400px\" \/><\/a><\/span><\/div><\/div><div class=\"fusion-separator fusion-full-width-sep\" style=\"align-self: center;margin-left: auto;margin-right: auto;margin-bottom:20px;width:100%;\"><\/div><div class=\"fusion-text fusion-text-13\"><h5 style=\"text-align: center;\"><strong><a href=\"https:\/\/www.esplac.cat\/formacions\/escola-esplac-2015\/\" target=\"_blank\" rel=\"noopener\">Escola d\u2019Esplac 2015<\/a><\/strong><\/h5>\n<\/div><div class=\"fusion-separator fusion-full-width-sep\" style=\"align-self: center;margin-left: auto;margin-right: auto;margin-bottom:20px;width:100%;\"><\/div><\/div><\/div><\/div><\/div>\n<div class=\"fusion-fullwidth fullwidth-box fusion-builder-row-3 nonhundred-percent-fullwidth non-hundred-percent-height-scrolling\" style=\"--awb-border-radius-top-left:0px;--awb-border-radius-top-right:0px;--awb-border-radius-bottom-right:0px;--awb-border-radius-bottom-left:0px;--awb-flex-wrap:wrap;\" ><div class=\"fusion-builder-row fusion-row\"><div class=\"fusion-layout-column fusion_builder_column fusion-builder-column-13 fusion_builder_column_1_1 1_1 fusion-one-full fusion-column-first fusion-column-last\" style=\"--awb-bg-size:cover;\"><div class=\"fusion-column-wrapper fusion-column-has-shadow fusion-flex-column-wrapper-legacy\"><div class=\"fusion-text fusion-text-14\"><h3><strong>Not\u00edcies relacionades<\/strong><\/h3>\n<\/div><div class=\"fusion-sep-clear\"><\/div><div class=\"fusion-separator fusion-full-width-sep\" style=\"margin-left: auto;margin-right: auto;margin-bottom:20px;width:100%;\"><\/div><div class=\"fusion-sep-clear\"><\/div><div class=\"fusion-text fusion-text-15\">        <section class=\"wcp-slick\"  data-accessibility = on data-arrows = on data-autoplaySpeed = 3000 data-slidesToShow = 4 data-slidesToScroll = 1 data-speed = 300 data-margin = 20px data-rows = 1 data-slidesPerRow = 1 id=\"carousel-24602\">\n\n                            <div class=\"carousel-item-55836\">\n                    <div class=\"post-style-2\" style=\"box-shadow: ;background-color: ;\">\n    <div class=\"wcp-img-wrap\">\n        <a href=\"https:\/\/www.esplac.cat\/es\/reviu-escola-esplac-2026-material-comunicatiu-disponible-web\/\">\n            <img decoding=\"async\" width=\"460\" height=\"295\" src=\"https:\/\/www.esplac.cat\/wp-content\/uploads\/2026\/04\/Noti_material-comunicatiu-EE26-460x295.jpg\" class=\"attachment-portfolio-two size-portfolio-two wp-post-image\" alt=\"\" \/>        <\/a>\n    <\/div>\n    <div class=\"wcp-content-wrap\">\n        <h3>\n            <a href=\"https:\/\/www.esplac.cat\/es\/reviu-escola-esplac-2026-material-comunicatiu-disponible-web\/\" style=\"color: ;\">\n                Reviu l\u2019Escola d\u2019Esplac 2026 a trav\u00e9s del material comunicatiu ja disponible al web!            <\/a>\n        <\/h3>\n        <div class=\"wcp-post-meta wcp-disable-post-meta\" style=\"color: ;\">\n            <span class=\"wcp-post-author\"><i class=\"fa fa-user\"><\/i>\n                <a href=\"https:\/\/www.esplac.cat\/es\/author\/comunicacio\/\" title=\"Entradas de Comunicaci\u00f3 Esplac\" rel=\"author\">Comunicaci\u00f3 Esplac<\/a>            <\/span>\n            &nbsp;\n            <span class=\"wcp-post-date\"><i class=\"fa fa-clock-o\"><\/i> 8 de abril de 2026<\/span>\n        <\/div>\n        <div class=\"wcp-post-contents\">\n            8 de abril de 2026                    <\/div>        \n    <\/div>\n<\/div>                <\/div>    \n\n                            <div class=\"carousel-item-55544\">\n                    <div class=\"post-style-2\" style=\"box-shadow: ;background-color: ;\">\n    <div class=\"wcp-img-wrap\">\n        <a href=\"https:\/\/www.esplac.cat\/es\/monitores-esplais-catalans-plantegen-educar-aterrar-eines-pedagogiques-diferents-realitats-esplais\/\">\n            <img decoding=\"async\" width=\"460\" height=\"295\" src=\"https:\/\/www.esplac.cat\/wp-content\/uploads\/2026\/03\/Noti_post_ee262626-460x295.jpg\" class=\"attachment-portfolio-two size-portfolio-two wp-post-image\" alt=\"\" \/>        <\/a>\n    <\/div>\n    <div class=\"wcp-content-wrap\">\n        <h3>\n            <a href=\"https:\/\/www.esplac.cat\/es\/monitores-esplais-catalans-plantegen-educar-aterrar-eines-pedagogiques-diferents-realitats-esplais\/\" style=\"color: ;\">\n                Monitores i monitors d\u2019Esplais Catalans es plantegen com educar i aterrar les eines pedag\u00f2giques a les diferents realitats dels esplais            <\/a>\n        <\/h3>\n        <div class=\"wcp-post-meta wcp-disable-post-meta\" style=\"color: ;\">\n            <span class=\"wcp-post-author\"><i class=\"fa fa-user\"><\/i>\n                <a href=\"https:\/\/www.esplac.cat\/es\/author\/comunicacio\/\" title=\"Entradas de Comunicaci\u00f3 Esplac\" rel=\"author\">Comunicaci\u00f3 Esplac<\/a>            <\/span>\n            &nbsp;\n            <span class=\"wcp-post-date\"><i class=\"fa fa-clock-o\"><\/i> 4 de marzo de 2026<\/span>\n        <\/div>\n        <div class=\"wcp-post-contents\">\n            4 de marzo de 2026                    <\/div>        \n    <\/div>\n<\/div>                <\/div>    \n\n                            <div class=\"carousel-item-55523\">\n                    <div class=\"post-style-2\" style=\"box-shadow: ;background-color: ;\">\n    <div class=\"wcp-img-wrap\">\n        <a href=\"https:\/\/www.esplac.cat\/es\/12a-edicio-escola-esplac-aplegara-centenar-persones-aquest-cap-de-setmana-girona\/\">\n            <img decoding=\"async\" width=\"460\" height=\"295\" src=\"https:\/\/www.esplac.cat\/wp-content\/uploads\/2026\/02\/Noti_ee262626-460x295.jpg\" class=\"attachment-portfolio-two size-portfolio-two wp-post-image\" alt=\"\" \/>        <\/a>\n    <\/div>\n    <div class=\"wcp-content-wrap\">\n        <h3>\n            <a href=\"https:\/\/www.esplac.cat\/es\/12a-edicio-escola-esplac-aplegara-centenar-persones-aquest-cap-de-setmana-girona\/\" style=\"color: ;\">\n                La 12a edici\u00f3 de l\u2019Escola d\u2019Esplac aplegar\u00e0 un centenar de persones aquest cap de setmana a Girona            <\/a>\n        <\/h3>\n        <div class=\"wcp-post-meta wcp-disable-post-meta\" style=\"color: ;\">\n            <span class=\"wcp-post-author\"><i class=\"fa fa-user\"><\/i>\n                <a href=\"https:\/\/www.esplac.cat\/es\/author\/comunicacio\/\" title=\"Entradas de Comunicaci\u00f3 Esplac\" rel=\"author\">Comunicaci\u00f3 Esplac<\/a>            <\/span>\n            &nbsp;\n            <span class=\"wcp-post-date\"><i class=\"fa fa-clock-o\"><\/i> 26 de febrero de 2026<\/span>\n        <\/div>\n        <div class=\"wcp-post-contents\">\n            26 de febrero de 2026                    <\/div>        \n    <\/div>\n<\/div>                <\/div>    \n\n                            <div class=\"carousel-item-55076\">\n                    <div class=\"post-style-2\" style=\"box-shadow: ;background-color: ;\">\n    <div class=\"wcp-img-wrap\">\n        <a href=\"https:\/\/www.esplac.cat\/es\/eduquem-per-resistir-article\/\">\n            <img decoding=\"async\" width=\"460\" height=\"295\" src=\"https:\/\/www.esplac.cat\/wp-content\/uploads\/2026\/01\/foto-Article_EE26-460x295.jpg\" class=\"attachment-portfolio-two size-portfolio-two wp-post-image\" alt=\"\" \/>        <\/a>\n    <\/div>\n    <div class=\"wcp-content-wrap\">\n        <h3>\n            <a href=\"https:\/\/www.esplac.cat\/es\/eduquem-per-resistir-article\/\" style=\"color: ;\">\n                Eduquem per resistir, perqu\u00e8 revisar-nos tamb\u00e9 \u00e9s educar            <\/a>\n        <\/h3>\n        <div class=\"wcp-post-meta wcp-disable-post-meta\" style=\"color: ;\">\n            <span class=\"wcp-post-author\"><i class=\"fa fa-user\"><\/i>\n                <a href=\"https:\/\/www.esplac.cat\/es\/author\/comunicacio\/\" title=\"Entradas de Comunicaci\u00f3 Esplac\" rel=\"author\">Comunicaci\u00f3 Esplac<\/a>            <\/span>\n            &nbsp;\n            <span class=\"wcp-post-date\"><i class=\"fa fa-clock-o\"><\/i> 14 de enero de 2026<\/span>\n        <\/div>\n        <div class=\"wcp-post-contents\">\n            14 de enero de 2026                    <\/div>        \n    <\/div>\n<\/div>                <\/div>    \n\n                            <div class=\"carousel-item-54972\">\n                    <div class=\"post-style-2\" style=\"box-shadow: ;background-color: ;\">\n    <div class=\"wcp-img-wrap\">\n        <a href=\"https:\/\/www.esplac.cat\/es\/inscripcions-obertes-escola-esplac-2026\/\">\n            <img decoding=\"async\" width=\"460\" height=\"295\" src=\"https:\/\/www.esplac.cat\/wp-content\/uploads\/2025\/12\/Not1_EE26_inscripcions-460x295.png\" class=\"attachment-portfolio-two size-portfolio-two wp-post-image\" alt=\"cartell oficial escola d&#039;esplac\" \/>        <\/a>\n    <\/div>\n    <div class=\"wcp-content-wrap\">\n        <h3>\n            <a href=\"https:\/\/www.esplac.cat\/es\/inscripcions-obertes-escola-esplac-2026\/\" style=\"color: ;\">\n                Ja us podeu inscriure a l\u2019Escola d\u2019Esplac 2026! Educar per resistir: fer de la pedagogia una eina de canvi            <\/a>\n        <\/h3>\n        <div class=\"wcp-post-meta wcp-disable-post-meta\" style=\"color: ;\">\n            <span class=\"wcp-post-author\"><i class=\"fa fa-user\"><\/i>\n                <a href=\"https:\/\/www.esplac.cat\/es\/author\/comunicacio\/\" title=\"Entradas de Comunicaci\u00f3 Esplac\" rel=\"author\">Comunicaci\u00f3 Esplac<\/a>            <\/span>\n            &nbsp;\n            <span class=\"wcp-post-date\"><i class=\"fa fa-clock-o\"><\/i> 18 de diciembre de 2025<\/span>\n        <\/div>\n        <div class=\"wcp-post-contents\">\n            18 de diciembre de 2025                    <\/div>        \n    <\/div>\n<\/div>                <\/div>    \n\n                            <div class=\"carousel-item-53497\">\n                    <div class=\"post-style-2\" style=\"box-shadow: ;background-color: ;\">\n    <div class=\"wcp-img-wrap\">\n        <a href=\"https:\/\/www.esplac.cat\/es\/convocatoria-oberta-vols-crear-la-identitat-visual-2026\/\">\n            <img decoding=\"async\" width=\"460\" height=\"295\" src=\"https:\/\/www.esplac.cat\/wp-content\/uploads\/2025\/04\/Identitat-visual-EE-Monifestat-26-1-460x295.jpg\" class=\"attachment-portfolio-two size-portfolio-two wp-post-image\" alt=\"\" \/>        <\/a>\n    <\/div>\n    <div class=\"wcp-content-wrap\">\n        <h3>\n            <a href=\"https:\/\/www.esplac.cat\/es\/convocatoria-oberta-vols-crear-la-identitat-visual-2026\/\" style=\"color: ;\">\n                Convocat\u00f2ria oberta: vols idear i crear la identitat visual de l\u2019Escola d&#8217;Esplac i la Monifesta&#8217;t 2026?            <\/a>\n        <\/h3>\n        <div class=\"wcp-post-meta wcp-disable-post-meta\" style=\"color: ;\">\n            <span class=\"wcp-post-author\"><i class=\"fa fa-user\"><\/i>\n                <a href=\"https:\/\/www.esplac.cat\/es\/author\/comunicacio\/\" title=\"Entradas de Comunicaci\u00f3 Esplac\" rel=\"author\">Comunicaci\u00f3 Esplac<\/a>            <\/span>\n            &nbsp;\n            <span class=\"wcp-post-date\"><i class=\"fa fa-clock-o\"><\/i> 15 de abril de 2025<\/span>\n        <\/div>\n        <div class=\"wcp-post-contents\">\n            15 de abril de 2025                    <\/div>        \n    <\/div>\n<\/div>                <\/div>    \n\n                            <div class=\"carousel-item-52898\">\n                    <div class=\"post-style-2\" style=\"box-shadow: ;background-color: ;\">\n    <div class=\"wcp-img-wrap\">\n        <a href=\"https:\/\/www.esplac.cat\/es\/material-comunicatiu-escola-esplac-2025\/\">\n            <img decoding=\"async\" width=\"460\" height=\"295\" src=\"https:\/\/www.esplac.cat\/wp-content\/uploads\/2025\/03\/EE25_Material_Comunicatiu-460x295.jpg\" class=\"attachment-portfolio-two size-portfolio-two wp-post-image\" alt=\"Escola Esplac\" \/>        <\/a>\n    <\/div>\n    <div class=\"wcp-content-wrap\">\n        <h3>\n            <a href=\"https:\/\/www.esplac.cat\/es\/material-comunicatiu-escola-esplac-2025\/\" style=\"color: ;\">\n                Ja teniu disponible tot el material comunicatiu de l&#8217;Escola d&#8217;Esplac 2025!            <\/a>\n        <\/h3>\n        <div class=\"wcp-post-meta wcp-disable-post-meta\" style=\"color: ;\">\n            <span class=\"wcp-post-author\"><i class=\"fa fa-user\"><\/i>\n                <a href=\"https:\/\/www.esplac.cat\/es\/author\/comunicacio\/\" title=\"Entradas de Comunicaci\u00f3 Esplac\" rel=\"author\">Comunicaci\u00f3 Esplac<\/a>            <\/span>\n            &nbsp;\n            <span class=\"wcp-post-date\"><i class=\"fa fa-clock-o\"><\/i> 18 de marzo de 2025<\/span>\n        <\/div>\n        <div class=\"wcp-post-contents\">\n            18 de marzo de 2025                    <\/div>        \n    <\/div>\n<\/div>                <\/div>    \n\n                            <div class=\"carousel-item-52576\">\n                    <div class=\"post-style-2\" style=\"box-shadow: ;background-color: ;\">\n    <div class=\"wcp-img-wrap\">\n        <a href=\"https:\/\/www.esplac.cat\/es\/plantegem-reptes-pendents-abordar-antifeixisme-esplai-escola-esplac\/\">\n            <img decoding=\"async\" width=\"460\" height=\"295\" src=\"https:\/\/www.esplac.cat\/wp-content\/uploads\/2025\/02\/EE2-460x295.jpg\" class=\"attachment-portfolio-two size-portfolio-two wp-post-image\" alt=\"Escola Esplac\" \/>        <\/a>\n    <\/div>\n    <div class=\"wcp-content-wrap\">\n        <h3>\n            <a href=\"https:\/\/www.esplac.cat\/es\/plantegem-reptes-pendents-abordar-antifeixisme-esplai-escola-esplac\/\" style=\"color: ;\">\n                Posem sobre la taula els reptes pendents per abordar l\u2019antifeixisme des de l\u2019esplai a l&#8217;onzena edici\u00f3 de l\u2019Escola d\u2019Esplac            <\/a>\n        <\/h3>\n        <div class=\"wcp-post-meta wcp-disable-post-meta\" style=\"color: ;\">\n            <span class=\"wcp-post-author\"><i class=\"fa fa-user\"><\/i>\n                <a href=\"https:\/\/www.esplac.cat\/es\/author\/comunicacio\/\" title=\"Entradas de Comunicaci\u00f3 Esplac\" rel=\"author\">Comunicaci\u00f3 Esplac<\/a>            <\/span>\n            &nbsp;\n            <span class=\"wcp-post-date\"><i class=\"fa fa-clock-o\"><\/i> 18 de febrero de 2025<\/span>\n        <\/div>\n        <div class=\"wcp-post-contents\">\n            18 de febrero de 2025                    <\/div>        \n    <\/div>\n<\/div>                <\/div>    \n\n                            <div class=\"carousel-item-52302\">\n                    <div class=\"post-style-2\" style=\"box-shadow: ;background-color: ;\">\n    <div class=\"wcp-img-wrap\">\n        <a href=\"https:\/\/www.esplac.cat\/es\/qui-participara-escola-esplac-2025\/\">\n            <img decoding=\"async\" width=\"460\" height=\"295\" src=\"https:\/\/www.esplac.cat\/wp-content\/uploads\/2025\/01\/Entitats_EE25-460x295.jpg\" class=\"attachment-portfolio-two size-portfolio-two wp-post-image\" alt=\"Escola Esplac\" \/>        <\/a>\n    <\/div>\n    <div class=\"wcp-content-wrap\">\n        <h3>\n            <a href=\"https:\/\/www.esplac.cat\/es\/qui-participara-escola-esplac-2025\/\" style=\"color: ;\">\n                I tu, ja saps qui participar\u00e0 a l&#8217;Escola d&#8217;Esplac 2025?            <\/a>\n        <\/h3>\n        <div class=\"wcp-post-meta wcp-disable-post-meta\" style=\"color: ;\">\n            <span class=\"wcp-post-author\"><i class=\"fa fa-user\"><\/i>\n                <a href=\"https:\/\/www.esplac.cat\/es\/author\/comunicacio\/\" title=\"Entradas de Comunicaci\u00f3 Esplac\" rel=\"author\">Comunicaci\u00f3 Esplac<\/a>            <\/span>\n            &nbsp;\n            <span class=\"wcp-post-date\"><i class=\"fa fa-clock-o\"><\/i> 29 de enero de 2025<\/span>\n        <\/div>\n        <div class=\"wcp-post-contents\">\n            29 de enero de 2025                    <\/div>        \n    <\/div>\n<\/div>                <\/div>    \n\n                            <div class=\"carousel-item-52122\">\n                    <div class=\"post-style-2\" style=\"box-shadow: ;background-color: ;\">\n    <div class=\"wcp-img-wrap\">\n        <a href=\"https:\/\/www.esplac.cat\/es\/esplais-juguem-paper-clau-antifeixisme\/\">\n            <img decoding=\"async\" width=\"460\" height=\"295\" src=\"https:\/\/www.esplac.cat\/wp-content\/uploads\/2025\/01\/Article_opinio_EE25-460x295.jpg\" class=\"attachment-portfolio-two size-portfolio-two wp-post-image\" alt=\"antifeixisme\" \/>        <\/a>\n    <\/div>\n    <div class=\"wcp-content-wrap\">\n        <h3>\n            <a href=\"https:\/\/www.esplac.cat\/es\/esplais-juguem-paper-clau-antifeixisme\/\" style=\"color: ;\">\n                Els esplais juguem un paper clau en l\u2019antifeixisme: posem al centre un projecte educatiu comunitari enfront d\u2019uns discursos que ens volen dividir            <\/a>\n        <\/h3>\n        <div class=\"wcp-post-meta wcp-disable-post-meta\" style=\"color: ;\">\n            <span class=\"wcp-post-author\"><i class=\"fa fa-user\"><\/i>\n                <a href=\"https:\/\/www.esplac.cat\/es\/author\/comunicacio\/\" title=\"Entradas de Comunicaci\u00f3 Esplac\" rel=\"author\">Comunicaci\u00f3 Esplac<\/a>            <\/span>\n            &nbsp;\n            <span class=\"wcp-post-date\"><i class=\"fa fa-clock-o\"><\/i> 10 de enero de 2025<\/span>\n        <\/div>\n        <div class=\"wcp-post-contents\">\n            10 de enero de 2025                    <\/div>        \n    <\/div>\n<\/div>                <\/div>    \n\n                \n        <\/section>\n        <style>\n    #carousel-24602 .slick-prev:before, #carousel-24602 .slick-next:before {\n        color: #000 !important;\n    }\n    #carousel-24602 .slick-slide {\n        margin: 2px 20px;\n    }\n    #carousel-24602 h3,\n    #carousel-24602 .car-caption,\n    #carousel-24602 .car-caption h3 a {\n        background-color: ;\n        color: ;\n    }\n    #carousel-24602 .car-caption {\n        text-align: center;\n    }\n    #carousel-24602 p {\n        color: ;\n    }\n    #carousel-24602 a {\n        text-decoration: none;\n        border-bottom: none;\n    }\n        #carousel-24602 .post-style-1 .wcp-post-author a {\n        color: ;\n    }\n            #carousel-24602 .ih-item,\n        #carousel-24602 .post-style-1,\n        #carousel-24602 .post-style-3,\n        #carousel-24602 .car-caption { \n            border: 8px solid #FFF;\n            box-shadow: ;\n        }\n                #carousel-24602 .post-style-2 .wcp-content-wrap { \n            border: 8px solid #FFF;\n            border-top: none;\n        }\n        #carousel-24602 .mega-post-carousel1,\n        #carousel-24602 .mega-post-carousel4 { \n            border: 8px solid #FFF;\n            padding: 10px;\n        }\n\n        .slick-prev, .slick-next {\r\n    font-size: 0;\r\n    line-height: 0;\r\n    position: absolute;\r\n    top: 42% !important;\r\n    display: block;\r\n    width: 20px;\r\n    height: 20px;\r\n    padding: 0;\r\n    -webkit-transform: translate(0, -50%);\r\n    -ms-transform: translate(0, -50%);\r\n    transform: translate(0, -50%);\r\n    cursor: pointer;\r\n    color: transparent;\r\n    border: none;\r\n    outline: none;\r\n    background: transparent;\r\n}                .wcp-disable-post-meta { display: none !important;}\n    <\/style>\n<\/div><div class=\"fusion-clearfix\"><\/div><\/div><\/div><\/div><\/div><div class=\"fusion-fullwidth fullwidth-box fusion-builder-row-4 fusion-flex-container nonhundred-percent-fullwidth non-hundred-percent-height-scrolling\" style=\"--awb-border-radius-top-left:0px;--awb-border-radius-top-right:0px;--awb-border-radius-bottom-right:0px;--awb-border-radius-bottom-left:0px;--awb-padding-top:30px;--awb-background-color:#ededed;--awb-flex-wrap:wrap;\" ><\/div>\n<\/p>\n","protected":false},"excerpt":{"rendered":"","protected":false},"author":1,"featured_media":0,"parent":27659,"menu_order":0,"comment_status":"closed","ping_status":"closed","template":"100-width.php","meta":{"om_disable_all_campaigns":false,"_monsterinsights_skip_tracking":false,"_monsterinsights_sitenote_active":false,"_monsterinsights_sitenote_note":"","_monsterinsights_sitenote_category":0,"_uf_show_specific_survey":0,"_uf_disable_surveys":false,"footnotes":""},"class_list":["post-28051","page","type-page","status-publish","hentry"],"yoast_head":"<!-- This site is optimized with the Yoast SEO plugin v27.5 - https:\/\/yoast.com\/product\/yoast-seo-wordpress\/ -->\n<title>Escola esplac 2015 - Esplac<\/title>\n<meta name=\"robots\" content=\"index, follow, max-snippet:-1, max-image-preview:large, max-video-preview:-1\" \/>\n<link rel=\"canonical\" href=\"https:\/\/www.esplac.cat\/es\/formaciones\/escola-esplac-2015\/\" \/>\n<meta property=\"og:locale\" content=\"es_ES\" \/>\n<meta property=\"og:type\" content=\"article\" \/>\n<meta property=\"og:title\" content=\"Escola esplac 2015 - Esplac\" \/>\n<meta property=\"og:url\" content=\"https:\/\/www.esplac.cat\/es\/formaciones\/escola-esplac-2015\/\" \/>\n<meta property=\"og:site_name\" content=\"Esplac\" \/>\n<meta property=\"og:image\" content=\"http:\/\/esplac.cat\/wp-content\/uploads\/2019\/10\/Seri_general_lloc.jpg\" \/>\n<meta name=\"twitter:card\" content=\"summary_large_image\" \/>\n<meta name=\"twitter:label1\" content=\"Tiempo de lectura\" \/>\n\t<meta name=\"twitter:data1\" content=\"12 minutos\" \/>\n<script type=\"application\/ld+json\" class=\"yoast-schema-graph\">{\"@context\":\"https:\\\/\\\/schema.org\",\"@graph\":[{\"@type\":\"WebPage\",\"@id\":\"https:\\\/\\\/www.esplac.cat\\\/es\\\/formaciones\\\/escola-esplac-2015\\\/\",\"url\":\"https:\\\/\\\/www.esplac.cat\\\/es\\\/formaciones\\\/escola-esplac-2015\\\/\",\"name\":\"Escola esplac 2015 - Esplac\",\"isPartOf\":{\"@id\":\"https:\\\/\\\/www.esplac.cat\\\/#website\"},\"primaryImageOfPage\":{\"@id\":\"https:\\\/\\\/www.esplac.cat\\\/es\\\/formaciones\\\/escola-esplac-2015\\\/#primaryimage\"},\"image\":{\"@id\":\"https:\\\/\\\/www.esplac.cat\\\/es\\\/formaciones\\\/escola-esplac-2015\\\/#primaryimage\"},\"thumbnailUrl\":\"http:\\\/\\\/esplac.cat\\\/wp-content\\\/uploads\\\/2019\\\/10\\\/Seri_general_lloc.jpg\",\"datePublished\":\"2019-10-29T12:32:47+00:00\",\"breadcrumb\":{\"@id\":\"https:\\\/\\\/www.esplac.cat\\\/es\\\/formaciones\\\/escola-esplac-2015\\\/#breadcrumb\"},\"inLanguage\":\"es\",\"potentialAction\":[{\"@type\":\"ReadAction\",\"target\":[\"https:\\\/\\\/www.esplac.cat\\\/es\\\/formaciones\\\/escola-esplac-2015\\\/\"]}]},{\"@type\":\"ImageObject\",\"inLanguage\":\"es\",\"@id\":\"https:\\\/\\\/www.esplac.cat\\\/es\\\/formaciones\\\/escola-esplac-2015\\\/#primaryimage\",\"url\":\"http:\\\/\\\/esplac.cat\\\/wp-content\\\/uploads\\\/2019\\\/10\\\/Seri_general_lloc.jpg\",\"contentUrl\":\"http:\\\/\\\/esplac.cat\\\/wp-content\\\/uploads\\\/2019\\\/10\\\/Seri_general_lloc.jpg\"},{\"@type\":\"BreadcrumbList\",\"@id\":\"https:\\\/\\\/www.esplac.cat\\\/es\\\/formaciones\\\/escola-esplac-2015\\\/#breadcrumb\",\"itemListElement\":[{\"@type\":\"ListItem\",\"position\":1,\"name\":\"Inici\",\"item\":\"https:\\\/\\\/www.esplac.cat\\\/es\\\/\"},{\"@type\":\"ListItem\",\"position\":2,\"name\":\"Formaciones\",\"item\":\"https:\\\/\\\/www.esplac.cat\\\/es\\\/formaciones\\\/\"},{\"@type\":\"ListItem\",\"position\":3,\"name\":\"Escola esplac 2015\"}]},{\"@type\":\"WebSite\",\"@id\":\"https:\\\/\\\/www.esplac.cat\\\/#website\",\"url\":\"https:\\\/\\\/www.esplac.cat\\\/\",\"name\":\"Esplac\",\"description\":\"Esplais Catalans\",\"publisher\":{\"@id\":\"https:\\\/\\\/www.esplac.cat\\\/#organization\"},\"potentialAction\":[{\"@type\":\"SearchAction\",\"target\":{\"@type\":\"EntryPoint\",\"urlTemplate\":\"https:\\\/\\\/www.esplac.cat\\\/?s={search_term_string}\"},\"query-input\":{\"@type\":\"PropertyValueSpecification\",\"valueRequired\":true,\"valueName\":\"search_term_string\"}}],\"inLanguage\":\"es\"},{\"@type\":\"Organization\",\"@id\":\"https:\\\/\\\/www.esplac.cat\\\/#organization\",\"name\":\"Esplac\",\"url\":\"https:\\\/\\\/www.esplac.cat\\\/\",\"logo\":{\"@type\":\"ImageObject\",\"inLanguage\":\"es\",\"@id\":\"https:\\\/\\\/www.esplac.cat\\\/#\\\/schema\\\/logo\\\/image\\\/\",\"url\":\"https:\\\/\\\/www.esplac.cat\\\/wp-content\\\/uploads\\\/2019\\\/08\\\/logox2.png\",\"contentUrl\":\"https:\\\/\\\/www.esplac.cat\\\/wp-content\\\/uploads\\\/2019\\\/08\\\/logox2.png\",\"width\":600,\"height\":295,\"caption\":\"Esplac\"},\"image\":{\"@id\":\"https:\\\/\\\/www.esplac.cat\\\/#\\\/schema\\\/logo\\\/image\\\/\"}}]}<\/script>\n<!-- \/ Yoast SEO plugin. -->","yoast_head_json":{"title":"Escola esplac 2015 - Esplac","robots":{"index":"index","follow":"follow","max-snippet":"max-snippet:-1","max-image-preview":"max-image-preview:large","max-video-preview":"max-video-preview:-1"},"canonical":"https:\/\/www.esplac.cat\/es\/formaciones\/escola-esplac-2015\/","og_locale":"es_ES","og_type":"article","og_title":"Escola esplac 2015 - Esplac","og_url":"https:\/\/www.esplac.cat\/es\/formaciones\/escola-esplac-2015\/","og_site_name":"Esplac","og_image":[{"url":"http:\/\/esplac.cat\/wp-content\/uploads\/2019\/10\/Seri_general_lloc.jpg","type":"","width":"","height":""}],"twitter_card":"summary_large_image","twitter_misc":{"Tiempo de lectura":"12 minutos"},"schema":{"@context":"https:\/\/schema.org","@graph":[{"@type":"WebPage","@id":"https:\/\/www.esplac.cat\/es\/formaciones\/escola-esplac-2015\/","url":"https:\/\/www.esplac.cat\/es\/formaciones\/escola-esplac-2015\/","name":"Escola esplac 2015 - Esplac","isPartOf":{"@id":"https:\/\/www.esplac.cat\/#website"},"primaryImageOfPage":{"@id":"https:\/\/www.esplac.cat\/es\/formaciones\/escola-esplac-2015\/#primaryimage"},"image":{"@id":"https:\/\/www.esplac.cat\/es\/formaciones\/escola-esplac-2015\/#primaryimage"},"thumbnailUrl":"http:\/\/esplac.cat\/wp-content\/uploads\/2019\/10\/Seri_general_lloc.jpg","datePublished":"2019-10-29T12:32:47+00:00","breadcrumb":{"@id":"https:\/\/www.esplac.cat\/es\/formaciones\/escola-esplac-2015\/#breadcrumb"},"inLanguage":"es","potentialAction":[{"@type":"ReadAction","target":["https:\/\/www.esplac.cat\/es\/formaciones\/escola-esplac-2015\/"]}]},{"@type":"ImageObject","inLanguage":"es","@id":"https:\/\/www.esplac.cat\/es\/formaciones\/escola-esplac-2015\/#primaryimage","url":"http:\/\/esplac.cat\/wp-content\/uploads\/2019\/10\/Seri_general_lloc.jpg","contentUrl":"http:\/\/esplac.cat\/wp-content\/uploads\/2019\/10\/Seri_general_lloc.jpg"},{"@type":"BreadcrumbList","@id":"https:\/\/www.esplac.cat\/es\/formaciones\/escola-esplac-2015\/#breadcrumb","itemListElement":[{"@type":"ListItem","position":1,"name":"Inici","item":"https:\/\/www.esplac.cat\/es\/"},{"@type":"ListItem","position":2,"name":"Formaciones","item":"https:\/\/www.esplac.cat\/es\/formaciones\/"},{"@type":"ListItem","position":3,"name":"Escola esplac 2015"}]},{"@type":"WebSite","@id":"https:\/\/www.esplac.cat\/#website","url":"https:\/\/www.esplac.cat\/","name":"Esplac","description":"Esplais Catalans","publisher":{"@id":"https:\/\/www.esplac.cat\/#organization"},"potentialAction":[{"@type":"SearchAction","target":{"@type":"EntryPoint","urlTemplate":"https:\/\/www.esplac.cat\/?s={search_term_string}"},"query-input":{"@type":"PropertyValueSpecification","valueRequired":true,"valueName":"search_term_string"}}],"inLanguage":"es"},{"@type":"Organization","@id":"https:\/\/www.esplac.cat\/#organization","name":"Esplac","url":"https:\/\/www.esplac.cat\/","logo":{"@type":"ImageObject","inLanguage":"es","@id":"https:\/\/www.esplac.cat\/#\/schema\/logo\/image\/","url":"https:\/\/www.esplac.cat\/wp-content\/uploads\/2019\/08\/logox2.png","contentUrl":"https:\/\/www.esplac.cat\/wp-content\/uploads\/2019\/08\/logox2.png","width":600,"height":295,"caption":"Esplac"},"image":{"@id":"https:\/\/www.esplac.cat\/#\/schema\/logo\/image\/"}}]}},"_links":{"self":[{"href":"https:\/\/www.esplac.cat\/es\/wp-json\/wp\/v2\/pages\/28051","targetHints":{"allow":["GET"]}}],"collection":[{"href":"https:\/\/www.esplac.cat\/es\/wp-json\/wp\/v2\/pages"}],"about":[{"href":"https:\/\/www.esplac.cat\/es\/wp-json\/wp\/v2\/types\/page"}],"author":[{"embeddable":true,"href":"https:\/\/www.esplac.cat\/es\/wp-json\/wp\/v2\/users\/1"}],"replies":[{"embeddable":true,"href":"https:\/\/www.esplac.cat\/es\/wp-json\/wp\/v2\/comments?post=28051"}],"version-history":[{"count":0,"href":"https:\/\/www.esplac.cat\/es\/wp-json\/wp\/v2\/pages\/28051\/revisions"}],"up":[{"embeddable":true,"href":"https:\/\/www.esplac.cat\/es\/wp-json\/wp\/v2\/pages\/27659"}],"wp:attachment":[{"href":"https:\/\/www.esplac.cat\/es\/wp-json\/wp\/v2\/media?parent=28051"}],"curies":[{"name":"wp","href":"https:\/\/api.w.org\/{rel}","templated":true}]}}