{"id":28058,"date":"2019-10-29T14:32:17","date_gmt":"2019-10-29T12:32:17","guid":{"rendered":"https:\/\/www.esplac.cat\/formacions\/escola-esplac-2017\/"},"modified":"2019-10-29T14:32:17","modified_gmt":"2019-10-29T12:32:17","slug":"escola-esplac-2017","status":"publish","type":"page","link":"https:\/\/www.esplac.cat\/es\/formaciones\/escola-esplac-2017\/","title":{"rendered":"Escola esplac 2017"},"content":{"rendered":"<p><div class=\"fusion-fullwidth fullwidth-box fusion-builder-row-1 nonhundred-percent-fullwidth non-hundred-percent-height-scrolling\" style=\"--awb-border-radius-top-left:0px;--awb-border-radius-top-right:0px;--awb-border-radius-bottom-right:0px;--awb-border-radius-bottom-left:0px;--awb-margin-top:50px;--awb-margin-bottom:50px;--awb-background-color:#ffffff;--awb-flex-wrap:wrap;\" ><div class=\"fusion-builder-row fusion-row\"><div class=\"fusion-layout-column fusion_builder_column fusion-builder-column-0 fusion_builder_column_1_1 1_1 fusion-one-full fusion-column-first fusion-column-last\" style=\"--awb-bg-size:cover;\"><div class=\"fusion-column-wrapper fusion-column-has-shadow fusion-flex-column-wrapper-legacy\"><div class=\"fusion-title title fusion-title-1 fusion-sep-none fusion-title-text fusion-title-size-one\" style=\"--awb-font-size:50px;\"><h1 class=\"fusion-title-heading title-heading-left fusion-responsive-typography-calculated\" style=\"margin:0;font-size:1em;--fontSize:50;line-height:1.2;\"><p style=\"text-align: center;\"><strong>Escola d\u2019Esplac<\/strong><\/p><\/h1><\/div><div class=\"fusion-clearfix\"><\/div><\/div><\/div><div class=\"fusion-layout-column fusion_builder_column fusion-builder-column-1 fusion_builder_column_1_1 1_1 fusion-one-full fusion-column-first fusion-column-last\" style=\"--awb-bg-size:cover;\"><div class=\"fusion-column-wrapper fusion-column-has-shadow fusion-flex-column-wrapper-legacy\"><div class=\"fusion-image-element fusion-image-align-center in-legacy-container\" style=\"text-align:center;--awb-caption-title-font-family:var(--h2_typography-font-family);--awb-caption-title-font-weight:var(--h2_typography-font-weight);--awb-caption-title-font-style:var(--h2_typography-font-style);--awb-caption-title-size:var(--h2_typography-font-size);--awb-caption-title-transform:var(--h2_typography-text-transform);--awb-caption-title-line-height:var(--h2_typography-line-height);--awb-caption-title-letter-spacing:var(--h2_typography-letter-spacing);\"><div class=\"imageframe-align-center\"><span class=\" fusion-imageframe imageframe-none imageframe-1 hover-type-none\"><img decoding=\"async\" width=\"847\" height=\"350\" title=\"escola2017\" src=\"http:\/\/esplac.cat\/wp-content\/uploads\/2019\/10\/escola2017.jpg\" alt class=\"img-responsive wp-image-26430\" srcset=\"https:\/\/www.esplac.cat\/wp-content\/uploads\/2019\/10\/escola2017-200x83.jpg 200w, https:\/\/www.esplac.cat\/wp-content\/uploads\/2019\/10\/escola2017-400x165.jpg 400w, https:\/\/www.esplac.cat\/wp-content\/uploads\/2019\/10\/escola2017-600x248.jpg 600w, https:\/\/www.esplac.cat\/wp-content\/uploads\/2019\/10\/escola2017-800x331.jpg 800w, https:\/\/www.esplac.cat\/wp-content\/uploads\/2019\/10\/escola2017.jpg 847w\" sizes=\"(max-width: 800px) 100vw, 847px\" \/><\/span><\/div><\/div><div class=\"fusion-sep-clear\"><\/div><div class=\"fusion-separator\" style=\"margin-left: auto;margin-right: auto;margin-bottom:60px;width:100%;max-width:30%;\"><div class=\"fusion-separator-border sep-single sep-solid\" style=\"--awb-height:20px;--awb-amount:20px;--awb-sep-color:#c1c1c1;border-color:#c1c1c1;border-top-width:5px;\"><\/div><\/div><div class=\"fusion-sep-clear\"><\/div><div class=\"fusion-title title fusion-title-2 fusion-sep-none fusion-title-center fusion-title-text fusion-title-size-three\"><h3 class=\"fusion-title-heading title-heading-center fusion-responsive-typography-calculated\" style=\"margin:0;--fontSize:30;line-height:1.3;\">Escola d&#8217;Esplac 2017:<br \/>\nSOM DIVERSES, SOM INCLUSIVES<\/h3><\/div><div class=\"fusion-sep-clear\"><\/div><div class=\"fusion-separator fusion-full-width-sep\" style=\"margin-left: auto;margin-right: auto;margin-bottom:30px;width:100%;\"><\/div><div class=\"fusion-sep-clear\"><\/div><div class=\"fusion-tabs fusion-tabs-1 clean nav-not-justified horizontal-tabs icon-position-top mobile-mode-accordion\" style=\"--awb-title-border-radius-top-left:0px;--awb-title-border-radius-top-right:0px;--awb-title-border-radius-bottom-right:0px;--awb-title-border-radius-bottom-left:0px;--awb-inactive-color:#eaeaea;--awb-background-color:#ffffff;--awb-border-color:#ffffff;--awb-active-border-color:#f69d0b;\"><div class=\"nav\"><ul class=\"nav-tabs\" role=\"tablist\"><li class=\"active\" role=\"presentation\"><a class=\"tab-link\" data-toggle=\"tab\" role=\"tab\" aria-controls=\"tab-f96c56245e0b1a58cf3\" aria-selected=\"true\" id=\"fusion-tab-presentaci\u00f3\" href=\"#tab-f96c56245e0b1a58cf3\"><h4 class=\"fusion-tab-heading\"><i class=\"fontawesome-icon fa-bookmark fas\" aria-hidden=\"true\" style=\"font-size:19px;\"><\/i>Presentaci\u00f3<\/h4><\/a><\/li><li role=\"presentation\"><a class=\"tab-link\" data-toggle=\"tab\" role=\"tab\" aria-controls=\"tab-34327d4b1498b66cbcf\" aria-selected=\"false\" tabindex=\"-1\" id=\"fusion-tab-cartell\" href=\"#tab-34327d4b1498b66cbcf\"><h4 class=\"fusion-tab-heading\"><i class=\"fontawesome-icon fa-file-image fas\" aria-hidden=\"true\" style=\"font-size:19px;\"><\/i>Cartell <\/h4><\/a><\/li><li role=\"presentation\"><a class=\"tab-link\" data-toggle=\"tab\" role=\"tab\" aria-controls=\"tab-2ea46d49fc437d72414\" aria-selected=\"false\" tabindex=\"-1\" id=\"fusion-tab-programa\" href=\"#tab-2ea46d49fc437d72414\"><h4 class=\"fusion-tab-heading\"><i class=\"fontawesome-icon fa-book-open fas\" aria-hidden=\"true\" style=\"font-size:19px;\"><\/i>Programa <\/h4><\/a><\/li><li role=\"presentation\"><a class=\"tab-link\" data-toggle=\"tab\" role=\"tab\" aria-controls=\"tab-b9c0c61929d7f3f23af\" aria-selected=\"false\" tabindex=\"-1\" id=\"fusion-tab-pon\u00e8ncies\" href=\"#tab-b9c0c61929d7f3f23af\"><h4 class=\"fusion-tab-heading\"><i class=\"fontawesome-icon fa-bullhorn fas\" aria-hidden=\"true\" style=\"font-size:19px;\"><\/i>Pon\u00e8ncies<\/h4><\/a><\/li><li role=\"presentation\"><a class=\"tab-link\" data-toggle=\"tab\" role=\"tab\" aria-controls=\"tab-510c66b3ec6fc29e77b\" aria-selected=\"false\" tabindex=\"-1\" id=\"fusion-tab-v\u00eddeos\" href=\"#tab-510c66b3ec6fc29e77b\"><h4 class=\"fusion-tab-heading\"><i class=\"fontawesome-icon fa-video fas\" aria-hidden=\"true\" style=\"font-size:19px;\"><\/i>V\u00eddeos<\/h4><\/a><\/li><li role=\"presentation\"><a class=\"tab-link\" data-toggle=\"tab\" role=\"tab\" aria-controls=\"tab-ebd8a2cadd4322977bc\" aria-selected=\"false\" tabindex=\"-1\" id=\"fusion-tab-articles\" href=\"#tab-ebd8a2cadd4322977bc\"><h4 class=\"fusion-tab-heading\"><i class=\"fontawesome-icon fa-rss fas\" aria-hidden=\"true\" style=\"font-size:19px;\"><\/i>Articles<\/h4><\/a><\/li><li role=\"presentation\"><a class=\"tab-link\" data-toggle=\"tab\" role=\"tab\" aria-controls=\"tab-8a6c62ea4bcb242dd46\" aria-selected=\"false\" tabindex=\"-1\" id=\"fusion-tab-inscripcions\" href=\"#tab-8a6c62ea4bcb242dd46\"><h4 class=\"fusion-tab-heading\"><i class=\"fontawesome-icon fa-calendar-check far\" aria-hidden=\"true\" style=\"font-size:19px;\"><\/i>Inscripcions<\/h4><\/a><\/li><\/ul><\/div><div class=\"tab-content\"><div class=\"nav fusion-mobile-tab-nav\"><ul class=\"nav-tabs\" role=\"tablist\"><li class=\"active\" role=\"presentation\"><a class=\"tab-link\" data-toggle=\"tab\" role=\"tab\" aria-controls=\"tab-f96c56245e0b1a58cf3\" aria-selected=\"true\" id=\"mobile-fusion-tab-presentaci\u00f3\" href=\"#tab-f96c56245e0b1a58cf3\"><h4 class=\"fusion-tab-heading\"><i class=\"fontawesome-icon fa-bookmark fas\" aria-hidden=\"true\" style=\"font-size:19px;\"><\/i>Presentaci\u00f3<\/h4><\/a><\/li><\/ul><\/div><div class=\"tab-pane fade fusion-clearfix in active\" role=\"tabpanel\" tabindex=\"0\" aria-labelledby=\"fusion-tab-presentaci\u00f3\" id=\"tab-f96c56245e0b1a58cf3\">\n<p>Enguany, la cinquena edici\u00f3 de l\u2019Escola d\u2019Esplac, ser\u00e0 el cap de setmana de l\u2019<strong>11 i el 12 de mar\u00e7 i el tema escollit \u00e9s la diversitat a l\u2019esplai<\/strong>. Entenent la diversitat com a una font d\u2019enriquiment i aprenentatge: diversitat cultural i d\u2019origen, de capacitats i necessitats educatives, d\u2019identitat afectivosexual, de g\u00e8nere, d\u2019estatus socioecon\u00f2mic\u2026 Volem facilitar que els esplais esdevinguin espais d\u2019inclusi\u00f3 per als infants, monitors\/es i fam\u00edlies diverses que reflecteixin la realitat del seu territori, a trav\u00e9s d\u2019estrat\u00e8gies concretes per a cada realitat.<\/p>\n<h3>OBJECTIUS<\/h3>\n<ul>\n<li class=\"gmail_default\"><strong>Que els esplais siguin reconeguts com a agent educatiu i inclusiu<\/strong>: Als esplais treballem valors com la diversitat, la participaci\u00f3, la interculturalitat, igualtat d\u2019oportunitats per a tothom.<\/li>\n<li class=\"gmail_default\"><strong>Repensar la diversitat a l\u2019esplai i que aquests siguin espais inclusius i d\u2019atenci\u00f3 a la diversitat<\/strong>. Tot i que els projectes educatius dels esplais recullen la voluntat de ser diversos, sovint no reflectim la diversitat del nostre entorn. Volem garantir el dret al lleure educatiu de tots els infants i joves.<\/li>\n<li class=\"gmail_default\"><strong>Destacar la tasca de transformaci\u00f3 social dels esplais<\/strong>; que treballem per a l\u2019eliminaci\u00f3 dels estereotips, prejudicis i de les barreres a la societat.<\/li>\n<\/ul>\n<p>Al voltant d\u2019aquestes idees compartirem pensaments, reflexions i experi\u00e8ncies educatives, propostes, instruments que acompanyin als esplais a dur una tasca educativa equitativa i representativa de la diversitat social, transformant tot all\u00f2 que no ens agrada per a fer un entorn m\u00e9s just i menys discriminatori al voltant de les difer\u00e8ncies.<\/p>\n<\/div><div class=\"nav fusion-mobile-tab-nav\"><ul class=\"nav-tabs\" role=\"tablist\"><li role=\"presentation\"><a class=\"tab-link\" data-toggle=\"tab\" role=\"tab\" aria-controls=\"tab-34327d4b1498b66cbcf\" aria-selected=\"false\" tabindex=\"-1\" id=\"mobile-fusion-tab-cartell\" href=\"#tab-34327d4b1498b66cbcf\"><h4 class=\"fusion-tab-heading\"><i class=\"fontawesome-icon fa-file-image fas\" aria-hidden=\"true\" style=\"font-size:19px;\"><\/i>Cartell <\/h4><\/a><\/li><\/ul><\/div><div class=\"tab-pane fade fusion-clearfix\" role=\"tabpanel\" tabindex=\"0\" aria-labelledby=\"fusion-tab-cartell\" id=\"tab-34327d4b1498b66cbcf\">\n<p><img decoding=\"async\" class=\"wp-image-24747 aligncenter\" src=\"http:\/\/esplac.cat\/wp-content\/uploads\/2019\/10\/escola-esplac-2017-2.jpg\" alt=\"\" width=\"1018\" height=\"1439\" srcset=\"https:\/\/www.esplac.cat\/wp-content\/uploads\/2019\/10\/escola-esplac-2017-2-200x283.jpg 200w, https:\/\/www.esplac.cat\/wp-content\/uploads\/2019\/10\/escola-esplac-2017-2-212x300.jpg 212w, https:\/\/www.esplac.cat\/wp-content\/uploads\/2019\/10\/escola-esplac-2017-2-400x566.jpg 400w, https:\/\/www.esplac.cat\/wp-content\/uploads\/2019\/10\/escola-esplac-2017-2-600x849.jpg 600w, https:\/\/www.esplac.cat\/wp-content\/uploads\/2019\/10\/escola-esplac-2017-2-724x1024.jpg 724w, https:\/\/www.esplac.cat\/wp-content\/uploads\/2019\/10\/escola-esplac-2017-2-768x1086.jpg 768w, https:\/\/www.esplac.cat\/wp-content\/uploads\/2019\/10\/escola-esplac-2017-2-800x1131.jpg 800w, https:\/\/www.esplac.cat\/wp-content\/uploads\/2019\/10\/escola-esplac-2017-2-1200x1697.jpg 1200w, https:\/\/www.esplac.cat\/wp-content\/uploads\/2019\/10\/escola-esplac-2017-2.jpg 3508w\" sizes=\"(max-width: 1018px) 100vw, 1018px\" \/><\/p>\n<\/div><div class=\"nav fusion-mobile-tab-nav\"><ul class=\"nav-tabs\" role=\"tablist\"><li role=\"presentation\"><a class=\"tab-link\" data-toggle=\"tab\" role=\"tab\" aria-controls=\"tab-2ea46d49fc437d72414\" aria-selected=\"false\" tabindex=\"-1\" id=\"mobile-fusion-tab-programa\" href=\"#tab-2ea46d49fc437d72414\"><h4 class=\"fusion-tab-heading\"><i class=\"fontawesome-icon fa-book-open fas\" aria-hidden=\"true\" style=\"font-size:19px;\"><\/i>Programa <\/h4><\/a><\/li><\/ul><\/div><div class=\"tab-pane fade fusion-clearfix\" role=\"tabpanel\" tabindex=\"0\" aria-labelledby=\"fusion-tab-programa\" id=\"tab-2ea46d49fc437d72414\">\n<p><img decoding=\"async\" class=\"wp-image-26313 aligncenter\" src=\"http:\/\/esplac.cat\/wp-content\/uploads\/2019\/10\/infografia_programa.png\" alt=\"\" width=\"879\" height=\"1670\" srcset=\"https:\/\/www.esplac.cat\/wp-content\/uploads\/2019\/10\/infografia_programa-158x300.png 158w, https:\/\/www.esplac.cat\/wp-content\/uploads\/2019\/10\/infografia_programa-200x380.png 200w, https:\/\/www.esplac.cat\/wp-content\/uploads\/2019\/10\/infografia_programa-400x760.png 400w, https:\/\/www.esplac.cat\/wp-content\/uploads\/2019\/10\/infografia_programa-539x1024.png 539w, https:\/\/www.esplac.cat\/wp-content\/uploads\/2019\/10\/infografia_programa-600x1140.png 600w, https:\/\/www.esplac.cat\/wp-content\/uploads\/2019\/10\/infografia_programa-768x1459.png 768w, https:\/\/www.esplac.cat\/wp-content\/uploads\/2019\/10\/infografia_programa.png 800w\" sizes=\"(max-width: 879px) 100vw, 879px\" \/><\/p>\n<\/div><div class=\"nav fusion-mobile-tab-nav\"><ul class=\"nav-tabs\" role=\"tablist\"><li role=\"presentation\"><a class=\"tab-link\" data-toggle=\"tab\" role=\"tab\" aria-controls=\"tab-b9c0c61929d7f3f23af\" aria-selected=\"false\" tabindex=\"-1\" id=\"mobile-fusion-tab-pon\u00e8ncies\" href=\"#tab-b9c0c61929d7f3f23af\"><h4 class=\"fusion-tab-heading\"><i class=\"fontawesome-icon fa-bullhorn fas\" aria-hidden=\"true\" style=\"font-size:19px;\"><\/i>Pon\u00e8ncies<\/h4><\/a><\/li><\/ul><\/div><div class=\"tab-pane fade fusion-clearfix\" role=\"tabpanel\" tabindex=\"0\" aria-labelledby=\"fusion-tab-pon\u00e8ncies\" id=\"tab-b9c0c61929d7f3f23af\">\n<h2 class=\"p1\"><b>Pon\u00e8ncia d\u2019obertura<\/b><\/h2>\n<h5 class=\"p1\"><b>EDGAR IGLESIAS: \u201cQU\u00c8 VOL DIR SER UN ESPLAI INCLUSIU I RECONEIXEDOR DE LA DIVERSITAT SOCIOCULTURAL?\u201d<\/b><\/h5>\n<p>Edgar Iglesias \u00e9s llicenciat en Antropologia i Doctor en Pedagogia. Des de petit ha estat vinculat a l\u2019educaci\u00f3 en el lleure (dels 6 fins als 18 anys va ser membre de l\u2019A.E.iG. Pinya de Rosa de Blanes), cosa que l\u2019ha portat a treballar de professor a la Universitat Aut\u00f2noma de Barcelona i, alhora, a ser educador amb joves al Raval. Considera que treballar en l\u2019\u00e0mbit acad\u00e8mic i d\u2019intervenci\u00f3 directa li permet tenir una perspectiva real i actualitzada entre l\u2019acci\u00f3 i reflexi\u00f3. Ha fet una tesi doctoral sobre l\u2019educaci\u00f3 intercultural en l\u2019educaci\u00f3 en el lleure de base comunit\u00e0ria a Catalunya.<span id=\"more-2988\"><\/span><\/p>\n<h2 class=\"p1\">Taules Rodones<\/h2>\n<h4 class=\"p1\">Taula 1: Diversitat funcional<\/h4>\n<ul>\n<li><strong>Edgar Vinyals<\/strong>, fundador de l\u2019Associaci\u00f3 Sar\u00e4u i president de la Federaci\u00f3 Veus, una organitzaci\u00f3 que aplega el teixit associatiu de persones amb trastorn mental del nostre pa\u00eds.<\/li>\n<li><strong>Jose Ram\u00f3n Lago<\/strong>,\u00a0coordinador del Grup de Recerca Atenci\u00f3 i Diversitat de la Universitat de Vic, un\u00a0grup d\u2019investigaci\u00f3 interdisciplinari format per professorat de diferents departaments de la UVic, aix\u00ed com tamb\u00e9 per diferents agents de l\u2019\u00e0mbit educatiu<\/li>\n<li><strong>ECOM<\/strong>,\u00a0moviment associatiu integrat per organitzacions de persones amb discapacitat f\u00edsica. ECOM t\u00e9 una\u00a0doble missi\u00f3: defensar l\u2019exercici dels drets de les persones amb discapacitat f\u00edsica per assolir la plena inclusi\u00f3 social i millorar la seva qualitat de vida, amb l\u2019apoderament de les persones com a eix vertebrador; i enfortir el sector associatiu de la discapacitat f\u00edsica a trav\u00e9s de la participaci\u00f3, la representaci\u00f3 i el seu apoderament.<\/li>\n<\/ul>\n<h4 class=\"p1\">Taula 2: Diversitat cultural<\/h4>\n<ul>\n<li><strong>Edgar Iglesias,\u00a0<\/strong>llicenciat en Antropologia i Doctor en Pedagogia. Vinculat a l\u2019educaci\u00f3 en el lleure (dels 6 fins als 18 anys va ser membre de l\u2019A.E.iG. Pinya de Rosa de Blanes), ha estat professor a la Universitat Aut\u00f2noma de Barcelona i educador amb joves al Raval.\u00a0Ha fet una tesi doctoral sobre l\u2019educaci\u00f3 intercultural en l\u2019educaci\u00f3 en el lleure de base comunit\u00e0ria a Catalunya.<\/li>\n<li><strong>Institut Diversitas,\u00a0<\/strong>cooperativa d\u2019iniciativa social dedicada a la promoci\u00f3 de la diversitat en un sentit ampli, aix\u00ed com a oferir eines per a la seva gesti\u00f3 en diversos \u00e0mbits socials.<\/li>\n<li><strong>Escoltes Catalans<\/strong>,\u00a0\u00e9s l\u2019associaci\u00f3 laica de l\u2019escoltisme catal\u00e0. T\u00e9 una llarga traject\u00f2ria en projectes interculturals involucrant des dels m\u00e9s petits als m\u00e9s grans del cau. Compartiran amb nosaltres les bases d\u2019aquest treball intercultural i alguns exemples de projectes.<\/li>\n<\/ul>\n<h4 class=\"p2\">Taula 3: Diversitat sexual<\/h4>\n<ul>\n<li><strong>Meri Torras<\/strong>, professora de teoria de la literatura i literatura comparada a\u00a0la Universitat Aut\u00f2noma de Barcelona. Investigadora en\u00a0autografia, Women Studies, teoria\u00a0<em>queer<\/em>\u00a0y estudis culturals. Directora del grup de recerca \u201cCos i textualitat\u201d (UAB).<\/li>\n<li><strong>Ulleres per Esquerrans<\/strong>, projecte per explorar, q\u00fcestionar i transformar\u00a0mitjan\u00e7ant articles il\u00b7lustrats, formacions i tallers\u00a0sobre l\u2019educaci\u00f3 afectivo-sexual, els feminismes i lesmasculinitats amb unes altres ulleres.<\/li>\n<li><strong>Patricia Melgar<\/strong>, professora del \u00a0departament de Pedagogia, de l\u2019\u00e0rea de coneixement de Teoria i Hist\u00f2ria de L\u2019Educaci\u00f3. Membre de l\u2019Institut de Recerca Educativa i del Grup de Recerca en Pol\u00edtiques, Programes i Serveis Educatius i Socioculturals GRES.<\/li>\n<\/ul>\n<h2 class=\"p2\">Experi\u00e8ncies<\/h2>\n<ul>\n<li><b>R\u00e0dio Nikosia<\/b><\/li>\n<\/ul>\n<p>Una de les primeres emisores realitzades per persones que han estat diagnosticades de problemes de salut mental. \u00c9s una experiencia que intenta una mirada lateral sobre la bogeria\u00a0i busca vies\u00a0alternatives -i alteratives- en l\u2019a\u0301rea per a\u00a0deconstruir l\u2019estigma.<\/p>\n<ul>\n<li><b>A\u00efda Bisbal \u2013 TEAyudo<\/b><\/li>\n<\/ul>\n<p>TEAyudo \u00e9s una xarxa de profesionals especialitzats en el tractament d\u2019infants i joves amb transtorn de l\u2019Espectre Autista, formada per m\u00e9s de 20 professionals, desde psic\u00f2legs, logopedes i terapeutes ocupacionals. Treballen amb 60 fam\u00edlies de la prov\u00edncia de Barcelona. Es\u00a0basen en una metodologia conductual preco\u00e7, intensiva, educativa i individualitzada amb l\u2019objectiu de millorar la vida de les persones amb TEA i les seves families, fent la m\u00e0xima adaptaci\u00f3 possible a l\u2019entorn familiar, escolar i social en general.<\/p>\n<p><strong>A\u00efda Bisbal D\u00edaz:<\/strong>\u00a0persona activa, tranquil\u2022la, amb ganes de con\u00e8ixer i aprendre de l\u2019entorn i de la gent. Ha treballat\u00a0amb petits i joves desde el 2006 en l\u2019\u00e0mbit extraescolar, menjador, col\u00f2nies, voluntariat a l\u2019extranger amb infants en situacions prec\u00e0ries, suports a infants amb NEE, vetlladora\u2026 Des de 2014 fins l\u2019actualitat, \u00e9s terapeuta a TEAyudo amb infants i joves amb TEA.<\/p>\n<ul>\n<li><b>Javi \u00c1vila \u2013 Projecte Santi, Fundaci\u00f3 El Maresme<\/b><\/li>\n<\/ul>\n<p>Projecte que t\u00e9 com a objectiu donar a con\u00e8ixer qu\u00e8 fan\u00a0i com viuen\u00a0les persones amb discapacitat intel\u00b7lectual, per potenciar la seva inclusi\u00f3 social i generar una visi\u00f3 positiva i realista per part de la societat. La\u00a0Fundaci\u00f3 El Maresme \u00e9s una entitat d\u2019iniciativa social sense afany de lucre que promou i impulsa la integraci\u00f3 social de les persones amb discapacitat intel\u00b7lectual, des dels principis de la normalitzaci\u00f3 i el reconeixement de la difer\u00e8ncia.<\/p>\n<p><strong>Javi \u00c1vila:<\/strong>\u00a0coordinador del Projecte Santi de la Fundaci\u00f3 el Maresme.<\/p>\n<ul>\n<li><b>Ciutat esperan\u00e7a \u2013 El Parlante<\/b><\/li>\n<\/ul>\n<p>Ciutat Esperan\u00e7a \u00e9s un projecte realitzat pel col\u00b7lectiu El Parlante, en col\u00b7laboraci\u00f3 amb el Pla Comunitari de Ciutat Meridiana amb el suport de l\u2019Ajuntament de Barcelona.<br \/>\nUn grup de joves de Ciutat Meridiana que a trav\u00e9s de l\u2019audiovisual expressen la seva opini\u00f3 sobre temes com el racisme, l\u2019embar\u00e0s adolescent no planificat, la fotografia participativa i el bullying des del 2014. A m\u00e9s, participen en altres activitats que es realitzen a Ciutat Meridiana.<br \/>\nA dia d\u2019avui s\u2019estan formant en aspectes com banda sonora, documental, i constituci\u00f3 legal d\u2019entitats per a crear la seva pr\u00f2pia productora.<\/p>\n<ul>\n<li><b>Esplai l\u2019Agrupa \u2013 Camp de refugiats d\u2019Emhereiz (Sahara)<\/b><\/li>\n<\/ul>\n<p>L\u2019esplai L\u2019Agrupa de Molins de Rei ens explica el projecte en el que porten treballant des del curs passar. Un grup de monitors i monitores de l\u2019Esplai van marxar al desembre cap al S\u00e0hara, al campament de refugiats d\u2019Emhereiz! Per a fer-ho possible, varen estar treballant el projecte amb infants, joves i fam\u00edlies.<\/p>\n<ul>\n<li><b>Esplais de Sants \u2013 Vincular X Educar<\/b><\/li>\n<\/ul>\n<p>Vincular X educar \u00e9s un projecte comunitari en el que participen alguns esplais del barri de Sants del sector Barcelona, per afavorir el proc\u00e9s educatiu dels infants millorant la vinculaci\u00f3 de les fam\u00edlies amb l\u2019escola i les entitats de lleure educatiu del barri. Per als infants, \u00e9s l\u2019oportunitat d\u2019establir bons lligams amb el seu barri i desenvolupar bons vincles de futur per al seu creixement, aix\u00ed com per millorar els seus aprenentatges. Per a les fam\u00edlies, \u00e9s una oportunitat per millorar la seva relaci\u00f3 positiva amb l\u2019escola i l\u2019entorn del barri, desenvolupar la seva xarxa relacional i potenciar la cohesi\u00f3 social. Per a l\u2019escola, \u00e9s una oportunitat per obrir-se al barri, ser reconeguda i recon\u00e8ixer altres agents educatius que col\u00b7laboren: la pr\u00f2pia fam\u00edlia i altres entitats del barri. Pels esplais, \u00e9s una oportunitat de significar-se com agents actius del lleure educatiu i viure una experi\u00e8ncia de treball col\u00b7laboratiu directe amb l\u2019escola i les fam\u00edlies, participant proactivament en l\u2019educaci\u00f3 dels infants i el seu propi enfortiment com a organitzaci\u00f3. Finalment, per als serveis socials \u00e9s una oportunitat per incidir preventivament en la comunitat i ser visualitzats com agents de canvi i promoci\u00f3 social.<\/p>\n<ul>\n<li><b>Marc Bellmunt i Nora Soler \u2013 Zena<\/b><\/li>\n<\/ul>\n<p>Zena \u00e9s una revista en catal\u00e0 i castell\u00e0 que analitza la cultura popular -c\u00f2mics, s\u00e8ries, videojocs- amb perspectiva de g\u00e8nere. La revista tamb\u00e9 realitza activitats divulgatives a diferents f\u00f2rums, des d\u2019escoles fins a xerrades obertes al p\u00fablic, passant per tallers a professionals. La revista va ser guardonada en l\u2019edici\u00f3 2015 dels Premis de Periodisme Jove sobre Viol\u00e8ncia de G\u00e8nere del Instituto de la Juventud.<\/p>\n<p><strong>Marc Bellmunt<\/strong>: Doctorand en periodisme, realitza una investigaci\u00f3 sobre la relaci\u00f3 entre els consumidors de videojocs i les seves pr\u00e0ctiques comunicatives. Col\u00b7labora a \u2018La Garriga Digital\u2019 i a \u2018Zena\u2019.<br \/>\n<strong>Nora Soler<\/strong>: Dissenyadora especialitzada en comunicaci\u00f3 interactiva, entre els seus clients hi ha la Organitzaci\u00f3 Internacional del Treball. Il\u00b7lustra i escriu per a \u2018Zena\u2019.<\/p>\n<ul>\n<li><b>Marta Salvans \u2013\u00a0 TALCOMSOM<\/b><\/li>\n<\/ul>\n<p>TALCOMSOM \u00e9s l\u2019associaci\u00f3 de lesbianes, gais, transsexuals i bisexuals (LGTB) de Vic i la comarca d\u2019Osona, creada per ser un punt de trobada pel col\u00b7lectiu a la Catalunya Central. L\u2019\u00e0mbit d\u2019actuaci\u00f3 son les comarques d\u2019Osona, el Bergued\u00e0, la Garrotxa, el Moian\u00e8s i el Ripoll\u00e8s.\u00a0Durant tot l\u2019any FAN\u00a0actes de sensibilitzaci\u00f3 i visualitzaci\u00f3 del col\u00b7lectiu, com exposicions, xerrades, actes pel 17 de maig (Dia internacional contra la LGTBf\u00f2bia) i el 28 de juny (Dia internacional del col\u00b7lectiu LGTB). Tamb\u00e9 hem participat en l\u2019elaboraci\u00f3 del Pla Comarcal LGTB d\u2019Osona.<\/p>\n<p><strong>Marta Salvans Sol\u00e9:<\/strong>\u00a0dona transsexual, activista, coordinadora i portaveu de la Plataforma CISDIC, vocal de TRANSIFAM i de la Fundaci\u00f3 per la Identitat de G\u00e8nere. Associada a TALCOMSOM.\u00a0Ha realitzat m\u00e9s de 200 confer\u00e8ncies sobre identitat sexual i discriminaci\u00f3 envers les persones trans. Ha elaborat\u00a0l\u2019estudi \u201cl\u2019Observatori de la transsexualitat a Catalunya\u201d, conjuntament amb la resta de grups de\u00a0la Plataforma CISDIC.<\/p>\n<ul>\n<li><b>Blai Mart\u00ed Plademunt<\/b><\/li>\n<\/ul>\n<p>Blai Mart\u00ed Plademunt \u00e9s soci\u00f2leg, treballa com a t\u00e8cnic d\u2019igualtat de g\u00e8nere i \u00e9s alumne del M\u00e0ster d\u2019Estudis de G\u00e8nere, Dones i Ciutadania. Tamb\u00e9 \u00e9s membre de l\u2019equip del projecte \u201cDiversitat sexual i identitat religiosa\u201d de la Universitat de Vic \u2013 Universitat Central de Catalunya.<\/p>\n<p>\u201cEn les formacions en diversitat sexual, tenim en compte si a l\u2019aula hi ha persones de diferents religions o or\u00edgens?\u201d; \u201cCom es viu la desigualtat per orientaci\u00f3 sexual, quan tamb\u00e9 es viu discriminaci\u00f3 per ra\u00f3 d\u2019origen?\u201d; \u201cCom donem suport a les persones que pateixen homof\u00f2bia i islamof\u00f2bia al mateix temps?\u201d<br \/>\nTractarem de donar respostes col\u00b7lectives a aquestes preguntes. Arrel d\u2019una recerca sobre la diversitat sexual i religiosa, exposarem quines s\u00f3n les experi\u00e8ncies des de l\u2019Administraci\u00f3 i el Tercer Sector a aquest creuament de desigualtats. En veurem els l\u00edmits i oportunitats i reflexionarem sobre la conclusi\u00f3: qu\u00e8 \u00e9s la mirada interseccional?<\/p>\n<h2 class=\"p1\"><b>Pon\u00e8ncia de tancament<\/b><\/h2>\n<h5 class=\"p1\"><b><\/b><strong>FATIHA EL MOUALI SAMADI: \u201cEDUCAR SENSE PREJUDICIS\u201d<\/strong><\/h5>\n<p>Fatiha El Mouali Samadi\u00a0\u00e9s\u00a0te\u0300cnica d\u2019acollida, llicenciada en Cie\u0300ncies Econo\u0300miques i doctorant a la UAB. E\u0301s membre d\u2019Unitat Contra el Feixisme i el Racisme (UCFR) i de la Taula d\u2019Igualtat de Granollers. Ha publicat un article al llibre\u00a0<a href=\"http:\/\/www.icariaeditorial.com\/libros.php?id=1586\" target=\"_blank\" rel=\"noopener noreferrer\"><em><strong>Combatir la islamofobia. Una guia antirracista<\/strong><\/em><\/a>\u00a0i diversos\u00a0articles en a\u0300rab en revistes marroquines. Ha participat en moltes xerrades i confer\u00e8ncies i \u00e9s un referent en lluita contra la islamof\u00f2bia a Catalunya.<\/p>\n<\/div><div class=\"nav fusion-mobile-tab-nav\"><ul class=\"nav-tabs\" role=\"tablist\"><li role=\"presentation\"><a class=\"tab-link\" data-toggle=\"tab\" role=\"tab\" aria-controls=\"tab-510c66b3ec6fc29e77b\" aria-selected=\"false\" tabindex=\"-1\" id=\"mobile-fusion-tab-v\u00eddeos\" href=\"#tab-510c66b3ec6fc29e77b\"><h4 class=\"fusion-tab-heading\"><i class=\"fontawesome-icon fa-video fas\" aria-hidden=\"true\" style=\"font-size:19px;\"><\/i>V\u00eddeos<\/h4><\/a><\/li><\/ul><\/div><div class=\"tab-pane fade fusion-clearfix\" role=\"tabpanel\" tabindex=\"0\" aria-labelledby=\"fusion-tab-v\u00eddeos\" id=\"tab-510c66b3ec6fc29e77b\"><div class=\"fusion-builder-row fusion-builder-row-inner fusion-row\"><div class=\"fusion-layout-column fusion_builder_column_inner fusion-builder-nested-column-0 fusion_builder_column_inner_1_2 1_2 fusion-one-half fusion-column-first\" style=\"--awb-bg-size:cover;width:50%;width:calc(50% - ( ( 4% ) * 0.5 ) );margin-right: 4%;\"><div class=\"fusion-column-wrapper fusion-column-has-shadow fusion-flex-column-wrapper-legacy\">\n<div class=\"fusion-text fusion-text-1\"><p><iframe class=\"fusion-hidden\" data-privacy-type=\"youtube\" src=\"\" data-privacy-src=\"https:\/\/www.youtube.com\/embed\/Rktme4UTZaY\" width=\"100%\" height=\"350\" frameborder=\"0\" allowfullscreen=\"allowfullscreen\"><\/iframe><div class=\"fusion-privacy-placeholder\" style=\"width:100%; height:350px;\" data-privacy-type=\"youtube\"><div class=\"fusion-privacy-placeholder-content\"><div class=\"fusion-privacy-label\">For privacy reasons YouTube needs your permission to be loaded. For more details, please see our <a class=\"privacy-policy-link\" href=\"https:\/\/www.esplac.cat\/avis-legal\/\" rel=\"privacy-policy\">Av\u00eds Legal<\/a>.<\/div><a href=\"\" data-privacy-type=\"youtube\" class=\"fusion-button button-default fusion-button-default-size button fusion-privacy-consent\">I Accept<\/a><\/div><\/div><\/p>\n<p><iframe class=\"fusion-hidden\" data-privacy-type=\"youtube\" src=\"\" data-privacy-src=\"https:\/\/www.youtube.com\/embed\/FE9zGfXR67E\" width=\"100%\" height=\"350\" frameborder=\"0\" allowfullscreen=\"allowfullscreen\"><\/iframe><div class=\"fusion-privacy-placeholder\" style=\"width:100%; height:350px;\" data-privacy-type=\"youtube\"><div class=\"fusion-privacy-placeholder-content\"><div class=\"fusion-privacy-label\">For privacy reasons YouTube needs your permission to be loaded. For more details, please see our <a class=\"privacy-policy-link\" href=\"https:\/\/www.esplac.cat\/avis-legal\/\" rel=\"privacy-policy\">Av\u00eds Legal<\/a>.<\/div><a href=\"\" data-privacy-type=\"youtube\" class=\"fusion-button button-default fusion-button-default-size button fusion-privacy-consent\">I Accept<\/a><\/div><\/div><\/p>\n<p><iframe class=\"fusion-hidden\" data-privacy-type=\"youtube\" src=\"\" data-privacy-src=\"https:\/\/www.youtube.com\/embed\/dz-NY0zA21k\" width=\"100%\" height=\"350\" frameborder=\"0\" allowfullscreen=\"allowfullscreen\"><\/iframe><div class=\"fusion-privacy-placeholder\" style=\"width:100%; height:350px;\" data-privacy-type=\"youtube\"><div class=\"fusion-privacy-placeholder-content\"><div class=\"fusion-privacy-label\">For privacy reasons YouTube needs your permission to be loaded. For more details, please see our <a class=\"privacy-policy-link\" href=\"https:\/\/www.esplac.cat\/avis-legal\/\" rel=\"privacy-policy\">Av\u00eds Legal<\/a>.<\/div><a href=\"\" data-privacy-type=\"youtube\" class=\"fusion-button button-default fusion-button-default-size button fusion-privacy-consent\">I Accept<\/a><\/div><\/div><\/p>\n<\/div>\n<div class=\"fusion-clearfix\"><\/div><\/div><\/div><div class=\"fusion-layout-column fusion_builder_column_inner fusion-builder-nested-column-1 fusion_builder_column_inner_1_2 1_2 fusion-one-half fusion-column-last\" style=\"--awb-bg-size:cover;width:50%;width:calc(50% - ( ( 4% ) * 0.5 ) );\"><div class=\"fusion-column-wrapper fusion-column-has-shadow fusion-flex-column-wrapper-legacy\">\n<div class=\"fusion-text fusion-text-2\"><p><iframe class=\"fusion-hidden\" data-privacy-type=\"youtube\" src=\"\" data-privacy-src=\"https:\/\/www.youtube.com\/embed\/dEEcnH8Vm8A\" width=\"100%\" height=\"350\" frameborder=\"0\" allowfullscreen=\"allowfullscreen\"><\/iframe><div class=\"fusion-privacy-placeholder\" style=\"width:100%; height:350px;\" data-privacy-type=\"youtube\"><div class=\"fusion-privacy-placeholder-content\"><div class=\"fusion-privacy-label\">For privacy reasons YouTube needs your permission to be loaded. For more details, please see our <a class=\"privacy-policy-link\" href=\"https:\/\/www.esplac.cat\/avis-legal\/\" rel=\"privacy-policy\">Av\u00eds Legal<\/a>.<\/div><a href=\"\" data-privacy-type=\"youtube\" class=\"fusion-button button-default fusion-button-default-size button fusion-privacy-consent\">I Accept<\/a><\/div><\/div><\/p>\n<p><iframe class=\"fusion-hidden\" data-privacy-type=\"youtube\" src=\"\" data-privacy-src=\"https:\/\/www.youtube.com\/embed\/XE09VKY5g4U\" width=\"100%\" height=\"350\" frameborder=\"0\" allowfullscreen=\"allowfullscreen\"><\/iframe><div class=\"fusion-privacy-placeholder\" style=\"width:100%; height:350px;\" data-privacy-type=\"youtube\"><div class=\"fusion-privacy-placeholder-content\"><div class=\"fusion-privacy-label\">For privacy reasons YouTube needs your permission to be loaded. For more details, please see our <a class=\"privacy-policy-link\" href=\"https:\/\/www.esplac.cat\/avis-legal\/\" rel=\"privacy-policy\">Av\u00eds Legal<\/a>.<\/div><a href=\"\" data-privacy-type=\"youtube\" class=\"fusion-button button-default fusion-button-default-size button fusion-privacy-consent\">I Accept<\/a><\/div><\/div><\/p>\n<p><iframe class=\"fusion-hidden\" data-privacy-type=\"youtube\" src=\"\" data-privacy-src=\"https:\/\/www.youtube.com\/embed\/g0zZ_TjnevQ\" width=\"100%\" height=\"350\" frameborder=\"0\" allowfullscreen=\"allowfullscreen\"><\/iframe><div class=\"fusion-privacy-placeholder\" style=\"width:100%; height:350px;\" data-privacy-type=\"youtube\"><div class=\"fusion-privacy-placeholder-content\"><div class=\"fusion-privacy-label\">For privacy reasons YouTube needs your permission to be loaded. For more details, please see our <a class=\"privacy-policy-link\" href=\"https:\/\/www.esplac.cat\/avis-legal\/\" rel=\"privacy-policy\">Av\u00eds Legal<\/a>.<\/div><a href=\"\" data-privacy-type=\"youtube\" class=\"fusion-button button-default fusion-button-default-size button fusion-privacy-consent\">I Accept<\/a><\/div><\/div><\/p>\n<p><iframe class=\"fusion-hidden\" data-privacy-type=\"youtube\" src=\"\" data-privacy-src=\"https:\/\/www.youtube.com\/embed\/E4Q2Tst21eY\" width=\"100%\" height=\"350\" frameborder=\"0\" allowfullscreen=\"allowfullscreen\"><\/iframe><div class=\"fusion-privacy-placeholder\" style=\"width:100%; height:350px;\" data-privacy-type=\"youtube\"><div class=\"fusion-privacy-placeholder-content\"><div class=\"fusion-privacy-label\">For privacy reasons YouTube needs your permission to be loaded. For more details, please see our <a class=\"privacy-policy-link\" href=\"https:\/\/www.esplac.cat\/avis-legal\/\" rel=\"privacy-policy\">Av\u00eds Legal<\/a>.<\/div><a href=\"\" data-privacy-type=\"youtube\" class=\"fusion-button button-default fusion-button-default-size button fusion-privacy-consent\">I Accept<\/a><\/div><\/div><\/p>\n<\/div>\n<div class=\"fusion-clearfix\"><\/div><\/div><\/div><\/div><\/div><div class=\"nav fusion-mobile-tab-nav\"><ul class=\"nav-tabs\" role=\"tablist\"><li role=\"presentation\"><a class=\"tab-link\" data-toggle=\"tab\" role=\"tab\" aria-controls=\"tab-ebd8a2cadd4322977bc\" aria-selected=\"false\" tabindex=\"-1\" id=\"mobile-fusion-tab-articles\" href=\"#tab-ebd8a2cadd4322977bc\"><h4 class=\"fusion-tab-heading\"><i class=\"fontawesome-icon fa-rss fas\" aria-hidden=\"true\" style=\"font-size:19px;\"><\/i>Articles<\/h4><\/a><\/li><\/ul><\/div><div class=\"tab-pane fade fusion-clearfix\" role=\"tabpanel\" tabindex=\"0\" aria-labelledby=\"fusion-tab-articles\" id=\"tab-ebd8a2cadd4322977bc\">\n<p>Al Som Esplai hem publicat diversos articles de reflexi\u00f3 sobre diverses tem\u00e0tiques\u00a0d\u2019aquesta Escola d\u2019Esplac. Aqu\u00ed en fem un recull:<\/p>\n<ul>\n<li>\n<h3 class=\"blogtitle entry-title\"><a href=\"http:\/\/www.somesplai.cat\/index.php\/desmuntant-la-diversitat-cultural\/\" target=\"_blank\" rel=\"noopener noreferrer\">DESMUNTANT LA \u2018DIVERSITAT CULTURAL\u2019<\/a><\/h3>\n<\/li>\n<\/ul>\n<p>Reflexi\u00f3 sobre com el terme \u201ccultura\u201d es fa servir en alguns entorns educatius per referir-se i caracteritzar, principalment, a les persones immigrades. Aquest terme pot servir tant per construir ponts com per erigir murs.<\/p>\n<p>Autor: Miquel Martorell Faus<\/p>\n<ul>\n<li>\n<h3><a href=\"http:\/\/www.somesplai.cat\/index.php\/fatiha-el-mouali-cal-cuidar-i-treballar-la-mirada-per-educar-sense-prejudicis\/\" target=\"_blank\" rel=\"noopener noreferrer\">V\u00cdDEO | ENTREVISTA A FATIHA EL MOUALI: \u201cCAL CUIDAR I TREBALLAR LA MIRADA PER EDUCAR SENSE PREJUDICIS\u201d<\/a><\/h3>\n<\/li>\n<\/ul>\n<p>Entrevistem a Granollers l\u2019economista, t\u00e8cnica d\u2019acollida i activista d\u2019Unitat Contra el Feixisme i el Racisme (UCFR)\u00a0<strong>Fatiha El Mouali,<\/strong>\u00a0l\u2019encarregada de fer la pon\u00e8ncia de tancament de la 5a edici\u00f3 de l\u2019<a href=\"https:\/\/www.esplac.cat\/escola-esplac\/\" target=\"_blank\" rel=\"noopener noreferrer\"><strong>Escola d\u2019Esplac 2017<\/strong><\/a>\u00a0el 12 de mar\u00e7 a Vic, sota\u00a0el t\u00edtol\u00a0<strong><em>\u201cEducar sense prejudicis\u201d<\/em><\/strong>. En aquesta entrevista ens avan\u00e7a part de les seves reflexions sobre acollida, activisme, islamof\u00f2bia, g\u00e8nere o educaci\u00f3.<\/p>\n<p>Autor: V\u00edctor Yustres Santiago<\/p>\n<ul>\n<li>\n<h3 class=\"blogtitle entry-title\"><a href=\"http:\/\/www.somesplai.cat\/index.php\/trencar-barreres-per-cohesionar-nos\/\" target=\"_blank\" rel=\"noopener noreferrer\">TRENCAR BARRERES PER COHESIONAR-NOS<\/a><\/h3>\n<\/li>\n<\/ul>\n<p>Tothom t\u00e9 capacitats i discapacitats, i la diversitat \u00e9s el que ens cohesiona i ens enriqueix. Aquest article, basant-se en una guia presentada pel CJB, destaca que cal\u00a0que aprofitem recursos ja existents i que busquem\u00a0estrat\u00e8gies per millorar l\u2019accessibilitat\u00a0dels nostres espais.<\/p>\n<p>Autor: V\u00edctor Yustres Santiago<\/p>\n<ul>\n<li>\n<h3><a href=\"http:\/\/www.somesplai.cat\/index.php\/visibilitzem-diversitat-a-esplai\/\" target=\"_blank\" rel=\"noopener noreferrer\">IL\u00b7LUSTRACI\u00d3 | VISIBILITZEM LA DIVERSITAT A L\u2019ESPLAI<\/a><\/h3>\n<\/li>\n<\/ul>\n<p>Publiquem una il\u00b7lustraci\u00f3 que reflexiona sobre com impulsar, donar visibilitat i naturalitzar la diversitat a l\u2019esplai.<\/p>\n<p>Autor: Adri\u00e0 Nicol\u00e0s Arag\u00f3<\/p>\n<\/div><div class=\"nav fusion-mobile-tab-nav\"><ul class=\"nav-tabs\" role=\"tablist\"><li role=\"presentation\"><a class=\"tab-link\" data-toggle=\"tab\" role=\"tab\" aria-controls=\"tab-8a6c62ea4bcb242dd46\" aria-selected=\"false\" tabindex=\"-1\" id=\"mobile-fusion-tab-inscripcions\" href=\"#tab-8a6c62ea4bcb242dd46\"><h4 class=\"fusion-tab-heading\"><i class=\"fontawesome-icon fa-calendar-check far\" aria-hidden=\"true\" style=\"font-size:19px;\"><\/i>Inscripcions<\/h4><\/a><\/li><\/ul><\/div><div class=\"tab-pane fade fusion-clearfix\" role=\"tabpanel\" tabindex=\"0\" aria-labelledby=\"fusion-tab-inscripcions\" id=\"tab-8a6c62ea4bcb242dd46\">\n<p>Les inscripcions per a l\u2019Escola d\u2019Esplac 2017 romandran\u00a0obertes<strong>\u00a0del 8 de febrer fins el 27 de febrer<\/strong>. Hi ha dues modalitats:<\/p>\n<ol>\n<li>Si ets monitora o monitor d\u2019un esplai d\u2019Esplac, podr\u00e0s incriure\u2019t\u00a0<strong><a href=\"https:\/\/esplac.cat\/esplacnet\/login\/index.php\" target=\"_blank\" rel=\"noopener noreferrer\">entrant a l\u2019EsplacNet amb el teu\u00a0nom d\u2019usuari i contrasenya<\/a><\/strong>. Un cop a dins, trobar\u00e0s\u00a0el formulari d\u2019inscripci\u00f3 a la secci\u00f3 \u201cTrobades\u201d.<\/li>\n<li>Si ets dirigent, soci\/a o una persona externa a l\u2019entitat,\u00a0<strong><a href=\"https:\/\/docs.google.com\/a\/esplac.cat\/forms\/d\/e\/1FAIpQLSfsRk_NvZ2v1AXZqpB69lWlV_YhZF1N4PDtbr4w9bnZtSmC2A\/viewform?c=0&amp;w=1&amp;usp=send_form\" target=\"_blank\" rel=\"noopener noreferrer\">fes clic aqu\u00ed per accedir al formulari d\u2019inscripci\u00f3<\/a><\/strong>\u00a0i\u00a0segueix els passos que t\u2019indiquem.<\/li>\n<\/ol>\n<p><strong>Recordeu que les places s\u00f3n limitades!<\/strong><br \/>\nLa participaci\u00f3 a l\u2019Escola d\u2019Esplac 2017\u00a0<strong>convalida 12 hores associatives<\/strong>. No e\u0301s necessari fer cap treball extra per convalidar les hores com a hores associatives dels cursos d\u2019E\u0300xit Marta Mata. Nome\u0301s cal que els participants hagin signat el llistat d\u2019assiste\u0300ncia a totes les sessions.<\/p>\n<p>Si teniu qualsevol dubte o necessiteu m\u00e9s informaci\u00f3, ens podeu escriure a\u00a0<a href=\"mailto:organitzacio@esplac.cat\">organitzacio@esplac.cat<\/a>.<\/p>\n<\/div><\/div><\/div><div class=\"fusion-aligncenter\"><a class=\"fusion-button button-flat fusion-button-default-size button-default fusion-button-default button-1 fusion-button-default-span fusion-button-default-type\" target=\"_self\" href=\"\/wp-content\/uploads\/2019\/10\/Resum-i-conclusions-Escola-dEsplac-2017.pdf\"><span class=\"fusion-button-text\">Conclusions Escola d&#8217;Esplac 2017<\/span><\/a><\/div><div class=\"fusion-clearfix\"><\/div><\/div><\/div><div class=\"fusion-layout-column fusion_builder_column fusion-builder-column-2 fusion_builder_column_1_1 1_1 fusion-one-full fusion-column-first fusion-column-last\" style=\"--awb-bg-size:cover;\"><div class=\"fusion-column-wrapper fusion-column-has-shadow fusion-flex-column-wrapper-legacy\"><div class=\"fusion-sep-clear\"><\/div><div class=\"fusion-separator\" style=\"margin-left: auto;margin-right: auto;margin-bottom:60px;width:100%;max-width:30%;\"><div class=\"fusion-separator-border sep-single sep-solid\" style=\"--awb-height:20px;--awb-amount:20px;--awb-sep-color:#c1c1c1;border-color:#c1c1c1;border-top-width:5px;\"><\/div><\/div><div class=\"fusion-sep-clear\"><\/div><div class=\"fusion-title title fusion-title-3 fusion-sep-none fusion-title-center fusion-title-text fusion-title-size-three\"><h3 class=\"fusion-title-heading title-heading-center fusion-responsive-typography-calculated\" style=\"margin:0;--fontSize:30;line-height:1.3;\">Escola d&#8217;Esplac 2017:<br \/>\nSOM DIVERSES, SOM INCLUSIVES<\/h3><\/div><div class=\"fusion-sep-clear\"><\/div><div class=\"fusion-separator fusion-full-width-sep\" style=\"margin-left: auto;margin-right: auto;margin-bottom:30px;width:100%;\"><\/div><div class=\"fusion-sep-clear\"><\/div><div class=\"fusion-tabs fusion-tabs-2 clean nav-not-justified horizontal-tabs icon-position-top mobile-mode-accordion\" style=\"--awb-title-border-radius-top-left:0px;--awb-title-border-radius-top-right:0px;--awb-title-border-radius-bottom-right:0px;--awb-title-border-radius-bottom-left:0px;--awb-inactive-color:#eaeaea;--awb-background-color:#ffffff;--awb-border-color:#ffffff;--awb-active-border-color:#f69d0b;\"><div class=\"nav\"><ul class=\"nav-tabs\" role=\"tablist\"><li class=\"active\" role=\"presentation\"><a class=\"tab-link\" data-toggle=\"tab\" role=\"tab\" aria-controls=\"tab-03a26c6566f5c96fda7\" aria-selected=\"true\" id=\"fusion-tab-presentaci\u00f3\" href=\"#tab-03a26c6566f5c96fda7\"><h4 class=\"fusion-tab-heading\"><i class=\"fontawesome-icon fa-bookmark fas\" aria-hidden=\"true\" style=\"font-size:19px;\"><\/i>Presentaci\u00f3<\/h4><\/a><\/li><li role=\"presentation\"><a class=\"tab-link\" data-toggle=\"tab\" role=\"tab\" aria-controls=\"tab-79a99dfcea5375b0ebd\" aria-selected=\"false\" tabindex=\"-1\" id=\"fusion-tab-cartell\" href=\"#tab-79a99dfcea5375b0ebd\"><h4 class=\"fusion-tab-heading\"><i class=\"fontawesome-icon fa-file-image fas\" aria-hidden=\"true\" style=\"font-size:19px;\"><\/i>Cartell <\/h4><\/a><\/li><li role=\"presentation\"><a class=\"tab-link\" data-toggle=\"tab\" role=\"tab\" aria-controls=\"tab-5f6884c933b320e887b\" aria-selected=\"false\" tabindex=\"-1\" id=\"fusion-tab-programa\" href=\"#tab-5f6884c933b320e887b\"><h4 class=\"fusion-tab-heading\"><i class=\"fontawesome-icon fa-book-open fas\" aria-hidden=\"true\" style=\"font-size:19px;\"><\/i>Programa <\/h4><\/a><\/li><li role=\"presentation\"><a class=\"tab-link\" data-toggle=\"tab\" role=\"tab\" aria-controls=\"tab-659d1d4ec4c3dc26319\" aria-selected=\"false\" tabindex=\"-1\" id=\"fusion-tab-pon\u00e8ncies\" href=\"#tab-659d1d4ec4c3dc26319\"><h4 class=\"fusion-tab-heading\"><i class=\"fontawesome-icon fa-bullhorn fas\" aria-hidden=\"true\" style=\"font-size:19px;\"><\/i>Pon\u00e8ncies<\/h4><\/a><\/li><li role=\"presentation\"><a class=\"tab-link\" data-toggle=\"tab\" role=\"tab\" aria-controls=\"tab-f6e73e1ee1cc7f22bc3\" aria-selected=\"false\" tabindex=\"-1\" id=\"fusion-tab-v\u00eddeos\" href=\"#tab-f6e73e1ee1cc7f22bc3\"><h4 class=\"fusion-tab-heading\"><i class=\"fontawesome-icon fa-video fas\" aria-hidden=\"true\" style=\"font-size:19px;\"><\/i>V\u00eddeos<\/h4><\/a><\/li><li role=\"presentation\"><a class=\"tab-link\" data-toggle=\"tab\" role=\"tab\" aria-controls=\"tab-f8a773b339d919a42de\" aria-selected=\"false\" tabindex=\"-1\" id=\"fusion-tab-articles\" href=\"#tab-f8a773b339d919a42de\"><h4 class=\"fusion-tab-heading\"><i class=\"fontawesome-icon fa-rss fas\" aria-hidden=\"true\" style=\"font-size:19px;\"><\/i>Articles<\/h4><\/a><\/li><li role=\"presentation\"><a class=\"tab-link\" data-toggle=\"tab\" role=\"tab\" aria-controls=\"tab-22ec55db79ccb1d28ba\" aria-selected=\"false\" tabindex=\"-1\" id=\"fusion-tab-inscripcions\" href=\"#tab-22ec55db79ccb1d28ba\"><h4 class=\"fusion-tab-heading\"><i class=\"fontawesome-icon fa-calendar-check far\" aria-hidden=\"true\" style=\"font-size:19px;\"><\/i>Inscripcions<\/h4><\/a><\/li><\/ul><\/div><div class=\"tab-content\"><div class=\"nav fusion-mobile-tab-nav\"><ul class=\"nav-tabs\" role=\"tablist\"><li class=\"active\" role=\"presentation\"><a class=\"tab-link\" data-toggle=\"tab\" role=\"tab\" aria-controls=\"tab-03a26c6566f5c96fda7\" aria-selected=\"true\" id=\"mobile-fusion-tab-presentaci\u00f3\" href=\"#tab-03a26c6566f5c96fda7\"><h4 class=\"fusion-tab-heading\"><i class=\"fontawesome-icon fa-bookmark fas\" aria-hidden=\"true\" style=\"font-size:19px;\"><\/i>Presentaci\u00f3<\/h4><\/a><\/li><\/ul><\/div><div class=\"tab-pane fade fusion-clearfix in active\" role=\"tabpanel\" tabindex=\"0\" aria-labelledby=\"fusion-tab-presentaci\u00f3\" id=\"tab-03a26c6566f5c96fda7\">\n<p>Enguany, la cinquena edici\u00f3 de l\u2019Escola d\u2019Esplac, ser\u00e0 el cap de setmana de l\u2019<strong>11 i el 12 de mar\u00e7 i el tema escollit \u00e9s la diversitat a l\u2019esplai<\/strong>. Entenent la diversitat com a una font d\u2019enriquiment i aprenentatge: diversitat cultural i d\u2019origen, de capacitats i necessitats educatives, d\u2019identitat afectivosexual, de g\u00e8nere, d\u2019estatus socioecon\u00f2mic\u2026 Volem facilitar que els esplais esdevinguin espais d\u2019inclusi\u00f3 per als infants, monitors\/es i fam\u00edlies diverses que reflecteixin la realitat del seu territori, a trav\u00e9s d\u2019estrat\u00e8gies concretes per a cada realitat.<\/p>\n<h3>OBJECTIUS<\/h3>\n<ul>\n<li class=\"gmail_default\"><strong>Que els esplais siguin reconeguts com a agent educatiu i inclusiu<\/strong>: Als esplais treballem valors com la diversitat, la participaci\u00f3, la interculturalitat, igualtat d\u2019oportunitats per a tothom.<\/li>\n<li class=\"gmail_default\"><strong>Repensar la diversitat a l\u2019esplai i que aquests siguin espais inclusius i d\u2019atenci\u00f3 a la diversitat<\/strong>. Tot i que els projectes educatius dels esplais recullen la voluntat de ser diversos, sovint no reflectim la diversitat del nostre entorn. Volem garantir el dret al lleure educatiu de tots els infants i joves.<\/li>\n<li class=\"gmail_default\"><strong>Destacar la tasca de transformaci\u00f3 social dels esplais<\/strong>; que treballem per a l\u2019eliminaci\u00f3 dels estereotips, prejudicis i de les barreres a la societat.<\/li>\n<\/ul>\n<p>Al voltant d\u2019aquestes idees compartirem pensaments, reflexions i experi\u00e8ncies educatives, propostes, instruments que acompanyin als esplais a dur una tasca educativa equitativa i representativa de la diversitat social, transformant tot all\u00f2 que no ens agrada per a fer un entorn m\u00e9s just i menys discriminatori al voltant de les difer\u00e8ncies.<\/p>\n<\/div><div class=\"nav fusion-mobile-tab-nav\"><ul class=\"nav-tabs\" role=\"tablist\"><li role=\"presentation\"><a class=\"tab-link\" data-toggle=\"tab\" role=\"tab\" aria-controls=\"tab-79a99dfcea5375b0ebd\" aria-selected=\"false\" tabindex=\"-1\" id=\"mobile-fusion-tab-cartell\" href=\"#tab-79a99dfcea5375b0ebd\"><h4 class=\"fusion-tab-heading\"><i class=\"fontawesome-icon fa-file-image fas\" aria-hidden=\"true\" style=\"font-size:19px;\"><\/i>Cartell <\/h4><\/a><\/li><\/ul><\/div><div class=\"tab-pane fade fusion-clearfix\" role=\"tabpanel\" tabindex=\"0\" aria-labelledby=\"fusion-tab-cartell\" id=\"tab-79a99dfcea5375b0ebd\">\n<p><img decoding=\"async\" class=\"wp-image-24747 aligncenter\" src=\"http:\/\/esplac.cat\/wp-content\/uploads\/2019\/10\/escola-esplac-2017-2.jpg\" alt=\"\" width=\"1018\" height=\"1439\" srcset=\"https:\/\/www.esplac.cat\/wp-content\/uploads\/2019\/10\/escola-esplac-2017-2-200x283.jpg 200w, https:\/\/www.esplac.cat\/wp-content\/uploads\/2019\/10\/escola-esplac-2017-2-212x300.jpg 212w, https:\/\/www.esplac.cat\/wp-content\/uploads\/2019\/10\/escola-esplac-2017-2-400x566.jpg 400w, https:\/\/www.esplac.cat\/wp-content\/uploads\/2019\/10\/escola-esplac-2017-2-600x849.jpg 600w, https:\/\/www.esplac.cat\/wp-content\/uploads\/2019\/10\/escola-esplac-2017-2-724x1024.jpg 724w, https:\/\/www.esplac.cat\/wp-content\/uploads\/2019\/10\/escola-esplac-2017-2-768x1086.jpg 768w, https:\/\/www.esplac.cat\/wp-content\/uploads\/2019\/10\/escola-esplac-2017-2-800x1131.jpg 800w, https:\/\/www.esplac.cat\/wp-content\/uploads\/2019\/10\/escola-esplac-2017-2-1200x1697.jpg 1200w, https:\/\/www.esplac.cat\/wp-content\/uploads\/2019\/10\/escola-esplac-2017-2.jpg 3508w\" sizes=\"(max-width: 1018px) 100vw, 1018px\" \/><\/p>\n<\/div><div class=\"nav fusion-mobile-tab-nav\"><ul class=\"nav-tabs\" role=\"tablist\"><li role=\"presentation\"><a class=\"tab-link\" data-toggle=\"tab\" role=\"tab\" aria-controls=\"tab-5f6884c933b320e887b\" aria-selected=\"false\" tabindex=\"-1\" id=\"mobile-fusion-tab-programa\" href=\"#tab-5f6884c933b320e887b\"><h4 class=\"fusion-tab-heading\"><i class=\"fontawesome-icon fa-book-open fas\" aria-hidden=\"true\" style=\"font-size:19px;\"><\/i>Programa <\/h4><\/a><\/li><\/ul><\/div><div class=\"tab-pane fade fusion-clearfix\" role=\"tabpanel\" tabindex=\"0\" aria-labelledby=\"fusion-tab-programa\" id=\"tab-5f6884c933b320e887b\">\n<p><img decoding=\"async\" class=\"wp-image-26313 aligncenter\" src=\"http:\/\/esplac.cat\/wp-content\/uploads\/2019\/10\/infografia_programa.png\" alt=\"\" width=\"879\" height=\"1670\" srcset=\"https:\/\/www.esplac.cat\/wp-content\/uploads\/2019\/10\/infografia_programa-158x300.png 158w, https:\/\/www.esplac.cat\/wp-content\/uploads\/2019\/10\/infografia_programa-200x380.png 200w, https:\/\/www.esplac.cat\/wp-content\/uploads\/2019\/10\/infografia_programa-400x760.png 400w, https:\/\/www.esplac.cat\/wp-content\/uploads\/2019\/10\/infografia_programa-539x1024.png 539w, https:\/\/www.esplac.cat\/wp-content\/uploads\/2019\/10\/infografia_programa-600x1140.png 600w, https:\/\/www.esplac.cat\/wp-content\/uploads\/2019\/10\/infografia_programa-768x1459.png 768w, https:\/\/www.esplac.cat\/wp-content\/uploads\/2019\/10\/infografia_programa.png 800w\" sizes=\"(max-width: 879px) 100vw, 879px\" \/><\/p>\n<\/div><div class=\"nav fusion-mobile-tab-nav\"><ul class=\"nav-tabs\" role=\"tablist\"><li role=\"presentation\"><a class=\"tab-link\" data-toggle=\"tab\" role=\"tab\" aria-controls=\"tab-659d1d4ec4c3dc26319\" aria-selected=\"false\" tabindex=\"-1\" id=\"mobile-fusion-tab-pon\u00e8ncies\" href=\"#tab-659d1d4ec4c3dc26319\"><h4 class=\"fusion-tab-heading\"><i class=\"fontawesome-icon fa-bullhorn fas\" aria-hidden=\"true\" style=\"font-size:19px;\"><\/i>Pon\u00e8ncies<\/h4><\/a><\/li><\/ul><\/div><div class=\"tab-pane fade fusion-clearfix\" role=\"tabpanel\" tabindex=\"0\" aria-labelledby=\"fusion-tab-pon\u00e8ncies\" id=\"tab-659d1d4ec4c3dc26319\">\n<h2 class=\"p1\"><b>Pon\u00e8ncia d\u2019obertura<\/b><\/h2>\n<h5 class=\"p1\"><b>EDGAR IGLESIAS: \u201cQU\u00c8 VOL DIR SER UN ESPLAI INCLUSIU I RECONEIXEDOR DE LA DIVERSITAT SOCIOCULTURAL?\u201d<\/b><\/h5>\n<p>Edgar Iglesias \u00e9s llicenciat en Antropologia i Doctor en Pedagogia. Des de petit ha estat vinculat a l\u2019educaci\u00f3 en el lleure (dels 6 fins als 18 anys va ser membre de l\u2019A.E.iG. Pinya de Rosa de Blanes), cosa que l\u2019ha portat a treballar de professor a la Universitat Aut\u00f2noma de Barcelona i, alhora, a ser educador amb joves al Raval. Considera que treballar en l\u2019\u00e0mbit acad\u00e8mic i d\u2019intervenci\u00f3 directa li permet tenir una perspectiva real i actualitzada entre l\u2019acci\u00f3 i reflexi\u00f3. Ha fet una tesi doctoral sobre l\u2019educaci\u00f3 intercultural en l\u2019educaci\u00f3 en el lleure de base comunit\u00e0ria a Catalunya.<span id=\"more-2988\"><\/span><\/p>\n<h2 class=\"p1\">Taules Rodones<\/h2>\n<h4 class=\"p1\">Taula 1: Diversitat funcional<\/h4>\n<ul>\n<li><strong>Edgar Vinyals<\/strong>, fundador de l\u2019Associaci\u00f3 Sar\u00e4u i president de la Federaci\u00f3 Veus, una organitzaci\u00f3 que aplega el teixit associatiu de persones amb trastorn mental del nostre pa\u00eds.<\/li>\n<li><strong>Jose Ram\u00f3n Lago<\/strong>,\u00a0coordinador del Grup de Recerca Atenci\u00f3 i Diversitat de la Universitat de Vic, un\u00a0grup d\u2019investigaci\u00f3 interdisciplinari format per professorat de diferents departaments de la UVic, aix\u00ed com tamb\u00e9 per diferents agents de l\u2019\u00e0mbit educatiu<\/li>\n<li><strong>ECOM<\/strong>,\u00a0moviment associatiu integrat per organitzacions de persones amb discapacitat f\u00edsica. ECOM t\u00e9 una\u00a0doble missi\u00f3: defensar l\u2019exercici dels drets de les persones amb discapacitat f\u00edsica per assolir la plena inclusi\u00f3 social i millorar la seva qualitat de vida, amb l\u2019apoderament de les persones com a eix vertebrador; i enfortir el sector associatiu de la discapacitat f\u00edsica a trav\u00e9s de la participaci\u00f3, la representaci\u00f3 i el seu apoderament.<\/li>\n<\/ul>\n<h4 class=\"p1\">Taula 2: Diversitat cultural<\/h4>\n<ul>\n<li><strong>Edgar Iglesias,\u00a0<\/strong>llicenciat en Antropologia i Doctor en Pedagogia. Vinculat a l\u2019educaci\u00f3 en el lleure (dels 6 fins als 18 anys va ser membre de l\u2019A.E.iG. Pinya de Rosa de Blanes), ha estat professor a la Universitat Aut\u00f2noma de Barcelona i educador amb joves al Raval.\u00a0Ha fet una tesi doctoral sobre l\u2019educaci\u00f3 intercultural en l\u2019educaci\u00f3 en el lleure de base comunit\u00e0ria a Catalunya.<\/li>\n<li><strong>Institut Diversitas,\u00a0<\/strong>cooperativa d\u2019iniciativa social dedicada a la promoci\u00f3 de la diversitat en un sentit ampli, aix\u00ed com a oferir eines per a la seva gesti\u00f3 en diversos \u00e0mbits socials.<\/li>\n<li><strong>Escoltes Catalans<\/strong>,\u00a0\u00e9s l\u2019associaci\u00f3 laica de l\u2019escoltisme catal\u00e0. T\u00e9 una llarga traject\u00f2ria en projectes interculturals involucrant des dels m\u00e9s petits als m\u00e9s grans del cau. Compartiran amb nosaltres les bases d\u2019aquest treball intercultural i alguns exemples de projectes.<\/li>\n<\/ul>\n<h4 class=\"p2\">Taula 3: Diversitat sexual<\/h4>\n<ul>\n<li><strong>Meri Torras<\/strong>, professora de teoria de la literatura i literatura comparada a\u00a0la Universitat Aut\u00f2noma de Barcelona. Investigadora en\u00a0autografia, Women Studies, teoria\u00a0<em>queer<\/em>\u00a0y estudis culturals. Directora del grup de recerca \u201cCos i textualitat\u201d (UAB).<\/li>\n<li><strong>Ulleres per Esquerrans<\/strong>, projecte per explorar, q\u00fcestionar i transformar\u00a0mitjan\u00e7ant articles il\u00b7lustrats, formacions i tallers\u00a0sobre l\u2019educaci\u00f3 afectivo-sexual, els feminismes i lesmasculinitats amb unes altres ulleres.<\/li>\n<li><strong>Patricia Melgar<\/strong>, professora del \u00a0departament de Pedagogia, de l\u2019\u00e0rea de coneixement de Teoria i Hist\u00f2ria de L\u2019Educaci\u00f3. Membre de l\u2019Institut de Recerca Educativa i del Grup de Recerca en Pol\u00edtiques, Programes i Serveis Educatius i Socioculturals GRES.<\/li>\n<\/ul>\n<h2 class=\"p2\">Experi\u00e8ncies<\/h2>\n<ul>\n<li><b>R\u00e0dio Nikosia<\/b><\/li>\n<\/ul>\n<p>Una de les primeres emisores realitzades per persones que han estat diagnosticades de problemes de salut mental. \u00c9s una experiencia que intenta una mirada lateral sobre la bogeria\u00a0i busca vies\u00a0alternatives -i alteratives- en l\u2019a\u0301rea per a\u00a0deconstruir l\u2019estigma.<\/p>\n<ul>\n<li><b>A\u00efda Bisbal \u2013 TEAyudo<\/b><\/li>\n<\/ul>\n<p>TEAyudo \u00e9s una xarxa de profesionals especialitzats en el tractament d\u2019infants i joves amb transtorn de l\u2019Espectre Autista, formada per m\u00e9s de 20 professionals, desde psic\u00f2legs, logopedes i terapeutes ocupacionals. Treballen amb 60 fam\u00edlies de la prov\u00edncia de Barcelona. Es\u00a0basen en una metodologia conductual preco\u00e7, intensiva, educativa i individualitzada amb l\u2019objectiu de millorar la vida de les persones amb TEA i les seves families, fent la m\u00e0xima adaptaci\u00f3 possible a l\u2019entorn familiar, escolar i social en general.<\/p>\n<p><strong>A\u00efda Bisbal D\u00edaz:<\/strong>\u00a0persona activa, tranquil\u2022la, amb ganes de con\u00e8ixer i aprendre de l\u2019entorn i de la gent. Ha treballat\u00a0amb petits i joves desde el 2006 en l\u2019\u00e0mbit extraescolar, menjador, col\u00f2nies, voluntariat a l\u2019extranger amb infants en situacions prec\u00e0ries, suports a infants amb NEE, vetlladora\u2026 Des de 2014 fins l\u2019actualitat, \u00e9s terapeuta a TEAyudo amb infants i joves amb TEA.<\/p>\n<ul>\n<li><b>Javi \u00c1vila \u2013 Projecte Santi, Fundaci\u00f3 El Maresme<\/b><\/li>\n<\/ul>\n<p>Projecte que t\u00e9 com a objectiu donar a con\u00e8ixer qu\u00e8 fan\u00a0i com viuen\u00a0les persones amb discapacitat intel\u00b7lectual, per potenciar la seva inclusi\u00f3 social i generar una visi\u00f3 positiva i realista per part de la societat. La\u00a0Fundaci\u00f3 El Maresme \u00e9s una entitat d\u2019iniciativa social sense afany de lucre que promou i impulsa la integraci\u00f3 social de les persones amb discapacitat intel\u00b7lectual, des dels principis de la normalitzaci\u00f3 i el reconeixement de la difer\u00e8ncia.<\/p>\n<p><strong>Javi \u00c1vila:<\/strong>\u00a0coordinador del Projecte Santi de la Fundaci\u00f3 el Maresme.<\/p>\n<ul>\n<li><b>Ciutat esperan\u00e7a \u2013 El Parlante<\/b><\/li>\n<\/ul>\n<p>Ciutat Esperan\u00e7a \u00e9s un projecte realitzat pel col\u00b7lectiu El Parlante, en col\u00b7laboraci\u00f3 amb el Pla Comunitari de Ciutat Meridiana amb el suport de l\u2019Ajuntament de Barcelona.<br \/>\nUn grup de joves de Ciutat Meridiana que a trav\u00e9s de l\u2019audiovisual expressen la seva opini\u00f3 sobre temes com el racisme, l\u2019embar\u00e0s adolescent no planificat, la fotografia participativa i el bullying des del 2014. A m\u00e9s, participen en altres activitats que es realitzen a Ciutat Meridiana.<br \/>\nA dia d\u2019avui s\u2019estan formant en aspectes com banda sonora, documental, i constituci\u00f3 legal d\u2019entitats per a crear la seva pr\u00f2pia productora.<\/p>\n<ul>\n<li><b>Esplai l\u2019Agrupa \u2013 Camp de refugiats d\u2019Emhereiz (Sahara)<\/b><\/li>\n<\/ul>\n<p>L\u2019esplai L\u2019Agrupa de Molins de Rei ens explica el projecte en el que porten treballant des del curs passar. Un grup de monitors i monitores de l\u2019Esplai van marxar al desembre cap al S\u00e0hara, al campament de refugiats d\u2019Emhereiz! Per a fer-ho possible, varen estar treballant el projecte amb infants, joves i fam\u00edlies.<\/p>\n<ul>\n<li><b>Esplais de Sants \u2013 Vincular X Educar<\/b><\/li>\n<\/ul>\n<p>Vincular X educar \u00e9s un projecte comunitari en el que participen alguns esplais del barri de Sants del sector Barcelona, per afavorir el proc\u00e9s educatiu dels infants millorant la vinculaci\u00f3 de les fam\u00edlies amb l\u2019escola i les entitats de lleure educatiu del barri. Per als infants, \u00e9s l\u2019oportunitat d\u2019establir bons lligams amb el seu barri i desenvolupar bons vincles de futur per al seu creixement, aix\u00ed com per millorar els seus aprenentatges. Per a les fam\u00edlies, \u00e9s una oportunitat per millorar la seva relaci\u00f3 positiva amb l\u2019escola i l\u2019entorn del barri, desenvolupar la seva xarxa relacional i potenciar la cohesi\u00f3 social. Per a l\u2019escola, \u00e9s una oportunitat per obrir-se al barri, ser reconeguda i recon\u00e8ixer altres agents educatius que col\u00b7laboren: la pr\u00f2pia fam\u00edlia i altres entitats del barri. Pels esplais, \u00e9s una oportunitat de significar-se com agents actius del lleure educatiu i viure una experi\u00e8ncia de treball col\u00b7laboratiu directe amb l\u2019escola i les fam\u00edlies, participant proactivament en l\u2019educaci\u00f3 dels infants i el seu propi enfortiment com a organitzaci\u00f3. Finalment, per als serveis socials \u00e9s una oportunitat per incidir preventivament en la comunitat i ser visualitzats com agents de canvi i promoci\u00f3 social.<\/p>\n<ul>\n<li><b>Marc Bellmunt i Nora Soler \u2013 Zena<\/b><\/li>\n<\/ul>\n<p>Zena \u00e9s una revista en catal\u00e0 i castell\u00e0 que analitza la cultura popular -c\u00f2mics, s\u00e8ries, videojocs- amb perspectiva de g\u00e8nere. La revista tamb\u00e9 realitza activitats divulgatives a diferents f\u00f2rums, des d\u2019escoles fins a xerrades obertes al p\u00fablic, passant per tallers a professionals. La revista va ser guardonada en l\u2019edici\u00f3 2015 dels Premis de Periodisme Jove sobre Viol\u00e8ncia de G\u00e8nere del Instituto de la Juventud.<\/p>\n<p><strong>Marc Bellmunt<\/strong>: Doctorand en periodisme, realitza una investigaci\u00f3 sobre la relaci\u00f3 entre els consumidors de videojocs i les seves pr\u00e0ctiques comunicatives. Col\u00b7labora a \u2018La Garriga Digital\u2019 i a \u2018Zena\u2019.<br \/>\n<strong>Nora Soler<\/strong>: Dissenyadora especialitzada en comunicaci\u00f3 interactiva, entre els seus clients hi ha la Organitzaci\u00f3 Internacional del Treball. Il\u00b7lustra i escriu per a \u2018Zena\u2019.<\/p>\n<ul>\n<li><b>Marta Salvans \u2013\u00a0 TALCOMSOM<\/b><\/li>\n<\/ul>\n<p>TALCOMSOM \u00e9s l\u2019associaci\u00f3 de lesbianes, gais, transsexuals i bisexuals (LGTB) de Vic i la comarca d\u2019Osona, creada per ser un punt de trobada pel col\u00b7lectiu a la Catalunya Central. L\u2019\u00e0mbit d\u2019actuaci\u00f3 son les comarques d\u2019Osona, el Bergued\u00e0, la Garrotxa, el Moian\u00e8s i el Ripoll\u00e8s.\u00a0Durant tot l\u2019any FAN\u00a0actes de sensibilitzaci\u00f3 i visualitzaci\u00f3 del col\u00b7lectiu, com exposicions, xerrades, actes pel 17 de maig (Dia internacional contra la LGTBf\u00f2bia) i el 28 de juny (Dia internacional del col\u00b7lectiu LGTB). Tamb\u00e9 hem participat en l\u2019elaboraci\u00f3 del Pla Comarcal LGTB d\u2019Osona.<\/p>\n<p><strong>Marta Salvans Sol\u00e9:<\/strong>\u00a0dona transsexual, activista, coordinadora i portaveu de la Plataforma CISDIC, vocal de TRANSIFAM i de la Fundaci\u00f3 per la Identitat de G\u00e8nere. Associada a TALCOMSOM.\u00a0Ha realitzat m\u00e9s de 200 confer\u00e8ncies sobre identitat sexual i discriminaci\u00f3 envers les persones trans. Ha elaborat\u00a0l\u2019estudi \u201cl\u2019Observatori de la transsexualitat a Catalunya\u201d, conjuntament amb la resta de grups de\u00a0la Plataforma CISDIC.<\/p>\n<ul>\n<li><b>Blai Mart\u00ed Plademunt<\/b><\/li>\n<\/ul>\n<p>Blai Mart\u00ed Plademunt \u00e9s soci\u00f2leg, treballa com a t\u00e8cnic d\u2019igualtat de g\u00e8nere i \u00e9s alumne del M\u00e0ster d\u2019Estudis de G\u00e8nere, Dones i Ciutadania. Tamb\u00e9 \u00e9s membre de l\u2019equip del projecte \u201cDiversitat sexual i identitat religiosa\u201d de la Universitat de Vic \u2013 Universitat Central de Catalunya.<\/p>\n<p>\u201cEn les formacions en diversitat sexual, tenim en compte si a l\u2019aula hi ha persones de diferents religions o or\u00edgens?\u201d; \u201cCom es viu la desigualtat per orientaci\u00f3 sexual, quan tamb\u00e9 es viu discriminaci\u00f3 per ra\u00f3 d\u2019origen?\u201d; \u201cCom donem suport a les persones que pateixen homof\u00f2bia i islamof\u00f2bia al mateix temps?\u201d<br \/>\nTractarem de donar respostes col\u00b7lectives a aquestes preguntes. Arrel d\u2019una recerca sobre la diversitat sexual i religiosa, exposarem quines s\u00f3n les experi\u00e8ncies des de l\u2019Administraci\u00f3 i el Tercer Sector a aquest creuament de desigualtats. En veurem els l\u00edmits i oportunitats i reflexionarem sobre la conclusi\u00f3: qu\u00e8 \u00e9s la mirada interseccional?<\/p>\n<h2 class=\"p1\"><b>Pon\u00e8ncia de tancament<\/b><\/h2>\n<h5 class=\"p1\"><b><\/b><strong>FATIHA EL MOUALI SAMADI: \u201cEDUCAR SENSE PREJUDICIS\u201d<\/strong><\/h5>\n<p>Fatiha El Mouali Samadi\u00a0\u00e9s\u00a0te\u0300cnica d\u2019acollida, llicenciada en Cie\u0300ncies Econo\u0300miques i doctorant a la UAB. E\u0301s membre d\u2019Unitat Contra el Feixisme i el Racisme (UCFR) i de la Taula d\u2019Igualtat de Granollers. Ha publicat un article al llibre\u00a0<a href=\"http:\/\/www.icariaeditorial.com\/libros.php?id=1586\" target=\"_blank\" rel=\"noopener noreferrer\"><em><strong>Combatir la islamofobia. Una guia antirracista<\/strong><\/em><\/a>\u00a0i diversos\u00a0articles en a\u0300rab en revistes marroquines. Ha participat en moltes xerrades i confer\u00e8ncies i \u00e9s un referent en lluita contra la islamof\u00f2bia a Catalunya.<\/p>\n<\/div><div class=\"nav fusion-mobile-tab-nav\"><ul class=\"nav-tabs\" role=\"tablist\"><li role=\"presentation\"><a class=\"tab-link\" data-toggle=\"tab\" role=\"tab\" aria-controls=\"tab-f6e73e1ee1cc7f22bc3\" aria-selected=\"false\" tabindex=\"-1\" id=\"mobile-fusion-tab-v\u00eddeos\" href=\"#tab-f6e73e1ee1cc7f22bc3\"><h4 class=\"fusion-tab-heading\"><i class=\"fontawesome-icon fa-video fas\" aria-hidden=\"true\" style=\"font-size:19px;\"><\/i>V\u00eddeos<\/h4><\/a><\/li><\/ul><\/div><div class=\"tab-pane fade fusion-clearfix\" role=\"tabpanel\" tabindex=\"0\" aria-labelledby=\"fusion-tab-v\u00eddeos\" id=\"tab-f6e73e1ee1cc7f22bc3\"><div class=\"fusion-builder-row fusion-builder-row-inner fusion-row\"><div class=\"fusion-layout-column fusion_builder_column_inner fusion-builder-nested-column-2 fusion_builder_column_inner_1_2 1_2 fusion-one-half fusion-column-first\" style=\"--awb-bg-size:cover;width:50%;width:calc(50% - ( ( 4% ) * 0.5 ) );margin-right: 4%;\"><div class=\"fusion-column-wrapper fusion-column-has-shadow fusion-flex-column-wrapper-legacy\">\n<div class=\"fusion-text fusion-text-3\"><p><iframe class=\"fusion-hidden\" data-privacy-type=\"youtube\" src=\"\" data-privacy-src=\"https:\/\/www.youtube.com\/embed\/Rktme4UTZaY\" width=\"100%\" height=\"350\" frameborder=\"0\" allowfullscreen=\"allowfullscreen\"><\/iframe><div class=\"fusion-privacy-placeholder\" style=\"width:100%; height:350px;\" data-privacy-type=\"youtube\"><div class=\"fusion-privacy-placeholder-content\"><div class=\"fusion-privacy-label\">For privacy reasons YouTube needs your permission to be loaded. For more details, please see our <a class=\"privacy-policy-link\" href=\"https:\/\/www.esplac.cat\/avis-legal\/\" rel=\"privacy-policy\">Av\u00eds Legal<\/a>.<\/div><a href=\"\" data-privacy-type=\"youtube\" class=\"fusion-button button-default fusion-button-default-size button fusion-privacy-consent\">I Accept<\/a><\/div><\/div><\/p>\n<p><iframe class=\"fusion-hidden\" data-privacy-type=\"youtube\" src=\"\" data-privacy-src=\"https:\/\/www.youtube.com\/embed\/FE9zGfXR67E\" width=\"100%\" height=\"350\" frameborder=\"0\" allowfullscreen=\"allowfullscreen\"><\/iframe><div class=\"fusion-privacy-placeholder\" style=\"width:100%; height:350px;\" data-privacy-type=\"youtube\"><div class=\"fusion-privacy-placeholder-content\"><div class=\"fusion-privacy-label\">For privacy reasons YouTube needs your permission to be loaded. For more details, please see our <a class=\"privacy-policy-link\" href=\"https:\/\/www.esplac.cat\/avis-legal\/\" rel=\"privacy-policy\">Av\u00eds Legal<\/a>.<\/div><a href=\"\" data-privacy-type=\"youtube\" class=\"fusion-button button-default fusion-button-default-size button fusion-privacy-consent\">I Accept<\/a><\/div><\/div><\/p>\n<p><iframe class=\"fusion-hidden\" data-privacy-type=\"youtube\" src=\"\" data-privacy-src=\"https:\/\/www.youtube.com\/embed\/dz-NY0zA21k\" width=\"100%\" height=\"350\" frameborder=\"0\" allowfullscreen=\"allowfullscreen\"><\/iframe><div class=\"fusion-privacy-placeholder\" style=\"width:100%; height:350px;\" data-privacy-type=\"youtube\"><div class=\"fusion-privacy-placeholder-content\"><div class=\"fusion-privacy-label\">For privacy reasons YouTube needs your permission to be loaded. For more details, please see our <a class=\"privacy-policy-link\" href=\"https:\/\/www.esplac.cat\/avis-legal\/\" rel=\"privacy-policy\">Av\u00eds Legal<\/a>.<\/div><a href=\"\" data-privacy-type=\"youtube\" class=\"fusion-button button-default fusion-button-default-size button fusion-privacy-consent\">I Accept<\/a><\/div><\/div><\/p>\n<\/div>\n<div class=\"fusion-clearfix\"><\/div><\/div><\/div><div class=\"fusion-layout-column fusion_builder_column_inner fusion-builder-nested-column-3 fusion_builder_column_inner_1_2 1_2 fusion-one-half fusion-column-last\" style=\"--awb-bg-size:cover;width:50%;width:calc(50% - ( ( 4% ) * 0.5 ) );\"><div class=\"fusion-column-wrapper fusion-column-has-shadow fusion-flex-column-wrapper-legacy\">\n<div class=\"fusion-text fusion-text-4\"><p><iframe class=\"fusion-hidden\" data-privacy-type=\"youtube\" src=\"\" data-privacy-src=\"https:\/\/www.youtube.com\/embed\/dEEcnH8Vm8A\" width=\"100%\" height=\"350\" frameborder=\"0\" allowfullscreen=\"allowfullscreen\"><\/iframe><div class=\"fusion-privacy-placeholder\" style=\"width:100%; height:350px;\" data-privacy-type=\"youtube\"><div class=\"fusion-privacy-placeholder-content\"><div class=\"fusion-privacy-label\">For privacy reasons YouTube needs your permission to be loaded. For more details, please see our <a class=\"privacy-policy-link\" href=\"https:\/\/www.esplac.cat\/avis-legal\/\" rel=\"privacy-policy\">Av\u00eds Legal<\/a>.<\/div><a href=\"\" data-privacy-type=\"youtube\" class=\"fusion-button button-default fusion-button-default-size button fusion-privacy-consent\">I Accept<\/a><\/div><\/div><\/p>\n<p><iframe class=\"fusion-hidden\" data-privacy-type=\"youtube\" src=\"\" data-privacy-src=\"https:\/\/www.youtube.com\/embed\/XE09VKY5g4U\" width=\"100%\" height=\"350\" frameborder=\"0\" allowfullscreen=\"allowfullscreen\"><\/iframe><div class=\"fusion-privacy-placeholder\" style=\"width:100%; height:350px;\" data-privacy-type=\"youtube\"><div class=\"fusion-privacy-placeholder-content\"><div class=\"fusion-privacy-label\">For privacy reasons YouTube needs your permission to be loaded. For more details, please see our <a class=\"privacy-policy-link\" href=\"https:\/\/www.esplac.cat\/avis-legal\/\" rel=\"privacy-policy\">Av\u00eds Legal<\/a>.<\/div><a href=\"\" data-privacy-type=\"youtube\" class=\"fusion-button button-default fusion-button-default-size button fusion-privacy-consent\">I Accept<\/a><\/div><\/div><\/p>\n<p><iframe class=\"fusion-hidden\" data-privacy-type=\"youtube\" src=\"\" data-privacy-src=\"https:\/\/www.youtube.com\/embed\/g0zZ_TjnevQ\" width=\"100%\" height=\"350\" frameborder=\"0\" allowfullscreen=\"allowfullscreen\"><\/iframe><div class=\"fusion-privacy-placeholder\" style=\"width:100%; height:350px;\" data-privacy-type=\"youtube\"><div class=\"fusion-privacy-placeholder-content\"><div class=\"fusion-privacy-label\">For privacy reasons YouTube needs your permission to be loaded. For more details, please see our <a class=\"privacy-policy-link\" href=\"https:\/\/www.esplac.cat\/avis-legal\/\" rel=\"privacy-policy\">Av\u00eds Legal<\/a>.<\/div><a href=\"\" data-privacy-type=\"youtube\" class=\"fusion-button button-default fusion-button-default-size button fusion-privacy-consent\">I Accept<\/a><\/div><\/div><\/p>\n<p><iframe class=\"fusion-hidden\" data-privacy-type=\"youtube\" src=\"\" data-privacy-src=\"https:\/\/www.youtube.com\/embed\/E4Q2Tst21eY\" width=\"100%\" height=\"350\" frameborder=\"0\" allowfullscreen=\"allowfullscreen\"><\/iframe><div class=\"fusion-privacy-placeholder\" style=\"width:100%; height:350px;\" data-privacy-type=\"youtube\"><div class=\"fusion-privacy-placeholder-content\"><div class=\"fusion-privacy-label\">For privacy reasons YouTube needs your permission to be loaded. For more details, please see our <a class=\"privacy-policy-link\" href=\"https:\/\/www.esplac.cat\/avis-legal\/\" rel=\"privacy-policy\">Av\u00eds Legal<\/a>.<\/div><a href=\"\" data-privacy-type=\"youtube\" class=\"fusion-button button-default fusion-button-default-size button fusion-privacy-consent\">I Accept<\/a><\/div><\/div><\/p>\n<\/div>\n<div class=\"fusion-clearfix\"><\/div><\/div><\/div><\/div><\/div><div class=\"nav fusion-mobile-tab-nav\"><ul class=\"nav-tabs\" role=\"tablist\"><li role=\"presentation\"><a class=\"tab-link\" data-toggle=\"tab\" role=\"tab\" aria-controls=\"tab-f8a773b339d919a42de\" aria-selected=\"false\" tabindex=\"-1\" id=\"mobile-fusion-tab-articles\" href=\"#tab-f8a773b339d919a42de\"><h4 class=\"fusion-tab-heading\"><i class=\"fontawesome-icon fa-rss fas\" aria-hidden=\"true\" style=\"font-size:19px;\"><\/i>Articles<\/h4><\/a><\/li><\/ul><\/div><div class=\"tab-pane fade fusion-clearfix\" role=\"tabpanel\" tabindex=\"0\" aria-labelledby=\"fusion-tab-articles\" id=\"tab-f8a773b339d919a42de\">\n<p>Al Som Esplai hem publicat diversos articles de reflexi\u00f3 sobre diverses tem\u00e0tiques\u00a0d\u2019aquesta Escola d\u2019Esplac. Aqu\u00ed en fem un recull:<\/p>\n<ul>\n<li>\n<h3 class=\"blogtitle entry-title\"><a href=\"http:\/\/www.somesplai.cat\/index.php\/desmuntant-la-diversitat-cultural\/\" target=\"_blank\" rel=\"noopener noreferrer\">DESMUNTANT LA \u2018DIVERSITAT CULTURAL\u2019<\/a><\/h3>\n<\/li>\n<\/ul>\n<p>Reflexi\u00f3 sobre com el terme \u201ccultura\u201d es fa servir en alguns entorns educatius per referir-se i caracteritzar, principalment, a les persones immigrades. Aquest terme pot servir tant per construir ponts com per erigir murs.<\/p>\n<p>Autor: Miquel Martorell Faus<\/p>\n<ul>\n<li>\n<h3><a href=\"http:\/\/www.somesplai.cat\/index.php\/fatiha-el-mouali-cal-cuidar-i-treballar-la-mirada-per-educar-sense-prejudicis\/\" target=\"_blank\" rel=\"noopener noreferrer\">V\u00cdDEO | ENTREVISTA A FATIHA EL MOUALI: \u201cCAL CUIDAR I TREBALLAR LA MIRADA PER EDUCAR SENSE PREJUDICIS\u201d<\/a><\/h3>\n<\/li>\n<\/ul>\n<p>Entrevistem a Granollers l\u2019economista, t\u00e8cnica d\u2019acollida i activista d\u2019Unitat Contra el Feixisme i el Racisme (UCFR)\u00a0<strong>Fatiha El Mouali,<\/strong>\u00a0l\u2019encarregada de fer la pon\u00e8ncia de tancament de la 5a edici\u00f3 de l\u2019<a href=\"https:\/\/www.esplac.cat\/escola-esplac\/\" target=\"_blank\" rel=\"noopener noreferrer\"><strong>Escola d\u2019Esplac 2017<\/strong><\/a>\u00a0el 12 de mar\u00e7 a Vic, sota\u00a0el t\u00edtol\u00a0<strong><em>\u201cEducar sense prejudicis\u201d<\/em><\/strong>. En aquesta entrevista ens avan\u00e7a part de les seves reflexions sobre acollida, activisme, islamof\u00f2bia, g\u00e8nere o educaci\u00f3.<\/p>\n<p>Autor: V\u00edctor Yustres Santiago<\/p>\n<ul>\n<li>\n<h3 class=\"blogtitle entry-title\"><a href=\"http:\/\/www.somesplai.cat\/index.php\/trencar-barreres-per-cohesionar-nos\/\" target=\"_blank\" rel=\"noopener noreferrer\">TRENCAR BARRERES PER COHESIONAR-NOS<\/a><\/h3>\n<\/li>\n<\/ul>\n<p>Tothom t\u00e9 capacitats i discapacitats, i la diversitat \u00e9s el que ens cohesiona i ens enriqueix. Aquest article, basant-se en una guia presentada pel CJB, destaca que cal\u00a0que aprofitem recursos ja existents i que busquem\u00a0estrat\u00e8gies per millorar l\u2019accessibilitat\u00a0dels nostres espais.<\/p>\n<p>Autor: V\u00edctor Yustres Santiago<\/p>\n<ul>\n<li>\n<h3><a href=\"http:\/\/www.somesplai.cat\/index.php\/visibilitzem-diversitat-a-esplai\/\" target=\"_blank\" rel=\"noopener noreferrer\">IL\u00b7LUSTRACI\u00d3 | VISIBILITZEM LA DIVERSITAT A L\u2019ESPLAI<\/a><\/h3>\n<\/li>\n<\/ul>\n<p>Publiquem una il\u00b7lustraci\u00f3 que reflexiona sobre com impulsar, donar visibilitat i naturalitzar la diversitat a l\u2019esplai.<\/p>\n<p>Autor: Adri\u00e0 Nicol\u00e0s Arag\u00f3<\/p>\n<\/div><div class=\"nav fusion-mobile-tab-nav\"><ul class=\"nav-tabs\" role=\"tablist\"><li role=\"presentation\"><a class=\"tab-link\" data-toggle=\"tab\" role=\"tab\" aria-controls=\"tab-22ec55db79ccb1d28ba\" aria-selected=\"false\" tabindex=\"-1\" id=\"mobile-fusion-tab-inscripcions\" href=\"#tab-22ec55db79ccb1d28ba\"><h4 class=\"fusion-tab-heading\"><i class=\"fontawesome-icon fa-calendar-check far\" aria-hidden=\"true\" style=\"font-size:19px;\"><\/i>Inscripcions<\/h4><\/a><\/li><\/ul><\/div><div class=\"tab-pane fade fusion-clearfix\" role=\"tabpanel\" tabindex=\"0\" aria-labelledby=\"fusion-tab-inscripcions\" id=\"tab-22ec55db79ccb1d28ba\">\n<p>Les inscripcions per a l\u2019Escola d\u2019Esplac 2017 romandran\u00a0obertes<strong>\u00a0del 8 de febrer fins el 27 de febrer<\/strong>. Hi ha dues modalitats:<\/p>\n<ol>\n<li>Si ets monitora o monitor d\u2019un esplai d\u2019Esplac, podr\u00e0s incriure\u2019t\u00a0<strong><a href=\"https:\/\/esplac.cat\/esplacnet\/login\/index.php\" target=\"_blank\" rel=\"noopener noreferrer\">entrant a l\u2019EsplacNet amb el teu\u00a0nom d\u2019usuari i contrasenya<\/a><\/strong>. Un cop a dins, trobar\u00e0s\u00a0el formulari d\u2019inscripci\u00f3 a la secci\u00f3 \u201cTrobades\u201d.<\/li>\n<li>Si ets dirigent, soci\/a o una persona externa a l\u2019entitat,\u00a0<strong><a href=\"https:\/\/docs.google.com\/a\/esplac.cat\/forms\/d\/e\/1FAIpQLSfsRk_NvZ2v1AXZqpB69lWlV_YhZF1N4PDtbr4w9bnZtSmC2A\/viewform?c=0&amp;w=1&amp;usp=send_form\" target=\"_blank\" rel=\"noopener noreferrer\">fes clic aqu\u00ed per accedir al formulari d\u2019inscripci\u00f3<\/a><\/strong>\u00a0i\u00a0segueix els passos que t\u2019indiquem.<\/li>\n<\/ol>\n<p><strong>Recordeu que les places s\u00f3n limitades!<\/strong><br \/>\nLa participaci\u00f3 a l\u2019Escola d\u2019Esplac 2017\u00a0<strong>convalida 12 hores associatives<\/strong>. No e\u0301s necessari fer cap treball extra per convalidar les hores com a hores associatives dels cursos d\u2019E\u0300xit Marta Mata. Nome\u0301s cal que els participants hagin signat el llistat d\u2019assiste\u0300ncia a totes les sessions.<\/p>\n<p>Si teniu qualsevol dubte o necessiteu m\u00e9s informaci\u00f3, ens podeu escriure a\u00a0<a href=\"mailto:organitzacio@esplac.cat\">organitzacio@esplac.cat<\/a>.<\/p>\n<\/div><\/div><\/div><div class=\"fusion-aligncenter\"><a class=\"fusion-button button-flat fusion-button-default-size button-default fusion-button-default button-2 fusion-button-default-span fusion-button-default-type\" target=\"_self\" href=\"\/wp-content\/uploads\/2019\/10\/Resum-i-conclusions-Escola-dEsplac-2017.pdf\"><span class=\"fusion-button-text\">Conclusions Escola d&#8217;Esplac 2017<\/span><\/a><\/div><div class=\"fusion-clearfix\"><\/div><\/div><\/div><\/div><\/div><div class=\"fusion-fullwidth fullwidth-box fusion-builder-row-2 fusion-flex-container nonhundred-percent-fullwidth non-hundred-percent-height-scrolling\" style=\"--awb-border-radius-top-left:0px;--awb-border-radius-top-right:0px;--awb-border-radius-bottom-right:0px;--awb-border-radius-bottom-left:0px;--awb-margin-bottom:40px;--awb-flex-wrap:wrap;\" ><div class=\"fusion-builder-row fusion-row fusion-flex-align-items-flex-start fusion-flex-content-wrap\" style=\"max-width:1248px;margin-left: calc(-4% \/ 2 );margin-right: calc(-4% \/ 2 );\"><div class=\"fusion-layout-column fusion_builder_column fusion-builder-column-3 fusion_builder_column_1_1 1_1 fusion-flex-column\" style=\"--awb-bg-blend:overlay;--awb-bg-size:cover;--awb-width-large:100%;--awb-margin-top-large:0px;--awb-spacing-right-large:1.92%;--awb-margin-bottom-large:20px;--awb-spacing-left-large:1.92%;--awb-width-medium:100%;--awb-spacing-right-medium:1.92%;--awb-spacing-left-medium:1.92%;--awb-width-small:100%;--awb-spacing-right-small:1.92%;--awb-spacing-left-small:1.92%;\"><div class=\"fusion-column-wrapper fusion-column-has-shadow fusion-flex-justify-content-flex-start fusion-content-layout-column\"><div class=\"fusion-text fusion-text-5\"><h3><strong>Altres edicions de l\u2019Escola d\u2019Esplac<\/strong><\/h3>\n<\/div><\/div><\/div><div class=\"fusion-layout-column fusion_builder_column fusion-builder-column-4 fusion_builder_column_1_4 1_4 fusion-flex-column fusion-column-inner-bg-wrapper\" style=\"--awb-inner-bg-blend:overlay;--awb-inner-bg-size:cover;--awb-width-large:25%;--awb-margin-top-large:0px;--awb-spacing-right-large:7.68%;--awb-margin-bottom-large:20px;--awb-spacing-left-large:7.68%;--awb-width-medium:100%;--awb-order-medium:0;--awb-spacing-right-medium:1.92%;--awb-spacing-left-medium:1.92%;--awb-width-small:100%;--awb-order-small:0;--awb-spacing-right-small:1.92%;--awb-spacing-left-small:1.92%;\" data-motion-effects=\"[{&quot;type&quot;:&quot;&quot;,&quot;scroll_type&quot;:&quot;transition&quot;,&quot;scroll_direction&quot;:&quot;up&quot;,&quot;transition_speed&quot;:&quot;1&quot;,&quot;fade_type&quot;:&quot;in&quot;,&quot;scale_type&quot;:&quot;up&quot;,&quot;initial_scale&quot;:&quot;1&quot;,&quot;max_scale&quot;:&quot;1.5&quot;,&quot;min_scale&quot;:&quot;0.5&quot;,&quot;initial_rotate&quot;:&quot;0&quot;,&quot;end_rotate&quot;:&quot;30&quot;,&quot;initial_blur&quot;:&quot;0&quot;,&quot;end_blur&quot;:&quot;3&quot;,&quot;start_element&quot;:&quot;top&quot;,&quot;start_viewport&quot;:&quot;bottom&quot;,&quot;end_element&quot;:&quot;bottom&quot;,&quot;end_viewport&quot;:&quot;top&quot;,&quot;mouse_effect&quot;:&quot;track&quot;,&quot;mouse_effect_direction&quot;:&quot;opposite&quot;,&quot;mouse_effect_speed&quot;:&quot;2&quot;,&quot;infinite_animation&quot;:&quot;float&quot;,&quot;infinite_animation_speed&quot;:&quot;2&quot;}]\" data-scroll-devices=\"small-visibility,medium-visibility,large-visibility\"><span class=\"fusion-column-inner-bg hover-type-none\"><a class=\"fusion-column-anchor\" href=\"https:\/\/www.esplac.cat\/formacions\/escola-esplac-2025\/\"><span class=\"fusion-column-inner-bg-image\"><\/span><\/a><\/span><div class=\"fusion-column-wrapper fusion-column-has-shadow fusion-flex-justify-content-flex-start fusion-content-layout-column\"><div class=\"fusion-image-element \" style=\"text-align:center;--awb-liftup-border-radius:0px;--awb-caption-title-font-family:var(--h2_typography-font-family);--awb-caption-title-font-weight:var(--h2_typography-font-weight);--awb-caption-title-font-style:var(--h2_typography-font-style);--awb-caption-title-size:var(--h2_typography-font-size);--awb-caption-title-transform:var(--h2_typography-text-transform);--awb-caption-title-line-height:var(--h2_typography-line-height);--awb-caption-title-letter-spacing:var(--h2_typography-letter-spacing);\"><div class=\"awb-image-frame awb-image-frame-2 imageframe-liftup\"><span class=\" fusion-imageframe imageframe-none imageframe-2\"><a class=\"fusion-no-lightbox\" href=\"https:\/\/www.esplac.cat\/formacions\/escola-desplac-2024\/\" target=\"_self\" aria-label=\"cartell_esplac2025\"><img decoding=\"async\" width=\"212\" height=\"300\" src=\"https:\/\/www.esplac.cat\/wp-content\/uploads\/2024\/11\/cartell_esplac2025-212x300.jpg\" alt class=\"img-responsive wp-image-51867\" srcset=\"https:\/\/www.esplac.cat\/wp-content\/uploads\/2024\/11\/cartell_esplac2025-200x283.jpg 200w, https:\/\/www.esplac.cat\/wp-content\/uploads\/2024\/11\/cartell_esplac2025-400x566.jpg 400w, https:\/\/www.esplac.cat\/wp-content\/uploads\/2024\/11\/cartell_esplac2025-600x849.jpg 600w, https:\/\/www.esplac.cat\/wp-content\/uploads\/2024\/11\/cartell_esplac2025-800x1131.jpg 800w, https:\/\/www.esplac.cat\/wp-content\/uploads\/2024\/11\/cartell_esplac2025-1200x1697.jpg 1200w, https:\/\/www.esplac.cat\/wp-content\/uploads\/2024\/11\/cartell_esplac2025-scaled.jpg 1810w\" sizes=\"(max-width: 1024px) 100vw, (max-width: 640px) 100vw, 400px\" \/><\/a><\/span><\/div><\/div><div class=\"fusion-separator fusion-full-width-sep\" style=\"align-self: center;margin-left: auto;margin-right: auto;margin-bottom:20px;width:100%;\"><\/div><div class=\"fusion-text fusion-text-6\"><h5 style=\"text-align: center;\"><strong><a href=\"https:\/\/www.esplac.cat\/formacions\/escola-esplac-2025\/\" target=\"_blank\" rel=\"noopener\">Escola d\u2019Esplac 2025<\/a><\/strong><\/h5>\n<\/div><div class=\"fusion-separator fusion-full-width-sep\" style=\"align-self: center;margin-left: auto;margin-right: auto;margin-bottom:20px;width:100%;\"><\/div><\/div><\/div><div class=\"fusion-layout-column fusion_builder_column fusion-builder-column-5 fusion_builder_column_1_4 1_4 fusion-flex-column fusion-column-inner-bg-wrapper\" style=\"--awb-inner-bg-blend:overlay;--awb-inner-bg-size:cover;--awb-width-large:25%;--awb-margin-top-large:0px;--awb-spacing-right-large:7.68%;--awb-margin-bottom-large:20px;--awb-spacing-left-large:7.68%;--awb-width-medium:100%;--awb-order-medium:0;--awb-spacing-right-medium:1.92%;--awb-spacing-left-medium:1.92%;--awb-width-small:100%;--awb-order-small:0;--awb-spacing-right-small:1.92%;--awb-spacing-left-small:1.92%;\" data-motion-effects=\"[{&quot;type&quot;:&quot;&quot;,&quot;scroll_type&quot;:&quot;transition&quot;,&quot;scroll_direction&quot;:&quot;up&quot;,&quot;transition_speed&quot;:&quot;1&quot;,&quot;fade_type&quot;:&quot;in&quot;,&quot;scale_type&quot;:&quot;up&quot;,&quot;initial_scale&quot;:&quot;1&quot;,&quot;max_scale&quot;:&quot;1.5&quot;,&quot;min_scale&quot;:&quot;0.5&quot;,&quot;initial_rotate&quot;:&quot;0&quot;,&quot;end_rotate&quot;:&quot;30&quot;,&quot;initial_blur&quot;:&quot;0&quot;,&quot;end_blur&quot;:&quot;3&quot;,&quot;start_element&quot;:&quot;top&quot;,&quot;start_viewport&quot;:&quot;bottom&quot;,&quot;end_element&quot;:&quot;bottom&quot;,&quot;end_viewport&quot;:&quot;top&quot;,&quot;mouse_effect&quot;:&quot;track&quot;,&quot;mouse_effect_direction&quot;:&quot;opposite&quot;,&quot;mouse_effect_speed&quot;:&quot;2&quot;,&quot;infinite_animation&quot;:&quot;float&quot;,&quot;infinite_animation_speed&quot;:&quot;2&quot;}]\" data-scroll-devices=\"small-visibility,medium-visibility,large-visibility\"><span class=\"fusion-column-inner-bg hover-type-none\"><a class=\"fusion-column-anchor\" href=\"https:\/\/www.esplac.cat\/formacions\/escola-desplac-2024\/\"><span class=\"fusion-column-inner-bg-image\"><\/span><\/a><\/span><div class=\"fusion-column-wrapper fusion-column-has-shadow fusion-flex-justify-content-flex-start fusion-content-layout-column\"><div class=\"fusion-image-element \" style=\"text-align:center;--awb-liftup-border-radius:0px;--awb-caption-title-font-family:var(--h2_typography-font-family);--awb-caption-title-font-weight:var(--h2_typography-font-weight);--awb-caption-title-font-style:var(--h2_typography-font-style);--awb-caption-title-size:var(--h2_typography-font-size);--awb-caption-title-transform:var(--h2_typography-text-transform);--awb-caption-title-line-height:var(--h2_typography-line-height);--awb-caption-title-letter-spacing:var(--h2_typography-letter-spacing);\"><div class=\"awb-image-frame awb-image-frame-3 imageframe-liftup\"><span class=\" fusion-imageframe imageframe-none imageframe-3\"><a class=\"fusion-no-lightbox\" href=\"https:\/\/www.esplac.cat\/formacions\/escola-desplac-2024\/\" target=\"_self\" aria-label=\"Ilustraci\u00f3n sin t\u00edtulo\"><img decoding=\"async\" width=\"212\" height=\"300\" src=\"https:\/\/www.esplac.cat\/wp-content\/uploads\/2024\/11\/Cartell-Escola-Esplac-24-800x1131-1-212x300.jpg\" alt class=\"img-responsive wp-image-51850\" srcset=\"https:\/\/www.esplac.cat\/wp-content\/uploads\/2024\/11\/Cartell-Escola-Esplac-24-800x1131-1-200x283.jpg 200w, https:\/\/www.esplac.cat\/wp-content\/uploads\/2024\/11\/Cartell-Escola-Esplac-24-800x1131-1-400x566.jpg 400w, https:\/\/www.esplac.cat\/wp-content\/uploads\/2024\/11\/Cartell-Escola-Esplac-24-800x1131-1-600x848.jpg 600w, https:\/\/www.esplac.cat\/wp-content\/uploads\/2024\/11\/Cartell-Escola-Esplac-24-800x1131-1.jpg 800w\" sizes=\"(max-width: 1024px) 100vw, (max-width: 640px) 100vw, 400px\" \/><\/a><\/span><\/div><\/div><div class=\"fusion-separator fusion-full-width-sep\" style=\"align-self: center;margin-left: auto;margin-right: auto;margin-bottom:20px;width:100%;\"><\/div><div class=\"fusion-text fusion-text-7\"><h5 style=\"text-align: center;\"><strong><a href=\"https:\/\/www.esplac.cat\/formacions\/escola-desplac-2024\/\" target=\"_blank\" rel=\"noopener\">Escola d\u2019Esplac 2024<\/a><\/strong><\/h5>\n<\/div><div class=\"fusion-separator fusion-full-width-sep\" style=\"align-self: center;margin-left: auto;margin-right: auto;margin-bottom:20px;width:100%;\"><\/div><\/div><\/div><div class=\"fusion-layout-column fusion_builder_column fusion-builder-column-6 fusion_builder_column_1_4 1_4 fusion-flex-column fusion-column-inner-bg-wrapper\" style=\"--awb-inner-bg-blend:overlay;--awb-inner-bg-size:cover;--awb-width-large:25%;--awb-margin-top-large:0px;--awb-spacing-right-large:7.68%;--awb-margin-bottom-large:20px;--awb-spacing-left-large:7.68%;--awb-width-medium:100%;--awb-order-medium:0;--awb-spacing-right-medium:1.92%;--awb-spacing-left-medium:1.92%;--awb-width-small:100%;--awb-order-small:0;--awb-spacing-right-small:1.92%;--awb-spacing-left-small:1.92%;\" data-motion-effects=\"[{&quot;type&quot;:&quot;&quot;,&quot;scroll_type&quot;:&quot;transition&quot;,&quot;scroll_direction&quot;:&quot;up&quot;,&quot;transition_speed&quot;:&quot;1&quot;,&quot;fade_type&quot;:&quot;in&quot;,&quot;scale_type&quot;:&quot;up&quot;,&quot;initial_scale&quot;:&quot;1&quot;,&quot;max_scale&quot;:&quot;1.5&quot;,&quot;min_scale&quot;:&quot;0.5&quot;,&quot;initial_rotate&quot;:&quot;0&quot;,&quot;end_rotate&quot;:&quot;30&quot;,&quot;initial_blur&quot;:&quot;0&quot;,&quot;end_blur&quot;:&quot;3&quot;,&quot;start_element&quot;:&quot;top&quot;,&quot;start_viewport&quot;:&quot;bottom&quot;,&quot;end_element&quot;:&quot;bottom&quot;,&quot;end_viewport&quot;:&quot;top&quot;,&quot;mouse_effect&quot;:&quot;track&quot;,&quot;mouse_effect_direction&quot;:&quot;opposite&quot;,&quot;mouse_effect_speed&quot;:&quot;2&quot;,&quot;infinite_animation&quot;:&quot;float&quot;,&quot;infinite_animation_speed&quot;:&quot;2&quot;}]\" data-scroll-devices=\"small-visibility,medium-visibility,large-visibility\"><span class=\"fusion-column-inner-bg hover-type-none\"><a class=\"fusion-column-anchor\" href=\"https:\/\/www.esplac.cat\/formacions\/escola-desplac-2023\/\"><span class=\"fusion-column-inner-bg-image\"><\/span><\/a><\/span><div class=\"fusion-column-wrapper fusion-column-has-shadow fusion-flex-justify-content-flex-start fusion-content-layout-column\"><div class=\"fusion-image-element \" style=\"text-align:center;--awb-liftup-border-radius:0px;--awb-caption-title-font-family:var(--h2_typography-font-family);--awb-caption-title-font-weight:var(--h2_typography-font-weight);--awb-caption-title-font-style:var(--h2_typography-font-style);--awb-caption-title-size:var(--h2_typography-font-size);--awb-caption-title-transform:var(--h2_typography-text-transform);--awb-caption-title-line-height:var(--h2_typography-line-height);--awb-caption-title-letter-spacing:var(--h2_typography-letter-spacing);\"><div class=\"awb-image-frame awb-image-frame-4 imageframe-liftup\"><span class=\" fusion-imageframe imageframe-none imageframe-4\"><a class=\"fusion-no-lightbox\" href=\"https:\/\/www.esplac.cat\/formacions\/escola-desplac-2023\/\" target=\"_self\" aria-label=\"Esplac_Escola23_CartellHR_page-0001\"><img decoding=\"async\" width=\"215\" height=\"300\" src=\"https:\/\/www.esplac.cat\/wp-content\/uploads\/2022\/11\/Esplac_Escola23_CartellHR_page-0001-215x300.jpg\" alt class=\"img-responsive wp-image-42246\" srcset=\"https:\/\/www.esplac.cat\/wp-content\/uploads\/2022\/11\/Esplac_Escola23_CartellHR_page-0001-200x279.jpg 200w, https:\/\/www.esplac.cat\/wp-content\/uploads\/2022\/11\/Esplac_Escola23_CartellHR_page-0001-400x557.jpg 400w, https:\/\/www.esplac.cat\/wp-content\/uploads\/2022\/11\/Esplac_Escola23_CartellHR_page-0001-600x836.jpg 600w, https:\/\/www.esplac.cat\/wp-content\/uploads\/2022\/11\/Esplac_Escola23_CartellHR_page-0001-800x1114.jpg 800w, https:\/\/www.esplac.cat\/wp-content\/uploads\/2022\/11\/Esplac_Escola23_CartellHR_page-0001-1200x1671.jpg 1200w, https:\/\/www.esplac.cat\/wp-content\/uploads\/2022\/11\/Esplac_Escola23_CartellHR_page-0001-scaled.jpg 1838w\" sizes=\"(max-width: 1024px) 100vw, (max-width: 640px) 100vw, 400px\" \/><\/a><\/span><\/div><\/div><div class=\"fusion-separator fusion-full-width-sep\" style=\"align-self: center;margin-left: auto;margin-right: auto;margin-bottom:20px;width:100%;\"><\/div><div class=\"fusion-text fusion-text-8\"><h5 style=\"text-align: center;\"><strong><a href=\"https:\/\/www.esplac.cat\/formacions\/escola-desplac-2023\/\" target=\"_blank\" rel=\"noopener\">Escola d\u2019Esplac 2023<\/a><\/strong><\/h5>\n<\/div><div class=\"fusion-separator fusion-full-width-sep\" style=\"align-self: center;margin-left: auto;margin-right: auto;margin-bottom:20px;width:100%;\"><\/div><\/div><\/div><div class=\"fusion-layout-column fusion_builder_column fusion-builder-column-7 fusion_builder_column_1_4 1_4 fusion-flex-column fusion-column-inner-bg-wrapper\" style=\"--awb-inner-bg-blend:overlay;--awb-inner-bg-size:cover;--awb-width-large:25%;--awb-margin-top-large:0px;--awb-spacing-right-large:7.68%;--awb-margin-bottom-large:20px;--awb-spacing-left-large:7.68%;--awb-width-medium:100%;--awb-order-medium:0;--awb-spacing-right-medium:1.92%;--awb-spacing-left-medium:1.92%;--awb-width-small:100%;--awb-order-small:0;--awb-spacing-right-small:1.92%;--awb-spacing-left-small:1.92%;\" data-motion-effects=\"[{&quot;type&quot;:&quot;&quot;,&quot;scroll_type&quot;:&quot;transition&quot;,&quot;scroll_direction&quot;:&quot;up&quot;,&quot;transition_speed&quot;:&quot;1&quot;,&quot;fade_type&quot;:&quot;in&quot;,&quot;scale_type&quot;:&quot;up&quot;,&quot;initial_scale&quot;:&quot;1&quot;,&quot;max_scale&quot;:&quot;1.5&quot;,&quot;min_scale&quot;:&quot;0.5&quot;,&quot;initial_rotate&quot;:&quot;0&quot;,&quot;end_rotate&quot;:&quot;30&quot;,&quot;initial_blur&quot;:&quot;0&quot;,&quot;end_blur&quot;:&quot;3&quot;,&quot;start_element&quot;:&quot;top&quot;,&quot;start_viewport&quot;:&quot;bottom&quot;,&quot;end_element&quot;:&quot;bottom&quot;,&quot;end_viewport&quot;:&quot;top&quot;,&quot;mouse_effect&quot;:&quot;track&quot;,&quot;mouse_effect_direction&quot;:&quot;opposite&quot;,&quot;mouse_effect_speed&quot;:&quot;2&quot;,&quot;infinite_animation&quot;:&quot;float&quot;,&quot;infinite_animation_speed&quot;:&quot;2&quot;}]\" data-scroll-devices=\"small-visibility,medium-visibility,large-visibility\"><span class=\"fusion-column-inner-bg hover-type-none\"><a class=\"fusion-column-anchor\" href=\"https:\/\/www.esplac.cat\/formacions\/escola-desplac-2022\/\"><span class=\"fusion-column-inner-bg-image\"><\/span><\/a><\/span><div class=\"fusion-column-wrapper fusion-column-has-shadow fusion-flex-justify-content-flex-start fusion-content-layout-column\"><div class=\"fusion-image-element \" style=\"text-align:center;--awb-liftup-border-radius:0px;--awb-caption-title-font-family:var(--h2_typography-font-family);--awb-caption-title-font-weight:var(--h2_typography-font-weight);--awb-caption-title-font-style:var(--h2_typography-font-style);--awb-caption-title-size:var(--h2_typography-font-size);--awb-caption-title-transform:var(--h2_typography-text-transform);--awb-caption-title-line-height:var(--h2_typography-line-height);--awb-caption-title-letter-spacing:var(--h2_typography-letter-spacing);\"><div class=\"awb-image-frame awb-image-frame-5 imageframe-liftup\"><span class=\" fusion-imageframe imageframe-none imageframe-5\"><a class=\"fusion-no-lightbox\" href=\"https:\/\/www.esplac.cat\/formacions\/escola-desplac-2022\/\" target=\"_self\" aria-label=\"ee22\"><img decoding=\"async\" width=\"212\" height=\"300\" src=\"https:\/\/www.esplac.cat\/wp-content\/uploads\/2024\/02\/ee22-212x300.jpeg\" alt class=\"img-responsive wp-image-48957\" srcset=\"https:\/\/www.esplac.cat\/wp-content\/uploads\/2024\/02\/ee22-200x283.jpeg 200w, https:\/\/www.esplac.cat\/wp-content\/uploads\/2024\/02\/ee22-400x566.jpeg 400w, https:\/\/www.esplac.cat\/wp-content\/uploads\/2024\/02\/ee22-600x849.jpeg 600w, https:\/\/www.esplac.cat\/wp-content\/uploads\/2024\/02\/ee22-800x1131.jpeg 800w, https:\/\/www.esplac.cat\/wp-content\/uploads\/2024\/02\/ee22-1200x1697.jpeg 1200w, https:\/\/www.esplac.cat\/wp-content\/uploads\/2024\/02\/ee22.jpeg 1810w\" sizes=\"(max-width: 1024px) 100vw, (max-width: 640px) 100vw, 400px\" \/><\/a><\/span><\/div><\/div><div class=\"fusion-separator fusion-full-width-sep\" style=\"align-self: center;margin-left: auto;margin-right: auto;margin-bottom:20px;width:100%;\"><\/div><div class=\"fusion-text fusion-text-9\"><h5 style=\"text-align: center;\"><a href=\"https:\/\/www.esplac.cat\/formacions\/escola-desplac-2022\/\" target=\"_blank\" rel=\"noopener\"><strong>Escola d\u2019Esplac 2022<\/strong><\/a><\/h5>\n<\/div><div class=\"fusion-separator fusion-full-width-sep\" style=\"align-self: center;margin-left: auto;margin-right: auto;margin-bottom:20px;width:100%;\"><\/div><\/div><\/div><div class=\"fusion-layout-column fusion_builder_column fusion-builder-column-8 fusion_builder_column_1_4 1_4 fusion-flex-column fusion-column-inner-bg-wrapper\" style=\"--awb-inner-bg-blend:overlay;--awb-inner-bg-size:cover;--awb-width-large:25%;--awb-margin-top-large:0px;--awb-spacing-right-large:7.68%;--awb-margin-bottom-large:20px;--awb-spacing-left-large:7.68%;--awb-width-medium:100%;--awb-order-medium:0;--awb-spacing-right-medium:1.92%;--awb-spacing-left-medium:1.92%;--awb-width-small:100%;--awb-order-small:0;--awb-spacing-right-small:1.92%;--awb-spacing-left-small:1.92%;\" data-motion-effects=\"[{&quot;type&quot;:&quot;&quot;,&quot;scroll_type&quot;:&quot;transition&quot;,&quot;scroll_direction&quot;:&quot;up&quot;,&quot;transition_speed&quot;:&quot;1&quot;,&quot;fade_type&quot;:&quot;in&quot;,&quot;scale_type&quot;:&quot;up&quot;,&quot;initial_scale&quot;:&quot;1&quot;,&quot;max_scale&quot;:&quot;1.5&quot;,&quot;min_scale&quot;:&quot;0.5&quot;,&quot;initial_rotate&quot;:&quot;0&quot;,&quot;end_rotate&quot;:&quot;30&quot;,&quot;initial_blur&quot;:&quot;0&quot;,&quot;end_blur&quot;:&quot;3&quot;,&quot;start_element&quot;:&quot;top&quot;,&quot;start_viewport&quot;:&quot;bottom&quot;,&quot;end_element&quot;:&quot;bottom&quot;,&quot;end_viewport&quot;:&quot;top&quot;,&quot;mouse_effect&quot;:&quot;track&quot;,&quot;mouse_effect_direction&quot;:&quot;opposite&quot;,&quot;mouse_effect_speed&quot;:&quot;2&quot;,&quot;infinite_animation&quot;:&quot;float&quot;,&quot;infinite_animation_speed&quot;:&quot;2&quot;}]\" data-scroll-devices=\"small-visibility,medium-visibility,large-visibility\"><span class=\"fusion-column-inner-bg hover-type-none\"><a class=\"fusion-column-anchor\" href=\"https:\/\/www.esplac.cat\/formacions\/escola-esplac-2021\/\"><span class=\"fusion-column-inner-bg-image\"><\/span><\/a><\/span><div class=\"fusion-column-wrapper fusion-column-has-shadow fusion-flex-justify-content-flex-start fusion-content-layout-column\"><div class=\"fusion-image-element \" style=\"text-align:center;--awb-liftup-border-radius:0px;--awb-caption-title-font-family:var(--h2_typography-font-family);--awb-caption-title-font-weight:var(--h2_typography-font-weight);--awb-caption-title-font-style:var(--h2_typography-font-style);--awb-caption-title-size:var(--h2_typography-font-size);--awb-caption-title-transform:var(--h2_typography-text-transform);--awb-caption-title-line-height:var(--h2_typography-line-height);--awb-caption-title-letter-spacing:var(--h2_typography-letter-spacing);\"><div class=\"awb-image-frame awb-image-frame-6 imageframe-liftup\"><span class=\" fusion-imageframe imageframe-none imageframe-6\"><a class=\"fusion-no-lightbox\" href=\"https:\/\/www.esplac.cat\/formacions\/escola-esplac-2021\/\" target=\"_self\" aria-label=\"Escola_ESPLAC_2020 (1)\"><img decoding=\"async\" width=\"212\" height=\"300\" src=\"https:\/\/www.esplac.cat\/wp-content\/uploads\/2020\/12\/Escola_ESPLAC_2020-1-212x300.jpg\" alt class=\"img-responsive wp-image-33684\" srcset=\"https:\/\/www.esplac.cat\/wp-content\/uploads\/2020\/12\/Escola_ESPLAC_2020-1-200x283.jpg 200w, https:\/\/www.esplac.cat\/wp-content\/uploads\/2020\/12\/Escola_ESPLAC_2020-1-400x566.jpg 400w, https:\/\/www.esplac.cat\/wp-content\/uploads\/2020\/12\/Escola_ESPLAC_2020-1-600x849.jpg 600w, https:\/\/www.esplac.cat\/wp-content\/uploads\/2020\/12\/Escola_ESPLAC_2020-1-800x1132.jpg 800w, https:\/\/www.esplac.cat\/wp-content\/uploads\/2020\/12\/Escola_ESPLAC_2020-1-1200x1697.jpg 1200w, https:\/\/www.esplac.cat\/wp-content\/uploads\/2020\/12\/Escola_ESPLAC_2020-1-scaled.jpg 1810w\" sizes=\"(max-width: 1024px) 100vw, (max-width: 640px) 100vw, 212px\" \/><\/a><\/span><\/div><\/div><div class=\"fusion-separator fusion-full-width-sep\" style=\"align-self: center;margin-left: auto;margin-right: auto;margin-bottom:20px;width:100%;\"><\/div><div class=\"fusion-text fusion-text-10\"><h5 style=\"text-align: center;\"><strong>Escola d\u2019Esplac 2021<\/strong><\/h5>\n<\/div><div class=\"fusion-separator fusion-full-width-sep\" style=\"align-self: center;margin-left: auto;margin-right: auto;margin-bottom:20px;width:100%;\"><\/div><\/div><\/div><div class=\"fusion-layout-column fusion_builder_column fusion-builder-column-9 fusion_builder_column_1_4 1_4 fusion-flex-column fusion-column-inner-bg-wrapper\" style=\"--awb-inner-bg-blend:overlay;--awb-inner-bg-size:cover;--awb-width-large:25%;--awb-margin-top-large:0px;--awb-spacing-right-large:7.68%;--awb-margin-bottom-large:20px;--awb-spacing-left-large:7.68%;--awb-width-medium:100%;--awb-order-medium:0;--awb-spacing-right-medium:1.92%;--awb-spacing-left-medium:1.92%;--awb-width-small:100%;--awb-order-small:0;--awb-spacing-right-small:1.92%;--awb-spacing-left-small:1.92%;\" data-motion-effects=\"[{&quot;type&quot;:&quot;&quot;,&quot;scroll_type&quot;:&quot;transition&quot;,&quot;scroll_direction&quot;:&quot;up&quot;,&quot;transition_speed&quot;:&quot;1&quot;,&quot;fade_type&quot;:&quot;in&quot;,&quot;scale_type&quot;:&quot;up&quot;,&quot;initial_scale&quot;:&quot;1&quot;,&quot;max_scale&quot;:&quot;1.5&quot;,&quot;min_scale&quot;:&quot;0.5&quot;,&quot;initial_rotate&quot;:&quot;0&quot;,&quot;end_rotate&quot;:&quot;30&quot;,&quot;initial_blur&quot;:&quot;0&quot;,&quot;end_blur&quot;:&quot;3&quot;,&quot;start_element&quot;:&quot;top&quot;,&quot;start_viewport&quot;:&quot;bottom&quot;,&quot;end_element&quot;:&quot;bottom&quot;,&quot;end_viewport&quot;:&quot;top&quot;,&quot;mouse_effect&quot;:&quot;track&quot;,&quot;mouse_effect_direction&quot;:&quot;opposite&quot;,&quot;mouse_effect_speed&quot;:&quot;2&quot;,&quot;infinite_animation&quot;:&quot;float&quot;,&quot;infinite_animation_speed&quot;:&quot;2&quot;}]\" data-scroll-devices=\"small-visibility,medium-visibility,large-visibility\"><span class=\"fusion-column-inner-bg hover-type-none\"><a class=\"fusion-column-anchor\" href=\"https:\/\/www.esplac.cat\/formacions\/escola-esplac-2019\/\"><span class=\"fusion-column-inner-bg-image\"><\/span><\/a><\/span><div class=\"fusion-column-wrapper fusion-column-has-shadow fusion-flex-justify-content-flex-start fusion-content-layout-column\"><div class=\"fusion-image-element \" style=\"text-align:center;--awb-liftup-border-radius:0px;--awb-caption-title-font-family:var(--h2_typography-font-family);--awb-caption-title-font-weight:var(--h2_typography-font-weight);--awb-caption-title-font-style:var(--h2_typography-font-style);--awb-caption-title-size:var(--h2_typography-font-size);--awb-caption-title-transform:var(--h2_typography-text-transform);--awb-caption-title-line-height:var(--h2_typography-line-height);--awb-caption-title-letter-spacing:var(--h2_typography-letter-spacing);\"><div class=\"awb-image-frame awb-image-frame-7 imageframe-liftup\"><span class=\" fusion-imageframe imageframe-none imageframe-7\"><a class=\"fusion-no-lightbox\" href=\"https:\/\/www.esplac.cat\/formacions\/escola-esplac-2019\/\" target=\"_self\" aria-label=\"escola epslac 2019\"><img decoding=\"async\" width=\"212\" height=\"300\" src=\"https:\/\/www.esplac.cat\/wp-content\/uploads\/2024\/02\/escola-epslac-2019-212x300.jpeg\" alt class=\"img-responsive wp-image-48954\" srcset=\"https:\/\/www.esplac.cat\/wp-content\/uploads\/2024\/02\/escola-epslac-2019-200x283.jpeg 200w, https:\/\/www.esplac.cat\/wp-content\/uploads\/2024\/02\/escola-epslac-2019-400x566.jpeg 400w, https:\/\/www.esplac.cat\/wp-content\/uploads\/2024\/02\/escola-epslac-2019.jpeg 600w\" sizes=\"(max-width: 1024px) 100vw, (max-width: 640px) 100vw, 400px\" \/><\/a><\/span><\/div><\/div><div class=\"fusion-separator fusion-full-width-sep\" style=\"align-self: center;margin-left: auto;margin-right: auto;margin-bottom:20px;width:100%;\"><\/div><div class=\"fusion-text fusion-text-11\"><h5 style=\"text-align: center;\"><strong><a href=\"https:\/\/www.esplac.cat\/formacions\/escola-esplac-2019\/\" target=\"_blank\" rel=\"noopener\">Escola d\u2019Esplac 2019<\/a><\/strong><\/h5>\n<\/div><div class=\"fusion-separator fusion-full-width-sep\" style=\"align-self: center;margin-left: auto;margin-right: auto;margin-bottom:20px;width:100%;\"><\/div><\/div><\/div><div class=\"fusion-layout-column fusion_builder_column fusion-builder-column-10 fusion_builder_column_1_4 1_4 fusion-flex-column fusion-column-inner-bg-wrapper\" style=\"--awb-inner-bg-blend:overlay;--awb-inner-bg-size:cover;--awb-width-large:25%;--awb-margin-top-large:0px;--awb-spacing-right-large:7.68%;--awb-margin-bottom-large:20px;--awb-spacing-left-large:7.68%;--awb-width-medium:100%;--awb-order-medium:0;--awb-spacing-right-medium:1.92%;--awb-spacing-left-medium:1.92%;--awb-width-small:100%;--awb-order-small:0;--awb-spacing-right-small:1.92%;--awb-spacing-left-small:1.92%;\" data-motion-effects=\"[{&quot;type&quot;:&quot;&quot;,&quot;scroll_type&quot;:&quot;transition&quot;,&quot;scroll_direction&quot;:&quot;up&quot;,&quot;transition_speed&quot;:&quot;1&quot;,&quot;fade_type&quot;:&quot;in&quot;,&quot;scale_type&quot;:&quot;up&quot;,&quot;initial_scale&quot;:&quot;1&quot;,&quot;max_scale&quot;:&quot;1.5&quot;,&quot;min_scale&quot;:&quot;0.5&quot;,&quot;initial_rotate&quot;:&quot;0&quot;,&quot;end_rotate&quot;:&quot;30&quot;,&quot;initial_blur&quot;:&quot;0&quot;,&quot;end_blur&quot;:&quot;3&quot;,&quot;start_element&quot;:&quot;top&quot;,&quot;start_viewport&quot;:&quot;bottom&quot;,&quot;end_element&quot;:&quot;bottom&quot;,&quot;end_viewport&quot;:&quot;top&quot;,&quot;mouse_effect&quot;:&quot;track&quot;,&quot;mouse_effect_direction&quot;:&quot;opposite&quot;,&quot;mouse_effect_speed&quot;:&quot;2&quot;,&quot;infinite_animation&quot;:&quot;float&quot;,&quot;infinite_animation_speed&quot;:&quot;2&quot;}]\" data-scroll-devices=\"small-visibility,medium-visibility,large-visibility\"><span class=\"fusion-column-inner-bg hover-type-none\"><a class=\"fusion-column-anchor\" href=\"https:\/\/www.esplac.cat\/formacions\/escola-esplac-2018\/\"><span class=\"fusion-column-inner-bg-image\"><\/span><\/a><\/span><div class=\"fusion-column-wrapper fusion-column-has-shadow fusion-flex-justify-content-flex-start fusion-content-layout-column\"><div class=\"fusion-image-element \" style=\"text-align:center;--awb-liftup-border-radius:0px;--awb-caption-title-font-family:var(--h2_typography-font-family);--awb-caption-title-font-weight:var(--h2_typography-font-weight);--awb-caption-title-font-style:var(--h2_typography-font-style);--awb-caption-title-size:var(--h2_typography-font-size);--awb-caption-title-transform:var(--h2_typography-text-transform);--awb-caption-title-line-height:var(--h2_typography-line-height);--awb-caption-title-letter-spacing:var(--h2_typography-letter-spacing);\"><div class=\"awb-image-frame awb-image-frame-8 imageframe-liftup\"><span class=\" fusion-imageframe imageframe-none imageframe-8\"><a class=\"fusion-no-lightbox\" href=\"https:\/\/www.esplac.cat\/formacions\/escola-esplac-2018\/\" target=\"_self\" aria-label=\"Cartel_Escola_Esplac_Ponents\"><img decoding=\"async\" width=\"212\" height=\"300\" src=\"https:\/\/www.esplac.cat\/wp-content\/uploads\/2018\/01\/Cartel_Escola_Esplac_Ponents-212x300.jpg\" alt class=\"img-responsive wp-image-17182\" srcset=\"https:\/\/www.esplac.cat\/wp-content\/uploads\/2018\/01\/Cartel_Escola_Esplac_Ponents-200x283.jpg 200w, https:\/\/www.esplac.cat\/wp-content\/uploads\/2018\/01\/Cartel_Escola_Esplac_Ponents-400x566.jpg 400w, https:\/\/www.esplac.cat\/wp-content\/uploads\/2018\/01\/Cartel_Escola_Esplac_Ponents-600x849.jpg 600w, https:\/\/www.esplac.cat\/wp-content\/uploads\/2018\/01\/Cartel_Escola_Esplac_Ponents-800x1132.jpg 800w, https:\/\/www.esplac.cat\/wp-content\/uploads\/2018\/01\/Cartel_Escola_Esplac_Ponents-1200x1697.jpg 1200w\" sizes=\"(max-width: 1024px) 100vw, (max-width: 640px) 100vw, 400px\" \/><\/a><\/span><\/div><\/div><div class=\"fusion-separator fusion-full-width-sep\" style=\"align-self: center;margin-left: auto;margin-right: auto;margin-bottom:20px;width:100%;\"><\/div><div class=\"fusion-text fusion-text-12\"><h5 style=\"text-align: center;\"><strong><a href=\"https:\/\/www.esplac.cat\/formacions\/escola-esplac-2018\/\" target=\"_blank\" rel=\"noopener\">Escola d\u2019Esplac 2018<\/a><\/strong><\/h5>\n<\/div><div class=\"fusion-separator fusion-full-width-sep\" style=\"align-self: center;margin-left: auto;margin-right: auto;margin-bottom:20px;width:100%;\"><\/div><\/div><\/div><div class=\"fusion-layout-column fusion_builder_column fusion-builder-column-11 fusion_builder_column_1_4 1_4 fusion-flex-column fusion-column-inner-bg-wrapper\" style=\"--awb-inner-bg-blend:overlay;--awb-inner-bg-size:cover;--awb-width-large:25%;--awb-margin-top-large:0px;--awb-spacing-right-large:7.68%;--awb-margin-bottom-large:20px;--awb-spacing-left-large:7.68%;--awb-width-medium:100%;--awb-order-medium:0;--awb-spacing-right-medium:1.92%;--awb-spacing-left-medium:1.92%;--awb-width-small:100%;--awb-order-small:0;--awb-spacing-right-small:1.92%;--awb-spacing-left-small:1.92%;\" data-motion-effects=\"[{&quot;type&quot;:&quot;&quot;,&quot;scroll_type&quot;:&quot;transition&quot;,&quot;scroll_direction&quot;:&quot;up&quot;,&quot;transition_speed&quot;:&quot;1&quot;,&quot;fade_type&quot;:&quot;in&quot;,&quot;scale_type&quot;:&quot;up&quot;,&quot;initial_scale&quot;:&quot;1&quot;,&quot;max_scale&quot;:&quot;1.5&quot;,&quot;min_scale&quot;:&quot;0.5&quot;,&quot;initial_rotate&quot;:&quot;0&quot;,&quot;end_rotate&quot;:&quot;30&quot;,&quot;initial_blur&quot;:&quot;0&quot;,&quot;end_blur&quot;:&quot;3&quot;,&quot;start_element&quot;:&quot;top&quot;,&quot;start_viewport&quot;:&quot;bottom&quot;,&quot;end_element&quot;:&quot;bottom&quot;,&quot;end_viewport&quot;:&quot;top&quot;,&quot;mouse_effect&quot;:&quot;track&quot;,&quot;mouse_effect_direction&quot;:&quot;opposite&quot;,&quot;mouse_effect_speed&quot;:&quot;2&quot;,&quot;infinite_animation&quot;:&quot;float&quot;,&quot;infinite_animation_speed&quot;:&quot;2&quot;}]\" data-scroll-devices=\"small-visibility,medium-visibility,large-visibility\"><span class=\"fusion-column-inner-bg hover-type-none\"><a class=\"fusion-column-anchor\" href=\"https:\/\/www.esplac.cat\/formacions\/escola-esplac-2017\/\"><span class=\"fusion-column-inner-bg-image\"><\/span><\/a><\/span><div class=\"fusion-column-wrapper fusion-column-has-shadow fusion-flex-justify-content-flex-start fusion-content-layout-column\"><div class=\"fusion-image-element \" style=\"text-align:center;--awb-liftup-border-radius:0px;--awb-caption-title-font-family:var(--h2_typography-font-family);--awb-caption-title-font-weight:var(--h2_typography-font-weight);--awb-caption-title-font-style:var(--h2_typography-font-style);--awb-caption-title-size:var(--h2_typography-font-size);--awb-caption-title-transform:var(--h2_typography-text-transform);--awb-caption-title-line-height:var(--h2_typography-line-height);--awb-caption-title-letter-spacing:var(--h2_typography-letter-spacing);\"><div class=\"awb-image-frame awb-image-frame-9 imageframe-liftup\"><span class=\" fusion-imageframe imageframe-none imageframe-9\"><a class=\"fusion-no-lightbox\" href=\"https:\/\/www.esplac.cat\/formacions\/escola-esplac-2017\/\" target=\"_self\" aria-label=\"escola-esplac-2017-2-1200&#215;1697\"><img decoding=\"async\" width=\"212\" height=\"300\" src=\"https:\/\/www.esplac.cat\/wp-content\/uploads\/2024\/02\/escola-esplac-2017-2-1200x1697-1-212x300.jpeg\" alt class=\"img-responsive wp-image-48950\" srcset=\"https:\/\/www.esplac.cat\/wp-content\/uploads\/2024\/02\/escola-esplac-2017-2-1200x1697-1-200x283.jpeg 200w, https:\/\/www.esplac.cat\/wp-content\/uploads\/2024\/02\/escola-esplac-2017-2-1200x1697-1-400x566.jpeg 400w, https:\/\/www.esplac.cat\/wp-content\/uploads\/2024\/02\/escola-esplac-2017-2-1200x1697-1-600x849.jpeg 600w, https:\/\/www.esplac.cat\/wp-content\/uploads\/2024\/02\/escola-esplac-2017-2-1200x1697-1-800x1131.jpeg 800w, https:\/\/www.esplac.cat\/wp-content\/uploads\/2024\/02\/escola-esplac-2017-2-1200x1697-1.jpeg 1200w\" sizes=\"(max-width: 1024px) 100vw, (max-width: 640px) 100vw, 400px\" \/><\/a><\/span><\/div><\/div><div class=\"fusion-separator fusion-full-width-sep\" style=\"align-self: center;margin-left: auto;margin-right: auto;margin-bottom:20px;width:100%;\"><\/div><div class=\"fusion-text fusion-text-13\"><h5 style=\"text-align: center;\"><a href=\"https:\/\/www.esplac.cat\/formacions\/escola-esplac-2017\/\" target=\"_blank\" rel=\"noopener\"><strong>Escola d\u2019Esplac 2017<\/strong><\/a><\/h5>\n<\/div><div class=\"fusion-separator fusion-full-width-sep\" style=\"align-self: center;margin-left: auto;margin-right: auto;margin-bottom:20px;width:100%;\"><\/div><\/div><\/div><div class=\"fusion-layout-column fusion_builder_column fusion-builder-column-12 fusion_builder_column_1_4 1_4 fusion-flex-column fusion-column-inner-bg-wrapper\" style=\"--awb-inner-bg-blend:overlay;--awb-inner-bg-size:cover;--awb-width-large:25%;--awb-margin-top-large:0px;--awb-spacing-right-large:7.68%;--awb-margin-bottom-large:20px;--awb-spacing-left-large:7.68%;--awb-width-medium:100%;--awb-order-medium:0;--awb-spacing-right-medium:1.92%;--awb-spacing-left-medium:1.92%;--awb-width-small:100%;--awb-order-small:0;--awb-spacing-right-small:1.92%;--awb-spacing-left-small:1.92%;\" data-motion-effects=\"[{&quot;type&quot;:&quot;&quot;,&quot;scroll_type&quot;:&quot;transition&quot;,&quot;scroll_direction&quot;:&quot;up&quot;,&quot;transition_speed&quot;:&quot;1&quot;,&quot;fade_type&quot;:&quot;in&quot;,&quot;scale_type&quot;:&quot;up&quot;,&quot;initial_scale&quot;:&quot;1&quot;,&quot;max_scale&quot;:&quot;1.5&quot;,&quot;min_scale&quot;:&quot;0.5&quot;,&quot;initial_rotate&quot;:&quot;0&quot;,&quot;end_rotate&quot;:&quot;30&quot;,&quot;initial_blur&quot;:&quot;0&quot;,&quot;end_blur&quot;:&quot;3&quot;,&quot;start_element&quot;:&quot;top&quot;,&quot;start_viewport&quot;:&quot;bottom&quot;,&quot;end_element&quot;:&quot;bottom&quot;,&quot;end_viewport&quot;:&quot;top&quot;,&quot;mouse_effect&quot;:&quot;track&quot;,&quot;mouse_effect_direction&quot;:&quot;opposite&quot;,&quot;mouse_effect_speed&quot;:&quot;2&quot;,&quot;infinite_animation&quot;:&quot;float&quot;,&quot;infinite_animation_speed&quot;:&quot;2&quot;}]\" data-scroll-devices=\"small-visibility,medium-visibility,large-visibility\"><span class=\"fusion-column-inner-bg hover-type-none\"><a class=\"fusion-column-anchor\" href=\"https:\/\/www.esplac.cat\/formacions\/escola-esplac-2016\/\"><span class=\"fusion-column-inner-bg-image\"><\/span><\/a><\/span><div class=\"fusion-column-wrapper fusion-column-has-shadow fusion-flex-justify-content-flex-start fusion-content-layout-column\"><div class=\"fusion-image-element \" style=\"text-align:center;--awb-liftup-border-radius:0px;--awb-caption-title-font-family:var(--h2_typography-font-family);--awb-caption-title-font-weight:var(--h2_typography-font-weight);--awb-caption-title-font-style:var(--h2_typography-font-style);--awb-caption-title-size:var(--h2_typography-font-size);--awb-caption-title-transform:var(--h2_typography-text-transform);--awb-caption-title-line-height:var(--h2_typography-line-height);--awb-caption-title-letter-spacing:var(--h2_typography-letter-spacing);\"><div class=\"awb-image-frame awb-image-frame-10 imageframe-liftup\"><span class=\" fusion-imageframe imageframe-none imageframe-10\"><a class=\"fusion-no-lightbox\" href=\"https:\/\/www.esplac.cat\/formacions\/escola-esplac-2016\/\" target=\"_self\" aria-label=\"cartell_EE16\"><img decoding=\"async\" width=\"212\" height=\"300\" src=\"https:\/\/www.esplac.cat\/wp-content\/uploads\/2024\/02\/cartell_EE16-212x300.jpeg\" alt class=\"img-responsive wp-image-48945\" srcset=\"https:\/\/www.esplac.cat\/wp-content\/uploads\/2024\/02\/cartell_EE16-200x283.jpeg 200w, https:\/\/www.esplac.cat\/wp-content\/uploads\/2024\/02\/cartell_EE16-400x566.jpeg 400w, https:\/\/www.esplac.cat\/wp-content\/uploads\/2024\/02\/cartell_EE16-600x848.jpeg 600w, https:\/\/www.esplac.cat\/wp-content\/uploads\/2024\/02\/cartell_EE16-800x1131.jpeg 800w, https:\/\/www.esplac.cat\/wp-content\/uploads\/2024\/02\/cartell_EE16-1200x1697.jpeg 1200w, https:\/\/www.esplac.cat\/wp-content\/uploads\/2024\/02\/cartell_EE16-scaled.jpeg 1811w\" sizes=\"(max-width: 1024px) 100vw, (max-width: 640px) 100vw, 400px\" \/><\/a><\/span><\/div><\/div><div class=\"fusion-separator fusion-full-width-sep\" style=\"align-self: center;margin-left: auto;margin-right: auto;margin-bottom:20px;width:100%;\"><\/div><div class=\"fusion-text fusion-text-14\"><h5 style=\"text-align: center;\"><strong><a href=\"https:\/\/www.esplac.cat\/formacions\/escola-esplac-2016\/\" target=\"_blank\" rel=\"noopener\">Escola d\u2019Esplac 2016<\/a><\/strong><\/h5>\n<\/div><div class=\"fusion-separator fusion-full-width-sep\" style=\"align-self: center;margin-left: auto;margin-right: auto;margin-bottom:20px;width:100%;\"><\/div><\/div><\/div><div class=\"fusion-layout-column fusion_builder_column fusion-builder-column-13 fusion_builder_column_1_4 1_4 fusion-flex-column fusion-column-inner-bg-wrapper\" style=\"--awb-inner-bg-blend:overlay;--awb-inner-bg-size:cover;--awb-width-large:25%;--awb-margin-top-large:0px;--awb-spacing-right-large:7.68%;--awb-margin-bottom-large:20px;--awb-spacing-left-large:7.68%;--awb-width-medium:100%;--awb-order-medium:0;--awb-spacing-right-medium:1.92%;--awb-spacing-left-medium:1.92%;--awb-width-small:100%;--awb-order-small:0;--awb-spacing-right-small:1.92%;--awb-spacing-left-small:1.92%;\" data-motion-effects=\"[{&quot;type&quot;:&quot;&quot;,&quot;scroll_type&quot;:&quot;transition&quot;,&quot;scroll_direction&quot;:&quot;up&quot;,&quot;transition_speed&quot;:&quot;1&quot;,&quot;fade_type&quot;:&quot;in&quot;,&quot;scale_type&quot;:&quot;up&quot;,&quot;initial_scale&quot;:&quot;1&quot;,&quot;max_scale&quot;:&quot;1.5&quot;,&quot;min_scale&quot;:&quot;0.5&quot;,&quot;initial_rotate&quot;:&quot;0&quot;,&quot;end_rotate&quot;:&quot;30&quot;,&quot;initial_blur&quot;:&quot;0&quot;,&quot;end_blur&quot;:&quot;3&quot;,&quot;start_element&quot;:&quot;top&quot;,&quot;start_viewport&quot;:&quot;bottom&quot;,&quot;end_element&quot;:&quot;bottom&quot;,&quot;end_viewport&quot;:&quot;top&quot;,&quot;mouse_effect&quot;:&quot;track&quot;,&quot;mouse_effect_direction&quot;:&quot;opposite&quot;,&quot;mouse_effect_speed&quot;:&quot;2&quot;,&quot;infinite_animation&quot;:&quot;float&quot;,&quot;infinite_animation_speed&quot;:&quot;2&quot;}]\" data-scroll-devices=\"small-visibility,medium-visibility,large-visibility\"><span class=\"fusion-column-inner-bg hover-type-none\"><a class=\"fusion-column-anchor\" href=\"https:\/\/www.esplac.cat\/formacions\/escola-esplac-2015\/\"><span class=\"fusion-column-inner-bg-image\"><\/span><\/a><\/span><div class=\"fusion-column-wrapper fusion-column-has-shadow fusion-flex-justify-content-flex-start fusion-content-layout-column\"><div class=\"fusion-image-element \" style=\"text-align:center;--awb-liftup-border-radius:0px;--awb-caption-title-font-family:var(--h2_typography-font-family);--awb-caption-title-font-weight:var(--h2_typography-font-weight);--awb-caption-title-font-style:var(--h2_typography-font-style);--awb-caption-title-size:var(--h2_typography-font-size);--awb-caption-title-transform:var(--h2_typography-text-transform);--awb-caption-title-line-height:var(--h2_typography-line-height);--awb-caption-title-letter-spacing:var(--h2_typography-letter-spacing);\"><div class=\"awb-image-frame awb-image-frame-11 imageframe-liftup\"><span class=\" fusion-imageframe imageframe-none imageframe-11\"><a class=\"fusion-no-lightbox\" href=\"https:\/\/www.esplac.cat\/formacions\/escola-esplac-2015\/\" target=\"_self\"><img decoding=\"async\" width=\"212\" height=\"300\" src=\"https:\/\/www.esplac.cat\/wp-content\/uploads\/2019\/10\/cartell_EE15_baixa-212x300.jpg\" alt class=\"img-responsive wp-image-28315\" srcset=\"https:\/\/www.esplac.cat\/wp-content\/uploads\/2019\/10\/cartell_EE15_baixa-200x283.jpg 200w, https:\/\/www.esplac.cat\/wp-content\/uploads\/2019\/10\/cartell_EE15_baixa-400x566.jpg 400w, https:\/\/www.esplac.cat\/wp-content\/uploads\/2019\/10\/cartell_EE15_baixa-600x848.jpg 600w, https:\/\/www.esplac.cat\/wp-content\/uploads\/2019\/10\/cartell_EE15_baixa.jpg 800w\" sizes=\"(max-width: 1024px) 100vw, (max-width: 640px) 100vw, 400px\" \/><\/a><\/span><\/div><\/div><div class=\"fusion-separator fusion-full-width-sep\" style=\"align-self: center;margin-left: auto;margin-right: auto;margin-bottom:20px;width:100%;\"><\/div><div class=\"fusion-text fusion-text-15\"><h5 style=\"text-align: center;\"><strong><a href=\"https:\/\/www.esplac.cat\/formacions\/escola-esplac-2015\/\" target=\"_blank\" rel=\"noopener\">Escola d\u2019Esplac 2015<\/a><\/strong><\/h5>\n<\/div><div class=\"fusion-separator fusion-full-width-sep\" style=\"align-self: center;margin-left: auto;margin-right: auto;margin-bottom:20px;width:100%;\"><\/div><\/div><\/div><\/div><\/div>\n<div class=\"fusion-fullwidth fullwidth-box fusion-builder-row-3 nonhundred-percent-fullwidth non-hundred-percent-height-scrolling\" style=\"--awb-border-radius-top-left:0px;--awb-border-radius-top-right:0px;--awb-border-radius-bottom-right:0px;--awb-border-radius-bottom-left:0px;--awb-flex-wrap:wrap;\" ><div class=\"fusion-builder-row fusion-row\"><div class=\"fusion-layout-column fusion_builder_column fusion-builder-column-14 fusion_builder_column_1_1 1_1 fusion-one-full fusion-column-first fusion-column-last\" style=\"--awb-bg-size:cover;\"><div class=\"fusion-column-wrapper fusion-column-has-shadow fusion-flex-column-wrapper-legacy\"><div class=\"fusion-text fusion-text-16\"><h3><strong>Not\u00edcies relacionades<\/strong><\/h3>\n<\/div><div class=\"fusion-sep-clear\"><\/div><div class=\"fusion-separator fusion-full-width-sep\" style=\"margin-left: auto;margin-right: auto;margin-bottom:20px;width:100%;\"><\/div><div class=\"fusion-sep-clear\"><\/div><div class=\"fusion-text fusion-text-17\">        <section class=\"wcp-slick\"  data-accessibility = on data-arrows = on data-autoplaySpeed = 3000 data-slidesToShow = 4 data-slidesToScroll = 1 data-speed = 300 data-margin = 20px data-rows = 1 data-slidesPerRow = 1 id=\"carousel-24602\">\n\n                            <div class=\"carousel-item-55836\">\n                    <div class=\"post-style-2\" style=\"box-shadow: ;background-color: ;\">\n    <div class=\"wcp-img-wrap\">\n        <a href=\"https:\/\/www.esplac.cat\/es\/reviu-escola-esplac-2026-material-comunicatiu-disponible-web\/\">\n            <img decoding=\"async\" width=\"460\" height=\"295\" src=\"https:\/\/www.esplac.cat\/wp-content\/uploads\/2026\/04\/Noti_material-comunicatiu-EE26-460x295.jpg\" class=\"attachment-portfolio-two size-portfolio-two wp-post-image\" alt=\"\" \/>        <\/a>\n    <\/div>\n    <div class=\"wcp-content-wrap\">\n        <h3>\n            <a href=\"https:\/\/www.esplac.cat\/es\/reviu-escola-esplac-2026-material-comunicatiu-disponible-web\/\" style=\"color: ;\">\n                Reviu l\u2019Escola d\u2019Esplac 2026 a trav\u00e9s del material comunicatiu ja disponible al web!            <\/a>\n        <\/h3>\n        <div class=\"wcp-post-meta wcp-disable-post-meta\" style=\"color: ;\">\n            <span class=\"wcp-post-author\"><i class=\"fa fa-user\"><\/i>\n                <a href=\"https:\/\/www.esplac.cat\/es\/author\/comunicacio\/\" title=\"Entradas de Comunicaci\u00f3 Esplac\" rel=\"author\">Comunicaci\u00f3 Esplac<\/a>            <\/span>\n            &nbsp;\n            <span class=\"wcp-post-date\"><i class=\"fa fa-clock-o\"><\/i> 8 de abril de 2026<\/span>\n        <\/div>\n        <div class=\"wcp-post-contents\">\n            8 de abril de 2026                    <\/div>        \n    <\/div>\n<\/div>                <\/div>    \n\n                            <div class=\"carousel-item-55544\">\n                    <div class=\"post-style-2\" style=\"box-shadow: ;background-color: ;\">\n    <div class=\"wcp-img-wrap\">\n        <a href=\"https:\/\/www.esplac.cat\/es\/monitores-esplais-catalans-plantegen-educar-aterrar-eines-pedagogiques-diferents-realitats-esplais\/\">\n            <img decoding=\"async\" width=\"460\" height=\"295\" src=\"https:\/\/www.esplac.cat\/wp-content\/uploads\/2026\/03\/Noti_post_ee262626-460x295.jpg\" class=\"attachment-portfolio-two size-portfolio-two wp-post-image\" alt=\"\" \/>        <\/a>\n    <\/div>\n    <div class=\"wcp-content-wrap\">\n        <h3>\n            <a href=\"https:\/\/www.esplac.cat\/es\/monitores-esplais-catalans-plantegen-educar-aterrar-eines-pedagogiques-diferents-realitats-esplais\/\" style=\"color: ;\">\n                Monitores i monitors d\u2019Esplais Catalans es plantegen com educar i aterrar les eines pedag\u00f2giques a les diferents realitats dels esplais            <\/a>\n        <\/h3>\n        <div class=\"wcp-post-meta wcp-disable-post-meta\" style=\"color: ;\">\n            <span class=\"wcp-post-author\"><i class=\"fa fa-user\"><\/i>\n                <a href=\"https:\/\/www.esplac.cat\/es\/author\/comunicacio\/\" title=\"Entradas de Comunicaci\u00f3 Esplac\" rel=\"author\">Comunicaci\u00f3 Esplac<\/a>            <\/span>\n            &nbsp;\n            <span class=\"wcp-post-date\"><i class=\"fa fa-clock-o\"><\/i> 4 de marzo de 2026<\/span>\n        <\/div>\n        <div class=\"wcp-post-contents\">\n            4 de marzo de 2026                    <\/div>        \n    <\/div>\n<\/div>                <\/div>    \n\n                            <div class=\"carousel-item-55523\">\n                    <div class=\"post-style-2\" style=\"box-shadow: ;background-color: ;\">\n    <div class=\"wcp-img-wrap\">\n        <a href=\"https:\/\/www.esplac.cat\/es\/12a-edicio-escola-esplac-aplegara-centenar-persones-aquest-cap-de-setmana-girona\/\">\n            <img decoding=\"async\" width=\"460\" height=\"295\" src=\"https:\/\/www.esplac.cat\/wp-content\/uploads\/2026\/02\/Noti_ee262626-460x295.jpg\" class=\"attachment-portfolio-two size-portfolio-two wp-post-image\" alt=\"\" \/>        <\/a>\n    <\/div>\n    <div class=\"wcp-content-wrap\">\n        <h3>\n            <a href=\"https:\/\/www.esplac.cat\/es\/12a-edicio-escola-esplac-aplegara-centenar-persones-aquest-cap-de-setmana-girona\/\" style=\"color: ;\">\n                La 12a edici\u00f3 de l\u2019Escola d\u2019Esplac aplegar\u00e0 un centenar de persones aquest cap de setmana a Girona            <\/a>\n        <\/h3>\n        <div class=\"wcp-post-meta wcp-disable-post-meta\" style=\"color: ;\">\n            <span class=\"wcp-post-author\"><i class=\"fa fa-user\"><\/i>\n                <a href=\"https:\/\/www.esplac.cat\/es\/author\/comunicacio\/\" title=\"Entradas de Comunicaci\u00f3 Esplac\" rel=\"author\">Comunicaci\u00f3 Esplac<\/a>            <\/span>\n            &nbsp;\n            <span class=\"wcp-post-date\"><i class=\"fa fa-clock-o\"><\/i> 26 de febrero de 2026<\/span>\n        <\/div>\n        <div class=\"wcp-post-contents\">\n            26 de febrero de 2026                    <\/div>        \n    <\/div>\n<\/div>                <\/div>    \n\n                            <div class=\"carousel-item-55076\">\n                    <div class=\"post-style-2\" style=\"box-shadow: ;background-color: ;\">\n    <div class=\"wcp-img-wrap\">\n        <a href=\"https:\/\/www.esplac.cat\/es\/eduquem-per-resistir-article\/\">\n            <img decoding=\"async\" width=\"460\" height=\"295\" src=\"https:\/\/www.esplac.cat\/wp-content\/uploads\/2026\/01\/foto-Article_EE26-460x295.jpg\" class=\"attachment-portfolio-two size-portfolio-two wp-post-image\" alt=\"\" \/>        <\/a>\n    <\/div>\n    <div class=\"wcp-content-wrap\">\n        <h3>\n            <a href=\"https:\/\/www.esplac.cat\/es\/eduquem-per-resistir-article\/\" style=\"color: ;\">\n                Eduquem per resistir, perqu\u00e8 revisar-nos tamb\u00e9 \u00e9s educar            <\/a>\n        <\/h3>\n        <div class=\"wcp-post-meta wcp-disable-post-meta\" style=\"color: ;\">\n            <span class=\"wcp-post-author\"><i class=\"fa fa-user\"><\/i>\n                <a href=\"https:\/\/www.esplac.cat\/es\/author\/comunicacio\/\" title=\"Entradas de Comunicaci\u00f3 Esplac\" rel=\"author\">Comunicaci\u00f3 Esplac<\/a>            <\/span>\n            &nbsp;\n            <span class=\"wcp-post-date\"><i class=\"fa fa-clock-o\"><\/i> 14 de enero de 2026<\/span>\n        <\/div>\n        <div class=\"wcp-post-contents\">\n            14 de enero de 2026                    <\/div>        \n    <\/div>\n<\/div>                <\/div>    \n\n                            <div class=\"carousel-item-54972\">\n                    <div class=\"post-style-2\" style=\"box-shadow: ;background-color: ;\">\n    <div class=\"wcp-img-wrap\">\n        <a href=\"https:\/\/www.esplac.cat\/es\/inscripcions-obertes-escola-esplac-2026\/\">\n            <img decoding=\"async\" width=\"460\" height=\"295\" src=\"https:\/\/www.esplac.cat\/wp-content\/uploads\/2025\/12\/Not1_EE26_inscripcions-460x295.png\" class=\"attachment-portfolio-two size-portfolio-two wp-post-image\" alt=\"cartell oficial escola d&#039;esplac\" \/>        <\/a>\n    <\/div>\n    <div class=\"wcp-content-wrap\">\n        <h3>\n            <a href=\"https:\/\/www.esplac.cat\/es\/inscripcions-obertes-escola-esplac-2026\/\" style=\"color: ;\">\n                Ja us podeu inscriure a l\u2019Escola d\u2019Esplac 2026! Educar per resistir: fer de la pedagogia una eina de canvi            <\/a>\n        <\/h3>\n        <div class=\"wcp-post-meta wcp-disable-post-meta\" style=\"color: ;\">\n            <span class=\"wcp-post-author\"><i class=\"fa fa-user\"><\/i>\n                <a href=\"https:\/\/www.esplac.cat\/es\/author\/comunicacio\/\" title=\"Entradas de Comunicaci\u00f3 Esplac\" rel=\"author\">Comunicaci\u00f3 Esplac<\/a>            <\/span>\n            &nbsp;\n            <span class=\"wcp-post-date\"><i class=\"fa fa-clock-o\"><\/i> 18 de diciembre de 2025<\/span>\n        <\/div>\n        <div class=\"wcp-post-contents\">\n            18 de diciembre de 2025                    <\/div>        \n    <\/div>\n<\/div>                <\/div>    \n\n                            <div class=\"carousel-item-53497\">\n                    <div class=\"post-style-2\" style=\"box-shadow: ;background-color: ;\">\n    <div class=\"wcp-img-wrap\">\n        <a href=\"https:\/\/www.esplac.cat\/es\/convocatoria-oberta-vols-crear-la-identitat-visual-2026\/\">\n            <img decoding=\"async\" width=\"460\" height=\"295\" src=\"https:\/\/www.esplac.cat\/wp-content\/uploads\/2025\/04\/Identitat-visual-EE-Monifestat-26-1-460x295.jpg\" class=\"attachment-portfolio-two size-portfolio-two wp-post-image\" alt=\"\" \/>        <\/a>\n    <\/div>\n    <div class=\"wcp-content-wrap\">\n        <h3>\n            <a href=\"https:\/\/www.esplac.cat\/es\/convocatoria-oberta-vols-crear-la-identitat-visual-2026\/\" style=\"color: ;\">\n                Convocat\u00f2ria oberta: vols idear i crear la identitat visual de l\u2019Escola d&#8217;Esplac i la Monifesta&#8217;t 2026?            <\/a>\n        <\/h3>\n        <div class=\"wcp-post-meta wcp-disable-post-meta\" style=\"color: ;\">\n            <span class=\"wcp-post-author\"><i class=\"fa fa-user\"><\/i>\n                <a href=\"https:\/\/www.esplac.cat\/es\/author\/comunicacio\/\" title=\"Entradas de Comunicaci\u00f3 Esplac\" rel=\"author\">Comunicaci\u00f3 Esplac<\/a>            <\/span>\n            &nbsp;\n            <span class=\"wcp-post-date\"><i class=\"fa fa-clock-o\"><\/i> 15 de abril de 2025<\/span>\n        <\/div>\n        <div class=\"wcp-post-contents\">\n            15 de abril de 2025                    <\/div>        \n    <\/div>\n<\/div>                <\/div>    \n\n                            <div class=\"carousel-item-52898\">\n                    <div class=\"post-style-2\" style=\"box-shadow: ;background-color: ;\">\n    <div class=\"wcp-img-wrap\">\n        <a href=\"https:\/\/www.esplac.cat\/es\/material-comunicatiu-escola-esplac-2025\/\">\n            <img decoding=\"async\" width=\"460\" height=\"295\" src=\"https:\/\/www.esplac.cat\/wp-content\/uploads\/2025\/03\/EE25_Material_Comunicatiu-460x295.jpg\" class=\"attachment-portfolio-two size-portfolio-two wp-post-image\" alt=\"Escola Esplac\" \/>        <\/a>\n    <\/div>\n    <div class=\"wcp-content-wrap\">\n        <h3>\n            <a href=\"https:\/\/www.esplac.cat\/es\/material-comunicatiu-escola-esplac-2025\/\" style=\"color: ;\">\n                Ja teniu disponible tot el material comunicatiu de l&#8217;Escola d&#8217;Esplac 2025!            <\/a>\n        <\/h3>\n        <div class=\"wcp-post-meta wcp-disable-post-meta\" style=\"color: ;\">\n            <span class=\"wcp-post-author\"><i class=\"fa fa-user\"><\/i>\n                <a href=\"https:\/\/www.esplac.cat\/es\/author\/comunicacio\/\" title=\"Entradas de Comunicaci\u00f3 Esplac\" rel=\"author\">Comunicaci\u00f3 Esplac<\/a>            <\/span>\n            &nbsp;\n            <span class=\"wcp-post-date\"><i class=\"fa fa-clock-o\"><\/i> 18 de marzo de 2025<\/span>\n        <\/div>\n        <div class=\"wcp-post-contents\">\n            18 de marzo de 2025                    <\/div>        \n    <\/div>\n<\/div>                <\/div>    \n\n                            <div class=\"carousel-item-52576\">\n                    <div class=\"post-style-2\" style=\"box-shadow: ;background-color: ;\">\n    <div class=\"wcp-img-wrap\">\n        <a href=\"https:\/\/www.esplac.cat\/es\/plantegem-reptes-pendents-abordar-antifeixisme-esplai-escola-esplac\/\">\n            <img decoding=\"async\" width=\"460\" height=\"295\" src=\"https:\/\/www.esplac.cat\/wp-content\/uploads\/2025\/02\/EE2-460x295.jpg\" class=\"attachment-portfolio-two size-portfolio-two wp-post-image\" alt=\"Escola Esplac\" \/>        <\/a>\n    <\/div>\n    <div class=\"wcp-content-wrap\">\n        <h3>\n            <a href=\"https:\/\/www.esplac.cat\/es\/plantegem-reptes-pendents-abordar-antifeixisme-esplai-escola-esplac\/\" style=\"color: ;\">\n                Posem sobre la taula els reptes pendents per abordar l\u2019antifeixisme des de l\u2019esplai a l&#8217;onzena edici\u00f3 de l\u2019Escola d\u2019Esplac            <\/a>\n        <\/h3>\n        <div class=\"wcp-post-meta wcp-disable-post-meta\" style=\"color: ;\">\n            <span class=\"wcp-post-author\"><i class=\"fa fa-user\"><\/i>\n                <a href=\"https:\/\/www.esplac.cat\/es\/author\/comunicacio\/\" title=\"Entradas de Comunicaci\u00f3 Esplac\" rel=\"author\">Comunicaci\u00f3 Esplac<\/a>            <\/span>\n            &nbsp;\n            <span class=\"wcp-post-date\"><i class=\"fa fa-clock-o\"><\/i> 18 de febrero de 2025<\/span>\n        <\/div>\n        <div class=\"wcp-post-contents\">\n            18 de febrero de 2025                    <\/div>        \n    <\/div>\n<\/div>                <\/div>    \n\n                            <div class=\"carousel-item-52302\">\n                    <div class=\"post-style-2\" style=\"box-shadow: ;background-color: ;\">\n    <div class=\"wcp-img-wrap\">\n        <a href=\"https:\/\/www.esplac.cat\/es\/qui-participara-escola-esplac-2025\/\">\n            <img decoding=\"async\" width=\"460\" height=\"295\" src=\"https:\/\/www.esplac.cat\/wp-content\/uploads\/2025\/01\/Entitats_EE25-460x295.jpg\" class=\"attachment-portfolio-two size-portfolio-two wp-post-image\" alt=\"Escola Esplac\" \/>        <\/a>\n    <\/div>\n    <div class=\"wcp-content-wrap\">\n        <h3>\n            <a href=\"https:\/\/www.esplac.cat\/es\/qui-participara-escola-esplac-2025\/\" style=\"color: ;\">\n                I tu, ja saps qui participar\u00e0 a l&#8217;Escola d&#8217;Esplac 2025?            <\/a>\n        <\/h3>\n        <div class=\"wcp-post-meta wcp-disable-post-meta\" style=\"color: ;\">\n            <span class=\"wcp-post-author\"><i class=\"fa fa-user\"><\/i>\n                <a href=\"https:\/\/www.esplac.cat\/es\/author\/comunicacio\/\" title=\"Entradas de Comunicaci\u00f3 Esplac\" rel=\"author\">Comunicaci\u00f3 Esplac<\/a>            <\/span>\n            &nbsp;\n            <span class=\"wcp-post-date\"><i class=\"fa fa-clock-o\"><\/i> 29 de enero de 2025<\/span>\n        <\/div>\n        <div class=\"wcp-post-contents\">\n            29 de enero de 2025                    <\/div>        \n    <\/div>\n<\/div>                <\/div>    \n\n                            <div class=\"carousel-item-52122\">\n                    <div class=\"post-style-2\" style=\"box-shadow: ;background-color: ;\">\n    <div class=\"wcp-img-wrap\">\n        <a href=\"https:\/\/www.esplac.cat\/es\/esplais-juguem-paper-clau-antifeixisme\/\">\n            <img decoding=\"async\" width=\"460\" height=\"295\" src=\"https:\/\/www.esplac.cat\/wp-content\/uploads\/2025\/01\/Article_opinio_EE25-460x295.jpg\" class=\"attachment-portfolio-two size-portfolio-two wp-post-image\" alt=\"antifeixisme\" \/>        <\/a>\n    <\/div>\n    <div class=\"wcp-content-wrap\">\n        <h3>\n            <a href=\"https:\/\/www.esplac.cat\/es\/esplais-juguem-paper-clau-antifeixisme\/\" style=\"color: ;\">\n                Els esplais juguem un paper clau en l\u2019antifeixisme: posem al centre un projecte educatiu comunitari enfront d\u2019uns discursos que ens volen dividir            <\/a>\n        <\/h3>\n        <div class=\"wcp-post-meta wcp-disable-post-meta\" style=\"color: ;\">\n            <span class=\"wcp-post-author\"><i class=\"fa fa-user\"><\/i>\n                <a href=\"https:\/\/www.esplac.cat\/es\/author\/comunicacio\/\" title=\"Entradas de Comunicaci\u00f3 Esplac\" rel=\"author\">Comunicaci\u00f3 Esplac<\/a>            <\/span>\n            &nbsp;\n            <span class=\"wcp-post-date\"><i class=\"fa fa-clock-o\"><\/i> 10 de enero de 2025<\/span>\n        <\/div>\n        <div class=\"wcp-post-contents\">\n            10 de enero de 2025                    <\/div>        \n    <\/div>\n<\/div>                <\/div>    \n\n                \n        <\/section>\n        <style>\n    #carousel-24602 .slick-prev:before, #carousel-24602 .slick-next:before {\n        color: #000 !important;\n    }\n    #carousel-24602 .slick-slide {\n        margin: 2px 20px;\n    }\n    #carousel-24602 h3,\n    #carousel-24602 .car-caption,\n    #carousel-24602 .car-caption h3 a {\n        background-color: ;\n        color: ;\n    }\n    #carousel-24602 .car-caption {\n        text-align: center;\n    }\n    #carousel-24602 p {\n        color: ;\n    }\n    #carousel-24602 a {\n        text-decoration: none;\n        border-bottom: none;\n    }\n        #carousel-24602 .post-style-1 .wcp-post-author a {\n        color: ;\n    }\n            #carousel-24602 .ih-item,\n        #carousel-24602 .post-style-1,\n        #carousel-24602 .post-style-3,\n        #carousel-24602 .car-caption { \n            border: 8px solid #FFF;\n            box-shadow: ;\n        }\n                #carousel-24602 .post-style-2 .wcp-content-wrap { \n            border: 8px solid #FFF;\n            border-top: none;\n        }\n        #carousel-24602 .mega-post-carousel1,\n        #carousel-24602 .mega-post-carousel4 { \n            border: 8px solid #FFF;\n            padding: 10px;\n        }\n\n        .slick-prev, .slick-next {\r\n    font-size: 0;\r\n    line-height: 0;\r\n    position: absolute;\r\n    top: 42% !important;\r\n    display: block;\r\n    width: 20px;\r\n    height: 20px;\r\n    padding: 0;\r\n    -webkit-transform: translate(0, -50%);\r\n    -ms-transform: translate(0, -50%);\r\n    transform: translate(0, -50%);\r\n    cursor: pointer;\r\n    color: transparent;\r\n    border: none;\r\n    outline: none;\r\n    background: transparent;\r\n}                .wcp-disable-post-meta { display: none !important;}\n    <\/style>\n<\/div><div class=\"fusion-clearfix\"><\/div><\/div><\/div><\/div><\/div><div class=\"fusion-fullwidth fullwidth-box fusion-builder-row-4 fusion-flex-container nonhundred-percent-fullwidth non-hundred-percent-height-scrolling\" style=\"--awb-border-radius-top-left:0px;--awb-border-radius-top-right:0px;--awb-border-radius-bottom-right:0px;--awb-border-radius-bottom-left:0px;--awb-padding-top:30px;--awb-background-color:#ededed;--awb-flex-wrap:wrap;\" ><\/div>\n<\/p>\n","protected":false},"excerpt":{"rendered":"","protected":false},"author":1,"featured_media":0,"parent":27659,"menu_order":0,"comment_status":"closed","ping_status":"closed","template":"100-width.php","meta":{"om_disable_all_campaigns":false,"_monsterinsights_skip_tracking":false,"_monsterinsights_sitenote_active":false,"_monsterinsights_sitenote_note":"","_monsterinsights_sitenote_category":0,"_uf_show_specific_survey":0,"_uf_disable_surveys":false,"footnotes":""},"class_list":["post-28058","page","type-page","status-publish","hentry"],"yoast_head":"<!-- This site is optimized with the Yoast SEO plugin v27.5 - https:\/\/yoast.com\/product\/yoast-seo-wordpress\/ -->\n<title>Escola esplac 2017 - Esplac<\/title>\n<meta name=\"robots\" content=\"index, follow, max-snippet:-1, max-image-preview:large, max-video-preview:-1\" \/>\n<link rel=\"canonical\" href=\"https:\/\/www.esplac.cat\/es\/formaciones\/escola-esplac-2017\/\" \/>\n<meta property=\"og:locale\" content=\"es_ES\" \/>\n<meta property=\"og:type\" content=\"article\" \/>\n<meta property=\"og:title\" content=\"Escola esplac 2017 - Esplac\" \/>\n<meta property=\"og:url\" content=\"https:\/\/www.esplac.cat\/es\/formaciones\/escola-esplac-2017\/\" \/>\n<meta property=\"og:site_name\" content=\"Esplac\" \/>\n<meta property=\"og:image\" content=\"http:\/\/esplac.cat\/wp-content\/uploads\/2019\/10\/escola-esplac-2017-2.jpg\" \/>\n<meta name=\"twitter:card\" content=\"summary_large_image\" \/>\n<meta name=\"twitter:label1\" content=\"Tiempo de lectura\" \/>\n\t<meta name=\"twitter:data1\" content=\"33 minutos\" \/>\n<script type=\"application\/ld+json\" class=\"yoast-schema-graph\">{\"@context\":\"https:\\\/\\\/schema.org\",\"@graph\":[{\"@type\":\"WebPage\",\"@id\":\"https:\\\/\\\/www.esplac.cat\\\/es\\\/formaciones\\\/escola-esplac-2017\\\/\",\"url\":\"https:\\\/\\\/www.esplac.cat\\\/es\\\/formaciones\\\/escola-esplac-2017\\\/\",\"name\":\"Escola esplac 2017 - Esplac\",\"isPartOf\":{\"@id\":\"https:\\\/\\\/www.esplac.cat\\\/#website\"},\"primaryImageOfPage\":{\"@id\":\"https:\\\/\\\/www.esplac.cat\\\/es\\\/formaciones\\\/escola-esplac-2017\\\/#primaryimage\"},\"image\":{\"@id\":\"https:\\\/\\\/www.esplac.cat\\\/es\\\/formaciones\\\/escola-esplac-2017\\\/#primaryimage\"},\"thumbnailUrl\":\"http:\\\/\\\/esplac.cat\\\/wp-content\\\/uploads\\\/2019\\\/10\\\/escola-esplac-2017-2.jpg\",\"datePublished\":\"2019-10-29T12:32:17+00:00\",\"breadcrumb\":{\"@id\":\"https:\\\/\\\/www.esplac.cat\\\/es\\\/formaciones\\\/escola-esplac-2017\\\/#breadcrumb\"},\"inLanguage\":\"es\",\"potentialAction\":[{\"@type\":\"ReadAction\",\"target\":[\"https:\\\/\\\/www.esplac.cat\\\/es\\\/formaciones\\\/escola-esplac-2017\\\/\"]}]},{\"@type\":\"ImageObject\",\"inLanguage\":\"es\",\"@id\":\"https:\\\/\\\/www.esplac.cat\\\/es\\\/formaciones\\\/escola-esplac-2017\\\/#primaryimage\",\"url\":\"http:\\\/\\\/esplac.cat\\\/wp-content\\\/uploads\\\/2019\\\/10\\\/escola-esplac-2017-2.jpg\",\"contentUrl\":\"http:\\\/\\\/esplac.cat\\\/wp-content\\\/uploads\\\/2019\\\/10\\\/escola-esplac-2017-2.jpg\"},{\"@type\":\"BreadcrumbList\",\"@id\":\"https:\\\/\\\/www.esplac.cat\\\/es\\\/formaciones\\\/escola-esplac-2017\\\/#breadcrumb\",\"itemListElement\":[{\"@type\":\"ListItem\",\"position\":1,\"name\":\"Inici\",\"item\":\"https:\\\/\\\/www.esplac.cat\\\/es\\\/\"},{\"@type\":\"ListItem\",\"position\":2,\"name\":\"Formaciones\",\"item\":\"https:\\\/\\\/www.esplac.cat\\\/es\\\/formaciones\\\/\"},{\"@type\":\"ListItem\",\"position\":3,\"name\":\"Escola esplac 2017\"}]},{\"@type\":\"WebSite\",\"@id\":\"https:\\\/\\\/www.esplac.cat\\\/#website\",\"url\":\"https:\\\/\\\/www.esplac.cat\\\/\",\"name\":\"Esplac\",\"description\":\"Esplais Catalans\",\"publisher\":{\"@id\":\"https:\\\/\\\/www.esplac.cat\\\/#organization\"},\"potentialAction\":[{\"@type\":\"SearchAction\",\"target\":{\"@type\":\"EntryPoint\",\"urlTemplate\":\"https:\\\/\\\/www.esplac.cat\\\/?s={search_term_string}\"},\"query-input\":{\"@type\":\"PropertyValueSpecification\",\"valueRequired\":true,\"valueName\":\"search_term_string\"}}],\"inLanguage\":\"es\"},{\"@type\":\"Organization\",\"@id\":\"https:\\\/\\\/www.esplac.cat\\\/#organization\",\"name\":\"Esplac\",\"url\":\"https:\\\/\\\/www.esplac.cat\\\/\",\"logo\":{\"@type\":\"ImageObject\",\"inLanguage\":\"es\",\"@id\":\"https:\\\/\\\/www.esplac.cat\\\/#\\\/schema\\\/logo\\\/image\\\/\",\"url\":\"https:\\\/\\\/www.esplac.cat\\\/wp-content\\\/uploads\\\/2019\\\/08\\\/logox2.png\",\"contentUrl\":\"https:\\\/\\\/www.esplac.cat\\\/wp-content\\\/uploads\\\/2019\\\/08\\\/logox2.png\",\"width\":600,\"height\":295,\"caption\":\"Esplac\"},\"image\":{\"@id\":\"https:\\\/\\\/www.esplac.cat\\\/#\\\/schema\\\/logo\\\/image\\\/\"}}]}<\/script>\n<!-- \/ Yoast SEO plugin. -->","yoast_head_json":{"title":"Escola esplac 2017 - Esplac","robots":{"index":"index","follow":"follow","max-snippet":"max-snippet:-1","max-image-preview":"max-image-preview:large","max-video-preview":"max-video-preview:-1"},"canonical":"https:\/\/www.esplac.cat\/es\/formaciones\/escola-esplac-2017\/","og_locale":"es_ES","og_type":"article","og_title":"Escola esplac 2017 - Esplac","og_url":"https:\/\/www.esplac.cat\/es\/formaciones\/escola-esplac-2017\/","og_site_name":"Esplac","og_image":[{"url":"http:\/\/esplac.cat\/wp-content\/uploads\/2019\/10\/escola-esplac-2017-2.jpg","type":"","width":"","height":""}],"twitter_card":"summary_large_image","twitter_misc":{"Tiempo de lectura":"33 minutos"},"schema":{"@context":"https:\/\/schema.org","@graph":[{"@type":"WebPage","@id":"https:\/\/www.esplac.cat\/es\/formaciones\/escola-esplac-2017\/","url":"https:\/\/www.esplac.cat\/es\/formaciones\/escola-esplac-2017\/","name":"Escola esplac 2017 - Esplac","isPartOf":{"@id":"https:\/\/www.esplac.cat\/#website"},"primaryImageOfPage":{"@id":"https:\/\/www.esplac.cat\/es\/formaciones\/escola-esplac-2017\/#primaryimage"},"image":{"@id":"https:\/\/www.esplac.cat\/es\/formaciones\/escola-esplac-2017\/#primaryimage"},"thumbnailUrl":"http:\/\/esplac.cat\/wp-content\/uploads\/2019\/10\/escola-esplac-2017-2.jpg","datePublished":"2019-10-29T12:32:17+00:00","breadcrumb":{"@id":"https:\/\/www.esplac.cat\/es\/formaciones\/escola-esplac-2017\/#breadcrumb"},"inLanguage":"es","potentialAction":[{"@type":"ReadAction","target":["https:\/\/www.esplac.cat\/es\/formaciones\/escola-esplac-2017\/"]}]},{"@type":"ImageObject","inLanguage":"es","@id":"https:\/\/www.esplac.cat\/es\/formaciones\/escola-esplac-2017\/#primaryimage","url":"http:\/\/esplac.cat\/wp-content\/uploads\/2019\/10\/escola-esplac-2017-2.jpg","contentUrl":"http:\/\/esplac.cat\/wp-content\/uploads\/2019\/10\/escola-esplac-2017-2.jpg"},{"@type":"BreadcrumbList","@id":"https:\/\/www.esplac.cat\/es\/formaciones\/escola-esplac-2017\/#breadcrumb","itemListElement":[{"@type":"ListItem","position":1,"name":"Inici","item":"https:\/\/www.esplac.cat\/es\/"},{"@type":"ListItem","position":2,"name":"Formaciones","item":"https:\/\/www.esplac.cat\/es\/formaciones\/"},{"@type":"ListItem","position":3,"name":"Escola esplac 2017"}]},{"@type":"WebSite","@id":"https:\/\/www.esplac.cat\/#website","url":"https:\/\/www.esplac.cat\/","name":"Esplac","description":"Esplais Catalans","publisher":{"@id":"https:\/\/www.esplac.cat\/#organization"},"potentialAction":[{"@type":"SearchAction","target":{"@type":"EntryPoint","urlTemplate":"https:\/\/www.esplac.cat\/?s={search_term_string}"},"query-input":{"@type":"PropertyValueSpecification","valueRequired":true,"valueName":"search_term_string"}}],"inLanguage":"es"},{"@type":"Organization","@id":"https:\/\/www.esplac.cat\/#organization","name":"Esplac","url":"https:\/\/www.esplac.cat\/","logo":{"@type":"ImageObject","inLanguage":"es","@id":"https:\/\/www.esplac.cat\/#\/schema\/logo\/image\/","url":"https:\/\/www.esplac.cat\/wp-content\/uploads\/2019\/08\/logox2.png","contentUrl":"https:\/\/www.esplac.cat\/wp-content\/uploads\/2019\/08\/logox2.png","width":600,"height":295,"caption":"Esplac"},"image":{"@id":"https:\/\/www.esplac.cat\/#\/schema\/logo\/image\/"}}]}},"_links":{"self":[{"href":"https:\/\/www.esplac.cat\/es\/wp-json\/wp\/v2\/pages\/28058","targetHints":{"allow":["GET"]}}],"collection":[{"href":"https:\/\/www.esplac.cat\/es\/wp-json\/wp\/v2\/pages"}],"about":[{"href":"https:\/\/www.esplac.cat\/es\/wp-json\/wp\/v2\/types\/page"}],"author":[{"embeddable":true,"href":"https:\/\/www.esplac.cat\/es\/wp-json\/wp\/v2\/users\/1"}],"replies":[{"embeddable":true,"href":"https:\/\/www.esplac.cat\/es\/wp-json\/wp\/v2\/comments?post=28058"}],"version-history":[{"count":0,"href":"https:\/\/www.esplac.cat\/es\/wp-json\/wp\/v2\/pages\/28058\/revisions"}],"up":[{"embeddable":true,"href":"https:\/\/www.esplac.cat\/es\/wp-json\/wp\/v2\/pages\/27659"}],"wp:attachment":[{"href":"https:\/\/www.esplac.cat\/es\/wp-json\/wp\/v2\/media?parent=28058"}],"curies":[{"name":"wp","href":"https:\/\/api.w.org\/{rel}","templated":true}]}}