{"id":28062,"date":"2019-10-14T18:00:32","date_gmt":"2019-10-14T16:00:32","guid":{"rendered":"https:\/\/www.esplac.cat\/formacions\/escola-esplac-2018\/"},"modified":"2019-10-14T18:00:32","modified_gmt":"2019-10-14T16:00:32","slug":"escola-esplac-2018","status":"publish","type":"page","link":"https:\/\/www.esplac.cat\/es\/formaciones\/escola-esplac-2018\/","title":{"rendered":"Escola esplac 2018"},"content":{"rendered":"<p><div class=\"fusion-fullwidth fullwidth-box fusion-builder-row-1 nonhundred-percent-fullwidth non-hundred-percent-height-scrolling\" style=\"--awb-border-radius-top-left:0px;--awb-border-radius-top-right:0px;--awb-border-radius-bottom-right:0px;--awb-border-radius-bottom-left:0px;--awb-margin-top:50px;--awb-margin-bottom:50px;--awb-background-color:#ffffff;--awb-flex-wrap:wrap;\" ><div class=\"fusion-builder-row fusion-row\"><div class=\"fusion-layout-column fusion_builder_column fusion-builder-column-0 fusion_builder_column_1_1 1_1 fusion-one-full fusion-column-first fusion-column-last\" style=\"--awb-bg-size:cover;\"><div class=\"fusion-column-wrapper fusion-column-has-shadow fusion-flex-column-wrapper-legacy\"><div class=\"fusion-title title fusion-title-1 fusion-sep-none fusion-title-text fusion-title-size-one\" style=\"--awb-font-size:50px;\"><h1 class=\"fusion-title-heading title-heading-left fusion-responsive-typography-calculated\" style=\"margin:0;font-size:1em;--fontSize:50;line-height:1.2;\"><p style=\"text-align: center;\"><strong>Escola d\u2019Esplac<\/strong><\/p><\/h1><\/div><div class=\"fusion-clearfix\"><\/div><\/div><\/div><div class=\"fusion-layout-column fusion_builder_column fusion-builder-column-1 fusion_builder_column_1_1 1_1 fusion-one-full fusion-column-first fusion-column-last\" style=\"--awb-bg-size:cover;\"><div class=\"fusion-column-wrapper fusion-column-has-shadow fusion-flex-column-wrapper-legacy\"><div class=\"fusion-image-element fusion-image-align-center in-legacy-container\" style=\"text-align:center;--awb-caption-title-font-family:var(--h2_typography-font-family);--awb-caption-title-font-weight:var(--h2_typography-font-weight);--awb-caption-title-font-style:var(--h2_typography-font-style);--awb-caption-title-size:var(--h2_typography-font-size);--awb-caption-title-transform:var(--h2_typography-text-transform);--awb-caption-title-line-height:var(--h2_typography-line-height);--awb-caption-title-letter-spacing:var(--h2_typography-letter-spacing);\"><div class=\"imageframe-align-center\"><span class=\" fusion-imageframe imageframe-none imageframe-1 hover-type-none\"><img decoding=\"async\" width=\"847\" height=\"295\" title=\"escola2018\" src=\"http:\/\/esplac.cat\/wp-content\/uploads\/2019\/10\/escola2018.jpg\" alt class=\"img-responsive wp-image-26439\" srcset=\"https:\/\/www.esplac.cat\/wp-content\/uploads\/2019\/10\/escola2018-200x70.jpg 200w, https:\/\/www.esplac.cat\/wp-content\/uploads\/2019\/10\/escola2018-400x139.jpg 400w, https:\/\/www.esplac.cat\/wp-content\/uploads\/2019\/10\/escola2018-600x209.jpg 600w, https:\/\/www.esplac.cat\/wp-content\/uploads\/2019\/10\/escola2018-800x279.jpg 800w, https:\/\/www.esplac.cat\/wp-content\/uploads\/2019\/10\/escola2018.jpg 847w\" sizes=\"(max-width: 800px) 100vw, 847px\" \/><\/span><\/div><\/div><div class=\"fusion-sep-clear\"><\/div><div class=\"fusion-separator\" style=\"margin-left: auto;margin-right: auto;margin-bottom:60px;width:100%;max-width:30%;\"><div class=\"fusion-separator-border sep-single sep-solid\" style=\"--awb-height:20px;--awb-amount:20px;--awb-sep-color:#c1c1c1;border-color:#c1c1c1;border-top-width:5px;\"><\/div><\/div><div class=\"fusion-sep-clear\"><\/div><div class=\"fusion-title title fusion-title-2 fusion-sep-none fusion-title-center fusion-title-text fusion-title-size-three\"><h3 class=\"fusion-title-heading title-heading-center fusion-responsive-typography-calculated\" style=\"margin:0;--fontSize:30;line-height:1.3;\">Escola d&#8217;Esplac 2018:<br \/>\nI tu, per qu\u00e8 eduques?<\/h3><\/div><div class=\"fusion-sep-clear\"><\/div><div class=\"fusion-separator fusion-full-width-sep\" style=\"margin-left: auto;margin-right: auto;margin-bottom:30px;width:100%;\"><\/div><div class=\"fusion-sep-clear\"><\/div><div class=\"fusion-tabs fusion-tabs-1 clean nav-not-justified horizontal-tabs icon-position-top mobile-mode-accordion\" style=\"--awb-title-border-radius-top-left:0px;--awb-title-border-radius-top-right:0px;--awb-title-border-radius-bottom-right:0px;--awb-title-border-radius-bottom-left:0px;--awb-inactive-color:#eaeaea;--awb-background-color:#f9f9f9;--awb-border-color:#ffffff;--awb-active-border-color:#f69d0b;\"><div class=\"nav\"><ul class=\"nav-tabs\" role=\"tablist\"><li class=\"active\" role=\"presentation\"><a class=\"tab-link\" data-toggle=\"tab\" role=\"tab\" aria-controls=\"tab-1a9610b79d6947484ea\" aria-selected=\"true\" id=\"fusion-tab-presentaci\u00f3\" href=\"#tab-1a9610b79d6947484ea\"><h4 class=\"fusion-tab-heading\"><i class=\"fontawesome-icon fa-bookmark fas\" aria-hidden=\"true\" style=\"font-size:19px;\"><\/i>Presentaci\u00f3<\/h4><\/a><\/li><li role=\"presentation\"><a class=\"tab-link\" data-toggle=\"tab\" role=\"tab\" aria-controls=\"tab-575289a98ba75496384\" aria-selected=\"false\" tabindex=\"-1\" id=\"fusion-tab-cartell\" href=\"#tab-575289a98ba75496384\"><h4 class=\"fusion-tab-heading\"><i class=\"fontawesome-icon fa-file-image fas\" aria-hidden=\"true\" style=\"font-size:19px;\"><\/i>Cartell <\/h4><\/a><\/li><li role=\"presentation\"><a class=\"tab-link\" data-toggle=\"tab\" role=\"tab\" aria-controls=\"tab-38353e32efa61444220\" aria-selected=\"false\" tabindex=\"-1\" id=\"fusion-tab-programa\" href=\"#tab-38353e32efa61444220\"><h4 class=\"fusion-tab-heading\"><i class=\"fontawesome-icon fa-book-open fas\" aria-hidden=\"true\" style=\"font-size:19px;\"><\/i>Programa <\/h4><\/a><\/li><li role=\"presentation\"><a class=\"tab-link\" data-toggle=\"tab\" role=\"tab\" aria-controls=\"tab-2509dd1ad02ee9bf930\" aria-selected=\"false\" tabindex=\"-1\" id=\"fusion-tab-pon\u00e8ncies\" href=\"#tab-2509dd1ad02ee9bf930\"><h4 class=\"fusion-tab-heading\"><i class=\"fontawesome-icon fa-bullhorn fas\" aria-hidden=\"true\" style=\"font-size:19px;\"><\/i>Pon\u00e8ncies<\/h4><\/a><\/li><li role=\"presentation\"><a class=\"tab-link\" data-toggle=\"tab\" role=\"tab\" aria-controls=\"tab-14dc56784f42d7a7ca7\" aria-selected=\"false\" tabindex=\"-1\" id=\"fusion-tab-espaidedebat\" href=\"#tab-14dc56784f42d7a7ca7\"><h4 class=\"fusion-tab-heading\"><i class=\"fontawesome-icon fa-users fas\" aria-hidden=\"true\" style=\"font-size:19px;\"><\/i>Espai de debat<\/h4><\/a><\/li><li role=\"presentation\"><a class=\"tab-link\" data-toggle=\"tab\" role=\"tab\" aria-controls=\"tab-402866e497af0b8a300\" aria-selected=\"false\" tabindex=\"-1\" id=\"fusion-tab-v\u00eddeos\" href=\"#tab-402866e497af0b8a300\"><h4 class=\"fusion-tab-heading\"><i class=\"fontawesome-icon fa-video fas\" aria-hidden=\"true\" style=\"font-size:19px;\"><\/i>V\u00eddeos<\/h4><\/a><\/li><li role=\"presentation\"><a class=\"tab-link\" data-toggle=\"tab\" role=\"tab\" aria-controls=\"tab-26d44fd71ca0fa23a2d\" aria-selected=\"false\" tabindex=\"-1\" id=\"fusion-tab-inscripcions\" href=\"#tab-26d44fd71ca0fa23a2d\"><h4 class=\"fusion-tab-heading\"><i class=\"fontawesome-icon fa-calendar-check far\" aria-hidden=\"true\" style=\"font-size:19px;\"><\/i>Inscripcions<\/h4><\/a><\/li><li role=\"presentation\"><a class=\"tab-link\" data-toggle=\"tab\" role=\"tab\" aria-controls=\"tab-ac737e002a72e845b36\" aria-selected=\"false\" tabindex=\"-1\" id=\"fusion-tab-esculltaula!\" href=\"#tab-ac737e002a72e845b36\"><h4 class=\"fusion-tab-heading\"><i class=\"fontawesome-icon fa-list-ol fas\" aria-hidden=\"true\" style=\"font-size:19px;\"><\/i>Escull taula! <\/h4><\/a><\/li><\/ul><\/div><div class=\"tab-content\"><div class=\"nav fusion-mobile-tab-nav\"><ul class=\"nav-tabs\" role=\"tablist\"><li class=\"active\" role=\"presentation\"><a class=\"tab-link\" data-toggle=\"tab\" role=\"tab\" aria-controls=\"tab-1a9610b79d6947484ea\" aria-selected=\"true\" id=\"mobile-fusion-tab-presentaci\u00f3\" href=\"#tab-1a9610b79d6947484ea\"><h4 class=\"fusion-tab-heading\"><i class=\"fontawesome-icon fa-bookmark fas\" aria-hidden=\"true\" style=\"font-size:19px;\"><\/i>Presentaci\u00f3<\/h4><\/a><\/li><\/ul><\/div><div class=\"tab-pane fade fusion-clearfix in active\" role=\"tabpanel\" tabindex=\"0\" aria-labelledby=\"fusion-tab-presentaci\u00f3\" id=\"tab-1a9610b79d6947484ea\">\n<h3>L\u2019EDUCACI\u00d3 \u00c9S ACCI\u00d3 POL\u00cdTICA.<\/h3>\n<p>L\u2019associacionisme educatiu esdev\u00e9 un espai d\u2019acci\u00f3 pol\u00edtica que es desmarca de la pol\u00edtica institucional donat que entenem que aquesta no \u00e9s la \u00fanica manera de fer-ne. A trav\u00e9s d\u2019aquests generem espais on donem eines a les persones perqu\u00e8 siguin elles les que transformin la societat. Promovem la consci\u00e8ncia cr\u00edtica personal necess\u00e0ria per motivar canvis, actuant a nivell local i sempre amb una mirada global.<br \/>\nPaulo Freire, un dels nostres referents pedag\u00f2gics, va escriure:\u00a0<em>\u201cl\u2019educaci\u00f3 no \u00e9s neutra i cal un comprom\u00eds clar amb els valors pol\u00edtics i socials que l\u2019orienten\u201d<\/em>.<br \/>\nCompartim aquesta tesi, i entenem que tota acci\u00f3 educativa \u00e9s fer pol\u00edtica perqu\u00e8:<\/p>\n<p>\u2013 La tasca educativa mai ser\u00e0 neutral i sempre tindr\u00e0 una voluntat transformadora que ens acostar\u00e0 a la visi\u00f3 que compartim en els nostres idearis.<br \/>\n\u2013 L\u2019educaci\u00f3 \u00e9s acci\u00f3; \u00e9s l\u2019acci\u00f3 d\u2019educar, fent aterrar la ideologia a la nostra pr\u00e0ctica.<br \/>\n\u2013 Com a agents educatius, compartim una manera d\u2019entendre el m\u00f3n i la societat. Fem pol\u00edtica traslladant a l\u2019acci\u00f3 aquests posicionaments a trav\u00e9s de l\u2019educaci\u00f3 d\u2019infants i joves i de la participaci\u00f3 activa als nostres barris, pobles i ciutats.<\/p>\n<h4>Justificaci\u00f3 del tema<\/h4>\n<p>A partir d\u2019un proc\u00e9s democr\u00e0tic realitzat per votaci\u00f3, els esplais d\u2019Esplac hem escollit pol\u00edtica i educaci\u00f3 com a tem\u00e0tica per la propera Escola d\u2019Esplac, l\u2019espai referent en formaci\u00f3 i creaci\u00f3 de discurs de l\u2019associaci\u00f3 perqu\u00e8:<\/p>\n<p>\u2013 Als equip de monitores i monitors ens preocupa l\u2019abast i repercussi\u00f3 social de l\u2019educaci\u00f3 que fem a l\u2019esplai. Tradicionalment, tenim debats sobre la vinculaci\u00f3 de l\u2019educaci\u00f3 i la\u00a0 \u00a0 \u00a0 \u00a0pol\u00edtica a les assemblees i espais formatius.<br \/>\n\u2013 Volem treballar la vinculaci\u00f3 que l\u2019esplai t\u00e9 al barri i amb els moviments socials del nostre entorn.<br \/>\n\u2013 Volem reivindicar el nostre paper com a referents educadors i agents pol\u00edtics per la transformaci\u00f3 social.<br \/>\n\u2013 L\u2019Escola d\u2019Esplac \u00e9s un espai de generaci\u00f3 de discurs que considerem idoni per plantejar-hi el debat que permeti repensar la tasca educativa i pol\u00edtica de l\u2019associacionisme educatiu.<\/p>\n<p>Prendre consci\u00e8ncia del valor pol\u00edtic de l\u2019educaci\u00f3 comporta posar atenci\u00f3 a la tasca que fem, a les activitats, relacions, reflexions i accions que plantegem. Tamb\u00e9 comporta reflexionar sobre el model organitzatiu i el m\u00e8tode pedag\u00f2gic que tenim, i com aquest respon o no, al nostre ideari i posicionament davant del m\u00f3n.<br \/>\nPer tot aix\u00f2, creiem important que un espai com l\u2019Escola d\u2019Esplac, promogui l\u2019esperit cr\u00edtic, generant-nos dubtes sobre les pr\u00e0ctiques, tant pr\u00f2pies com associatives, per poder educar en coher\u00e8ncia amb l\u2019ideari de l\u2019associaci\u00f3 i aix\u00ed caminar cap a la transformaci\u00f3 social que somiem.<\/p>\n<h3>OBJECTIUS DE L\u2019ESCOLA D\u2019ESPLAC 2018<\/h3>\n<p>\u2013 Prendre consci\u00e8ncia del valor pol\u00edtic de l\u2019educaci\u00f3.<br \/>\n\u2013 Definir com \u00e9s el nostre m\u00e8tode d\u2019acci\u00f3 pol\u00edtica i posar-lo en dubte.<\/p>\n<\/div><div class=\"nav fusion-mobile-tab-nav\"><ul class=\"nav-tabs\" role=\"tablist\"><li role=\"presentation\"><a class=\"tab-link\" data-toggle=\"tab\" role=\"tab\" aria-controls=\"tab-575289a98ba75496384\" aria-selected=\"false\" tabindex=\"-1\" id=\"mobile-fusion-tab-cartell\" href=\"#tab-575289a98ba75496384\"><h4 class=\"fusion-tab-heading\"><i class=\"fontawesome-icon fa-file-image fas\" aria-hidden=\"true\" style=\"font-size:19px;\"><\/i>Cartell <\/h4><\/a><\/li><\/ul><\/div><div class=\"tab-pane fade fusion-clearfix\" role=\"tabpanel\" tabindex=\"0\" aria-labelledby=\"fusion-tab-cartell\" id=\"tab-575289a98ba75496384\">\n<p><img decoding=\"async\" class=\"wp-image-24748 aligncenter\" src=\"http:\/\/esplac.cat\/wp-content\/uploads\/2019\/10\/Seri_general_lloc.jpg\" alt=\"\" width=\"1009\" height=\"1428\" srcset=\"https:\/\/www.esplac.cat\/wp-content\/uploads\/2019\/10\/Seri_general_lloc-200x283.jpg 200w, https:\/\/www.esplac.cat\/wp-content\/uploads\/2019\/10\/Seri_general_lloc-212x300.jpg 212w, https:\/\/www.esplac.cat\/wp-content\/uploads\/2019\/10\/Seri_general_lloc-400x566.jpg 400w, https:\/\/www.esplac.cat\/wp-content\/uploads\/2019\/10\/Seri_general_lloc-600x849.jpg 600w, https:\/\/www.esplac.cat\/wp-content\/uploads\/2019\/10\/Seri_general_lloc-723x1024.jpg 723w, https:\/\/www.esplac.cat\/wp-content\/uploads\/2019\/10\/Seri_general_lloc-768x1087.jpg 768w, https:\/\/www.esplac.cat\/wp-content\/uploads\/2019\/10\/Seri_general_lloc-800x1132.jpg 800w, https:\/\/www.esplac.cat\/wp-content\/uploads\/2019\/10\/Seri_general_lloc-1200x1698.jpg 1200w, https:\/\/www.esplac.cat\/wp-content\/uploads\/2019\/10\/Seri_general_lloc.jpg 2446w\" sizes=\"(max-width: 1009px) 100vw, 1009px\" \/><\/p>\n<\/div><div class=\"nav fusion-mobile-tab-nav\"><ul class=\"nav-tabs\" role=\"tablist\"><li role=\"presentation\"><a class=\"tab-link\" data-toggle=\"tab\" role=\"tab\" aria-controls=\"tab-38353e32efa61444220\" aria-selected=\"false\" tabindex=\"-1\" id=\"mobile-fusion-tab-programa\" href=\"#tab-38353e32efa61444220\"><h4 class=\"fusion-tab-heading\"><i class=\"fontawesome-icon fa-book-open fas\" aria-hidden=\"true\" style=\"font-size:19px;\"><\/i>Programa <\/h4><\/a><\/li><\/ul><\/div><div class=\"tab-pane fade fusion-clearfix\" role=\"tabpanel\" tabindex=\"0\" aria-labelledby=\"fusion-tab-programa\" id=\"tab-38353e32efa61444220\">\n<p><b>DISSABTE MAT\u00cd<\/b><\/p>\n<ul>\n<li>9 \u2013 10 h: Inscripci\u00f3<\/li>\n<li>10.15 \u2013 10.15 h: Presentaci\u00f3 de l\u2019Escola d\u2019Esplac a c\u00e0rrec de l\u2019Equip de Coordinaci\u00f3<\/li>\n<li>10.30 \u2013 11.40 h: Pon\u00e8ncia d\u2019obertura a c\u00e0rrec de Segundo Moyano<\/li>\n<li>11.40 \u2013 11.50 h: Pausa<\/li>\n<li>11.50 \u2013 13.45 h: Racons: introducci\u00f3 al tema de pol\u00edtica i educaci\u00f3<\/li>\n<li>14 \u2013 15.15 h: Dinar de t\u00e0per<\/li>\n<\/ul>\n<p align=\"justify\"><b>DISSABTE TARDA<\/b><\/p>\n<ul>\n<li>15.30 \u2013 17.30 h: Taules rodones<\/li>\n<li>17.30 \u2013 17.45 h: Pausa per berenar<\/li>\n<li>17.45 \u2013 18.45 h: Espai de di\u00e0leg: intercanvi d\u2019idees extretes de les taules rodones.<\/li>\n<li>19 \u2013 19.45 h: Instal\u00b7laci\u00f3 a l\u2019alberg.<\/li>\n<\/ul>\n<p><b>DISSABTE NIT<\/b><\/p>\n<ul>\n<li>19.45 \u2013 20.30 h:\u00a0Sopar torn 1.<\/li>\n<li>20.30 \u2013 21.15 h: Sopar torn 2.<\/li>\n<li>24\u00a0h: Silenci.<\/li>\n<\/ul>\n<p><b>DIUMENGE MAT\u00cd<\/b><\/p>\n<ul>\n<li>8 \u2013 8.30 h: Esmorzar torn 1.<\/li>\n<li>8.30 \u2013 9 h: Esmorzar torn 2.<\/li>\n<li>9 \u2013 9.30 h: Recollida habitacions i motxilles.<\/li>\n<li>9.30 \u2013 9.45 h:\u00a0Despla\u00e7ament fins a l\u2019escola.<\/li>\n<li>10 \u2013 11.30 h: Debats.<\/li>\n<li>11.30 \u2013 11.45 h: Pausa.<\/li>\n<li>11.50 \u2013 13.15 h: Pon\u00e8ncia tancament a c\u00e0rrec de Jaume Mart\u00ednez.<\/li>\n<li>13.15 \u2013 13.30 h: Cloenda<\/li>\n<li>13.30 -13.45 h: Despla\u00e7ament cap a l\u2019alberg.<\/li>\n<li>13.45 \u2013 14.30 h: Dinar torn 1.<\/li>\n<li>14.30 \u2013 15.15 h: Dinar torn 2.<\/li>\n<\/ul>\n<p><img decoding=\"async\" class=\" wp-image-24795 aligncenter\" src=\"http:\/\/esplac.cat\/wp-content\/uploads\/2019\/10\/Cartel_Escola_Esplac_Programacio\u0301_versio2-768x1086.jpg\" alt=\"\" width=\"803\" height=\"1135\" srcset=\"https:\/\/www.esplac.cat\/wp-content\/uploads\/2019\/10\/Cartel_Escola_Esplac_Programacio\u0301_versio2-768x1086-200x283.jpg 200w, https:\/\/www.esplac.cat\/wp-content\/uploads\/2019\/10\/Cartel_Escola_Esplac_Programacio\u0301_versio2-768x1086-212x300.jpg 212w, https:\/\/www.esplac.cat\/wp-content\/uploads\/2019\/10\/Cartel_Escola_Esplac_Programacio\u0301_versio2-768x1086-400x566.jpg 400w, https:\/\/www.esplac.cat\/wp-content\/uploads\/2019\/10\/Cartel_Escola_Esplac_Programacio\u0301_versio2-768x1086-600x848.jpg 600w, https:\/\/www.esplac.cat\/wp-content\/uploads\/2019\/10\/Cartel_Escola_Esplac_Programacio\u0301_versio2-768x1086-724x1024.jpg 724w, https:\/\/www.esplac.cat\/wp-content\/uploads\/2019\/10\/Cartel_Escola_Esplac_Programacio\u0301_versio2-768x1086.jpg 768w\" sizes=\"(max-width: 803px) 100vw, 803px\" \/><\/p>\n<\/div><div class=\"nav fusion-mobile-tab-nav\"><ul class=\"nav-tabs\" role=\"tablist\"><li role=\"presentation\"><a class=\"tab-link\" data-toggle=\"tab\" role=\"tab\" aria-controls=\"tab-2509dd1ad02ee9bf930\" aria-selected=\"false\" tabindex=\"-1\" id=\"mobile-fusion-tab-pon\u00e8ncies\" href=\"#tab-2509dd1ad02ee9bf930\"><h4 class=\"fusion-tab-heading\"><i class=\"fontawesome-icon fa-bullhorn fas\" aria-hidden=\"true\" style=\"font-size:19px;\"><\/i>Pon\u00e8ncies<\/h4><\/a><\/li><\/ul><\/div><div class=\"tab-pane fade fusion-clearfix\" role=\"tabpanel\" tabindex=\"0\" aria-labelledby=\"fusion-tab-pon\u00e8ncies\" id=\"tab-2509dd1ad02ee9bf930\">\n<h3 class=\"western\" align=\"justify\"><b>PONENTS INICIAL I FINAL:<\/b><\/h3>\n<p><b><strong>SEGUNDO MOYANO<\/strong><\/b><\/p>\n<p>\u00c9s educador social, Doctor en Pedagogia i Director del programa d\u2019educaci\u00f3 social de la UOC. Expert en pedagogia social, protecci\u00f3 a la infancia, formaci\u00f3 d\u2019educadors socials, art i ciutat en educaci\u00f3 social i lectura, escriptura i educaci\u00f3 social. L\u2019hem entrevistat per con\u00e8ixer-lo una mica millor, i ho podeu veure en\u00a0<a href=\"https:\/\/www.youtube.com\/watch?v=-eErMB-TfZg\" target=\"_blank\" rel=\"noopener noreferrer\">aquest v\u00eddeo<\/a>.<\/p>\n<p align=\"justify\"><strong>JAUME MART\u00cdNEZ BONAF\u00c9<\/strong><\/p>\n<p align=\"justify\">El Jaume Mart\u00ednez Bonaf\u00e9 va ser mestre d\u2019escola en els seus deu primers anys de treball com a docent. En l\u2019actualitat \u00e9s Doctor en Filosofia i Ci\u00e8ncies de l\u2019Educaci\u00f3 i professor titular en el Departament de Did\u00e0ctica i Organitzaci\u00f3 Escolar de la Universitat de Val\u00e8ncia. Fundador i destacat militant dels Moviments de Renovaci\u00f3 Pedag\u00f2gica. Actualment est\u00e0 dirigint recerques sobre les pol\u00edtiques de control a trav\u00e9s del material curricular i sobre les relacions entre coneixement i poder en el discurs de la formaci\u00f3 del professorat. La seva pon\u00e8ncia ser\u00e0 el diumenge al mat\u00ed. Conegueu millor Jaume Mart\u00ednez a partir d\u2019<a href=\"https:\/\/www.esplac.cat\/entrevista-jaume-martinez\/\" target=\"_blank\" rel=\"noopener noreferrer\">aquesta entrevista<\/a>\u00a0que li\u00a0hem fet des d\u2019Esplac.<\/p>\n<p align=\"justify\"><b>TAULA RODONA SOBRE ECONOMIA I EDUCACI\u00d3:<\/b><\/p>\n<p align=\"justify\">\u2013 En un m\u00f3n globalitza\u200bt\u200b on \u200bimperen per sobre de tot els interessos econ\u00f2mics, provocant segregaci\u00f3 educativa (escolar i fora-escola), quin \u00e9s el paper que han de jugar els educadors?<br \/>\n\u2013 Com ha de ser una educaci\u00f3 que promogui alternatives econ\u00f2miques en unes societats cada vegada m\u00e9s desiguals i segregades?<br \/>\n\u2013 Com educar perqu\u00e8 l\u2019economia capitalista i, per tant, l\u2019 individualisme no estigui al centre? Som anticapitalistes?<\/p>\n<p align=\"justify\"><b><strong>ARNAU RIERA<\/strong><\/b><\/p>\n<p align=\"justify\">L\u2019Arnau Riera (Granollers, 1982) \u00e9s doctor en f\u00edsica te\u00f2rica per la Universitat de Barcelona i actualment fa d\u2019investigador sobre termodin\u00e0mica i informaci\u00f3 qu\u00e0ntiques a l\u2019Institut de Ci\u00e8ncies Fot\u00f2niques (ICFO). Com a activista en els \u00e0mbits de l\u2019educaci\u00f3 i l\u2019economia ha estat 7 anys monitor al Centre Excursionista de Llinars i \u00e9s membre del Seminari d\u2019Economia Cr\u00edtica Taifa on actualment est\u00e0 col\u00b7laborant en la preparaci\u00f3 de materials educatius per l\u2019ensenyament de l\u2019economia cr\u00edtica a l\u2019educaci\u00f3 secund\u00e0ria.<\/p>\n<p align=\"justify\"><b><strong>ANNA QUINTANAS<\/strong><\/b><\/p>\n<p align=\"justify\">\u00c9s professora del Departament de Filosofia de la Universitat de Girona des del 1993. Pel\u00a0que fa a la seva formaci\u00f3 acad\u00e8mica \u00e9s Llicenciada en Filosofia (Universitat Aut\u00f2noma de Barcelona, 1990) i Doctora en Filosofia (Premi Extraordinari de Doctorat de la Universitat de Girona, 1997). La seva traject\u00f2ria com a investigadora es va iniciar com a bec\u00e0ria de la C\u00e0tedra Ferrater Mora de Pensament Contemporani de la Universitat de Girona (1991-1993).<\/p>\n<p align=\"justify\">Sobre la cr\u00edtica a \u00a0la globalitzaci\u00f3 neoliberal inherent a aquests nous moviments socials, cal destacar els articles \u201cUna cr\u00edtica pol\u00edtico-antropol\u00f3gica al \u2018choque de civilizaciones\u2019 de S.P. Huntington\u201d (Isegor\u00eda, 2002), \u201cDel mito del hombre democr\u00e1tico a la nueva Internacional civil\u201d (Utop\u00eda y praxis latinoamericana, 2002); o el cap\u00edtol de llibre \u201cLa indocilitat reflexionada. Una an\u00e0lisi dels moviments altermundistes a partir de M. Foucault\u201d (dins Filosofia i pol\u00edtica ara, 2004).<\/p>\n<p align=\"justify\"><b>TAULES RODONES SOBRE SOCIETAT I EDUCACI\u00d3:<\/b><\/p>\n<p align=\"justify\">\u2013 Quin paper t\u00e9 l\u2019educaci\u00f3 en la cohesi\u00f3 social d\u2019un barri o poble? Quin \u00e9s el paper de l\u2019educaci\u00f3 popular en la lluita per la cohesi\u00f3 social?<br \/>\n\u2013 En una societat on l\u2019individualisme est\u00e0 al centre, com podem construir comunitat des de l\u2019educaci\u00f3, sense limitar la llibertat individual?<br \/>\n\u2013 Quin ha de ser el paper de l\u2019educaci\u00f3 popular en la construcci\u00f3 de la identitat individual i col\u00b7lectiva?<\/p>\n<p align=\"justify\"><strong>LLU\u00cdS PARCERISA<\/strong><\/p>\n<p align=\"justify\">\u00c9s estudiant de doctorat al Departament de Sociologia de la Universitat Aut\u00f2noma de Barcelona. \u00c9s membre del GEPS (Globalitzaci\u00f3, Educaci\u00f3 i Pol\u00edtiques Socials). Tamb\u00e9 forma part de l\u2019equip avaluador del programa \u201cEscoles Magnet. Aliances per a l\u2019\u00e8xit educatiu\u201d, de la Fundaci\u00f3 Jaume Bofill. La seva tesi doctoral versa sobre la transnacionalitzaci\u00f3 del new public management en el camp de l\u2019educaci\u00f3 i la seva recontextualitzaci\u00f3 en l\u2019escola p\u00fablica a Espanya. Les seves \u00e0rees d\u2019inter\u00e8s se centren en la governan\u00e7a educativa global i el rol dels organismes internacionals, l\u2019an\u00e0lisi de la privatitzaci\u00f3 educativa i el seu impacte en les desigualtats socials i educatives, l\u2019abandonament escolar prematur, i l\u2019estudi de l\u2019impacte dels moviments socials.<\/p>\n<p align=\"justify\"><strong>XAVIER BESAL\u00da COSTA<\/strong><\/p>\n<p align=\"justify\">Llicenciat en filosofia i lletres i doctor en pedagogia. Especialitzat en educaci\u00f3 intercultural, did\u00e0ctica i curr\u00edculum i formaci\u00f3 del professorat. \u00c9s professor del Departament de Pedagogia de la Universitat de Girona. Ha treballat com a mestre durant 12 anys. Les seves investigacions i publicacions sobre immigraci\u00f3, interculturalitat, escola i nouvinguts, models d\u2019aules d\u2019acollida s\u00f3n un referent a Catalunya i a l\u2019Estat Espanyol. Col\u00b7labora amb moviments de renovaci\u00f3 pedag\u00f2gica. Actualment \u00e9s vicepresident de l\u2019associaci\u00f3 GRAMC (Grup de Recerca i Actuaci\u00f3 amb Minories Culturals), assessor de la col\u00b7lecci\u00f3 Quaderns d\u2019Educaci\u00f3 Intercultural, que edita Libros de la Catarata. Membre del consell editorial de les revistes Arxius Anal\u00edtics de Pol\u00edtiques Educatives i Rizoma Freireano que edita l\u2019Institut Paulo Freire d\u2019Espanya. Tamb\u00e9 \u00e9s director de la revista Perspectiva Escolar, que edita l\u2019Associaci\u00f3 de Mestres Rosa Sensat. Ha estat membre del Consell Escolar de Catalunya durant 8 anys.<\/p>\n<p><b><strong>SEGUNDO MOYANO<\/strong><\/b><\/p>\n<p>\u00c9s educador social, Doctor en Pedagogia i Director del programa d\u2019educaci\u00f3 social de la UOC. Expert en pedagogia social, protecci\u00f3 a la infancia, formaci\u00f3 d\u2019educadors socials, art i ciutat en educaci\u00f3 social i lectura, escriptura i educaci\u00f3 social.<\/p>\n<p align=\"justify\"><b><strong>MIQUEL MARTORELL<\/strong><\/b><\/p>\n<p align=\"justify\">Antrop\u00f2leg social i cultural (UB), M\u00e0ster en Recerca de les Ci\u00e8ncies Socials (Universitat d\u2019\u00c0msterdam) i estudiant de doctorat a la Universitat Aut\u00f2noma de Barcelona. Especialitzat en migracions, educaci\u00f3 i inf\u00e0ncia. Ha estudiat els discursos sobre la \u201cdiversitat\u201d en contextos escolars i actualment investiga el fenomen de la mobilitat infantil a escala local i transnacional. Tamb\u00e9 \u00e9s ex-monitor de l\u2019Esplai Turons de Barcelona, membre del grup de treball del\u00a0<i>Som Esplai<\/i>\u00a0(revista digital d\u2019Esplais Catalans) i formador de l\u2019Escola Lliure el Sol.<\/p>\n<p align=\"justify\"><b><strong>MIREIA CAMENO<\/strong><\/b><\/p>\n<p align=\"justify\">Estudiant\u00a0del \u200bgrau en Educaci\u00f3 Prim\u00e0ria a la UAB i membre del projecte de l\u2019Escola Popular de Manresa.\u00a0Actualment ja \u00e9s el segon curs de l\u2019aventura de l\u2019Escola Popular de la PAHC Bages al bell mig del barri antic de Manresa, als baixos d\u2019un bloc recuperat per la PAHC Bages de les grapes de la Sareb, on ara viuen quatre fam\u00edlies i on realitza les seves activitats l\u2019Escola Popular.\u00a0L\u2019Escola Popular \u00e9s un projecte transformador que porta a la pr\u00e0ctica l\u2019educaci\u00f3 popular com a gui\u00f3 per un canvi substancial en la manera\u00a0de fer els acompanyaments. Tenen com a objectiu que les persones que formem part d\u2019aquest proc\u00e9s educatiu prenguin consci\u00e8ncia de la realitat que les envolta i de les opressions que els travessen; al mateix temps que potencien la capacitat de resistir i lluiten per millorar les condicions de vida.\u00a0Tamb\u00e9 volen donar molt valor a la relaci\u00f3 i als afectes que creen. L\u2019Escola obre cada tarda de dilluns a divendres i, al llarg de la setmana, un total de 58 infants i joves (de prim\u00e0ria i secund\u00e0ria) i 24 acompanyants creixen amb una mirada a l\u2019educaci\u00f3 popular que els ofereix eines per la transformaci\u00f3 social.<\/p>\n<p align=\"justify\"><b>TAULES RODONES SOBRE PODER I EDUCACI\u00d3:<\/b><\/p>\n<p align=\"justify\">\u2013 Eduquem des d\u2019una mirada adultocentrista?<br \/>\n\u2013 Com utilitzem el poder quan fem acci\u00f3 educativa?<br \/>\n\u2013 Com ha de ser una educaci\u00f3 no-dogm\u00e0tica que promogui la construcci\u00f3 de l\u2019esperit cr\u00edtic?<\/p>\n<p align=\"justify\"><b><strong>ANA IRENE\u00a0P\u00c9REZ RUEDA<\/strong><\/b><\/p>\n<p align=\"justify\">Llicenciada en Traducci\u00f3 i Interpretaci\u00f3, Graduada en Educaci\u00f3 Infantil i amb un M\u00e0ster en Qualitat i Millora de l\u2019Educaci\u00f3 per la Universitat Aut\u00f2noma de Madrid, actualment realitza el Doctorat en Educaci\u00f3 a la mateixa universitat amb un contracte de Formaci\u00f3 de Professorat Universitari (*FPU) en el Departament de Did\u00e0ctica i Teoria de l\u2019Educaci\u00f3. Les seves l\u00ednies de recerca s\u00f3n: l\u2019educaci\u00f3 lliure i democr\u00e0tica, la pedagogia llibert\u00e0ria i l\u2019educaci\u00f3 per la just\u00edcia social. Forma part del grup de recerca Canvio Educatiu per a la Just\u00edcia Social (GICE) i investiga sobre pedagogia llibert\u00e0ria i educaci\u00f3 per a la just\u00edcia social.<\/p>\n<p align=\"justify\">Aix\u00ed mateix, ha participat en jornades per promoure una perspectiva cr\u00edtica entorn de les escoles alternatives, les escoles lliures i els discursos dels mitjans de comunicaci\u00f3 sobre innovaci\u00f3 educativa i est\u00e0 involucrada en l\u2019activisme pol\u00edtic en diferents moviments socials anarquistes, anticapitalistes i feministes.<\/p>\n<p align=\"justify\"><b><strong>JOSEP GONZ\u00c1LEZ AGAPITO<\/strong><\/b><\/p>\n<p align=\"justify\">Doctor en pedagogia i catedr\u00e0tic de teoria i hist\u00f2ria de l\u2019educaci\u00f3 a la facultat de pedagogia de la Universitat de Barcelona. \u00c9s membre de la Societat Catalana de Pedagogia i del Consell Escolar de Catalunya, i president de la Secci\u00f3 de Filosofia i Ci\u00e8ncies Socials de l\u2019Institut d\u2019Estudis Catalans (IEC). Ha publicat nombrosos treballs sobre hist\u00f2ria de l\u2019educaci\u00f3 i pol\u00edtica educativa.<\/p>\n<p align=\"justify\"><b><strong>MARC ALCEGA ESTIVILL<\/strong><\/b><\/p>\n<p align=\"justify\">Membre de la secretaria de la XELL, Xarxa d\u2019educaci\u00f3 lliure de Catalunya 2006, on hi realitza tasques de gesti\u00f3 de l\u2019entitat, formaci\u00f3 i difusi\u00f3 en l\u2019\u00e0mbit de l\u2019educaci\u00f3 lliure i assessorament legal als projectes emergents.\u00a0Ha participat als projectes d\u2019educaci\u00f3 lliure la Magarrufa, el Submar\u00ed Lila i El G\u00ednjol i tamb\u00e9 ha desenvolupat educaci\u00f3 a casa.\u00a0Tamb\u00e9 participa a l\u2019agrupament escola de la Mulassa de Reus, on hi porta als seus fills.<\/p>\n<p align=\"justify\"><b><strong>MIQUEL MART\u00cdNEZ MAR\u00cdN\u00a0<\/strong><\/b><\/p>\n<p align=\"justify\">\u00c9s doctor en Filosofia i Ci\u00e8ncies de l\u2019Educaci\u00f3, catedr\u00e0tic de Teoria de l\u2019Educaci\u00f3 i membre del Grup de Recerca d\u2019Educaci\u00f3 en Valors i Desenvolupament Moral (GREM) de la Universitat de Barcelona. La seva activitat docent i investigadora se centra en: educaci\u00f3 en valors, formaci\u00f3 del professorat, prospectiva de l\u2019educaci\u00f3 i l\u2019aprenentatge \u00e8tic i universitat. T\u00e9 experi\u00e8ncia en pol\u00edtica universit\u00e0ria. Ha estat director de l\u2019Institut de Ci\u00e8ncies de l\u2019Educaci\u00f3, Deg\u00e0 de la Facultat de Pedagogia i vicerector de la Universitat de Barcelona.<\/p>\n<\/div><div class=\"nav fusion-mobile-tab-nav\"><ul class=\"nav-tabs\" role=\"tablist\"><li role=\"presentation\"><a class=\"tab-link\" data-toggle=\"tab\" role=\"tab\" aria-controls=\"tab-14dc56784f42d7a7ca7\" aria-selected=\"false\" tabindex=\"-1\" id=\"mobile-fusion-tab-espaidedebat\" href=\"#tab-14dc56784f42d7a7ca7\"><h4 class=\"fusion-tab-heading\"><i class=\"fontawesome-icon fa-users fas\" aria-hidden=\"true\" style=\"font-size:19px;\"><\/i>Espai de debat<\/h4><\/a><\/li><\/ul><\/div><div class=\"tab-pane fade fusion-clearfix\" role=\"tabpanel\" tabindex=\"0\" aria-labelledby=\"fusion-tab-espaidedebat\" id=\"tab-14dc56784f42d7a7ca7\">\n<p align=\"justify\"><b><span lang=\"ca-ES\">IDEARI<\/span><\/b><\/p>\n<p align=\"justify\"><b>L\u2019ideari ha de ser prou obert per respectar totes les opinions?<\/b><\/p>\n<p><span lang=\"ca-ES\">\u2013 On estan els l\u00edmits al respecte i la toler\u00e0ncia de totes les opinions?<br \/>\n<\/span>\u2013 Com ha de ser un ideari inclusiu i, alhora, amb idees socialment posicionades i transformadores? I el projecte educatiu?<br \/>\n\u2013 Tenim un ideari amb el que sentim identificades?<br \/>\n\u2013 L\u2019ideari d\u2019una associaci\u00f3 \u00e9s inamovible?<br \/>\n\u2013 Qui i com ha de redactar l\u2019ideari de l\u2019associaci\u00f3?<br \/>\n\u2013 Es pot canviar segons les d\u00e8ries de cada equip d\u2019educadors?<br \/>\n<span lang=\"ca-ES\">\u2013 Com traslladem l\u2019ideari al quotidi\u00e0 de l\u2019associaci\u00f3?<\/span><\/p>\n<p align=\"justify\"><b>LA\u00cfCITAT<\/b><\/p>\n<p align=\"justify\"><b>Com eduquem en la llibertat, sota un ideari?<\/b><\/p>\n<p>\u2013 Educar \u00e9s manipular? I adoctrinar? I ensenyar?<br \/>\n\u2013 Com a educadors, respecte i promovem la llibertat de pensament i consci\u00e8ncia? Per qu\u00e8?<br \/>\n\u2013 Eduquem en la veritat o deixem espai al dubte?<br \/>\n\u2013 Imposem algunes idees mitjan\u00e7ant el nostre m\u00e8tode pedag\u00f2gic?<br \/>\n\u2013 A l\u2019esplai, com a l\u2019escola, pretenem que tots els infants siguin d\u2019esquerres?<br \/>\n\u2013 All\u00f2 personal, \u00e9s pol\u00edtic?<\/p>\n<p align=\"justify\"><b>ASSEMBLEARISME I D\u2019ORGANITZACI\u00d3<\/b><\/p>\n<p align=\"justify\"><b>\u00c9s l\u2019assemblearisme un m\u00e8tode que respecta els dret d\u2019expressi\u00f3 i la llibertat de pensament?<\/b><\/p>\n<p>\u2013 Perqu\u00e8 som assemblearis?<br \/>\n\u2013 \u00c9s l\u2019assemblearisme un sistema organitzatiu<br \/>\n\u2013 Totes tenim la mateixa veu i poder de decisi\u00f3 dins l\u2019associaci\u00f3? No? Per qu\u00e8? Quines veus predominen? Creem mecanismes compensatoris perqu\u00e8 tothom tingui veu? Com ho fem perqu\u00e8 tothom participi a l\u2019assemblea? Cal una persona que s\u2019encarregui o b\u00e9 el format assembleari ja ho genera per si sol?<br \/>\n\u2013 Els rols dins l\u2019assemblea ens permeten caminar cap a l\u2019organitzaci\u00f3 que desitgem, en coher\u00e8ncia amb l\u2019ideari de l\u2019associaci\u00f3? A les assemblees hi ha l\u00edders? \u00c9s positiu que n\u2019hi hagi? Quin paper han de tenir?<br \/>\n\u2013 Som realment assemblearis?<br \/>\n\u2013 Quin paper juguen els infants a l\u2019assemblea? I les fam\u00edlies?<br \/>\n\u2013 Davant un conflicte de car\u00e0cter p\u00fablic que debatem a l\u2019associaci\u00f3 (un debat pol\u00edtic als mitjans de comunicaci\u00f3), escoltem i respectem totes les opinions? Per qu\u00e8?<\/p>\n<p align=\"justify\"><b>COMPROM\u00cdS POL\u00cdTIC DE L\u2019EDUCACI\u00d3<\/b><\/p>\n<p align=\"justify\"><b>Quin \u00e9s el nivell de comprom\u00eds pol\u00edtic que ha de tenir una associaci\u00f3 educativa?<\/b><\/p>\n<p>\u2013 Fem primer pedagogia o pol\u00edtica?<br \/>\n\u2013 L\u2019educaci\u00f3 \u00e9s un mecanisme de reproducci\u00f3 del sistema social hegem\u00f2nicament establert?<br \/>\n\u2013 Com ha de ser l\u2019educaci\u00f3 per la transformaci\u00f3 social? Compromesa amb el canvi des del posicionament o des de la neutralitat?<br \/>\n\u2013 Qu\u00e8 diferencia els moviments d\u2019associacionisme educatiu de l\u2019escola, pel que fa a l\u2019educaci\u00f3 pol\u00edtica?<br \/>\n\u2013 Cap a quins models socials caminem? Quina \u00e9s la nostra utopia social? Eduquem en coher\u00e8ncia?<br \/>\n\u2013 Aspirem a construir societats de valors comunitaris per\u00f2 a la nostra associaci\u00f3, generem espais comunitaris?<br \/>\n\u2013 L\u2019associaci\u00f3 s\u2019ha de posicionar, p\u00fablicament, davant temes controvertits?<br \/>\n\u2013 Hem de donar la nostra opini\u00f3 als infants sobre qualsevol tema?<br \/>\n\u2013 Hem d\u2019anar a les manifestacions amb infants?<\/p>\n<\/div><div class=\"nav fusion-mobile-tab-nav\"><ul class=\"nav-tabs\" role=\"tablist\"><li role=\"presentation\"><a class=\"tab-link\" data-toggle=\"tab\" role=\"tab\" aria-controls=\"tab-402866e497af0b8a300\" aria-selected=\"false\" tabindex=\"-1\" id=\"mobile-fusion-tab-v\u00eddeos\" href=\"#tab-402866e497af0b8a300\"><h4 class=\"fusion-tab-heading\"><i class=\"fontawesome-icon fa-video fas\" aria-hidden=\"true\" style=\"font-size:19px;\"><\/i>V\u00eddeos<\/h4><\/a><\/li><\/ul><\/div><div class=\"tab-pane fade fusion-clearfix\" role=\"tabpanel\" tabindex=\"0\" aria-labelledby=\"fusion-tab-v\u00eddeos\" id=\"tab-402866e497af0b8a300\">\n<h3>V\u00cdDEOS<\/h3>\n<p>En aquesta p\u00e0gina trobareu\u00a0tots els v\u00eddeos de l\u2019<strong>Escola d\u2019Esplac 2018<\/strong>:<\/p>\n<ul>\n<li>Resum de l\u2019Escola d\u2019Esplac<\/li>\n<li>Opini\u00f3 participants<\/li>\n<li>Pon\u00e8ncia d\u2019obertura<\/li>\n<li>Pon\u00e8ncia de tancament<\/li>\n<li>Taula rodona economia i educaci\u00f3<\/li>\n<li>Taula rodona poder i educaci\u00f3 (1)<\/li>\n<li>Taula rodona poder i educaci\u00f3 (2)<\/li>\n<li>Taula rodona societat i educaci\u00f3 (1)<\/li>\n<li>Taula rodona societat i educaci\u00f3 (2)<\/li>\n<\/ul>\n<p><strong>V\u00eddeo resum de l\u2019Escola d\u2019Esplac 2018, amb la intervenci\u00f3 d\u2019alguns i algunes de les ponents.<\/strong><\/p>\n<div class=\"fusion-builder-row fusion-builder-row-inner fusion-row\"><div class=\"fusion-layout-column fusion_builder_column_inner fusion-builder-nested-column-0 fusion_builder_column_inner_1_2 1_2 fusion-one-half fusion-column-first\" style=\"--awb-bg-size:cover;width:50%;width:calc(50% - ( ( 4% ) * 0.5 ) );margin-right: 4%;\"><div class=\"fusion-column-wrapper fusion-column-has-shadow fusion-flex-column-wrapper-legacy\">\n<div class=\"fusion-text fusion-text-1\"><p><iframe class=\"fusion-hidden\" data-privacy-type=\"youtube\" src=\"\" data-privacy-src=\"https:\/\/www.youtube.com\/embed\/cNFAjfRmwBA\" width=\"100%\" height=\"350\" frameborder=\"0\" allowfullscreen=\"allowfullscreen\"><\/iframe><div class=\"fusion-privacy-placeholder\" style=\"width:100%; height:350px;\" data-privacy-type=\"youtube\"><div class=\"fusion-privacy-placeholder-content\"><div class=\"fusion-privacy-label\">For privacy reasons YouTube needs your permission to be loaded. For more details, please see our <a class=\"privacy-policy-link\" href=\"https:\/\/www.esplac.cat\/avis-legal\/\" rel=\"privacy-policy\">Av\u00eds Legal<\/a>.<\/div><a href=\"\" data-privacy-type=\"youtube\" class=\"fusion-button button-default fusion-button-default-size button fusion-privacy-consent\">I Accept<\/a><\/div><\/div><br \/>\nV\u00eddeo resum de l\u2019Escola d\u2019Esplac 2018, amb la intervenci\u00f3 d\u2019alguns i algunes de les ponents.<\/p>\n<p><iframe class=\"fusion-hidden\" data-privacy-type=\"youtube\" src=\"\" data-privacy-src=\"https:\/\/www.youtube.com\/embed\/P-gCfWVc6uY\" width=\"100%\" height=\"350\" frameborder=\"0\" allowfullscreen=\"allowfullscreen\"><\/iframe><div class=\"fusion-privacy-placeholder\" style=\"width:100%; height:350px;\" data-privacy-type=\"youtube\"><div class=\"fusion-privacy-placeholder-content\"><div class=\"fusion-privacy-label\">For privacy reasons YouTube needs your permission to be loaded. For more details, please see our <a class=\"privacy-policy-link\" href=\"https:\/\/www.esplac.cat\/avis-legal\/\" rel=\"privacy-policy\">Av\u00eds Legal<\/a>.<\/div><a href=\"\" data-privacy-type=\"youtube\" class=\"fusion-button button-default fusion-button-default-size button fusion-privacy-consent\">I Accept<\/a><\/div><\/div><br \/>\nV\u00eddeo complet de la pon\u00e8ncia inicial de l\u2019Escola d\u2019Esplac 2018, a c\u00e0rrec del docent de la Universitat Oberta de Catalunya Segundo Moyano.<\/p>\n<p><iframe class=\"fusion-hidden\" data-privacy-type=\"youtube\" src=\"\" data-privacy-src=\"https:\/\/www.youtube.com\/embed\/HmxDY5x6gQY\" width=\"100%\" height=\"350\" frameborder=\"0\" allowfullscreen=\"allowfullscreen\"><\/iframe><div class=\"fusion-privacy-placeholder\" style=\"width:100%; height:350px;\" data-privacy-type=\"youtube\"><div class=\"fusion-privacy-placeholder-content\"><div class=\"fusion-privacy-label\">For privacy reasons YouTube needs your permission to be loaded. For more details, please see our <a class=\"privacy-policy-link\" href=\"https:\/\/www.esplac.cat\/avis-legal\/\" rel=\"privacy-policy\">Av\u00eds Legal<\/a>.<\/div><a href=\"\" data-privacy-type=\"youtube\" class=\"fusion-button button-default fusion-button-default-size button fusion-privacy-consent\">I Accept<\/a><\/div><\/div><br \/>\nV\u00eddeo complet de la taula rodona sobre economia i educaci\u00f3, amb Anna Quintanas (Universitat de Girona) i Arnau Riera (Seminari Taifa) com a ponents, i J\u00falia Hosta com a moderadora.<\/p>\n<p><iframe class=\"fusion-hidden\" data-privacy-type=\"youtube\" src=\"\" data-privacy-src=\"https:\/\/www.youtube.com\/embed\/M-a_ZN1BE4E\" width=\"100%\" height=\"350\" frameborder=\"0\" allowfullscreen=\"allowfullscreen\"><\/iframe><div class=\"fusion-privacy-placeholder\" style=\"width:100%; height:350px;\" data-privacy-type=\"youtube\"><div class=\"fusion-privacy-placeholder-content\"><div class=\"fusion-privacy-label\">For privacy reasons YouTube needs your permission to be loaded. For more details, please see our <a class=\"privacy-policy-link\" href=\"https:\/\/www.esplac.cat\/avis-legal\/\" rel=\"privacy-policy\">Av\u00eds Legal<\/a>.<\/div><a href=\"\" data-privacy-type=\"youtube\" class=\"fusion-button button-default fusion-button-default-size button fusion-privacy-consent\">I Accept<\/a><\/div><\/div><br \/>\nV\u00eddeo complet de la taula rodona sobre poder i educaci\u00f3 (2), amb Marc Alcega (Xarxa d\u2019Educaci\u00f3 Lliure) i Miquel Mart\u00ednez (GREM Universitat de Barcelona) com a ponents, i Carla Valle (Casals de Joves) com a moderadora.<\/p>\n<p><iframe class=\"fusion-hidden\" data-privacy-type=\"youtube\" src=\"\" data-privacy-src=\"https:\/\/www.youtube.com\/embed\/R3uo8640ZNg\" width=\"100%\" height=\"350\" frameborder=\"0\" allowfullscreen=\"allowfullscreen\"><\/iframe><div class=\"fusion-privacy-placeholder\" style=\"width:100%; height:350px;\" data-privacy-type=\"youtube\"><div class=\"fusion-privacy-placeholder-content\"><div class=\"fusion-privacy-label\">For privacy reasons YouTube needs your permission to be loaded. For more details, please see our <a class=\"privacy-policy-link\" href=\"https:\/\/www.esplac.cat\/avis-legal\/\" rel=\"privacy-policy\">Av\u00eds Legal<\/a>.<\/div><a href=\"\" data-privacy-type=\"youtube\" class=\"fusion-button button-default fusion-button-default-size button fusion-privacy-consent\">I Accept<\/a><\/div><\/div><br \/>\nV\u00eddeo complet de la taula rodona sobre societat i educaci\u00f3 (2), amb Llu\u00eds Parcerisa (GEPS Universitat Aut\u00f2noma de Barcelona) i Xavier Besal\u00fa (Universitat de Girona) com a ponents, i Oriol Castro com a moderador.<\/p>\n<\/div>\n<div class=\"fusion-clearfix\"><\/div><\/div><\/div><div class=\"fusion-layout-column fusion_builder_column_inner fusion-builder-nested-column-1 fusion_builder_column_inner_1_2 1_2 fusion-one-half fusion-column-last\" style=\"--awb-bg-size:cover;width:50%;width:calc(50% - ( ( 4% ) * 0.5 ) );\"><div class=\"fusion-column-wrapper fusion-column-has-shadow fusion-flex-column-wrapper-legacy\">\n<div class=\"fusion-text fusion-text-2\"><p><iframe class=\"fusion-hidden\" data-privacy-type=\"youtube\" src=\"\" data-privacy-src=\"https:\/\/www.youtube.com\/embed\/Y5G-VZ8UxJs\" width=\"100%\" height=\"350\" frameborder=\"0\" allowfullscreen=\"allowfullscreen\"><\/iframe><div class=\"fusion-privacy-placeholder\" style=\"width:100%; height:350px;\" data-privacy-type=\"youtube\"><div class=\"fusion-privacy-placeholder-content\"><div class=\"fusion-privacy-label\">For privacy reasons YouTube needs your permission to be loaded. For more details, please see our <a class=\"privacy-policy-link\" href=\"https:\/\/www.esplac.cat\/avis-legal\/\" rel=\"privacy-policy\">Av\u00eds Legal<\/a>.<\/div><a href=\"\" data-privacy-type=\"youtube\" class=\"fusion-button button-default fusion-button-default-size button fusion-privacy-consent\">I Accept<\/a><\/div><\/div>V\u00eddeo de valoraci\u00f3 de l\u2019Escola d\u2019Esplac 2018 per part de vuit participants, de diversos sectors geogr\u00e0fics i d\u2019altres entitats.<\/p>\n<p><iframe class=\"fusion-hidden\" data-privacy-type=\"youtube\" src=\"\" data-privacy-src=\"https:\/\/www.youtube.com\/embed\/PkZpf42FKQU\" width=\"100%\" height=\"350\" frameborder=\"0\" allowfullscreen=\"allowfullscreen\"><\/iframe><div class=\"fusion-privacy-placeholder\" style=\"width:100%; height:350px;\" data-privacy-type=\"youtube\"><div class=\"fusion-privacy-placeholder-content\"><div class=\"fusion-privacy-label\">For privacy reasons YouTube needs your permission to be loaded. For more details, please see our <a class=\"privacy-policy-link\" href=\"https:\/\/www.esplac.cat\/avis-legal\/\" rel=\"privacy-policy\">Av\u00eds Legal<\/a>.<\/div><a href=\"\" data-privacy-type=\"youtube\" class=\"fusion-button button-default fusion-button-default-size button fusion-privacy-consent\">I Accept<\/a><\/div><\/div><br \/>\nV\u00eddeo complet de la pon\u00e8ncia final de l\u2019Escola d\u2019Esplac 2018, a c\u00e0rrec del docent de la Universitat de Val\u00e8ncia Jaume Mart\u00ednez.<\/p>\n<p><iframe class=\"fusion-hidden\" data-privacy-type=\"youtube\" src=\"\" data-privacy-src=\"https:\/\/www.youtube.com\/embed\/_QKt3EEYv_o\" width=\"100%\" height=\"350\" frameborder=\"0\" allowfullscreen=\"allowfullscreen\"><\/iframe><div class=\"fusion-privacy-placeholder\" style=\"width:100%; height:350px;\" data-privacy-type=\"youtube\"><div class=\"fusion-privacy-placeholder-content\"><div class=\"fusion-privacy-label\">For privacy reasons YouTube needs your permission to be loaded. For more details, please see our <a class=\"privacy-policy-link\" href=\"https:\/\/www.esplac.cat\/avis-legal\/\" rel=\"privacy-policy\">Av\u00eds Legal<\/a>.<\/div><a href=\"\" data-privacy-type=\"youtube\" class=\"fusion-button button-default fusion-button-default-size button fusion-privacy-consent\">I Accept<\/a><\/div><\/div><br \/>\nV\u00eddeo complet de la taula rodona sobre poder i educaci\u00f3 (1), amb Miquel Mart\u00ednez (GREM Universitat de Barcelona) i Ani P\u00e9rez (GICE Universitat Aut\u00f2noma de Madrid) com a ponents, i Rai Carreras com a moderador.<\/p>\n<p><iframe class=\"fusion-hidden\" data-privacy-type=\"youtube\" src=\"\" data-privacy-src=\"https:\/\/www.youtube.com\/embed\/1SP7NCanE7k\" width=\"100%\" height=\"350\" frameborder=\"0\" allowfullscreen=\"allowfullscreen\"><\/iframe><div class=\"fusion-privacy-placeholder\" style=\"width:100%; height:350px;\" data-privacy-type=\"youtube\"><div class=\"fusion-privacy-placeholder-content\"><div class=\"fusion-privacy-label\">For privacy reasons YouTube needs your permission to be loaded. For more details, please see our <a class=\"privacy-policy-link\" href=\"https:\/\/www.esplac.cat\/avis-legal\/\" rel=\"privacy-policy\">Av\u00eds Legal<\/a>.<\/div><a href=\"\" data-privacy-type=\"youtube\" class=\"fusion-button button-default fusion-button-default-size button fusion-privacy-consent\">I Accept<\/a><\/div><\/div><br \/>\nV\u00eddeo complet de la taula rodona sobre societat i educaci\u00f3 (1) amb Mireia Cameno (Escola Popular de Manresa), Segundo Moyano (Universitat Oberta de Catalunya) i Miquel Martorell (Escola Lliure El Sol) com a ponents, i \u00c8lia Torresclasana com a moderadora.<\/p>\n<\/div>\n<div class=\"fusion-clearfix\"><\/div><\/div><\/div><\/div><\/div><div class=\"nav fusion-mobile-tab-nav\"><ul class=\"nav-tabs\" role=\"tablist\"><li role=\"presentation\"><a class=\"tab-link\" data-toggle=\"tab\" role=\"tab\" aria-controls=\"tab-26d44fd71ca0fa23a2d\" aria-selected=\"false\" tabindex=\"-1\" id=\"mobile-fusion-tab-inscripcions\" href=\"#tab-26d44fd71ca0fa23a2d\"><h4 class=\"fusion-tab-heading\"><i class=\"fontawesome-icon fa-calendar-check far\" aria-hidden=\"true\" style=\"font-size:19px;\"><\/i>Inscripcions<\/h4><\/a><\/li><\/ul><\/div><div class=\"tab-pane fade fusion-clearfix\" role=\"tabpanel\" tabindex=\"0\" aria-labelledby=\"fusion-tab-inscripcions\" id=\"tab-26d44fd71ca0fa23a2d\">\n<h4>Pel que fa les inscripcions, els primers 20 dies tenen descompte!<\/h4>\n<h3><span style=\"color: #000000;\">A TRAV\u00c9S DE L\u2019<a style=\"color: #000000;\" href=\"https:\/\/esplac.cat\/esplacnet\/login\/index.php\">ESPLACNET<\/a>, LES MONITORES D\u2019ESPLAC PODRAN INSCRIURE\u2019S:<\/span><\/h3>\n<p>\u2022 per 25 \u20ac per tot el cap de setmana durant la primera fase d\u2019inscripci\u00f3 (del 29\/11 al 18\/12).<br \/>\n\u2022 per 29 \u20ac per tot el cap de setmana en la segona fase d\u2019inscripci\u00f3 (del 19\/12 al 05\/02).<\/p>\n<p>Us podeu inscriure\u00a0<strong>5 persones per esplai<\/strong>, la resta quedareu en llista d\u2019espera i, si passat el dia 5 de febrer, queden places lliures, podreu entrar.<\/p>\n<p>Hi ha un m\u00e0xim de 90 places a trav\u00e9s de l\u2019EsplacNet, la persona 91 de la llista passar\u00e0 a estar en llista d\u2019espera i farem el mateix que amb l\u2019altra llista d\u2019espera. Us informem d\u2019aix\u00f2, perqu\u00e8 pot donar-se el cas que a l\u2019inscriure una moni us surti en verd, per\u00f2 en realitat ja s\u2019han omplert les 90 places. Feu el pagament igualment i, si finalment no podeu venir a l\u2019Escola d\u2019Esplac per falta de places, us tornarem els diners.<\/p>\n<p><strong>Ordre d\u2019entrada de les persones en llista d\u2019espera<\/strong>:<br \/>\n1. Els esplais que no tinguin cap participant inscrit.<br \/>\n2. Els esplais que no arribin a 5 participants inscrits.<br \/>\n3. Els esplais que ja hagin arribat a 5 participants i en tinguin en espera.<\/p>\n<p>Seguirem aquests criteris en ordre d\u2019inscripci\u00f3!<\/p>\n<h3>A TRAV\u00c9S D\u2019AQUEST\u00a0<a href=\"https:\/\/infoesplac.typeform.com\/to\/B8nDOi\"><span style=\"color: #f69d0b;\">FORMULARI<\/span><\/a>, LES MEMBRES DELS EQUIPS GENERALS DE SECTOR I LES S\u00d2CIES D\u2019ESPLAC QUE NO S\u00d3N MONITORES PODRAN INSCRIURE\u2019S:<\/h3>\n<p>\u2022 per 25 \u20ac per tot el cap de setmana durant la primera fase d\u2019inscripci\u00f3 (del 29\/11 al 18\/12).<br \/>\n\u2022 per 29 \u20ac per tot el cap de setmana en la segona fase d\u2019inscripci\u00f3 (del 19\/12 al 05\/02).<\/p>\n<h3>A TRAV\u00c9S D\u2019AQUEST ALTRE\u00a0<span style=\"color: #f69d0b;\"><a style=\"color: #f69d0b;\" href=\"https:\/\/infoesplac.typeform.com\/to\/B8nDOi\">FORMULARI<\/a><\/span>, LES PERSONES EXTERNES A ESPLAC PODRAN INSCRIURE\u2019S:<\/h3>\n<p>\u2022 per 39 \u20ac per tot el cap de setmana durant la primera fase d\u2019inscripci\u00f3 (del 29\/11 al 18\/12).<br \/>\n\u2022 per 45 \u20ac per tot el cap de setmana en la segona fase d\u2019inscripci\u00f3 (del 19\/12 al 05\/02).<\/p>\n<h4>Per a qualsevol persona (s\u00f2cia o no s\u00f2cia d\u2019Esplac) els preus per un sol dia seran els seg\u00fcents:<\/h4>\n<p>\u2022 per 20 \u20ac per dissabte no inclou el dinar.<br \/>\n\u2022 per 15 \u20ac per diumenge incl\u00f2s el dinar.<\/p>\n<p><strong>Les dues primeres fases (on la difer\u00e8ncia nom\u00e9s \u00e9s el preu), confirmeu la vostra assist\u00e8ncia a les jornades formatives.<\/strong><br \/>\n<strong>En la tercera fase d\u2019inscripci\u00f3, unes setmanes abans de l\u2019Escola d\u2019Esplac quan tinguem totes les ponents tancades, podreu escollir les taules rodones i els debats on us agradaria participar.<\/strong><\/p>\n<p><strong>L\u2019Escola d\u2019Esplac convalida un total de 12 hores associatives dels cursos d\u2019\u00c8xit del programa Marta Marta de l\u2019Escola Lliure el Sol.<\/strong><\/p>\n<\/div><div class=\"nav fusion-mobile-tab-nav\"><ul class=\"nav-tabs\" role=\"tablist\"><li role=\"presentation\"><a class=\"tab-link\" data-toggle=\"tab\" role=\"tab\" aria-controls=\"tab-ac737e002a72e845b36\" aria-selected=\"false\" tabindex=\"-1\" id=\"mobile-fusion-tab-esculltaula!\" href=\"#tab-ac737e002a72e845b36\"><h4 class=\"fusion-tab-heading\"><i class=\"fontawesome-icon fa-list-ol fas\" aria-hidden=\"true\" style=\"font-size:19px;\"><\/i>Escull taula! <\/h4><\/a><\/li><\/ul><\/div><div class=\"tab-pane fade fusion-clearfix\" role=\"tabpanel\" tabindex=\"0\" aria-labelledby=\"fusion-tab-esculltaula!\" id=\"tab-ac737e002a72e845b36\">\n<h3>TAULES RODONES I DEBATS<\/h3>\n<p>A trav\u00e9s d\u2019aquest formulari podeu triar a quina\u00a0<strong>taula rodona<\/strong>\u00a0preferiu participar el dissabte a la tarda i a quin\u00a0<strong>debat<\/strong>\u00a0us agradaria m\u00e9s ser el diumenge al mat\u00ed. Intentarem tenir-ho en compte a l\u2019hora de fer la distribuci\u00f3 de totes les participants. Moltes gr\u00e0cies!<\/p>\n<p><a href=\"https:\/\/docs.google.com\/forms\/d\/e\/1FAIpQLSeFWnL-I-zL1y0u7r1aE-GqjnxcgMjUysQWd2x53a3u0sTqpQ\/viewform?embedded=true\" target=\"_blank\" rel=\"noopener noreferrer\">Escollir taula rodona i debat<\/a><\/p>\n<\/div><\/div><\/div><div class=\"fusion-aligncenter\"><a class=\"fusion-button button-flat fusion-button-default-size button-default fusion-button-default button-1 fusion-button-default-span fusion-button-default-type\" target=\"_self\" href=\"\/wp-content\/uploads\/2019\/10\/Conclusions_resum_ponencies_EscolaEsplac2018.pdf\"><span class=\"fusion-button-text\">Conclusions Escola d&#8217;Esplac 2018<\/span><\/a><\/div><div class=\"fusion-clearfix\"><\/div><\/div><\/div><\/div><\/div><div class=\"fusion-fullwidth fullwidth-box fusion-builder-row-2 fusion-flex-container nonhundred-percent-fullwidth non-hundred-percent-height-scrolling\" style=\"--awb-border-radius-top-left:0px;--awb-border-radius-top-right:0px;--awb-border-radius-bottom-right:0px;--awb-border-radius-bottom-left:0px;--awb-margin-bottom:40px;--awb-flex-wrap:wrap;\" ><div class=\"fusion-builder-row fusion-row fusion-flex-align-items-flex-start fusion-flex-content-wrap\" style=\"max-width:1248px;margin-left: calc(-4% \/ 2 );margin-right: calc(-4% \/ 2 );\"><div class=\"fusion-layout-column fusion_builder_column fusion-builder-column-2 fusion_builder_column_1_1 1_1 fusion-flex-column\" style=\"--awb-bg-blend:overlay;--awb-bg-size:cover;--awb-width-large:100%;--awb-margin-top-large:0px;--awb-spacing-right-large:1.92%;--awb-margin-bottom-large:20px;--awb-spacing-left-large:1.92%;--awb-width-medium:100%;--awb-spacing-right-medium:1.92%;--awb-spacing-left-medium:1.92%;--awb-width-small:100%;--awb-spacing-right-small:1.92%;--awb-spacing-left-small:1.92%;\"><div class=\"fusion-column-wrapper fusion-column-has-shadow fusion-flex-justify-content-flex-start fusion-content-layout-column\"><div class=\"fusion-text fusion-text-3\"><h3><strong>Altres edicions de l\u2019Escola d\u2019Esplac<\/strong><\/h3>\n<\/div><\/div><\/div><div class=\"fusion-layout-column fusion_builder_column fusion-builder-column-3 fusion_builder_column_1_4 1_4 fusion-flex-column fusion-column-inner-bg-wrapper\" style=\"--awb-inner-bg-blend:overlay;--awb-inner-bg-size:cover;--awb-width-large:25%;--awb-margin-top-large:0px;--awb-spacing-right-large:7.68%;--awb-margin-bottom-large:20px;--awb-spacing-left-large:7.68%;--awb-width-medium:100%;--awb-order-medium:0;--awb-spacing-right-medium:1.92%;--awb-spacing-left-medium:1.92%;--awb-width-small:100%;--awb-order-small:0;--awb-spacing-right-small:1.92%;--awb-spacing-left-small:1.92%;\" data-motion-effects=\"[{&quot;type&quot;:&quot;&quot;,&quot;scroll_type&quot;:&quot;transition&quot;,&quot;scroll_direction&quot;:&quot;up&quot;,&quot;transition_speed&quot;:&quot;1&quot;,&quot;fade_type&quot;:&quot;in&quot;,&quot;scale_type&quot;:&quot;up&quot;,&quot;initial_scale&quot;:&quot;1&quot;,&quot;max_scale&quot;:&quot;1.5&quot;,&quot;min_scale&quot;:&quot;0.5&quot;,&quot;initial_rotate&quot;:&quot;0&quot;,&quot;end_rotate&quot;:&quot;30&quot;,&quot;initial_blur&quot;:&quot;0&quot;,&quot;end_blur&quot;:&quot;3&quot;,&quot;start_element&quot;:&quot;top&quot;,&quot;start_viewport&quot;:&quot;bottom&quot;,&quot;end_element&quot;:&quot;bottom&quot;,&quot;end_viewport&quot;:&quot;top&quot;,&quot;mouse_effect&quot;:&quot;track&quot;,&quot;mouse_effect_direction&quot;:&quot;opposite&quot;,&quot;mouse_effect_speed&quot;:&quot;2&quot;,&quot;infinite_animation&quot;:&quot;float&quot;,&quot;infinite_animation_speed&quot;:&quot;2&quot;}]\" data-scroll-devices=\"small-visibility,medium-visibility,large-visibility\"><span class=\"fusion-column-inner-bg hover-type-none\"><a class=\"fusion-column-anchor\" href=\"https:\/\/www.esplac.cat\/formacions\/escola-esplac-2025\/\"><span class=\"fusion-column-inner-bg-image\"><\/span><\/a><\/span><div class=\"fusion-column-wrapper fusion-column-has-shadow fusion-flex-justify-content-flex-start fusion-content-layout-column\"><div class=\"fusion-image-element \" style=\"text-align:center;--awb-liftup-border-radius:0px;--awb-caption-title-font-family:var(--h2_typography-font-family);--awb-caption-title-font-weight:var(--h2_typography-font-weight);--awb-caption-title-font-style:var(--h2_typography-font-style);--awb-caption-title-size:var(--h2_typography-font-size);--awb-caption-title-transform:var(--h2_typography-text-transform);--awb-caption-title-line-height:var(--h2_typography-line-height);--awb-caption-title-letter-spacing:var(--h2_typography-letter-spacing);\"><div class=\"awb-image-frame awb-image-frame-2 imageframe-liftup\"><span class=\" fusion-imageframe imageframe-none imageframe-2\"><a class=\"fusion-no-lightbox\" href=\"https:\/\/www.esplac.cat\/formacions\/escola-desplac-2024\/\" target=\"_self\" aria-label=\"cartell_esplac2025\"><img decoding=\"async\" width=\"212\" height=\"300\" src=\"https:\/\/www.esplac.cat\/wp-content\/uploads\/2024\/11\/cartell_esplac2025-212x300.jpg\" alt class=\"img-responsive wp-image-51867\" srcset=\"https:\/\/www.esplac.cat\/wp-content\/uploads\/2024\/11\/cartell_esplac2025-200x283.jpg 200w, https:\/\/www.esplac.cat\/wp-content\/uploads\/2024\/11\/cartell_esplac2025-400x566.jpg 400w, https:\/\/www.esplac.cat\/wp-content\/uploads\/2024\/11\/cartell_esplac2025-600x849.jpg 600w, https:\/\/www.esplac.cat\/wp-content\/uploads\/2024\/11\/cartell_esplac2025-800x1131.jpg 800w, https:\/\/www.esplac.cat\/wp-content\/uploads\/2024\/11\/cartell_esplac2025-1200x1697.jpg 1200w, https:\/\/www.esplac.cat\/wp-content\/uploads\/2024\/11\/cartell_esplac2025-scaled.jpg 1810w\" sizes=\"(max-width: 1024px) 100vw, (max-width: 640px) 100vw, 400px\" \/><\/a><\/span><\/div><\/div><div class=\"fusion-separator fusion-full-width-sep\" style=\"align-self: center;margin-left: auto;margin-right: auto;margin-bottom:20px;width:100%;\"><\/div><div class=\"fusion-text fusion-text-4\"><h5 style=\"text-align: center;\"><strong><a href=\"https:\/\/www.esplac.cat\/formacions\/escola-esplac-2025\/\" target=\"_blank\" rel=\"noopener\">Escola d\u2019Esplac 2025<\/a><\/strong><\/h5>\n<\/div><div class=\"fusion-separator fusion-full-width-sep\" style=\"align-self: center;margin-left: auto;margin-right: auto;margin-bottom:20px;width:100%;\"><\/div><\/div><\/div><div class=\"fusion-layout-column fusion_builder_column fusion-builder-column-4 fusion_builder_column_1_4 1_4 fusion-flex-column fusion-column-inner-bg-wrapper\" style=\"--awb-inner-bg-blend:overlay;--awb-inner-bg-size:cover;--awb-width-large:25%;--awb-margin-top-large:0px;--awb-spacing-right-large:7.68%;--awb-margin-bottom-large:20px;--awb-spacing-left-large:7.68%;--awb-width-medium:100%;--awb-order-medium:0;--awb-spacing-right-medium:1.92%;--awb-spacing-left-medium:1.92%;--awb-width-small:100%;--awb-order-small:0;--awb-spacing-right-small:1.92%;--awb-spacing-left-small:1.92%;\" data-motion-effects=\"[{&quot;type&quot;:&quot;&quot;,&quot;scroll_type&quot;:&quot;transition&quot;,&quot;scroll_direction&quot;:&quot;up&quot;,&quot;transition_speed&quot;:&quot;1&quot;,&quot;fade_type&quot;:&quot;in&quot;,&quot;scale_type&quot;:&quot;up&quot;,&quot;initial_scale&quot;:&quot;1&quot;,&quot;max_scale&quot;:&quot;1.5&quot;,&quot;min_scale&quot;:&quot;0.5&quot;,&quot;initial_rotate&quot;:&quot;0&quot;,&quot;end_rotate&quot;:&quot;30&quot;,&quot;initial_blur&quot;:&quot;0&quot;,&quot;end_blur&quot;:&quot;3&quot;,&quot;start_element&quot;:&quot;top&quot;,&quot;start_viewport&quot;:&quot;bottom&quot;,&quot;end_element&quot;:&quot;bottom&quot;,&quot;end_viewport&quot;:&quot;top&quot;,&quot;mouse_effect&quot;:&quot;track&quot;,&quot;mouse_effect_direction&quot;:&quot;opposite&quot;,&quot;mouse_effect_speed&quot;:&quot;2&quot;,&quot;infinite_animation&quot;:&quot;float&quot;,&quot;infinite_animation_speed&quot;:&quot;2&quot;}]\" data-scroll-devices=\"small-visibility,medium-visibility,large-visibility\"><span class=\"fusion-column-inner-bg hover-type-none\"><a class=\"fusion-column-anchor\" href=\"https:\/\/www.esplac.cat\/formacions\/escola-desplac-2024\/\"><span class=\"fusion-column-inner-bg-image\"><\/span><\/a><\/span><div class=\"fusion-column-wrapper fusion-column-has-shadow fusion-flex-justify-content-flex-start fusion-content-layout-column\"><div class=\"fusion-image-element \" style=\"text-align:center;--awb-liftup-border-radius:0px;--awb-caption-title-font-family:var(--h2_typography-font-family);--awb-caption-title-font-weight:var(--h2_typography-font-weight);--awb-caption-title-font-style:var(--h2_typography-font-style);--awb-caption-title-size:var(--h2_typography-font-size);--awb-caption-title-transform:var(--h2_typography-text-transform);--awb-caption-title-line-height:var(--h2_typography-line-height);--awb-caption-title-letter-spacing:var(--h2_typography-letter-spacing);\"><div class=\"awb-image-frame awb-image-frame-3 imageframe-liftup\"><span class=\" fusion-imageframe imageframe-none imageframe-3\"><a class=\"fusion-no-lightbox\" href=\"https:\/\/www.esplac.cat\/formacions\/escola-desplac-2024\/\" target=\"_self\" aria-label=\"Ilustraci\u00f3n sin t\u00edtulo\"><img decoding=\"async\" width=\"212\" height=\"300\" src=\"https:\/\/www.esplac.cat\/wp-content\/uploads\/2024\/11\/Cartell-Escola-Esplac-24-800x1131-1-212x300.jpg\" alt class=\"img-responsive wp-image-51850\" srcset=\"https:\/\/www.esplac.cat\/wp-content\/uploads\/2024\/11\/Cartell-Escola-Esplac-24-800x1131-1-200x283.jpg 200w, https:\/\/www.esplac.cat\/wp-content\/uploads\/2024\/11\/Cartell-Escola-Esplac-24-800x1131-1-400x566.jpg 400w, https:\/\/www.esplac.cat\/wp-content\/uploads\/2024\/11\/Cartell-Escola-Esplac-24-800x1131-1-600x848.jpg 600w, https:\/\/www.esplac.cat\/wp-content\/uploads\/2024\/11\/Cartell-Escola-Esplac-24-800x1131-1.jpg 800w\" sizes=\"(max-width: 1024px) 100vw, (max-width: 640px) 100vw, 400px\" \/><\/a><\/span><\/div><\/div><div class=\"fusion-separator fusion-full-width-sep\" style=\"align-self: center;margin-left: auto;margin-right: auto;margin-bottom:20px;width:100%;\"><\/div><div class=\"fusion-text fusion-text-5\"><h5 style=\"text-align: center;\"><strong><a href=\"https:\/\/www.esplac.cat\/formacions\/escola-desplac-2024\/\" target=\"_blank\" rel=\"noopener\">Escola d\u2019Esplac 2024<\/a><\/strong><\/h5>\n<\/div><div class=\"fusion-separator fusion-full-width-sep\" style=\"align-self: center;margin-left: auto;margin-right: auto;margin-bottom:20px;width:100%;\"><\/div><\/div><\/div><div class=\"fusion-layout-column fusion_builder_column fusion-builder-column-5 fusion_builder_column_1_4 1_4 fusion-flex-column fusion-column-inner-bg-wrapper\" style=\"--awb-inner-bg-blend:overlay;--awb-inner-bg-size:cover;--awb-width-large:25%;--awb-margin-top-large:0px;--awb-spacing-right-large:7.68%;--awb-margin-bottom-large:20px;--awb-spacing-left-large:7.68%;--awb-width-medium:100%;--awb-order-medium:0;--awb-spacing-right-medium:1.92%;--awb-spacing-left-medium:1.92%;--awb-width-small:100%;--awb-order-small:0;--awb-spacing-right-small:1.92%;--awb-spacing-left-small:1.92%;\" data-motion-effects=\"[{&quot;type&quot;:&quot;&quot;,&quot;scroll_type&quot;:&quot;transition&quot;,&quot;scroll_direction&quot;:&quot;up&quot;,&quot;transition_speed&quot;:&quot;1&quot;,&quot;fade_type&quot;:&quot;in&quot;,&quot;scale_type&quot;:&quot;up&quot;,&quot;initial_scale&quot;:&quot;1&quot;,&quot;max_scale&quot;:&quot;1.5&quot;,&quot;min_scale&quot;:&quot;0.5&quot;,&quot;initial_rotate&quot;:&quot;0&quot;,&quot;end_rotate&quot;:&quot;30&quot;,&quot;initial_blur&quot;:&quot;0&quot;,&quot;end_blur&quot;:&quot;3&quot;,&quot;start_element&quot;:&quot;top&quot;,&quot;start_viewport&quot;:&quot;bottom&quot;,&quot;end_element&quot;:&quot;bottom&quot;,&quot;end_viewport&quot;:&quot;top&quot;,&quot;mouse_effect&quot;:&quot;track&quot;,&quot;mouse_effect_direction&quot;:&quot;opposite&quot;,&quot;mouse_effect_speed&quot;:&quot;2&quot;,&quot;infinite_animation&quot;:&quot;float&quot;,&quot;infinite_animation_speed&quot;:&quot;2&quot;}]\" data-scroll-devices=\"small-visibility,medium-visibility,large-visibility\"><span class=\"fusion-column-inner-bg hover-type-none\"><a class=\"fusion-column-anchor\" href=\"https:\/\/www.esplac.cat\/formacions\/escola-desplac-2023\/\"><span class=\"fusion-column-inner-bg-image\"><\/span><\/a><\/span><div class=\"fusion-column-wrapper fusion-column-has-shadow fusion-flex-justify-content-flex-start fusion-content-layout-column\"><div class=\"fusion-image-element \" style=\"text-align:center;--awb-liftup-border-radius:0px;--awb-caption-title-font-family:var(--h2_typography-font-family);--awb-caption-title-font-weight:var(--h2_typography-font-weight);--awb-caption-title-font-style:var(--h2_typography-font-style);--awb-caption-title-size:var(--h2_typography-font-size);--awb-caption-title-transform:var(--h2_typography-text-transform);--awb-caption-title-line-height:var(--h2_typography-line-height);--awb-caption-title-letter-spacing:var(--h2_typography-letter-spacing);\"><div class=\"awb-image-frame awb-image-frame-4 imageframe-liftup\"><span class=\" fusion-imageframe imageframe-none imageframe-4\"><a class=\"fusion-no-lightbox\" href=\"https:\/\/www.esplac.cat\/formacions\/escola-desplac-2023\/\" target=\"_self\" aria-label=\"Esplac_Escola23_CartellHR_page-0001\"><img decoding=\"async\" width=\"215\" height=\"300\" src=\"https:\/\/www.esplac.cat\/wp-content\/uploads\/2022\/11\/Esplac_Escola23_CartellHR_page-0001-215x300.jpg\" alt class=\"img-responsive wp-image-42246\" srcset=\"https:\/\/www.esplac.cat\/wp-content\/uploads\/2022\/11\/Esplac_Escola23_CartellHR_page-0001-200x279.jpg 200w, https:\/\/www.esplac.cat\/wp-content\/uploads\/2022\/11\/Esplac_Escola23_CartellHR_page-0001-400x557.jpg 400w, https:\/\/www.esplac.cat\/wp-content\/uploads\/2022\/11\/Esplac_Escola23_CartellHR_page-0001-600x836.jpg 600w, https:\/\/www.esplac.cat\/wp-content\/uploads\/2022\/11\/Esplac_Escola23_CartellHR_page-0001-800x1114.jpg 800w, https:\/\/www.esplac.cat\/wp-content\/uploads\/2022\/11\/Esplac_Escola23_CartellHR_page-0001-1200x1671.jpg 1200w, https:\/\/www.esplac.cat\/wp-content\/uploads\/2022\/11\/Esplac_Escola23_CartellHR_page-0001-scaled.jpg 1838w\" sizes=\"(max-width: 1024px) 100vw, (max-width: 640px) 100vw, 400px\" \/><\/a><\/span><\/div><\/div><div class=\"fusion-separator fusion-full-width-sep\" style=\"align-self: center;margin-left: auto;margin-right: auto;margin-bottom:20px;width:100%;\"><\/div><div class=\"fusion-text fusion-text-6\"><h5 style=\"text-align: center;\"><strong><a href=\"https:\/\/www.esplac.cat\/formacions\/escola-desplac-2023\/\" target=\"_blank\" rel=\"noopener\">Escola d\u2019Esplac 2023<\/a><\/strong><\/h5>\n<\/div><div class=\"fusion-separator fusion-full-width-sep\" style=\"align-self: center;margin-left: auto;margin-right: auto;margin-bottom:20px;width:100%;\"><\/div><\/div><\/div><div class=\"fusion-layout-column fusion_builder_column fusion-builder-column-6 fusion_builder_column_1_4 1_4 fusion-flex-column fusion-column-inner-bg-wrapper\" style=\"--awb-inner-bg-blend:overlay;--awb-inner-bg-size:cover;--awb-width-large:25%;--awb-margin-top-large:0px;--awb-spacing-right-large:7.68%;--awb-margin-bottom-large:20px;--awb-spacing-left-large:7.68%;--awb-width-medium:100%;--awb-order-medium:0;--awb-spacing-right-medium:1.92%;--awb-spacing-left-medium:1.92%;--awb-width-small:100%;--awb-order-small:0;--awb-spacing-right-small:1.92%;--awb-spacing-left-small:1.92%;\" data-motion-effects=\"[{&quot;type&quot;:&quot;&quot;,&quot;scroll_type&quot;:&quot;transition&quot;,&quot;scroll_direction&quot;:&quot;up&quot;,&quot;transition_speed&quot;:&quot;1&quot;,&quot;fade_type&quot;:&quot;in&quot;,&quot;scale_type&quot;:&quot;up&quot;,&quot;initial_scale&quot;:&quot;1&quot;,&quot;max_scale&quot;:&quot;1.5&quot;,&quot;min_scale&quot;:&quot;0.5&quot;,&quot;initial_rotate&quot;:&quot;0&quot;,&quot;end_rotate&quot;:&quot;30&quot;,&quot;initial_blur&quot;:&quot;0&quot;,&quot;end_blur&quot;:&quot;3&quot;,&quot;start_element&quot;:&quot;top&quot;,&quot;start_viewport&quot;:&quot;bottom&quot;,&quot;end_element&quot;:&quot;bottom&quot;,&quot;end_viewport&quot;:&quot;top&quot;,&quot;mouse_effect&quot;:&quot;track&quot;,&quot;mouse_effect_direction&quot;:&quot;opposite&quot;,&quot;mouse_effect_speed&quot;:&quot;2&quot;,&quot;infinite_animation&quot;:&quot;float&quot;,&quot;infinite_animation_speed&quot;:&quot;2&quot;}]\" data-scroll-devices=\"small-visibility,medium-visibility,large-visibility\"><span class=\"fusion-column-inner-bg hover-type-none\"><a class=\"fusion-column-anchor\" href=\"https:\/\/www.esplac.cat\/formacions\/escola-desplac-2022\/\"><span class=\"fusion-column-inner-bg-image\"><\/span><\/a><\/span><div class=\"fusion-column-wrapper fusion-column-has-shadow fusion-flex-justify-content-flex-start fusion-content-layout-column\"><div class=\"fusion-image-element \" style=\"text-align:center;--awb-liftup-border-radius:0px;--awb-caption-title-font-family:var(--h2_typography-font-family);--awb-caption-title-font-weight:var(--h2_typography-font-weight);--awb-caption-title-font-style:var(--h2_typography-font-style);--awb-caption-title-size:var(--h2_typography-font-size);--awb-caption-title-transform:var(--h2_typography-text-transform);--awb-caption-title-line-height:var(--h2_typography-line-height);--awb-caption-title-letter-spacing:var(--h2_typography-letter-spacing);\"><div class=\"awb-image-frame awb-image-frame-5 imageframe-liftup\"><span class=\" fusion-imageframe imageframe-none imageframe-5\"><a class=\"fusion-no-lightbox\" href=\"https:\/\/www.esplac.cat\/formacions\/escola-desplac-2022\/\" target=\"_self\" aria-label=\"ee22\"><img decoding=\"async\" width=\"212\" height=\"300\" src=\"https:\/\/www.esplac.cat\/wp-content\/uploads\/2024\/02\/ee22-212x300.jpeg\" alt class=\"img-responsive wp-image-48957\" srcset=\"https:\/\/www.esplac.cat\/wp-content\/uploads\/2024\/02\/ee22-200x283.jpeg 200w, https:\/\/www.esplac.cat\/wp-content\/uploads\/2024\/02\/ee22-400x566.jpeg 400w, https:\/\/www.esplac.cat\/wp-content\/uploads\/2024\/02\/ee22-600x849.jpeg 600w, https:\/\/www.esplac.cat\/wp-content\/uploads\/2024\/02\/ee22-800x1131.jpeg 800w, https:\/\/www.esplac.cat\/wp-content\/uploads\/2024\/02\/ee22-1200x1697.jpeg 1200w, https:\/\/www.esplac.cat\/wp-content\/uploads\/2024\/02\/ee22.jpeg 1810w\" sizes=\"(max-width: 1024px) 100vw, (max-width: 640px) 100vw, 400px\" \/><\/a><\/span><\/div><\/div><div class=\"fusion-separator fusion-full-width-sep\" style=\"align-self: center;margin-left: auto;margin-right: auto;margin-bottom:20px;width:100%;\"><\/div><div class=\"fusion-text fusion-text-7\"><h5 style=\"text-align: center;\"><a href=\"https:\/\/www.esplac.cat\/formacions\/escola-desplac-2022\/\" target=\"_blank\" rel=\"noopener\"><strong>Escola d\u2019Esplac 2022<\/strong><\/a><\/h5>\n<\/div><div class=\"fusion-separator fusion-full-width-sep\" style=\"align-self: center;margin-left: auto;margin-right: auto;margin-bottom:20px;width:100%;\"><\/div><\/div><\/div><div class=\"fusion-layout-column fusion_builder_column fusion-builder-column-7 fusion_builder_column_1_4 1_4 fusion-flex-column fusion-column-inner-bg-wrapper\" style=\"--awb-inner-bg-blend:overlay;--awb-inner-bg-size:cover;--awb-width-large:25%;--awb-margin-top-large:0px;--awb-spacing-right-large:7.68%;--awb-margin-bottom-large:20px;--awb-spacing-left-large:7.68%;--awb-width-medium:100%;--awb-order-medium:0;--awb-spacing-right-medium:1.92%;--awb-spacing-left-medium:1.92%;--awb-width-small:100%;--awb-order-small:0;--awb-spacing-right-small:1.92%;--awb-spacing-left-small:1.92%;\" data-motion-effects=\"[{&quot;type&quot;:&quot;&quot;,&quot;scroll_type&quot;:&quot;transition&quot;,&quot;scroll_direction&quot;:&quot;up&quot;,&quot;transition_speed&quot;:&quot;1&quot;,&quot;fade_type&quot;:&quot;in&quot;,&quot;scale_type&quot;:&quot;up&quot;,&quot;initial_scale&quot;:&quot;1&quot;,&quot;max_scale&quot;:&quot;1.5&quot;,&quot;min_scale&quot;:&quot;0.5&quot;,&quot;initial_rotate&quot;:&quot;0&quot;,&quot;end_rotate&quot;:&quot;30&quot;,&quot;initial_blur&quot;:&quot;0&quot;,&quot;end_blur&quot;:&quot;3&quot;,&quot;start_element&quot;:&quot;top&quot;,&quot;start_viewport&quot;:&quot;bottom&quot;,&quot;end_element&quot;:&quot;bottom&quot;,&quot;end_viewport&quot;:&quot;top&quot;,&quot;mouse_effect&quot;:&quot;track&quot;,&quot;mouse_effect_direction&quot;:&quot;opposite&quot;,&quot;mouse_effect_speed&quot;:&quot;2&quot;,&quot;infinite_animation&quot;:&quot;float&quot;,&quot;infinite_animation_speed&quot;:&quot;2&quot;}]\" data-scroll-devices=\"small-visibility,medium-visibility,large-visibility\"><span class=\"fusion-column-inner-bg hover-type-none\"><a class=\"fusion-column-anchor\" href=\"https:\/\/www.esplac.cat\/formacions\/escola-esplac-2021\/\"><span class=\"fusion-column-inner-bg-image\"><\/span><\/a><\/span><div class=\"fusion-column-wrapper fusion-column-has-shadow fusion-flex-justify-content-flex-start fusion-content-layout-column\"><div class=\"fusion-image-element \" style=\"text-align:center;--awb-liftup-border-radius:0px;--awb-caption-title-font-family:var(--h2_typography-font-family);--awb-caption-title-font-weight:var(--h2_typography-font-weight);--awb-caption-title-font-style:var(--h2_typography-font-style);--awb-caption-title-size:var(--h2_typography-font-size);--awb-caption-title-transform:var(--h2_typography-text-transform);--awb-caption-title-line-height:var(--h2_typography-line-height);--awb-caption-title-letter-spacing:var(--h2_typography-letter-spacing);\"><div class=\"awb-image-frame awb-image-frame-6 imageframe-liftup\"><span class=\" fusion-imageframe imageframe-none imageframe-6\"><a class=\"fusion-no-lightbox\" href=\"https:\/\/www.esplac.cat\/formacions\/escola-esplac-2021\/\" target=\"_self\" aria-label=\"Escola_ESPLAC_2020 (1)\"><img decoding=\"async\" width=\"212\" height=\"300\" src=\"https:\/\/www.esplac.cat\/wp-content\/uploads\/2020\/12\/Escola_ESPLAC_2020-1-212x300.jpg\" alt class=\"img-responsive wp-image-33684\" srcset=\"https:\/\/www.esplac.cat\/wp-content\/uploads\/2020\/12\/Escola_ESPLAC_2020-1-200x283.jpg 200w, https:\/\/www.esplac.cat\/wp-content\/uploads\/2020\/12\/Escola_ESPLAC_2020-1-400x566.jpg 400w, https:\/\/www.esplac.cat\/wp-content\/uploads\/2020\/12\/Escola_ESPLAC_2020-1-600x849.jpg 600w, https:\/\/www.esplac.cat\/wp-content\/uploads\/2020\/12\/Escola_ESPLAC_2020-1-800x1132.jpg 800w, https:\/\/www.esplac.cat\/wp-content\/uploads\/2020\/12\/Escola_ESPLAC_2020-1-1200x1697.jpg 1200w, https:\/\/www.esplac.cat\/wp-content\/uploads\/2020\/12\/Escola_ESPLAC_2020-1-scaled.jpg 1810w\" sizes=\"(max-width: 1024px) 100vw, (max-width: 640px) 100vw, 212px\" \/><\/a><\/span><\/div><\/div><div class=\"fusion-separator fusion-full-width-sep\" style=\"align-self: center;margin-left: auto;margin-right: auto;margin-bottom:20px;width:100%;\"><\/div><div class=\"fusion-text fusion-text-8\"><h5 style=\"text-align: center;\"><strong>Escola d\u2019Esplac 2021<\/strong><\/h5>\n<\/div><div class=\"fusion-separator fusion-full-width-sep\" style=\"align-self: center;margin-left: auto;margin-right: auto;margin-bottom:20px;width:100%;\"><\/div><\/div><\/div><div class=\"fusion-layout-column fusion_builder_column fusion-builder-column-8 fusion_builder_column_1_4 1_4 fusion-flex-column fusion-column-inner-bg-wrapper\" style=\"--awb-inner-bg-blend:overlay;--awb-inner-bg-size:cover;--awb-width-large:25%;--awb-margin-top-large:0px;--awb-spacing-right-large:7.68%;--awb-margin-bottom-large:20px;--awb-spacing-left-large:7.68%;--awb-width-medium:100%;--awb-order-medium:0;--awb-spacing-right-medium:1.92%;--awb-spacing-left-medium:1.92%;--awb-width-small:100%;--awb-order-small:0;--awb-spacing-right-small:1.92%;--awb-spacing-left-small:1.92%;\" data-motion-effects=\"[{&quot;type&quot;:&quot;&quot;,&quot;scroll_type&quot;:&quot;transition&quot;,&quot;scroll_direction&quot;:&quot;up&quot;,&quot;transition_speed&quot;:&quot;1&quot;,&quot;fade_type&quot;:&quot;in&quot;,&quot;scale_type&quot;:&quot;up&quot;,&quot;initial_scale&quot;:&quot;1&quot;,&quot;max_scale&quot;:&quot;1.5&quot;,&quot;min_scale&quot;:&quot;0.5&quot;,&quot;initial_rotate&quot;:&quot;0&quot;,&quot;end_rotate&quot;:&quot;30&quot;,&quot;initial_blur&quot;:&quot;0&quot;,&quot;end_blur&quot;:&quot;3&quot;,&quot;start_element&quot;:&quot;top&quot;,&quot;start_viewport&quot;:&quot;bottom&quot;,&quot;end_element&quot;:&quot;bottom&quot;,&quot;end_viewport&quot;:&quot;top&quot;,&quot;mouse_effect&quot;:&quot;track&quot;,&quot;mouse_effect_direction&quot;:&quot;opposite&quot;,&quot;mouse_effect_speed&quot;:&quot;2&quot;,&quot;infinite_animation&quot;:&quot;float&quot;,&quot;infinite_animation_speed&quot;:&quot;2&quot;}]\" data-scroll-devices=\"small-visibility,medium-visibility,large-visibility\"><span class=\"fusion-column-inner-bg hover-type-none\"><a class=\"fusion-column-anchor\" href=\"https:\/\/www.esplac.cat\/formacions\/escola-esplac-2019\/\"><span class=\"fusion-column-inner-bg-image\"><\/span><\/a><\/span><div class=\"fusion-column-wrapper fusion-column-has-shadow fusion-flex-justify-content-flex-start fusion-content-layout-column\"><div class=\"fusion-image-element \" style=\"text-align:center;--awb-liftup-border-radius:0px;--awb-caption-title-font-family:var(--h2_typography-font-family);--awb-caption-title-font-weight:var(--h2_typography-font-weight);--awb-caption-title-font-style:var(--h2_typography-font-style);--awb-caption-title-size:var(--h2_typography-font-size);--awb-caption-title-transform:var(--h2_typography-text-transform);--awb-caption-title-line-height:var(--h2_typography-line-height);--awb-caption-title-letter-spacing:var(--h2_typography-letter-spacing);\"><div class=\"awb-image-frame awb-image-frame-7 imageframe-liftup\"><span class=\" fusion-imageframe imageframe-none imageframe-7\"><a class=\"fusion-no-lightbox\" href=\"https:\/\/www.esplac.cat\/formacions\/escola-esplac-2019\/\" target=\"_self\" aria-label=\"escola epslac 2019\"><img decoding=\"async\" width=\"212\" height=\"300\" src=\"https:\/\/www.esplac.cat\/wp-content\/uploads\/2024\/02\/escola-epslac-2019-212x300.jpeg\" alt class=\"img-responsive wp-image-48954\" srcset=\"https:\/\/www.esplac.cat\/wp-content\/uploads\/2024\/02\/escola-epslac-2019-200x283.jpeg 200w, https:\/\/www.esplac.cat\/wp-content\/uploads\/2024\/02\/escola-epslac-2019-400x566.jpeg 400w, https:\/\/www.esplac.cat\/wp-content\/uploads\/2024\/02\/escola-epslac-2019.jpeg 600w\" sizes=\"(max-width: 1024px) 100vw, (max-width: 640px) 100vw, 400px\" \/><\/a><\/span><\/div><\/div><div class=\"fusion-separator fusion-full-width-sep\" style=\"align-self: center;margin-left: auto;margin-right: auto;margin-bottom:20px;width:100%;\"><\/div><div class=\"fusion-text fusion-text-9\"><h5 style=\"text-align: center;\"><strong><a href=\"https:\/\/www.esplac.cat\/formacions\/escola-esplac-2019\/\" target=\"_blank\" rel=\"noopener\">Escola d\u2019Esplac 2019<\/a><\/strong><\/h5>\n<\/div><div class=\"fusion-separator fusion-full-width-sep\" style=\"align-self: center;margin-left: auto;margin-right: auto;margin-bottom:20px;width:100%;\"><\/div><\/div><\/div><div class=\"fusion-layout-column fusion_builder_column fusion-builder-column-9 fusion_builder_column_1_4 1_4 fusion-flex-column fusion-column-inner-bg-wrapper\" style=\"--awb-inner-bg-blend:overlay;--awb-inner-bg-size:cover;--awb-width-large:25%;--awb-margin-top-large:0px;--awb-spacing-right-large:7.68%;--awb-margin-bottom-large:20px;--awb-spacing-left-large:7.68%;--awb-width-medium:100%;--awb-order-medium:0;--awb-spacing-right-medium:1.92%;--awb-spacing-left-medium:1.92%;--awb-width-small:100%;--awb-order-small:0;--awb-spacing-right-small:1.92%;--awb-spacing-left-small:1.92%;\" data-motion-effects=\"[{&quot;type&quot;:&quot;&quot;,&quot;scroll_type&quot;:&quot;transition&quot;,&quot;scroll_direction&quot;:&quot;up&quot;,&quot;transition_speed&quot;:&quot;1&quot;,&quot;fade_type&quot;:&quot;in&quot;,&quot;scale_type&quot;:&quot;up&quot;,&quot;initial_scale&quot;:&quot;1&quot;,&quot;max_scale&quot;:&quot;1.5&quot;,&quot;min_scale&quot;:&quot;0.5&quot;,&quot;initial_rotate&quot;:&quot;0&quot;,&quot;end_rotate&quot;:&quot;30&quot;,&quot;initial_blur&quot;:&quot;0&quot;,&quot;end_blur&quot;:&quot;3&quot;,&quot;start_element&quot;:&quot;top&quot;,&quot;start_viewport&quot;:&quot;bottom&quot;,&quot;end_element&quot;:&quot;bottom&quot;,&quot;end_viewport&quot;:&quot;top&quot;,&quot;mouse_effect&quot;:&quot;track&quot;,&quot;mouse_effect_direction&quot;:&quot;opposite&quot;,&quot;mouse_effect_speed&quot;:&quot;2&quot;,&quot;infinite_animation&quot;:&quot;float&quot;,&quot;infinite_animation_speed&quot;:&quot;2&quot;}]\" data-scroll-devices=\"small-visibility,medium-visibility,large-visibility\"><span class=\"fusion-column-inner-bg hover-type-none\"><a class=\"fusion-column-anchor\" href=\"https:\/\/www.esplac.cat\/formacions\/escola-esplac-2018\/\"><span class=\"fusion-column-inner-bg-image\"><\/span><\/a><\/span><div class=\"fusion-column-wrapper fusion-column-has-shadow fusion-flex-justify-content-flex-start fusion-content-layout-column\"><div class=\"fusion-image-element \" style=\"text-align:center;--awb-liftup-border-radius:0px;--awb-caption-title-font-family:var(--h2_typography-font-family);--awb-caption-title-font-weight:var(--h2_typography-font-weight);--awb-caption-title-font-style:var(--h2_typography-font-style);--awb-caption-title-size:var(--h2_typography-font-size);--awb-caption-title-transform:var(--h2_typography-text-transform);--awb-caption-title-line-height:var(--h2_typography-line-height);--awb-caption-title-letter-spacing:var(--h2_typography-letter-spacing);\"><div class=\"awb-image-frame awb-image-frame-8 imageframe-liftup\"><span class=\" fusion-imageframe imageframe-none imageframe-8\"><a class=\"fusion-no-lightbox\" href=\"https:\/\/www.esplac.cat\/formacions\/escola-esplac-2018\/\" target=\"_self\" aria-label=\"Cartel_Escola_Esplac_Ponents\"><img decoding=\"async\" width=\"212\" height=\"300\" src=\"https:\/\/www.esplac.cat\/wp-content\/uploads\/2018\/01\/Cartel_Escola_Esplac_Ponents-212x300.jpg\" alt class=\"img-responsive wp-image-17182\" srcset=\"https:\/\/www.esplac.cat\/wp-content\/uploads\/2018\/01\/Cartel_Escola_Esplac_Ponents-200x283.jpg 200w, https:\/\/www.esplac.cat\/wp-content\/uploads\/2018\/01\/Cartel_Escola_Esplac_Ponents-400x566.jpg 400w, https:\/\/www.esplac.cat\/wp-content\/uploads\/2018\/01\/Cartel_Escola_Esplac_Ponents-600x849.jpg 600w, https:\/\/www.esplac.cat\/wp-content\/uploads\/2018\/01\/Cartel_Escola_Esplac_Ponents-800x1132.jpg 800w, https:\/\/www.esplac.cat\/wp-content\/uploads\/2018\/01\/Cartel_Escola_Esplac_Ponents-1200x1697.jpg 1200w\" sizes=\"(max-width: 1024px) 100vw, (max-width: 640px) 100vw, 400px\" \/><\/a><\/span><\/div><\/div><div class=\"fusion-separator fusion-full-width-sep\" style=\"align-self: center;margin-left: auto;margin-right: auto;margin-bottom:20px;width:100%;\"><\/div><div class=\"fusion-text fusion-text-10\"><h5 style=\"text-align: center;\"><strong><a href=\"https:\/\/www.esplac.cat\/formacions\/escola-esplac-2018\/\" target=\"_blank\" rel=\"noopener\">Escola d\u2019Esplac 2018<\/a><\/strong><\/h5>\n<\/div><div class=\"fusion-separator fusion-full-width-sep\" style=\"align-self: center;margin-left: auto;margin-right: auto;margin-bottom:20px;width:100%;\"><\/div><\/div><\/div><div class=\"fusion-layout-column fusion_builder_column fusion-builder-column-10 fusion_builder_column_1_4 1_4 fusion-flex-column fusion-column-inner-bg-wrapper\" style=\"--awb-inner-bg-blend:overlay;--awb-inner-bg-size:cover;--awb-width-large:25%;--awb-margin-top-large:0px;--awb-spacing-right-large:7.68%;--awb-margin-bottom-large:20px;--awb-spacing-left-large:7.68%;--awb-width-medium:100%;--awb-order-medium:0;--awb-spacing-right-medium:1.92%;--awb-spacing-left-medium:1.92%;--awb-width-small:100%;--awb-order-small:0;--awb-spacing-right-small:1.92%;--awb-spacing-left-small:1.92%;\" data-motion-effects=\"[{&quot;type&quot;:&quot;&quot;,&quot;scroll_type&quot;:&quot;transition&quot;,&quot;scroll_direction&quot;:&quot;up&quot;,&quot;transition_speed&quot;:&quot;1&quot;,&quot;fade_type&quot;:&quot;in&quot;,&quot;scale_type&quot;:&quot;up&quot;,&quot;initial_scale&quot;:&quot;1&quot;,&quot;max_scale&quot;:&quot;1.5&quot;,&quot;min_scale&quot;:&quot;0.5&quot;,&quot;initial_rotate&quot;:&quot;0&quot;,&quot;end_rotate&quot;:&quot;30&quot;,&quot;initial_blur&quot;:&quot;0&quot;,&quot;end_blur&quot;:&quot;3&quot;,&quot;start_element&quot;:&quot;top&quot;,&quot;start_viewport&quot;:&quot;bottom&quot;,&quot;end_element&quot;:&quot;bottom&quot;,&quot;end_viewport&quot;:&quot;top&quot;,&quot;mouse_effect&quot;:&quot;track&quot;,&quot;mouse_effect_direction&quot;:&quot;opposite&quot;,&quot;mouse_effect_speed&quot;:&quot;2&quot;,&quot;infinite_animation&quot;:&quot;float&quot;,&quot;infinite_animation_speed&quot;:&quot;2&quot;}]\" data-scroll-devices=\"small-visibility,medium-visibility,large-visibility\"><span class=\"fusion-column-inner-bg hover-type-none\"><a class=\"fusion-column-anchor\" href=\"https:\/\/www.esplac.cat\/formacions\/escola-esplac-2017\/\"><span class=\"fusion-column-inner-bg-image\"><\/span><\/a><\/span><div class=\"fusion-column-wrapper fusion-column-has-shadow fusion-flex-justify-content-flex-start fusion-content-layout-column\"><div class=\"fusion-image-element \" style=\"text-align:center;--awb-liftup-border-radius:0px;--awb-caption-title-font-family:var(--h2_typography-font-family);--awb-caption-title-font-weight:var(--h2_typography-font-weight);--awb-caption-title-font-style:var(--h2_typography-font-style);--awb-caption-title-size:var(--h2_typography-font-size);--awb-caption-title-transform:var(--h2_typography-text-transform);--awb-caption-title-line-height:var(--h2_typography-line-height);--awb-caption-title-letter-spacing:var(--h2_typography-letter-spacing);\"><div class=\"awb-image-frame awb-image-frame-9 imageframe-liftup\"><span class=\" fusion-imageframe imageframe-none imageframe-9\"><a class=\"fusion-no-lightbox\" href=\"https:\/\/www.esplac.cat\/formacions\/escola-esplac-2017\/\" target=\"_self\" aria-label=\"escola-esplac-2017-2-1200&#215;1697\"><img decoding=\"async\" width=\"212\" height=\"300\" src=\"https:\/\/www.esplac.cat\/wp-content\/uploads\/2024\/02\/escola-esplac-2017-2-1200x1697-1-212x300.jpeg\" alt class=\"img-responsive wp-image-48950\" srcset=\"https:\/\/www.esplac.cat\/wp-content\/uploads\/2024\/02\/escola-esplac-2017-2-1200x1697-1-200x283.jpeg 200w, https:\/\/www.esplac.cat\/wp-content\/uploads\/2024\/02\/escola-esplac-2017-2-1200x1697-1-400x566.jpeg 400w, https:\/\/www.esplac.cat\/wp-content\/uploads\/2024\/02\/escola-esplac-2017-2-1200x1697-1-600x849.jpeg 600w, https:\/\/www.esplac.cat\/wp-content\/uploads\/2024\/02\/escola-esplac-2017-2-1200x1697-1-800x1131.jpeg 800w, https:\/\/www.esplac.cat\/wp-content\/uploads\/2024\/02\/escola-esplac-2017-2-1200x1697-1.jpeg 1200w\" sizes=\"(max-width: 1024px) 100vw, (max-width: 640px) 100vw, 400px\" \/><\/a><\/span><\/div><\/div><div class=\"fusion-separator fusion-full-width-sep\" style=\"align-self: center;margin-left: auto;margin-right: auto;margin-bottom:20px;width:100%;\"><\/div><div class=\"fusion-text fusion-text-11\"><h5 style=\"text-align: center;\"><a href=\"https:\/\/www.esplac.cat\/formacions\/escola-esplac-2017\/\" target=\"_blank\" rel=\"noopener\"><strong>Escola d\u2019Esplac 2017<\/strong><\/a><\/h5>\n<\/div><div class=\"fusion-separator fusion-full-width-sep\" style=\"align-self: center;margin-left: auto;margin-right: auto;margin-bottom:20px;width:100%;\"><\/div><\/div><\/div><div class=\"fusion-layout-column fusion_builder_column fusion-builder-column-11 fusion_builder_column_1_4 1_4 fusion-flex-column fusion-column-inner-bg-wrapper\" style=\"--awb-inner-bg-blend:overlay;--awb-inner-bg-size:cover;--awb-width-large:25%;--awb-margin-top-large:0px;--awb-spacing-right-large:7.68%;--awb-margin-bottom-large:20px;--awb-spacing-left-large:7.68%;--awb-width-medium:100%;--awb-order-medium:0;--awb-spacing-right-medium:1.92%;--awb-spacing-left-medium:1.92%;--awb-width-small:100%;--awb-order-small:0;--awb-spacing-right-small:1.92%;--awb-spacing-left-small:1.92%;\" data-motion-effects=\"[{&quot;type&quot;:&quot;&quot;,&quot;scroll_type&quot;:&quot;transition&quot;,&quot;scroll_direction&quot;:&quot;up&quot;,&quot;transition_speed&quot;:&quot;1&quot;,&quot;fade_type&quot;:&quot;in&quot;,&quot;scale_type&quot;:&quot;up&quot;,&quot;initial_scale&quot;:&quot;1&quot;,&quot;max_scale&quot;:&quot;1.5&quot;,&quot;min_scale&quot;:&quot;0.5&quot;,&quot;initial_rotate&quot;:&quot;0&quot;,&quot;end_rotate&quot;:&quot;30&quot;,&quot;initial_blur&quot;:&quot;0&quot;,&quot;end_blur&quot;:&quot;3&quot;,&quot;start_element&quot;:&quot;top&quot;,&quot;start_viewport&quot;:&quot;bottom&quot;,&quot;end_element&quot;:&quot;bottom&quot;,&quot;end_viewport&quot;:&quot;top&quot;,&quot;mouse_effect&quot;:&quot;track&quot;,&quot;mouse_effect_direction&quot;:&quot;opposite&quot;,&quot;mouse_effect_speed&quot;:&quot;2&quot;,&quot;infinite_animation&quot;:&quot;float&quot;,&quot;infinite_animation_speed&quot;:&quot;2&quot;}]\" data-scroll-devices=\"small-visibility,medium-visibility,large-visibility\"><span class=\"fusion-column-inner-bg hover-type-none\"><a class=\"fusion-column-anchor\" href=\"https:\/\/www.esplac.cat\/formacions\/escola-esplac-2016\/\"><span class=\"fusion-column-inner-bg-image\"><\/span><\/a><\/span><div class=\"fusion-column-wrapper fusion-column-has-shadow fusion-flex-justify-content-flex-start fusion-content-layout-column\"><div class=\"fusion-image-element \" style=\"text-align:center;--awb-liftup-border-radius:0px;--awb-caption-title-font-family:var(--h2_typography-font-family);--awb-caption-title-font-weight:var(--h2_typography-font-weight);--awb-caption-title-font-style:var(--h2_typography-font-style);--awb-caption-title-size:var(--h2_typography-font-size);--awb-caption-title-transform:var(--h2_typography-text-transform);--awb-caption-title-line-height:var(--h2_typography-line-height);--awb-caption-title-letter-spacing:var(--h2_typography-letter-spacing);\"><div class=\"awb-image-frame awb-image-frame-10 imageframe-liftup\"><span class=\" fusion-imageframe imageframe-none imageframe-10\"><a class=\"fusion-no-lightbox\" href=\"https:\/\/www.esplac.cat\/formacions\/escola-esplac-2016\/\" target=\"_self\" aria-label=\"cartell_EE16\"><img decoding=\"async\" width=\"212\" height=\"300\" src=\"https:\/\/www.esplac.cat\/wp-content\/uploads\/2024\/02\/cartell_EE16-212x300.jpeg\" alt class=\"img-responsive wp-image-48945\" srcset=\"https:\/\/www.esplac.cat\/wp-content\/uploads\/2024\/02\/cartell_EE16-200x283.jpeg 200w, https:\/\/www.esplac.cat\/wp-content\/uploads\/2024\/02\/cartell_EE16-400x566.jpeg 400w, https:\/\/www.esplac.cat\/wp-content\/uploads\/2024\/02\/cartell_EE16-600x848.jpeg 600w, https:\/\/www.esplac.cat\/wp-content\/uploads\/2024\/02\/cartell_EE16-800x1131.jpeg 800w, https:\/\/www.esplac.cat\/wp-content\/uploads\/2024\/02\/cartell_EE16-1200x1697.jpeg 1200w, https:\/\/www.esplac.cat\/wp-content\/uploads\/2024\/02\/cartell_EE16-scaled.jpeg 1811w\" sizes=\"(max-width: 1024px) 100vw, (max-width: 640px) 100vw, 400px\" \/><\/a><\/span><\/div><\/div><div class=\"fusion-separator fusion-full-width-sep\" style=\"align-self: center;margin-left: auto;margin-right: auto;margin-bottom:20px;width:100%;\"><\/div><div class=\"fusion-text fusion-text-12\"><h5 style=\"text-align: center;\"><strong><a href=\"https:\/\/www.esplac.cat\/formacions\/escola-esplac-2016\/\" target=\"_blank\" rel=\"noopener\">Escola d\u2019Esplac 2016<\/a><\/strong><\/h5>\n<\/div><div class=\"fusion-separator fusion-full-width-sep\" style=\"align-self: center;margin-left: auto;margin-right: auto;margin-bottom:20px;width:100%;\"><\/div><\/div><\/div><div class=\"fusion-layout-column fusion_builder_column fusion-builder-column-12 fusion_builder_column_1_4 1_4 fusion-flex-column fusion-column-inner-bg-wrapper\" style=\"--awb-inner-bg-blend:overlay;--awb-inner-bg-size:cover;--awb-width-large:25%;--awb-margin-top-large:0px;--awb-spacing-right-large:7.68%;--awb-margin-bottom-large:20px;--awb-spacing-left-large:7.68%;--awb-width-medium:100%;--awb-order-medium:0;--awb-spacing-right-medium:1.92%;--awb-spacing-left-medium:1.92%;--awb-width-small:100%;--awb-order-small:0;--awb-spacing-right-small:1.92%;--awb-spacing-left-small:1.92%;\" data-motion-effects=\"[{&quot;type&quot;:&quot;&quot;,&quot;scroll_type&quot;:&quot;transition&quot;,&quot;scroll_direction&quot;:&quot;up&quot;,&quot;transition_speed&quot;:&quot;1&quot;,&quot;fade_type&quot;:&quot;in&quot;,&quot;scale_type&quot;:&quot;up&quot;,&quot;initial_scale&quot;:&quot;1&quot;,&quot;max_scale&quot;:&quot;1.5&quot;,&quot;min_scale&quot;:&quot;0.5&quot;,&quot;initial_rotate&quot;:&quot;0&quot;,&quot;end_rotate&quot;:&quot;30&quot;,&quot;initial_blur&quot;:&quot;0&quot;,&quot;end_blur&quot;:&quot;3&quot;,&quot;start_element&quot;:&quot;top&quot;,&quot;start_viewport&quot;:&quot;bottom&quot;,&quot;end_element&quot;:&quot;bottom&quot;,&quot;end_viewport&quot;:&quot;top&quot;,&quot;mouse_effect&quot;:&quot;track&quot;,&quot;mouse_effect_direction&quot;:&quot;opposite&quot;,&quot;mouse_effect_speed&quot;:&quot;2&quot;,&quot;infinite_animation&quot;:&quot;float&quot;,&quot;infinite_animation_speed&quot;:&quot;2&quot;}]\" data-scroll-devices=\"small-visibility,medium-visibility,large-visibility\"><span class=\"fusion-column-inner-bg hover-type-none\"><a class=\"fusion-column-anchor\" href=\"https:\/\/www.esplac.cat\/formacions\/escola-esplac-2015\/\"><span class=\"fusion-column-inner-bg-image\"><\/span><\/a><\/span><div class=\"fusion-column-wrapper fusion-column-has-shadow fusion-flex-justify-content-flex-start fusion-content-layout-column\"><div class=\"fusion-image-element \" style=\"text-align:center;--awb-liftup-border-radius:0px;--awb-caption-title-font-family:var(--h2_typography-font-family);--awb-caption-title-font-weight:var(--h2_typography-font-weight);--awb-caption-title-font-style:var(--h2_typography-font-style);--awb-caption-title-size:var(--h2_typography-font-size);--awb-caption-title-transform:var(--h2_typography-text-transform);--awb-caption-title-line-height:var(--h2_typography-line-height);--awb-caption-title-letter-spacing:var(--h2_typography-letter-spacing);\"><div class=\"awb-image-frame awb-image-frame-11 imageframe-liftup\"><span class=\" fusion-imageframe imageframe-none imageframe-11\"><a class=\"fusion-no-lightbox\" href=\"https:\/\/www.esplac.cat\/formacions\/escola-esplac-2015\/\" target=\"_self\"><img decoding=\"async\" width=\"212\" height=\"300\" src=\"https:\/\/www.esplac.cat\/wp-content\/uploads\/2019\/10\/cartell_EE15_baixa-212x300.jpg\" alt class=\"img-responsive wp-image-28315\" srcset=\"https:\/\/www.esplac.cat\/wp-content\/uploads\/2019\/10\/cartell_EE15_baixa-200x283.jpg 200w, https:\/\/www.esplac.cat\/wp-content\/uploads\/2019\/10\/cartell_EE15_baixa-400x566.jpg 400w, https:\/\/www.esplac.cat\/wp-content\/uploads\/2019\/10\/cartell_EE15_baixa-600x848.jpg 600w, https:\/\/www.esplac.cat\/wp-content\/uploads\/2019\/10\/cartell_EE15_baixa.jpg 800w\" sizes=\"(max-width: 1024px) 100vw, (max-width: 640px) 100vw, 400px\" \/><\/a><\/span><\/div><\/div><div class=\"fusion-separator fusion-full-width-sep\" style=\"align-self: center;margin-left: auto;margin-right: auto;margin-bottom:20px;width:100%;\"><\/div><div class=\"fusion-text fusion-text-13\"><h5 style=\"text-align: center;\"><strong><a href=\"https:\/\/www.esplac.cat\/formacions\/escola-esplac-2015\/\" target=\"_blank\" rel=\"noopener\">Escola d\u2019Esplac 2015<\/a><\/strong><\/h5>\n<\/div><div class=\"fusion-separator fusion-full-width-sep\" style=\"align-self: center;margin-left: auto;margin-right: auto;margin-bottom:20px;width:100%;\"><\/div><\/div><\/div><\/div><\/div>\n<div class=\"fusion-fullwidth fullwidth-box fusion-builder-row-3 nonhundred-percent-fullwidth non-hundred-percent-height-scrolling\" style=\"--awb-border-radius-top-left:0px;--awb-border-radius-top-right:0px;--awb-border-radius-bottom-right:0px;--awb-border-radius-bottom-left:0px;--awb-flex-wrap:wrap;\" ><div class=\"fusion-builder-row fusion-row\"><div class=\"fusion-layout-column fusion_builder_column fusion-builder-column-13 fusion_builder_column_1_1 1_1 fusion-one-full fusion-column-first fusion-column-last\" style=\"--awb-bg-size:cover;\"><div class=\"fusion-column-wrapper fusion-column-has-shadow fusion-flex-column-wrapper-legacy\"><div class=\"fusion-text fusion-text-14\"><h3><strong>Not\u00edcies relacionades<\/strong><\/h3>\n<\/div><div class=\"fusion-sep-clear\"><\/div><div class=\"fusion-separator fusion-full-width-sep\" style=\"margin-left: auto;margin-right: auto;margin-bottom:20px;width:100%;\"><\/div><div class=\"fusion-sep-clear\"><\/div><div class=\"fusion-text fusion-text-15\">        <section class=\"wcp-slick\"  data-accessibility = on data-arrows = on data-autoplaySpeed = 3000 data-slidesToShow = 4 data-slidesToScroll = 1 data-speed = 300 data-margin = 20px data-rows = 1 data-slidesPerRow = 1 id=\"carousel-24602\">\n\n                            <div class=\"carousel-item-55836\">\n                    <div class=\"post-style-2\" style=\"box-shadow: ;background-color: ;\">\n    <div class=\"wcp-img-wrap\">\n        <a href=\"https:\/\/www.esplac.cat\/es\/reviu-escola-esplac-2026-material-comunicatiu-disponible-web\/\">\n            <img decoding=\"async\" width=\"460\" height=\"295\" src=\"https:\/\/www.esplac.cat\/wp-content\/uploads\/2026\/04\/Noti_material-comunicatiu-EE26-460x295.jpg\" class=\"attachment-portfolio-two size-portfolio-two wp-post-image\" alt=\"\" \/>        <\/a>\n    <\/div>\n    <div class=\"wcp-content-wrap\">\n        <h3>\n            <a href=\"https:\/\/www.esplac.cat\/es\/reviu-escola-esplac-2026-material-comunicatiu-disponible-web\/\" style=\"color: ;\">\n                Reviu l\u2019Escola d\u2019Esplac 2026 a trav\u00e9s del material comunicatiu ja disponible al web!            <\/a>\n        <\/h3>\n        <div class=\"wcp-post-meta wcp-disable-post-meta\" style=\"color: ;\">\n            <span class=\"wcp-post-author\"><i class=\"fa fa-user\"><\/i>\n                <a href=\"https:\/\/www.esplac.cat\/es\/author\/comunicacio\/\" title=\"Entradas de Comunicaci\u00f3 Esplac\" rel=\"author\">Comunicaci\u00f3 Esplac<\/a>            <\/span>\n            &nbsp;\n            <span class=\"wcp-post-date\"><i class=\"fa fa-clock-o\"><\/i> 8 de abril de 2026<\/span>\n        <\/div>\n        <div class=\"wcp-post-contents\">\n            8 de abril de 2026                    <\/div>        \n    <\/div>\n<\/div>                <\/div>    \n\n                            <div class=\"carousel-item-55544\">\n                    <div class=\"post-style-2\" style=\"box-shadow: ;background-color: ;\">\n    <div class=\"wcp-img-wrap\">\n        <a href=\"https:\/\/www.esplac.cat\/es\/monitores-esplais-catalans-plantegen-educar-aterrar-eines-pedagogiques-diferents-realitats-esplais\/\">\n            <img decoding=\"async\" width=\"460\" height=\"295\" src=\"https:\/\/www.esplac.cat\/wp-content\/uploads\/2026\/03\/Noti_post_ee262626-460x295.jpg\" class=\"attachment-portfolio-two size-portfolio-two wp-post-image\" alt=\"\" \/>        <\/a>\n    <\/div>\n    <div class=\"wcp-content-wrap\">\n        <h3>\n            <a href=\"https:\/\/www.esplac.cat\/es\/monitores-esplais-catalans-plantegen-educar-aterrar-eines-pedagogiques-diferents-realitats-esplais\/\" style=\"color: ;\">\n                Monitores i monitors d\u2019Esplais Catalans es plantegen com educar i aterrar les eines pedag\u00f2giques a les diferents realitats dels esplais            <\/a>\n        <\/h3>\n        <div class=\"wcp-post-meta wcp-disable-post-meta\" style=\"color: ;\">\n            <span class=\"wcp-post-author\"><i class=\"fa fa-user\"><\/i>\n                <a href=\"https:\/\/www.esplac.cat\/es\/author\/comunicacio\/\" title=\"Entradas de Comunicaci\u00f3 Esplac\" rel=\"author\">Comunicaci\u00f3 Esplac<\/a>            <\/span>\n            &nbsp;\n            <span class=\"wcp-post-date\"><i class=\"fa fa-clock-o\"><\/i> 4 de marzo de 2026<\/span>\n        <\/div>\n        <div class=\"wcp-post-contents\">\n            4 de marzo de 2026                    <\/div>        \n    <\/div>\n<\/div>                <\/div>    \n\n                            <div class=\"carousel-item-55523\">\n                    <div class=\"post-style-2\" style=\"box-shadow: ;background-color: ;\">\n    <div class=\"wcp-img-wrap\">\n        <a href=\"https:\/\/www.esplac.cat\/es\/12a-edicio-escola-esplac-aplegara-centenar-persones-aquest-cap-de-setmana-girona\/\">\n            <img decoding=\"async\" width=\"460\" height=\"295\" src=\"https:\/\/www.esplac.cat\/wp-content\/uploads\/2026\/02\/Noti_ee262626-460x295.jpg\" class=\"attachment-portfolio-two size-portfolio-two wp-post-image\" alt=\"\" \/>        <\/a>\n    <\/div>\n    <div class=\"wcp-content-wrap\">\n        <h3>\n            <a href=\"https:\/\/www.esplac.cat\/es\/12a-edicio-escola-esplac-aplegara-centenar-persones-aquest-cap-de-setmana-girona\/\" style=\"color: ;\">\n                La 12a edici\u00f3 de l\u2019Escola d\u2019Esplac aplegar\u00e0 un centenar de persones aquest cap de setmana a Girona            <\/a>\n        <\/h3>\n        <div class=\"wcp-post-meta wcp-disable-post-meta\" style=\"color: ;\">\n            <span class=\"wcp-post-author\"><i class=\"fa fa-user\"><\/i>\n                <a href=\"https:\/\/www.esplac.cat\/es\/author\/comunicacio\/\" title=\"Entradas de Comunicaci\u00f3 Esplac\" rel=\"author\">Comunicaci\u00f3 Esplac<\/a>            <\/span>\n            &nbsp;\n            <span class=\"wcp-post-date\"><i class=\"fa fa-clock-o\"><\/i> 26 de febrero de 2026<\/span>\n        <\/div>\n        <div class=\"wcp-post-contents\">\n            26 de febrero de 2026                    <\/div>        \n    <\/div>\n<\/div>                <\/div>    \n\n                            <div class=\"carousel-item-55076\">\n                    <div class=\"post-style-2\" style=\"box-shadow: ;background-color: ;\">\n    <div class=\"wcp-img-wrap\">\n        <a href=\"https:\/\/www.esplac.cat\/es\/eduquem-per-resistir-article\/\">\n            <img decoding=\"async\" width=\"460\" height=\"295\" src=\"https:\/\/www.esplac.cat\/wp-content\/uploads\/2026\/01\/foto-Article_EE26-460x295.jpg\" class=\"attachment-portfolio-two size-portfolio-two wp-post-image\" alt=\"\" \/>        <\/a>\n    <\/div>\n    <div class=\"wcp-content-wrap\">\n        <h3>\n            <a href=\"https:\/\/www.esplac.cat\/es\/eduquem-per-resistir-article\/\" style=\"color: ;\">\n                Eduquem per resistir, perqu\u00e8 revisar-nos tamb\u00e9 \u00e9s educar            <\/a>\n        <\/h3>\n        <div class=\"wcp-post-meta wcp-disable-post-meta\" style=\"color: ;\">\n            <span class=\"wcp-post-author\"><i class=\"fa fa-user\"><\/i>\n                <a href=\"https:\/\/www.esplac.cat\/es\/author\/comunicacio\/\" title=\"Entradas de Comunicaci\u00f3 Esplac\" rel=\"author\">Comunicaci\u00f3 Esplac<\/a>            <\/span>\n            &nbsp;\n            <span class=\"wcp-post-date\"><i class=\"fa fa-clock-o\"><\/i> 14 de enero de 2026<\/span>\n        <\/div>\n        <div class=\"wcp-post-contents\">\n            14 de enero de 2026                    <\/div>        \n    <\/div>\n<\/div>                <\/div>    \n\n                            <div class=\"carousel-item-54972\">\n                    <div class=\"post-style-2\" style=\"box-shadow: ;background-color: ;\">\n    <div class=\"wcp-img-wrap\">\n        <a href=\"https:\/\/www.esplac.cat\/es\/inscripcions-obertes-escola-esplac-2026\/\">\n            <img decoding=\"async\" width=\"460\" height=\"295\" src=\"https:\/\/www.esplac.cat\/wp-content\/uploads\/2025\/12\/Not1_EE26_inscripcions-460x295.png\" class=\"attachment-portfolio-two size-portfolio-two wp-post-image\" alt=\"cartell oficial escola d&#039;esplac\" \/>        <\/a>\n    <\/div>\n    <div class=\"wcp-content-wrap\">\n        <h3>\n            <a href=\"https:\/\/www.esplac.cat\/es\/inscripcions-obertes-escola-esplac-2026\/\" style=\"color: ;\">\n                Ja us podeu inscriure a l\u2019Escola d\u2019Esplac 2026! Educar per resistir: fer de la pedagogia una eina de canvi            <\/a>\n        <\/h3>\n        <div class=\"wcp-post-meta wcp-disable-post-meta\" style=\"color: ;\">\n            <span class=\"wcp-post-author\"><i class=\"fa fa-user\"><\/i>\n                <a href=\"https:\/\/www.esplac.cat\/es\/author\/comunicacio\/\" title=\"Entradas de Comunicaci\u00f3 Esplac\" rel=\"author\">Comunicaci\u00f3 Esplac<\/a>            <\/span>\n            &nbsp;\n            <span class=\"wcp-post-date\"><i class=\"fa fa-clock-o\"><\/i> 18 de diciembre de 2025<\/span>\n        <\/div>\n        <div class=\"wcp-post-contents\">\n            18 de diciembre de 2025                    <\/div>        \n    <\/div>\n<\/div>                <\/div>    \n\n                            <div class=\"carousel-item-53497\">\n                    <div class=\"post-style-2\" style=\"box-shadow: ;background-color: ;\">\n    <div class=\"wcp-img-wrap\">\n        <a href=\"https:\/\/www.esplac.cat\/es\/convocatoria-oberta-vols-crear-la-identitat-visual-2026\/\">\n            <img decoding=\"async\" width=\"460\" height=\"295\" src=\"https:\/\/www.esplac.cat\/wp-content\/uploads\/2025\/04\/Identitat-visual-EE-Monifestat-26-1-460x295.jpg\" class=\"attachment-portfolio-two size-portfolio-two wp-post-image\" alt=\"\" \/>        <\/a>\n    <\/div>\n    <div class=\"wcp-content-wrap\">\n        <h3>\n            <a href=\"https:\/\/www.esplac.cat\/es\/convocatoria-oberta-vols-crear-la-identitat-visual-2026\/\" style=\"color: ;\">\n                Convocat\u00f2ria oberta: vols idear i crear la identitat visual de l\u2019Escola d&#8217;Esplac i la Monifesta&#8217;t 2026?            <\/a>\n        <\/h3>\n        <div class=\"wcp-post-meta wcp-disable-post-meta\" style=\"color: ;\">\n            <span class=\"wcp-post-author\"><i class=\"fa fa-user\"><\/i>\n                <a href=\"https:\/\/www.esplac.cat\/es\/author\/comunicacio\/\" title=\"Entradas de Comunicaci\u00f3 Esplac\" rel=\"author\">Comunicaci\u00f3 Esplac<\/a>            <\/span>\n            &nbsp;\n            <span class=\"wcp-post-date\"><i class=\"fa fa-clock-o\"><\/i> 15 de abril de 2025<\/span>\n        <\/div>\n        <div class=\"wcp-post-contents\">\n            15 de abril de 2025                    <\/div>        \n    <\/div>\n<\/div>                <\/div>    \n\n                            <div class=\"carousel-item-52898\">\n                    <div class=\"post-style-2\" style=\"box-shadow: ;background-color: ;\">\n    <div class=\"wcp-img-wrap\">\n        <a href=\"https:\/\/www.esplac.cat\/es\/material-comunicatiu-escola-esplac-2025\/\">\n            <img decoding=\"async\" width=\"460\" height=\"295\" src=\"https:\/\/www.esplac.cat\/wp-content\/uploads\/2025\/03\/EE25_Material_Comunicatiu-460x295.jpg\" class=\"attachment-portfolio-two size-portfolio-two wp-post-image\" alt=\"Escola Esplac\" \/>        <\/a>\n    <\/div>\n    <div class=\"wcp-content-wrap\">\n        <h3>\n            <a href=\"https:\/\/www.esplac.cat\/es\/material-comunicatiu-escola-esplac-2025\/\" style=\"color: ;\">\n                Ja teniu disponible tot el material comunicatiu de l&#8217;Escola d&#8217;Esplac 2025!            <\/a>\n        <\/h3>\n        <div class=\"wcp-post-meta wcp-disable-post-meta\" style=\"color: ;\">\n            <span class=\"wcp-post-author\"><i class=\"fa fa-user\"><\/i>\n                <a href=\"https:\/\/www.esplac.cat\/es\/author\/comunicacio\/\" title=\"Entradas de Comunicaci\u00f3 Esplac\" rel=\"author\">Comunicaci\u00f3 Esplac<\/a>            <\/span>\n            &nbsp;\n            <span class=\"wcp-post-date\"><i class=\"fa fa-clock-o\"><\/i> 18 de marzo de 2025<\/span>\n        <\/div>\n        <div class=\"wcp-post-contents\">\n            18 de marzo de 2025                    <\/div>        \n    <\/div>\n<\/div>                <\/div>    \n\n                            <div class=\"carousel-item-52576\">\n                    <div class=\"post-style-2\" style=\"box-shadow: ;background-color: ;\">\n    <div class=\"wcp-img-wrap\">\n        <a href=\"https:\/\/www.esplac.cat\/es\/plantegem-reptes-pendents-abordar-antifeixisme-esplai-escola-esplac\/\">\n            <img decoding=\"async\" width=\"460\" height=\"295\" src=\"https:\/\/www.esplac.cat\/wp-content\/uploads\/2025\/02\/EE2-460x295.jpg\" class=\"attachment-portfolio-two size-portfolio-two wp-post-image\" alt=\"Escola Esplac\" \/>        <\/a>\n    <\/div>\n    <div class=\"wcp-content-wrap\">\n        <h3>\n            <a href=\"https:\/\/www.esplac.cat\/es\/plantegem-reptes-pendents-abordar-antifeixisme-esplai-escola-esplac\/\" style=\"color: ;\">\n                Posem sobre la taula els reptes pendents per abordar l\u2019antifeixisme des de l\u2019esplai a l&#8217;onzena edici\u00f3 de l\u2019Escola d\u2019Esplac            <\/a>\n        <\/h3>\n        <div class=\"wcp-post-meta wcp-disable-post-meta\" style=\"color: ;\">\n            <span class=\"wcp-post-author\"><i class=\"fa fa-user\"><\/i>\n                <a href=\"https:\/\/www.esplac.cat\/es\/author\/comunicacio\/\" title=\"Entradas de Comunicaci\u00f3 Esplac\" rel=\"author\">Comunicaci\u00f3 Esplac<\/a>            <\/span>\n            &nbsp;\n            <span class=\"wcp-post-date\"><i class=\"fa fa-clock-o\"><\/i> 18 de febrero de 2025<\/span>\n        <\/div>\n        <div class=\"wcp-post-contents\">\n            18 de febrero de 2025                    <\/div>        \n    <\/div>\n<\/div>                <\/div>    \n\n                            <div class=\"carousel-item-52302\">\n                    <div class=\"post-style-2\" style=\"box-shadow: ;background-color: ;\">\n    <div class=\"wcp-img-wrap\">\n        <a href=\"https:\/\/www.esplac.cat\/es\/qui-participara-escola-esplac-2025\/\">\n            <img decoding=\"async\" width=\"460\" height=\"295\" src=\"https:\/\/www.esplac.cat\/wp-content\/uploads\/2025\/01\/Entitats_EE25-460x295.jpg\" class=\"attachment-portfolio-two size-portfolio-two wp-post-image\" alt=\"Escola Esplac\" \/>        <\/a>\n    <\/div>\n    <div class=\"wcp-content-wrap\">\n        <h3>\n            <a href=\"https:\/\/www.esplac.cat\/es\/qui-participara-escola-esplac-2025\/\" style=\"color: ;\">\n                I tu, ja saps qui participar\u00e0 a l&#8217;Escola d&#8217;Esplac 2025?            <\/a>\n        <\/h3>\n        <div class=\"wcp-post-meta wcp-disable-post-meta\" style=\"color: ;\">\n            <span class=\"wcp-post-author\"><i class=\"fa fa-user\"><\/i>\n                <a href=\"https:\/\/www.esplac.cat\/es\/author\/comunicacio\/\" title=\"Entradas de Comunicaci\u00f3 Esplac\" rel=\"author\">Comunicaci\u00f3 Esplac<\/a>            <\/span>\n            &nbsp;\n            <span class=\"wcp-post-date\"><i class=\"fa fa-clock-o\"><\/i> 29 de enero de 2025<\/span>\n        <\/div>\n        <div class=\"wcp-post-contents\">\n            29 de enero de 2025                    <\/div>        \n    <\/div>\n<\/div>                <\/div>    \n\n                            <div class=\"carousel-item-52122\">\n                    <div class=\"post-style-2\" style=\"box-shadow: ;background-color: ;\">\n    <div class=\"wcp-img-wrap\">\n        <a href=\"https:\/\/www.esplac.cat\/es\/esplais-juguem-paper-clau-antifeixisme\/\">\n            <img decoding=\"async\" width=\"460\" height=\"295\" src=\"https:\/\/www.esplac.cat\/wp-content\/uploads\/2025\/01\/Article_opinio_EE25-460x295.jpg\" class=\"attachment-portfolio-two size-portfolio-two wp-post-image\" alt=\"antifeixisme\" \/>        <\/a>\n    <\/div>\n    <div class=\"wcp-content-wrap\">\n        <h3>\n            <a href=\"https:\/\/www.esplac.cat\/es\/esplais-juguem-paper-clau-antifeixisme\/\" style=\"color: ;\">\n                Els esplais juguem un paper clau en l\u2019antifeixisme: posem al centre un projecte educatiu comunitari enfront d\u2019uns discursos que ens volen dividir            <\/a>\n        <\/h3>\n        <div class=\"wcp-post-meta wcp-disable-post-meta\" style=\"color: ;\">\n            <span class=\"wcp-post-author\"><i class=\"fa fa-user\"><\/i>\n                <a href=\"https:\/\/www.esplac.cat\/es\/author\/comunicacio\/\" title=\"Entradas de Comunicaci\u00f3 Esplac\" rel=\"author\">Comunicaci\u00f3 Esplac<\/a>            <\/span>\n            &nbsp;\n            <span class=\"wcp-post-date\"><i class=\"fa fa-clock-o\"><\/i> 10 de enero de 2025<\/span>\n        <\/div>\n        <div class=\"wcp-post-contents\">\n            10 de enero de 2025                    <\/div>        \n    <\/div>\n<\/div>                <\/div>    \n\n                \n        <\/section>\n        <style>\n    #carousel-24602 .slick-prev:before, #carousel-24602 .slick-next:before {\n        color: #000 !important;\n    }\n    #carousel-24602 .slick-slide {\n        margin: 2px 20px;\n    }\n    #carousel-24602 h3,\n    #carousel-24602 .car-caption,\n    #carousel-24602 .car-caption h3 a {\n        background-color: ;\n        color: ;\n    }\n    #carousel-24602 .car-caption {\n        text-align: center;\n    }\n    #carousel-24602 p {\n        color: ;\n    }\n    #carousel-24602 a {\n        text-decoration: none;\n        border-bottom: none;\n    }\n        #carousel-24602 .post-style-1 .wcp-post-author a {\n        color: ;\n    }\n            #carousel-24602 .ih-item,\n        #carousel-24602 .post-style-1,\n        #carousel-24602 .post-style-3,\n        #carousel-24602 .car-caption { \n            border: 8px solid #FFF;\n            box-shadow: ;\n        }\n                #carousel-24602 .post-style-2 .wcp-content-wrap { \n            border: 8px solid #FFF;\n            border-top: none;\n        }\n        #carousel-24602 .mega-post-carousel1,\n        #carousel-24602 .mega-post-carousel4 { \n            border: 8px solid #FFF;\n            padding: 10px;\n        }\n\n        .slick-prev, .slick-next {\r\n    font-size: 0;\r\n    line-height: 0;\r\n    position: absolute;\r\n    top: 42% !important;\r\n    display: block;\r\n    width: 20px;\r\n    height: 20px;\r\n    padding: 0;\r\n    -webkit-transform: translate(0, -50%);\r\n    -ms-transform: translate(0, -50%);\r\n    transform: translate(0, -50%);\r\n    cursor: pointer;\r\n    color: transparent;\r\n    border: none;\r\n    outline: none;\r\n    background: transparent;\r\n}                .wcp-disable-post-meta { display: none !important;}\n    <\/style>\n<\/div><div class=\"fusion-clearfix\"><\/div><\/div><\/div><\/div><\/div><div class=\"fusion-fullwidth fullwidth-box fusion-builder-row-4 fusion-flex-container nonhundred-percent-fullwidth non-hundred-percent-height-scrolling\" style=\"--awb-border-radius-top-left:0px;--awb-border-radius-top-right:0px;--awb-border-radius-bottom-right:0px;--awb-border-radius-bottom-left:0px;--awb-padding-top:30px;--awb-background-color:#ededed;--awb-flex-wrap:wrap;\" ><\/div>\n<\/p>\n","protected":false},"excerpt":{"rendered":"","protected":false},"author":1,"featured_media":0,"parent":27659,"menu_order":0,"comment_status":"closed","ping_status":"closed","template":"100-width.php","meta":{"om_disable_all_campaigns":false,"_monsterinsights_skip_tracking":false,"_monsterinsights_sitenote_active":false,"_monsterinsights_sitenote_note":"","_monsterinsights_sitenote_category":0,"_uf_show_specific_survey":0,"_uf_disable_surveys":false,"footnotes":""},"class_list":["post-28062","page","type-page","status-publish","hentry"],"yoast_head":"<!-- This site is optimized with the Yoast SEO plugin v27.5 - https:\/\/yoast.com\/product\/yoast-seo-wordpress\/ -->\n<title>Escola esplac 2018 - Esplac<\/title>\n<meta name=\"robots\" content=\"index, follow, max-snippet:-1, max-image-preview:large, max-video-preview:-1\" \/>\n<link rel=\"canonical\" href=\"https:\/\/www.esplac.cat\/es\/formaciones\/escola-esplac-2018\/\" \/>\n<meta property=\"og:locale\" content=\"es_ES\" \/>\n<meta property=\"og:type\" content=\"article\" \/>\n<meta property=\"og:title\" content=\"Escola esplac 2018 - Esplac\" \/>\n<meta property=\"og:url\" content=\"https:\/\/www.esplac.cat\/es\/formaciones\/escola-esplac-2018\/\" \/>\n<meta property=\"og:site_name\" content=\"Esplac\" \/>\n<meta property=\"og:image\" content=\"http:\/\/esplac.cat\/wp-content\/uploads\/2019\/10\/Seri_general_lloc.jpg\" \/>\n<meta name=\"twitter:card\" content=\"summary_large_image\" \/>\n<meta name=\"twitter:label1\" content=\"Tiempo de lectura\" \/>\n\t<meta name=\"twitter:data1\" content=\"24 minutos\" \/>\n<script type=\"application\/ld+json\" class=\"yoast-schema-graph\">{\"@context\":\"https:\\\/\\\/schema.org\",\"@graph\":[{\"@type\":\"WebPage\",\"@id\":\"https:\\\/\\\/www.esplac.cat\\\/es\\\/formaciones\\\/escola-esplac-2018\\\/\",\"url\":\"https:\\\/\\\/www.esplac.cat\\\/es\\\/formaciones\\\/escola-esplac-2018\\\/\",\"name\":\"Escola esplac 2018 - Esplac\",\"isPartOf\":{\"@id\":\"https:\\\/\\\/www.esplac.cat\\\/#website\"},\"primaryImageOfPage\":{\"@id\":\"https:\\\/\\\/www.esplac.cat\\\/es\\\/formaciones\\\/escola-esplac-2018\\\/#primaryimage\"},\"image\":{\"@id\":\"https:\\\/\\\/www.esplac.cat\\\/es\\\/formaciones\\\/escola-esplac-2018\\\/#primaryimage\"},\"thumbnailUrl\":\"http:\\\/\\\/esplac.cat\\\/wp-content\\\/uploads\\\/2019\\\/10\\\/Seri_general_lloc.jpg\",\"datePublished\":\"2019-10-14T16:00:32+00:00\",\"breadcrumb\":{\"@id\":\"https:\\\/\\\/www.esplac.cat\\\/es\\\/formaciones\\\/escola-esplac-2018\\\/#breadcrumb\"},\"inLanguage\":\"es\",\"potentialAction\":[{\"@type\":\"ReadAction\",\"target\":[\"https:\\\/\\\/www.esplac.cat\\\/es\\\/formaciones\\\/escola-esplac-2018\\\/\"]}]},{\"@type\":\"ImageObject\",\"inLanguage\":\"es\",\"@id\":\"https:\\\/\\\/www.esplac.cat\\\/es\\\/formaciones\\\/escola-esplac-2018\\\/#primaryimage\",\"url\":\"http:\\\/\\\/esplac.cat\\\/wp-content\\\/uploads\\\/2019\\\/10\\\/Seri_general_lloc.jpg\",\"contentUrl\":\"http:\\\/\\\/esplac.cat\\\/wp-content\\\/uploads\\\/2019\\\/10\\\/Seri_general_lloc.jpg\"},{\"@type\":\"BreadcrumbList\",\"@id\":\"https:\\\/\\\/www.esplac.cat\\\/es\\\/formaciones\\\/escola-esplac-2018\\\/#breadcrumb\",\"itemListElement\":[{\"@type\":\"ListItem\",\"position\":1,\"name\":\"Inici\",\"item\":\"https:\\\/\\\/www.esplac.cat\\\/es\\\/\"},{\"@type\":\"ListItem\",\"position\":2,\"name\":\"Formaciones\",\"item\":\"https:\\\/\\\/www.esplac.cat\\\/es\\\/formaciones\\\/\"},{\"@type\":\"ListItem\",\"position\":3,\"name\":\"Escola esplac 2018\"}]},{\"@type\":\"WebSite\",\"@id\":\"https:\\\/\\\/www.esplac.cat\\\/#website\",\"url\":\"https:\\\/\\\/www.esplac.cat\\\/\",\"name\":\"Esplac\",\"description\":\"Esplais Catalans\",\"publisher\":{\"@id\":\"https:\\\/\\\/www.esplac.cat\\\/#organization\"},\"potentialAction\":[{\"@type\":\"SearchAction\",\"target\":{\"@type\":\"EntryPoint\",\"urlTemplate\":\"https:\\\/\\\/www.esplac.cat\\\/?s={search_term_string}\"},\"query-input\":{\"@type\":\"PropertyValueSpecification\",\"valueRequired\":true,\"valueName\":\"search_term_string\"}}],\"inLanguage\":\"es\"},{\"@type\":\"Organization\",\"@id\":\"https:\\\/\\\/www.esplac.cat\\\/#organization\",\"name\":\"Esplac\",\"url\":\"https:\\\/\\\/www.esplac.cat\\\/\",\"logo\":{\"@type\":\"ImageObject\",\"inLanguage\":\"es\",\"@id\":\"https:\\\/\\\/www.esplac.cat\\\/#\\\/schema\\\/logo\\\/image\\\/\",\"url\":\"https:\\\/\\\/www.esplac.cat\\\/wp-content\\\/uploads\\\/2019\\\/08\\\/logox2.png\",\"contentUrl\":\"https:\\\/\\\/www.esplac.cat\\\/wp-content\\\/uploads\\\/2019\\\/08\\\/logox2.png\",\"width\":600,\"height\":295,\"caption\":\"Esplac\"},\"image\":{\"@id\":\"https:\\\/\\\/www.esplac.cat\\\/#\\\/schema\\\/logo\\\/image\\\/\"}}]}<\/script>\n<!-- \/ Yoast SEO plugin. -->","yoast_head_json":{"title":"Escola esplac 2018 - Esplac","robots":{"index":"index","follow":"follow","max-snippet":"max-snippet:-1","max-image-preview":"max-image-preview:large","max-video-preview":"max-video-preview:-1"},"canonical":"https:\/\/www.esplac.cat\/es\/formaciones\/escola-esplac-2018\/","og_locale":"es_ES","og_type":"article","og_title":"Escola esplac 2018 - Esplac","og_url":"https:\/\/www.esplac.cat\/es\/formaciones\/escola-esplac-2018\/","og_site_name":"Esplac","og_image":[{"url":"http:\/\/esplac.cat\/wp-content\/uploads\/2019\/10\/Seri_general_lloc.jpg","type":"","width":"","height":""}],"twitter_card":"summary_large_image","twitter_misc":{"Tiempo de lectura":"24 minutos"},"schema":{"@context":"https:\/\/schema.org","@graph":[{"@type":"WebPage","@id":"https:\/\/www.esplac.cat\/es\/formaciones\/escola-esplac-2018\/","url":"https:\/\/www.esplac.cat\/es\/formaciones\/escola-esplac-2018\/","name":"Escola esplac 2018 - Esplac","isPartOf":{"@id":"https:\/\/www.esplac.cat\/#website"},"primaryImageOfPage":{"@id":"https:\/\/www.esplac.cat\/es\/formaciones\/escola-esplac-2018\/#primaryimage"},"image":{"@id":"https:\/\/www.esplac.cat\/es\/formaciones\/escola-esplac-2018\/#primaryimage"},"thumbnailUrl":"http:\/\/esplac.cat\/wp-content\/uploads\/2019\/10\/Seri_general_lloc.jpg","datePublished":"2019-10-14T16:00:32+00:00","breadcrumb":{"@id":"https:\/\/www.esplac.cat\/es\/formaciones\/escola-esplac-2018\/#breadcrumb"},"inLanguage":"es","potentialAction":[{"@type":"ReadAction","target":["https:\/\/www.esplac.cat\/es\/formaciones\/escola-esplac-2018\/"]}]},{"@type":"ImageObject","inLanguage":"es","@id":"https:\/\/www.esplac.cat\/es\/formaciones\/escola-esplac-2018\/#primaryimage","url":"http:\/\/esplac.cat\/wp-content\/uploads\/2019\/10\/Seri_general_lloc.jpg","contentUrl":"http:\/\/esplac.cat\/wp-content\/uploads\/2019\/10\/Seri_general_lloc.jpg"},{"@type":"BreadcrumbList","@id":"https:\/\/www.esplac.cat\/es\/formaciones\/escola-esplac-2018\/#breadcrumb","itemListElement":[{"@type":"ListItem","position":1,"name":"Inici","item":"https:\/\/www.esplac.cat\/es\/"},{"@type":"ListItem","position":2,"name":"Formaciones","item":"https:\/\/www.esplac.cat\/es\/formaciones\/"},{"@type":"ListItem","position":3,"name":"Escola esplac 2018"}]},{"@type":"WebSite","@id":"https:\/\/www.esplac.cat\/#website","url":"https:\/\/www.esplac.cat\/","name":"Esplac","description":"Esplais Catalans","publisher":{"@id":"https:\/\/www.esplac.cat\/#organization"},"potentialAction":[{"@type":"SearchAction","target":{"@type":"EntryPoint","urlTemplate":"https:\/\/www.esplac.cat\/?s={search_term_string}"},"query-input":{"@type":"PropertyValueSpecification","valueRequired":true,"valueName":"search_term_string"}}],"inLanguage":"es"},{"@type":"Organization","@id":"https:\/\/www.esplac.cat\/#organization","name":"Esplac","url":"https:\/\/www.esplac.cat\/","logo":{"@type":"ImageObject","inLanguage":"es","@id":"https:\/\/www.esplac.cat\/#\/schema\/logo\/image\/","url":"https:\/\/www.esplac.cat\/wp-content\/uploads\/2019\/08\/logox2.png","contentUrl":"https:\/\/www.esplac.cat\/wp-content\/uploads\/2019\/08\/logox2.png","width":600,"height":295,"caption":"Esplac"},"image":{"@id":"https:\/\/www.esplac.cat\/#\/schema\/logo\/image\/"}}]}},"_links":{"self":[{"href":"https:\/\/www.esplac.cat\/es\/wp-json\/wp\/v2\/pages\/28062","targetHints":{"allow":["GET"]}}],"collection":[{"href":"https:\/\/www.esplac.cat\/es\/wp-json\/wp\/v2\/pages"}],"about":[{"href":"https:\/\/www.esplac.cat\/es\/wp-json\/wp\/v2\/types\/page"}],"author":[{"embeddable":true,"href":"https:\/\/www.esplac.cat\/es\/wp-json\/wp\/v2\/users\/1"}],"replies":[{"embeddable":true,"href":"https:\/\/www.esplac.cat\/es\/wp-json\/wp\/v2\/comments?post=28062"}],"version-history":[{"count":0,"href":"https:\/\/www.esplac.cat\/es\/wp-json\/wp\/v2\/pages\/28062\/revisions"}],"up":[{"embeddable":true,"href":"https:\/\/www.esplac.cat\/es\/wp-json\/wp\/v2\/pages\/27659"}],"wp:attachment":[{"href":"https:\/\/www.esplac.cat\/es\/wp-json\/wp\/v2\/media?parent=28062"}],"curies":[{"name":"wp","href":"https:\/\/api.w.org\/{rel}","templated":true}]}}