{"id":28066,"date":"2019-08-07T17:55:50","date_gmt":"2019-08-07T15:55:50","guid":{"rendered":"https:\/\/www.esplac.cat\/formacions\/jornades-ambientals\/"},"modified":"2024-12-12T14:49:35","modified_gmt":"2024-12-12T12:49:35","slug":"jornades-ambientals","status":"publish","type":"page","link":"https:\/\/www.esplac.cat\/es\/formaciones\/jornades-ambientals\/","title":{"rendered":"Jornades Ambientals"},"content":{"rendered":"<p><div class=\"fusion-fullwidth fullwidth-box fusion-builder-row-1 fusion-flex-container nonhundred-percent-fullwidth non-hundred-percent-height-scrolling\" style=\"--awb-border-radius-top-left:0px;--awb-border-radius-top-right:0px;--awb-border-radius-bottom-right:0px;--awb-border-radius-bottom-left:0px;--awb-margin-top:25px;--awb-margin-bottom:20px;--awb-flex-wrap:wrap;\" ><div class=\"fusion-builder-row fusion-row fusion-flex-align-items-stretch fusion-flex-content-wrap\" style=\"max-width:calc( 1200px + 0px );margin-left: calc(-0px \/ 2 );margin-right: calc(-0px \/ 2 );\"><div class=\"fusion-layout-column fusion_builder_column fusion-builder-column-0 fusion_builder_column_1_1 1_1 fusion-flex-column\" style=\"--awb-bg-blend:overlay;--awb-bg-size:cover;--awb-width-large:100%;--awb-margin-top-large:0px;--awb-spacing-right-large:0px;--awb-margin-bottom-large:20px;--awb-spacing-left-large:0px;--awb-width-medium:100%;--awb-spacing-right-medium:0px;--awb-spacing-left-medium:0px;--awb-width-small:100%;--awb-spacing-right-small:0px;--awb-spacing-left-small:0px;\"><div class=\"fusion-column-wrapper fusion-column-has-shadow fusion-flex-justify-content-flex-start fusion-content-layout-column\"><div class=\"fusion-title title fusion-title-1 fusion-sep-none fusion-title-center fusion-title-text fusion-title-size-one\" style=\"--awb-font-size:50px;\"><h1 class=\"fusion-title-heading title-heading-center fusion-responsive-typography-calculated\" style=\"margin:0;font-size:1em;--fontSize:50;line-height:1.2;\"><p style=\"text-align: center;\"><strong>Jornades Ambientals<\/strong><\/p><\/h1><\/div><div class=\"fusion-text fusion-text-1\" style=\"--awb-text-transform:none;\"><p style=\"text-align: center;\"><span style=\"font-weight: 400;\">La Comissi\u00f3 Reduint Petjada d\u2019Esplac organitzem anualment les Jornades Ambientals, un espai de formaci\u00f3, reflexi\u00f3 i debat dirigit a monitores i monitors, dirigents i s\u00f2cies de l\u2019associaci\u00f3, en el que abordem tem\u00e0tiques relacionades amb l\u2019educaci\u00f3 ambiental, l\u2019emerg\u00e8ncia clim\u00e0tica, el decreixement i la just\u00edcia global.\u00a0<\/span><\/p>\n<\/div><\/div><\/div><\/div><\/div><div class=\"fusion-fullwidth fullwidth-box fusion-builder-row-2 fusion-flex-container nonhundred-percent-fullwidth non-hundred-percent-height-scrolling\" style=\"--awb-border-radius-top-left:0px;--awb-border-radius-top-right:0px;--awb-border-radius-bottom-right:0px;--awb-border-radius-bottom-left:0px;--awb-flex-wrap:wrap;\" ><div class=\"fusion-builder-row fusion-row fusion-flex-align-items-flex-start fusion-flex-content-wrap\" style=\"max-width:calc( 1200px + 0px );margin-left: calc(-0px \/ 2 );margin-right: calc(-0px \/ 2 );\"><div class=\"fusion-layout-column fusion_builder_column fusion-builder-column-1 fusion_builder_column_1_1 1_1 fusion-flex-column\" style=\"--awb-bg-blend:overlay;--awb-bg-size:cover;--awb-width-large:100%;--awb-margin-top-large:0px;--awb-spacing-right-large:0px;--awb-margin-bottom-large:20px;--awb-spacing-left-large:0px;--awb-width-medium:100%;--awb-spacing-right-medium:0px;--awb-spacing-left-medium:0px;--awb-width-small:100%;--awb-spacing-right-small:0px;--awb-spacing-left-small:0px;\"><div class=\"fusion-column-wrapper fusion-column-has-shadow fusion-flex-justify-content-flex-start fusion-content-layout-column\"><div class=\"fusion-image-element \" style=\"text-align:center;--awb-caption-title-font-family:var(--h2_typography-font-family);--awb-caption-title-font-weight:var(--h2_typography-font-weight);--awb-caption-title-font-style:var(--h2_typography-font-style);--awb-caption-title-size:var(--h2_typography-font-size);--awb-caption-title-transform:var(--h2_typography-text-transform);--awb-caption-title-line-height:var(--h2_typography-line-height);--awb-caption-title-letter-spacing:var(--h2_typography-letter-spacing);\"><span class=\" fusion-imageframe imageframe-none imageframe-1 hover-type-none\"><img decoding=\"async\" width=\"1024\" height=\"422\" alt=\"Jornades Ambi\u00e9ntale\" title=\"Jornades Ambientals\" src=\"https:\/\/www.esplac.cat\/wp-content\/uploads\/2024\/07\/Jornades-Ambientals-2-1024x422.jpg\" class=\"img-responsive wp-image-50706\" srcset=\"https:\/\/www.esplac.cat\/wp-content\/uploads\/2024\/07\/Jornades-Ambientals-2-200x82.jpg 200w, https:\/\/www.esplac.cat\/wp-content\/uploads\/2024\/07\/Jornades-Ambientals-2-400x165.jpg 400w, https:\/\/www.esplac.cat\/wp-content\/uploads\/2024\/07\/Jornades-Ambientals-2-600x247.jpg 600w, https:\/\/www.esplac.cat\/wp-content\/uploads\/2024\/07\/Jornades-Ambientals-2-800x330.jpg 800w, https:\/\/www.esplac.cat\/wp-content\/uploads\/2024\/07\/Jornades-Ambientals-2-1200x495.jpg 1200w, https:\/\/www.esplac.cat\/wp-content\/uploads\/2024\/07\/Jornades-Ambientals-2.jpg 1697w\" sizes=\"(max-width: 1024px) 100vw, (max-width: 640px) 100vw, 1024px\" \/><\/span><\/div><\/div><\/div><\/div><\/div><div class=\"fusion-fullwidth fullwidth-box fusion-builder-row-3 fusion-flex-container nonhundred-percent-fullwidth non-hundred-percent-height-scrolling\" style=\"--awb-border-radius-top-left:0px;--awb-border-radius-top-right:0px;--awb-border-radius-bottom-right:0px;--awb-border-radius-bottom-left:0px;--awb-margin-top:50px;--awb-margin-bottom:50px;--awb-background-color:#ffffff;--awb-flex-wrap:wrap;\" ><div class=\"fusion-builder-row fusion-row fusion-flex-align-items-flex-start fusion-flex-content-wrap\" style=\"max-width:calc( 1200px + 0px );margin-left: calc(-0px \/ 2 );margin-right: calc(-0px \/ 2 );\"><div class=\"fusion-layout-column fusion_builder_column fusion-builder-column-2 fusion_builder_column_1_1 1_1 fusion-flex-column\" style=\"--awb-bg-blend:overlay;--awb-bg-size:cover;--awb-width-large:100%;--awb-margin-top-large:0px;--awb-spacing-right-large:0px;--awb-margin-bottom-large:20px;--awb-spacing-left-large:0px;--awb-width-medium:100%;--awb-spacing-right-medium:0px;--awb-spacing-left-medium:0px;--awb-width-small:100%;--awb-spacing-right-small:0px;--awb-spacing-left-small:0px;\"><div class=\"fusion-column-wrapper fusion-column-has-shadow fusion-flex-justify-content-flex-start fusion-content-layout-column\"><div class=\"fusion-separator\" style=\"align-self: center;margin-left: auto;margin-right: auto;margin-bottom:60px;width:100%;max-width:30%;\"><div class=\"fusion-separator-border sep-single sep-solid\" style=\"--awb-height:20px;--awb-amount:20px;--awb-sep-color:#c1c1c1;border-color:#c1c1c1;border-top-width:5px;\"><\/div><\/div><div class=\"fusion-title title fusion-title-2 fusion-sep-none fusion-title-center fusion-title-text fusion-title-size-three\"><h3 class=\"fusion-title-heading title-heading-center fusion-responsive-typography-calculated\" style=\"margin:0;--fontSize:30;line-height:1.3;\"><p style=\"text-align: center;\">JORNADES AMBIENTALS 2024<br \/>\n<b>De la terra a l&#8217;esplai: educant en la sobirania aliment\u00e0ria<\/b><\/p><\/h3><\/div><div class=\"fusion-separator fusion-full-width-sep\" style=\"align-self: center;margin-left: auto;margin-right: auto;margin-bottom:30px;width:100%;\"><\/div><div class=\"fusion-tabs fusion-tabs-1 clean nav-not-justified horizontal-tabs icon-position-top mobile-mode-accordion\" style=\"--awb-title-border-radius-top-left:0px;--awb-title-border-radius-top-right:0px;--awb-title-border-radius-bottom-right:0px;--awb-title-border-radius-bottom-left:0px;--awb-alignment:center;--awb-inactive-color:#eaeaea;--awb-background-color:#f9f9f9;--awb-border-color:#ffffff;--awb-active-border-color:#f69d0b;\"><div class=\"nav\"><ul class=\"nav-tabs\" role=\"tablist\"><li class=\"active\" role=\"presentation\"><a class=\"tab-link\" data-toggle=\"tab\" role=\"tab\" aria-controls=\"tab-5f7269f83595862790a\" aria-selected=\"true\" id=\"fusion-tab-presentaci\u00f3\" href=\"#tab-5f7269f83595862790a\"><h4 class=\"fusion-tab-heading\"><i class=\"fontawesome-icon fa-bookmark fas\" aria-hidden=\"true\" style=\"font-size:19px;\"><\/i>Presentaci\u00f3<\/h4><\/a><\/li><li role=\"presentation\"><a class=\"tab-link\" data-toggle=\"tab\" role=\"tab\" aria-controls=\"tab-9069d7e5c039da793f7\" aria-selected=\"false\" tabindex=\"-1\" id=\"fusion-tab-cartell\" href=\"#tab-9069d7e5c039da793f7\"><h4 class=\"fusion-tab-heading\"><i class=\"fontawesome-icon fa-file-image fas\" aria-hidden=\"true\" style=\"font-size:19px;\"><\/i>Cartell<\/h4><\/a><\/li><li role=\"presentation\"><a class=\"tab-link\" data-toggle=\"tab\" role=\"tab\" aria-controls=\"tab-de78b2f79aebdb91fe6\" aria-selected=\"false\" tabindex=\"-1\" id=\"fusion-tab-programa\" href=\"#tab-de78b2f79aebdb91fe6\"><h4 class=\"fusion-tab-heading\"><i class=\"fontawesome-icon fa-clipboard-list fas\" aria-hidden=\"true\" style=\"font-size:19px;\"><\/i>Programa<\/h4><\/a><\/li><li role=\"presentation\"><a class=\"tab-link\" data-toggle=\"tab\" role=\"tab\" aria-controls=\"tab-451b3bc1f27a6ffb7e1\" aria-selected=\"false\" tabindex=\"-1\" id=\"fusion-tab-espaisformatius,aldetall!\" href=\"#tab-451b3bc1f27a6ffb7e1\"><h4 class=\"fusion-tab-heading\"><i class=\"fontawesome-icon fa-search-plus fas\" aria-hidden=\"true\" style=\"font-size:19px;\"><\/i>Espais formatius, al detall!<\/h4><\/a><\/li><li role=\"presentation\"><a class=\"tab-link\" data-toggle=\"tab\" role=\"tab\" aria-controls=\"tab-4f84f3832468d2c2b91\" aria-selected=\"false\" tabindex=\"-1\" id=\"fusion-tab-inscripcions\" href=\"#tab-4f84f3832468d2c2b91\"><h4 class=\"fusion-tab-heading\"><i class=\"fontawesome-icon fa-calendar-check far\" aria-hidden=\"true\" style=\"font-size:19px;\"><\/i>Inscripcions<\/h4><\/a><\/li><\/ul><\/div><div class=\"tab-content\"><div class=\"nav fusion-mobile-tab-nav\"><ul class=\"nav-tabs\" role=\"tablist\"><li class=\"active\" role=\"presentation\"><a class=\"tab-link\" data-toggle=\"tab\" role=\"tab\" aria-controls=\"tab-5f7269f83595862790a\" aria-selected=\"true\" id=\"mobile-fusion-tab-presentaci\u00f3\" href=\"#tab-5f7269f83595862790a\"><h4 class=\"fusion-tab-heading\"><i class=\"fontawesome-icon fa-bookmark fas\" aria-hidden=\"true\" style=\"font-size:19px;\"><\/i>Presentaci\u00f3<\/h4><\/a><\/li><\/ul><\/div><div class=\"tab-pane fade fusion-clearfix in active\" role=\"tabpanel\" tabindex=\"0\" aria-labelledby=\"fusion-tab-presentaci\u00f3\" id=\"tab-5f7269f83595862790a\">\n<p><span style=\"font-weight: 400;\">La <strong>sobirania aliment\u00e0ria<\/strong> \u00e9s el dret dels pobles a determinar les pol\u00edtiques agr\u00edcoles i aliment\u00e0ries que els afecten: a tenir dret i acc\u00e9s a la terra, als recursos naturals, a poder alimentar-se de forma sana i saludable\u2026\u00a0 Aix\u00ed doncs, l\u2019<strong>onzena edici\u00f3 de les Jornades Ambientals<\/strong> girar\u00e0 entorn la sobirania aliment\u00e0ria i com podem treballar-la des del lleure associatiu. Volem que els esplais siguin un agent fonamental en l&#8217;educaci\u00f3 per la sobirania aliment\u00e0ria, esdevenint una eina educativa clau per a fomentar la participaci\u00f3 activa, enfortir la cohesi\u00f3 social i garantir l&#8217;acc\u00e9s a aliments sans i sostenibles, contribuint d&#8217;aquesta manera a una sobirania aliment\u00e0ria m\u00e9s robusta i resilient arreu del territori.<\/span><\/p>\n<p>Aquesta jornada formativa tindr\u00e0 lloc el<strong> diumenge 13 d&#8217;octubre a La Casa Groga<\/strong> (<span style=\"font-weight: 400;\">c\/Al\u00ed Bei 120, Barcelona).<\/span><\/p>\n<\/div><div class=\"nav fusion-mobile-tab-nav\"><ul class=\"nav-tabs\" role=\"tablist\"><li role=\"presentation\"><a class=\"tab-link\" data-toggle=\"tab\" role=\"tab\" aria-controls=\"tab-9069d7e5c039da793f7\" aria-selected=\"false\" tabindex=\"-1\" id=\"mobile-fusion-tab-cartell\" href=\"#tab-9069d7e5c039da793f7\"><h4 class=\"fusion-tab-heading\"><i class=\"fontawesome-icon fa-file-image fas\" aria-hidden=\"true\" style=\"font-size:19px;\"><\/i>Cartell<\/h4><\/a><\/li><\/ul><\/div><div class=\"tab-pane fade fusion-clearfix\" role=\"tabpanel\" tabindex=\"0\" aria-labelledby=\"fusion-tab-cartell\" id=\"tab-9069d7e5c039da793f7\">\n<p><img decoding=\"async\" class=\"aligncenter wp-image-52037 size-fusion-600\" src=\"https:\/\/www.esplac.cat\/wp-content\/uploads\/2024\/12\/DEFINITIU-600x849.jpg\" alt=\"\" width=\"600\" height=\"849\" srcset=\"https:\/\/www.esplac.cat\/wp-content\/uploads\/2024\/12\/DEFINITIU-200x283.jpg 200w, https:\/\/www.esplac.cat\/wp-content\/uploads\/2024\/12\/DEFINITIU-212x300.jpg 212w, https:\/\/www.esplac.cat\/wp-content\/uploads\/2024\/12\/DEFINITIU-400x566.jpg 400w, https:\/\/www.esplac.cat\/wp-content\/uploads\/2024\/12\/DEFINITIU-600x849.jpg 600w, https:\/\/www.esplac.cat\/wp-content\/uploads\/2024\/12\/DEFINITIU-724x1024.jpg 724w, https:\/\/www.esplac.cat\/wp-content\/uploads\/2024\/12\/DEFINITIU-768x1086.jpg 768w, https:\/\/www.esplac.cat\/wp-content\/uploads\/2024\/12\/DEFINITIU-800x1132.jpg 800w, https:\/\/www.esplac.cat\/wp-content\/uploads\/2024\/12\/DEFINITIU-1086x1536.jpg 1086w, https:\/\/www.esplac.cat\/wp-content\/uploads\/2024\/12\/DEFINITIU-1200x1698.jpg 1200w, https:\/\/www.esplac.cat\/wp-content\/uploads\/2024\/12\/DEFINITIU-1448x2048.jpg 1448w, https:\/\/www.esplac.cat\/wp-content\/uploads\/2024\/12\/DEFINITIU.jpg 1587w\" sizes=\"(max-width: 600px) 100vw, 600px\" \/><\/p>\n<\/div><div class=\"nav fusion-mobile-tab-nav\"><ul class=\"nav-tabs\" role=\"tablist\"><li role=\"presentation\"><a class=\"tab-link\" data-toggle=\"tab\" role=\"tab\" aria-controls=\"tab-de78b2f79aebdb91fe6\" aria-selected=\"false\" tabindex=\"-1\" id=\"mobile-fusion-tab-programa\" href=\"#tab-de78b2f79aebdb91fe6\"><h4 class=\"fusion-tab-heading\"><i class=\"fontawesome-icon fa-clipboard-list fas\" aria-hidden=\"true\" style=\"font-size:19px;\"><\/i>Programa<\/h4><\/a><\/li><\/ul><\/div><div class=\"tab-pane fade fusion-clearfix\" role=\"tabpanel\" tabindex=\"0\" aria-labelledby=\"fusion-tab-programa\" id=\"tab-de78b2f79aebdb91fe6\">\n<p><img decoding=\"async\" class=\"aligncenter wp-image-51187 size-fusion-600\" src=\"https:\/\/www.esplac.cat\/wp-content\/uploads\/2024\/10\/PROGRAMA-600x849.jpg\" alt=\"jornades ambientals 2024\" width=\"600\" height=\"849\" srcset=\"https:\/\/www.esplac.cat\/wp-content\/uploads\/2024\/10\/PROGRAMA-200x283.jpg 200w, https:\/\/www.esplac.cat\/wp-content\/uploads\/2024\/10\/PROGRAMA-212x300.jpg 212w, https:\/\/www.esplac.cat\/wp-content\/uploads\/2024\/10\/PROGRAMA-400x566.jpg 400w, https:\/\/www.esplac.cat\/wp-content\/uploads\/2024\/10\/PROGRAMA-600x849.jpg 600w, https:\/\/www.esplac.cat\/wp-content\/uploads\/2024\/10\/PROGRAMA-724x1024.jpg 724w, https:\/\/www.esplac.cat\/wp-content\/uploads\/2024\/10\/PROGRAMA-768x1086.jpg 768w, https:\/\/www.esplac.cat\/wp-content\/uploads\/2024\/10\/PROGRAMA-800x1132.jpg 800w, https:\/\/www.esplac.cat\/wp-content\/uploads\/2024\/10\/PROGRAMA-1086x1536.jpg 1086w, https:\/\/www.esplac.cat\/wp-content\/uploads\/2024\/10\/PROGRAMA-1200x1698.jpg 1200w, https:\/\/www.esplac.cat\/wp-content\/uploads\/2024\/10\/PROGRAMA-1448x2048.jpg 1448w, https:\/\/www.esplac.cat\/wp-content\/uploads\/2024\/10\/PROGRAMA.jpg 1587w\" sizes=\"(max-width: 600px) 100vw, 600px\" \/><\/p>\n<\/div><div class=\"nav fusion-mobile-tab-nav\"><ul class=\"nav-tabs\" role=\"tablist\"><li role=\"presentation\"><a class=\"tab-link\" data-toggle=\"tab\" role=\"tab\" aria-controls=\"tab-451b3bc1f27a6ffb7e1\" aria-selected=\"false\" tabindex=\"-1\" id=\"mobile-fusion-tab-espaisformatius,aldetall!\" href=\"#tab-451b3bc1f27a6ffb7e1\"><h4 class=\"fusion-tab-heading\"><i class=\"fontawesome-icon fa-search-plus fas\" aria-hidden=\"true\" style=\"font-size:19px;\"><\/i>Espais formatius, al detall!<\/h4><\/a><\/li><\/ul><\/div><div class=\"tab-pane fade fusion-clearfix\" role=\"tabpanel\" tabindex=\"0\" aria-labelledby=\"fusion-tab-espaisformatius,aldetall!\" id=\"tab-451b3bc1f27a6ffb7e1\">\n<h3><strong>10:30h l Formaci\u00f3 sobre Just\u00edcia Global i Sobirania Aliment\u00e0ria<\/strong><\/h3>\n<p>Qu\u00e8 \u00e9s la Sobirania Aliment\u00e0ria? Com es vincula amb la just\u00edcia global? Quins precedents de casos d\u2019\u00e8xit tenim a la nostra terra? La Marta Aldea de l\u2019Escola Lliure El Sol obrir\u00e0 la jornada assentant les bases del que ser\u00e0 un dia de formacions, tallers i xerrades al voltant de la sobirania aliment\u00e0ria, posant tothom a la mateixa p\u00e0gina i introduint i aprofundint en aquells conceptes clau que fonamenten la praxi de les activistes ambientals.<\/p>\n<p><strong>A c\u00e0rrec de Marta Aldea, formadora de l&#8217;<a href=\"https:\/\/escolaelsol.coop\/cursos-de-lleure\/\" target=\"_blank\" rel=\"noopener\">Escola Lliure El Sol<\/a>.<\/strong><\/p>\n<h3><strong>12h l Taller de descoberta de plantes aut\u00f2ctones<\/strong><\/h3>\n<p>Eixarcolant \u00e9s un col\u00b7lectiu que treballa per fomentar un model de producci\u00f3, distribuci\u00f3, consum d\u2019aliments i desenvolupament socioecon\u00f2mic m\u00e9s sostenible, \u00e8tic i just. Per fer-ho, es centren en la recuperaci\u00f3 de llavors d\u2019esp\u00e8cies silvestres comestibles i les varietats agr\u00edcoles tradicionals. A les Jornades Ambientals Eixarcolant dur\u00e0 a terme un taller de \u00abdescoberta\u00bb de plantes aut\u00f2ctones, portant un recull de les plantes m\u00e9s comunes als nostres camps i boscos i amb una petita explicaci\u00f3 de les propietats de cadascuna d\u2019elles, i culminant amb l&#8217;elaboraci\u00f3 d\u2019una magn\u00edfica recepta que afegirem al dinar conjunt posterior.<\/p>\n<p><strong>A c\u00e0rrec d&#8217;<a href=\"https:\/\/eixarcolant.cat\/\" target=\"_blank\" rel=\"noopener\">Eixarcolant<\/a>.<\/strong><\/p>\n<h3><strong>15h l Tastet de tallers sobre la sobirania aliment\u00e0ria <\/strong><\/h3>\n<p>Terra F\u00e8rtil \u00e9s una associaci\u00f3 sense \u00e0nim de lucre que t\u00e9 per objectiu fomentar la transici\u00f3 ecosocial i aconseguir una societat democr\u00e0tica, justa i sostenible, que posi la vida al centre. Aprofitant la seva experi\u00e8ncia realitzant tallers, xerrades, projectes d\u2019APS\u2026 a escoles i instituts, Terra F\u00e8rtil ens portar\u00e0 un tastet d\u2019una selecci\u00f3 d\u2019aquells tallers que m\u00e9s s\u2019escauen a la tem\u00e0tica que llavors es podran traslladar als esplais i qualsevol espais amb infants i joves per a poder-los realitzar aut\u00f2nomament.<\/p>\n<p><strong>A c\u00e0rrec de <a href=\"https:\/\/terrafertil.cat\/\" target=\"_blank\" rel=\"noopener\">Terra F\u00e8rtil<\/a>.<\/strong><\/p>\n<h3><strong>17h l Pon\u00e8ncia de tancament: Qu\u00e8 podem fer des de l&#8217;associacionisme educatiu?<\/strong><\/h3>\n<p>Gustavo Duch Guillot \u00e9s un activista, escriptor i veterinari conegut principalment per la seva defensa de la sobirania aliment\u00e0ria i el seu treball en temes relacionats amb l&#8217;agroecologia i la just\u00edcia social. Ha estat molt actiu en la den\u00fancia de les conseq\u00fc\u00e8ncies del model agr\u00edcola industrial, l&#8217;explotaci\u00f3 dels recursos naturals i l&#8217;impacte de les grans corporacions en el medi ambient i les comunitats camperoles. Fent el tancament de les jornades, Duch respondr\u00e0 els dubtes que hagin anat sortint al llarg de la jornada, posant la mirada al curt i llarg termini de les nostres associacions. Intentarem desgranar quins reptes enfrontem i com donem resposta a les necessitats actuals des de l&#8217;associacionisme.<\/p>\n<p><strong>A c\u00e0rrec de Gustavo Duch.<\/strong><\/p>\n<\/div><div class=\"nav fusion-mobile-tab-nav\"><ul class=\"nav-tabs\" role=\"tablist\"><li role=\"presentation\"><a class=\"tab-link\" data-toggle=\"tab\" role=\"tab\" aria-controls=\"tab-4f84f3832468d2c2b91\" aria-selected=\"false\" tabindex=\"-1\" id=\"mobile-fusion-tab-inscripcions\" href=\"#tab-4f84f3832468d2c2b91\"><h4 class=\"fusion-tab-heading\"><i class=\"fontawesome-icon fa-calendar-check far\" aria-hidden=\"true\" style=\"font-size:19px;\"><\/i>Inscripcions<\/h4><\/a><\/li><\/ul><\/div><div class=\"tab-pane fade fusion-clearfix\" role=\"tabpanel\" tabindex=\"0\" aria-labelledby=\"fusion-tab-inscripcions\" id=\"tab-4f84f3832468d2c2b91\">\n<p>Ja us podeu inscriure a la onzena edici\u00f3 de les Jornades Ambientals. Si sou monis, dirigents o s\u00f2cies, us podeu apuntar <span style=\"color: #f69d0b;\"><strong><a style=\"color: #f69d0b;\" href=\"https:\/\/era.esplac.cat\/#\/gestio-edt\/comissi%C3%B3reduintpetjada\/activitats\/viz\/66e03193511aa58a25d6a16c\" target=\"_blank\" rel=\"noopener\">a trav\u00e9s de l\u2019Era<\/a><\/strong><\/span>.<\/p>\n<p>Les persones externes a l\u2019entitat ho podeu fer a trav\u00e9s d\u2019<span style=\"color: #f69d0b;\"><a style=\"color: #f69d0b;\" href=\"https:\/\/57laxkf5k1t.typeform.com\/to\/JdCf0v2D\" target=\"_blank\" rel=\"noopener\"><strong>aquest enlla\u00e7<\/strong><\/a><\/span>. Les inscripcions estaran obertes fins el 6\/10! Si teniu qualsevol dubte, escriviu a reduintpetjada@esplac.cat.<\/p>\n<\/div><\/div><\/div><\/div><\/div><\/div><\/div><div class=\"fusion-fullwidth fullwidth-box fusion-builder-row-4 fusion-flex-container nonhundred-percent-fullwidth non-hundred-percent-height-scrolling\" style=\"--awb-border-radius-top-left:0px;--awb-border-radius-top-right:0px;--awb-border-radius-bottom-right:0px;--awb-border-radius-bottom-left:0px;--awb-margin-bottom:40px;--awb-flex-wrap:wrap;\" ><div class=\"fusion-builder-row fusion-row fusion-flex-align-items-flex-start fusion-flex-content-wrap\" style=\"max-width:1248px;margin-left: calc(-4% \/ 2 );margin-right: calc(-4% \/ 2 );\"><div class=\"fusion-layout-column fusion_builder_column fusion-builder-column-3 fusion_builder_column_1_1 1_1 fusion-flex-column\" style=\"--awb-bg-blend:overlay;--awb-bg-size:cover;--awb-width-large:100%;--awb-margin-top-large:0px;--awb-spacing-right-large:1.92%;--awb-margin-bottom-large:20px;--awb-spacing-left-large:1.92%;--awb-width-medium:100%;--awb-spacing-right-medium:1.92%;--awb-spacing-left-medium:1.92%;--awb-width-small:100%;--awb-spacing-right-small:1.92%;--awb-spacing-left-small:1.92%;\"><div class=\"fusion-column-wrapper fusion-column-has-shadow fusion-flex-justify-content-flex-start fusion-content-layout-column\"><div class=\"fusion-text fusion-text-2\"><h3><strong>Edicions anteriors de les Jornades Ambientals<\/strong><\/h3>\n<\/div><\/div><\/div><div class=\"fusion-layout-column fusion_builder_column fusion-builder-column-4 fusion_builder_column_1_4 1_4 fusion-flex-column\" style=\"--awb-bg-blend:overlay;--awb-bg-size:cover;--awb-width-large:25%;--awb-margin-top-large:0px;--awb-spacing-right-large:7.68%;--awb-margin-bottom-large:20px;--awb-spacing-left-large:7.68%;--awb-width-medium:100%;--awb-spacing-right-medium:1.92%;--awb-spacing-left-medium:1.92%;--awb-width-small:100%;--awb-spacing-right-small:1.92%;--awb-spacing-left-small:1.92%;\"><div class=\"fusion-column-wrapper fusion-column-has-shadow fusion-flex-justify-content-flex-start fusion-content-layout-column\"><div class=\"fusion-image-element \" style=\"--awb-liftup-border-radius:0px;--awb-caption-title-font-family:var(--h2_typography-font-family);--awb-caption-title-font-weight:var(--h2_typography-font-weight);--awb-caption-title-font-style:var(--h2_typography-font-style);--awb-caption-title-size:var(--h2_typography-font-size);--awb-caption-title-transform:var(--h2_typography-text-transform);--awb-caption-title-line-height:var(--h2_typography-line-height);--awb-caption-title-letter-spacing:var(--h2_typography-letter-spacing);\"><div class=\"awb-image-frame awb-image-frame-2 imageframe-liftup\"><span class=\" fusion-imageframe imageframe-none imageframe-2\"><a class=\"fusion-no-lightbox\" href=\"https:\/\/www.esplac.cat\/formacions\/jornades-ambientals-2023\/\" target=\"_self\" aria-label=\"Cartell JA_23\"><img decoding=\"async\" width=\"768\" height=\"1024\" src=\"https:\/\/www.esplac.cat\/wp-content\/uploads\/2024\/05\/Cartell-JA_23-768x1024.jpg\" alt class=\"img-responsive wp-image-50068\" srcset=\"https:\/\/www.esplac.cat\/wp-content\/uploads\/2024\/05\/Cartell-JA_23-200x267.jpg 200w, https:\/\/www.esplac.cat\/wp-content\/uploads\/2024\/05\/Cartell-JA_23-400x533.jpg 400w, https:\/\/www.esplac.cat\/wp-content\/uploads\/2024\/05\/Cartell-JA_23-600x800.jpg 600w, https:\/\/www.esplac.cat\/wp-content\/uploads\/2024\/05\/Cartell-JA_23-800x1067.jpg 800w, https:\/\/www.esplac.cat\/wp-content\/uploads\/2024\/05\/Cartell-JA_23-1200x1600.jpg 1200w, https:\/\/www.esplac.cat\/wp-content\/uploads\/2024\/05\/Cartell-JA_23-scaled.jpg 1920w\" sizes=\"(max-width: 1024px) 100vw, (max-width: 640px) 100vw, 400px\" \/><\/a><\/span><\/div><\/div><div class=\"fusion-separator fusion-full-width-sep\" style=\"align-self: center;margin-left: auto;margin-right: auto;margin-bottom:20px;width:100%;\"><\/div><div class=\"fusion-text fusion-text-3\" style=\"--awb-text-transform:none;\"><h5 style=\"text-align: center;\"><span style=\"color: #000000;\"><a style=\"color: #000000;\" href=\"https:\/\/www.esplac.cat\/formacions\/jornades-ambientals-2023\/\" target=\"_blank\" rel=\"noopener\"><strong>Jornades Ambientals 2023<\/strong><\/a><\/span><\/h5>\n<\/div><\/div><\/div><div class=\"fusion-layout-column fusion_builder_column fusion-builder-column-5 fusion_builder_column_1_4 1_4 fusion-flex-column\" style=\"--awb-bg-blend:overlay;--awb-bg-size:cover;--awb-width-large:25%;--awb-margin-top-large:0px;--awb-spacing-right-large:7.68%;--awb-margin-bottom-large:20px;--awb-spacing-left-large:7.68%;--awb-width-medium:100%;--awb-spacing-right-medium:1.92%;--awb-spacing-left-medium:1.92%;--awb-width-small:100%;--awb-spacing-right-small:1.92%;--awb-spacing-left-small:1.92%;\"><div class=\"fusion-column-wrapper fusion-column-has-shadow fusion-flex-justify-content-flex-start fusion-content-layout-column\"><div class=\"fusion-image-element \" style=\"--awb-liftup-border-radius:0px;--awb-caption-title-font-family:var(--h2_typography-font-family);--awb-caption-title-font-weight:var(--h2_typography-font-weight);--awb-caption-title-font-style:var(--h2_typography-font-style);--awb-caption-title-size:var(--h2_typography-font-size);--awb-caption-title-transform:var(--h2_typography-text-transform);--awb-caption-title-line-height:var(--h2_typography-line-height);--awb-caption-title-letter-spacing:var(--h2_typography-letter-spacing);\"><div class=\"awb-image-frame awb-image-frame-3 imageframe-liftup\"><span class=\" fusion-imageframe imageframe-none imageframe-3\"><a class=\"fusion-no-lightbox\" href=\"https:\/\/www.esplac.cat\/formacions\/jornades-ambientals-2022\/\" target=\"_self\" aria-label=\"Solstici-ambiental-cartell\"><img decoding=\"async\" width=\"1587\" height=\"2245\" src=\"https:\/\/www.esplac.cat\/wp-content\/uploads\/2022\/11\/Solstici-ambiental-cartell.jpg\" alt class=\"img-responsive wp-image-42007\" srcset=\"https:\/\/www.esplac.cat\/wp-content\/uploads\/2022\/11\/Solstici-ambiental-cartell-200x283.jpg 200w, https:\/\/www.esplac.cat\/wp-content\/uploads\/2022\/11\/Solstici-ambiental-cartell-400x566.jpg 400w, https:\/\/www.esplac.cat\/wp-content\/uploads\/2022\/11\/Solstici-ambiental-cartell-600x849.jpg 600w, https:\/\/www.esplac.cat\/wp-content\/uploads\/2022\/11\/Solstici-ambiental-cartell-800x1132.jpg 800w, https:\/\/www.esplac.cat\/wp-content\/uploads\/2022\/11\/Solstici-ambiental-cartell-1200x1698.jpg 1200w, https:\/\/www.esplac.cat\/wp-content\/uploads\/2022\/11\/Solstici-ambiental-cartell.jpg 1587w\" sizes=\"(max-width: 1024px) 100vw, (max-width: 640px) 100vw, 400px\" \/><\/a><\/span><\/div><\/div><div class=\"fusion-separator fusion-full-width-sep\" style=\"align-self: center;margin-left: auto;margin-right: auto;margin-bottom:20px;width:100%;\"><\/div><div class=\"fusion-text fusion-text-4\" style=\"--awb-text-transform:none;\"><h5 style=\"text-align: center;\"><span style=\"color: #000000;\"><a style=\"color: #000000;\" href=\"https:\/\/www.esplac.cat\/es\/?page_id=46969\" target=\"_blank\" rel=\"noopener\"><strong>Jornades Ambientals 2022<\/strong><\/a><\/span><\/h5>\n<\/div><\/div><\/div><div class=\"fusion-layout-column fusion_builder_column fusion-builder-column-6 fusion_builder_column_1_4 1_4 fusion-flex-column\" style=\"--awb-bg-blend:overlay;--awb-bg-size:cover;--awb-width-large:25%;--awb-margin-top-large:0px;--awb-spacing-right-large:7.68%;--awb-margin-bottom-large:20px;--awb-spacing-left-large:7.68%;--awb-width-medium:100%;--awb-spacing-right-medium:1.92%;--awb-spacing-left-medium:1.92%;--awb-width-small:100%;--awb-spacing-right-small:1.92%;--awb-spacing-left-small:1.92%;\"><div class=\"fusion-column-wrapper fusion-column-has-shadow fusion-flex-justify-content-flex-start fusion-content-layout-column\"><div class=\"fusion-image-element \" style=\"--awb-liftup-border-radius:0px;--awb-caption-title-font-family:var(--h2_typography-font-family);--awb-caption-title-font-weight:var(--h2_typography-font-weight);--awb-caption-title-font-style:var(--h2_typography-font-style);--awb-caption-title-size:var(--h2_typography-font-size);--awb-caption-title-transform:var(--h2_typography-text-transform);--awb-caption-title-line-height:var(--h2_typography-line-height);--awb-caption-title-letter-spacing:var(--h2_typography-letter-spacing);\"><div class=\"awb-image-frame awb-image-frame-4 imageframe-liftup\"><span class=\" fusion-imageframe imageframe-none imageframe-4\"><a class=\"fusion-no-lightbox\" href=\"https:\/\/www.esplac.cat\/formacions\/jornades-ambientals\/jornades-ambientals-2021\/\" target=\"_self\" aria-label=\"VIII Jornades Ambientals 21\"><img decoding=\"async\" width=\"724\" height=\"1024\" src=\"https:\/\/www.esplac.cat\/wp-content\/uploads\/2021\/09\/VIII-Jornades-Ambientals-21-724x1024.jpg\" alt class=\"img-responsive wp-image-37098\" srcset=\"https:\/\/www.esplac.cat\/wp-content\/uploads\/2021\/09\/VIII-Jornades-Ambientals-21-200x283.jpg 200w, https:\/\/www.esplac.cat\/wp-content\/uploads\/2021\/09\/VIII-Jornades-Ambientals-21-400x566.jpg 400w, https:\/\/www.esplac.cat\/wp-content\/uploads\/2021\/09\/VIII-Jornades-Ambientals-21-600x849.jpg 600w, https:\/\/www.esplac.cat\/wp-content\/uploads\/2021\/09\/VIII-Jornades-Ambientals-21-800x1132.jpg 800w, https:\/\/www.esplac.cat\/wp-content\/uploads\/2021\/09\/VIII-Jornades-Ambientals-21-1200x1698.jpg 1200w, https:\/\/www.esplac.cat\/wp-content\/uploads\/2021\/09\/VIII-Jornades-Ambientals-21.jpg 1587w\" sizes=\"(max-width: 1024px) 100vw, (max-width: 640px) 100vw, 724px\" \/><\/a><\/span><\/div><\/div><div class=\"fusion-separator fusion-full-width-sep\" style=\"align-self: center;margin-left: auto;margin-right: auto;margin-bottom:20px;width:100%;\"><\/div><div class=\"fusion-text fusion-text-5\"><h5 style=\"text-align: center;\"><strong>Jornades Ambientals 2021<\/strong><\/h5>\n<\/div><\/div><\/div><div class=\"fusion-layout-column fusion_builder_column fusion-builder-column-7 fusion_builder_column_1_4 1_4 fusion-flex-column\" style=\"--awb-bg-blend:overlay;--awb-bg-size:cover;--awb-width-large:25%;--awb-margin-top-large:0px;--awb-spacing-right-large:7.68%;--awb-margin-bottom-large:20px;--awb-spacing-left-large:7.68%;--awb-width-medium:100%;--awb-spacing-right-medium:1.92%;--awb-spacing-left-medium:1.92%;--awb-width-small:100%;--awb-spacing-right-small:1.92%;--awb-spacing-left-small:1.92%;\"><div class=\"fusion-column-wrapper fusion-column-has-shadow fusion-flex-justify-content-flex-start fusion-content-layout-column\"><div class=\"fusion-image-element \" style=\"--awb-caption-title-font-family:var(--h2_typography-font-family);--awb-caption-title-font-weight:var(--h2_typography-font-weight);--awb-caption-title-font-style:var(--h2_typography-font-style);--awb-caption-title-size:var(--h2_typography-font-size);--awb-caption-title-transform:var(--h2_typography-text-transform);--awb-caption-title-line-height:var(--h2_typography-line-height);--awb-caption-title-letter-spacing:var(--h2_typography-letter-spacing);\"><span class=\" fusion-imageframe imageframe-none imageframe-5 hover-type-zoomin\"><a class=\"fusion-no-lightbox\" href=\"https:\/\/www.esplac.cat\/jornades-ambientals-2020\/\" target=\"_self\" aria-label=\"Jornades-ambientals-2020-600&#215;849\"><img decoding=\"async\" width=\"600\" height=\"849\" src=\"https:\/\/www.esplac.cat\/wp-content\/uploads\/2021\/09\/Jornades-ambientals-2020-600x849-1.jpeg\" alt class=\"img-responsive wp-image-37080\" srcset=\"https:\/\/www.esplac.cat\/wp-content\/uploads\/2021\/09\/Jornades-ambientals-2020-600x849-1-200x283.jpeg 200w, https:\/\/www.esplac.cat\/wp-content\/uploads\/2021\/09\/Jornades-ambientals-2020-600x849-1-400x566.jpeg 400w, https:\/\/www.esplac.cat\/wp-content\/uploads\/2021\/09\/Jornades-ambientals-2020-600x849-1.jpeg 600w\" sizes=\"(max-width: 1024px) 100vw, (max-width: 640px) 100vw, 600px\" \/><\/a><\/span><\/div><div class=\"fusion-separator fusion-full-width-sep\" style=\"align-self: center;margin-left: auto;margin-right: auto;margin-bottom:20px;width:100%;\"><\/div><div class=\"fusion-text fusion-text-6\"><h5 style=\"text-align: center;\"><strong>Jornades Ambientals 2020<\/strong><\/h5>\n<\/div><\/div><\/div><div class=\"fusion-layout-column fusion_builder_column fusion-builder-column-8 fusion_builder_column_1_4 1_4 fusion-flex-column\" style=\"--awb-bg-blend:overlay;--awb-bg-size:cover;--awb-width-large:25%;--awb-margin-top-large:0px;--awb-spacing-right-large:7.68%;--awb-margin-bottom-large:20px;--awb-spacing-left-large:7.68%;--awb-width-medium:100%;--awb-spacing-right-medium:1.92%;--awb-spacing-left-medium:1.92%;--awb-width-small:100%;--awb-spacing-right-small:1.92%;--awb-spacing-left-small:1.92%;\"><div class=\"fusion-column-wrapper fusion-column-has-shadow fusion-flex-justify-content-flex-start fusion-content-layout-column\"><div class=\"fusion-image-element \" style=\"--awb-liftup-border-radius:0px;--awb-caption-title-font-family:var(--h2_typography-font-family);--awb-caption-title-font-weight:var(--h2_typography-font-weight);--awb-caption-title-font-style:var(--h2_typography-font-style);--awb-caption-title-size:var(--h2_typography-font-size);--awb-caption-title-transform:var(--h2_typography-text-transform);--awb-caption-title-line-height:var(--h2_typography-line-height);--awb-caption-title-letter-spacing:var(--h2_typography-letter-spacing);\"><div class=\"awb-image-frame awb-image-frame-6 imageframe-liftup\"><span class=\" fusion-imageframe imageframe-none imageframe-6\"><a class=\"fusion-no-lightbox\" href=\"http:\/\/esplac.cat\/formacions\/jornades-ambientals-2019\" target=\"_self\" aria-label=\"cartelljornades-400&#215;566\"><img decoding=\"async\" width=\"400\" height=\"566\" src=\"https:\/\/www.esplac.cat\/wp-content\/uploads\/2020\/09\/cartelljornades-400x566-1.jpg\" alt class=\"img-responsive wp-image-32438\" srcset=\"https:\/\/www.esplac.cat\/wp-content\/uploads\/2020\/09\/cartelljornades-400x566-1-200x283.jpg 200w, https:\/\/www.esplac.cat\/wp-content\/uploads\/2020\/09\/cartelljornades-400x566-1.jpg 400w\" sizes=\"(max-width: 1024px) 100vw, (max-width: 640px) 100vw, 400px\" \/><\/a><\/span><\/div><\/div><div class=\"fusion-separator fusion-full-width-sep\" style=\"align-self: center;margin-left: auto;margin-right: auto;margin-bottom:20px;width:100%;\"><\/div><div class=\"fusion-text fusion-text-7\"><h5 style=\"text-align: center;\"><strong>Jornades Ambientals 2019<\/strong><\/h5>\n<\/div><\/div><\/div><div class=\"fusion-layout-column fusion_builder_column fusion-builder-column-9 fusion_builder_column_1_4 1_4 fusion-flex-column\" style=\"--awb-bg-blend:overlay;--awb-bg-size:cover;--awb-width-large:25%;--awb-margin-top-large:0px;--awb-spacing-right-large:7.68%;--awb-margin-bottom-large:20px;--awb-spacing-left-large:7.68%;--awb-width-medium:100%;--awb-spacing-right-medium:1.92%;--awb-spacing-left-medium:1.92%;--awb-width-small:100%;--awb-spacing-right-small:1.92%;--awb-spacing-left-small:1.92%;\"><div class=\"fusion-column-wrapper fusion-column-has-shadow fusion-flex-justify-content-flex-start fusion-content-layout-column\"><div class=\"fusion-image-element \" style=\"--awb-liftup-border-radius:0px;--awb-caption-title-font-family:var(--h2_typography-font-family);--awb-caption-title-font-weight:var(--h2_typography-font-weight);--awb-caption-title-font-style:var(--h2_typography-font-style);--awb-caption-title-size:var(--h2_typography-font-size);--awb-caption-title-transform:var(--h2_typography-text-transform);--awb-caption-title-line-height:var(--h2_typography-line-height);--awb-caption-title-letter-spacing:var(--h2_typography-letter-spacing);\"><div class=\"awb-image-frame awb-image-frame-7 imageframe-liftup\"><span class=\" fusion-imageframe imageframe-none imageframe-7\"><img decoding=\"async\" width=\"800\" height=\"1131\" src=\"http:\/\/esplac.cat\/wp-content\/uploads\/2019\/10\/jornadesamibentals_cartelldefinitiu-800x1131.jpg\" alt class=\"img-responsive wp-image-28317\"\/><\/span><\/div><\/div><div class=\"fusion-separator fusion-full-width-sep\" style=\"align-self: center;margin-left: auto;margin-right: auto;margin-bottom:20px;width:100%;\"><\/div><div class=\"fusion-text fusion-text-8\"><h5 style=\"text-align: center;\"><strong>Jornades Ambientals 2018<\/strong><\/h5>\n<\/div><\/div><\/div><div class=\"fusion-layout-column fusion_builder_column fusion-builder-column-10 fusion_builder_column_1_4 1_4 fusion-flex-column\" style=\"--awb-bg-blend:overlay;--awb-bg-size:cover;--awb-width-large:25%;--awb-margin-top-large:0px;--awb-spacing-right-large:7.68%;--awb-margin-bottom-large:20px;--awb-spacing-left-large:7.68%;--awb-width-medium:100%;--awb-spacing-right-medium:1.92%;--awb-spacing-left-medium:1.92%;--awb-width-small:100%;--awb-spacing-right-small:1.92%;--awb-spacing-left-small:1.92%;\"><div class=\"fusion-column-wrapper fusion-column-has-shadow fusion-flex-justify-content-flex-start fusion-content-layout-column\"><div class=\"fusion-image-element \" style=\"--awb-liftup-border-radius:0px;--awb-caption-title-font-family:var(--h2_typography-font-family);--awb-caption-title-font-weight:var(--h2_typography-font-weight);--awb-caption-title-font-style:var(--h2_typography-font-style);--awb-caption-title-size:var(--h2_typography-font-size);--awb-caption-title-transform:var(--h2_typography-text-transform);--awb-caption-title-line-height:var(--h2_typography-line-height);--awb-caption-title-letter-spacing:var(--h2_typography-letter-spacing);\"><div class=\"awb-image-frame awb-image-frame-8 imageframe-liftup\"><span class=\" fusion-imageframe imageframe-none imageframe-8\"><img decoding=\"async\" width=\"800\" height=\"1131\" src=\"http:\/\/esplac.cat\/wp-content\/uploads\/2019\/10\/cartell-jornades_bo-800x1131.jpg\" alt class=\"img-responsive wp-image-28318\"\/><\/span><\/div><\/div><div class=\"fusion-separator fusion-full-width-sep\" style=\"align-self: center;margin-left: auto;margin-right: auto;margin-bottom:20px;width:100%;\"><\/div><div class=\"fusion-text fusion-text-9\"><h5 style=\"text-align: center;\" data-fontsize=\"22\" data-lineheight=\"28\"><strong>Jornades Ambientals 2017<\/strong><\/h5>\n<\/div><\/div><\/div><\/div><\/div><div class=\"fusion-fullwidth fullwidth-box fusion-builder-row-5 fusion-flex-container nonhundred-percent-fullwidth non-hundred-percent-height-scrolling\" style=\"--awb-border-radius-top-left:0px;--awb-border-radius-top-right:0px;--awb-border-radius-bottom-right:0px;--awb-border-radius-bottom-left:0px;--awb-flex-wrap:wrap;\" ><div class=\"fusion-builder-row fusion-row fusion-flex-align-items-flex-start fusion-flex-content-wrap\" style=\"max-width:calc( 1200px + 0px );margin-left: calc(-0px \/ 2 );margin-right: calc(-0px \/ 2 );\"><div class=\"fusion-layout-column fusion_builder_column fusion-builder-column-11 fusion_builder_column_1_1 1_1 fusion-flex-column\" style=\"--awb-bg-blend:overlay;--awb-bg-size:cover;--awb-width-large:100%;--awb-margin-top-large:0px;--awb-spacing-right-large:0px;--awb-margin-bottom-large:20px;--awb-spacing-left-large:0px;--awb-width-medium:100%;--awb-spacing-right-medium:0px;--awb-spacing-left-medium:0px;--awb-width-small:100%;--awb-spacing-right-small:0px;--awb-spacing-left-small:0px;\"><div class=\"fusion-column-wrapper fusion-column-has-shadow fusion-flex-justify-content-flex-start fusion-content-layout-column\"><div class=\"fusion-text fusion-text-10\"><h3><strong>Not\u00edcies relacionades<\/strong><\/h3>\n<\/div><div class=\"fusion-separator fusion-full-width-sep\" style=\"align-self: center;margin-left: auto;margin-right: auto;margin-bottom:20px;width:100%;\"><\/div><div class=\"fusion-text fusion-text-11\">        <section class=\"wcp-slick\"  data-accessibility = on data-arrows = on data-autoplaySpeed = 3000 data-slidesToShow = 4 data-slidesToScroll = 1 data-speed = 300 data-margin = 20px data-rows = 1 data-slidesPerRow = 1 id=\"carousel-27429\">\n\n                            <div class=\"carousel-item-51275\">\n                    <div class=\"post-style-2\" style=\"box-shadow: ;background-color: ;\">\n    <div class=\"wcp-img-wrap\">\n        <a href=\"https:\/\/www.esplac.cat\/es\/reflexionem-sobre-sobirania-alimentaria-i-els-esplais-a-lonzena-edicio-de-les-jornades-ambientals\/\">\n            <img decoding=\"async\" width=\"460\" height=\"295\" src=\"https:\/\/www.esplac.cat\/wp-content\/uploads\/2024\/10\/Jornades-Ambientals_2024-460x295.jpg\" class=\"attachment-portfolio-two size-portfolio-two wp-post-image\" alt=\"Jornades Ambientals\" \/>        <\/a>\n    <\/div>\n    <div class=\"wcp-content-wrap\">\n        <h3>\n            <a href=\"https:\/\/www.esplac.cat\/es\/reflexionem-sobre-sobirania-alimentaria-i-els-esplais-a-lonzena-edicio-de-les-jornades-ambientals\/\" style=\"color: ;\">\n                Reflexionem sobre sobirania aliment\u00e0ria i els esplais a l&#8217;onzena edici\u00f3 de les Jornades Ambientals            <\/a>\n        <\/h3>\n        <div class=\"wcp-post-meta wcp-disable-post-meta\" style=\"color: ;\">\n            <span class=\"wcp-post-author\"><i class=\"fa fa-user\"><\/i>\n                <a href=\"https:\/\/www.esplac.cat\/es\/author\/comunicacio\/\" title=\"Entradas de Comunicaci\u00f3 Esplac\" rel=\"author\">Comunicaci\u00f3 Esplac<\/a>            <\/span>\n            &nbsp;\n            <span class=\"wcp-post-date\"><i class=\"fa fa-clock-o\"><\/i> 15 de octubre de 2024<\/span>\n        <\/div>\n        <div class=\"wcp-post-contents\">\n            15 de octubre de 2024                    <\/div>        \n    <\/div>\n<\/div>                <\/div>    \n\n                            <div class=\"carousel-item-51032\">\n                    <div class=\"post-style-2\" style=\"box-shadow: ;background-color: ;\">\n    <div class=\"wcp-img-wrap\">\n        <a href=\"https:\/\/www.esplac.cat\/es\/ja-pots-inscriuret-tardor-formacio\/\">\n            <img decoding=\"async\" width=\"460\" height=\"295\" src=\"https:\/\/www.esplac.cat\/wp-content\/uploads\/2024\/09\/Inscripcions-Tardor-de-Formacio-460x295.jpg\" class=\"attachment-portfolio-two size-portfolio-two wp-post-image\" alt=\"Tardor de Formaci\u00f3\" \/>        <\/a>\n    <\/div>\n    <div class=\"wcp-content-wrap\">\n        <h3>\n            <a href=\"https:\/\/www.esplac.cat\/es\/ja-pots-inscriuret-tardor-formacio\/\" style=\"color: ;\">\n                Ja pots inscriure\u2019t a la tardor de formaci\u00f3!            <\/a>\n        <\/h3>\n        <div class=\"wcp-post-meta wcp-disable-post-meta\" style=\"color: ;\">\n            <span class=\"wcp-post-author\"><i class=\"fa fa-user\"><\/i>\n                <a href=\"https:\/\/www.esplac.cat\/es\/author\/comunicacio\/\" title=\"Entradas de Comunicaci\u00f3 Esplac\" rel=\"author\">Comunicaci\u00f3 Esplac<\/a>            <\/span>\n            &nbsp;\n            <span class=\"wcp-post-date\"><i class=\"fa fa-clock-o\"><\/i> 16 de septiembre de 2024<\/span>\n        <\/div>\n        <div class=\"wcp-post-contents\">\n            16 de septiembre de 2024                    <\/div>        \n    <\/div>\n<\/div>                <\/div>    \n\n                            <div class=\"carousel-item-50673\">\n                    <div class=\"post-style-2\" style=\"box-shadow: ;background-color: ;\">\n    <div class=\"wcp-img-wrap\">\n        <a href=\"https:\/\/www.esplac.cat\/es\/torna-tardor-formacio-2024\/\">\n            <img decoding=\"async\" width=\"460\" height=\"295\" src=\"https:\/\/www.esplac.cat\/wp-content\/uploads\/2024\/07\/Tardor-de-Formacio-460x295.jpg\" class=\"attachment-portfolio-two size-portfolio-two wp-post-image\" alt=\"Tardor de Formaci\u00f3\" \/>        <\/a>\n    <\/div>\n    <div class=\"wcp-content-wrap\">\n        <h3>\n            <a href=\"https:\/\/www.esplac.cat\/es\/torna-tardor-formacio-2024\/\" style=\"color: ;\">\n                Torna la tardor de formaci\u00f3: una oportunitat \u00fanica per reflexionar des del lleure sobre ecologisme, feminisme, antiracisme i just\u00edcia global            <\/a>\n        <\/h3>\n        <div class=\"wcp-post-meta wcp-disable-post-meta\" style=\"color: ;\">\n            <span class=\"wcp-post-author\"><i class=\"fa fa-user\"><\/i>\n                <a href=\"https:\/\/www.esplac.cat\/es\/author\/comunicacio\/\" title=\"Entradas de Comunicaci\u00f3 Esplac\" rel=\"author\">Comunicaci\u00f3 Esplac<\/a>            <\/span>\n            &nbsp;\n            <span class=\"wcp-post-date\"><i class=\"fa fa-clock-o\"><\/i> 29 de julio de 2024<\/span>\n        <\/div>\n        <div class=\"wcp-post-contents\">\n            29 de julio de 2024                    <\/div>        \n    <\/div>\n<\/div>                <\/div>    \n\n                            <div class=\"carousel-item-47909\">\n                    <div class=\"post-style-2\" style=\"box-shadow: ;background-color: ;\">\n    <div class=\"wcp-img-wrap\">\n        <a href=\"https:\/\/www.esplac.cat\/es\/combatem-lecoansietat-amb-les-x-jornades-ambientals\/\">\n            <img decoding=\"async\" width=\"460\" height=\"295\" src=\"https:\/\/www.esplac.cat\/wp-content\/uploads\/2023\/10\/Portades-Web-5-460x295.jpg\" class=\"attachment-portfolio-two size-portfolio-two wp-post-image\" alt=\"\" \/>        <\/a>\n    <\/div>\n    <div class=\"wcp-content-wrap\">\n        <h3>\n            <a href=\"https:\/\/www.esplac.cat\/es\/combatem-lecoansietat-amb-les-x-jornades-ambientals\/\" style=\"color: ;\">\n                Combatem l\u2019ecoansietat amb les X Jornades Ambientals            <\/a>\n        <\/h3>\n        <div class=\"wcp-post-meta wcp-disable-post-meta\" style=\"color: ;\">\n            <span class=\"wcp-post-author\"><i class=\"fa fa-user\"><\/i>\n                <a href=\"https:\/\/www.esplac.cat\/es\/author\/comunicacio\/\" title=\"Entradas de Comunicaci\u00f3 Esplac\" rel=\"author\">Comunicaci\u00f3 Esplac<\/a>            <\/span>\n            &nbsp;\n            <span class=\"wcp-post-date\"><i class=\"fa fa-clock-o\"><\/i> 24 de octubre de 2023<\/span>\n        <\/div>\n        <div class=\"wcp-post-contents\">\n            24 de octubre de 2023                    <\/div>        \n    <\/div>\n<\/div>                <\/div>    \n\n                            <div class=\"carousel-item-47146\">\n                    <div class=\"post-style-2\" style=\"box-shadow: ;background-color: ;\">\n    <div class=\"wcp-img-wrap\">\n        <a href=\"https:\/\/www.esplac.cat\/es\/obren-les-incripcions-de-la-tardor-de-formacio\/\">\n            <img decoding=\"async\" width=\"460\" height=\"295\" src=\"https:\/\/www.esplac.cat\/wp-content\/uploads\/2023\/09\/Portades-Web-1-2-460x295.jpg\" class=\"attachment-portfolio-two size-portfolio-two wp-post-image\" alt=\"Jornades AMbientals 2023\" \/>        <\/a>\n    <\/div>\n    <div class=\"wcp-content-wrap\">\n        <h3>\n            <a href=\"https:\/\/www.esplac.cat\/es\/obren-les-incripcions-de-la-tardor-de-formacio\/\" style=\"color: ;\">\n                Obren les incripcions de la tardor de formaci\u00f3!            <\/a>\n        <\/h3>\n        <div class=\"wcp-post-meta wcp-disable-post-meta\" style=\"color: ;\">\n            <span class=\"wcp-post-author\"><i class=\"fa fa-user\"><\/i>\n                <a href=\"https:\/\/www.esplac.cat\/es\/author\/comunicacio\/\" title=\"Entradas de Comunicaci\u00f3 Esplac\" rel=\"author\">Comunicaci\u00f3 Esplac<\/a>            <\/span>\n            &nbsp;\n            <span class=\"wcp-post-date\"><i class=\"fa fa-clock-o\"><\/i> 27 de septiembre de 2023<\/span>\n        <\/div>\n        <div class=\"wcp-post-contents\">\n            27 de septiembre de 2023                    <\/div>        \n    <\/div>\n<\/div>                <\/div>    \n\n                            <div class=\"carousel-item-47034\">\n                    <div class=\"post-style-2\" style=\"box-shadow: ;background-color: ;\">\n    <div class=\"wcp-img-wrap\">\n        <a href=\"https:\/\/www.esplac.cat\/es\/combatent-ecoansietat-x-edicio-jornades-ambientals\/\">\n            <img decoding=\"async\" width=\"460\" height=\"295\" src=\"https:\/\/www.esplac.cat\/wp-content\/uploads\/2023\/09\/Portades-Web-2-1-460x295.jpg\" class=\"attachment-portfolio-two size-portfolio-two wp-post-image\" alt=\"Jornades Ambientals 2023\" \/>        <\/a>\n    <\/div>\n    <div class=\"wcp-content-wrap\">\n        <h3>\n            <a href=\"https:\/\/www.esplac.cat\/es\/combatent-ecoansietat-x-edicio-jornades-ambientals\/\" style=\"color: ;\">\n                Combatent l&#8217;ecoansietat a la X edici\u00f3 de les Jornades Ambientals            <\/a>\n        <\/h3>\n        <div class=\"wcp-post-meta wcp-disable-post-meta\" style=\"color: ;\">\n            <span class=\"wcp-post-author\"><i class=\"fa fa-user\"><\/i>\n                <a href=\"https:\/\/www.esplac.cat\/es\/author\/comunicacio\/\" title=\"Entradas de Comunicaci\u00f3 Esplac\" rel=\"author\">Comunicaci\u00f3 Esplac<\/a>            <\/span>\n            &nbsp;\n            <span class=\"wcp-post-date\"><i class=\"fa fa-clock-o\"><\/i> 21 de septiembre de 2023<\/span>\n        <\/div>\n        <div class=\"wcp-post-contents\">\n            21 de septiembre de 2023                    <\/div>        \n    <\/div>\n<\/div>                <\/div>    \n\n                            <div class=\"carousel-item-46804\">\n                    <div class=\"post-style-2\" style=\"box-shadow: ;background-color: ;\">\n    <div class=\"wcp-img-wrap\">\n        <a href=\"https:\/\/www.esplac.cat\/es\/ecologisme-antiracisme-feminisme-interseccional-tardor-formacio\/\">\n            <img decoding=\"async\" width=\"460\" height=\"295\" src=\"https:\/\/www.esplac.cat\/wp-content\/uploads\/2023\/09\/Portades-Web-460x295.jpg\" class=\"attachment-portfolio-two size-portfolio-two wp-post-image\" alt=\"tardor formaci\u00f3\" \/>        <\/a>\n    <\/div>\n    <div class=\"wcp-content-wrap\">\n        <h3>\n            <a href=\"https:\/\/www.esplac.cat\/es\/ecologisme-antiracisme-feminisme-interseccional-tardor-formacio\/\" style=\"color: ;\">\n                Ecologisme, antiracisme i feminisme interseccional: s&#8217;apropa una tardor carregada de formaci\u00f3!            <\/a>\n        <\/h3>\n        <div class=\"wcp-post-meta wcp-disable-post-meta\" style=\"color: ;\">\n            <span class=\"wcp-post-author\"><i class=\"fa fa-user\"><\/i>\n                <a href=\"https:\/\/www.esplac.cat\/es\/author\/comunicacio\/\" title=\"Entradas de Comunicaci\u00f3 Esplac\" rel=\"author\">Comunicaci\u00f3 Esplac<\/a>            <\/span>\n            &nbsp;\n            <span class=\"wcp-post-date\"><i class=\"fa fa-clock-o\"><\/i> 12 de septiembre de 2023<\/span>\n        <\/div>\n        <div class=\"wcp-post-contents\">\n            12 de septiembre de 2023                    <\/div>        \n    <\/div>\n<\/div>                <\/div>    \n\n                            <div class=\"carousel-item-42004\">\n                    <div class=\"post-style-2\" style=\"box-shadow: ;background-color: ;\">\n    <div class=\"wcp-img-wrap\">\n        <a href=\"https:\/\/www.esplac.cat\/es\/tres-espais-formatius-relacio-emergencia-climatica-solstici-ambiental\/\">\n            <img decoding=\"async\" width=\"460\" height=\"295\" src=\"https:\/\/www.esplac.cat\/wp-content\/uploads\/2022\/11\/Portades-Web-35-460x295.jpg\" class=\"attachment-portfolio-two size-portfolio-two wp-post-image\" alt=\"\" \/>        <\/a>\n    <\/div>\n    <div class=\"wcp-content-wrap\">\n        <h3>\n            <a href=\"https:\/\/www.esplac.cat\/es\/tres-espais-formatius-relacio-emergencia-climatica-solstici-ambiental\/\" style=\"color: ;\">\n                Tres espais formatius en relaci\u00f3 a l\u2019emerg\u00e8ncia clim\u00e0tica al Solstici Ambiental            <\/a>\n        <\/h3>\n        <div class=\"wcp-post-meta wcp-disable-post-meta\" style=\"color: ;\">\n            <span class=\"wcp-post-author\"><i class=\"fa fa-user\"><\/i>\n                <a href=\"https:\/\/www.esplac.cat\/es\/author\/comunicacio\/\" title=\"Entradas de Comunicaci\u00f3 Esplac\" rel=\"author\">Comunicaci\u00f3 Esplac<\/a>            <\/span>\n            &nbsp;\n            <span class=\"wcp-post-date\"><i class=\"fa fa-clock-o\"><\/i> 17 de noviembre de 2022<\/span>\n        <\/div>\n        <div class=\"wcp-post-contents\">\n            17 de noviembre de 2022                    <\/div>        \n    <\/div>\n<\/div>                <\/div>    \n\n                            <div class=\"carousel-item-41313\">\n                    <div class=\"post-style-2\" style=\"box-shadow: ;background-color: ;\">\n    <div class=\"wcp-img-wrap\">\n        <a href=\"https:\/\/www.esplac.cat\/es\/jornades-ambientals-2022-colapse-esplais-agents-canvi-ecosocial\/\">\n            <img decoding=\"async\" width=\"460\" height=\"295\" src=\"https:\/\/www.esplac.cat\/wp-content\/uploads\/2022\/09\/JA_portada-460x295.jpg\" class=\"attachment-portfolio-two size-portfolio-two wp-post-image\" alt=\"\" \/>        <\/a>\n    <\/div>\n    <div class=\"wcp-content-wrap\">\n        <h3>\n            <a href=\"https:\/\/www.esplac.cat\/es\/jornades-ambientals-2022-colapse-esplais-agents-canvi-ecosocial\/\" style=\"color: ;\">\n                Jornades Ambientals 2022: Davant el col\u00b7lapse, som els esplais agents de canvi ecosocial?            <\/a>\n        <\/h3>\n        <div class=\"wcp-post-meta wcp-disable-post-meta\" style=\"color: ;\">\n            <span class=\"wcp-post-author\"><i class=\"fa fa-user\"><\/i>\n                <a href=\"https:\/\/www.esplac.cat\/es\/author\/comunicacio\/\" title=\"Entradas de Comunicaci\u00f3 Esplac\" rel=\"author\">Comunicaci\u00f3 Esplac<\/a>            <\/span>\n            &nbsp;\n            <span class=\"wcp-post-date\"><i class=\"fa fa-clock-o\"><\/i> 15 de septiembre de 2022<\/span>\n        <\/div>\n        <div class=\"wcp-post-contents\">\n            15 de septiembre de 2022                    <\/div>        \n    <\/div>\n<\/div>                <\/div>    \n\n                            <div class=\"carousel-item-37256\">\n                    <div class=\"post-style-2\" style=\"box-shadow: ;background-color: ;\">\n    <div class=\"wcp-img-wrap\">\n        <a href=\"https:\/\/www.esplac.cat\/es\/jornades-ambientals-esplac-emergencia-climatica-perspectiva-jovent\/\">\n            <img decoding=\"async\" width=\"460\" height=\"295\" src=\"https:\/\/www.esplac.cat\/wp-content\/uploads\/2021\/09\/6-460x295.jpg\" class=\"attachment-portfolio-two size-portfolio-two wp-post-image\" alt=\"\" \/>        <\/a>\n    <\/div>\n    <div class=\"wcp-content-wrap\">\n        <h3>\n            <a href=\"https:\/\/www.esplac.cat\/es\/jornades-ambientals-esplac-emergencia-climatica-perspectiva-jovent\/\" style=\"color: ;\">\n                Les VIII Jornades Ambientals d\u2019Esplac abordaran l\u2019emerg\u00e8ncia clim\u00e0tica des de la perspectiva del jovent            <\/a>\n        <\/h3>\n        <div class=\"wcp-post-meta wcp-disable-post-meta\" style=\"color: ;\">\n            <span class=\"wcp-post-author\"><i class=\"fa fa-user\"><\/i>\n                <a href=\"https:\/\/www.esplac.cat\/es\/author\/comunicacio\/\" title=\"Entradas de Comunicaci\u00f3 Esplac\" rel=\"author\">Comunicaci\u00f3 Esplac<\/a>            <\/span>\n            &nbsp;\n            <span class=\"wcp-post-date\"><i class=\"fa fa-clock-o\"><\/i> 30 de septiembre de 2021<\/span>\n        <\/div>\n        <div class=\"wcp-post-contents\">\n            30 de septiembre de 2021                    <\/div>        \n    <\/div>\n<\/div>                <\/div>    \n\n                \n        <\/section>\n        <style>\n    #carousel-27429 .slick-prev:before, #carousel-27429 .slick-next:before {\n        color: #000 !important;\n    }\n    #carousel-27429 .slick-slide {\n        margin: 2px 20px;\n    }\n    #carousel-27429 h3,\n    #carousel-27429 .car-caption,\n    #carousel-27429 .car-caption h3 a {\n        background-color: ;\n        color: ;\n    }\n    #carousel-27429 .car-caption {\n        text-align: center;\n    }\n    #carousel-27429 p {\n        color: ;\n    }\n    #carousel-27429 a {\n        text-decoration: none;\n        border-bottom: none;\n    }\n        #carousel-27429 .post-style-1 .wcp-post-author a {\n        color: ;\n    }\n            #carousel-27429 .ih-item,\n        #carousel-27429 .post-style-1,\n        #carousel-27429 .post-style-3,\n        #carousel-27429 .car-caption { \n            border: 8px solid #FFF;\n            box-shadow: ;\n        }\n                #carousel-27429 .post-style-2 .wcp-content-wrap { \n            border: 8px solid #FFF;\n            border-top: none;\n        }\n        #carousel-27429 .mega-post-carousel1,\n        #carousel-27429 .mega-post-carousel4 { \n            border: 8px solid #FFF;\n            padding: 10px;\n        }\n\n        .slick-prev, .slick-next {\r\n    font-size: 0;\r\n    line-height: 0;\r\n    position: absolute;\r\n    top: 42% !important;\r\n    display: block;\r\n    width: 20px;\r\n    height: 20px;\r\n    padding: 0;\r\n    -webkit-transform: translate(0, -50%);\r\n    -ms-transform: translate(0, -50%);\r\n    transform: translate(0, -50%);\r\n    cursor: pointer;\r\n    color: transparent;\r\n    border: none;\r\n    outline: none;\r\n    background: transparent;\r\n}                .wcp-disable-post-meta { display: none !important;}\n    <\/style>\n<\/div><\/div><\/div><\/div><\/div><div class=\"fusion-fullwidth fullwidth-box fusion-builder-row-6 fusion-flex-container nonhundred-percent-fullwidth non-hundred-percent-height-scrolling\" style=\"--awb-border-radius-top-left:0px;--awb-border-radius-top-right:0px;--awb-border-radius-bottom-right:0px;--awb-border-radius-bottom-left:0px;--awb-padding-top:30px;--awb-background-color:#ededed;--awb-flex-wrap:wrap;\" ><\/div>\n<\/p>\n","protected":false},"excerpt":{"rendered":"","protected":false},"author":1,"featured_media":0,"parent":27659,"menu_order":0,"comment_status":"closed","ping_status":"closed","template":"100-width.php","meta":{"om_disable_all_campaigns":false,"_monsterinsights_skip_tracking":false,"_monsterinsights_sitenote_active":false,"_monsterinsights_sitenote_note":"","_monsterinsights_sitenote_category":0,"_uf_show_specific_survey":0,"_uf_disable_surveys":false,"footnotes":""},"class_list":["post-28066","page","type-page","status-publish","hentry"],"yoast_head":"<!-- This site is optimized with the Yoast SEO plugin v27.5 - https:\/\/yoast.com\/product\/yoast-seo-wordpress\/ -->\n<title>Jornades Ambientals - Esplac<\/title>\n<meta name=\"description\" content=\"Eespai de formaci\u00f3 sobre tem\u00e0tiques relacionades amb l\u2019educaci\u00f3 ambiental, l\u2019emerg\u00e8ncia clim\u00e0tica, el decreixement i la just\u00edcia global.\u00a0\" \/>\n<meta name=\"robots\" content=\"index, follow, max-snippet:-1, max-image-preview:large, max-video-preview:-1\" \/>\n<link rel=\"canonical\" href=\"https:\/\/www.esplac.cat\/es\/formaciones\/jornades-ambientals-2\/\" \/>\n<meta property=\"og:locale\" content=\"es_ES\" \/>\n<meta property=\"og:type\" content=\"article\" \/>\n<meta property=\"og:title\" content=\"Jornades Ambientals - Esplac\" \/>\n<meta property=\"og:description\" content=\"Eespai de formaci\u00f3 sobre tem\u00e0tiques relacionades amb l\u2019educaci\u00f3 ambiental, l\u2019emerg\u00e8ncia clim\u00e0tica, el decreixement i la just\u00edcia global.\u00a0\" \/>\n<meta property=\"og:url\" content=\"https:\/\/www.esplac.cat\/es\/formaciones\/jornades-ambientals-2\/\" \/>\n<meta property=\"og:site_name\" content=\"Esplac\" \/>\n<meta property=\"article:modified_time\" content=\"2024-12-12T12:49:35+00:00\" \/>\n<meta property=\"og:image\" content=\"https:\/\/www.esplac.cat\/wp-content\/uploads\/2024\/12\/DEFINITIU-600x849.jpg\" \/>\n<meta name=\"twitter:card\" content=\"summary_large_image\" \/>\n<meta name=\"twitter:label1\" content=\"Tiempo de lectura\" \/>\n\t<meta name=\"twitter:data1\" content=\"10 minutos\" \/>\n<script type=\"application\/ld+json\" class=\"yoast-schema-graph\">{\"@context\":\"https:\\\/\\\/schema.org\",\"@graph\":[{\"@type\":\"WebPage\",\"@id\":\"https:\\\/\\\/www.esplac.cat\\\/es\\\/formaciones\\\/jornades-ambientals-2\\\/\",\"url\":\"https:\\\/\\\/www.esplac.cat\\\/es\\\/formaciones\\\/jornades-ambientals-2\\\/\",\"name\":\"Jornades Ambientals - Esplac\",\"isPartOf\":{\"@id\":\"https:\\\/\\\/www.esplac.cat\\\/#website\"},\"primaryImageOfPage\":{\"@id\":\"https:\\\/\\\/www.esplac.cat\\\/es\\\/formaciones\\\/jornades-ambientals-2\\\/#primaryimage\"},\"image\":{\"@id\":\"https:\\\/\\\/www.esplac.cat\\\/es\\\/formaciones\\\/jornades-ambientals-2\\\/#primaryimage\"},\"thumbnailUrl\":\"https:\\\/\\\/www.esplac.cat\\\/wp-content\\\/uploads\\\/2024\\\/12\\\/DEFINITIU-600x849.jpg\",\"datePublished\":\"2019-08-07T15:55:50+00:00\",\"dateModified\":\"2024-12-12T12:49:35+00:00\",\"description\":\"Eespai de formaci\u00f3 sobre tem\u00e0tiques relacionades amb l\u2019educaci\u00f3 ambiental, l\u2019emerg\u00e8ncia clim\u00e0tica, el decreixement i la just\u00edcia global.\u00a0\",\"breadcrumb\":{\"@id\":\"https:\\\/\\\/www.esplac.cat\\\/es\\\/formaciones\\\/jornades-ambientals-2\\\/#breadcrumb\"},\"inLanguage\":\"es\",\"potentialAction\":[{\"@type\":\"ReadAction\",\"target\":[\"https:\\\/\\\/www.esplac.cat\\\/es\\\/formaciones\\\/jornades-ambientals-2\\\/\"]}]},{\"@type\":\"ImageObject\",\"inLanguage\":\"es\",\"@id\":\"https:\\\/\\\/www.esplac.cat\\\/es\\\/formaciones\\\/jornades-ambientals-2\\\/#primaryimage\",\"url\":\"https:\\\/\\\/www.esplac.cat\\\/wp-content\\\/uploads\\\/2024\\\/12\\\/DEFINITIU-600x849.jpg\",\"contentUrl\":\"https:\\\/\\\/www.esplac.cat\\\/wp-content\\\/uploads\\\/2024\\\/12\\\/DEFINITIU-600x849.jpg\"},{\"@type\":\"BreadcrumbList\",\"@id\":\"https:\\\/\\\/www.esplac.cat\\\/es\\\/formaciones\\\/jornades-ambientals-2\\\/#breadcrumb\",\"itemListElement\":[{\"@type\":\"ListItem\",\"position\":1,\"name\":\"Inici\",\"item\":\"https:\\\/\\\/www.esplac.cat\\\/es\\\/\"},{\"@type\":\"ListItem\",\"position\":2,\"name\":\"Formaciones\",\"item\":\"https:\\\/\\\/www.esplac.cat\\\/es\\\/formaciones\\\/\"},{\"@type\":\"ListItem\",\"position\":3,\"name\":\"Jornades Ambientals\"}]},{\"@type\":\"WebSite\",\"@id\":\"https:\\\/\\\/www.esplac.cat\\\/#website\",\"url\":\"https:\\\/\\\/www.esplac.cat\\\/\",\"name\":\"Esplac\",\"description\":\"Esplais Catalans\",\"publisher\":{\"@id\":\"https:\\\/\\\/www.esplac.cat\\\/#organization\"},\"potentialAction\":[{\"@type\":\"SearchAction\",\"target\":{\"@type\":\"EntryPoint\",\"urlTemplate\":\"https:\\\/\\\/www.esplac.cat\\\/?s={search_term_string}\"},\"query-input\":{\"@type\":\"PropertyValueSpecification\",\"valueRequired\":true,\"valueName\":\"search_term_string\"}}],\"inLanguage\":\"es\"},{\"@type\":\"Organization\",\"@id\":\"https:\\\/\\\/www.esplac.cat\\\/#organization\",\"name\":\"Esplac\",\"url\":\"https:\\\/\\\/www.esplac.cat\\\/\",\"logo\":{\"@type\":\"ImageObject\",\"inLanguage\":\"es\",\"@id\":\"https:\\\/\\\/www.esplac.cat\\\/#\\\/schema\\\/logo\\\/image\\\/\",\"url\":\"https:\\\/\\\/www.esplac.cat\\\/wp-content\\\/uploads\\\/2019\\\/08\\\/logox2.png\",\"contentUrl\":\"https:\\\/\\\/www.esplac.cat\\\/wp-content\\\/uploads\\\/2019\\\/08\\\/logox2.png\",\"width\":600,\"height\":295,\"caption\":\"Esplac\"},\"image\":{\"@id\":\"https:\\\/\\\/www.esplac.cat\\\/#\\\/schema\\\/logo\\\/image\\\/\"}}]}<\/script>\n<!-- \/ Yoast SEO plugin. -->","yoast_head_json":{"title":"Jornades Ambientals - Esplac","description":"Eespai de formaci\u00f3 sobre tem\u00e0tiques relacionades amb l\u2019educaci\u00f3 ambiental, l\u2019emerg\u00e8ncia clim\u00e0tica, el decreixement i la just\u00edcia global.\u00a0","robots":{"index":"index","follow":"follow","max-snippet":"max-snippet:-1","max-image-preview":"max-image-preview:large","max-video-preview":"max-video-preview:-1"},"canonical":"https:\/\/www.esplac.cat\/es\/formaciones\/jornades-ambientals-2\/","og_locale":"es_ES","og_type":"article","og_title":"Jornades Ambientals - Esplac","og_description":"Eespai de formaci\u00f3 sobre tem\u00e0tiques relacionades amb l\u2019educaci\u00f3 ambiental, l\u2019emerg\u00e8ncia clim\u00e0tica, el decreixement i la just\u00edcia global.\u00a0","og_url":"https:\/\/www.esplac.cat\/es\/formaciones\/jornades-ambientals-2\/","og_site_name":"Esplac","article_modified_time":"2024-12-12T12:49:35+00:00","og_image":[{"url":"https:\/\/www.esplac.cat\/wp-content\/uploads\/2024\/12\/DEFINITIU-600x849.jpg","type":"","width":"","height":""}],"twitter_card":"summary_large_image","twitter_misc":{"Tiempo de lectura":"10 minutos"},"schema":{"@context":"https:\/\/schema.org","@graph":[{"@type":"WebPage","@id":"https:\/\/www.esplac.cat\/es\/formaciones\/jornades-ambientals-2\/","url":"https:\/\/www.esplac.cat\/es\/formaciones\/jornades-ambientals-2\/","name":"Jornades Ambientals - Esplac","isPartOf":{"@id":"https:\/\/www.esplac.cat\/#website"},"primaryImageOfPage":{"@id":"https:\/\/www.esplac.cat\/es\/formaciones\/jornades-ambientals-2\/#primaryimage"},"image":{"@id":"https:\/\/www.esplac.cat\/es\/formaciones\/jornades-ambientals-2\/#primaryimage"},"thumbnailUrl":"https:\/\/www.esplac.cat\/wp-content\/uploads\/2024\/12\/DEFINITIU-600x849.jpg","datePublished":"2019-08-07T15:55:50+00:00","dateModified":"2024-12-12T12:49:35+00:00","description":"Eespai de formaci\u00f3 sobre tem\u00e0tiques relacionades amb l\u2019educaci\u00f3 ambiental, l\u2019emerg\u00e8ncia clim\u00e0tica, el decreixement i la just\u00edcia global.\u00a0","breadcrumb":{"@id":"https:\/\/www.esplac.cat\/es\/formaciones\/jornades-ambientals-2\/#breadcrumb"},"inLanguage":"es","potentialAction":[{"@type":"ReadAction","target":["https:\/\/www.esplac.cat\/es\/formaciones\/jornades-ambientals-2\/"]}]},{"@type":"ImageObject","inLanguage":"es","@id":"https:\/\/www.esplac.cat\/es\/formaciones\/jornades-ambientals-2\/#primaryimage","url":"https:\/\/www.esplac.cat\/wp-content\/uploads\/2024\/12\/DEFINITIU-600x849.jpg","contentUrl":"https:\/\/www.esplac.cat\/wp-content\/uploads\/2024\/12\/DEFINITIU-600x849.jpg"},{"@type":"BreadcrumbList","@id":"https:\/\/www.esplac.cat\/es\/formaciones\/jornades-ambientals-2\/#breadcrumb","itemListElement":[{"@type":"ListItem","position":1,"name":"Inici","item":"https:\/\/www.esplac.cat\/es\/"},{"@type":"ListItem","position":2,"name":"Formaciones","item":"https:\/\/www.esplac.cat\/es\/formaciones\/"},{"@type":"ListItem","position":3,"name":"Jornades Ambientals"}]},{"@type":"WebSite","@id":"https:\/\/www.esplac.cat\/#website","url":"https:\/\/www.esplac.cat\/","name":"Esplac","description":"Esplais Catalans","publisher":{"@id":"https:\/\/www.esplac.cat\/#organization"},"potentialAction":[{"@type":"SearchAction","target":{"@type":"EntryPoint","urlTemplate":"https:\/\/www.esplac.cat\/?s={search_term_string}"},"query-input":{"@type":"PropertyValueSpecification","valueRequired":true,"valueName":"search_term_string"}}],"inLanguage":"es"},{"@type":"Organization","@id":"https:\/\/www.esplac.cat\/#organization","name":"Esplac","url":"https:\/\/www.esplac.cat\/","logo":{"@type":"ImageObject","inLanguage":"es","@id":"https:\/\/www.esplac.cat\/#\/schema\/logo\/image\/","url":"https:\/\/www.esplac.cat\/wp-content\/uploads\/2019\/08\/logox2.png","contentUrl":"https:\/\/www.esplac.cat\/wp-content\/uploads\/2019\/08\/logox2.png","width":600,"height":295,"caption":"Esplac"},"image":{"@id":"https:\/\/www.esplac.cat\/#\/schema\/logo\/image\/"}}]}},"_links":{"self":[{"href":"https:\/\/www.esplac.cat\/es\/wp-json\/wp\/v2\/pages\/28066","targetHints":{"allow":["GET"]}}],"collection":[{"href":"https:\/\/www.esplac.cat\/es\/wp-json\/wp\/v2\/pages"}],"about":[{"href":"https:\/\/www.esplac.cat\/es\/wp-json\/wp\/v2\/types\/page"}],"author":[{"embeddable":true,"href":"https:\/\/www.esplac.cat\/es\/wp-json\/wp\/v2\/users\/1"}],"replies":[{"embeddable":true,"href":"https:\/\/www.esplac.cat\/es\/wp-json\/wp\/v2\/comments?post=28066"}],"version-history":[{"count":17,"href":"https:\/\/www.esplac.cat\/es\/wp-json\/wp\/v2\/pages\/28066\/revisions"}],"predecessor-version":[{"id":52041,"href":"https:\/\/www.esplac.cat\/es\/wp-json\/wp\/v2\/pages\/28066\/revisions\/52041"}],"up":[{"embeddable":true,"href":"https:\/\/www.esplac.cat\/es\/wp-json\/wp\/v2\/pages\/27659"}],"wp:attachment":[{"href":"https:\/\/www.esplac.cat\/es\/wp-json\/wp\/v2\/media?parent=28066"}],"curies":[{"name":"wp","href":"https:\/\/api.w.org\/{rel}","templated":true}]}}