{"id":28148,"date":"2019-10-14T17:40:58","date_gmt":"2019-10-14T15:40:58","guid":{"rendered":"https:\/\/www.esplac.cat\/trobades\/esplaiada-2015\/"},"modified":"2021-03-29T12:46:26","modified_gmt":"2021-03-29T11:46:26","slug":"esplaiada-2015","status":"publish","type":"page","link":"https:\/\/www.esplac.cat\/es\/encuentros\/esplaiada-2015\/","title":{"rendered":"Esplaiada 2015"},"content":{"rendered":"<p><div class=\"fusion-fullwidth fullwidth-box fusion-builder-row-1 nonhundred-percent-fullwidth non-hundred-percent-height-scrolling fusion-equal-height-columns\" style=\"--awb-border-radius-top-left:0px;--awb-border-radius-top-right:0px;--awb-border-radius-bottom-right:0px;--awb-border-radius-bottom-left:0px;--awb-margin-top:25px;--awb-margin-bottom:20px;--awb-flex-wrap:wrap;\" ><div class=\"fusion-builder-row fusion-row\"><div class=\"fusion-layout-column fusion_builder_column fusion-builder-column-0 fusion_builder_column_1_1 1_1 fusion-one-full fusion-column-first fusion-column-last\" style=\"--awb-bg-size:cover;\"><div class=\"fusion-column-wrapper fusion-column-has-shadow fusion-flex-column-wrapper-legacy\"><div class=\"fusion-title title fusion-title-1 fusion-sep-none fusion-title-text fusion-title-size-one\" style=\"--awb-font-size:50px;\"><h1 class=\"fusion-title-heading title-heading-left fusion-responsive-typography-calculated\" style=\"margin:0;font-size:1em;--fontSize:50;line-height:1.2;\"><p style=\"text-align: center;\"><strong>Esplaiada<\/strong><\/p><\/h1><\/div><div class=\"fusion-sep-clear\"><\/div><div class=\"fusion-separator fusion-full-width-sep\" style=\"margin-left: auto;margin-right: auto;margin-bottom:20px;width:100%;\"><\/div><div class=\"fusion-sep-clear\"><\/div><div class=\"fusion-text fusion-text-1\"><p>L\u2019Esplaiada 2015 la va acollir la poblaci\u00f3 de<strong> Llagostera<\/strong> els dies 24, 25 i 26<strong> d\u2019abril. <\/strong>No nom\u00e9s va ser un \u00e8xit pel volum de participaci\u00f3 -vam comptar amb m\u00e9s de 2.200 participants entre infants i monitores-, sin\u00f3 pel <strong>centre d\u2019inter\u00e8s de la trobada: la participaci\u00f3 infantil<\/strong>. Els esplais van escollir aquest tema per a reivindicar la implicaci\u00f3 i la veu d\u2019infants i joves, una idea que apliquen dia a dia en el projecte educatiu de l\u2019esplai.<\/p>\n<p>Entenem els infants i joves com a ciutadans del present amb drets i deures, capa\u00e7os d\u2019opinar, influir i decidir sobre all\u00f2 que els afecta. En aquesta trobada, vam voler fer visible la vulneraci\u00f3 d\u2019alguns drets que limiten la llibertat i el desenvolupament dels infants i vam donar la veu a infants i joves. \u00c9s per aix\u00f2 que el lema de l\u2019Esplaiada va ser <strong>\u201cTenim veu, transformem el m\u00f3n!\u201d<\/strong><\/p>\n<\/div><div class=\"fusion-clearfix\"><\/div><\/div><\/div><\/div><\/div><div class=\"fusion-fullwidth fullwidth-box fusion-builder-row-2 nonhundred-percent-fullwidth non-hundred-percent-height-scrolling\" style=\"--awb-border-radius-top-left:0px;--awb-border-radius-top-right:0px;--awb-border-radius-bottom-right:0px;--awb-border-radius-bottom-left:0px;--awb-flex-wrap:wrap;\" ><div class=\"fusion-builder-row fusion-row\"><div class=\"fusion-layout-column fusion_builder_column fusion-builder-column-1 fusion_builder_column_1_1 1_1 fusion-one-full fusion-column-first fusion-column-last\" style=\"--awb-bg-size:cover;\"><div class=\"fusion-column-wrapper fusion-column-has-shadow fusion-flex-column-wrapper-legacy\"><div class=\"fusion-image-element fusion-image-align-center in-legacy-container\" style=\"text-align:center;--awb-caption-title-font-family:var(--h2_typography-font-family);--awb-caption-title-font-weight:var(--h2_typography-font-weight);--awb-caption-title-font-style:var(--h2_typography-font-style);--awb-caption-title-size:var(--h2_typography-font-size);--awb-caption-title-transform:var(--h2_typography-text-transform);--awb-caption-title-line-height:var(--h2_typography-line-height);--awb-caption-title-letter-spacing:var(--h2_typography-letter-spacing);\"><div class=\"imageframe-align-center\"><span class=\" fusion-imageframe imageframe-none imageframe-1 hover-type-none\"><img decoding=\"async\" width=\"600\" height=\"200\" title=\"600&#215;200\" src=\"http:\/\/esplac.cat\/wp-content\/uploads\/2019\/10\/600x200.gif\" alt class=\"img-responsive wp-image-28149\"\/><\/span><\/div><\/div><div class=\"fusion-clearfix\"><\/div><\/div><\/div><\/div><\/div><div class=\"fusion-fullwidth fullwidth-box fusion-builder-row-3 nonhundred-percent-fullwidth non-hundred-percent-height-scrolling\" style=\"--awb-border-radius-top-left:0px;--awb-border-radius-top-right:0px;--awb-border-radius-bottom-right:0px;--awb-border-radius-bottom-left:0px;--awb-margin-top:50px;--awb-margin-bottom:40px;--awb-background-color:#ffffff;--awb-flex-wrap:wrap;\" ><div class=\"fusion-builder-row fusion-row\"><div class=\"fusion-layout-column fusion_builder_column fusion-builder-column-2 fusion_builder_column_1_1 1_1 fusion-one-full fusion-column-first fusion-column-last\" style=\"--awb-bg-size:cover;\"><div class=\"fusion-column-wrapper fusion-column-has-shadow fusion-flex-column-wrapper-legacy\"><div class=\"fusion-sep-clear\"><\/div><div class=\"fusion-separator\" style=\"margin-left: auto;margin-right: auto;margin-bottom:60px;width:100%;max-width:30%;\"><div class=\"fusion-separator-border sep-single sep-solid\" style=\"--awb-height:20px;--awb-amount:20px;--awb-sep-color:#c1c1c1;border-color:#c1c1c1;border-top-width:5px;\"><\/div><\/div><div class=\"fusion-sep-clear\"><\/div><div class=\"fusion-title title fusion-title-2 fusion-sep-none fusion-title-center fusion-title-text fusion-title-size-three\"><h3 class=\"fusion-title-heading title-heading-center fusion-responsive-typography-calculated\" style=\"margin:0;--fontSize:30;line-height:1.3;\">Esplaiada 2015:<br \/>\n\u201cTenim veu, transformem el m\u00f3n!\u201d<\/h3><\/div><div class=\"fusion-sep-clear\"><\/div><div class=\"fusion-separator fusion-full-width-sep\" style=\"margin-left: auto;margin-right: auto;margin-bottom:30px;width:100%;\"><\/div><div class=\"fusion-sep-clear\"><\/div><div class=\"fusion-tabs fusion-tabs-1 clean nav-not-justified horizontal-tabs icon-position-top mobile-mode-accordion\" style=\"--awb-title-border-radius-top-left:0px;--awb-title-border-radius-top-right:0px;--awb-title-border-radius-bottom-right:0px;--awb-title-border-radius-bottom-left:0px;--awb-inactive-color:#eaeaea;--awb-background-color:#f9f9f9;--awb-border-color:#ffffff;--awb-active-border-color:#f69d0b;\"><div class=\"nav\"><ul class=\"nav-tabs\" role=\"tablist\"><li class=\"active\" role=\"presentation\"><a class=\"tab-link\" data-toggle=\"tab\" role=\"tab\" aria-controls=\"tab-2edf128d5358cee28aa\" aria-selected=\"true\" id=\"fusion-tab-cartell\" href=\"#tab-2edf128d5358cee28aa\"><h4 class=\"fusion-tab-heading\"><i class=\"fontawesome-icon fa-file-image fas\" aria-hidden=\"true\" style=\"font-size:19px;\"><\/i>Cartell <\/h4><\/a><\/li><li role=\"presentation\"><a class=\"tab-link\" data-toggle=\"tab\" role=\"tab\" aria-controls=\"tab-a3d0d2e30098ddc5862\" aria-selected=\"false\" tabindex=\"-1\" id=\"fusion-tab-programa\" href=\"#tab-a3d0d2e30098ddc5862\"><h4 class=\"fusion-tab-heading\"><i class=\"fontawesome-icon fa-book-open fas\" aria-hidden=\"true\" style=\"font-size:19px;\"><\/i>Programa <\/h4><\/a><\/li><li role=\"presentation\"><a class=\"tab-link\" data-toggle=\"tab\" role=\"tab\" aria-controls=\"tab-dfda6ed95a9be40ebc8\" aria-selected=\"false\" tabindex=\"-1\" id=\"fusion-tab-inscripcions\" href=\"#tab-dfda6ed95a9be40ebc8\"><h4 class=\"fusion-tab-heading\"><i class=\"fontawesome-icon fa-calendar-check fas\" aria-hidden=\"true\" style=\"font-size:19px;\"><\/i>Inscripcions<\/h4><\/a><\/li><li role=\"presentation\"><a class=\"tab-link\" data-toggle=\"tab\" role=\"tab\" aria-controls=\"tab-833fa49f56741a9eef6\" aria-selected=\"false\" tabindex=\"-1\" id=\"fusion-tab-mapa\" href=\"#tab-833fa49f56741a9eef6\"><h4 class=\"fusion-tab-heading\"><i class=\"fontawesome-icon fa-map far\" aria-hidden=\"true\" style=\"font-size:19px;\"><\/i>Mapa<\/h4><\/a><\/li><li role=\"presentation\"><a class=\"tab-link\" data-toggle=\"tab\" role=\"tab\" aria-controls=\"tab-d61cfd13eb083decf3d\" aria-selected=\"false\" tabindex=\"-1\" id=\"fusion-tab-transporti\u00e0pats\" href=\"#tab-d61cfd13eb083decf3d\"><h4 class=\"fusion-tab-heading\"><i class=\"fontawesome-icon fa-bus-alt fas\" aria-hidden=\"true\" style=\"font-size:19px;\"><\/i>Transport i \u00e0pats<\/h4><\/a><\/li><li role=\"presentation\"><a class=\"tab-link\" data-toggle=\"tab\" role=\"tab\" aria-controls=\"tab-51a4f5d9bde7c3e17db\" aria-selected=\"false\" tabindex=\"-1\" id=\"fusion-tab-cosesadur\" href=\"#tab-51a4f5d9bde7c3e17db\"><h4 class=\"fusion-tab-heading\"><i class=\"fontawesome-icon fa-suitcase fas\" aria-hidden=\"true\" style=\"font-size:19px;\"><\/i>Coses a dur<\/h4><\/a><\/li><li role=\"presentation\"><a class=\"tab-link\" data-toggle=\"tab\" role=\"tab\" aria-controls=\"tab-805d5f572314d73a4c4\" aria-selected=\"false\" tabindex=\"-1\" id=\"fusion-tab-organitzaci\u00f3\" href=\"#tab-805d5f572314d73a4c4\"><h4 class=\"fusion-tab-heading\"><i class=\"fontawesome-icon fa-sitemap fas\" aria-hidden=\"true\" style=\"font-size:19px;\"><\/i>Organitzaci\u00f3<\/h4><\/a><\/li><li role=\"presentation\"><a class=\"tab-link\" data-toggle=\"tab\" role=\"tab\" aria-controls=\"tab-854cd66b653e1073e58\" aria-selected=\"false\" tabindex=\"-1\" id=\"fusion-tab-can\u00e7\u00f3\" href=\"#tab-854cd66b653e1073e58\"><h4 class=\"fusion-tab-heading\"><i class=\"fontawesome-icon fa-guitar fas\" aria-hidden=\"true\" style=\"font-size:19px;\"><\/i>Can\u00e7\u00f3<\/h4><\/a><\/li><li role=\"presentation\"><a class=\"tab-link\" data-toggle=\"tab\" role=\"tab\" aria-controls=\"tab-de8bf676121cfccb672\" aria-selected=\"false\" tabindex=\"-1\" id=\"fusion-tab-v\u00eddeos\" href=\"#tab-de8bf676121cfccb672\"><h4 class=\"fusion-tab-heading\"><i class=\"fontawesome-icon fa-film fas\" aria-hidden=\"true\" style=\"font-size:19px;\"><\/i>V\u00eddeos<\/h4><\/a><\/li><\/ul><\/div><div class=\"tab-content\"><div class=\"nav fusion-mobile-tab-nav\"><ul class=\"nav-tabs\" role=\"tablist\"><li class=\"active\" role=\"presentation\"><a class=\"tab-link\" data-toggle=\"tab\" role=\"tab\" aria-controls=\"tab-2edf128d5358cee28aa\" aria-selected=\"true\" id=\"mobile-fusion-tab-cartell\" href=\"#tab-2edf128d5358cee28aa\"><h4 class=\"fusion-tab-heading\"><i class=\"fontawesome-icon fa-file-image fas\" aria-hidden=\"true\" style=\"font-size:19px;\"><\/i>Cartell <\/h4><\/a><\/li><\/ul><\/div><div class=\"tab-pane fade fusion-clearfix in active\" role=\"tabpanel\" tabindex=\"0\" aria-labelledby=\"fusion-tab-cartell\" id=\"tab-2edf128d5358cee28aa\">\n<p><img decoding=\"async\" class=\"wp-image-24715 aligncenter\" src=\"http:\/\/esplac.cat\/wp-content\/uploads\/2019\/10\/Cartell_online-1.jpg\" alt=\"\" width=\"484\" height=\"684\" srcset=\"https:\/\/www.esplac.cat\/wp-content\/uploads\/2019\/10\/Cartell_online-1-200x283.jpg 200w, https:\/\/www.esplac.cat\/wp-content\/uploads\/2019\/10\/Cartell_online-1-212x300.jpg 212w, https:\/\/www.esplac.cat\/wp-content\/uploads\/2019\/10\/Cartell_online-1-400x566.jpg 400w, https:\/\/www.esplac.cat\/wp-content\/uploads\/2019\/10\/Cartell_online-1-600x848.jpg 600w, https:\/\/www.esplac.cat\/wp-content\/uploads\/2019\/10\/Cartell_online-1-724x1024.jpg 724w, https:\/\/www.esplac.cat\/wp-content\/uploads\/2019\/10\/Cartell_online-1-768x1086.jpg 768w, https:\/\/www.esplac.cat\/wp-content\/uploads\/2019\/10\/Cartell_online-1-800x1131.jpg 800w, https:\/\/www.esplac.cat\/wp-content\/uploads\/2019\/10\/Cartell_online-1.jpg 1191w\" sizes=\"(max-width: 484px) 100vw, 484px\" \/><\/p>\n<\/div><div class=\"nav fusion-mobile-tab-nav\"><ul class=\"nav-tabs\" role=\"tablist\"><li role=\"presentation\"><a class=\"tab-link\" data-toggle=\"tab\" role=\"tab\" aria-controls=\"tab-a3d0d2e30098ddc5862\" aria-selected=\"false\" tabindex=\"-1\" id=\"mobile-fusion-tab-programa\" href=\"#tab-a3d0d2e30098ddc5862\"><h4 class=\"fusion-tab-heading\"><i class=\"fontawesome-icon fa-book-open fas\" aria-hidden=\"true\" style=\"font-size:19px;\"><\/i>Programa <\/h4><\/a><\/li><\/ul><\/div><div class=\"tab-pane fade fusion-clearfix\" role=\"tabpanel\" tabindex=\"0\" aria-labelledby=\"fusion-tab-programa\" id=\"tab-a3d0d2e30098ddc5862\">\n<p><em><strong><a href=\"https:\/\/issuu.com\/esplaiscatalans\/docs\/dspr_esplaiada15_baixa\/1?ff&amp;e=4647276\/12300290\">Dossier de premsa\u00a0<\/a><\/strong><\/em><\/p>\n<p><img decoding=\"async\" class=\" wp-image-24784 aligncenter\" src=\"http:\/\/esplac.cat\/wp-content\/uploads\/2019\/10\/Programa_online-1-768x1452.jpg\" alt=\"\" width=\"565\" height=\"1068\" srcset=\"https:\/\/www.esplac.cat\/wp-content\/uploads\/2019\/10\/Programa_online-1-768x1452-159x300.jpg 159w, https:\/\/www.esplac.cat\/wp-content\/uploads\/2019\/10\/Programa_online-1-768x1452-200x378.jpg 200w, https:\/\/www.esplac.cat\/wp-content\/uploads\/2019\/10\/Programa_online-1-768x1452-400x756.jpg 400w, https:\/\/www.esplac.cat\/wp-content\/uploads\/2019\/10\/Programa_online-1-768x1452-542x1024.jpg 542w, https:\/\/www.esplac.cat\/wp-content\/uploads\/2019\/10\/Programa_online-1-768x1452-600x1134.jpg 600w, https:\/\/www.esplac.cat\/wp-content\/uploads\/2019\/10\/Programa_online-1-768x1452.jpg 768w\" sizes=\"(max-width: 565px) 100vw, 565px\" \/><\/p>\n<\/div><div class=\"nav fusion-mobile-tab-nav\"><ul class=\"nav-tabs\" role=\"tablist\"><li role=\"presentation\"><a class=\"tab-link\" data-toggle=\"tab\" role=\"tab\" aria-controls=\"tab-dfda6ed95a9be40ebc8\" aria-selected=\"false\" tabindex=\"-1\" id=\"mobile-fusion-tab-inscripcions\" href=\"#tab-dfda6ed95a9be40ebc8\"><h4 class=\"fusion-tab-heading\"><i class=\"fontawesome-icon fa-calendar-check fas\" aria-hidden=\"true\" style=\"font-size:19px;\"><\/i>Inscripcions<\/h4><\/a><\/li><\/ul><\/div><div class=\"tab-pane fade fusion-clearfix\" role=\"tabpanel\" tabindex=\"0\" aria-labelledby=\"fusion-tab-inscripcions\" id=\"tab-dfda6ed95a9be40ebc8\">\n<p><strong>\u00a0<\/strong>Podeu realitzar les inscripcions a l\u2019Esplaiada 2015 a trav\u00e9s de l\u2019<a title=\"assac on-line\" href=\"http:\/\/assac.esplac.cat\/\" target=\"_blank\" rel=\"noopener noreferrer\">Assac On-line<\/a>. Abans de comen\u00e7ar el proc\u00e9s d\u2019inscripci\u00f3 us recomanem que recolliu pr\u00e8viament la seg\u00fcent informaci\u00f3:<\/p>\n<ul>\n<li>Quins monitors i monitores participareu a l\u2019Esplaiada.<\/li>\n<li>Quants infants de l\u2019esplai per grup d\u2019edat vindran<\/li>\n<li>Les talles de samarreta de cada participant.<\/li>\n<li>Quins participants vindreu en autocar.<\/li>\n<li>Si hi ha algun\/a participant que arribar\u00e0 m\u00e9s tard o marxar\u00e0 abans.<\/li>\n<\/ul>\n<p><em>DRETS D\u2019IMATGE: PER UN GRAN ESDEVENIMENT COM L\u2019ESPLAIADA \u00c9S IMPRESCINDIBLE TENIR L\u2019AUTORITZACI\u00d3 DELS TUTORS\/ES DE LES MENORS D\u2019EDAT PERQU\u00c8 PUBLICAREM IMATGES ON HI APAREIXERAN.\u00a0<a title=\"Autoritzaci\u00f3 Drets d'imatge menors\" href=\"https:\/\/esplac.cat\/wp-content\/uploads\/2015\/03\/autoritzacio-menors.pdf\" target=\"_blank\" rel=\"noopener noreferrer\">PODEU DESCARREGAR EL FULL D\u2019AUTORITZACI\u00d3 CLICANT AQU\u00cd.<\/a>\u00a0CALDR\u00c0 QUE ELS RETORNEU SIGNATS A LES REUNIONS DE SECTOR DE MAR\u00c7 I ABRIL.<\/em><\/p>\n<div><\/div>\n<div><strong>Per\u00edodes d\u2019inscripcions<\/strong><\/div>\n<p>Hi ha\u00a0dos terminis d\u2019inscripci\u00f3:<\/p>\n<ul>\n<li>Del 5 al 29 de mar\u00e7: El preu inclour\u00e0 la samarreta de la trobada!<\/li>\n<li>Del 30 de mar\u00e7 al 12 d\u2019abril: \u00a0El preu NO inclour\u00e0 la samarreta de la trobada.<\/li>\n<\/ul>\n<div><strong>Quotes<\/strong><\/div>\n<p>Pel que fa a la\u00a0quota de participaci\u00f3, hem ajustat al m\u00e0xim el pressupost per poder reduir-lo respecte a l\u2019anterior Esplaiada, tant per als monitors, monitores i infants, com per a les persones membres de l\u2019organitzaci\u00f3:<\/p>\n<ul>\n<li>Infants i els seus monis \u2013\u00a0<strong>15\u20ac<\/strong>.<\/li>\n<li>Joves i els seus monis \u2013\u00a0<strong>16\u20ac.<\/strong><\/li>\n<li>Membres de l\u2019organitzaci\u00f3 \u2013\u00a0<strong>6\u20ac.<\/strong>\u00a0(per a m\u00e9s informaci\u00f3, llegiu l\u2019apartat \u201cOrganitzaci\u00f3\u201d).<\/li>\n<\/ul>\n<\/div><div class=\"nav fusion-mobile-tab-nav\"><ul class=\"nav-tabs\" role=\"tablist\"><li role=\"presentation\"><a class=\"tab-link\" data-toggle=\"tab\" role=\"tab\" aria-controls=\"tab-833fa49f56741a9eef6\" aria-selected=\"false\" tabindex=\"-1\" id=\"mobile-fusion-tab-mapa\" href=\"#tab-833fa49f56741a9eef6\"><h4 class=\"fusion-tab-heading\"><i class=\"fontawesome-icon fa-map far\" aria-hidden=\"true\" style=\"font-size:19px;\"><\/i>Mapa<\/h4><\/a><\/li><\/ul><\/div><div class=\"tab-pane fade fusion-clearfix\" role=\"tabpanel\" tabindex=\"0\" aria-labelledby=\"fusion-tab-mapa\" id=\"tab-833fa49f56741a9eef6\">\n<p>L\u2019Esplaiada tindr\u00e0 lloc a diversos espais de la poblaci\u00f3 de\u00a0<strong>Llagostera. \u00a0<\/strong>Anirem afegint els diferents espais en qu\u00e8 es desenvolupar\u00e0 la trobada\u00a0<strong><a title=\"Mapa Esplaiada 2015\" href=\"https:\/\/www.google.com\/maps\/d\/edit?mid=z4ysMisekbZg.kxzFZSZO0zxc\" target=\"_blank\" rel=\"noopener noreferrer\">en aquest mapa<\/a>.<\/strong><\/p>\n<\/div><div class=\"nav fusion-mobile-tab-nav\"><ul class=\"nav-tabs\" role=\"tablist\"><li role=\"presentation\"><a class=\"tab-link\" data-toggle=\"tab\" role=\"tab\" aria-controls=\"tab-d61cfd13eb083decf3d\" aria-selected=\"false\" tabindex=\"-1\" id=\"mobile-fusion-tab-transporti\u00e0pats\" href=\"#tab-d61cfd13eb083decf3d\"><h4 class=\"fusion-tab-heading\"><i class=\"fontawesome-icon fa-bus-alt fas\" aria-hidden=\"true\" style=\"font-size:19px;\"><\/i>Transport i \u00e0pats<\/h4><\/a><\/li><\/ul><\/div><div class=\"tab-pane fade fusion-clearfix\" role=\"tabpanel\" tabindex=\"0\" aria-labelledby=\"fusion-tab-transporti\u00e0pats\" id=\"tab-d61cfd13eb083decf3d\">\n<div class=\"wpb_wrapper\">\n<p align=\"justify\">Pel que fa al <strong>transport<\/strong>, tots els esplais aniran i tornaran de Llagostera amb<strong>autocar<\/strong>, que est\u00e0 incl\u00f3s dins la quota d\u2019inscripci\u00f3. L\u2019autocar passar\u00e0 a buscar cada esplai pel seu municipi\/barri o per una poblaci\u00f3 ve\u00efna.<\/p>\n<p align=\"justify\">Pel que fa als <strong>\u00e0pats<\/strong>, diferenciem entre joves i els seus monis, infants i els seus monis i membres de l\u2019organitzaci\u00f3:<\/p>\n<ul>\n<li>Els joves i els seus monis, tenen inclosos tots els \u00e0pats a partir del berenar de dissabte (hauran de portar de casa el sopar de divendres i l\u2019esmorzar i dinar de dissabte).<\/li>\n<li>Els infants i els seus monis, tenen inclosos el berenar de dissabte i l\u2019esmorzar i dinar de diumenge (hauran de portar l\u2019esmorzar, el dinar i el sopar de dissabte).<\/li>\n<li>Els membres de l\u2019organitzaci\u00f3 tenen inclosos tots els \u00e0pats.<\/li>\n<\/ul>\n<div>Aquests seran els \u00e0pats del cap de setmana:<\/div>\n<div><\/div>\n<div>\n<div><strong>Sopar organitzaci\u00f3 dissabte:<\/strong><\/div>\n<div><\/div>\n<div>Entrep\u00e0 de Formatge o pernil salat + pe\u00e7a de fruita<\/div>\n<div><\/div>\n<p><strong>Dinar Organitzaci\u00f3 dissabte:<\/strong><\/p>\n<div>\n<div>\n<table style=\"height: 277px;\" border=\"0\" width=\"1140\" cellspacing=\"0\">\n<colgroup width=\"85\"><\/colgroup>\n<colgroup width=\"113\"><\/colgroup>\n<colgroup width=\"85\"><\/colgroup>\n<colgroup width=\"95\"><\/colgroup>\n<colgroup width=\"136\"><\/colgroup>\n<tbody>\n<tr>\n<td align=\"CENTER\" valign=\"MIDDLE\" bgcolor=\"#FF950E\" height=\"32\"><strong>Concepte<\/strong><\/td>\n<td align=\"CENTER\" valign=\"MIDDLE\" bgcolor=\"#FF950E\"><strong>Aliment<\/strong><\/td>\n<td align=\"CENTER\" valign=\"MIDDLE\" bgcolor=\"#FF950E\"><strong>Qui ho gestiona<\/strong><\/td>\n<td align=\"CENTER\" valign=\"MIDDLE\" bgcolor=\"#FF950E\"><strong>Concepte<\/strong><\/td>\n<td align=\"CENTER\" valign=\"MIDDLE\" bgcolor=\"#FF950E\"><strong>Aliment<\/strong><\/td>\n<\/tr>\n<tr>\n<td align=\"CENTER\" valign=\"MIDDLE\" bgcolor=\"#83CAFF\" height=\"32\">1\u00ba plat<\/td>\n<td align=\"CENTER\" valign=\"MIDDLE\" bgcolor=\"#83CAFF\">Amanida verda<\/td>\n<td align=\"CENTER\" valign=\"MIDDLE\" bgcolor=\"#83CAFF\">Boisa<\/td>\n<td align=\"CENTER\" valign=\"MIDDLE\" bgcolor=\"#FFFF00\">1\u00ba<\/td>\n<td align=\"CENTER\" valign=\"MIDDLE\" bgcolor=\"#FFFF00\">Amanida verda<\/td>\n<\/tr>\n<tr>\n<td align=\"CENTER\" valign=\"MIDDLE\" bgcolor=\"#83CAFF\" height=\"27\">2n. plat<\/td>\n<td align=\"CENTER\" valign=\"MIDDLE\" bgcolor=\"#83CAFF\">Lasanya de carn<\/td>\n<td align=\"CENTER\" valign=\"MIDDLE\" bgcolor=\"#83CAFF\">Boisa<\/td>\n<td align=\"CENTER\" valign=\"MIDDLE\" bgcolor=\"#FFFF00\">2\u00ba<\/td>\n<td align=\"CENTER\" valign=\"MIDDLE\" bgcolor=\"#FFFF00\">Lasanya de verdures<\/td>\n<\/tr>\n<tr>\n<td align=\"CENTER\" valign=\"MIDDLE\" bgcolor=\"#83CAFF\" height=\"22\">3r- plat<\/td>\n<td align=\"CENTER\" valign=\"MIDDLE\" bgcolor=\"#83CAFF\">Iogurt<\/td>\n<td align=\"CENTER\" valign=\"MIDDLE\" bgcolor=\"#83CAFF\">Boisa<\/td>\n<td align=\"CENTER\" valign=\"MIDDLE\" bgcolor=\"#FFFF00\">3\u00ba<\/td>\n<td align=\"CENTER\" valign=\"MIDDLE\" bgcolor=\"#FFFF00\">Iogurt<\/td>\n<\/tr>\n<tr>\n<td align=\"CENTER\" valign=\"MIDDLE\" bgcolor=\"#83CAFF\" height=\"30\">Beguda<\/td>\n<td align=\"CENTER\" valign=\"MIDDLE\" bgcolor=\"#83CAFF\">Aigua<\/td>\n<td align=\"CENTER\" valign=\"MIDDLE\" bgcolor=\"#83CAFF\">Esplac<\/td>\n<td align=\"CENTER\" valign=\"MIDDLE\" bgcolor=\"#FFFF00\">Beguda<\/td>\n<td align=\"CENTER\" valign=\"MIDDLE\" bgcolor=\"#FFFF00\">Aigua<\/td>\n<\/tr>\n<tr>\n<td align=\"CENTER\" valign=\"MIDDLE\" bgcolor=\"#83CAFF\" height=\"18\">Plats i coberts<\/td>\n<td align=\"CENTER\" valign=\"MIDDLE\" bgcolor=\"#83CAFF\">si<\/td>\n<td align=\"CENTER\" valign=\"MIDDLE\" bgcolor=\"#83CAFF\">Esplac<\/td>\n<td align=\"CENTER\" valign=\"MIDDLE\" bgcolor=\"#FFFF00\">Plats i coberts<\/td>\n<td align=\"CENTER\" valign=\"MIDDLE\" bgcolor=\"#FFFF00\">si<\/td>\n<\/tr>\n<\/tbody>\n<\/table>\n<\/div>\n<div>\n<p><strong>Berenar: Tothom<\/strong><\/p>\n<div>\n<div><\/div>\n<div>Coca xocolata i fruita. Hi ha coca especial per al\u00b7l\u00e8rgies.<\/div>\n<div><\/div>\n<div><strong>Sopar Dissabte: Organitzaci\u00f3 i Joves<\/strong><\/div>\n<div><\/div>\n<div>\n<table style=\"height: 254px;\" border=\"0\" width=\"1143\" cellspacing=\"0\">\n<colgroup width=\"95\"><\/colgroup>\n<colgroup span=\"2\" width=\"85\"><\/colgroup>\n<colgroup width=\"100\"><\/colgroup>\n<colgroup width=\"96\"><\/colgroup>\n<colgroup width=\"85\"><\/colgroup>\n<tbody>\n<tr>\n<td align=\"CENTER\" valign=\"MIDDLE\" bgcolor=\"#99CCFF\" height=\"44\"><strong>1r. plat<\/strong><\/td>\n<td align=\"CENTER\" valign=\"MIDDLE\" bgcolor=\"#99CCFF\"><strong>Amanida d\u2019arr\u00f2s<\/strong><\/td>\n<td align=\"CENTER\" valign=\"MIDDLE\" bgcolor=\"#99CCFF\"><strong>Boisa<\/strong><\/td>\n<td align=\"CENTER\" valign=\"MIDDLE\" bgcolor=\"#FFFF00\"><strong>1r. plat<\/strong><\/td>\n<td align=\"CENTER\" valign=\"MIDDLE\" bgcolor=\"#FFFF00\"><strong>Amanida d\u2019Arr\u00f2s<\/strong><\/td>\n<td align=\"CENTER\" valign=\"MIDDLE\" bgcolor=\"#FFFF00\"><strong>Boisa<\/strong><\/td>\n<\/tr>\n<tr>\n<td align=\"CENTER\" valign=\"MIDDLE\" bgcolor=\"#99CCFF\" height=\"43\"><strong>2n. plat<\/strong><\/td>\n<td align=\"CENTER\" valign=\"MIDDLE\" bgcolor=\"#99CCFF\"><strong>Carn Arrebossada<\/strong><\/td>\n<td align=\"CENTER\" valign=\"MIDDLE\" bgcolor=\"#99CCFF\"><strong>Boisa<\/strong><\/td>\n<td align=\"CENTER\" valign=\"MIDDLE\" bgcolor=\"#FFFF00\"><strong>2n. plat<\/strong><\/td>\n<td align=\"CENTER\" valign=\"MIDDLE\" bgcolor=\"#FFFF00\"><strong>Hamburguesa vegetal<\/strong><\/td>\n<td align=\"CENTER\" valign=\"MIDDLE\" bgcolor=\"#FFFF00\"><strong>Boisa<\/strong><\/td>\n<\/tr>\n<tr>\n<td align=\"CENTER\" valign=\"MIDDLE\" bgcolor=\"#99CCFF\" height=\"64\"><strong>Beguda<\/strong><\/td>\n<td align=\"CENTER\" valign=\"MIDDLE\" bgcolor=\"#99CCFF\"><strong>Poma<\/strong><\/td>\n<td align=\"CENTER\" valign=\"MIDDLE\" bgcolor=\"#99CCFF\"><strong>Boisa<\/strong><\/td>\n<td align=\"CENTER\" valign=\"MIDDLE\" bgcolor=\"#FFFF00\"><strong>Beguda<\/strong><\/td>\n<td align=\"CENTER\" valign=\"MIDDLE\" bgcolor=\"#FFFF00\"><strong>Sucs taronja, pr\u00e9ssec i pinya<\/strong><\/td>\n<td align=\"CENTER\" valign=\"MIDDLE\" bgcolor=\"#FFFF00\"><strong>Boisa<\/strong><\/td>\n<\/tr>\n<tr>\n<td align=\"CENTER\" valign=\"MIDDLE\" bgcolor=\"#99CCFF\" height=\"23\"><strong>Plats i coberts<\/strong><\/td>\n<td align=\"CENTER\" valign=\"MIDDLE\" bgcolor=\"#99CCFF\"><strong>Gots<\/strong><\/td>\n<td align=\"CENTER\" valign=\"MIDDLE\" bgcolor=\"#99CCFF\"><strong>Esplac<\/strong><\/td>\n<td align=\"CENTER\" valign=\"MIDDLE\" bgcolor=\"#FFFF00\"><strong>Plats i coberts<\/strong><\/td>\n<td align=\"CENTER\" valign=\"MIDDLE\" bgcolor=\"#FFFF00\"><strong>Gots<\/strong><\/td>\n<td align=\"CENTER\" valign=\"MIDDLE\" bgcolor=\"#FFFF00\"><strong>Esplac<\/strong><\/td>\n<\/tr>\n<\/tbody>\n<\/table>\n<\/div>\n<div><\/div>\n<div><strong>Esmorzar Diumenge: Tothom:<\/strong><\/div>\n<div><\/div>\n<div>Llet + cacao, sucs, coca tradicional i fruita. Hi ha coca especial per al\u00b7l\u00e8rgies.<\/div>\n<div><\/div>\n<div><\/div>\n<div><\/div>\n<div><strong>Dinar Diumenge: Tothom m\u00e9s convidats<\/strong><\/div>\n<div><\/div>\n<div>\n<table style=\"height: 352px;\" border=\"0\" width=\"1177\" cellspacing=\"0\">\n<colgroup width=\"95\"><\/colgroup>\n<colgroup span=\"2\" width=\"85\"><\/colgroup>\n<colgroup width=\"100\"><\/colgroup>\n<colgroup span=\"2\" width=\"85\"><\/colgroup>\n<tbody>\n<tr>\n<td align=\"CENTER\" valign=\"MIDDLE\" bgcolor=\"#FF950E\" height=\"35\"><strong>Concepte<\/strong><\/td>\n<td align=\"CENTER\" valign=\"MIDDLE\" bgcolor=\"#FF950E\"><strong>Aliment<\/strong><\/td>\n<td align=\"CENTER\" valign=\"MIDDLE\" bgcolor=\"#FF950E\"><strong>Qui ho gestiona<\/strong><\/td>\n<td align=\"CENTER\" valign=\"MIDDLE\" bgcolor=\"#FF950E\"><strong>Concepte<\/strong><\/td>\n<td align=\"CENTER\" valign=\"MIDDLE\" bgcolor=\"#FF950E\"><strong>Aliment<\/strong><\/td>\n<td align=\"CENTER\" valign=\"MIDDLE\" bgcolor=\"#FF950E\"><strong>Qui ho gestiona<\/strong><\/td>\n<\/tr>\n<tr>\n<td align=\"CENTER\" valign=\"MIDDLE\" bgcolor=\"#99CCFF\" height=\"38\"><strong>1r. plat<\/strong><\/td>\n<td align=\"CENTER\" valign=\"MIDDLE\" bgcolor=\"#99CCFF\"><strong>Macarrons Bolonyesa<\/strong><\/td>\n<td align=\"CENTER\" valign=\"MIDDLE\" bgcolor=\"#99CCFF\"><strong>Boisa<\/strong><\/td>\n<td align=\"CENTER\" valign=\"MIDDLE\" bgcolor=\"#E6FF00\"><strong>1\u00ba<\/strong><\/td>\n<td align=\"CENTER\" valign=\"MIDDLE\" bgcolor=\"#E6FF00\"><strong>Macarrons Especials<\/strong><\/td>\n<td align=\"CENTER\" valign=\"MIDDLE\" bgcolor=\"#E6FF00\"><strong>Boisa<\/strong><\/td>\n<\/tr>\n<tr>\n<td align=\"CENTER\" valign=\"MIDDLE\" bgcolor=\"#99CCFF\" height=\"38\"><strong>2n. plat<\/strong><\/td>\n<td align=\"CENTER\" valign=\"MIDDLE\" bgcolor=\"#99CCFF\"><strong>Pollastre al Forn<\/strong><\/td>\n<td align=\"CENTER\" valign=\"MIDDLE\" bgcolor=\"#99CCFF\"><strong>Boisa<\/strong><\/td>\n<td align=\"CENTER\" valign=\"MIDDLE\" bgcolor=\"#E6FF00\"><strong>2\u00ba<\/strong><\/td>\n<td align=\"CENTER\" valign=\"MIDDLE\" bgcolor=\"#E6FF00\"><strong>Tofu<\/strong><\/td>\n<td align=\"CENTER\" valign=\"MIDDLE\" bgcolor=\"#E6FF00\"><strong>Boisa<\/strong><\/td>\n<\/tr>\n<tr>\n<td align=\"CENTER\" valign=\"MIDDLE\" bgcolor=\"#99CCFF\" height=\"81\"><strong>3r- plat<\/strong><\/td>\n<td align=\"CENTER\" valign=\"MIDDLE\" bgcolor=\"#99CCFF\"><strong>Poma<\/strong><\/td>\n<td align=\"CENTER\" valign=\"MIDDLE\" bgcolor=\"#99CCFF\"><strong>Boisa<\/strong><\/td>\n<td align=\"CENTER\" valign=\"MIDDLE\" bgcolor=\"#E6FF00\"><strong>3\u00ba<\/strong><\/td>\n<td align=\"CENTER\" valign=\"MIDDLE\" bgcolor=\"#E6FF00\"><strong>Poma<\/strong><\/td>\n<td align=\"CENTER\" valign=\"MIDDLE\" bgcolor=\"#E6FF00\"><strong>Boisa<\/strong><\/td>\n<\/tr>\n<tr>\n<td align=\"CENTER\" valign=\"MIDDLE\" bgcolor=\"#99CCFF\" height=\"38\"><strong>Beguda<\/strong><\/td>\n<td align=\"CENTER\" valign=\"MIDDLE\" bgcolor=\"#99CCFF\"><strong>Aigua<\/strong><\/td>\n<td align=\"CENTER\" valign=\"MIDDLE\" bgcolor=\"#99CCFF\"><strong>Esplac<\/strong><\/td>\n<td align=\"CENTER\" valign=\"MIDDLE\" bgcolor=\"#E6FF00\"><strong>Beguda<\/strong><\/td>\n<td align=\"CENTER\" valign=\"MIDDLE\" bgcolor=\"#E6FF00\"><strong>Aigua<\/strong><\/td>\n<td align=\"CENTER\" valign=\"MIDDLE\" bgcolor=\"#E6FF00\"><strong>Esplac<\/strong><\/td>\n<\/tr>\n<tr>\n<td align=\"CENTER\" valign=\"MIDDLE\" bgcolor=\"#99CCFF\" height=\"38\"><strong>Plats i coberts<\/strong><\/td>\n<td align=\"CENTER\" valign=\"MIDDLE\" bgcolor=\"#99CCFF\"><strong>Si<\/strong><\/td>\n<td align=\"CENTER\" valign=\"MIDDLE\" bgcolor=\"#99CCFF\"><strong>Esplac<\/strong><\/td>\n<td align=\"CENTER\" valign=\"MIDDLE\" bgcolor=\"#E6FF00\"><strong>Plats i coberts<\/strong><\/td>\n<td align=\"CENTER\" valign=\"MIDDLE\" bgcolor=\"#E6FF00\"><strong>Si<\/strong><\/td>\n<td align=\"CENTER\" valign=\"MIDDLE\" bgcolor=\"#E6FF00\"><strong>Esplac<\/strong><\/td>\n<\/tr>\n<\/tbody>\n<\/table>\n<\/div>\n<\/div>\n<\/div>\n<\/div>\n<\/div>\n<\/div>\n<\/div><div class=\"nav fusion-mobile-tab-nav\"><ul class=\"nav-tabs\" role=\"tablist\"><li role=\"presentation\"><a class=\"tab-link\" data-toggle=\"tab\" role=\"tab\" aria-controls=\"tab-51a4f5d9bde7c3e17db\" aria-selected=\"false\" tabindex=\"-1\" id=\"mobile-fusion-tab-cosesadur\" href=\"#tab-51a4f5d9bde7c3e17db\"><h4 class=\"fusion-tab-heading\"><i class=\"fontawesome-icon fa-suitcase fas\" aria-hidden=\"true\" style=\"font-size:19px;\"><\/i>Coses a dur<\/h4><\/a><\/li><\/ul><\/div><div class=\"tab-pane fade fusion-clearfix\" role=\"tabpanel\" tabindex=\"0\" aria-labelledby=\"fusion-tab-cosesadur\" id=\"tab-51a4f5d9bde7c3e17db\">\n<p><img decoding=\"async\" class=\"wp-image-24785 aligncenter\" src=\"http:\/\/esplac.cat\/wp-content\/uploads\/2019\/10\/Infog_Esp1_Coses-a-dur.png\" alt=\"\" width=\"534\" height=\"1890\" srcset=\"https:\/\/www.esplac.cat\/wp-content\/uploads\/2019\/10\/Infog_Esp1_Coses-a-dur-85x300.png 85w, https:\/\/www.esplac.cat\/wp-content\/uploads\/2019\/10\/Infog_Esp1_Coses-a-dur-200x708.png 200w, https:\/\/www.esplac.cat\/wp-content\/uploads\/2019\/10\/Infog_Esp1_Coses-a-dur-289x1024.png 289w, https:\/\/www.esplac.cat\/wp-content\/uploads\/2019\/10\/Infog_Esp1_Coses-a-dur-400x1416.png 400w, https:\/\/www.esplac.cat\/wp-content\/uploads\/2019\/10\/Infog_Esp1_Coses-a-dur.png 598w\" sizes=\"(max-width: 534px) 100vw, 534px\" \/><\/p>\n<\/div><div class=\"nav fusion-mobile-tab-nav\"><ul class=\"nav-tabs\" role=\"tablist\"><li role=\"presentation\"><a class=\"tab-link\" data-toggle=\"tab\" role=\"tab\" aria-controls=\"tab-805d5f572314d73a4c4\" aria-selected=\"false\" tabindex=\"-1\" id=\"mobile-fusion-tab-organitzaci\u00f3\" href=\"#tab-805d5f572314d73a4c4\"><h4 class=\"fusion-tab-heading\"><i class=\"fontawesome-icon fa-sitemap fas\" aria-hidden=\"true\" style=\"font-size:19px;\"><\/i>Organitzaci\u00f3<\/h4><\/a><\/li><\/ul><\/div><div class=\"tab-pane fade fusion-clearfix\" role=\"tabpanel\" tabindex=\"0\" aria-labelledby=\"fusion-tab-organitzaci\u00f3\" id=\"tab-805d5f572314d73a4c4\">\n<p>Les persones que vulguin ser\u00a0<strong>membres de l\u2019organitzaci\u00f3<\/strong>\u00a0s\u2019alliberaran dels seus grups d\u2019edat durant la trobada i ajudaran al funcionament general de la trobada.\u00a0Ens organitzarem en 4 grups de treball:<\/p>\n<ul>\n<li><strong>Grups d\u2019edat<\/strong>: acompanyament i suport als grups durant les activitats i al llarg de tota l\u2019Esplaiada.<\/li>\n<li><strong>Log\u00edstica<\/strong>: suport en les inscripcions, preparaci\u00f3 d\u2019espais, rebuda de grups al concert, distribuci\u00f3 de material de les activitats<\/li>\n<li><strong>Punt d\u2019informaci\u00f3<\/strong>: rebuda de socis\/es i visitants, contactes i emerg\u00e8ncies, entrega del material i documentaci\u00f3 a monis.<\/li>\n<li><strong>Comunicaci\u00f3<\/strong>: realitzaci\u00f3 de fotografies i v\u00eddeos durant els actes, suport en la gesti\u00f3 de xarxes socials, contacte amb premsa.<\/li>\n<\/ul>\n<div>Podeu apuntar-vos a l\u2019organitzaci\u00f3 de l\u2019esdeveniment en el seg\u00fcent\u00a0<em><strong><a title=\"formulari Organitzaci\u00f3 Esplaiada 2015\" href=\"https:\/\/docs.google.com\/a\/esplac.cat\/forms\/d\/19XvRolNWRCSPmwbC0G3-VSd4yu98ksk0JH3hWck-QHk\/viewform?c=0&amp;w=1\" target=\"_blank\" rel=\"noopener noreferrer\">formulari<\/a><\/strong>\u00a0<\/em>i rebreu m\u00e9s informaci\u00f3 sobre les tasques que haureu de realitzar.<\/div>\n<\/div><div class=\"nav fusion-mobile-tab-nav\"><ul class=\"nav-tabs\" role=\"tablist\"><li role=\"presentation\"><a class=\"tab-link\" data-toggle=\"tab\" role=\"tab\" aria-controls=\"tab-854cd66b653e1073e58\" aria-selected=\"false\" tabindex=\"-1\" id=\"mobile-fusion-tab-can\u00e7\u00f3\" href=\"#tab-854cd66b653e1073e58\"><h4 class=\"fusion-tab-heading\"><i class=\"fontawesome-icon fa-guitar fas\" aria-hidden=\"true\" style=\"font-size:19px;\"><\/i>Can\u00e7\u00f3<\/h4><\/a><\/li><\/ul><\/div><div class=\"tab-pane fade fusion-clearfix\" role=\"tabpanel\" tabindex=\"0\" aria-labelledby=\"fusion-tab-can\u00e7\u00f3\" id=\"tab-854cd66b653e1073e58\">Aqu\u00ed teniu la can\u00e7\u00f3 de l\u2019Esplaiada, \u201cTenim veu\u201d, composada i interpretada pel grup\u00a0<a href=\"http:\/\/xiula.cat\/\">Xiula<\/a>, que la cantar\u00e0 en directe diumenge 26 a la pla\u00e7a Catalunya de Llagostera, despr\u00e9s de l\u2019acte central de reivindicaci\u00f3. Podeu llegir i descarregar\u00a0<a href=\"https:\/\/esplac.cat\/wp-content\/uploads\/2015\/03\/lletra_Tenim-veu1.pdf\">la lletra i els acords de la can\u00e7\u00f3<\/a>,\u00a0per a qu\u00e8 pogueu cantar-la i tocar-la a l\u2019esplai!<\/p>\n<p><iframe class=\"fusion-hidden\" data-privacy-type=\"youtube\" src=\"\" data-privacy-src=\"https:\/\/www.youtube.com\/embed\/1rXomDe7rgg\" width=\"100%\" height=\"600\" frameborder=\"0\" allowfullscreen=\"allowfullscreen\"><\/iframe><div class=\"fusion-privacy-placeholder\" style=\"width:100%; height:600px;\" data-privacy-type=\"youtube\"><div class=\"fusion-privacy-placeholder-content\"><div class=\"fusion-privacy-label\">For privacy reasons YouTube needs your permission to be loaded. For more details, please see our <a class=\"privacy-policy-link\" href=\"https:\/\/www.esplac.cat\/avis-legal\/\" rel=\"privacy-policy\">Av\u00eds Legal<\/a>.<\/div><a href=\"\" data-privacy-type=\"youtube\" class=\"fusion-button button-default fusion-button-default-size button fusion-privacy-consent\">I Accept<\/a><\/div><\/div><\/div><div class=\"nav fusion-mobile-tab-nav\"><ul class=\"nav-tabs\" role=\"tablist\"><li role=\"presentation\"><a class=\"tab-link\" data-toggle=\"tab\" role=\"tab\" aria-controls=\"tab-de8bf676121cfccb672\" aria-selected=\"false\" tabindex=\"-1\" id=\"mobile-fusion-tab-v\u00eddeos\" href=\"#tab-de8bf676121cfccb672\"><h4 class=\"fusion-tab-heading\"><i class=\"fontawesome-icon fa-film fas\" aria-hidden=\"true\" style=\"font-size:19px;\"><\/i>V\u00eddeos<\/h4><\/a><\/li><\/ul><\/div><div class=\"tab-pane fade fusion-clearfix\" role=\"tabpanel\" tabindex=\"0\" aria-labelledby=\"fusion-tab-v\u00eddeos\" id=\"tab-de8bf676121cfccb672\">\n<p>Qu\u00e8 no podem o no ens deixen fer? I, sobretot, qu\u00e8 volem fer? Infants i joves dels esplais tamb\u00e9\u00a0<strong>#tenimveu<\/strong>\u00a0i diem qu\u00e8 \u00e9s all\u00f2 que no podem fer i all\u00f2 que volem fer! Aquest any, a l\u2019#Esplaiada15 ser\u00e0 un dels moment ideals per cridar-ho ben fort i reivindicar que tenim drets i que la nostra opini\u00f3 compta! En aquest v\u00eddeo recollim algunes opinions i reivindicacions, per\u00f2 esperem que en surtin moltes m\u00e9s a Llagostera!<\/p>\n<p><iframe class=\"fusion-hidden\" data-privacy-type=\"youtube\" src=\"\" data-privacy-src=\"https:\/\/www.youtube.com\/embed\/vAmzfSqjrHU\" width=\"100%\" height=\"600\" frameborder=\"0\" allowfullscreen=\"allowfullscreen\"><\/iframe><div class=\"fusion-privacy-placeholder\" style=\"width:100%; height:600px;\" data-privacy-type=\"youtube\"><div class=\"fusion-privacy-placeholder-content\"><div class=\"fusion-privacy-label\">For privacy reasons YouTube needs your permission to be loaded. For more details, please see our <a class=\"privacy-policy-link\" href=\"https:\/\/www.esplac.cat\/avis-legal\/\" rel=\"privacy-policy\">Av\u00eds Legal<\/a>.<\/div><a href=\"\" data-privacy-type=\"youtube\" class=\"fusion-button button-default fusion-button-default-size button fusion-privacy-consent\">I Accept<\/a><\/div><\/div><\/p>\n<\/div><\/div><\/div><div class=\"fusion-clearfix\"><\/div><\/div><\/div><\/div><\/div><div class=\"fusion-fullwidth fullwidth-box fusion-builder-row-4 nonhundred-percent-fullwidth non-hundred-percent-height-scrolling\" style=\"--awb-border-radius-top-left:0px;--awb-border-radius-top-right:0px;--awb-border-radius-bottom-right:0px;--awb-border-radius-bottom-left:0px;--awb-margin-bottom:50px;--awb-flex-wrap:wrap;\" ><div class=\"fusion-builder-row fusion-row\"><div class=\"fusion-layout-column fusion_builder_column fusion-builder-column-3 fusion_builder_column_1_1 1_1 fusion-one-full fusion-column-first fusion-column-last\" style=\"--awb-bg-size:cover;\"><div class=\"fusion-column-wrapper fusion-column-has-shadow fusion-flex-column-wrapper-legacy\"><div class=\"fusion-text fusion-text-2\"><h3><strong>Altres edicions de l&#8217;Esplaiada<\/strong><\/h3>\n<\/div><div class=\"fusion-clearfix\"><\/div><\/div><\/div><div class=\"fusion-layout-column fusion_builder_column fusion-builder-column-4 fusion_builder_column_1_4 1_4 fusion-one-fourth fusion-column-first\" style=\"--awb-bg-size:cover;width:25%;width:calc(25% - ( ( 4% + 4% ) * 0.25 ) );margin-right: 4%;\"><div class=\"fusion-column-wrapper fusion-column-has-shadow fusion-flex-column-wrapper-legacy\"><div class=\"fusion-image-element fusion-image-align-center in-legacy-container\" style=\"text-align:center;--awb-liftup-border-radius:0px;--awb-caption-title-font-family:var(--h2_typography-font-family);--awb-caption-title-font-weight:var(--h2_typography-font-weight);--awb-caption-title-font-style:var(--h2_typography-font-style);--awb-caption-title-size:var(--h2_typography-font-size);--awb-caption-title-transform:var(--h2_typography-text-transform);--awb-caption-title-line-height:var(--h2_typography-line-height);--awb-caption-title-letter-spacing:var(--h2_typography-letter-spacing);\"><div class=\"imageframe-align-center\"><div class=\"awb-image-frame awb-image-frame-2 imageframe-liftup\"><span class=\" fusion-imageframe imageframe-none imageframe-2\"><a class=\"fusion-no-lightbox\" href=\"https:\/\/www.esplac.cat\/trobades\/esplaiada\/\" target=\"_self\"><img decoding=\"async\" width=\"214\" height=\"300\" src=\"https:\/\/www.esplac.cat\/wp-content\/uploads\/2019\/10\/cartell-esplaiada-214x300.jpg\" alt class=\"img-responsive wp-image-27397\" srcset=\"https:\/\/www.esplac.cat\/wp-content\/uploads\/2019\/10\/cartell-esplaiada-200x281.jpg 200w, https:\/\/www.esplac.cat\/wp-content\/uploads\/2019\/10\/cartell-esplaiada-400x562.jpg 400w, https:\/\/www.esplac.cat\/wp-content\/uploads\/2019\/10\/cartell-esplaiada-600x843.jpg 600w, https:\/\/www.esplac.cat\/wp-content\/uploads\/2019\/10\/cartell-esplaiada-800x1123.jpg 800w, https:\/\/www.esplac.cat\/wp-content\/uploads\/2019\/10\/cartell-esplaiada-1200x1685.jpg 1200w\" sizes=\"(max-width: 800px) 100vw, 400px\" \/><\/a><\/span><\/div><\/div><\/div><div class=\"fusion-sep-clear\"><\/div><div class=\"fusion-separator fusion-full-width-sep\" style=\"margin-left: auto;margin-right: auto;margin-bottom:20px;width:100%;\"><\/div><div class=\"fusion-sep-clear\"><\/div><div class=\"fusion-text fusion-text-3\"><h5 style=\"text-align: center;\"><a href=\"https:\/\/www.esplac.cat\/trobades\/esplaiada\/\" target=\"_blank\" rel=\"noopener noreferrer\">Esplaiada 2018<\/a><\/h5>\n<\/div><div class=\"fusion-clearfix\"><\/div><\/div><\/div><div class=\"fusion-layout-column fusion_builder_column fusion-builder-column-5 fusion_builder_column_1_4 1_4 fusion-one-fourth\" style=\"--awb-bg-size:cover;width:25%;width:calc(25% - ( ( 4% + 4% ) * 0.25 ) );margin-right: 4%;\"><div class=\"fusion-column-wrapper fusion-column-has-shadow fusion-flex-column-wrapper-legacy\"><div class=\"fusion-image-element fusion-image-align-center in-legacy-container\" style=\"text-align:center;--awb-liftup-border-radius:0px;--awb-caption-title-font-family:var(--h2_typography-font-family);--awb-caption-title-font-weight:var(--h2_typography-font-weight);--awb-caption-title-font-style:var(--h2_typography-font-style);--awb-caption-title-size:var(--h2_typography-font-size);--awb-caption-title-transform:var(--h2_typography-text-transform);--awb-caption-title-line-height:var(--h2_typography-line-height);--awb-caption-title-letter-spacing:var(--h2_typography-letter-spacing);\"><div class=\"imageframe-align-center\"><div class=\"awb-image-frame awb-image-frame-3 imageframe-liftup\"><span class=\" fusion-imageframe imageframe-none imageframe-3\"><a class=\"fusion-no-lightbox\" href=\"https:\/\/www.esplac.cat\/trobades\/esplaiada-2015\/\" target=\"_self\" aria-label=\"Cartell_online-1-600&#215;848\"><img decoding=\"async\" width=\"212\" height=\"300\" src=\"https:\/\/www.esplac.cat\/wp-content\/uploads\/2021\/03\/Cartell_online-1-600x848-1-212x300.jpeg\" alt class=\"img-responsive wp-image-35418\" srcset=\"https:\/\/www.esplac.cat\/wp-content\/uploads\/2021\/03\/Cartell_online-1-600x848-1-200x283.jpeg 200w, https:\/\/www.esplac.cat\/wp-content\/uploads\/2021\/03\/Cartell_online-1-600x848-1-400x565.jpeg 400w, https:\/\/www.esplac.cat\/wp-content\/uploads\/2021\/03\/Cartell_online-1-600x848-1.jpeg 600w\" sizes=\"(max-width: 800px) 100vw, 212px\" \/><\/a><\/span><\/div><\/div><\/div><div class=\"fusion-sep-clear\"><\/div><div class=\"fusion-separator fusion-full-width-sep\" style=\"margin-left: auto;margin-right: auto;margin-bottom:20px;width:100%;\"><\/div><div class=\"fusion-sep-clear\"><\/div><div class=\"fusion-text fusion-text-4\"><h5 style=\"text-align: center;\"><a href=\"https:\/\/www.esplac.cat\/trobades\/esplaiada-2015\/\" target=\"_blank\" rel=\"noopener noreferrer\">Esplaiada 2015<\/a><\/h5>\n<\/div><div class=\"fusion-clearfix\"><\/div><\/div><\/div><div class=\"fusion-layout-column fusion_builder_column fusion-builder-column-6 fusion_builder_column_1_4 1_4 fusion-one-fourth fusion-column-last\" style=\"--awb-bg-size:cover;width:25%;width:calc(25% - ( ( 4% + 4% ) * 0.25 ) );\"><div class=\"fusion-column-wrapper fusion-column-has-shadow fusion-flex-column-wrapper-legacy\"><div class=\"fusion-image-element fusion-image-align-center in-legacy-container\" style=\"text-align:center;--awb-liftup-border-radius:0px;--awb-caption-title-font-family:var(--h2_typography-font-family);--awb-caption-title-font-weight:var(--h2_typography-font-weight);--awb-caption-title-font-style:var(--h2_typography-font-style);--awb-caption-title-size:var(--h2_typography-font-size);--awb-caption-title-transform:var(--h2_typography-text-transform);--awb-caption-title-line-height:var(--h2_typography-line-height);--awb-caption-title-letter-spacing:var(--h2_typography-letter-spacing);\"><div class=\"imageframe-align-center\"><div class=\"awb-image-frame awb-image-frame-4 imageframe-liftup\"><span class=\" fusion-imageframe imageframe-none imageframe-4\"><a class=\"fusion-no-lightbox\" href=\"https:\/\/www.esplac.cat\/trobades\/esplaiada-2012\/\" target=\"_self\" aria-label=\"esplaiada12\"><img decoding=\"async\" width=\"233\" height=\"300\" src=\"https:\/\/www.esplac.cat\/wp-content\/uploads\/2021\/03\/esplaiada12-233x300.jpg\" alt class=\"img-responsive wp-image-35424\" srcset=\"https:\/\/www.esplac.cat\/wp-content\/uploads\/2021\/03\/esplaiada12-200x257.jpg 200w, https:\/\/www.esplac.cat\/wp-content\/uploads\/2021\/03\/esplaiada12-400x514.jpg 400w, https:\/\/www.esplac.cat\/wp-content\/uploads\/2021\/03\/esplaiada12.jpg 505w\" sizes=\"(max-width: 800px) 100vw, 233px\" \/><\/a><\/span><\/div><\/div><\/div><div class=\"fusion-sep-clear\"><\/div><div class=\"fusion-separator fusion-full-width-sep\" style=\"margin-left: auto;margin-right: auto;margin-bottom:20px;width:100%;\"><\/div><div class=\"fusion-sep-clear\"><\/div><div class=\"fusion-text fusion-text-5\"><h5 style=\"text-align: center;\"><a href=\"https:\/\/www.esplac.cat\/trobades\/esplaiada-2012\/\" target=\"_blank\" rel=\"noopener noreferrer\">Esplaiada 2012<\/a><\/h5>\n<\/div><div class=\"fusion-clearfix\"><\/div><\/div><\/div><\/div><\/div>\n<div class=\"fusion-fullwidth fullwidth-box fusion-builder-row-5 nonhundred-percent-fullwidth non-hundred-percent-height-scrolling\" style=\"--awb-border-radius-top-left:0px;--awb-border-radius-top-right:0px;--awb-border-radius-bottom-right:0px;--awb-border-radius-bottom-left:0px;--awb-flex-wrap:wrap;\" ><div class=\"fusion-builder-row fusion-row\"><div class=\"fusion-layout-column fusion_builder_column fusion-builder-column-7 fusion_builder_column_1_1 1_1 fusion-one-full fusion-column-first fusion-column-last\" style=\"--awb-bg-size:cover;\"><div class=\"fusion-column-wrapper fusion-column-has-shadow fusion-flex-column-wrapper-legacy\"><div class=\"fusion-text fusion-text-6\"><h3><strong>Not\u00edcies relacionades<\/strong><\/h3>\n<\/div><div class=\"fusion-sep-clear\"><\/div><div class=\"fusion-separator fusion-full-width-sep\" style=\"margin-left: auto;margin-right: auto;margin-bottom:20px;width:100%;\"><\/div><div class=\"fusion-sep-clear\"><\/div><div class=\"fusion-text fusion-text-7\">        <section class=\"wcp-slick\"  data-accessibility = on data-arrows = on data-autoplaySpeed = 3000 data-slidesToShow = 4 data-slidesToScroll = 1 data-speed = 300 data-margin = 20px data-rows = 1 data-slidesPerRow = 1 id=\"carousel-27391\">\n\n                            <div class=\"carousel-item-53606\">\n                    <div class=\"post-style-2\" style=\"box-shadow: ;background-color: ;\">\n    <div class=\"wcp-img-wrap\">\n        <a href=\"https:\/\/www.esplac.cat\/es\/3300-infants-joves-i-monis-esplaiada-2025\/\">\n            <img decoding=\"async\" width=\"460\" height=\"295\" src=\"https:\/\/www.esplac.cat\/wp-content\/uploads\/2025\/05\/Esplaiada-2025-460x295.jpg\" class=\"attachment-portfolio-two size-portfolio-two wp-post-image\" alt=\"esplaiada\" \/>        <\/a>\n    <\/div>\n    <div class=\"wcp-content-wrap\">\n        <h3>\n            <a href=\"https:\/\/www.esplac.cat\/es\/3300-infants-joves-i-monis-esplaiada-2025\/\" style=\"color: ;\">\n                M\u00e9s de 3300 infants, joves i monis reivindiquen la necessitat de fer front als discursos d\u2019odi a l&#8217;Esplaiada 2025            <\/a>\n        <\/h3>\n        <div class=\"wcp-post-meta wcp-disable-post-meta\" style=\"color: ;\">\n            <span class=\"wcp-post-author\"><i class=\"fa fa-user\"><\/i>\n                <a href=\"https:\/\/www.esplac.cat\/es\/author\/comunicacio\/\" title=\"Entradas de Comunicaci\u00f3 Esplac\" rel=\"author\">Comunicaci\u00f3 Esplac<\/a>            <\/span>\n            &nbsp;\n            <span class=\"wcp-post-date\"><i class=\"fa fa-clock-o\"><\/i> 18 de mayo de 2025<\/span>\n        <\/div>\n        <div class=\"wcp-post-contents\">\n            18 de mayo de 2025                    <\/div>        \n    <\/div>\n<\/div>                <\/div>    \n\n                            <div class=\"carousel-item-53598\">\n                    <div class=\"post-style-2\" style=\"box-shadow: ;background-color: ;\">\n    <div class=\"wcp-img-wrap\">\n        <a href=\"https:\/\/www.esplac.cat\/es\/ja-tenim-aqui-lesplaiada-2025\/\">\n            <img decoding=\"async\" width=\"460\" height=\"295\" src=\"https:\/\/www.esplac.cat\/wp-content\/uploads\/2025\/05\/Arriba-lEsplaiada-460x295.jpg\" class=\"attachment-portfolio-two size-portfolio-two wp-post-image\" alt=\"esplaiada\" \/>        <\/a>\n    <\/div>\n    <div class=\"wcp-content-wrap\">\n        <h3>\n            <a href=\"https:\/\/www.esplac.cat\/es\/ja-tenim-aqui-lesplaiada-2025\/\" style=\"color: ;\">\n                Ja tenim aqu\u00ed l\u2019Esplaiada 2025!            <\/a>\n        <\/h3>\n        <div class=\"wcp-post-meta wcp-disable-post-meta\" style=\"color: ;\">\n            <span class=\"wcp-post-author\"><i class=\"fa fa-user\"><\/i>\n                <a href=\"https:\/\/www.esplac.cat\/es\/author\/comunicacio\/\" title=\"Entradas de Comunicaci\u00f3 Esplac\" rel=\"author\">Comunicaci\u00f3 Esplac<\/a>            <\/span>\n            &nbsp;\n            <span class=\"wcp-post-date\"><i class=\"fa fa-clock-o\"><\/i> 14 de mayo de 2025<\/span>\n        <\/div>\n        <div class=\"wcp-post-contents\">\n            14 de mayo de 2025                    <\/div>        \n    <\/div>\n<\/div>                <\/div>    \n\n                            <div class=\"carousel-item-53582\">\n                    <div class=\"post-style-2\" style=\"box-shadow: ;background-color: ;\">\n    <div class=\"wcp-img-wrap\">\n        <a href=\"https:\/\/www.esplac.cat\/es\/presentem-esplaiada-2025-roda-premsa\/\">\n            <img decoding=\"async\" width=\"460\" height=\"295\" src=\"https:\/\/www.esplac.cat\/wp-content\/uploads\/2025\/05\/RdP-ESPLAIADA-460x295.jpg\" class=\"attachment-portfolio-two size-portfolio-two wp-post-image\" alt=\"esplaiada\" \/>        <\/a>\n    <\/div>\n    <div class=\"wcp-content-wrap\">\n        <h3>\n            <a href=\"https:\/\/www.esplac.cat\/es\/presentem-esplaiada-2025-roda-premsa\/\" style=\"color: ;\">\n                Presentem l\u2019Esplaiada 2025 en roda de premsa!            <\/a>\n        <\/h3>\n        <div class=\"wcp-post-meta wcp-disable-post-meta\" style=\"color: ;\">\n            <span class=\"wcp-post-author\"><i class=\"fa fa-user\"><\/i>\n                <a href=\"https:\/\/www.esplac.cat\/es\/author\/comunicacio\/\" title=\"Entradas de Comunicaci\u00f3 Esplac\" rel=\"author\">Comunicaci\u00f3 Esplac<\/a>            <\/span>\n            &nbsp;\n            <span class=\"wcp-post-date\"><i class=\"fa fa-clock-o\"><\/i> 9 de mayo de 2025<\/span>\n        <\/div>\n        <div class=\"wcp-post-contents\">\n            9 de mayo de 2025                    <\/div>        \n    <\/div>\n<\/div>                <\/div>    \n\n                            <div class=\"carousel-item-53136\">\n                    <div class=\"post-style-2\" style=\"box-shadow: ;background-color: ;\">\n    <div class=\"wcp-img-wrap\">\n        <a href=\"https:\/\/www.esplac.cat\/es\/descobreix-insectes-protagonitzaran-esplaiada\/\">\n            <img decoding=\"async\" width=\"460\" height=\"295\" src=\"https:\/\/www.esplac.cat\/wp-content\/uploads\/2025\/03\/CI-Esplaiada-1-460x295.jpg\" class=\"attachment-portfolio-two size-portfolio-two wp-post-image\" alt=\"\" \/>        <\/a>\n    <\/div>\n    <div class=\"wcp-content-wrap\">\n        <h3>\n            <a href=\"https:\/\/www.esplac.cat\/es\/descobreix-insectes-protagonitzaran-esplaiada\/\" style=\"color: ;\">\n                Descobreix quins insectes protagonitzaran l\u2019Esplaiada i les samarretes que els representen!            <\/a>\n        <\/h3>\n        <div class=\"wcp-post-meta wcp-disable-post-meta\" style=\"color: ;\">\n            <span class=\"wcp-post-author\"><i class=\"fa fa-user\"><\/i>\n                <a href=\"https:\/\/www.esplac.cat\/es\/author\/comunicacio\/\" title=\"Entradas de Comunicaci\u00f3 Esplac\" rel=\"author\">Comunicaci\u00f3 Esplac<\/a>            <\/span>\n            &nbsp;\n            <span class=\"wcp-post-date\"><i class=\"fa fa-clock-o\"><\/i> 26 de marzo de 2025<\/span>\n        <\/div>\n        <div class=\"wcp-post-contents\">\n            26 de marzo de 2025                    <\/div>        \n    <\/div>\n<\/div>                <\/div>    \n\n                            <div class=\"carousel-item-53060\">\n                    <div class=\"post-style-2\" style=\"box-shadow: ;background-color: ;\">\n    <div class=\"wcp-img-wrap\">\n        <a href=\"https:\/\/www.esplac.cat\/es\/un-cap-de-setmana-de-preparatius-reunio-de-lequip-dorganitzacio-de-lesplaiada-a-vilanova-i-la-geltru-i-tancada-de-gran-comite\/\">\n            <img decoding=\"async\" width=\"460\" height=\"295\" src=\"https:\/\/www.esplac.cat\/wp-content\/uploads\/2025\/03\/Reunio-Equip-Organitzacio-Esplaiada-460x295.jpg\" class=\"attachment-portfolio-two size-portfolio-two wp-post-image\" alt=\"\" \/>        <\/a>\n    <\/div>\n    <div class=\"wcp-content-wrap\">\n        <h3>\n            <a href=\"https:\/\/www.esplac.cat\/es\/un-cap-de-setmana-de-preparatius-reunio-de-lequip-dorganitzacio-de-lesplaiada-a-vilanova-i-la-geltru-i-tancada-de-gran-comite\/\" style=\"color: ;\">\n                Un cap de setmana de preparatius: Reuni\u00f3 de l\u2019Equip d\u2019Organitzaci\u00f3 de l\u2019Esplaiada a Vilanova i la Geltr\u00fa i Tancada de Gran Comit\u00e8.            <\/a>\n        <\/h3>\n        <div class=\"wcp-post-meta wcp-disable-post-meta\" style=\"color: ;\">\n            <span class=\"wcp-post-author\"><i class=\"fa fa-user\"><\/i>\n                <a href=\"https:\/\/www.esplac.cat\/es\/author\/comunicacio\/\" title=\"Entradas de Comunicaci\u00f3 Esplac\" rel=\"author\">Comunicaci\u00f3 Esplac<\/a>            <\/span>\n            &nbsp;\n            <span class=\"wcp-post-date\"><i class=\"fa fa-clock-o\"><\/i> 23 de marzo de 2025<\/span>\n        <\/div>\n        <div class=\"wcp-post-contents\">\n            23 de marzo de 2025                    <\/div>        \n    <\/div>\n<\/div>                <\/div>    \n\n                            <div class=\"carousel-item-52930\">\n                    <div class=\"post-style-2\" style=\"box-shadow: ;background-color: ;\">\n    <div class=\"wcp-img-wrap\">\n        <a href=\"https:\/\/www.esplac.cat\/es\/nou-recurs-davant-lodi-passem-a-laccio\/\">\n            <img decoding=\"async\" width=\"460\" height=\"295\" src=\"https:\/\/www.esplac.cat\/wp-content\/uploads\/2025\/03\/Recurs_Esplaiada_2025-460x295.jpg\" class=\"attachment-portfolio-two size-portfolio-two wp-post-image\" alt=\"\" \/>        <\/a>\n    <\/div>\n    <div class=\"wcp-content-wrap\">\n        <h3>\n            <a href=\"https:\/\/www.esplac.cat\/es\/nou-recurs-davant-lodi-passem-a-laccio\/\" style=\"color: ;\">\n                Nou Recurs: Davant l&#8217;odi, passem a l&#8217;acci\u00f3!            <\/a>\n        <\/h3>\n        <div class=\"wcp-post-meta wcp-disable-post-meta\" style=\"color: ;\">\n            <span class=\"wcp-post-author\"><i class=\"fa fa-user\"><\/i>\n                <a href=\"https:\/\/www.esplac.cat\/es\/author\/comunicacio\/\" title=\"Entradas de Comunicaci\u00f3 Esplac\" rel=\"author\">Comunicaci\u00f3 Esplac<\/a>            <\/span>\n            &nbsp;\n            <span class=\"wcp-post-date\"><i class=\"fa fa-clock-o\"><\/i> 17 de marzo de 2025<\/span>\n        <\/div>\n        <div class=\"wcp-post-contents\">\n            17 de marzo de 2025                    <\/div>        \n    <\/div>\n<\/div>                <\/div>    \n\n                            <div class=\"carousel-item-52914\">\n                    <div class=\"post-style-2\" style=\"box-shadow: ;background-color: ;\">\n    <div class=\"wcp-img-wrap\">\n        <a href=\"https:\/\/www.esplac.cat\/es\/canco-terra-tremoli-grup-musica-sardines-lesplaiada-2025\/\">\n            <img decoding=\"async\" width=\"460\" height=\"295\" src=\"https:\/\/www.esplac.cat\/wp-content\/uploads\/2025\/03\/Canco_Esplaiada_2025-460x295.jpg\" class=\"attachment-portfolio-two size-portfolio-two wp-post-image\" alt=\"esplaiada 2025\" \/>        <\/a>\n    <\/div>\n    <div class=\"wcp-content-wrap\">\n        <h3>\n            <a href=\"https:\/\/www.esplac.cat\/es\/canco-terra-tremoli-grup-musica-sardines-lesplaiada-2025\/\" style=\"color: ;\">\n                Ja podeu escoltar la can\u00e7\u00f3 \u201cQue el terra tremoli!\u201d del grup de m\u00fasica familiar Sardines en Llauna, produ\u00efda per l\u2019Esplaiada 2025!            <\/a>\n        <\/h3>\n        <div class=\"wcp-post-meta wcp-disable-post-meta\" style=\"color: ;\">\n            <span class=\"wcp-post-author\"><i class=\"fa fa-user\"><\/i>\n                <a href=\"https:\/\/www.esplac.cat\/es\/author\/comunicacio\/\" title=\"Entradas de Comunicaci\u00f3 Esplac\" rel=\"author\">Comunicaci\u00f3 Esplac<\/a>            <\/span>\n            &nbsp;\n            <span class=\"wcp-post-date\"><i class=\"fa fa-clock-o\"><\/i> 14 de marzo de 2025<\/span>\n        <\/div>\n        <div class=\"wcp-post-contents\">\n            14 de marzo de 2025                    <\/div>        \n    <\/div>\n<\/div>                <\/div>    \n\n                            <div class=\"carousel-item-52868\">\n                    <div class=\"post-style-2\" style=\"box-shadow: ;background-color: ;\">\n    <div class=\"wcp-img-wrap\">\n        <a href=\"https:\/\/www.esplac.cat\/es\/ja-podeu-coneixer-el-programa-de-lesplaiada\/\">\n            <img decoding=\"async\" width=\"460\" height=\"295\" src=\"https:\/\/www.esplac.cat\/wp-content\/uploads\/2025\/03\/Esplaiada_Programa-460x295.jpg\" class=\"attachment-portfolio-two size-portfolio-two wp-post-image\" alt=\"esplaiada\" \/>        <\/a>\n    <\/div>\n    <div class=\"wcp-content-wrap\">\n        <h3>\n            <a href=\"https:\/\/www.esplac.cat\/es\/ja-podeu-coneixer-el-programa-de-lesplaiada\/\" style=\"color: ;\">\n                Consulta el programa de l\u2019Esplaiada i descobreix tot el que farem durant el cap de setmana!            <\/a>\n        <\/h3>\n        <div class=\"wcp-post-meta wcp-disable-post-meta\" style=\"color: ;\">\n            <span class=\"wcp-post-author\"><i class=\"fa fa-user\"><\/i>\n                <a href=\"https:\/\/www.esplac.cat\/es\/author\/comunicacio\/\" title=\"Entradas de Comunicaci\u00f3 Esplac\" rel=\"author\">Comunicaci\u00f3 Esplac<\/a>            <\/span>\n            &nbsp;\n            <span class=\"wcp-post-date\"><i class=\"fa fa-clock-o\"><\/i> 5 de marzo de 2025<\/span>\n        <\/div>\n        <div class=\"wcp-post-contents\">\n            5 de marzo de 2025                    <\/div>        \n    <\/div>\n<\/div>                <\/div>    \n\n                            <div class=\"carousel-item-52559\">\n                    <div class=\"post-style-2\" style=\"box-shadow: ;background-color: ;\">\n    <div class=\"wcp-img-wrap\">\n        <a href=\"https:\/\/www.esplac.cat\/es\/ja-us-podeu-inscriure-a-lesplaiada-2025\/\">\n            <img decoding=\"async\" width=\"460\" height=\"295\" src=\"https:\/\/www.esplac.cat\/wp-content\/uploads\/2025\/02\/Esplaiada_inscripcions-460x295.jpg\" class=\"attachment-portfolio-two size-portfolio-two wp-post-image\" alt=\"esplaiada\" \/>        <\/a>\n    <\/div>\n    <div class=\"wcp-content-wrap\">\n        <h3>\n            <a href=\"https:\/\/www.esplac.cat\/es\/ja-us-podeu-inscriure-a-lesplaiada-2025\/\" style=\"color: ;\">\n                Ja us podeu inscriure a l&#8217;Esplaiada 2025!            <\/a>\n        <\/h3>\n        <div class=\"wcp-post-meta wcp-disable-post-meta\" style=\"color: ;\">\n            <span class=\"wcp-post-author\"><i class=\"fa fa-user\"><\/i>\n                <a href=\"https:\/\/www.esplac.cat\/es\/author\/comunicacio\/\" title=\"Entradas de Comunicaci\u00f3 Esplac\" rel=\"author\">Comunicaci\u00f3 Esplac<\/a>            <\/span>\n            &nbsp;\n            <span class=\"wcp-post-date\"><i class=\"fa fa-clock-o\"><\/i> 17 de febrero de 2025<\/span>\n        <\/div>\n        <div class=\"wcp-post-contents\">\n            17 de febrero de 2025                    <\/div>        \n    <\/div>\n<\/div>                <\/div>    \n\n                            <div class=\"carousel-item-52401\">\n                    <div class=\"post-style-2\" style=\"box-shadow: ;background-color: ;\">\n    <div class=\"wcp-img-wrap\">\n        <a href=\"https:\/\/www.esplac.cat\/es\/ampliem-termini-pd-a-la-nit-de-joves-esplaiada-2025\/\">\n            <img decoding=\"async\" width=\"460\" height=\"295\" src=\"https:\/\/www.esplac.cat\/wp-content\/uploads\/2024\/12\/Concurs-PDs-ESPLAIADA-460x295.jpg\" class=\"attachment-portfolio-two size-portfolio-two wp-post-image\" alt=\"esplaiada pd\" \/>        <\/a>\n    <\/div>\n    <div class=\"wcp-content-wrap\">\n        <h3>\n            <a href=\"https:\/\/www.esplac.cat\/es\/ampliem-termini-pd-a-la-nit-de-joves-esplaiada-2025\/\" style=\"color: ;\">\n                Ampliem el termini per presentar-te com a PD a la nit de joves de l\u2019Esplaiada 2025!            <\/a>\n        <\/h3>\n        <div class=\"wcp-post-meta wcp-disable-post-meta\" style=\"color: ;\">\n            <span class=\"wcp-post-author\"><i class=\"fa fa-user\"><\/i>\n                <a href=\"https:\/\/www.esplac.cat\/es\/author\/comunicacio\/\" title=\"Entradas de Comunicaci\u00f3 Esplac\" rel=\"author\">Comunicaci\u00f3 Esplac<\/a>            <\/span>\n            &nbsp;\n            <span class=\"wcp-post-date\"><i class=\"fa fa-clock-o\"><\/i> 5 de febrero de 2025<\/span>\n        <\/div>\n        <div class=\"wcp-post-contents\">\n            5 de febrero de 2025                    <\/div>        \n    <\/div>\n<\/div>                <\/div>    \n\n                \n        <\/section>\n        <style>\n    #carousel-27391 .slick-prev:before, #carousel-27391 .slick-next:before {\n        color: #000 !important;\n    }\n    #carousel-27391 .slick-slide {\n        margin: 2px 20px;\n    }\n    #carousel-27391 h3,\n    #carousel-27391 .car-caption,\n    #carousel-27391 .car-caption h3 a {\n        background-color: ;\n        color: ;\n    }\n    #carousel-27391 .car-caption {\n        text-align: center;\n    }\n    #carousel-27391 p {\n        color: ;\n    }\n    #carousel-27391 a {\n        text-decoration: none;\n        border-bottom: none;\n    }\n        #carousel-27391 .post-style-1 .wcp-post-author a {\n        color: ;\n    }\n            #carousel-27391 .ih-item,\n        #carousel-27391 .post-style-1,\n        #carousel-27391 .post-style-3,\n        #carousel-27391 .car-caption { \n            border: 8px solid #FFF;\n            box-shadow: ;\n        }\n                #carousel-27391 .post-style-2 .wcp-content-wrap { \n            border: 8px solid #FFF;\n            border-top: none;\n        }\n        #carousel-27391 .mega-post-carousel1,\n        #carousel-27391 .mega-post-carousel4 { \n            border: 8px solid #FFF;\n            padding: 10px;\n        }\n\n        .slick-prev, .slick-next {\r\n    font-size: 0;\r\n    line-height: 0;\r\n    position: absolute;\r\n    top: 42% !important;\r\n    display: block;\r\n    width: 20px;\r\n    height: 20px;\r\n    padding: 0;\r\n    -webkit-transform: translate(0, -50%);\r\n    -ms-transform: translate(0, -50%);\r\n    transform: translate(0, -50%);\r\n    cursor: pointer;\r\n    color: transparent;\r\n    border: none;\r\n    outline: none;\r\n    background: transparent;\r\n}                .wcp-disable-post-meta { display: none !important;}\n    <\/style>\n<\/div><div class=\"fusion-clearfix\"><\/div><\/div><\/div><\/div><\/div><div class=\"fusion-fullwidth fullwidth-box fusion-builder-row-6 fusion-flex-container nonhundred-percent-fullwidth non-hundred-percent-height-scrolling\" style=\"--awb-border-radius-top-left:0px;--awb-border-radius-top-right:0px;--awb-border-radius-bottom-right:0px;--awb-border-radius-bottom-left:0px;--awb-padding-top:30px;--awb-background-color:#ededed;--awb-flex-wrap:wrap;\" ><\/div>\n<\/p>\n","protected":false},"excerpt":{"rendered":"","protected":false},"author":1,"featured_media":0,"parent":28140,"menu_order":0,"comment_status":"closed","ping_status":"closed","template":"100-width.php","meta":{"om_disable_all_campaigns":false,"_monsterinsights_skip_tracking":false,"_monsterinsights_sitenote_active":false,"_monsterinsights_sitenote_note":"","_monsterinsights_sitenote_category":0,"_uf_show_specific_survey":0,"_uf_disable_surveys":false,"footnotes":""},"class_list":["post-28148","page","type-page","status-publish","hentry"],"yoast_head":"<!-- This site is optimized with the Yoast SEO plugin v27.4 - https:\/\/yoast.com\/product\/yoast-seo-wordpress\/ -->\n<title>Esplaiada 2015 - Esplac<\/title>\n<meta name=\"robots\" content=\"index, follow, max-snippet:-1, max-image-preview:large, max-video-preview:-1\" \/>\n<link rel=\"canonical\" href=\"https:\/\/www.esplac.cat\/es\/encuentros\/esplaiada-2015\/\" \/>\n<meta property=\"og:locale\" content=\"es_ES\" \/>\n<meta property=\"og:type\" content=\"article\" \/>\n<meta property=\"og:title\" content=\"Esplaiada 2015 - Esplac\" \/>\n<meta property=\"og:url\" content=\"https:\/\/www.esplac.cat\/es\/encuentros\/esplaiada-2015\/\" \/>\n<meta property=\"og:site_name\" content=\"Esplac\" \/>\n<meta property=\"article:modified_time\" content=\"2021-03-29T11:46:26+00:00\" \/>\n<meta property=\"og:image\" content=\"http:\/\/esplac.cat\/wp-content\/uploads\/2019\/10\/Cartell_online-1.jpg\" \/>\n<meta name=\"twitter:card\" content=\"summary_large_image\" \/>\n<meta name=\"twitter:label1\" content=\"Tiempo de lectura\" \/>\n\t<meta name=\"twitter:data1\" content=\"12 minutos\" \/>\n<script type=\"application\/ld+json\" class=\"yoast-schema-graph\">{\"@context\":\"https:\\\/\\\/schema.org\",\"@graph\":[{\"@type\":\"WebPage\",\"@id\":\"https:\\\/\\\/www.esplac.cat\\\/es\\\/encuentros\\\/esplaiada-2015\\\/\",\"url\":\"https:\\\/\\\/www.esplac.cat\\\/es\\\/encuentros\\\/esplaiada-2015\\\/\",\"name\":\"Esplaiada 2015 - Esplac\",\"isPartOf\":{\"@id\":\"https:\\\/\\\/www.esplac.cat\\\/#website\"},\"primaryImageOfPage\":{\"@id\":\"https:\\\/\\\/www.esplac.cat\\\/es\\\/encuentros\\\/esplaiada-2015\\\/#primaryimage\"},\"image\":{\"@id\":\"https:\\\/\\\/www.esplac.cat\\\/es\\\/encuentros\\\/esplaiada-2015\\\/#primaryimage\"},\"thumbnailUrl\":\"http:\\\/\\\/esplac.cat\\\/wp-content\\\/uploads\\\/2019\\\/10\\\/Cartell_online-1.jpg\",\"datePublished\":\"2019-10-14T15:40:58+00:00\",\"dateModified\":\"2021-03-29T11:46:26+00:00\",\"breadcrumb\":{\"@id\":\"https:\\\/\\\/www.esplac.cat\\\/es\\\/encuentros\\\/esplaiada-2015\\\/#breadcrumb\"},\"inLanguage\":\"es\",\"potentialAction\":[{\"@type\":\"ReadAction\",\"target\":[\"https:\\\/\\\/www.esplac.cat\\\/es\\\/encuentros\\\/esplaiada-2015\\\/\"]}]},{\"@type\":\"ImageObject\",\"inLanguage\":\"es\",\"@id\":\"https:\\\/\\\/www.esplac.cat\\\/es\\\/encuentros\\\/esplaiada-2015\\\/#primaryimage\",\"url\":\"http:\\\/\\\/esplac.cat\\\/wp-content\\\/uploads\\\/2019\\\/10\\\/Cartell_online-1.jpg\",\"contentUrl\":\"http:\\\/\\\/esplac.cat\\\/wp-content\\\/uploads\\\/2019\\\/10\\\/Cartell_online-1.jpg\"},{\"@type\":\"BreadcrumbList\",\"@id\":\"https:\\\/\\\/www.esplac.cat\\\/es\\\/encuentros\\\/esplaiada-2015\\\/#breadcrumb\",\"itemListElement\":[{\"@type\":\"ListItem\",\"position\":1,\"name\":\"Inici\",\"item\":\"https:\\\/\\\/www.esplac.cat\\\/es\\\/\"},{\"@type\":\"ListItem\",\"position\":2,\"name\":\"Encuentros\",\"item\":\"https:\\\/\\\/www.esplac.cat\\\/es\\\/encuentros\\\/\"},{\"@type\":\"ListItem\",\"position\":3,\"name\":\"Esplaiada 2015\"}]},{\"@type\":\"WebSite\",\"@id\":\"https:\\\/\\\/www.esplac.cat\\\/#website\",\"url\":\"https:\\\/\\\/www.esplac.cat\\\/\",\"name\":\"Esplac\",\"description\":\"Esplais Catalans\",\"publisher\":{\"@id\":\"https:\\\/\\\/www.esplac.cat\\\/#organization\"},\"potentialAction\":[{\"@type\":\"SearchAction\",\"target\":{\"@type\":\"EntryPoint\",\"urlTemplate\":\"https:\\\/\\\/www.esplac.cat\\\/?s={search_term_string}\"},\"query-input\":{\"@type\":\"PropertyValueSpecification\",\"valueRequired\":true,\"valueName\":\"search_term_string\"}}],\"inLanguage\":\"es\"},{\"@type\":\"Organization\",\"@id\":\"https:\\\/\\\/www.esplac.cat\\\/#organization\",\"name\":\"Esplac\",\"url\":\"https:\\\/\\\/www.esplac.cat\\\/\",\"logo\":{\"@type\":\"ImageObject\",\"inLanguage\":\"es\",\"@id\":\"https:\\\/\\\/www.esplac.cat\\\/#\\\/schema\\\/logo\\\/image\\\/\",\"url\":\"https:\\\/\\\/www.esplac.cat\\\/wp-content\\\/uploads\\\/2019\\\/08\\\/logox2.png\",\"contentUrl\":\"https:\\\/\\\/www.esplac.cat\\\/wp-content\\\/uploads\\\/2019\\\/08\\\/logox2.png\",\"width\":600,\"height\":295,\"caption\":\"Esplac\"},\"image\":{\"@id\":\"https:\\\/\\\/www.esplac.cat\\\/#\\\/schema\\\/logo\\\/image\\\/\"}}]}<\/script>\n<!-- \/ Yoast SEO plugin. -->","yoast_head_json":{"title":"Esplaiada 2015 - Esplac","robots":{"index":"index","follow":"follow","max-snippet":"max-snippet:-1","max-image-preview":"max-image-preview:large","max-video-preview":"max-video-preview:-1"},"canonical":"https:\/\/www.esplac.cat\/es\/encuentros\/esplaiada-2015\/","og_locale":"es_ES","og_type":"article","og_title":"Esplaiada 2015 - Esplac","og_url":"https:\/\/www.esplac.cat\/es\/encuentros\/esplaiada-2015\/","og_site_name":"Esplac","article_modified_time":"2021-03-29T11:46:26+00:00","og_image":[{"url":"http:\/\/esplac.cat\/wp-content\/uploads\/2019\/10\/Cartell_online-1.jpg","type":"","width":"","height":""}],"twitter_card":"summary_large_image","twitter_misc":{"Tiempo de lectura":"12 minutos"},"schema":{"@context":"https:\/\/schema.org","@graph":[{"@type":"WebPage","@id":"https:\/\/www.esplac.cat\/es\/encuentros\/esplaiada-2015\/","url":"https:\/\/www.esplac.cat\/es\/encuentros\/esplaiada-2015\/","name":"Esplaiada 2015 - Esplac","isPartOf":{"@id":"https:\/\/www.esplac.cat\/#website"},"primaryImageOfPage":{"@id":"https:\/\/www.esplac.cat\/es\/encuentros\/esplaiada-2015\/#primaryimage"},"image":{"@id":"https:\/\/www.esplac.cat\/es\/encuentros\/esplaiada-2015\/#primaryimage"},"thumbnailUrl":"http:\/\/esplac.cat\/wp-content\/uploads\/2019\/10\/Cartell_online-1.jpg","datePublished":"2019-10-14T15:40:58+00:00","dateModified":"2021-03-29T11:46:26+00:00","breadcrumb":{"@id":"https:\/\/www.esplac.cat\/es\/encuentros\/esplaiada-2015\/#breadcrumb"},"inLanguage":"es","potentialAction":[{"@type":"ReadAction","target":["https:\/\/www.esplac.cat\/es\/encuentros\/esplaiada-2015\/"]}]},{"@type":"ImageObject","inLanguage":"es","@id":"https:\/\/www.esplac.cat\/es\/encuentros\/esplaiada-2015\/#primaryimage","url":"http:\/\/esplac.cat\/wp-content\/uploads\/2019\/10\/Cartell_online-1.jpg","contentUrl":"http:\/\/esplac.cat\/wp-content\/uploads\/2019\/10\/Cartell_online-1.jpg"},{"@type":"BreadcrumbList","@id":"https:\/\/www.esplac.cat\/es\/encuentros\/esplaiada-2015\/#breadcrumb","itemListElement":[{"@type":"ListItem","position":1,"name":"Inici","item":"https:\/\/www.esplac.cat\/es\/"},{"@type":"ListItem","position":2,"name":"Encuentros","item":"https:\/\/www.esplac.cat\/es\/encuentros\/"},{"@type":"ListItem","position":3,"name":"Esplaiada 2015"}]},{"@type":"WebSite","@id":"https:\/\/www.esplac.cat\/#website","url":"https:\/\/www.esplac.cat\/","name":"Esplac","description":"Esplais Catalans","publisher":{"@id":"https:\/\/www.esplac.cat\/#organization"},"potentialAction":[{"@type":"SearchAction","target":{"@type":"EntryPoint","urlTemplate":"https:\/\/www.esplac.cat\/?s={search_term_string}"},"query-input":{"@type":"PropertyValueSpecification","valueRequired":true,"valueName":"search_term_string"}}],"inLanguage":"es"},{"@type":"Organization","@id":"https:\/\/www.esplac.cat\/#organization","name":"Esplac","url":"https:\/\/www.esplac.cat\/","logo":{"@type":"ImageObject","inLanguage":"es","@id":"https:\/\/www.esplac.cat\/#\/schema\/logo\/image\/","url":"https:\/\/www.esplac.cat\/wp-content\/uploads\/2019\/08\/logox2.png","contentUrl":"https:\/\/www.esplac.cat\/wp-content\/uploads\/2019\/08\/logox2.png","width":600,"height":295,"caption":"Esplac"},"image":{"@id":"https:\/\/www.esplac.cat\/#\/schema\/logo\/image\/"}}]}},"_links":{"self":[{"href":"https:\/\/www.esplac.cat\/es\/wp-json\/wp\/v2\/pages\/28148","targetHints":{"allow":["GET"]}}],"collection":[{"href":"https:\/\/www.esplac.cat\/es\/wp-json\/wp\/v2\/pages"}],"about":[{"href":"https:\/\/www.esplac.cat\/es\/wp-json\/wp\/v2\/types\/page"}],"author":[{"embeddable":true,"href":"https:\/\/www.esplac.cat\/es\/wp-json\/wp\/v2\/users\/1"}],"replies":[{"embeddable":true,"href":"https:\/\/www.esplac.cat\/es\/wp-json\/wp\/v2\/comments?post=28148"}],"version-history":[{"count":0,"href":"https:\/\/www.esplac.cat\/es\/wp-json\/wp\/v2\/pages\/28148\/revisions"}],"up":[{"embeddable":true,"href":"https:\/\/www.esplac.cat\/es\/wp-json\/wp\/v2\/pages\/28140"}],"wp:attachment":[{"href":"https:\/\/www.esplac.cat\/es\/wp-json\/wp\/v2\/media?parent=28148"}],"curies":[{"name":"wp","href":"https:\/\/api.w.org\/{rel}","templated":true}]}}