{"id":28156,"date":"2019-10-14T17:12:08","date_gmt":"2019-10-14T15:12:08","guid":{"rendered":"https:\/\/www.esplac.cat\/trobades\/monifestat-2014\/"},"modified":"2019-10-14T17:12:08","modified_gmt":"2019-10-14T15:12:08","slug":"monifestat-2014","status":"publish","type":"page","link":"https:\/\/www.esplac.cat\/es\/encuentros\/monifestat-2014\/","title":{"rendered":"Monifesta&#8217;t 2014"},"content":{"rendered":"<p><div class=\"fusion-fullwidth fullwidth-box fusion-builder-row-1 nonhundred-percent-fullwidth non-hundred-percent-height-scrolling\" style=\"--awb-border-radius-top-left:0px;--awb-border-radius-top-right:0px;--awb-border-radius-bottom-right:0px;--awb-border-radius-bottom-left:0px;--awb-margin-top:50px;--awb-margin-bottom:30px;--awb-background-color:#ffffff;--awb-flex-wrap:wrap;\" ><div class=\"fusion-builder-row fusion-row\"><div class=\"fusion-layout-column fusion_builder_column fusion-builder-column-0 fusion_builder_column_1_1 1_1 fusion-one-full fusion-column-first fusion-column-last\" style=\"--awb-bg-size:cover;\"><div class=\"fusion-column-wrapper fusion-column-has-shadow fusion-flex-column-wrapper-legacy\"><div class=\"fusion-title title fusion-title-1 fusion-sep-none fusion-title-text fusion-title-size-one\" style=\"--awb-font-size:50px;\"><h1 class=\"fusion-title-heading title-heading-left fusion-responsive-typography-calculated\" style=\"margin:0;font-size:1em;--fontSize:50;line-height:1.2;\"><p style=\"text-align: center;\"><strong>Monifesta&#8217;t<\/strong><\/p><\/h1><\/div><div class=\"fusion-clearfix\"><\/div><\/div><\/div><div class=\"fusion-layout-column fusion_builder_column fusion-builder-column-1 fusion_builder_column_1_1 1_1 fusion-one-full fusion-column-first fusion-column-last\" style=\"--awb-bg-size:cover;\"><div class=\"fusion-column-wrapper fusion-column-has-shadow fusion-flex-column-wrapper-legacy\"><div class=\"fusion-sep-clear\"><\/div><div class=\"fusion-separator\" style=\"margin-left: auto;margin-right: auto;margin-bottom:60px;width:100%;max-width:30%;\"><div class=\"fusion-separator-border sep-single sep-solid\" style=\"--awb-height:20px;--awb-amount:20px;--awb-sep-color:#c1c1c1;border-color:#c1c1c1;border-top-width:5px;\"><\/div><\/div><div class=\"fusion-sep-clear\"><\/div><div class=\"fusion-title title fusion-title-2 fusion-sep-none fusion-title-center fusion-title-text fusion-title-size-three\"><h3 class=\"fusion-title-heading title-heading-center fusion-responsive-typography-calculated\" style=\"margin:0;--fontSize:30;line-height:1.3;\">Monifesta&#8217;t 2014<\/h3><\/div><div class=\"fusion-sep-clear\"><\/div><div class=\"fusion-separator fusion-full-width-sep\" style=\"margin-left: auto;margin-right: auto;margin-bottom:30px;width:100%;\"><\/div><div class=\"fusion-sep-clear\"><\/div><div class=\"fusion-tabs fusion-tabs-1 clean nav-not-justified horizontal-tabs icon-position-top mobile-mode-accordion\" style=\"--awb-title-border-radius-top-left:0px;--awb-title-border-radius-top-right:0px;--awb-title-border-radius-bottom-right:0px;--awb-title-border-radius-bottom-left:0px;--awb-inactive-color:#eaeaea;--awb-background-color:#f9f9f9;--awb-border-color:#ffffff;--awb-active-border-color:#f69d0b;\"><div class=\"nav\"><ul class=\"nav-tabs\" role=\"tablist\"><li class=\"active\" role=\"presentation\"><a class=\"tab-link\" data-toggle=\"tab\" role=\"tab\" aria-controls=\"tab-70ba31d6220523d7719\" aria-selected=\"true\" id=\"fusion-tab-cartell\" href=\"#tab-70ba31d6220523d7719\"><h4 class=\"fusion-tab-heading\"><i class=\"fontawesome-icon fa-file-image fas\" aria-hidden=\"true\" style=\"font-size:19px;\"><\/i>Cartell <\/h4><\/a><\/li><li role=\"presentation\"><a class=\"tab-link\" data-toggle=\"tab\" role=\"tab\" aria-controls=\"tab-fd159134839ee21fbae\" aria-selected=\"false\" tabindex=\"-1\" id=\"fusion-tab-resnos&#039;atura\" href=\"#tab-fd159134839ee21fbae\"><h4 class=\"fusion-tab-heading\"><i class=\"fontawesome-icon fa-pencil-ruler fas\" aria-hidden=\"true\" style=\"font-size:19px;\"><\/i>Res no s'atura<\/h4><\/a><\/li><li role=\"presentation\"><a class=\"tab-link\" data-toggle=\"tab\" role=\"tab\" aria-controls=\"tab-70da8b78e1ec0932886\" aria-selected=\"false\" tabindex=\"-1\" id=\"fusion-tab-programa\" href=\"#tab-70da8b78e1ec0932886\"><h4 class=\"fusion-tab-heading\"><i class=\"fontawesome-icon fa-book-open fas\" aria-hidden=\"true\" style=\"font-size:19px;\"><\/i>Programa <\/h4><\/a><\/li><li role=\"presentation\"><a class=\"tab-link\" data-toggle=\"tab\" role=\"tab\" aria-controls=\"tab-03ef6a4b6bfe9bc1ece\" aria-selected=\"false\" tabindex=\"-1\" id=\"fusion-tab-localitzaci\u00f3\" href=\"#tab-03ef6a4b6bfe9bc1ece\"><h4 class=\"fusion-tab-heading\"><i class=\"fontawesome-icon fa-map-marker-alt fas\" aria-hidden=\"true\" style=\"font-size:19px;\"><\/i>Localitzaci\u00f3<\/h4><\/a><\/li><li role=\"presentation\"><a class=\"tab-link\" data-toggle=\"tab\" role=\"tab\" aria-controls=\"tab-b25ed9251c97da82abf\" aria-selected=\"false\" tabindex=\"-1\" id=\"fusion-tab-inscripcions\" href=\"#tab-b25ed9251c97da82abf\"><h4 class=\"fusion-tab-heading\"><i class=\"fontawesome-icon fa-calendar-check fas\" aria-hidden=\"true\" style=\"font-size:19px;\"><\/i>Inscripcions<\/h4><\/a><\/li><li role=\"presentation\"><a class=\"tab-link\" data-toggle=\"tab\" role=\"tab\" aria-controls=\"tab-eb0460a86812c1cfab3\" aria-selected=\"false\" tabindex=\"-1\" id=\"fusion-tab-organitzaci\u00f3\" href=\"#tab-eb0460a86812c1cfab3\"><h4 class=\"fusion-tab-heading\"><i class=\"fontawesome-icon fa-sitemap fas\" aria-hidden=\"true\" style=\"font-size:19px;\"><\/i>Organitzaci\u00f3<\/h4><\/a><\/li><li role=\"presentation\"><a class=\"tab-link\" data-toggle=\"tab\" role=\"tab\" aria-controls=\"tab-003fbd10b3ce1446583\" aria-selected=\"false\" tabindex=\"-1\" id=\"fusion-tab-formaci\u00f3\" href=\"#tab-003fbd10b3ce1446583\"><h4 class=\"fusion-tab-heading\"><i class=\"fontawesome-icon fa-glasses fas\" aria-hidden=\"true\" style=\"font-size:19px;\"><\/i>Formaci\u00f3<\/h4><\/a><\/li><li role=\"presentation\"><a class=\"tab-link\" data-toggle=\"tab\" role=\"tab\" aria-controls=\"tab-54d56b66afdf11ddab0\" aria-selected=\"false\" tabindex=\"-1\" id=\"fusion-tab-tallers\" href=\"#tab-54d56b66afdf11ddab0\"><h4 class=\"fusion-tab-heading\"><i class=\"fontawesome-icon fa-palette fas\" aria-hidden=\"true\" style=\"font-size:19px;\"><\/i>Tallers<\/h4><\/a><\/li><li role=\"presentation\"><a class=\"tab-link\" data-toggle=\"tab\" role=\"tab\" aria-controls=\"tab-8729f8118e00ad79d2a\" aria-selected=\"false\" tabindex=\"-1\" id=\"fusion-tab-soundclash\" href=\"#tab-8729f8118e00ad79d2a\"><h4 class=\"fusion-tab-heading\"><i class=\"fontawesome-icon fa-music fas\" aria-hidden=\"true\" style=\"font-size:19px;\"><\/i>SoundClash<\/h4><\/a><\/li><\/ul><\/div><div class=\"tab-content\"><div class=\"nav fusion-mobile-tab-nav\"><ul class=\"nav-tabs\" role=\"tablist\"><li class=\"active\" role=\"presentation\"><a class=\"tab-link\" data-toggle=\"tab\" role=\"tab\" aria-controls=\"tab-70ba31d6220523d7719\" aria-selected=\"true\" id=\"mobile-fusion-tab-cartell\" href=\"#tab-70ba31d6220523d7719\"><h4 class=\"fusion-tab-heading\"><i class=\"fontawesome-icon fa-file-image fas\" aria-hidden=\"true\" style=\"font-size:19px;\"><\/i>Cartell <\/h4><\/a><\/li><\/ul><\/div><div class=\"tab-pane fade fusion-clearfix in active\" role=\"tabpanel\" tabindex=\"0\" aria-labelledby=\"fusion-tab-cartell\" id=\"tab-70ba31d6220523d7719\">\n<p><img decoding=\"async\" class=\"wp-image-24734 aligncenter\" src=\"http:\/\/esplac.cat\/wp-content\/uploads\/2019\/10\/cartellA3-pantalla-alta.jpg\" alt=\"\" width=\"996\" height=\"1408\" srcset=\"https:\/\/www.esplac.cat\/wp-content\/uploads\/2019\/10\/cartellA3-pantalla-alta-200x283.jpg 200w, https:\/\/www.esplac.cat\/wp-content\/uploads\/2019\/10\/cartellA3-pantalla-alta-212x300.jpg 212w, https:\/\/www.esplac.cat\/wp-content\/uploads\/2019\/10\/cartellA3-pantalla-alta-400x566.jpg 400w, https:\/\/www.esplac.cat\/wp-content\/uploads\/2019\/10\/cartellA3-pantalla-alta-600x849.jpg 600w, https:\/\/www.esplac.cat\/wp-content\/uploads\/2019\/10\/cartellA3-pantalla-alta-724x1024.jpg 724w, https:\/\/www.esplac.cat\/wp-content\/uploads\/2019\/10\/cartellA3-pantalla-alta-768x1086.jpg 768w, https:\/\/www.esplac.cat\/wp-content\/uploads\/2019\/10\/cartellA3-pantalla-alta-800x1132.jpg 800w, https:\/\/www.esplac.cat\/wp-content\/uploads\/2019\/10\/cartellA3-pantalla-alta-1200x1697.jpg 1200w, https:\/\/www.esplac.cat\/wp-content\/uploads\/2019\/10\/cartellA3-pantalla-alta.jpg 3508w\" sizes=\"(max-width: 996px) 100vw, 996px\" \/><\/p>\n<\/div><div class=\"nav fusion-mobile-tab-nav\"><ul class=\"nav-tabs\" role=\"tablist\"><li role=\"presentation\"><a class=\"tab-link\" data-toggle=\"tab\" role=\"tab\" aria-controls=\"tab-fd159134839ee21fbae\" aria-selected=\"false\" tabindex=\"-1\" id=\"mobile-fusion-tab-resnos&#039;atura\" href=\"#tab-fd159134839ee21fbae\"><h4 class=\"fusion-tab-heading\"><i class=\"fontawesome-icon fa-pencil-ruler fas\" aria-hidden=\"true\" style=\"font-size:19px;\"><\/i>Res no s'atura<\/h4><\/a><\/li><\/ul><\/div><div class=\"tab-pane fade fusion-clearfix\" role=\"tabpanel\" tabindex=\"0\" aria-labelledby=\"fusion-tab-resnos&#039;atura\" id=\"tab-fd159134839ee21fbae\">\n<blockquote>\n<p align=\"justify\">Tu que et compromets, que vius amb alegria, que dediques el teu temps lliure al voluntariat, que eduques a infants i joves, que viatges, que ets solidari\/\u00e0ria, que tens imaginaci\u00f3, que et motives, que t\u2019orientes all\u00e0 on vagis, que tens esperit cr\u00edtic, que t\u2019impliques, que reivindiques, que jugues, que prens decisions, que participes, que ets proper, que et preocupes pel teu entorn, que ets jove, que tens creativitat, que generes confian\u00e7a,\u00a0<strong>TU QUE ETS MONI D\u2019ESPLAI, RES NO T\u2019ATURA!<\/strong><\/p>\n<\/blockquote>\n<p><img decoding=\"async\" class=\"alignnone size-full wp-image-24774\" src=\"http:\/\/esplac.cat\/wp-content\/uploads\/2019\/10\/baner-monifestat-v.png\" alt=\"\" width=\"750\" height=\"217\" srcset=\"https:\/\/www.esplac.cat\/wp-content\/uploads\/2019\/10\/baner-monifestat-v-200x58.png 200w, https:\/\/www.esplac.cat\/wp-content\/uploads\/2019\/10\/baner-monifestat-v-300x87.png 300w, https:\/\/www.esplac.cat\/wp-content\/uploads\/2019\/10\/baner-monifestat-v-400x116.png 400w, https:\/\/www.esplac.cat\/wp-content\/uploads\/2019\/10\/baner-monifestat-v-600x174.png 600w, https:\/\/www.esplac.cat\/wp-content\/uploads\/2019\/10\/baner-monifestat-v.png 750w\" sizes=\"(max-width: 750px) 100vw, 750px\" \/><\/p>\n<p>La Monifesta\u2019t ser\u00e0 tamb\u00e9 un bon moment per\u00a0<strong>reivindicar l\u2019important paper educatiu dels monitors i monitores dels esplais<\/strong>. \u00c9s per aix\u00f2 que el diumenge farem una acci\u00f3 per fer-nos visibles i explicar a la ciutadania qu\u00e8 fem, qui som i com som els monitors i monitores d\u2019Esplais Catalans.<\/p>\n<\/div><div class=\"nav fusion-mobile-tab-nav\"><ul class=\"nav-tabs\" role=\"tablist\"><li role=\"presentation\"><a class=\"tab-link\" data-toggle=\"tab\" role=\"tab\" aria-controls=\"tab-70da8b78e1ec0932886\" aria-selected=\"false\" tabindex=\"-1\" id=\"mobile-fusion-tab-programa\" href=\"#tab-70da8b78e1ec0932886\"><h4 class=\"fusion-tab-heading\"><i class=\"fontawesome-icon fa-book-open fas\" aria-hidden=\"true\" style=\"font-size:19px;\"><\/i>Programa <\/h4><\/a><\/li><\/ul><\/div><div class=\"tab-pane fade fusion-clearfix\" role=\"tabpanel\" tabindex=\"0\" aria-labelledby=\"fusion-tab-programa\" id=\"tab-70da8b78e1ec0932886\">\n<div class=\"wpb_text_column wpb_content_element \">\n<div class=\"wpb_wrapper\">\n<table style=\"height: 808px;\" width=\"1159\" cellspacing=\"0\" cellpadding=\"4\">\n<colgroup>\n<col width=\"128*\" \/>\n<col width=\"128*\" \/><\/colgroup>\n<tbody>\n<tr>\n<td colspan=\"2\">\n<p align=\"CENTER\"><strong>Dissabte 26 d\u2019abril<\/strong><\/p>\n<\/td>\n<td colspan=\"2\">\n<p align=\"CENTER\"><strong>Diumenge 27 d\u2019abril<\/strong><\/p>\n<\/td>\n<\/tr>\n<tr valign=\"TOP\">\n<td><strong>9:30<\/strong><\/td>\n<td><strong>Arribada i<\/strong> <strong>inscripcions<\/strong><br \/>\n<strong>Killer<\/strong><br \/>\n<sub>Organitza: Sector Bages-Bergued\u00e0\u00a0<\/sub><\/td>\n<td><strong>8:30<\/strong><\/td>\n<td><strong>Matinades, bon dia i recollida espais<\/strong><br \/>\n<sub>Organitza: Sector Barcelona<\/sub><\/td>\n<\/tr>\n<tr valign=\"TOP\">\n<td><strong>10:00<\/strong><\/td>\n<td><strong>Gimcana de jocs de coneixen\u00e7a<\/strong><br \/>\n<sub>Organitza: Sector Maresme\u00a0<\/sub><\/td>\n<td><strong>9:00<\/strong><\/td>\n<td><strong>Esmorzar<\/strong><\/td>\n<\/tr>\n<tr valign=\"TOP\">\n<td><strong>11:45<\/strong><\/td>\n<td><strong>Final conjunt gimcana coneixen\u00e7a.<\/strong><br \/>\n<strong>Presentaci\u00f3\u00a0MONIFESTA\u2019T 2014<\/strong><\/td>\n<td><strong>9:45<\/strong><\/td>\n<td><strong>Aer\u00f2bic matinal<\/strong><br \/>\nOrganitza: Sector Barcelona<\/td>\n<\/tr>\n<tr valign=\"TOP\">\n<td><strong>12:00<\/strong><\/td>\n<td><strong>Estona lliure<\/strong><\/td>\n<td><strong>10:15<\/strong><\/td>\n<td><strong>Guerra de sectors<\/strong><br \/>\n<sub>Organitza: Sector Pened\u00e8s-Garraf\u00a0<\/sub><\/td>\n<\/tr>\n<tr valign=\"TOP\">\n<td><strong>12:15<\/strong><\/td>\n<td><strong>Formacions i debats<\/strong><br \/>\n<sub>Organitza: Grup de treball per a la revisi\u00f3\u00a0del Projecte Educatiu.<\/sub><\/td>\n<td><strong>13:00<\/strong><\/td>\n<td><strong>Acci\u00f3 reivindicativa paper dels monis<\/strong><br \/>\n<sub>Organitza: Sector Barcelon\u00e8s Nord i Equip de Direcci\u00f3\u00a0<\/sub><\/td>\n<\/tr>\n<tr valign=\"TOP\">\n<td><strong>14:15<\/strong><\/td>\n<td><strong>Dinar de carmanyola i migdiada col\u00b7lectiva<\/strong><\/td>\n<td><strong>14:45<\/strong><\/td>\n<td><strong>Dinar popular<\/strong><\/td>\n<\/tr>\n<tr valign=\"TOP\">\n<td><strong>16:00<\/strong><\/td>\n<td><strong>Seguim formacions i debats<\/strong><\/td>\n<td><strong>15:15<\/strong><\/td>\n<td><strong>Sobretaula<\/strong><\/td>\n<\/tr>\n<tr valign=\"TOP\">\n<td><strong>17:45<\/strong><\/td>\n<td><strong>Berenar<\/strong><\/td>\n<td><strong>16:30<\/strong><\/td>\n<td><strong>Comiat<\/strong><br \/>\n<sub>Organitza: Sector Baix Llobregat<\/sub><\/td>\n<\/tr>\n<tr valign=\"TOP\">\n<td><strong>18:15<\/strong><\/td>\n<td><strong>Tallers<\/strong><br \/>\n<sub>Organitzats pels Sectors Geogr\u00e0fics, les\u00a0Comissions,<br \/>\nl\u2019Equip de Direcci\u00f3 i associacions col\u00b7laboradores.<\/sub><\/td>\n<td colspan=\"2\" rowspan=\"5\"><\/td>\n<\/tr>\n<tr valign=\"TOP\">\n<td><strong>20:00<\/strong><\/td>\n<td><strong>Activitat conjunta<\/strong><br \/>\n<sub>Organitza: Sector Vall\u00e8s\u00a0<\/sub><\/td>\n<\/tr>\n<tr valign=\"TOP\">\n<td><strong>21:00<\/strong><\/td>\n<td><strong>Sopar<\/strong><\/td>\n<\/tr>\n<tr valign=\"TOP\">\n<td><strong>22:00<\/strong><\/td>\n<td><strong>Correbars i xaranga<\/strong><br \/>\n<sub>Organitza: Sector Camp de Tarragona<\/sub><\/td>\n<\/tr>\n<tr valign=\"TOP\">\n<td><strong>23:00<\/strong><\/td>\n<td><strong>Concert i Esplac Soundclash<\/strong><br \/>\n<sub>Organitza: Sector Camp de Tarragona\u00a0<\/sub><\/td>\n<\/tr>\n<\/tbody>\n<\/table>\n<\/div>\n<\/div>\n<\/div><div class=\"nav fusion-mobile-tab-nav\"><ul class=\"nav-tabs\" role=\"tablist\"><li role=\"presentation\"><a class=\"tab-link\" data-toggle=\"tab\" role=\"tab\" aria-controls=\"tab-03ef6a4b6bfe9bc1ece\" aria-selected=\"false\" tabindex=\"-1\" id=\"mobile-fusion-tab-localitzaci\u00f3\" href=\"#tab-03ef6a4b6bfe9bc1ece\"><h4 class=\"fusion-tab-heading\"><i class=\"fontawesome-icon fa-map-marker-alt fas\" aria-hidden=\"true\" style=\"font-size:19px;\"><\/i>Localitzaci\u00f3<\/h4><\/a><\/li><\/ul><\/div><div class=\"tab-pane fade fusion-clearfix\" role=\"tabpanel\" tabindex=\"0\" aria-labelledby=\"fusion-tab-localitzaci\u00f3\" id=\"tab-03ef6a4b6bfe9bc1ece\">\n<p>La Monifesta\u2019t tindr\u00e0 lloc a diversos espais de la poblaci\u00f3 de\u00a0<strong>Vila-seca<\/strong>. Fer la trobada al\u00a0<strong>Camp de Tarragona<\/strong>\u00a0\u00e9s una manera de donar a con\u00e8ixer qui som i qu\u00e8 fem en un sector de nova constituci\u00f3, per a qu\u00e8 se\u2019ns escolti i se\u2019ns reconegui la feina que es fa dia a dia a cada un dels llocs on un esplai desenvolupa la seva activitat.<\/p>\n<p>En\u00a0<a href=\"https:\/\/mapsengine.google.com\/map\/edit?mid=z4ysMisekbZg.kglZ2sMfxY20\" target=\"_blank\" rel=\"noopener noreferrer\"><strong>aquest mapa<\/strong><\/a>\u00a0anirem afegint els diferents espais en qu\u00e8 es desenvolupar\u00e0 la trobada.<\/p>\n<\/div><div class=\"nav fusion-mobile-tab-nav\"><ul class=\"nav-tabs\" role=\"tablist\"><li role=\"presentation\"><a class=\"tab-link\" data-toggle=\"tab\" role=\"tab\" aria-controls=\"tab-b25ed9251c97da82abf\" aria-selected=\"false\" tabindex=\"-1\" id=\"mobile-fusion-tab-inscripcions\" href=\"#tab-b25ed9251c97da82abf\"><h4 class=\"fusion-tab-heading\"><i class=\"fontawesome-icon fa-calendar-check fas\" aria-hidden=\"true\" style=\"font-size:19px;\"><\/i>Inscripcions<\/h4><\/a><\/li><\/ul><\/div><div class=\"tab-pane fade fusion-clearfix\" role=\"tabpanel\" tabindex=\"0\" aria-labelledby=\"fusion-tab-inscripcions\" id=\"tab-b25ed9251c97da82abf\">\n<p>Podeu formalitzar les inscripcions a la Monifesta\u2019t 2014 a trav\u00e9s de l\u2019<a title=\"assac on-line\" href=\"http:\/\/assac.esplac.cat\/\" target=\"_blank\" rel=\"noopener noreferrer\">Assac On-line<\/a>.<br \/>\nAbans de comen\u00e7ar el proc\u00e9s d\u2019inscripci\u00f3 us recomanem que recolliu pr\u00e8viament la seg\u00fcent informaci\u00f3:<\/p>\n<ul>\n<li>Quins monitors i monitores participareu a la Monifesta\u2019t.<\/li>\n<li>A quins \u00e0pats us apuntareu.<\/li>\n<li>Les talles de samarreta de cada participant.<\/li>\n<li>Les 2 formacions preferides de cada participant.<\/li>\n<li>Els 2 tallers preferits de cada participant.<\/li>\n<li>Quins participants vindreu en autocar.<\/li>\n<li>Quins participants fareu correbars.<\/li>\n<\/ul>\n<p><strong>Per\u00edodes d\u2019inscripcions<\/strong><\/p>\n<p>Des del\u00a0<strong>18 de mar\u00e7 fins el 7 d\u2019abril<\/strong>\u00a0us podeu inscriure a la Monifesta\u2019t a trav\u00e9s de l\u2019<a title=\"assac on-line\" href=\"http:\/\/assac.esplac.cat\/\" target=\"_blank\" rel=\"noopener noreferrer\">Assac On-line<\/a>. Per poder fer millor previsi\u00f3 log\u00edstica de la trobada, recomanem que us inscriviu en aquest per\u00edode. A m\u00e9s a m\u00e9s, les persones inscrites en el segon per\u00edode no tindran samarreta de la trobada.<\/p>\n<p>Des del\u00a0<strong>8 fins el 16 d\u2019abril<\/strong>\u00a0s\u2019obre un segon per\u00edode d\u2019inscripcions extraordinari. Per q\u00fcestions log\u00edstiques, els inscrits en aquest per\u00edode NO se\u2019ls podr\u00e0 lliurar la samarreta de la trobada.<\/p>\n<p><em>*Inscripcions als tallers de dissabte a la tarda<\/em><\/p>\n<p>El dia\u00a0<strong>24 de mar\u00e7 publicarem el programa de tallers<\/strong>\u00a0que farem el dissabte a la tarda i obrirem un nou pas al les inscripcions que permetr\u00e0 triar 2 tallers a cada participant. Si heu fet la vostra inscripci\u00f3 abans del dia 24, recordeu que no estar\u00e0 finalitzada fins que complimenteu aquesta part.<\/p>\n<p align=\"justify\"><strong>Inscripci\u00f3 pas a pas<\/strong><\/p>\n<p align=\"justify\">Per fer les inscripcions correctament cal que seguiu tots els passos. A cada pas hi ha informaci\u00f3 important que cal tenir en compte abans d\u2019introduir les dades. Llegiu-les amb deteniment, gr\u00e0cies!<\/p>\n<p align=\"justify\"><strong>Inscripci\u00f3 membres del Gran Comit\u00e8<\/strong><\/p>\n<p align=\"justify\">Els membres de comissions, equip de direcci\u00f3 i equips generals de sector que formareu part de l\u2019Equip d\u2019Organitzaci\u00f3, NO us heu d\u2019inscriure a trav\u00e9s de l\u2019Assac On-line. Us enviarem al vostre correu un formulari on-line espec\u00edfic.<\/p>\n<p align=\"justify\"><strong>Preu<\/strong><\/p>\n<p align=\"justify\">El preu de la inscripci\u00f3 \u00e9s de 10,80\u20ac* per monitor\/a. El transport en autocar (5,5\u20ac\/viatge) i el correbars (5\u20ac\/participant) s\u00f3n opcionals i tenen un cost a part de la inscripci\u00f3.<\/p>\n<p align=\"justify\"><em>*La quota de participaci\u00f3 \u00e9s de 12\u20ac. Com a totes les activiats, per acord del Gran Comit\u00e8, el 10% d\u2019aquesta quota es far\u00e0 efectiu via liquidaci\u00f3 a tots els esplais federats.<\/em><\/p>\n<\/div><div class=\"nav fusion-mobile-tab-nav\"><ul class=\"nav-tabs\" role=\"tablist\"><li role=\"presentation\"><a class=\"tab-link\" data-toggle=\"tab\" role=\"tab\" aria-controls=\"tab-eb0460a86812c1cfab3\" aria-selected=\"false\" tabindex=\"-1\" id=\"mobile-fusion-tab-organitzaci\u00f3\" href=\"#tab-eb0460a86812c1cfab3\"><h4 class=\"fusion-tab-heading\"><i class=\"fontawesome-icon fa-sitemap fas\" aria-hidden=\"true\" style=\"font-size:19px;\"><\/i>Organitzaci\u00f3<\/h4><\/a><\/li><\/ul><\/div><div class=\"tab-pane fade fusion-clearfix\" role=\"tabpanel\" tabindex=\"0\" aria-labelledby=\"fusion-tab-organitzaci\u00f3\" id=\"tab-eb0460a86812c1cfab3\">\n<p>Totes les persones que formem part d\u2019Esplais Catalans participem en el disseny, la preparaci\u00f3 i el desenvolupament de la Monifesta\u2019t. Volem que sigui un esdeveniment fet entre tots i totes, que tothom s\u2019hi senti part i que tothom hi participi activament. Com?<\/p>\n<ul>\n<li><strong>Els monitores i monitores<\/strong>: fent propostes i implicant-se en la organitzaci\u00f3 d\u2019una part del programa. Participant activament i garantint el bon funcionament de la Monifesta\u2019t. Sent-e els m\u00e0xims protagonistes!<\/li>\n<li><strong>Sectors geogr\u00e0fics<\/strong>: responsabilitzant-se de recollir les propostes dels esplais i encarregant-se d\u2019organitzar i dinamitzar determinades parts del programa de la Monifesta\u2019t.<\/li>\n<li><strong>Comissions<\/strong>: donant suport en l\u2019elaboraci\u00f3 dels continguts de les formacions i els tallers de la Monifesta\u2019t.<\/li>\n<li><strong>Equips Generals de Sector<\/strong>: garantint la preparaci\u00f3 de les activitats assignades a cada sector, elaborant els continguts de les formacions i formant part de la organitzaci\u00f3 durant la Monifesta\u2019t.<\/li>\n<li><strong>Gran Comit\u00e8<\/strong>: fent proposta de llocs, continguts i el funcionament de la Monifesta\u2019t.<\/li>\n<li><strong>Equip de Direcci\u00f3<\/strong>: validant el lloc, projecte, proc\u00e9s i pressupost de la Monfesta\u2019t. Elaborant continguts per a les formacions i coordinant el trasp\u00e0s d\u2019informaci\u00f3 entre els diferents equips que fem possible la trobada.<\/li>\n<li><strong>Secretaria T\u00e8cnica<\/strong>: fent propostes t\u00e8cniques i donant suport en la organitzaci\u00f3 de la Monifesta\u2019t.<\/li>\n<\/ul>\n<p><strong>Durant la Monifesta\u2019t<\/strong><\/p>\n<p>Durant la Monifesta\u2019t, les membres dels Equips Generals de Sector, l\u2019Equip de Direcci\u00f3 i la Secretaria T\u00e8cnica forman l\u2019<strong>Equip d\u2019Organitzaci\u00f3<\/strong>\u00a0encarregat de la log\u00edsitica de tota la Monifesta\u2019t.<br \/>\n<strong>Tots els monitors i monitores seran responsables del bon funcionament de la trobada<\/strong>\u00a0amb el seu comprom\u00eds en l\u2019acompliment d\u2019horaris, el respecte a la normativa dels diferents espais de la trobada, la seva participaci\u00f3 activa i, sobretot, la seva motivaci\u00f3!<\/p>\n<\/div><div class=\"nav fusion-mobile-tab-nav\"><ul class=\"nav-tabs\" role=\"tablist\"><li role=\"presentation\"><a class=\"tab-link\" data-toggle=\"tab\" role=\"tab\" aria-controls=\"tab-003fbd10b3ce1446583\" aria-selected=\"false\" tabindex=\"-1\" id=\"mobile-fusion-tab-formaci\u00f3\" href=\"#tab-003fbd10b3ce1446583\"><h4 class=\"fusion-tab-heading\"><i class=\"fontawesome-icon fa-glasses fas\" aria-hidden=\"true\" style=\"font-size:19px;\"><\/i>Formaci\u00f3<\/h4><\/a><\/li><\/ul><\/div><div class=\"tab-pane fade fusion-clearfix\" role=\"tabpanel\" tabindex=\"0\" aria-labelledby=\"fusion-tab-formaci\u00f3\" id=\"tab-003fbd10b3ce1446583\">\n<p>La Monifesta\u2019t tindr\u00e0 una vessant formativa en qu\u00e8 aprofitarem l\u2019oportunitat que ofereix un espai de trobada tant important com aquest per fer un punt i seguit a la revisi\u00f3 del projecte educatiu.<\/p>\n<p>Durant les formacions volem trobar i sobretot compartir, els \u201cperqu\u00e8s\u201d que ens porten a fer esplai d\u2019una manera concreta i no \u201cfer-ho aix\u00ed perqu\u00e8 s\u2019ha fet sempre\u201d, per poder-ne extreure els punts en com\u00fa que tenim els esplais. Ser\u00e0n formacions doncs, en qu\u00e8 compartirem qu\u00e8 fem els esplais sobre diversos temes, identificarem nous reptes, concretarem les tasques que desenvolupem els monitors i monitores i, esperem que ens enriqueixin i ens generin ganes de continuar aprenent i millorant la nostra tasca educativa.<\/p>\n<p>Farem<strong>\u00a026 formacions simult\u00e0nies<\/strong>\u00a0que es duran a terme entre el mat\u00ed i part de la tarda de dissabte. A l\u2019hora de formalitzar les inscripcions a la Monifesta\u2019t, cada participant podr\u00e0 pre-inscriure\u2019s ales dues formacions que prefereixi de tota la llista. La organitzaci\u00f3 s\u2019encarregar\u00e0 de distribuir els participants en les formacions segons les vostres prefer\u00e8ncies. El mateix dissabte 26 d\u2019abril us comunicarem quina formaci\u00f3 se us ha assignat. Les formacions que no tinguin un m\u00ednim de participants no es podran realitzar.<\/p>\n<p>Si vols contribuir al proc\u00e9s de revisi\u00f3 del nostre projecte educatiu i ajudar-nos al disseny de les formacions, et demanem la teva col\u00b7laboraci\u00f3 contestant l\u2019<a href=\"https:\/\/docs.google.com\/a\/esplac.cat\/forms\/d\/1S025nPPsy32nkyxnZ3tRQCTfKg_TmBn8sG3pEuDORQQ\/viewform\" target=\"_blank\" rel=\"noopener noreferrer\">enquesta que trobar\u00e0s aqu\u00ed<\/a>. S\u00f3n nom\u00e9s 2 minuts! Moltes gr\u00e0cies per endavant!<\/p>\n<p><strong>Programa de formacions<\/strong><\/p>\n<p>Tot seguit podeu consultar el\u00a0<strong>programa de formacions<\/strong>\u00a0i anar pensant la formaci\u00f3 a qu\u00e8 us agradaria participar:<\/p>\n<p><strong>1. La diversitat cultural<\/strong><\/p>\n<p align=\"justify\">L\u2019entenem com la multiplicitat de mitjans pels quals s\u2019expressen les cultures dels grups i de les societats. Aquestes expressions culturals es transmeten dins i entre les societats. Qu\u00e8 diu el nostre projecte sobre l\u2019atenci\u00f3 a aquesta diversitat cultural? Qu\u00e8 fem a l\u2019esplai? Som capa\u00e7os de ser suficientment oberts per incloure persones de diferents cultures? Ho hem de ser? Hem de renunciar a aspectes essencials de l\u2019esplai? Que ha de pesar m\u00e9s la tradici\u00f3 o la diversitat?<\/p>\n<p align=\"justify\"><strong>2. La diversitat funcional<\/strong><\/p>\n<p align=\"justify\">Aquest concepte s\u2019utilitza per substituir el terme discapacitat per tal de treure\u2019n la connotaci\u00f3 negativa. Alhora fa refer\u00e8ncia a referir-se al fet que entre els membres de la societat cadascun t\u00e9 unes determinades capacitats, la qual cosa genera una diversitat que (com la resta de diversitats) ha de ser gestionada de manera que no es produeixin exclusions o discriminacions. Qu\u00e8 diu el nostre projecte sobre l\u2019atenci\u00f3 a la diversitat funcional?Qu\u00e8 fem a l\u2019esplai? Som capa\u00e7os de ser suficientment oberts per incloure persones amb necessitats diferents i espec\u00edfiques? Ho hem de ser? Hem de renunciar a aspectes essencials de l\u2019esplai? Que ha de pesar m\u00e9s la tradici\u00f3 o la diversitat?<\/p>\n<p align=\"justify\"><strong>3. La coeducaci\u00f3<\/strong><\/p>\n<p align=\"justify\">A l\u2019esplai treballem la coeducaci\u00f3, per\u00f2 se\u2019ns plantegen algunes preguntes. Com tractem el g\u00e8nere. Com \u00e9s crea la identitat de g\u00e8nere. Evitem els mecanismes i les din\u00e0miques que reprodueixen desigualtats de g\u00e8nere? Com ens relacionem entre els monitors i monitores, com ens relacionem amb les fam\u00edlies? Com ens relacionem amb els nens i les nenes? Compartirem conceptes i eines operatives per al dia a dia de l\u2019esplai.<\/p>\n<p align=\"justify\"><strong>4. L\u2019educaci\u00f3 emocional<\/strong><\/p>\n<p align=\"justify\">A l\u2019esplai eduquem de manera integral infants i joves. Com tenim en compte l\u2019educaci\u00f3 emocional a l\u2019esplai?Controlem qu\u00e8 transmetem emocionalment als infants? Tenim en compte els sentiments dels infants a la hora de pensar les activitats? Formem infants i joves sensibles en temes socials, per\u00f2 prou forts emocionalment per fer front a les problem\u00e0tiques personals?<\/p>\n<p align=\"justify\"><strong>5. L\u2019educaci\u00f3 per la salut<\/strong><\/p>\n<p align=\"justify\">\u00c9s el proc\u00e9s d\u2019aprendre a responsabilitzar-se del propi estil de vida. A l\u2019esplai fem educaci\u00f3 per la salut. Qu\u00e8 en penseu? Tenim en compte temes de salut en el quotidi\u00e0 i en les activitats? \u00c9s important el que consumim a l\u2019esplai? \u00c9s important el que consumim els monitors i monitores? Ens hem d\u2019amagar si fumem? Els infants poden saber que fumem i bevem fora de l\u2019esplai? Com tractem el dret al propi cos? Hem d\u2019obligar als infants a acabar-se el menjar? Com entenem l\u2019alimentaci\u00f3?<\/p>\n<p align=\"justify\"><strong>6. L\u2019educaci\u00f3 sexual<\/strong><\/p>\n<p align=\"justify\">\u00c9s el terme emprat per a descriure l\u2019educaci\u00f3sobre lasexualitat humana, l\u2019aparell reproductor femen\u00edimascul\u00ed, l\u2019orientaci\u00f3 sexual, lesrelacions sexuals, l\u2019\u00fas d\u2019anticonceptius, elsexe segur, lareproducci\u00f3i altres aspectes de lasexualitat humana. A l\u2019esplai fem educaci\u00f3 per la salut. Qu\u00e8 en penseu? Amb totes les edats? Tenim en compte l\u2019educaci\u00f3 sexual en el quotidi\u00e0 i en les activitats? Tenim eines per fer-ho? Tractem el dret al propi cos? Quin paper tenim els monitors i monitores? Quin paper hi tenen les fam\u00edlies?<\/p>\n<p align=\"justify\"><strong>7. L\u2019educaci\u00f3 ambiental<\/strong><\/p>\n<p>L\u2019educaci\u00f3 ambiental \u00e9s un proc\u00e9s permanent en el qual els individus i les comunitats prenen consci\u00e8ncia del seu medi i aprenen els coneixements, els valors, les destreses, l\u2019experi\u00e8ncia i, tamb\u00e9, la determinaci\u00f3 que els capaciten per actuar, individualment i col\u00b7lectivament, en la resoluci\u00f3 dels problemes ambientals presents i futurs. Com treballem aquests aspectes amb els infants i joves de l\u2019esplai?<\/p>\n<p><strong>8. L\u2019aprenentatge vivencial<\/strong><\/p>\n<p align=\"justify\">Volem fer un an\u00e0lisi del quotidi\u00e0, l\u2019infant com a protagonista de la seva viv\u00e8ncia i del seu aprenentatge. La import\u00e0ncia de l\u2019aprendre fent, de l\u2019assaig-error, de l\u2019assumpci\u00f3 de la responsabilitat de les conseq\u00fc\u00e8ncies dels nostres actes. Volem millorar l\u2019observaci\u00f3 que fem dels infants, de l\u2019espai i de com es relacionen i ens relacionem. Les estones lliures s\u00f3n importants? Quin objectiu tenen? Son lliures per a qu\u00e8 i per a qui?<\/p>\n<p align=\"justify\"><strong>9. L\u2019espai educatiu<\/strong><\/p>\n<p align=\"justify\">L\u2019espai educatiu \u00e9s el lloc on esdev\u00e9 l\u2019acci\u00f3 educativa. Quina import\u00e0ncia t\u00e9? Hi ha difer\u00e8ncies entre educar dins i fora del local de l\u2019esplai? Fins quin punt \u00e9s important tenir o no tenir finestres. Parlarem del no espai, dels \u00e0pats, els trajectes (bus, tren, carrer)\u2026<\/p>\n<p align=\"justify\"><strong>10. El sentiment de pertinen\u00e7a<\/strong><\/p>\n<p align=\"justify\">\u00c9s una dimensi\u00f3 social de la persona, un aspecte clau en el desenvolupament personal perqu\u00e8 el sentiment de que formes part d\u2019un grup ajuda a sentir-te ubicat i poder desenvolupar les potencialitats. La construcci\u00f3 d\u2019aquesta dimensi\u00f3 col\u00b7lectiva \u00e9s abstracte, perqu\u00e8 parlem de persones. Ens costa definir-la per treballar-la, aix\u00ed que tendim a representar-la. La representem amb elements, h\u00e0bits, etc. que ens ajuden a definir el col\u00b7lectiu del qual formem part. El primer marc on es desenvolupa el sentiment de pertinen\u00e7a \u00e9s la fam\u00edlia, el segon l\u2019escola i l\u2019esplai! Ho tenim en compte?<\/p>\n<p align=\"justify\"><strong>11. El grup<\/strong><\/p>\n<p align=\"justify\">El grup \u00e9s el m\u00e9s important per a l\u2019infant a l\u2019esplai, a banda de qu\u00e8 hi fem. Com formem els grups a l\u2019esplai? Com fem el pas dels infants d\u2019un grup a l\u2019altre? Qu\u00e8 t\u00e9 m\u00e9s pes la tradici\u00f3 o la coher\u00e8ncia amb el projecte educatiu? Deixem que un infant es canvi\u00ef de grup si se sent m\u00e9s c\u00f2mode en un altre d\u2019edat superior o inferior? Som creatius a la hora de fer grups? Qu\u00e8 ens aporta treballar amb grups verticals?<\/p>\n<p align=\"justify\"><strong>12. El c\u00e0stig<\/strong><\/p>\n<p align=\"justify\">El c\u00e0stig est\u00e0 relacionat amb l\u2019aprenentatge vivencial i amb l\u2019assumpci\u00f3 de la responsabilitat de les conseq\u00fc\u00e8ncies dels nostres actes. Parlarem de l\u2019autoritat i l\u2019autoritarisme. De la jerarquia. De la coher\u00e8ncia educativa. Parlarem tamb\u00e9 dels premis, de les expectatives que tenim com a monitors i monitores i les que creem als infants.<\/p>\n<p align=\"justify\"><strong>13. Els campaments, col\u00f2nies i rutes<\/strong><\/p>\n<p align=\"justify\">El fet de marxar de l\u2019entorn habitual fa que els infants descobreixin les capacitats que tenen. Aquest nou context \u00e9s ric per si mateix en descobriments, dona lloc a noves possibilitats de joc. O es pot convertir en el nou joc.Els campaments, col\u00f2nies i rutes faciliten l\u2019aprenentatge entre iguals perqu\u00e8 trenquem les barreres de la persona gran i la petita. L\u2019adult juga i actua en el joc proposat i guiat per l\u2019infant. L\u2019infant marca les normes i el context (no els grans als petits..!).<\/p>\n<p align=\"justify\"><strong>14. Les a<\/strong><strong>ctivitats internacionals<\/strong><\/p>\n<p align=\"justify\">S\u00f3n aquelles activitats que inclouen infants, joves i monitors de diferents pa\u00efsos que comparteixen un projecte com\u00fa. Quines s\u00f3n les caracter\u00edstiques pr\u00f2pies de les activitats internacionals? Quin sentit tenen per als infants i joves? Com les escollim? Com les preparem? Com ens preparem per aquestes activitats? Com afrontem la interculturalitat?<\/p>\n<p align=\"justify\"><strong>15. L\u2019internacionalisme<\/strong><\/p>\n<p align=\"justify\">Com treballem l\u2019internacionalisme a l\u2019esplai? Aprofitem les oportunitats que ens ofereix el contacte internacional. Entenem internacionalisme com l\u2019actitud de mirar cap enfora, de compartir experi\u00e8ncies i projectes, la interculturalitat. Quin sentit t\u00e9 en el projecte educatiu de l\u2019esplai? Qu\u00e8 aporta als infants i joves?<\/p>\n<p align=\"justify\"><strong>16. La m\u00fasica<\/strong><\/p>\n<p align=\"justify\">Escoltem m\u00fasica a les estones lliures i als tallers, abans d\u2019anar a dormir i potser al despertar-nos. Per\u00f2 fem servir la m\u00fasica com a eina? La m\u00fasica i el cant ens permet que gent molt diversa faci coses conjuntament. Els centres d\u2019inter\u00e8s tamb\u00e9 poden incorporar la m\u00fasica i donar protagonisme als infants.<\/p>\n<p align=\"justify\"><strong>17. Les TAC (tecnologies aplicades a la comunicaci\u00f3)<\/strong><\/p>\n<p align=\"justify\">Els monitors i monitores tenim clar que volem treballar sobre la xarxa. El problema \u00e9s que normalment ens creem uns personatges de cara als infants a l\u2019esplai que es pot veure destru\u00eft a trav\u00e9s de la xarxa. Els problemes a la xarxa s\u00f3n els mateixos que es donen a la realitat. Els monitors i monitores tenim molt poder en transmetre qu\u00e8 vol dir el respecte, la comunicaci\u00f3.<\/p>\n<p align=\"justify\"><strong>18. El joc<\/strong><\/p>\n<p align=\"justify\">La \u00fanica condici\u00f3 que un joc sigui un joc \u00e9s la llibertat. S\u2019ha de jugar per voluntat de cadasc\u00fa, sense obligaci\u00f3, si li posem obligaci\u00f3, matem el joc. Quan programem pensem en el joc i els seus objectius o ho fem a partir dels objectes que tenim? Guanyar no \u00e9s dolent, lo dolent \u00e9s no ser humil. Quines possibilitats ofereix el joc cooperatiu? Sabem jugar als jocs cooperatius?<\/p>\n<p align=\"justify\"><strong>19. El conte<\/strong><\/p>\n<p align=\"justify\">\u00c9s important con\u00e8ixer la diversitat que ofereixen els contes. Cal donar l\u2019oportunitat a la literatura infantil que transgredeix, que canvia el paradigma, els rols de g\u00e8nere, de classes\u2026 Els contes no s\u00f3n nom\u00e9s per infants tamb\u00e9 s\u00f3n una bona eina per a treballar conceptes amb grups de joves. No busquem que els contes ens donin lli\u00e7ons, cerquem contes que expliquen una hist\u00f2ria, que ens emocionen, que ens captiven.<\/p>\n<p align=\"justify\"><strong>20. El centre d\u2019inter\u00e8s<\/strong><\/p>\n<p align=\"justify\">Cal descobrir les veritables necessitats dels infants perqu\u00e8 aix\u00f2 ens permetr\u00e0 con\u00e8ixer els seus interessos a partir dels quals ells cercaran el coneixement. Els centres d\u2019inter\u00e8s han de respondre a interessos dels infants o han de fomentar la imaginaci\u00f3. El fet que els centres d\u2019inter\u00e8s siguin \u201cm\u00e0gics\u201d ajuda a tractar temes reals amb m\u00e9s dist\u00e0ncia?<\/p>\n<p align=\"justify\"><strong>21. El treball en xarxa<\/strong><\/p>\n<p align=\"justify\">\u00c9s el treball de col\u00b7laboraci\u00f3 i complementaci\u00f3 entre diferents entitats i recursos d\u2019un mateix \u00e0mbit territorial. Com ens relacionem amb els agents externs a l\u2019esplai? Com influeixen aquests a l\u2019esplai? I el que \u00e9s m\u00e9s important, com afecta (directament i indirectament) a l\u2019infant (el centre de la nostra tasca educativa) la relaci\u00f3 amb l\u2019entorn? Quin sentit t\u00e9 en el projecte educatiu de l\u2019esplai?<\/p>\n<p align=\"justify\"><strong>22. L\u2019expressi\u00f3 corporal i els tallers<\/strong><\/p>\n<p align=\"justify\">L\u2019expressi\u00f3 corporal \u00e9s la t\u00e8cnica que desenvolupa la capacitat d\u2019entendre el propi cos i d\u2019interpretar amb ell, per poder relacionar-se amb els altres. Els tallers permeten desenvolupar les capacitats d\u2019interpretaci\u00f3 i expressi\u00f3 mitjan\u00e7ant materials f\u00edsics. Treballem l\u2019expressi\u00f3 art\u00edstica? Fomentem la creativitat? Com? Quina finalitat els donem? Fem teatre amb els infants? Amb quina finalitat? I amb el joves?<\/p>\n<p align=\"justify\"><strong>23. Qui forma part de l\u2019esplai?<\/strong><\/p>\n<p align=\"justify\">L\u2019infant, els monitors i monitores i les fam\u00edlies formen part de l\u2019esplai. Com entenem cadascun d\u2019aquests agents? Quin paper tenen a l\u2019esplai? Hi ha m\u00e9s agents que formen part o influeixen a l\u2019esplai? Els tenim en compte? Quin paper hi juguen?<\/p>\n<p align=\"justify\"><strong>24. La participaci\u00f3 dels infants<\/strong><\/p>\n<p align=\"justify\">Parlarem del paper de l\u2019infant a l\u2019esplai, l\u2019infant com a protagonista de la seva viv\u00e8ncia i del seu aprenentatge. Hi ha l\u00edmits en la participaci\u00f3, els hem de marcar, dep\u00e8n de l\u2019edat o de les caracter\u00edstiques dels infants? Parlarem tamb\u00e9 de les assemblees infantils, com a espai de trobada, de decisi\u00f3, de valoraci\u00f3. Sobre el treball per projectes com a m\u00e8tode de treball amb els infants i com a eina per aconseguir fites col\u00b7lectives.<\/p>\n<p align=\"justify\"><strong>25. La participaci\u00f3 de les fam\u00edlies<\/strong><\/p>\n<p align=\"justify\">Parlarem del paper de les fam\u00edlies a l\u2019esplai. Com participen a l\u2019esplai? Ajuden, organitzen, s\u00f3n una comissi\u00f3? Hi ha l\u00edmits en la participaci\u00f3, els hem de marcar? Fem assemblees amb les fam\u00edlies, fem valoracions amb les fam\u00edlies? Les fam\u00edlies poden decidir sobre l\u2019educaci\u00f3 que donem als infants, sobre els valors de l\u2019esplai? Ens cal una junta de fam\u00edlies a l\u2019esplai?<\/p>\n<p align=\"justify\"><strong>26. La participaci\u00f3 de l\u2019equip de monitors i monitores<\/strong><\/p>\n<p align=\"justify\">Parlem del paper dels monitors i monitores a l\u2019esplai. Com ens organitzem? Ens organitzem tenint en compte la metodologia pedag\u00f2gica de l\u2019esplai? L\u2019organitzaci\u00f3 de l\u2019equip de monitors i monitores reflexa com \u00e9s l\u2019esplai?<\/p>\n<\/div><div class=\"nav fusion-mobile-tab-nav\"><ul class=\"nav-tabs\" role=\"tablist\"><li role=\"presentation\"><a class=\"tab-link\" data-toggle=\"tab\" role=\"tab\" aria-controls=\"tab-54d56b66afdf11ddab0\" aria-selected=\"false\" tabindex=\"-1\" id=\"mobile-fusion-tab-tallers\" href=\"#tab-54d56b66afdf11ddab0\"><h4 class=\"fusion-tab-heading\"><i class=\"fontawesome-icon fa-palette fas\" aria-hidden=\"true\" style=\"font-size:19px;\"><\/i>Tallers<\/h4><\/a><\/li><\/ul><\/div><div class=\"tab-pane fade fusion-clearfix\" role=\"tabpanel\" tabindex=\"0\" aria-labelledby=\"fusion-tab-tallers\" id=\"tab-54d56b66afdf11ddab0\">\n<p align=\"justify\">Durant la tarda de dissabte tindrem tallers de diferents tem\u00e0tiques organitzats pels sectors geogr\u00e0fics i comissions d\u2019Esplais Catalans.<\/p>\n<p align=\"justify\">Com a les formacions, cada participant es podr\u00e0 pre-inscriure a dos tallers i la organitzaci\u00f3 s\u2019encarregar\u00e0 de fer la distribuci\u00f3 final de participants per cada taller. El mateix dia 26 d\u2019abril se us informar\u00e0 del taller que se us ha assignat tenint en compte les vostres prefer\u00e8ncies.<\/p>\n<p><strong>1. Contes er\u00f2tics lliures d\u2019estereotips (o no)<br \/>\n<\/strong><\/p>\n<p>Organitza: Sector Bages Bergued\u00e0<br \/>\nTens fantasies? Vols compartir-les? En aquest taller indagarem en els nostres desitjos per posar-los en com\u00fa i descobrir qu\u00e8 s\u2019amaga darrera dels nostres somnis m\u00e9s carnals.<\/p>\n<p><strong>2. Quidditch<br \/>\n<\/strong><\/p>\n<p>Organitza: Sector Baix Llobregat<br \/>\nVersionarem i jugarem al fam\u00f3s joc de la saga de llibres\u00a0<em>Harry Potter<\/em>.<\/p>\n<p><strong>3. Jocs de rol<br \/>\n<\/strong><\/p>\n<p>Organitza: Sector Baix Llobregat<br \/>\nCrearem un espai amb diferents jocs de taula, com ara el Munchkin, un macro-llop, un twister, etc\u2026<\/p>\n<p><strong>4. Guerra de Centres d\u2019inter\u00e8s<br \/>\n<\/strong><\/p>\n<p>Organitza: Sector Camp de Tarragona<br \/>\nCreus que els centres d\u2019inter\u00e8s del teu esplai s\u00f3n els millors? O \u00e9s que no et deixen mai disfressar-te del que vols i sempre et toca pringar? Tens ganes de desmelenar-te i fer el burro? Apunta\u2019t a\u00a0l\u2019incre\u00efble Batalla de Centres d\u2019Inter\u00e8s, mostra la teva imaginaci\u00f3 i capacitat d\u2019improvisaci\u00f3. Guanya cada batalla i ves escalant rondes fins convertir-te en el campi\u00f3 de la Monifesta\u2019t.<\/p>\n<p><strong>5. La perspectiva de g\u00e8nere a trav\u00e9s dels contes<br \/>\n<\/strong><\/p>\n<p>Organitza: Comissi\u00f3 de G\u00e8nere<br \/>\nTreballarem la perspectiva de g\u00e8nere a trav\u00e9s dels contes.<\/p>\n<p><strong>6. Europa<br \/>\n<\/strong><\/p>\n<p>Organitza: Comissi\u00f3 Internacional<br \/>\nQu\u00e8 hi ha a Europa? Qu\u00e8 faltaria? Qu\u00e8 cal millorar? Qu\u00e8 entenem per Uni\u00f3 Europea des d\u2019Esplac? Acostarem Europa a monis i esplais per a poder fer propostes de l\u2019Europa que volem.<\/p>\n<p><strong>7. Risoter\u00e0pia<br \/>\n<\/strong><\/p>\n<p>Organitza: Sector Maresme<br \/>\nFarem una cadena de din\u00e0miques en les que es posar\u00e0 en joc la improvitzaci\u00f3 i la creativitat de les participants, amb la finalitat \u00fanica de fer-nos riure les unes a les altres. Sortirem ben relaxades i plenes d\u2019optimisme i autoestima!<\/p>\n<p><strong>8. Vagines i penis d\u2019escuma<br \/>\n<\/strong><\/p>\n<p>Organitza: Sector Maresme<br \/>\nFarem una din\u00e0mica amb fotografies d\u2019aliments per introduir el tema i seguidament crearem vagines i penis perqu\u00e8 cadasc\u00fa les utilitzi com li vingui de gust.<\/p>\n<p><strong>9. Juguem al\u00a0<em>Jo<\/em><em>c del llop<\/em><\/strong><\/p>\n<p>Organitza: Sector Osona-Ripoll\u00e8s<br \/>\nRecordeu el joc del llop on hi ha els vilatans, el policia\u2026? Us presentarem aquest joc des d\u2019una altra perspectiva, en viu i en directe. No us ho podeu perdre!<\/p>\n<p><strong>10. Samarretes<br \/>\n<\/strong><\/p>\n<p>Organitza: Sector Pened\u00e8s-Garraf<br \/>\n*Informaci\u00f3 ben aviat!<\/p>\n<p><strong>11. Cultura popular de l\u2019esplai<br \/>\n<\/strong><\/p>\n<p>Organitza: Sector Vall\u00e8s<br \/>\nConeixem els jocs tradicionals de la cultura esplaiera? Aquells jocs tant coneguts que han dominat part del nostre temps els dissabtes a la tarda. No t\u2019ho pensis m\u00e9s, i anima\u2019t a jugar-hi!! I per si no en tens prou, a la part final del taller, participa en l\u2019elaboraci\u00f3 d\u2019un mural gegant!<\/p>\n<p><strong>12. Geocaching per Vila-seca<br \/>\n<\/strong><\/p>\n<p>Organitza: Sector Camp de Tarragona<br \/>\nNo sabeu qu\u00e8 \u00e9s? Doncs \u00e9s una activitat l\u00fadica que es pot jugar tan a la ciutat com a la natura i que consisteix en buscar \u201ctresors\u201d amagats per altres jugadors mitjan\u00e7ant un aparell GPS. Per fer-ho curt i ras, podriem dir que \u00e9s com una gimcana per\u00f2 utilitzant un GPS per anar a buscar els tresors o pistes en les coordenades que ens indiquen.\u00a0Si voleu saber-ne una mica m\u00e9s, aqu\u00ed teniu l\u2019enlla\u00e7 de la viquip\u00e8dia\u00a0<a href=\"http:\/\/ca.wikipedia.org\/wiki\/Geocerca\" target=\"_blank\" rel=\"noopener noreferrer\">GEORECERCA<\/a>.<\/p>\n<p>Per a la Monifesta\u2019t hem creat un multicatx\u00e9 especial pel centre del poble i de tem\u00e0tica esplaiera, que nom\u00e9s es podr\u00e0 fer durant aquell cap de setmana. Per fer l\u2019activitat caldr\u00e0 que porteu un GPS, o b\u00e9 que us descarregueu alguna aplicaci\u00f3 gratu\u00efta per fer geocaching, com ara\u00a0<em>C-geo<\/em>.<\/p>\n<p><strong>13. Els infants contra els desnonaments<br \/>\n<\/strong><\/p>\n<p>Organitza: Equip de Direcci\u00f3 d\u2019Esplais Catalans<br \/>\nDirectes des del Pla de Bages la Chiqui PAHC versionen el m\u00edtic conte dels tres porquets i en fan una obra de teatre amb moltes improvizacions. En la seva versi\u00f3, per\u00f2, no hi ha un llop sin\u00f3 un banquer que vol desnonar les tres porquetes protagonistes. En acabar l\u2019obra els pares i mares dels infants de la PAHC Bages ens explicaran com funciona la PAH i com els seus fills o filles hi estan involucrades.<\/p>\n<p><strong>14. Que la nit no et confongui!<br \/>\n<\/strong><\/p>\n<p>Organitza: Casals de Joves<br \/>\nMassa sovint en els ambients festius baixem la gu\u00e0rdia davant actituds i agressions sexistes. Possessi\u00f3 i control en les relacions de parella, pressions est\u00e8tiques cap al nostre cos o la nostra manera de vestir, rol de les dones com a objectes o reclams sexuals, comentaris hom\u00f2fobs, mesurar la suposada \u201cvirilitat\u201d, envair els espais personals, limitar la nostra autonomia afectiva\u2026 S\u00f3n nom\u00e9s alguns exemples. Un ambient relaxat i de desconnexi\u00f3 no justifica tolerar aquestes situacions quan les veiem. Si les detectes, reacciona!<\/p>\n<p><strong>15. Reduint Petjada<\/strong><\/p>\n<p>Organitza: Comissi\u00f3 Reduint Petjada<br \/>\nDes de la Comissi\u00f3 Reduint Petjada us animem a compartir amb nosaltres una estona divertida i amb bona companyia en la qual, mitjan\u00e7ant un joc de rol, ens preguntarem com el model actual de consum influeix en la nostra quotidianitat. Animeu-vos!<\/p>\n<p><strong>16. Taller de circ<\/strong><\/p>\n<p>Organitza: Sector Barcelona<br \/>\nEs treballar\u00e0 l\u2019equilibri a trav\u00e9s de corda fluixa, on hi hauran 3 nivells, iniciaci\u00f3, aprofundiment i expert. Hi haur\u00e0, a m\u00e9s, demostraci\u00f3 dels talleristes de diferents t\u00e8cniques. El taller tindr\u00e0 un rac\u00f3 amb maletes de circ, amb diferents malabars, xanques o monocicles per combinar-ho amb la corda fluixa i treballar l\u2019equilibri.<\/p>\n<\/div><div class=\"nav fusion-mobile-tab-nav\"><ul class=\"nav-tabs\" role=\"tablist\"><li role=\"presentation\"><a class=\"tab-link\" data-toggle=\"tab\" role=\"tab\" aria-controls=\"tab-8729f8118e00ad79d2a\" aria-selected=\"false\" tabindex=\"-1\" id=\"mobile-fusion-tab-soundclash\" href=\"#tab-8729f8118e00ad79d2a\"><h4 class=\"fusion-tab-heading\"><i class=\"fontawesome-icon fa-music fas\" aria-hidden=\"true\" style=\"font-size:19px;\"><\/i>SoundClash<\/h4><\/a><\/li><\/ul><\/div><div class=\"tab-pane fade fusion-clearfix\" role=\"tabpanel\" tabindex=\"0\" aria-labelledby=\"fusion-tab-soundclash\" id=\"tab-8729f8118e00ad79d2a\">\n<p><img decoding=\"async\" class=\"wp-image-24775 aligncenter\" src=\"http:\/\/esplac.cat\/wp-content\/uploads\/2019\/10\/cartell_concert.png\" alt=\"\" width=\"625\" height=\"885\" srcset=\"https:\/\/www.esplac.cat\/wp-content\/uploads\/2019\/10\/cartell_concert-200x283.png 200w, https:\/\/www.esplac.cat\/wp-content\/uploads\/2019\/10\/cartell_concert-212x300.png 212w, https:\/\/www.esplac.cat\/wp-content\/uploads\/2019\/10\/cartell_concert-400x566.png 400w, https:\/\/www.esplac.cat\/wp-content\/uploads\/2019\/10\/cartell_concert.png 565w\" sizes=\"(max-width: 625px) 100vw, 625px\" \/><\/p>\n<\/div><\/div><\/div><div class=\"fusion-clearfix\"><\/div><\/div><\/div><\/div><\/div><div class=\"fusion-fullwidth fullwidth-box fusion-builder-row-2 fusion-flex-container nonhundred-percent-fullwidth non-hundred-percent-height-scrolling\" style=\"--awb-border-radius-top-left:0px;--awb-border-radius-top-right:0px;--awb-border-radius-bottom-right:0px;--awb-border-radius-bottom-left:0px;--awb-margin-bottom:50px;--awb-flex-wrap:wrap;\" ><div class=\"fusion-builder-row fusion-row fusion-flex-align-items-flex-start fusion-flex-content-wrap\" style=\"max-width:1248px;margin-left: calc(-4% \/ 2 );margin-right: calc(-4% \/ 2 );\"><div class=\"fusion-layout-column fusion_builder_column fusion-builder-column-2 fusion_builder_column_1_1 1_1 fusion-flex-column\" style=\"--awb-bg-blend:overlay;--awb-bg-size:cover;--awb-width-large:100%;--awb-margin-top-large:0px;--awb-spacing-right-large:1.92%;--awb-margin-bottom-large:20px;--awb-spacing-left-large:1.92%;--awb-width-medium:100%;--awb-spacing-right-medium:1.92%;--awb-spacing-left-medium:1.92%;--awb-width-small:100%;--awb-spacing-right-small:1.92%;--awb-spacing-left-small:1.92%;\"><div class=\"fusion-column-wrapper fusion-column-has-shadow fusion-flex-justify-content-flex-start fusion-content-layout-column\"><div class=\"fusion-text fusion-text-1\"><h3><strong>Altres edicions de la Monifesta\u2019t<\/strong><\/h3>\n<\/div><\/div><\/div><div class=\"fusion-layout-column fusion_builder_column fusion-builder-column-3 fusion_builder_column_1_4 1_4 fusion-flex-column fusion-column-inner-bg-wrapper\" style=\"--awb-inner-bg-blend:overlay;--awb-inner-bg-size:cover;--awb-width-large:25%;--awb-margin-top-large:0px;--awb-spacing-right-large:7.68%;--awb-margin-bottom-large:20px;--awb-spacing-left-large:7.68%;--awb-width-medium:100%;--awb-order-medium:0;--awb-spacing-right-medium:1.92%;--awb-spacing-left-medium:1.92%;--awb-width-small:100%;--awb-order-small:0;--awb-spacing-right-small:1.92%;--awb-spacing-left-small:1.92%;\" data-motion-effects=\"[{&quot;type&quot;:&quot;&quot;,&quot;scroll_type&quot;:&quot;transition&quot;,&quot;scroll_direction&quot;:&quot;up&quot;,&quot;transition_speed&quot;:&quot;1&quot;,&quot;fade_type&quot;:&quot;in&quot;,&quot;scale_type&quot;:&quot;up&quot;,&quot;initial_scale&quot;:&quot;1&quot;,&quot;max_scale&quot;:&quot;1.5&quot;,&quot;min_scale&quot;:&quot;0.5&quot;,&quot;initial_rotate&quot;:&quot;0&quot;,&quot;end_rotate&quot;:&quot;30&quot;,&quot;initial_blur&quot;:&quot;0&quot;,&quot;end_blur&quot;:&quot;3&quot;,&quot;start_element&quot;:&quot;top&quot;,&quot;start_viewport&quot;:&quot;bottom&quot;,&quot;end_element&quot;:&quot;bottom&quot;,&quot;end_viewport&quot;:&quot;top&quot;,&quot;mouse_effect&quot;:&quot;track&quot;,&quot;mouse_effect_direction&quot;:&quot;opposite&quot;,&quot;mouse_effect_speed&quot;:&quot;2&quot;,&quot;infinite_animation&quot;:&quot;float&quot;,&quot;infinite_animation_speed&quot;:&quot;2&quot;}]\" data-scroll-devices=\"small-visibility,medium-visibility,large-visibility\"><span class=\"fusion-column-inner-bg hover-type-none\"><a class=\"fusion-column-anchor\" href=\"https:\/\/www.esplac.cat\/trobades\/monifestat-2023\/\"><span class=\"fusion-column-inner-bg-image\"><\/span><\/a><\/span><div class=\"fusion-column-wrapper fusion-column-has-shadow fusion-flex-justify-content-flex-start fusion-content-layout-column\"><div class=\"fusion-image-element \" style=\"text-align:center;--awb-liftup-border-radius:0px;--awb-caption-title-font-family:var(--h2_typography-font-family);--awb-caption-title-font-weight:var(--h2_typography-font-weight);--awb-caption-title-font-style:var(--h2_typography-font-style);--awb-caption-title-size:var(--h2_typography-font-size);--awb-caption-title-transform:var(--h2_typography-text-transform);--awb-caption-title-line-height:var(--h2_typography-line-height);--awb-caption-title-letter-spacing:var(--h2_typography-letter-spacing);\"><div class=\"awb-image-frame awb-image-frame-1 imageframe-liftup\"><span class=\" fusion-imageframe imageframe-none imageframe-1\"><a class=\"fusion-no-lightbox\" href=\"https:\/\/www.esplac.cat\/trobades\/monifestat-2023\/\" target=\"_self\" aria-label=\"Cartell oficial_Monifestat23\"><img decoding=\"async\" width=\"212\" height=\"300\" alt=\"Cartell oficial_Monifestat23\" src=\"https:\/\/www.esplac.cat\/wp-content\/uploads\/2023\/03\/Cartell-oficial_Monifestat23-212x300.jpg\" class=\"img-responsive wp-image-43954\" srcset=\"https:\/\/www.esplac.cat\/wp-content\/uploads\/2023\/03\/Cartell-oficial_Monifestat23-200x283.jpg 200w, https:\/\/www.esplac.cat\/wp-content\/uploads\/2023\/03\/Cartell-oficial_Monifestat23-400x566.jpg 400w, https:\/\/www.esplac.cat\/wp-content\/uploads\/2023\/03\/Cartell-oficial_Monifestat23-600x849.jpg 600w, https:\/\/www.esplac.cat\/wp-content\/uploads\/2023\/03\/Cartell-oficial_Monifestat23-800x1132.jpg 800w, https:\/\/www.esplac.cat\/wp-content\/uploads\/2023\/03\/Cartell-oficial_Monifestat23.jpg 1131w\" sizes=\"(max-width: 1024px) 100vw, (max-width: 640px) 100vw, 400px\" \/><\/a><\/span><\/div><\/div><div class=\"fusion-separator fusion-full-width-sep\" style=\"align-self: center;margin-left: auto;margin-right: auto;margin-bottom:20px;width:100%;\"><\/div><div class=\"fusion-text fusion-text-2\"><h5 style=\"text-align: center;\"><a href=\"https:\/\/www.esplac.cat\/trobades\/monifestat-2023\/\"><strong>Monifesta\u2019t 2023<\/strong><\/a><\/h5>\n<\/div><\/div><\/div><div class=\"fusion-layout-column fusion_builder_column fusion-builder-column-4 fusion_builder_column_1_4 1_4 fusion-flex-column\" style=\"--awb-bg-blend:overlay;--awb-bg-size:cover;--awb-width-large:25%;--awb-margin-top-large:0px;--awb-spacing-right-large:7.68%;--awb-margin-bottom-large:20px;--awb-spacing-left-large:7.68%;--awb-width-medium:100%;--awb-spacing-right-medium:1.92%;--awb-spacing-left-medium:1.92%;--awb-width-small:100%;--awb-spacing-right-small:1.92%;--awb-spacing-left-small:1.92%;\"><div class=\"fusion-column-wrapper fusion-column-has-shadow fusion-flex-justify-content-flex-start fusion-content-layout-column\"><div class=\"fusion-image-element \" style=\"text-align:center;--awb-liftup-border-radius:0px;--awb-caption-title-font-family:var(--h2_typography-font-family);--awb-caption-title-font-weight:var(--h2_typography-font-weight);--awb-caption-title-font-style:var(--h2_typography-font-style);--awb-caption-title-size:var(--h2_typography-font-size);--awb-caption-title-transform:var(--h2_typography-text-transform);--awb-caption-title-line-height:var(--h2_typography-line-height);--awb-caption-title-letter-spacing:var(--h2_typography-letter-spacing);\"><div class=\"awb-image-frame awb-image-frame-2 imageframe-liftup\"><span class=\" fusion-imageframe imageframe-none imageframe-2\"><a class=\"fusion-no-lightbox\" href=\"\/trobades\/monifestat-2019\/\" target=\"_self\" aria-label=\"A3_Monifestat-Cartell (1)\"><img decoding=\"async\" width=\"212\" height=\"300\" src=\"https:\/\/www.esplac.cat\/wp-content\/uploads\/2022\/12\/A3_Monifestat-Cartell-1-212x300.jpg\" alt class=\"img-responsive wp-image-42304\" srcset=\"https:\/\/www.esplac.cat\/wp-content\/uploads\/2022\/12\/A3_Monifestat-Cartell-1-200x283.jpg 200w, https:\/\/www.esplac.cat\/wp-content\/uploads\/2022\/12\/A3_Monifestat-Cartell-1-400x566.jpg 400w, https:\/\/www.esplac.cat\/wp-content\/uploads\/2022\/12\/A3_Monifestat-Cartell-1-600x849.jpg 600w, https:\/\/www.esplac.cat\/wp-content\/uploads\/2022\/12\/A3_Monifestat-Cartell-1-800x1132.jpg 800w, https:\/\/www.esplac.cat\/wp-content\/uploads\/2022\/12\/A3_Monifestat-Cartell-1.jpg 842w\" sizes=\"(max-width: 1024px) 100vw, (max-width: 640px) 100vw, 400px\" \/><\/a><\/span><\/div><\/div><div class=\"fusion-separator fusion-full-width-sep\" style=\"align-self: center;margin-left: auto;margin-right: auto;margin-bottom:20px;width:100%;\"><\/div><div class=\"fusion-text fusion-text-3\"><h5 style=\"text-align: center;\"><a href=\"\/trobades\/monifestat-2019\/\"><strong>Monifesta\u2019t 2019<\/strong><\/a><\/h5>\n<\/div><\/div><\/div><div class=\"fusion-layout-column fusion_builder_column fusion-builder-column-5 fusion_builder_column_1_4 1_4 fusion-flex-column\" style=\"--awb-bg-blend:overlay;--awb-bg-size:cover;--awb-width-large:25%;--awb-margin-top-large:0px;--awb-spacing-right-large:7.68%;--awb-margin-bottom-large:20px;--awb-spacing-left-large:7.68%;--awb-width-medium:100%;--awb-spacing-right-medium:1.92%;--awb-spacing-left-medium:1.92%;--awb-width-small:100%;--awb-spacing-right-small:1.92%;--awb-spacing-left-small:1.92%;\"><div class=\"fusion-column-wrapper fusion-column-has-shadow fusion-flex-justify-content-flex-start fusion-content-layout-column\"><div class=\"fusion-image-element \" style=\"text-align:center;--awb-liftup-border-radius:0px;--awb-caption-title-font-family:var(--h2_typography-font-family);--awb-caption-title-font-weight:var(--h2_typography-font-weight);--awb-caption-title-font-style:var(--h2_typography-font-style);--awb-caption-title-size:var(--h2_typography-font-size);--awb-caption-title-transform:var(--h2_typography-text-transform);--awb-caption-title-line-height:var(--h2_typography-line-height);--awb-caption-title-letter-spacing:var(--h2_typography-letter-spacing);\"><div class=\"awb-image-frame awb-image-frame-3 imageframe-liftup\"><span class=\" fusion-imageframe imageframe-none imageframe-3\"><a class=\"fusion-no-lightbox\" href=\"\/trobades\/monifestat-2016\/\" target=\"_self\"><img decoding=\"async\" width=\"214\" height=\"300\" src=\"https:\/\/www.esplac.cat\/wp-content\/uploads\/2019\/10\/Cartells-Monifestat-01-768x1076-214x300.jpg\" alt class=\"img-responsive wp-image-35562\" srcset=\"https:\/\/www.esplac.cat\/wp-content\/uploads\/2019\/10\/Cartells-Monifestat-01-768x1076-200x280.jpg 200w, https:\/\/www.esplac.cat\/wp-content\/uploads\/2019\/10\/Cartells-Monifestat-01-768x1076-400x560.jpg 400w, https:\/\/www.esplac.cat\/wp-content\/uploads\/2019\/10\/Cartells-Monifestat-01-768x1076-600x841.jpg 600w\" sizes=\"(max-width: 1024px) 100vw, (max-width: 640px) 100vw, 400px\" \/><\/a><\/span><\/div><\/div><div class=\"fusion-separator fusion-full-width-sep\" style=\"align-self: center;margin-left: auto;margin-right: auto;margin-bottom:20px;width:100%;\"><\/div><div class=\"fusion-text fusion-text-4\"><h5 style=\"text-align: center;\"><a href=\"\/trobades\/monifestat-2016\/\"><strong>Monifesta\u2019t 2016<\/strong><\/a><\/h5>\n<\/div><\/div><\/div><div class=\"fusion-layout-column fusion_builder_column fusion-builder-column-6 fusion_builder_column_1_4 1_4 fusion-flex-column\" style=\"--awb-bg-blend:overlay;--awb-bg-size:cover;--awb-width-large:25%;--awb-margin-top-large:0px;--awb-spacing-right-large:7.68%;--awb-margin-bottom-large:20px;--awb-spacing-left-large:7.68%;--awb-width-medium:100%;--awb-spacing-right-medium:1.92%;--awb-spacing-left-medium:1.92%;--awb-width-small:100%;--awb-spacing-right-small:1.92%;--awb-spacing-left-small:1.92%;\"><div class=\"fusion-column-wrapper fusion-column-has-shadow fusion-flex-justify-content-flex-start fusion-content-layout-column\"><div class=\"fusion-image-element \" style=\"text-align:center;--awb-liftup-border-radius:0px;--awb-caption-title-font-family:var(--h2_typography-font-family);--awb-caption-title-font-weight:var(--h2_typography-font-weight);--awb-caption-title-font-style:var(--h2_typography-font-style);--awb-caption-title-size:var(--h2_typography-font-size);--awb-caption-title-transform:var(--h2_typography-text-transform);--awb-caption-title-line-height:var(--h2_typography-line-height);--awb-caption-title-letter-spacing:var(--h2_typography-letter-spacing);\"><div class=\"awb-image-frame awb-image-frame-4 imageframe-liftup\"><span class=\" fusion-imageframe imageframe-none imageframe-4\"><a class=\"fusion-no-lightbox\" href=\"\/trobades\/monifestat-2014\/\" target=\"_self\"><img decoding=\"async\" width=\"212\" height=\"300\" src=\"https:\/\/www.esplac.cat\/wp-content\/uploads\/2019\/10\/cartellA3-pantalla-alta-212x300.jpg\" alt class=\"img-responsive wp-image-24734\" srcset=\"https:\/\/www.esplac.cat\/wp-content\/uploads\/2019\/10\/cartellA3-pantalla-alta-200x283.jpg 200w, https:\/\/www.esplac.cat\/wp-content\/uploads\/2019\/10\/cartellA3-pantalla-alta-400x566.jpg 400w, https:\/\/www.esplac.cat\/wp-content\/uploads\/2019\/10\/cartellA3-pantalla-alta-600x849.jpg 600w, https:\/\/www.esplac.cat\/wp-content\/uploads\/2019\/10\/cartellA3-pantalla-alta-800x1132.jpg 800w, https:\/\/www.esplac.cat\/wp-content\/uploads\/2019\/10\/cartellA3-pantalla-alta-1200x1697.jpg 1200w\" sizes=\"(max-width: 1024px) 100vw, (max-width: 640px) 100vw, 400px\" \/><\/a><\/span><\/div><\/div><div class=\"fusion-separator fusion-full-width-sep\" style=\"align-self: center;margin-left: auto;margin-right: auto;margin-bottom:20px;width:100%;\"><\/div><div class=\"fusion-text fusion-text-5\"><h5 style=\"text-align: center;\"><a href=\"\/trobades\/monifestat-2014\/\"><strong>Monifesta\u2019t 2014<\/strong><\/a><\/h5>\n<\/div><\/div><\/div><\/div><\/div>\n<div class=\"fusion-fullwidth fullwidth-box fusion-builder-row-3 nonhundred-percent-fullwidth non-hundred-percent-height-scrolling\" style=\"--awb-border-radius-top-left:0px;--awb-border-radius-top-right:0px;--awb-border-radius-bottom-right:0px;--awb-border-radius-bottom-left:0px;--awb-flex-wrap:wrap;\" ><div class=\"fusion-builder-row fusion-row\"><div class=\"fusion-layout-column fusion_builder_column fusion-builder-column-7 fusion_builder_column_1_1 1_1 fusion-one-full fusion-column-first fusion-column-last\" style=\"--awb-bg-size:cover;\"><div class=\"fusion-column-wrapper fusion-column-has-shadow fusion-flex-column-wrapper-legacy\"><div class=\"fusion-text fusion-text-6\"><h3><strong>Not\u00edcies relacionades<\/strong><\/h3>\n<\/div><div class=\"fusion-sep-clear\"><\/div><div class=\"fusion-separator fusion-full-width-sep\" style=\"margin-left: auto;margin-right: auto;margin-bottom:20px;width:100%;\"><\/div><div class=\"fusion-sep-clear\"><\/div><div class=\"fusion-text fusion-text-7\">        <section class=\"wcp-slick\"  data-accessibility = on data-arrows = on data-autoplaySpeed = 3000 data-slidesToShow = 4 data-slidesToScroll = 1 data-speed = 300 data-margin = 20px data-rows = 1 data-slidesPerRow = 1 id=\"carousel-27399\">\n\n                            <div class=\"carousel-item-55988\">\n                    <div class=\"post-style-2\" style=\"box-shadow: ;background-color: ;\">\n    <div class=\"wcp-img-wrap\">\n        <a href=\"https:\/\/www.esplac.cat\/es\/presentem-monifestat-davant-premsa-manresa\/\">\n            <img decoding=\"async\" width=\"460\" height=\"295\" src=\"https:\/\/www.esplac.cat\/wp-content\/uploads\/2026\/04\/Noti_roda-de-premsa-460x295.png\" class=\"attachment-portfolio-two size-portfolio-two wp-post-image\" alt=\"\" \/>        <\/a>\n    <\/div>\n    <div class=\"wcp-content-wrap\">\n        <h3>\n            <a href=\"https:\/\/www.esplac.cat\/es\/presentem-monifestat-davant-premsa-manresa\/\" style=\"color: ;\">\n                Presentem la Monifesta\u2019t 2026 davant la premsa de Manresa            <\/a>\n        <\/h3>\n        <div class=\"wcp-post-meta wcp-disable-post-meta\" style=\"color: ;\">\n            <span class=\"wcp-post-author\"><i class=\"fa fa-user\"><\/i>\n                <a href=\"https:\/\/www.esplac.cat\/es\/author\/comunicacio\/\" title=\"Entradas de Comunicaci\u00f3 Esplac\" rel=\"author\">Comunicaci\u00f3 Esplac<\/a>            <\/span>\n            &nbsp;\n            <span class=\"wcp-post-date\"><i class=\"fa fa-clock-o\"><\/i> 27 de abril de 2026<\/span>\n        <\/div>\n        <div class=\"wcp-post-contents\">\n            27 de abril de 2026                    <\/div>        \n    <\/div>\n<\/div>                <\/div>    \n\n                            <div class=\"carousel-item-55795\">\n                    <div class=\"post-style-2\" style=\"box-shadow: ;background-color: ;\">\n    <div class=\"wcp-img-wrap\">\n        <a href=\"https:\/\/www.esplac.cat\/es\/consulta-el-programa-de-la-monifestat-i-descobreix-tot-el-que-farem-durant-el-cap-de-setmana\/\">\n            <img decoding=\"async\" width=\"460\" height=\"295\" src=\"https:\/\/www.esplac.cat\/wp-content\/uploads\/2026\/03\/Noti_Programa_Monifestat-460x295.png\" class=\"attachment-portfolio-two size-portfolio-two wp-post-image\" alt=\"\" \/>        <\/a>\n    <\/div>\n    <div class=\"wcp-content-wrap\">\n        <h3>\n            <a href=\"https:\/\/www.esplac.cat\/es\/consulta-el-programa-de-la-monifestat-i-descobreix-tot-el-que-farem-durant-el-cap-de-setmana\/\" style=\"color: ;\">\n                Consulta el programa de la Monifesta\u2019t i descobreix tot el que farem durant el cap de setmana!            <\/a>\n        <\/h3>\n        <div class=\"wcp-post-meta wcp-disable-post-meta\" style=\"color: ;\">\n            <span class=\"wcp-post-author\"><i class=\"fa fa-user\"><\/i>\n                <a href=\"https:\/\/www.esplac.cat\/es\/author\/comunicacio\/\" title=\"Entradas de Comunicaci\u00f3 Esplac\" rel=\"author\">Comunicaci\u00f3 Esplac<\/a>            <\/span>\n            &nbsp;\n            <span class=\"wcp-post-date\"><i class=\"fa fa-clock-o\"><\/i> 26 de marzo de 2026<\/span>\n        <\/div>\n        <div class=\"wcp-post-contents\">\n            26 de marzo de 2026                    <\/div>        \n    <\/div>\n<\/div>                <\/div>    \n\n                            <div class=\"carousel-item-55783\">\n                    <div class=\"post-style-2\" style=\"box-shadow: ;background-color: ;\">\n    <div class=\"wcp-img-wrap\">\n        <a href=\"https:\/\/www.esplac.cat\/es\/esclafant-motors-per-la-monifestat-2026\/\">\n            <img decoding=\"async\" width=\"460\" height=\"295\" src=\"https:\/\/www.esplac.cat\/wp-content\/uploads\/2026\/03\/Noti_tancada-GranComiteMarc-460x295.jpg\" class=\"attachment-portfolio-two size-portfolio-two wp-post-image\" alt=\"\" \/>        <\/a>\n    <\/div>\n    <div class=\"wcp-content-wrap\">\n        <h3>\n            <a href=\"https:\/\/www.esplac.cat\/es\/esclafant-motors-per-la-monifestat-2026\/\" style=\"color: ;\">\n                Esclafant motors per la Monifesta\u2019t 2026: L\u2019Equip d\u2019Organitzaci\u00f3 s\u2019ha reunit aquest cap de setmana a Manresa            <\/a>\n        <\/h3>\n        <div class=\"wcp-post-meta wcp-disable-post-meta\" style=\"color: ;\">\n            <span class=\"wcp-post-author\"><i class=\"fa fa-user\"><\/i>\n                <a href=\"https:\/\/www.esplac.cat\/es\/author\/comunicacio\/\" title=\"Entradas de Comunicaci\u00f3 Esplac\" rel=\"author\">Comunicaci\u00f3 Esplac<\/a>            <\/span>\n            &nbsp;\n            <span class=\"wcp-post-date\"><i class=\"fa fa-clock-o\"><\/i> 24 de marzo de 2026<\/span>\n        <\/div>\n        <div class=\"wcp-post-contents\">\n            24 de marzo de 2026                    <\/div>        \n    <\/div>\n<\/div>                <\/div>    \n\n                            <div class=\"carousel-item-55377\">\n                    <div class=\"post-style-2\" style=\"box-shadow: ;background-color: ;\">\n    <div class=\"wcp-img-wrap\">\n        <a href=\"https:\/\/www.esplac.cat\/es\/obrim-inscripcions-trobada-general-monitores-esplac-monifestat-2026\/\">\n            <img decoding=\"async\" width=\"460\" height=\"295\" src=\"https:\/\/www.esplac.cat\/wp-content\/uploads\/2026\/02\/Noti_MF26-inscr-obertes-460x295.jpg\" class=\"attachment-portfolio-two size-portfolio-two wp-post-image\" alt=\"Monifesta&#039;t 2023\" \/>        <\/a>\n    <\/div>\n    <div class=\"wcp-content-wrap\">\n        <h3>\n            <a href=\"https:\/\/www.esplac.cat\/es\/obrim-inscripcions-trobada-general-monitores-esplac-monifestat-2026\/\" style=\"color: ;\">\n                Monifesta\u2019t 2026: Obrim les inscripcions per la trobada general de monitores i monitors d\u2019Esplac            <\/a>\n        <\/h3>\n        <div class=\"wcp-post-meta wcp-disable-post-meta\" style=\"color: ;\">\n            <span class=\"wcp-post-author\"><i class=\"fa fa-user\"><\/i>\n                <a href=\"https:\/\/www.esplac.cat\/es\/author\/comunicacio\/\" title=\"Entradas de Comunicaci\u00f3 Esplac\" rel=\"author\">Comunicaci\u00f3 Esplac<\/a>            <\/span>\n            &nbsp;\n            <span class=\"wcp-post-date\"><i class=\"fa fa-clock-o\"><\/i> 9 de febrero de 2026<\/span>\n        <\/div>\n        <div class=\"wcp-post-contents\">\n            9 de febrero de 2026                    <\/div>        \n    <\/div>\n<\/div>                <\/div>    \n\n                            <div class=\"carousel-item-55198\">\n                    <div class=\"post-style-2\" style=\"box-shadow: ;background-color: ;\">\n    <div class=\"wcp-img-wrap\">\n        <a href=\"https:\/\/www.esplac.cat\/es\/obrim-les-inscripcions-per-formar-part-de-lequip-dorganitzacio-de-la-monifestat-2026\/\">\n            <img decoding=\"async\" width=\"460\" height=\"295\" src=\"https:\/\/www.esplac.cat\/wp-content\/uploads\/2026\/01\/Noti_MF26-equip-dorganitzacao-460x295.jpg\" class=\"attachment-portfolio-two size-portfolio-two wp-post-image\" alt=\"\" \/>        <\/a>\n    <\/div>\n    <div class=\"wcp-content-wrap\">\n        <h3>\n            <a href=\"https:\/\/www.esplac.cat\/es\/obrim-les-inscripcions-per-formar-part-de-lequip-dorganitzacio-de-la-monifestat-2026\/\" style=\"color: ;\">\n                Obrim les inscripcions per formar part de l\u2019Equip d\u2019organitzaci\u00f3 de la Monifesta\u2019t 2026!            <\/a>\n        <\/h3>\n        <div class=\"wcp-post-meta wcp-disable-post-meta\" style=\"color: ;\">\n            <span class=\"wcp-post-author\"><i class=\"fa fa-user\"><\/i>\n                <a href=\"https:\/\/www.esplac.cat\/es\/author\/comunicacio\/\" title=\"Entradas de Comunicaci\u00f3 Esplac\" rel=\"author\">Comunicaci\u00f3 Esplac<\/a>            <\/span>\n            &nbsp;\n            <span class=\"wcp-post-date\"><i class=\"fa fa-clock-o\"><\/i> 30 de enero de 2026<\/span>\n        <\/div>\n        <div class=\"wcp-post-contents\">\n            30 de enero de 2026                    <\/div>        \n    <\/div>\n<\/div>                <\/div>    \n\n                            <div class=\"carousel-item-54900\">\n                    <div class=\"post-style-2\" style=\"box-shadow: ;background-color: ;\">\n    <div class=\"wcp-img-wrap\">\n        <a href=\"https:\/\/www.esplac.cat\/es\/presentem-imatge-grafica-monifestat-2026\/\">\n            <img decoding=\"async\" width=\"460\" height=\"295\" src=\"https:\/\/www.esplac.cat\/wp-content\/uploads\/2025\/12\/Banner-web_Monifestat_2026-460x295.jpg\" class=\"attachment-portfolio-two size-portfolio-two wp-post-image\" alt=\"\" \/>        <\/a>\n    <\/div>\n    <div class=\"wcp-content-wrap\">\n        <h3>\n            <a href=\"https:\/\/www.esplac.cat\/es\/presentem-imatge-grafica-monifestat-2026\/\" style=\"color: ;\">\n                Presentem la imatge gr\u00e0fica de la Monifesta\u2019t 2026            <\/a>\n        <\/h3>\n        <div class=\"wcp-post-meta wcp-disable-post-meta\" style=\"color: ;\">\n            <span class=\"wcp-post-author\"><i class=\"fa fa-user\"><\/i>\n                <a href=\"https:\/\/www.esplac.cat\/es\/author\/comunicacio\/\" title=\"Entradas de Comunicaci\u00f3 Esplac\" rel=\"author\">Comunicaci\u00f3 Esplac<\/a>            <\/span>\n            &nbsp;\n            <span class=\"wcp-post-date\"><i class=\"fa fa-clock-o\"><\/i> 12 de diciembre de 2025<\/span>\n        <\/div>\n        <div class=\"wcp-post-contents\">\n            12 de diciembre de 2025                    <\/div>        \n    <\/div>\n<\/div>                <\/div>    \n\n                            <div class=\"carousel-item-53497\">\n                    <div class=\"post-style-2\" style=\"box-shadow: ;background-color: ;\">\n    <div class=\"wcp-img-wrap\">\n        <a href=\"https:\/\/www.esplac.cat\/es\/convocatoria-oberta-vols-crear-la-identitat-visual-2026\/\">\n            <img decoding=\"async\" width=\"460\" height=\"295\" src=\"https:\/\/www.esplac.cat\/wp-content\/uploads\/2025\/04\/Identitat-visual-EE-Monifestat-26-1-460x295.jpg\" class=\"attachment-portfolio-two size-portfolio-two wp-post-image\" alt=\"\" \/>        <\/a>\n    <\/div>\n    <div class=\"wcp-content-wrap\">\n        <h3>\n            <a href=\"https:\/\/www.esplac.cat\/es\/convocatoria-oberta-vols-crear-la-identitat-visual-2026\/\" style=\"color: ;\">\n                Convocat\u00f2ria oberta: vols idear i crear la identitat visual de l\u2019Escola d&#8217;Esplac i la Monifesta&#8217;t 2026?            <\/a>\n        <\/h3>\n        <div class=\"wcp-post-meta wcp-disable-post-meta\" style=\"color: ;\">\n            <span class=\"wcp-post-author\"><i class=\"fa fa-user\"><\/i>\n                <a href=\"https:\/\/www.esplac.cat\/es\/author\/comunicacio\/\" title=\"Entradas de Comunicaci\u00f3 Esplac\" rel=\"author\">Comunicaci\u00f3 Esplac<\/a>            <\/span>\n            &nbsp;\n            <span class=\"wcp-post-date\"><i class=\"fa fa-clock-o\"><\/i> 15 de abril de 2025<\/span>\n        <\/div>\n        <div class=\"wcp-post-contents\">\n            15 de abril de 2025                    <\/div>        \n    <\/div>\n<\/div>                <\/div>    \n\n                            <div class=\"carousel-item-45452\">\n                    <div class=\"post-style-2\" style=\"box-shadow: ;background-color: ;\">\n    <div class=\"wcp-img-wrap\">\n        <a href=\"https:\/\/www.esplac.cat\/es\/monifestat-2023-reivindica-importancia-educacio-lleure\/\">\n            <img decoding=\"async\" width=\"460\" height=\"295\" src=\"https:\/\/www.esplac.cat\/wp-content\/uploads\/2023\/05\/Portades-Web-8-460x295.jpg\" class=\"attachment-portfolio-two size-portfolio-two wp-post-image\" alt=\"Monifesta&#039;t 2023\" \/>        <\/a>\n    <\/div>\n    <div class=\"wcp-content-wrap\">\n        <h3>\n            <a href=\"https:\/\/www.esplac.cat\/es\/monifestat-2023-reivindica-importancia-educacio-lleure\/\" style=\"color: ;\">\n                La Monifesta\u2019t 2023 reivindica la import\u00e0ncia de l\u2019educaci\u00f3 en el lleure i la dificultat de dur-la a terme a causa de la precaritzaci\u00f3 juvenil            <\/a>\n        <\/h3>\n        <div class=\"wcp-post-meta wcp-disable-post-meta\" style=\"color: ;\">\n            <span class=\"wcp-post-author\"><i class=\"fa fa-user\"><\/i>\n                <a href=\"https:\/\/www.esplac.cat\/es\/author\/comunicacio\/\" title=\"Entradas de Comunicaci\u00f3 Esplac\" rel=\"author\">Comunicaci\u00f3 Esplac<\/a>            <\/span>\n            &nbsp;\n            <span class=\"wcp-post-date\"><i class=\"fa fa-clock-o\"><\/i> 23 de mayo de 2023<\/span>\n        <\/div>\n        <div class=\"wcp-post-contents\">\n            23 de mayo de 2023                    <\/div>        \n    <\/div>\n<\/div>                <\/div>    \n\n                            <div class=\"carousel-item-45366\">\n                    <div class=\"post-style-2\" style=\"box-shadow: ;background-color: ;\">\n    <div class=\"wcp-img-wrap\">\n        <a href=\"https:\/\/www.esplac.cat\/es\/tot-el-que-no-et-pots-perdre-aquesta-monifestat\/\">\n            <img decoding=\"async\" width=\"460\" height=\"295\" src=\"https:\/\/www.esplac.cat\/wp-content\/uploads\/2023\/05\/Portades-Web-7-460x295.jpg\" class=\"attachment-portfolio-two size-portfolio-two wp-post-image\" alt=\"Espais formatius monifestat 2023\" \/>        <\/a>\n    <\/div>\n    <div class=\"wcp-content-wrap\">\n        <h3>\n            <a href=\"https:\/\/www.esplac.cat\/es\/tot-el-que-no-et-pots-perdre-aquesta-monifestat\/\" style=\"color: ;\">\n                Xerrades, tallers, debats i formacions: tot el que no et pots perdre aquesta Monifesta&#8217;t!            <\/a>\n        <\/h3>\n        <div class=\"wcp-post-meta wcp-disable-post-meta\" style=\"color: ;\">\n            <span class=\"wcp-post-author\"><i class=\"fa fa-user\"><\/i>\n                <a href=\"https:\/\/www.esplac.cat\/es\/author\/comunicacio\/\" title=\"Entradas de Comunicaci\u00f3 Esplac\" rel=\"author\">Comunicaci\u00f3 Esplac<\/a>            <\/span>\n            &nbsp;\n            <span class=\"wcp-post-date\"><i class=\"fa fa-clock-o\"><\/i> 17 de mayo de 2023<\/span>\n        <\/div>\n        <div class=\"wcp-post-contents\">\n            17 de mayo de 2023                    <\/div>        \n    <\/div>\n<\/div>                <\/div>    \n\n                            <div class=\"carousel-item-45321\">\n                    <div class=\"post-style-2\" style=\"box-shadow: ;background-color: ;\">\n    <div class=\"wcp-img-wrap\">\n        <a href=\"https:\/\/www.esplac.cat\/es\/nit-monifestat-2023\/\">\n            <img decoding=\"async\" width=\"460\" height=\"295\" src=\"https:\/\/www.esplac.cat\/wp-content\/uploads\/2023\/05\/Portades-Web-5-460x295.jpg\" class=\"attachment-portfolio-two size-portfolio-two wp-post-image\" alt=\"Nit Monifesta&#039;t 23\" \/>        <\/a>\n    <\/div>\n    <div class=\"wcp-content-wrap\">\n        <h3>\n            <a href=\"https:\/\/www.esplac.cat\/es\/nit-monifestat-2023\/\" style=\"color: ;\">\n                Al\u00b7l\u00e8rgiques al pol\u00b7len, ImproCutre, PD Bosk, PD Iou i PD Gogo protagonitzen la nit de la Monifesta&#8217;t 2023!            <\/a>\n        <\/h3>\n        <div class=\"wcp-post-meta wcp-disable-post-meta\" style=\"color: ;\">\n            <span class=\"wcp-post-author\"><i class=\"fa fa-user\"><\/i>\n                <a href=\"https:\/\/www.esplac.cat\/es\/author\/comunicacio\/\" title=\"Entradas de Comunicaci\u00f3 Esplac\" rel=\"author\">Comunicaci\u00f3 Esplac<\/a>            <\/span>\n            &nbsp;\n            <span class=\"wcp-post-date\"><i class=\"fa fa-clock-o\"><\/i> 15 de mayo de 2023<\/span>\n        <\/div>\n        <div class=\"wcp-post-contents\">\n            15 de mayo de 2023                    <\/div>        \n    <\/div>\n<\/div>                <\/div>    \n\n                \n        <\/section>\n        <style>\n    #carousel-27399 .slick-prev:before, #carousel-27399 .slick-next:before {\n        color: #000 !important;\n    }\n    #carousel-27399 .slick-slide {\n        margin: 2px 20px;\n    }\n    #carousel-27399 h3,\n    #carousel-27399 .car-caption,\n    #carousel-27399 .car-caption h3 a {\n        background-color: ;\n        color: ;\n    }\n    #carousel-27399 .car-caption {\n        text-align: center;\n    }\n    #carousel-27399 p {\n        color: ;\n    }\n    #carousel-27399 a {\n        text-decoration: none;\n        border-bottom: none;\n    }\n        #carousel-27399 .post-style-1 .wcp-post-author a {\n        color: ;\n    }\n            #carousel-27399 .ih-item,\n        #carousel-27399 .post-style-1,\n        #carousel-27399 .post-style-3,\n        #carousel-27399 .car-caption { \n            border: 8px solid #FFF;\n            box-shadow: ;\n        }\n                #carousel-27399 .post-style-2 .wcp-content-wrap { \n            border: 8px solid #FFF;\n            border-top: none;\n        }\n        #carousel-27399 .mega-post-carousel1,\n        #carousel-27399 .mega-post-carousel4 { \n            border: 8px solid #FFF;\n            padding: 10px;\n        }\n\n        .slick-prev, .slick-next {\r\n    font-size: 0;\r\n    line-height: 0;\r\n    position: absolute;\r\n    top: 42% !important;\r\n    display: block;\r\n    width: 20px;\r\n    height: 20px;\r\n    padding: 0;\r\n    -webkit-transform: translate(0, -50%);\r\n    -ms-transform: translate(0, -50%);\r\n    transform: translate(0, -50%);\r\n    cursor: pointer;\r\n    color: transparent;\r\n    border: none;\r\n    outline: none;\r\n    background: transparent;\r\n}                .wcp-disable-post-meta { display: none !important;}\n    <\/style>\n<\/div><div class=\"fusion-clearfix\"><\/div><\/div><\/div><\/div><\/div><div class=\"fusion-fullwidth fullwidth-box fusion-builder-row-4 fusion-flex-container nonhundred-percent-fullwidth non-hundred-percent-height-scrolling\" style=\"--awb-border-radius-top-left:0px;--awb-border-radius-top-right:0px;--awb-border-radius-bottom-right:0px;--awb-border-radius-bottom-left:0px;--awb-padding-top:30px;--awb-background-color:#ededed;--awb-flex-wrap:wrap;\" ><\/div>\n<\/p>\n","protected":false},"excerpt":{"rendered":"","protected":false},"author":1,"featured_media":0,"parent":28140,"menu_order":0,"comment_status":"closed","ping_status":"closed","template":"100-width.php","meta":{"om_disable_all_campaigns":false,"_monsterinsights_skip_tracking":false,"_monsterinsights_sitenote_active":false,"_monsterinsights_sitenote_note":"","_monsterinsights_sitenote_category":0,"_uf_show_specific_survey":0,"_uf_disable_surveys":false,"footnotes":""},"class_list":["post-28156","page","type-page","status-publish","hentry"],"yoast_head":"<!-- This site is optimized with the Yoast SEO plugin v27.4 - https:\/\/yoast.com\/product\/yoast-seo-wordpress\/ -->\n<title>Monifesta&#039;t 2014 - Esplac<\/title>\n<meta name=\"robots\" content=\"index, follow, max-snippet:-1, max-image-preview:large, max-video-preview:-1\" \/>\n<link rel=\"canonical\" href=\"https:\/\/www.esplac.cat\/es\/encuentros\/monifestat-2014\/\" \/>\n<meta property=\"og:locale\" content=\"es_ES\" \/>\n<meta property=\"og:type\" content=\"article\" \/>\n<meta property=\"og:title\" content=\"Monifesta&#039;t 2014 - Esplac\" \/>\n<meta property=\"og:url\" content=\"https:\/\/www.esplac.cat\/es\/encuentros\/monifestat-2014\/\" \/>\n<meta property=\"og:site_name\" content=\"Esplac\" \/>\n<meta property=\"og:image\" content=\"http:\/\/esplac.cat\/wp-content\/uploads\/2019\/10\/cartellA3-pantalla-alta.jpg\" \/>\n<meta name=\"twitter:card\" content=\"summary_large_image\" \/>\n<meta name=\"twitter:label1\" content=\"Tiempo de lectura\" \/>\n\t<meta name=\"twitter:data1\" content=\"26 minutos\" \/>\n<script type=\"application\/ld+json\" class=\"yoast-schema-graph\">{\"@context\":\"https:\\\/\\\/schema.org\",\"@graph\":[{\"@type\":\"WebPage\",\"@id\":\"https:\\\/\\\/www.esplac.cat\\\/es\\\/encuentros\\\/monifestat-2014\\\/\",\"url\":\"https:\\\/\\\/www.esplac.cat\\\/es\\\/encuentros\\\/monifestat-2014\\\/\",\"name\":\"Monifesta't 2014 - Esplac\",\"isPartOf\":{\"@id\":\"https:\\\/\\\/www.esplac.cat\\\/#website\"},\"primaryImageOfPage\":{\"@id\":\"https:\\\/\\\/www.esplac.cat\\\/es\\\/encuentros\\\/monifestat-2014\\\/#primaryimage\"},\"image\":{\"@id\":\"https:\\\/\\\/www.esplac.cat\\\/es\\\/encuentros\\\/monifestat-2014\\\/#primaryimage\"},\"thumbnailUrl\":\"http:\\\/\\\/esplac.cat\\\/wp-content\\\/uploads\\\/2019\\\/10\\\/cartellA3-pantalla-alta.jpg\",\"datePublished\":\"2019-10-14T15:12:08+00:00\",\"breadcrumb\":{\"@id\":\"https:\\\/\\\/www.esplac.cat\\\/es\\\/encuentros\\\/monifestat-2014\\\/#breadcrumb\"},\"inLanguage\":\"es\",\"potentialAction\":[{\"@type\":\"ReadAction\",\"target\":[\"https:\\\/\\\/www.esplac.cat\\\/es\\\/encuentros\\\/monifestat-2014\\\/\"]}]},{\"@type\":\"ImageObject\",\"inLanguage\":\"es\",\"@id\":\"https:\\\/\\\/www.esplac.cat\\\/es\\\/encuentros\\\/monifestat-2014\\\/#primaryimage\",\"url\":\"http:\\\/\\\/esplac.cat\\\/wp-content\\\/uploads\\\/2019\\\/10\\\/cartellA3-pantalla-alta.jpg\",\"contentUrl\":\"http:\\\/\\\/esplac.cat\\\/wp-content\\\/uploads\\\/2019\\\/10\\\/cartellA3-pantalla-alta.jpg\"},{\"@type\":\"BreadcrumbList\",\"@id\":\"https:\\\/\\\/www.esplac.cat\\\/es\\\/encuentros\\\/monifestat-2014\\\/#breadcrumb\",\"itemListElement\":[{\"@type\":\"ListItem\",\"position\":1,\"name\":\"Inici\",\"item\":\"https:\\\/\\\/www.esplac.cat\\\/es\\\/\"},{\"@type\":\"ListItem\",\"position\":2,\"name\":\"Encuentros\",\"item\":\"https:\\\/\\\/www.esplac.cat\\\/es\\\/encuentros\\\/\"},{\"@type\":\"ListItem\",\"position\":3,\"name\":\"Monifesta&#8217;t 2014\"}]},{\"@type\":\"WebSite\",\"@id\":\"https:\\\/\\\/www.esplac.cat\\\/#website\",\"url\":\"https:\\\/\\\/www.esplac.cat\\\/\",\"name\":\"Esplac\",\"description\":\"Esplais Catalans\",\"publisher\":{\"@id\":\"https:\\\/\\\/www.esplac.cat\\\/#organization\"},\"potentialAction\":[{\"@type\":\"SearchAction\",\"target\":{\"@type\":\"EntryPoint\",\"urlTemplate\":\"https:\\\/\\\/www.esplac.cat\\\/?s={search_term_string}\"},\"query-input\":{\"@type\":\"PropertyValueSpecification\",\"valueRequired\":true,\"valueName\":\"search_term_string\"}}],\"inLanguage\":\"es\"},{\"@type\":\"Organization\",\"@id\":\"https:\\\/\\\/www.esplac.cat\\\/#organization\",\"name\":\"Esplac\",\"url\":\"https:\\\/\\\/www.esplac.cat\\\/\",\"logo\":{\"@type\":\"ImageObject\",\"inLanguage\":\"es\",\"@id\":\"https:\\\/\\\/www.esplac.cat\\\/#\\\/schema\\\/logo\\\/image\\\/\",\"url\":\"https:\\\/\\\/www.esplac.cat\\\/wp-content\\\/uploads\\\/2019\\\/08\\\/logox2.png\",\"contentUrl\":\"https:\\\/\\\/www.esplac.cat\\\/wp-content\\\/uploads\\\/2019\\\/08\\\/logox2.png\",\"width\":600,\"height\":295,\"caption\":\"Esplac\"},\"image\":{\"@id\":\"https:\\\/\\\/www.esplac.cat\\\/#\\\/schema\\\/logo\\\/image\\\/\"}}]}<\/script>\n<!-- \/ Yoast SEO plugin. -->","yoast_head_json":{"title":"Monifesta't 2014 - Esplac","robots":{"index":"index","follow":"follow","max-snippet":"max-snippet:-1","max-image-preview":"max-image-preview:large","max-video-preview":"max-video-preview:-1"},"canonical":"https:\/\/www.esplac.cat\/es\/encuentros\/monifestat-2014\/","og_locale":"es_ES","og_type":"article","og_title":"Monifesta't 2014 - Esplac","og_url":"https:\/\/www.esplac.cat\/es\/encuentros\/monifestat-2014\/","og_site_name":"Esplac","og_image":[{"url":"http:\/\/esplac.cat\/wp-content\/uploads\/2019\/10\/cartellA3-pantalla-alta.jpg","type":"","width":"","height":""}],"twitter_card":"summary_large_image","twitter_misc":{"Tiempo de lectura":"26 minutos"},"schema":{"@context":"https:\/\/schema.org","@graph":[{"@type":"WebPage","@id":"https:\/\/www.esplac.cat\/es\/encuentros\/monifestat-2014\/","url":"https:\/\/www.esplac.cat\/es\/encuentros\/monifestat-2014\/","name":"Monifesta't 2014 - Esplac","isPartOf":{"@id":"https:\/\/www.esplac.cat\/#website"},"primaryImageOfPage":{"@id":"https:\/\/www.esplac.cat\/es\/encuentros\/monifestat-2014\/#primaryimage"},"image":{"@id":"https:\/\/www.esplac.cat\/es\/encuentros\/monifestat-2014\/#primaryimage"},"thumbnailUrl":"http:\/\/esplac.cat\/wp-content\/uploads\/2019\/10\/cartellA3-pantalla-alta.jpg","datePublished":"2019-10-14T15:12:08+00:00","breadcrumb":{"@id":"https:\/\/www.esplac.cat\/es\/encuentros\/monifestat-2014\/#breadcrumb"},"inLanguage":"es","potentialAction":[{"@type":"ReadAction","target":["https:\/\/www.esplac.cat\/es\/encuentros\/monifestat-2014\/"]}]},{"@type":"ImageObject","inLanguage":"es","@id":"https:\/\/www.esplac.cat\/es\/encuentros\/monifestat-2014\/#primaryimage","url":"http:\/\/esplac.cat\/wp-content\/uploads\/2019\/10\/cartellA3-pantalla-alta.jpg","contentUrl":"http:\/\/esplac.cat\/wp-content\/uploads\/2019\/10\/cartellA3-pantalla-alta.jpg"},{"@type":"BreadcrumbList","@id":"https:\/\/www.esplac.cat\/es\/encuentros\/monifestat-2014\/#breadcrumb","itemListElement":[{"@type":"ListItem","position":1,"name":"Inici","item":"https:\/\/www.esplac.cat\/es\/"},{"@type":"ListItem","position":2,"name":"Encuentros","item":"https:\/\/www.esplac.cat\/es\/encuentros\/"},{"@type":"ListItem","position":3,"name":"Monifesta&#8217;t 2014"}]},{"@type":"WebSite","@id":"https:\/\/www.esplac.cat\/#website","url":"https:\/\/www.esplac.cat\/","name":"Esplac","description":"Esplais Catalans","publisher":{"@id":"https:\/\/www.esplac.cat\/#organization"},"potentialAction":[{"@type":"SearchAction","target":{"@type":"EntryPoint","urlTemplate":"https:\/\/www.esplac.cat\/?s={search_term_string}"},"query-input":{"@type":"PropertyValueSpecification","valueRequired":true,"valueName":"search_term_string"}}],"inLanguage":"es"},{"@type":"Organization","@id":"https:\/\/www.esplac.cat\/#organization","name":"Esplac","url":"https:\/\/www.esplac.cat\/","logo":{"@type":"ImageObject","inLanguage":"es","@id":"https:\/\/www.esplac.cat\/#\/schema\/logo\/image\/","url":"https:\/\/www.esplac.cat\/wp-content\/uploads\/2019\/08\/logox2.png","contentUrl":"https:\/\/www.esplac.cat\/wp-content\/uploads\/2019\/08\/logox2.png","width":600,"height":295,"caption":"Esplac"},"image":{"@id":"https:\/\/www.esplac.cat\/#\/schema\/logo\/image\/"}}]}},"_links":{"self":[{"href":"https:\/\/www.esplac.cat\/es\/wp-json\/wp\/v2\/pages\/28156","targetHints":{"allow":["GET"]}}],"collection":[{"href":"https:\/\/www.esplac.cat\/es\/wp-json\/wp\/v2\/pages"}],"about":[{"href":"https:\/\/www.esplac.cat\/es\/wp-json\/wp\/v2\/types\/page"}],"author":[{"embeddable":true,"href":"https:\/\/www.esplac.cat\/es\/wp-json\/wp\/v2\/users\/1"}],"replies":[{"embeddable":true,"href":"https:\/\/www.esplac.cat\/es\/wp-json\/wp\/v2\/comments?post=28156"}],"version-history":[{"count":0,"href":"https:\/\/www.esplac.cat\/es\/wp-json\/wp\/v2\/pages\/28156\/revisions"}],"up":[{"embeddable":true,"href":"https:\/\/www.esplac.cat\/es\/wp-json\/wp\/v2\/pages\/28140"}],"wp:attachment":[{"href":"https:\/\/www.esplac.cat\/es\/wp-json\/wp\/v2\/media?parent=28156"}],"curies":[{"name":"wp","href":"https:\/\/api.w.org\/{rel}","templated":true}]}}