{"id":30677,"date":"2019-11-26T13:54:14","date_gmt":"2019-11-26T12:54:14","guid":{"rendered":"https:\/\/www.esplac.cat\/enucentranos\/premsa\/"},"modified":"2024-09-03T13:30:09","modified_gmt":"2024-09-03T11:30:09","slug":"premsa","status":"publish","type":"page","link":"https:\/\/www.esplac.cat\/es\/enucentranos\/premsa\/","title":{"rendered":"Premsa"},"content":{"rendered":"<p><div class=\"fusion-fullwidth fullwidth-box fusion-builder-row-1 fusion-flex-container nonhundred-percent-fullwidth non-hundred-percent-height-scrolling\" style=\"--awb-border-radius-top-left:0px;--awb-border-radius-top-right:0px;--awb-border-radius-bottom-right:0px;--awb-border-radius-bottom-left:0px;--awb-flex-wrap:wrap;\" ><div class=\"fusion-builder-row fusion-row fusion-flex-align-items-flex-start fusion-flex-content-wrap\" style=\"max-width:1248px;margin-left: calc(-4% \/ 2 );margin-right: calc(-4% \/ 2 );\"><div class=\"fusion-layout-column fusion_builder_column fusion-builder-column-0 fusion_builder_column_1_1 1_1 fusion-flex-column\" style=\"--awb-bg-size:cover;--awb-width-large:100%;--awb-margin-top-large:0px;--awb-spacing-right-large:1.92%;--awb-margin-bottom-large:20px;--awb-spacing-left-large:1.92%;--awb-width-medium:100%;--awb-spacing-right-medium:1.92%;--awb-spacing-left-medium:1.92%;--awb-width-small:100%;--awb-spacing-right-small:1.92%;--awb-spacing-left-small:1.92%;\"><div class=\"fusion-column-wrapper fusion-column-has-shadow fusion-flex-justify-content-flex-start fusion-content-layout-column\"><div class=\"fusion-text fusion-text-1\"><h3 data-fontsize=\"30\" data-lineheight=\"39\"><strong>Recull de premsa<\/strong><\/h3>\n<\/div><div class=\"fusion-tabs fusion-tabs-1 classic nav-is-justified horizontal-tabs icon-position-left mobile-mode-accordion\" style=\"--awb-title-border-radius-top-left:0px;--awb-title-border-radius-top-right:0px;--awb-title-border-radius-bottom-right:0px;--awb-title-border-radius-bottom-left:0px;--awb-inactive-color:#ebeaea;--awb-background-color:#ffffff;--awb-border-color:#ebeaea;--awb-active-border-color:#f69d0b;\"><div class=\"nav\"><ul class=\"nav-tabs nav-justified\" role=\"tablist\"><li class=\"active\" role=\"presentation\"><a class=\"tab-link\" data-toggle=\"tab\" role=\"tab\" aria-controls=\"tab-f7fdc50620f7070382d\" aria-selected=\"true\" id=\"fusion-tab-2022\" href=\"#tab-f7fdc50620f7070382d\"><h4 class=\"fusion-tab-heading\">2022<\/h4><\/a><\/li><li role=\"presentation\"><a class=\"tab-link\" data-toggle=\"tab\" role=\"tab\" aria-controls=\"tab-fdf56e98497824e832e\" aria-selected=\"false\" tabindex=\"-1\" id=\"fusion-tab-2021\" href=\"#tab-fdf56e98497824e832e\"><h4 class=\"fusion-tab-heading\">2021<\/h4><\/a><\/li><li role=\"presentation\"><a class=\"tab-link\" data-toggle=\"tab\" role=\"tab\" aria-controls=\"tab-b80244f701108bd6da8\" aria-selected=\"false\" tabindex=\"-1\" id=\"fusion-tab-2020\" href=\"#tab-b80244f701108bd6da8\"><h4 class=\"fusion-tab-heading\">2020<\/h4><\/a><\/li><li role=\"presentation\"><a class=\"tab-link\" data-toggle=\"tab\" role=\"tab\" aria-controls=\"tab-55e1a07f58d53a9f4e2\" aria-selected=\"false\" tabindex=\"-1\" id=\"fusion-tab-2019\" href=\"#tab-55e1a07f58d53a9f4e2\"><h4 class=\"fusion-tab-heading\">2019<\/h4><\/a><\/li><li role=\"presentation\"><a class=\"tab-link\" data-toggle=\"tab\" role=\"tab\" aria-controls=\"tab-66d8164d10ab343e9f8\" aria-selected=\"false\" tabindex=\"-1\" id=\"fusion-tab-2018\" href=\"#tab-66d8164d10ab343e9f8\"><h4 class=\"fusion-tab-heading\">2018<\/h4><\/a><\/li><li role=\"presentation\"><a class=\"tab-link\" data-toggle=\"tab\" role=\"tab\" aria-controls=\"tab-7c19031bc6e67bd4552\" aria-selected=\"false\" tabindex=\"-1\" id=\"fusion-tab-2017\" href=\"#tab-7c19031bc6e67bd4552\"><h4 class=\"fusion-tab-heading\">2017<\/h4><\/a><\/li><\/ul><\/div><div class=\"tab-content\"><div class=\"nav fusion-mobile-tab-nav\"><ul class=\"nav-tabs nav-justified\" role=\"tablist\"><li class=\"active\" role=\"presentation\"><a class=\"tab-link\" data-toggle=\"tab\" role=\"tab\" aria-controls=\"tab-f7fdc50620f7070382d\" aria-selected=\"true\" id=\"mobile-fusion-tab-2022\" href=\"#tab-f7fdc50620f7070382d\"><h4 class=\"fusion-tab-heading\">2022<\/h4><\/a><\/li><\/ul><\/div><div class=\"tab-pane fade fusion-clearfix in active\" role=\"tabpanel\" tabindex=\"0\" aria-labelledby=\"fusion-tab-2022\" id=\"tab-f7fdc50620f7070382d\">\n<p><strong>NOTES DE PREMSA<\/strong><\/p>\n<ul>\n<li><\/li>\n<li><a href=\"https:\/\/www.esplac.cat\/wp-content\/uploads\/2023\/03\/Nota-de-premsa_Conte_I-tu-que-fas-dissabte_Esplac.pdf\" target=\"_blank\" rel=\"noopener\"><i>\u201cI tu, qu\u00e8 fas dissabte? L\u2019aventura d\u2019anar a l\u2019esplai\u201d<\/i>, el conte il\u00b7lustrat de Lia Casas Setplans ja \u00e9s una realitat<\/a><\/li>\n<li><a href=\"https:\/\/www.esplac.cat\/wp-content\/uploads\/2023\/03\/Nota-Premsa_bancaetica_Esplac.pdf\" target=\"_blank\" rel=\"noopener\">Creix<\/a><a href=\"https:\/\/www.esplac.cat\/wp-content\/uploads\/2023\/03\/Nota-Premsa_bancaetica_Esplac.pdf\"> l\u2019inter<\/a><a href=\"https:\/\/www.esplac.cat\/wp-content\/uploads\/2023\/03\/Nota-Premsa_bancaetica_Esplac.pdf\">\u00e8s<\/a><a href=\"https:\/\/www.esplac.cat\/wp-content\/uploads\/2023\/03\/Nota-Premsa_bancaetica_Esplac.pdf\"> dels<\/a><a href=\"https:\/\/www.esplac.cat\/wp-content\/uploads\/2023\/03\/Nota-Premsa_bancaetica_Esplac.pdf\"> esplais<\/a><a href=\"https:\/\/www.esplac.cat\/wp-content\/uploads\/2023\/03\/Nota-Premsa_bancaetica_Esplac.pdf\"> per<\/a><a href=\"https:\/\/www.esplac.cat\/wp-content\/uploads\/2023\/03\/Nota-Premsa_bancaetica_Esplac.pdf\"> mudar<\/a><a href=\"https:\/\/www.esplac.cat\/wp-content\/uploads\/2023\/03\/Nota-Premsa_bancaetica_Esplac.pdf\"> els<\/a><a href=\"https:\/\/www.esplac.cat\/wp-content\/uploads\/2023\/03\/Nota-Premsa_bancaetica_Esplac.pdf\"> seus<\/a><a href=\"https:\/\/www.esplac.cat\/wp-content\/uploads\/2023\/03\/Nota-Premsa_bancaetica_Esplac.pdf\"> comptes<\/a><a href=\"https:\/\/www.esplac.cat\/wp-content\/uploads\/2023\/03\/Nota-Premsa_bancaetica_Esplac.pdf\"> a<\/a><a href=\"https:\/\/www.esplac.cat\/wp-content\/uploads\/2023\/03\/Nota-Premsa_bancaetica_Esplac.pdf\"> la<\/a><a href=\"https:\/\/www.esplac.cat\/wp-content\/uploads\/2023\/03\/Nota-Premsa_bancaetica_Esplac.pdf\"> banca<\/a><a href=\"https:\/\/www.esplac.cat\/wp-content\/uploads\/2023\/03\/Nota-Premsa_bancaetica_Esplac.pdf\"> \u00e8tica<\/a><\/li>\n<li><a href=\"https:\/\/www.esplac.cat\/wp-content\/uploads\/2023\/03\/Nota-de-premsa-_CancoEsplaiada_Esplac.pdf\" target=\"_blank\" rel=\"noopener\">Arriba \u201cTinc esplai!\u201d el nou senzill musical d\u2019Ambauka i Esplais Catalans<\/a><\/li>\n<li><a href=\"https:\/\/www.esplac.cat\/wp-content\/uploads\/2023\/03\/Nota-de-premsa-Escola-dEsplac-22-2.pdf\" target=\"_blank\" rel=\"noopener\">Monis d\u2019esplai es q\u00fcestionen si \u00e9s necessari continuar fent esplai a l\u2019Escola d\u2019Esplac 2022<\/a><\/li>\n<li><a href=\"https:\/\/www.esplac.cat\/wp-content\/uploads\/2023\/03\/Nota-de-premsa-Escola-dEsplac-22.pdf\" target=\"_blank\" rel=\"noopener\">\u201cEs pot saber qu\u00e8 estem fent?\u201d- Escola d&#8217;Esplac 22<\/a><\/li>\n<\/ul>\n<p><strong>APARICIONS EN MITJANS<\/strong><\/p>\n<ul>\n<li class=\"entry-title\"><a href=\"https:\/\/diarieducacio.cat\/volem-fer-cau-i-esplai-el-dissabte\/\" target=\"_blank\" rel=\"noopener noreferrer\">Volem fer cau i esplai el dissabte! (El diari de l&#8217;educaci\u00f3)<\/a><\/li>\n<li><\/li>\n<\/ul>\n<\/div><div class=\"nav fusion-mobile-tab-nav\"><ul class=\"nav-tabs nav-justified\" role=\"tablist\"><li role=\"presentation\"><a class=\"tab-link\" data-toggle=\"tab\" role=\"tab\" aria-controls=\"tab-fdf56e98497824e832e\" aria-selected=\"false\" tabindex=\"-1\" id=\"mobile-fusion-tab-2021\" href=\"#tab-fdf56e98497824e832e\"><h4 class=\"fusion-tab-heading\">2021<\/h4><\/a><\/li><\/ul><\/div><div class=\"tab-pane fade fusion-clearfix\" role=\"tabpanel\" tabindex=\"0\" aria-labelledby=\"fusion-tab-2021\" id=\"tab-fdf56e98497824e832e\">\n<p><strong>NOTES DE PREMSA<\/strong><\/p>\n<ul>\n<li><a href=\"https:\/\/www.esplac.cat\/wp-content\/uploads\/2022\/01\/Nota-de-premsa-Goteo_-I-tu-que-fas-dissabte-El-conte-illustrat-dels-esplais.pdf\">Comen\u00e7a la campanya de Goteo per finan\u00e7ar el conte il\u00b7lustrat que reivindica la tasca educativa dels esplais<\/a><\/li>\n<li><a href=\"https:\/\/www.esplac.cat\/wp-content\/uploads\/2022\/01\/Nota-de-premsa-AGO21-Esplais-Catalans.pdf\">Esplais Catalans es posiciona davant l&#8217;emerg\u00e8ncia ling\u00fc\u00edstica i en contra del discurs d\u2019odi en la seva 40ena Assemblea General Ordin\u00e0ria, reivindicant un cop m\u00e9s que els esplais s\u00f3n imprescindibles<\/a><\/li>\n<li><a href=\"https:\/\/www.esplac.cat\/wp-content\/uploads\/2022\/01\/Nota-de-premsa-20N-Esplais-Catalans.pdf\">Els esplais d&#8217;Esplac reivindiquem els drets dels infants arreu del territori<\/a><\/li>\n<li><a href=\"https:\/\/www.esplac.cat\/wp-content\/uploads\/2022\/01\/Nota-de-premsa-Dia-Universal-dels-Drets-dels-Infants.pdf\">20N: Els infants tamb\u00e9 som el present!<\/a><\/li>\n<li><a href=\"https:\/\/www.esplac.cat\/wp-content\/uploads\/2022\/01\/NdP-Jornades-Ambientals.pdf\">Les VIII Jornades Ambientals d&#8217;Esplac aborden l&#8217;emerg\u00e8ncia clim\u00e0tica des de la perspectiva juvenil<\/a><\/li>\n<li><a href=\"https:\/\/www.esplac.cat\/wp-content\/uploads\/2022\/01\/Nota-de-premsa-40-anys-Esplac.pdf\">Ja s\u00f3n aqu\u00ed els 40 anys d&#8217;Esplais Catalans<\/a><\/li>\n<li><a href=\"https:\/\/www.esplac.cat\/wp-content\/uploads\/2022\/01\/Nota-de-Premsa-EsplaisFemlEstiu-2021.pdf\">Un any m\u00e9s, els esplais demostren que les activitats d&#8217;estiu s\u00f3n segures i necess\u00e0ries<\/a><\/li>\n<li><a href=\"https:\/\/www.esplac.cat\/wp-content\/uploads\/2021\/06\/NdP-Campaments-Pedagogics-1.pdf\" target=\"_blank\" rel=\"noopener noreferrer\">Arriba la primera edici\u00f3 dels Campaments Pedag\u00f2gics d&#8217;Esplais Catalans<\/a><\/li>\n<li><a href=\"https:\/\/www.esplac.cat\/wp-content\/uploads\/2021\/06\/Ndp-Jornades-Dissidents-i-Interculturalitat.pdf\" target=\"_blank\" rel=\"noopener noreferrer\">Torna la presencialitat a les formacions i jornades d&#8217;Esplais Catalans<\/a><\/li>\n<li><a href=\"https:\/\/www.esplac.cat\/wp-content\/uploads\/2021\/06\/NdP-Escola-dEsplac-2.pdf\" target=\"_blank\" rel=\"noopener noreferrer\">Les joves porten els valors a debat<\/a><\/li>\n<li><a href=\"https:\/\/www.esplac.cat\/wp-content\/uploads\/2021\/06\/NdP-Escola-dEsplac-1.pdf\" target=\"_blank\" rel=\"noopener noreferrer\">L&#8217;educaci\u00f3 en valors al punt de mira<\/a><\/li>\n<li><a href=\"https:\/\/www.esplac.cat\/wp-content\/uploads\/2021\/06\/NdP-Imprescindibles-2.pdf\" target=\"_blank\" rel=\"noopener noreferrer\">Els esplais s&#8217;han manifestat aquest cap de setmana sota el lema Imprescindibles<\/a><\/li>\n<li><a href=\"https:\/\/www.esplac.cat\/wp-content\/uploads\/2021\/06\/NdP-Imprescindibles-1.pdf\" target=\"_blank\" rel=\"noopener noreferrer\">Els esplais es manifestaran aquest cap de setmana<\/a><\/li>\n<\/ul>\n<p><strong>APARICIONS EN MITJANS<\/strong><\/p>\n<ul>\n<li class=\"entry-title\"><a href=\"https:\/\/diarieducacio.cat\/volem-fer-cau-i-esplai-el-dissabte\/\" target=\"_blank\" rel=\"noopener noreferrer\">Volem fer cau i esplai el dissabte! (El diari de l&#8217;educaci\u00f3)<\/a><\/li>\n<li class=\"entry-title\"><a href=\"https:\/\/xarxanet.org\/comunitari\/noticies\/les-entitats-del-lleure-educatiu-reaccionen-les-noves-mesures-del-govern\" target=\"_blank\" rel=\"noopener noreferrer\">Les entitats del lleure educatiu reaccionen a les noves mesures del govern (Xarxanet)<\/a><\/li>\n<li><a href=\"https:\/\/xarxanet.org\/comunitari\/noticies\/esplais-catalans-i-levante-popular-da-juventude-inicien-un-projecte-de\" target=\"_blank\" rel=\"noopener noreferrer\">Esplais Catalans i Levante Popular da Juventude inicien un projecte de col\u00b7laboraci\u00f3 (Xarxanet)<\/a><\/li>\n<li><a href=\"https:\/\/elcugatenc.cat\/drets\/mes-dun-centenar-persones-demanen-que-leducacio-el-lleure-es-consideri-un-servei-essencial\" target=\"_blank\" rel=\"noopener noreferrer\">M\u00e9s d\u2019un centenar de persones demanen que l\u2019educaci\u00f3 en el lleure es consideri un servei essencial (El Cugatenc)<\/a><\/li>\n<li><a href=\"https:\/\/www.totsantcugat.cat\/actualitat\/societat\/entitats-lleure-reivindiquen-espai-segur-essencial_2142255102.html\" target=\"_blank\" rel=\"noopener noreferrer\">Les entitats de lleure reivindiquen que s\u00f3n un espai segur i essencial (Tot Sant Cugat)<\/a><\/li>\n<li><a href=\"https:\/\/www.estris.cat\/actualitat\/esplais-catalans-reclama-mes-reconeixement-tasca-educativa-esplais_3355_102.html\" target=\"_blank\" rel=\"noopener noreferrer\">Esplais Catalans reclama m\u00e9s reconeixement a la tasca educativa dels esplais (Estris.cat)<\/a><\/li>\n<li><a href=\"https:\/\/lafurapenedes.cat\/centenars-dinfants-i-joves-surten-a-les-places-per-recordar-que-el-lleure-es-segur-i-imprescindible\/\" target=\"_blank\" rel=\"noopener noreferrer\">Centenars d\u2019infants i joves surten a les places per recordar que el lleure \u00e9s \u201csegur i imprescindible\u201d (La Fura)<\/a><\/li>\n<li><a href=\"https:\/\/tarragonadigital.com\/amp\/catalunya\/esplais-reivindiquen-seguretat-restriccions-coronavirus?__twitter_impression=true\" target=\"_blank\" rel=\"noopener noreferrer\">Els esplais protesten arreu de Catalunya contra les restriccions: \u00abSom essencials\u00bb (Tarragona digital)<\/a><\/li>\n<li><a href=\"https:\/\/www.diaridegirona.cat\/catalunya\/2021\/02\/20\/els-esplais-reivindiquen-amb-protestes-48625504.html\" target=\"_blank\" rel=\"noopener noreferrer\">Els esplais reivindiquen amb protestes arreu de Catalunya que s\u00f3n essencials i que un 20% segueixen tancats (Diari de Girona)<\/a><\/li>\n<li><a href=\"https:\/\/www.cugat.cat\/noticies\/cultura\/152558\/les-entitats-de-lleure-de-sant_cugat-reclamen-que-son-espais-segurs-i-essencials\/?utm_term=Autofeed&amp;utm_medium=Social&amp;utm_source=Twitter#Echobox=1613980852\">Les entitats de lleure de Sant Cugat reclamen que s\u00f3n espais segurs i essencials (Cugat M\u00e8dia)<\/a><\/li>\n<li><a href=\"https:\/\/www.regio7.cat\/arreu-catalunya-espanya-mon\/2021\/02\/20\/els-esplais-reivindiquen-amb-protestes-49923301.html\">Els esplais reivindiquen amb protestes arreu de Catalunya que s\u00f3n essencials i que un 20% segueixen tancats (Regi\u00f3 7<\/a>)<\/li>\n<li><a href=\"https:\/\/www.europapress.es\/catalunya\/noticia-esplais-catalunya-concentran-reivindicar-son-imprescindibles-20210220150029.html\">Los esplais de Catalunya se concentran para reivindicar que son \u00abimprescindibles\u00bb (Europapress)<\/a><\/li>\n<li><a href=\"https:\/\/www.ccma.cat\/tv3\/alacarta\/telenoticies\/els-esplais-es-reivindiquen-com-a-segurs-i-imprescindibles\/video\/6085610\/\">Els esplais es reivindiquen com a segurs i imprescindibles (CCMA &#8211; TV3)<\/a><\/li>\n<li><a href=\"https:\/\/www.diarimes.com\/noticies\/actualitat\/catalunya\/2021\/02\/20\/els_esplais_reivindiquen_amb_protestes_arreu_catalunya_que_son_essencials_que_segueixen_tancats_98534_3029.html\">Els esplais reivindiquen amb protestes arreu de Catalunya que s\u00f3n essencials i que un 20% segueixen tancats (M\u00e9sDigital)<\/a><\/li>\n<li><a href=\"https:\/\/twitter.com\/NoticiesEnXarxa\/status\/1363216309648031744\">La represa de les extraescolars a infantil i prim\u00e0ria, rebuda amb satisfacci\u00f3 relativa per les patronals del lleure educatiu (Not\u00edcies en Xarxa)<\/a><\/li>\n<li><a href=\"https:\/\/www.totsantcugat.cat\/actualitat\/societat\/esplais-sant-cugat-uneixen-donar-tasca_2148544102.html?utm_medium=Social&amp;utm_source=Twitter#Echobox=1613917026\">Els esplais de Sant Cugat s&#8217;uneixen per donar valor a la seva tasca (El Tot Sant Cugat)<\/a><\/li>\n<li><a href=\"https:\/\/terrassadigital.cat\/els-esplais-es-reivindiquen-com-a-mes-imprescindibles-que-mai\/\">Els esplais es reivindiquen com a m\u00e9s \u00abimprescindibles\u00bb que mai (TerrassaDigital.cat)<\/a><\/li>\n<li><a href=\"https:\/\/www.ccma.cat\/catradio\/alacarta\/catalunya-migdia-cap-de-setmana\/catalunya-migdia-cap-de-setmana-de-14-a-15-h-20022021\/audio\/1093331\/\">Imprescindibles al Catalunya Migdia (minut 00:18:27)<\/a><\/li>\n<li><a href=\"https:\/\/www.rac1.cat\">Entrevista de Clara Bricull\u00e9, Secret\u00e0ria General d&#8217;Esplais Catalans per la campanya d&#8217;Imprescindibles (Rac1)<\/a><\/li>\n<li><a href=\"https:\/\/www.noticiasde.es\/catalunya\/barcelona\/los-esplais-de-catalunya-se-concentran-para-reivindicar-que-son-imprescindibles\/\">Los esplais de Catalu\u00f1a se concentran para reivindicar que son imprescindibles (NoticiasDe)<\/a><\/li>\n<li><a href=\"https:\/\/web.el9media.cat\/images\/2021\/02\/o_1_220221_1_a.pdf\">Els caus i esplais ja poden tornar (El 9)<\/a><\/li>\n<li><a href=\"https:\/\/www.social.cat\/noticia\/13886\/els-esplais-reivindiquen-amb-protestes-arreu-de-catalunya-que-son-essencials-i-que-un-20-s?utm_source=dlvr.it&amp;utm_medium=twitter&amp;utm_campaign=socialpuntcat\">Els esplais reivindiquen amb protestes arreu de Catalunya que s\u00f3n essencials i que un 20% segueixen tancats (Social.cat)<\/a><\/li>\n<li><a href=\"https:\/\/www.emporda.info\/catalunya\/2021\/02\/20\/els-esplais-reivindiquen-amb-protestes-50718755.html\">Els esplais reivindiquen amb protestes que s\u00f3n essencials (L&#8217;Empord\u00e0)<\/a><\/li>\n<li><a href=\"https:\/\/www.rtvelvendrell.cat\/manifestacio-en-defensa-dels-esplais-com-a-entitats-imprescindibles\/\">Manifestaci\u00f3 en defensa dels esplais com a entitats imprescindibles (RTV El Vendrell)<\/a><\/li>\n<li><a href=\"https:\/\/www.segre.com\/noticies\/guia\/2021\/02\/20\/catalunya_els_esplais_catalunya_concentren_per_reivindicar_que_son_imprescindibles_126408_1111.html?\">Els esplais es concentren per reivindicar que s\u00f3n \u00abimprescindibles\u00bb (Elsegre.com)<\/a><\/li>\n<li><a href=\"https:\/\/monterrassa.cat\/societat\/esplais-terrassa-reivindiquen-son-segurs-imprescindibles-78548\/\">Els esplais es reivindiquen: som segurs i imprescindibles (El M\u00f3n Terrassa)<\/a><\/li>\n<li><a href=\"https:\/\/www.rubitv.cat\/noticia\/8890\/organitzacions-educacio-lleure-convoquen-concentracio-reivindicar-son-imprescindibles\">Organitzacions d&#8217;educaci\u00f3 en el lleure convoquen una concentraci\u00f3 per reivindicar que s\u00f3n imprescindibles (Rubitv.cat)<\/a><\/li>\n<li><a href=\"https:\/\/www.cugat.cat\/noticies\/cultura\/152558\/les-entitats-de-lleure-de-sant_cugat-reclamen-que-son-espais-segurs-i-essencials\">Les entitats de lleure de Sant Cugat reclamen que s\u00f3n espais segurs i essencials (Cugat M\u00e8dia)<\/a><\/li>\n<li><a href=\"https:\/\/el9nou.cat\/osona-ripolles\/actualitat\/video-els-esplais-es-reivindiquen\/\">Els esplais es reivindiquen (el9nou.cat)<\/a><\/li>\n<li><a href=\"https:\/\/bdncom.alacarta.cat\/informatiu\/capitol\/22-de-febrer-de-2021-vespre\">Aparici\u00f3 a la Televisi\u00f3 de Badalona en el marc de la campanya #Imprescindibles (minut 00:11:30)<\/a><\/li>\n<li><a href=\"https:\/\/twitter.com\/BadalonaTres60\/status\/1363932065062862848\"><span class=\"css-901oao css-16my406 r-poiln3 r-bcqeeo r-qvutc0\">Els <\/span><span class=\"r-18u37iz\">#esplais<\/span><span class=\"css-901oao css-16my406 r-poiln3 r-bcqeeo r-qvutc0\"> i <\/span><span class=\"r-18u37iz\">#caus<\/span><span class=\"css-901oao css-16my406 r-poiln3 r-bcqeeo r-qvutc0\"> de <\/span><span class=\"r-18u37iz\">#Badalona<\/span><span class=\"css-901oao css-16my406 r-poiln3 r-bcqeeo r-qvutc0\"> es van concentrar aquest cap de setmana, a la pla\u00e7a de la Vila, per exigir l&#8217;obertura d&#8217;aquestes activitats per als nens i nenes de totes les edats, i per destacar la import\u00e0ncia del lleure (Badalona360)<\/span><\/a><\/li>\n<li><a href=\"https:\/\/www.estris.cat\/actualitat\/esplac-reivindica-lleure-es-segur-imprescindible-en-concentracions-arreu-catalunya\">Esplac reivindica que el lleure \u00e9s segur i imprescindible (Revista Estris)<\/a><\/li>\n<li><a href=\"https:\/\/xarxanet.org\/internacional\/noticies\/kids-got-rights-la-unio-de-lesplai-amb-els-drets-dels-infants\">\u00abKids Got Rights\u00bb: la uni\u00f3 dels infants amb els drets dels infants (Xarxanet)<\/a><\/li>\n<li><a href=\"https:\/\/directa.cat\/el-lleure-durant-la-covid-una-cursa-dobstacles\/\">El lleure durant la Covid-19, una cursa d&#8217;obstacles (La Directa)<\/a><\/li>\n<li><a href=\"https:\/\/beteve.cat\/societat\/concentracio-davant-consolat-israel-contra-atacs-gaza\/\">Protesta davant el Consolat d&#8217;Israel contra els atacts a Gaza (Betev\u00e9)<\/a><\/li>\n<li><a href=\"https:\/\/www.girona.cat\/gironafm\/cat\/noticies2.php?id=16536\">Torna la presencialitat a les formacions i jornades d&#8217;Esplais Catalans (Girona FM)<\/a><\/li>\n<li><a href=\"http:\/\/www.laxarxa.cat\">Entrevista a Carmen Alonso-Villaverde, presidenta d&#8217;Esplac, a la Xarxa Comunicaci\u00f3<\/a><\/li>\n<li><a href=\"https:\/\/xarxanet.org\/comunitari\/noticies\/esplac-revisa-el-seu-metode-en-els-seus-primers-campaments-pedagogics\">Esplac revisa el seu m\u00e8tode en els seus primers Campaments Pedag\u00f2gics (Xarxanet)<\/a><\/li>\n<\/ul>\n<\/div><div class=\"nav fusion-mobile-tab-nav\"><ul class=\"nav-tabs nav-justified\" role=\"tablist\"><li role=\"presentation\"><a class=\"tab-link\" data-toggle=\"tab\" role=\"tab\" aria-controls=\"tab-b80244f701108bd6da8\" aria-selected=\"false\" tabindex=\"-1\" id=\"mobile-fusion-tab-2020\" href=\"#tab-b80244f701108bd6da8\"><h4 class=\"fusion-tab-heading\">2020<\/h4><\/a><\/li><\/ul><\/div><div class=\"tab-pane fade fusion-clearfix\" role=\"tabpanel\" tabindex=\"0\" aria-labelledby=\"fusion-tab-2020\" id=\"tab-b80244f701108bd6da8\">\n<p><strong>APARICIONS EN MITJANS<\/strong><\/p>\n<ul>\n<li><a href=\"http:\/\/xarxanet.org\/agenda\/educacio-i-valors-lescola-desplac-2020\">Educaci\u00f3 i valors a l&#8217;Escola d&#8217;Esplac 2020 (Xarxanet)<\/a><\/li>\n<li><a href=\"https:\/\/diarieducacio.cat\/els-esplais-i-caus-no-saturen-confinats-pero-motivats\/\">Esplais i caus no s&#8217;aturen: confinats per\u00f2 motivats. (Diari de l&#8217;educaci\u00f3)<\/a><\/li>\n<li><a href=\"https:\/\/terrassadigital.cat\/esplais-virtuals-una-alternativa-al-confinament\/\">Esplais virtuals, una alternativa al confinament (Terrassa digital)<\/a><\/li>\n<li><a href=\"https:\/\/www.regio7.cat\/manresa\/2020\/04\/09\/esplais-no-donen-perduda-setmana\/607087.html\">Els esplais no donen per perduda la Setmana Santa tot i el confinament (Diari Regio)<\/a><\/li>\n<li><a href=\"https:\/\/www.vilaweb.cat\/noticies\/colonies-estiu-coronavirus-campaments-esplais-caus\/\">Les entitats d\u2019educaci\u00f3 en el lleure assumeixen que ser\u00e0 dif\u00edcil de fer campaments d\u2019estiu (VILAWEB)<\/a><\/li>\n<li id=\"titol-noticia\" class=\"entry-title h1\"><a href=\"https:\/\/xarxanet.org\/opinio\/Els-esplais-capacitats-per-adaptar-se-a-situacions-complexes\">Els esplais, capacitats per adaptar-se a situacions complexes (Xarxanet)<\/a><\/li>\n<li class=\"entry-title h1\"><a href=\"https:\/\/obrimeducacio.cat\/blog\/caus-esplais-temps-covid-19\">Els caus i els esplais en temps de covid (Obrim l&#8217;educaci\u00f3 &#8211; Fundaci\u00f3 Bofill)<\/a><\/li>\n<\/ul>\n<\/div><div class=\"nav fusion-mobile-tab-nav\"><ul class=\"nav-tabs nav-justified\" role=\"tablist\"><li role=\"presentation\"><a class=\"tab-link\" data-toggle=\"tab\" role=\"tab\" aria-controls=\"tab-55e1a07f58d53a9f4e2\" aria-selected=\"false\" tabindex=\"-1\" id=\"mobile-fusion-tab-2019\" href=\"#tab-55e1a07f58d53a9f4e2\"><h4 class=\"fusion-tab-heading\">2019<\/h4><\/a><\/li><\/ul><\/div><div class=\"tab-pane fade fusion-clearfix\" role=\"tabpanel\" tabindex=\"0\" aria-labelledby=\"fusion-tab-2019\" id=\"tab-55e1a07f58d53a9f4e2\">\n<h4>NOTES DE PREMSA<\/h4>\n<ul>\n<li><a href=\"https:\/\/www.esplac.cat\/wp-content\/uploads\/2019\/11\/NdP_Esplac_AGO19.pdf\">Esplais Catalans refor\u00e7a, en la seva 38a Assemblea General Ordin\u00e0ria, la lluita en favor d\u2019una societat m\u00e9s compromesa, m\u00e9s feminista i m\u00e9s sostenible.<\/a><\/li>\n<li><a href=\"https:\/\/www.esplac.cat\/wp-content\/uploads\/2019\/12\/NdP_EscolaEsplac_19.pdf\">El nou concepte del que tothom parla: l\u2019adultocentrisme.<\/a><\/li>\n<li><a href=\"https:\/\/www.esplac.cat\/wp-content\/uploads\/2019\/12\/NdP_Monifestat_19.pdf\">M\u00e9s de 700 joves reivindiquen a El Vendrell un m\u00f3n m\u00e9s sostenible, m\u00e9s participatiu i m\u00e9s lliure.<\/a><\/li>\n<li><a href=\"https:\/\/www.esplac.cat\/wp-content\/uploads\/2019\/12\/NdP_trobadaBages-Buergued\u00e0_Art\u00e8s_19.pdf\">ART\u00e9s: la trobada m\u00e9s art\u00edstica dels esplais del territori!<\/a><\/li>\n<\/ul>\n<h4>APARICIONS EN MITJANS<\/h4>\n<\/div><div class=\"nav fusion-mobile-tab-nav\"><ul class=\"nav-tabs nav-justified\" role=\"tablist\"><li role=\"presentation\"><a class=\"tab-link\" data-toggle=\"tab\" role=\"tab\" aria-controls=\"tab-66d8164d10ab343e9f8\" aria-selected=\"false\" tabindex=\"-1\" id=\"mobile-fusion-tab-2018\" href=\"#tab-66d8164d10ab343e9f8\"><h4 class=\"fusion-tab-heading\">2018<\/h4><\/a><\/li><\/ul><\/div><div class=\"tab-pane fade fusion-clearfix\" role=\"tabpanel\" tabindex=\"0\" aria-labelledby=\"fusion-tab-2018\" id=\"tab-66d8164d10ab343e9f8\">\n<h4>NOTES DE PREMSA<\/h4>\n<div class=\"page\" title=\"Page 1\">\n<div class=\"section\">\n<div class=\"layoutArea\">\n<div class=\"column\">\n<ul>\n<li><a href=\"https:\/\/www.esplac.cat\/wp-content\/uploads\/2019\/12\/NdP_Esplac_AGO18.pdf\">Esplais Catalans aposta per una inf\u00e0ncia apoderada, amb veu i capa\u00e7 de participar del seu entorn immediat, en la 37a Assemblea General Ordin\u00e0ria de l\u2019associaci\u00f3.<\/a><\/li>\n<li><a href=\"https:\/\/www.esplac.cat\/wp-content\/uploads\/2019\/12\/NdP_Esplaiada_18.pdf\">Prop de 3000 infants i joves dels Esplais Catalans reivindiquen a Martorell una societat m\u00e9s inclusiva.<\/a><\/li>\n<li><a href=\"https:\/\/www.esplac.cat\/wp-content\/uploads\/2019\/12\/NdP_EscolaEsplac_18-.pdf\">\u00c8xit de participaci\u00f3 en l\u2019Escola d\u2019Esplac 2018 sobre pol\u00edtica i educaci\u00f3.<\/a><\/li>\n<li><a href=\"https:\/\/www.esplac.cat\/wp-content\/uploads\/2019\/12\/NdP_8aJornada_Lleure_feminismes_18.pdf\">La 8a edici\u00f3 de les Jornades de Lleure i Feminismes abordar\u00e0 les viol\u00e8ncies masclistes i LGTBIf\u00f2biques a l\u2019associacionisme educatiu.<\/a><\/li>\n<\/ul>\n<h4>APARICIONS EN MITJANS<\/h4>\n<\/div>\n<\/div>\n<\/div>\n<\/div>\n<\/div><div class=\"nav fusion-mobile-tab-nav\"><ul class=\"nav-tabs nav-justified\" role=\"tablist\"><li role=\"presentation\"><a class=\"tab-link\" data-toggle=\"tab\" role=\"tab\" aria-controls=\"tab-7c19031bc6e67bd4552\" aria-selected=\"false\" tabindex=\"-1\" id=\"mobile-fusion-tab-2017\" href=\"#tab-7c19031bc6e67bd4552\"><h4 class=\"fusion-tab-heading\">2017<\/h4><\/a><\/li><\/ul><\/div><div class=\"tab-pane fade fusion-clearfix\" role=\"tabpanel\" tabindex=\"0\" aria-labelledby=\"fusion-tab-2017\" id=\"tab-7c19031bc6e67bd4552\">\n<h4>NOTES DE PREMSA<\/h4>\n<div class=\"page\" title=\"Page 1\">\n<div class=\"layoutArea\">\n<div class=\"column\">\n<ul>\n<li><a href=\"https:\/\/www.esplac.cat\/wp-content\/uploads\/2019\/12\/NdP_Estrena_Documental_17.pdf\">S\u2019estrena el documental \u2018Transformar Educant\u2019 sobre la realitat dels esplais catalans.<\/a><\/li>\n<li><a href=\"https:\/\/www.esplac.cat\/wp-content\/uploads\/2019\/12\/NdP_EscolaEsplac_17.pdf\">Els esplais encaren el repte de la diversitat.<\/a><\/li>\n<\/ul>\n<\/div>\n<h4>APARICIONS EN MITJANS<\/h4>\n<\/div>\n<\/div>\n<\/div><\/div><\/div><\/div><\/div><\/div><\/div><div class=\"fusion-fullwidth fullwidth-box fusion-builder-row-2 fusion-flex-container nonhundred-percent-fullwidth non-hundred-percent-height-scrolling\" style=\"--awb-border-radius-top-left:0px;--awb-border-radius-top-right:0px;--awb-border-radius-bottom-right:0px;--awb-border-radius-bottom-left:0px;--awb-flex-wrap:wrap;\" ><div class=\"fusion-builder-row fusion-row fusion-flex-align-items-flex-start fusion-flex-content-wrap\" style=\"max-width:1248px;margin-left: calc(-4% \/ 2 );margin-right: calc(-4% \/ 2 );\"><div class=\"fusion-layout-column fusion_builder_column fusion-builder-column-1 fusion_builder_column_1_1 1_1 fusion-flex-column\" style=\"--awb-bg-size:cover;--awb-width-large:100%;--awb-margin-top-large:0px;--awb-spacing-right-large:1.92%;--awb-margin-bottom-large:20px;--awb-spacing-left-large:1.92%;--awb-width-medium:100%;--awb-spacing-right-medium:1.92%;--awb-spacing-left-medium:1.92%;--awb-width-small:100%;--awb-spacing-right-small:1.92%;--awb-spacing-left-small:1.92%;\"><div class=\"fusion-column-wrapper fusion-column-has-shadow fusion-flex-justify-content-flex-start fusion-content-layout-column\"><div class=\"fusion-text fusion-text-2\"><h3 data-fontsize=\"30\" data-lineheight=\"39\"><strong>Imatge corporativa<\/strong><\/h3>\n<\/div>\n<div class=\"table-1\">\n<table width=\"100%\">\n<thead>\n<tr>\n<th align=\"left\"><\/th>\n<th align=\"left\">Taronja<\/th>\n<th align=\"left\">Negre<\/th>\n<th align=\"left\">Blanc<\/th>\n<\/tr>\n<\/thead>\n<tbody>\n<tr>\n<td align=\"left\">Gen\u00e8ric<\/td>\n<td align=\"left\"><a href=\"https:\/\/www.esplac.cat\/wp-content\/uploads\/2019\/12\/logo_esplac_rgb-scaled.png\"><img decoding=\"async\" class=\"aligncenter wp-image-29546 \" src=\"https:\/\/www.esplac.cat\/wp-content\/uploads\/2019\/12\/logo_esplac_rgb-scaled.png\" alt=\"\" width=\"124\" height=\"62\" srcset=\"https:\/\/www.esplac.cat\/wp-content\/uploads\/2019\/12\/logo_esplac_rgb-200x100.png 200w, https:\/\/www.esplac.cat\/wp-content\/uploads\/2019\/12\/logo_esplac_rgb-300x150.png 300w, https:\/\/www.esplac.cat\/wp-content\/uploads\/2019\/12\/logo_esplac_rgb-400x200.png 400w, https:\/\/www.esplac.cat\/wp-content\/uploads\/2019\/12\/logo_esplac_rgb-540x272.png 540w, https:\/\/www.esplac.cat\/wp-content\/uploads\/2019\/12\/logo_esplac_rgb-600x300.png 600w, https:\/\/www.esplac.cat\/wp-content\/uploads\/2019\/12\/logo_esplac_rgb-768x384.png 768w, https:\/\/www.esplac.cat\/wp-content\/uploads\/2019\/12\/logo_esplac_rgb-800x400.png 800w, https:\/\/www.esplac.cat\/wp-content\/uploads\/2019\/12\/logo_esplac_rgb-1024x512.png 1024w, https:\/\/www.esplac.cat\/wp-content\/uploads\/2019\/12\/logo_esplac_rgb-1200x600.png 1200w, https:\/\/www.esplac.cat\/wp-content\/uploads\/2019\/12\/logo_esplac_rgb-1536x768.png 1536w, https:\/\/www.esplac.cat\/wp-content\/uploads\/2019\/12\/logo_esplac_rgb-scaled.png 2560w\" sizes=\"(max-width: 124px) 100vw, 124px\" \/><\/a><\/td>\n<td align=\"left\"><a href=\"https:\/\/www.esplac.cat\/wp-content\/uploads\/2019\/12\/black-esplac-scaled.png\"><img decoding=\"async\" class=\"aligncenter wp-image-29543 \" src=\"https:\/\/www.esplac.cat\/wp-content\/uploads\/2019\/12\/black-esplac-scaled.png\" alt=\"\" width=\"136\" height=\"68\" srcset=\"https:\/\/www.esplac.cat\/wp-content\/uploads\/2019\/12\/black-esplac-200x100.png 200w, https:\/\/www.esplac.cat\/wp-content\/uploads\/2019\/12\/black-esplac-300x150.png 300w, https:\/\/www.esplac.cat\/wp-content\/uploads\/2019\/12\/black-esplac-400x200.png 400w, https:\/\/www.esplac.cat\/wp-content\/uploads\/2019\/12\/black-esplac-540x272.png 540w, https:\/\/www.esplac.cat\/wp-content\/uploads\/2019\/12\/black-esplac-600x300.png 600w, https:\/\/www.esplac.cat\/wp-content\/uploads\/2019\/12\/black-esplac-768x384.png 768w, https:\/\/www.esplac.cat\/wp-content\/uploads\/2019\/12\/black-esplac-800x400.png 800w, https:\/\/www.esplac.cat\/wp-content\/uploads\/2019\/12\/black-esplac-1024x512.png 1024w, https:\/\/www.esplac.cat\/wp-content\/uploads\/2019\/12\/black-esplac-1200x600.png 1200w, https:\/\/www.esplac.cat\/wp-content\/uploads\/2019\/12\/black-esplac-1536x768.png 1536w, https:\/\/www.esplac.cat\/wp-content\/uploads\/2019\/12\/black-esplac-scaled.png 2560w\" sizes=\"(max-width: 136px) 100vw, 136px\" \/><\/a><\/td>\n<td align=\"left\"><a href=\"https:\/\/www.esplac.cat\/wp-content\/uploads\/2019\/12\/white-esplac-scaled.png\"><img decoding=\"async\" class=\"aligncenter wp-image-29549 \" src=\"https:\/\/www.esplac.cat\/wp-content\/uploads\/2019\/12\/white-esplac-scaled.png\" alt=\"\" width=\"158\" height=\"79\" srcset=\"https:\/\/www.esplac.cat\/wp-content\/uploads\/2019\/12\/white-esplac-200x100.png 200w, https:\/\/www.esplac.cat\/wp-content\/uploads\/2019\/12\/white-esplac-300x150.png 300w, https:\/\/www.esplac.cat\/wp-content\/uploads\/2019\/12\/white-esplac-400x200.png 400w, https:\/\/www.esplac.cat\/wp-content\/uploads\/2019\/12\/white-esplac-540x272.png 540w, https:\/\/www.esplac.cat\/wp-content\/uploads\/2019\/12\/white-esplac-600x300.png 600w, https:\/\/www.esplac.cat\/wp-content\/uploads\/2019\/12\/white-esplac-768x384.png 768w, https:\/\/www.esplac.cat\/wp-content\/uploads\/2019\/12\/white-esplac-800x400.png 800w, https:\/\/www.esplac.cat\/wp-content\/uploads\/2019\/12\/white-esplac-1024x512.png 1024w, https:\/\/www.esplac.cat\/wp-content\/uploads\/2019\/12\/white-esplac-1200x600.png 1200w, https:\/\/www.esplac.cat\/wp-content\/uploads\/2019\/12\/white-esplac-1536x768.png 1536w, https:\/\/www.esplac.cat\/wp-content\/uploads\/2019\/12\/white-esplac-scaled.png 2560w\" sizes=\"(max-width: 158px) 100vw, 158px\" \/><\/a><\/td>\n<\/tr>\n<tr>\n<td align=\"left\">Adaptaci\u00f3<\/td>\n<td align=\"left\"><img decoding=\"async\" class=\"aligncenter wp-image-27736\" src=\"https:\/\/www.esplac.cat\/wp-content\/uploads\/2019\/11\/logo-icon-150x150.png\" alt=\"\" width=\"131\" height=\"131\" srcset=\"https:\/\/www.esplac.cat\/wp-content\/uploads\/2019\/11\/logo-icon-66x66.png 66w, https:\/\/www.esplac.cat\/wp-content\/uploads\/2019\/11\/logo-icon-150x150.png 150w, https:\/\/www.esplac.cat\/wp-content\/uploads\/2019\/11\/logo-icon-200x200.png 200w, https:\/\/www.esplac.cat\/wp-content\/uploads\/2019\/11\/logo-icon-300x300.png 300w, https:\/\/www.esplac.cat\/wp-content\/uploads\/2019\/11\/logo-icon-400x400.png 400w, https:\/\/www.esplac.cat\/wp-content\/uploads\/2019\/11\/logo-icon.png 581w\" sizes=\"(max-width: 131px) 100vw, 131px\" \/><\/td>\n<td align=\"left\"><a href=\"https:\/\/www.esplac.cat\/wp-content\/uploads\/2020\/06\/e-negre.png\"><img decoding=\"async\" class=\"aligncenter wp-image-32086\" src=\"https:\/\/www.esplac.cat\/wp-content\/uploads\/2020\/06\/e-negre-150x150.png\" alt=\"\" width=\"127\" height=\"127\" srcset=\"https:\/\/www.esplac.cat\/wp-content\/uploads\/2020\/06\/e-negre-66x66.png 66w, https:\/\/www.esplac.cat\/wp-content\/uploads\/2020\/06\/e-negre-150x150.png 150w, https:\/\/www.esplac.cat\/wp-content\/uploads\/2020\/06\/e-negre-200x200.png 200w, https:\/\/www.esplac.cat\/wp-content\/uploads\/2020\/06\/e-negre-300x300.png 300w, https:\/\/www.esplac.cat\/wp-content\/uploads\/2020\/06\/e-negre-400x400.png 400w, https:\/\/www.esplac.cat\/wp-content\/uploads\/2020\/06\/e-negre-600x600.png 600w, https:\/\/www.esplac.cat\/wp-content\/uploads\/2020\/06\/e-negre-768x769.png 768w, https:\/\/www.esplac.cat\/wp-content\/uploads\/2020\/06\/e-negre-800x801.png 800w, https:\/\/www.esplac.cat\/wp-content\/uploads\/2020\/06\/e-negre-1024x1024.png 1024w, https:\/\/www.esplac.cat\/wp-content\/uploads\/2020\/06\/e-negre-1200x1201.png 1200w, https:\/\/www.esplac.cat\/wp-content\/uploads\/2020\/06\/e-negre.png 1455w\" sizes=\"(max-width: 127px) 100vw, 127px\" \/><\/a><\/td>\n<td align=\"left\"><a href=\"https:\/\/www.esplac.cat\/wp-content\/uploads\/2020\/06\/e-blanca.png\"><img decoding=\"async\" class=\"aligncenter wp-image-32083\" src=\"https:\/\/www.esplac.cat\/wp-content\/uploads\/2020\/06\/e-blanca-150x150.png\" alt=\"\" width=\"116\" height=\"116\" srcset=\"https:\/\/www.esplac.cat\/wp-content\/uploads\/2020\/06\/e-blanca-66x66.png 66w, https:\/\/www.esplac.cat\/wp-content\/uploads\/2020\/06\/e-blanca-150x150.png 150w\" sizes=\"(max-width: 116px) 100vw, 116px\" \/><\/a><\/td>\n<\/tr>\n<\/tbody>\n<\/table>\n<\/div>\n<\/div><\/div><\/div><\/div><div class=\"fusion-fullwidth fullwidth-box fusion-builder-row-3 fusion-flex-container nonhundred-percent-fullwidth non-hundred-percent-height-scrolling\" style=\"--awb-border-sizes-top:0px;--awb-border-sizes-bottom:0px;--awb-border-sizes-left:0px;--awb-border-sizes-right:0px;--awb-border-radius-top-left:0px;--awb-border-radius-top-right:0px;--awb-border-radius-bottom-right:0px;--awb-border-radius-bottom-left:0px;--awb-padding-top:45px;--awb-margin-top:10px;--awb-flex-wrap:wrap;\" ><div class=\"fusion-builder-row fusion-row fusion-flex-align-items-flex-start fusion-flex-content-wrap\" style=\"max-width:1248px;margin-left: calc(-4% \/ 2 );margin-right: calc(-4% \/ 2 );\"><div class=\"fusion-layout-column fusion_builder_column fusion-builder-column-2 fusion_builder_column_1_1 1_1 fusion-flex-column\" style=\"--awb-bg-size:cover;--awb-width-large:100%;--awb-margin-top-large:0px;--awb-spacing-right-large:1.92%;--awb-margin-bottom-large:20px;--awb-spacing-left-large:1.92%;--awb-width-medium:100%;--awb-spacing-right-medium:1.92%;--awb-spacing-left-medium:1.92%;--awb-width-small:100%;--awb-spacing-right-small:1.92%;--awb-spacing-left-small:1.92%;\"><div class=\"fusion-column-wrapper fusion-column-has-shadow fusion-flex-justify-content-flex-start fusion-content-layout-column\"><div class=\"fusion-text fusion-text-3\"><h3 data-fontsize=\"30\" data-lineheight=\"39\"><strong>Llibre d&#8217;estil<\/strong><\/h3>\n<\/div><div style=\"text-align:left;\"><a class=\"fusion-button button-flat fusion-button-default-size button-default fusion-button-default button-1 fusion-button-default-span fusion-button-default-type\" target=\"_self\" href=\"https:\/\/www.esplac.cat\/llibre-estil\/\"><span class=\"fusion-button-text\">Llegeix-lo aqu\u00ed<\/span><\/a><\/div><\/div><\/div><\/div><\/div><\/p>\n","protected":false},"excerpt":{"rendered":"","protected":false},"author":3,"featured_media":0,"parent":27978,"menu_order":0,"comment_status":"closed","ping_status":"closed","template":"","meta":{"om_disable_all_campaigns":false,"_monsterinsights_skip_tracking":false,"_monsterinsights_sitenote_active":false,"_monsterinsights_sitenote_note":"","_monsterinsights_sitenote_category":0,"_uf_show_specific_survey":0,"_uf_disable_surveys":false,"footnotes":""},"class_list":["post-30677","page","type-page","status-publish","hentry"],"yoast_head":"<!-- This site is optimized with the Yoast SEO plugin v27.5 - https:\/\/yoast.com\/product\/yoast-seo-wordpress\/ -->\n<title>Premsa - Esplac<\/title>\n<meta name=\"robots\" content=\"index, follow, max-snippet:-1, max-image-preview:large, max-video-preview:-1\" \/>\n<link rel=\"canonical\" href=\"https:\/\/www.esplac.cat\/es\/enucentranos\/premsa\/\" \/>\n<meta property=\"og:locale\" content=\"es_ES\" \/>\n<meta property=\"og:type\" content=\"article\" \/>\n<meta property=\"og:title\" content=\"Premsa - Esplac\" \/>\n<meta property=\"og:url\" content=\"https:\/\/www.esplac.cat\/es\/enucentranos\/premsa\/\" \/>\n<meta property=\"og:site_name\" content=\"Esplac\" \/>\n<meta property=\"article:modified_time\" content=\"2024-09-03T11:30:09+00:00\" \/>\n<meta property=\"og:image\" content=\"https:\/\/www.esplac.cat\/wp-content\/uploads\/2019\/12\/logo_esplac_rgb-scaled.png\" \/>\n<meta name=\"twitter:card\" content=\"summary_large_image\" \/>\n<meta name=\"twitter:label1\" content=\"Tiempo de lectura\" \/>\n\t<meta name=\"twitter:data1\" content=\"9 minutos\" \/>\n<script type=\"application\/ld+json\" class=\"yoast-schema-graph\">{\"@context\":\"https:\\\/\\\/schema.org\",\"@graph\":[{\"@type\":\"WebPage\",\"@id\":\"https:\\\/\\\/www.esplac.cat\\\/es\\\/enucentranos\\\/premsa\\\/\",\"url\":\"https:\\\/\\\/www.esplac.cat\\\/es\\\/enucentranos\\\/premsa\\\/\",\"name\":\"Premsa - Esplac\",\"isPartOf\":{\"@id\":\"https:\\\/\\\/www.esplac.cat\\\/#website\"},\"primaryImageOfPage\":{\"@id\":\"https:\\\/\\\/www.esplac.cat\\\/es\\\/enucentranos\\\/premsa\\\/#primaryimage\"},\"image\":{\"@id\":\"https:\\\/\\\/www.esplac.cat\\\/es\\\/enucentranos\\\/premsa\\\/#primaryimage\"},\"thumbnailUrl\":\"https:\\\/\\\/www.esplac.cat\\\/wp-content\\\/uploads\\\/2019\\\/12\\\/logo_esplac_rgb-scaled.png\",\"datePublished\":\"2019-11-26T12:54:14+00:00\",\"dateModified\":\"2024-09-03T11:30:09+00:00\",\"breadcrumb\":{\"@id\":\"https:\\\/\\\/www.esplac.cat\\\/es\\\/enucentranos\\\/premsa\\\/#breadcrumb\"},\"inLanguage\":\"es\",\"potentialAction\":[{\"@type\":\"ReadAction\",\"target\":[\"https:\\\/\\\/www.esplac.cat\\\/es\\\/enucentranos\\\/premsa\\\/\"]}]},{\"@type\":\"ImageObject\",\"inLanguage\":\"es\",\"@id\":\"https:\\\/\\\/www.esplac.cat\\\/es\\\/enucentranos\\\/premsa\\\/#primaryimage\",\"url\":\"https:\\\/\\\/www.esplac.cat\\\/wp-content\\\/uploads\\\/2019\\\/12\\\/logo_esplac_rgb-scaled.png\",\"contentUrl\":\"https:\\\/\\\/www.esplac.cat\\\/wp-content\\\/uploads\\\/2019\\\/12\\\/logo_esplac_rgb-scaled.png\"},{\"@type\":\"BreadcrumbList\",\"@id\":\"https:\\\/\\\/www.esplac.cat\\\/es\\\/enucentranos\\\/premsa\\\/#breadcrumb\",\"itemListElement\":[{\"@type\":\"ListItem\",\"position\":1,\"name\":\"Inici\",\"item\":\"https:\\\/\\\/www.esplac.cat\\\/es\\\/\"},{\"@type\":\"ListItem\",\"position\":2,\"name\":\"Encu\u00e9ntranos\",\"item\":\"https:\\\/\\\/www.esplac.cat\\\/es\\\/enucentranos\\\/\"},{\"@type\":\"ListItem\",\"position\":3,\"name\":\"Premsa\"}]},{\"@type\":\"WebSite\",\"@id\":\"https:\\\/\\\/www.esplac.cat\\\/#website\",\"url\":\"https:\\\/\\\/www.esplac.cat\\\/\",\"name\":\"Esplac\",\"description\":\"Esplais Catalans\",\"publisher\":{\"@id\":\"https:\\\/\\\/www.esplac.cat\\\/#organization\"},\"potentialAction\":[{\"@type\":\"SearchAction\",\"target\":{\"@type\":\"EntryPoint\",\"urlTemplate\":\"https:\\\/\\\/www.esplac.cat\\\/?s={search_term_string}\"},\"query-input\":{\"@type\":\"PropertyValueSpecification\",\"valueRequired\":true,\"valueName\":\"search_term_string\"}}],\"inLanguage\":\"es\"},{\"@type\":\"Organization\",\"@id\":\"https:\\\/\\\/www.esplac.cat\\\/#organization\",\"name\":\"Esplac\",\"url\":\"https:\\\/\\\/www.esplac.cat\\\/\",\"logo\":{\"@type\":\"ImageObject\",\"inLanguage\":\"es\",\"@id\":\"https:\\\/\\\/www.esplac.cat\\\/#\\\/schema\\\/logo\\\/image\\\/\",\"url\":\"https:\\\/\\\/www.esplac.cat\\\/wp-content\\\/uploads\\\/2019\\\/08\\\/logox2.png\",\"contentUrl\":\"https:\\\/\\\/www.esplac.cat\\\/wp-content\\\/uploads\\\/2019\\\/08\\\/logox2.png\",\"width\":600,\"height\":295,\"caption\":\"Esplac\"},\"image\":{\"@id\":\"https:\\\/\\\/www.esplac.cat\\\/#\\\/schema\\\/logo\\\/image\\\/\"}}]}<\/script>\n<!-- \/ Yoast SEO plugin. -->","yoast_head_json":{"title":"Premsa - Esplac","robots":{"index":"index","follow":"follow","max-snippet":"max-snippet:-1","max-image-preview":"max-image-preview:large","max-video-preview":"max-video-preview:-1"},"canonical":"https:\/\/www.esplac.cat\/es\/enucentranos\/premsa\/","og_locale":"es_ES","og_type":"article","og_title":"Premsa - Esplac","og_url":"https:\/\/www.esplac.cat\/es\/enucentranos\/premsa\/","og_site_name":"Esplac","article_modified_time":"2024-09-03T11:30:09+00:00","og_image":[{"url":"https:\/\/www.esplac.cat\/wp-content\/uploads\/2019\/12\/logo_esplac_rgb-scaled.png","type":"","width":"","height":""}],"twitter_card":"summary_large_image","twitter_misc":{"Tiempo de lectura":"9 minutos"},"schema":{"@context":"https:\/\/schema.org","@graph":[{"@type":"WebPage","@id":"https:\/\/www.esplac.cat\/es\/enucentranos\/premsa\/","url":"https:\/\/www.esplac.cat\/es\/enucentranos\/premsa\/","name":"Premsa - Esplac","isPartOf":{"@id":"https:\/\/www.esplac.cat\/#website"},"primaryImageOfPage":{"@id":"https:\/\/www.esplac.cat\/es\/enucentranos\/premsa\/#primaryimage"},"image":{"@id":"https:\/\/www.esplac.cat\/es\/enucentranos\/premsa\/#primaryimage"},"thumbnailUrl":"https:\/\/www.esplac.cat\/wp-content\/uploads\/2019\/12\/logo_esplac_rgb-scaled.png","datePublished":"2019-11-26T12:54:14+00:00","dateModified":"2024-09-03T11:30:09+00:00","breadcrumb":{"@id":"https:\/\/www.esplac.cat\/es\/enucentranos\/premsa\/#breadcrumb"},"inLanguage":"es","potentialAction":[{"@type":"ReadAction","target":["https:\/\/www.esplac.cat\/es\/enucentranos\/premsa\/"]}]},{"@type":"ImageObject","inLanguage":"es","@id":"https:\/\/www.esplac.cat\/es\/enucentranos\/premsa\/#primaryimage","url":"https:\/\/www.esplac.cat\/wp-content\/uploads\/2019\/12\/logo_esplac_rgb-scaled.png","contentUrl":"https:\/\/www.esplac.cat\/wp-content\/uploads\/2019\/12\/logo_esplac_rgb-scaled.png"},{"@type":"BreadcrumbList","@id":"https:\/\/www.esplac.cat\/es\/enucentranos\/premsa\/#breadcrumb","itemListElement":[{"@type":"ListItem","position":1,"name":"Inici","item":"https:\/\/www.esplac.cat\/es\/"},{"@type":"ListItem","position":2,"name":"Encu\u00e9ntranos","item":"https:\/\/www.esplac.cat\/es\/enucentranos\/"},{"@type":"ListItem","position":3,"name":"Premsa"}]},{"@type":"WebSite","@id":"https:\/\/www.esplac.cat\/#website","url":"https:\/\/www.esplac.cat\/","name":"Esplac","description":"Esplais Catalans","publisher":{"@id":"https:\/\/www.esplac.cat\/#organization"},"potentialAction":[{"@type":"SearchAction","target":{"@type":"EntryPoint","urlTemplate":"https:\/\/www.esplac.cat\/?s={search_term_string}"},"query-input":{"@type":"PropertyValueSpecification","valueRequired":true,"valueName":"search_term_string"}}],"inLanguage":"es"},{"@type":"Organization","@id":"https:\/\/www.esplac.cat\/#organization","name":"Esplac","url":"https:\/\/www.esplac.cat\/","logo":{"@type":"ImageObject","inLanguage":"es","@id":"https:\/\/www.esplac.cat\/#\/schema\/logo\/image\/","url":"https:\/\/www.esplac.cat\/wp-content\/uploads\/2019\/08\/logox2.png","contentUrl":"https:\/\/www.esplac.cat\/wp-content\/uploads\/2019\/08\/logox2.png","width":600,"height":295,"caption":"Esplac"},"image":{"@id":"https:\/\/www.esplac.cat\/#\/schema\/logo\/image\/"}}]}},"_links":{"self":[{"href":"https:\/\/www.esplac.cat\/es\/wp-json\/wp\/v2\/pages\/30677","targetHints":{"allow":["GET"]}}],"collection":[{"href":"https:\/\/www.esplac.cat\/es\/wp-json\/wp\/v2\/pages"}],"about":[{"href":"https:\/\/www.esplac.cat\/es\/wp-json\/wp\/v2\/types\/page"}],"author":[{"embeddable":true,"href":"https:\/\/www.esplac.cat\/es\/wp-json\/wp\/v2\/users\/3"}],"replies":[{"embeddable":true,"href":"https:\/\/www.esplac.cat\/es\/wp-json\/wp\/v2\/comments?post=30677"}],"version-history":[{"count":1,"href":"https:\/\/www.esplac.cat\/es\/wp-json\/wp\/v2\/pages\/30677\/revisions"}],"predecessor-version":[{"id":50876,"href":"https:\/\/www.esplac.cat\/es\/wp-json\/wp\/v2\/pages\/30677\/revisions\/50876"}],"up":[{"embeddable":true,"href":"https:\/\/www.esplac.cat\/es\/wp-json\/wp\/v2\/pages\/27978"}],"wp:attachment":[{"href":"https:\/\/www.esplac.cat\/es\/wp-json\/wp\/v2\/media?parent=30677"}],"curies":[{"name":"wp","href":"https:\/\/api.w.org\/{rel}","templated":true}]}}