{"id":32944,"date":"2019-08-07T17:55:11","date_gmt":"2019-08-07T16:55:11","guid":{"rendered":"https:\/\/www.esplac.cat\/formaciones\/escola-desplac\/"},"modified":"2019-08-07T17:55:11","modified_gmt":"2019-08-07T16:55:11","slug":"escola-desplac","status":"publish","type":"page","link":"https:\/\/www.esplac.cat\/es\/formaciones\/escola-desplac\/","title":{"rendered":"Escola d&#8217;esplac"},"content":{"rendered":"<p><div class=\"fusion-fullwidth fullwidth-box fusion-builder-row-1 nonhundred-percent-fullwidth non-hundred-percent-height-scrolling fusion-equal-height-columns\" style=\"--awb-border-radius-top-left:0px;--awb-border-radius-top-right:0px;--awb-border-radius-bottom-right:0px;--awb-border-radius-bottom-left:0px;--awb-margin-top:25px;--awb-margin-bottom:20px;--awb-flex-wrap:wrap;\" ><div class=\"fusion-builder-row fusion-row\"><div class=\"fusion-layout-column fusion_builder_column fusion-builder-column-0 fusion_builder_column_1_1 1_1 fusion-one-full fusion-column-first fusion-column-last\" style=\"--awb-bg-size:cover;\"><div class=\"fusion-column-wrapper fusion-column-has-shadow fusion-flex-column-wrapper-legacy\"><div class=\"fusion-title title fusion-title-1 fusion-sep-none fusion-title-center fusion-title-text fusion-title-size-one\" style=\"--awb-font-size:50px;\"><h1 class=\"fusion-title-heading title-heading-center fusion-responsive-typography-calculated\" style=\"margin:0;font-size:1em;--fontSize:50;line-height:1.2;\"><p style=\"text-align: center;\"><strong>Escola d\u2019Esplac<\/strong><\/p><\/h1><\/div><div class=\"fusion-text fusion-text-1\"><p>L\u2019Escola d\u2019Esplac \u00e9s un espai formatiu, de debat i d\u2019intercanvi d\u2019experi\u00e8ncies i recursos que ofereix a les monitores, les persones s\u00f2cies d\u2019Esplac i a altres persones vinculades al m\u00f3n de l\u2019associacionisme educatiu idees noves per revisar i millorar la seva tasca educativa. El cap de setmana ofereix diversos espais i din\u00e0miques que permet el treball en petits i grans grups segons l\u2019objectiu de la sessi\u00f3. Per a cadascun d\u2019aquests espais formatius hi convidem persones vinculades al camp de l\u2019educaci\u00f3 o amb experi\u00e8ncia en l\u2019associacionisme educatiu amb perspectiva del tema tractat.<\/p>\n<\/div><div class=\"fusion-clearfix\"><\/div><\/div><\/div><\/div><\/div><div class=\"fusion-fullwidth fullwidth-box fusion-builder-row-2 nonhundred-percent-fullwidth non-hundred-percent-height-scrolling\" style=\"--awb-border-radius-top-left:0px;--awb-border-radius-top-right:0px;--awb-border-radius-bottom-right:0px;--awb-border-radius-bottom-left:0px;--awb-flex-wrap:wrap;\" ><div class=\"fusion-builder-row fusion-row\"><div class=\"fusion-layout-column fusion_builder_column fusion-builder-column-1 fusion_builder_column_1_1 1_1 fusion-one-full fusion-column-first fusion-column-last\" style=\"--awb-bg-size:cover;\"><div class=\"fusion-column-wrapper fusion-column-has-shadow fusion-flex-column-wrapper-legacy\"><div class=\"fusion-image-element fusion-image-align-center in-legacy-container\" style=\"text-align:center;--awb-caption-title-font-family:var(--h2_typography-font-family);--awb-caption-title-font-weight:var(--h2_typography-font-weight);--awb-caption-title-font-style:var(--h2_typography-font-style);--awb-caption-title-size:var(--h2_typography-font-size);--awb-caption-title-transform:var(--h2_typography-text-transform);--awb-caption-title-line-height:var(--h2_typography-line-height);--awb-caption-title-letter-spacing:var(--h2_typography-letter-spacing);\"><div class=\"imageframe-align-center\"><span class=\" fusion-imageframe imageframe-none imageframe-1 hover-type-none\"><img decoding=\"async\" width=\"1944\" height=\"684\" src=\"http:\/\/esplac.cat\/wp-content\/uploads\/2019\/10\/escola-grup2.jpg\" alt class=\"img-responsive wp-image-28314\" srcset=\"https:\/\/www.esplac.cat\/wp-content\/uploads\/2019\/10\/escola-grup2-200x70.jpg 200w, https:\/\/www.esplac.cat\/wp-content\/uploads\/2019\/10\/escola-grup2-400x141.jpg 400w, https:\/\/www.esplac.cat\/wp-content\/uploads\/2019\/10\/escola-grup2-600x211.jpg 600w, https:\/\/www.esplac.cat\/wp-content\/uploads\/2019\/10\/escola-grup2-800x281.jpg 800w, https:\/\/www.esplac.cat\/wp-content\/uploads\/2019\/10\/escola-grup2-1200x422.jpg 1200w, https:\/\/www.esplac.cat\/wp-content\/uploads\/2019\/10\/escola-grup2.jpg 1944w\" sizes=\"(max-width: 800px) 100vw, 1944px\" \/><\/span><\/div><\/div><div class=\"fusion-clearfix\"><\/div><\/div><\/div><\/div><\/div><div class=\"fusion-fullwidth fullwidth-box fusion-builder-row-3 nonhundred-percent-fullwidth non-hundred-percent-height-scrolling\" style=\"--awb-border-radius-top-left:0px;--awb-border-radius-top-right:0px;--awb-border-radius-bottom-right:0px;--awb-border-radius-bottom-left:0px;--awb-flex-wrap:wrap;\" ><div class=\"fusion-builder-row fusion-row\"><div class=\"fusion-layout-column fusion_builder_column fusion-builder-column-2 fusion_builder_column_1_1 1_1 fusion-one-full fusion-column-first fusion-column-last\" style=\"--awb-bg-size:cover;\"><div class=\"fusion-column-wrapper fusion-column-has-shadow fusion-flex-column-wrapper-legacy\"><div class=\"fusion-countdown fusion-countdown-1 fusion-countdown-floated fusion-countdown-label-text_flow fusion-countdown-has-heading\" style=\"--awb-counter-box-color:#ffffff;--awb-counter-text-color:#f69d0b;--awb-label-color:#f69d0b;--awb-background:#f69d0b;--awb-counter-border-size:0;\"><div class=\"fusion-countdown-wrapper\"><div class=\"fusion-countdown-heading-wrapper\"><div class=\"fusion-countdown-subheading\">Aquests s\u00f3n els dies que falten per la<\/div><div class=\"fusion-countdown-heading\">propera Escola d'Esplac!<\/div><\/div><div class=\"fusion-countdown-counter-wrapper\" id=\"fusion-countdown-1\" data-gmt-offset=\"2\" data-timer=\"2020-03-14-09-00-00\" data-omit-weeks=\"1\"><div class=\"fusion-dash-wrapper \"><div class=\"fusion-dash fusion-dash-days\"><div class=\"fusion-digit-wrapper\"><div class=\"fusion-thousand-digit fusion-digit\">0<\/div><div class=\"fusion-hundred-digit fusion-digit\">0<\/div><div class=\"fusion-digit\">0<\/div><div class=\"fusion-digit\">0<\/div><\/div><div class=\"fusion-dash-title\">D\u00edas<\/div><\/div><\/div><div class=\"fusion-dash-wrapper \"><div class=\"fusion-dash fusion-dash-hours\"><div class=\"fusion-digit-wrapper\"><div class=\"fusion-digit\">0<\/div><div class=\"fusion-digit\">0<\/div><\/div><div class=\"fusion-dash-title\">Hrs<\/div><\/div><\/div><div class=\"fusion-dash-wrapper \"><div class=\"fusion-dash fusion-dash-minutes\"><div class=\"fusion-digit-wrapper\"><div class=\"fusion-digit\">0<\/div><div class=\"fusion-digit\">0<\/div><\/div><div class=\"fusion-dash-title\">Min<\/div><\/div><\/div><div class=\"fusion-dash-wrapper \"><div class=\"fusion-dash fusion-dash-seconds\"><div class=\"fusion-digit-wrapper\"><div class=\"fusion-digit\">0<\/div><div class=\"fusion-digit\">0<\/div><\/div><div class=\"fusion-dash-title\">Sec<\/div><\/div><\/div><\/div><\/div><\/div><div class=\"fusion-clearfix\"><\/div><\/div><\/div><\/div><\/div><div class=\"fusion-fullwidth fullwidth-box fusion-builder-row-4 nonhundred-percent-fullwidth non-hundred-percent-height-scrolling\" style=\"--awb-border-radius-top-left:0px;--awb-border-radius-top-right:0px;--awb-border-radius-bottom-right:0px;--awb-border-radius-bottom-left:0px;--awb-margin-top:50px;--awb-margin-bottom:50px;--awb-background-color:#ffffff;--awb-flex-wrap:wrap;\" ><div class=\"fusion-builder-row fusion-row\"><div class=\"fusion-layout-column fusion_builder_column fusion-builder-column-3 fusion_builder_column_1_1 1_1 fusion-one-full fusion-column-first fusion-column-last\" style=\"--awb-bg-size:cover;\"><div class=\"fusion-column-wrapper fusion-column-has-shadow fusion-flex-column-wrapper-legacy\"><div class=\"fusion-sep-clear\"><\/div><div class=\"fusion-separator\" style=\"margin-left: auto;margin-right: auto;margin-bottom:60px;width:100%;max-width:30%;\"><div class=\"fusion-separator-border sep-single sep-solid\" style=\"--awb-height:20px;--awb-amount:20px;--awb-sep-color:#c1c1c1;border-color:#c1c1c1;border-top-width:5px;\"><\/div><\/div><div class=\"fusion-sep-clear\"><\/div><div class=\"fusion-title title fusion-title-2 fusion-sep-none fusion-title-center fusion-title-text fusion-title-size-three\"><h3 class=\"fusion-title-heading title-heading-center fusion-responsive-typography-calculated\" style=\"margin:0;--fontSize:30;line-height:1.3;\"><p>Escola d&#8217;Esplac 2020:<br \/>\nI tu, en quins valors eduques?<\/p><\/h3><\/div><div class=\"fusion-sep-clear\"><\/div><div class=\"fusion-separator fusion-full-width-sep\" style=\"margin-left: auto;margin-right: auto;margin-bottom:30px;width:100%;\"><\/div><div class=\"fusion-sep-clear\"><\/div><div class=\"fusion-tabs fusion-tabs-1 clean nav-not-justified horizontal-tabs icon-position-top mobile-mode-accordion\" style=\"--awb-title-border-radius-top-left:0px;--awb-title-border-radius-top-right:0px;--awb-title-border-radius-bottom-right:0px;--awb-title-border-radius-bottom-left:0px;--awb-inactive-color:#eaeaea;--awb-background-color:#f9f9f9;--awb-border-color:#ffffff;--awb-active-border-color:#f69d0b;\"><div class=\"nav\"><ul class=\"nav-tabs\" role=\"tablist\"><li class=\"active\" role=\"presentation\"><a class=\"tab-link\" data-toggle=\"tab\" role=\"tab\" aria-controls=\"tab-35207a1df49461d052c\" aria-selected=\"true\" id=\"fusion-tab-presentaci\u00f3\" href=\"#tab-35207a1df49461d052c\"><h4 class=\"fusion-tab-heading\"><i class=\"fontawesome-icon fa-bookmark fas\" aria-hidden=\"true\" style=\"font-size:19px;\"><\/i>Presentaci\u00f3<\/h4><\/a><\/li><li role=\"presentation\"><a class=\"tab-link\" data-toggle=\"tab\" role=\"tab\" aria-controls=\"tab-147c2470bb2dc5eddd5\" aria-selected=\"false\" tabindex=\"-1\" id=\"fusion-tab-cartell\" href=\"#tab-147c2470bb2dc5eddd5\"><h4 class=\"fusion-tab-heading\"><i class=\"fontawesome-icon fa-file-image fas\" aria-hidden=\"true\" style=\"font-size:19px;\"><\/i>Cartell <\/h4><\/a><\/li><li role=\"presentation\"><a class=\"tab-link\" data-toggle=\"tab\" role=\"tab\" aria-controls=\"tab-4d7218354185cc76ec8\" aria-selected=\"false\" tabindex=\"-1\" id=\"fusion-tab-programa\" href=\"#tab-4d7218354185cc76ec8\"><h4 class=\"fusion-tab-heading\"><i class=\"fontawesome-icon fa-book-open fas\" aria-hidden=\"true\" style=\"font-size:19px;\"><\/i>Programa <\/h4><\/a><\/li><li role=\"presentation\"><a class=\"tab-link\" data-toggle=\"tab\" role=\"tab\" aria-controls=\"tab-47806bcd69904b37caf\" aria-selected=\"false\" tabindex=\"-1\" id=\"fusion-tab-pon\u00e8ncies\" href=\"#tab-47806bcd69904b37caf\"><h4 class=\"fusion-tab-heading\"><i class=\"fontawesome-icon fa-bullhorn fas\" aria-hidden=\"true\" style=\"font-size:19px;\"><\/i>Pon\u00e8ncies<\/h4><\/a><\/li><li role=\"presentation\"><a class=\"tab-link\" data-toggle=\"tab\" role=\"tab\" aria-controls=\"tab-4397b111256463294ee\" aria-selected=\"false\" tabindex=\"-1\" id=\"fusion-tab-taulesrodones\" href=\"#tab-4397b111256463294ee\"><h4 class=\"fusion-tab-heading\"><i class=\"fontawesome-icon fa-users fas\" aria-hidden=\"true\" style=\"font-size:19px;\"><\/i>Taules rodones <\/h4><\/a><\/li><li role=\"presentation\"><a class=\"tab-link\" data-toggle=\"tab\" role=\"tab\" aria-controls=\"tab-0d15faba814de8fd350\" aria-selected=\"false\" tabindex=\"-1\" id=\"fusion-tab-experi\u00e8ncies\" href=\"#tab-0d15faba814de8fd350\"><h4 class=\"fusion-tab-heading\"><i class=\"fontawesome-icon fa-comments fas\" aria-hidden=\"true\" style=\"font-size:19px;\"><\/i>Experi\u00e8ncies<\/h4><\/a><\/li><li role=\"presentation\"><a class=\"tab-link\" data-toggle=\"tab\" role=\"tab\" aria-controls=\"tab-f2429e881172fc49b9e\" aria-selected=\"false\" tabindex=\"-1\" id=\"fusion-tab-inscripcions\" href=\"#tab-f2429e881172fc49b9e\"><h4 class=\"fusion-tab-heading\"><i class=\"fontawesome-icon fa-calendar-check far\" aria-hidden=\"true\" style=\"font-size:19px;\"><\/i>Inscripcions<\/h4><\/a><\/li><li role=\"presentation\"><a class=\"tab-link\" data-toggle=\"tab\" role=\"tab\" aria-controls=\"tab-c3194e8dfae55bc63f9\" aria-selected=\"false\" tabindex=\"-1\" id=\"fusion-tab-v\u00eddeos\" href=\"#tab-c3194e8dfae55bc63f9\"><h4 class=\"fusion-tab-heading\"><i class=\"fontawesome-icon fa-video fas\" aria-hidden=\"true\" style=\"font-size:19px;\"><\/i>V\u00eddeos<\/h4><\/a><\/li><\/ul><\/div><div class=\"tab-content\"><div class=\"nav fusion-mobile-tab-nav\"><ul class=\"nav-tabs\" role=\"tablist\"><li class=\"active\" role=\"presentation\"><a class=\"tab-link\" data-toggle=\"tab\" role=\"tab\" aria-controls=\"tab-35207a1df49461d052c\" aria-selected=\"true\" id=\"mobile-fusion-tab-presentaci\u00f3\" href=\"#tab-35207a1df49461d052c\"><h4 class=\"fusion-tab-heading\"><i class=\"fontawesome-icon fa-bookmark fas\" aria-hidden=\"true\" style=\"font-size:19px;\"><\/i>Presentaci\u00f3<\/h4><\/a><\/li><\/ul><\/div><div class=\"tab-pane fade fusion-clearfix in active\" role=\"tabpanel\" tabindex=\"0\" aria-labelledby=\"fusion-tab-presentaci\u00f3\" id=\"tab-35207a1df49461d052c\">\n<p>En aquesta setena edici\u00f3,\u00a0 sota el lema<strong> <em>I tu, en quins valors eduques? <\/em>ens volem centrar en l\u2019educaci\u00f3 en valors; qu\u00e8 \u00e9s l\u2019educaci\u00f3 en valors, quins s\u00f3n els valors del nostre esplai i quina \u00e9s la metodologia que seguim per treballar-los i integrar-los<em>. <\/em><\/strong><\/p>\n<p>L\u2019Escola d\u2019Esplac 2020 sobre <strong><em>Pol\u00edtica i educaci\u00f3: i tu, com eduques?\u00a0<\/em><\/strong>ser\u00e0 el cap de setmana del<strong> 14 i 15 de mar\u00e7 a Vic, a l&#8217;IES Call\u00eds.<\/strong><\/p>\n<h3>JUSTIFICACI\u00d3 DEL TEMA<\/h3>\n<p><span style=\"font-weight: 400;\">El proc\u00e9s educatiu \u00e9s present al llarg de tota la nostra vida, a trav\u00e9s de la fam\u00edlia, l&#8217;escola, l&#8217;esplai, els amics, la societat en la qual hem crescut, entre d&#8217;altres. <\/span>Volem ser conscients del context en el qual ens trobem, on els valors que es preuen s\u00f3n aquells vinculats amb la globalitzaci\u00f3 i la mercantilitzaci\u00f3 de les nostres vides, on predomina la mentalitat individualista en un m\u00f3n molt competitiu. Creiem necessari treballar i educar en aquells valors que volem per a la nostra societat, aquells que creiem que respecten les difer\u00e8ncies culturals de la zona, potenciant la cohesi\u00f3 social i el creixement personal de cada una de les persones que en formem part.<\/p>\n<p><strong>Els esplais creem el nostre ideari, per\u00f2, quin \u00e9s l\u2019objectiu d\u2019aquest?<\/strong>\u00a0Hi ha molts dubtes que sorgeixen envers aquest tema.\u00a0S\u00f3n coherents les nostres accions i els nostres valors?\u00a0Moltes vegades ens costa aterrar-ho a la nostra realitat i ens quedem en la pr\u00f2pia imposici\u00f3 de la puresa que han de tenir els nostres actes a l\u2019esplai.<\/p>\n<h3>OBJECTIUS GENERALS<\/h3>\n<ul>\n<li>Entendre qu\u00e8 \u00e9s l\u2019educaci\u00f3 en valors\u00a0i quines afectacions socials, pol\u00edtiques i educatives t\u00e9<\/li>\n<li>Detectar les pr\u00e0ctiques i actituds personals o col\u00b7lectives que duem a terme en el dia a dia de l&#8217;esplai quan eduquem en valors<\/li>\n<li>Q\u00fcestionar-nos la metodologia emprada per treballar els valors que tenim a l&#8217;ideari<\/li>\n<li>Con\u00e8ixer altres experi\u00e8ncies, entitat i\/o col\u00b7lectius i metodologies que ens ajudin a ampliar el contingut, mirada i pr\u00e0ctiques de l&#8217;esplai<\/li>\n<li>Potenciar la revisi\u00f3 i creaci\u00f3 dels idearis dels esplais i de la pr\u00f2pia associaci\u00f3<\/li>\n<\/ul>\n<h3>OBJECTIUS ESPEC\u00cdFICS<\/h3>\n<ul>\n<li>Potenciar la formaci\u00f3 de les monitores i monitors d&#8217;Esplac en mat\u00e8ria de valors i ideari<\/li>\n<li>Donar a con\u00e8ixer\u00a0<span style=\"font-weight: 400;\">l\u2019Escola d\u2019Esplac a educadores i joves alienes a la nostra associaci\u00f3 i incrementar el nombre\u00a0de participants externs<\/span><\/li>\n<li><span style=\"font-weight: 400;\">Plantejar un recurs de revisi\u00f3 i creaci\u00f3 d&#8217;ideari dels esplais<\/span><\/li>\n<\/ul>\n<h3>CONVALIDACI\u00d3 D\u2019HORES ASSOCIATIVES MARTA MATA<\/h3>\n<p>La participaci\u00f3 a\u00a0<strong>totes<\/strong> les sessions formatives de l\u2019Escola d\u2019Esplac, convalida 12 hores associatives dels cursos d\u2019\u00c8xit del programa Marta Mata de l\u2019Escola Lliure El Sol. Si es participa parcialment, no hi ha la possibilitat de fer una convalidaci\u00f3 proporcional.<\/p>\n<\/div><div class=\"nav fusion-mobile-tab-nav\"><ul class=\"nav-tabs\" role=\"tablist\"><li role=\"presentation\"><a class=\"tab-link\" data-toggle=\"tab\" role=\"tab\" aria-controls=\"tab-147c2470bb2dc5eddd5\" aria-selected=\"false\" tabindex=\"-1\" id=\"mobile-fusion-tab-cartell\" href=\"#tab-147c2470bb2dc5eddd5\"><h4 class=\"fusion-tab-heading\"><i class=\"fontawesome-icon fa-file-image fas\" aria-hidden=\"true\" style=\"font-size:19px;\"><\/i>Cartell <\/h4><\/a><\/li><\/ul><\/div><div class=\"tab-pane fade fusion-clearfix\" role=\"tabpanel\" tabindex=\"0\" aria-labelledby=\"fusion-tab-cartell\" id=\"tab-147c2470bb2dc5eddd5\">\n<p><img decoding=\"async\" class=\"aligncenter size-large wp-image-28653\" src=\"https:\/\/www.esplac.cat\/wp-content\/uploads\/2019\/11\/Escola_ESPLAC_2020_V5-724x1024.jpg\" alt=\"\" width=\"724\" height=\"1024\" srcset=\"https:\/\/www.esplac.cat\/wp-content\/uploads\/2019\/11\/Escola_ESPLAC_2020_V5-200x283.jpg 200w, https:\/\/www.esplac.cat\/wp-content\/uploads\/2019\/11\/Escola_ESPLAC_2020_V5-212x300.jpg 212w, https:\/\/www.esplac.cat\/wp-content\/uploads\/2019\/11\/Escola_ESPLAC_2020_V5-400x566.jpg 400w, https:\/\/www.esplac.cat\/wp-content\/uploads\/2019\/11\/Escola_ESPLAC_2020_V5-600x849.jpg 600w, https:\/\/www.esplac.cat\/wp-content\/uploads\/2019\/11\/Escola_ESPLAC_2020_V5-724x1024.jpg 724w, https:\/\/www.esplac.cat\/wp-content\/uploads\/2019\/11\/Escola_ESPLAC_2020_V5-768x1086.jpg 768w, https:\/\/www.esplac.cat\/wp-content\/uploads\/2019\/11\/Escola_ESPLAC_2020_V5-800x1132.jpg 800w, https:\/\/www.esplac.cat\/wp-content\/uploads\/2019\/11\/Escola_ESPLAC_2020_V5-1086x1536.jpg 1086w, https:\/\/www.esplac.cat\/wp-content\/uploads\/2019\/11\/Escola_ESPLAC_2020_V5-1200x1697.jpg 1200w, https:\/\/www.esplac.cat\/wp-content\/uploads\/2019\/11\/Escola_ESPLAC_2020_V5-1448x2048.jpg 1448w, https:\/\/www.esplac.cat\/wp-content\/uploads\/2019\/11\/Escola_ESPLAC_2020_V5-scaled.jpg 1810w\" sizes=\"(max-width: 724px) 100vw, 724px\" \/><\/p>\n<\/div><div class=\"nav fusion-mobile-tab-nav\"><ul class=\"nav-tabs\" role=\"tablist\"><li role=\"presentation\"><a class=\"tab-link\" data-toggle=\"tab\" role=\"tab\" aria-controls=\"tab-4d7218354185cc76ec8\" aria-selected=\"false\" tabindex=\"-1\" id=\"mobile-fusion-tab-programa\" href=\"#tab-4d7218354185cc76ec8\"><h4 class=\"fusion-tab-heading\"><i class=\"fontawesome-icon fa-book-open fas\" aria-hidden=\"true\" style=\"font-size:19px;\"><\/i>Programa <\/h4><\/a><\/li><\/ul><\/div><div class=\"tab-pane fade fusion-clearfix\" role=\"tabpanel\" tabindex=\"0\" aria-labelledby=\"fusion-tab-programa\" id=\"tab-4d7218354185cc76ec8\">\n<h4><b>DISSABTE MAT\u00cd<\/b><\/h4>\n<p><span style=\"font-weight: 400;\">9.00 h \u2013 09.45 h: <\/span>Arribada a l\u2019<strong>alberg el Collell<\/strong> i Inscripcions<\/p>\n<p><span style=\"font-weight: 400;\">10.00 h \u2013 10.15 h: Presentaci\u00f3 de l\u2019Escola d\u2019Esplac a l&#8217;<strong>IES Jaume Call\u00eds<\/strong><\/span><\/p>\n<p><span style=\"font-weight: 400;\">10.15 h \u2013 13.30 h: Pon\u00e8ncies <\/span><span style=\"font-weight: 400;\">\u201cEls Valors a l\u2019Esplai\u201d<\/span><\/p>\n<ul>\n<li style=\"font-weight: 400;\"><span style=\"font-weight: 400;\">Introducci\u00f3 a l\u2019educaci\u00f3 en valors i l\u2019ideari com a eina\u00a0<\/span><\/li>\n<li style=\"font-weight: 400;\"><span style=\"font-weight: 400;\">El relleu en un projecte transformador\u00a0<\/span><\/li>\n<li>La mercantilitzaci\u00f3 dels valors<\/li>\n<\/ul>\n<p><span style=\"font-weight: 400;\">13.30 h \u2013 14.00 h: Experi\u00e8ncies esplais I<\/span><\/p>\n<p><span style=\"font-weight: 400;\">14.00 h \u2013 15.30 h: Dinar de tupper<\/span><\/p>\n<h4><b>DISSABTE TARDA<\/b><\/h4>\n<p><span style=\"font-weight: 400;\">15.30 h &#8211; 16.00 h: Experi\u00e8ncies esplais II<\/span><\/p>\n<p><span style=\"font-weight: 400;\">16.00 h \u2013 17.30 h: Taules rodones<\/span><\/p>\n<p><span style=\"font-weight: 400;\">17.30 h \u2013 18.00 h: Pausa<\/span><\/p>\n<p><span style=\"font-weight: 400;\">18.00 h \u2013 19.30 h: Continuaci\u00f3 Taules rodones<\/span><\/p>\n<h4><b>DISSABTE NIT<\/b><\/h4>\n<p><span style=\"font-weight: 400;\">20.00 h &#8211; 21.30 h: Sopar<\/span> a l\u2019alberg el Collell<\/p>\n<h4><b>DIUMENGE MAT\u00cd<\/b><\/h4>\n<p><span style=\"font-weight: 400;\">8.00 h: Esmorzar a l\u2019alberg<\/span><\/p>\n<p><span style=\"font-weight: 400;\">9.00 h &#8211; 9.30 h:<\/span> Recollida i Deixar les habitacions<\/p>\n<p><span style=\"font-weight: 400;\">9.45 h: Presentaci\u00f3 Escola d\u2019Esplac 2020<\/span><\/p>\n<p><span style=\"font-weight: 400;\">10.00 &#8211; 11.00 h Primera pon\u00e8ncia: \u201c<strong>Educaci\u00f3 en valors<\/strong>\u201d<\/span><\/p>\n<p><span style=\"font-weight: 400;\">11.00 &#8211; 12.30 h Segona pon\u00e8ncia: \u201c<strong>Evoluci\u00f3 dels valors amb perspectiva hist\u00f2rica<\/strong>\u201d<\/span><\/p>\n<p><span style=\"font-weight: 400;\">12.30 &#8211; 12.50 Pausa caf\u00e9<\/span><\/p>\n<p><span style=\"font-weight: 400;\">12.50 &#8211; 14.20 h Tercera pon\u00e8ncia: \u201c<strong>Valors i Cultura<\/strong>\u201d<\/span><\/p>\n<p><span style=\"font-weight: 400;\">14.20 h \u2013 14.30 h: Cloenda<\/span><\/p>\n<p><span style=\"font-weight: 400;\">14.30 h \u2013 15.30 h: <\/span>Dinar<\/p>\n<\/div><div class=\"nav fusion-mobile-tab-nav\"><ul class=\"nav-tabs\" role=\"tablist\"><li role=\"presentation\"><a class=\"tab-link\" data-toggle=\"tab\" role=\"tab\" aria-controls=\"tab-47806bcd69904b37caf\" aria-selected=\"false\" tabindex=\"-1\" id=\"mobile-fusion-tab-pon\u00e8ncies\" href=\"#tab-47806bcd69904b37caf\"><h4 class=\"fusion-tab-heading\"><i class=\"fontawesome-icon fa-bullhorn fas\" aria-hidden=\"true\" style=\"font-size:19px;\"><\/i>Pon\u00e8ncies<\/h4><\/a><\/li><\/ul><\/div><div class=\"tab-pane fade fusion-clearfix\" role=\"tabpanel\" tabindex=\"0\" aria-labelledby=\"fusion-tab-pon\u00e8ncies\" id=\"tab-47806bcd69904b37caf\">\n<h4>PON\u00c8NCIES DISSABTE MAT\u00cd:<\/h4>\n<p><strong>1\u00aa Pon\u00e8ncia &#8211; Introducci\u00f3 a l\u2019educaci\u00f3 en valors i l\u2019ideari com a eina\u00a0<\/strong><\/p>\n<p><span style=\"font-weight: 400;\">El <\/span><span style=\"font-weight: 400;\">desconeixement sobre qu\u00e8 \u00e9s un ideari i, sobretot, quina funci\u00f3 t\u00e9 aquest. Per molt que es presenta de forma din\u00e0mica i que s&#8217;emfatitza que \u00e9s un document obert a canvis i que es pot construir de mil maneres, es segueix veient com una formalitat molt allunyada del dia a dia de les entitats. Hem de fer un pas m\u00e9s i passar de la teoria de les idees a l\u2019acci\u00f3. Q<\/span><span style=\"font-weight: 400;\">ue s\u00f3n els valors? Per qu\u00e8 eduquem en valors? Quina \u00e9s la nostra actitud envers aquests valors, som coherents, busquem la puresa?<\/span><\/p>\n<div dir=\"ltr\">\n<ul>\n<li><strong>Francesca Nogales Tal\u00e1n<\/strong>, \u00e9s heavy, motera, enamorada de la lectura i la muntanya. Tamb\u00e9 \u00e9s llicenciada en Sociologia per la UAB en l&#8217;especialitat d&#8217;organitzacions i treball, t\u00e9 un Postgrau en Govern Local per l&#8217;Institut de Ci\u00e8ncies Pol\u00edtiques i Socials, un M\u00e0ster en Desenvolupament Organitzacional i Consultoria de Processos i est\u00e0 certificada en Coaching d&#8217;Equips. La seva dedicaci\u00f3 professional es centra en acompanyar organitzacions i equips. Fa m\u00e9s de 15 anys que forma part del Claustre de l&#8217;Escola Lliure del Sol de manera molt activa, formant part de diverses comissions i grups de treball. Ha estat presidenta d&#8217;una associaci\u00f3 de Rock a Rub\u00ed, secretaria al seu esplai i volunt\u00e0ria en diversos projectes amb infants i persones amb discapacitat al Vall\u00e8s Occidental.<\/li>\n<\/ul>\n<\/div>\n<p><strong>2\u00aa Pon\u00e8ncia &#8211; El r<span style=\"font-weight: 400;\"><strong>elleu en projectes transformadors<\/strong><\/span><\/strong><\/p>\n<p><span style=\"font-weight: 400;\">Entenem que \u00e9s primordial recon\u00e8ixer que una de les principals transformacions es dona en els i les monitores dels esplais. Ens hem de q\u00fcestionar tot all\u00f2 que ens ve donat; si no es plantegen interrogants, ens ho hem de fer mirar. Com transmetem d&#8217;una generaci\u00f3 a l&#8217;altra els valors\/ideari de l&#8217;esplai?\u00bb , com generar \u00abcultura d&#8217;esplai\u00bb, com fer front als canvis socials i d&#8217;ideari. Sabem educar en valors les monis dels esplais? Aprenem a fer-ho amb els anys? Com mantenim un projecte transformador en un equip que sempre \u00e9s canviant?<\/span><\/p>\n<p><strong>3\u00aa Pon\u00e8ncia &#8211; La mercantilitzaci\u00f3 dels valors<\/strong><\/p>\n<p><span style=\"font-weight: 400;\">Com els valors entren en el mercat i de quina manera. Les tend\u00e8ncies de la societat et fan adquirir o treballar m\u00e9s un valor que un altre? Parlem sobre l&#8217;apropiaci\u00f3 dels valors. Qu\u00e8 \u00e9s i com ens relacionem amb la post-veritat?<\/span><\/p>\n<ul>\n<li><strong>Irene Ramentol<\/strong>: periodista de Naci\u00f3Digital i vicepresidenta del Grup de Periodistes Ramon Barnils (GPRB). Ha treballat a l&#8217;Ag\u00e8ncia Catalana de Not\u00edcies (ACN) i tamb\u00e9 en premsa comarcal, com al diari de la Catalunya Central Regi\u00f37 o TVManresa. Actualment \u00e9s tamb\u00e9 professora col\u00b7laboradora de la UOC per al grau de Comunicaci\u00f3 i col\u00b7labora amb altres mitjans com Catalunya R\u00e0dio o M\u00e8dia.cat (Observatori cr\u00edtic dels Mitjans de Comunicaci\u00f3). S&#8217;ha especialitzat en periodisme pol\u00edtic, digital i \u00e8tica period\u00edstica.<\/li>\n<\/ul>\n<h4>\u00a0<\/h4>\n<h4>PON\u00c8NCIES DIUMENGE MAT\u00cd:<\/h4>\n<p><strong>1\u00aa Pon\u00e8ncia &#8211; Educaci\u00f3 en Valors\u00a0<\/strong><\/p>\n<p>En aquesta primera xerrada aprofundirem sobre qu\u00e8 \u00e9s i que no \u00e9s un valor, quina relaci\u00f3 tenen aquests amb les emocions i de com influencia la metodologia que emprem a l&#8217;hora d&#8217;educar en valors. Com veiem la realitat, les nostres creences, fan que un valor tingui un significat diferent ara, que fa 15 anys, llavors, quina import\u00e0ncia li donem al nom dels valors? Primer va el valor i despr\u00e9s la pr\u00e0ctica? Totes les activitats que duem a terme es fan en perspectiva a algun valor? Tot \u00e9s educaci\u00f3 en valors? Que no? Quan fem educaci\u00f3 en valors, estem adoctrinant? Aquestes s\u00f3n algunes de les preguntes que debatrem a la primera xerrada del diumenge al mat\u00ed.<\/p>\n<ul>\n<li><strong>Clara Dom\u00e8nech i Vivas:<\/strong> Graduada en Pedagogia i M\u00e0ster d\u2019Educaci\u00f3 en Valors i Ciutadania per la Universitat de Barcelona. Actualment s\u00f3c professora associada a la Facultat d\u2019Educaci\u00f3 de la Universitat de Barcelona i formo part del Grup de Recerca en Pensament Pedag\u00f2gic i Social. Durant els anys d\u2019estudi i formaci\u00f3 he format part, com a volunt\u00e0ria, de diverses entitats de m\u00f3n social que treballen amb infants i joves en risc d\u2019exclusi\u00f3 social. He viscut tamb\u00e9 els valors des d\u2019un voluntariat internacional a Bol\u00edvia i aqu\u00ed he estat vinculada al moviment escolta del Baix Llobregat. Actualment estic interessada en la creaci\u00f3 de programes per treballar amb els professionals de l\u2019educaci\u00f3 com viure, fer viure i educar en valors.<\/li>\n<\/ul>\n<p><strong>2\u00aa Pon\u00e8ncia &#8211;\u00a0<\/strong><strong>Evoluci\u00f3 dels valors amb perspectiva hist\u00f2rica<\/strong><\/p>\n<p>A la segona xerrada parlarem sobre quina \u00e9s i ha estat l&#8217;evoluci\u00f3 del valors al llarg de la historia del territori en que ens trobem. En algunes \u00e8poques alguna valors es troben m\u00e9s en al\u00e7a que altres, per qu\u00e8? De qu\u00e8 depen? Qui marca la tend\u00e8ncia dels valors? Parlarem sobre les crisis de valors; Qu\u00e8 s\u00f3n i qu\u00e8 comporten? \u00a0Quines tend\u00e8ncies de valors s&#8217;han pogut veure en els \u00faltims 30-40 anys? Amb quins fets hist\u00f2rics els relacionem?<\/p>\n<ul>\n<li><strong>Joan Soler<\/strong>: Mestre i doctor en Pedagogia amb la tesi <i>La renovaci\u00f3 pedag\u00f2gica durant el segle XX. La cru\u00eflla catalana: dinamismes i tensions<\/i>. Va exercir com a mestre d\u2019ensenyament primari en diferents centres p\u00fablics i, des de l\u2019any 1994, \u00e9s professor del Departament de Pedagogia de la Facultat d&#8217;Educaci\u00f3, Traducci\u00f3 i Ci\u00e8ncies Humanes de la Universitat de Vic. Actualment \u00e9s president de la Societat d\u2019Hist\u00f2ria de l\u2019Educaci\u00f3 dels Pa\u00efsos de Llengua Catalana. Tamb\u00e9 \u00e9s director i voluntari de C\u00e0ritas de Centelles, un municipi del qual va ser regidor d\u2019Educaci\u00f3 durant vuit anys. Els \u00e0mbits d\u2019estudi en els quals investiga i ha publicat articles i llibres s\u00f3n: la formaci\u00f3 dels mestres; la hist\u00f2ria de l\u2019educaci\u00f3 a Catalunya; el pensament educatiu contemporani; les relacions entre territori, municipi i educaci\u00f3; l\u2019escola rural i la democr\u00e0cia i participaci\u00f3 en l\u2019educaci\u00f3.<\/li>\n<li><strong>Maria Coll<\/strong>: llicenciada en Hist\u00f2ria i Periodisme i en la seva traject\u00f2ria professional sempre ha combinat aquestes dues facetes. Ha treballat en diversos mitjans de comunicaci\u00f3 d\u2019\u00e0mbit local i general, entre els quals l\u2019Ag\u00e8ncia EFE i El Singular, i ha estat responsable de comunicaci\u00f3 de la Fundaci\u00f3 Carta de la Pau dirigida a l\u2019ONU. Ha dirigit documentals televisius sobre hist\u00f2ria local i llibres com La vaga d\u2019usuaris de tramvies de Barcelona de 1957 i Al Paranimf!. Actualment \u00e9s col\u00b7laboradora habitual de la revista S\u00e0piens, codirectora de la revista Valors i del programa de r\u00e0dio \u00abValors a l&#8217;al\u00e7a\u00bb (La Xarxa).<\/li>\n<\/ul>\n<p><strong>3\u00aa Pon\u00e8ncia &#8211; Valors i Cultura<\/strong><\/p>\n<p>Finalment, a la tercera i \u00faltima xerrada debatrem sobre la influ\u00e8ncia de la cultura en els valors en els quals eduquem. Els valors fan la cultura? Ens preguntem com eduquem en valors en una societat que \u00e9s pluricultural? Jutgem i discriminem valors que no s\u00f3n de la nostra cultura? Sabem qu\u00e8 \u00e9s un conflicte cultural? Com el treballem?<\/p>\n<ul>\n<li><strong>Mohamed Ait abou Moujane:<\/strong> \u00c9s Llicenciat en Econometria per la Universitat Lyon I a Fran\u00e7a i Postgrau en Relacions Interculturals i la gesti\u00f3 de la diversitat cultural a La Universitat Abat Oliva (Barcelona). Des de sempre li ha interessat com funciona la vida a peu de carrer, despr\u00e9s de viure de prop com les generacions, fills d&#8217;immigrants, busquen la seva identitat i la pertinen\u00e7a a Fran\u00e7a. Es mediador intercultural i formador en temes relacionats amb la interculturalitat i la conviv\u00e8ncia en diversitat.<\/li>\n<li><b>Drom Kotar Mestipen<\/b>: Associaci\u00f3 Gitana de Dones Drom Kotar Mestipen. DKM significa Cam\u00ed de Llibertat\u201d, el que volen aconseguir per a totes les dones gitanes.<\/li>\n<\/ul>\n<p style=\"padding-left: 40px;\"><b>Mar\u00eda Cort\u00e9s <\/b><span style=\"font-weight: 400;\">es Pedagoga por parte de la universidad de Barcelona. Mar\u00eda lleva muchos a\u00f1os trabajando por la superaci\u00f3n de las desigualdades del pueblo gitano i por superar las aquellas pr\u00e1cticas que a\u00fan mantienen a mucha de las personas del pueblo gitano en situaciones de exclusi\u00f3n de los espacios educativos, pol\u00edticos y de decisi\u00f3n. Ha sido referente en la \u00faltima Trobada de estudiantes Gitanas de catalu\u00f1a realizada el noviembre de 2020 en la sala paninfo de la univeridad de barcelona, lo que ha constituido un hito hist\u00f3rico, ya que esta sala abierta a las elites acad\u00e9micas, recibi\u00f3 la participaci\u00f3n activa de 300 mujeres gitanas de toda catalu\u00f1a para discutir propuesta de\u00a0 mejora al sistema educativo. Esta fue al 18a versi\u00f3n de la Trobada. mar\u00eda es parte del equipo t\u00e9cnico de la drom Kotar Mestipen desde el a\u00f1o 2018.<\/span><\/p>\n<p style=\"padding-left: 40px;\"><b>Mar\u00eda Paz Anderson<\/b><span style=\"font-weight: 400;\"> es Licenciada en educaci\u00f3n con menci\u00f3n en castellano y pedagog\u00eda en castellano por la Universidad de Santiago de Chile. Es la actual Coordinadora de Drom Kotar Mestipen. Ha trabajado en escuelas de contextos desfavorecidos tanto en Santiago de Chile como en Washington DC, EE.UU. Tiene experiencia trabajo con la comunidad en proyecto de educaci\u00f3n de personas adultas desde 2014. Trabaj\u00f3 en la Escuela de adultos de La Verneda &#8211; Sant Mart\u00ed, que es la primera Comunidad de Aprendizaje y como coordinadora de Facepa. Ha participado como miembro del equipo de coordinaci\u00f3n de diversos proyectos Europeos y trabaja en Drom kotar desde 2017 por lo que ha tenido la oportunidad de coordinar el II Congreso Internacional de Mujeres Gitanas realizado en CaixaForum en 2018 y la 18a Trobada de estudiantes gitanas de Catalu\u00f1a.<\/span><\/p>\n<\/div><div class=\"nav fusion-mobile-tab-nav\"><ul class=\"nav-tabs\" role=\"tablist\"><li role=\"presentation\"><a class=\"tab-link\" data-toggle=\"tab\" role=\"tab\" aria-controls=\"tab-4397b111256463294ee\" aria-selected=\"false\" tabindex=\"-1\" id=\"mobile-fusion-tab-taulesrodones\" href=\"#tab-4397b111256463294ee\"><h4 class=\"fusion-tab-heading\"><i class=\"fontawesome-icon fa-users fas\" aria-hidden=\"true\" style=\"font-size:19px;\"><\/i>Taules rodones <\/h4><\/a><\/li><\/ul><\/div><div class=\"tab-pane fade fusion-clearfix\" role=\"tabpanel\" tabindex=\"0\" aria-labelledby=\"fusion-tab-taulesrodones\" id=\"tab-4397b111256463294ee\">\n<p>Durant la tarda de dissabte hi haur\u00e0 4 taules a escollir:<\/p>\n<p dir=\"ltr\"><strong>Respecte i Toler\u00e0ncia<\/strong><\/p>\n<p dir=\"ltr\">Que volem dir quan diem a l\u2019esplai treballem el respecte cada dissabte i en totes les nostres activitats? Creiem que \u00e9s un valor transversal fonamental per poder conviure i\/o canviar la societat en la qual ens trobem? I quan parlem de toler\u00e0ncia? Quina difer\u00e8ncia hi ha entre aquests dos? Qu\u00e8 vol dir ser tolerant en una societat que discrimina? Tolerem qualsevol mena de discurs per part dels infants o qualsevol altra persona? Fins a on arriba el nostre l\u00edmit de llibertat d&#8217;expressi\u00f3? Qu\u00e8 tolerem i que no tolerem? Dir una veritat \u00e9s una falta de respecte en alguns contextos? Les convencions socials ens ho permeten? Ser assertiu garanteix el respecte? Aquestes s\u00f3n algunes de les preguntes de les quals debatrem el dissabte a la tarda en aquesta taula rodona.<\/p>\n<ul>\n<li dir=\"ltr\"><strong>M\u00aa Jes\u00fas Comellas i Carb\u00f3: <\/strong>Mestra en totes les etapes educatives i NNEE. Dra. en Psicologia i professora em\u00e8rita de la UAB en la titulaci\u00f3 de Pedagogia i Psicopedagogia. Des del 2000 dinamitza un projecte de la Diputaci\u00f3: Espai de Debat Educatiu en el que hi participa tot el teixit local: professorat, fam\u00edlies, esplais, escoltes, treball social, policia, joventut, esports i teixit associatiu \u00a0\u00a0per compartir coneixements, dubtes i suggeriments, \u00a0enfortir i compartir el comprom\u00eds educatiu pensant en l\u2019etapa de 0-18 anys evitant mirades classistes o esbiaixades. Tamb\u00e9 lidera un projecte de Mentoritzaci\u00f3 de treballs de recerca de Batxillerat (TR) o grau (TFG) per tal d\u2019afavorir el reconeixement del saber i experi\u00e8ncia de persones de la generaci\u00f3 s\u00e8nior, ampliar les relacions entre generacions i, sobretot, evidenciar els estereotips vinculats a l\u2019edat.<\/li>\n<li dir=\"ltr\"><strong><strong>Aixa Dulcey: <\/strong><\/strong>es psic\u00f3loga por la UNAH, m\u00e1ster en gesti\u00f3n del sector cultural y creativo por la UCM, y realiz\u00f3 el posgrado de Cultura de Paz por la UAB. Durante su etapa de estudiante particip\u00f3 como voluntaria en organizaciones y colectivos que trabajan en la promoci\u00f3n de la noviolencia y la paz, a trav\u00e9s de intervenciones en el espacio p\u00fablico y en centros escolares en zonas de alta vulnerabilidad con ni\u00f1os y j\u00f3venes en situaci\u00f3n de exclusi\u00f3n social en Honduras. Con experiencia como psic\u00f3loga en atenci\u00f3n a v\u00edctimas de violencia; tambi\u00e9n ha colaborado en el apoyo de la defensa y la promoci\u00f3n de los derechos sexuales y reproductivos de la juventud, y los derechos de las mujeres en Honduras; as\u00ed mismo se ha involucrado en proyectos art\u00edsticos que promueven la convivencia y la construcci\u00f3n de paz. Ha acompa\u00f1ado y sistematizado procesos de formaci\u00f3n a docentes de escuela primaria, en metodolog\u00edas socio-afectivas, educaci\u00f3n para la paz y lenguajes art\u00edsticos con el fin de promover modelos de relaciones, de comunicaci\u00f3n y organizaci\u00f3n noviolenta en aulas de escuelas de alta complejidad de Barcelona. Ha sido facilitadora de talleres de educaci\u00f3n para la paz en institutos de secundaria de Barcelona y Pineda de Mar; y en organizaciones del tercer sector que trabajan con j\u00f3venes en riesgo de exclusi\u00f3n social. Actualmente participa como voluntaria en un proyecto de acompa\u00f1amiento respetuoso de la infancia y educaci\u00f3n libre en Barcelona.\u00a0<\/li>\n<\/ul>\n<p dir=\"ltr\"><strong>Igualtat<\/strong><\/p>\n<p dir=\"ltr\">Qu\u00e8 \u00e9s la igualtat? Qu\u00e8 entenem per igualtat en la societat en la qual ens trobem? Per qu\u00e8 en els idearis dels esplais trobem aquest valor; quina import\u00e0ncia t\u00e9? Aquesta taula rodona est\u00e0 dividida en dos blocs en els quals debatrem temes de generes i feminismes. En el primer s&#8217;aborda el tema amb els infants. Com treballem aquest valor en el dia a dia de l\u2019esplai, a part de fer activitats, xerrades i tallers? Fem espais no mixtes amb els infants? Per qu\u00e8? Qu\u00e8 hi fem en aquests? A partir de quina edat fem espais no-mixtes? I en el segon bloc, debatrem que fem a l\u2019equip de monis. Com fem la repartici\u00f3 de les tasques dins l\u2019equip de monis a l&#8217;esplai? Tenim mecanismes perqu\u00e8 hi hagi un bon repartiment?<\/p>\n<ul>\n<li dir=\"ltr\"><strong>\u00c0ngel Camacho &#8211; La Crida: <\/strong>estudiant de Filologia Catalana i militant de la Crida LGBTI i AECornell\u00e0. Ha impartit xerrades i tallers sobre alliberament sexual i de g\u00e8nere, capitalisme rosa i abordatge de viol\u00e8ncies LGBTI-f\u00f2biques per a organitzacions pol\u00edtiques, projectes d&#8217;educaci\u00f3 en el lleure i moviments socials.<\/li>\n<li dir=\"ltr\"><strong>Mirta Lojo Su\u00e1rez: <\/strong>Activista feminista. Doctora en Ci\u00e8ncies de l\u2019Educaci\u00f3 i psicopedagoga per la UAB. M\u00e0ster en Qualitat i Processos d\u2019Innovaci\u00f3 Educativa (UAB), Postgrau d\u2019Experta Universit\u00e0riaen Dimensi\u00f3 Europea de los problemas de la convivencia escolar (UNED) i Postgrau en Lid eraren clave de g\u00e9nero, Mujeres y Ciudad (EuropeAid Co-operation Office). Experi\u00e8ncia docent entotes les etapes educatives (prim\u00e0ria, secund\u00e0ria, universit\u00e0ria). Formadora del professorat per al Departament d\u2019Educaci\u00f3. Va dissenyar i coordinar la implementaci\u00f3 del Programa Xarxad\u2019escoles i instituts per la igualtat i la no discriminaci\u00f3 per a la Direcci\u00f3 de Feminismes i LGTBI\u00a0 \u00a0 \u00a0de l\u2019Ajuntament de Barcelona. Jubilada per\u00f2 en plena activitat. Membre del grup GRODE de laUAB. Ha estat membre del Seminari de Coeducaci\u00f3 de l\u2019ICE de la UB i actualment membre del Seminari Pedagogies feministes de l\u2019ICE de la mateixa universitat i tamb\u00e9 coordinadora delGrup de Treball Educaci\u00f3 feminista de l\u2019Associaci\u00f3 de Mestres Rosa Sensat. L\u00ednies de recerca i publicacions centrades en sexisme i perspectiva de g\u00e8nere en educaci\u00f3, conviv\u00e8ncia iprevenci\u00f3 de la viol\u00e8ncia.<\/li>\n<\/ul>\n<p dir=\"ltr\"><strong>Esperit Cr\u00edtic<\/strong><\/p>\n<p dir=\"ltr\">Qu\u00e8 \u00e9s l&#8217;esperit cr\u00edtic? Es valora i se li d\u00f3na import\u00e0ncia en la societat en la qual ens trobem? Aquesta taula rodona estar\u00e0 formada per dos blocs. En el primer d\u2019aquests ens centrarem a debatre si l\u2019equip de monitores t\u00e9 o no un pensament cr\u00edtic. Ens posicionem a l&#8217;esplai? Com ho fem i basant-se a qu\u00e8? Quin paper tenen les XXSS en els nostres posicionaments? Som influenciables? Estem predisposats a escoltar all\u00f2 que no volem sentir? En el segon bloc abordarem el tema amb els infants, per veure qu\u00e8 fem a part dels tallers i activitats, en el dia a dia, de l&#8217;esplai per treballar l\u2019esperit cr\u00edtic. Fins a quin punt intervenim quan un infant expressa una opini\u00f3 contr\u00e0ria a la teva? Qu\u00e8 preval m\u00e9s, la teva veritat o la d&#8217;un infant? Adoctrinem a l&#8217;esplai? Est\u00e0 b\u00e9 adoctrinar?<\/p>\n<ul>\n<li dir=\"ltr\"><strong>Mariona Massip: <\/strong>monitora kumba retirada, mare lactant i doctoranda de did\u00e0ctica de les ci\u00e8ncies socials. Ha voluntariat en l&#8217;educaci\u00f3 en el lleure i l&#8217;educaci\u00f3 no formal a l&#8217;esplai i amb programes per a joves amb risc d&#8217;exclusi\u00f3 social; des de l&#8217;educaci\u00f3 formal, \u00e9s professora del grau d&#8217;educaci\u00f3 prim\u00e0ria a la Facultat d&#8217;Educaci\u00f3 de la UAB. \u00c9s graduada en Hist\u00f2ria (UB), t\u00e9 els m\u00e0sters de recerca educativa i de professorat de secund\u00e0ria, i est\u00e0 intentant parir una tesi de did\u00e0ctica de les ci\u00e8ncies socials, camp en el que li agradaria cr\u00e9ixer durant molts anys. Des del departament i el grup de recerca al que pertany (GREDICS), ha participat en projectes de recerca i materials did\u00e0ctics sobre pensament cr\u00edtic i just\u00edcia social i ha coorganitzat jornades sobre perpsectiva de g\u00e8nere, entre d&#8217;altres. Participa al seminari d&#8217;educaci\u00f3 i decreixement, fa teatre i es reuneix amb les companyes i companys de ciutats en transici\u00f3: li agrada molt aquesta vida i no t\u00e9 gaires ganes d&#8217;encarar l&#8217;extinci\u00f3.<\/li>\n<li dir=\"ltr\"><strong>Juli Palou<\/strong><\/li>\n<li dir=\"ltr\"><strong><strong>Gustavo Gonzalez: <\/strong><\/strong>mestre i doctor en Did\u00e1ctica de les Ci\u00e8ncies Socials. Treballa al Departament de Did\u00e0ctica de la Llengua, la Literatura i les Ci\u00e8ncies Socials i \u00e9s membre del Grup de Recerca en Did\u00e0ctica de les Ci\u00e8ncies Socials\u00a0<a href=\"http:\/\/grupsderecerca.uab.cat\/gredics\/\" data-saferedirecturl=\"https:\/\/www.google.com\/url?q=http:\/\/grupsderecerca.uab.cat\/gredics\/&amp;source=gmail&amp;ust=1583833300342000&amp;usg=AFQjCNGggvBRYI8H4kf86V802OzYD4T-Cw\">(GREDICS)<\/a>\u00a0de la Universitat Aut\u00f2noma de Barcelona. Des de a la meva inf\u00e0ncia va participar en projectes de educaci\u00f3 en valors i de protecci\u00f3 del ambient.\u00a0\u00a0 Abans de dedicar-me a la investigaci\u00f3 en el mon universitari vaig treballar per m\u00e9s de una d\u00e8cada en projectes que relacionaven el aprenentatge a trav\u00e9s de l\u2019experi\u00e8ncia\u00a0 amb el pensament cr\u00edtic, l\u2019educaci\u00f3 en valors, el treball en equip i la participaci\u00f3. Estic conven\u00e7ut que l\u2019educaci\u00f3 en contacte amb la natura, la gent i la societat son la millor eina per transformar les persones i el mon.<\/li>\n<\/ul>\n<p dir=\"ltr\"><strong>Autogesti\u00f3 i Autonomia<\/strong><\/p>\n<p dir=\"ltr\">En aquesta taula rodona debatrem de la difer\u00e8ncia entre autonomia i autogesti\u00f3, i en qu\u00e8 es diferenciem de la resta quan parlem i els treballem. Quina \u00e9s la responsabilitat de l\u2019equip de monis de treballar l&#8217;autonomia i l\u2019autogesti\u00f3 amb els infants. Creiem que \u00e9s possible ser aut\u00f2nom sense saber autogestionar-se? Com adquireixen autonomia els infants, per decisi\u00f3 de l\u2019equip de monis? Com treballem l&#8217;autogesti\u00f3 interpersonal? I la intrapersonal? I finalment volem posar atenci\u00f3 al paper que tenen els infants en el teixit associatiu del lloc on ens trobem; tenen algun rol o nom\u00e9s treballem l\u2019autonomia i autogesti\u00f3 dins la bombolla de l\u2019esplai?<\/p>\n<ul>\n<li dir=\"ltr\"><strong><strong>Escola Arc\u00e0dia: <\/strong><\/strong>El col\u00b7lectiu Arc\u00e0dia impulsa un institut-escola autogestionari on acollir nens i nenes d\u2019entre 2 i 16 anys. L\u2019escola Arc\u00e0dia est\u00e0 projectada al recinte comunitari de Can Batll\u00f3 (Sants, Barcelona). En l\u2019actualitat funciona com espai familiar en un petit local provisional on s\u2019hi acullen nenes i nens d\u2019entre 0 i 3 anys. El col\u00b7lectiu est\u00e0 format per 7 mestres d\u2019infantil, prim\u00e0ria i secund\u00e0ria que van comen\u00e7ar a caminar plegades el 2009. Des d\u2019aleshores ha fet incomptables xerrades, articles, activitats amb infants i un llarg etc.\u00a0 La seva xarxa de suport s\u2019est\u00e9n m\u00e9s enll\u00e0 de la pen\u00ednsula i ha generat for\u00e7a expectativa, doncs, si hi ha quelcom que caracteritza a aquest projecte, \u00e9s la seva vessant militant i la seva intenci\u00f3 de reapropiar-se del millor llegat de la pedagogia obrerista. Una escola que fixa els seus principals referents pedag\u00f2gics en experi\u00e8ncies com les de Paul Robin, S\u00e9bastien Faure o Ferrer i Gu\u00e0rdia i tants altres que van emprendre l\u2019aventura d\u2019educar no nom\u00e9s en llibertat, sin\u00f3 per la llibertat.<\/li>\n<li dir=\"ltr\">\n<p class=\"iw\"><strong><span class=\"qu\" tabindex=\"-1\" role=\"gridcell\"><span class=\"gD\" data-hovercard-id=\"cpremat@ub.edu\" data-hovercard-owner-id=\"72\">Celia Premat Katz<\/span><\/span><\/strong><\/p>\n<\/li>\n<\/ul>\n<p dir=\"ltr\">Les inscripcions a les taules rodones es fan <strong>directament amb la inscripci\u00f3 general.\u00a0<\/strong><\/p>\n<\/div><div class=\"nav fusion-mobile-tab-nav\"><ul class=\"nav-tabs\" role=\"tablist\"><li role=\"presentation\"><a class=\"tab-link\" data-toggle=\"tab\" role=\"tab\" aria-controls=\"tab-0d15faba814de8fd350\" aria-selected=\"false\" tabindex=\"-1\" id=\"mobile-fusion-tab-experi\u00e8ncies\" href=\"#tab-0d15faba814de8fd350\"><h4 class=\"fusion-tab-heading\"><i class=\"fontawesome-icon fa-comments fas\" aria-hidden=\"true\" style=\"font-size:19px;\"><\/i>Experi\u00e8ncies<\/h4><\/a><\/li><\/ul><\/div><div class=\"tab-pane fade fusion-clearfix\" role=\"tabpanel\" tabindex=\"0\" aria-labelledby=\"fusion-tab-experi\u00e8ncies\" id=\"tab-0d15faba814de8fd350\"><\/div><div class=\"tab-pane fade fusion-clearfix\" role=\"tabpanel\" tabindex=\"0\" aria-labelledby=\"fusion-tab-inscripcions\" id=\"tab-f2429e881172fc49b9e\">\n<h4><strong>Les inscripcions es faran en dues fases. Durant la primera fase hi haur\u00e0 descompte!<\/strong><\/h4>\n<ul>\n<li>Primera fase: del 26\/11 al 13\/01 per 25\u20ac<\/li>\n<li>Segona fase: del 20\/01 al 10\/02 per 28\u20ac<\/li>\n<\/ul>\n<h4>Preu de la inscripci\u00f3 inclou el sopar i dormir dissabte, l&#8217;esmorzar i el dinar de diumenge.<\/h4>\n<ul>\n<li>\n<h4>MONITORES<\/h4>\n<\/li>\n<\/ul>\n<h4>Les monitores i monitors, dirigents i treballadores d\u2019Esplac faran la inscripci\u00f3 a trav\u00e9s del seu usuari de l\u2019Era.<\/h4>\n<p>Us podeu inscriure\u00a0<strong>nom\u00e9s 5 persones per esplai<\/strong>, la resta quedareu en llista d\u2019espera per ordre d\u2019inscripci\u00f3. Aclariment: les dirigents i treballadores d\u2019Esplac que tamb\u00e9 sou monitores cal que us inscriviu des del vostre rol de dirigent o t\u00e8cnica per tal de no comptar dins de les 5 persones del vostre esplai.<\/p>\n<ul>\n<li>\n<h4>S\u00d2CIES<\/h4>\n<\/li>\n<\/ul>\n<h4>Les s\u00f2cies i els socis d\u2019Esplac faran la seva inscripci\u00f3 mitjan\u00e7ant <span style=\"color: #ff9900;\"><a style=\"color: #ff9900;\" href=\"https:\/\/infoesplac.typeform.com\/to\/cPSddX\" target=\"_blank\" rel=\"noopener noreferrer\">aquest enlla\u00e7<\/a>.\u00a0<\/span><\/h4>\n<p>Aclariment: les s\u00f2cies que tamb\u00e9 sou monitores d\u2019Esplac, si us inscriviu com a s\u00f2cies no comptareu dins del l\u00edmit de 5 persones per esplai.<\/p>\n<p>Hi ha\u00a0<strong>un m\u00e0xim de 130 places reservades per a monitores i monitors, dirigents, s\u00f2cies i treballadores d\u2019Esplac<\/strong>. La persona 131 en l\u2019ordre d\u2019inscripci\u00f3 quedar\u00e0 en llista d\u2019espera. Feu el pagament igualment i, si finalment no podeu participar a l\u2019Escola d\u2019Esplac per falta de places, us retornarem els diners.<\/p>\n<ul>\n<li>\n<h4>EXTERNES<\/h4>\n<\/li>\n<\/ul>\n<p>Les persones externes a Esplac podeu fer la vostra inscripci\u00f3 directament a partir del <strong><span style=\"color: #f69d0b;\"><a style=\"color: #f69d0b;\" href=\"https:\/\/infoesplac.typeform.com\/to\/c6VhKN\" target=\"_blank\" rel=\"noopener noreferrer\">seg\u00fcent enlla<span style=\"color: #f69d0b;\">\u00e7<\/span><\/a>.<\/span><\/strong><\/p>\n<p>La inscripci\u00f3 inclou l&#8217;assist\u00e8ncia a totes les xerrades del<strong> diumenge 15 de mar\u00e7<\/strong>, sense haver de pagar quota. Hi ha opci\u00f3 a demanar <strong>el dinar de diumenge per 10 \u20ac<\/strong> (a indicar en el formulari d&#8217;inscripci\u00f3).<\/p>\n<p>Les persones externes a Esplac no tenen opci\u00f3 a poder assistir a cap dels espais del dissabte 14 de mar\u00e7.<\/p>\n<h3>Gesti\u00f3 de la llista d\u2019espera<\/h3>\n<p><strong>Per formar part de la llista d\u2019espera s\u2019ha d\u2019haver fet el pagament de la quota.\u00a0En cas contrari, la inscripci\u00f3 no es considerar\u00e0 finalitzada.\u00a0<\/strong> A partir del 13 de gener de 2020, si queden places lliures, entraran les persones que es troben en llista d\u2019espera en el seg\u00fcent ordre:<\/p>\n<ol>\n<li>Les monitores i monitors d\u2019esplais que no tenen cap participant inscrit i persones s\u00f2cies o externes que s\u2019han inscrit a t\u00edtol individual.<\/li>\n<li>Les monitores i monitors d\u2019esplais que no arriben 5 participants inscrits.<\/li>\n<li>Les monitores i monitors d\u2019esplais que ja tenen 5 participants inscrits.<\/li>\n<\/ol>\n<h4>Seguirem aquests criteris tenint en compte l\u2019ordre d\u2019inscripci\u00f3!<\/h4>\n<h3><\/h3>\n<h3>Baixa de les inscripcions<\/h3>\n<p>Per donar-se de baixa de l\u2019Escola d\u2019Esplac s\u2019haur\u00e0 d\u2019enviar un correu electr\u00f2nic a\u00a0organitzacio@esplac.cat.<\/p>\n<ul>\n<li>Les peticions de baixa rebudes\u00a0<strong>fins al 13 de gener de 2020<\/strong>, es podr\u00e0\u00a0<strong>retornar el 100% de la quota<\/strong>.<\/li>\n<li>Les peticions de baixa rebudes\u00a0<strong>a partir del 13 de gener de 2020, no es podr\u00e0 retornar la quota<\/strong>.<\/li>\n<\/ul>\n<\/div><div class=\"nav fusion-mobile-tab-nav\"><ul class=\"nav-tabs\" role=\"tablist\"><li role=\"presentation\"><a class=\"tab-link\" data-toggle=\"tab\" role=\"tab\" aria-controls=\"tab-f2429e881172fc49b9e\" aria-selected=\"false\" tabindex=\"-1\" id=\"mobile-fusion-tab-inscripcions\" href=\"#tab-f2429e881172fc49b9e\"><h4 class=\"fusion-tab-heading\"><i class=\"fontawesome-icon fa-calendar-check far\" aria-hidden=\"true\" style=\"font-size:19px;\"><\/i>Inscripcions<\/h4><\/a><\/li><\/ul><\/div><div class=\"nav fusion-mobile-tab-nav\"><ul class=\"nav-tabs\" role=\"tablist\"><li role=\"presentation\"><a class=\"tab-link\" data-toggle=\"tab\" role=\"tab\" aria-controls=\"tab-c3194e8dfae55bc63f9\" aria-selected=\"false\" tabindex=\"-1\" id=\"mobile-fusion-tab-v\u00eddeos\" href=\"#tab-c3194e8dfae55bc63f9\"><h4 class=\"fusion-tab-heading\"><i class=\"fontawesome-icon fa-video fas\" aria-hidden=\"true\" style=\"font-size:19px;\"><\/i>V\u00eddeos<\/h4><\/a><\/li><\/ul><\/div><\/div><\/div><div class=\"fusion-clearfix\"><\/div><\/div><\/div><\/div><\/div><div class=\"fusion-fullwidth fullwidth-box fusion-builder-row-5 fusion-flex-container nonhundred-percent-fullwidth non-hundred-percent-height-scrolling\" style=\"--awb-border-radius-top-left:0px;--awb-border-radius-top-right:0px;--awb-border-radius-bottom-right:0px;--awb-border-radius-bottom-left:0px;--awb-margin-bottom:40px;--awb-flex-wrap:wrap;\" ><div class=\"fusion-builder-row fusion-row fusion-flex-align-items-flex-start fusion-flex-content-wrap\" style=\"max-width:1248px;margin-left: calc(-4% \/ 2 );margin-right: calc(-4% \/ 2 );\"><div class=\"fusion-layout-column fusion_builder_column fusion-builder-column-4 fusion_builder_column_1_1 1_1 fusion-flex-column\" style=\"--awb-bg-blend:overlay;--awb-bg-size:cover;--awb-width-large:100%;--awb-margin-top-large:0px;--awb-spacing-right-large:1.92%;--awb-margin-bottom-large:20px;--awb-spacing-left-large:1.92%;--awb-width-medium:100%;--awb-spacing-right-medium:1.92%;--awb-spacing-left-medium:1.92%;--awb-width-small:100%;--awb-spacing-right-small:1.92%;--awb-spacing-left-small:1.92%;\"><div class=\"fusion-column-wrapper fusion-column-has-shadow fusion-flex-justify-content-flex-start fusion-content-layout-column\"><div class=\"fusion-text fusion-text-2\"><h3><strong>Altres edicions de l\u2019Escola d\u2019Esplac<\/strong><\/h3>\n<\/div><\/div><\/div><div class=\"fusion-layout-column fusion_builder_column fusion-builder-column-5 fusion_builder_column_1_4 1_4 fusion-flex-column fusion-column-inner-bg-wrapper\" style=\"--awb-inner-bg-blend:overlay;--awb-inner-bg-size:cover;--awb-width-large:25%;--awb-margin-top-large:0px;--awb-spacing-right-large:7.68%;--awb-margin-bottom-large:20px;--awb-spacing-left-large:7.68%;--awb-width-medium:100%;--awb-order-medium:0;--awb-spacing-right-medium:1.92%;--awb-spacing-left-medium:1.92%;--awb-width-small:100%;--awb-order-small:0;--awb-spacing-right-small:1.92%;--awb-spacing-left-small:1.92%;\" data-motion-effects=\"[{&quot;type&quot;:&quot;&quot;,&quot;scroll_type&quot;:&quot;transition&quot;,&quot;scroll_direction&quot;:&quot;up&quot;,&quot;transition_speed&quot;:&quot;1&quot;,&quot;fade_type&quot;:&quot;in&quot;,&quot;scale_type&quot;:&quot;up&quot;,&quot;initial_scale&quot;:&quot;1&quot;,&quot;max_scale&quot;:&quot;1.5&quot;,&quot;min_scale&quot;:&quot;0.5&quot;,&quot;initial_rotate&quot;:&quot;0&quot;,&quot;end_rotate&quot;:&quot;30&quot;,&quot;initial_blur&quot;:&quot;0&quot;,&quot;end_blur&quot;:&quot;3&quot;,&quot;start_element&quot;:&quot;top&quot;,&quot;start_viewport&quot;:&quot;bottom&quot;,&quot;end_element&quot;:&quot;bottom&quot;,&quot;end_viewport&quot;:&quot;top&quot;,&quot;mouse_effect&quot;:&quot;track&quot;,&quot;mouse_effect_direction&quot;:&quot;opposite&quot;,&quot;mouse_effect_speed&quot;:&quot;2&quot;,&quot;infinite_animation&quot;:&quot;float&quot;,&quot;infinite_animation_speed&quot;:&quot;2&quot;}]\" data-scroll-devices=\"small-visibility,medium-visibility,large-visibility\"><span class=\"fusion-column-inner-bg hover-type-none\"><a class=\"fusion-column-anchor\" href=\"https:\/\/www.esplac.cat\/formacions\/escola-esplac-2025\/\"><span class=\"fusion-column-inner-bg-image\"><\/span><\/a><\/span><div class=\"fusion-column-wrapper fusion-column-has-shadow fusion-flex-justify-content-flex-start fusion-content-layout-column\"><div class=\"fusion-image-element \" style=\"text-align:center;--awb-liftup-border-radius:0px;--awb-caption-title-font-family:var(--h2_typography-font-family);--awb-caption-title-font-weight:var(--h2_typography-font-weight);--awb-caption-title-font-style:var(--h2_typography-font-style);--awb-caption-title-size:var(--h2_typography-font-size);--awb-caption-title-transform:var(--h2_typography-text-transform);--awb-caption-title-line-height:var(--h2_typography-line-height);--awb-caption-title-letter-spacing:var(--h2_typography-letter-spacing);\"><div class=\"awb-image-frame awb-image-frame-2 imageframe-liftup\"><span class=\" fusion-imageframe imageframe-none imageframe-2\"><a class=\"fusion-no-lightbox\" href=\"https:\/\/www.esplac.cat\/formacions\/escola-desplac-2024\/\" target=\"_self\" aria-label=\"cartell_esplac2025\"><img decoding=\"async\" width=\"212\" height=\"300\" src=\"https:\/\/www.esplac.cat\/wp-content\/uploads\/2024\/11\/cartell_esplac2025-212x300.jpg\" alt class=\"img-responsive wp-image-51867\" srcset=\"https:\/\/www.esplac.cat\/wp-content\/uploads\/2024\/11\/cartell_esplac2025-200x283.jpg 200w, https:\/\/www.esplac.cat\/wp-content\/uploads\/2024\/11\/cartell_esplac2025-400x566.jpg 400w, https:\/\/www.esplac.cat\/wp-content\/uploads\/2024\/11\/cartell_esplac2025-600x849.jpg 600w, https:\/\/www.esplac.cat\/wp-content\/uploads\/2024\/11\/cartell_esplac2025-800x1131.jpg 800w, https:\/\/www.esplac.cat\/wp-content\/uploads\/2024\/11\/cartell_esplac2025-1200x1697.jpg 1200w, https:\/\/www.esplac.cat\/wp-content\/uploads\/2024\/11\/cartell_esplac2025-scaled.jpg 1810w\" sizes=\"(max-width: 1024px) 100vw, (max-width: 640px) 100vw, 400px\" \/><\/a><\/span><\/div><\/div><div class=\"fusion-separator fusion-full-width-sep\" style=\"align-self: center;margin-left: auto;margin-right: auto;margin-bottom:20px;width:100%;\"><\/div><div class=\"fusion-text fusion-text-3\"><h5 style=\"text-align: center;\"><strong><a href=\"https:\/\/www.esplac.cat\/formacions\/escola-esplac-2025\/\" target=\"_blank\" rel=\"noopener\">Escola d\u2019Esplac 2025<\/a><\/strong><\/h5>\n<\/div><div class=\"fusion-separator fusion-full-width-sep\" style=\"align-self: center;margin-left: auto;margin-right: auto;margin-bottom:20px;width:100%;\"><\/div><\/div><\/div><div class=\"fusion-layout-column fusion_builder_column fusion-builder-column-6 fusion_builder_column_1_4 1_4 fusion-flex-column fusion-column-inner-bg-wrapper\" style=\"--awb-inner-bg-blend:overlay;--awb-inner-bg-size:cover;--awb-width-large:25%;--awb-margin-top-large:0px;--awb-spacing-right-large:7.68%;--awb-margin-bottom-large:20px;--awb-spacing-left-large:7.68%;--awb-width-medium:100%;--awb-order-medium:0;--awb-spacing-right-medium:1.92%;--awb-spacing-left-medium:1.92%;--awb-width-small:100%;--awb-order-small:0;--awb-spacing-right-small:1.92%;--awb-spacing-left-small:1.92%;\" data-motion-effects=\"[{&quot;type&quot;:&quot;&quot;,&quot;scroll_type&quot;:&quot;transition&quot;,&quot;scroll_direction&quot;:&quot;up&quot;,&quot;transition_speed&quot;:&quot;1&quot;,&quot;fade_type&quot;:&quot;in&quot;,&quot;scale_type&quot;:&quot;up&quot;,&quot;initial_scale&quot;:&quot;1&quot;,&quot;max_scale&quot;:&quot;1.5&quot;,&quot;min_scale&quot;:&quot;0.5&quot;,&quot;initial_rotate&quot;:&quot;0&quot;,&quot;end_rotate&quot;:&quot;30&quot;,&quot;initial_blur&quot;:&quot;0&quot;,&quot;end_blur&quot;:&quot;3&quot;,&quot;start_element&quot;:&quot;top&quot;,&quot;start_viewport&quot;:&quot;bottom&quot;,&quot;end_element&quot;:&quot;bottom&quot;,&quot;end_viewport&quot;:&quot;top&quot;,&quot;mouse_effect&quot;:&quot;track&quot;,&quot;mouse_effect_direction&quot;:&quot;opposite&quot;,&quot;mouse_effect_speed&quot;:&quot;2&quot;,&quot;infinite_animation&quot;:&quot;float&quot;,&quot;infinite_animation_speed&quot;:&quot;2&quot;}]\" data-scroll-devices=\"small-visibility,medium-visibility,large-visibility\"><span class=\"fusion-column-inner-bg hover-type-none\"><a class=\"fusion-column-anchor\" href=\"https:\/\/www.esplac.cat\/formacions\/escola-desplac-2024\/\"><span class=\"fusion-column-inner-bg-image\"><\/span><\/a><\/span><div class=\"fusion-column-wrapper fusion-column-has-shadow fusion-flex-justify-content-flex-start fusion-content-layout-column\"><div class=\"fusion-image-element \" style=\"text-align:center;--awb-liftup-border-radius:0px;--awb-caption-title-font-family:var(--h2_typography-font-family);--awb-caption-title-font-weight:var(--h2_typography-font-weight);--awb-caption-title-font-style:var(--h2_typography-font-style);--awb-caption-title-size:var(--h2_typography-font-size);--awb-caption-title-transform:var(--h2_typography-text-transform);--awb-caption-title-line-height:var(--h2_typography-line-height);--awb-caption-title-letter-spacing:var(--h2_typography-letter-spacing);\"><div class=\"awb-image-frame awb-image-frame-3 imageframe-liftup\"><span class=\" fusion-imageframe imageframe-none imageframe-3\"><a class=\"fusion-no-lightbox\" href=\"https:\/\/www.esplac.cat\/formacions\/escola-desplac-2024\/\" target=\"_self\" aria-label=\"Ilustraci\u00f3n sin t\u00edtulo\"><img decoding=\"async\" width=\"212\" height=\"300\" src=\"https:\/\/www.esplac.cat\/wp-content\/uploads\/2024\/11\/Cartell-Escola-Esplac-24-800x1131-1-212x300.jpg\" alt class=\"img-responsive wp-image-51850\" srcset=\"https:\/\/www.esplac.cat\/wp-content\/uploads\/2024\/11\/Cartell-Escola-Esplac-24-800x1131-1-200x283.jpg 200w, https:\/\/www.esplac.cat\/wp-content\/uploads\/2024\/11\/Cartell-Escola-Esplac-24-800x1131-1-400x566.jpg 400w, https:\/\/www.esplac.cat\/wp-content\/uploads\/2024\/11\/Cartell-Escola-Esplac-24-800x1131-1-600x848.jpg 600w, https:\/\/www.esplac.cat\/wp-content\/uploads\/2024\/11\/Cartell-Escola-Esplac-24-800x1131-1.jpg 800w\" sizes=\"(max-width: 1024px) 100vw, (max-width: 640px) 100vw, 400px\" \/><\/a><\/span><\/div><\/div><div class=\"fusion-separator fusion-full-width-sep\" style=\"align-self: center;margin-left: auto;margin-right: auto;margin-bottom:20px;width:100%;\"><\/div><div class=\"fusion-text fusion-text-4\"><h5 style=\"text-align: center;\"><strong><a href=\"https:\/\/www.esplac.cat\/formacions\/escola-desplac-2024\/\" target=\"_blank\" rel=\"noopener\">Escola d\u2019Esplac 2024<\/a><\/strong><\/h5>\n<\/div><div class=\"fusion-separator fusion-full-width-sep\" style=\"align-self: center;margin-left: auto;margin-right: auto;margin-bottom:20px;width:100%;\"><\/div><\/div><\/div><div class=\"fusion-layout-column fusion_builder_column fusion-builder-column-7 fusion_builder_column_1_4 1_4 fusion-flex-column fusion-column-inner-bg-wrapper\" style=\"--awb-inner-bg-blend:overlay;--awb-inner-bg-size:cover;--awb-width-large:25%;--awb-margin-top-large:0px;--awb-spacing-right-large:7.68%;--awb-margin-bottom-large:20px;--awb-spacing-left-large:7.68%;--awb-width-medium:100%;--awb-order-medium:0;--awb-spacing-right-medium:1.92%;--awb-spacing-left-medium:1.92%;--awb-width-small:100%;--awb-order-small:0;--awb-spacing-right-small:1.92%;--awb-spacing-left-small:1.92%;\" data-motion-effects=\"[{&quot;type&quot;:&quot;&quot;,&quot;scroll_type&quot;:&quot;transition&quot;,&quot;scroll_direction&quot;:&quot;up&quot;,&quot;transition_speed&quot;:&quot;1&quot;,&quot;fade_type&quot;:&quot;in&quot;,&quot;scale_type&quot;:&quot;up&quot;,&quot;initial_scale&quot;:&quot;1&quot;,&quot;max_scale&quot;:&quot;1.5&quot;,&quot;min_scale&quot;:&quot;0.5&quot;,&quot;initial_rotate&quot;:&quot;0&quot;,&quot;end_rotate&quot;:&quot;30&quot;,&quot;initial_blur&quot;:&quot;0&quot;,&quot;end_blur&quot;:&quot;3&quot;,&quot;start_element&quot;:&quot;top&quot;,&quot;start_viewport&quot;:&quot;bottom&quot;,&quot;end_element&quot;:&quot;bottom&quot;,&quot;end_viewport&quot;:&quot;top&quot;,&quot;mouse_effect&quot;:&quot;track&quot;,&quot;mouse_effect_direction&quot;:&quot;opposite&quot;,&quot;mouse_effect_speed&quot;:&quot;2&quot;,&quot;infinite_animation&quot;:&quot;float&quot;,&quot;infinite_animation_speed&quot;:&quot;2&quot;}]\" data-scroll-devices=\"small-visibility,medium-visibility,large-visibility\"><span class=\"fusion-column-inner-bg hover-type-none\"><a class=\"fusion-column-anchor\" href=\"https:\/\/www.esplac.cat\/formacions\/escola-desplac-2023\/\"><span class=\"fusion-column-inner-bg-image\"><\/span><\/a><\/span><div class=\"fusion-column-wrapper fusion-column-has-shadow fusion-flex-justify-content-flex-start fusion-content-layout-column\"><div class=\"fusion-image-element \" style=\"text-align:center;--awb-liftup-border-radius:0px;--awb-caption-title-font-family:var(--h2_typography-font-family);--awb-caption-title-font-weight:var(--h2_typography-font-weight);--awb-caption-title-font-style:var(--h2_typography-font-style);--awb-caption-title-size:var(--h2_typography-font-size);--awb-caption-title-transform:var(--h2_typography-text-transform);--awb-caption-title-line-height:var(--h2_typography-line-height);--awb-caption-title-letter-spacing:var(--h2_typography-letter-spacing);\"><div class=\"awb-image-frame awb-image-frame-4 imageframe-liftup\"><span class=\" fusion-imageframe imageframe-none imageframe-4\"><a class=\"fusion-no-lightbox\" href=\"https:\/\/www.esplac.cat\/formacions\/escola-desplac-2023\/\" target=\"_self\" aria-label=\"Esplac_Escola23_CartellHR_page-0001\"><img decoding=\"async\" width=\"215\" height=\"300\" src=\"https:\/\/www.esplac.cat\/wp-content\/uploads\/2022\/11\/Esplac_Escola23_CartellHR_page-0001-215x300.jpg\" alt class=\"img-responsive wp-image-42246\" srcset=\"https:\/\/www.esplac.cat\/wp-content\/uploads\/2022\/11\/Esplac_Escola23_CartellHR_page-0001-200x279.jpg 200w, https:\/\/www.esplac.cat\/wp-content\/uploads\/2022\/11\/Esplac_Escola23_CartellHR_page-0001-400x557.jpg 400w, https:\/\/www.esplac.cat\/wp-content\/uploads\/2022\/11\/Esplac_Escola23_CartellHR_page-0001-600x836.jpg 600w, https:\/\/www.esplac.cat\/wp-content\/uploads\/2022\/11\/Esplac_Escola23_CartellHR_page-0001-800x1114.jpg 800w, https:\/\/www.esplac.cat\/wp-content\/uploads\/2022\/11\/Esplac_Escola23_CartellHR_page-0001-1200x1671.jpg 1200w, https:\/\/www.esplac.cat\/wp-content\/uploads\/2022\/11\/Esplac_Escola23_CartellHR_page-0001-scaled.jpg 1838w\" sizes=\"(max-width: 1024px) 100vw, (max-width: 640px) 100vw, 400px\" \/><\/a><\/span><\/div><\/div><div class=\"fusion-separator fusion-full-width-sep\" style=\"align-self: center;margin-left: auto;margin-right: auto;margin-bottom:20px;width:100%;\"><\/div><div class=\"fusion-text fusion-text-5\"><h5 style=\"text-align: center;\"><strong><a href=\"https:\/\/www.esplac.cat\/formacions\/escola-desplac-2023\/\" target=\"_blank\" rel=\"noopener\">Escola d\u2019Esplac 2023<\/a><\/strong><\/h5>\n<\/div><div class=\"fusion-separator fusion-full-width-sep\" style=\"align-self: center;margin-left: auto;margin-right: auto;margin-bottom:20px;width:100%;\"><\/div><\/div><\/div><div class=\"fusion-layout-column fusion_builder_column fusion-builder-column-8 fusion_builder_column_1_4 1_4 fusion-flex-column fusion-column-inner-bg-wrapper\" style=\"--awb-inner-bg-blend:overlay;--awb-inner-bg-size:cover;--awb-width-large:25%;--awb-margin-top-large:0px;--awb-spacing-right-large:7.68%;--awb-margin-bottom-large:20px;--awb-spacing-left-large:7.68%;--awb-width-medium:100%;--awb-order-medium:0;--awb-spacing-right-medium:1.92%;--awb-spacing-left-medium:1.92%;--awb-width-small:100%;--awb-order-small:0;--awb-spacing-right-small:1.92%;--awb-spacing-left-small:1.92%;\" data-motion-effects=\"[{&quot;type&quot;:&quot;&quot;,&quot;scroll_type&quot;:&quot;transition&quot;,&quot;scroll_direction&quot;:&quot;up&quot;,&quot;transition_speed&quot;:&quot;1&quot;,&quot;fade_type&quot;:&quot;in&quot;,&quot;scale_type&quot;:&quot;up&quot;,&quot;initial_scale&quot;:&quot;1&quot;,&quot;max_scale&quot;:&quot;1.5&quot;,&quot;min_scale&quot;:&quot;0.5&quot;,&quot;initial_rotate&quot;:&quot;0&quot;,&quot;end_rotate&quot;:&quot;30&quot;,&quot;initial_blur&quot;:&quot;0&quot;,&quot;end_blur&quot;:&quot;3&quot;,&quot;start_element&quot;:&quot;top&quot;,&quot;start_viewport&quot;:&quot;bottom&quot;,&quot;end_element&quot;:&quot;bottom&quot;,&quot;end_viewport&quot;:&quot;top&quot;,&quot;mouse_effect&quot;:&quot;track&quot;,&quot;mouse_effect_direction&quot;:&quot;opposite&quot;,&quot;mouse_effect_speed&quot;:&quot;2&quot;,&quot;infinite_animation&quot;:&quot;float&quot;,&quot;infinite_animation_speed&quot;:&quot;2&quot;}]\" data-scroll-devices=\"small-visibility,medium-visibility,large-visibility\"><span class=\"fusion-column-inner-bg hover-type-none\"><a class=\"fusion-column-anchor\" href=\"https:\/\/www.esplac.cat\/formacions\/escola-desplac-2022\/\"><span class=\"fusion-column-inner-bg-image\"><\/span><\/a><\/span><div class=\"fusion-column-wrapper fusion-column-has-shadow fusion-flex-justify-content-flex-start fusion-content-layout-column\"><div class=\"fusion-image-element \" style=\"text-align:center;--awb-liftup-border-radius:0px;--awb-caption-title-font-family:var(--h2_typography-font-family);--awb-caption-title-font-weight:var(--h2_typography-font-weight);--awb-caption-title-font-style:var(--h2_typography-font-style);--awb-caption-title-size:var(--h2_typography-font-size);--awb-caption-title-transform:var(--h2_typography-text-transform);--awb-caption-title-line-height:var(--h2_typography-line-height);--awb-caption-title-letter-spacing:var(--h2_typography-letter-spacing);\"><div class=\"awb-image-frame awb-image-frame-5 imageframe-liftup\"><span class=\" fusion-imageframe imageframe-none imageframe-5\"><a class=\"fusion-no-lightbox\" href=\"https:\/\/www.esplac.cat\/formacions\/escola-desplac-2022\/\" target=\"_self\" aria-label=\"ee22\"><img decoding=\"async\" width=\"212\" height=\"300\" src=\"https:\/\/www.esplac.cat\/wp-content\/uploads\/2024\/02\/ee22-212x300.jpeg\" alt class=\"img-responsive wp-image-48957\" srcset=\"https:\/\/www.esplac.cat\/wp-content\/uploads\/2024\/02\/ee22-200x283.jpeg 200w, https:\/\/www.esplac.cat\/wp-content\/uploads\/2024\/02\/ee22-400x566.jpeg 400w, https:\/\/www.esplac.cat\/wp-content\/uploads\/2024\/02\/ee22-600x849.jpeg 600w, https:\/\/www.esplac.cat\/wp-content\/uploads\/2024\/02\/ee22-800x1131.jpeg 800w, https:\/\/www.esplac.cat\/wp-content\/uploads\/2024\/02\/ee22-1200x1697.jpeg 1200w, https:\/\/www.esplac.cat\/wp-content\/uploads\/2024\/02\/ee22.jpeg 1810w\" sizes=\"(max-width: 1024px) 100vw, (max-width: 640px) 100vw, 400px\" \/><\/a><\/span><\/div><\/div><div class=\"fusion-separator fusion-full-width-sep\" style=\"align-self: center;margin-left: auto;margin-right: auto;margin-bottom:20px;width:100%;\"><\/div><div class=\"fusion-text fusion-text-6\"><h5 style=\"text-align: center;\"><a href=\"https:\/\/www.esplac.cat\/formacions\/escola-desplac-2022\/\" target=\"_blank\" rel=\"noopener\"><strong>Escola d\u2019Esplac 2022<\/strong><\/a><\/h5>\n<\/div><div class=\"fusion-separator fusion-full-width-sep\" style=\"align-self: center;margin-left: auto;margin-right: auto;margin-bottom:20px;width:100%;\"><\/div><\/div><\/div><div class=\"fusion-layout-column fusion_builder_column fusion-builder-column-9 fusion_builder_column_1_4 1_4 fusion-flex-column fusion-column-inner-bg-wrapper\" style=\"--awb-inner-bg-blend:overlay;--awb-inner-bg-size:cover;--awb-width-large:25%;--awb-margin-top-large:0px;--awb-spacing-right-large:7.68%;--awb-margin-bottom-large:20px;--awb-spacing-left-large:7.68%;--awb-width-medium:100%;--awb-order-medium:0;--awb-spacing-right-medium:1.92%;--awb-spacing-left-medium:1.92%;--awb-width-small:100%;--awb-order-small:0;--awb-spacing-right-small:1.92%;--awb-spacing-left-small:1.92%;\" data-motion-effects=\"[{&quot;type&quot;:&quot;&quot;,&quot;scroll_type&quot;:&quot;transition&quot;,&quot;scroll_direction&quot;:&quot;up&quot;,&quot;transition_speed&quot;:&quot;1&quot;,&quot;fade_type&quot;:&quot;in&quot;,&quot;scale_type&quot;:&quot;up&quot;,&quot;initial_scale&quot;:&quot;1&quot;,&quot;max_scale&quot;:&quot;1.5&quot;,&quot;min_scale&quot;:&quot;0.5&quot;,&quot;initial_rotate&quot;:&quot;0&quot;,&quot;end_rotate&quot;:&quot;30&quot;,&quot;initial_blur&quot;:&quot;0&quot;,&quot;end_blur&quot;:&quot;3&quot;,&quot;start_element&quot;:&quot;top&quot;,&quot;start_viewport&quot;:&quot;bottom&quot;,&quot;end_element&quot;:&quot;bottom&quot;,&quot;end_viewport&quot;:&quot;top&quot;,&quot;mouse_effect&quot;:&quot;track&quot;,&quot;mouse_effect_direction&quot;:&quot;opposite&quot;,&quot;mouse_effect_speed&quot;:&quot;2&quot;,&quot;infinite_animation&quot;:&quot;float&quot;,&quot;infinite_animation_speed&quot;:&quot;2&quot;}]\" data-scroll-devices=\"small-visibility,medium-visibility,large-visibility\"><span class=\"fusion-column-inner-bg hover-type-none\"><a class=\"fusion-column-anchor\" href=\"https:\/\/www.esplac.cat\/formacions\/escola-esplac-2021\/\"><span class=\"fusion-column-inner-bg-image\"><\/span><\/a><\/span><div class=\"fusion-column-wrapper fusion-column-has-shadow fusion-flex-justify-content-flex-start fusion-content-layout-column\"><div class=\"fusion-image-element \" style=\"text-align:center;--awb-liftup-border-radius:0px;--awb-caption-title-font-family:var(--h2_typography-font-family);--awb-caption-title-font-weight:var(--h2_typography-font-weight);--awb-caption-title-font-style:var(--h2_typography-font-style);--awb-caption-title-size:var(--h2_typography-font-size);--awb-caption-title-transform:var(--h2_typography-text-transform);--awb-caption-title-line-height:var(--h2_typography-line-height);--awb-caption-title-letter-spacing:var(--h2_typography-letter-spacing);\"><div class=\"awb-image-frame awb-image-frame-6 imageframe-liftup\"><span class=\" fusion-imageframe imageframe-none imageframe-6\"><a class=\"fusion-no-lightbox\" href=\"https:\/\/www.esplac.cat\/formacions\/escola-esplac-2021\/\" target=\"_self\" aria-label=\"Escola_ESPLAC_2020 (1)\"><img decoding=\"async\" width=\"212\" height=\"300\" src=\"https:\/\/www.esplac.cat\/wp-content\/uploads\/2020\/12\/Escola_ESPLAC_2020-1-212x300.jpg\" alt class=\"img-responsive wp-image-33684\" srcset=\"https:\/\/www.esplac.cat\/wp-content\/uploads\/2020\/12\/Escola_ESPLAC_2020-1-200x283.jpg 200w, https:\/\/www.esplac.cat\/wp-content\/uploads\/2020\/12\/Escola_ESPLAC_2020-1-400x566.jpg 400w, https:\/\/www.esplac.cat\/wp-content\/uploads\/2020\/12\/Escola_ESPLAC_2020-1-600x849.jpg 600w, https:\/\/www.esplac.cat\/wp-content\/uploads\/2020\/12\/Escola_ESPLAC_2020-1-800x1132.jpg 800w, https:\/\/www.esplac.cat\/wp-content\/uploads\/2020\/12\/Escola_ESPLAC_2020-1-1200x1697.jpg 1200w, https:\/\/www.esplac.cat\/wp-content\/uploads\/2020\/12\/Escola_ESPLAC_2020-1-scaled.jpg 1810w\" sizes=\"(max-width: 1024px) 100vw, (max-width: 640px) 100vw, 212px\" \/><\/a><\/span><\/div><\/div><div class=\"fusion-separator fusion-full-width-sep\" style=\"align-self: center;margin-left: auto;margin-right: auto;margin-bottom:20px;width:100%;\"><\/div><div class=\"fusion-text fusion-text-7\"><h5 style=\"text-align: center;\"><strong>Escola d\u2019Esplac 2021<\/strong><\/h5>\n<\/div><div class=\"fusion-separator fusion-full-width-sep\" style=\"align-self: center;margin-left: auto;margin-right: auto;margin-bottom:20px;width:100%;\"><\/div><\/div><\/div><div class=\"fusion-layout-column fusion_builder_column fusion-builder-column-10 fusion_builder_column_1_4 1_4 fusion-flex-column fusion-column-inner-bg-wrapper\" style=\"--awb-inner-bg-blend:overlay;--awb-inner-bg-size:cover;--awb-width-large:25%;--awb-margin-top-large:0px;--awb-spacing-right-large:7.68%;--awb-margin-bottom-large:20px;--awb-spacing-left-large:7.68%;--awb-width-medium:100%;--awb-order-medium:0;--awb-spacing-right-medium:1.92%;--awb-spacing-left-medium:1.92%;--awb-width-small:100%;--awb-order-small:0;--awb-spacing-right-small:1.92%;--awb-spacing-left-small:1.92%;\" data-motion-effects=\"[{&quot;type&quot;:&quot;&quot;,&quot;scroll_type&quot;:&quot;transition&quot;,&quot;scroll_direction&quot;:&quot;up&quot;,&quot;transition_speed&quot;:&quot;1&quot;,&quot;fade_type&quot;:&quot;in&quot;,&quot;scale_type&quot;:&quot;up&quot;,&quot;initial_scale&quot;:&quot;1&quot;,&quot;max_scale&quot;:&quot;1.5&quot;,&quot;min_scale&quot;:&quot;0.5&quot;,&quot;initial_rotate&quot;:&quot;0&quot;,&quot;end_rotate&quot;:&quot;30&quot;,&quot;initial_blur&quot;:&quot;0&quot;,&quot;end_blur&quot;:&quot;3&quot;,&quot;start_element&quot;:&quot;top&quot;,&quot;start_viewport&quot;:&quot;bottom&quot;,&quot;end_element&quot;:&quot;bottom&quot;,&quot;end_viewport&quot;:&quot;top&quot;,&quot;mouse_effect&quot;:&quot;track&quot;,&quot;mouse_effect_direction&quot;:&quot;opposite&quot;,&quot;mouse_effect_speed&quot;:&quot;2&quot;,&quot;infinite_animation&quot;:&quot;float&quot;,&quot;infinite_animation_speed&quot;:&quot;2&quot;}]\" data-scroll-devices=\"small-visibility,medium-visibility,large-visibility\"><span class=\"fusion-column-inner-bg hover-type-none\"><a class=\"fusion-column-anchor\" href=\"https:\/\/www.esplac.cat\/formacions\/escola-esplac-2019\/\"><span class=\"fusion-column-inner-bg-image\"><\/span><\/a><\/span><div class=\"fusion-column-wrapper fusion-column-has-shadow fusion-flex-justify-content-flex-start fusion-content-layout-column\"><div class=\"fusion-image-element \" style=\"text-align:center;--awb-liftup-border-radius:0px;--awb-caption-title-font-family:var(--h2_typography-font-family);--awb-caption-title-font-weight:var(--h2_typography-font-weight);--awb-caption-title-font-style:var(--h2_typography-font-style);--awb-caption-title-size:var(--h2_typography-font-size);--awb-caption-title-transform:var(--h2_typography-text-transform);--awb-caption-title-line-height:var(--h2_typography-line-height);--awb-caption-title-letter-spacing:var(--h2_typography-letter-spacing);\"><div class=\"awb-image-frame awb-image-frame-7 imageframe-liftup\"><span class=\" fusion-imageframe imageframe-none imageframe-7\"><a class=\"fusion-no-lightbox\" href=\"https:\/\/www.esplac.cat\/formacions\/escola-esplac-2019\/\" target=\"_self\" aria-label=\"escola epslac 2019\"><img decoding=\"async\" width=\"212\" height=\"300\" src=\"https:\/\/www.esplac.cat\/wp-content\/uploads\/2024\/02\/escola-epslac-2019-212x300.jpeg\" alt class=\"img-responsive wp-image-48954\" srcset=\"https:\/\/www.esplac.cat\/wp-content\/uploads\/2024\/02\/escola-epslac-2019-200x283.jpeg 200w, https:\/\/www.esplac.cat\/wp-content\/uploads\/2024\/02\/escola-epslac-2019-400x566.jpeg 400w, https:\/\/www.esplac.cat\/wp-content\/uploads\/2024\/02\/escola-epslac-2019.jpeg 600w\" sizes=\"(max-width: 1024px) 100vw, (max-width: 640px) 100vw, 400px\" \/><\/a><\/span><\/div><\/div><div class=\"fusion-separator fusion-full-width-sep\" style=\"align-self: center;margin-left: auto;margin-right: auto;margin-bottom:20px;width:100%;\"><\/div><div class=\"fusion-text fusion-text-8\"><h5 style=\"text-align: center;\"><strong><a href=\"https:\/\/www.esplac.cat\/formacions\/escola-esplac-2019\/\" target=\"_blank\" rel=\"noopener\">Escola d\u2019Esplac 2019<\/a><\/strong><\/h5>\n<\/div><div class=\"fusion-separator fusion-full-width-sep\" style=\"align-self: center;margin-left: auto;margin-right: auto;margin-bottom:20px;width:100%;\"><\/div><\/div><\/div><div class=\"fusion-layout-column fusion_builder_column fusion-builder-column-11 fusion_builder_column_1_4 1_4 fusion-flex-column fusion-column-inner-bg-wrapper\" style=\"--awb-inner-bg-blend:overlay;--awb-inner-bg-size:cover;--awb-width-large:25%;--awb-margin-top-large:0px;--awb-spacing-right-large:7.68%;--awb-margin-bottom-large:20px;--awb-spacing-left-large:7.68%;--awb-width-medium:100%;--awb-order-medium:0;--awb-spacing-right-medium:1.92%;--awb-spacing-left-medium:1.92%;--awb-width-small:100%;--awb-order-small:0;--awb-spacing-right-small:1.92%;--awb-spacing-left-small:1.92%;\" data-motion-effects=\"[{&quot;type&quot;:&quot;&quot;,&quot;scroll_type&quot;:&quot;transition&quot;,&quot;scroll_direction&quot;:&quot;up&quot;,&quot;transition_speed&quot;:&quot;1&quot;,&quot;fade_type&quot;:&quot;in&quot;,&quot;scale_type&quot;:&quot;up&quot;,&quot;initial_scale&quot;:&quot;1&quot;,&quot;max_scale&quot;:&quot;1.5&quot;,&quot;min_scale&quot;:&quot;0.5&quot;,&quot;initial_rotate&quot;:&quot;0&quot;,&quot;end_rotate&quot;:&quot;30&quot;,&quot;initial_blur&quot;:&quot;0&quot;,&quot;end_blur&quot;:&quot;3&quot;,&quot;start_element&quot;:&quot;top&quot;,&quot;start_viewport&quot;:&quot;bottom&quot;,&quot;end_element&quot;:&quot;bottom&quot;,&quot;end_viewport&quot;:&quot;top&quot;,&quot;mouse_effect&quot;:&quot;track&quot;,&quot;mouse_effect_direction&quot;:&quot;opposite&quot;,&quot;mouse_effect_speed&quot;:&quot;2&quot;,&quot;infinite_animation&quot;:&quot;float&quot;,&quot;infinite_animation_speed&quot;:&quot;2&quot;}]\" data-scroll-devices=\"small-visibility,medium-visibility,large-visibility\"><span class=\"fusion-column-inner-bg hover-type-none\"><a class=\"fusion-column-anchor\" href=\"https:\/\/www.esplac.cat\/formacions\/escola-esplac-2018\/\"><span class=\"fusion-column-inner-bg-image\"><\/span><\/a><\/span><div class=\"fusion-column-wrapper fusion-column-has-shadow fusion-flex-justify-content-flex-start fusion-content-layout-column\"><div class=\"fusion-image-element \" style=\"text-align:center;--awb-liftup-border-radius:0px;--awb-caption-title-font-family:var(--h2_typography-font-family);--awb-caption-title-font-weight:var(--h2_typography-font-weight);--awb-caption-title-font-style:var(--h2_typography-font-style);--awb-caption-title-size:var(--h2_typography-font-size);--awb-caption-title-transform:var(--h2_typography-text-transform);--awb-caption-title-line-height:var(--h2_typography-line-height);--awb-caption-title-letter-spacing:var(--h2_typography-letter-spacing);\"><div class=\"awb-image-frame awb-image-frame-8 imageframe-liftup\"><span class=\" fusion-imageframe imageframe-none imageframe-8\"><a class=\"fusion-no-lightbox\" href=\"https:\/\/www.esplac.cat\/formacions\/escola-esplac-2018\/\" target=\"_self\" aria-label=\"Cartel_Escola_Esplac_Ponents\"><img decoding=\"async\" width=\"212\" height=\"300\" src=\"https:\/\/www.esplac.cat\/wp-content\/uploads\/2018\/01\/Cartel_Escola_Esplac_Ponents-212x300.jpg\" alt class=\"img-responsive wp-image-17182\" srcset=\"https:\/\/www.esplac.cat\/wp-content\/uploads\/2018\/01\/Cartel_Escola_Esplac_Ponents-200x283.jpg 200w, https:\/\/www.esplac.cat\/wp-content\/uploads\/2018\/01\/Cartel_Escola_Esplac_Ponents-400x566.jpg 400w, https:\/\/www.esplac.cat\/wp-content\/uploads\/2018\/01\/Cartel_Escola_Esplac_Ponents-600x849.jpg 600w, https:\/\/www.esplac.cat\/wp-content\/uploads\/2018\/01\/Cartel_Escola_Esplac_Ponents-800x1132.jpg 800w, https:\/\/www.esplac.cat\/wp-content\/uploads\/2018\/01\/Cartel_Escola_Esplac_Ponents-1200x1697.jpg 1200w\" sizes=\"(max-width: 1024px) 100vw, (max-width: 640px) 100vw, 400px\" \/><\/a><\/span><\/div><\/div><div class=\"fusion-separator fusion-full-width-sep\" style=\"align-self: center;margin-left: auto;margin-right: auto;margin-bottom:20px;width:100%;\"><\/div><div class=\"fusion-text fusion-text-9\"><h5 style=\"text-align: center;\"><strong><a href=\"https:\/\/www.esplac.cat\/formacions\/escola-esplac-2018\/\" target=\"_blank\" rel=\"noopener\">Escola d\u2019Esplac 2018<\/a><\/strong><\/h5>\n<\/div><div class=\"fusion-separator fusion-full-width-sep\" style=\"align-self: center;margin-left: auto;margin-right: auto;margin-bottom:20px;width:100%;\"><\/div><\/div><\/div><div class=\"fusion-layout-column fusion_builder_column fusion-builder-column-12 fusion_builder_column_1_4 1_4 fusion-flex-column fusion-column-inner-bg-wrapper\" style=\"--awb-inner-bg-blend:overlay;--awb-inner-bg-size:cover;--awb-width-large:25%;--awb-margin-top-large:0px;--awb-spacing-right-large:7.68%;--awb-margin-bottom-large:20px;--awb-spacing-left-large:7.68%;--awb-width-medium:100%;--awb-order-medium:0;--awb-spacing-right-medium:1.92%;--awb-spacing-left-medium:1.92%;--awb-width-small:100%;--awb-order-small:0;--awb-spacing-right-small:1.92%;--awb-spacing-left-small:1.92%;\" data-motion-effects=\"[{&quot;type&quot;:&quot;&quot;,&quot;scroll_type&quot;:&quot;transition&quot;,&quot;scroll_direction&quot;:&quot;up&quot;,&quot;transition_speed&quot;:&quot;1&quot;,&quot;fade_type&quot;:&quot;in&quot;,&quot;scale_type&quot;:&quot;up&quot;,&quot;initial_scale&quot;:&quot;1&quot;,&quot;max_scale&quot;:&quot;1.5&quot;,&quot;min_scale&quot;:&quot;0.5&quot;,&quot;initial_rotate&quot;:&quot;0&quot;,&quot;end_rotate&quot;:&quot;30&quot;,&quot;initial_blur&quot;:&quot;0&quot;,&quot;end_blur&quot;:&quot;3&quot;,&quot;start_element&quot;:&quot;top&quot;,&quot;start_viewport&quot;:&quot;bottom&quot;,&quot;end_element&quot;:&quot;bottom&quot;,&quot;end_viewport&quot;:&quot;top&quot;,&quot;mouse_effect&quot;:&quot;track&quot;,&quot;mouse_effect_direction&quot;:&quot;opposite&quot;,&quot;mouse_effect_speed&quot;:&quot;2&quot;,&quot;infinite_animation&quot;:&quot;float&quot;,&quot;infinite_animation_speed&quot;:&quot;2&quot;}]\" data-scroll-devices=\"small-visibility,medium-visibility,large-visibility\"><span class=\"fusion-column-inner-bg hover-type-none\"><a class=\"fusion-column-anchor\" href=\"https:\/\/www.esplac.cat\/formacions\/escola-esplac-2017\/\"><span class=\"fusion-column-inner-bg-image\"><\/span><\/a><\/span><div class=\"fusion-column-wrapper fusion-column-has-shadow fusion-flex-justify-content-flex-start fusion-content-layout-column\"><div class=\"fusion-image-element \" style=\"text-align:center;--awb-liftup-border-radius:0px;--awb-caption-title-font-family:var(--h2_typography-font-family);--awb-caption-title-font-weight:var(--h2_typography-font-weight);--awb-caption-title-font-style:var(--h2_typography-font-style);--awb-caption-title-size:var(--h2_typography-font-size);--awb-caption-title-transform:var(--h2_typography-text-transform);--awb-caption-title-line-height:var(--h2_typography-line-height);--awb-caption-title-letter-spacing:var(--h2_typography-letter-spacing);\"><div class=\"awb-image-frame awb-image-frame-9 imageframe-liftup\"><span class=\" fusion-imageframe imageframe-none imageframe-9\"><a class=\"fusion-no-lightbox\" href=\"https:\/\/www.esplac.cat\/formacions\/escola-esplac-2017\/\" target=\"_self\" aria-label=\"escola-esplac-2017-2-1200&#215;1697\"><img decoding=\"async\" width=\"212\" height=\"300\" src=\"https:\/\/www.esplac.cat\/wp-content\/uploads\/2024\/02\/escola-esplac-2017-2-1200x1697-1-212x300.jpeg\" alt class=\"img-responsive wp-image-48950\" srcset=\"https:\/\/www.esplac.cat\/wp-content\/uploads\/2024\/02\/escola-esplac-2017-2-1200x1697-1-200x283.jpeg 200w, https:\/\/www.esplac.cat\/wp-content\/uploads\/2024\/02\/escola-esplac-2017-2-1200x1697-1-400x566.jpeg 400w, https:\/\/www.esplac.cat\/wp-content\/uploads\/2024\/02\/escola-esplac-2017-2-1200x1697-1-600x849.jpeg 600w, https:\/\/www.esplac.cat\/wp-content\/uploads\/2024\/02\/escola-esplac-2017-2-1200x1697-1-800x1131.jpeg 800w, https:\/\/www.esplac.cat\/wp-content\/uploads\/2024\/02\/escola-esplac-2017-2-1200x1697-1.jpeg 1200w\" sizes=\"(max-width: 1024px) 100vw, (max-width: 640px) 100vw, 400px\" \/><\/a><\/span><\/div><\/div><div class=\"fusion-separator fusion-full-width-sep\" style=\"align-self: center;margin-left: auto;margin-right: auto;margin-bottom:20px;width:100%;\"><\/div><div class=\"fusion-text fusion-text-10\"><h5 style=\"text-align: center;\"><a href=\"https:\/\/www.esplac.cat\/formacions\/escola-esplac-2017\/\" target=\"_blank\" rel=\"noopener\"><strong>Escola d\u2019Esplac 2017<\/strong><\/a><\/h5>\n<\/div><div class=\"fusion-separator fusion-full-width-sep\" style=\"align-self: center;margin-left: auto;margin-right: auto;margin-bottom:20px;width:100%;\"><\/div><\/div><\/div><div class=\"fusion-layout-column fusion_builder_column fusion-builder-column-13 fusion_builder_column_1_4 1_4 fusion-flex-column fusion-column-inner-bg-wrapper\" style=\"--awb-inner-bg-blend:overlay;--awb-inner-bg-size:cover;--awb-width-large:25%;--awb-margin-top-large:0px;--awb-spacing-right-large:7.68%;--awb-margin-bottom-large:20px;--awb-spacing-left-large:7.68%;--awb-width-medium:100%;--awb-order-medium:0;--awb-spacing-right-medium:1.92%;--awb-spacing-left-medium:1.92%;--awb-width-small:100%;--awb-order-small:0;--awb-spacing-right-small:1.92%;--awb-spacing-left-small:1.92%;\" data-motion-effects=\"[{&quot;type&quot;:&quot;&quot;,&quot;scroll_type&quot;:&quot;transition&quot;,&quot;scroll_direction&quot;:&quot;up&quot;,&quot;transition_speed&quot;:&quot;1&quot;,&quot;fade_type&quot;:&quot;in&quot;,&quot;scale_type&quot;:&quot;up&quot;,&quot;initial_scale&quot;:&quot;1&quot;,&quot;max_scale&quot;:&quot;1.5&quot;,&quot;min_scale&quot;:&quot;0.5&quot;,&quot;initial_rotate&quot;:&quot;0&quot;,&quot;end_rotate&quot;:&quot;30&quot;,&quot;initial_blur&quot;:&quot;0&quot;,&quot;end_blur&quot;:&quot;3&quot;,&quot;start_element&quot;:&quot;top&quot;,&quot;start_viewport&quot;:&quot;bottom&quot;,&quot;end_element&quot;:&quot;bottom&quot;,&quot;end_viewport&quot;:&quot;top&quot;,&quot;mouse_effect&quot;:&quot;track&quot;,&quot;mouse_effect_direction&quot;:&quot;opposite&quot;,&quot;mouse_effect_speed&quot;:&quot;2&quot;,&quot;infinite_animation&quot;:&quot;float&quot;,&quot;infinite_animation_speed&quot;:&quot;2&quot;}]\" data-scroll-devices=\"small-visibility,medium-visibility,large-visibility\"><span class=\"fusion-column-inner-bg hover-type-none\"><a class=\"fusion-column-anchor\" href=\"https:\/\/www.esplac.cat\/formacions\/escola-esplac-2016\/\"><span class=\"fusion-column-inner-bg-image\"><\/span><\/a><\/span><div class=\"fusion-column-wrapper fusion-column-has-shadow fusion-flex-justify-content-flex-start fusion-content-layout-column\"><div class=\"fusion-image-element \" style=\"text-align:center;--awb-liftup-border-radius:0px;--awb-caption-title-font-family:var(--h2_typography-font-family);--awb-caption-title-font-weight:var(--h2_typography-font-weight);--awb-caption-title-font-style:var(--h2_typography-font-style);--awb-caption-title-size:var(--h2_typography-font-size);--awb-caption-title-transform:var(--h2_typography-text-transform);--awb-caption-title-line-height:var(--h2_typography-line-height);--awb-caption-title-letter-spacing:var(--h2_typography-letter-spacing);\"><div class=\"awb-image-frame awb-image-frame-10 imageframe-liftup\"><span class=\" fusion-imageframe imageframe-none imageframe-10\"><a class=\"fusion-no-lightbox\" href=\"https:\/\/www.esplac.cat\/formacions\/escola-esplac-2016\/\" target=\"_self\" aria-label=\"cartell_EE16\"><img decoding=\"async\" width=\"212\" height=\"300\" src=\"https:\/\/www.esplac.cat\/wp-content\/uploads\/2024\/02\/cartell_EE16-212x300.jpeg\" alt class=\"img-responsive wp-image-48945\" srcset=\"https:\/\/www.esplac.cat\/wp-content\/uploads\/2024\/02\/cartell_EE16-200x283.jpeg 200w, https:\/\/www.esplac.cat\/wp-content\/uploads\/2024\/02\/cartell_EE16-400x566.jpeg 400w, https:\/\/www.esplac.cat\/wp-content\/uploads\/2024\/02\/cartell_EE16-600x848.jpeg 600w, https:\/\/www.esplac.cat\/wp-content\/uploads\/2024\/02\/cartell_EE16-800x1131.jpeg 800w, https:\/\/www.esplac.cat\/wp-content\/uploads\/2024\/02\/cartell_EE16-1200x1697.jpeg 1200w, https:\/\/www.esplac.cat\/wp-content\/uploads\/2024\/02\/cartell_EE16-scaled.jpeg 1811w\" sizes=\"(max-width: 1024px) 100vw, (max-width: 640px) 100vw, 400px\" \/><\/a><\/span><\/div><\/div><div class=\"fusion-separator fusion-full-width-sep\" style=\"align-self: center;margin-left: auto;margin-right: auto;margin-bottom:20px;width:100%;\"><\/div><div class=\"fusion-text fusion-text-11\"><h5 style=\"text-align: center;\"><strong><a href=\"https:\/\/www.esplac.cat\/formacions\/escola-esplac-2016\/\" target=\"_blank\" rel=\"noopener\">Escola d\u2019Esplac 2016<\/a><\/strong><\/h5>\n<\/div><div class=\"fusion-separator fusion-full-width-sep\" style=\"align-self: center;margin-left: auto;margin-right: auto;margin-bottom:20px;width:100%;\"><\/div><\/div><\/div><div class=\"fusion-layout-column fusion_builder_column fusion-builder-column-14 fusion_builder_column_1_4 1_4 fusion-flex-column fusion-column-inner-bg-wrapper\" style=\"--awb-inner-bg-blend:overlay;--awb-inner-bg-size:cover;--awb-width-large:25%;--awb-margin-top-large:0px;--awb-spacing-right-large:7.68%;--awb-margin-bottom-large:20px;--awb-spacing-left-large:7.68%;--awb-width-medium:100%;--awb-order-medium:0;--awb-spacing-right-medium:1.92%;--awb-spacing-left-medium:1.92%;--awb-width-small:100%;--awb-order-small:0;--awb-spacing-right-small:1.92%;--awb-spacing-left-small:1.92%;\" data-motion-effects=\"[{&quot;type&quot;:&quot;&quot;,&quot;scroll_type&quot;:&quot;transition&quot;,&quot;scroll_direction&quot;:&quot;up&quot;,&quot;transition_speed&quot;:&quot;1&quot;,&quot;fade_type&quot;:&quot;in&quot;,&quot;scale_type&quot;:&quot;up&quot;,&quot;initial_scale&quot;:&quot;1&quot;,&quot;max_scale&quot;:&quot;1.5&quot;,&quot;min_scale&quot;:&quot;0.5&quot;,&quot;initial_rotate&quot;:&quot;0&quot;,&quot;end_rotate&quot;:&quot;30&quot;,&quot;initial_blur&quot;:&quot;0&quot;,&quot;end_blur&quot;:&quot;3&quot;,&quot;start_element&quot;:&quot;top&quot;,&quot;start_viewport&quot;:&quot;bottom&quot;,&quot;end_element&quot;:&quot;bottom&quot;,&quot;end_viewport&quot;:&quot;top&quot;,&quot;mouse_effect&quot;:&quot;track&quot;,&quot;mouse_effect_direction&quot;:&quot;opposite&quot;,&quot;mouse_effect_speed&quot;:&quot;2&quot;,&quot;infinite_animation&quot;:&quot;float&quot;,&quot;infinite_animation_speed&quot;:&quot;2&quot;}]\" data-scroll-devices=\"small-visibility,medium-visibility,large-visibility\"><span class=\"fusion-column-inner-bg hover-type-none\"><a class=\"fusion-column-anchor\" href=\"https:\/\/www.esplac.cat\/formacions\/escola-esplac-2015\/\"><span class=\"fusion-column-inner-bg-image\"><\/span><\/a><\/span><div class=\"fusion-column-wrapper fusion-column-has-shadow fusion-flex-justify-content-flex-start fusion-content-layout-column\"><div class=\"fusion-image-element \" style=\"text-align:center;--awb-liftup-border-radius:0px;--awb-caption-title-font-family:var(--h2_typography-font-family);--awb-caption-title-font-weight:var(--h2_typography-font-weight);--awb-caption-title-font-style:var(--h2_typography-font-style);--awb-caption-title-size:var(--h2_typography-font-size);--awb-caption-title-transform:var(--h2_typography-text-transform);--awb-caption-title-line-height:var(--h2_typography-line-height);--awb-caption-title-letter-spacing:var(--h2_typography-letter-spacing);\"><div class=\"awb-image-frame awb-image-frame-11 imageframe-liftup\"><span class=\" fusion-imageframe imageframe-none imageframe-11\"><a class=\"fusion-no-lightbox\" href=\"https:\/\/www.esplac.cat\/formacions\/escola-esplac-2015\/\" target=\"_self\"><img decoding=\"async\" width=\"212\" height=\"300\" src=\"https:\/\/www.esplac.cat\/wp-content\/uploads\/2019\/10\/cartell_EE15_baixa-212x300.jpg\" alt class=\"img-responsive wp-image-28315\" srcset=\"https:\/\/www.esplac.cat\/wp-content\/uploads\/2019\/10\/cartell_EE15_baixa-200x283.jpg 200w, https:\/\/www.esplac.cat\/wp-content\/uploads\/2019\/10\/cartell_EE15_baixa-400x566.jpg 400w, https:\/\/www.esplac.cat\/wp-content\/uploads\/2019\/10\/cartell_EE15_baixa-600x848.jpg 600w, https:\/\/www.esplac.cat\/wp-content\/uploads\/2019\/10\/cartell_EE15_baixa.jpg 800w\" sizes=\"(max-width: 1024px) 100vw, (max-width: 640px) 100vw, 400px\" \/><\/a><\/span><\/div><\/div><div class=\"fusion-separator fusion-full-width-sep\" style=\"align-self: center;margin-left: auto;margin-right: auto;margin-bottom:20px;width:100%;\"><\/div><div class=\"fusion-text fusion-text-12\"><h5 style=\"text-align: center;\"><strong><a href=\"https:\/\/www.esplac.cat\/formacions\/escola-esplac-2015\/\" target=\"_blank\" rel=\"noopener\">Escola d\u2019Esplac 2015<\/a><\/strong><\/h5>\n<\/div><div class=\"fusion-separator fusion-full-width-sep\" style=\"align-self: center;margin-left: auto;margin-right: auto;margin-bottom:20px;width:100%;\"><\/div><\/div><\/div><\/div><\/div>\n<div class=\"fusion-fullwidth fullwidth-box fusion-builder-row-6 nonhundred-percent-fullwidth non-hundred-percent-height-scrolling\" style=\"--awb-border-radius-top-left:0px;--awb-border-radius-top-right:0px;--awb-border-radius-bottom-right:0px;--awb-border-radius-bottom-left:0px;--awb-flex-wrap:wrap;\" ><div class=\"fusion-builder-row fusion-row\"><div class=\"fusion-layout-column fusion_builder_column fusion-builder-column-15 fusion_builder_column_1_1 1_1 fusion-one-full fusion-column-first fusion-column-last\" style=\"--awb-bg-size:cover;\"><div class=\"fusion-column-wrapper fusion-column-has-shadow fusion-flex-column-wrapper-legacy\"><div class=\"fusion-text fusion-text-13\"><h3><strong>Not\u00edcies relacionades<\/strong><\/h3>\n<\/div><div class=\"fusion-sep-clear\"><\/div><div class=\"fusion-separator fusion-full-width-sep\" style=\"margin-left: auto;margin-right: auto;margin-bottom:20px;width:100%;\"><\/div><div class=\"fusion-sep-clear\"><\/div><div class=\"fusion-text fusion-text-14\">        <section class=\"wcp-slick\"  data-accessibility = on data-arrows = on data-autoplaySpeed = 3000 data-slidesToShow = 4 data-slidesToScroll = 1 data-speed = 300 data-margin = 20px data-rows = 1 data-slidesPerRow = 1 id=\"carousel-24602\">\n\n                            <div class=\"carousel-item-55836\">\n                    <div class=\"post-style-2\" style=\"box-shadow: ;background-color: ;\">\n    <div class=\"wcp-img-wrap\">\n        <a href=\"https:\/\/www.esplac.cat\/es\/reviu-escola-esplac-2026-material-comunicatiu-disponible-web\/\">\n            <img decoding=\"async\" width=\"460\" height=\"295\" src=\"https:\/\/www.esplac.cat\/wp-content\/uploads\/2026\/04\/Noti_material-comunicatiu-EE26-460x295.jpg\" class=\"attachment-portfolio-two size-portfolio-two wp-post-image\" alt=\"\" \/>        <\/a>\n    <\/div>\n    <div class=\"wcp-content-wrap\">\n        <h3>\n            <a href=\"https:\/\/www.esplac.cat\/es\/reviu-escola-esplac-2026-material-comunicatiu-disponible-web\/\" style=\"color: ;\">\n                Reviu l\u2019Escola d\u2019Esplac 2026 a trav\u00e9s del material comunicatiu ja disponible al web!            <\/a>\n        <\/h3>\n        <div class=\"wcp-post-meta wcp-disable-post-meta\" style=\"color: ;\">\n            <span class=\"wcp-post-author\"><i class=\"fa fa-user\"><\/i>\n                <a href=\"https:\/\/www.esplac.cat\/es\/author\/comunicacio\/\" title=\"Entradas de Comunicaci\u00f3 Esplac\" rel=\"author\">Comunicaci\u00f3 Esplac<\/a>            <\/span>\n            &nbsp;\n            <span class=\"wcp-post-date\"><i class=\"fa fa-clock-o\"><\/i> 8 de abril de 2026<\/span>\n        <\/div>\n        <div class=\"wcp-post-contents\">\n            8 de abril de 2026                    <\/div>        \n    <\/div>\n<\/div>                <\/div>    \n\n                            <div class=\"carousel-item-55544\">\n                    <div class=\"post-style-2\" style=\"box-shadow: ;background-color: ;\">\n    <div class=\"wcp-img-wrap\">\n        <a href=\"https:\/\/www.esplac.cat\/es\/monitores-esplais-catalans-plantegen-educar-aterrar-eines-pedagogiques-diferents-realitats-esplais\/\">\n            <img decoding=\"async\" width=\"460\" height=\"295\" src=\"https:\/\/www.esplac.cat\/wp-content\/uploads\/2026\/03\/Noti_post_ee262626-460x295.jpg\" class=\"attachment-portfolio-two size-portfolio-two wp-post-image\" alt=\"\" \/>        <\/a>\n    <\/div>\n    <div class=\"wcp-content-wrap\">\n        <h3>\n            <a href=\"https:\/\/www.esplac.cat\/es\/monitores-esplais-catalans-plantegen-educar-aterrar-eines-pedagogiques-diferents-realitats-esplais\/\" style=\"color: ;\">\n                Monitores i monitors d\u2019Esplais Catalans es plantegen com educar i aterrar les eines pedag\u00f2giques a les diferents realitats dels esplais            <\/a>\n        <\/h3>\n        <div class=\"wcp-post-meta wcp-disable-post-meta\" style=\"color: ;\">\n            <span class=\"wcp-post-author\"><i class=\"fa fa-user\"><\/i>\n                <a href=\"https:\/\/www.esplac.cat\/es\/author\/comunicacio\/\" title=\"Entradas de Comunicaci\u00f3 Esplac\" rel=\"author\">Comunicaci\u00f3 Esplac<\/a>            <\/span>\n            &nbsp;\n            <span class=\"wcp-post-date\"><i class=\"fa fa-clock-o\"><\/i> 4 de marzo de 2026<\/span>\n        <\/div>\n        <div class=\"wcp-post-contents\">\n            4 de marzo de 2026                    <\/div>        \n    <\/div>\n<\/div>                <\/div>    \n\n                            <div class=\"carousel-item-55523\">\n                    <div class=\"post-style-2\" style=\"box-shadow: ;background-color: ;\">\n    <div class=\"wcp-img-wrap\">\n        <a href=\"https:\/\/www.esplac.cat\/es\/12a-edicio-escola-esplac-aplegara-centenar-persones-aquest-cap-de-setmana-girona\/\">\n            <img decoding=\"async\" width=\"460\" height=\"295\" src=\"https:\/\/www.esplac.cat\/wp-content\/uploads\/2026\/02\/Noti_ee262626-460x295.jpg\" class=\"attachment-portfolio-two size-portfolio-two wp-post-image\" alt=\"\" \/>        <\/a>\n    <\/div>\n    <div class=\"wcp-content-wrap\">\n        <h3>\n            <a href=\"https:\/\/www.esplac.cat\/es\/12a-edicio-escola-esplac-aplegara-centenar-persones-aquest-cap-de-setmana-girona\/\" style=\"color: ;\">\n                La 12a edici\u00f3 de l\u2019Escola d\u2019Esplac aplegar\u00e0 un centenar de persones aquest cap de setmana a Girona            <\/a>\n        <\/h3>\n        <div class=\"wcp-post-meta wcp-disable-post-meta\" style=\"color: ;\">\n            <span class=\"wcp-post-author\"><i class=\"fa fa-user\"><\/i>\n                <a href=\"https:\/\/www.esplac.cat\/es\/author\/comunicacio\/\" title=\"Entradas de Comunicaci\u00f3 Esplac\" rel=\"author\">Comunicaci\u00f3 Esplac<\/a>            <\/span>\n            &nbsp;\n            <span class=\"wcp-post-date\"><i class=\"fa fa-clock-o\"><\/i> 26 de febrero de 2026<\/span>\n        <\/div>\n        <div class=\"wcp-post-contents\">\n            26 de febrero de 2026                    <\/div>        \n    <\/div>\n<\/div>                <\/div>    \n\n                            <div class=\"carousel-item-55076\">\n                    <div class=\"post-style-2\" style=\"box-shadow: ;background-color: ;\">\n    <div class=\"wcp-img-wrap\">\n        <a href=\"https:\/\/www.esplac.cat\/es\/eduquem-per-resistir-article\/\">\n            <img decoding=\"async\" width=\"460\" height=\"295\" src=\"https:\/\/www.esplac.cat\/wp-content\/uploads\/2026\/01\/foto-Article_EE26-460x295.jpg\" class=\"attachment-portfolio-two size-portfolio-two wp-post-image\" alt=\"\" \/>        <\/a>\n    <\/div>\n    <div class=\"wcp-content-wrap\">\n        <h3>\n            <a href=\"https:\/\/www.esplac.cat\/es\/eduquem-per-resistir-article\/\" style=\"color: ;\">\n                Eduquem per resistir, perqu\u00e8 revisar-nos tamb\u00e9 \u00e9s educar            <\/a>\n        <\/h3>\n        <div class=\"wcp-post-meta wcp-disable-post-meta\" style=\"color: ;\">\n            <span class=\"wcp-post-author\"><i class=\"fa fa-user\"><\/i>\n                <a href=\"https:\/\/www.esplac.cat\/es\/author\/comunicacio\/\" title=\"Entradas de Comunicaci\u00f3 Esplac\" rel=\"author\">Comunicaci\u00f3 Esplac<\/a>            <\/span>\n            &nbsp;\n            <span class=\"wcp-post-date\"><i class=\"fa fa-clock-o\"><\/i> 14 de enero de 2026<\/span>\n        <\/div>\n        <div class=\"wcp-post-contents\">\n            14 de enero de 2026                    <\/div>        \n    <\/div>\n<\/div>                <\/div>    \n\n                            <div class=\"carousel-item-54972\">\n                    <div class=\"post-style-2\" style=\"box-shadow: ;background-color: ;\">\n    <div class=\"wcp-img-wrap\">\n        <a href=\"https:\/\/www.esplac.cat\/es\/inscripcions-obertes-escola-esplac-2026\/\">\n            <img decoding=\"async\" width=\"460\" height=\"295\" src=\"https:\/\/www.esplac.cat\/wp-content\/uploads\/2025\/12\/Not1_EE26_inscripcions-460x295.png\" class=\"attachment-portfolio-two size-portfolio-two wp-post-image\" alt=\"cartell oficial escola d&#039;esplac\" \/>        <\/a>\n    <\/div>\n    <div class=\"wcp-content-wrap\">\n        <h3>\n            <a href=\"https:\/\/www.esplac.cat\/es\/inscripcions-obertes-escola-esplac-2026\/\" style=\"color: ;\">\n                Ja us podeu inscriure a l\u2019Escola d\u2019Esplac 2026! Educar per resistir: fer de la pedagogia una eina de canvi            <\/a>\n        <\/h3>\n        <div class=\"wcp-post-meta wcp-disable-post-meta\" style=\"color: ;\">\n            <span class=\"wcp-post-author\"><i class=\"fa fa-user\"><\/i>\n                <a href=\"https:\/\/www.esplac.cat\/es\/author\/comunicacio\/\" title=\"Entradas de Comunicaci\u00f3 Esplac\" rel=\"author\">Comunicaci\u00f3 Esplac<\/a>            <\/span>\n            &nbsp;\n            <span class=\"wcp-post-date\"><i class=\"fa fa-clock-o\"><\/i> 18 de diciembre de 2025<\/span>\n        <\/div>\n        <div class=\"wcp-post-contents\">\n            18 de diciembre de 2025                    <\/div>        \n    <\/div>\n<\/div>                <\/div>    \n\n                            <div class=\"carousel-item-53497\">\n                    <div class=\"post-style-2\" style=\"box-shadow: ;background-color: ;\">\n    <div class=\"wcp-img-wrap\">\n        <a href=\"https:\/\/www.esplac.cat\/es\/convocatoria-oberta-vols-crear-la-identitat-visual-2026\/\">\n            <img decoding=\"async\" width=\"460\" height=\"295\" src=\"https:\/\/www.esplac.cat\/wp-content\/uploads\/2025\/04\/Identitat-visual-EE-Monifestat-26-1-460x295.jpg\" class=\"attachment-portfolio-two size-portfolio-two wp-post-image\" alt=\"\" \/>        <\/a>\n    <\/div>\n    <div class=\"wcp-content-wrap\">\n        <h3>\n            <a href=\"https:\/\/www.esplac.cat\/es\/convocatoria-oberta-vols-crear-la-identitat-visual-2026\/\" style=\"color: ;\">\n                Convocat\u00f2ria oberta: vols idear i crear la identitat visual de l\u2019Escola d&#8217;Esplac i la Monifesta&#8217;t 2026?            <\/a>\n        <\/h3>\n        <div class=\"wcp-post-meta wcp-disable-post-meta\" style=\"color: ;\">\n            <span class=\"wcp-post-author\"><i class=\"fa fa-user\"><\/i>\n                <a href=\"https:\/\/www.esplac.cat\/es\/author\/comunicacio\/\" title=\"Entradas de Comunicaci\u00f3 Esplac\" rel=\"author\">Comunicaci\u00f3 Esplac<\/a>            <\/span>\n            &nbsp;\n            <span class=\"wcp-post-date\"><i class=\"fa fa-clock-o\"><\/i> 15 de abril de 2025<\/span>\n        <\/div>\n        <div class=\"wcp-post-contents\">\n            15 de abril de 2025                    <\/div>        \n    <\/div>\n<\/div>                <\/div>    \n\n                            <div class=\"carousel-item-52898\">\n                    <div class=\"post-style-2\" style=\"box-shadow: ;background-color: ;\">\n    <div class=\"wcp-img-wrap\">\n        <a href=\"https:\/\/www.esplac.cat\/es\/material-comunicatiu-escola-esplac-2025\/\">\n            <img decoding=\"async\" width=\"460\" height=\"295\" src=\"https:\/\/www.esplac.cat\/wp-content\/uploads\/2025\/03\/EE25_Material_Comunicatiu-460x295.jpg\" class=\"attachment-portfolio-two size-portfolio-two wp-post-image\" alt=\"Escola Esplac\" \/>        <\/a>\n    <\/div>\n    <div class=\"wcp-content-wrap\">\n        <h3>\n            <a href=\"https:\/\/www.esplac.cat\/es\/material-comunicatiu-escola-esplac-2025\/\" style=\"color: ;\">\n                Ja teniu disponible tot el material comunicatiu de l&#8217;Escola d&#8217;Esplac 2025!            <\/a>\n        <\/h3>\n        <div class=\"wcp-post-meta wcp-disable-post-meta\" style=\"color: ;\">\n            <span class=\"wcp-post-author\"><i class=\"fa fa-user\"><\/i>\n                <a href=\"https:\/\/www.esplac.cat\/es\/author\/comunicacio\/\" title=\"Entradas de Comunicaci\u00f3 Esplac\" rel=\"author\">Comunicaci\u00f3 Esplac<\/a>            <\/span>\n            &nbsp;\n            <span class=\"wcp-post-date\"><i class=\"fa fa-clock-o\"><\/i> 18 de marzo de 2025<\/span>\n        <\/div>\n        <div class=\"wcp-post-contents\">\n            18 de marzo de 2025                    <\/div>        \n    <\/div>\n<\/div>                <\/div>    \n\n                            <div class=\"carousel-item-52576\">\n                    <div class=\"post-style-2\" style=\"box-shadow: ;background-color: ;\">\n    <div class=\"wcp-img-wrap\">\n        <a href=\"https:\/\/www.esplac.cat\/es\/plantegem-reptes-pendents-abordar-antifeixisme-esplai-escola-esplac\/\">\n            <img decoding=\"async\" width=\"460\" height=\"295\" src=\"https:\/\/www.esplac.cat\/wp-content\/uploads\/2025\/02\/EE2-460x295.jpg\" class=\"attachment-portfolio-two size-portfolio-two wp-post-image\" alt=\"Escola Esplac\" \/>        <\/a>\n    <\/div>\n    <div class=\"wcp-content-wrap\">\n        <h3>\n            <a href=\"https:\/\/www.esplac.cat\/es\/plantegem-reptes-pendents-abordar-antifeixisme-esplai-escola-esplac\/\" style=\"color: ;\">\n                Posem sobre la taula els reptes pendents per abordar l\u2019antifeixisme des de l\u2019esplai a l&#8217;onzena edici\u00f3 de l\u2019Escola d\u2019Esplac            <\/a>\n        <\/h3>\n        <div class=\"wcp-post-meta wcp-disable-post-meta\" style=\"color: ;\">\n            <span class=\"wcp-post-author\"><i class=\"fa fa-user\"><\/i>\n                <a href=\"https:\/\/www.esplac.cat\/es\/author\/comunicacio\/\" title=\"Entradas de Comunicaci\u00f3 Esplac\" rel=\"author\">Comunicaci\u00f3 Esplac<\/a>            <\/span>\n            &nbsp;\n            <span class=\"wcp-post-date\"><i class=\"fa fa-clock-o\"><\/i> 18 de febrero de 2025<\/span>\n        <\/div>\n        <div class=\"wcp-post-contents\">\n            18 de febrero de 2025                    <\/div>        \n    <\/div>\n<\/div>                <\/div>    \n\n                            <div class=\"carousel-item-52302\">\n                    <div class=\"post-style-2\" style=\"box-shadow: ;background-color: ;\">\n    <div class=\"wcp-img-wrap\">\n        <a href=\"https:\/\/www.esplac.cat\/es\/qui-participara-escola-esplac-2025\/\">\n            <img decoding=\"async\" width=\"460\" height=\"295\" src=\"https:\/\/www.esplac.cat\/wp-content\/uploads\/2025\/01\/Entitats_EE25-460x295.jpg\" class=\"attachment-portfolio-two size-portfolio-two wp-post-image\" alt=\"Escola Esplac\" \/>        <\/a>\n    <\/div>\n    <div class=\"wcp-content-wrap\">\n        <h3>\n            <a href=\"https:\/\/www.esplac.cat\/es\/qui-participara-escola-esplac-2025\/\" style=\"color: ;\">\n                I tu, ja saps qui participar\u00e0 a l&#8217;Escola d&#8217;Esplac 2025?            <\/a>\n        <\/h3>\n        <div class=\"wcp-post-meta wcp-disable-post-meta\" style=\"color: ;\">\n            <span class=\"wcp-post-author\"><i class=\"fa fa-user\"><\/i>\n                <a href=\"https:\/\/www.esplac.cat\/es\/author\/comunicacio\/\" title=\"Entradas de Comunicaci\u00f3 Esplac\" rel=\"author\">Comunicaci\u00f3 Esplac<\/a>            <\/span>\n            &nbsp;\n            <span class=\"wcp-post-date\"><i class=\"fa fa-clock-o\"><\/i> 29 de enero de 2025<\/span>\n        <\/div>\n        <div class=\"wcp-post-contents\">\n            29 de enero de 2025                    <\/div>        \n    <\/div>\n<\/div>                <\/div>    \n\n                            <div class=\"carousel-item-52122\">\n                    <div class=\"post-style-2\" style=\"box-shadow: ;background-color: ;\">\n    <div class=\"wcp-img-wrap\">\n        <a href=\"https:\/\/www.esplac.cat\/es\/esplais-juguem-paper-clau-antifeixisme\/\">\n            <img decoding=\"async\" width=\"460\" height=\"295\" src=\"https:\/\/www.esplac.cat\/wp-content\/uploads\/2025\/01\/Article_opinio_EE25-460x295.jpg\" class=\"attachment-portfolio-two size-portfolio-two wp-post-image\" alt=\"antifeixisme\" \/>        <\/a>\n    <\/div>\n    <div class=\"wcp-content-wrap\">\n        <h3>\n            <a href=\"https:\/\/www.esplac.cat\/es\/esplais-juguem-paper-clau-antifeixisme\/\" style=\"color: ;\">\n                Els esplais juguem un paper clau en l\u2019antifeixisme: posem al centre un projecte educatiu comunitari enfront d\u2019uns discursos que ens volen dividir            <\/a>\n        <\/h3>\n        <div class=\"wcp-post-meta wcp-disable-post-meta\" style=\"color: ;\">\n            <span class=\"wcp-post-author\"><i class=\"fa fa-user\"><\/i>\n                <a href=\"https:\/\/www.esplac.cat\/es\/author\/comunicacio\/\" title=\"Entradas de Comunicaci\u00f3 Esplac\" rel=\"author\">Comunicaci\u00f3 Esplac<\/a>            <\/span>\n            &nbsp;\n            <span class=\"wcp-post-date\"><i class=\"fa fa-clock-o\"><\/i> 10 de enero de 2025<\/span>\n        <\/div>\n        <div class=\"wcp-post-contents\">\n            10 de enero de 2025                    <\/div>        \n    <\/div>\n<\/div>                <\/div>    \n\n                \n        <\/section>\n        <style>\n    #carousel-24602 .slick-prev:before, #carousel-24602 .slick-next:before {\n        color: #000 !important;\n    }\n    #carousel-24602 .slick-slide {\n        margin: 2px 20px;\n    }\n    #carousel-24602 h3,\n    #carousel-24602 .car-caption,\n    #carousel-24602 .car-caption h3 a {\n        background-color: ;\n        color: ;\n    }\n    #carousel-24602 .car-caption {\n        text-align: center;\n    }\n    #carousel-24602 p {\n        color: ;\n    }\n    #carousel-24602 a {\n        text-decoration: none;\n        border-bottom: none;\n    }\n        #carousel-24602 .post-style-1 .wcp-post-author a {\n        color: ;\n    }\n            #carousel-24602 .ih-item,\n        #carousel-24602 .post-style-1,\n        #carousel-24602 .post-style-3,\n        #carousel-24602 .car-caption { \n            border: 8px solid #FFF;\n            box-shadow: ;\n        }\n                #carousel-24602 .post-style-2 .wcp-content-wrap { \n            border: 8px solid #FFF;\n            border-top: none;\n        }\n        #carousel-24602 .mega-post-carousel1,\n        #carousel-24602 .mega-post-carousel4 { \n            border: 8px solid #FFF;\n            padding: 10px;\n        }\n\n        .slick-prev, .slick-next {\r\n    font-size: 0;\r\n    line-height: 0;\r\n    position: absolute;\r\n    top: 42% !important;\r\n    display: block;\r\n    width: 20px;\r\n    height: 20px;\r\n    padding: 0;\r\n    -webkit-transform: translate(0, -50%);\r\n    -ms-transform: translate(0, -50%);\r\n    transform: translate(0, -50%);\r\n    cursor: pointer;\r\n    color: transparent;\r\n    border: none;\r\n    outline: none;\r\n    background: transparent;\r\n}                .wcp-disable-post-meta { display: none !important;}\n    <\/style>\n<\/div><div class=\"fusion-clearfix\"><\/div><\/div><\/div><\/div><\/div><div class=\"fusion-fullwidth fullwidth-box fusion-builder-row-7 fusion-flex-container nonhundred-percent-fullwidth non-hundred-percent-height-scrolling\" style=\"--awb-border-radius-top-left:0px;--awb-border-radius-top-right:0px;--awb-border-radius-bottom-right:0px;--awb-border-radius-bottom-left:0px;--awb-padding-top:30px;--awb-background-color:#ededed;--awb-flex-wrap:wrap;\" ><\/div>\n<\/p>\n","protected":false},"excerpt":{"rendered":"","protected":false},"author":1,"featured_media":0,"parent":27659,"menu_order":0,"comment_status":"closed","ping_status":"closed","template":"100-width.php","meta":{"om_disable_all_campaigns":false,"_monsterinsights_skip_tracking":false,"_monsterinsights_sitenote_active":false,"_monsterinsights_sitenote_note":"","_monsterinsights_sitenote_category":0,"_uf_show_specific_survey":0,"_uf_disable_surveys":false,"footnotes":""},"class_list":["post-32944","page","type-page","status-publish","hentry"],"yoast_head":"<!-- This site is optimized with the Yoast SEO plugin v27.5 - https:\/\/yoast.com\/product\/yoast-seo-wordpress\/ -->\n<title>Escola d&#039;esplac - Esplac<\/title>\n<meta name=\"robots\" content=\"index, follow, max-snippet:-1, max-image-preview:large, max-video-preview:-1\" \/>\n<link rel=\"canonical\" href=\"https:\/\/www.esplac.cat\/es\/formaciones\/escola-desplac\/\" \/>\n<meta property=\"og:locale\" content=\"es_ES\" \/>\n<meta property=\"og:type\" content=\"article\" \/>\n<meta property=\"og:title\" content=\"Escola d&#039;esplac - Esplac\" \/>\n<meta property=\"og:url\" content=\"https:\/\/www.esplac.cat\/es\/formaciones\/escola-desplac\/\" \/>\n<meta property=\"og:site_name\" content=\"Esplac\" \/>\n<meta property=\"og:image\" content=\"https:\/\/www.esplac.cat\/wp-content\/uploads\/2019\/11\/Escola_ESPLAC_2020_V5-724x1024.jpg\" \/>\n<meta name=\"twitter:card\" content=\"summary_large_image\" \/>\n<meta name=\"twitter:label1\" content=\"Tiempo de lectura\" \/>\n\t<meta name=\"twitter:data1\" content=\"30 minutos\" \/>\n<script type=\"application\/ld+json\" class=\"yoast-schema-graph\">{\"@context\":\"https:\\\/\\\/schema.org\",\"@graph\":[{\"@type\":\"WebPage\",\"@id\":\"https:\\\/\\\/www.esplac.cat\\\/es\\\/formaciones\\\/escola-desplac\\\/\",\"url\":\"https:\\\/\\\/www.esplac.cat\\\/es\\\/formaciones\\\/escola-desplac\\\/\",\"name\":\"Escola d'esplac - Esplac\",\"isPartOf\":{\"@id\":\"https:\\\/\\\/www.esplac.cat\\\/#website\"},\"primaryImageOfPage\":{\"@id\":\"https:\\\/\\\/www.esplac.cat\\\/es\\\/formaciones\\\/escola-desplac\\\/#primaryimage\"},\"image\":{\"@id\":\"https:\\\/\\\/www.esplac.cat\\\/es\\\/formaciones\\\/escola-desplac\\\/#primaryimage\"},\"thumbnailUrl\":\"https:\\\/\\\/www.esplac.cat\\\/wp-content\\\/uploads\\\/2019\\\/11\\\/Escola_ESPLAC_2020_V5-724x1024.jpg\",\"datePublished\":\"2019-08-07T16:55:11+00:00\",\"breadcrumb\":{\"@id\":\"https:\\\/\\\/www.esplac.cat\\\/es\\\/formaciones\\\/escola-desplac\\\/#breadcrumb\"},\"inLanguage\":\"es\",\"potentialAction\":[{\"@type\":\"ReadAction\",\"target\":[\"https:\\\/\\\/www.esplac.cat\\\/es\\\/formaciones\\\/escola-desplac\\\/\"]}]},{\"@type\":\"ImageObject\",\"inLanguage\":\"es\",\"@id\":\"https:\\\/\\\/www.esplac.cat\\\/es\\\/formaciones\\\/escola-desplac\\\/#primaryimage\",\"url\":\"https:\\\/\\\/www.esplac.cat\\\/wp-content\\\/uploads\\\/2019\\\/11\\\/Escola_ESPLAC_2020_V5-724x1024.jpg\",\"contentUrl\":\"https:\\\/\\\/www.esplac.cat\\\/wp-content\\\/uploads\\\/2019\\\/11\\\/Escola_ESPLAC_2020_V5-724x1024.jpg\"},{\"@type\":\"BreadcrumbList\",\"@id\":\"https:\\\/\\\/www.esplac.cat\\\/es\\\/formaciones\\\/escola-desplac\\\/#breadcrumb\",\"itemListElement\":[{\"@type\":\"ListItem\",\"position\":1,\"name\":\"Inici\",\"item\":\"https:\\\/\\\/www.esplac.cat\\\/es\\\/\"},{\"@type\":\"ListItem\",\"position\":2,\"name\":\"Formaciones\",\"item\":\"https:\\\/\\\/www.esplac.cat\\\/es\\\/formaciones\\\/\"},{\"@type\":\"ListItem\",\"position\":3,\"name\":\"Escola d&#8217;esplac\"}]},{\"@type\":\"WebSite\",\"@id\":\"https:\\\/\\\/www.esplac.cat\\\/#website\",\"url\":\"https:\\\/\\\/www.esplac.cat\\\/\",\"name\":\"Esplac\",\"description\":\"Esplais Catalans\",\"publisher\":{\"@id\":\"https:\\\/\\\/www.esplac.cat\\\/#organization\"},\"potentialAction\":[{\"@type\":\"SearchAction\",\"target\":{\"@type\":\"EntryPoint\",\"urlTemplate\":\"https:\\\/\\\/www.esplac.cat\\\/?s={search_term_string}\"},\"query-input\":{\"@type\":\"PropertyValueSpecification\",\"valueRequired\":true,\"valueName\":\"search_term_string\"}}],\"inLanguage\":\"es\"},{\"@type\":\"Organization\",\"@id\":\"https:\\\/\\\/www.esplac.cat\\\/#organization\",\"name\":\"Esplac\",\"url\":\"https:\\\/\\\/www.esplac.cat\\\/\",\"logo\":{\"@type\":\"ImageObject\",\"inLanguage\":\"es\",\"@id\":\"https:\\\/\\\/www.esplac.cat\\\/#\\\/schema\\\/logo\\\/image\\\/\",\"url\":\"https:\\\/\\\/www.esplac.cat\\\/wp-content\\\/uploads\\\/2019\\\/08\\\/logox2.png\",\"contentUrl\":\"https:\\\/\\\/www.esplac.cat\\\/wp-content\\\/uploads\\\/2019\\\/08\\\/logox2.png\",\"width\":600,\"height\":295,\"caption\":\"Esplac\"},\"image\":{\"@id\":\"https:\\\/\\\/www.esplac.cat\\\/#\\\/schema\\\/logo\\\/image\\\/\"}}]}<\/script>\n<!-- \/ Yoast SEO plugin. -->","yoast_head_json":{"title":"Escola d'esplac - Esplac","robots":{"index":"index","follow":"follow","max-snippet":"max-snippet:-1","max-image-preview":"max-image-preview:large","max-video-preview":"max-video-preview:-1"},"canonical":"https:\/\/www.esplac.cat\/es\/formaciones\/escola-desplac\/","og_locale":"es_ES","og_type":"article","og_title":"Escola d'esplac - Esplac","og_url":"https:\/\/www.esplac.cat\/es\/formaciones\/escola-desplac\/","og_site_name":"Esplac","og_image":[{"url":"https:\/\/www.esplac.cat\/wp-content\/uploads\/2019\/11\/Escola_ESPLAC_2020_V5-724x1024.jpg","type":"","width":"","height":""}],"twitter_card":"summary_large_image","twitter_misc":{"Tiempo de lectura":"30 minutos"},"schema":{"@context":"https:\/\/schema.org","@graph":[{"@type":"WebPage","@id":"https:\/\/www.esplac.cat\/es\/formaciones\/escola-desplac\/","url":"https:\/\/www.esplac.cat\/es\/formaciones\/escola-desplac\/","name":"Escola d'esplac - Esplac","isPartOf":{"@id":"https:\/\/www.esplac.cat\/#website"},"primaryImageOfPage":{"@id":"https:\/\/www.esplac.cat\/es\/formaciones\/escola-desplac\/#primaryimage"},"image":{"@id":"https:\/\/www.esplac.cat\/es\/formaciones\/escola-desplac\/#primaryimage"},"thumbnailUrl":"https:\/\/www.esplac.cat\/wp-content\/uploads\/2019\/11\/Escola_ESPLAC_2020_V5-724x1024.jpg","datePublished":"2019-08-07T16:55:11+00:00","breadcrumb":{"@id":"https:\/\/www.esplac.cat\/es\/formaciones\/escola-desplac\/#breadcrumb"},"inLanguage":"es","potentialAction":[{"@type":"ReadAction","target":["https:\/\/www.esplac.cat\/es\/formaciones\/escola-desplac\/"]}]},{"@type":"ImageObject","inLanguage":"es","@id":"https:\/\/www.esplac.cat\/es\/formaciones\/escola-desplac\/#primaryimage","url":"https:\/\/www.esplac.cat\/wp-content\/uploads\/2019\/11\/Escola_ESPLAC_2020_V5-724x1024.jpg","contentUrl":"https:\/\/www.esplac.cat\/wp-content\/uploads\/2019\/11\/Escola_ESPLAC_2020_V5-724x1024.jpg"},{"@type":"BreadcrumbList","@id":"https:\/\/www.esplac.cat\/es\/formaciones\/escola-desplac\/#breadcrumb","itemListElement":[{"@type":"ListItem","position":1,"name":"Inici","item":"https:\/\/www.esplac.cat\/es\/"},{"@type":"ListItem","position":2,"name":"Formaciones","item":"https:\/\/www.esplac.cat\/es\/formaciones\/"},{"@type":"ListItem","position":3,"name":"Escola d&#8217;esplac"}]},{"@type":"WebSite","@id":"https:\/\/www.esplac.cat\/#website","url":"https:\/\/www.esplac.cat\/","name":"Esplac","description":"Esplais Catalans","publisher":{"@id":"https:\/\/www.esplac.cat\/#organization"},"potentialAction":[{"@type":"SearchAction","target":{"@type":"EntryPoint","urlTemplate":"https:\/\/www.esplac.cat\/?s={search_term_string}"},"query-input":{"@type":"PropertyValueSpecification","valueRequired":true,"valueName":"search_term_string"}}],"inLanguage":"es"},{"@type":"Organization","@id":"https:\/\/www.esplac.cat\/#organization","name":"Esplac","url":"https:\/\/www.esplac.cat\/","logo":{"@type":"ImageObject","inLanguage":"es","@id":"https:\/\/www.esplac.cat\/#\/schema\/logo\/image\/","url":"https:\/\/www.esplac.cat\/wp-content\/uploads\/2019\/08\/logox2.png","contentUrl":"https:\/\/www.esplac.cat\/wp-content\/uploads\/2019\/08\/logox2.png","width":600,"height":295,"caption":"Esplac"},"image":{"@id":"https:\/\/www.esplac.cat\/#\/schema\/logo\/image\/"}}]}},"_links":{"self":[{"href":"https:\/\/www.esplac.cat\/es\/wp-json\/wp\/v2\/pages\/32944","targetHints":{"allow":["GET"]}}],"collection":[{"href":"https:\/\/www.esplac.cat\/es\/wp-json\/wp\/v2\/pages"}],"about":[{"href":"https:\/\/www.esplac.cat\/es\/wp-json\/wp\/v2\/types\/page"}],"author":[{"embeddable":true,"href":"https:\/\/www.esplac.cat\/es\/wp-json\/wp\/v2\/users\/1"}],"replies":[{"embeddable":true,"href":"https:\/\/www.esplac.cat\/es\/wp-json\/wp\/v2\/comments?post=32944"}],"version-history":[{"count":0,"href":"https:\/\/www.esplac.cat\/es\/wp-json\/wp\/v2\/pages\/32944\/revisions"}],"up":[{"embeddable":true,"href":"https:\/\/www.esplac.cat\/es\/wp-json\/wp\/v2\/pages\/27659"}],"wp:attachment":[{"href":"https:\/\/www.esplac.cat\/es\/wp-json\/wp\/v2\/media?parent=32944"}],"curies":[{"name":"wp","href":"https:\/\/api.w.org\/{rel}","templated":true}]}}