{"id":43041,"date":"2019-08-06T19:50:31","date_gmt":"2019-08-06T17:50:31","guid":{"rendered":"https:\/\/www.esplac.cat\/projectes-3\/"},"modified":"2023-01-26T13:00:46","modified_gmt":"2023-01-26T11:00:46","slug":"projectes-3","status":"publish","type":"page","link":"https:\/\/www.esplac.cat\/es\/projectes\/projectes-3\/","title":{"rendered":"Projectes"},"content":{"rendered":"<p><div class=\"fusion-fullwidth fullwidth-box fusion-builder-row-1 nonhundred-percent-fullwidth non-hundred-percent-height-scrolling\" style=\"--awb-border-radius-top-left:0px;--awb-border-radius-top-right:0px;--awb-border-radius-bottom-right:0px;--awb-border-radius-bottom-left:0px;--awb-flex-wrap:wrap;\" ><div class=\"fusion-builder-row fusion-row\"><div class=\"fusion-layout-column fusion_builder_column fusion-builder-column-0 fusion_builder_column_1_1 1_1 fusion-one-full fusion-column-first fusion-column-last\" style=\"--awb-bg-size:cover;\"><div class=\"fusion-column-wrapper fusion-column-has-shadow fusion-flex-column-wrapper-legacy\"><div class=\"fusion-text fusion-text-1\"><h1 style=\"text-align: center;\"><strong><span class=\"titol-g\">Projectes<\/span><\/strong><\/h1>\n<\/div><div class=\"fusion-sep-clear\"><\/div><div class=\"fusion-separator fusion-full-width-sep\" style=\"margin-left: auto;margin-right: auto;margin-bottom:15px;width:100%;\"><\/div><div class=\"fusion-sep-clear\"><\/div><div class=\"fusion-text fusion-text-2\"><p style=\"text-align: center;\">A Esplais Catalans treballem per projectes perqu\u00e8 creiem que \u00e9s la millor manera de desenvolupar accions connectades amb la nostra realitat i amb les necessitats socials del moment. A m\u00e9s, el treball per projectes facilita la participaci\u00f3 de les monitores i els monitors dels esplais, ja que els vinculen a tem\u00e0tiques del seu inter\u00e8s i els enriqueixen amb noves mirades i motivacions. Cadascun dels projectes t\u00e9 un grup de treball format per monitores i monitors voluntaris, dirigents de l\u2019entitat i una o dues persones t\u00e8cniques. Els grup es reuneixen peri\u00f2dicament, amb el dia i el lloc acordats per les mateixes persones participants.<\/p>\n<\/div><div class=\"fusion-sep-clear\"><\/div><div class=\"fusion-separator fusion-full-width-sep\" style=\"margin-left: auto;margin-right: auto;margin-bottom:15px;width:100%;\"><\/div><div class=\"fusion-sep-clear\"><\/div><div class=\"fusion-clearfix\"><\/div><\/div><\/div><\/div><\/div><div class=\"fusion-fullwidth fullwidth-box fusion-builder-row-2 nonhundred-percent-fullwidth non-hundred-percent-height-scrolling fusion-no-small-visibility fusion-no-medium-visibility\" style=\"--awb-border-radius-top-left:0px;--awb-border-radius-top-right:0px;--awb-border-radius-bottom-right:0px;--awb-border-radius-bottom-left:0px;--awb-margin-bottom:40px;--awb-flex-wrap:wrap;\" ><div class=\"fusion-builder-row fusion-row\"><div class=\"fusion-layout-column fusion_builder_column fusion-builder-column-1 fusion_builder_column_1_3 1_3 fusion-one-third fusion-column-first\" style=\"--awb-bg-size:cover;width:33.333333333333%;width:calc(33.333333333333% - ( ( 4% + 4% ) * 0.33333333333333 ) );margin-right: 4%;\"><div class=\"fusion-column-wrapper fusion-column-has-shadow fusion-flex-column-wrapper-legacy\"><div class=\"fusion-image-element fusion-image-align-center in-legacy-container\" style=\"text-align:center;--awb-max-width:200px;--awb-caption-title-font-family:var(--h2_typography-font-family);--awb-caption-title-font-weight:var(--h2_typography-font-weight);--awb-caption-title-font-style:var(--h2_typography-font-style);--awb-caption-title-size:var(--h2_typography-font-size);--awb-caption-title-transform:var(--h2_typography-text-transform);--awb-caption-title-line-height:var(--h2_typography-line-height);--awb-caption-title-letter-spacing:var(--h2_typography-letter-spacing);\"><div class=\"imageframe-align-center\"><span class=\" fusion-imageframe imageframe-none imageframe-1 hover-type-zoomin\"><a class=\"fusion-no-lightbox\" href=\"https:\/\/www.esplac.cat\/es\/projectes\/pla-de-participacio\/\" target=\"_self\" aria-label=\"p1-1024&#215;866-\"><img decoding=\"async\" width=\"574\" height=\"574\" src=\"http:\/\/esplac.cat\/wp-content\/uploads\/2019\/10\/p1-1024x866-.png\" alt class=\"img-responsive wp-image-28892\" srcset=\"https:\/\/www.esplac.cat\/wp-content\/uploads\/2019\/10\/p1-1024x866--200x200.png 200w, https:\/\/www.esplac.cat\/wp-content\/uploads\/2019\/10\/p1-1024x866--400x400.png 400w, https:\/\/www.esplac.cat\/wp-content\/uploads\/2019\/10\/p1-1024x866-.png 574w\" sizes=\"(max-width: 800px) 100vw, 400px\" \/><\/a><\/span><\/div><\/div><div class=\"fusion-text fusion-text-3\"><h4 class=\"title-posts-archives\" style=\"text-align: center;\" data-fontsize=\"23\" data-lineheight=\"29\"><a href=\"\/projectes\/pla-participacio\/\"><strong>Pla de Participaci\u00f3<\/strong><\/a><\/h4>\n<p style=\"text-align: center;\">Volem elaborar un pla de participaci\u00f3 que revisi, clarifiqui i posi a l&#8217;abast els circuits, processos i espais associatius per tal d&#8217;<strong>aconseguir una major participaci\u00f3 i incid\u00e8ncia<\/strong> de monitores, joves i dirigents<\/p>\n<\/div><div class=\"fusion-clearfix\"><\/div><\/div><\/div><div class=\"fusion-layout-column fusion_builder_column fusion-builder-column-2 fusion_builder_column_1_3 1_3 fusion-one-third\" style=\"--awb-bg-size:cover;width:33.333333333333%;width:calc(33.333333333333% - ( ( 4% + 4% ) * 0.33333333333333 ) );margin-right: 4%;\"><div class=\"fusion-column-wrapper fusion-column-has-shadow fusion-flex-column-wrapper-legacy\"><div class=\"fusion-image-element fusion-image-align-center in-legacy-container\" style=\"text-align:center;--awb-max-width:200px;--awb-caption-title-font-family:var(--h2_typography-font-family);--awb-caption-title-font-weight:var(--h2_typography-font-weight);--awb-caption-title-font-style:var(--h2_typography-font-style);--awb-caption-title-size:var(--h2_typography-font-size);--awb-caption-title-transform:var(--h2_typography-text-transform);--awb-caption-title-line-height:var(--h2_typography-line-height);--awb-caption-title-letter-spacing:var(--h2_typography-letter-spacing);\"><div class=\"imageframe-align-center\"><span class=\" fusion-imageframe imageframe-none imageframe-2 hover-type-zoomin\"><a class=\"fusion-no-lightbox\" href=\"https:\/\/www.esplac.cat\/es\/projectes\/linies-pedagogiques\/\" target=\"_self\" aria-label=\"p3-1024&#215;866-\"><img decoding=\"async\" width=\"574\" height=\"574\" src=\"http:\/\/esplac.cat\/wp-content\/uploads\/2019\/10\/p3-1024x866-.png\" alt class=\"img-responsive wp-image-28890\" srcset=\"https:\/\/www.esplac.cat\/wp-content\/uploads\/2019\/10\/p3-1024x866--200x200.png 200w, https:\/\/www.esplac.cat\/wp-content\/uploads\/2019\/10\/p3-1024x866--400x400.png 400w, https:\/\/www.esplac.cat\/wp-content\/uploads\/2019\/10\/p3-1024x866-.png 574w\" sizes=\"(max-width: 800px) 100vw, 400px\" \/><\/a><\/span><\/div><\/div><div class=\"fusion-text fusion-text-4\"><h4 class=\"title-posts-archives\" style=\"text-align: center;\" data-fontsize=\"23\" data-lineheight=\"29\"><a href=\"\/projectes\/linies-pedagogiques\/\"><strong>L\u00ednies pedag\u00f2giques<\/strong><\/a><\/h4>\n<p style=\"text-align: center;\">Volem crear un marc de refer\u00e8ncia sobre diversos temes educatius que ens ajudin a desenvolupar i consolidar un <strong>discurs educatiu potent i transformador.<\/strong><\/p>\n<\/div><div class=\"fusion-clearfix\"><\/div><\/div><\/div><div class=\"fusion-layout-column fusion_builder_column fusion-builder-column-3 fusion_builder_column_1_3 1_3 fusion-one-third fusion-column-last\" style=\"--awb-bg-size:cover;--awb-margin-bottom:42px;width:33.333333333333%;width:calc(33.333333333333% - ( ( 4% + 4% ) * 0.33333333333333 ) );\"><div class=\"fusion-column-wrapper fusion-column-has-shadow fusion-flex-column-wrapper-legacy\"><div class=\"fusion-image-element fusion-image-align-center in-legacy-container\" style=\"text-align:center;--awb-max-width:200px;--awb-caption-title-font-family:var(--h2_typography-font-family);--awb-caption-title-font-weight:var(--h2_typography-font-weight);--awb-caption-title-font-style:var(--h2_typography-font-style);--awb-caption-title-size:var(--h2_typography-font-size);--awb-caption-title-transform:var(--h2_typography-text-transform);--awb-caption-title-line-height:var(--h2_typography-line-height);--awb-caption-title-letter-spacing:var(--h2_typography-letter-spacing);\"><div class=\"imageframe-align-center\"><span class=\" fusion-imageframe imageframe-none imageframe-3 hover-type-zoomin\"><a class=\"fusion-no-lightbox\" href=\"https:\/\/www.esplac.cat\/es\/projectes\/infancia-esplaiada\/\" target=\"_self\" aria-label=\"p6-1024&#215;866-\"><img decoding=\"async\" width=\"574\" height=\"574\" src=\"http:\/\/esplac.cat\/wp-content\/uploads\/2019\/10\/p6-1024x866-.png\" alt class=\"img-responsive wp-image-28886\" srcset=\"https:\/\/www.esplac.cat\/wp-content\/uploads\/2019\/10\/p6-1024x866--200x200.png 200w, https:\/\/www.esplac.cat\/wp-content\/uploads\/2019\/10\/p6-1024x866--400x400.png 400w, https:\/\/www.esplac.cat\/wp-content\/uploads\/2019\/10\/p6-1024x866-.png 574w\" sizes=\"(max-width: 800px) 100vw, 400px\" \/><\/a><\/span><\/div><\/div><div class=\"fusion-text fusion-text-5\"><h4 class=\"title-posts-archives\" style=\"text-align: center;\" data-fontsize=\"23\" data-lineheight=\"29\"><strong><a href=\"\/projectes\/infancia-esplaiada\">Inf\u00e0ncia i Esplaiada<\/a><\/strong><\/h4>\n<p style=\"text-align: center;\">Volem fer educaci\u00f3 des del respecte i la cura per l&#8217;infant, potenciant la seva autonomia i garantint la seva plena participaci\u00f3, fent de l&#8217;Esplaiada la culminaci\u00f3 d&#8217;aquest projecte.<\/p>\n<\/div><div class=\"fusion-clearfix\"><\/div><\/div><\/div><div class=\"fusion-layout-column fusion_builder_column fusion-builder-column-4 fusion_builder_column_1_3 1_3 fusion-one-third fusion-column-first\" style=\"--awb-bg-size:cover;width:33.333333333333%;width:calc(33.333333333333% - ( ( 16px + 4% ) * 0.33333333333333 ) );margin-right: 16px;\"><div class=\"fusion-column-wrapper fusion-column-has-shadow fusion-flex-column-wrapper-legacy\"><div class=\"fusion-image-element fusion-image-align-center in-legacy-container\" style=\"text-align:center;--awb-max-width:200px;--awb-caption-title-font-family:var(--h2_typography-font-family);--awb-caption-title-font-weight:var(--h2_typography-font-weight);--awb-caption-title-font-style:var(--h2_typography-font-style);--awb-caption-title-size:var(--h2_typography-font-size);--awb-caption-title-transform:var(--h2_typography-text-transform);--awb-caption-title-line-height:var(--h2_typography-line-height);--awb-caption-title-letter-spacing:var(--h2_typography-letter-spacing);\"><div class=\"imageframe-align-center\"><span class=\" fusion-imageframe imageframe-none imageframe-4 hover-type-zoomin\"><a class=\"fusion-no-lightbox\" href=\"https:\/\/www.esplac.cat\/es\/projectes\/inclusio-diversitat\/\" target=\"_self\" aria-label=\"p4-1024&#215;866-\"><img decoding=\"async\" width=\"574\" height=\"574\" src=\"http:\/\/esplac.cat\/wp-content\/uploads\/2019\/10\/p4-1024x866-.png\" alt class=\"img-responsive wp-image-28887\" srcset=\"https:\/\/www.esplac.cat\/wp-content\/uploads\/2019\/10\/p4-1024x866--200x200.png 200w, https:\/\/www.esplac.cat\/wp-content\/uploads\/2019\/10\/p4-1024x866--400x400.png 400w, https:\/\/www.esplac.cat\/wp-content\/uploads\/2019\/10\/p4-1024x866-.png 574w\" sizes=\"(max-width: 800px) 100vw, 400px\" \/><\/a><\/span><\/div><\/div><div class=\"fusion-text fusion-text-6\"><h4 class=\"title-posts-archives\" style=\"text-align: center;\" data-fontsize=\"23\" data-lineheight=\"29\"><strong><a href=\"\/projectes\/inclusio-diversitat\/\">Inclusi\u00f3 i diversitat<\/a><\/strong><\/h4>\n<p style=\"text-align: center;\">Vetllem perqu\u00e8 els esplais siguin espais inclusius i fomentar, aix\u00ed, una <strong>major diversitat en el s\u00ed dels esplais.<\/strong><\/p>\n<\/div><div class=\"fusion-clearfix\"><\/div><\/div><\/div><div class=\"fusion-layout-column fusion_builder_column fusion-builder-column-5 fusion_builder_column_1_3 1_3 fusion-one-third\" style=\"--awb-bg-size:cover;width:33.333333333333%;width:calc(33.333333333333% - ( ( 16px + 4% ) * 0.33333333333333 ) );margin-right: 4%;\"><div class=\"fusion-column-wrapper fusion-column-has-shadow fusion-flex-column-wrapper-legacy\"><div class=\"fusion-image-element fusion-image-align-center in-legacy-container\" style=\"text-align:center;--awb-max-width:200px;--awb-caption-title-font-family:var(--h2_typography-font-family);--awb-caption-title-font-weight:var(--h2_typography-font-weight);--awb-caption-title-font-style:var(--h2_typography-font-style);--awb-caption-title-size:var(--h2_typography-font-size);--awb-caption-title-transform:var(--h2_typography-text-transform);--awb-caption-title-line-height:var(--h2_typography-line-height);--awb-caption-title-letter-spacing:var(--h2_typography-letter-spacing);\"><div class=\"imageframe-align-center\"><span class=\" fusion-imageframe imageframe-none imageframe-5 hover-type-zoomin\"><a class=\"fusion-no-lightbox\" href=\"https:\/\/www.esplac.cat\/projectes\/locals-i-territori\/\" target=\"_self\" aria-label=\"Logos highlights insta + Pasti\u0301s agenda 2021-22 (2)\"><img decoding=\"async\" width=\"300\" height=\"300\" src=\"https:\/\/www.esplac.cat\/wp-content\/uploads\/2021\/12\/Logos-highlights-insta-Pasti\u0301s-agenda-2021-22-2-300x300.png\" alt class=\"img-responsive wp-image-38374\" srcset=\"https:\/\/www.esplac.cat\/wp-content\/uploads\/2021\/12\/Logos-highlights-insta-Pasti\u0301s-agenda-2021-22-2-200x200.png 200w, https:\/\/www.esplac.cat\/wp-content\/uploads\/2021\/12\/Logos-highlights-insta-Pasti\u0301s-agenda-2021-22-2-400x400.png 400w, https:\/\/www.esplac.cat\/wp-content\/uploads\/2021\/12\/Logos-highlights-insta-Pasti\u0301s-agenda-2021-22-2.png 540w\" sizes=\"(max-width: 800px) 100vw, 300px\" \/><\/a><\/span><\/div><\/div><div class=\"fusion-text fusion-text-7\"><h4 class=\"title-posts-archives\" style=\"text-align: center;\" data-fontsize=\"23\" data-lineheight=\"29\"><strong><a href=\"https:\/\/www.esplac.cat\/projectes\/locals-i-territori\">Locals i territori<\/a><\/strong><\/h4>\n<p style=\"text-align: center;\">Treballem per aconseguir que <strong>nous esplais<\/strong> se sumin als sectors m\u00e9s petits d&#8217;Esplac i per <strong>incrementar la pres\u00e8ncia d&#8217;esplais<\/strong> laics arreu el territori catal\u00e0. Tamb\u00e9, es vol treballar per <strong>millorar l&#8217;acc\u00e9s i les condicions dels locals<\/strong> dels esplais d&#8217;Esplac.<\/p>\n<\/div><div class=\"fusion-clearfix\"><\/div><\/div><\/div><div class=\"fusion-layout-column fusion_builder_column fusion-builder-column-6 fusion_builder_column_1_3 1_3 fusion-one-third fusion-column-last\" style=\"--awb-bg-size:cover;width:33.333333333333%;width:calc(33.333333333333% - ( ( 16px + 4% ) * 0.33333333333333 ) );\"><div class=\"fusion-column-wrapper fusion-column-has-shadow fusion-flex-column-wrapper-legacy\"><div class=\"fusion-image-element fusion-image-align-center in-legacy-container\" style=\"text-align:center;--awb-max-width:200px;--awb-caption-title-font-family:var(--h2_typography-font-family);--awb-caption-title-font-weight:var(--h2_typography-font-weight);--awb-caption-title-font-style:var(--h2_typography-font-style);--awb-caption-title-size:var(--h2_typography-font-size);--awb-caption-title-transform:var(--h2_typography-text-transform);--awb-caption-title-line-height:var(--h2_typography-line-height);--awb-caption-title-letter-spacing:var(--h2_typography-letter-spacing);\"><div class=\"imageframe-align-center\"><span class=\" fusion-imageframe imageframe-none imageframe-6 hover-type-zoomin\"><a class=\"fusion-no-lightbox\" href=\"https:\/\/www.esplac.cat\/projectes\/relleu\/\" target=\"_self\" aria-label=\"2\"><img decoding=\"async\" width=\"300\" height=\"300\" src=\"https:\/\/www.esplac.cat\/wp-content\/uploads\/2021\/12\/2-1-300x300.png\" alt class=\"img-responsive wp-image-38368\" srcset=\"https:\/\/www.esplac.cat\/wp-content\/uploads\/2021\/12\/2-1-200x200.png 200w, https:\/\/www.esplac.cat\/wp-content\/uploads\/2021\/12\/2-1-400x400.png 400w, https:\/\/www.esplac.cat\/wp-content\/uploads\/2021\/12\/2-1-600x600.png 600w, https:\/\/www.esplac.cat\/wp-content\/uploads\/2021\/12\/2-1-800x800.png 800w, https:\/\/www.esplac.cat\/wp-content\/uploads\/2021\/12\/2-1.png 1080w\" sizes=\"(max-width: 800px) 100vw, 300px\" \/><\/a><\/span><\/div><\/div><div class=\"fusion-text fusion-text-8\"><h4 class=\"title-posts-archives\" style=\"text-align: center;\" data-fontsize=\"23\" data-lineheight=\"29\"><strong><a href=\"https:\/\/www.esplac.cat\/projectes\/\">Relleu<\/a><\/strong><\/h4>\n<p style=\"text-align: center;\"><span style=\"font-weight: 300;\">El relleu \u00e9s un dels principals engranatges que permet el funcionament de l\u2019esplai. Cal posar el focus en com es fa el relleu als esplais i a Esplac i <strong>garantir que la roda del relleu no s\u2019atura<\/strong>.<\/span><\/p>\n<\/div><div class=\"fusion-clearfix\"><\/div><\/div><\/div><\/div><\/div><div class=\"fusion-fullwidth fullwidth-box fusion-builder-row-3 nonhundred-percent-fullwidth non-hundred-percent-height-scrolling\" style=\"--awb-border-radius-top-left:0px;--awb-border-radius-top-right:0px;--awb-border-radius-bottom-right:0px;--awb-border-radius-bottom-left:0px;--awb-flex-wrap:wrap;\" ><div class=\"fusion-builder-row fusion-row\"><\/div><\/div><div class=\"fusion-fullwidth fullwidth-box fusion-builder-row-4 nonhundred-percent-fullwidth non-hundred-percent-height-scrolling fusion-no-large-visibility\" style=\"--awb-border-radius-top-left:0px;--awb-border-radius-top-right:0px;--awb-border-radius-bottom-right:0px;--awb-border-radius-bottom-left:0px;--awb-margin-bottom:40px;--awb-flex-wrap:wrap;\" ><div class=\"fusion-builder-row fusion-row\"><div class=\"fusion-layout-column fusion_builder_column fusion-builder-column-7 fusion_builder_column_1_3 1_3 fusion-one-third fusion-column-first\" style=\"--awb-bg-size:cover;width:33.333333333333%;width:calc(33.333333333333% - ( ( 4% + 4% ) * 0.33333333333333 ) );margin-right: 4%;\"><div class=\"fusion-column-wrapper fusion-column-has-shadow fusion-flex-column-wrapper-legacy\"><div class=\"fusion-image-element fusion-image-align-center in-legacy-container\" style=\"text-align:center;--awb-max-width:200px;--awb-caption-title-font-family:var(--h2_typography-font-family);--awb-caption-title-font-weight:var(--h2_typography-font-weight);--awb-caption-title-font-style:var(--h2_typography-font-style);--awb-caption-title-size:var(--h2_typography-font-size);--awb-caption-title-transform:var(--h2_typography-text-transform);--awb-caption-title-line-height:var(--h2_typography-line-height);--awb-caption-title-letter-spacing:var(--h2_typography-letter-spacing);\"><div class=\"imageframe-align-center\"><span class=\" fusion-imageframe imageframe-none imageframe-7 hover-type-zoomin\"><a class=\"fusion-no-lightbox\" href=\"https:\/\/www.esplac.cat\/es\/projectes\/pla-de-participacio\/\" target=\"_self\" aria-label=\"p1-1024&#215;866-\"><img decoding=\"async\" width=\"574\" height=\"574\" src=\"http:\/\/esplac.cat\/wp-content\/uploads\/2019\/10\/p1-1024x866-.png\" alt class=\"img-responsive wp-image-28892\" srcset=\"https:\/\/www.esplac.cat\/wp-content\/uploads\/2019\/10\/p1-1024x866--200x200.png 200w, https:\/\/www.esplac.cat\/wp-content\/uploads\/2019\/10\/p1-1024x866--400x400.png 400w, https:\/\/www.esplac.cat\/wp-content\/uploads\/2019\/10\/p1-1024x866-.png 574w\" sizes=\"(max-width: 800px) 100vw, 400px\" \/><\/a><\/span><\/div><\/div><div class=\"fusion-text fusion-text-9\"><h4 class=\"title-posts-archives\" style=\"text-align: center;\" data-fontsize=\"23\" data-lineheight=\"29\"><strong><a href=\"https:\/\/www.esplac.cat\/projectes\/pla-participacio\/\">Pla de Participaci\u00f3<\/a><\/strong><\/h4>\n<p style=\"text-align: center;\">Volem elaborar un pla de participaci\u00f3 que revisi i repensi els circuits i processos actuals per tal d&#8217;aconseguir la m\u00e0xima participaci\u00f3 de monitores, joves i dirigents.<\/p>\n<\/div><div class=\"fusion-clearfix\"><\/div><\/div><\/div><div class=\"fusion-layout-column fusion_builder_column fusion-builder-column-8 fusion_builder_column_1_3 1_3 fusion-one-third\" style=\"--awb-bg-size:cover;width:33.333333333333%;width:calc(33.333333333333% - ( ( 4% + 4% ) * 0.33333333333333 ) );margin-right: 4%;\"><div class=\"fusion-column-wrapper fusion-column-has-shadow fusion-flex-column-wrapper-legacy\"><div class=\"fusion-image-element fusion-image-align-center in-legacy-container\" style=\"text-align:center;--awb-max-width:200px;--awb-caption-title-font-family:var(--h2_typography-font-family);--awb-caption-title-font-weight:var(--h2_typography-font-weight);--awb-caption-title-font-style:var(--h2_typography-font-style);--awb-caption-title-size:var(--h2_typography-font-size);--awb-caption-title-transform:var(--h2_typography-text-transform);--awb-caption-title-line-height:var(--h2_typography-line-height);--awb-caption-title-letter-spacing:var(--h2_typography-letter-spacing);\"><div class=\"imageframe-align-center\"><span class=\" fusion-imageframe imageframe-none imageframe-8 hover-type-zoomin\"><a class=\"fusion-no-lightbox\" href=\"https:\/\/www.esplac.cat\/es\/projectes\/linies-pedagogiques\/\" target=\"_self\" aria-label=\"p3-1024&#215;866-\"><img decoding=\"async\" width=\"574\" height=\"574\" src=\"http:\/\/esplac.cat\/wp-content\/uploads\/2019\/10\/p3-1024x866-.png\" alt class=\"img-responsive wp-image-28890\" srcset=\"https:\/\/www.esplac.cat\/wp-content\/uploads\/2019\/10\/p3-1024x866--200x200.png 200w, https:\/\/www.esplac.cat\/wp-content\/uploads\/2019\/10\/p3-1024x866--400x400.png 400w, https:\/\/www.esplac.cat\/wp-content\/uploads\/2019\/10\/p3-1024x866-.png 574w\" sizes=\"(max-width: 800px) 100vw, 400px\" \/><\/a><\/span><\/div><\/div><div class=\"fusion-text fusion-text-10\"><h4 class=\"title-posts-archives\" style=\"text-align: center;\"><a href=\"\/projectes\/linies-pedagogiques\/\"><strong>L\u00ednies pedag\u00f2giques<\/strong><\/a><\/h4>\n<p style=\"text-align: center;\">Volem crear un marc de refer\u00e8ncia sobre diversos temes educatius que ens ajudin a desenvolupar i consolidar un discurs educatiu potent i transformador.<\/p>\n<\/div><div class=\"fusion-clearfix\"><\/div><\/div><\/div><div class=\"fusion-layout-column fusion_builder_column fusion-builder-column-9 fusion_builder_column_1_3 1_3 fusion-one-third fusion-column-last\" style=\"--awb-bg-size:cover;width:33.333333333333%;width:calc(33.333333333333% - ( ( 4% + 4% ) * 0.33333333333333 ) );\"><div class=\"fusion-column-wrapper fusion-column-has-shadow fusion-flex-column-wrapper-legacy\"><div class=\"fusion-image-element fusion-image-align-center in-legacy-container\" style=\"text-align:center;--awb-max-width:200px;--awb-caption-title-font-family:var(--h2_typography-font-family);--awb-caption-title-font-weight:var(--h2_typography-font-weight);--awb-caption-title-font-style:var(--h2_typography-font-style);--awb-caption-title-size:var(--h2_typography-font-size);--awb-caption-title-transform:var(--h2_typography-text-transform);--awb-caption-title-line-height:var(--h2_typography-line-height);--awb-caption-title-letter-spacing:var(--h2_typography-letter-spacing);\"><div class=\"imageframe-align-center\"><span class=\" fusion-imageframe imageframe-none imageframe-9 hover-type-zoomin\"><a class=\"fusion-no-lightbox\" href=\"https:\/\/www.esplac.cat\/es\/projectes\/infancia-esplaiada\/\" target=\"_self\" aria-label=\"p6-1024&#215;866-\"><img decoding=\"async\" width=\"574\" height=\"574\" src=\"http:\/\/esplac.cat\/wp-content\/uploads\/2019\/10\/p6-1024x866-.png\" alt class=\"img-responsive wp-image-28886\" srcset=\"https:\/\/www.esplac.cat\/wp-content\/uploads\/2019\/10\/p6-1024x866--200x200.png 200w, https:\/\/www.esplac.cat\/wp-content\/uploads\/2019\/10\/p6-1024x866--400x400.png 400w, https:\/\/www.esplac.cat\/wp-content\/uploads\/2019\/10\/p6-1024x866-.png 574w\" sizes=\"(max-width: 800px) 100vw, 400px\" \/><\/a><\/span><\/div><\/div><div class=\"fusion-text fusion-text-11\"><h4 class=\"title-posts-archives\" style=\"text-align: center;\" data-fontsize=\"23\" data-lineheight=\"29\"><strong><a href=\"\/projectes\/infancia-esplaiada\/\">Inf\u00e0ncia i Esplaiada<\/a><\/strong><\/h4>\n<p style=\"text-align: center;\">Volem fer educaci\u00f3 des del respecte i la cura per l&#8217;infant, potenciant la seva autonomia i garantint la seva plena participaci\u00f3, fent de l&#8217;Esplaiada la culminaci\u00f3 d&#8217;aquest projecte.<\/p>\n<\/div><div class=\"fusion-clearfix\"><\/div><\/div><\/div><div class=\"fusion-layout-column fusion_builder_column fusion-builder-column-10 fusion_builder_column_1_3 1_3 fusion-one-third fusion-column-first\" style=\"--awb-bg-size:cover;width:33.333333333333%;width:calc(33.333333333333% - ( ( 4% + 4% ) * 0.33333333333333 ) );margin-right: 4%;\"><div class=\"fusion-column-wrapper fusion-column-has-shadow fusion-flex-column-wrapper-legacy\"><div class=\"fusion-image-element fusion-image-align-center in-legacy-container\" style=\"text-align:center;--awb-max-width:200px;--awb-caption-title-font-family:var(--h2_typography-font-family);--awb-caption-title-font-weight:var(--h2_typography-font-weight);--awb-caption-title-font-style:var(--h2_typography-font-style);--awb-caption-title-size:var(--h2_typography-font-size);--awb-caption-title-transform:var(--h2_typography-text-transform);--awb-caption-title-line-height:var(--h2_typography-line-height);--awb-caption-title-letter-spacing:var(--h2_typography-letter-spacing);\"><div class=\"imageframe-align-center\"><span class=\" fusion-imageframe imageframe-none imageframe-10 hover-type-zoomin\"><a class=\"fusion-no-lightbox\" href=\"https:\/\/www.esplac.cat\/es\/projectes\/inclusio-diversitat\/\" target=\"_self\" aria-label=\"p4-1024&#215;866-\"><img decoding=\"async\" width=\"574\" height=\"574\" src=\"http:\/\/esplac.cat\/wp-content\/uploads\/2019\/10\/p4-1024x866-.png\" alt class=\"img-responsive wp-image-28887\" srcset=\"https:\/\/www.esplac.cat\/wp-content\/uploads\/2019\/10\/p4-1024x866--200x200.png 200w, https:\/\/www.esplac.cat\/wp-content\/uploads\/2019\/10\/p4-1024x866--400x400.png 400w, https:\/\/www.esplac.cat\/wp-content\/uploads\/2019\/10\/p4-1024x866-.png 574w\" sizes=\"(max-width: 800px) 100vw, 400px\" \/><\/a><\/span><\/div><\/div><div class=\"fusion-text fusion-text-12\"><h4 class=\"title-posts-archives\" style=\"text-align: center;\" data-fontsize=\"23\" data-lineheight=\"29\"><strong><a href=\"http:\/\/esplac.cat\/projectes\/inclusio-diversitat\/\">Inclusi\u00f3 i diversitat<\/a><\/strong><\/h4>\n<p style=\"text-align: center;\">Vetllem perqu\u00e8 els esplais siguin espais inclusius i fomentar, aix\u00ed, una major diversitat en el s\u00ed dels esplais.<\/p>\n<\/div><div class=\"fusion-clearfix\"><\/div><\/div><\/div><div class=\"fusion-layout-column fusion_builder_column fusion-builder-column-11 fusion_builder_column_1_3 1_3 fusion-one-third\" style=\"--awb-bg-size:cover;width:33.333333333333%;width:calc(33.333333333333% - ( ( 4% + 4% ) * 0.33333333333333 ) );margin-right: 4%;\"><div class=\"fusion-column-wrapper fusion-column-has-shadow fusion-flex-column-wrapper-legacy\"><div class=\"fusion-image-element fusion-image-align-center in-legacy-container\" style=\"text-align:center;--awb-max-width:200px;--awb-caption-title-font-family:var(--h2_typography-font-family);--awb-caption-title-font-weight:var(--h2_typography-font-weight);--awb-caption-title-font-style:var(--h2_typography-font-style);--awb-caption-title-size:var(--h2_typography-font-size);--awb-caption-title-transform:var(--h2_typography-text-transform);--awb-caption-title-line-height:var(--h2_typography-line-height);--awb-caption-title-letter-spacing:var(--h2_typography-letter-spacing);\"><div class=\"imageframe-align-center\"><span class=\" fusion-imageframe imageframe-none imageframe-11 hover-type-zoomin\"><a class=\"fusion-no-lightbox\" href=\"https:\/\/www.esplac.cat\/projectes\/locals-i-territori\/\" target=\"_self\" aria-label=\"Logos highlights insta + Pasti\u0301s agenda 2021-22 (2)\"><img decoding=\"async\" width=\"300\" height=\"300\" src=\"https:\/\/www.esplac.cat\/wp-content\/uploads\/2021\/12\/Logos-highlights-insta-Pasti\u0301s-agenda-2021-22-2-300x300.png\" alt class=\"img-responsive wp-image-38374\" srcset=\"https:\/\/www.esplac.cat\/wp-content\/uploads\/2021\/12\/Logos-highlights-insta-Pasti\u0301s-agenda-2021-22-2-200x200.png 200w, https:\/\/www.esplac.cat\/wp-content\/uploads\/2021\/12\/Logos-highlights-insta-Pasti\u0301s-agenda-2021-22-2-400x400.png 400w, https:\/\/www.esplac.cat\/wp-content\/uploads\/2021\/12\/Logos-highlights-insta-Pasti\u0301s-agenda-2021-22-2.png 540w\" sizes=\"(max-width: 800px) 100vw, 300px\" \/><\/a><\/span><\/div><\/div><div class=\"fusion-text fusion-text-13\"><h4 class=\"title-posts-archives\" style=\"text-align: center;\" data-fontsize=\"23\" data-lineheight=\"29\"><strong><a href=\"https:\/\/www.esplac.cat\/projectes\/locals-i-territori\">Locals i territori<\/a><\/strong><\/h4>\n<p style=\"text-align: center;\">Treballem per aconseguir que <strong>nous esplais<\/strong> se sumin als sectors m\u00e9s petits d&#8217;Esplac i per <strong>incrementar la pres\u00e8ncia d&#8217;esplais<\/strong> laics arreu el territori catal\u00e0. Tamb\u00e9, es vol treballar per <strong>millorar l&#8217;acc\u00e9s i les condicions dels locals<\/strong> dels esplais d&#8217;Esplac.<\/p>\n<\/div><div class=\"fusion-clearfix\"><\/div><\/div><\/div><div class=\"fusion-layout-column fusion_builder_column fusion-builder-column-12 fusion_builder_column_1_3 1_3 fusion-one-third fusion-column-last\" style=\"--awb-bg-size:cover;width:33.333333333333%;width:calc(33.333333333333% - ( ( 4% + 4% ) * 0.33333333333333 ) );\"><div class=\"fusion-column-wrapper fusion-column-has-shadow fusion-flex-column-wrapper-legacy\"><div class=\"fusion-image-element fusion-image-align-center in-legacy-container\" style=\"text-align:center;--awb-max-width:200px;--awb-caption-title-font-family:var(--h2_typography-font-family);--awb-caption-title-font-weight:var(--h2_typography-font-weight);--awb-caption-title-font-style:var(--h2_typography-font-style);--awb-caption-title-size:var(--h2_typography-font-size);--awb-caption-title-transform:var(--h2_typography-text-transform);--awb-caption-title-line-height:var(--h2_typography-line-height);--awb-caption-title-letter-spacing:var(--h2_typography-letter-spacing);\"><div class=\"imageframe-align-center\"><span class=\" fusion-imageframe imageframe-none imageframe-12 hover-type-zoomin\"><a class=\"fusion-no-lightbox\" href=\"https:\/\/www.esplac.cat\/projectes\/relleu\/\" target=\"_self\" aria-label=\"2\"><img decoding=\"async\" width=\"300\" height=\"300\" src=\"https:\/\/www.esplac.cat\/wp-content\/uploads\/2021\/12\/2-1-300x300.png\" alt class=\"img-responsive wp-image-38368\" srcset=\"https:\/\/www.esplac.cat\/wp-content\/uploads\/2021\/12\/2-1-200x200.png 200w, https:\/\/www.esplac.cat\/wp-content\/uploads\/2021\/12\/2-1-400x400.png 400w, https:\/\/www.esplac.cat\/wp-content\/uploads\/2021\/12\/2-1-600x600.png 600w, https:\/\/www.esplac.cat\/wp-content\/uploads\/2021\/12\/2-1-800x800.png 800w, https:\/\/www.esplac.cat\/wp-content\/uploads\/2021\/12\/2-1.png 1080w\" sizes=\"(max-width: 800px) 100vw, 300px\" \/><\/a><\/span><\/div><\/div><div class=\"fusion-text fusion-text-14\"><h4 class=\"title-posts-archives\" style=\"text-align: center;\" data-fontsize=\"23\" data-lineheight=\"29\"><strong><a href=\"https:\/\/www.esplac.cat\/projectes\/\">Relleu<\/a><\/strong><\/h4>\n<p style=\"text-align: center;\"><span style=\"font-weight: 300;\">El relleu \u00e9s un dels principals engranatges que permet el funcionament de l\u2019esplai. Cal posar el focus en com es fa el relleu als esplais i a Esplac i <strong>garantir que la roda del relleu no s\u2019atura<\/strong>.<\/span><\/p>\n<\/div><div class=\"fusion-clearfix\"><\/div><\/div><\/div><\/div><\/div><div class=\"fusion-fullwidth fullwidth-box fusion-builder-row-5 nonhundred-percent-fullwidth non-hundred-percent-height-scrolling\" style=\"--awb-border-radius-top-left:0px;--awb-border-radius-top-right:0px;--awb-border-radius-bottom-right:0px;--awb-border-radius-bottom-left:0px;--awb-margin-bottom:40px;--awb-flex-wrap:wrap;\" ><div class=\"fusion-builder-row fusion-row\"><div class=\"fusion-layout-column fusion_builder_column fusion-builder-column-13 fusion_builder_column_1_1 1_1 fusion-one-full fusion-column-first fusion-column-last\" style=\"--awb-bg-size:cover;--awb-margin-bottom:0px;\"><div class=\"fusion-column-wrapper fusion-column-has-shadow fusion-flex-column-wrapper-legacy\"><div class=\"fusion-text fusion-text-15\"><h3 style=\"text-align: left;\"><strong><span class=\"titol-g\">Projectes dels anys anteriors<\/span><\/strong><\/h3>\n<\/div><div class=\"fusion-sep-clear\"><\/div><div class=\"fusion-separator fusion-full-width-sep\" style=\"margin-left: auto;margin-right: auto;margin-bottom:15px;width:100%;\"><\/div><div class=\"fusion-sep-clear\"><\/div><div class=\"fusion-clearfix\"><\/div><\/div><\/div><div class=\"fusion-layout-column fusion_builder_column fusion-builder-column-14 fusion_builder_column_1_4 1_4 fusion-one-fourth fusion-column-first fusion-column-inner-bg-wrapper\" style=\"--awb-inner-bg-size:cover;width:25%;width:calc(25% - ( ( 4% + 4% + 4% ) * 0.25 ) );margin-right: 4%;\"><span class=\"fusion-column-inner-bg hover-type-none\"><a class=\"fusion-column-anchor\" href=\"https:\/\/www.esplac.cat\/projectes\/curs-20-21\/\"><span class=\"fusion-column-inner-bg-image\"><\/span><\/a><\/span><div class=\"fusion-column-wrapper fusion-column-has-shadow fusion-flex-column-wrapper-legacy\"><div class=\"fusion-image-element fusion-image-align-center in-legacy-container\" style=\"text-align:center;--awb-max-width:150px;--awb-caption-title-font-family:var(--h2_typography-font-family);--awb-caption-title-font-weight:var(--h2_typography-font-weight);--awb-caption-title-font-style:var(--h2_typography-font-style);--awb-caption-title-size:var(--h2_typography-font-size);--awb-caption-title-transform:var(--h2_typography-text-transform);--awb-caption-title-line-height:var(--h2_typography-line-height);--awb-caption-title-letter-spacing:var(--h2_typography-letter-spacing);\"><div class=\"imageframe-align-center\"><span class=\" fusion-imageframe imageframe-none imageframe-13 hover-type-none\"><a class=\"fusion-no-lightbox\" href=\"https:\/\/www.esplac.cat\/projectes\/curs-19-20\/\" target=\"_blank\" aria-label=\"project-icon-1-\" rel=\"noopener noreferrer\"><img decoding=\"async\" width=\"200\" height=\"200\" src=\"https:\/\/www.esplac.cat\/wp-content\/uploads\/2020\/01\/project-icon-1-.png\" alt class=\"img-responsive wp-image-30015\" srcset=\"https:\/\/www.esplac.cat\/wp-content\/uploads\/2020\/01\/project-icon-1--66x66.png 66w, https:\/\/www.esplac.cat\/wp-content\/uploads\/2020\/01\/project-icon-1--150x150.png 150w, https:\/\/www.esplac.cat\/wp-content\/uploads\/2020\/01\/project-icon-1-.png 200w\" sizes=\"(max-width: 200px) 100vw, 200px\" \/><\/a><\/span><\/div><\/div><div class=\"fusion-sep-clear\"><\/div><div class=\"fusion-separator fusion-full-width-sep\" style=\"margin-left: auto;margin-right: auto;margin-bottom:15px;width:100%;\"><\/div><div class=\"fusion-sep-clear\"><\/div><div class=\"fusion-text fusion-text-16\"><h5 style=\"text-align: center;\"><strong>2020-21<\/strong><\/h5>\n<\/div><div class=\"fusion-clearfix\"><\/div><\/div><\/div><div class=\"fusion-layout-column fusion_builder_column fusion-builder-column-15 fusion_builder_column_1_4 1_4 fusion-one-fourth fusion-column-inner-bg-wrapper\" style=\"--awb-inner-bg-size:cover;width:25%;width:calc(25% - ( ( 4% + 4% + 4% ) * 0.25 ) );margin-right: 4%;\"><span class=\"fusion-column-inner-bg hover-type-none\"><a class=\"fusion-column-anchor\" href=\"https:\/\/www.esplac.cat\/projectes\/curs-19-20\/\"><span class=\"fusion-column-inner-bg-image\"><\/span><\/a><\/span><div class=\"fusion-column-wrapper fusion-column-has-shadow fusion-flex-column-wrapper-legacy\"><div class=\"fusion-image-element fusion-image-align-center in-legacy-container\" style=\"text-align:center;--awb-max-width:150px;--awb-caption-title-font-family:var(--h2_typography-font-family);--awb-caption-title-font-weight:var(--h2_typography-font-weight);--awb-caption-title-font-style:var(--h2_typography-font-style);--awb-caption-title-size:var(--h2_typography-font-size);--awb-caption-title-transform:var(--h2_typography-text-transform);--awb-caption-title-line-height:var(--h2_typography-line-height);--awb-caption-title-letter-spacing:var(--h2_typography-letter-spacing);\"><div class=\"imageframe-align-center\"><span class=\" fusion-imageframe imageframe-none imageframe-14 hover-type-none\"><a class=\"fusion-no-lightbox\" href=\"https:\/\/www.esplac.cat\/projectes\/curs-19-20\/\" target=\"_blank\" aria-label=\"project-icon-1-\" rel=\"noopener noreferrer\"><img decoding=\"async\" width=\"200\" height=\"200\" src=\"https:\/\/www.esplac.cat\/wp-content\/uploads\/2020\/01\/project-icon-1-.png\" alt class=\"img-responsive wp-image-30015\" srcset=\"https:\/\/www.esplac.cat\/wp-content\/uploads\/2020\/01\/project-icon-1--66x66.png 66w, https:\/\/www.esplac.cat\/wp-content\/uploads\/2020\/01\/project-icon-1--150x150.png 150w, https:\/\/www.esplac.cat\/wp-content\/uploads\/2020\/01\/project-icon-1-.png 200w\" sizes=\"(max-width: 200px) 100vw, 200px\" \/><\/a><\/span><\/div><\/div><div class=\"fusion-sep-clear\"><\/div><div class=\"fusion-separator fusion-full-width-sep\" style=\"margin-left: auto;margin-right: auto;margin-bottom:15px;width:100%;\"><\/div><div class=\"fusion-sep-clear\"><\/div><div class=\"fusion-text fusion-text-17\"><h5 style=\"text-align: center;\"><strong>2019-20<\/strong><\/h5>\n<\/div><div class=\"fusion-clearfix\"><\/div><\/div><\/div><div class=\"fusion-layout-column fusion_builder_column fusion-builder-column-16 fusion_builder_column_1_4 1_4 fusion-one-fourth fusion-column-inner-bg-wrapper\" style=\"--awb-inner-bg-size:cover;width:25%;width:calc(25% - ( ( 4% + 4% + 4% ) * 0.25 ) );margin-right: 4%;\"><span class=\"fusion-column-inner-bg hover-type-none\"><a class=\"fusion-column-anchor\" href=\"https:\/\/www.esplac.cat\/es\/?page_id=29272\"><span class=\"fusion-column-inner-bg-image\"><\/span><\/a><\/span><div class=\"fusion-column-wrapper fusion-column-has-shadow fusion-flex-column-wrapper-legacy\"><div class=\"fusion-image-element fusion-image-align-center in-legacy-container\" style=\"text-align:center;--awb-max-width:150px;--awb-caption-title-font-family:var(--h2_typography-font-family);--awb-caption-title-font-weight:var(--h2_typography-font-weight);--awb-caption-title-font-style:var(--h2_typography-font-style);--awb-caption-title-size:var(--h2_typography-font-size);--awb-caption-title-transform:var(--h2_typography-text-transform);--awb-caption-title-line-height:var(--h2_typography-line-height);--awb-caption-title-letter-spacing:var(--h2_typography-letter-spacing);\"><div class=\"imageframe-align-center\"><span class=\" fusion-imageframe imageframe-none imageframe-15 hover-type-none\"><a class=\"fusion-no-lightbox\" href=\"https:\/\/www.esplac.cat\/es\/?page_id=29272\" target=\"_blank\" aria-label=\"project-icon-1-\" rel=\"noopener noreferrer\"><img decoding=\"async\" width=\"200\" height=\"200\" src=\"https:\/\/www.esplac.cat\/wp-content\/uploads\/2020\/01\/project-icon-1-.png\" alt class=\"img-responsive wp-image-30015\" srcset=\"https:\/\/www.esplac.cat\/wp-content\/uploads\/2020\/01\/project-icon-1--66x66.png 66w, https:\/\/www.esplac.cat\/wp-content\/uploads\/2020\/01\/project-icon-1--150x150.png 150w, https:\/\/www.esplac.cat\/wp-content\/uploads\/2020\/01\/project-icon-1-.png 200w\" sizes=\"(max-width: 200px) 100vw, 200px\" \/><\/a><\/span><\/div><\/div><div class=\"fusion-sep-clear\"><\/div><div class=\"fusion-separator fusion-full-width-sep\" style=\"margin-left: auto;margin-right: auto;margin-bottom:15px;width:100%;\"><\/div><div class=\"fusion-sep-clear\"><\/div><div class=\"fusion-text fusion-text-18\"><h5 style=\"text-align: center;\"><strong>2018-19<\/strong><\/h5>\n<\/div><div class=\"fusion-clearfix\"><\/div><\/div><\/div><div class=\"fusion-layout-column fusion_builder_column fusion-builder-column-17 fusion_builder_column_1_4 1_4 fusion-one-fourth fusion-column-last fusion-column-inner-bg-wrapper\" style=\"--awb-inner-bg-size:cover;width:25%;width:calc(25% - ( ( 4% + 4% + 4% ) * 0.25 ) );\"><span class=\"fusion-column-inner-bg hover-type-none\"><a class=\"fusion-column-anchor\" href=\"esplac.cat\/projectes-18-19\"><span class=\"fusion-column-inner-bg-image\"><\/span><\/a><\/span><div class=\"fusion-column-wrapper fusion-column-has-shadow fusion-flex-column-wrapper-legacy\"><div class=\"fusion-clearfix\"><\/div><\/div><\/div><\/div><\/div><div class=\"fusion-fullwidth fullwidth-box fusion-builder-row-6 fusion-flex-container nonhundred-percent-fullwidth non-hundred-percent-height-scrolling\" style=\"--awb-border-radius-top-left:0px;--awb-border-radius-top-right:0px;--awb-border-radius-bottom-right:0px;--awb-border-radius-bottom-left:0px;--awb-padding-top:30px;--awb-background-color:#ededed;--awb-flex-wrap:wrap;\" ><\/div>\n<\/p>\n","protected":false},"excerpt":{"rendered":"","protected":false},"author":1,"featured_media":0,"parent":28088,"menu_order":0,"comment_status":"closed","ping_status":"closed","template":"100-width.php","meta":{"om_disable_all_campaigns":false,"_monsterinsights_skip_tracking":false,"_monsterinsights_sitenote_active":false,"_monsterinsights_sitenote_note":"","_monsterinsights_sitenote_category":0,"_uf_show_specific_survey":0,"_uf_disable_surveys":false,"footnotes":""},"class_list":["post-43041","page","type-page","status-publish","hentry"],"yoast_head":"<!-- This site is optimized with the Yoast SEO plugin v27.4 - https:\/\/yoast.com\/product\/yoast-seo-wordpress\/ -->\n<title>Projectes - Esplac<\/title>\n<meta name=\"robots\" content=\"index, follow, max-snippet:-1, max-image-preview:large, max-video-preview:-1\" \/>\n<link rel=\"canonical\" href=\"https:\/\/www.esplac.cat\/es\/projectes-3\/\" \/>\n<meta property=\"og:locale\" content=\"es_ES\" \/>\n<meta property=\"og:type\" content=\"article\" \/>\n<meta property=\"og:title\" content=\"Projectes - Esplac\" \/>\n<meta property=\"og:url\" content=\"https:\/\/www.esplac.cat\/es\/projectes-3\/\" \/>\n<meta property=\"og:site_name\" content=\"Esplac\" \/>\n<meta property=\"article:modified_time\" content=\"2023-01-26T11:00:46+00:00\" \/>\n<meta property=\"og:image\" content=\"https:\/\/www.esplac.cat\/wp-content\/uploads\/2019\/11\/logo-open.jpg\" \/>\n\t<meta property=\"og:image:width\" content=\"1200\" \/>\n\t<meta property=\"og:image:height\" content=\"630\" \/>\n\t<meta property=\"og:image:type\" content=\"image\/jpeg\" \/>\n<meta name=\"twitter:card\" content=\"summary_large_image\" \/>\n<meta name=\"twitter:label1\" content=\"Tiempo de lectura\" \/>\n\t<meta name=\"twitter:data1\" content=\"18 minutos\" \/>\n<script type=\"application\/ld+json\" class=\"yoast-schema-graph\">{\"@context\":\"https:\\\/\\\/schema.org\",\"@graph\":[{\"@type\":\"WebPage\",\"@id\":\"https:\\\/\\\/www.esplac.cat\\\/es\\\/projectes-3\\\/\",\"url\":\"https:\\\/\\\/www.esplac.cat\\\/es\\\/projectes-3\\\/\",\"name\":\"Projectes - Esplac\",\"isPartOf\":{\"@id\":\"https:\\\/\\\/www.esplac.cat\\\/#website\"},\"datePublished\":\"2019-08-06T17:50:31+00:00\",\"dateModified\":\"2023-01-26T11:00:46+00:00\",\"breadcrumb\":{\"@id\":\"https:\\\/\\\/www.esplac.cat\\\/es\\\/projectes-3\\\/#breadcrumb\"},\"inLanguage\":\"es\",\"potentialAction\":[{\"@type\":\"ReadAction\",\"target\":[\"https:\\\/\\\/www.esplac.cat\\\/es\\\/projectes-3\\\/\"]}]},{\"@type\":\"BreadcrumbList\",\"@id\":\"https:\\\/\\\/www.esplac.cat\\\/es\\\/projectes-3\\\/#breadcrumb\",\"itemListElement\":[{\"@type\":\"ListItem\",\"position\":1,\"name\":\"Inici\",\"item\":\"https:\\\/\\\/www.esplac.cat\\\/es\\\/\"},{\"@type\":\"ListItem\",\"position\":2,\"name\":\"Projectes\"}]},{\"@type\":\"WebSite\",\"@id\":\"https:\\\/\\\/www.esplac.cat\\\/#website\",\"url\":\"https:\\\/\\\/www.esplac.cat\\\/\",\"name\":\"Esplac\",\"description\":\"Esplais Catalans\",\"publisher\":{\"@id\":\"https:\\\/\\\/www.esplac.cat\\\/#organization\"},\"potentialAction\":[{\"@type\":\"SearchAction\",\"target\":{\"@type\":\"EntryPoint\",\"urlTemplate\":\"https:\\\/\\\/www.esplac.cat\\\/?s={search_term_string}\"},\"query-input\":{\"@type\":\"PropertyValueSpecification\",\"valueRequired\":true,\"valueName\":\"search_term_string\"}}],\"inLanguage\":\"es\"},{\"@type\":\"Organization\",\"@id\":\"https:\\\/\\\/www.esplac.cat\\\/#organization\",\"name\":\"Esplac\",\"url\":\"https:\\\/\\\/www.esplac.cat\\\/\",\"logo\":{\"@type\":\"ImageObject\",\"inLanguage\":\"es\",\"@id\":\"https:\\\/\\\/www.esplac.cat\\\/#\\\/schema\\\/logo\\\/image\\\/\",\"url\":\"https:\\\/\\\/www.esplac.cat\\\/wp-content\\\/uploads\\\/2019\\\/08\\\/logox2.png\",\"contentUrl\":\"https:\\\/\\\/www.esplac.cat\\\/wp-content\\\/uploads\\\/2019\\\/08\\\/logox2.png\",\"width\":600,\"height\":295,\"caption\":\"Esplac\"},\"image\":{\"@id\":\"https:\\\/\\\/www.esplac.cat\\\/#\\\/schema\\\/logo\\\/image\\\/\"}}]}<\/script>\n<!-- \/ Yoast SEO plugin. -->","yoast_head_json":{"title":"Projectes - Esplac","robots":{"index":"index","follow":"follow","max-snippet":"max-snippet:-1","max-image-preview":"max-image-preview:large","max-video-preview":"max-video-preview:-1"},"canonical":"https:\/\/www.esplac.cat\/es\/projectes-3\/","og_locale":"es_ES","og_type":"article","og_title":"Projectes - Esplac","og_url":"https:\/\/www.esplac.cat\/es\/projectes-3\/","og_site_name":"Esplac","article_modified_time":"2023-01-26T11:00:46+00:00","og_image":[{"width":1200,"height":630,"url":"https:\/\/www.esplac.cat\/wp-content\/uploads\/2019\/11\/logo-open.jpg","type":"image\/jpeg"}],"twitter_card":"summary_large_image","twitter_misc":{"Tiempo de lectura":"18 minutos"},"schema":{"@context":"https:\/\/schema.org","@graph":[{"@type":"WebPage","@id":"https:\/\/www.esplac.cat\/es\/projectes-3\/","url":"https:\/\/www.esplac.cat\/es\/projectes-3\/","name":"Projectes - Esplac","isPartOf":{"@id":"https:\/\/www.esplac.cat\/#website"},"datePublished":"2019-08-06T17:50:31+00:00","dateModified":"2023-01-26T11:00:46+00:00","breadcrumb":{"@id":"https:\/\/www.esplac.cat\/es\/projectes-3\/#breadcrumb"},"inLanguage":"es","potentialAction":[{"@type":"ReadAction","target":["https:\/\/www.esplac.cat\/es\/projectes-3\/"]}]},{"@type":"BreadcrumbList","@id":"https:\/\/www.esplac.cat\/es\/projectes-3\/#breadcrumb","itemListElement":[{"@type":"ListItem","position":1,"name":"Inici","item":"https:\/\/www.esplac.cat\/es\/"},{"@type":"ListItem","position":2,"name":"Projectes"}]},{"@type":"WebSite","@id":"https:\/\/www.esplac.cat\/#website","url":"https:\/\/www.esplac.cat\/","name":"Esplac","description":"Esplais Catalans","publisher":{"@id":"https:\/\/www.esplac.cat\/#organization"},"potentialAction":[{"@type":"SearchAction","target":{"@type":"EntryPoint","urlTemplate":"https:\/\/www.esplac.cat\/?s={search_term_string}"},"query-input":{"@type":"PropertyValueSpecification","valueRequired":true,"valueName":"search_term_string"}}],"inLanguage":"es"},{"@type":"Organization","@id":"https:\/\/www.esplac.cat\/#organization","name":"Esplac","url":"https:\/\/www.esplac.cat\/","logo":{"@type":"ImageObject","inLanguage":"es","@id":"https:\/\/www.esplac.cat\/#\/schema\/logo\/image\/","url":"https:\/\/www.esplac.cat\/wp-content\/uploads\/2019\/08\/logox2.png","contentUrl":"https:\/\/www.esplac.cat\/wp-content\/uploads\/2019\/08\/logox2.png","width":600,"height":295,"caption":"Esplac"},"image":{"@id":"https:\/\/www.esplac.cat\/#\/schema\/logo\/image\/"}}]}},"_links":{"self":[{"href":"https:\/\/www.esplac.cat\/es\/wp-json\/wp\/v2\/pages\/43041","targetHints":{"allow":["GET"]}}],"collection":[{"href":"https:\/\/www.esplac.cat\/es\/wp-json\/wp\/v2\/pages"}],"about":[{"href":"https:\/\/www.esplac.cat\/es\/wp-json\/wp\/v2\/types\/page"}],"author":[{"embeddable":true,"href":"https:\/\/www.esplac.cat\/es\/wp-json\/wp\/v2\/users\/1"}],"replies":[{"embeddable":true,"href":"https:\/\/www.esplac.cat\/es\/wp-json\/wp\/v2\/comments?post=43041"}],"version-history":[{"count":0,"href":"https:\/\/www.esplac.cat\/es\/wp-json\/wp\/v2\/pages\/43041\/revisions"}],"up":[{"embeddable":true,"href":"https:\/\/www.esplac.cat\/es\/wp-json\/wp\/v2\/pages\/28088"}],"wp:attachment":[{"href":"https:\/\/www.esplac.cat\/es\/wp-json\/wp\/v2\/media?parent=43041"}],"curies":[{"name":"wp","href":"https:\/\/api.w.org\/{rel}","templated":true}]}}