{"id":47616,"date":"2023-10-16T10:03:33","date_gmt":"2023-10-16T08:03:33","guid":{"rendered":"https:\/\/www.esplac.cat\/capsules-formatives-cataleg-3\/"},"modified":"2023-10-16T10:03:33","modified_gmt":"2023-10-16T08:03:33","slug":"capsules-formatives-cataleg-3","status":"publish","type":"page","link":"https:\/\/www.esplac.cat\/es\/capsules-formatives-cataleg-3\/","title":{"rendered":"Cat\u00e0leg formatiu Marta Mata"},"content":{"rendered":"<p><div class=\"fusion-fullwidth fullwidth-box fusion-builder-row-1 fusion-flex-container nonhundred-percent-fullwidth non-hundred-percent-height-scrolling\" style=\"--awb-border-radius-top-left:0px;--awb-border-radius-top-right:0px;--awb-border-radius-bottom-right:0px;--awb-border-radius-bottom-left:0px;--awb-margin-top:0px;--awb-flex-wrap:wrap;\" ><div class=\"fusion-builder-row fusion-row fusion-flex-align-items-flex-start fusion-flex-content-wrap\" style=\"max-width:1248px;margin-left: calc(-4% \/ 2 );margin-right: calc(-4% \/ 2 );\"><div class=\"fusion-layout-column fusion_builder_column fusion-builder-column-0 fusion_builder_column_1_1 1_1 fusion-flex-column\" style=\"--awb-bg-size:cover;--awb-width-large:100%;--awb-margin-top-large:0px;--awb-spacing-right-large:1.92%;--awb-margin-bottom-large:0px;--awb-spacing-left-large:1.92%;--awb-width-medium:100%;--awb-spacing-right-medium:1.92%;--awb-spacing-left-medium:1.92%;--awb-width-small:100%;--awb-spacing-right-small:1.92%;--awb-spacing-left-small:1.92%;\"><div class=\"fusion-column-wrapper fusion-column-has-shadow fusion-flex-justify-content-flex-start fusion-content-layout-column\"><div class=\"fusion-title title fusion-title-1 fusion-sep-none fusion-title-center fusion-title-text fusion-title-size-one\"><h1 class=\"fusion-title-heading title-heading-center fusion-responsive-typography-calculated\" style=\"margin:0;--fontSize:50;line-height:1.4;\"><strong>C\u00e0psules formatives<\/strong><\/h1><\/div><\/div><\/div><div class=\"fusion-layout-column fusion_builder_column fusion-builder-column-1 fusion_builder_column_1_1 1_1 fusion-flex-column\" style=\"--awb-bg-size:cover;--awb-width-large:100%;--awb-margin-top-large:0px;--awb-spacing-right-large:1.92%;--awb-margin-bottom-large:0px;--awb-spacing-left-large:1.92%;--awb-width-medium:100%;--awb-spacing-right-medium:1.92%;--awb-spacing-left-medium:1.92%;--awb-width-small:100%;--awb-spacing-right-small:1.92%;--awb-spacing-left-small:1.92%;\"><div class=\"fusion-column-wrapper fusion-column-has-shadow fusion-flex-justify-content-flex-start fusion-content-layout-column\"><div class=\"fusion-text fusion-text-1\" style=\"--awb-text-transform:none;\"><p style=\"text-align: center;\">Els esplais d&#8217;Esplac podeu demanar una c\u00e0psula formativa de l&#8217;Escola Lliure el Sol cada any de manera gratu\u00efta (subvencionada per Esplac). Les c\u00e0psules formatives s\u00f3n formacions sobre una tem\u00e0tica concreta que podeu treballar amb el vostre equip de monis o amb monis d\u2019altres equips.<\/p>\n<\/div><\/div><\/div><div class=\"fusion-layout-column fusion_builder_column fusion-builder-column-2 fusion_builder_column_1_2 1_2 fusion-flex-column\" style=\"--awb-bg-size:cover;--awb-width-large:50%;--awb-margin-top-large:0px;--awb-spacing-right-large:3.84%;--awb-margin-bottom-large:0px;--awb-spacing-left-large:3.84%;--awb-width-medium:100%;--awb-spacing-right-medium:1.92%;--awb-spacing-left-medium:1.92%;--awb-width-small:100%;--awb-spacing-right-small:1.92%;--awb-spacing-left-small:1.92%;\"><div class=\"fusion-column-wrapper fusion-column-has-shadow fusion-flex-justify-content-flex-start fusion-content-layout-column\"><div class=\"fusion-text fusion-text-2\" style=\"--awb-text-transform:none;\"><p><img decoding=\"async\" class=\"alignnone wp-image-47512 size-full\" src=\"https:\/\/www.esplac.cat\/wp-content\/uploads\/2023\/10\/52748312947_62f23d558e_c.jpg\" alt=\"\" width=\"799\" height=\"533\" srcset=\"https:\/\/www.esplac.cat\/wp-content\/uploads\/2023\/10\/52748312947_62f23d558e_c-200x133.jpg 200w, https:\/\/www.esplac.cat\/wp-content\/uploads\/2023\/10\/52748312947_62f23d558e_c-300x200.jpg 300w, https:\/\/www.esplac.cat\/wp-content\/uploads\/2023\/10\/52748312947_62f23d558e_c-400x267.jpg 400w, https:\/\/www.esplac.cat\/wp-content\/uploads\/2023\/10\/52748312947_62f23d558e_c-600x400.jpg 600w, https:\/\/www.esplac.cat\/wp-content\/uploads\/2023\/10\/52748312947_62f23d558e_c-768x512.jpg 768w, https:\/\/www.esplac.cat\/wp-content\/uploads\/2023\/10\/52748312947_62f23d558e_c.jpg 799w\" sizes=\"(max-width: 799px) 100vw, 799px\" \/><\/p>\n<\/div><\/div><\/div><div class=\"fusion-layout-column fusion_builder_column fusion-builder-column-3 fusion_builder_column_1_2 1_2 fusion-flex-column\" style=\"--awb-bg-size:cover;--awb-width-large:50%;--awb-margin-top-large:0px;--awb-spacing-right-large:3.84%;--awb-margin-bottom-large:19px;--awb-spacing-left-large:3.84%;--awb-width-medium:100%;--awb-spacing-right-medium:1.92%;--awb-spacing-left-medium:1.92%;--awb-width-small:100%;--awb-spacing-right-small:1.92%;--awb-spacing-left-small:1.92%;\"><div class=\"fusion-column-wrapper fusion-column-has-shadow fusion-flex-justify-content-flex-start fusion-content-layout-column\"><div class=\"fusion-text fusion-text-3\" style=\"--awb-text-transform:none;\"><p><strong>COM LA DEMANEM?<\/strong><\/p>\n<ul>\n<li>Poseu-vos en contacte amb la vostra Coordinadora de Projectes del Sector (CPS) per fer la demanda (m\u00ednim dos mesos d&#8217;antelaci\u00f3).<\/li>\n<li>El m\u00ednim requerit s\u00f3n 10 persones per les formacions d&#8217;esplai i 15 les de sector.<\/li>\n<\/ul>\n<p>En aquesta p\u00e0gina trobareu totes les c\u00e0psules definides i organitzades per tem\u00e0tica.<\/p>\n<\/div><div class=\"fusion-text fusion-text-4\" style=\"--awb-text-transform:none;\"><blockquote>\n<p>Teniu la informaci\u00f3 detallada sobre les c\u00e0psules per esplai i sector i l&#8217;explicaci\u00f3 de com demanar-lesen el document llarg del <span style=\"color: #ff9900;\"><strong><a style=\"color: #ff9900;\" href=\"https:\/\/www.esplac.cat\/wp-content\/uploads\/2023\/10\/Cataleg-Marta-Mata-2023.pdf\" target=\"_blank\" rel=\"noopener noreferrer\">Cat\u00e0leg Marta Mata<\/a><\/strong><\/span>.<\/p>\n<\/blockquote>\n<\/div><\/div><\/div><div class=\"fusion-layout-column fusion_builder_column fusion-builder-column-4 fusion_builder_column_1_1 1_1 fusion-flex-column\" style=\"--awb-padding-top:16px;--awb-bg-size:cover;--awb-width-large:100%;--awb-margin-top-large:0px;--awb-spacing-right-large:1.92%;--awb-margin-bottom-large:0px;--awb-spacing-left-large:1.92%;--awb-width-medium:100%;--awb-spacing-right-medium:1.92%;--awb-spacing-left-medium:1.92%;--awb-width-small:100%;--awb-spacing-right-small:1.92%;--awb-spacing-left-small:1.92%;\"><div class=\"fusion-column-wrapper fusion-column-has-shadow fusion-flex-justify-content-flex-start fusion-content-layout-column\"><div class=\"fusion-text fusion-text-5\"><h3 style=\"text-align: left;\"><strong>INDEX INTERACTIU<\/strong><\/h3>\n<\/div><\/div><\/div><div class=\"fusion-layout-column fusion_builder_column fusion-builder-column-5 fusion_builder_column_1_2 1_2 fusion-flex-column\" style=\"--awb-bg-size:cover;--awb-width-large:50%;--awb-margin-top-large:0px;--awb-spacing-right-large:3.84%;--awb-margin-bottom-large:20px;--awb-spacing-left-large:3.84%;--awb-width-medium:100%;--awb-spacing-right-medium:1.92%;--awb-spacing-left-medium:1.92%;--awb-width-small:100%;--awb-spacing-right-small:1.92%;--awb-spacing-left-small:1.92%;\"><div class=\"fusion-column-wrapper fusion-column-has-shadow fusion-flex-justify-content-flex-start fusion-content-layout-column\"><div class=\"fusion-text fusion-text-6\"><h4 style=\"padding-left: 40px;\"><a href=\"#A\">a. M\u00e8tode Pedag\u00f2gic<\/a><\/h4>\n<h4 style=\"padding-left: 40px;\"><a href=\"#B\">b. Participaci\u00f3 i treball en xarxa<\/a><\/h4>\n<h4 style=\"padding-left: 40px;\"><a href=\"#C\">c. Pensament cr\u00edtic i intercultural<\/a><\/h4>\n<h4 style=\"padding-left: 40px;\"><a href=\"#D\">d. Inclusi\u00f3 i diversitat<\/a><\/h4>\n<h4 style=\"padding-left: 40px;\"><a href=\"#E\">e. Feminismes<\/a><\/h4>\n<\/div><\/div><\/div><div class=\"fusion-layout-column fusion_builder_column fusion-builder-column-6 fusion_builder_column_1_2 1_2 fusion-flex-column\" style=\"--awb-bg-size:cover;--awb-width-large:50%;--awb-margin-top-large:0px;--awb-spacing-right-large:3.84%;--awb-margin-bottom-large:20px;--awb-spacing-left-large:3.84%;--awb-width-medium:100%;--awb-spacing-right-medium:1.92%;--awb-spacing-left-medium:1.92%;--awb-width-small:100%;--awb-spacing-right-small:1.92%;--awb-spacing-left-small:1.92%;\"><div class=\"fusion-column-wrapper fusion-column-has-shadow fusion-flex-justify-content-flex-start fusion-content-layout-column\"><div class=\"fusion-text fusion-text-7\"><h4 style=\"padding-left: 40px;\"><a href=\"#F\">f.<\/a><a href=\"#F\"> Educaci\u00f3 ecosocial i just\u00edcia clim\u00e0tica<\/a><\/h4>\n<h4 style=\"padding-left: 40px;\"><a href=\"#G\">g. Salut<\/a><\/h4>\n<h4 style=\"padding-left: 40px;\"><a href=\"#H\">h.<\/a><a href=\"#H\"> Equips<\/a><\/h4>\n<h4 style=\"padding-left: 40px;\"><a href=\"#I\">i. <\/a><a href=\"#I\">Planificaci\u00f3 estrat\u00e8gica<\/a><\/h4>\n<h4 style=\"padding-left: 40px;\"><a href=\"#J\">j. <\/a><a href=\"#J\">Economia social i solid\u00e0ria<\/a><\/h4>\n<\/div><\/div><\/div><div class=\"fusion-layout-column fusion_builder_column fusion-builder-column-7 fusion_builder_column_1_1 1_1 fusion-flex-column\" style=\"--awb-bg-size:cover;--awb-width-large:100%;--awb-margin-top-large:0px;--awb-spacing-right-large:1.92%;--awb-margin-bottom-large:20px;--awb-spacing-left-large:1.92%;--awb-width-medium:100%;--awb-spacing-right-medium:1.92%;--awb-spacing-left-medium:1.92%;--awb-width-small:100%;--awb-spacing-right-small:1.92%;--awb-spacing-left-small:1.92%;\"><div class=\"fusion-column-wrapper fusion-column-has-shadow fusion-flex-justify-content-flex-start fusion-content-layout-column\"><div class=\"fusion-text fusion-text-8\"><\/div><\/div><\/div><\/div><\/div><div id=\"A\" class=\"fusion-container-anchor\"><div class=\"fusion-fullwidth fullwidth-box fusion-builder-row-2 fusion-flex-container nonhundred-percent-fullwidth non-hundred-percent-height-scrolling\" style=\"--awb-border-radius-top-left:0px;--awb-border-radius-top-right:0px;--awb-border-radius-bottom-right:0px;--awb-border-radius-bottom-left:0px;--awb-padding-right:0px;--awb-padding-left:0px;--awb-flex-wrap:wrap;\" ><div class=\"fusion-builder-row fusion-row fusion-flex-align-items-flex-start fusion-flex-content-wrap\" style=\"max-width:1248px;margin-left: calc(-4% \/ 2 );margin-right: calc(-4% \/ 2 );\"><div class=\"fusion-layout-column fusion_builder_column fusion-builder-column-8 fusion_builder_column_1_1 1_1 fusion-flex-column\" style=\"--awb-bg-size:cover;--awb-width-large:100%;--awb-margin-top-large:0px;--awb-spacing-right-large:1.92%;--awb-margin-bottom-large:20px;--awb-spacing-left-large:1.92%;--awb-width-medium:100%;--awb-spacing-right-medium:1.92%;--awb-spacing-left-medium:1.92%;--awb-width-small:100%;--awb-spacing-right-small:1.92%;--awb-spacing-left-small:1.92%;\"><div class=\"fusion-column-wrapper fusion-column-has-shadow fusion-flex-justify-content-flex-start fusion-content-layout-column\"><div class=\"fusion-tabs fusion-tabs-1 classic nav-is-justified horizontal-tabs icon-position-left mobile-mode-accordion\" style=\"--awb-title-border-radius-top-left:0px;--awb-title-border-radius-top-right:0px;--awb-title-border-radius-bottom-right:0px;--awb-title-border-radius-bottom-left:0px;--awb-inactive-color:#ebeaea;--awb-background-color:#ffffff;--awb-border-color:#ebeaea;--awb-active-border-color:#f69d0b;\"><div class=\"nav\"><ul class=\"nav-tabs nav-justified\" role=\"tablist\"><li class=\"active\" role=\"presentation\"><a class=\"tab-link\" data-toggle=\"tab\" role=\"tab\" aria-controls=\"tab-ae6f39f29b9db72cf5f\" aria-selected=\"true\" id=\"fusion-tab-a.m\u00c8todepedag\u00d2gic\" href=\"#tab-ae6f39f29b9db72cf5f\"><h4 class=\"fusion-tab-heading\">A. M\u00c8TODE PEDAG\u00d2GIC<\/h4><\/a><\/li><\/ul><\/div><div class=\"tab-content\"><div class=\"nav fusion-mobile-tab-nav\"><ul class=\"nav-tabs nav-justified\" role=\"tablist\"><li class=\"active\" role=\"presentation\"><a class=\"tab-link\" data-toggle=\"tab\" role=\"tab\" aria-controls=\"tab-ae6f39f29b9db72cf5f\" aria-selected=\"true\" id=\"mobile-fusion-tab-a.m\u00c8todepedag\u00d2gic\" href=\"#tab-ae6f39f29b9db72cf5f\"><h4 class=\"fusion-tab-heading\">A. M\u00c8TODE PEDAG\u00d2GIC<\/h4><\/a><\/li><\/ul><\/div><div class=\"tab-pane fade fusion-clearfix in active\" role=\"tabpanel\" tabindex=\"0\" aria-labelledby=\"fusion-tab-a.m\u00c8todepedag\u00d2gic\" id=\"tab-ae6f39f29b9db72cf5f\">\n<div class=\"fusion-builder-row fusion-builder-row-inner fusion-row fusion-flex-align-items-flex-start fusion-flex-content-wrap\" style=\"width:104% !important;max-width:104% !important;margin-left: calc(-4% \/ 2 );margin-right: calc(-4% \/ 2 );\"><div class=\"fusion-text fusion-text-9\"><\/div><div class=\"accordian fusion-accordian\" style=\"--awb-border-size:0px;--awb-icon-size:13px;--awb-content-font-size:16px;--awb-icon-alignment:left;--awb-hover-color:#f9f9f9;--awb-border-color:#cccccc;--awb-background-color:#ffffff;--awb-divider-color:#f69d0b;--awb-divider-hover-color:#f69d0b;--awb-icon-color:#fff;--awb-title-color:#333333;--awb-content-color:#1e1e1e;--awb-icon-box-color:#333333;--awb-toggle-hover-accent-color:#f69d0b;--awb-title-font-family:&quot;Montserrat&quot;;--awb-title-font-weight:700;--awb-title-font-style:normal;--awb-content-font-family:&quot;Montserrat&quot;;--awb-content-font-style:normal;--awb-content-font-weight:400;\"><div class=\"panel-group fusion-toggle-icon-boxed\" id=\"accordion-47616-1\"><div class=\"fusion-panel panel-default panel-659cb1e9243b9af6e fusion-toggle-has-divider\"><div class=\"panel-heading\"><h4 class=\"panel-title toggle\" id=\"toggle_659cb1e9243b9af6e\"><a aria-expanded=\"false\" aria-controls=\"659cb1e9243b9af6e\" role=\"button\" data-toggle=\"collapse\" data-parent=\"#accordion-47616-1\" data-target=\"#659cb1e9243b9af6e\" href=\"#659cb1e9243b9af6e\"><span class=\"fusion-toggle-icon-wrapper\" aria-hidden=\"true\"><i class=\"fa-fusion-box active-icon awb-icon-minus\" aria-hidden=\"true\"><\/i><i class=\"fa-fusion-box inactive-icon awb-icon-plus\" aria-hidden=\"true\"><\/i><\/span><span class=\"fusion-toggle-heading\">1. El projecte educatiu: elaboraci\u00f3 i revisi\u00f3<\/span><\/a><\/h4><\/div><div id=\"659cb1e9243b9af6e\" class=\"panel-collapse collapse \" aria-labelledby=\"toggle_659cb1e9243b9af6e\"><div class=\"panel-body toggle-content fusion-clearfix\">\n<p>El projecte educatiu (PE) \u00e9s un document que inclou els trets d&#8217;identitat del centre, els principis pedag\u00f2gics, els principis organitzatius i el projecte ling\u00fc\u00edstic. En aquest document s&#8217;especifiquen els objectius i les prioritats d&#8217;actuaci\u00f3 de l\u2019entitat i serveix de base per totes les accions educatives. En aquesta c\u00e0psula es descriuran aquells aspectes necessaris per elaborar o revisar el projecte educatiu i es donaran eines per poder-ho fer de forma satisfact\u00f2ria.<\/p>\n<p><strong>Objectius<\/strong><\/p>\n<ul>\n<li>Comprendre la import\u00e0ncia del projecte educatiu en l\u2019entitat.<\/li>\n<li>Con\u00e8ixer l\u2019estructura del projecte educatiu \u2022 Adquirir eines per a la l\u2019elaboraci\u00f3 i avaluaci\u00f3 de projectes<\/li>\n<\/ul>\n<p><strong>Continguts<\/strong><\/p>\n<ul>\n<li>Conceptualitzaci\u00f3. El projecte educatiu.<\/li>\n<li>Principis pedag\u00f2gics.<\/li>\n<li>Estructura i elaboraci\u00f3.\n<ul>\n<li>Entorn Durada<\/li>\n<li>Objectius.<\/li>\n<li>Activitats i calendari.<\/li>\n<\/ul>\n<\/li>\n<li>L\u2019avaluaci\u00f3 del projecte<\/li>\n<li>Participaci\u00f3 i organitzaci\u00f3 en l\u2019elaboraci\u00f3 i revisi\u00f3 del projecte educatiu.<\/li>\n<li>Recursos i estrat\u00e8gies per a l\u2019elaboraci\u00f3 i la revisi\u00f3 del projecte educatiu.<\/li>\n<\/ul>\n<\/div><\/div><\/div><div class=\"fusion-panel panel-default panel-ab6d66ccbf3306ba1 fusion-toggle-has-divider\"><div class=\"panel-heading\"><h4 class=\"panel-title toggle\" id=\"toggle_ab6d66ccbf3306ba1\"><a aria-expanded=\"false\" aria-controls=\"ab6d66ccbf3306ba1\" role=\"button\" data-toggle=\"collapse\" data-parent=\"#accordion-47616-1\" data-target=\"#ab6d66ccbf3306ba1\" href=\"#ab6d66ccbf3306ba1\"><span class=\"fusion-toggle-icon-wrapper\" aria-hidden=\"true\"><i class=\"fa-fusion-box active-icon awb-icon-minus\" aria-hidden=\"true\"><\/i><i class=\"fa-fusion-box inactive-icon awb-icon-plus\" aria-hidden=\"true\"><\/i><\/span><span class=\"fusion-toggle-heading\">2. El m\u00e8tode escolta<\/span><\/a><\/h4><\/div><div id=\"ab6d66ccbf3306ba1\" class=\"panel-collapse collapse \" aria-labelledby=\"toggle_ab6d66ccbf3306ba1\"><div class=\"panel-body toggle-content fusion-clearfix\">\n<p>L\u2019escoltisme o m\u00e8tode escolta \u00e9s una proposta d\u2019educaci\u00f3 en el temps lliure que t\u00e9 com a missi\u00f3 contribuir a l\u2019educaci\u00f3 dels infants, adolescents i joves per tal de participar en la construcci\u00f3 d\u2019un m\u00f3n millor on les persones s\u2019autorealitzin com a individus i juguin un paper constructiu en la societat. L\u2019escoltisme que es basa en la Llei escolta, una proposta de valors comuna a l\u2019escoltisme arreu del m\u00f3n i la promesa, la invitaci\u00f3 personal a cada infant, adolescent o jove a comprometre\u2019s lliurement davant dels seus companys per treballar per ser millor persona.<\/p>\n<p><strong>Objectius<\/strong><\/p>\n<ul>\n<li>Familiaritzar-se amb la traject\u00f2ria i el moment actual del moviment escolta<\/li>\n<li>Con\u00e8ixer els pilars del m\u00e8tode escolta: la llei escolta i la promesa.<\/li>\n<li>Adquirir eines i recursos per aplicar el m\u00e8tode escolta a l\u2019entitat.<\/li>\n<\/ul>\n<p><strong>Continguts <\/strong><\/p>\n<ul>\n<li>Naixement i referents pedag\u00f2gics (Robert Baden-Powell).<\/li>\n<li>Els pilars del m\u00e8tode escolta:\n<ul>\n<li>La llei escolta o La promesa.<\/li>\n<li>L\u2019escoltisme a l\u2019entitat.<\/li>\n<li>Organitzaci\u00f3<\/li>\n<li>La pedagogia del projecte.<\/li>\n<\/ul>\n<\/li>\n<\/ul>\n<\/div><\/div><\/div><div class=\"fusion-panel panel-default panel-7fd83b06d21477856 fusion-toggle-has-divider\"><div class=\"panel-heading\"><h4 class=\"panel-title toggle\" id=\"toggle_7fd83b06d21477856\"><a aria-expanded=\"false\" aria-controls=\"7fd83b06d21477856\" role=\"button\" data-toggle=\"collapse\" data-parent=\"#accordion-47616-1\" data-target=\"#7fd83b06d21477856\" href=\"#7fd83b06d21477856\"><span class=\"fusion-toggle-icon-wrapper\" aria-hidden=\"true\"><i class=\"fa-fusion-box active-icon awb-icon-minus\" aria-hidden=\"true\"><\/i><i class=\"fa-fusion-box inactive-icon awb-icon-plus\" aria-hidden=\"true\"><\/i><\/span><span class=\"fusion-toggle-heading\">3. Eines i t\u00e8cniques did\u00e0ctiques<\/span><\/a><\/h4><\/div><div id=\"7fd83b06d21477856\" class=\"panel-collapse collapse \" aria-labelledby=\"toggle_7fd83b06d21477856\"><div class=\"panel-body toggle-content fusion-clearfix\">\n<div class=\"page\" title=\"Page 12\">\n<div class=\"layoutArea\">\n<div class=\"column\">\n<p>Les eines dida\u0300ctiques so\u0301n te\u0300cniques i activitats que ens ajuden a la nostra tasca educativa, a l\u2019hora de transmetre valors, treballar actituds i continguts o descobrir l\u2019entorn entre d\u2019altres. Existeixen moltes eines dida\u0300ctiques diferents: els jocs, el teatre, l\u2019excursionisme, l\u2019espiritualitat, els tallers, la mu\u0301sica, els cinefo\u0300rums&#8230; en aquesta ca\u0300psula coneixerem i aprendrem diferents eines per aplicar amb els infants i joves.<\/p>\n<\/div>\n<\/div>\n<\/div>\n<p><strong>Objectius<\/strong><\/p>\n<ul>\n<li>Con\u00e8ixer les principals eines did\u00e0ctiques<\/li>\n<li>Obtenir recursos i eines per treballar amb infants i joves<\/li>\n<\/ul>\n<p><strong>Continguts<\/strong><\/p>\n<ul>\n<li>Les eines dida\u0300ctiques a l&#8217;educacio\u0301 en el lleure\n<ul>\n<li>Diferents eines per a un mateix objectiu. Tipologies d&#8217;eines.<\/li>\n<\/ul>\n<\/li>\n<li>El conte com a eina educativa<\/li>\n<li>El centre d&#8217;intere\u0300s o eix d&#8217;animacio\u0301<\/li>\n<li>L&#8217;expressio\u0301 pla\u0300stica com a recurs pedago\u0300gic<\/li>\n<li>Expressio\u0301 Corporal: teatre, teatre de l&#8217;oprimit.<\/li>\n<li>La mu\u0301sica i les danses com a eina educativa i element de motivacio\u0301 i cohesio\u0301<\/li>\n<\/ul>\n<p>*<em>En fer la demanda caldra\u0300 especificar quina o quines (ma\u0300xim dues) eines dida\u0300ctiques voleu treballar.<\/em><\/p>\n<div class=\"fusion-panel panel-default panel-7fd83b06d21477856 fusion-toggle-has-divider\"><div class=\"panel-heading\"><h4 class=\"panel-title toggle\" id=\"toggle_7fd83b06d21477856\"><a aria-expanded=\"false\" aria-controls=\"7fd83b06d21477856\" role=\"button\" data-toggle=\"collapse\" data-parent=\"#accordion-47616-1\" data-target=\"#7fd83b06d21477856\" href=\"#7fd83b06d21477856\"><span class=\"fusion-toggle-icon-wrapper\" aria-hidden=\"true\"><i class=\"fa-fusion-box active-icon awb-icon-minus\" aria-hidden=\"true\"><\/i><i class=\"fa-fusion-box inactive-icon awb-icon-plus\" aria-hidden=\"true\"><\/i><\/span><span class=\"fusion-toggle-heading\">5. Alternatives al c\u00e0stig<\/span><\/a><\/h4><\/div><div id=\"7fd83b06d21477856\" class=\"panel-collapse collapse \" aria-labelledby=\"toggle_7fd83b06d21477856\"><div class=\"panel-body toggle-content fusion-clearfix\"><\/div><\/div><\/div>\n<p>Les alternatives al c\u00e0stig ens ajuden a la nostra tasca educativa, a l\u2019hora de transmetre valors, treballar actituds i relacionar-nos de manera agradable, coherent i des del vincle.<\/p>\n<p>Existeixen moltes reflexions darrere de la construcci\u00f3 d\u2019alternatives: la relaci\u00f3 entre fet i conseq\u00fc\u00e8ncia natural, el treball del vincle, la Comunici\u00f3 No Violenta&#8230; en aquesta c\u00e0psula coneixerem i aprendrem diferents eines per aplicar amb els infants i joves.<\/p>\n<p><strong>Objectius<\/strong><\/p>\n<ul>\n<li>Con\u00e8ixer la import\u00e0ncia de buscar una alternativa als c\u00e0stigs tradicionals.<\/li>\n<li>Reflexionar al voltant de la difer\u00e8ncia c\u00e0stig i conseq\u00fc\u00e8ncia.<\/li>\n<li>Reflexionar al voltant dels conceptes: l\u00edmits, vincle i coher\u00e8ncia.<\/li>\n<li>Descobrir els punts febles personals i fomentar el treball en equip.<\/li>\n<li>Obtenir recursos i eines per treballar amb infants i joves.<\/li>\n<\/ul>\n<p><strong>Continguts <\/strong><\/p>\n<ul>\n<li>La import\u00e0ncia de l\u2019alternativa al c\u00e0stig: Per qu\u00e8?<\/li>\n<li>Difer\u00e8ncia c\u00e0stig i conseq\u00fc\u00e8ncia: buscant la coher\u00e8ncia. Conceptes relacionats: o L\u00edmits. o Vincle.<\/li>\n<li>Activadors: all\u00f2 que ens posa a la defensiva o ens fa sentir desempoderades.<\/li>\n<li>El treball en equip.<\/li>\n<li>Recursos i eines per treballar amb infants i joves: Comunicaci\u00f3 NoViolenta.<\/li>\n<\/ul>\n<\/div><\/div><\/div><div class=\"fusion-panel panel-default panel-26458ed941c890488 fusion-toggle-has-divider\"><div class=\"panel-heading\"><h4 class=\"panel-title toggle\" id=\"toggle_26458ed941c890488\"><a aria-expanded=\"false\" aria-controls=\"26458ed941c890488\" role=\"button\" data-toggle=\"collapse\" data-parent=\"#accordion-47616-1\" data-target=\"#26458ed941c890488\" href=\"#26458ed941c890488\"><span class=\"fusion-toggle-icon-wrapper\" aria-hidden=\"true\"><i class=\"fa-fusion-box active-icon awb-icon-minus\" aria-hidden=\"true\"><\/i><i class=\"fa-fusion-box inactive-icon awb-icon-plus\" aria-hidden=\"true\"><\/i><\/span><span class=\"fusion-toggle-heading\">5. Excursionisme<\/span><\/a><\/h4><\/div><div id=\"26458ed941c890488\" class=\"panel-collapse collapse \" aria-labelledby=\"toggle_26458ed941c890488\"><div class=\"panel-body toggle-content fusion-clearfix\">\n<p>Anem d\u2019excursi\u00f3 amb la nostra entitat? Sabem planificar una ruta o travessa? Per qu\u00e8 pugem muntanyes? Com \u00e9s la relaci\u00f3 entre l\u2019associacionisme educatiu i l\u2019excursionisme? I, sobretot, com volem que sigui? L\u2019excursionisme ens permet sortir de la nostra zona de confort i no nom\u00e9s ens allunya de la contaminaci\u00f3 i ens obre la porta a paisatges que aprenem a estimar, sin\u00f3 que ens permet reconnectar, contemplar i prendre consci\u00e8ncia d\u2019all\u00f2 que ens envolta. Per\u00f2, tenim clar quins principis pedag\u00f2gics hi ha al darrere? I sabem tot el que hem de fer per organitzar una excursi\u00f3 interessant, adequada i segura?<\/p>\n<p><strong> Objectius:<\/strong><\/p>\n<ul>\n<li>Con\u00e8ixer les possibilitats i oportunitats de l\u2019excursionisme com a eina did\u00e0ctica<\/li>\n<li>Reflexionar sobre la relaci\u00f3 entre l\u2019associacionisme educatiu i l\u2019excursionisme<\/li>\n<li>Aprendre a planificar una excursi\u00f3.<\/li>\n<li>Adquirir t\u00e8cniques de seguretat i orientaci\u00f3 a la muntanya<\/li>\n<\/ul>\n<p><strong>Continguts: <\/strong><\/p>\n<ul>\n<li>L\u2019associacionisme educatiu i l\u2019excursionisme. Per qu\u00e8 caminem?<\/li>\n<li>L\u2019educaci\u00f3 ambiental durant les excursions i sortides. La descoberta de l\u2019entorn natural.<\/li>\n<li>Planificaci\u00f3 d\u2019una excursi\u00f3. Qu\u00e8 cal tenir en compte?<\/li>\n<li>Tipologia d\u2019excursions i d\u2019activitats a l\u2019entorn natural.<\/li>\n<li>T\u00e8cniques d\u2019orientaci\u00f3. El mapa, la br\u00faixola i recursos tecnol\u00f2gics.<\/li>\n<li>Seguretat a la muntanya. Gesti\u00f3 del risc.<\/li>\n<li>Recursos per planificar una excursi\u00f3. Anem preparats, Guia de Rutes.<\/li>\n<\/ul>\n<\/div><\/div><\/div><\/div><\/div><\/div>\n<\/div><\/div><\/div><\/div><\/div><\/div><\/div><\/div><div class=\"fusion-fullwidth fullwidth-box fusion-builder-row-3 fusion-flex-container nonhundred-percent-fullwidth non-hundred-percent-height-scrolling\" style=\"--awb-border-radius-top-left:0px;--awb-border-radius-top-right:0px;--awb-border-radius-bottom-right:0px;--awb-border-radius-bottom-left:0px;--awb-flex-wrap:wrap;\" ><div class=\"fusion-builder-row fusion-row fusion-flex-align-items-flex-start fusion-flex-content-wrap\" style=\"max-width:1248px;margin-left: calc(-4% \/ 2 );margin-right: calc(-4% \/ 2 );\"><div class=\"fusion-layout-column fusion_builder_column fusion-builder-column-9 fusion_builder_column_1_1 1_1 fusion-flex-column\" style=\"--awb-bg-size:cover;--awb-width-large:100%;--awb-margin-top-large:0px;--awb-spacing-right-large:1.92%;--awb-margin-bottom-large:20px;--awb-spacing-left-large:1.92%;--awb-width-medium:100%;--awb-spacing-right-medium:1.92%;--awb-spacing-left-medium:1.92%;--awb-width-small:100%;--awb-spacing-right-small:1.92%;--awb-spacing-left-small:1.92%;\"><div class=\"fusion-column-wrapper fusion-column-has-shadow fusion-flex-justify-content-flex-start fusion-content-layout-column\"><div class=\"fusion-tabs fusion-tabs-2 classic nav-is-justified horizontal-tabs icon-position-left mobile-mode-accordion\" style=\"--awb-title-border-radius-top-left:0px;--awb-title-border-radius-top-right:0px;--awb-title-border-radius-bottom-right:0px;--awb-title-border-radius-bottom-left:0px;--awb-inactive-color:#ebeaea;--awb-background-color:#ffffff;--awb-border-color:#ebeaea;--awb-active-border-color:#f69d0b;\"><div class=\"nav\"><ul class=\"nav-tabs nav-justified\" role=\"tablist\"><li class=\"active\" role=\"presentation\"><a class=\"tab-link\" data-toggle=\"tab\" role=\"tab\" aria-controls=\"tab-8e4f9c6605c98a6e6d6\" aria-selected=\"true\" id=\"fusion-tab-b.participaci\u00d3itreballenxarxa\" href=\"#tab-8e4f9c6605c98a6e6d6\"><h4 class=\"fusion-tab-heading\">B. PARTICIPACI\u00d3 I TREBALL EN XARXA<\/h4><\/a><\/li><\/ul><\/div><div class=\"tab-content\"><div class=\"nav fusion-mobile-tab-nav\"><ul class=\"nav-tabs nav-justified\" role=\"tablist\"><li class=\"active\" role=\"presentation\"><a class=\"tab-link\" data-toggle=\"tab\" role=\"tab\" aria-controls=\"tab-8e4f9c6605c98a6e6d6\" aria-selected=\"true\" id=\"mobile-fusion-tab-b.participaci\u00d3itreballenxarxa\" href=\"#tab-8e4f9c6605c98a6e6d6\"><h4 class=\"fusion-tab-heading\">B. PARTICIPACI\u00d3 I TREBALL EN XARXA<\/h4><\/a><\/li><\/ul><\/div><div class=\"tab-pane fade fusion-clearfix in active\" role=\"tabpanel\" tabindex=\"0\" aria-labelledby=\"fusion-tab-b.participaci\u00d3itreballenxarxa\" id=\"tab-8e4f9c6605c98a6e6d6\">\n<div class=\"fusion-builder-row fusion-builder-row-inner fusion-row fusion-flex-align-items-flex-start fusion-flex-content-wrap\" style=\"width:104% !important;max-width:104% !important;margin-left: calc(-4% \/ 2 );margin-right: calc(-4% \/ 2 );\"><div class=\"fusion-text fusion-text-10\"><\/div><div class=\"accordian fusion-accordian\" style=\"--awb-border-size:0px;--awb-icon-size:13px;--awb-content-font-size:16px;--awb-icon-alignment:left;--awb-hover-color:#f9f9f9;--awb-border-color:#cccccc;--awb-background-color:#ffffff;--awb-divider-color:#f69d0b;--awb-divider-hover-color:#f69d0b;--awb-icon-color:#fff;--awb-title-color:#333333;--awb-content-color:#1e1e1e;--awb-icon-box-color:#333333;--awb-toggle-hover-accent-color:#f69d0b;--awb-title-font-family:&quot;Montserrat&quot;;--awb-title-font-weight:700;--awb-title-font-style:normal;--awb-content-font-family:&quot;Montserrat&quot;;--awb-content-font-style:normal;--awb-content-font-weight:400;\"><div class=\"panel-group fusion-toggle-icon-boxed\" id=\"accordion-47616-2\"><div class=\"fusion-panel panel-default panel-5e1a1fd78aa0be421 fusion-toggle-has-divider\"><div class=\"panel-heading\"><h4 class=\"panel-title toggle\" id=\"toggle_5e1a1fd78aa0be421\"><a aria-expanded=\"false\" aria-controls=\"5e1a1fd78aa0be421\" role=\"button\" data-toggle=\"collapse\" data-parent=\"#accordion-47616-2\" data-target=\"#5e1a1fd78aa0be421\" href=\"#5e1a1fd78aa0be421\"><span class=\"fusion-toggle-icon-wrapper\" aria-hidden=\"true\"><i class=\"fa-fusion-box active-icon awb-icon-minus\" aria-hidden=\"true\"><\/i><i class=\"fa-fusion-box inactive-icon awb-icon-plus\" aria-hidden=\"true\"><\/i><\/span><span class=\"fusion-toggle-heading\">6. Eduquem en la participaci\u00f3 i fomentem l'assemblearisme infantil<\/span><\/a><\/h4><\/div><div id=\"5e1a1fd78aa0be421\" class=\"panel-collapse collapse \" aria-labelledby=\"toggle_5e1a1fd78aa0be421\"><div class=\"panel-body toggle-content fusion-clearfix\">\n<div class=\"page\" title=\"Page 14\">\n<div class=\"layoutArea\">\n<div class=\"column\">\n<p>Aquesta formacio\u0301 parteix d\u2019una cri\u0301tica a l\u2019adultcentrisme per a fer una introduccio\u0301 a les diferents maneres d&#8217;entendre la participacio\u0301 infantil, les condicions perque\u0300 es doni i els diferents models per mesurar-la, aixi\u0301 com metodologies i estrate\u0300gies per treballar-la. Es fa un e\u0300mfasi en l\u2019assemblearisme infantil com a espai de participacio\u0301 per excel\u00b7le\u0300ncia dels infants a les entitats. Tambe\u0301 es reflexiona sobre les relacions en els contextos educatius des de la perspectiva de la participacio\u0301 viscuda des d&#8217;un mateix i en el context del grup.<\/p>\n<\/div>\n<\/div>\n<\/div>\n<p><strong>Objectius<\/strong><\/p>\n<div class=\"page\" title=\"Page 14\">\n<div class=\"layoutArea\">\n<div class=\"column\">\n<ul>\n<li>Introduir els conceptes d\u2019adultcentrisme i participacio\u0301, aixi\u0301 com els aspectes que l\u2019envolten.<\/li>\n<li>Analitzar les possibilitats participatives de la pro\u0300pia entitat.<\/li>\n<li>Dissenyar estrate\u0300gies i oferir eines i recursos pel foment de la participacio\u0301, centrant-se en l\u2019assemblearisme infantil.<\/li>\n<\/ul>\n<\/div>\n<\/div>\n<\/div>\n<p><strong>Continguts<\/strong>:<\/p>\n<div class=\"page\" title=\"Page 14\">\n<div class=\"layoutArea\">\n<div class=\"column\">\n<ul>\n<li>Conceptualitzacio\u0301. Definicions d\u2019adultcentrisme i de participacio\u0301. L\u2019escala de participacio\u0301.<\/li>\n<li>Les protagonistes de la participacio\u0301 en el context de l\u2019educacio\u0301 en el lleure.<\/li>\n<li>Estrate\u0300gies: treball per projectes i participacio\u0301, autonomia i responsabilitzacio\u0301 progressiva en funcio\u0301 de les edats.<\/li>\n<li>Assemblearisme infantil: una escola de ciutadania i un espai de creixement personal.<\/li>\n<li>Bones pra\u0300ctiques, debats i tensions al voltant de la participacio\u0301 infantil.<\/li>\n<\/ul>\n<\/div>\n<\/div>\n<\/div>\n<\/div><\/div><\/div><div class=\"fusion-panel panel-default panel-07422a704d28be20c fusion-toggle-has-divider\"><div class=\"panel-heading\"><h4 class=\"panel-title toggle\" id=\"toggle_07422a704d28be20c\"><a aria-expanded=\"false\" aria-controls=\"07422a704d28be20c\" role=\"button\" data-toggle=\"collapse\" data-parent=\"#accordion-47616-2\" data-target=\"#07422a704d28be20c\" href=\"#07422a704d28be20c\"><span class=\"fusion-toggle-icon-wrapper\" aria-hidden=\"true\"><i class=\"fa-fusion-box active-icon awb-icon-minus\" aria-hidden=\"true\"><\/i><i class=\"fa-fusion-box inactive-icon awb-icon-plus\" aria-hidden=\"true\"><\/i><\/span><span class=\"fusion-toggle-heading\">7. Treball amb adolescents<\/span><\/a><\/h4><\/div><div id=\"07422a704d28be20c\" class=\"panel-collapse collapse \" aria-labelledby=\"toggle_07422a704d28be20c\"><div class=\"panel-body toggle-content fusion-clearfix\">\n<p>L&#8217;adolesc\u00e8ncia \u00e9s l&#8217;etapa vital de la transici\u00f3 de la vida com a infant a la vida adulta. Implica, necess\u00e0riament, canvis i inestabilitat. Els i les adolescents estan immersos en la recerca d&#8217;una nova identitat i del sentit de la seva exist\u00e8ncia.<\/p>\n<p>El treball educatiu amb joves i adolescents suposa tot un repte pels equips educadors. La capacitat que tinguin de donar respostes a les necessitats d&#8217;aquesta etapa vital, i la capacitat de mantenir a algun d&#8217;aquest joves en el projecte, per continuar-lo, s\u00f3n dos dels pilars claus a trav\u00e9s dels quals hauran de moure&#8217;s els monitors i monitores amb la seva proposta educativa.<\/p>\n<p>Amb aquesta proposta formativa donem les eines te\u00f2riques i pr\u00e0ctiques perqu\u00e8 els equips pugin fer aquest acompanyament educatiu als seus adolescents.<\/p>\n<p><strong>Objectius<\/strong><\/p>\n<ul>\n<li>Con\u00e8ixer els conceptes b\u00e0sics relacionats amb l&#8217;adolesc\u00e8ncia.<\/li>\n<li>Elaborar estrat\u00e8gies i oferir recursos per treballar amb adolescents.<\/li>\n<li>Prendre consci\u00e8ncia de la import\u00e0ncia que tenen els adolescents en les nostres entitats pel que fa el relleu generacional.<\/li>\n<li>Dissenyar estrat\u00e8gies per treballar amb adolescents en els contextos de l\u2019educaci\u00f3 en el lleure.<\/li>\n<\/ul>\n<p><strong>Continguts <\/strong><\/p>\n<ul>\n<li>Conceptualitzaci\u00f3: adolesc\u00e8ncia, autonomia, psicologia evolutiva, necessitats i interessos, motivacions i emocions.<\/li>\n<li>Trets psicol\u00f2gics i sociol\u00f2gics de l&#8217;adolesc\u00e8ncia, comen\u00e7ant pel record de la pr\u00f2pia adolesc\u00e8ncia i acabant per la caracteritzaci\u00f3 de la poblaci\u00f3 amb la que es treballa o es vol treballar.<\/li>\n<li>An\u00e0lisi de la metodologia de treball a l&#8217;esplai en relaci\u00f3 a l\u2019adolesc\u00e8ncia .<\/li>\n<li>Metodologies i eines per treballar amb adolescents. Difusi\u00f3 dels recursos pedag\u00f2gics existents per treballar amb aquesta franja d\u2019edat.<\/li>\n<\/ul>\n<\/div><\/div><\/div><div class=\"fusion-panel panel-default panel-621ae3eecfa4bfd9c fusion-toggle-has-divider\"><div class=\"panel-heading\"><h4 class=\"panel-title toggle\" id=\"toggle_621ae3eecfa4bfd9c\"><a aria-expanded=\"false\" aria-controls=\"621ae3eecfa4bfd9c\" role=\"button\" data-toggle=\"collapse\" data-parent=\"#accordion-47616-2\" data-target=\"#621ae3eecfa4bfd9c\" href=\"#621ae3eecfa4bfd9c\"><span class=\"fusion-toggle-icon-wrapper\" aria-hidden=\"true\"><i class=\"fa-fusion-box active-icon awb-icon-minus\" aria-hidden=\"true\"><\/i><i class=\"fa-fusion-box inactive-icon awb-icon-plus\" aria-hidden=\"true\"><\/i><\/span><span class=\"fusion-toggle-heading\">8. Com entenem el compromi\u0301s? Participacio\u0301 i cures col\u00b7lectives<\/span><\/a><\/h4><\/div><div id=\"621ae3eecfa4bfd9c\" class=\"panel-collapse collapse \" aria-labelledby=\"toggle_621ae3eecfa4bfd9c\"><div class=\"panel-body toggle-content fusion-clearfix\">\n<div class=\"page\" title=\"Page 15\">\n<div class=\"layoutArea\">\n<div class=\"column\">\n<p>L\u2019esse\u0300ncia de les entitats de base volunta\u0300ria e\u0301s la participacio\u0301. Les integrants dels equips de monis, caps i casaleres destinen part del seu temps a assumir diferents tasques i d\u2019aquesta manera tiren endavant el projecte. Pero\u0300 garantir la participacio\u0301 no e\u0301s senzill, i menys en un context marcat per la precarietat juvenil, l\u2019augment dels problemes de salut mental, la falta de temps, les plurimilita\u0300ncies&#8230; Com entenem el compromi\u0301s i com podem fomentar-lo de manera sostenible per a tothom que forma part de l\u2019entitat? Com tenim en compte les necessitats individuals i col\u00b7lectives? I de quina manera incorporem les cures i la dimensio\u0301 emocional en aquests processos? Aquesta ca\u0300psula posa sobre la taula els reptes del compromi\u0301s en contextos associatius per generar un espai de reflexio\u0301 entre les persones volunta\u0300ries d\u2019entitats.<\/p>\n<\/div>\n<\/div>\n<\/div>\n<p><strong>Objectius<\/strong><\/p>\n<div class=\"page\" title=\"Page 15\">\n<div class=\"layoutArea\">\n<div class=\"column\">\n<ul>\n<li>Promoure la reflexio\u0301 sobre el compromi\u0301s a l\u2019entitat.<\/li>\n<li>Facilitar eines per millorar la participacio\u0301 interna a l\u2019entitat, tenint en compte les necessitats individuals i col\u00b7lectives.<\/li>\n<li>Incorporar una mirada de cures en els processos participatius a l\u2019entitat.<\/li>\n<\/ul>\n<\/div>\n<\/div>\n<\/div>\n<p><strong>Continguts<\/strong><\/p>\n<div class=\"page\" title=\"Page 16\">\n<div class=\"layoutArea\">\n<div class=\"column\">\n<ul>\n<li>Ana\u0300lisi del context de participacio\u0301 a l\u2019entitat:\n<ul>\n<li>Com entenem el voluntariat?<\/li>\n<li>Que\u0300 ens fa participar? Motivacio\u0301, vincles, compromi\u0301s.<\/li>\n<li>Que\u0300 dificulta la participacio\u0301? Temps, recursos, necessitats individuals.<\/li>\n<\/ul>\n<\/li>\n<li>Compromi\u0301s a l\u2019entitat\n<ul>\n<li>Definicions i debats.<\/li>\n<li>Necessitats individuals vs necessitats col\u00b7lectives.<\/li>\n<li>Foment del compromi\u0301s sostenible.<\/li>\n<\/ul>\n<\/li>\n<li>Eines de participacio\u0301\n<ul>\n<li>Espais i canals de participacio\u0301.<\/li>\n<li>Transpare\u0300ncia, comunicacio\u0301 interna i relleu.<\/li>\n<li>Incorporem les cures.<\/li>\n<\/ul>\n<\/li>\n<\/ul>\n<\/div>\n<\/div>\n<\/div>\n<\/div><\/div><\/div><div class=\"fusion-panel panel-default panel-21f688f1ead0e0505 fusion-toggle-has-divider\"><div class=\"panel-heading\"><h4 class=\"panel-title toggle\" id=\"toggle_21f688f1ead0e0505\"><a aria-expanded=\"false\" aria-controls=\"21f688f1ead0e0505\" role=\"button\" data-toggle=\"collapse\" data-parent=\"#accordion-47616-2\" data-target=\"#21f688f1ead0e0505\" href=\"#21f688f1ead0e0505\"><span class=\"fusion-toggle-icon-wrapper\" aria-hidden=\"true\"><i class=\"fa-fusion-box active-icon awb-icon-minus\" aria-hidden=\"true\"><\/i><i class=\"fa-fusion-box inactive-icon awb-icon-plus\" aria-hidden=\"true\"><\/i><\/span><span class=\"fusion-toggle-heading\">9. Assemblearisme. Organitzaci\u00f3 i gesti\u00f3 de l\u2019assemblea<\/span><\/a><\/h4><\/div><div id=\"21f688f1ead0e0505\" class=\"panel-collapse collapse \" aria-labelledby=\"toggle_21f688f1ead0e0505\"><div class=\"panel-body toggle-content fusion-clearfix\">\n<p>Tenim clar que som assemble\u00e0ries i que el m\u00e0xim \u00f2rgan de presa de decisions \u00e9s l\u2019assemblea ho tenim molt clar. Per\u00f2 com prenem els acords? Qui prepara les assemblees? L\u2019assemblea \u00e9s un espai de debat on es pot parlar de tot? Tothom t\u00e9 la possibilitat de dir-hi la seva? S\u00f3n \u00fatils les hores dedicades a l\u2019assemblea?<\/p>\n<p>En aquesta formaci\u00f3 coneixerem eines I estrat\u00e8gies per fer facilitar la presa de decisions en assemblea I per planificar reunions \u00fatils pel projecte.<\/p>\n<p><strong>Objectius<\/strong><\/p>\n<ul>\n<li>Donar una visi\u00f3 \u00e0mplia de l\u2019assemblea i les m\u00faltiples formes que pot adoptar.<\/li>\n<li>Donar eines per promoure la participaci\u00f3 activa dels i les membres.<\/li>\n<li>Treballar la preparaci\u00f3 d\u2019una assemblea en funci\u00f3 dels temes a treballar.<\/li>\n<\/ul>\n<p><strong>Continguts <\/strong><\/p>\n<ul>\n<li>L\u2019assemblea com a espai de participaci\u00f3<\/li>\n<li>Tipus de reunions I assemblees<\/li>\n<li>Estructura:\n<ul>\n<li>L\u2019ordre del Dia<\/li>\n<li>L\u2019Acta<\/li>\n<\/ul>\n<\/li>\n<li>Mecanismes de presa de decisions<\/li>\n<li>Dinamitzaci\u00f3:\n<ul>\n<li>Rols: moderaci\u00f3 \/ control del temps \/ secretari\/a\u2026<\/li>\n<\/ul>\n<\/li>\n<li>Eines per a promoure la participaci\u00f3<\/li>\n<\/ul>\n<\/div><\/div><\/div><div class=\"fusion-panel panel-default panel-fd1199bc0853b7468 fusion-toggle-has-divider\"><div class=\"panel-heading\"><h4 class=\"panel-title toggle\" id=\"toggle_fd1199bc0853b7468\"><a aria-expanded=\"false\" aria-controls=\"fd1199bc0853b7468\" role=\"button\" data-toggle=\"collapse\" data-parent=\"#accordion-47616-2\" data-target=\"#fd1199bc0853b7468\" href=\"#fd1199bc0853b7468\"><span class=\"fusion-toggle-icon-wrapper\" aria-hidden=\"true\"><i class=\"fa-fusion-box active-icon awb-icon-minus\" aria-hidden=\"true\"><\/i><i class=\"fa-fusion-box inactive-icon awb-icon-plus\" aria-hidden=\"true\"><\/i><\/span><span class=\"fusion-toggle-heading\">10. Aprendre a debatre. Com fer reunions eficients<\/span><\/a><\/h4><\/div><div id=\"fd1199bc0853b7468\" class=\"panel-collapse collapse \" aria-labelledby=\"toggle_fd1199bc0853b7468\"><div class=\"panel-body toggle-content fusion-clearfix\">\n<p>Aquesta formaci\u00f3 t\u00e9 per objectiu aprendre les t\u00e8cniques necess\u00e0ries perqu\u00e8 les reunions i els debats a l&#8217;entitat es vehiculin a trav\u00e9s d&#8217;un di\u00e0leg fluid i constructiu, tot superant els errors i obstacles que dificulten una comunicaci\u00f3 assertiva, efica\u00e7 i eficient.<\/p>\n<p><strong>Objectius<\/strong><\/p>\n<ul>\n<li>Posar en pr\u00e0ctica, mitjan\u00e7ant el debat, la capacitat de reflexi\u00f3 i de cr\u00edtica.<\/li>\n<li>Adquirir un millor domini de la capacitat d\u2019expressi\u00f3 i d\u2019argumentaci\u00f3.<\/li>\n<li>Treballar la concepci\u00f3 col\u00b7lectiva de la reflexi\u00f3 i el coneixement.<\/li>\n<li>Treballar l\u2019escolta activa i comprensiva.<\/li>\n<\/ul>\n<p><strong>Continguts <\/strong><\/p>\n<ul>\n<li>Qu\u00e8 significa discutir\/debatre?<\/li>\n<li>Eines per un di\u00e0leg enriquidor<\/li>\n<li>Identificaci\u00f3 i an\u00e0lisi d\u2019errors habituals<\/li>\n<li>Comunicaci\u00f3 no violenta: escolta activa i assertivitat<\/li>\n<\/ul>\n<\/div><\/div><\/div><div class=\"fusion-panel panel-default panel-b870bdd504ce5f606 fusion-toggle-has-divider\"><div class=\"panel-heading\"><h4 class=\"panel-title toggle\" id=\"toggle_b870bdd504ce5f606\"><a aria-expanded=\"false\" aria-controls=\"b870bdd504ce5f606\" role=\"button\" data-toggle=\"collapse\" data-parent=\"#accordion-47616-2\" data-target=\"#b870bdd504ce5f606\" href=\"#b870bdd504ce5f606\"><span class=\"fusion-toggle-icon-wrapper\" aria-hidden=\"true\"><i class=\"fa-fusion-box active-icon awb-icon-minus\" aria-hidden=\"true\"><\/i><i class=\"fa-fusion-box inactive-icon awb-icon-plus\" aria-hidden=\"true\"><\/i><\/span><span class=\"fusion-toggle-heading\">11. Treball amb fam\u00edlies<\/span><\/a><\/h4><\/div><div id=\"b870bdd504ce5f606\" class=\"panel-collapse collapse \" aria-labelledby=\"toggle_b870bdd504ce5f606\"><div class=\"panel-body toggle-content fusion-clearfix\">\n<p>Amb aquesta formaci\u00f3 es vol potenciar el treball de reflexi\u00f3 sobre el rol de les fam\u00edlies a l\u2019entitat per tal de trobar estrat\u00e8gies, recursos i eines per treballar amb ells durant tot l&#8217;any, fomentant la seva participaci\u00f3.<\/p>\n<p><strong> Objectius:<\/strong><\/p>\n<ul>\n<li>Introduir l&#8217;educaci\u00f3 integral com a marc des del qual enfocar el treball amb la fam\u00edlia a l&#8217;esplai.<\/li>\n<li>Reflexionar sobre la relaci\u00f3 entitat- fam\u00edlia: qu\u00e8 ens aporta, qu\u00e8 els aportem.<\/li>\n<li>Prendre consci\u00e8ncia de la import\u00e0ncia que tenen les fam\u00edlies pel desenvolupament del projecte educatiu.<\/li>\n<li>Elaborar estrat\u00e8gies i oferir recursos per treballar amb les fam\u00edlies<\/li>\n<\/ul>\n<p><strong>Continguts: <\/strong><\/p>\n<ul>\n<li>Qu\u00e8 \u00e9s l&#8217;educaci\u00f3 integral: definici\u00f3 i conceptes clau.<\/li>\n<li>La relaci\u00f3 fam\u00edlia-esplai: necessitats i interessos d&#8217;uns i altres<\/li>\n<li>La participaci\u00f3 de les fam\u00edlies a l&#8217;esplai: espais, graus i l\u00edmits de participaci\u00f3. S\u00f3n suficients?<\/li>\n<li>La participaci\u00f3 de les fam\u00edlies: treball concret sobre l&#8217;elaboraci\u00f3 de l&#8217;ideari i el projecte educatiu.<\/li>\n<li>La comunicaci\u00f3 entre les fam\u00edlies i l\u2019entitat: revisar quins canals i llenguatges utilitzem en la comunicaci\u00f3 i com millorar-los.<\/li>\n<li>Com treballar la diversitat amb les fam\u00edlies.<\/li>\n<li>Difusi\u00f3 dels recursos pedag\u00f2gics existents referents a la participaci\u00f3 de les fam\u00edlies en entitats educatives.<\/li>\n<\/ul>\n<\/div><\/div><\/div><div class=\"fusion-panel panel-default panel-a4f0b2d092b2a1dd4 fusion-toggle-has-divider\"><div class=\"panel-heading\"><h4 class=\"panel-title toggle\" id=\"toggle_a4f0b2d092b2a1dd4\"><a aria-expanded=\"false\" aria-controls=\"a4f0b2d092b2a1dd4\" role=\"button\" data-toggle=\"collapse\" data-parent=\"#accordion-47616-2\" data-target=\"#a4f0b2d092b2a1dd4\" href=\"#a4f0b2d092b2a1dd4\"><span class=\"fusion-toggle-icon-wrapper\" aria-hidden=\"true\"><i class=\"fa-fusion-box active-icon awb-icon-minus\" aria-hidden=\"true\"><\/i><i class=\"fa-fusion-box inactive-icon awb-icon-plus\" aria-hidden=\"true\"><\/i><\/span><span class=\"fusion-toggle-heading\">12. El treball en xarxa i comunitari <\/span><\/a><\/h4><\/div><div id=\"a4f0b2d092b2a1dd4\" class=\"panel-collapse collapse \" aria-labelledby=\"toggle_a4f0b2d092b2a1dd4\"><div class=\"panel-body toggle-content fusion-clearfix\">\n<p>La formaci\u00f3 vol esdevenir un espai d\u2019an\u00e0lisi de les nostres relacions dins el teixit associatiu de l&#8217;entorn proper per tal de millorar les nostres relacions i treure el m\u00e0xim profit de les estructures participatives. Tamb\u00e9 s\u2019emmarcaran la possibilitat de construcci\u00f3 de projectes comunitaris i en relaci\u00f3 amb l\u2019entorn m\u00e9s immediat. Es presentaran a m\u00e9s les possibilitats de participaci\u00f3 en el marc de les nostres federacions.<\/p>\n<p><strong>Objectius:<\/strong><\/p>\n<ul>\n<li>Donar a con\u00e8ixer les principals estructures participatives de les associacions catalanes.<\/li>\n<li>Descobrir els avantatges de col\u00b7laborar amb altres associacions.<\/li>\n<li>La participaci\u00f3 i les relacions al nostre territori d\u2019actuaci\u00f3.<\/li>\n<li>Donar a con\u00e8ixer quins s\u00f3n els \u00f2rgans de participaci\u00f3 d&#8217;Esplac \u2013AEC \u2013ACJ i el per qu\u00e8 de la seva exist\u00e8ncia<\/li>\n<\/ul>\n<p><strong>Continguts:<\/strong><\/p>\n<ul>\n<li>Qu\u00e8 \u00e9s el treball en xarxa i perqu\u00e8 \u00e9s important?<\/li>\n<li>L\u2019acci\u00f3 comunit\u00e0ria. Coneixem el nostre entorn?<\/li>\n<li>Amb qui ens podem relacionar?<\/li>\n<li>Com establim les nostres relacions?<\/li>\n<li>Principals estructures participatives de les associacions catalanes.<\/li>\n<li>Els \u00f2rgans de participaci\u00f3 de les nostres federacions.<\/li>\n<\/ul>\n<\/div><\/div><\/div><div class=\"fusion-panel panel-default panel-02c199f3cbf194124 fusion-toggle-has-divider\"><div class=\"panel-heading\"><h4 class=\"panel-title toggle\" id=\"toggle_02c199f3cbf194124\"><a aria-expanded=\"false\" aria-controls=\"02c199f3cbf194124\" role=\"button\" data-toggle=\"collapse\" data-parent=\"#accordion-47616-2\" data-target=\"#02c199f3cbf194124\" href=\"#02c199f3cbf194124\"><span class=\"fusion-toggle-icon-wrapper\" aria-hidden=\"true\"><i class=\"fa-fusion-box active-icon awb-icon-minus\" aria-hidden=\"true\"><\/i><i class=\"fa-fusion-box inactive-icon awb-icon-plus\" aria-hidden=\"true\"><\/i><\/span><span class=\"fusion-toggle-heading\">13. Gesti\u00f3 d\u2019equipaments <\/span><\/a><\/h4><\/div><div id=\"02c199f3cbf194124\" class=\"panel-collapse collapse \" aria-labelledby=\"toggle_02c199f3cbf194124\"><div class=\"panel-body toggle-content fusion-clearfix\">\n<p>La gesti\u00f3 d\u2019equipaments per part d\u2019entitats juvenils o agrupacions d\u2019entitats pot convertir-se en un gran repte. En aquesta c\u00e0psula coneixerem models de gesti\u00f3, centrant-nos en la gesti\u00f3 ciutadana\/comunit\u00e0ria, i treballarem els elements a tenir en compte per tal de garantir unes bones pr\u00e0ctiques i un impacte positiu tant per l\u2019entitat o entitats gestores com pel territori.<\/p>\n<p><strong>Objectius:<\/strong><\/p>\n<ul>\n<li>Con\u00e8ixer el model de gesti\u00f3 comunit\u00e0ria d\u2019equipaments<\/li>\n<li>Proporcionar a les participants eines per a una bona gesti\u00f3 d\u2019equipaments.<\/li>\n<li>Con\u00e8ixer el Balan\u00e7 Comunitari com a eina de millora.<\/li>\n<\/ul>\n<p><strong>Continguts:<\/strong><\/p>\n<ul>\n<li>Models i exemples de gesti\u00f3 d\u2019equipaments<\/li>\n<li>La gesti\u00f3 ciutadana\/comunit\u00e0ria d\u2019equipaments p\u00fablics\n<ul>\n<li>Qualitat democr\u00e0tica<\/li>\n<li>Participaci\u00f3 interna<\/li>\n<li>Treball en xarxa i impacte en el territori<\/li>\n<\/ul>\n<\/li>\n<li>Balan\u00e7 Comunitari, una eina per la millora<\/li>\n<li>Com afrontem la gesti\u00f3 d\u2019un equipament des de l\u2019entitat?\n<ul>\n<li>Elements a tenir en compte i problem\u00e0tiques habituals<\/li>\n<li>Bones pr\u00e0ctiques<\/li>\n<\/ul>\n<\/li>\n<\/ul>\n<\/div><\/div><\/div><div class=\"fusion-panel panel-default panel-b14c159a54c7a4b87 fusion-toggle-has-divider\"><div class=\"panel-heading\"><h4 class=\"panel-title toggle\" id=\"toggle_b14c159a54c7a4b87\"><a aria-expanded=\"false\" aria-controls=\"b14c159a54c7a4b87\" role=\"button\" data-toggle=\"collapse\" data-parent=\"#accordion-47616-2\" data-target=\"#b14c159a54c7a4b87\" href=\"#b14c159a54c7a4b87\"><span class=\"fusion-toggle-icon-wrapper\" aria-hidden=\"true\"><i class=\"fa-fusion-box active-icon awb-icon-minus\" aria-hidden=\"true\"><\/i><i class=\"fa-fusion-box inactive-icon awb-icon-plus\" aria-hidden=\"true\"><\/i><\/span><span class=\"fusion-toggle-heading\">14. Comunicaci\u00f3 amb fam\u00edlies: ASI, agressions i conflictes <\/span><\/a><\/h4><\/div><div id=\"b14c159a54c7a4b87\" class=\"panel-collapse collapse \" aria-labelledby=\"toggle_b14c159a54c7a4b87\"><div class=\"panel-body toggle-content fusion-clearfix\">\n<p>Aquesta formaci\u00f3 aborda el rol de les fam\u00edlies a l\u2019entitat per trobar estrat\u00e8gies, recursos i eines per treballar amb elles, fomentant la participaci\u00f3 i el treball en xarxa. En concret, se centra en com tractar temes complexes com els casos d\u2019ab\u00fas sexual infantil, les agressions i d\u2019altres conflictes que puguin sorgir. Es tracta de temes que costa tractar amb les fam\u00edlies pel caire delicat que poden tenir, motiu pel qual \u00e9s important saber abordar-los, comunicar-los i treballar-los.<\/p>\n<p><strong>Objectius:<\/strong><\/p>\n<ul>\n<li>Introduir l&#8217;educaci\u00f3 integral com a marc per treballar amb les fam\u00edlies a l\u2019entitat.<\/li>\n<li>Prendre consci\u00e8ncia de la import\u00e0ncia que tenen les fam\u00edlies en el creixement i desenvolupament dels infants i joves.<\/li>\n<li>Recon\u00e8ixer qu\u00e8 \u00e9s l\u2019ab\u00fas sexual infantil i qu\u00e8 s\u00f3n les agressions, contextualitzant-les a les entitats.<\/li>\n<li>Elaborar estrat\u00e8gies i oferir recursos comunicatius per treballar aquests temes amb les fam\u00edlies.<\/li>\n<\/ul>\n<p><strong>Continguts:<\/strong><\/p>\n<ul>\n<li>Qu\u00e8 \u00e9s l&#8217;educaci\u00f3 integral: definici\u00f3 i conceptes clau.<\/li>\n<li>Qu\u00e8 \u00e9s l\u2019ab\u00fas sexual infantil i les agressions. Definicions b\u00e0siques. Circuits de derivaci\u00f3 en cas d\u2019intervenci\u00f3 i paper de la fam\u00edlia.<\/li>\n<li>La relaci\u00f3 fam\u00edlia-entitat: necessitats i interessos en el context d\u2019una agressi\u00f3 i\/o conflicte.<\/li>\n<li>La comunicaci\u00f3 entre les fam\u00edlies i l\u2019entitat: revisar quins canals i llenguatges utilitzem en la comunicaci\u00f3, quin missatge volem transmetre i quin \u00e9s l\u2019objectiu en cas d\u2019agressi\u00f3 o detecci\u00f3 d\u2019una situaci\u00f3 d\u2019ab\u00fas, una agressi\u00f3 o un conflicte.<\/li>\n<li>Estrat\u00e8gies per a la comunicaci\u00f3 de temes complexes amb les fam\u00edlies.<\/li>\n<\/ul>\n<\/div><\/div><\/div><\/div><\/div><\/div>\n<\/div><\/div><\/div><\/div><\/div><\/div><\/div><div id=\"C\" class=\"fusion-container-anchor\"><div class=\"fusion-fullwidth fullwidth-box fusion-builder-row-4 fusion-flex-container nonhundred-percent-fullwidth non-hundred-percent-height-scrolling\" style=\"--awb-border-radius-top-left:0px;--awb-border-radius-top-right:0px;--awb-border-radius-bottom-right:0px;--awb-border-radius-bottom-left:0px;--awb-flex-wrap:wrap;\" ><div class=\"fusion-builder-row fusion-row fusion-flex-align-items-flex-start fusion-flex-content-wrap\" style=\"max-width:1248px;margin-left: calc(-4% \/ 2 );margin-right: calc(-4% \/ 2 );\"><div class=\"fusion-layout-column fusion_builder_column fusion-builder-column-10 fusion_builder_column_1_1 1_1 fusion-flex-column\" style=\"--awb-bg-size:cover;--awb-width-large:100%;--awb-margin-top-large:0px;--awb-spacing-right-large:1.92%;--awb-margin-bottom-large:20px;--awb-spacing-left-large:1.92%;--awb-width-medium:100%;--awb-spacing-right-medium:1.92%;--awb-spacing-left-medium:1.92%;--awb-width-small:100%;--awb-spacing-right-small:1.92%;--awb-spacing-left-small:1.92%;\"><div class=\"fusion-column-wrapper fusion-column-has-shadow fusion-flex-justify-content-flex-start fusion-content-layout-column\"><div class=\"fusion-tabs fusion-tabs-3 classic nav-is-justified horizontal-tabs icon-position-left mobile-mode-accordion\" style=\"--awb-title-border-radius-top-left:0px;--awb-title-border-radius-top-right:0px;--awb-title-border-radius-bottom-right:0px;--awb-title-border-radius-bottom-left:0px;--awb-inactive-color:#ebeaea;--awb-background-color:#ffffff;--awb-border-color:#ebeaea;--awb-active-border-color:#f69d0b;\"><div class=\"nav\"><ul class=\"nav-tabs nav-justified\" role=\"tablist\"><li class=\"active\" role=\"presentation\"><a class=\"tab-link\" data-toggle=\"tab\" role=\"tab\" aria-controls=\"tab-1dad7a9f2d44094fb89\" aria-selected=\"true\" id=\"fusion-tab-c.pensamentcr\u00cdticiintercultural\" href=\"#tab-1dad7a9f2d44094fb89\"><h4 class=\"fusion-tab-heading\">C. PENSAMENT CR\u00cdTIC I INTERCULTURAL<\/h4><\/a><\/li><\/ul><\/div><div class=\"tab-content\"><div class=\"nav fusion-mobile-tab-nav\"><ul class=\"nav-tabs nav-justified\" role=\"tablist\"><li class=\"active\" role=\"presentation\"><a class=\"tab-link\" data-toggle=\"tab\" role=\"tab\" aria-controls=\"tab-1dad7a9f2d44094fb89\" aria-selected=\"true\" id=\"mobile-fusion-tab-c.pensamentcr\u00cdticiintercultural\" href=\"#tab-1dad7a9f2d44094fb89\"><h4 class=\"fusion-tab-heading\">C. PENSAMENT CR\u00cdTIC I INTERCULTURAL<\/h4><\/a><\/li><\/ul><\/div><div class=\"tab-pane fade fusion-clearfix in active\" role=\"tabpanel\" tabindex=\"0\" aria-labelledby=\"fusion-tab-c.pensamentcr\u00cdticiintercultural\" id=\"tab-1dad7a9f2d44094fb89\">\n<div class=\"fusion-builder-row fusion-builder-row-inner fusion-row fusion-flex-align-items-flex-start fusion-flex-content-wrap\" style=\"width:104% !important;max-width:104% !important;margin-left: calc(-4% \/ 2 );margin-right: calc(-4% \/ 2 );\"><div class=\"fusion-text fusion-text-11\"><\/div><div class=\"accordian fusion-accordian\" style=\"--awb-border-size:0px;--awb-icon-size:13px;--awb-content-font-size:16px;--awb-icon-alignment:left;--awb-hover-color:#f9f9f9;--awb-border-color:#cccccc;--awb-background-color:#ffffff;--awb-divider-color:#f69d0b;--awb-divider-hover-color:#f69d0b;--awb-icon-color:#fff;--awb-title-color:#333333;--awb-content-color:#1e1e1e;--awb-icon-box-color:#333333;--awb-toggle-hover-accent-color:#f69d0b;--awb-title-font-family:&quot;Montserrat&quot;;--awb-title-font-weight:700;--awb-title-font-style:normal;--awb-content-font-family:&quot;Montserrat&quot;;--awb-content-font-style:normal;--awb-content-font-weight:400;\"><div class=\"panel-group fusion-toggle-icon-boxed\" id=\"accordion-47616-3\"><div class=\"fusion-panel panel-default panel-db9fa3eb7651a7753 fusion-toggle-has-divider\"><div class=\"panel-heading\"><h4 class=\"panel-title toggle\" id=\"toggle_db9fa3eb7651a7753\"><a aria-expanded=\"false\" aria-controls=\"db9fa3eb7651a7753\" role=\"button\" data-toggle=\"collapse\" data-parent=\"#accordion-47616-3\" data-target=\"#db9fa3eb7651a7753\" href=\"#db9fa3eb7651a7753\"><span class=\"fusion-toggle-icon-wrapper\" aria-hidden=\"true\"><i class=\"fa-fusion-box active-icon awb-icon-minus\" aria-hidden=\"true\"><\/i><i class=\"fa-fusion-box inactive-icon awb-icon-plus\" aria-hidden=\"true\"><\/i><\/span><span class=\"fusion-toggle-heading\">15. An\u00e0lisi de la realitat i definici\u00f3 de l\u2019ideari<\/span><\/a><\/h4><\/div><div id=\"db9fa3eb7651a7753\" class=\"panel-collapse collapse \" aria-labelledby=\"toggle_db9fa3eb7651a7753\"><div class=\"panel-body toggle-content fusion-clearfix\">\n<p>Amb aquesta formaci\u00f3 es vol donar eines a l\u2019entitat per a la definici\u00f3 o revisi\u00f3 de l\u2019ideari. A partir de l\u2019an\u00e0lisi de l\u2019entorn m\u00e9s proper i del posicionament de l\u2019entitat podem construir un full de ruta que ha de servir de base per a qualsevol acci\u00f3 de l\u2019entitat. Es donaran a con\u00e8ixer diferent recursos i estrat\u00e8gies per tal de fer aquest proc\u00e9s i propostes per integrar-hi la vis\u00f3 de tots els perfils que participen de l\u2019entitat<\/p>\n<p><strong>Objectius<\/strong><\/p>\n<ul>\n<li>Comprendre l\u2019entorn proper des d\u2019on s\u2019educa.<\/li>\n<li>Reflexionar sobre la rellev\u00e0ncia de l\u2019educaci\u00f3 en el lleure com a eina de transformaci\u00f3<\/li>\n<li>Con\u00e8ixer qu\u00e8 \u00e9s un ideari, exemples i estructura.<\/li>\n<li>Donar a con\u00e8ixer eines i recursos per a la definici\u00f3 o revisi\u00f3 de l\u2019ideari.<\/li>\n<\/ul>\n<p><strong>Continguts<\/strong>:<\/p>\n<ul>\n<li>An\u00e0lisi de la realitat. Com \u00e9s el nostre entorn proper? Des d\u2019on mirem?<\/li>\n<li>Educaci\u00f3 i pol\u00edtica. La relaci\u00f3 entre educaci\u00f3 i pol\u00edtica. La transformaci\u00f3 social com un dels eixos principals de l\u2019educaci\u00f3 en el lleure.<\/li>\n<li>Qu\u00e8 \u00e9s un ideari: definici\u00f3, exemples i debat. Per a qu\u00e8 serveix?<\/li>\n<li>Valors. S\u00f3n importants?<\/li>\n<li>Construir o revisar un ideari.<\/li>\n<li>Recursos i estrat\u00e8gies. Participaci\u00f3.<\/li>\n<\/ul>\n<\/div><\/div><\/div><div class=\"fusion-panel panel-default panel-684b91e36c618a94a fusion-toggle-has-divider\"><div class=\"panel-heading\"><h4 class=\"panel-title toggle\" id=\"toggle_684b91e36c618a94a\"><a aria-expanded=\"false\" aria-controls=\"684b91e36c618a94a\" role=\"button\" data-toggle=\"collapse\" data-parent=\"#accordion-47616-3\" data-target=\"#684b91e36c618a94a\" href=\"#684b91e36c618a94a\"><span class=\"fusion-toggle-icon-wrapper\" aria-hidden=\"true\"><i class=\"fa-fusion-box active-icon awb-icon-minus\" aria-hidden=\"true\"><\/i><i class=\"fa-fusion-box inactive-icon awb-icon-plus\" aria-hidden=\"true\"><\/i><\/span><span class=\"fusion-toggle-heading\">16. Educaci\u00f3 per a la Just\u00edcia Global<\/span><\/a><\/h4><\/div><div id=\"684b91e36c618a94a\" class=\"panel-collapse collapse \" aria-labelledby=\"toggle_684b91e36c618a94a\"><div class=\"panel-body toggle-content fusion-clearfix\">\n<div class=\"page\" title=\"Page 20\">\n<div class=\"layoutArea\">\n<div class=\"column\">\n<p>L\u2019Educacio\u0301 per a la Justi\u0301cia Global (EpJG) e\u0301s un paradigma educatiu que proporciona eines per qu\u0308estionar i transformar de manera cri\u0301tica el model social, poli\u0301tic i econo\u0300mic existent. Per fer-ho, des de l\u2019EpJG es vinculen les accions locals amb la seva dimensio\u0301 global, i tambe\u0301 es posa el focus no nome\u0301s en els continguts d\u2019aprenentatge (que\u0300), sino\u0301 tambe\u0301 en la metodologia (com). L\u2019EpJG es concreta en sis grans a\u0300mbits interrelacionats a nivell de contingut, i tambe\u0301 en 10 claus metodolo\u0300giques per posar en pra\u0300ctica aquesta mirada. En aquesta ca\u0300psula formativa s\u2019introduira\u0300 el paradigma de l\u2019EpJG i es veura\u0300 la importa\u0300ncia d\u2019introduir-lo en l\u2019accio\u0301 educativa, treballant els continguts i les metodologies des d\u2019una vessant teoricopra\u0300ctica.<\/p>\n<\/div>\n<\/div>\n<\/div>\n<p><strong>Objectius<\/strong><\/p>\n<div class=\"page\" title=\"Page 20\">\n<div class=\"layoutArea\">\n<div class=\"column\">\n<ul>\n<li>Introduir a les participants en el mo\u0301n de l\u2019EpJG, a nivell conceptual, histo\u0300ric i en relacio\u0301 a altres propostes educatives.<\/li>\n<li>Reflexionar sobre la importa\u0300ncia d\u2019aplicar la mirada local-global a l\u2019accio\u0301 educativa.<\/li>\n<li>Analitzar la realitat de les entitats en clau d\u2019EpJG: identificar oportunitats i mancances.<\/li>\n<li>Dotar dels recursos necessaris per tal que les participants siguin capaces d\u2019aplicar la mirada de l\u2019EpJG a l\u2019entitat, a trave\u0301s d\u2019accions concretes, projectes o altres.<\/li>\n<\/ul>\n<\/div>\n<\/div>\n<\/div>\n<p><strong>Continguts <\/strong><\/p>\n<div class=\"page\" title=\"Page 21\">\n<div class=\"layoutArea\">\n<div class=\"column\">\n<ul>\n<li>Aproximacio\u0301 i definicio\u0301 de l\u2019EpJG.<\/li>\n<li>Els sis a\u0300mbits tema\u0300tics de l\u2019EpJG: relacions de poder, drets humans i governanc\u0327a; justi\u0301cia econo\u0300mica i social; perspectiva feminista; interculturalitat cri\u0301tica i justi\u0301cia ambiental.<\/li>\n<li>Les 10 claus per posar en pra\u0300ctica l\u2019EpJG: educar en la conscie\u0300ncia de la interdepende\u0300ncia i ecodepende\u0300ncia, desaprendre la manera de mirar el mo\u0301n i transformar la realitat me\u0301s propera, entre d\u2019altres.<\/li>\n<li>Vincles entre accions locals i la dimensio\u0301 global.<\/li>\n<li>Com ho treballem? Recursos i idees.<\/li>\n<\/ul>\n<\/div>\n<\/div>\n<\/div>\n<\/div><\/div><\/div><div class=\"fusion-panel panel-default panel-0f139e7637e07e47c fusion-toggle-has-divider\"><div class=\"panel-heading\"><h4 class=\"panel-title toggle\" id=\"toggle_0f139e7637e07e47c\"><a aria-expanded=\"false\" aria-controls=\"0f139e7637e07e47c\" role=\"button\" data-toggle=\"collapse\" data-parent=\"#accordion-47616-3\" data-target=\"#0f139e7637e07e47c\" href=\"#0f139e7637e07e47c\"><span class=\"fusion-toggle-icon-wrapper\" aria-hidden=\"true\"><i class=\"fa-fusion-box active-icon awb-icon-minus\" aria-hidden=\"true\"><\/i><i class=\"fa-fusion-box inactive-icon awb-icon-plus\" aria-hidden=\"true\"><\/i><\/span><span class=\"fusion-toggle-heading\">17. Drets dels infants<\/span><\/a><\/h4><\/div><div id=\"0f139e7637e07e47c\" class=\"panel-collapse collapse \" aria-labelledby=\"toggle_0f139e7637e07e47c\"><div class=\"panel-body toggle-content fusion-clearfix\">\n<p>Amb aquesta formaci\u00f3 es vol familiaritzar als i les participants amb conceptes b\u00e0sics relacionats amb els drets dels infants i dotar-los de recursos i eines per treballar-los en els diferents espais educatius i amb els diferents grups d\u2019edat a trav\u00e9s de metodologies diverses com l\u2019expressi\u00f3 pl\u00e0stica, el teatre o el joc.<\/p>\n<p><strong>Objectius<\/strong><\/p>\n<ul>\n<li>Conscienciar sobre la import\u00e0ncia del treball en drets dels infants, aix\u00ed com la import\u00e0ncia que els infants coneguin els seus drets.<\/li>\n<li>Vincular els drets dels infants amb el desenvolupament del projecte de curs.<\/li>\n<li>Con\u00e8ixer els conceptes b\u00e0sics relacionats amb els drets dels infants.<\/li>\n<li>Oferir recursos i donar a con\u00e8ixer materials per treballar els drets dels infants amb infants i joves.<\/li>\n<\/ul>\n<p><strong>Continguts<\/strong><\/p>\n<ul>\n<li>Conceptes: necessitat, dret, desig.<\/li>\n<li>Perspectiva internacional i hist\u00f2rica dels Drets dels infants.<\/li>\n<li>Quins s\u00f3n els Drets dels infants? Quin \u00e9s el vincle amb els Drets humans? Caracter\u00edstiques b\u00e0siques i comunes. Difer\u00e8ncies.<\/li>\n<li>Qu\u00e8 \u00e9s l&#8217;Educaci\u00f3 en Drets humans\/dels infants? Quins coneixements, valors i habilitats promou?<\/li>\n<li>Presentaci\u00f3 de recursos i materials pedag\u00f2gics pel treball dels Drets dels infants.<\/li>\n<\/ul>\n<\/div><\/div><\/div><div class=\"fusion-panel panel-default panel-e5e0cb3a9055e7ec1 fusion-toggle-has-divider\"><div class=\"panel-heading\"><h4 class=\"panel-title toggle\" id=\"toggle_e5e0cb3a9055e7ec1\"><a aria-expanded=\"false\" aria-controls=\"e5e0cb3a9055e7ec1\" role=\"button\" data-toggle=\"collapse\" data-parent=\"#accordion-47616-3\" data-target=\"#e5e0cb3a9055e7ec1\" href=\"#e5e0cb3a9055e7ec1\"><span class=\"fusion-toggle-icon-wrapper\" aria-hidden=\"true\"><i class=\"fa-fusion-box active-icon awb-icon-minus\" aria-hidden=\"true\"><\/i><i class=\"fa-fusion-box inactive-icon awb-icon-plus\" aria-hidden=\"true\"><\/i><\/span><span class=\"fusion-toggle-heading\">18. Interculturalitat i antiracisme<\/span><\/a><\/h4><\/div><div id=\"e5e0cb3a9055e7ec1\" class=\"panel-collapse collapse \" aria-labelledby=\"toggle_e5e0cb3a9055e7ec1\"><div class=\"panel-body toggle-content fusion-clearfix\">\n<div class=\"page\" title=\"Page 22\">\n<div class=\"layoutArea\">\n<div class=\"column\">\n<p>Que\u0300 e\u0301s la diversitat cultural? Com la imaginem i la representem en el nostre dia a dia? Com ens hi relacionem i de quina manera la gestionem? Aquestes so\u0301n preguntes que han pres importa\u0300ncia darrerament, marcades pels desplac\u0327aments de persones i per unes poli\u0301tiques migrato\u0300ries cada cop me\u0301s restrictives. La prese\u0300ncia de persones migrades i racialitzades a la nostra societat, aixi\u0301 com les reivindicacions dels moviments socials, han posat la qu\u0308estio\u0301 de la igualtat i la difere\u0300ncia sobre la taula.<\/p>\n<p>En aquesta ca\u0300psula abordarem que\u0300 entenem per igualtat i difere\u0300ncia, explorant diferents models de gestio\u0301 de la diversitat i treballant que\u0300 so\u0301n els estereotips, els prejudicis i les discriminacions racistes a partir d\u2019una ana\u0300lisi interseccional. Tambe\u0301 revisarem l\u2019organitzacio\u0301 de les entitats en clau antiracista i farem una proposta d\u2019educacio\u0301 basada en la interculturalitat i l\u2019antiracisme.<\/p>\n<\/div>\n<\/div>\n<\/div>\n<p><strong>Objectius<\/strong><\/p>\n<div class=\"page\" title=\"Page 22\">\n<div class=\"layoutArea\">\n<div class=\"column\">\n<ul>\n<li>Entendre com s\u2019ha construi\u0308t el nostre imaginari entorn de la diversitat cultural, comprenent com la cultura, estereotips i actituds influeixen en les nostres interaccions.<\/li>\n<li>Aprofundir en el fenomen del racisme i en l\u2019antiracisme com a resposta.<\/li>\n<li>Adquirir eines per desenvolupar la perspectiva intercultural i antiracista en la nostra accio\u0301 educativa.<\/li>\n<\/ul>\n<\/div>\n<\/div>\n<\/div>\n<p><strong>Continguts <\/strong><\/p>\n<div class=\"page\" title=\"Page 22\">\n<div class=\"layoutArea\">\n<div class=\"column\">\n<ul>\n<li>Construccio\u0301 de la diversitat cultural i de \u00abl\u2019altre\u00bb.<\/li>\n<li>Discriminacions i viole\u0300ncies\n<ul>\n<li>Estereotips i prejudicis<\/li>\n<li>Racialitzacio\u0301 i racisme<\/li>\n<li>Antiracisme: propostes des de la teoria i la pra\u0300ctica<\/li>\n<\/ul>\n<\/li>\n<li>La gestio\u0301 de la diversitat\n<ul>\n<li>Igualtat i difere\u0300ncia<\/li>\n<li>Models: assimilacionisme, multiculturalitat, interculturalitat<\/li>\n<\/ul>\n<\/li>\n<li>Diversitat cultural i educacio\u0301 inclusiva\n<ul>\n<li>Exclusio\u0301, segregacio\u0301, integracio\u0301 i inclusio\u0301<\/li>\n<li>Organitzacio\u0301 interna i treball en xarxa<\/li>\n<li>Eines per l\u2019educacio\u0301 intercultural i antiracista<\/li>\n<\/ul>\n<\/li>\n<\/ul>\n<\/div>\n<\/div>\n<\/div>\n<\/div><\/div><\/div><\/div><\/div><\/div>\n<\/div><\/div><\/div><\/div><\/div><\/div><\/div><\/div><div id=\"D\" class=\"fusion-container-anchor\"><div class=\"fusion-fullwidth fullwidth-box fusion-builder-row-5 fusion-flex-container nonhundred-percent-fullwidth non-hundred-percent-height-scrolling\" style=\"--awb-border-radius-top-left:0px;--awb-border-radius-top-right:0px;--awb-border-radius-bottom-right:0px;--awb-border-radius-bottom-left:0px;--awb-flex-wrap:wrap;\" ><div class=\"fusion-builder-row fusion-row fusion-flex-align-items-flex-start fusion-flex-content-wrap\" style=\"max-width:1248px;margin-left: calc(-4% \/ 2 );margin-right: calc(-4% \/ 2 );\"><div class=\"fusion-layout-column fusion_builder_column fusion-builder-column-11 fusion_builder_column_1_1 1_1 fusion-flex-column\" style=\"--awb-bg-size:cover;--awb-width-large:100%;--awb-margin-top-large:0px;--awb-spacing-right-large:1.92%;--awb-margin-bottom-large:20px;--awb-spacing-left-large:1.92%;--awb-width-medium:100%;--awb-spacing-right-medium:1.92%;--awb-spacing-left-medium:1.92%;--awb-width-small:100%;--awb-spacing-right-small:1.92%;--awb-spacing-left-small:1.92%;\"><div class=\"fusion-column-wrapper fusion-column-has-shadow fusion-flex-justify-content-flex-start fusion-content-layout-column\"><div class=\"fusion-tabs fusion-tabs-4 classic nav-is-justified horizontal-tabs icon-position-left mobile-mode-accordion\" style=\"--awb-title-border-radius-top-left:0px;--awb-title-border-radius-top-right:0px;--awb-title-border-radius-bottom-right:0px;--awb-title-border-radius-bottom-left:0px;--awb-inactive-color:#ebeaea;--awb-background-color:#ffffff;--awb-border-color:#ebeaea;--awb-active-border-color:#f69d0b;\"><div class=\"nav\"><ul class=\"nav-tabs nav-justified\" role=\"tablist\"><li class=\"active\" role=\"presentation\"><a class=\"tab-link\" data-toggle=\"tab\" role=\"tab\" aria-controls=\"tab-666598116955999d845\" aria-selected=\"true\" id=\"fusion-tab-d.inclusi\u00d3idiversitat\" href=\"#tab-666598116955999d845\"><h4 class=\"fusion-tab-heading\">D. INCLUSI\u00d3 I DIVERSITAT<\/h4><\/a><\/li><\/ul><\/div><div class=\"tab-content\"><div class=\"nav fusion-mobile-tab-nav\"><ul class=\"nav-tabs nav-justified\" role=\"tablist\"><li class=\"active\" role=\"presentation\"><a class=\"tab-link\" data-toggle=\"tab\" role=\"tab\" aria-controls=\"tab-666598116955999d845\" aria-selected=\"true\" id=\"mobile-fusion-tab-d.inclusi\u00d3idiversitat\" href=\"#tab-666598116955999d845\"><h4 class=\"fusion-tab-heading\">D. INCLUSI\u00d3 I DIVERSITAT<\/h4><\/a><\/li><\/ul><\/div><div class=\"tab-pane fade fusion-clearfix in active\" role=\"tabpanel\" tabindex=\"0\" aria-labelledby=\"fusion-tab-d.inclusi\u00d3idiversitat\" id=\"tab-666598116955999d845\">\n<div class=\"fusion-builder-row fusion-builder-row-inner fusion-row fusion-flex-align-items-flex-start fusion-flex-content-wrap\" style=\"width:104% !important;max-width:104% !important;margin-left: calc(-4% \/ 2 );margin-right: calc(-4% \/ 2 );\"><div class=\"fusion-text fusion-text-12\"><\/div><div class=\"accordian fusion-accordian\" style=\"--awb-border-size:0px;--awb-icon-size:13px;--awb-content-font-size:16px;--awb-icon-alignment:left;--awb-hover-color:#f9f9f9;--awb-border-color:#cccccc;--awb-background-color:#ffffff;--awb-divider-color:#f69d0b;--awb-divider-hover-color:#f69d0b;--awb-icon-color:#fff;--awb-title-color:#333333;--awb-content-color:#1e1e1e;--awb-icon-box-color:#333333;--awb-toggle-hover-accent-color:#f69d0b;--awb-title-font-family:&quot;Montserrat&quot;;--awb-title-font-weight:700;--awb-title-font-style:normal;--awb-content-font-family:&quot;Montserrat&quot;;--awb-content-font-style:normal;--awb-content-font-weight:400;\"><div class=\"panel-group fusion-toggle-icon-boxed\" id=\"accordion-47616-4\"><div class=\"fusion-panel panel-default panel-68f10288c0b7ffc8f fusion-toggle-has-divider\"><div class=\"panel-heading\"><h4 class=\"panel-title toggle\" id=\"toggle_68f10288c0b7ffc8f\"><a aria-expanded=\"false\" aria-controls=\"68f10288c0b7ffc8f\" role=\"button\" data-toggle=\"collapse\" data-parent=\"#accordion-47616-4\" data-target=\"#68f10288c0b7ffc8f\" href=\"#68f10288c0b7ffc8f\"><span class=\"fusion-toggle-icon-wrapper\" aria-hidden=\"true\"><i class=\"fa-fusion-box active-icon awb-icon-minus\" aria-hidden=\"true\"><\/i><i class=\"fa-fusion-box inactive-icon awb-icon-plus\" aria-hidden=\"true\"><\/i><\/span><span class=\"fusion-toggle-heading\">19. Atenci\u00f3 a les necessitats educatives espec\u00edfiques.<\/span><\/a><\/h4><\/div><div id=\"68f10288c0b7ffc8f\" class=\"panel-collapse collapse \" aria-labelledby=\"toggle_68f10288c0b7ffc8f\"><div class=\"panel-body toggle-content fusion-clearfix\">\n<p>Com s\u2019acull socialment la diversitat? Quina gesti\u00f3 se\u2019n fa en el mon educatiu? En aquesta c\u00e0psula revisarem els diversos models de gesti\u00f3 de la diversitat i parlarem de conceptes b\u00e0sics i treballarem seguint la perspectiva d\u2019educaci\u00f3 inclusiva reflexionant sobre els reptes que planteja a l\u2019acci\u00f3 i a la intervenci\u00f3 educativa. Tamb\u00e9 es donaran eines per adquirir compet\u00e8ncies b\u00e0siques per a desenvolupar les funcions de monitor\/a de suport a infants amb necessitats educatives especials en entorns de lleure.<\/p>\n<p><strong>Objectius<\/strong><\/p>\n<ul>\n<li>Con\u00e8ixer els principals conceptes sobre Educaci\u00f3 Inclusiva<\/li>\n<li>Reflexionar sobre la import\u00e0ncia del treball conjunt entre tots els agents implicats<\/li>\n<li>Adquirir eines per desenvolupar acompanyar infants amb NEE en la nostra intervenci\u00f3 educativa.<\/li>\n<\/ul>\n<p><strong>Continguts<\/strong>:<\/p>\n<ul>\n<li>L&#8217;educaci\u00f3 inclusiva: conceptes b\u00e0sics<\/li>\n<li>Barreres per a l\u2019aprenentatge i la participaci\u00f3.<\/li>\n<li>Infants amb Necessitats Educatives Especials: Perfils m\u00e9s freq\u00fcents<\/li>\n<li>Infants amb Necessitats Educatives Especials: Estrat\u00e8gies per a l\u2019acompanyament<\/li>\n<li>NEE i l\u2019educaci\u00f3 en el lleure<\/li>\n<\/ul>\n<\/div><\/div><\/div><div class=\"fusion-panel panel-default panel-e09f9b71325e93122 fusion-toggle-has-divider\"><div class=\"panel-heading\"><h4 class=\"panel-title toggle\" id=\"toggle_e09f9b71325e93122\"><a aria-expanded=\"false\" aria-controls=\"e09f9b71325e93122\" role=\"button\" data-toggle=\"collapse\" data-parent=\"#accordion-47616-4\" data-target=\"#e09f9b71325e93122\" href=\"#e09f9b71325e93122\"><span class=\"fusion-toggle-icon-wrapper\" aria-hidden=\"true\"><i class=\"fa-fusion-box active-icon awb-icon-minus\" aria-hidden=\"true\"><\/i><i class=\"fa-fusion-box inactive-icon awb-icon-plus\" aria-hidden=\"true\"><\/i><\/span><span class=\"fusion-toggle-heading\">20. Detecci\u00f3 i prevenci\u00f3 d\u2019assetjament i bullying<\/span><\/a><\/h4><\/div><div id=\"e09f9b71325e93122\" class=\"panel-collapse collapse \" aria-labelledby=\"toggle_e09f9b71325e93122\"><div class=\"panel-body toggle-content fusion-clearfix\">\n<p>El bullying o assetjament en l\u2019\u00e0mbit educatiu \u00e9s el maltractament psicol\u00f2gic, verbal o f\u00edsic produ\u00eft entre infants i joves tant en espais educatius com virtuals. Com a educadores, \u00e9s important con\u00e8ixer b\u00e9 aquest fenomen, causes i tipologies per poder-ho prevenir, saber-lo detectar i ser capaces d\u2019intervenir.<\/p>\n<p><strong>Objectius<\/strong><\/p>\n<ul>\n<li>Con\u00e8ixer qu\u00e8 \u00e9s l\u2019assetjament i quines s\u00f3n les seves causes, manifestacions i formes d\u2019intervenci\u00f3<\/li>\n<li>Capacitar al i la alumne per treballar situacions de maltractament aprenent t\u00e8cniques i estrat\u00e8gies d\u2019afrontament<\/li>\n<li>Reflexionar sobre casos pr\u00e0ctics per poder ajustar les intervencions<\/li>\n<\/ul>\n<p><strong>Continguts <\/strong><\/p>\n<ul>\n<li>Conceptualitzaci\u00f3. Qu\u00e8 \u00e9s l\u2019assetjament o maltractament?<\/li>\n<li>Quines s\u00f3n les causes.<\/li>\n<li>Tipologies de maltractament\n<ul>\n<li>L\u2019assetjament a les xarxes.<\/li>\n<\/ul>\n<\/li>\n<li>Prevenci\u00f3. Com treballar la prevenci\u00f3?\n<ul>\n<li>Prevenci\u00f3 prim\u00e0ria<\/li>\n<li>Prevenci\u00f3 secundaria<\/li>\n<li>Prevenci\u00f3 terci\u00e0ria<\/li>\n<\/ul>\n<\/li>\n<li>Detecci\u00f3\n<ul>\n<li>Indicadors, factors de risc i factors de protecci\u00f3.<\/li>\n<li>An\u00e0lisis del perfil de l\u2019agressor\/a i del perfil de la v\u00edctima<\/li>\n<li>Causes del maltractament<\/li>\n<\/ul>\n<\/li>\n<li>Intervenci\u00f3. Estrat\u00e8gies i t\u00e8cniques per a la intervenci\u00f3. Com actuar com educadors\/es?<\/li>\n<li>Desmuntant mites sobre el bullying.<\/li>\n<\/ul>\n<\/div><\/div><\/div><\/div><\/div><\/div>\n<\/div><\/div><\/div><\/div><\/div><\/div><\/div><\/div><div id=\"E\" class=\"fusion-container-anchor\"><div class=\"fusion-fullwidth fullwidth-box fusion-builder-row-6 fusion-flex-container nonhundred-percent-fullwidth non-hundred-percent-height-scrolling\" style=\"--awb-border-radius-top-left:0px;--awb-border-radius-top-right:0px;--awb-border-radius-bottom-right:0px;--awb-border-radius-bottom-left:0px;--awb-flex-wrap:wrap;\" ><div class=\"fusion-builder-row fusion-row fusion-flex-align-items-flex-start fusion-flex-content-wrap\" style=\"max-width:1248px;margin-left: calc(-4% \/ 2 );margin-right: calc(-4% \/ 2 );\"><div class=\"fusion-layout-column fusion_builder_column fusion-builder-column-12 fusion_builder_column_1_1 1_1 fusion-flex-column\" style=\"--awb-bg-size:cover;--awb-width-large:100%;--awb-margin-top-large:0px;--awb-spacing-right-large:1.92%;--awb-margin-bottom-large:20px;--awb-spacing-left-large:1.92%;--awb-width-medium:100%;--awb-spacing-right-medium:1.92%;--awb-spacing-left-medium:1.92%;--awb-width-small:100%;--awb-spacing-right-small:1.92%;--awb-spacing-left-small:1.92%;\"><div class=\"fusion-column-wrapper fusion-column-has-shadow fusion-flex-justify-content-flex-start fusion-content-layout-column\"><div class=\"fusion-tabs fusion-tabs-5 classic nav-is-justified horizontal-tabs icon-position-left mobile-mode-accordion\" style=\"--awb-title-border-radius-top-left:0px;--awb-title-border-radius-top-right:0px;--awb-title-border-radius-bottom-right:0px;--awb-title-border-radius-bottom-left:0px;--awb-inactive-color:#ebeaea;--awb-background-color:#ffffff;--awb-border-color:#ebeaea;--awb-active-border-color:#f69d0b;\"><div class=\"nav\"><ul class=\"nav-tabs nav-justified\" role=\"tablist\"><li class=\"active\" role=\"presentation\"><a class=\"tab-link\" data-toggle=\"tab\" role=\"tab\" aria-controls=\"tab-a8809b2ff168d020798\" aria-selected=\"true\" id=\"fusion-tab-e.feminismes\" href=\"#tab-a8809b2ff168d020798\"><h4 class=\"fusion-tab-heading\">E. FEMINISMES<\/h4><\/a><\/li><\/ul><\/div><div class=\"tab-content\"><div class=\"nav fusion-mobile-tab-nav\"><ul class=\"nav-tabs nav-justified\" role=\"tablist\"><li class=\"active\" role=\"presentation\"><a class=\"tab-link\" data-toggle=\"tab\" role=\"tab\" aria-controls=\"tab-a8809b2ff168d020798\" aria-selected=\"true\" id=\"mobile-fusion-tab-e.feminismes\" href=\"#tab-a8809b2ff168d020798\"><h4 class=\"fusion-tab-heading\">E. FEMINISMES<\/h4><\/a><\/li><\/ul><\/div><div class=\"tab-pane fade fusion-clearfix in active\" role=\"tabpanel\" tabindex=\"0\" aria-labelledby=\"fusion-tab-e.feminismes\" id=\"tab-a8809b2ff168d020798\">\n<div class=\"fusion-builder-row fusion-builder-row-inner fusion-row fusion-flex-align-items-flex-start fusion-flex-content-wrap\" style=\"width:104% !important;max-width:104% !important;margin-left: calc(-4% \/ 2 );margin-right: calc(-4% \/ 2 );\"><div class=\"fusion-text fusion-text-13\"><\/div><div class=\"accordian fusion-accordian\" style=\"--awb-border-size:0px;--awb-icon-size:13px;--awb-content-font-size:16px;--awb-icon-alignment:left;--awb-hover-color:#f9f9f9;--awb-border-color:#cccccc;--awb-background-color:#ffffff;--awb-divider-color:#f69d0b;--awb-divider-hover-color:#f69d0b;--awb-icon-color:#fff;--awb-title-color:#333333;--awb-content-color:#1e1e1e;--awb-icon-box-color:#333333;--awb-toggle-hover-accent-color:#f69d0b;--awb-title-font-family:&quot;Montserrat&quot;;--awb-title-font-weight:700;--awb-title-font-style:normal;--awb-content-font-family:&quot;Montserrat&quot;;--awb-content-font-style:normal;--awb-content-font-weight:400;\"><div class=\"panel-group fusion-toggle-icon-boxed\" id=\"accordion-47616-5\"><div class=\"fusion-panel panel-default panel-47d5af9070097370f fusion-toggle-has-divider\"><div class=\"panel-heading\"><h4 class=\"panel-title toggle\" id=\"toggle_47d5af9070097370f\"><a aria-expanded=\"false\" aria-controls=\"47d5af9070097370f\" role=\"button\" data-toggle=\"collapse\" data-parent=\"#accordion-47616-5\" data-target=\"#47d5af9070097370f\" href=\"#47d5af9070097370f\"><span class=\"fusion-toggle-icon-wrapper\" aria-hidden=\"true\"><i class=\"fa-fusion-box active-icon awb-icon-minus\" aria-hidden=\"true\"><\/i><i class=\"fa-fusion-box inactive-icon awb-icon-plus\" aria-hidden=\"true\"><\/i><\/span><span class=\"fusion-toggle-heading\">21. Coeducaci\u00f3 i feminisme a l\u2019entitat.<\/span><\/a><\/h4><\/div><div id=\"47d5af9070097370f\" class=\"panel-collapse collapse \" aria-labelledby=\"toggle_47d5af9070097370f\"><div class=\"panel-body toggle-content fusion-clearfix\">\n<p>La coeducaci\u00f3 es basa en la promoci\u00f3 d&#8217;una educaci\u00f3 que potencia la igualtat real d\u2019oportunitats i l\u2019eliminaci\u00f3 de tota mena de discriminaci\u00f3 per ra\u00f3 de sexe o g\u00e8nere, aix\u00ed com la integraci\u00f3 de forma expl\u00edcita i amb continguts d\u2019aprenentatge de la perspectiva de g\u00e8nere. La coeducaci\u00f3, en contrapunta l\u2019educaci\u00f3 mixta, implica recon\u00e8ixer l\u2019exist\u00e8ncia de la jerarquia del model mascul\u00ed sobre el femen\u00ed i la intencionalitat del personal educatiu per a intervenir per corregir aquesta jerarquia. La coeducaci\u00f3 \u00e9s doncs, una eina b\u00e0sica per construir un nou model de ciutadania que ha de fer possible la participaci\u00f3 i el desenvolupament de totes les persones per igual.<\/p>\n<p><strong>Objectius<\/strong><\/p>\n<ul>\n<li>Sensibilitzar sobre la import\u00e0ncia d&#8217;educar en igualtat.<\/li>\n<li>Conscienciar sobre el fet que les difer\u00e8ncies no han de crear desigualtats.<\/li>\n<li>Donar recursos per treballar amb perspectiva de g\u00e8nere a les entitats i en les activitats amb infants i joves.<\/li>\n<li>Fomentar valors i actituds d&#8217;igualtat, el respecte, el reconeixement mutu, l&#8217;autonomia i la responsabilitat compartida.<\/li>\n<\/ul>\n<p><strong>Continguts<\/strong>:<\/p>\n<ul>\n<li>Qu\u00e8 significa parlar de coeducaci\u00f3?<\/li>\n<li>Fem educaci\u00f3 mixta o coeducaci\u00f3?<\/li>\n<li>\u00c0mbit de la comunicaci\u00f3: com ens expressem, llenguatge utilitzat.<\/li>\n<li>\u00c0mbit de la conviv\u00e8ncia: com ens organitzem a les entitats.<\/li>\n<li>Com ens autodefinim: la coeducaci\u00f3 i el projecte educatiu.<\/li>\n<li>Com portem a la pr\u00e0ctica la coeducaci\u00f3 amb els infants i joves?<\/li>\n<\/ul>\n<\/div><\/div><\/div><div class=\"fusion-panel panel-default panel-60a05a1dece5c7d20 fusion-toggle-has-divider\"><div class=\"panel-heading\"><h4 class=\"panel-title toggle\" id=\"toggle_60a05a1dece5c7d20\"><a aria-expanded=\"false\" aria-controls=\"60a05a1dece5c7d20\" role=\"button\" data-toggle=\"collapse\" data-parent=\"#accordion-47616-5\" data-target=\"#60a05a1dece5c7d20\" href=\"#60a05a1dece5c7d20\"><span class=\"fusion-toggle-icon-wrapper\" aria-hidden=\"true\"><i class=\"fa-fusion-box active-icon awb-icon-minus\" aria-hidden=\"true\"><\/i><i class=\"fa-fusion-box inactive-icon awb-icon-plus\" aria-hidden=\"true\"><\/i><\/span><span class=\"fusion-toggle-heading\">22. Educaci\u00f3 en perspectiva de g\u00e8nere i LGTBI. Aprofundiment.<\/span><\/a><\/h4><\/div><div id=\"60a05a1dece5c7d20\" class=\"panel-collapse collapse \" aria-labelledby=\"toggle_60a05a1dece5c7d20\"><div class=\"panel-body toggle-content fusion-clearfix\">\n<p>Aquesta c\u00e0psula formativa \u00e9s un aprofundiment per a aquelles persones o entitats que ja hagin participat en formacions b\u00e0siques sobre la educaci\u00f3 en perspectiva de g\u00e8nere. Es treballar\u00e0 per promoure la perspectiva de la diversitat sexual i de g\u00e8nere i per a l\u2019eliminaci\u00f3 de les desigualtats i viol\u00e8ncies que es deriven de l\u2019orientaci\u00f3 sexual, la identitat de g\u00e8nere i les difer\u00e8ncies en el desenvolupament sexual des de l\u2019\u00e0mbit educatiu i de les entitats.<\/p>\n<p><strong>Objectius<\/strong><\/p>\n<ul>\n<li>Con\u00e8ixer i sensibilitzar sobre la diversitat de les persones i col\u00b7lectius LGTBI<\/li>\n<li>Con\u00e8ixer el marc te\u00f2ricoconceptual i els seus debats<\/li>\n<li>Con\u00e8ixer el marc normatiu entorn la diversitat sexual<\/li>\n<li>Adquirir eines pr\u00e0ctiques per al treball amb infants i joves<\/li>\n<\/ul>\n<p><strong>Continguts <\/strong><\/p>\n<ul>\n<li>Desigualtats socials per motius de diversitat sexual i de g\u00e8nere<\/li>\n<li>Marc conceptual: Teoria de g\u00e8nere i feminismes\n<ul>\n<li>Sexe, identitat de g\u00e8nere, expressi\u00f3 de g\u00e8nere, orientaci\u00f3 sexual<\/li>\n<\/ul>\n<\/li>\n<li>Instruments pol\u00edticojur\u00eddics de promoci\u00f3 de drets, antidiscriminaci\u00f3, etc. (internacionals, estatals, nacionals, locals)<\/li>\n<li>Recursos per a l\u2019acci\u00f3 en el lleure educatiu:\n<ul>\n<li>activitats i recursos pedag\u00f2gics per treballar la tem\u00e1tica amb diferents edats<\/li>\n<li>com abordar situacions quotidianes (empoderament, discriminaci\u00f3 LGTBIf\u00f2bica, etc.)<\/li>\n<li>moviments, col\u00b7lectius, xarxes de suport i institucions de referencia<\/li>\n<\/ul>\n<\/li>\n<li>Recursos, bibliografia i webgrafia per ampliar coneixements i experi\u00e8ncies<\/li>\n<\/ul>\n<\/div><\/div><\/div><div class=\"fusion-panel panel-default panel-07e7e8a817a9c3d67 fusion-toggle-has-divider\"><div class=\"panel-heading\"><h4 class=\"panel-title toggle\" id=\"toggle_07e7e8a817a9c3d67\"><a aria-expanded=\"false\" aria-controls=\"07e7e8a817a9c3d67\" role=\"button\" data-toggle=\"collapse\" data-parent=\"#accordion-47616-5\" data-target=\"#07e7e8a817a9c3d67\" href=\"#07e7e8a817a9c3d67\"><span class=\"fusion-toggle-icon-wrapper\" aria-hidden=\"true\"><i class=\"fa-fusion-box active-icon awb-icon-minus\" aria-hidden=\"true\"><\/i><i class=\"fa-fusion-box inactive-icon awb-icon-plus\" aria-hidden=\"true\"><\/i><\/span><span class=\"fusion-toggle-heading\">23. Viol\u00e8ncies masclistes: estrat\u00e8gies per a la prevenci\u00f3 i l\u2019abordatge<\/span><\/a><\/h4><\/div><div id=\"07e7e8a817a9c3d67\" class=\"panel-collapse collapse \" aria-labelledby=\"toggle_07e7e8a817a9c3d67\"><div class=\"panel-body toggle-content fusion-clearfix\">\n<p>La proposta formativa presentada dona resposta a la necessitat manifestada per les entitats i federacions de lleure que volen treballar en la construcci\u00f3 d\u2019una societat m\u00e9s justa on es garanteixin els drets de totes les persones, unes relacions socials i personals basades en la llibertat i el respecte entre les persones i, per tant, lliure de situacions de viol\u00e8ncies masclistes. A nivell m\u00e9s concret, es vol dotar als esplais d\u2019eines per prevenir i actuar enfront de situacions d&#8217;assetjament i viol\u00e8ncies.<\/p>\n<p><strong>Objectius<\/strong><\/p>\n<ul>\n<li>Sensibilitzar als i les joves d\u2019entitats juvenils sobre viol\u00e8ncies masclistes i desigualtats<\/li>\n<li>Dotar d\u2019eines als esplais per prevenir i actuar enfront de situacions d&#8217;assetjament<\/li>\n<\/ul>\n<p><strong>Continguts<\/strong><\/p>\n<ul>\n<li>Conceptes b\u00e0sics: model sexe-g\u00e8nere, sistema binari, estereotips, divisi\u00f3 sexual del treball, relaci\u00f3 de poder, el sistema patriarcal.<\/li>\n<li>Viol\u00e8ncies masclistes.\n<ul>\n<li>Definici\u00f3 i tipologies.<\/li>\n<li>Les viol\u00e8ncies masclistes en el m\u00f3n de l\u2019associacionisme juvenil.<\/li>\n<\/ul>\n<\/li>\n<li>L\u2019abordatge de les viol\u00e8ncies masclistes a les entitats juvenils. Recursos: Protocols, Comissi\u00f3 d\u2019igualtat, Pla de formaci\u00f3, Treball en xarxa.<\/li>\n<\/ul>\n<\/div><\/div><\/div><div class=\"fusion-panel panel-default panel-0da382846c1d2daa5 fusion-toggle-has-divider\"><div class=\"panel-heading\"><h4 class=\"panel-title toggle\" id=\"toggle_0da382846c1d2daa5\"><a aria-expanded=\"false\" aria-controls=\"0da382846c1d2daa5\" role=\"button\" data-toggle=\"collapse\" data-parent=\"#accordion-47616-5\" data-target=\"#0da382846c1d2daa5\" href=\"#0da382846c1d2daa5\"><span class=\"fusion-toggle-icon-wrapper\" aria-hidden=\"true\"><i class=\"fa-fusion-box active-icon awb-icon-minus\" aria-hidden=\"true\"><\/i><i class=\"fa-fusion-box inactive-icon awb-icon-plus\" aria-hidden=\"true\"><\/i><\/span><span class=\"fusion-toggle-heading\">24. Masculinitats<\/span><\/a><\/h4><\/div><div id=\"0da382846c1d2daa5\" class=\"panel-collapse collapse \" aria-labelledby=\"toggle_0da382846c1d2daa5\"><div class=\"panel-body toggle-content fusion-clearfix\">\n<p>La socialitzaci\u00f3 dels homes els predisposa a la dominaci\u00f3, ja de petits assumeixen certs privilegis i aprenen a exercir el propi poder sobre la resta de persones, en especial de les dones i tots aquells homes que no mostrin les caracter\u00edstiques definides per la masculinitat hegem\u00f2nica. Aquesta c\u00e0psula t\u00e9 per objectiu desarticular la masculinitat hegem\u00f2nica, posant el focus en l\u2019\u00e0mbit educatiu i la quotidianitat associativa. Partirem de la creaci\u00f3 d\u2019unes masculinitats noves i plurals que trenquin amb el model tradicional i \u00fanic. Unes noves masculinitats que es desvinculin de la necessitat d\u2019exercir viol\u00e8ncia, de dominar i de ser un heroi a tota costa.<\/p>\n<p><strong>Objectius<\/strong><\/p>\n<ul>\n<li>Promoure el debat i el q\u00fcestionar els models hegem\u00f2nics de masculinitats<\/li>\n<li>Proposar alternatives a la masculinitat hegem\u00f2nica des d\u2019una mirada amb perspectiva de g\u00e8nere que vetlla per l\u2019equitat<\/li>\n<li>Dotar d\u2019eines als esplais per treballar aquesta tem\u00e0tica amb l\u2019assemblea, infants i joves<\/li>\n<\/ul>\n<p><strong>Continguts <\/strong><\/p>\n<ul>\n<li>Conceptualitzaci\u00f3: sistema sexe-g\u00e8nere<\/li>\n<li>Identitat, g\u00e8nere i masculinitat. o Revisant privilegis i acceptant les emocions.\n<ul>\n<li>Com ens relacionem?<\/li>\n<\/ul>\n<\/li>\n<li>Viol\u00e8ncies masclistes i sexualitat\n<ul>\n<li>Detecci\u00f3 i rols.<\/li>\n<li>Trencar silencis. Quin paper prenem?<\/li>\n<\/ul>\n<\/li>\n<li>Masculinitats i feminismes\n<ul>\n<li>La cura dels altres<\/li>\n<li>Aliances i possibilitats<\/li>\n<\/ul>\n<\/li>\n<li>I amb la tasca educativa, qu\u00e8?\n<ul>\n<li>Coeducaci\u00f3<\/li>\n<li>El rol del monitor. Com esdevenir referents?<\/li>\n<\/ul>\n<\/li>\n<\/ul>\n<\/div><\/div><\/div><div class=\"fusion-panel panel-default panel-e371ceca34de79866 fusion-toggle-has-divider\"><div class=\"panel-heading\"><h4 class=\"panel-title toggle\" id=\"toggle_e371ceca34de79866\"><a aria-expanded=\"false\" aria-controls=\"e371ceca34de79866\" role=\"button\" data-toggle=\"collapse\" data-parent=\"#accordion-47616-5\" data-target=\"#e371ceca34de79866\" href=\"#e371ceca34de79866\"><span class=\"fusion-toggle-icon-wrapper\" aria-hidden=\"true\"><i class=\"fa-fusion-box active-icon awb-icon-minus\" aria-hidden=\"true\"><\/i><i class=\"fa-fusion-box inactive-icon awb-icon-plus\" aria-hidden=\"true\"><\/i><\/span><span class=\"fusion-toggle-heading\">25. Disseny i elaboraci\u00f3 de protocols. Prevenci\u00f3 de l\u2019assetjament per ra\u00f3 de g\u00e8nere <\/span><\/a><\/h4><\/div><div id=\"e371ceca34de79866\" class=\"panel-collapse collapse \" aria-labelledby=\"toggle_e371ceca34de79866\"><div class=\"panel-body toggle-content fusion-clearfix\">\n<p>Aquesta c\u00e0psula vol dotar a les entitats (esplais, casals, agrupaments i altres entitats de car\u00e0cter no associatiu) d\u2019eines per prevenir i actuar enfront de situacions d&#8217;assetjament amb l\u2019objectiu de construir una societat m\u00e9s justa on es garanteixin els drets de totes les persones, unes relacions socials i personals basades en la llibertat i el respecte entre les persones i, per tant, lliure de situacions de viol\u00e8ncies masclistes.. El recull d\u2019eines i estrat\u00e8gies s\u2019emmarquen en l\u2019elaboraci\u00f3 de protocols, guies que han de servir a les entitats per definir un marc d&#8217;actuaci\u00f3 amb la finalitat d\u2019erradicar conductes d&#8217;assetjament sexual i per ra\u00f3 de sexe.<\/p>\n<p><strong>Objectius<\/strong><\/p>\n<ul>\n<li>Sensibilitzar als i les joves d\u2019entitats juvenils sobre viol\u00e8ncies masclistes<\/li>\n<li>Dotar a les entitats (esplais, casals, agrupaments i altres entitats de car\u00e0cter no associatiu) d\u2019eines per prevenir i actuar enfront de situacions d&#8217;assetjament.<\/li>\n<li>Donar eines perqu\u00e8 les entitats es dotin d&#8217;un procediment d&#8217;intervenci\u00f3 i acompanyament amb la finalitat d&#8217;atendre i resoldre situacions d\u2019agressions masclistes.<\/li>\n<\/ul>\n<p><strong>Continguts <\/strong><\/p>\n<ul>\n<li>L\u2019abordatge de les viol\u00e8ncies masclistes a les entitats juvenils. Recursos:\n<ul>\n<li>Protocols<\/li>\n<li>Comissi\u00f3 d\u2019igualtat<\/li>\n<li>Pla de formaci\u00f3<\/li>\n<li>Treball en xarxa<\/li>\n<li>altres<\/li>\n<\/ul>\n<\/li>\n<li>Marc normatiu<\/li>\n<li>Desenvolupem un protocol per la prevenci\u00f3 i abordatge de viol\u00e8ncies.\n<ul>\n<li>Acci\u00f3 preventiva: comunicaci\u00f3, formaci\u00f3 i comprom\u00eds<\/li>\n<li>La comissi\u00f3 d\u2019igualtat<\/li>\n<li>Procediment d\u2019actuaci\u00f3: principis i garanties, drets i obligacions, proc\u00e9s d\u2019intervenci\u00f3 (diagrama), seguiment i avaluaci\u00f3, informaci\u00f3.<\/li>\n<\/ul>\n<\/li>\n<\/ul>\n<\/div><\/div><\/div><div class=\"fusion-panel panel-default panel-c7cd60b88ad11894b fusion-toggle-has-divider\"><div class=\"panel-heading\"><h4 class=\"panel-title toggle\" id=\"toggle_c7cd60b88ad11894b\"><a aria-expanded=\"false\" aria-controls=\"c7cd60b88ad11894b\" role=\"button\" data-toggle=\"collapse\" data-parent=\"#accordion-47616-5\" data-target=\"#c7cd60b88ad11894b\" href=\"#c7cd60b88ad11894b\"><span class=\"fusion-toggle-icon-wrapper\" aria-hidden=\"true\"><i class=\"fa-fusion-box active-icon awb-icon-minus\" aria-hidden=\"true\"><\/i><i class=\"fa-fusion-box inactive-icon awb-icon-plus\" aria-hidden=\"true\"><\/i><\/span><span class=\"fusion-toggle-heading\">26. Com abordar la sexualitat infantil a l\u2019educaci\u00f3 en el lleure?<\/span><\/a><\/h4><\/div><div id=\"c7cd60b88ad11894b\" class=\"panel-collapse collapse \" aria-labelledby=\"toggle_c7cd60b88ad11894b\"><div class=\"panel-body toggle-content fusion-clearfix\">\n<p>La sexualitat forma part de nosaltres des del naixement i est\u00e0 present en totes les etapes del nostre cicle vital, alhora que influeix en el desenvolupament i en la salut de totes les persones. Amb aquesta c\u00e0psula es treballar\u00e0 al voltant de l\u2019educaci\u00f3 sexual i afectiva d\u2019infants, adolescents i joves, des d\u2019una perspectiva de g\u00e8nere i de drets LGTBI, per tal incorporar-la en el processos educatius i que no sigui un tema viscut amb por o des del tab\u00fa.<\/p>\n<p><strong>Objectius<\/strong><\/p>\n<ul>\n<li>Adquirir coneixements sobre g\u00e8nere i sexualitat.<\/li>\n<li>Incloure la perspectiva de g\u00e8nere i de drets LGTBI en l\u2019educaci\u00f3 sexual i afectiva.<\/li>\n<li>Con\u00e8ixer eines i recursos per treballar-ho amb infants i joves.<\/li>\n<\/ul>\n<p><strong>Continguts <\/strong><\/p>\n<ul>\n<li>L\u2019educaci\u00f3 sexual i afectiva.<\/li>\n<li>Salut i sexualitat.<\/li>\n<li>Una sexualitat heternonormativa i cisg\u00e8nere?<\/li>\n<li>Parlem de desig i plaer.<\/li>\n<li>Eines i especificitats per a cada edat en el treball de la sexualitat.<\/li>\n<li>Recursos i enes per treballar amb infants i joves.<\/li>\n<\/ul>\n<\/div><\/div><\/div><div class=\"fusion-panel panel-default panel-8628e1be14d5ae54c fusion-toggle-has-divider\"><div class=\"panel-heading\"><h4 class=\"panel-title toggle\" id=\"toggle_8628e1be14d5ae54c\"><a aria-expanded=\"false\" aria-controls=\"8628e1be14d5ae54c\" role=\"button\" data-toggle=\"collapse\" data-parent=\"#accordion-47616-5\" data-target=\"#8628e1be14d5ae54c\" href=\"#8628e1be14d5ae54c\"><span class=\"fusion-toggle-icon-wrapper\" aria-hidden=\"true\"><i class=\"fa-fusion-box active-icon awb-icon-minus\" aria-hidden=\"true\"><\/i><i class=\"fa-fusion-box inactive-icon awb-icon-plus\" aria-hidden=\"true\"><\/i><\/span><span class=\"fusion-toggle-heading\">27. Detecci\u00f3 i prevenci\u00f3 de l\u2019ab\u00fas sexual infantil<\/span><\/a><\/h4><\/div><div id=\"8628e1be14d5ae54c\" class=\"panel-collapse collapse \" aria-labelledby=\"toggle_8628e1be14d5ae54c\"><div class=\"panel-body toggle-content fusion-clearfix\">\n<p>La formaci\u00f3 pret\u00e9n conscienciar als monitors i monitores que estan a organitzacions de lleure educatiu davant de l\u2019ab\u00fas sexual infantil aix\u00ed com oferir eines per a la prevenci\u00f3, detecci\u00f3 i actuaci\u00f3 d\u2019acord amb el protocol vigent. La formaci\u00f3 vol sensibilitzar i reflexionar sobre la protecci\u00f3 que hem d\u2019oferir als nens, nenes i adolescents davant l\u2019ab\u00fas sexual infantil i d\u2019altres conductes abusives, aix\u00ed com establir els circuits de derivaci\u00f3 en cas que sigui necess\u00e0ria la intervenci\u00f3 d\u2019aquests professionals en la protecci\u00f3 d\u2019un infant.<\/p>\n<p><strong>Objectius<\/strong><\/p>\n<ul>\n<li>Recon\u00e8ixer i saber qu\u00e8 \u00e9s l\u2019ab\u00fas sexual.<\/li>\n<li>Con\u00e8ixer el perfil de les persones maltractadores i quines estrat\u00e8gies utilitzen.<\/li>\n<li>Desenvolupar habilitats i estrat\u00e8gies per identificar situacions d\u2019ab\u00fas i com evitar-les en les nostres entitats<\/li>\n<li>Treballar amb din\u00e0miques per infants, joves i monitores que facilitin la prevenci\u00f3 de l\u2019ab\u00fas sexual.<\/li>\n<li>Familiaritzar-se amb el protocol d\u2019intervenci\u00f3 en cas d\u2019ASI<\/li>\n<\/ul>\n<p><strong>Continguts <\/strong><\/p>\n<ul>\n<li>Qu\u00e8 \u00e9s un ab\u00fas? Definicions b\u00e0siques de qu\u00e8 \u00e9s un ab\u00fas i aclarir conceptes relacionats: agressi\u00f3, explotaci\u00f3 sexual infantil,\u2026<\/li>\n<li>Aprofundiment en l\u2019ab\u00fas sexual a menors.<\/li>\n<li>Eines per identificar situacions d\u2019ab\u00fas. Desenvolupar habilitats i estrat\u00e8gies per identificar situacions d\u2019ab\u00fas i com evitar-les en les nostres entitats.<\/li>\n<li>L\u2019abusador o maltractador. Aproximaci\u00f3 a perfils i estrat\u00e8gies que utilitzen.<\/li>\n<li>Prevenci\u00f3. Din\u00e0miques per infants, joves i monitores que facilitin la prevenci\u00f3 de l\u2019ab\u00fas sexual.<\/li>\n<li>El protocol ASI.<\/li>\n<li>Treballem recursos.<\/li>\n<\/ul>\n<\/div><\/div><\/div><div class=\"fusion-panel panel-default panel-83f9d1eee31032eaf fusion-toggle-has-divider\"><div class=\"panel-heading\"><h4 class=\"panel-title toggle\" id=\"toggle_83f9d1eee31032eaf\"><a aria-expanded=\"false\" aria-controls=\"83f9d1eee31032eaf\" role=\"button\" data-toggle=\"collapse\" data-parent=\"#accordion-47616-5\" data-target=\"#83f9d1eee31032eaf\" href=\"#83f9d1eee31032eaf\"><span class=\"fusion-toggle-icon-wrapper\" aria-hidden=\"true\"><i class=\"fa-fusion-box active-icon awb-icon-minus\" aria-hidden=\"true\"><\/i><i class=\"fa-fusion-box inactive-icon awb-icon-plus\" aria-hidden=\"true\"><\/i><\/span><span class=\"fusion-toggle-heading\">28. Ab\u00fas sexual infantil a les xarxes socials<\/span><\/a><\/h4><\/div><div id=\"83f9d1eee31032eaf\" class=\"panel-collapse collapse \" aria-labelledby=\"toggle_83f9d1eee31032eaf\"><div class=\"panel-body toggle-content fusion-clearfix\">\n<p>La formaci\u00f3 pret\u00e9n conscienciar als monitors i monitores que estan a organitzacions de lleure educatiu davant de l\u2019ab\u00fas sexual infantil i l\u2019assetjament sexual virtual, aix\u00ed com oferir eines per la prevenci\u00f3, detecci\u00f3 i actuaci\u00f3. La formaci\u00f3 vol sensibilitzar i reflexionar sobre la protecci\u00f3 que hem d\u2019oferir als infants i adolescents davant l\u2019ab\u00fas sexual infantil i d\u2019altres conductes abusives, aix\u00ed com establir els circuits de derivaci\u00f3 en cas que sigui necess\u00e0ria la intervenci\u00f3 d\u2019aquests professionals en la protecci\u00f3 d\u2019un infant.<\/p>\n<p><strong>Objectius<\/strong><\/p>\n<ul>\n<li>Recon\u00e8ixer i saber qu\u00e8 \u00e9s l\u2019ab\u00fas sexual infantil.<\/li>\n<li>Identificar pr\u00e0ctiques d\u2019ab\u00fas i assetjament sexual en el context de les xarxes socials.<\/li>\n<li>Con\u00e8ixer el perfil de les persones maltractadores.<\/li>\n<li>Desenvolupar habilitats per detectar situacions de risc o d\u2019ab\u00fas.<\/li>\n<li>Sistematitzar el proc\u00e9s a seguir en cas de detecci\u00f3 d\u2019assetjament sexual virtual.<\/li>\n<li>Treballar amb din\u00e0miques per infants, joves i monitores que facilitin la prevenci\u00f3 de l\u2019ab\u00fas sexual i l\u2019assetjament sexual.<\/li>\n<\/ul>\n<p><strong>Continguts <\/strong><\/p>\n<ul>\n<li>Qu\u00e8 \u00e9s un ab\u00fas? Qu\u00e8 \u00e9s l\u2019assetjament? Definicions b\u00e0siques i aclariment de conceptes relacionats: agressi\u00f3, explotaci\u00f3 sexual infantil, sexting, ab\u00fas de poder\u2026<\/li>\n<li>Aprofundiment en l\u2019ab\u00fas i l\u2019assetjament sexual a menors en el context de les xarxes socials: WhatsApp, Instagram, TikTok i apps de cites.<\/li>\n<li>Eines per identificar diferents situacions d\u2019ab\u00fas: sextorsi\u00f3, sexpreading, pornografia, exhibicionisme.<\/li>\n<li>L\u2019abusador o maltractador. Aproximaci\u00f3 a perfils i estrat\u00e8gies virtuals que utilitzen.<\/li>\n<li>Actuaci\u00f3 d\u2019acord al protocol vigent. Circuits de derivaci\u00f3 en cas d\u2019intervenci\u00f3.<\/li>\n<li>Objectius de la prevenci\u00f3 de l\u2019ab\u00fas i l\u2019assetjament virtual i din\u00e0miques per treballar-los.<\/li>\n<\/ul>\n<\/div><\/div><\/div><\/div><\/div><\/div>\n<\/div><\/div><\/div><\/div><\/div><\/div><\/div><\/div><div id=\"F\" class=\"fusion-container-anchor\"><div class=\"fusion-fullwidth fullwidth-box fusion-builder-row-7 fusion-flex-container nonhundred-percent-fullwidth non-hundred-percent-height-scrolling\" style=\"--awb-border-radius-top-left:0px;--awb-border-radius-top-right:0px;--awb-border-radius-bottom-right:0px;--awb-border-radius-bottom-left:0px;--awb-flex-wrap:wrap;\" ><div class=\"fusion-builder-row fusion-row fusion-flex-align-items-flex-start fusion-flex-content-wrap\" style=\"max-width:1248px;margin-left: calc(-4% \/ 2 );margin-right: calc(-4% \/ 2 );\"><div class=\"fusion-layout-column fusion_builder_column fusion-builder-column-13 fusion_builder_column_1_1 1_1 fusion-flex-column\" style=\"--awb-bg-size:cover;--awb-width-large:100%;--awb-margin-top-large:0px;--awb-spacing-right-large:1.92%;--awb-margin-bottom-large:20px;--awb-spacing-left-large:1.92%;--awb-width-medium:100%;--awb-spacing-right-medium:1.92%;--awb-spacing-left-medium:1.92%;--awb-width-small:100%;--awb-spacing-right-small:1.92%;--awb-spacing-left-small:1.92%;\"><div class=\"fusion-column-wrapper fusion-column-has-shadow fusion-flex-justify-content-flex-start fusion-content-layout-column\"><div class=\"fusion-tabs fusion-tabs-6 classic nav-is-justified horizontal-tabs icon-position-left mobile-mode-accordion\" style=\"--awb-title-border-radius-top-left:0px;--awb-title-border-radius-top-right:0px;--awb-title-border-radius-bottom-right:0px;--awb-title-border-radius-bottom-left:0px;--awb-inactive-color:#ebeaea;--awb-background-color:#ffffff;--awb-border-color:#ebeaea;--awb-active-border-color:#f69d0b;\"><div class=\"nav\"><ul class=\"nav-tabs nav-justified\" role=\"tablist\"><li class=\"active\" role=\"presentation\"><a class=\"tab-link\" data-toggle=\"tab\" role=\"tab\" aria-controls=\"tab-32cf7b982a85cbb9880\" aria-selected=\"true\" id=\"fusion-tab-f.educaci\u00d3ecosocialijust\u00cdciaclim\u00c0tica\" href=\"#tab-32cf7b982a85cbb9880\"><h4 class=\"fusion-tab-heading\">F. EDUCACI\u00d3 ECOSOCIAL I JUST\u00cdCIA CLIM\u00c0TICA<\/h4><\/a><\/li><\/ul><\/div><div class=\"tab-content\"><div class=\"nav fusion-mobile-tab-nav\"><ul class=\"nav-tabs nav-justified\" role=\"tablist\"><li class=\"active\" role=\"presentation\"><a class=\"tab-link\" data-toggle=\"tab\" role=\"tab\" aria-controls=\"tab-32cf7b982a85cbb9880\" aria-selected=\"true\" id=\"mobile-fusion-tab-f.educaci\u00d3ecosocialijust\u00cdciaclim\u00c0tica\" href=\"#tab-32cf7b982a85cbb9880\"><h4 class=\"fusion-tab-heading\">F. EDUCACI\u00d3 ECOSOCIAL I JUST\u00cdCIA CLIM\u00c0TICA<\/h4><\/a><\/li><\/ul><\/div><div class=\"tab-pane fade fusion-clearfix in active\" role=\"tabpanel\" tabindex=\"0\" aria-labelledby=\"fusion-tab-f.educaci\u00d3ecosocialijust\u00cdciaclim\u00c0tica\" id=\"tab-32cf7b982a85cbb9880\">\n<div class=\"fusion-builder-row fusion-builder-row-inner fusion-row fusion-flex-align-items-flex-start fusion-flex-content-wrap\" style=\"width:104% !important;max-width:104% !important;margin-left: calc(-4% \/ 2 );margin-right: calc(-4% \/ 2 );\"><div class=\"fusion-text fusion-text-14\"><\/div><div class=\"accordian fusion-accordian\" style=\"--awb-border-size:0px;--awb-icon-size:13px;--awb-content-font-size:16px;--awb-icon-alignment:left;--awb-hover-color:#f9f9f9;--awb-border-color:#cccccc;--awb-background-color:#ffffff;--awb-divider-color:#f69d0b;--awb-divider-hover-color:#f69d0b;--awb-icon-color:#fff;--awb-title-color:#333333;--awb-content-color:#1e1e1e;--awb-icon-box-color:#333333;--awb-toggle-hover-accent-color:#f69d0b;--awb-title-font-family:&quot;Montserrat&quot;;--awb-title-font-weight:700;--awb-title-font-style:normal;--awb-content-font-family:&quot;Montserrat&quot;;--awb-content-font-style:normal;--awb-content-font-weight:400;\"><div class=\"panel-group fusion-toggle-icon-boxed\" id=\"accordion-47616-6\"><div class=\"fusion-panel panel-default panel-4198d661d2443368e fusion-toggle-has-divider\"><div class=\"panel-heading\"><h4 class=\"panel-title toggle\" id=\"toggle_4198d661d2443368e\"><a aria-expanded=\"false\" aria-controls=\"4198d661d2443368e\" role=\"button\" data-toggle=\"collapse\" data-parent=\"#accordion-47616-6\" data-target=\"#4198d661d2443368e\" href=\"#4198d661d2443368e\"><span class=\"fusion-toggle-icon-wrapper\" aria-hidden=\"true\"><i class=\"fa-fusion-box active-icon awb-icon-minus\" aria-hidden=\"true\"><\/i><i class=\"fa-fusion-box inactive-icon awb-icon-plus\" aria-hidden=\"true\"><\/i><\/span><span class=\"fusion-toggle-heading\">29. Com educar davant la crisi clim\u00e0tica<\/span><\/a><\/h4><\/div><div id=\"4198d661d2443368e\" class=\"panel-collapse collapse \" aria-labelledby=\"toggle_4198d661d2443368e\"><div class=\"panel-body toggle-content fusion-clearfix\">\n<p>Aquesta c\u00e0psula pret\u00e9n abordar, des d\u2019una vessant cr\u00edtica, la crisi ecol\u00f2gica que estem vivint des de fa d\u00e8cades. En farem an\u00e0lisi per tal d\u2019extreure\u2019n eines que ens permetin traduir en la tasca educativa, accions concretes que incorporin perspectives sostenibles i de decreixement per tal de poder caminar cap a una societat justa, democr\u00e0tica, descarbonitzada i sostenbile. A m\u00e9s a m\u00e9s, les associacions s\u00f3n espais de participaci\u00f3 idonis on comen\u00e7ar a fomentar pr\u00e0ctiques sostenibles i respectuoses amb el planeta. Qu\u00e8 podem fer perqu\u00e8 la nostra entitat esdevingui un agent sensibilitzador i de canvi d&#8217;h\u00e0bits?<\/p>\n<p><strong>Objectius<\/strong><\/p>\n<ul>\n<li>Realitzar una comprensi\u00f3 cr\u00edtica dels sistemes ecol\u00f2gics i econ\u00f2mics.<\/li>\n<li>Entendre l\u2019esser hum\u00e0 com a ecodependent i interdependent i comprendre les relacions entre les accions locals i les conseq\u00fc\u00e8ncies globals.<\/li>\n<li>Reflexionar sobre la petjada ecol\u00f2gica genera l\u2019entitat en el seu dia a dia.<\/li>\n<li>Incorporar la compet\u00e8ncia ecosocial en la pr\u00e0ctica educativa<\/li>\n<\/ul>\n<p><strong>Continguts<\/strong>:<\/p>\n<ul>\n<li>Conceptualitzaci\u00f3. Sostenibilitat i decreixement.<\/li>\n<li>An\u00e0lisi dels sistemes ecol\u00f2gics i la situaci\u00f3 actual. Una emerg\u00e8ncia clim\u00e0tica i ecol\u00f2gica.<\/li>\n<li>La compet\u00e8ncia ecosocial en l\u2019acci\u00f3 educativa.<\/li>\n<li>L\u2019impacte de l\u2019entitat. La carta de gesti\u00f3 de recursos<\/li>\n<li>Men\u00fas sostenibles\n<ul>\n<li>La perspectiva agroecol\u00f2gica en el disseny de men\u00fas.<\/li>\n<li>Evitar el malbaratament en el disseny dels men\u00fas<\/li>\n<\/ul>\n<\/li>\n<li>Experi\u00e8ncies i bones pr\u00e0ctiques associatives (horts, cooperatives, mercats d&#8217;intercanvi, sortides, tallers&#8230;).<\/li>\n<\/ul>\n<\/div><\/div><\/div><div class=\"fusion-panel panel-default panel-6f0fa938174929556 fusion-toggle-has-divider\"><div class=\"panel-heading\"><h4 class=\"panel-title toggle\" id=\"toggle_6f0fa938174929556\"><a aria-expanded=\"false\" aria-controls=\"6f0fa938174929556\" role=\"button\" data-toggle=\"collapse\" data-parent=\"#accordion-47616-6\" data-target=\"#6f0fa938174929556\" href=\"#6f0fa938174929556\"><span class=\"fusion-toggle-icon-wrapper\" aria-hidden=\"true\"><i class=\"fa-fusion-box active-icon awb-icon-minus\" aria-hidden=\"true\"><\/i><i class=\"fa-fusion-box inactive-icon awb-icon-plus\" aria-hidden=\"true\"><\/i><\/span><span class=\"fusion-toggle-heading\">30. Decreixement<\/span><\/a><\/h4><\/div><div id=\"6f0fa938174929556\" class=\"panel-collapse collapse \" aria-labelledby=\"toggle_6f0fa938174929556\"><div class=\"panel-body toggle-content fusion-clearfix\">\n<p>En aquesta c\u00e0psula s\u2019aborda, des d\u2019una vessant cr\u00edtica, la crisi ambiental que estem vivint des de fa d\u00e8cades. Se\u2019n fa una an\u00e0lisi per extreure eines que es transformin en accions concretes, incorporant perspectives sostenibles i de decreixement en la tasca educativa. La c\u00e0psula es presenta sobretot per educadores amb ganes d\u2019iniciar-se o complementar coneixements, tot canviant les ulleres amb les que mirem el m\u00f3n.<\/p>\n<p><strong>Objectius<\/strong><\/p>\n<ul>\n<li>Analitzar i sensibilitzar sobre la crisi ambiental: ecol\u00f2gica, econ\u00f2mica i social<\/li>\n<li>Explorar els conceptes de sostenibilitat i decreixement<\/li>\n<li>Incorporar la perspectiva ecol\u00f2gica i ambiental en la pr\u00e0ctica educativa<\/li>\n<\/ul>\n<p><strong>Continguts <\/strong><\/p>\n<ul>\n<li>Medi ambient: definici\u00f3 i component social<\/li>\n<li>Antropoc\u00e8 o Antropocentrisme\n<ul>\n<li>Evoluci\u00f3 hist\u00f2rica<\/li>\n<li>Crisi ambiental: ecol\u00f2gica, econ\u00f2mica, social<\/li>\n<li>Petjada ecol\u00f2gica<\/li>\n<\/ul>\n<\/li>\n<li>Decreixement\n<ul>\n<li>Dimensions del decreixement<\/li>\n<li>Els 4 verbs del decreixement<\/li>\n<\/ul>\n<\/li>\n<li>Passar a l&#8217;acci\u00f3 o Educaci\u00f3 ambiental\/per la sostenibilitat. Principis\n<ul>\n<li>ESS. Pam a Pam<\/li>\n<li>Economia circular<\/li>\n<\/ul>\n<\/li>\n<li>Intervencions educatives<\/li>\n<\/ul>\n<\/div><\/div><\/div><\/div><\/div><\/div>\n<\/div><\/div><\/div><\/div><\/div><\/div><\/div><\/div><div id=\"G\" class=\"fusion-container-anchor\"><div class=\"fusion-fullwidth fullwidth-box fusion-builder-row-8 fusion-flex-container nonhundred-percent-fullwidth non-hundred-percent-height-scrolling\" style=\"--awb-border-radius-top-left:0px;--awb-border-radius-top-right:0px;--awb-border-radius-bottom-right:0px;--awb-border-radius-bottom-left:0px;--awb-flex-wrap:wrap;\" ><div class=\"fusion-builder-row fusion-row fusion-flex-align-items-flex-start fusion-flex-content-wrap\" style=\"max-width:1248px;margin-left: calc(-4% \/ 2 );margin-right: calc(-4% \/ 2 );\"><div class=\"fusion-layout-column fusion_builder_column fusion-builder-column-14 fusion_builder_column_1_1 1_1 fusion-flex-column\" style=\"--awb-bg-size:cover;--awb-width-large:100%;--awb-margin-top-large:0px;--awb-spacing-right-large:1.92%;--awb-margin-bottom-large:20px;--awb-spacing-left-large:1.92%;--awb-width-medium:100%;--awb-spacing-right-medium:1.92%;--awb-spacing-left-medium:1.92%;--awb-width-small:100%;--awb-spacing-right-small:1.92%;--awb-spacing-left-small:1.92%;\"><div class=\"fusion-column-wrapper fusion-column-has-shadow fusion-flex-justify-content-flex-start fusion-content-layout-column\"><div class=\"fusion-tabs fusion-tabs-7 classic nav-is-justified horizontal-tabs icon-position-left mobile-mode-accordion\" style=\"--awb-title-border-radius-top-left:0px;--awb-title-border-radius-top-right:0px;--awb-title-border-radius-bottom-right:0px;--awb-title-border-radius-bottom-left:0px;--awb-inactive-color:#ebeaea;--awb-background-color:#ffffff;--awb-border-color:#ebeaea;--awb-active-border-color:#f69d0b;\"><div class=\"nav\"><ul class=\"nav-tabs nav-justified\" role=\"tablist\"><li class=\"active\" role=\"presentation\"><a class=\"tab-link\" data-toggle=\"tab\" role=\"tab\" aria-controls=\"tab-d38202b109aa38e851c\" aria-selected=\"true\" id=\"fusion-tab-g.salut\" href=\"#tab-d38202b109aa38e851c\"><h4 class=\"fusion-tab-heading\">G. SALUT<\/h4><\/a><\/li><\/ul><\/div><div class=\"tab-content\"><div class=\"nav fusion-mobile-tab-nav\"><ul class=\"nav-tabs nav-justified\" role=\"tablist\"><li class=\"active\" role=\"presentation\"><a class=\"tab-link\" data-toggle=\"tab\" role=\"tab\" aria-controls=\"tab-d38202b109aa38e851c\" aria-selected=\"true\" id=\"mobile-fusion-tab-g.salut\" href=\"#tab-d38202b109aa38e851c\"><h4 class=\"fusion-tab-heading\">G. SALUT<\/h4><\/a><\/li><\/ul><\/div><div class=\"tab-pane fade fusion-clearfix in active\" role=\"tabpanel\" tabindex=\"0\" aria-labelledby=\"fusion-tab-g.salut\" id=\"tab-d38202b109aa38e851c\">\n<div class=\"fusion-builder-row fusion-builder-row-inner fusion-row fusion-flex-align-items-flex-start fusion-flex-content-wrap\" style=\"width:104% !important;max-width:104% !important;margin-left: calc(-4% \/ 2 );margin-right: calc(-4% \/ 2 );\"><div class=\"fusion-text fusion-text-15\"><\/div><div class=\"accordian fusion-accordian\" style=\"--awb-border-size:0px;--awb-icon-size:13px;--awb-content-font-size:16px;--awb-icon-alignment:left;--awb-hover-color:#f9f9f9;--awb-border-color:#cccccc;--awb-background-color:#ffffff;--awb-divider-color:#f69d0b;--awb-divider-hover-color:#f69d0b;--awb-icon-color:#fff;--awb-title-color:#333333;--awb-content-color:#1e1e1e;--awb-icon-box-color:#333333;--awb-toggle-hover-accent-color:#f69d0b;--awb-title-font-family:&quot;Montserrat&quot;;--awb-title-font-weight:700;--awb-title-font-style:normal;--awb-content-font-family:&quot;Montserrat&quot;;--awb-content-font-style:normal;--awb-content-font-weight:400;\"><div class=\"panel-group fusion-toggle-icon-boxed\" id=\"accordion-47616-7\"><div class=\"fusion-panel panel-default panel-3fa510a270e1aa7c6 fusion-toggle-has-divider\"><div class=\"panel-heading\"><h4 class=\"panel-title toggle\" id=\"toggle_3fa510a270e1aa7c6\"><a aria-expanded=\"false\" aria-controls=\"3fa510a270e1aa7c6\" role=\"button\" data-toggle=\"collapse\" data-parent=\"#accordion-47616-7\" data-target=\"#3fa510a270e1aa7c6\" href=\"#3fa510a270e1aa7c6\"><span class=\"fusion-toggle-icon-wrapper\" aria-hidden=\"true\"><i class=\"fa-fusion-box active-icon awb-icon-minus\" aria-hidden=\"true\"><\/i><i class=\"fa-fusion-box inactive-icon awb-icon-plus\" aria-hidden=\"true\"><\/i><\/span><span class=\"fusion-toggle-heading\">31. Alimentaci\u00f3 saludable i trastorns alimentaris <\/span><\/a><\/h4><\/div><div id=\"3fa510a270e1aa7c6\" class=\"panel-collapse collapse \" aria-labelledby=\"toggle_3fa510a270e1aa7c6\"><div class=\"panel-body toggle-content fusion-clearfix\">\n<p>Per qu\u00e8 cal menjar verdura? Qu\u00e8 ens aporta menjar cigrons i no carn? Compartir \u00e0pats, col\u00f2nies i viv\u00e8ncies ens fa propers i ens permet incidir en els h\u00e0bits alimentaris dels infants. En aquesta c\u00e0psula es donaran eines per tal de promoure la salut en el moments dels \u00e0pats i per dotar-los de m\u00e9s qualitat pedag\u00f2gica. Tamb\u00e9 es donaran eines per l\u2019elaboraci\u00f3 de men\u00fas sostenibles i saludables des d\u2019una perspectiva de la sobirania aliment\u00e0ria i l\u2019agroecologia per tal que siguin equilibrats i nutritius. La proximitat i la conviv\u00e8ncia entre infants, joves i educadores sovint ens fa capa\u00e7os de detectar anomalies i esdevenir persones properes a qui poen explicar all\u00f2 que preocupa. Com a educadores, quin \u00e9s el paper que hem de prendre? A qui hem d&#8217;informar? Qui ens pot assessorar?<\/p>\n<p><strong>Objectius<\/strong><\/p>\n<ul>\n<li>Promoure actituds i desenvolupar h\u00e0bits que condueixin a comportaments de vida saludable.<\/li>\n<li>Reflexionar sobre el paper clau durant l\u2019acompanyament dels \u00e0pats.<\/li>\n<li>Dotar d\u2019eines per l\u2019elaboraci\u00f3 de dietes sostenibles i saludables per repensar els \u00e0pats a l\u2019entitat.<\/li>\n<li>Con\u00e8ixer diferents alteracions de la conducta aliment\u00e0ria i qu\u00e8 els caracteritzen.<\/li>\n<li>Donar eines per a poder detectar conductes alimentaries que requereixin atenci\u00f3.<\/li>\n<li>Oferir eines per a la intervenci\u00f3 en casos d\u2019alteracions de l&#8217;alimentaci\u00f3.<\/li>\n<\/ul>\n<p><strong>Continguts<\/strong>:<\/p>\n<ul>\n<li>L\u2019alimentaci\u00f3 saludable i com incloure-la en el projecte educatiu.<\/li>\n<li>Els \u00e0pats com a context educatiu, l\u2019acompanyament.<\/li>\n<li>Alteracions de la conducta aliment\u00e0ria.<\/li>\n<li>Quins s\u00f3n els indicadors d&#8217;un trastorn alimentari?<\/li>\n<li>Quin es el paper que cal prendre quan detectem una alteraci\u00f3 de la conducta aliment\u00e0ria.<\/li>\n<li>Quins recursos, entitats i institucions ens poden assessorar<\/li>\n<\/ul>\n<\/div><\/div><\/div><div class=\"fusion-panel panel-default panel-a426323929b6a8c37 fusion-toggle-has-divider\"><div class=\"panel-heading\"><h4 class=\"panel-title toggle\" id=\"toggle_a426323929b6a8c37\"><a aria-expanded=\"false\" aria-controls=\"a426323929b6a8c37\" role=\"button\" data-toggle=\"collapse\" data-parent=\"#accordion-47616-7\" data-target=\"#a426323929b6a8c37\" href=\"#a426323929b6a8c37\"><span class=\"fusion-toggle-icon-wrapper\" aria-hidden=\"true\"><i class=\"fa-fusion-box active-icon awb-icon-minus\" aria-hidden=\"true\"><\/i><i class=\"fa-fusion-box inactive-icon awb-icon-plus\" aria-hidden=\"true\"><\/i><\/span><span class=\"fusion-toggle-heading\">32. Consum de drogues entre joves<\/span><\/a><\/h4><\/div><div id=\"a426323929b6a8c37\" class=\"panel-collapse collapse \" aria-labelledby=\"toggle_a426323929b6a8c37\"><div class=\"panel-body toggle-content fusion-clearfix\">\n<p>El consum de drogues sovint apareix com a tema recurrent entre els grups d\u2019adolescents. L\u2019educaci\u00f3 en el lleure \u00e9s un espai privilegiat per poder tractar temes com aquests en un clima de confian\u00e7a, i on poder parlar de tot sense tab\u00fas. Quin paper juga l\u2019entitat i els i les referents? Quines responsabilitats assumim les referents en aquest aspecte? Com establim una relaci\u00f3 de confian\u00e7a amb els adolescents? I amb les fam\u00edlies? Estem prepartats\/des per entomar aquests temes? Sabem detectar situacions de risc pels joves? Quin \u00e9s el paper que hem de prendre? A qui hem d&#8217;informar? Qui ens pot assessorar?<\/p>\n<p><strong>Objectius<\/strong><\/p>\n<ul>\n<li>Reflexionar entorn al concepte d&#8217;\u00fas, ab\u00fas i consum responsable.<\/li>\n<li>Con\u00e8ixer quins efectes a curt i a llarg termini produeixen a la salut diferents subst\u00e0ncies.<\/li>\n<li>Oferir eines i recursos per a la intervenci\u00f3 en diferents casos relacionats amb el consum de subst\u00e0ncies.<\/li>\n<li>Treballar com incloure al projecte educatiu la prevenci\u00f3 i l&#8217;acompanyament cap a la creaci\u00f3 d&#8217;una opini\u00f3 pr\u00f2pia respecte el consum de subst\u00e0ncies (esperit cr\u00edtic, responsabilitat).<\/li>\n<li>Donar eines per treballar aquest tema amb els nois i les noies.<\/li>\n<li>Reflexionar sobre l\u2019oci juvenil i la relaci\u00f3 que hi ha amb el consum de drogues.<\/li>\n<\/ul>\n<p><strong>Continguts <\/strong><\/p>\n<ul>\n<li>Concepte d&#8217;\u00fas, ab\u00fas i consum responsable.<\/li>\n<li>Perqu\u00e8 un adolescent comen\u00e7a a prendre drogues? Motius i contextos que ho afavoreixen.<\/li>\n<li>Principals subst\u00e0ncies i les seves caracter\u00edstiques.<\/li>\n<li>Marc legal.<\/li>\n<li>El paper dels i les referents.<\/li>\n<li>Com treballem aquests temes a l\u2019assemblea? Quines propostes d\u2019oci oferim i potenciem? Qu\u00e8 en diu el nostre projecte educatiu?<\/li>\n<li>El debat a l\u2019assemblea, amb els joves i amb les fam\u00edlies.<\/li>\n<li>Indicadors d&#8217;una addicci\u00f3 I com detectar conductes de risc?<\/li>\n<li>Quin es el paper que cal prendre quan detectem un ab\u00fas de consum de subst\u00e0ncies?<\/li>\n<\/ul>\n<\/div><\/div><\/div><div class=\"fusion-panel panel-default panel-05ec4935645d4ae67 fusion-toggle-has-divider\"><div class=\"panel-heading\"><h4 class=\"panel-title toggle\" id=\"toggle_05ec4935645d4ae67\"><a aria-expanded=\"false\" aria-controls=\"05ec4935645d4ae67\" role=\"button\" data-toggle=\"collapse\" data-parent=\"#accordion-47616-7\" data-target=\"#05ec4935645d4ae67\" href=\"#05ec4935645d4ae67\"><span class=\"fusion-toggle-icon-wrapper\" aria-hidden=\"true\"><i class=\"fa-fusion-box active-icon awb-icon-minus\" aria-hidden=\"true\"><\/i><i class=\"fa-fusion-box inactive-icon awb-icon-plus\" aria-hidden=\"true\"><\/i><\/span><span class=\"fusion-toggle-heading\">33. Primers auxilis<\/span><\/a><\/h4><\/div><div id=\"05ec4935645d4ae67\" class=\"panel-collapse collapse \" aria-labelledby=\"toggle_05ec4935645d4ae67\"><div class=\"panel-body toggle-content fusion-clearfix\">\n<p>Aquesta c\u00e0psula va dirigida a persones volunt\u00e0ries que treballen di\u00e0riament en projectes amb infants i adolescents. En aquesta c\u00e0psula s\u2019introduiran els conceptes b\u00e0sics de prevenci\u00f3 de riscos i accidents i es treballar\u00e0 al voltat de la responsabilitat del monitor\/a de lleure. Es donaran claus per aprendre a reaccionar davant situacions d\u2019emerg\u00e8ncia i actuar davant de petits accidents. Tamb\u00e9 es donaran les claus per con\u00e8ixer el material que ha de tenir una farmaciola i com s\u2019utilitza.<\/p>\n<p><strong>Objectius<\/strong><\/p>\n<ul>\n<li>Prendre consci\u00e8ncia de la import\u00e0ncia de la prevenci\u00f3 i responsabilitat del monitor\/a.<\/li>\n<li>Aprendre a reaccionar en les diferents situacions d\u2019emerg\u00e8ncia o petits accidents.<\/li>\n<li>Identificar i resoldre situacions d\u2019urg\u00e8ncia vital en infants.<\/li>\n<li>Adquirir pautes d\u2019actuaci\u00f3 per a saber reaccionar davant un incident sanitari (apropament a les t\u00e8cniques b\u00e0siques de primers auxilis).<\/li>\n<li>Con\u00e8ixer qu\u00e8 \u00e9s i com utilitzar correctament una farmaciola i el material que porta.<\/li>\n<\/ul>\n<p><strong>Continguts<\/strong><\/p>\n<ul>\n<li>Accidents i prevenci\u00f3\n<ul>\n<li>Qu\u00e8 \u00e9s un accident. Riscos i perills.<\/li>\n<li>Consells per prevenir accidents en l\u2019entorn escolar<\/li>\n<\/ul>\n<\/li>\n<li>La farmaciola\n<ul>\n<li>Qu\u00e8 hem de tenir a la farmaciola?<\/li>\n<li>Legalitat i farmaciola<\/li>\n<li>Com s\u2019utilitza el que hi ha a la farmaciola?<\/li>\n<\/ul>\n<\/li>\n<li>Primers auxilis\n<ul>\n<li>Qu\u00e8 s\u00f3n. Introducci\u00f3 als primers auxilis.<\/li>\n<li>Neteja i cura de ferides o Intoxicacions aliment\u00e0ries<\/li>\n<li>Reaccions al\u00b7l\u00e8rgiques<\/li>\n<li>Cremades<\/li>\n<li>Hipert\u00e8rmia (febre)<\/li>\n<li>Ofegaments per s\u00f2lids i l\u00edquids<\/li>\n<li>Constants vitals i alteracions de la consci\u00e8ncia<\/li>\n<\/ul>\n<\/li>\n<li>Situacions d\u2019emerg\u00e8ncia.<\/li>\n<\/ul>\n<\/div><\/div><\/div><div class=\"fusion-panel panel-default panel-f1f65ceae86609671 fusion-toggle-has-divider\"><div class=\"panel-heading\"><h4 class=\"panel-title toggle\" id=\"toggle_f1f65ceae86609671\"><a aria-expanded=\"false\" aria-controls=\"f1f65ceae86609671\" role=\"button\" data-toggle=\"collapse\" data-parent=\"#accordion-47616-7\" data-target=\"#f1f65ceae86609671\" href=\"#f1f65ceae86609671\"><span class=\"fusion-toggle-icon-wrapper\" aria-hidden=\"true\"><i class=\"fa-fusion-box active-icon awb-icon-minus\" aria-hidden=\"true\"><\/i><i class=\"fa-fusion-box inactive-icon awb-icon-plus\" aria-hidden=\"true\"><\/i><\/span><span class=\"fusion-toggle-heading\">34. Com treballem la salut mental amb infants i adolescents?<\/span><\/a><\/h4><\/div><div id=\"f1f65ceae86609671\" class=\"panel-collapse collapse \" aria-labelledby=\"toggle_f1f65ceae86609671\"><div class=\"panel-body toggle-content fusion-clearfix\">\n<div class=\"page\" title=\"Page 33\">\n<div class=\"layoutArea\">\n<div class=\"column\">\n<p>Els problemes de salut mental so\u0301n me\u0301s comuns del que ens pensem: una de cada quatre persones n&#8217;experimentarem algun al llarg de la nostra vida. Aquestes condicions afecten de manera temporal i substancial la capacitat de les persones per afrontar les demandes de la vida dia\u0300ria. Aixo\u0300 pot causar alteracions de pensament, de percepcio\u0301, d\u2019estat d\u2019a\u0300nim, de personalitat o de comportament, tot i que sovint e\u0301s una realitat invisible.<\/p>\n<p>De quina manera afecta la salut mentals als infants, adolescents i joves de l\u2019entitat? Coneixem els principals problemes de salut mental i tenim eines per acompanyar-los? Com podem tenir me\u0301s present la salut mental en la nostra tasca educativa?<\/p>\n<\/div>\n<\/div>\n<\/div>\n<p><strong>Objectius<\/strong><\/p>\n<ul>\n<li>Con\u00e8ixer diferents alteracions de la salut mental i qu\u00e8 les caracteritza.<\/li>\n<li>Reflexionar sobre la salut mental i el seu abordatge en les entitats per trencar amb barreres i estigmes.<\/li>\n<li>Promoure actituds i desenvolupar h\u00e0bits per promoure una bona salut mental<\/li>\n<li>Dotar d\u2019eines per l\u2019acompanyament de persones amb problemes de salut mental.<\/li>\n<\/ul>\n<p><strong>Continguts <\/strong><\/p>\n<div class=\"page\" title=\"Page 34\">\n<div class=\"layoutArea\">\n<div class=\"column\">\n<ul>\n<li>Salut mental: conceptes ba\u0300sics i punt de partida.<\/li>\n<li>Estigmes, barreres i prejudicis.<\/li>\n<li>De quina manera afecta la salut mental a infants i adolescents?<\/li>\n<li>La salut mental en l\u2019educacio\u0301 en el lleure.<\/li>\n<li>Estrate\u0300gies i eines per la no reproduccio\u0301 de l\u2019estigma.<\/li>\n<li>Recursos i eines pel treball al voltant de la salut mental amb infants i adolescents en contextos d\u2019educacio\u0301 en el lleure.<\/li>\n<\/ul>\n<\/div>\n<\/div>\n<\/div>\n<\/div><\/div><\/div><div class=\"fusion-panel panel-default panel-2a6bc0246609d91a7 fusion-toggle-has-divider\"><div class=\"panel-heading\"><h4 class=\"panel-title toggle\" id=\"toggle_2a6bc0246609d91a7\"><a aria-expanded=\"false\" aria-controls=\"2a6bc0246609d91a7\" role=\"button\" data-toggle=\"collapse\" data-parent=\"#accordion-47616-7\" data-target=\"#2a6bc0246609d91a7\" href=\"#2a6bc0246609d91a7\"><span class=\"fusion-toggle-icon-wrapper\" aria-hidden=\"true\"><i class=\"fa-fusion-box active-icon awb-icon-minus\" aria-hidden=\"true\"><\/i><i class=\"fa-fusion-box inactive-icon awb-icon-plus\" aria-hidden=\"true\"><\/i><\/span><span class=\"fusion-toggle-heading\">35. Salut mental als equips<\/span><\/a><\/h4><\/div><div id=\"2a6bc0246609d91a7\" class=\"panel-collapse collapse \" aria-labelledby=\"toggle_2a6bc0246609d91a7\"><div class=\"panel-body toggle-content fusion-clearfix\">\n<div class=\"page\" title=\"Page 33\">\n<div class=\"layoutArea\">\n<div class=\"column\">\n<div class=\"page\" title=\"Page 34\">\n<div class=\"layoutArea\">\n<div class=\"column\">\n<p>Els problemes de salut mental tambe\u0301 afecten els equips de persones volunta\u0300ries que conformen les entitats. Monis, caps i casaleres viuen aquestes realitats en el seu dia a dia, fet que pot condicionar negativament la seva participacio\u0301. Estre\u0300s per sobreca\u0300rrega de feina, ansietat per la responsabilitat assumida, trastorns fruit de situacions personals, etc. so\u0301n feno\u0300mens cada cop me\u0301s presents.<\/p>\n<p>Quines eines tenim a les entitats per abordar els problemes de salut mental als equips, consells i assemblees? De quina manera ens podem cuidar? Quins espais de cures i quina cultura organitzativa ens ajuden en aquest sentit? En aquesta formacio\u0301 es treballa la salut mental centrant-se en els equips de persones volunta\u0300ries.<\/p>\n<\/div>\n<\/div>\n<\/div>\n<\/div>\n<\/div>\n<\/div>\n<p><strong>Objectius<\/strong><\/p>\n<div class=\"page\" title=\"Page 34\">\n<div class=\"layoutArea\">\n<div class=\"column\">\n<ul>\n<li>Cone\u0300ixer diferents problemes de salut mental i que\u0300 els caracteritza.<\/li>\n<li>Reflexionar sobre com els problemes de salut mental afecten els equips de les entitats.<\/li>\n<li>Promoure actituds i desenvolupar ha\u0300bits per promoure una bona salut mental.<\/li>\n<li>Dotar d\u2019eines per l\u2019acompanyament de monis, caps i casaleres amb problemes de salut mental.<\/li>\n<\/ul>\n<\/div>\n<\/div>\n<\/div>\n<p><strong>Continguts<\/strong><\/p>\n<div class=\"page\" title=\"Page 34\">\n<div class=\"layoutArea\">\n<div class=\"column\">\n<ul>\n<li>Salut mental: conceptualitzacio\u0301 i conceptes ba\u0300sics<\/li>\n<li>Estigmes, barreres i prejudicis<\/li>\n<li>De quina manera afecta la salut mental a les persones joves?<\/li>\n<li>La salut mental als equips de persones volunta\u0300ries (monis, caps i casaleres)\n<ul>\n<li>Espais de cura individual i col\u00b7lectiva<\/li>\n<li>Organitzacio\u0301, compromi\u0301s i participacio\u0301 a l\u2019entitat<\/li>\n<\/ul>\n<\/li>\n<li>Recursos i eines pel treball al voltant de la salut mental als equips<\/li>\n<\/ul>\n<\/div>\n<\/div>\n<\/div>\n<\/div><\/div><\/div><div class=\"fusion-panel panel-default panel-88b0e9eac9e9d6384 fusion-toggle-has-divider\"><div class=\"panel-heading\"><h4 class=\"panel-title toggle\" id=\"toggle_88b0e9eac9e9d6384\"><a aria-expanded=\"false\" aria-controls=\"88b0e9eac9e9d6384\" role=\"button\" data-toggle=\"collapse\" data-parent=\"#accordion-47616-7\" data-target=\"#88b0e9eac9e9d6384\" href=\"#88b0e9eac9e9d6384\"><span class=\"fusion-toggle-icon-wrapper\" aria-hidden=\"true\"><i class=\"fa-fusion-box active-icon awb-icon-minus\" aria-hidden=\"true\"><\/i><i class=\"fa-fusion-box inactive-icon awb-icon-plus\" aria-hidden=\"true\"><\/i><\/span><span class=\"fusion-toggle-heading\">36. Educaci\u00f3 emocional amb infants i joves<\/span><\/a><\/h4><\/div><div id=\"88b0e9eac9e9d6384\" class=\"panel-collapse collapse \" aria-labelledby=\"toggle_88b0e9eac9e9d6384\"><div class=\"panel-body toggle-content fusion-clearfix\">\n<p>L&#8217;educaci\u00f3 emocional \u00e9s la capacitat de con\u00e8ixer i comprendre els nostres sentiments i emocions per tal de saber com gestionar los i relacionar nos d&#8217;una manera positiva amb el m\u00f3n. Desenvolupar aquesta capacitat \u00e9s b\u00e0sica per poder desenvolupar nos com a persones lliures de complexos, responsables dels seus actes, compromeses i felices. En aquesta formaci\u00f3 es treballar\u00e0 per vincular aquesta capacitat a l\u2019acci\u00f3 educativa a trav\u00e9s d\u2019eines, din\u00e0miques i recursos.<\/p>\n<p><strong>Objectius<\/strong><\/p>\n<ul>\n<li>Introducci\u00f3 a l&#8217;educaci\u00f3 emocional.<\/li>\n<li>Con\u00e8ixer els conceptes b\u00e0sics relacionats amb educaci\u00f3 emocional.<\/li>\n<li>Oferir recursos per treballar la dimensi\u00f3 emocional amb infants i joves<\/li>\n<\/ul>\n<p><strong>Continguts <\/strong><\/p>\n<ul>\n<li>Alfabetitzaci\u00f3 emocional. Conceptes claus<\/li>\n<li>Introduir l&#8217;alfabetitzaci\u00f3 emocional a partir de jocs i de din\u00e0miques que permetin l&#8217;observaci\u00f3 de les pr\u00f2pies emocions i mitjan\u00e7ant la presentaci\u00f3 d&#8217;un esquema b\u00e0sic per gestionar-les.<\/li>\n<li>Presentaci\u00f3 d\u2019estrat\u00e8gies de gesti\u00f3 emocional \u00fatils pel treball amb infants i\/o joves.<\/li>\n<li>Difusi\u00f3 dels recursos pedag\u00f2gics existents.<\/li>\n<\/ul>\n<\/div><\/div><\/div><div class=\"fusion-panel panel-default panel-8dbdbae892cbbb1a9 fusion-toggle-has-divider\"><div class=\"panel-heading\"><h4 class=\"panel-title toggle\" id=\"toggle_8dbdbae892cbbb1a9\"><a aria-expanded=\"false\" aria-controls=\"8dbdbae892cbbb1a9\" role=\"button\" data-toggle=\"collapse\" data-parent=\"#accordion-47616-7\" data-target=\"#8dbdbae892cbbb1a9\" href=\"#8dbdbae892cbbb1a9\"><span class=\"fusion-toggle-icon-wrapper\" aria-hidden=\"true\"><i class=\"fa-fusion-box active-icon awb-icon-minus\" aria-hidden=\"true\"><\/i><i class=\"fa-fusion-box inactive-icon awb-icon-plus\" aria-hidden=\"true\"><\/i><\/span><span class=\"fusion-toggle-heading\">37. Com treballar la mort i el dol amb infants<\/span><\/a><\/h4><\/div><div id=\"8dbdbae892cbbb1a9\" class=\"panel-collapse collapse \" aria-labelledby=\"toggle_8dbdbae892cbbb1a9\"><div class=\"panel-body toggle-content fusion-clearfix\">\n<p>T\u2019has plantejat mai si plantegem la mort de forma correcta amb els nostres infants i joves? Si ho treballem prou en els espais educatius? Sents que et manquen recursos i discurs sobre el tema alhora de plantejar \u201cla mort\u201d com a tema de treball? En aquesta c\u00e0psula es comen\u00e7aran a resoldre aquests dubtes i coneixerem diferents recursos i maneres que tenim a l\u2019abast per treballar la mort i el dol amb infants i joves.<\/p>\n<p><strong>Objectius<\/strong><\/p>\n<ul>\n<li>Reflexionar sobre la concepci\u00f3 que es t\u00e9 de la mort i el dol en la nostra societat.<\/li>\n<li>Con\u00e8ixer qu\u00e8 \u00e9s la pedagogia de la mort.<\/li>\n<li>Con\u00e8ixer recursos per portar a la pr\u00e0ctica la pedagogia de la mort amb infants i joves.<\/li>\n<\/ul>\n<p><strong>Continguts <\/strong><\/p>\n<ul>\n<li>La mort i el dol: conceptualitzaci\u00f3 i context.<\/li>\n<li>La pedagogia de la mort: de la teoria a la pr\u00e0ctica<\/li>\n<li>Recursos per treballar la mort i el dol amb infants i joves<\/li>\n<\/ul>\n<\/div><\/div><\/div><div class=\"fusion-panel panel-default panel-34eb7ea44f38b11fa fusion-toggle-has-divider\"><div class=\"panel-heading\"><h4 class=\"panel-title toggle\" id=\"toggle_34eb7ea44f38b11fa\"><a aria-expanded=\"false\" aria-controls=\"34eb7ea44f38b11fa\" role=\"button\" data-toggle=\"collapse\" data-parent=\"#accordion-47616-7\" data-target=\"#34eb7ea44f38b11fa\" href=\"#34eb7ea44f38b11fa\"><span class=\"fusion-toggle-icon-wrapper\" aria-hidden=\"true\"><i class=\"fa-fusion-box active-icon awb-icon-minus\" aria-hidden=\"true\"><\/i><i class=\"fa-fusion-box inactive-icon awb-icon-plus\" aria-hidden=\"true\"><\/i><\/span><span class=\"fusion-toggle-heading\">38. Atenci\u00f3 a la inf\u00e0ncia i adolesc\u00e8ncia en risc <\/span><\/a><\/h4><\/div><div id=\"34eb7ea44f38b11fa\" class=\"panel-collapse collapse \" aria-labelledby=\"toggle_34eb7ea44f38b11fa\"><div class=\"panel-body toggle-content fusion-clearfix\">\n<p>La inf\u00e0ncia i l\u2019adolesc\u00e8ncia s\u00f3n etapes no exemptes de risc i vulnerabilitat. Acompanyar els infants i joves i treballar perqu\u00e8 les entitats siguin espais propers i segurs \u00e9s clau per una bona intervenci\u00f3. En aquesta c\u00e0psula es far\u00e0 \u00e8mfasi en les condicions que propicien la vulnerabilitat i el desenvolupament d\u2019eines dins de la pr\u00f2pia entitat per treballar-hi. Tamb\u00e9 es brinda la possibilitat de con\u00e8ixer qu\u00e8 entenem per maltractament, quins tipus hi ha. Con\u00e8ixer aquestes possibles situacions \u00e9s clau per una correcta detecci\u00f3 i gesti\u00f3 de les situacions.<\/p>\n<p><strong>Objectius<\/strong><\/p>\n<ul>\n<li>Con\u00e8ixer i reflexionar al voltant dels conceptes relacionats amb les situacions de risc en la inf\u00e0ncia i la joventut.<\/li>\n<li>Familiaritzar-se amb els diferents indicadors de risc per tal de poder detectar una situaci\u00f3 de vulnerabilitat o maltractament aix\u00ed com entendre millor les conductes dels infants derivades d\u2019aquesta situaci\u00f3.<\/li>\n<li>Plantejar estrat\u00e8gies i pautes per a la intervenci\u00f3 educativa.<\/li>\n<li>Desenvolupar eines perqu\u00e8 l\u2019entitat sigui un espai segur i inclusiu.<\/li>\n<li>Establir el protocol d\u2019actuaci\u00f3 adient per a una situaci\u00f3 de risc.<\/li>\n<\/ul>\n<p><strong>Continguts <\/strong><\/p>\n<ul>\n<li>Alguns conceptes entorn a la inf\u00e0ncia i la joventut en situaci\u00f3 de risc.<\/li>\n<li>Possibles situacions de risc. Maltractament.\n<ul>\n<li>S\u00edmptomes i indicadors de risc.<\/li>\n<li>Pautes per a la intervenci\u00f3 educativa en situacions de risc.<\/li>\n<\/ul>\n<\/li>\n<li>Possibles situacions de risc. Pobresa i vulnerabilitat econ\u00f2mica.\n<ul>\n<li>Desenvolupament d\u2019eines d\u2019atenci\u00f3. Beques i treball en xarxa<\/li>\n<\/ul>\n<\/li>\n<\/ul>\n<\/div><\/div><\/div><div class=\"fusion-panel panel-default panel-2c1bc85b4b36ff895 fusion-toggle-has-divider\"><div class=\"panel-heading\"><h4 class=\"panel-title toggle\" id=\"toggle_2c1bc85b4b36ff895\"><a aria-expanded=\"false\" aria-controls=\"2c1bc85b4b36ff895\" role=\"button\" data-toggle=\"collapse\" data-parent=\"#accordion-47616-7\" data-target=\"#2c1bc85b4b36ff895\" href=\"#2c1bc85b4b36ff895\"><span class=\"fusion-toggle-icon-wrapper\" aria-hidden=\"true\"><i class=\"fa-fusion-box active-icon awb-icon-minus\" aria-hidden=\"true\"><\/i><i class=\"fa-fusion-box inactive-icon awb-icon-plus\" aria-hidden=\"true\"><\/i><\/span><span class=\"fusion-toggle-heading\">39. Manipulaci\u00f3 d'aliments (en l\u00ednia) <\/span><\/a><\/h4><\/div><div id=\"2c1bc85b4b36ff895\" class=\"panel-collapse collapse \" aria-labelledby=\"toggle_2c1bc85b4b36ff895\"><div class=\"panel-body toggle-content fusion-clearfix\">\n<div class=\"page\" title=\"Page 36\">\n<div class=\"layoutArea\">\n<div class=\"column\">\n<p>En aquest curs en li\u0301nia aprendra\u0300s com manipular aliments de forma segura seguint la normativa vigent, a me\u0301s cone\u0300ixer la higiene en els processos productius i els principals contaminants i els factors de risc alimentari. El curs es realitza de manera totalment auto\u0300noma a l\u2019aula virtual (moodle) amb una avaluacio\u0301 final tipus test.<\/p>\n<\/div>\n<\/div>\n<\/div>\n<p><strong>Objectius<\/strong><\/p>\n<div class=\"page\" title=\"Page 37\">\n<div class=\"layoutArea\">\n<div class=\"column\">\n<ul>\n<li>Adquirir els coneixements ba\u0300sics establerts a la manipulacio\u0301 d\u2019aliments per aplicar-los en el context d&#8217;un menjador escolar en un context educatiu<\/li>\n<li>Cone\u0300ixer els tipus d\u2019aliments i la contaminacio\u0301 a que\u0300 so\u0301n susceptibles i pautes d\u2019higiene per tal de treballar amb aliments de manera segura.<\/li>\n<li>Introduir conceptes de l&#8217;educacio\u0301 per l&#8217;alimentacio\u0301.<\/li>\n<\/ul>\n<\/div>\n<\/div>\n<\/div>\n<p><strong>Continguts <\/strong><\/p>\n<div class=\"page\" title=\"Page 37\">\n<div class=\"layoutArea\">\n<div class=\"column\">\n<ul>\n<li>Introduccio\u0301 a la manipulacio\u0301 d\u2019aliments<\/li>\n<li>Toxoinfeccions<\/li>\n<li>Especificitats alimenta\u0300ries<\/li>\n<li>Higiene<\/li>\n<li>Aliments<\/li>\n<li>Educar en l\u2019alimentacio\u0301<\/li>\n<\/ul>\n<\/div>\n<\/div>\n<\/div>\n<\/div><\/div><\/div><\/div><\/div><\/div>\n<\/div><\/div><\/div><\/div><\/div><\/div><\/div><\/div><div id=\"H\" class=\"fusion-container-anchor\"><div class=\"fusion-fullwidth fullwidth-box fusion-builder-row-9 fusion-flex-container nonhundred-percent-fullwidth non-hundred-percent-height-scrolling\" style=\"--awb-border-radius-top-left:0px;--awb-border-radius-top-right:0px;--awb-border-radius-bottom-right:0px;--awb-border-radius-bottom-left:0px;--awb-flex-wrap:wrap;\" ><div class=\"fusion-builder-row fusion-row fusion-flex-align-items-flex-start fusion-flex-content-wrap\" style=\"max-width:1248px;margin-left: calc(-4% \/ 2 );margin-right: calc(-4% \/ 2 );\"><div class=\"fusion-layout-column fusion_builder_column fusion-builder-column-15 fusion_builder_column_1_1 1_1 fusion-flex-column\" style=\"--awb-bg-size:cover;--awb-width-large:100%;--awb-margin-top-large:0px;--awb-spacing-right-large:1.92%;--awb-margin-bottom-large:20px;--awb-spacing-left-large:1.92%;--awb-width-medium:100%;--awb-spacing-right-medium:1.92%;--awb-spacing-left-medium:1.92%;--awb-width-small:100%;--awb-spacing-right-small:1.92%;--awb-spacing-left-small:1.92%;\"><div class=\"fusion-column-wrapper fusion-column-has-shadow fusion-flex-justify-content-flex-start fusion-content-layout-column\"><div class=\"fusion-tabs fusion-tabs-8 classic nav-is-justified horizontal-tabs icon-position-left mobile-mode-accordion\" style=\"--awb-title-border-radius-top-left:0px;--awb-title-border-radius-top-right:0px;--awb-title-border-radius-bottom-right:0px;--awb-title-border-radius-bottom-left:0px;--awb-inactive-color:#ebeaea;--awb-background-color:#ffffff;--awb-border-color:#ebeaea;--awb-active-border-color:#f69d0b;\"><div class=\"nav\"><ul class=\"nav-tabs nav-justified\" role=\"tablist\"><li class=\"active\" role=\"presentation\"><a class=\"tab-link\" data-toggle=\"tab\" role=\"tab\" aria-controls=\"tab-a5705a4bcfbe5a948aa\" aria-selected=\"true\" id=\"fusion-tab-h.equips\" href=\"#tab-a5705a4bcfbe5a948aa\"><h4 class=\"fusion-tab-heading\">H. EQUIPS<\/h4><\/a><\/li><\/ul><\/div><div class=\"tab-content\"><div class=\"nav fusion-mobile-tab-nav\"><ul class=\"nav-tabs nav-justified\" role=\"tablist\"><li class=\"active\" role=\"presentation\"><a class=\"tab-link\" data-toggle=\"tab\" role=\"tab\" aria-controls=\"tab-a5705a4bcfbe5a948aa\" aria-selected=\"true\" id=\"mobile-fusion-tab-h.equips\" href=\"#tab-a5705a4bcfbe5a948aa\"><h4 class=\"fusion-tab-heading\">H. EQUIPS<\/h4><\/a><\/li><\/ul><\/div><div class=\"tab-pane fade fusion-clearfix in active\" role=\"tabpanel\" tabindex=\"0\" aria-labelledby=\"fusion-tab-h.equips\" id=\"tab-a5705a4bcfbe5a948aa\">\n<div class=\"fusion-builder-row fusion-builder-row-inner fusion-row fusion-flex-align-items-flex-start fusion-flex-content-wrap\" style=\"width:104% !important;max-width:104% !important;margin-left: calc(-4% \/ 2 );margin-right: calc(-4% \/ 2 );\"><div class=\"fusion-text fusion-text-16\"><\/div><div class=\"accordian fusion-accordian\" style=\"--awb-border-size:0px;--awb-icon-size:13px;--awb-content-font-size:16px;--awb-icon-alignment:left;--awb-hover-color:#f9f9f9;--awb-border-color:#cccccc;--awb-background-color:#ffffff;--awb-divider-color:#f69d0b;--awb-divider-hover-color:#f69d0b;--awb-icon-color:#fff;--awb-title-color:#333333;--awb-content-color:#1e1e1e;--awb-icon-box-color:#333333;--awb-toggle-hover-accent-color:#f69d0b;--awb-title-font-family:&quot;Montserrat&quot;;--awb-title-font-weight:700;--awb-title-font-style:normal;--awb-content-font-family:&quot;Montserrat&quot;;--awb-content-font-style:normal;--awb-content-font-weight:400;\"><div class=\"panel-group fusion-toggle-icon-boxed\" id=\"accordion-47616-8\"><div class=\"fusion-panel panel-default panel-7ed6a3575eb14a44d fusion-toggle-has-divider\"><div class=\"panel-heading\"><h4 class=\"panel-title toggle\" id=\"toggle_7ed6a3575eb14a44d\"><a aria-expanded=\"false\" aria-controls=\"7ed6a3575eb14a44d\" role=\"button\" data-toggle=\"collapse\" data-parent=\"#accordion-47616-8\" data-target=\"#7ed6a3575eb14a44d\" href=\"#7ed6a3575eb14a44d\"><span class=\"fusion-toggle-icon-wrapper\" aria-hidden=\"true\"><i class=\"fa-fusion-box active-icon awb-icon-minus\" aria-hidden=\"true\"><\/i><i class=\"fa-fusion-box inactive-icon awb-icon-plus\" aria-hidden=\"true\"><\/i><\/span><span class=\"fusion-toggle-heading\">40. Millorar la din\u00e0mica i la cohesi\u00f3 dels equips<\/span><\/a><\/h4><\/div><div id=\"7ed6a3575eb14a44d\" class=\"panel-collapse collapse \" aria-labelledby=\"toggle_7ed6a3575eb14a44d\"><div class=\"panel-body toggle-content fusion-clearfix\">\n<p>Aquesta formaci\u00f3 vol abordar la millora del funcionament i l&#8217;organitzaci\u00f3 dels equips de treball, posant especial \u00e8mfasi en els temes de resoluci\u00f3 de conflictes, mediaci\u00f3 i negociaci\u00f3 aix\u00ed com en t\u00e8cniques per la dinamitzaci\u00f3 de grups. S\u2019aborden tamb\u00e9 aspectes relacionats amb la cohesi\u00f3 d\u2019un grup i les raons que hi intervenen.<\/p>\n<p><strong>Objectius<\/strong><\/p>\n<ul>\n<li>Con\u00e8ixer aspectes b\u00e0sics sobre l\u2019organitzaci\u00f3 de grups.<\/li>\n<li>Con\u00e8ixer els principals elements determinen la cohesi\u00f3 d\u2019un grup de persones.<\/li>\n<li>Millorar les habilitats comunicatives i de relaci\u00f3 personal en els participants.<\/li>\n<li>Augmentar les capacitats de lideratge i gesti\u00f3 d\u2019equips de treball a partir de l\u2019autoconeixement i el creixement personal.<\/li>\n<\/ul>\n<p><strong>Continguts<\/strong>:<\/p>\n<ul>\n<li>Qu\u00e8 \u00e9s un grup?<\/li>\n<li>Con\u00e8ixer les principals caracter\u00edstiques aix\u00ed com els elements que entren en joc en el treball en equip.<\/li>\n<li>Funcions i rols en un equip.<\/li>\n<li>Les habilitats pel treball en equip: l\u2019assertivitat, l\u2019escolta activa, l\u2019empatia.<\/li>\n<li>La comunicaci\u00f3 dins del grup.<\/li>\n<li>Els lideratges dins del grup<\/li>\n<li>Els conflictes: actituds, gesti\u00f3 positiva i mediaci\u00f3.<\/li>\n<\/ul>\n<\/div><\/div><\/div><div class=\"fusion-panel panel-default panel-50161440232a5f8de fusion-toggle-has-divider\"><div class=\"panel-heading\"><h4 class=\"panel-title toggle\" id=\"toggle_50161440232a5f8de\"><a aria-expanded=\"false\" aria-controls=\"50161440232a5f8de\" role=\"button\" data-toggle=\"collapse\" data-parent=\"#accordion-47616-8\" data-target=\"#50161440232a5f8de\" href=\"#50161440232a5f8de\"><span class=\"fusion-toggle-icon-wrapper\" aria-hidden=\"true\"><i class=\"fa-fusion-box active-icon awb-icon-minus\" aria-hidden=\"true\"><\/i><i class=\"fa-fusion-box inactive-icon awb-icon-plus\" aria-hidden=\"true\"><\/i><\/span><span class=\"fusion-toggle-heading\">41. Emocions i treball en equip<\/span><\/a><\/h4><\/div><div id=\"50161440232a5f8de\" class=\"panel-collapse collapse \" aria-labelledby=\"toggle_50161440232a5f8de\"><div class=\"panel-body toggle-content fusion-clearfix\">\n<p>L&#8217;educaci\u00f3 emocional \u00e9s la capacitat de con\u00e8ixer i comprendre els nostres sentiments i emocions per tal de saber com gestionar los i relacionar nos d&#8217;una manera positiva amb el m\u00f3n. Desenvolupar aquesta capacitat \u00e9s b\u00e0sica per poder desenvolupar nos com a persones lliures de complexos, responsables dels seus actes, compromeses i felices. Aquesta formaci\u00f3 vol abordar la millora del funcionament i l&#8217;organitzaci\u00f3 dels equips de treball, posant especial \u00e8mfasi en l\u2019abordatge i la gesti\u00f3 emocional dels grups.<\/p>\n<p><strong>Objectius<\/strong><\/p>\n<ul>\n<li>Introducci\u00f3 a l&#8217;educaci\u00f3 emocional.<\/li>\n<li>Con\u00e8ixer els conceptes b\u00e0sics relacionats amb educaci\u00f3 emocional.<\/li>\n<li>Con\u00e8ixer les principals caracter\u00edstiques aix\u00ed com els elements que entren en joc en el treball en equip.<\/li>\n<li>Oferir recursos per treballar la dimensi\u00f3 emocional amb els equips de treball<\/li>\n<\/ul>\n<p><strong>Continguts <\/strong><\/p>\n<ul>\n<li>Alfabetitzaci\u00f3 emocional. Conceptes claus<\/li>\n<li>Els grups i equips de treball. Funcions i rols en un equip.<\/li>\n<li>Les habilitats pel treball en equip: l\u2019assertivitat, l\u2019escolta activa, l\u2019empatia.<\/li>\n<li>Estrat\u00e8gies de gesti\u00f3 emocional \u00fatils pels equips de treball.<\/li>\n<\/ul>\n<\/div><\/div><\/div><div class=\"fusion-panel panel-default panel-20b9aae7adfaf6379 fusion-toggle-has-divider\"><div class=\"panel-heading\"><h4 class=\"panel-title toggle\" id=\"toggle_20b9aae7adfaf6379\"><a aria-expanded=\"false\" aria-controls=\"20b9aae7adfaf6379\" role=\"button\" data-toggle=\"collapse\" data-parent=\"#accordion-47616-8\" data-target=\"#20b9aae7adfaf6379\" href=\"#20b9aae7adfaf6379\"><span class=\"fusion-toggle-icon-wrapper\" aria-hidden=\"true\"><i class=\"fa-fusion-box active-icon awb-icon-minus\" aria-hidden=\"true\"><\/i><i class=\"fa-fusion-box inactive-icon awb-icon-plus\" aria-hidden=\"true\"><\/i><\/span><span class=\"fusion-toggle-heading\">42. Lideratges democr\u00e0tics<\/span><\/a><\/h4><\/div><div id=\"20b9aae7adfaf6379\" class=\"panel-collapse collapse \" aria-labelledby=\"toggle_20b9aae7adfaf6379\"><div class=\"panel-body toggle-content fusion-clearfix\">\n<p>S\u00f3n necess\u00e0ries les figures de lideratge dins de l\u2019entitat? \u00c9s compatible ser democr\u00e0tiques i tenir l\u00edders? Tenim espais a l\u2019entitat per reflexionar sobre el poder? Tenim mecanismes de retorn sobre l\u2019\u00fas del poder? Qu\u00e8 pot fer cadasc\u00fa des de la seva posici\u00f3 de poder? Com es pot utilitzar en benefici del grup? En aquesta c\u00e0psula reflexionarem sobre aquestes preguntes i treballarem eines i metodologies \u00fatils per a contribuir a unes entitats sanes i democr\u00e0tiques.<\/p>\n<p><strong>Objectius<\/strong><\/p>\n<ul>\n<li>Reflexionar sobre els lideratges i rols a l\u2019entitat.<\/li>\n<li>Adquirir eines per a uns lideratges democr\u00e0tics de les entitats.<\/li>\n<\/ul>\n<p><strong>Continguts<\/strong><\/p>\n<ul>\n<li>El poder\n<ul>\n<li>Estructures formal i informals<\/li>\n<li>Rols i rang<\/li>\n<\/ul>\n<\/li>\n<li>Lideratges i gesti\u00f3 d\u2019equips. Conceptualitzaci\u00f3\n<ul>\n<li>Estils i tipologies de lideratges<\/li>\n<\/ul>\n<\/li>\n<li>Compet\u00e8ncies per uns lideratges sans\n<ul>\n<li>Responsabilitat i comprom\u00eds<\/li>\n<\/ul>\n<\/li>\n<li>Eines de control i regulaci\u00f3<\/li>\n<li>Democr\u00e0cia, assemblearisme, horitzontalitat i lideratges: \u00e9s possible?<\/li>\n<li>Eines i recursos complementaris.<\/li>\n<\/ul>\n<\/div><\/div><\/div><div class=\"fusion-panel panel-default panel-cad9ea4e02ce6fb68 fusion-toggle-has-divider\"><div class=\"panel-heading\"><h4 class=\"panel-title toggle\" id=\"toggle_cad9ea4e02ce6fb68\"><a aria-expanded=\"false\" aria-controls=\"cad9ea4e02ce6fb68\" role=\"button\" data-toggle=\"collapse\" data-parent=\"#accordion-47616-8\" data-target=\"#cad9ea4e02ce6fb68\" href=\"#cad9ea4e02ce6fb68\"><span class=\"fusion-toggle-icon-wrapper\" aria-hidden=\"true\"><i class=\"fa-fusion-box active-icon awb-icon-minus\" aria-hidden=\"true\"><\/i><i class=\"fa-fusion-box inactive-icon awb-icon-plus\" aria-hidden=\"true\"><\/i><\/span><span class=\"fusion-toggle-heading\">43. Gesti\u00f3 de conflictes<\/span><\/a><\/h4><\/div><div id=\"cad9ea4e02ce6fb68\" class=\"panel-collapse collapse \" aria-labelledby=\"toggle_cad9ea4e02ce6fb68\"><div class=\"panel-body toggle-content fusion-clearfix\">\n<p>Els conflictes en el si dels equips s\u00f3n recurrents i normals. El dia a dia a l\u2019esplai \u00e9s intens, la responsabilitat que assumim \u00e9s elevada i la gesti\u00f3 del dia a dia i el treball en equip sovint comporta mals entesos o diverg\u00e8ncia d\u2019opinions que desemboquen en conflictes. Amb aquesta c\u00e0psula coneixerem qu\u00e8 volem dir quan parlem de conflictes i com afrontar-lo. Aprendre a viure els conflicte de manera positiva i com una manera de seguir aprenent, \u00e9s clau per tenir unes entitats clares!<\/p>\n<p><strong>Objectius<\/strong><\/p>\n<ul>\n<li>Aprendre a detectar els conflictes existents entre l\u2019equip de monitors\/es<\/li>\n<li>Entendre el conflicte com un fet natural i inherent als equips de treball<\/li>\n<li>Treballar compet\u00e8ncies per la gesti\u00f3 i mediaci\u00f3 de conflictes<\/li>\n<\/ul>\n<p><strong>Continguts <\/strong><\/p>\n<ul>\n<li>Fonaments del conflicte.\n<ul>\n<li>Qu\u00e8 entenem per conflicte?<\/li>\n<li>Conflicte versus problema.<\/li>\n<li>Conflicte versus viol\u00e8ncia.<\/li>\n<\/ul>\n<\/li>\n<li>La mediaci\u00f3.\n<ul>\n<li>Els models de la mediaci\u00f3.<\/li>\n<li>El concepte de mediaci\u00f3.<\/li>\n<li>El proc\u00e9s de mediaci\u00f3. Caracter\u00edstiques del proc\u00e9s.<\/li>\n<\/ul>\n<\/li>\n<li>La figura de la mediadora.\n<ul>\n<li>La funci\u00f3 del\/la mediador\/a.<\/li>\n<li>Errors comuns del\/la mediador\/a.<\/li>\n<li>Com abordar situacions conflictives.<\/li>\n<\/ul>\n<\/li>\n<li>Compet\u00e8ncies per a un proc\u00e9s de mediaci\u00f3.\n<ul>\n<li>Comunicaci\u00f3.<\/li>\n<li>Escolta activa.<\/li>\n<li>Empatia.<\/li>\n<\/ul>\n<\/li>\n<\/ul>\n<\/div><\/div><\/div><div class=\"fusion-panel panel-default panel-be16e4d868b514168 fusion-toggle-has-divider\"><div class=\"panel-heading\"><h4 class=\"panel-title toggle\" id=\"toggle_be16e4d868b514168\"><a aria-expanded=\"false\" aria-controls=\"be16e4d868b514168\" role=\"button\" data-toggle=\"collapse\" data-parent=\"#accordion-47616-8\" data-target=\"#be16e4d868b514168\" href=\"#be16e4d868b514168\"><span class=\"fusion-toggle-icon-wrapper\" aria-hidden=\"true\"><i class=\"fa-fusion-box active-icon awb-icon-minus\" aria-hidden=\"true\"><\/i><i class=\"fa-fusion-box inactive-icon awb-icon-plus\" aria-hidden=\"true\"><\/i><\/span><span class=\"fusion-toggle-heading\">44. El relleu a la meva entitat<\/span><\/a><\/h4><\/div><div id=\"be16e4d868b514168\" class=\"panel-collapse collapse \" aria-labelledby=\"toggle_be16e4d868b514168\"><div class=\"panel-body toggle-content fusion-clearfix\">\n<div class=\"page\" title=\"Page 40\">\n<div class=\"layoutArea\">\n<div class=\"column\">\n<p>Els equips de les entitats com esplais, agrupaments o casals de joves estan sotmesos a permanents processos de canvi de les persones que els conformen, aixi\u0301 com de les tasques que desenvolupen. Aixo\u0300 implica estar immers en un permanent proce\u0301s de relleu. Perque\u0300 aixo\u0300 no afecti negativament l\u2019estabilitat de l\u2019entitat, cal que ens dotem d\u2019estrate\u0300gies d\u2019acollida, inclusio\u0301 i traspa\u0300s d\u2019informacio\u0301 (per exemple, ideari, organitzacio\u0301 interna, projecte educatiu, etc.). Aixo\u0300 e\u0301s clau tant entre persones que porten anys formant part de l\u2019entitat com entre persones que s\u2019hi incorporen, sobretot si tenen poc bagatge associatiu i\/o coneixement de l\u2019entitat.<\/p>\n<\/div>\n<\/div>\n<\/div>\n<p><strong>Objectius<\/strong><\/p>\n<div class=\"page\" title=\"Page 40\">\n<div class=\"layoutArea\">\n<div class=\"column\">\n<ul>\n<li>Entendre que el relleu e\u0301s un proce\u0301s complex, constant i permanent a l\u2019entitat.<\/li>\n<li>Detectar en quin moment ens trobem dins del proce\u0301s de relleu a l\u2019entitat.<\/li>\n<li>Reflexionar sobre com fem l\u2019acollida de noves persones a l\u2019equip.<\/li>\n<li>Compartir bones pra\u0300ctiques i estrate\u0300gies per fer un bon relleu.<\/li>\n<\/ul>\n<\/div>\n<\/div>\n<\/div>\n<p><strong>Continguts <\/strong><\/p>\n<ul>\n<li>Qu\u00e8 \u00e9s el relleu?<\/li>\n<li>La import\u00e0ncia de treballar el relleu.<\/li>\n<li>El relleu com a proc\u00e9s integral.\n<ul>\n<li>Principis del proc\u00e9s de relleu.<\/li>\n<li>Aspectes pedag\u00f2gics, psicol\u00f2gics i organitzatius.<\/li>\n<li>Agents implicats.<\/li>\n<\/ul>\n<\/li>\n<li>Condicions b\u00e0siques per a un bon relleu.\n<ul>\n<li>Entitat, identitat i sentiment de pertinenc\u0327a.<\/li>\n<li>Equip i organitzacio\u0301 interna.<\/li>\n<li>Documentacio<\/li>\n<\/ul>\n<\/li>\n<li>Incorporacio\u0301 de persones externes a l\u2019equip amb mirada inclusiva<\/li>\n<li>Estrate\u0300gies per un bon traspa\u0300s de coneixements.<\/li>\n<\/ul>\n<\/div><\/div><\/div><\/div><\/div><\/div>\n<\/div><\/div><\/div><\/div><\/div><\/div><\/div><\/div><div id=\"I\" class=\"fusion-container-anchor\"><div class=\"fusion-fullwidth fullwidth-box fusion-builder-row-10 fusion-flex-container nonhundred-percent-fullwidth non-hundred-percent-height-scrolling\" style=\"--awb-border-radius-top-left:0px;--awb-border-radius-top-right:0px;--awb-border-radius-bottom-right:0px;--awb-border-radius-bottom-left:0px;--awb-flex-wrap:wrap;\" ><div class=\"fusion-builder-row fusion-row fusion-flex-align-items-flex-start fusion-flex-content-wrap\" style=\"max-width:1248px;margin-left: calc(-4% \/ 2 );margin-right: calc(-4% \/ 2 );\"><div class=\"fusion-layout-column fusion_builder_column fusion-builder-column-16 fusion_builder_column_1_1 1_1 fusion-flex-column\" style=\"--awb-bg-size:cover;--awb-width-large:100%;--awb-margin-top-large:0px;--awb-spacing-right-large:1.92%;--awb-margin-bottom-large:20px;--awb-spacing-left-large:1.92%;--awb-width-medium:100%;--awb-spacing-right-medium:1.92%;--awb-spacing-left-medium:1.92%;--awb-width-small:100%;--awb-spacing-right-small:1.92%;--awb-spacing-left-small:1.92%;\"><div class=\"fusion-column-wrapper fusion-column-has-shadow fusion-flex-justify-content-flex-start fusion-content-layout-column\"><div class=\"fusion-tabs fusion-tabs-9 classic nav-is-justified horizontal-tabs icon-position-left mobile-mode-accordion\" style=\"--awb-title-border-radius-top-left:0px;--awb-title-border-radius-top-right:0px;--awb-title-border-radius-bottom-right:0px;--awb-title-border-radius-bottom-left:0px;--awb-inactive-color:#ebeaea;--awb-background-color:#ffffff;--awb-border-color:#ebeaea;--awb-active-border-color:#f69d0b;\"><div class=\"nav\"><ul class=\"nav-tabs nav-justified\" role=\"tablist\"><li class=\"active\" role=\"presentation\"><a class=\"tab-link\" data-toggle=\"tab\" role=\"tab\" aria-controls=\"tab-2adde5465b0a4a54902\" aria-selected=\"true\" id=\"fusion-tab-i.planificaci\u00d3estrat\u00c8gica\" href=\"#tab-2adde5465b0a4a54902\"><h4 class=\"fusion-tab-heading\">I. PLANIFICACI\u00d3 ESTRAT\u00c8GICA<\/h4><\/a><\/li><\/ul><\/div><div class=\"tab-content\"><div class=\"nav fusion-mobile-tab-nav\"><ul class=\"nav-tabs nav-justified\" role=\"tablist\"><li class=\"active\" role=\"presentation\"><a class=\"tab-link\" data-toggle=\"tab\" role=\"tab\" aria-controls=\"tab-2adde5465b0a4a54902\" aria-selected=\"true\" id=\"mobile-fusion-tab-i.planificaci\u00d3estrat\u00c8gica\" href=\"#tab-2adde5465b0a4a54902\"><h4 class=\"fusion-tab-heading\">I. PLANIFICACI\u00d3 ESTRAT\u00c8GICA<\/h4><\/a><\/li><\/ul><\/div><div class=\"tab-pane fade fusion-clearfix in active\" role=\"tabpanel\" tabindex=\"0\" aria-labelledby=\"fusion-tab-i.planificaci\u00d3estrat\u00c8gica\" id=\"tab-2adde5465b0a4a54902\">\n<div class=\"fusion-builder-row fusion-builder-row-inner fusion-row fusion-flex-align-items-flex-start fusion-flex-content-wrap\" style=\"width:104% !important;max-width:104% !important;margin-left: calc(-4% \/ 2 );margin-right: calc(-4% \/ 2 );\"><div class=\"fusion-text fusion-text-17\"><\/div><div class=\"accordian fusion-accordian\" style=\"--awb-border-size:0px;--awb-icon-size:13px;--awb-content-font-size:16px;--awb-icon-alignment:left;--awb-hover-color:#f9f9f9;--awb-border-color:#cccccc;--awb-background-color:#ffffff;--awb-divider-color:#f69d0b;--awb-divider-hover-color:#f69d0b;--awb-icon-color:#fff;--awb-title-color:#333333;--awb-content-color:#1e1e1e;--awb-icon-box-color:#333333;--awb-toggle-hover-accent-color:#f69d0b;--awb-title-font-family:&quot;Montserrat&quot;;--awb-title-font-weight:700;--awb-title-font-style:normal;--awb-content-font-family:&quot;Montserrat&quot;;--awb-content-font-style:normal;--awb-content-font-weight:400;\"><div class=\"panel-group fusion-toggle-icon-boxed\" id=\"accordion-47616-9\"><div class=\"fusion-panel panel-default panel-6b5ece7ab69fcf2b5 fusion-toggle-has-divider\"><div class=\"panel-heading\"><h4 class=\"panel-title toggle\" id=\"toggle_6b5ece7ab69fcf2b5\"><a aria-expanded=\"false\" aria-controls=\"6b5ece7ab69fcf2b5\" role=\"button\" data-toggle=\"collapse\" data-parent=\"#accordion-47616-9\" data-target=\"#6b5ece7ab69fcf2b5\" href=\"#6b5ece7ab69fcf2b5\"><span class=\"fusion-toggle-icon-wrapper\" aria-hidden=\"true\"><i class=\"fa-fusion-box active-icon awb-icon-minus\" aria-hidden=\"true\"><\/i><i class=\"fa-fusion-box inactive-icon awb-icon-plus\" aria-hidden=\"true\"><\/i><\/span><span class=\"fusion-toggle-heading\">45. Planificaci\u00f3, redacci\u00f3 i avaluaci\u00f3 de projectes<\/span><\/a><\/h4><\/div><div id=\"6b5ece7ab69fcf2b5\" class=\"panel-collapse collapse \" aria-labelledby=\"toggle_6b5ece7ab69fcf2b5\"><div class=\"panel-body toggle-content fusion-clearfix\">\n<p>Transformar les idees i les necessitats en un projecte no \u00e9s una tasca f\u00e0cil. Entem els projectes com a elements clau en el dia a dia de l\u2019associacionisme i del m\u00f3n professional social ja que els projectes s\u2019han acabat convertint en la unitat elemental d\u2019intervenci\u00f3 social a trav\u00e9s de la qual les entitats duen a terme les seves accions. En aquesta c\u00e0psula es descriuran aquells aspectes m\u00e9s b\u00e0sics del disseny i planificaci\u00f3 de projectes i es donaran eines per poder-ho fer de forma satisfact\u00f2ria.<\/p>\n<p><strong>Objectius<\/strong><\/p>\n<ul>\n<li>Comprendre la import\u00e0ncia dels projectes en les entitats<\/li>\n<li>Con\u00e8ixer l\u2019estructura dels projectes<\/li>\n<li>Adquir\u00ed eines per a la redacci\u00f3, execuci\u00f3 i avaluaci\u00f3 de projectes<\/li>\n<\/ul>\n<p><strong>Continguts<\/strong>:<\/p>\n<ul>\n<li>Planificaci\u00f3 del projecte.\n<ul>\n<li>Destinataris. Objectius.<\/li>\n<\/ul>\n<\/li>\n<li>Disseny<\/li>\n<li>Redacci\u00f3<\/li>\n<li>Qualitat i avaluaci\u00f3\n<ul>\n<li>Expectatives<\/li>\n<li>Mecanismes de control<\/li>\n<\/ul>\n<\/li>\n<li>Pressupost<\/li>\n<li>Gesti\u00f3 del temps en redacci\u00f3 de projectes<\/li>\n<\/ul>\n<\/div><\/div><\/div><div class=\"fusion-panel panel-default panel-ab792edaa91e5a1ac fusion-toggle-has-divider\"><div class=\"panel-heading\"><h4 class=\"panel-title toggle\" id=\"toggle_ab792edaa91e5a1ac\"><a aria-expanded=\"false\" aria-controls=\"ab792edaa91e5a1ac\" role=\"button\" data-toggle=\"collapse\" data-parent=\"#accordion-47616-9\" data-target=\"#ab792edaa91e5a1ac\" href=\"#ab792edaa91e5a1ac\"><span class=\"fusion-toggle-icon-wrapper\" aria-hidden=\"true\"><i class=\"fa-fusion-box active-icon awb-icon-minus\" aria-hidden=\"true\"><\/i><i class=\"fa-fusion-box inactive-icon awb-icon-plus\" aria-hidden=\"true\"><\/i><\/span><span class=\"fusion-toggle-heading\">46. Legislaci\u00f3 i responsabilitat civil i penal en les activitats de lleure*<\/span><\/a><\/h4><\/div><div id=\"ab792edaa91e5a1ac\" class=\"panel-collapse collapse \" aria-labelledby=\"toggle_ab792edaa91e5a1ac\"><div class=\"panel-body toggle-content fusion-clearfix\">\n<p>Les activitats d\u2019educaci\u00f3 en el lleure estan regulades per la Direcci\u00f3 General de Joventut de Catalunya. El coneixement dels deures i obligacions \u00e9s necessari per poder dur a terme la tasca educativa de manera segura. Aix\u00ed mateix, els i les monitores tamb\u00e9 cal que coneguin les responsabilitats civils i penals que implica l\u2019associacionisme educatiu. En aquesta c\u00e0psula s\u2019abordaran tots aquestes temes i tamb\u00e9 es resoldran dubtes i inquietuds en relaci\u00f3 a la tem\u00e0tica.<\/p>\n<p><strong>Objectius<\/strong><\/p>\n<ul>\n<li>Con\u00e8ixer el marc regulador de les activitats d\u2019educaci\u00f3 en el lleure.<\/li>\n<li>Aclarir dubtes relacionats amb el marc regulador de les activitats d\u2019educaci\u00f3 en el lleure.<\/li>\n<li>Entendre la responsabilitat civil i penal associada a les activitats d\u2019educaci\u00f3 en el lleure.<\/li>\n<\/ul>\n<p><strong>Continguts <\/strong><\/p>\n<ul>\n<li>Els drets i les oportunitats en la inf\u00e0ncia i l\u2019adolesc\u00e8ncia durant la preparaci\u00f3 i realitzaci\u00f3 de les activitats de lleure<\/li>\n<li>Regulaci\u00f3 de les activitats d\u2019educaci\u00f3 en el lleure en les quals participen menors de 18 anys. El Decret 267\/2016.\n<ul>\n<li>Les activitats regulades.<\/li>\n<li>L\u2019equip de monitor\/es. Titulacions i r\u00e0tios<\/li>\n<li>La notificaci\u00f3 de l\u2019activitat<\/li>\n<li>L\u2019asseguran\u00e7a d\u2019accidents i de responsabilitat civil.<\/li>\n<\/ul>\n<\/li>\n<li>Altres aspectes regulats en el Decret 267\/2016.\n<ul>\n<li>Obligacions de la persona responsables<\/li>\n<li>Documentaci\u00f3 obligat\u00f2ria.<\/li>\n<\/ul>\n<\/li>\n<li>M\u00e9s q\u00fcestions relacionades amb les activitats d\u2019educaci\u00f3 en el lleure o LOPD i drets d\u2019imatge\n<ul>\n<li>Manipulaci\u00f3 d\u2019aliments, acampada lliure i altres.<\/li>\n<\/ul>\n<\/li>\n<li>Responsabilitat civil i penal.<\/li>\n<li>Presentaci\u00f3 del recurs \u201cAnem preparats\u201d.<\/li>\n<\/ul>\n<p>*<em>per aquesta formaci\u00f3 \u00e9s important que feu arribar dubtes i temes d\u2019inter\u00e8s al fer la demanda. <\/em><\/p>\n<\/div><\/div><\/div><div class=\"fusion-panel panel-default panel-a9c02325ba55238fe fusion-toggle-has-divider\"><div class=\"panel-heading\"><h4 class=\"panel-title toggle\" id=\"toggle_a9c02325ba55238fe\"><a aria-expanded=\"false\" aria-controls=\"a9c02325ba55238fe\" role=\"button\" data-toggle=\"collapse\" data-parent=\"#accordion-47616-9\" data-target=\"#a9c02325ba55238fe\" href=\"#a9c02325ba55238fe\"><span class=\"fusion-toggle-icon-wrapper\" aria-hidden=\"true\"><i class=\"fa-fusion-box active-icon awb-icon-minus\" aria-hidden=\"true\"><\/i><i class=\"fa-fusion-box inactive-icon awb-icon-plus\" aria-hidden=\"true\"><\/i><\/span><span class=\"fusion-toggle-heading\">47. Com elaborar un pla de comunicaci\u00f3<\/span><\/a><\/h4><\/div><div id=\"a9c02325ba55238fe\" class=\"panel-collapse collapse \" aria-labelledby=\"toggle_a9c02325ba55238fe\"><div class=\"panel-body toggle-content fusion-clearfix\">\n<p>La comunicaci\u00f3 \u00e9s un element cabdal en el dia a dia dels nostres projecte, tant internament com externament. Amb aquesta c\u00e0psula obtindrem una visi\u00f3 global de la comunicaci\u00f3 a l\u2019entitat a partir d\u2019elaborar un pla de comunicaci\u00f3 propi. De cara endins quins missatges comuniquem? De quins canals disposem? Quan utilitzem un canal o un altre? Qui s\u2019encarrega de gestionar I garantir que la comunicaci\u00f3 interna funcioni? De cara enfora necessitem explicar el projecte que duem a terme a les fam\u00edlies, al ve\u00efnat, a l\u2019administraci\u00f3\u2026.Quin missatge fem arribar? \u00c9s el que volem transmetre? Quins elements hem de tenir en compte a l\u2019hora de comunicar?<\/p>\n<p><strong>Objectius<\/strong><\/p>\n<ul>\n<li>Donar una visi\u00f3 global de la comunicaci\u00f3<\/li>\n<li>Com elaborar un pla de comunicaci\u00f3 intern.<\/li>\n<li>Saber utilitzar les diferents eines de qu\u00e8 disposem per a la finalitat que perseguim.<\/li>\n<\/ul>\n<p><strong>Continguts<\/strong><\/p>\n<ul>\n<li>La nostra entitat i la comunicaci\u00f3<\/li>\n<li>P\u00fablics a qui ens dirigim:\n<ul>\n<li>Comunicaci\u00f3 externa<\/li>\n<li>Comunicaci\u00f3 interna<\/li>\n<\/ul>\n<\/li>\n<li>Qu\u00e8 volem comunicar?<\/li>\n<li>Eines de comunicaci\u00f3: web, blog, facebook, twitter, Instagram, correu electronic, whatsapp.<\/li>\n<li>Definici\u00f3 d\u2019un pla de comunicaci\u00f3<\/li>\n<\/ul>\n<\/div><\/div><\/div><div class=\"fusion-panel panel-default panel-a398f4f9f77a79761 fusion-toggle-has-divider\"><div class=\"panel-heading\"><h4 class=\"panel-title toggle\" id=\"toggle_a398f4f9f77a79761\"><a aria-expanded=\"false\" aria-controls=\"a398f4f9f77a79761\" role=\"button\" data-toggle=\"collapse\" data-parent=\"#accordion-47616-9\" data-target=\"#a398f4f9f77a79761\" href=\"#a398f4f9f77a79761\"><span class=\"fusion-toggle-icon-wrapper\" aria-hidden=\"true\"><i class=\"fa-fusion-box active-icon awb-icon-minus\" aria-hidden=\"true\"><\/i><i class=\"fa-fusion-box inactive-icon awb-icon-plus\" aria-hidden=\"true\"><\/i><\/span><span class=\"fusion-toggle-heading\">48. Com expliquem el nostre projecte?<\/span><\/a><\/h4><\/div><div id=\"a398f4f9f77a79761\" class=\"panel-collapse collapse \" aria-labelledby=\"toggle_a398f4f9f77a79761\"><div class=\"panel-body toggle-content fusion-clearfix\">\n<p>Per tal que les nostres entitats creixin a tots els nivells \u00e9s vital donar-nos a con\u00e8ixer i externalitzar la nostra imatge. En aquest sentit, cal que siguem capa\u00e7os d\u2019adaptar els nostres projectes i activitats a les necessitats reals de l\u2019entorn on treballem. \u00c9s important el plantejament d\u2019una bona estrat\u00e8gia de comunicaci\u00f3 i difusi\u00f3 que ens ajudi en aquesta q\u00fcesti\u00f3. Aquest curs ens facilitar\u00e0 els elements necessaris per tal que siguem capa\u00e7os d\u2019explicar l\u2019esplai davant de qui sigui.<\/p>\n<p><strong>Objectius<\/strong><\/p>\n<ul>\n<li>Proporcionar als alumnes eines i instruments per millorar la pres\u00e8ncia externa i l\u2019adaptaci\u00f3 de les activitats i projectes a les necessitats de l\u2019entorn.<\/li>\n<li>Con\u00e8ixer els m\u00e8todes i les t\u00e8cniques b\u00e0siques per millorar la difusi\u00f3 de les activitats de les entitats, organitzar campanyes de comunicaci\u00f3, analitzar el seu impacte,\u2026<\/li>\n<li>Introduir als participants en l\u2019elaboraci\u00f3 d\u2019un pla de m\u00e0rqueting.<\/li>\n<\/ul>\n<p><strong>Continguts <\/strong><\/p>\n<ul>\n<li>Visibilitat i reconeixement<\/li>\n<li>Definici\u00f3 del missatge que volem transmetre. An\u00e0lisi de l\u2019impacte social<\/li>\n<li>Eines de comunicaci\u00f3 externs<\/li>\n<li>Xarxes socials<\/li>\n<li>Relacions amb l\u2019administraci\u00f3<\/li>\n<li>Comunicaci\u00f3 d\u2019activitats puntuals:\n<ul>\n<li>Organitzaci\u00f3 de campanyes de difusi\u00f3<\/li>\n<li>Relaci\u00f3 amb els mitjans de comunicaci\u00f3<\/li>\n<\/ul>\n<\/li>\n<li>Desenvolupament de campanyes.<\/li>\n<\/ul>\n<\/div><\/div><\/div><\/div><\/div><\/div>\n<\/div><\/div><\/div><\/div><\/div><\/div><\/div><\/div><div id=\"J\" class=\"fusion-container-anchor\"><div class=\"fusion-fullwidth fullwidth-box fusion-builder-row-11 fusion-flex-container nonhundred-percent-fullwidth non-hundred-percent-height-scrolling\" style=\"--awb-border-radius-top-left:0px;--awb-border-radius-top-right:0px;--awb-border-radius-bottom-right:0px;--awb-border-radius-bottom-left:0px;--awb-flex-wrap:wrap;\" ><div class=\"fusion-builder-row fusion-row fusion-flex-align-items-flex-start fusion-flex-content-wrap\" style=\"max-width:1248px;margin-left: calc(-4% \/ 2 );margin-right: calc(-4% \/ 2 );\"><div class=\"fusion-layout-column fusion_builder_column fusion-builder-column-17 fusion_builder_column_1_1 1_1 fusion-flex-column\" style=\"--awb-bg-size:cover;--awb-width-large:100%;--awb-margin-top-large:0px;--awb-spacing-right-large:1.92%;--awb-margin-bottom-large:20px;--awb-spacing-left-large:1.92%;--awb-width-medium:100%;--awb-spacing-right-medium:1.92%;--awb-spacing-left-medium:1.92%;--awb-width-small:100%;--awb-spacing-right-small:1.92%;--awb-spacing-left-small:1.92%;\"><div class=\"fusion-column-wrapper fusion-column-has-shadow fusion-flex-justify-content-flex-start fusion-content-layout-column\"><div class=\"fusion-tabs fusion-tabs-10 classic nav-is-justified horizontal-tabs icon-position-left mobile-mode-accordion\" style=\"--awb-title-border-radius-top-left:0px;--awb-title-border-radius-top-right:0px;--awb-title-border-radius-bottom-right:0px;--awb-title-border-radius-bottom-left:0px;--awb-inactive-color:#ebeaea;--awb-background-color:#ffffff;--awb-border-color:#ebeaea;--awb-active-border-color:#f69d0b;\"><div class=\"nav\"><ul class=\"nav-tabs nav-justified\" role=\"tablist\"><li class=\"active\" role=\"presentation\"><a class=\"tab-link\" data-toggle=\"tab\" role=\"tab\" aria-controls=\"tab-fd89d6567430a49cfa2\" aria-selected=\"true\" id=\"fusion-tab-j.economiasocialisolid\u00c0ria\" href=\"#tab-fd89d6567430a49cfa2\"><h4 class=\"fusion-tab-heading\">J. ECONOMIA SOCIAL I SOLID\u00c0RIA<\/h4><\/a><\/li><\/ul><\/div><div class=\"tab-content\"><div class=\"nav fusion-mobile-tab-nav\"><ul class=\"nav-tabs nav-justified\" role=\"tablist\"><li class=\"active\" role=\"presentation\"><a class=\"tab-link\" data-toggle=\"tab\" role=\"tab\" aria-controls=\"tab-fd89d6567430a49cfa2\" aria-selected=\"true\" id=\"mobile-fusion-tab-j.economiasocialisolid\u00c0ria\" href=\"#tab-fd89d6567430a49cfa2\"><h4 class=\"fusion-tab-heading\">J. ECONOMIA SOCIAL I SOLID\u00c0RIA<\/h4><\/a><\/li><\/ul><\/div><div class=\"tab-pane fade fusion-clearfix in active\" role=\"tabpanel\" tabindex=\"0\" aria-labelledby=\"fusion-tab-j.economiasocialisolid\u00c0ria\" id=\"tab-fd89d6567430a49cfa2\">\n<div class=\"fusion-builder-row fusion-builder-row-inner fusion-row fusion-flex-align-items-flex-start fusion-flex-content-wrap\" style=\"width:104% !important;max-width:104% !important;margin-left: calc(-4% \/ 2 );margin-right: calc(-4% \/ 2 );\"><div class=\"fusion-text fusion-text-18\"><\/div><div class=\"accordian fusion-accordian\" style=\"--awb-border-size:0px;--awb-icon-size:13px;--awb-content-font-size:16px;--awb-icon-alignment:left;--awb-hover-color:#f9f9f9;--awb-border-color:#cccccc;--awb-background-color:#ffffff;--awb-divider-color:#f69d0b;--awb-divider-hover-color:#f69d0b;--awb-icon-color:#fff;--awb-title-color:#333333;--awb-content-color:#1e1e1e;--awb-icon-box-color:#333333;--awb-toggle-hover-accent-color:#f69d0b;--awb-title-font-family:&quot;Montserrat&quot;;--awb-title-font-weight:700;--awb-title-font-style:normal;--awb-content-font-family:&quot;Montserrat&quot;;--awb-content-font-style:normal;--awb-content-font-weight:400;\"><div class=\"panel-group fusion-toggle-icon-boxed\" id=\"accordion-47616-10\"><div class=\"fusion-panel panel-default panel-47eea2452317697cd fusion-toggle-has-divider\"><div class=\"panel-heading\"><h4 class=\"panel-title toggle\" id=\"toggle_47eea2452317697cd\"><a aria-expanded=\"false\" aria-controls=\"47eea2452317697cd\" role=\"button\" data-toggle=\"collapse\" data-parent=\"#accordion-47616-10\" data-target=\"#47eea2452317697cd\" href=\"#47eea2452317697cd\"><span class=\"fusion-toggle-icon-wrapper\" aria-hidden=\"true\"><i class=\"fa-fusion-box active-icon awb-icon-minus\" aria-hidden=\"true\"><\/i><i class=\"fa-fusion-box inactive-icon awb-icon-plus\" aria-hidden=\"true\"><\/i><\/span><span class=\"fusion-toggle-heading\">49. Economia social i solid\u00e0ria i cooperativisme<\/span><\/a><\/h4><\/div><div id=\"47eea2452317697cd\" class=\"panel-collapse collapse \" aria-labelledby=\"toggle_47eea2452317697cd\"><div class=\"panel-body toggle-content fusion-clearfix\">\n<p>Tots els \u00e9sser humans hem de satisfer les nostres necessitats b\u00e0siques per poder viure, i les societats s\u2019organitzen per satisfer-les. Aquest \u00e9s el sentit original de l\u2019economia. En aquesta sessi\u00f3 debatrem entorn a la difer\u00e8ncia entre desitjos i necessitats, i identificarem els diferents agents i esferes que intervenen en la resoluci\u00f3 de les vostres necessitats quotidianes. Conceptualitzarem els diferents esferes del model econ\u00f2mic plural actual. Es donar\u00e0 a con\u00e8ixer el model d\u2019Economia Social i Solid\u00e0ria (ESS) i el cooperativisme, la seva traject\u00f2ria hist\u00f2rica i la implementaci\u00f3 actual. Es donaran eines i es presentaran recursos per apropar les participants a experi\u00e8ncies i pr\u00e0ctiques de l\u2019ESS.<\/p>\n<p><strong>Objectius<\/strong><\/p>\n<ul>\n<li>Reflexionar sobre el model econ\u00f2mic i social actual.<\/li>\n<li>Donar a con\u00e8ixer el model d\u2019Economia Social i Solid\u00e0ria i el cooperativisme com a model econ\u00f2mic proper i realista.<\/li>\n<li>Apropar a les participants a models viables d\u2019ESS: con\u00e8ixer experi\u00e8ncies del seu territori.<\/li>\n<\/ul>\n<p><strong>Continguts:<\/strong><\/p>\n<ul>\n<li>Reflexi\u00f3 cr\u00edtica sobre el sistema actual<\/li>\n<li>Qu\u00e8 \u00e9s l\u2019Economia Social i Solid\u00e0ria i quins principis i valors t\u00e9?<\/li>\n<li>Con\u00e8ixer el mapa de l\u2019ESS de l\u2019entorn apropant exemples de projectes cooperatius.<\/li>\n<li>L\u2019ESS i l\u2019associacionisme educatiu<\/li>\n<\/ul>\n<\/div><\/div><\/div><div class=\"fusion-panel panel-default panel-38450b4d2985def34 fusion-toggle-has-divider\"><div class=\"panel-heading\"><h4 class=\"panel-title toggle\" id=\"toggle_38450b4d2985def34\"><a aria-expanded=\"false\" aria-controls=\"38450b4d2985def34\" role=\"button\" data-toggle=\"collapse\" data-parent=\"#accordion-47616-10\" data-target=\"#38450b4d2985def34\" href=\"#38450b4d2985def34\"><span class=\"fusion-toggle-icon-wrapper\" aria-hidden=\"true\"><i class=\"fa-fusion-box active-icon awb-icon-minus\" aria-hidden=\"true\"><\/i><i class=\"fa-fusion-box inactive-icon awb-icon-plus\" aria-hidden=\"true\"><\/i><\/span><span class=\"fusion-toggle-heading\">50. Fes anticapitalisme, passa\u2019t a l\u2019ESS<\/span><\/a><\/h4><\/div><div id=\"38450b4d2985def34\" class=\"panel-collapse collapse \" aria-labelledby=\"toggle_38450b4d2985def34\"><div class=\"panel-body toggle-content fusion-clearfix\">\n<p>La majoria de monis d\u2019esplai, caps d\u2019agrupament i casaleres segurament coincideixin en veure el capitalisme com un sistema depredador i que genera tota mena de viol\u00e8ncies. No \u00e9s sorprenent que la paraula \u201canticapitalisme\u201d estigui cada cop m\u00e9s present al dia a dia de les entitats. Per\u00f2 fins a quin punt coincideixen el discurs i la pr\u00e0ctica? Realment fem anticapitalisme a part de ser anticapitalistes? I quines eines i estrat\u00e8gies tenim per aconseguir-ho?<\/p>\n<p>Aquesta c\u00e0psula parteix d\u2019una an\u00e0lisi cr\u00edtica del sistema capitalista per mostrar l\u2019economia social i solid\u00e0ria (ESS) com una alternativa anticapitalista (o postcapitalista) real i sostenible. L\u2019ESS es presenta a partir de Pam a Pam, el mapa de l\u2019ESS i el consum responsable de Catalunya, constru\u00eft a partir de 15 criteris. Aquests criteris es traslladen a la realitat de l\u2019associacionisme educatiu, generant un espai de reflexi\u00f3 sobre com poden incorporar-se a les entitats. S\u2019aprofundeix en aspectes com democr\u00e0cia interna, feminisme, prove\u00efdores, llic\u00e8ncies lliures, finances transformadores, arrelament territorial i sostenibilitat per pensar alternatives al model de consum i organitzaci\u00f3 imperant. Finalment, es mostren opcions d\u2019activisme econ\u00f2mic al territori a trav\u00e9s de la participaci\u00f3 a Pam a Pam.<\/p>\n<p><strong>Objectius<\/strong><\/p>\n<ul>\n<li>Presentar l\u2019ESS com una alternativa al sistema capitalista.<\/li>\n<li>Incorporar pr\u00e0ctiques d&#8217;ESS l\u2019associacionisme educatiu i donar a con\u00e8ixer l&#8217;activisme econ\u00f2mic a partir del projecte Pam a Pam.<\/li>\n<li>Promoure el consum responsable a l\u2019ESS entre monis, caps i casaleres d\u2019entitats d\u2019associacionisme educatiu.<\/li>\n<\/ul>\n<p><strong>Continguts<\/strong><\/p>\n<ul>\n<li>Introducci\u00f3\n<ul>\n<li>An\u00e0lisi cr\u00edtica del sistema capitalista<\/li>\n<li>Economia social i solid\u00e0ria (ESS): una proposta anticapitalista i feminista que posa la vida al centre<\/li>\n<li>Pam a Pam, el mapa de l\u2019ESS i el consum responsable a Catalunya<\/li>\n<\/ul>\n<\/li>\n<li>Qu\u00e8 fem a l\u2019entitat?: Autodiagnosi en clau ESS\n<ul>\n<li>Democr\u00e0cia interna: com prenem les decisions?<\/li>\n<li>Perspectiva feminista: com ens repartim les tasques?<\/li>\n<li>Prove\u00efdores: qu\u00e8 i on comprem?<\/li>\n<li>Llic\u00e8ncies lliures: i les eines digitals, qu\u00e8?<\/li>\n<li>Finances transformadores: on tenim els diners?<\/li>\n<li>Arrelament territorial: com ens vinculem amb l\u2019entorn?<\/li>\n<li>Sostenibilitat: com redu\u00efm la nostra petjada ecol\u00f2gica?<\/li>\n<li>Cartes de gesti\u00f3 de recursos, guies de consum responsable i protocols d\u2019abastiment agroecol\u00f2gic<\/li>\n<\/ul>\n<\/li>\n<li>Participaci\u00f3 a Pam a Pam: una experi\u00e8ncia d\u2019activisme econ\u00f2mic<\/li>\n<\/ul>\n<\/div><\/div><\/div><div class=\"fusion-panel panel-default panel-f49e3710ae7294b63 fusion-toggle-has-divider\"><div class=\"panel-heading\"><h4 class=\"panel-title toggle\" id=\"toggle_f49e3710ae7294b63\"><a aria-expanded=\"false\" aria-controls=\"f49e3710ae7294b63\" role=\"button\" data-toggle=\"collapse\" data-parent=\"#accordion-47616-10\" data-target=\"#f49e3710ae7294b63\" href=\"#f49e3710ae7294b63\"><span class=\"fusion-toggle-icon-wrapper\" aria-hidden=\"true\"><i class=\"fa-fusion-box active-icon awb-icon-minus\" aria-hidden=\"true\"><\/i><i class=\"fa-fusion-box inactive-icon awb-icon-plus\" aria-hidden=\"true\"><\/i><\/span><span class=\"fusion-toggle-heading\">51. Gesti\u00f3 econ\u00f2mica<\/span><\/a><\/h4><\/div><div id=\"f49e3710ae7294b63\" class=\"panel-collapse collapse \" aria-labelledby=\"toggle_f49e3710ae7294b63\"><div class=\"panel-body toggle-content fusion-clearfix\">\n<div class=\"page\" title=\"Page 45\">\n<div class=\"layoutArea\">\n<div class=\"column\">\n<p>Aquesta formacio\u0301 aborda de forma general els aspectes relacionats amb la gestio\u0301 dels recursos que fem a l\u2019entitat i de quina manera podem fer-ho de forma me\u0301s responsable. En el dia a dia, la feina que fem genera impactes en el nostre entorn: cobrem quotes, gestionem subvencions pu\u0301bliques, fem compres de material, anem amb diferents mitjans transport, comprem menjar, etc. En definitiva, gestionem la nostra economia i cal que ens parem a pensar si aixo\u0300 genera impactes positius o no.<\/p>\n<p>En aquesta formacio\u0301 reflexionarem sobre la pra\u0300ctica de l\u2019entitat i mirarem com podem fer canvis per tal de generar impactes positius a la societat en relacio\u0301 a la gestio\u0301 de recursos, e\u0301s a dir, de la nostra economia.<\/p>\n<\/div>\n<\/div>\n<\/div>\n<p><strong>Objectius<\/strong><\/p>\n<div class=\"page\" title=\"Page 45\">\n<div class=\"layoutArea\">\n<div class=\"column\">\n<ul>\n<li>Fer una introduccio\u0301 al mo\u0301n de la gestio\u0301 econo\u0300mica d\u2019una entitat sense a\u0300nim de lucre, posant especial e\u0300mfasi en els impactes de la gestio\u0301 dels recursos.<\/li>\n<li>Reflexionar sobre els impactes positius i negatius que generem.<\/li>\n<li>Explorar com vincular el nostre ideari a la gestio\u0301 responsable de recursos.<\/li>\n<\/ul>\n<\/div>\n<\/div>\n<\/div>\n<p><strong>Continguts<\/strong><\/p>\n<div class=\"page\" title=\"Page 45\">\n<div class=\"layoutArea\">\n<div class=\"column\">\n<ul>\n<li>Que\u0300 e\u0301s l\u2019economia? Que\u0300 e\u0301s la gestio\u0301 responsable de recursos?<\/li>\n<li>Ana\u0300lisi dels recursos que gestionem a l\u2019entitat i dels impactes que generem<\/li>\n<li>Cohere\u0300ncia entre el que\u0300 diem i el que\u0300 fem.<\/li>\n<li>Coneixem alternatives? Economia social i solida\u0300ria, economies feministes i agroecologia.<\/li>\n<li>Eines que ens poden facilitar generar canvis. La carta de gestio\u0301 de recursos.<\/li>\n<li>Propostes de millora per l\u2019esplai i entitats o col\u00b7lectius que ens ho poden facilitar.<\/li>\n<\/ul>\n<\/div>\n<\/div>\n<\/div>\n<\/div><\/div><\/div><div class=\"fusion-panel panel-default panel-2416f1dfd1f1dc704 fusion-toggle-has-divider\"><div class=\"panel-heading\"><h4 class=\"panel-title toggle\" id=\"toggle_2416f1dfd1f1dc704\"><a aria-expanded=\"false\" aria-controls=\"2416f1dfd1f1dc704\" role=\"button\" data-toggle=\"collapse\" data-parent=\"#accordion-47616-10\" data-target=\"#2416f1dfd1f1dc704\" href=\"#2416f1dfd1f1dc704\"><span class=\"fusion-toggle-icon-wrapper\" aria-hidden=\"true\"><i class=\"fa-fusion-box active-icon awb-icon-minus\" aria-hidden=\"true\"><\/i><i class=\"fa-fusion-box inactive-icon awb-icon-plus\" aria-hidden=\"true\"><\/i><\/span><span class=\"fusion-toggle-heading\">52. Finan\u00e7ament \u00e8tic a la nostra entitat<\/span><\/a><\/h4><\/div><div id=\"2416f1dfd1f1dc704\" class=\"panel-collapse collapse \" aria-labelledby=\"toggle_2416f1dfd1f1dc704\"><div class=\"panel-body toggle-content fusion-clearfix\">\n<p>Aquesta c\u00e0psula pret\u00e9n abordar de forma general els aspectes relacionats amb el finan\u00e7ament d\u2019una associaci\u00f3, centrant-se en con\u00e8ixer els diferents tipus de finan\u00e7ament (propi, p\u00fablic i privat) i els aspectes a tenir en compte per al seu correcte desenvolupament. Tamb\u00e9 pret\u00e9n incidir en la necessitat que les associacions estableixin criteris en quan a la seva forma de finan\u00e7ar-se per tal que la seva economia sigui coherent amb la seva ideologia.<\/p>\n<p><strong>Objectius<\/strong><\/p>\n<ul>\n<li>Introduir al participant en el m\u00f3n de la gesti\u00f3 econ\u00f2mica d\u2019una entitat sense \u00e0nim de lucre.<\/li>\n<li>Adquirir nocions b\u00e0siques en relaci\u00f3 a l\u2019elaboraci\u00f3 del pressupost de l\u2019entitat.<\/li>\n<li>Introduir als participants en la recerca de finan\u00e7ament.<\/li>\n<li>Reflexionar al voltant de la necessitat d\u2019establir criteris en quant al finan\u00e7ament.<\/li>\n<li>Introduir als participants en les diferents possibilitats de finan\u00e7ament que tenen les associacions i com abordar-les.<\/li>\n<\/ul>\n<p><strong>Continguts<\/strong><\/p>\n<ul>\n<li>Introducci\u00f3 a la gesti\u00f3 econ\u00f2mica d\u2019una entitat sense \u00e0nim de lucre.\n<ul>\n<li>Comptabilitat<\/li>\n<li>Gesti\u00f3 documental<\/li>\n<\/ul>\n<\/li>\n<li>Elaboraci\u00f3 de pressupostos.<\/li>\n<li>Principis del finan\u00e7ament.<\/li>\n<li>El finan\u00e7ament propi: campanyes econ\u00f2miques, les quotes, merchandising.\n<ul>\n<li>Aspectes fiscals en quan al finan\u00e7ament propi.<\/li>\n<\/ul>\n<\/li>\n<li>El finan\u00e7ament p\u00fablic: subvencions, convenis, premis.\n<ul>\n<li>Aspectes a tenir en compte en relaci\u00f3 al finan\u00e7ament p\u00fablic: sol\u00b7licituds, obligacions vers l\u2019organisme que subvenciona, justificaci\u00f3.<\/li>\n<\/ul>\n<\/li>\n<li>Finan\u00e7ament privat: ajuts, donacions.<\/li>\n<\/ul>\n<\/div><\/div><\/div><div class=\"fusion-panel panel-default panel-aec383fbb5d03c18e fusion-toggle-has-divider\"><div class=\"panel-heading\"><h4 class=\"panel-title toggle\" id=\"toggle_aec383fbb5d03c18e\"><a aria-expanded=\"false\" aria-controls=\"aec383fbb5d03c18e\" role=\"button\" data-toggle=\"collapse\" data-parent=\"#accordion-47616-10\" data-target=\"#aec383fbb5d03c18e\" href=\"#aec383fbb5d03c18e\"><span class=\"fusion-toggle-icon-wrapper\" aria-hidden=\"true\"><i class=\"fa-fusion-box active-icon awb-icon-minus\" aria-hidden=\"true\"><\/i><i class=\"fa-fusion-box inactive-icon awb-icon-plus\" aria-hidden=\"true\"><\/i><\/span><span class=\"fusion-toggle-heading\">53. Transpar\u00e8ncia i qualitat democr\u00e0tica<\/span><\/a><\/h4><\/div><div id=\"aec383fbb5d03c18e\" class=\"panel-collapse collapse \" aria-labelledby=\"toggle_aec383fbb5d03c18e\"><div class=\"panel-body toggle-content fusion-clearfix\">\n<p>Som veritablement una entitat democr\u00e0tica? Probablement diem que totes les participants tenen veu i vot a l\u2019assemblea, per\u00f2, hi ha espai per al debat sobre tots els temes que configuren i afecten al projecte? Estem segures que la informaci\u00f3 arriba a tothom? Fem esfor\u00e7os per tal d\u2019explicar-la i fer-la entenedora? En aquesta sessi\u00f3 aprofundirem sobre els diferents elements que fan d\u2019una entitat que sigui democr\u00e0tica, quines eines I mecanismes cal que existeixin per garantir la participaci\u00f3 i la transpar\u00e8ncia de l\u2019entitat. La rotaci\u00f3 de c\u00e0rrecs, tenir documents escrits, dinamitzar els espais de participaci\u00f3, posar la informaci\u00f3 necess\u00e0ria a disposici\u00f3 de tothom son mecanismes que ajuden a incrementar la qualitat democr\u00e0tica d\u2019una entitat. Quins ja coneixem i com millorarlos?<\/p>\n<p><strong>Objectius<\/strong><\/p>\n<ul>\n<li>Comprendre quins \u00e0mbits afecta la qualitat democr\u00e0cia<\/li>\n<li>Compartir la necessitat de revisar internament mecanismes i procediments que permetin incrementar la qualitat democr\u00e0tica de l\u2019entitat<\/li>\n<\/ul>\n<p><strong>Continguts<\/strong><\/p>\n<ul>\n<li>Gesti\u00f3 democr\u00e0tica de l\u2019entitat<\/li>\n<li>Organigrama: c\u00e0rrecs, responsabilitats i canals de comunicaci\u00f3 i decisi\u00f3<\/li>\n<li>Foment de la participaci\u00f3\n<ul>\n<li>Objectiu i m\u00e8tode<\/li>\n<li>Espais i canals<\/li>\n<li>Processos participatius<\/li>\n<\/ul>\n<\/li>\n<li>Transpar\u00e8ncia i bon govern<\/li>\n<li>Relleu<\/li>\n<\/ul>\n<\/div><\/div><\/div><div class=\"fusion-panel panel-default panel-ffd33ad8585345dd4 fusion-toggle-has-divider\"><div class=\"panel-heading\"><h4 class=\"panel-title toggle\" id=\"toggle_ffd33ad8585345dd4\"><a aria-expanded=\"false\" aria-controls=\"ffd33ad8585345dd4\" role=\"button\" data-toggle=\"collapse\" data-parent=\"#accordion-47616-10\" data-target=\"#ffd33ad8585345dd4\" href=\"#ffd33ad8585345dd4\"><span class=\"fusion-toggle-icon-wrapper\" aria-hidden=\"true\"><i class=\"fa-fusion-box active-icon awb-icon-minus\" aria-hidden=\"true\"><\/i><i class=\"fa-fusion-box inactive-icon awb-icon-plus\" aria-hidden=\"true\"><\/i><\/span><span class=\"fusion-toggle-heading\">53. Sobirania tecnol\u00f2gica i eines digitals lliures<\/span><\/a><\/h4><\/div><div id=\"ffd33ad8585345dd4\" class=\"panel-collapse collapse \" aria-labelledby=\"toggle_ffd33ad8585345dd4\"><div class=\"panel-body toggle-content fusion-clearfix\">\n<p>Format: presencial (recomanable que les participants puguin fer servir un ordinador). Tamb\u00e9 hi ha la possibilitat de fer la formaci\u00f3 \u00edntegrament en l\u00ednia.<\/p>\n<p>Les eines digitals lliures s\u00f3n el software que respecta la teva llibertat com a usuari, a m\u00e9s de respectar la solidaritat social amb la comunitat per compartir i millorar la tecnologia. L\u2019objectiu d\u2019aquesta c\u00e0psula \u00e9s acostar aquestes eines a les entitats de base de l\u2019associacionisme educatiu. Aquesta c\u00e0psula es divideix en 2 parts: la primera \u00e9s d\u2019an\u00e0lisi, reflexi\u00f3 i plantejament pol\u00edtic; la segona \u00e9s pr\u00e0ctica i enfocada a con\u00e8ixer i proves les eines.<\/p>\n<p>A la primera part es presenten les eines digitals lliures com a alternativa a les grans empreses tecnol\u00f2giques, mostrant el seu poder de transformaci\u00f3 social i la seva ess\u00e8ncia anticapitalista a partir de la sobirania tecnol\u00f2gica. Es presenta la filosofia horitzontal, democr\u00e0tica i de treball en xarxa de les eines digitals lliures, treballant el concepte de tecno\u00e8tica des d\u2019una vessant feminista i de reducci\u00f3 de l\u2019impacte ambiental.<\/p>\n<p>A la segona part es fa una panor\u00e0mica a les eines existents, mostrant alternatives a les eines tradicionals i hegem\u00f2niques. Es presenten Commonscloud (oficina), Zimbra (correu electr\u00f2nic) i Meet (veideotrucada) per animar les entitats a fer el canvi d\u2019eines.<\/p>\n<p><strong>Objectius<\/strong><\/p>\n<ul>\n<li>Presentar les eines digitals lliures com una alternativa al monopoli de les grans corporacions tecnol\u00f2giques<\/li>\n<li>Introduir els conceptes de programari lliure i tecno\u00e8tica, vinculant-los a l\u2019anticapitalisme i el feminisme<\/li>\n<li>Fer una panor\u00e0mica d\u2019eines digitals lliures per oferir alternatives viables i animar a fer el canvi d\u2019eines<\/li>\n<\/ul>\n<p><strong>Continguts<\/strong><\/p>\n<ul>\n<li>Punt de partida: de qui depenem?\n<ul>\n<li>Depend\u00e8ncia tecnol\u00f2gica i capitalisme de vigil\u00e0ncia<\/li>\n<li>El control de les eines de teletreball per part de les grans corporacions<\/li>\n<\/ul>\n<\/li>\n<li>Eines digitals lliures: horitzontalitat, democr\u00e0cia i treball en xarxa\n<ul>\n<li>Alternatives i relaci\u00f3 amb l\u2019ESS, l\u2019associacionisme i el cooperativisme<\/li>\n<li>Tecno\u00e8tica: feminisme, dades, sostenibilitat<\/li>\n<\/ul>\n<\/li>\n<li>Programari lliure (FLOSS)\n<ul>\n<li>Quines eines fem servir? Quines eines podr\u00edem fer servir?<\/li>\n<li>4 llibertats del programari lliure<\/li>\n<li>Difer\u00e8ncies entre software lliure i privatiu<\/li>\n<li>Lliure no vol dir gratis!<\/li>\n<\/ul>\n<\/li>\n<li>Panor\u00e0mica d\u2019eines digitals lliures (part pr\u00e0ctica)\n<ul>\n<li>Correu (Zimbra)<\/li>\n<li>Oficina (Commonscloud)<\/li>\n<li>Videotrucada (Meet)<\/li>\n<\/ul>\n<\/li>\n<li>Com seguim?\n<ul>\n<li>Repositoris d\u2019eines digitals lliures<\/li>\n<li>Formaci\u00f3 complement\u00e0ria o acompanyaments amb el canvi d\u2019eines*<\/li>\n<\/ul>\n<\/li>\n<\/ul>\n<p>*<em>Formacions complement\u00e0ries: Al marge d\u2019aquesta c\u00e0psula introduct\u00f2ria, les entitats poden demanar formacions complement\u00e0ries i\/o d\u2019aprofundiment en algun tema espec\u00edfic (per exemple, en alguna de les eines presentades). Igualment, s\u2019ofereixen acompanyaments a les entitats que vulguin fer el canvi d\u2019eines per tal de facilitar aquest canvi amb el suport de la cooperativa femProcomuns.<\/em><\/p>\n<\/div><\/div><\/div><\/div><\/div><\/div>\n<\/div><\/div><\/div><\/div><\/div><\/div><\/div><\/div><\/p>\n","protected":false},"excerpt":{"rendered":"","protected":false},"author":3,"featured_media":0,"parent":0,"menu_order":0,"comment_status":"closed","ping_status":"closed","template":"","meta":{"om_disable_all_campaigns":false,"_monsterinsights_skip_tracking":false,"_monsterinsights_sitenote_active":false,"_monsterinsights_sitenote_note":"","_monsterinsights_sitenote_category":0,"_uf_show_specific_survey":0,"_uf_disable_surveys":false,"footnotes":""},"class_list":["post-47616","page","type-page","status-publish","hentry"],"yoast_head":"<!-- This site is optimized with the Yoast SEO plugin v27.4 - https:\/\/yoast.com\/product\/yoast-seo-wordpress\/ -->\n<title>Cat\u00e0leg C\u00e0psules Formatives - Esplac<\/title>\n<meta name=\"robots\" content=\"index, follow, max-snippet:-1, max-image-preview:large, max-video-preview:-1\" \/>\n<link rel=\"canonical\" href=\"https:\/\/www.esplac.cat\/es\/capsules-formatives-cataleg-3\/\" \/>\n<meta property=\"og:locale\" content=\"es_ES\" \/>\n<meta property=\"og:type\" content=\"article\" \/>\n<meta property=\"og:title\" content=\"Cat\u00e0leg C\u00e0psules Formatives - Esplac\" \/>\n<meta property=\"og:url\" content=\"https:\/\/www.esplac.cat\/es\/capsules-formatives-cataleg-3\/\" \/>\n<meta property=\"og:site_name\" content=\"Esplac\" \/>\n<meta property=\"og:image\" content=\"https:\/\/www.esplac.cat\/wp-content\/uploads\/2023\/10\/52748312947_62f23d558e_c.jpg\" \/>\n<meta name=\"twitter:card\" content=\"summary_large_image\" \/>\n<meta name=\"twitter:label1\" content=\"Tiempo de lectura\" \/>\n\t<meta name=\"twitter:data1\" content=\"70 minutos\" \/>\n<script type=\"application\/ld+json\" class=\"yoast-schema-graph\">{\"@context\":\"https:\\\/\\\/schema.org\",\"@graph\":[{\"@type\":\"WebPage\",\"@id\":\"https:\\\/\\\/www.esplac.cat\\\/es\\\/capsules-formatives-cataleg-3\\\/\",\"url\":\"https:\\\/\\\/www.esplac.cat\\\/es\\\/capsules-formatives-cataleg-3\\\/\",\"name\":\"Cat\u00e0leg C\u00e0psules Formatives - Esplac\",\"isPartOf\":{\"@id\":\"https:\\\/\\\/www.esplac.cat\\\/#website\"},\"primaryImageOfPage\":{\"@id\":\"https:\\\/\\\/www.esplac.cat\\\/es\\\/capsules-formatives-cataleg-3\\\/#primaryimage\"},\"image\":{\"@id\":\"https:\\\/\\\/www.esplac.cat\\\/es\\\/capsules-formatives-cataleg-3\\\/#primaryimage\"},\"thumbnailUrl\":\"https:\\\/\\\/www.esplac.cat\\\/wp-content\\\/uploads\\\/2023\\\/10\\\/52748312947_62f23d558e_c.jpg\",\"datePublished\":\"2023-10-16T08:03:33+00:00\",\"breadcrumb\":{\"@id\":\"https:\\\/\\\/www.esplac.cat\\\/es\\\/capsules-formatives-cataleg-3\\\/#breadcrumb\"},\"inLanguage\":\"es\",\"potentialAction\":[{\"@type\":\"ReadAction\",\"target\":[\"https:\\\/\\\/www.esplac.cat\\\/es\\\/capsules-formatives-cataleg-3\\\/\"]}]},{\"@type\":\"ImageObject\",\"inLanguage\":\"es\",\"@id\":\"https:\\\/\\\/www.esplac.cat\\\/es\\\/capsules-formatives-cataleg-3\\\/#primaryimage\",\"url\":\"https:\\\/\\\/www.esplac.cat\\\/wp-content\\\/uploads\\\/2023\\\/10\\\/52748312947_62f23d558e_c.jpg\",\"contentUrl\":\"https:\\\/\\\/www.esplac.cat\\\/wp-content\\\/uploads\\\/2023\\\/10\\\/52748312947_62f23d558e_c.jpg\"},{\"@type\":\"BreadcrumbList\",\"@id\":\"https:\\\/\\\/www.esplac.cat\\\/es\\\/capsules-formatives-cataleg-3\\\/#breadcrumb\",\"itemListElement\":[{\"@type\":\"ListItem\",\"position\":1,\"name\":\"Inici\",\"item\":\"https:\\\/\\\/www.esplac.cat\\\/es\\\/\"},{\"@type\":\"ListItem\",\"position\":2,\"name\":\"Cat\u00e0leg formatiu Marta Mata\"}]},{\"@type\":\"WebSite\",\"@id\":\"https:\\\/\\\/www.esplac.cat\\\/#website\",\"url\":\"https:\\\/\\\/www.esplac.cat\\\/\",\"name\":\"Esplac\",\"description\":\"Esplais Catalans\",\"publisher\":{\"@id\":\"https:\\\/\\\/www.esplac.cat\\\/#organization\"},\"potentialAction\":[{\"@type\":\"SearchAction\",\"target\":{\"@type\":\"EntryPoint\",\"urlTemplate\":\"https:\\\/\\\/www.esplac.cat\\\/?s={search_term_string}\"},\"query-input\":{\"@type\":\"PropertyValueSpecification\",\"valueRequired\":true,\"valueName\":\"search_term_string\"}}],\"inLanguage\":\"es\"},{\"@type\":\"Organization\",\"@id\":\"https:\\\/\\\/www.esplac.cat\\\/#organization\",\"name\":\"Esplac\",\"url\":\"https:\\\/\\\/www.esplac.cat\\\/\",\"logo\":{\"@type\":\"ImageObject\",\"inLanguage\":\"es\",\"@id\":\"https:\\\/\\\/www.esplac.cat\\\/#\\\/schema\\\/logo\\\/image\\\/\",\"url\":\"https:\\\/\\\/www.esplac.cat\\\/wp-content\\\/uploads\\\/2019\\\/08\\\/logox2.png\",\"contentUrl\":\"https:\\\/\\\/www.esplac.cat\\\/wp-content\\\/uploads\\\/2019\\\/08\\\/logox2.png\",\"width\":600,\"height\":295,\"caption\":\"Esplac\"},\"image\":{\"@id\":\"https:\\\/\\\/www.esplac.cat\\\/#\\\/schema\\\/logo\\\/image\\\/\"}}]}<\/script>\n<!-- \/ Yoast SEO plugin. -->","yoast_head_json":{"title":"Cat\u00e0leg C\u00e0psules Formatives - Esplac","robots":{"index":"index","follow":"follow","max-snippet":"max-snippet:-1","max-image-preview":"max-image-preview:large","max-video-preview":"max-video-preview:-1"},"canonical":"https:\/\/www.esplac.cat\/es\/capsules-formatives-cataleg-3\/","og_locale":"es_ES","og_type":"article","og_title":"Cat\u00e0leg C\u00e0psules Formatives - Esplac","og_url":"https:\/\/www.esplac.cat\/es\/capsules-formatives-cataleg-3\/","og_site_name":"Esplac","og_image":[{"url":"https:\/\/www.esplac.cat\/wp-content\/uploads\/2023\/10\/52748312947_62f23d558e_c.jpg","type":"","width":"","height":""}],"twitter_card":"summary_large_image","twitter_misc":{"Tiempo de lectura":"70 minutos"},"schema":{"@context":"https:\/\/schema.org","@graph":[{"@type":"WebPage","@id":"https:\/\/www.esplac.cat\/es\/capsules-formatives-cataleg-3\/","url":"https:\/\/www.esplac.cat\/es\/capsules-formatives-cataleg-3\/","name":"Cat\u00e0leg C\u00e0psules Formatives - Esplac","isPartOf":{"@id":"https:\/\/www.esplac.cat\/#website"},"primaryImageOfPage":{"@id":"https:\/\/www.esplac.cat\/es\/capsules-formatives-cataleg-3\/#primaryimage"},"image":{"@id":"https:\/\/www.esplac.cat\/es\/capsules-formatives-cataleg-3\/#primaryimage"},"thumbnailUrl":"https:\/\/www.esplac.cat\/wp-content\/uploads\/2023\/10\/52748312947_62f23d558e_c.jpg","datePublished":"2023-10-16T08:03:33+00:00","breadcrumb":{"@id":"https:\/\/www.esplac.cat\/es\/capsules-formatives-cataleg-3\/#breadcrumb"},"inLanguage":"es","potentialAction":[{"@type":"ReadAction","target":["https:\/\/www.esplac.cat\/es\/capsules-formatives-cataleg-3\/"]}]},{"@type":"ImageObject","inLanguage":"es","@id":"https:\/\/www.esplac.cat\/es\/capsules-formatives-cataleg-3\/#primaryimage","url":"https:\/\/www.esplac.cat\/wp-content\/uploads\/2023\/10\/52748312947_62f23d558e_c.jpg","contentUrl":"https:\/\/www.esplac.cat\/wp-content\/uploads\/2023\/10\/52748312947_62f23d558e_c.jpg"},{"@type":"BreadcrumbList","@id":"https:\/\/www.esplac.cat\/es\/capsules-formatives-cataleg-3\/#breadcrumb","itemListElement":[{"@type":"ListItem","position":1,"name":"Inici","item":"https:\/\/www.esplac.cat\/es\/"},{"@type":"ListItem","position":2,"name":"Cat\u00e0leg formatiu Marta Mata"}]},{"@type":"WebSite","@id":"https:\/\/www.esplac.cat\/#website","url":"https:\/\/www.esplac.cat\/","name":"Esplac","description":"Esplais Catalans","publisher":{"@id":"https:\/\/www.esplac.cat\/#organization"},"potentialAction":[{"@type":"SearchAction","target":{"@type":"EntryPoint","urlTemplate":"https:\/\/www.esplac.cat\/?s={search_term_string}"},"query-input":{"@type":"PropertyValueSpecification","valueRequired":true,"valueName":"search_term_string"}}],"inLanguage":"es"},{"@type":"Organization","@id":"https:\/\/www.esplac.cat\/#organization","name":"Esplac","url":"https:\/\/www.esplac.cat\/","logo":{"@type":"ImageObject","inLanguage":"es","@id":"https:\/\/www.esplac.cat\/#\/schema\/logo\/image\/","url":"https:\/\/www.esplac.cat\/wp-content\/uploads\/2019\/08\/logox2.png","contentUrl":"https:\/\/www.esplac.cat\/wp-content\/uploads\/2019\/08\/logox2.png","width":600,"height":295,"caption":"Esplac"},"image":{"@id":"https:\/\/www.esplac.cat\/#\/schema\/logo\/image\/"}}]}},"_links":{"self":[{"href":"https:\/\/www.esplac.cat\/es\/wp-json\/wp\/v2\/pages\/47616","targetHints":{"allow":["GET"]}}],"collection":[{"href":"https:\/\/www.esplac.cat\/es\/wp-json\/wp\/v2\/pages"}],"about":[{"href":"https:\/\/www.esplac.cat\/es\/wp-json\/wp\/v2\/types\/page"}],"author":[{"embeddable":true,"href":"https:\/\/www.esplac.cat\/es\/wp-json\/wp\/v2\/users\/3"}],"replies":[{"embeddable":true,"href":"https:\/\/www.esplac.cat\/es\/wp-json\/wp\/v2\/comments?post=47616"}],"version-history":[{"count":0,"href":"https:\/\/www.esplac.cat\/es\/wp-json\/wp\/v2\/pages\/47616\/revisions"}],"wp:attachment":[{"href":"https:\/\/www.esplac.cat\/es\/wp-json\/wp\/v2\/media?parent=47616"}],"curies":[{"name":"wp","href":"https:\/\/api.w.org\/{rel}","templated":true}]}}