{"id":54763,"date":"2025-12-09T14:03:36","date_gmt":"2025-12-09T12:03:36","guid":{"rendered":"https:\/\/www.esplac.cat\/?page_id=54763"},"modified":"2025-12-09T14:03:37","modified_gmt":"2025-12-09T12:03:37","slug":"esplaiada-2022","status":"publish","type":"page","link":"https:\/\/www.esplac.cat\/es\/encuentros\/esplaiada-2022\/","title":{"rendered":"Esplaiada 2022"},"content":{"rendered":"<p><div class=\"fusion-fullwidth fullwidth-box fusion-builder-row-1 nonhundred-percent-fullwidth non-hundred-percent-height-scrolling fusion-equal-height-columns\" style=\"--awb-border-radius-top-left:0px;--awb-border-radius-top-right:0px;--awb-border-radius-bottom-right:0px;--awb-border-radius-bottom-left:0px;--awb-margin-top:25px;--awb-margin-bottom:20px;--awb-flex-wrap:wrap;\" ><div class=\"fusion-builder-row fusion-row\"><div class=\"fusion-layout-column fusion_builder_column fusion-builder-column-0 fusion_builder_column_1_1 1_1 fusion-one-full fusion-column-first fusion-column-last\" style=\"--awb-bg-size:cover;\"><div class=\"fusion-column-wrapper fusion-column-has-shadow fusion-flex-column-wrapper-legacy\"><div class=\"fusion-title title fusion-title-1 fusion-sep-none fusion-title-text fusion-title-size-one\" style=\"--awb-font-size:50px;\"><h1 class=\"fusion-title-heading title-heading-left fusion-responsive-typography-calculated\" style=\"margin:0;font-size:1em;--fontSize:50;line-height:1.2;\"><p style=\"text-align: center;\"><strong>Esplaiada<\/strong><\/p><\/h1><\/div><div class=\"fusion-text fusion-text-1\" style=\"--awb-text-transform:none;\"><p style=\"text-align: center;\">L&#8217;Esplaiada es el encuentro general de todos los esplais de Esplac! Incluye ni\u00f1as y ni\u00f1os, j\u00f3venes y monitoras y monitores. Es un espacio para escuchar y hacer o\u00edr la voz de ni\u00f1os y j\u00f3venes sobre temas de su inter\u00e9s, a trav\u00e9s de asambleas, juegos y actividades. Se lleva a cabo generalmente cada tres a\u00f1os.<\/p>\n<p style=\"text-align: center;\">La \u00faltima Esplaiada se celebr\u00f3 los d\u00edas <strong>6, 7 y 8 de mayo<\/strong> de 2022 en <strong>Sant Cugat del Vall\u00e8s<\/strong>, bajo el lema \u201cLa veu d&#8217;un infant \u00e9s m\u00e9s gran que un elefant!\u201d.<\/p>\n<\/div><div class=\"fusion-clearfix\"><\/div><\/div><\/div><\/div><\/div><div class=\"fusion-fullwidth fullwidth-box fusion-builder-row-2 nonhundred-percent-fullwidth non-hundred-percent-height-scrolling\" style=\"--awb-border-radius-top-left:0px;--awb-border-radius-top-right:0px;--awb-border-radius-bottom-right:0px;--awb-border-radius-bottom-left:0px;--awb-flex-wrap:wrap;\" ><div class=\"fusion-builder-row fusion-row\"><div class=\"fusion-layout-column fusion_builder_column fusion-builder-column-1 fusion_builder_column_1_1 1_1 fusion-one-full fusion-column-first fusion-column-last\" style=\"--awb-bg-size:cover;\"><div class=\"fusion-column-wrapper fusion-column-has-shadow fusion-flex-column-wrapper-legacy\"><div class=\"fusion-image-element fusion-image-align-center fusion-no-medium-visibility in-legacy-container\" style=\"text-align:center;--awb-caption-title-font-family:var(--h2_typography-font-family);--awb-caption-title-font-weight:var(--h2_typography-font-weight);--awb-caption-title-font-style:var(--h2_typography-font-style);--awb-caption-title-size:var(--h2_typography-font-size);--awb-caption-title-transform:var(--h2_typography-text-transform);--awb-caption-title-line-height:var(--h2_typography-line-height);--awb-caption-title-letter-spacing:var(--h2_typography-letter-spacing);\"><div class=\"imageframe-align-center\"><span class=\" fusion-imageframe imageframe-none imageframe-1 hover-type-none\"><a href=\"https:\/\/www.esplac.cat\/wp-content\/uploads\/2022\/01\/banner-2-1-1024x422.jpg\" class=\"fusion-lightbox\" data-rel=\"iLightbox[q]\" data-title=\"banner-2\" title=\"banner-2\"><img decoding=\"async\" width=\"1024\" height=\"422\" alt=\"banner-2\" src=\"https:\/\/www.esplac.cat\/wp-content\/uploads\/2022\/01\/banner-2-1-1024x422.jpg\" class=\"img-responsive wp-image-38665\" srcset=\"https:\/\/www.esplac.cat\/wp-content\/uploads\/2022\/01\/banner-2-1-200x82.jpg 200w, https:\/\/www.esplac.cat\/wp-content\/uploads\/2022\/01\/banner-2-1-400x165.jpg 400w, https:\/\/www.esplac.cat\/wp-content\/uploads\/2022\/01\/banner-2-1-600x247.jpg 600w, https:\/\/www.esplac.cat\/wp-content\/uploads\/2022\/01\/banner-2-1-800x330.jpg 800w, https:\/\/www.esplac.cat\/wp-content\/uploads\/2022\/01\/banner-2-1-1200x495.jpg 1200w, https:\/\/www.esplac.cat\/wp-content\/uploads\/2022\/01\/banner-2-1.jpg 1697w\" sizes=\"(max-width: 800px) 100vw, 1024px\" \/><\/a><\/span><\/div><\/div><div class=\"fusion-clearfix\"><\/div><\/div><\/div><\/div><\/div><div class=\"fusion-fullwidth fullwidth-box fusion-builder-row-3 nonhundred-percent-fullwidth non-hundred-percent-height-scrolling\" style=\"--awb-border-radius-top-left:0px;--awb-border-radius-top-right:0px;--awb-border-radius-bottom-right:0px;--awb-border-radius-bottom-left:0px;--awb-margin-top:50px;--awb-margin-bottom:40px;--awb-background-color:#ffffff;--awb-flex-wrap:wrap;\" ><div class=\"fusion-builder-row fusion-row\"><div class=\"fusion-layout-column fusion_builder_column fusion-builder-column-2 fusion_builder_column_1_1 1_1 fusion-one-full fusion-column-first fusion-column-last\" style=\"--awb-bg-size:cover;\"><div class=\"fusion-column-wrapper fusion-column-has-shadow fusion-flex-column-wrapper-legacy\"><div class=\"fusion-sep-clear\"><\/div><div class=\"fusion-separator\" style=\"margin-left: auto;margin-right: auto;margin-bottom:60px;width:100%;max-width:30%;\"><div class=\"fusion-separator-border sep-single sep-solid\" style=\"--awb-height:20px;--awb-amount:20px;--awb-sep-color:#c1c1c1;border-color:#c1c1c1;border-top-width:5px;\"><\/div><\/div><div class=\"fusion-sep-clear\"><\/div><div class=\"fusion-title title fusion-title-2 fusion-sep-none fusion-title-center fusion-title-text fusion-title-size-three\"><h3 class=\"fusion-title-heading title-heading-center fusion-responsive-typography-calculated\" style=\"margin:0;--fontSize:30;line-height:1.3;\"><p>Esplaiada 2022:<br \/>\n\u00abLa veu d&#8217;un infant \u00e9s m\u00e9s gran que un elefant!\u00bb<\/p><\/h3><\/div><div class=\"fusion-sep-clear\"><\/div><div class=\"fusion-separator fusion-full-width-sep\" style=\"margin-left: auto;margin-right: auto;margin-bottom:30px;width:100%;\"><\/div><div class=\"fusion-sep-clear\"><\/div><div class=\"fusion-tabs fusion-tabs-1 clean nav-not-justified horizontal-tabs icon-position-top mobile-mode-accordion\" style=\"--awb-title-border-radius-top-left:0px;--awb-title-border-radius-top-right:0px;--awb-title-border-radius-bottom-right:0px;--awb-title-border-radius-bottom-left:0px;--awb-inactive-color:#eaeaea;--awb-background-color:#f9f9f9;--awb-border-color:#ffffff;--awb-active-border-color:#f69d0b;\"><div class=\"nav\"><ul class=\"nav-tabs\" role=\"tablist\"><li class=\"active\" role=\"presentation\"><a class=\"tab-link\" data-toggle=\"tab\" role=\"tab\" aria-controls=\"tab-2eb79ef2abd85001c47\" aria-selected=\"true\" id=\"fusion-tab-introducci\u00f3\" href=\"#tab-2eb79ef2abd85001c47\"><h4 class=\"fusion-tab-heading\"><i class=\"fontawesome-icon fa-bullhorn fas\" aria-hidden=\"true\" style=\"font-size:19px;\"><\/i>Introducci\u00f3<\/h4><\/a><\/li><li role=\"presentation\"><a class=\"tab-link\" data-toggle=\"tab\" role=\"tab\" aria-controls=\"tab-9a45726d105aa20e0a5\" aria-selected=\"false\" tabindex=\"-1\" id=\"fusion-tab-prepareml&#039;esplaiada!\" href=\"#tab-9a45726d105aa20e0a5\"><h4 class=\"fusion-tab-heading\"><i class=\"fontawesome-icon fa-grin far\" aria-hidden=\"true\" style=\"font-size:19px;\"><\/i>Preparem l'Esplaiada! <\/h4><\/a><\/li><li role=\"presentation\"><a class=\"tab-link\" data-toggle=\"tab\" role=\"tab\" aria-controls=\"tab-62078354b721d9e3cc4\" aria-selected=\"false\" tabindex=\"-1\" id=\"fusion-tab-centred&#039;inter\u00e8s\" href=\"#tab-62078354b721d9e3cc4\"><h4 class=\"fusion-tab-heading\"><i class=\"fontawesome-icon fa-map-marker fas\" aria-hidden=\"true\" style=\"font-size:19px;\"><\/i>Centre d'Inter\u00e8s<\/h4><\/a><\/li><li role=\"presentation\"><a class=\"tab-link\" data-toggle=\"tab\" role=\"tab\" aria-controls=\"tab-7b1e996f342dcfb478d\" aria-selected=\"false\" tabindex=\"-1\" id=\"fusion-tab-can\u00e7\u00f3oficialiremix\" href=\"#tab-7b1e996f342dcfb478d\"><h4 class=\"fusion-tab-heading\"><i class=\"fontawesome-icon fa-guitar fas\" aria-hidden=\"true\" style=\"font-size:19px;\"><\/i>Can\u00e7\u00f3 oficial i remix<\/h4><\/a><\/li><li role=\"presentation\"><a class=\"tab-link\" data-toggle=\"tab\" role=\"tab\" aria-controls=\"tab-10b26f6ff280b09a359\" aria-selected=\"false\" tabindex=\"-1\" id=\"fusion-tab-programa\" href=\"#tab-10b26f6ff280b09a359\"><h4 class=\"fusion-tab-heading\"><i class=\"fontawesome-icon fa-calendar fas\" aria-hidden=\"true\" style=\"font-size:19px;\"><\/i>Programa<\/h4><\/a><\/li><li role=\"presentation\"><a class=\"tab-link\" data-toggle=\"tab\" role=\"tab\" aria-controls=\"tab-1766f463fba59d81955\" aria-selected=\"false\" tabindex=\"-1\" id=\"fusion-tab-datesclau\" href=\"#tab-1766f463fba59d81955\"><h4 class=\"fusion-tab-heading\"><i class=\"fontawesome-icon fa-sun far\" aria-hidden=\"true\" style=\"font-size:19px;\"><\/i>Dates clau<\/h4><\/a><\/li><li role=\"presentation\"><a class=\"tab-link\" data-toggle=\"tab\" role=\"tab\" aria-controls=\"tab-2a3621eca4c17c1605d\" aria-selected=\"false\" tabindex=\"-1\" id=\"fusion-tab-inscripcions\" href=\"#tab-2a3621eca4c17c1605d\"><h4 class=\"fusion-tab-heading\"><i class=\"fontawesome-icon fa-calendar-check fas\" aria-hidden=\"true\" style=\"font-size:19px;\"><\/i>Inscripcions<\/h4><\/a><\/li><li role=\"presentation\"><a class=\"tab-link\" data-toggle=\"tab\" role=\"tab\" aria-controls=\"tab-bc16650aae0c8570c7f\" aria-selected=\"false\" tabindex=\"-1\" id=\"fusion-tab-organitzaci\u00f3\" href=\"#tab-bc16650aae0c8570c7f\"><h4 class=\"fusion-tab-heading\"><i class=\"fontawesome-icon fa-hand-holding-heart fas\" aria-hidden=\"true\" style=\"font-size:19px;\"><\/i>Organitzaci\u00f3<\/h4><\/a><\/li><li role=\"presentation\"><a class=\"tab-link\" data-toggle=\"tab\" role=\"tab\" aria-controls=\"tab-b090ef4e0e7d5db252d\" aria-selected=\"false\" tabindex=\"-1\" id=\"fusion-tab-tallersjoves\" href=\"#tab-b090ef4e0e7d5db252d\"><h4 class=\"fusion-tab-heading\"><i class=\"fontawesome-icon fa-calendar-check far\" aria-hidden=\"true\" style=\"font-size:19px;\"><\/i>Tallers joves<\/h4><\/a><\/li><li role=\"presentation\"><a class=\"tab-link\" data-toggle=\"tab\" role=\"tab\" aria-controls=\"tab-c3b0b5a18e7a78ebe5a\" aria-selected=\"false\" tabindex=\"-1\" id=\"fusion-tab-autoritzacions\" href=\"#tab-c3b0b5a18e7a78ebe5a\"><h4 class=\"fusion-tab-heading\"><i class=\"fontawesome-icon fa-address-book far\" aria-hidden=\"true\" style=\"font-size:19px;\"><\/i>Autoritzacions<\/h4><\/a><\/li><li role=\"presentation\"><a class=\"tab-link\" data-toggle=\"tab\" role=\"tab\" aria-controls=\"tab-46708adf7dc06c5173a\" aria-selected=\"false\" tabindex=\"-1\" id=\"fusion-tab-qu\u00e8caldur?\" href=\"#tab-46708adf7dc06c5173a\"><h4 class=\"fusion-tab-heading\"><i class=\"fontawesome-icon fa-address-book far\" aria-hidden=\"true\" style=\"font-size:19px;\"><\/i>Qu\u00e8 cal dur?<\/h4><\/a><\/li><li role=\"presentation\"><a class=\"tab-link\" data-toggle=\"tab\" role=\"tab\" aria-controls=\"tab-f19be76b7e3c3cf0347\" aria-selected=\"false\" tabindex=\"-1\" id=\"fusion-tab-transport\" href=\"#tab-f19be76b7e3c3cf0347\"><h4 class=\"fusion-tab-heading\"><i class=\"fontawesome-icon fa-subway fas\" aria-hidden=\"true\" style=\"font-size:19px;\"><\/i>Transport<\/h4><\/a><\/li><li role=\"presentation\"><a class=\"tab-link\" data-toggle=\"tab\" role=\"tab\" aria-controls=\"tab-b18a5a3a1d888775128\" aria-selected=\"false\" tabindex=\"-1\" id=\"fusion-tab-localitzacions(mapa)\" href=\"#tab-b18a5a3a1d888775128\"><h4 class=\"fusion-tab-heading\"><i class=\"fontawesome-icon fa-subway fas\" aria-hidden=\"true\" style=\"font-size:19px;\"><\/i>Localitzacions (mapa)<\/h4><\/a><\/li><li role=\"presentation\"><a class=\"tab-link\" data-toggle=\"tab\" role=\"tab\" aria-controls=\"tab-ed3e6e205e69ca697eb\" aria-selected=\"false\" tabindex=\"-1\" id=\"fusion-tab-preguntesfreq\u00fcents(faqs)\" href=\"#tab-ed3e6e205e69ca697eb\"><h4 class=\"fusion-tab-heading\"><i class=\"fontawesome-icon fa-question-circle far\" aria-hidden=\"true\" style=\"font-size:19px;\"><\/i>Preguntes Freq\u00fcents (FAQS)<\/h4><\/a><\/li><\/ul><\/div><div class=\"tab-content\"><div class=\"nav fusion-mobile-tab-nav\"><ul class=\"nav-tabs\" role=\"tablist\"><li class=\"active\" role=\"presentation\"><a class=\"tab-link\" data-toggle=\"tab\" role=\"tab\" aria-controls=\"tab-2eb79ef2abd85001c47\" aria-selected=\"true\" id=\"mobile-fusion-tab-introducci\u00f3\" href=\"#tab-2eb79ef2abd85001c47\"><h4 class=\"fusion-tab-heading\"><i class=\"fontawesome-icon fa-bullhorn fas\" aria-hidden=\"true\" style=\"font-size:19px;\"><\/i>Introducci\u00f3<\/h4><\/a><\/li><\/ul><\/div><div class=\"tab-pane fade fusion-clearfix in active\" role=\"tabpanel\" tabindex=\"0\" aria-labelledby=\"fusion-tab-introducci\u00f3\" id=\"tab-2eb79ef2abd85001c47\">\n<p>La Trobada General d&#8217;Esplac del 2022 es va celebrar el<strong>\u00a06, 7 i 8 de maig a Sant Cugat del Vall\u00e8s<\/strong>, coincidint amb el <strong>40\u00e8 aniversari<\/strong> de l\u2019entitat. L\u2019Esplaiada \u00e9s la Trobada General de tots els esplais d\u2019Esplac i ens permet trobar-nos per fer activitats conjuntes i reivindicar la tasca que fem des dels esplais.<\/p>\n<p>Sota el lema \u201c<strong>La veu d\u2019un infant \u00e9s m\u00e9s gran que un elefant<\/strong>\u201d voliem denunciar l\u2019adultocentrisme vigent a la societat i reivindicar la visi\u00f3 dels infants i joves com a ciutadans actius de ple dret amb capacitat de decisi\u00f3 sobre all\u00f2 que els afecta. Perqu\u00e8 infants i joves s\u00f3n el present, no nom\u00e9s el futur!<\/p>\n<p>A m\u00e9s, des del projecte d&#8217;Inf\u00e0ncia i Esplaiada s&#8217;ha creat un recurs, el Manual d&#8217;assemblaerisme infantil, per treballar la participaci\u00f3 i posar en valor les decisions dels infants. Seguim cridant ben fort perqu\u00e8 #LaVeuDelsInfants s&#8217;escolti m\u00e9s fort que mai!<\/p>\n<p><img decoding=\"async\" class=\"aligncenter wp-image-44344 size-full\" src=\"https:\/\/www.esplac.cat\/wp-content\/uploads\/2023\/03\/Cartell-Esplaiada-def-scaled.jpg\" alt=\"\" width=\"1821\" height=\"2560\" srcset=\"https:\/\/www.esplac.cat\/wp-content\/uploads\/2023\/03\/Cartell-Esplaiada-def-200x281.jpg 200w, https:\/\/www.esplac.cat\/wp-content\/uploads\/2023\/03\/Cartell-Esplaiada-def-213x300.jpg 213w, https:\/\/www.esplac.cat\/wp-content\/uploads\/2023\/03\/Cartell-Esplaiada-def-400x562.jpg 400w, https:\/\/www.esplac.cat\/wp-content\/uploads\/2023\/03\/Cartell-Esplaiada-def-600x843.jpg 600w, https:\/\/www.esplac.cat\/wp-content\/uploads\/2023\/03\/Cartell-Esplaiada-def-728x1024.jpg 728w, https:\/\/www.esplac.cat\/wp-content\/uploads\/2023\/03\/Cartell-Esplaiada-def-768x1080.jpg 768w, https:\/\/www.esplac.cat\/wp-content\/uploads\/2023\/03\/Cartell-Esplaiada-def-800x1125.jpg 800w, https:\/\/www.esplac.cat\/wp-content\/uploads\/2023\/03\/Cartell-Esplaiada-def-1093x1536.jpg 1093w, https:\/\/www.esplac.cat\/wp-content\/uploads\/2023\/03\/Cartell-Esplaiada-def-1200x1687.jpg 1200w, https:\/\/www.esplac.cat\/wp-content\/uploads\/2023\/03\/Cartell-Esplaiada-def-1457x2048.jpg 1457w, https:\/\/www.esplac.cat\/wp-content\/uploads\/2023\/03\/Cartell-Esplaiada-def-scaled.jpg 1821w\" sizes=\"(max-width: 1821px) 100vw, 1821px\" \/><\/p>\n<\/div><div class=\"nav fusion-mobile-tab-nav\"><ul class=\"nav-tabs\" role=\"tablist\"><li role=\"presentation\"><a class=\"tab-link\" data-toggle=\"tab\" role=\"tab\" aria-controls=\"tab-9a45726d105aa20e0a5\" aria-selected=\"false\" tabindex=\"-1\" id=\"mobile-fusion-tab-prepareml&#039;esplaiada!\" href=\"#tab-9a45726d105aa20e0a5\"><h4 class=\"fusion-tab-heading\"><i class=\"fontawesome-icon fa-grin far\" aria-hidden=\"true\" style=\"font-size:19px;\"><\/i>Preparem l'Esplaiada! <\/h4><\/a><\/li><\/ul><\/div><div class=\"tab-pane fade fusion-clearfix\" role=\"tabpanel\" tabindex=\"0\" aria-labelledby=\"fusion-tab-prepareml&#039;esplaiada!\" id=\"tab-9a45726d105aa20e0a5\">\n<div style=\"width: 100%;\">\n<div style=\"position: relative; padding-bottom: 50.00%; padding-top: 0; height: 0;\"><iframe style=\"position: absolute; top: 0; left: 0; width: 100%; height: 100%;\" src=\"https:\/\/view.genial.ly\/6238535ceb03160011308e00\" width=\"1600\" height=\"800\" frameborder=\"0\" scrolling=\"yes\" allowfullscreen=\"allowfullscreen\"><\/iframe><\/div>\n<\/div>\n<\/div><div class=\"nav fusion-mobile-tab-nav\"><ul class=\"nav-tabs\" role=\"tablist\"><li role=\"presentation\"><a class=\"tab-link\" data-toggle=\"tab\" role=\"tab\" aria-controls=\"tab-62078354b721d9e3cc4\" aria-selected=\"false\" tabindex=\"-1\" id=\"mobile-fusion-tab-centred&#039;inter\u00e8s\" href=\"#tab-62078354b721d9e3cc4\"><h4 class=\"fusion-tab-heading\"><i class=\"fontawesome-icon fa-map-marker fas\" aria-hidden=\"true\" style=\"font-size:19px;\"><\/i>Centre d'Inter\u00e8s<\/h4><\/a><\/li><\/ul><\/div><div class=\"tab-pane fade fusion-clearfix\" role=\"tabpanel\" tabindex=\"0\" aria-labelledby=\"fusion-tab-centred&#039;inter\u00e8s\" id=\"tab-62078354b721d9e3cc4\">\n<p><span style=\"font-weight: 400;\"><strong>Centre d&#8217;inter\u00e8s<\/strong> <\/span><\/p>\n<p><span style=\"font-weight: 400;\">Sota el lema<\/span> <b><i>\u201cLa veu d\u2019un infant \u00e9s m\u00e9s gran que un elefant\u201d <\/i><\/b><span style=\"font-weight: 400;\">\u00a0volem denunciar l\u2019adultocentrisme vigent a la societat i reivindicar la visi\u00f3 dels infants i joves com a ciutadans actius de ple dret amb capacitat de decisi\u00f3 sobre all\u00f2 que els afecta. Perqu\u00e8 infants i joves s\u00f3n el present, no nom\u00e9s el futur!<\/span><\/p>\n<p>A continuaci\u00f3 trobareu els <strong>dossiers amb el pas a pas del Centre d&#8217;Inter\u00e8s i l&#8217;Acte Unitari.<\/strong><\/p>\n<div class=\"fusion-aligncenter\"><a class=\"fusion-button button-flat fusion-button-default-size button-default fusion-button-default button-1 fusion-button-default-span fusion-button-default-type\" target=\"_blank\" rel=\"noopener noreferrer\" href=\"https:\/\/www.esplac.cat\/wp-content\/uploads\/2022\/04\/CENTRE-INTERES-infants.pdf\"><span class=\"fusion-button-text\">XICS, PETITS, MITJANS I GRANS<\/span><\/a><\/div><div class=\"fusion-aligncenter\"><a class=\"fusion-button button-flat fusion-button-default-size button-default fusion-button-default button-2 fusion-button-default-span fusion-button-default-type\" target=\"_blank\" rel=\"noopener noreferrer\" href=\"https:\/\/www.esplac.cat\/wp-content\/uploads\/2022\/04\/CENTRE-INTERES-JOVES.pdf\"><span class=\"fusion-button-text\">JOVES<\/span><\/a><\/div>\n<p><strong>L\u2019Elefant Fan<\/strong><\/p>\n<p><span style=\"font-weight: 400;\">La gran reivindicaci\u00f3 de l\u2019Esplaiada 2022 la farem juntament amb l\u2019Elefant Fan!<\/span><\/p>\n<p><span style=\"font-weight: 400;\">El nostre influencer, ja est\u00e0 fart de viure en un m\u00f3n on no es tenen en compte les seves idees, necessitats i opinions. Diu que en la societat d\u2019elefants, els elefants petits no poden decidir res\u2026\u00a0 \u00c9s per aix\u00f2 que ha decidit anar a buscar m\u00e9s esp\u00e8cies que es trobin en la mateixa situaci\u00f3. D\u2019aquesta manera podr\u00e0 arreplegar moltes veus per cridar ben fort: <em>\u201cLa veu d&#8217;un infant \u00e9s m\u00e9s gran que un elefant!\u201d<\/em><\/span><\/p>\n<p><span style=\"font-weight: 400;\">En Fan, tamb\u00e9 es va obrir <\/span><strong><a href=\"https:\/\/www.instagram.com\/elefant.fan\/\"><span style=\"color: #ff9900;\">un perfil d\u2019Instagram<\/span><\/a><\/strong><span style=\"font-weight: 400;\"> on va anar penjant els seus v\u00eddeos per denunciar que els adults tenen m\u00e9s privilegis que els infants. Aix\u00ed com les \u00faltimes not\u00edcies\u00a0de l\u2019Esplaiada 2022.<\/span><\/p>\n<p><i><span style=\"font-weight: 400;\">Nota: Si us hi fixeu\u2026 no tothom pot entendre en Fan\u2026 Us atreviu a descobrir per qu\u00e8?<\/span><\/i><\/p>\n<\/div><div class=\"nav fusion-mobile-tab-nav\"><ul class=\"nav-tabs\" role=\"tablist\"><li role=\"presentation\"><a class=\"tab-link\" data-toggle=\"tab\" role=\"tab\" aria-controls=\"tab-7b1e996f342dcfb478d\" aria-selected=\"false\" tabindex=\"-1\" id=\"mobile-fusion-tab-can\u00e7\u00f3oficialiremix\" href=\"#tab-7b1e996f342dcfb478d\"><h4 class=\"fusion-tab-heading\"><i class=\"fontawesome-icon fa-guitar fas\" aria-hidden=\"true\" style=\"font-size:19px;\"><\/i>Can\u00e7\u00f3 oficial i remix<\/h4><\/a><\/li><\/ul><\/div><div class=\"tab-pane fade fusion-clearfix\" role=\"tabpanel\" tabindex=\"0\" aria-labelledby=\"fusion-tab-can\u00e7\u00f3oficialiremix\" id=\"tab-7b1e996f342dcfb478d\">\n<p>A l&#8217;Esplaiada 2022 no pot fallar el gran \u00abhit\u00bb!\u00a0Aquest any torna Ambauka i l&#8217;energia de l&#8217;esplai ens far\u00e0 ballar al ritme de la nova can\u00e7\u00f3: <em>Tinc esplai!<\/em><\/p>\n<blockquote>\n<p style=\"text-align: center;\">\u00abPel meu davant passen, mil milions de plans, per\u00f2 jo sempre els hi canto: no puc, tinc esplai!\u00bb<\/p>\n<\/blockquote>\n<p style=\"text-align: center;\"><strong>VIDEOCLIP <em>TINC ESPLAI! \ud83d\udce2<\/em><\/strong><\/p>\n<p style=\"text-align: center;\"><iframe class=\"fusion-hidden\" data-privacy-type=\"youtube\" src=\"\" title=\"YouTube video player\" data-privacy-src=\"https:\/\/www.youtube.com\/embed\/UrPzdYWtI08\" width=\"560\" height=\"315\" frameborder=\"0\" allowfullscreen=\"allowfullscreen\"><\/iframe><div class=\"fusion-privacy-placeholder\" style=\"width:560px; height:315px;\" data-privacy-type=\"youtube\"><div class=\"fusion-privacy-placeholder-content\"><div class=\"fusion-privacy-label\">For privacy reasons YouTube needs your permission to be loaded. For more details, please see our <a class=\"privacy-policy-link\" href=\"https:\/\/www.esplac.cat\/avis-legal\/\" rel=\"privacy-policy\">Av\u00eds Legal<\/a>.<\/div><a href=\"\" data-privacy-type=\"youtube\" class=\"fusion-button button-default fusion-button-default-size button fusion-privacy-consent\">I Accept<\/a><\/div><\/div><\/p>\n<p style=\"text-align: center;\"><strong>ESCOLTA <em>TINC ESPLAI!<\/em> A SPOTIFY \u00a0\ud83c\udf9b\ufe0f<\/strong><\/p>\n<p style=\"text-align: center;\"><iframe style=\"border-radius: 12px;\" src=\"https:\/\/open.spotify.com\/embed\/track\/3KlBOB7joKquFI8Vw4316W?utm_source=generator\" width=\"100%\" height=\"80\" frameborder=\"0\" allowfullscreen=\"allowfullscreen\"><\/iframe><\/p>\n<p>Tamb\u00e9, per celebrar els 40 anys d&#8217;Esplac, hem fet amb Ambauka el remix de la can\u00e7\u00f3 de l&#8217;Esplaiada 2012 \u00abL&#8217;energia de l&#8217;esplai\u00bb<div class=\"fusion-video fusion-youtube fusion-aligncenter\" style=\"--awb-max-width:600px;--awb-max-height:360px;--awb-width:100%;\"><div class=\"video-shortcode\"><div class=\"fluid-width-video-wrapper\" style=\"padding-top:60%;\" ><iframe class=\"fusion-hidden\" data-privacy-type=\"youtube\" src=\"\" title=\"YouTube video player 1\" data-privacy-src=\"https:\/\/www.youtube.com\/embed\/dR8pBErmEQQ?wmode=transparent&autoplay=0\" width=\"600\" height=\"360\" allowfullscreen allow=\"autoplay; fullscreen\"><\/iframe><div class=\"fusion-privacy-placeholder\" style=\"width:600px; height:360px;\" data-privacy-type=\"youtube\"><div class=\"fusion-privacy-placeholder-content\"><div class=\"fusion-privacy-label\">For privacy reasons YouTube needs your permission to be loaded. For more details, please see our <a class=\"privacy-policy-link\" href=\"https:\/\/www.esplac.cat\/avis-legal\/\" rel=\"privacy-policy\">Av\u00eds Legal<\/a>.<\/div><a href=\"\" data-privacy-type=\"youtube\" class=\"fusion-button button-default fusion-button-default-size button fusion-privacy-consent\">I Accept<\/a><\/div><\/div><\/div><\/div><\/div>\n<\/div><div class=\"nav fusion-mobile-tab-nav\"><ul class=\"nav-tabs\" role=\"tablist\"><li role=\"presentation\"><a class=\"tab-link\" data-toggle=\"tab\" role=\"tab\" aria-controls=\"tab-10b26f6ff280b09a359\" aria-selected=\"false\" tabindex=\"-1\" id=\"mobile-fusion-tab-programa\" href=\"#tab-10b26f6ff280b09a359\"><h4 class=\"fusion-tab-heading\"><i class=\"fontawesome-icon fa-calendar fas\" aria-hidden=\"true\" style=\"font-size:19px;\"><\/i>Programa<\/h4><\/a><\/li><\/ul><\/div><div class=\"tab-pane fade fusion-clearfix\" role=\"tabpanel\" tabindex=\"0\" aria-labelledby=\"fusion-tab-programa\" id=\"tab-10b26f6ff280b09a359\">\n<p><img decoding=\"async\" class=\"aligncenter wp-image-39959\" src=\"https:\/\/www.esplac.cat\/wp-content\/uploads\/2022\/04\/programa-01-212x300.jpg\" alt=\"\" width=\"603\" height=\"853\" srcset=\"https:\/\/www.esplac.cat\/wp-content\/uploads\/2022\/04\/programa-01-200x283.jpg 200w, https:\/\/www.esplac.cat\/wp-content\/uploads\/2022\/04\/programa-01-212x300.jpg 212w, https:\/\/www.esplac.cat\/wp-content\/uploads\/2022\/04\/programa-01-400x566.jpg 400w, https:\/\/www.esplac.cat\/wp-content\/uploads\/2022\/04\/programa-01-600x849.jpg 600w, https:\/\/www.esplac.cat\/wp-content\/uploads\/2022\/04\/programa-01-724x1024.jpg 724w, https:\/\/www.esplac.cat\/wp-content\/uploads\/2022\/04\/programa-01-768x1086.jpg 768w, https:\/\/www.esplac.cat\/wp-content\/uploads\/2022\/04\/programa-01-800x1131.jpg 800w, https:\/\/www.esplac.cat\/wp-content\/uploads\/2022\/04\/programa-01-1086x1536.jpg 1086w, https:\/\/www.esplac.cat\/wp-content\/uploads\/2022\/04\/programa-01-1200x1697.jpg 1200w, https:\/\/www.esplac.cat\/wp-content\/uploads\/2022\/04\/programa-01-1448x2048.jpg 1448w, https:\/\/www.esplac.cat\/wp-content\/uploads\/2022\/04\/programa-01-scaled.jpg 1810w\" sizes=\"(max-width: 603px) 100vw, 603px\" \/><\/p>\n<\/div><div class=\"nav fusion-mobile-tab-nav\"><ul class=\"nav-tabs\" role=\"tablist\"><li role=\"presentation\"><a class=\"tab-link\" data-toggle=\"tab\" role=\"tab\" aria-controls=\"tab-1766f463fba59d81955\" aria-selected=\"false\" tabindex=\"-1\" id=\"mobile-fusion-tab-datesclau\" href=\"#tab-1766f463fba59d81955\"><h4 class=\"fusion-tab-heading\"><i class=\"fontawesome-icon fa-sun far\" aria-hidden=\"true\" style=\"font-size:19px;\"><\/i>Dates clau<\/h4><\/a><\/li><\/ul><\/div><div class=\"tab-pane fade fusion-clearfix\" role=\"tabpanel\" tabindex=\"0\" aria-labelledby=\"fusion-tab-datesclau\" id=\"tab-1766f463fba59d81955\">\n<p><span style=\"font-weight: 400;\">L&#8217;Esplaiada \u00e9s de totes, i per aix\u00f2 volem que tothom pugui aportar el seu gra de sorra!\u00a0<\/span><\/p>\n<div class=\"video-shortcode\"><iframe class=\"fusion-hidden\" data-privacy-type=\"youtube\" src=\"\" title=\"Dates claus i participaci\u00f3 a l&#039;Esplaiada 2022 | #LaVeuDelsInfants\" width=\"1200\" height=\"675\" data-privacy-src=\"https:\/\/www.youtube.com\/embed\/tp8mugBVbL4?feature=oembed\" frameborder=\"0\" allow=\"accelerometer; autoplay; clipboard-write; encrypted-media; gyroscope; picture-in-picture\" allowfullscreen><\/iframe><\/p>\n<div class=\"fusion-privacy-placeholder\" style=\"width:1200px; height:675px;\" data-privacy-type=\"youtube\">\n<div class=\"fusion-privacy-placeholder-content\">\n<div class=\"fusion-privacy-label\">For privacy reasons YouTube needs your permission to be loaded. For more details, please see our <a class=\"privacy-policy-link\" href=\"https:\/\/www.esplac.cat\/avis-legal\/\" rel=\"privacy-policy\">Av\u00eds Legal<\/a>.<\/div>\n<p><a href=\"\" data-privacy-type=\"youtube\" class=\"fusion-button button-default fusion-button-default-size button fusion-privacy-consent\">I Accept<\/a><\/div>\n<\/div>\n<\/div>\n<a class=\"fusion-modal-text-link\" href=\"#\">\n<div style=\"width: 100%;\">\n<div style=\"position: relative; padding-bottom: 56.25%; padding-top: 0; height: 0;\"><iframe style=\"position: absolute; top: 0; left: 0; width: 100%; height: 100%;\" src=\"https:\/\/view.genial.ly\/61dc1e323192fc0e048f0116\" width=\"1200px\" height=\"675px\" frameborder=\"0\" scrolling=\"yes\" allowfullscreen=\"allowfullscreen\" data-mce-fragment=\"1\"><\/iframe><\/div>\n<\/div>\n<\/a>\n<\/div><div class=\"nav fusion-mobile-tab-nav\"><ul class=\"nav-tabs\" role=\"tablist\"><li role=\"presentation\"><a class=\"tab-link\" data-toggle=\"tab\" role=\"tab\" aria-controls=\"tab-2a3621eca4c17c1605d\" aria-selected=\"false\" tabindex=\"-1\" id=\"mobile-fusion-tab-inscripcions\" href=\"#tab-2a3621eca4c17c1605d\"><h4 class=\"fusion-tab-heading\"><i class=\"fontawesome-icon fa-calendar-check fas\" aria-hidden=\"true\" style=\"font-size:19px;\"><\/i>Inscripcions<\/h4><\/a><\/li><\/ul><\/div><div class=\"tab-pane fade fusion-clearfix\" role=\"tabpanel\" tabindex=\"0\" aria-labelledby=\"fusion-tab-inscripcions\" id=\"tab-2a3621eca4c17c1605d\">\n<div class=\"wpb_text_column wpb_content_element \">\n<div class=\"wpb_wrapper\">\n<ul>\n<li><strong>Inscripcions generals (esplais)<\/strong><\/li>\n<\/ul>\n<p>Ja <b>s\u2019han tancat <\/b>les inscripcions de l\u2019esplaiada. Som m\u00e9s de <b>3400 <\/b>persones inscrites!<\/p>\n<\/div>\n<ul>\n<li aria-level=\"1\"><b>Equip d\u2019organitzaci\u00f3<\/b><\/li>\n<\/ul>\n<p><strong>Inscripcions tancades!<\/strong><\/p>\n<\/div>\n<\/div><div class=\"nav fusion-mobile-tab-nav\"><ul class=\"nav-tabs\" role=\"tablist\"><li role=\"presentation\"><a class=\"tab-link\" data-toggle=\"tab\" role=\"tab\" aria-controls=\"tab-bc16650aae0c8570c7f\" aria-selected=\"false\" tabindex=\"-1\" id=\"mobile-fusion-tab-organitzaci\u00f3\" href=\"#tab-bc16650aae0c8570c7f\"><h4 class=\"fusion-tab-heading\"><i class=\"fontawesome-icon fa-hand-holding-heart fas\" aria-hidden=\"true\" style=\"font-size:19px;\"><\/i>Organitzaci\u00f3<\/h4><\/a><\/li><\/ul><\/div><div class=\"tab-pane fade fusion-clearfix\" role=\"tabpanel\" tabindex=\"0\" aria-labelledby=\"fusion-tab-organitzaci\u00f3\" id=\"tab-bc16650aae0c8570c7f\">\n<p><span style=\"font-weight: 400;\">L\u2019Equip d\u2019organitzaci\u00f3 \u00e9s un equip d\u2019unes 70 persones volunt\u00e0ries format per dirigents d\u2019Esplac, ex-monitores, monitores, s\u00f2cies i persones externes que fan possible la trobada!<\/span><\/p>\n<p><span style=\"font-weight: 400;\">Les tasques que realitza l\u2019equip d\u2019organitzaci\u00f3 s\u00f3n:<\/span><\/p>\n<ul>\n<li style=\"font-weight: 400;\" aria-level=\"1\"><b>Log\u00edstiques<\/b><span style=\"font-weight: 400;\">: preparaci\u00f3 d\u2019infraestructures, \u00e0pats, material i espais.<\/span><\/li>\n<li style=\"font-weight: 400;\" aria-level=\"1\"><b>Coordinaci\u00f3 de persones<\/b><span style=\"font-weight: 400;\">: informaci\u00f3 i acompanyament als esplais.<\/span><\/li>\n<li style=\"font-weight: 400;\" aria-level=\"1\"><b>Comunicaci\u00f3<\/b><span style=\"font-weight: 400;\">: fotografia, xarxes socials i relaci\u00f3 amb mitjans.<\/span><\/li>\n<li style=\"font-weight: 400;\" aria-level=\"1\"><b>Suport a comissions<\/b><span style=\"font-weight: 400;\">: ajuda en les accions preparades pels grups de treball i les comissions d\u2019Esplac.<\/span><\/li>\n<li style=\"font-weight: 400;\" aria-level=\"1\"><b>Formar part del Centre d\u2019Inter\u00e8s:<\/b><span style=\"font-weight: 400;\"> visitar les diferents activitats durant el dissabte mentre es desenvolupa un personatge concret i tenir un paper a l\u2019Acte Unitari de diumenge.<\/span><\/li>\n<\/ul>\n<p><span style=\"font-weight: 400;\">Les 70 persones volunt\u00e0ries de l\u2019equip d\u2019organitzaci\u00f3 no han de tenir necess\u00e0riament <\/span><b>vinculaci\u00f3 amb Esplais Catalans<\/b><span style=\"font-weight: 400;\">, sin\u00f3 simplement compartir els valors de l\u2019associaci\u00f3, creure en l\u2019educaci\u00f3 popular com a espai de transformaci\u00f3 social o voler passar un gran cap de setmana ple d\u2019activitats i emocions!<\/span><\/p>\n<\/div><div class=\"nav fusion-mobile-tab-nav\"><ul class=\"nav-tabs\" role=\"tablist\"><li role=\"presentation\"><a class=\"tab-link\" data-toggle=\"tab\" role=\"tab\" aria-controls=\"tab-b090ef4e0e7d5db252d\" aria-selected=\"false\" tabindex=\"-1\" id=\"mobile-fusion-tab-tallersjoves\" href=\"#tab-b090ef4e0e7d5db252d\"><h4 class=\"fusion-tab-heading\"><i class=\"fontawesome-icon fa-calendar-check far\" aria-hidden=\"true\" style=\"font-size:19px;\"><\/i>Tallers joves<\/h4><\/a><\/li><\/ul><\/div><div class=\"tab-pane fade fusion-clearfix\" role=\"tabpanel\" tabindex=\"0\" aria-labelledby=\"fusion-tab-tallersjoves\" id=\"tab-b090ef4e0e7d5db252d\">\n<p data-fontsize=\"19\" data-lineheight=\"24\"><span style=\"font-weight: 400;\">Les i els joves dels esplais, mitjan\u00e7ant un q\u00fcestionari van decidir les tem\u00e0tiques dels tallers de l\u2019Esplaiada.<\/span><\/p>\n<p><span style=\"font-weight: 400;\">Us heu inscrit als tallers a trav\u00e9s de les inscripcions col\u00b7lectives de l\u2019Era. Aquelles que no us hagueu inscrit, se us assignar\u00e0 un taller per part de l\u2019Equip d\u2019Organitzaci\u00f3.<\/span><\/p>\n<\/div><div class=\"nav fusion-mobile-tab-nav\"><ul class=\"nav-tabs\" role=\"tablist\"><li role=\"presentation\"><a class=\"tab-link\" data-toggle=\"tab\" role=\"tab\" aria-controls=\"tab-c3b0b5a18e7a78ebe5a\" aria-selected=\"false\" tabindex=\"-1\" id=\"mobile-fusion-tab-autoritzacions\" href=\"#tab-c3b0b5a18e7a78ebe5a\"><h4 class=\"fusion-tab-heading\"><i class=\"fontawesome-icon fa-address-book far\" aria-hidden=\"true\" style=\"font-size:19px;\"><\/i>Autoritzacions<\/h4><\/a><\/li><\/ul><\/div><div class=\"tab-pane fade fusion-clearfix\" role=\"tabpanel\" tabindex=\"0\" aria-labelledby=\"fusion-tab-autoritzacions\" id=\"tab-c3b0b5a18e7a78ebe5a\">\n<p>Per l&#8217;Esplaiada 2022 cada infant ha de portar signades les seg\u00fcents autoritzacions:<\/p>\n<ul>\n<li><span style=\"color: #ff9900;\"><a style=\"color: #ff9900;\" href=\"https:\/\/www.esplac.cat\/wp-content\/uploads\/2022\/03\/Autoritzacio-participacio-a-lEsplaiada-2022-1.pdf\" target=\"_blank\" rel=\"noopener noreferrer\">Autoritzaci\u00f3 participaci\u00f3 a l&#8217;Esplaiada 2022<\/a><\/span><\/li>\n<li><span style=\"color: #ff9900;\"><a style=\"color: #ff9900;\" href=\"https:\/\/www.esplac.cat\/wp-content\/uploads\/2022\/04\/Consentiment-tractament-dimatge_Esplaiada-2022.pdf\" target=\"_blank\" rel=\"noopener noreferrer\">Drets d&#8217;imatge\u00a0 l&#8217;Esplaiada 2022 (infants i joves menors de 18 anys)<\/a><\/span><\/li>\n<li><span style=\"color: #ff9900;\"><a style=\"color: #ff9900;\" href=\"https:\/\/www.esplac.cat\/wp-content\/uploads\/2022\/04\/Consentiment-tractament-dimatge-joves-majors_Esplaiada-2022.pdf\">Drets d&#8217;imatge a l&#8217;Esplaiada 2022 (joves de +18)<\/a><\/span><\/li>\n<\/ul>\n<p><span style=\"font-weight: 400;\">A la <span style=\"color: #ff9900;\"><a style=\"color: #ff9900;\" href=\"https:\/\/www.esplac.cat\/wp-content\/uploads\/2022\/04\/guia-per-families-esplaiada.pdf\" target=\"_blank\" rel=\"noopener noreferrer\">Guia per a fam\u00edlies<\/a><\/span> us les podeu descarregar totes. Heu d\u2019entregar les autoritzacions de tots els infants a les Coordinadores de Sector (CPS) durant les Reunions de Sector del mes d\u2019abril.<\/span><\/p>\n<\/div><div class=\"nav fusion-mobile-tab-nav\"><ul class=\"nav-tabs\" role=\"tablist\"><li role=\"presentation\"><a class=\"tab-link\" data-toggle=\"tab\" role=\"tab\" aria-controls=\"tab-46708adf7dc06c5173a\" aria-selected=\"false\" tabindex=\"-1\" id=\"mobile-fusion-tab-qu\u00e8caldur?\" href=\"#tab-46708adf7dc06c5173a\"><h4 class=\"fusion-tab-heading\"><i class=\"fontawesome-icon fa-address-book far\" aria-hidden=\"true\" style=\"font-size:19px;\"><\/i>Qu\u00e8 cal dur?<\/h4><\/a><\/li><\/ul><\/div><div class=\"tab-pane fade fusion-clearfix\" role=\"tabpanel\" tabindex=\"0\" aria-labelledby=\"fusion-tab-qu\u00e8caldur?\" id=\"tab-46708adf7dc06c5173a\">\n<div class=\"fusion-aligncenter\"><a class=\"fusion-button button-flat fusion-button-default-size button-default fusion-button-default button-3 fusion-button-default-span fusion-button-default-type\" target=\"_blank\" rel=\"noopener noreferrer\" href=\"https:\/\/www.esplac.cat\/wp-content\/uploads\/2022\/04\/guia-per-families-esplaiada.pdf\"><span class=\"fusion-button-text\">Guia per a les fam\u00edlies<\/span><\/a><\/div>\n<p style=\"text-align: center;\">Tamb\u00e9, teniu la <strong>Guia de Monis<\/strong> al vostre correu de l&#8217;esplai i al correu de la moni referent.<\/p>\n<p><a href=\"https:\/\/www.esplac.cat\/wp-content\/uploads\/2022\/04\/que-cal-dur.jpg\"><img decoding=\"async\" class=\"aligncenter wp-image-40233 size-large\" src=\"https:\/\/www.esplac.cat\/wp-content\/uploads\/2022\/04\/que-cal-dur-724x1024.jpg\" alt=\"\" width=\"724\" height=\"1024\" srcset=\"https:\/\/www.esplac.cat\/wp-content\/uploads\/2022\/04\/que-cal-dur-200x283.jpg 200w, https:\/\/www.esplac.cat\/wp-content\/uploads\/2022\/04\/que-cal-dur-212x300.jpg 212w, https:\/\/www.esplac.cat\/wp-content\/uploads\/2022\/04\/que-cal-dur-400x566.jpg 400w, https:\/\/www.esplac.cat\/wp-content\/uploads\/2022\/04\/que-cal-dur-600x849.jpg 600w, https:\/\/www.esplac.cat\/wp-content\/uploads\/2022\/04\/que-cal-dur-724x1024.jpg 724w, https:\/\/www.esplac.cat\/wp-content\/uploads\/2022\/04\/que-cal-dur-768x1086.jpg 768w, https:\/\/www.esplac.cat\/wp-content\/uploads\/2022\/04\/que-cal-dur-800x1132.jpg 800w, https:\/\/www.esplac.cat\/wp-content\/uploads\/2022\/04\/que-cal-dur-1086x1536.jpg 1086w, https:\/\/www.esplac.cat\/wp-content\/uploads\/2022\/04\/que-cal-dur-1200x1697.jpg 1200w, https:\/\/www.esplac.cat\/wp-content\/uploads\/2022\/04\/que-cal-dur.jpg 1414w\" sizes=\"(max-width: 724px) 100vw, 724px\" \/><\/a><\/p>\n<p><a href=\"https:\/\/www.esplac.cat\/wp-content\/uploads\/2022\/04\/que-cal-dur-1.jpg\"><img decoding=\"async\" class=\"aligncenter wp-image-40230 size-large\" src=\"https:\/\/www.esplac.cat\/wp-content\/uploads\/2022\/04\/que-cal-dur-1-724x1024.jpg\" alt=\"\" width=\"724\" height=\"1024\" srcset=\"https:\/\/www.esplac.cat\/wp-content\/uploads\/2022\/04\/que-cal-dur-1-200x283.jpg 200w, https:\/\/www.esplac.cat\/wp-content\/uploads\/2022\/04\/que-cal-dur-1-212x300.jpg 212w, https:\/\/www.esplac.cat\/wp-content\/uploads\/2022\/04\/que-cal-dur-1-400x566.jpg 400w, https:\/\/www.esplac.cat\/wp-content\/uploads\/2022\/04\/que-cal-dur-1-600x849.jpg 600w, https:\/\/www.esplac.cat\/wp-content\/uploads\/2022\/04\/que-cal-dur-1-724x1024.jpg 724w, https:\/\/www.esplac.cat\/wp-content\/uploads\/2022\/04\/que-cal-dur-1-768x1086.jpg 768w, https:\/\/www.esplac.cat\/wp-content\/uploads\/2022\/04\/que-cal-dur-1-800x1132.jpg 800w, https:\/\/www.esplac.cat\/wp-content\/uploads\/2022\/04\/que-cal-dur-1-1086x1536.jpg 1086w, https:\/\/www.esplac.cat\/wp-content\/uploads\/2022\/04\/que-cal-dur-1-1200x1697.jpg 1200w, https:\/\/www.esplac.cat\/wp-content\/uploads\/2022\/04\/que-cal-dur-1.jpg 1414w\" sizes=\"(max-width: 724px) 100vw, 724px\" \/><\/a><\/p>\n<\/div><div class=\"nav fusion-mobile-tab-nav\"><ul class=\"nav-tabs\" role=\"tablist\"><li role=\"presentation\"><a class=\"tab-link\" data-toggle=\"tab\" role=\"tab\" aria-controls=\"tab-f19be76b7e3c3cf0347\" aria-selected=\"false\" tabindex=\"-1\" id=\"mobile-fusion-tab-transport\" href=\"#tab-f19be76b7e3c3cf0347\"><h4 class=\"fusion-tab-heading\"><i class=\"fontawesome-icon fa-subway fas\" aria-hidden=\"true\" style=\"font-size:19px;\"><\/i>Transport<\/h4><\/a><\/li><\/ul><\/div><div class=\"tab-pane fade fusion-clearfix\" role=\"tabpanel\" tabindex=\"0\" aria-labelledby=\"fusion-tab-transport\" id=\"tab-f19be76b7e3c3cf0347\">\n<p>Cada espai\u00a0 t\u00e9 la informaci\u00f3 detallada sobre quin transport utilitza per a despla\u00e7ar-se a la trobada, el punt de recollida i l\u2019hora de convocat\u00f2ria.<\/p>\n<p>A les Reunions de Sector d\u2019abril es reparteixen els bitllets de transport p\u00fablic per aquells esplais que ho van demanar a la inscripci\u00f3.<\/p>\n<\/div><div class=\"nav fusion-mobile-tab-nav\"><ul class=\"nav-tabs\" role=\"tablist\"><li role=\"presentation\"><a class=\"tab-link\" data-toggle=\"tab\" role=\"tab\" aria-controls=\"tab-b18a5a3a1d888775128\" aria-selected=\"false\" tabindex=\"-1\" id=\"mobile-fusion-tab-localitzacions(mapa)\" href=\"#tab-b18a5a3a1d888775128\"><h4 class=\"fusion-tab-heading\"><i class=\"fontawesome-icon fa-subway fas\" aria-hidden=\"true\" style=\"font-size:19px;\"><\/i>Localitzacions (mapa)<\/h4><\/a><\/li><\/ul><\/div><div class=\"tab-pane fade fusion-clearfix\" role=\"tabpanel\" tabindex=\"0\" aria-labelledby=\"fusion-tab-localitzacions(mapa)\" id=\"tab-b18a5a3a1d888775128\">\n<p style=\"text-align: center;\"><a class=\"fusion-modal-text-link\" data-toggle=\"modal\" data-target=\".fusion-modal.Mapa Esplaiada 2022\" href=\"#\"><iframe title=\"Esplaiada 2022\" src=\"https:\/\/widgets.scribblemaps.com\/sm\/?d=true&amp;z=true&amp;l=true&amp;id=W615C5LSXO&amp;s\" width=\"720\" height=\"550\" frameborder=\"0\" allowfullscreen=\"allowfullscreen\"><\/iframe><\/a>\n<\/div><div class=\"nav fusion-mobile-tab-nav\"><ul class=\"nav-tabs\" role=\"tablist\"><li role=\"presentation\"><a class=\"tab-link\" data-toggle=\"tab\" role=\"tab\" aria-controls=\"tab-ed3e6e205e69ca697eb\" aria-selected=\"false\" tabindex=\"-1\" id=\"mobile-fusion-tab-preguntesfreq\u00fcents(faqs)\" href=\"#tab-ed3e6e205e69ca697eb\"><h4 class=\"fusion-tab-heading\"><i class=\"fontawesome-icon fa-question-circle far\" aria-hidden=\"true\" style=\"font-size:19px;\"><\/i>Preguntes Freq\u00fcents (FAQS)<\/h4><\/a><\/li><\/ul><\/div><div class=\"tab-pane fade fusion-clearfix\" role=\"tabpanel\" tabindex=\"0\" aria-labelledby=\"fusion-tab-preguntesfreq\u00fcents(faqs)\" id=\"tab-ed3e6e205e69ca697eb\">\n<strong><span style=\"color: #ff9900;\">GENERAL<\/span><\/strong><\/p>\n<p><strong>1. Quan i on ser\u00e0 l&#8217;Esplaiada 2022?<\/strong><\/p>\n<p>L&#8217;Esplaiada ser\u00e0 els dies 6, 7 i 8 de maig a Sant Cugat del Vall\u00e8s.<\/p>\n<p><strong>2. Qu\u00e8 farem cada dia de l&#8217;Esplaiada?<\/strong><\/p>\n<p><span style=\"text-decoration: underline;\">Divendres<\/span>: Arribada dels joves, activitats i nit jove!<br \/>\n<span style=\"text-decoration: underline;\">Dissabte<\/span>: Arribada d&#8217;infants i dia d&#8217;activitats per \u00abEquips d&#8217;Esplais\u00bb.<br \/>\n<span style=\"text-decoration: underline;\">Diumenge<\/span>: Acte i dinar unitari. A l&#8217;apartat programa ho podreu consultar pr\u00f2ximament actualtizat!<\/p>\n<p><strong>3. Com ens organitzarem durant l&#8217;Esplaiada?<\/strong><\/p>\n<p>Farem activitats per \u00abEquips d&#8217;Esplais\u00bb. Els \u00abEquips d&#8217;Esplais\u00bb s\u00f3n grups estables durant l&#8217;Esplaiada que estaran formats per entre quatre i sis esplais d\u2019Esplac i que treballaran col\u00b7lectivament en la ideaci\u00f3 i la dinamitzaci\u00f3 de les activitats.<\/p>\n<p><strong>4. Fins quin dia puc enviar la proposta de les activitats que far\u00e0 el meu Equip d&#8217;Esplais?<\/strong><\/p>\n<p>Hem de tenir llestes les activitats i les fitxes amb el material el 19 d\u2019abril (data l\u00edmit)!<\/p>\n<p><strong><span style=\"color: #ff9900;\">INSCRIPCIONS<\/span><\/strong><\/p>\n<p><strong>5. Quan em puc inscriure a l&#8217;Esplaiada?<\/strong><\/p>\n<p>Ja <strong>s\u2019han<\/strong><b> tancat<\/b> les inscripcions de l\u2019Esplaiada<b>. <\/b>Som m\u00e9s de 3400 inscrites!<\/p>\n<p><span style=\"font-weight: 400;\">Perqu\u00e8 l\u2019Esplaiada es pugui celebrar, volem crear un equip d\u2019organitzaci\u00f3 format per 70 persones volunt\u00e0ries que ens ajudin amb diferents tasques per dur a terme la trobada! <strong>Inscripcions tamb\u00e9 tancades!\u00a0<\/strong><\/span><\/p>\n<p><strong>6. Que he de fer abans d&#8217;inscriure&#8217;m?<\/strong><\/p>\n<p>Actualitzar les dades de l&#8217;Era: &#8211; Les dades de les participants (nom, cognom, data de naixement, al\u00b7l\u00e8rgies i dietes) &#8211; Les dades de les monitores (nom, cognom, data de naixement, DNI, tel\u00e8fon, correu electr\u00f2nic,. al\u00b7l\u00e8rgies i dietes) *Si un infant no est\u00e0 inscrit a l&#8217;Era, no el podreu inscriure a l&#8217;activitat.<\/p>\n<p><strong>7. Quines dades d&#8217;infants i monis necessito per fer la inscripci\u00f3?<\/strong><\/p>\n<p>Heu de fer una recollida de dades pr\u00e8via a la inscripci\u00f3. Necessiteu: &#8211; Els infants que assistiran a l&#8217;Esplaiada &#8211; Les monitores dels grups que assistiran a l&#8217;Esplaiada &#8211; Les talles de samarretes d&#8217;infants, joves i monitores que vindr\u00e1n a l&#8217;Esplaiada.<\/p>\n<p><strong>8. Quina \u00e9s la quota de l&#8217;Esplaiada?<\/strong><\/p>\n<p>Els esplais que s&#8217;inscriguin en el primer per\u00edode tindran una quota d&#8217;11 \u20ac per persona (moni, infant i jove), del 14 de febrer a l&#8217;1 de mar\u00e7. Els esplais que s&#8217;inscriguin en el segon per\u00edode tindran una quota de 14 \u20ac pel nombre de participants inscrits (del 14 de mar\u00e7a l&#8217;1 d&#8217;abril)<\/p>\n<p>*Recordeu que els esplais feu una aportaci\u00f3 del 25 % de la quota per a cada participant amb la liquidaci\u00f3 d\u2019Esplac.<\/p>\n<p><strong>9. Qu\u00e8 inclouen les quotes de l&#8217;Esplaiada?<\/strong><\/p>\n<p>La quota de l\u2019Esplaiada inclou transport, samarreta i els seg\u00fcents \u00e0pats: Grup de Joves: Berenar i sopar de dissabte, i esmorzar i dinar de diumenge Grups de Xics, Petits, Mitjans i Grans: Esmorzar i dinar de diumenge La quota la pagar\u00e0 cada esplai es pagar\u00e0 com a esplai un cop acabat el segon per\u00edode d\u2019inscripci\u00f3.<\/p>\n<p><strong>10. Qu\u00e8 passa si inscric a un infant i despr\u00e9s aquest no ve?<\/strong><\/p>\n<p>Sempre que informeu que no ve durant el primer per\u00edode d&#8217;inscripci\u00f3, aquest infant no haur\u00e0 de pagar la quota. Si durant el segon per\u00edode d&#8217;inscripci\u00f3 elimineu infants que finalment no vindran, haureu de pagar igualment la quota corresponent a l&#8217;infant.<\/p>\n<p><strong>11. Quina \u00e9s la difer\u00e8cia entre que Esplac gestioni el transport o que el gestioni l&#8217;esplai? En tots dos casos el paga directament l&#8217;esplai?<\/strong><\/p>\n<p>Si Esplac no gestiona el transport, ser\u00e0 l&#8217;esplai el que se&#8217;n fa c\u00e0rrec tant logisticament com econ\u00f2micament. Aix\u00ed i tot, no hi haur\u00e0 repercusi\u00f3 en la quota.<\/p>\n<p><strong>12. A partir de quina edat s\u00f3n joves i, per tant, hi van divendres?<\/strong><\/p>\n<p>Assignarem a cada grup del nostre esplai, un grup d\u2019edat de l&#8217;Esplaiada: &#8211; Xics (2016-2018) &#8211; Petits (2013 &#8211; 2015) &#8211; Mitjans (2010 &#8211; 2012) &#8211; Grans (2007 &#8211; 2009) &#8211; Joves (2004 &#8211; 2006). Si teniu grups al vostre esplai que no coincideixen amb les edats suggerides per Esplac, deixem sota el vostre criteri decidir a quin grup d\u2019edat de l&#8217;Esplaiada participar.<\/p>\n<p><strong>13. Si no ens quedem a dinar diumenge, hi ha descompte?<\/strong><\/p>\n<p>No. La quota d&#8217;Esplac es fixa i inclou transport, samarreta i els \u00e0pats.<\/p>\n<p><strong>14. La inscripci\u00f3 individual de cada moni s&#8217;ha de tancar o quan tanquem la col\u00b7lectiva es tanca sola?<\/strong><\/p>\n<p>La inscripci\u00f3 individual tamb\u00e9 cal finalitzar-la o tancar-la, un cop ens assegurem que totes les dades son correctes.<\/p>\n<p><strong>15. Si tanquem la col\u00b7lectiva, les monis poden seguir fent la individual?<\/strong><\/p>\n<p><strong><span style=\"color: #ff9900;\">ALTRES<\/span><\/strong><\/p>\n<p><strong>16. Quines participants poden venir divendres?\u00a0<\/strong><\/p>\n<p>Nom\u00e9s poden venir divendres les joves i les monis de joves.<\/p>\n<p><strong>17. Qui pot assistir als tallers?<\/strong><\/p>\n<p>Als tallers nom\u00e9s podran assistir les joves i les monis de joves.<\/p>\n<\/div><\/div><\/div><div class=\"fusion-clearfix\"><\/div><\/div><\/div><\/div><\/div><div class=\"fusion-fullwidth fullwidth-box fusion-builder-row-4 nonhundred-percent-fullwidth non-hundred-percent-height-scrolling\" style=\"--awb-border-radius-top-left:0px;--awb-border-radius-top-right:0px;--awb-border-radius-bottom-right:0px;--awb-border-radius-bottom-left:0px;--awb-margin-bottom:50px;--awb-flex-wrap:wrap;\" ><div class=\"fusion-builder-row fusion-row\"><div class=\"fusion-layout-column fusion_builder_column fusion-builder-column-3 fusion_builder_column_1_1 1_1 fusion-one-full fusion-column-first fusion-column-last\" style=\"--awb-bg-size:cover;\"><div class=\"fusion-column-wrapper fusion-column-has-shadow fusion-flex-column-wrapper-legacy\"><div class=\"fusion-text fusion-text-2\"><h3><strong>Altres edicions de l&#8217;Esplaiada<\/strong><\/h3>\n<\/div><div class=\"fusion-clearfix\"><\/div><\/div><\/div><div class=\"fusion-layout-column fusion_builder_column fusion-builder-column-4 fusion_builder_column_1_4 1_4 fusion-one-fourth fusion-column-first\" style=\"--awb-bg-size:cover;width:25%;width:calc(25% - ( ( 4% + 4% ) * 0.25 ) );margin-right: 4%;\"><div class=\"fusion-column-wrapper fusion-column-has-shadow fusion-flex-column-wrapper-legacy\"><div class=\"fusion-image-element fusion-image-align-center in-legacy-container\" style=\"text-align:center;--awb-liftup-border-radius:0px;--awb-caption-title-font-family:var(--h2_typography-font-family);--awb-caption-title-font-weight:var(--h2_typography-font-weight);--awb-caption-title-font-style:var(--h2_typography-font-style);--awb-caption-title-size:var(--h2_typography-font-size);--awb-caption-title-transform:var(--h2_typography-text-transform);--awb-caption-title-line-height:var(--h2_typography-line-height);--awb-caption-title-letter-spacing:var(--h2_typography-letter-spacing);\"><div class=\"imageframe-align-center\"><div class=\"awb-image-frame awb-image-frame-2 imageframe-liftup\"><span class=\" fusion-imageframe imageframe-none imageframe-2\"><a class=\"fusion-no-lightbox\" href=\"https:\/\/www.esplac.cat\/trobades\/esplaiada-2018\/\" target=\"_self\"><img decoding=\"async\" width=\"212\" height=\"300\" src=\"https:\/\/www.esplac.cat\/wp-content\/uploads\/2018\/04\/cartell-esplaiada-1-212x300.jpg\" alt class=\"img-responsive wp-image-37555\" srcset=\"https:\/\/www.esplac.cat\/wp-content\/uploads\/2018\/04\/cartell-esplaiada-1-200x283.jpg 200w, https:\/\/www.esplac.cat\/wp-content\/uploads\/2018\/04\/cartell-esplaiada-1-400x565.jpg 400w, https:\/\/www.esplac.cat\/wp-content\/uploads\/2018\/04\/cartell-esplaiada-1-600x848.jpg 600w, https:\/\/www.esplac.cat\/wp-content\/uploads\/2018\/04\/cartell-esplaiada-1-800x1130.jpg 800w, https:\/\/www.esplac.cat\/wp-content\/uploads\/2018\/04\/cartell-esplaiada-1-1200x1696.jpg 1200w\" sizes=\"(max-width: 800px) 100vw, 400px\" \/><\/a><\/span><\/div><\/div><\/div><div class=\"fusion-sep-clear\"><\/div><div class=\"fusion-separator fusion-full-width-sep\" style=\"margin-left: auto;margin-right: auto;margin-bottom:20px;width:100%;\"><\/div><div class=\"fusion-sep-clear\"><\/div><div class=\"fusion-text fusion-text-3\"><h5 style=\"text-align: center;\"><a href=\"https:\/\/www.esplac.cat\/trobades\/esplaiada-2015\/\" target=\"_blank\" rel=\"noopener noreferrer\">Esplaiada 2018<\/a><\/h5>\n<\/div><div class=\"fusion-clearfix\"><\/div><\/div><\/div><div class=\"fusion-layout-column fusion_builder_column fusion-builder-column-5 fusion_builder_column_1_4 1_4 fusion-one-fourth\" style=\"--awb-bg-size:cover;width:25%;width:calc(25% - ( ( 4% + 4% ) * 0.25 ) );margin-right: 4%;\"><div class=\"fusion-column-wrapper fusion-column-has-shadow fusion-flex-column-wrapper-legacy\"><div class=\"fusion-image-element fusion-image-align-center in-legacy-container\" style=\"text-align:center;--awb-liftup-border-radius:0px;--awb-caption-title-font-family:var(--h2_typography-font-family);--awb-caption-title-font-weight:var(--h2_typography-font-weight);--awb-caption-title-font-style:var(--h2_typography-font-style);--awb-caption-title-size:var(--h2_typography-font-size);--awb-caption-title-transform:var(--h2_typography-text-transform);--awb-caption-title-line-height:var(--h2_typography-line-height);--awb-caption-title-letter-spacing:var(--h2_typography-letter-spacing);\"><div class=\"imageframe-align-center\"><div class=\"awb-image-frame awb-image-frame-3 imageframe-liftup\"><span class=\" fusion-imageframe imageframe-none imageframe-3\"><a class=\"fusion-no-lightbox\" href=\"https:\/\/www.esplac.cat\/trobades\/esplaiada-2015\/\" target=\"_self\" aria-label=\"Cartell_online-1-600&#215;848\"><img decoding=\"async\" width=\"212\" height=\"300\" src=\"https:\/\/www.esplac.cat\/wp-content\/uploads\/2021\/03\/Cartell_online-1-600x848-1-212x300.jpeg\" alt class=\"img-responsive wp-image-35418\" srcset=\"https:\/\/www.esplac.cat\/wp-content\/uploads\/2021\/03\/Cartell_online-1-600x848-1-200x283.jpeg 200w, https:\/\/www.esplac.cat\/wp-content\/uploads\/2021\/03\/Cartell_online-1-600x848-1-400x565.jpeg 400w, https:\/\/www.esplac.cat\/wp-content\/uploads\/2021\/03\/Cartell_online-1-600x848-1.jpeg 600w\" sizes=\"(max-width: 800px) 100vw, 212px\" \/><\/a><\/span><\/div><\/div><\/div><div class=\"fusion-sep-clear\"><\/div><div class=\"fusion-separator fusion-full-width-sep\" style=\"margin-left: auto;margin-right: auto;margin-bottom:20px;width:100%;\"><\/div><div class=\"fusion-sep-clear\"><\/div><div class=\"fusion-text fusion-text-4\"><h5 style=\"text-align: center;\"><a href=\"https:\/\/www.esplac.cat\/trobades\/esplaiada-2015\/\" target=\"_blank\" rel=\"noopener noreferrer\">Esplaiada 2015<\/a><\/h5>\n<\/div><div class=\"fusion-clearfix\"><\/div><\/div><\/div><div class=\"fusion-layout-column fusion_builder_column fusion-builder-column-6 fusion_builder_column_1_4 1_4 fusion-one-fourth fusion-column-last\" style=\"--awb-bg-size:cover;width:25%;width:calc(25% - ( ( 4% + 4% ) * 0.25 ) );\"><div class=\"fusion-column-wrapper fusion-column-has-shadow fusion-flex-column-wrapper-legacy\"><div class=\"fusion-image-element fusion-image-align-center in-legacy-container\" style=\"text-align:center;--awb-liftup-border-radius:0px;--awb-caption-title-font-family:var(--h2_typography-font-family);--awb-caption-title-font-weight:var(--h2_typography-font-weight);--awb-caption-title-font-style:var(--h2_typography-font-style);--awb-caption-title-size:var(--h2_typography-font-size);--awb-caption-title-transform:var(--h2_typography-text-transform);--awb-caption-title-line-height:var(--h2_typography-line-height);--awb-caption-title-letter-spacing:var(--h2_typography-letter-spacing);\"><div class=\"imageframe-align-center\"><div class=\"awb-image-frame awb-image-frame-4 imageframe-liftup\"><span class=\" fusion-imageframe imageframe-none imageframe-4\"><a class=\"fusion-no-lightbox\" href=\"https:\/\/www.esplac.cat\/trobades\/esplaiada-2012\/\" target=\"_self\" aria-label=\"esplaiada12\"><img decoding=\"async\" width=\"233\" height=\"300\" src=\"https:\/\/www.esplac.cat\/wp-content\/uploads\/2021\/03\/esplaiada12-233x300.jpg\" alt class=\"img-responsive wp-image-35424\" srcset=\"https:\/\/www.esplac.cat\/wp-content\/uploads\/2021\/03\/esplaiada12-200x257.jpg 200w, https:\/\/www.esplac.cat\/wp-content\/uploads\/2021\/03\/esplaiada12-400x514.jpg 400w, https:\/\/www.esplac.cat\/wp-content\/uploads\/2021\/03\/esplaiada12.jpg 505w\" sizes=\"(max-width: 800px) 100vw, 233px\" \/><\/a><\/span><\/div><\/div><\/div><div class=\"fusion-sep-clear\"><\/div><div class=\"fusion-separator fusion-full-width-sep\" style=\"margin-left: auto;margin-right: auto;margin-bottom:20px;width:100%;\"><\/div><div class=\"fusion-sep-clear\"><\/div><div class=\"fusion-text fusion-text-5\"><h5 style=\"text-align: center;\"><a href=\"https:\/\/www.esplac.cat\/trobades\/esplaiada-2012\/\" target=\"_blank\" rel=\"noopener noreferrer\">Esplaiada 2012<\/a><\/h5>\n<\/div><div class=\"fusion-clearfix\"><\/div><\/div><\/div><\/div><\/div><div class=\"fusion-fullwidth fullwidth-box fusion-builder-row-5 nonhundred-percent-fullwidth non-hundred-percent-height-scrolling\" style=\"--awb-border-radius-top-left:0px;--awb-border-radius-top-right:0px;--awb-border-radius-bottom-right:0px;--awb-border-radius-bottom-left:0px;--awb-flex-wrap:wrap;\" ><div class=\"fusion-builder-row fusion-row\"><div class=\"fusion-layout-column fusion_builder_column fusion-builder-column-7 fusion_builder_column_1_1 1_1 fusion-one-full fusion-column-first fusion-column-last\" style=\"--awb-bg-size:cover;\"><div class=\"fusion-column-wrapper fusion-column-has-shadow fusion-flex-column-wrapper-legacy\"><div class=\"fusion-text fusion-text-6\"><h3><strong>Not\u00edcies relacionades<\/strong><\/h3>\n<\/div><div class=\"fusion-sep-clear\"><\/div><div class=\"fusion-separator fusion-full-width-sep\" style=\"margin-left: auto;margin-right: auto;margin-bottom:20px;width:100%;\"><\/div><div class=\"fusion-sep-clear\"><\/div><div class=\"fusion-text fusion-text-7\">        <section class=\"wcp-slick\"  data-accessibility = on data-arrows = on data-autoplaySpeed = 3000 data-slidesToShow = 4 data-slidesToScroll = 1 data-speed = 300 data-margin = 20px data-rows = 1 data-slidesPerRow = 1 id=\"carousel-27391\">\n\n                            <div class=\"carousel-item-53606\">\n                    <div class=\"post-style-2\" style=\"box-shadow: ;background-color: ;\">\n    <div class=\"wcp-img-wrap\">\n        <a href=\"https:\/\/www.esplac.cat\/es\/3300-infants-joves-i-monis-esplaiada-2025\/\">\n            <img decoding=\"async\" width=\"460\" height=\"295\" src=\"https:\/\/www.esplac.cat\/wp-content\/uploads\/2025\/05\/Esplaiada-2025-460x295.jpg\" class=\"attachment-portfolio-two size-portfolio-two wp-post-image\" alt=\"esplaiada\" \/>        <\/a>\n    <\/div>\n    <div class=\"wcp-content-wrap\">\n        <h3>\n            <a href=\"https:\/\/www.esplac.cat\/es\/3300-infants-joves-i-monis-esplaiada-2025\/\" style=\"color: ;\">\n                M\u00e9s de 3300 infants, joves i monis reivindiquen la necessitat de fer front als discursos d\u2019odi a l&#8217;Esplaiada 2025            <\/a>\n        <\/h3>\n        <div class=\"wcp-post-meta wcp-disable-post-meta\" style=\"color: ;\">\n            <span class=\"wcp-post-author\"><i class=\"fa fa-user\"><\/i>\n                <a href=\"https:\/\/www.esplac.cat\/es\/author\/comunicacio\/\" title=\"Entradas de Comunicaci\u00f3 Esplac\" rel=\"author\">Comunicaci\u00f3 Esplac<\/a>            <\/span>\n            &nbsp;\n            <span class=\"wcp-post-date\"><i class=\"fa fa-clock-o\"><\/i> 18 de mayo de 2025<\/span>\n        <\/div>\n        <div class=\"wcp-post-contents\">\n            18 de mayo de 2025                    <\/div>        \n    <\/div>\n<\/div>                <\/div>    \n\n                            <div class=\"carousel-item-53598\">\n                    <div class=\"post-style-2\" style=\"box-shadow: ;background-color: ;\">\n    <div class=\"wcp-img-wrap\">\n        <a href=\"https:\/\/www.esplac.cat\/es\/ja-tenim-aqui-lesplaiada-2025\/\">\n            <img decoding=\"async\" width=\"460\" height=\"295\" src=\"https:\/\/www.esplac.cat\/wp-content\/uploads\/2025\/05\/Arriba-lEsplaiada-460x295.jpg\" class=\"attachment-portfolio-two size-portfolio-two wp-post-image\" alt=\"esplaiada\" \/>        <\/a>\n    <\/div>\n    <div class=\"wcp-content-wrap\">\n        <h3>\n            <a href=\"https:\/\/www.esplac.cat\/es\/ja-tenim-aqui-lesplaiada-2025\/\" style=\"color: ;\">\n                Ja tenim aqu\u00ed l\u2019Esplaiada 2025!            <\/a>\n        <\/h3>\n        <div class=\"wcp-post-meta wcp-disable-post-meta\" style=\"color: ;\">\n            <span class=\"wcp-post-author\"><i class=\"fa fa-user\"><\/i>\n                <a href=\"https:\/\/www.esplac.cat\/es\/author\/comunicacio\/\" title=\"Entradas de Comunicaci\u00f3 Esplac\" rel=\"author\">Comunicaci\u00f3 Esplac<\/a>            <\/span>\n            &nbsp;\n            <span class=\"wcp-post-date\"><i class=\"fa fa-clock-o\"><\/i> 14 de mayo de 2025<\/span>\n        <\/div>\n        <div class=\"wcp-post-contents\">\n            14 de mayo de 2025                    <\/div>        \n    <\/div>\n<\/div>                <\/div>    \n\n                            <div class=\"carousel-item-53582\">\n                    <div class=\"post-style-2\" style=\"box-shadow: ;background-color: ;\">\n    <div class=\"wcp-img-wrap\">\n        <a href=\"https:\/\/www.esplac.cat\/es\/presentem-esplaiada-2025-roda-premsa\/\">\n            <img decoding=\"async\" width=\"460\" height=\"295\" src=\"https:\/\/www.esplac.cat\/wp-content\/uploads\/2025\/05\/RdP-ESPLAIADA-460x295.jpg\" class=\"attachment-portfolio-two size-portfolio-two wp-post-image\" alt=\"esplaiada\" \/>        <\/a>\n    <\/div>\n    <div class=\"wcp-content-wrap\">\n        <h3>\n            <a href=\"https:\/\/www.esplac.cat\/es\/presentem-esplaiada-2025-roda-premsa\/\" style=\"color: ;\">\n                Presentem l\u2019Esplaiada 2025 en roda de premsa!            <\/a>\n        <\/h3>\n        <div class=\"wcp-post-meta wcp-disable-post-meta\" style=\"color: ;\">\n            <span class=\"wcp-post-author\"><i class=\"fa fa-user\"><\/i>\n                <a href=\"https:\/\/www.esplac.cat\/es\/author\/comunicacio\/\" title=\"Entradas de Comunicaci\u00f3 Esplac\" rel=\"author\">Comunicaci\u00f3 Esplac<\/a>            <\/span>\n            &nbsp;\n            <span class=\"wcp-post-date\"><i class=\"fa fa-clock-o\"><\/i> 9 de mayo de 2025<\/span>\n        <\/div>\n        <div class=\"wcp-post-contents\">\n            9 de mayo de 2025                    <\/div>        \n    <\/div>\n<\/div>                <\/div>    \n\n                            <div class=\"carousel-item-53136\">\n                    <div class=\"post-style-2\" style=\"box-shadow: ;background-color: ;\">\n    <div class=\"wcp-img-wrap\">\n        <a href=\"https:\/\/www.esplac.cat\/es\/descobreix-insectes-protagonitzaran-esplaiada\/\">\n            <img decoding=\"async\" width=\"460\" height=\"295\" src=\"https:\/\/www.esplac.cat\/wp-content\/uploads\/2025\/03\/CI-Esplaiada-1-460x295.jpg\" class=\"attachment-portfolio-two size-portfolio-two wp-post-image\" alt=\"\" \/>        <\/a>\n    <\/div>\n    <div class=\"wcp-content-wrap\">\n        <h3>\n            <a href=\"https:\/\/www.esplac.cat\/es\/descobreix-insectes-protagonitzaran-esplaiada\/\" style=\"color: ;\">\n                Descobreix quins insectes protagonitzaran l\u2019Esplaiada i les samarretes que els representen!            <\/a>\n        <\/h3>\n        <div class=\"wcp-post-meta wcp-disable-post-meta\" style=\"color: ;\">\n            <span class=\"wcp-post-author\"><i class=\"fa fa-user\"><\/i>\n                <a href=\"https:\/\/www.esplac.cat\/es\/author\/comunicacio\/\" title=\"Entradas de Comunicaci\u00f3 Esplac\" rel=\"author\">Comunicaci\u00f3 Esplac<\/a>            <\/span>\n            &nbsp;\n            <span class=\"wcp-post-date\"><i class=\"fa fa-clock-o\"><\/i> 26 de marzo de 2025<\/span>\n        <\/div>\n        <div class=\"wcp-post-contents\">\n            26 de marzo de 2025                    <\/div>        \n    <\/div>\n<\/div>                <\/div>    \n\n                            <div class=\"carousel-item-53060\">\n                    <div class=\"post-style-2\" style=\"box-shadow: ;background-color: ;\">\n    <div class=\"wcp-img-wrap\">\n        <a href=\"https:\/\/www.esplac.cat\/es\/un-cap-de-setmana-de-preparatius-reunio-de-lequip-dorganitzacio-de-lesplaiada-a-vilanova-i-la-geltru-i-tancada-de-gran-comite\/\">\n            <img decoding=\"async\" width=\"460\" height=\"295\" src=\"https:\/\/www.esplac.cat\/wp-content\/uploads\/2025\/03\/Reunio-Equip-Organitzacio-Esplaiada-460x295.jpg\" class=\"attachment-portfolio-two size-portfolio-two wp-post-image\" alt=\"\" \/>        <\/a>\n    <\/div>\n    <div class=\"wcp-content-wrap\">\n        <h3>\n            <a href=\"https:\/\/www.esplac.cat\/es\/un-cap-de-setmana-de-preparatius-reunio-de-lequip-dorganitzacio-de-lesplaiada-a-vilanova-i-la-geltru-i-tancada-de-gran-comite\/\" style=\"color: ;\">\n                Un cap de setmana de preparatius: Reuni\u00f3 de l\u2019Equip d\u2019Organitzaci\u00f3 de l\u2019Esplaiada a Vilanova i la Geltr\u00fa i Tancada de Gran Comit\u00e8.            <\/a>\n        <\/h3>\n        <div class=\"wcp-post-meta wcp-disable-post-meta\" style=\"color: ;\">\n            <span class=\"wcp-post-author\"><i class=\"fa fa-user\"><\/i>\n                <a href=\"https:\/\/www.esplac.cat\/es\/author\/comunicacio\/\" title=\"Entradas de Comunicaci\u00f3 Esplac\" rel=\"author\">Comunicaci\u00f3 Esplac<\/a>            <\/span>\n            &nbsp;\n            <span class=\"wcp-post-date\"><i class=\"fa fa-clock-o\"><\/i> 23 de marzo de 2025<\/span>\n        <\/div>\n        <div class=\"wcp-post-contents\">\n            23 de marzo de 2025                    <\/div>        \n    <\/div>\n<\/div>                <\/div>    \n\n                            <div class=\"carousel-item-52930\">\n                    <div class=\"post-style-2\" style=\"box-shadow: ;background-color: ;\">\n    <div class=\"wcp-img-wrap\">\n        <a href=\"https:\/\/www.esplac.cat\/es\/nou-recurs-davant-lodi-passem-a-laccio\/\">\n            <img decoding=\"async\" width=\"460\" height=\"295\" src=\"https:\/\/www.esplac.cat\/wp-content\/uploads\/2025\/03\/Recurs_Esplaiada_2025-460x295.jpg\" class=\"attachment-portfolio-two size-portfolio-two wp-post-image\" alt=\"\" \/>        <\/a>\n    <\/div>\n    <div class=\"wcp-content-wrap\">\n        <h3>\n            <a href=\"https:\/\/www.esplac.cat\/es\/nou-recurs-davant-lodi-passem-a-laccio\/\" style=\"color: ;\">\n                Nou Recurs: Davant l&#8217;odi, passem a l&#8217;acci\u00f3!            <\/a>\n        <\/h3>\n        <div class=\"wcp-post-meta wcp-disable-post-meta\" style=\"color: ;\">\n            <span class=\"wcp-post-author\"><i class=\"fa fa-user\"><\/i>\n                <a href=\"https:\/\/www.esplac.cat\/es\/author\/comunicacio\/\" title=\"Entradas de Comunicaci\u00f3 Esplac\" rel=\"author\">Comunicaci\u00f3 Esplac<\/a>            <\/span>\n            &nbsp;\n            <span class=\"wcp-post-date\"><i class=\"fa fa-clock-o\"><\/i> 17 de marzo de 2025<\/span>\n        <\/div>\n        <div class=\"wcp-post-contents\">\n            17 de marzo de 2025                    <\/div>        \n    <\/div>\n<\/div>                <\/div>    \n\n                            <div class=\"carousel-item-52914\">\n                    <div class=\"post-style-2\" style=\"box-shadow: ;background-color: ;\">\n    <div class=\"wcp-img-wrap\">\n        <a href=\"https:\/\/www.esplac.cat\/es\/canco-terra-tremoli-grup-musica-sardines-lesplaiada-2025\/\">\n            <img decoding=\"async\" width=\"460\" height=\"295\" src=\"https:\/\/www.esplac.cat\/wp-content\/uploads\/2025\/03\/Canco_Esplaiada_2025-460x295.jpg\" class=\"attachment-portfolio-two size-portfolio-two wp-post-image\" alt=\"esplaiada 2025\" \/>        <\/a>\n    <\/div>\n    <div class=\"wcp-content-wrap\">\n        <h3>\n            <a href=\"https:\/\/www.esplac.cat\/es\/canco-terra-tremoli-grup-musica-sardines-lesplaiada-2025\/\" style=\"color: ;\">\n                Ja podeu escoltar la can\u00e7\u00f3 \u201cQue el terra tremoli!\u201d del grup de m\u00fasica familiar Sardines en Llauna, produ\u00efda per l\u2019Esplaiada 2025!            <\/a>\n        <\/h3>\n        <div class=\"wcp-post-meta wcp-disable-post-meta\" style=\"color: ;\">\n            <span class=\"wcp-post-author\"><i class=\"fa fa-user\"><\/i>\n                <a href=\"https:\/\/www.esplac.cat\/es\/author\/comunicacio\/\" title=\"Entradas de Comunicaci\u00f3 Esplac\" rel=\"author\">Comunicaci\u00f3 Esplac<\/a>            <\/span>\n            &nbsp;\n            <span class=\"wcp-post-date\"><i class=\"fa fa-clock-o\"><\/i> 14 de marzo de 2025<\/span>\n        <\/div>\n        <div class=\"wcp-post-contents\">\n            14 de marzo de 2025                    <\/div>        \n    <\/div>\n<\/div>                <\/div>    \n\n                            <div class=\"carousel-item-52868\">\n                    <div class=\"post-style-2\" style=\"box-shadow: ;background-color: ;\">\n    <div class=\"wcp-img-wrap\">\n        <a href=\"https:\/\/www.esplac.cat\/es\/ja-podeu-coneixer-el-programa-de-lesplaiada\/\">\n            <img decoding=\"async\" width=\"460\" height=\"295\" src=\"https:\/\/www.esplac.cat\/wp-content\/uploads\/2025\/03\/Esplaiada_Programa-460x295.jpg\" class=\"attachment-portfolio-two size-portfolio-two wp-post-image\" alt=\"esplaiada\" \/>        <\/a>\n    <\/div>\n    <div class=\"wcp-content-wrap\">\n        <h3>\n            <a href=\"https:\/\/www.esplac.cat\/es\/ja-podeu-coneixer-el-programa-de-lesplaiada\/\" style=\"color: ;\">\n                Consulta el programa de l\u2019Esplaiada i descobreix tot el que farem durant el cap de setmana!            <\/a>\n        <\/h3>\n        <div class=\"wcp-post-meta wcp-disable-post-meta\" style=\"color: ;\">\n            <span class=\"wcp-post-author\"><i class=\"fa fa-user\"><\/i>\n                <a href=\"https:\/\/www.esplac.cat\/es\/author\/comunicacio\/\" title=\"Entradas de Comunicaci\u00f3 Esplac\" rel=\"author\">Comunicaci\u00f3 Esplac<\/a>            <\/span>\n            &nbsp;\n            <span class=\"wcp-post-date\"><i class=\"fa fa-clock-o\"><\/i> 5 de marzo de 2025<\/span>\n        <\/div>\n        <div class=\"wcp-post-contents\">\n            5 de marzo de 2025                    <\/div>        \n    <\/div>\n<\/div>                <\/div>    \n\n                            <div class=\"carousel-item-52559\">\n                    <div class=\"post-style-2\" style=\"box-shadow: ;background-color: ;\">\n    <div class=\"wcp-img-wrap\">\n        <a href=\"https:\/\/www.esplac.cat\/es\/ja-us-podeu-inscriure-a-lesplaiada-2025\/\">\n            <img decoding=\"async\" width=\"460\" height=\"295\" src=\"https:\/\/www.esplac.cat\/wp-content\/uploads\/2025\/02\/Esplaiada_inscripcions-460x295.jpg\" class=\"attachment-portfolio-two size-portfolio-two wp-post-image\" alt=\"esplaiada\" \/>        <\/a>\n    <\/div>\n    <div class=\"wcp-content-wrap\">\n        <h3>\n            <a href=\"https:\/\/www.esplac.cat\/es\/ja-us-podeu-inscriure-a-lesplaiada-2025\/\" style=\"color: ;\">\n                Ja us podeu inscriure a l&#8217;Esplaiada 2025!            <\/a>\n        <\/h3>\n        <div class=\"wcp-post-meta wcp-disable-post-meta\" style=\"color: ;\">\n            <span class=\"wcp-post-author\"><i class=\"fa fa-user\"><\/i>\n                <a href=\"https:\/\/www.esplac.cat\/es\/author\/comunicacio\/\" title=\"Entradas de Comunicaci\u00f3 Esplac\" rel=\"author\">Comunicaci\u00f3 Esplac<\/a>            <\/span>\n            &nbsp;\n            <span class=\"wcp-post-date\"><i class=\"fa fa-clock-o\"><\/i> 17 de febrero de 2025<\/span>\n        <\/div>\n        <div class=\"wcp-post-contents\">\n            17 de febrero de 2025                    <\/div>        \n    <\/div>\n<\/div>                <\/div>    \n\n                            <div class=\"carousel-item-52401\">\n                    <div class=\"post-style-2\" style=\"box-shadow: ;background-color: ;\">\n    <div class=\"wcp-img-wrap\">\n        <a href=\"https:\/\/www.esplac.cat\/es\/ampliem-termini-pd-a-la-nit-de-joves-esplaiada-2025\/\">\n            <img decoding=\"async\" width=\"460\" height=\"295\" src=\"https:\/\/www.esplac.cat\/wp-content\/uploads\/2024\/12\/Concurs-PDs-ESPLAIADA-460x295.jpg\" class=\"attachment-portfolio-two size-portfolio-two wp-post-image\" alt=\"esplaiada pd\" \/>        <\/a>\n    <\/div>\n    <div class=\"wcp-content-wrap\">\n        <h3>\n            <a href=\"https:\/\/www.esplac.cat\/es\/ampliem-termini-pd-a-la-nit-de-joves-esplaiada-2025\/\" style=\"color: ;\">\n                Ampliem el termini per presentar-te com a PD a la nit de joves de l\u2019Esplaiada 2025!            <\/a>\n        <\/h3>\n        <div class=\"wcp-post-meta wcp-disable-post-meta\" style=\"color: ;\">\n            <span class=\"wcp-post-author\"><i class=\"fa fa-user\"><\/i>\n                <a href=\"https:\/\/www.esplac.cat\/es\/author\/comunicacio\/\" title=\"Entradas de Comunicaci\u00f3 Esplac\" rel=\"author\">Comunicaci\u00f3 Esplac<\/a>            <\/span>\n            &nbsp;\n            <span class=\"wcp-post-date\"><i class=\"fa fa-clock-o\"><\/i> 5 de febrero de 2025<\/span>\n        <\/div>\n        <div class=\"wcp-post-contents\">\n            5 de febrero de 2025                    <\/div>        \n    <\/div>\n<\/div>                <\/div>    \n\n                \n        <\/section>\n        <style>\n    #carousel-27391 .slick-prev:before, #carousel-27391 .slick-next:before {\n        color: #000 !important;\n    }\n    #carousel-27391 .slick-slide {\n        margin: 2px 20px;\n    }\n    #carousel-27391 h3,\n    #carousel-27391 .car-caption,\n    #carousel-27391 .car-caption h3 a {\n        background-color: ;\n        color: ;\n    }\n    #carousel-27391 .car-caption {\n        text-align: center;\n    }\n    #carousel-27391 p {\n        color: ;\n    }\n    #carousel-27391 a {\n        text-decoration: none;\n        border-bottom: none;\n    }\n        #carousel-27391 .post-style-1 .wcp-post-author a {\n        color: ;\n    }\n            #carousel-27391 .ih-item,\n        #carousel-27391 .post-style-1,\n        #carousel-27391 .post-style-3,\n        #carousel-27391 .car-caption { \n            border: 8px solid #FFF;\n            box-shadow: ;\n        }\n                #carousel-27391 .post-style-2 .wcp-content-wrap { \n            border: 8px solid #FFF;\n            border-top: none;\n        }\n        #carousel-27391 .mega-post-carousel1,\n        #carousel-27391 .mega-post-carousel4 { \n            border: 8px solid #FFF;\n            padding: 10px;\n        }\n\n        .slick-prev, .slick-next {\r\n    font-size: 0;\r\n    line-height: 0;\r\n    position: absolute;\r\n    top: 42% !important;\r\n    display: block;\r\n    width: 20px;\r\n    height: 20px;\r\n    padding: 0;\r\n    -webkit-transform: translate(0, -50%);\r\n    -ms-transform: translate(0, -50%);\r\n    transform: translate(0, -50%);\r\n    cursor: pointer;\r\n    color: transparent;\r\n    border: none;\r\n    outline: none;\r\n    background: transparent;\r\n}                .wcp-disable-post-meta { display: none !important;}\n    <\/style>\n<\/div><div class=\"fusion-clearfix\"><\/div><\/div><\/div><\/div><\/div><div class=\"fusion-fullwidth fullwidth-box fusion-builder-row-6 fusion-flex-container nonhundred-percent-fullwidth non-hundred-percent-height-scrolling\" style=\"--awb-border-radius-top-left:0px;--awb-border-radius-top-right:0px;--awb-border-radius-bottom-right:0px;--awb-border-radius-bottom-left:0px;--awb-padding-top:30px;--awb-background-color:#ededed;--awb-flex-wrap:wrap;\" ><\/div>\n<\/p>\n","protected":false},"excerpt":{"rendered":"","protected":false},"author":3,"featured_media":0,"parent":28140,"menu_order":0,"comment_status":"closed","ping_status":"closed","template":"100-width.php","meta":{"om_disable_all_campaigns":false,"_monsterinsights_skip_tracking":false,"_monsterinsights_sitenote_active":false,"_monsterinsights_sitenote_note":"","_monsterinsights_sitenote_category":0,"_uf_show_specific_survey":0,"_uf_disable_surveys":false,"footnotes":""},"class_list":["post-54763","page","type-page","status-publish","hentry"],"yoast_head":"<!-- This site is optimized with the Yoast SEO plugin v27.5 - https:\/\/yoast.com\/product\/yoast-seo-wordpress\/ -->\n<title>Esplaiada 2022 - Esplac<\/title>\n<meta name=\"description\" content=\"L\u2019Esplaiada \u00e9s la Trobada General de tots els esplais d\u2019Esplac per escoltar i fer sentir la veu d&#039;infants i joves sobre temes del seu inter\u00e8s.\" \/>\n<meta name=\"robots\" content=\"index, follow, max-snippet:-1, max-image-preview:large, max-video-preview:-1\" \/>\n<link rel=\"canonical\" href=\"https:\/\/www.esplac.cat\/es\/encuentros\/esplaiada-2022\/\" \/>\n<meta property=\"og:locale\" content=\"es_ES\" \/>\n<meta property=\"og:type\" content=\"article\" \/>\n<meta property=\"og:title\" content=\"Esplaiada 2022 - Esplac\" \/>\n<meta property=\"og:description\" content=\"L\u2019Esplaiada \u00e9s la Trobada General de tots els esplais d\u2019Esplac per escoltar i fer sentir la veu d&#039;infants i joves sobre temes del seu inter\u00e8s.\" \/>\n<meta property=\"og:url\" content=\"https:\/\/www.esplac.cat\/es\/encuentros\/esplaiada-2022\/\" \/>\n<meta property=\"og:site_name\" content=\"Esplac\" \/>\n<meta property=\"article:modified_time\" content=\"2025-12-09T12:03:37+00:00\" \/>\n<meta property=\"og:image\" content=\"https:\/\/www.esplac.cat\/wp-content\/uploads\/2023\/03\/Cartell-Esplaiada-def-scaled.jpg\" \/>\n<meta name=\"twitter:card\" content=\"summary_large_image\" \/>\n<meta name=\"twitter:label1\" content=\"Tiempo de lectura\" \/>\n\t<meta name=\"twitter:data1\" content=\"15 minutos\" \/>\n<script type=\"application\/ld+json\" class=\"yoast-schema-graph\">{\"@context\":\"https:\\\/\\\/schema.org\",\"@graph\":[{\"@type\":\"WebPage\",\"@id\":\"https:\\\/\\\/www.esplac.cat\\\/es\\\/encuentros\\\/esplaiada-2022\\\/\",\"url\":\"https:\\\/\\\/www.esplac.cat\\\/es\\\/encuentros\\\/esplaiada-2022\\\/\",\"name\":\"Esplaiada 2022 - Esplac\",\"isPartOf\":{\"@id\":\"https:\\\/\\\/www.esplac.cat\\\/#website\"},\"primaryImageOfPage\":{\"@id\":\"https:\\\/\\\/www.esplac.cat\\\/es\\\/encuentros\\\/esplaiada-2022\\\/#primaryimage\"},\"image\":{\"@id\":\"https:\\\/\\\/www.esplac.cat\\\/es\\\/encuentros\\\/esplaiada-2022\\\/#primaryimage\"},\"thumbnailUrl\":\"https:\\\/\\\/www.esplac.cat\\\/wp-content\\\/uploads\\\/2023\\\/03\\\/Cartell-Esplaiada-def-scaled.jpg\",\"datePublished\":\"2025-12-09T12:03:36+00:00\",\"dateModified\":\"2025-12-09T12:03:37+00:00\",\"description\":\"L\u2019Esplaiada \u00e9s la Trobada General de tots els esplais d\u2019Esplac per escoltar i fer sentir la veu d'infants i joves sobre temes del seu inter\u00e8s.\",\"breadcrumb\":{\"@id\":\"https:\\\/\\\/www.esplac.cat\\\/es\\\/encuentros\\\/esplaiada-2022\\\/#breadcrumb\"},\"inLanguage\":\"es\",\"potentialAction\":[{\"@type\":\"ReadAction\",\"target\":[\"https:\\\/\\\/www.esplac.cat\\\/es\\\/encuentros\\\/esplaiada-2022\\\/\"]}]},{\"@type\":\"ImageObject\",\"inLanguage\":\"es\",\"@id\":\"https:\\\/\\\/www.esplac.cat\\\/es\\\/encuentros\\\/esplaiada-2022\\\/#primaryimage\",\"url\":\"https:\\\/\\\/www.esplac.cat\\\/wp-content\\\/uploads\\\/2023\\\/03\\\/Cartell-Esplaiada-def-scaled.jpg\",\"contentUrl\":\"https:\\\/\\\/www.esplac.cat\\\/wp-content\\\/uploads\\\/2023\\\/03\\\/Cartell-Esplaiada-def-scaled.jpg\"},{\"@type\":\"BreadcrumbList\",\"@id\":\"https:\\\/\\\/www.esplac.cat\\\/es\\\/encuentros\\\/esplaiada-2022\\\/#breadcrumb\",\"itemListElement\":[{\"@type\":\"ListItem\",\"position\":1,\"name\":\"Inici\",\"item\":\"https:\\\/\\\/www.esplac.cat\\\/es\\\/\"},{\"@type\":\"ListItem\",\"position\":2,\"name\":\"Encuentros\",\"item\":\"https:\\\/\\\/www.esplac.cat\\\/es\\\/encuentros\\\/\"},{\"@type\":\"ListItem\",\"position\":3,\"name\":\"Esplaiada 2022\"}]},{\"@type\":\"WebSite\",\"@id\":\"https:\\\/\\\/www.esplac.cat\\\/#website\",\"url\":\"https:\\\/\\\/www.esplac.cat\\\/\",\"name\":\"Esplac\",\"description\":\"Esplais Catalans\",\"publisher\":{\"@id\":\"https:\\\/\\\/www.esplac.cat\\\/#organization\"},\"potentialAction\":[{\"@type\":\"SearchAction\",\"target\":{\"@type\":\"EntryPoint\",\"urlTemplate\":\"https:\\\/\\\/www.esplac.cat\\\/?s={search_term_string}\"},\"query-input\":{\"@type\":\"PropertyValueSpecification\",\"valueRequired\":true,\"valueName\":\"search_term_string\"}}],\"inLanguage\":\"es\"},{\"@type\":\"Organization\",\"@id\":\"https:\\\/\\\/www.esplac.cat\\\/#organization\",\"name\":\"Esplac\",\"url\":\"https:\\\/\\\/www.esplac.cat\\\/\",\"logo\":{\"@type\":\"ImageObject\",\"inLanguage\":\"es\",\"@id\":\"https:\\\/\\\/www.esplac.cat\\\/#\\\/schema\\\/logo\\\/image\\\/\",\"url\":\"https:\\\/\\\/www.esplac.cat\\\/wp-content\\\/uploads\\\/2019\\\/08\\\/logox2.png\",\"contentUrl\":\"https:\\\/\\\/www.esplac.cat\\\/wp-content\\\/uploads\\\/2019\\\/08\\\/logox2.png\",\"width\":600,\"height\":295,\"caption\":\"Esplac\"},\"image\":{\"@id\":\"https:\\\/\\\/www.esplac.cat\\\/#\\\/schema\\\/logo\\\/image\\\/\"}}]}<\/script>\n<!-- \/ Yoast SEO plugin. -->","yoast_head_json":{"title":"Esplaiada 2022 - Esplac","description":"L\u2019Esplaiada \u00e9s la Trobada General de tots els esplais d\u2019Esplac per escoltar i fer sentir la veu d'infants i joves sobre temes del seu inter\u00e8s.","robots":{"index":"index","follow":"follow","max-snippet":"max-snippet:-1","max-image-preview":"max-image-preview:large","max-video-preview":"max-video-preview:-1"},"canonical":"https:\/\/www.esplac.cat\/es\/encuentros\/esplaiada-2022\/","og_locale":"es_ES","og_type":"article","og_title":"Esplaiada 2022 - Esplac","og_description":"L\u2019Esplaiada \u00e9s la Trobada General de tots els esplais d\u2019Esplac per escoltar i fer sentir la veu d'infants i joves sobre temes del seu inter\u00e8s.","og_url":"https:\/\/www.esplac.cat\/es\/encuentros\/esplaiada-2022\/","og_site_name":"Esplac","article_modified_time":"2025-12-09T12:03:37+00:00","og_image":[{"url":"https:\/\/www.esplac.cat\/wp-content\/uploads\/2023\/03\/Cartell-Esplaiada-def-scaled.jpg","type":"","width":"","height":""}],"twitter_card":"summary_large_image","twitter_misc":{"Tiempo de lectura":"15 minutos"},"schema":{"@context":"https:\/\/schema.org","@graph":[{"@type":"WebPage","@id":"https:\/\/www.esplac.cat\/es\/encuentros\/esplaiada-2022\/","url":"https:\/\/www.esplac.cat\/es\/encuentros\/esplaiada-2022\/","name":"Esplaiada 2022 - Esplac","isPartOf":{"@id":"https:\/\/www.esplac.cat\/#website"},"primaryImageOfPage":{"@id":"https:\/\/www.esplac.cat\/es\/encuentros\/esplaiada-2022\/#primaryimage"},"image":{"@id":"https:\/\/www.esplac.cat\/es\/encuentros\/esplaiada-2022\/#primaryimage"},"thumbnailUrl":"https:\/\/www.esplac.cat\/wp-content\/uploads\/2023\/03\/Cartell-Esplaiada-def-scaled.jpg","datePublished":"2025-12-09T12:03:36+00:00","dateModified":"2025-12-09T12:03:37+00:00","description":"L\u2019Esplaiada \u00e9s la Trobada General de tots els esplais d\u2019Esplac per escoltar i fer sentir la veu d'infants i joves sobre temes del seu inter\u00e8s.","breadcrumb":{"@id":"https:\/\/www.esplac.cat\/es\/encuentros\/esplaiada-2022\/#breadcrumb"},"inLanguage":"es","potentialAction":[{"@type":"ReadAction","target":["https:\/\/www.esplac.cat\/es\/encuentros\/esplaiada-2022\/"]}]},{"@type":"ImageObject","inLanguage":"es","@id":"https:\/\/www.esplac.cat\/es\/encuentros\/esplaiada-2022\/#primaryimage","url":"https:\/\/www.esplac.cat\/wp-content\/uploads\/2023\/03\/Cartell-Esplaiada-def-scaled.jpg","contentUrl":"https:\/\/www.esplac.cat\/wp-content\/uploads\/2023\/03\/Cartell-Esplaiada-def-scaled.jpg"},{"@type":"BreadcrumbList","@id":"https:\/\/www.esplac.cat\/es\/encuentros\/esplaiada-2022\/#breadcrumb","itemListElement":[{"@type":"ListItem","position":1,"name":"Inici","item":"https:\/\/www.esplac.cat\/es\/"},{"@type":"ListItem","position":2,"name":"Encuentros","item":"https:\/\/www.esplac.cat\/es\/encuentros\/"},{"@type":"ListItem","position":3,"name":"Esplaiada 2022"}]},{"@type":"WebSite","@id":"https:\/\/www.esplac.cat\/#website","url":"https:\/\/www.esplac.cat\/","name":"Esplac","description":"Esplais Catalans","publisher":{"@id":"https:\/\/www.esplac.cat\/#organization"},"potentialAction":[{"@type":"SearchAction","target":{"@type":"EntryPoint","urlTemplate":"https:\/\/www.esplac.cat\/?s={search_term_string}"},"query-input":{"@type":"PropertyValueSpecification","valueRequired":true,"valueName":"search_term_string"}}],"inLanguage":"es"},{"@type":"Organization","@id":"https:\/\/www.esplac.cat\/#organization","name":"Esplac","url":"https:\/\/www.esplac.cat\/","logo":{"@type":"ImageObject","inLanguage":"es","@id":"https:\/\/www.esplac.cat\/#\/schema\/logo\/image\/","url":"https:\/\/www.esplac.cat\/wp-content\/uploads\/2019\/08\/logox2.png","contentUrl":"https:\/\/www.esplac.cat\/wp-content\/uploads\/2019\/08\/logox2.png","width":600,"height":295,"caption":"Esplac"},"image":{"@id":"https:\/\/www.esplac.cat\/#\/schema\/logo\/image\/"}}]}},"_links":{"self":[{"href":"https:\/\/www.esplac.cat\/es\/wp-json\/wp\/v2\/pages\/54763","targetHints":{"allow":["GET"]}}],"collection":[{"href":"https:\/\/www.esplac.cat\/es\/wp-json\/wp\/v2\/pages"}],"about":[{"href":"https:\/\/www.esplac.cat\/es\/wp-json\/wp\/v2\/types\/page"}],"author":[{"embeddable":true,"href":"https:\/\/www.esplac.cat\/es\/wp-json\/wp\/v2\/users\/3"}],"replies":[{"embeddable":true,"href":"https:\/\/www.esplac.cat\/es\/wp-json\/wp\/v2\/comments?post=54763"}],"version-history":[{"count":1,"href":"https:\/\/www.esplac.cat\/es\/wp-json\/wp\/v2\/pages\/54763\/revisions"}],"predecessor-version":[{"id":54764,"href":"https:\/\/www.esplac.cat\/es\/wp-json\/wp\/v2\/pages\/54763\/revisions\/54764"}],"up":[{"embeddable":true,"href":"https:\/\/www.esplac.cat\/es\/wp-json\/wp\/v2\/pages\/28140"}],"wp:attachment":[{"href":"https:\/\/www.esplac.cat\/es\/wp-json\/wp\/v2\/media?parent=54763"}],"curies":[{"name":"wp","href":"https:\/\/api.w.org\/{rel}","templated":true}]}}